{"id":9149,"date":"2021-07-19T14:31:24","date_gmt":"2021-07-19T12:31:24","guid":{"rendered":"https:\/\/www.fredonoccitanie.com\/surveillance\/?page_id=9149"},"modified":"2021-08-03T16:22:53","modified_gmt":"2021-08-03T14:22:53","slug":"ressources","status":"publish","type":"page","link":"https:\/\/www.fredonoccitanie.com\/surveillance\/vie-du-reseau\/ressources\/","title":{"rendered":"Ressources"},"content":{"rendered":"\n<style type=\"text\/css\" data-created_by=\"avia_inline_auto\" id=\"style-css-av-9gn53x-7ea3f0a5ab7fda20410d2aebfb5ab7c3\">\n.flex_column.av-9gn53x-7ea3f0a5ab7fda20410d2aebfb5ab7c3{\nborder-radius:0px 0px 0px 0px;\npadding:0px 0px 0px 0px;\n}\n<\/style>\n<div  class='flex_column av-9gn53x-7ea3f0a5ab7fda20410d2aebfb5ab7c3 av_one_third  avia-builder-el-0  el_before_av_one_third  avia-builder-el-first  first flex_column_div av-zero-column-padding  '     ><section  class='av_textblock_section av-kralw5xe-7a80a43d1a7b73a7bbd8fe611fa9b1fe '   itemscope=\"itemscope\" itemtype=\"https:\/\/schema.org\/CreativeWork\" ><div class='avia_textblock'  itemprop=\"text\" ><div class=\"vc_cta3_content-container\">\n<div class=\"vc_cta3-content\">\n<header class=\"vc_cta3-content-header\">\n<h2 class=\"vc_custom_heading\">Sites r\u00e9f\u00e9rences<\/h2>\n<\/header>\n<ul>\n<li><a href=\"http:\/\/www.vignevin.com\/\">Institut Fran\u00e7ais de la Vigne et du Vin \u2013 IFV <\/a><\/li>\n<li><a href=\"http:\/\/www.ctifl.fr\/\">Centre Technique au service de la fili\u00e8re fruits et l\u00e9gumes \u2013 CTIFL<\/a><\/li>\n<li><a href=\"https:\/\/www.arvalisinstitutduvegetal.fr\/index.html\">Institut Technique au service des agriculteurs et des fili\u00e8res \u2013 ARVALIS<\/a><\/li>\n<li><a href=\"http:\/\/afidol.org\/\">Association Fran\u00e7aise Interprofessionnelle de l\u2019Olive \u2013 AFIDOL<\/a><\/li>\n<li><a href=\"http:\/\/www.terresinovia.fr\/\">Terres Inovia<\/a><\/li>\n<li><a href=\"http:\/\/www.plante-et-cite.fr\/\">Plante et cit\u00e9<\/a><\/li>\n<li><a href=\"http:\/\/www.astredhor.fr\/\">Institut Technique de l\u2019horticulture<\/a><\/li>\n<li><a href=\"http:\/\/www6.montpellier.inra.fr\/cbgp\">Centre de Biologie pour la Gestion des Populations \u2013 CBGP<\/a><\/li>\n<li><a href=\"http:\/\/www.ambroisie.info\/\">Site Ambroisie<\/a><\/li>\n<\/ul>\n<\/div>\n<\/div>\n<\/div><\/section><\/div>\n<style type=\"text\/css\" data-created_by=\"avia_inline_auto\" id=\"style-css-av-7954p9-6245eebaad1caddc3a45aeb847022fc8\">\n.flex_column.av-7954p9-6245eebaad1caddc3a45aeb847022fc8{\nborder-radius:0px 0px 0px 0px;\npadding:0px 0px 0px 0px;\n}\n<\/style>\n<div  class='flex_column av-7954p9-6245eebaad1caddc3a45aeb847022fc8 av_one_third  avia-builder-el-2  el_after_av_one_third  el_before_av_one_third  flex_column_div av-zero-column-padding  '     ><section  class='av_textblock_section av-kralwdax-6051b7062f640329625f50b970478237 '   itemscope=\"itemscope\" itemtype=\"https:\/\/schema.org\/CreativeWork\" ><div class='avia_textblock'  itemprop=\"text\" ><div class=\"vc_cta3_content-container\">\n<div class=\"vc_cta3_content-container\">\n<div class=\"vc_cta3-content\">\n<header class=\"vc_cta3-content-header\">\n<h2 class=\"vc_custom_heading\">Structures locales<\/h2>\n<\/header>\n<ul>\n<li><a href=\"http:\/\/www.itab.asso.fr\/\">Institut Technique de l\u2019Agriculture Biologique \u2013 ITAB <\/a><\/li>\n<li><a href=\"http:\/\/www.cenlr.org\/\">Conservatoire d\u2019Espaces Naturel en Languedoc Roussillon \u2013 CERNLR<\/a><\/li>\n<li><a href=\"http:\/\/www.civam.org\/\">Les Centres d\u2019Initiatives pour Valoriser l\u2019Agriculture et le Milieu rural \u2013 CIVAM<\/a><\/li>\n<li><a href=\"http:\/\/www.euziere.org\/wakka.php?wiki=PagePrincipale\">Les \u00e9cologistes de l\u2019Euzi\u00e8re<\/a><\/li>\n<li><a href=\"http:\/\/www.sudagrometeo.fr\">R<\/a><a href=\"http:\/\/www.sudagrometeo.fr\">\u00e9seau r\u00e9gional d\u2019\u00e9change d\u2019informations<\/a> <a href=\"http:\/\/www.sudagrometeo.fr\">agro-climatiques en LR<\/a><\/li>\n<li><a href=\"http:\/\/www.tela-botanica.org\/site:accueil\">Tela Botanica<\/a><\/li>\n<\/ul>\n<\/div>\n<\/div>\n<\/div>\n<\/div><\/section><\/div>\n<style type=\"text\/css\" data-created_by=\"avia_inline_auto\" id=\"style-css-av-nfdzx-7078dc47fb24da4cff3028d1bede2f1f\">\n.flex_column.av-nfdzx-7078dc47fb24da4cff3028d1bede2f1f{\nborder-radius:0px 0px 0px 0px;\npadding:0px 0px 0px 0px;\n}\n<\/style>\n<div  class='flex_column av-nfdzx-7078dc47fb24da4cff3028d1bede2f1f av_one_third  avia-builder-el-4  el_after_av_one_third  el_before_av_one_third  flex_column_div av-zero-column-padding  '     ><section  class='av_textblock_section av-kralwkrb-9476a0ec557fc1e18c403c2e18430d67 '   itemscope=\"itemscope\" itemtype=\"https:\/\/schema.org\/CreativeWork\" ><div class='avia_textblock'  itemprop=\"text\" ><div class=\"vc_cta3_content-container\">\n<div class=\"vc_cta3_content-container\">\n<div class=\"vc_cta3-content\">\n<header class=\"vc_cta3-content-header\">\n<h2 class=\"vc_custom_heading\">Applications Smartphone<\/h2>\n<\/header>\n<ul>\n<li>L\u2019INRA propose un grand nombre d\u2019application \u00e0 installer sur Smartphone afin d\u2019identifier les pathog\u00e8nes suivant les cultures. T\u00e9l\u00e9charger <a href=\"http:\/\/ephytia.inra.fr\/fr\/C\/23654\/Veg-Di-g-Applications-web-et-smartphones\">sur ce lien<\/a><\/li>\n<li>Agence de l\u2019eau RAC met \u00e0 disposition des applications Smartphones sur la qualit\u00e9 de l\u2019eau en m\u00e9diterran\u00e9e et en rivi\u00e8re. T\u00e9l\u00e9charger <a href=\"http:\/\/www.lesagencesdeleau.fr\/2019\/08\/06\/nouvelle-edition-de-lappli-qualite-riviere\/\">sur ce lien<\/a><\/li>\n<li>Application permettant de signaler la pr\u00e9sence d\u2019Ambroisie . T\u00e9l\u00e9chargement <a href=\"http:\/\/www.signalement-ambroisie.fr\/\">sur ce lien<\/a><\/li>\n<li>Outil d\u2019identification des plantes. T\u00e9l\u00e9charger <a href=\"https:\/\/play.google.com\/store\/apps\/details?id=org.plantnet&amp;hl=fr\">sur ce lien<\/a><\/li>\n<li>Fleurs en poche de Tela Botanica. T\u00e9l\u00e9charger <a href=\"http:\/\/www.tela-botanica.org\/actu\/article7410.html\">sur ce lien<\/a><\/li>\n<\/ul>\n<\/div>\n<\/div>\n<\/div>\n<\/div><\/section><\/div>\n<style type=\"text\/css\" data-created_by=\"avia_inline_auto\" id=\"style-css-av-4ab3wt-5bcbd827971b7edded8a34c4863d4ee3\">\n.flex_column.av-4ab3wt-5bcbd827971b7edded8a34c4863d4ee3{\nborder-radius:0px 0px 0px 0px;\npadding:0px 0px 0px 0px;\n}\n<\/style>\n<div  class='flex_column av-4ab3wt-5bcbd827971b7edded8a34c4863d4ee3 av_one_third  avia-builder-el-6  el_after_av_one_third  el_before_av_one_third  first flex_column_div av-zero-column-padding  column-top-margin'     ><section  class='av_textblock_section av-kralwv2f-357f3ae7ab3e7ccfff78198a472be6ca '   itemscope=\"itemscope\" itemtype=\"https:\/\/schema.org\/CreativeWork\" ><div class='avia_textblock'  itemprop=\"text\" ><div class=\"vc_cta3_content-container\">\n<div class=\"vc_cta3_content-container\">\n<div class=\"vc_cta3-content\">\n<div class=\"vc_cta3_content-container\">\n<div class=\"vc_cta3-content\">\n<header class=\"vc_cta3-content-header\">\n<h2 class=\"vc_custom_heading\">Phytopathologie<\/h2>\n<\/header>\n<ul>\n<li><a href=\"http:\/\/www.cabi.org\/isc\/\">CABI<\/a><\/li>\n<li><a href=\"https:\/\/www.eppo.int\/\">EPPO<\/a><\/li>\n<li><a href=\"http:\/\/www7.inra.fr\/hyppz\/\">INRA<\/a><\/li>\n<li><a href=\"http:\/\/www.indexfungorum.org\/names\/names.asp\">Index Fungorum<\/a><\/li>\n<\/ul>\n<\/div>\n<\/div>\n<\/div>\n<\/div>\n<\/div>\n<\/div><\/section><\/div>\n<style type=\"text\/css\" data-created_by=\"avia_inline_auto\" id=\"style-css-av-2o4ue5-9be88da19b09fd937b3ec20657725c7f\">\n.flex_column.av-2o4ue5-9be88da19b09fd937b3ec20657725c7f{\nborder-radius:0px 0px 0px 0px;\npadding:0px 0px 0px 0px;\n}\n<\/style>\n<div  class='flex_column av-2o4ue5-9be88da19b09fd937b3ec20657725c7f av_one_third  avia-builder-el-8  el_after_av_one_third  avia-builder-el-last  flex_column_div av-zero-column-padding  column-top-margin'     ><section  class='av_textblock_section av-kralx2ij-a36df06cb7d9db03c0eb593af6b3cc32 '   itemscope=\"itemscope\" itemtype=\"https:\/\/schema.org\/CreativeWork\" ><div class='avia_textblock'  itemprop=\"text\" ><div class=\"vc_cta3_content-container\">\n<div class=\"vc_cta3_content-container\">\n<div class=\"vc_cta3-content\">\n<div class=\"vc_cta3_content-container\">\n<div class=\"vc_cta3-content\">\n<div class=\"vc_cta3_content-container\">\n<div class=\"vc_cta3-content\">\n<header class=\"vc_cta3-content-header\">\n<h2 class=\"vc_custom_heading\">Produits phyto<\/h2>\n<\/header>\n<ul>\n<li class=\"titre\"><a href=\"https:\/\/www.anses.fr\/fr\/thematique\/sant%C3%A9-et-protection-du-v%C3%A9g%C3%A9tal\">ANSES \u2013 Agence nationale de s\u00e9curit\u00e9 sanitaire de l\u2019alimentation, de l\u2019environnement et du travail<\/a><\/li>\n<li><a href=\"http:\/\/ephytia.inra.fr\/fr\/Home\/index\">Portail INRA\u00a0h\u00e9berge plusieurs applications en sant\u00e9 des plantes <\/a><\/li>\n<li><a href=\"https:\/\/www.simmbad.fr\/servlet\/accueilMinistere.html\">Simmbad<\/a><\/li>\n<li><a href=\"https:\/\/ephy.anses.fr\/\">E-Phy <\/a><\/li>\n<li><a href=\"http:\/\/www.agritox.anses.fr\/\">Agritox<\/a><\/li>\n<li><a href=\"http:\/\/www.observatoire-pesticides.gouv.fr\/\">Observatoire des Pesticides<\/a><\/li>\n<\/ul>\n<\/div>\n<\/div>\n<\/div>\n<\/div>\n<\/div>\n<\/div>\n<\/div>\n<\/div><\/section><\/div><\/p>\n","protected":false},"excerpt":{"rendered":"","protected":false},"author":1,"featured_media":0,"parent":9234,"menu_order":4,"comment_status":"closed","ping_status":"closed","template":"","meta":{"footnotes":""},"class_list":["post-9149","page","type-page","status-publish","hentry"],"_links":{"self":[{"href":"https:\/\/www.fredonoccitanie.com\/surveillance\/wp-json\/wp\/v2\/pages\/9149","targetHints":{"allow":["GET"]}}],"collection":[{"href":"https:\/\/www.fredonoccitanie.com\/surveillance\/wp-json\/wp\/v2\/pages"}],"about":[{"href":"https:\/\/www.fredonoccitanie.com\/surveillance\/wp-json\/wp\/v2\/types\/page"}],"author":[{"embeddable":true,"href":"https:\/\/www.fredonoccitanie.com\/surveillance\/wp-json\/wp\/v2\/users\/1"}],"replies":[{"embeddable":true,"href":"https:\/\/www.fredonoccitanie.com\/surveillance\/wp-json\/wp\/v2\/comments?post=9149"}],"version-history":[{"count":4,"href":"https:\/\/www.fredonoccitanie.com\/surveillance\/wp-json\/wp\/v2\/pages\/9149\/revisions"}],"predecessor-version":[{"id":9503,"href":"https:\/\/www.fredonoccitanie.com\/surveillance\/wp-json\/wp\/v2\/pages\/9149\/revisions\/9503"}],"up":[{"embeddable":true,"href":"https:\/\/www.fredonoccitanie.com\/surveillance\/wp-json\/wp\/v2\/pages\/9234"}],"wp:attachment":[{"href":"https:\/\/www.fredonoccitanie.com\/surveillance\/wp-json\/wp\/v2\/media?parent=9149"}],"curies":[{"name":"wp","href":"https:\/\/api.w.org\/{rel}","templated":true}]}}