{"id":9123,"date":"2021-07-19T13:54:23","date_gmt":"2021-07-19T11:54:23","guid":{"rendered":"https:\/\/www.fredonoccitanie.com\/surveillance\/?page_id=9123"},"modified":"2025-12-12T11:27:46","modified_gmt":"2025-12-12T10:27:46","slug":"le-feu_bacterien","status":"publish","type":"page","link":"https:\/\/www.fredonoccitanie.com\/surveillance\/arboriculture\/le-feu_bacterien\/","title":{"rendered":"Le feu bact\u00e9rien"},"content":{"rendered":"<div id='av_section_1'  class='avia-section av-4bq59h-d53bcad7f5044616d5c549b9c967ec3c main_color avia-section-default avia-no-border-styling  avia-builder-el-0  el_before_av_section  avia-builder-el-first  avia-bg-style-scroll container_wrap fullsize'  ><div class='container av-section-cont-open' ><main  role=\"main\" itemprop=\"mainContentOfPage\"  class='template-page content  av-content-full alpha units'><div class='post-entry post-entry-type-page post-entry-9123'><div class='entry-content-wrapper clearfix'>\n\n<style type=\"text\/css\" data-created_by=\"avia_inline_auto\" id=\"style-css-av-45merp-9b5d12b4ba3b3dd0d1ad774c78199f8d\">\n.flex_column.av-45merp-9b5d12b4ba3b3dd0d1ad774c78199f8d{\nborder-radius:0px 0px 0px 0px;\npadding:0px 0px 0px 0px;\n}\n<\/style>\n<div  class='flex_column av-45merp-9b5d12b4ba3b3dd0d1ad774c78199f8d av_one_full  avia-builder-el-1  el_before_av_one_third  avia-builder-el-first  first flex_column_div av-zero-column-padding  '     ><section  class='av_textblock_section av-42fnlh-267ebba9262c62d2442c68df4d46ba02 '   itemscope=\"itemscope\" itemtype=\"https:\/\/schema.org\/CreativeWork\" ><div class='avia_textblock'  itemprop=\"text\" ><h1 style=\"text-align: center;\">Carte d\u2019identit\u00e9<\/h1>\n<\/div><\/section><\/div>\n<style type=\"text\/css\" data-created_by=\"avia_inline_auto\" id=\"style-css-av-3wx82t-1f5c14dd2d9c698a278cf18ae48b3f1b\">\n.flex_column.av-3wx82t-1f5c14dd2d9c698a278cf18ae48b3f1b{\nborder-radius:0px 0px 0px 0px;\npadding:0px 0px 0px 0px;\n}\n<\/style>\n<div  class='flex_column av-3wx82t-1f5c14dd2d9c698a278cf18ae48b3f1b av_one_third  avia-builder-el-3  el_after_av_one_full  el_before_av_one_third  first flex_column_div av-zero-column-padding  column-top-margin'     ><div  class='avia-slideshow av-3oqd3x-c8a0686aa6b6c32ecec16baac9d20abc avia-slideshow-featured av_slideshow avia-slide-slider  avia-builder-el-4  avia-builder-el-no-sibling  av-slideshow-ui av-control-minimal av-slideshow-manual av-loop-once av-loop-manual-endless av-default-height-applied avia-slideshow-1' data-slideshow-options=\"{&quot;animation&quot;:&quot;slide&quot;,&quot;autoplay&quot;:false,&quot;loop_autoplay&quot;:&quot;once&quot;,&quot;interval&quot;:5,&quot;loop_manual&quot;:&quot;manual-endless&quot;,&quot;autoplay_stopper&quot;:false,&quot;noNavigation&quot;:false,&quot;bg_slider&quot;:false,&quot;keep_padding&quot;:false,&quot;hoverpause&quot;:false,&quot;show_slide_delay&quot;:0}\"  itemprop=\"image\" itemscope=\"itemscope\" itemtype=\"https:\/\/schema.org\/ImageObject\" ><ul class='avia-slideshow-inner ' style='padding-bottom: 76.258992805755%;'><li  class='avia-slideshow-slide av-3oqd3x-c8a0686aa6b6c32ecec16baac9d20abc__0  slide-1 slide-odd'><div data-rel='slideshow-1' class='avia-slide-wrap '   ><img decoding=\"async\" fetchpriority=\"high\" class=\"wp-image-3390 avia-img-lazy-loading-not-3390\"  src=\"https:\/\/www.fredonoccitanie.com\/surveillance\/wp-content\/uploads\/sites\/4\/2016\/11\/feu_bacterien3.jpg\" width=\"417\" height=\"318\" title='feu_bacterien3' alt=''  itemprop=\"thumbnailUrl\" srcset=\"https:\/\/www.fredonoccitanie.com\/surveillance\/wp-content\/uploads\/sites\/4\/2016\/11\/feu_bacterien3.jpg 417w, https:\/\/www.fredonoccitanie.com\/surveillance\/wp-content\/uploads\/sites\/4\/2016\/11\/feu_bacterien3-300x229.jpg 300w\" sizes=\"(max-width: 417px) 100vw, 417px\" \/><\/div><\/li><li  class='avia-slideshow-slide av-3oqd3x-c8a0686aa6b6c32ecec16baac9d20abc__1  slide-2 slide-even'><div data-rel='slideshow-1' class='avia-slide-wrap '   ><img decoding=\"async\" fetchpriority=\"high\" class=\"wp-image-3387 avia-img-lazy-loading-not-3387\"  src=\"https:\/\/www.fredonoccitanie.com\/surveillance\/wp-content\/uploads\/sites\/4\/2016\/11\/feu_bacterien-e1698156958615.jpg\" width=\"365\" height=\"330\" title='feu_bacterien' alt=''  itemprop=\"thumbnailUrl\" srcset=\"https:\/\/www.fredonoccitanie.com\/surveillance\/wp-content\/uploads\/sites\/4\/2016\/11\/feu_bacterien-e1698156958615.jpg 365w, https:\/\/www.fredonoccitanie.com\/surveillance\/wp-content\/uploads\/sites\/4\/2016\/11\/feu_bacterien-e1698156958615-300x271.jpg 300w\" sizes=\"(max-width: 365px) 100vw, 365px\" \/><\/div><\/li><li  class='avia-slideshow-slide av-3oqd3x-c8a0686aa6b6c32ecec16baac9d20abc__2  slide-3 slide-odd'><div data-rel='slideshow-1' class='avia-slide-wrap '   ><img decoding=\"async\" fetchpriority=\"high\" class=\"wp-image-3391 avia-img-lazy-loading-not-3391\"  src=\"https:\/\/www.fredonoccitanie.com\/surveillance\/wp-content\/uploads\/sites\/4\/2016\/11\/feu_bacterien4.jpg\" width=\"381\" height=\"304\" title='feu_bacterien4' alt=''  itemprop=\"thumbnailUrl\" srcset=\"https:\/\/www.fredonoccitanie.com\/surveillance\/wp-content\/uploads\/sites\/4\/2016\/11\/feu_bacterien4.jpg 381w, https:\/\/www.fredonoccitanie.com\/surveillance\/wp-content\/uploads\/sites\/4\/2016\/11\/feu_bacterien4-300x239.jpg 300w\" sizes=\"(max-width: 381px) 100vw, 381px\" \/><\/div><\/li><li  class='avia-slideshow-slide av-3oqd3x-c8a0686aa6b6c32ecec16baac9d20abc__3  slide-4 slide-even'><div data-rel='slideshow-1' class='avia-slide-wrap '   ><img decoding=\"async\" fetchpriority=\"high\" class=\"wp-image-440 avia-img-lazy-loading-not-440\"  src=\"https:\/\/www.fredonoccitanie.com\/surveillance\/wp-content\/uploads\/sites\/4\/2021\/06\/feu_bacterien1.jpg\" width=\"400\" height=\"250\" title='feu_bacterien1' alt=''  itemprop=\"thumbnailUrl\" srcset=\"https:\/\/www.fredonoccitanie.com\/surveillance\/wp-content\/uploads\/sites\/4\/2021\/06\/feu_bacterien1.jpg 400w, https:\/\/www.fredonoccitanie.com\/surveillance\/wp-content\/uploads\/sites\/4\/2021\/06\/feu_bacterien1-300x188.jpg 300w\" sizes=\"(max-width: 400px) 100vw, 400px\" \/><\/div><\/li><li  class='avia-slideshow-slide av-3oqd3x-c8a0686aa6b6c32ecec16baac9d20abc__4  slide-5 slide-odd'><div data-rel='slideshow-1' class='avia-slide-wrap '   ><img decoding=\"async\" fetchpriority=\"high\" class=\"wp-image-5097 avia-img-lazy-loading-not-5097\"  src=\"https:\/\/www.fredonoccitanie.com\/surveillance\/wp-content\/uploads\/sites\/4\/2016\/11\/fb-web-1500x430.jpg\" width=\"1500\" height=\"430\" title='feu bact\u00e9rien pommier' alt=''  itemprop=\"thumbnailUrl\"   \/><\/div><\/li><\/ul><div class='avia-slideshow-arrows avia-slideshow-controls' ><a href='#prev' class='prev-slide  avia-svg-icon avia-font-svg_entypo-fontello' data-av_svg_icon='left-open-big' data-av_iconset='svg_entypo-fontello' tabindex='-1' title=\"Pr\u00e9c\u00e9dent\"><svg version=\"1.1\" xmlns=\"http:\/\/www.w3.org\/2000\/svg\" width=\"15\" height=\"32\" viewBox=\"0 0 15 32\" preserveAspectRatio=\"xMidYMid meet\" aria-labelledby='av-svg-title-1' aria-describedby='av-svg-desc-1' role=\"graphics-symbol\" aria-hidden=\"true\">\n<title id='av-svg-title-1'>Pr\u00e9c\u00e9dent<\/title>\n<desc id='av-svg-desc-1'>Pr\u00e9c\u00e9dent<\/desc>\n<path d=\"M14.464 27.84q0.832 0.832 0 1.536-0.832 0.832-1.536 0l-12.544-12.608q-0.768-0.768 0-1.6l12.544-12.608q0.704-0.832 1.536 0 0.832 0.704 0 1.536l-11.456 11.904z\"><\/path>\n<\/svg><span class='avia_hidden_link_text'>Pr\u00e9c\u00e9dent<\/span><\/a><a href='#next' class='next-slide  avia-svg-icon avia-font-svg_entypo-fontello' data-av_svg_icon='right-open-big' data-av_iconset='svg_entypo-fontello' tabindex='-1' title=\"Suivant\"><svg version=\"1.1\" xmlns=\"http:\/\/www.w3.org\/2000\/svg\" width=\"15\" height=\"32\" viewBox=\"0 0 15 32\" preserveAspectRatio=\"xMidYMid meet\" aria-labelledby='av-svg-title-2' aria-describedby='av-svg-desc-2' role=\"graphics-symbol\" aria-hidden=\"true\">\n<title id='av-svg-title-2'>Suivant<\/title>\n<desc id='av-svg-desc-2'>Suivant<\/desc>\n<path d=\"M0.416 27.84l11.456-11.84-11.456-11.904q-0.832-0.832 0-1.536 0.832-0.832 1.536 0l12.544 12.608q0.768 0.832 0 1.6l-12.544 12.608q-0.704 0.832-1.536 0-0.832-0.704 0-1.536z\"><\/path>\n<\/svg><span class='avia_hidden_link_text'>Suivant<\/span><\/a><\/div><div class='avia-slideshow-dots avia-slideshow-controls'><a href='#1' class='goto-slide active' >1<\/a><a href='#2' class='goto-slide ' >2<\/a><a href='#3' class='goto-slide ' >3<\/a><a href='#4' class='goto-slide ' >4<\/a><a href='#5' class='goto-slide ' >5<\/a><\/div><\/div><\/div>\n<style type=\"text\/css\" data-created_by=\"avia_inline_auto\" id=\"style-css-av-2xusjp-2159cd225a2d7758f49f778ecdded1e0\">\n.flex_column.av-2xusjp-2159cd225a2d7758f49f778ecdded1e0{\nborder-radius:0px 0px 0px 0px;\npadding:0px 0px 0px 0px;\n}\n<\/style>\n<div  class='flex_column av-2xusjp-2159cd225a2d7758f49f778ecdded1e0 av_one_third  avia-builder-el-5  el_after_av_one_third  el_before_av_one_third  flex_column_div av-zero-column-padding  column-top-margin'     ><section  class='av_textblock_section av-2pjrvx-495ec4e5887b1f00de7d90aab5ce7d11 '   itemscope=\"itemscope\" itemtype=\"https:\/\/schema.org\/CreativeWork\" ><div class='avia_textblock'  itemprop=\"text\" ><div class=\"column-1_2 sc_column_item sc_column_item_2 even\">\n<div class=\"wpb_text_column wpb_content_element \">\n<div class=\"wpb_wrapper\">\n<p><strong>NOM VERNACULAIRE : <\/strong>Le Feu Bact\u00e9rien<\/p>\n<p><strong>AGENT PATHOGENE :<\/strong> bact\u00e9rie <em><strong>Erwinia\u00a0<\/strong><strong>amylovora<\/strong><\/em> (Burrill) (Winslow et al.)<\/p>\n<p><strong>PLANTES HOTES\u00a0 :<\/strong> les poiriers, les pommiers et les cognassiers ainsi que certaines plantes sauvages (aub\u00e9pines et sorbiers) et d\u2019ornement (<em>Cotoneaster, Pyracantha, Stranvaesia, Chaenomeles, Photinia<\/em>, etc.)<\/p>\n<p><strong>VECTEURS :<\/strong> la pluie, le vent, les insectes, les animaux, l\u2019Homme \u2026<\/p>\n<p><strong>IMPACTS :<\/strong> dess\u00e8chement des rameaux et d\u00e9p\u00e9rissement de l\u2019arbre.<\/p>\n<\/div>\n<\/div>\n<\/div>\n<\/div><\/section><\/div>\n<style type=\"text\/css\" data-created_by=\"avia_inline_auto\" id=\"style-css-av-2l27j1-72c714ece5a97ddec1816847b765a236\">\n.flex_column.av-2l27j1-72c714ece5a97ddec1816847b765a236{\nborder-radius:0px 0px 0px 0px;\npadding:0px 0px 0px 0px;\n}\n<\/style>\n<div  class='flex_column av-2l27j1-72c714ece5a97ddec1816847b765a236 av_one_third  avia-builder-el-7  el_after_av_one_third  avia-builder-el-last  flex_column_div av-zero-column-padding  column-top-margin'     ><section  class='av_textblock_section av-2gtawd-f5898c1ce160ce12e16d6b86f432058d '   itemscope=\"itemscope\" itemtype=\"https:\/\/schema.org\/CreativeWork\" ><div class='avia_textblock bloc_infos'  itemprop=\"text\" ><h2>Ressources<\/h2>\n<p><a href=\"https:\/\/fredonoccitanie189-my.sharepoint.com\/:b:\/g\/personal\/e_algans_fredon-occitanie_fr\/EbusNs0F4w1DsbR5tvkfen0BsBiQgEi7PqqppjzGHt3vUg?e=COcmTm\" target=\"_blank\" rel=\"noopener\">Plaquette d&rsquo;information<\/a><br \/>\n<a style=\"background: #ca1823; color: #fff; padding: 1px 25px; text-decoration: none; border-radius: 8px; font-size: 18px; font-family: Arial, sans-serif; display: inline-block; cursor: pointer;\" href=\"https:\/\/draaf.occitanie.agriculture.gouv.fr\/signaler-un-organisme-nuisible-aux-vegetaux-a9380.html#:~:text=Il%20peut,controler\" target=\"_blank\" rel=\"noopener\"> Faire un signalement <\/a><\/p>\n<\/div><\/section><br \/>\n<section  class='av_textblock_section av-2ay0f1-460c7acd7070403512d43f0dd1e92792 '   itemscope=\"itemscope\" itemtype=\"https:\/\/schema.org\/CreativeWork\" ><div class='avia_textblock bloc_infos'  itemprop=\"text\" ><h2><a href=\"https:\/\/www.fredonoccitanie.com\/nous-contacter\/\">Contacts<\/a><\/h2>\n<\/div><\/section><\/p><\/div><\/div><\/div><\/main><!-- close content main element --><\/div><\/div>\n<style type=\"text\/css\" data-created_by=\"avia_inline_auto\" id=\"style-css-av-1aex1x-84bca696eca1bfd993a707679465a7e1\">\n.avia-section.av-1aex1x-84bca696eca1bfd993a707679465a7e1{\nbackground-color:#576b35;\nbackground-image:unset;\nmargin-top:0px;\nmargin-bottom:0px;\n}\n<\/style>\n<div id='av_section_2'  class='avia-section av-1aex1x-84bca696eca1bfd993a707679465a7e1 main_color avia-section-default avia-no-border-styling  avia-builder-el-10  el_after_av_section  el_before_av_section  titre_site avia-bg-style-scroll container_wrap fullsize'  ><div class='container av-section-cont-open' ><div class='template-page content  av-content-full alpha units'><div class='post-entry post-entry-type-page post-entry-9123'><div class='entry-content-wrapper clearfix'>\n\n<style type=\"text\/css\" data-created_by=\"avia_inline_auto\" id=\"style-css-av-132bl9-f58bc2b5585fda47bb33ea21d0b86c7a\">\n#top .flex_column.av-132bl9-f58bc2b5585fda47bb33ea21d0b86c7a{\nmargin-top:0px;\nmargin-bottom:0px;\n}\n.flex_column.av-132bl9-f58bc2b5585fda47bb33ea21d0b86c7a{\nborder-radius:0px 0px 0px 0px;\npadding:0px 0px 0px 0px;\n}\n.responsive #top #wrap_all .flex_column.av-132bl9-f58bc2b5585fda47bb33ea21d0b86c7a{\nmargin-top:0px;\nmargin-bottom:0px;\n}\n<\/style>\n<div  class='flex_column av-132bl9-f58bc2b5585fda47bb33ea21d0b86c7a av_one_third  avia-builder-el-11  el_before_av_two_third  avia-builder-el-first  first flex_column_div av-zero-column-padding  '     ><style type=\"text\/css\" data-created_by=\"avia_inline_auto\" id=\"style-css-av-vcgi5-fcb0727e2ec342906d9c32a63443e0db\">\n#top .av_textblock_section.av-vcgi5-fcb0727e2ec342906d9c32a63443e0db .avia_textblock{\ncolor:#ffffff;\n}\n<\/style>\n<section  class='av_textblock_section av-vcgi5-fcb0727e2ec342906d9c32a63443e0db '   itemscope=\"itemscope\" itemtype=\"https:\/\/schema.org\/CreativeWork\" ><div class='avia_textblock av_inherit_color'  itemprop=\"text\" ><p><img loading=\"lazy\" decoding=\"async\" class=\"size-full wp-image-365 aligncenter\" src=\"https:\/\/www.fredonoccitanie.com\/surveillance\/wp-content\/uploads\/sites\/4\/2021\/06\/picto_surveillance.png\" alt=\"\" width=\"140\" height=\"140\" srcset=\"https:\/\/www.fredonoccitanie.com\/surveillance\/wp-content\/uploads\/sites\/4\/2021\/06\/picto_surveillance.png 140w, https:\/\/www.fredonoccitanie.com\/surveillance\/wp-content\/uploads\/sites\/4\/2021\/06\/picto_surveillance-80x80.png 80w, https:\/\/www.fredonoccitanie.com\/surveillance\/wp-content\/uploads\/sites\/4\/2021\/06\/picto_surveillance-36x36.png 36w\" sizes=\"auto, (max-width: 140px) 100vw, 140px\" \/><\/p>\n<\/div><\/section><\/div>\n<style type=\"text\/css\" data-created_by=\"avia_inline_auto\" id=\"style-css-av-m2z3p-223574c4af47a497bd8aa0618489f27a\">\n#top .flex_column.av-m2z3p-223574c4af47a497bd8aa0618489f27a{\nmargin-top:0px;\nmargin-bottom:0px;\n}\n.flex_column.av-m2z3p-223574c4af47a497bd8aa0618489f27a{\nborder-radius:0px 0px 0px 0px;\npadding:0px 0px 0px 0px;\n}\n.responsive #top #wrap_all .flex_column.av-m2z3p-223574c4af47a497bd8aa0618489f27a{\nmargin-top:0px;\nmargin-bottom:0px;\n}\n<\/style>\n<div  class='flex_column av-m2z3p-223574c4af47a497bd8aa0618489f27a av_two_third  avia-builder-el-13  el_after_av_one_third  avia-builder-el-last  flex_column_div av-zero-column-padding  '     ><style type=\"text\/css\" data-created_by=\"avia_inline_auto\" id=\"style-css-av-81zbh-76d41ae857a80686d40235f092f52c4d\">\n#top .av_textblock_section.av-81zbh-76d41ae857a80686d40235f092f52c4d .avia_textblock{\ncolor:#ffffff;\n}\n<\/style>\n<section  class='av_textblock_section av-81zbh-76d41ae857a80686d40235f092f52c4d '   itemscope=\"itemscope\" itemtype=\"https:\/\/schema.org\/CreativeWork\" ><div class='avia_textblock av_inherit_color'  itemprop=\"text\" ><div class=\"wpb_text_column wpb_content_element \">\n<div class=\"wpb_wrapper\">\n<p><strong>La bact\u00e9rie contamine l\u2019arbre ou la plante essentiellement par la fleur<\/strong> mais aussi par l\u2019extr\u00e9mit\u00e9 des pousses en croissance, par des ouvertures naturelles ou des blessures.<\/p>\n<p>La bact\u00e9rie progresse dans les rameaux puis les branches fruiti\u00e8res, les charpenti\u00e8res et passe dans le tronc et le syst\u00e8me racinaire.<br \/>\nAu niveau des parties ligneuses de l\u2019arbre, <strong>les zones infest\u00e9es pr\u00e9sentent un affaissement et un aspect humide.<\/strong><\/p>\n<p>\u00c0 la fin de la saison, des chancres se forment dans ces zones et la bact\u00e9rie y passe l\u2019hiver. Au printemps et en \u00e9t\u00e9, ces chancres s\u00e9cr\u00e8tent des exsudats contenant un grand nombre de bact\u00e9ries. <em>Erwinia amylovora<\/em> atteint son d\u00e9veloppement optimum vers 24-27\u00b0C. Les bact\u00e9ries survivent dans l\u2019arbre tant que celui-ci est vivant.<\/p>\n<p>Le d\u00e9veloppement d\u2019<em>Erwinia amylovora<\/em> freine la mont\u00e9e de la s\u00e8ve \u00e9labor\u00e9e au dessus des zones atteintes.<\/p>\n<\/div>\n<\/div>\n<\/div><\/section><\/div>\n<\/p>\n<\/div><\/div><\/div><!-- close content main div --><\/div><\/div>\n<style type=\"text\/css\" data-created_by=\"avia_inline_auto\" id=\"style-css-av-kpmqtwgv-5fa91be550c4f35a52fda5fa8974e9e1\">\n.avia-section.av-kpmqtwgv-5fa91be550c4f35a52fda5fa8974e9e1{\nbackground-color:#dbdbcf;\nbackground-image:unset;\n}\n<\/style>\n<div id='av_section_3'  class='avia-section av-kpmqtwgv-5fa91be550c4f35a52fda5fa8974e9e1 main_color avia-section-default avia-no-border-styling  avia-builder-el-15  el_after_av_section  el_before_av_section  avia-bg-style-scroll container_wrap fullsize'  ><div class='container av-section-cont-open' ><div class='template-page content  av-content-full alpha units'><div class='post-entry post-entry-type-page post-entry-9123'><div class='entry-content-wrapper clearfix'>\n\n<style type=\"text\/css\" data-created_by=\"avia_inline_auto\" id=\"style-css-av-gxzdp-d85c0c7291b2774cde2e0d854b6be90e\">\n.flex_column.av-gxzdp-d85c0c7291b2774cde2e0d854b6be90e{\nborder-radius:0px 0px 0px 0px;\npadding:0px 0px 0px 0px;\n}\n<\/style>\n<div  class='flex_column av-gxzdp-d85c0c7291b2774cde2e0d854b6be90e av_one_half  avia-builder-el-16  el_before_av_one_half  avia-builder-el-first  first flex_column_div av-zero-column-padding  '     ><section  class='av_textblock_section av-kpmqvda3-c6068f0c80cd6f6e514104341164e050 '   itemscope=\"itemscope\" itemtype=\"https:\/\/schema.org\/CreativeWork\" ><div class='avia_textblock'  itemprop=\"text\" ><p>Ces bact\u00e9ries sont diss\u00e9min\u00e9es par l\u2019eau, le vent, les insectes et l\u2019Homme.<\/p>\n<p>Le d\u00e9veloppement d\u2019<em>Erwinia amylovora<\/em> dans un verger peut \u00eatre favoris\u00e9 par :<\/p>\n<p><strong>\u00a0\u00a0\u00a0\u00a0\u00a0\u00a0\u00a0\u00a0\u00a0 \u2022<\/strong> un exc\u00e8s d\u2019humidit\u00e9 : irrigation excessive et mauvais drainage des sols,<\/p>\n<p><strong>\u00a0\u00a0\u00a0\u00a0\u00a0\u00a0\u00a0\u00a0\u00a0 \u2022<\/strong> l\u2019arrosage par aspersion,<\/p>\n<p><strong>\u00a0\u00a0\u00a0 \u00a0 \u00a0 \u00a0 \u2022<\/strong> une taille s\u00e9v\u00e8re,<\/p>\n<p><strong>\u00a0\u00a0 \u00a0 \u00a0 \u00a0\u00a0 \u2022<\/strong> les rejets des porte-greffes qui permettent un acc\u00e8s rapide aux racines,<\/p>\n<p><strong>\u00a0\u00a0 \u00a0 \u00a0 \u00a0\u00a0 \u2022<\/strong> un exc\u00e8s d\u2019azote,<\/p>\n<p><strong>\u00a0\u00a0 \u00a0 \u00a0 \u00a0\u00a0 \u2022<\/strong> une floraison secondaire abondante.<\/p>\n<\/div><\/section><\/div>\n<style type=\"text\/css\" data-created_by=\"avia_inline_auto\" id=\"style-css-av-bsmjh-2902cddc8828d63cf5d1e4ef0ecfb058\">\n.flex_column.av-bsmjh-2902cddc8828d63cf5d1e4ef0ecfb058{\nborder-radius:0px 0px 0px 0px;\npadding:0px 0px 0px 0px;\n}\n<\/style>\n<div  class='flex_column av-bsmjh-2902cddc8828d63cf5d1e4ef0ecfb058 av_one_half  avia-builder-el-18  el_after_av_one_half  avia-builder-el-last  flex_column_div av-zero-column-padding  '     ><style type=\"text\/css\" data-created_by=\"avia_inline_auto\" id=\"style-css-av-kpmr02et-3b5f126562ec307e22b1c8a878b28ba2\">\n.avia-image-container.av-kpmr02et-3b5f126562ec307e22b1c8a878b28ba2 img.avia_image{\nbox-shadow:none;\n}\n.avia-image-container.av-kpmr02et-3b5f126562ec307e22b1c8a878b28ba2 .av-caption-image-overlay-bg{\nopacity:0.4;\n}\n.avia-image-container.av-kpmr02et-3b5f126562ec307e22b1c8a878b28ba2 .av-image-caption-overlay-center{\ncolor:#ffffff;\nfont-size:14px;\n}\n<\/style>\n<div  class='avia-image-container av-kpmr02et-3b5f126562ec307e22b1c8a878b28ba2 av-styling-no-styling avia-align-center  avia-builder-el-19  avia-builder-el-no-sibling  noHover av-overlay-on-hover'   itemprop=\"image\" itemscope=\"itemscope\" itemtype=\"https:\/\/schema.org\/ImageObject\" ><div class=\"avia-image-container-inner\"><div class=\"avia-image-overlay-wrap\"><div class=\"av-image-caption-overlay\"><div class=\"av-caption-image-overlay-bg\"><\/div><div class=\"av-image-caption-overlay-position\"><div class=\"av-image-caption-overlay-center\"><\/div><\/div><\/div><img decoding=\"async\" fetchpriority=\"high\" class='wp-image-5097 avia-img-lazy-loading-not-5097 avia_image ' src=\"https:\/\/www.fredonoccitanie.com\/surveillance\/wp-content\/uploads\/sites\/4\/2016\/11\/fb-web-495x400.jpg\" alt='' title='feu bact\u00e9rien pommier'  height=\"400\" width=\"495\"  itemprop=\"thumbnailUrl\" srcset=\"https:\/\/www.fredonoccitanie.com\/surveillance\/wp-content\/uploads\/sites\/4\/2016\/11\/fb-web-495x400.jpg 495w, https:\/\/www.fredonoccitanie.com\/surveillance\/wp-content\/uploads\/sites\/4\/2016\/11\/fb-web-845x684.jpg 845w\" sizes=\"(max-width: 495px) 100vw, 495px\" \/><\/div><\/div><\/div><\/div>\n\n<\/div><\/div><\/div><!-- close content main div --><\/div><\/div><div id='av_section_4'  class='avia-section av-izy6t-d15367d4d5771a6606b98246da87382a main_color avia-section-default avia-no-border-styling  avia-builder-el-20  el_after_av_section  el_before_av_section  avia-bg-style-scroll container_wrap fullsize'  ><div class='container av-section-cont-open' ><div class='template-page content  av-content-full alpha units'><div class='post-entry post-entry-type-page post-entry-9123'><div class='entry-content-wrapper clearfix'>\n\n<style type=\"text\/css\" data-created_by=\"avia_inline_auto\" id=\"style-css-av-1ewp4l-cbf99d866233f07d8e56cb7ee48dd89b\">\n.flex_column.av-1ewp4l-cbf99d866233f07d8e56cb7ee48dd89b{\nborder-radius:0px 0px 0px 0px;\npadding:0px 0px 0px 0px;\n}\n<\/style>\n<div  class='flex_column av-1ewp4l-cbf99d866233f07d8e56cb7ee48dd89b av_one_full  avia-builder-el-21  el_before_av_one_third  avia-builder-el-first  first flex_column_div av-zero-column-padding  '     ><section  class='av_textblock_section av-kpmq07xl-ff93b98011b9b33261f0e58e8b9e01db '   itemscope=\"itemscope\" itemtype=\"https:\/\/schema.org\/CreativeWork\" ><div class='avia_textblock'  itemprop=\"text\" ><h1 style=\"text-align: center;\">Sympt\u00f4mes<\/h1>\n<\/div><\/section><\/div>\n<style type=\"text\/css\" data-created_by=\"avia_inline_auto\" id=\"style-css-av-hmmq5-9d10ae3f31fb9434b0dc6dafe670aafa\">\n.flex_column.av-hmmq5-9d10ae3f31fb9434b0dc6dafe670aafa{\nborder-radius:0px 0px 0px 0px;\npadding:0px 0px 0px 0px;\n}\n<\/style>\n<div  class='flex_column av-hmmq5-9d10ae3f31fb9434b0dc6dafe670aafa av_one_third  avia-builder-el-23  el_after_av_one_full  el_before_av_one_third  first flex_column_div av-zero-column-padding  column-top-margin'     ><section  class='av_textblock_section av-kpmq4weq-d38cbe053bc8bddbd6080060572e5e5d '   itemscope=\"itemscope\" itemtype=\"https:\/\/schema.org\/CreativeWork\" ><div class='avia_textblock'  itemprop=\"text\" ><h2 style=\"text-align: left;\">Sur feuilles<\/h2>\n<p><img decoding=\"async\" class=\"size-medium wp-image-3387\" src=\"https:\/\/www.fredonoccitanie.com\/surveillance\/wp-content\/uploads\/sites\/4\/2016\/11\/feu_bacterien-300x288.jpg\" alt=\"\" width=\"300\" height=\"288\" \/><\/p>\n<p>La n\u00e9crose d\u00e9bute souvent \u00e0 l\u2019extr\u00e9mit\u00e9 du jeune rameau et progresse vers la base, formant une courbure en forme de crosse caract\u00e9ristique. Les feuilles prennent un aspect br\u00fbl\u00e9 tout en restant souples, avec un noircissement partant du limbe ou des nervures.<\/p>\n<\/div><\/section><\/div>\n<style type=\"text\/css\" data-created_by=\"avia_inline_auto\" id=\"style-css-av-10hjp-612defd00eba3e55e908e15f8577631c\">\n.flex_column.av-10hjp-612defd00eba3e55e908e15f8577631c{\nborder-radius:0px 0px 0px 0px;\npadding:0px 0px 0px 0px;\n}\n<\/style>\n<div  class='flex_column av-10hjp-612defd00eba3e55e908e15f8577631c av_one_third  avia-builder-el-25  el_after_av_one_third  el_before_av_one_third  flex_column_div  column-top-margin'     ><section  class='av_textblock_section av-kpms0fhb-f942b50f17e8e2ca3f40b25f0d0e70a5 '   itemscope=\"itemscope\" itemtype=\"https:\/\/schema.org\/CreativeWork\" ><div class='avia_textblock'  itemprop=\"text\" ><h2>Sur l&rsquo;\u00e9corce<\/h2>\n<p><img decoding=\"async\" class=\"size-medium wp-image-3390 alignnone\" src=\"https:\/\/www.fredonoccitanie.com\/surveillance\/wp-content\/uploads\/sites\/4\/2016\/11\/feu_bacterien3-300x229.jpg\" alt=\"\" width=\"300\" height=\"229\" srcset=\"https:\/\/www.fredonoccitanie.com\/surveillance\/wp-content\/uploads\/sites\/4\/2016\/11\/feu_bacterien3-300x229.jpg 300w, https:\/\/www.fredonoccitanie.com\/surveillance\/wp-content\/uploads\/sites\/4\/2016\/11\/feu_bacterien3.jpg 417w\" sizes=\"(max-width: 300px) 100vw, 300px\" \/><\/p>\n<p>Sur l\u2019\u00e9corce, le feu bact\u00e9rien provoque l\u2019apparition de l\u00e9sions allong\u00e9es, de couleur brun rouge \u00e0 noir, souvent l\u00e9g\u00e8rement enfonc\u00e9es par rapport aux tissus sains. Ces sympt\u00f4mes sont souvent observ\u00e9s \u00e0 la base des rameaux ou au niveau des chancres.<\/p>\n<\/div><\/section><\/div>\n<style type=\"text\/css\" data-created_by=\"avia_inline_auto\" id=\"style-css-av-47ol43-2e879257f0e81b566e04b2b0ba9694fe\">\n.flex_column.av-47ol43-2e879257f0e81b566e04b2b0ba9694fe{\nborder-radius:0px 0px 0px 0px;\npadding:0px 0px 0px 0px;\n}\n<\/style>\n<div  class='flex_column av-47ol43-2e879257f0e81b566e04b2b0ba9694fe av_one_third  avia-builder-el-27  el_after_av_one_third  avia-builder-el-last  flex_column_div  column-top-margin'     ><section  class='av_textblock_section av-krakh36t-04e4316b89834da59d85c5b55c4adac7 '   itemscope=\"itemscope\" itemtype=\"https:\/\/schema.org\/CreativeWork\" ><div class='avia_textblock'  itemprop=\"text\" ><h2><strong>Sur inflorescences et jeunes pousses<\/strong><\/h2>\n<p><img decoding=\"async\" class=\"size-medium wp-image-3391 alignnone\" src=\"https:\/\/www.fredonoccitanie.com\/surveillance\/wp-content\/uploads\/sites\/4\/2016\/11\/feu_bacterien4-300x239.jpg\" alt=\"\" width=\"300\" height=\"239\" srcset=\"https:\/\/www.fredonoccitanie.com\/surveillance\/wp-content\/uploads\/sites\/4\/2016\/11\/feu_bacterien4-300x239.jpg 300w, https:\/\/www.fredonoccitanie.com\/surveillance\/wp-content\/uploads\/sites\/4\/2016\/11\/feu_bacterien4.jpg 381w\" sizes=\"(max-width: 300px) 100vw, 300px\" \/><\/p>\n<p>Les inflorescences atteintes se fl\u00e9trissent rapidement, brunissent ou noircissent, puis se dess\u00e8chent tout en restant attach\u00e9es \u00e0 la plante, donnant un aspect de fleurs br\u00fbl\u00e9es. Les jeunes pousses, quant \u00e0 elles, pr\u00e9sentent un fl\u00e9trissement soudain suivi d\u2019un noircissement progressif. Elles se recourbent souvent en forme de crosse, sympt\u00f4me typique du feu bact\u00e9rien, et peuvent \u00e9galement exsuder un liquide bact\u00e9rien en cas de forte humidit\u00e9.<\/p>\n<\/div><\/section><\/div>\n\n<\/div><\/div><\/div><!-- close content main div --><\/div><\/div>\n<style type=\"text\/css\" data-created_by=\"avia_inline_auto\" id=\"style-css-av-p37ph-4d0db80bd16b36b19642b079c4225281\">\n.avia-section.av-p37ph-4d0db80bd16b36b19642b079c4225281{\nbackground-color:#f8ead4;\nbackground-image:unset;\n}\n<\/style>\n<div id='av_section_5'  class='avia-section av-p37ph-4d0db80bd16b36b19642b079c4225281 main_color avia-section-default avia-no-border-styling  avia-builder-el-29  el_after_av_section  el_before_av_section  avia-bg-style-scroll container_wrap fullsize'  ><div class='container av-section-cont-open' ><div class='template-page content  av-content-full alpha units'><div class='post-entry post-entry-type-page post-entry-9123'><div class='entry-content-wrapper clearfix'>\n\n<style type=\"text\/css\" data-created_by=\"avia_inline_auto\" id=\"style-css-av-m4wjp-cdb80307ed6b467be78ad3844b00c7b9\">\n.flex_column.av-m4wjp-cdb80307ed6b467be78ad3844b00c7b9{\nborder-radius:0px 0px 0px 0px;\npadding:0px 0px 0px 0px;\n}\n<\/style>\n<div  class='flex_column av-m4wjp-cdb80307ed6b467be78ad3844b00c7b9 av_one_full  avia-builder-el-30  el_before_av_one_full  avia-builder-el-first  first flex_column_div av-zero-column-padding  '     ><section  class='av_textblock_section av-kpmsm4fa-71fc66ee5e1f9811ad3314c89fa79f2f '   itemscope=\"itemscope\" itemtype=\"https:\/\/schema.org\/CreativeWork\" ><div class='avia_textblock'  itemprop=\"text\" ><h1 style=\"text-align: center;\">Moyens de lutte<\/h1>\n<\/div><\/section><\/div>\n<style type=\"text\/css\" data-created_by=\"avia_inline_auto\" id=\"style-css-av-8pblh-f250445c6cf214bc39382ca858b2a786\">\n.flex_column.av-8pblh-f250445c6cf214bc39382ca858b2a786{\nborder-radius:0px 0px 0px 0px;\npadding:0px 0px 0px 0px;\n}\n<\/style>\n<div  class='flex_column av-8pblh-f250445c6cf214bc39382ca858b2a786 av_one_full  avia-builder-el-32  el_after_av_one_full  el_before_av_one_full  first flex_column_div av-zero-column-padding  column-top-margin'     ><section  class='av_textblock_section av-kpmso0r0-e6d2e0bfcaf946082babfda2673ec952 '   itemscope=\"itemscope\" itemtype=\"https:\/\/schema.org\/CreativeWork\" ><div class='avia_textblock'  itemprop=\"text\" ><div class=\"wpb_text_column wpb_content_element \">\n<div class=\"wpb_wrapper\">\n<p><strong>Il n\u2019existe pas de traitement curatif efficace<\/strong> pour lutter contre le feu bact\u00e9rien.<\/p>\n<p><a href=\"https:\/\/ephy.anses.fr\/\">Pour conna\u00eetre la liste des pr\u00e9parations phytosanitaires homologu\u00e9es pour lutter contre <em>E. amylovora<\/em>, se r\u00e9f\u00e9rer au site : <\/a><a href=\"https:\/\/ephy.anses.fr\/\">E-Phy.<\/a><\/p>\n<\/div>\n<\/div>\n<\/div><\/section><\/div>\n<style type=\"text\/css\" data-created_by=\"avia_inline_auto\" id=\"style-css-av-223l9v-c8c95bd648765d27e9a43787b86f42d3\">\n.flex_column.av-223l9v-c8c95bd648765d27e9a43787b86f42d3{\nborder-radius:0px 0px 0px 0px;\npadding:0px 0px 0px 0px;\n}\n<\/style>\n<div  class='flex_column av-223l9v-c8c95bd648765d27e9a43787b86f42d3 av_one_full  avia-builder-el-34  el_after_av_one_full  avia-builder-el-last  first flex_column_div av-zero-column-padding  column-top-margin'     ><section  class='av_textblock_section av-krakj99e-2eba3cbcd95e70bc25362f883470ed13 '   itemscope=\"itemscope\" itemtype=\"https:\/\/schema.org\/CreativeWork\" ><div class='avia_textblock'  itemprop=\"text\" ><h1 style=\"text-align: center;\">Pr\u00e9conisations<\/h1>\n<\/div><\/section><br \/>\n<section  class='av_textblock_section av-krakjluq-40870bef4571c92e232c3a17307e5918 '   itemscope=\"itemscope\" itemtype=\"https:\/\/schema.org\/CreativeWork\" ><div class='avia_textblock'  itemprop=\"text\" ><div class=\"wpb_text_column wpb_content_element \">\n<div class=\"wpb_text_column wpb_content_element \">\n<div class=\"wpb_wrapper\">\n<p><strong>\u2022 Les organes atteints doivent \u00eatre coup\u00e9s \u00e0 environ 1m en dessous des sympt\u00f4mes apparents et br\u00fbl\u00e9s sur place ;<\/strong><\/p>\n<p><strong>\u2022 les plaies doivent \u00eatre recouvertes avec un produit favorisant la cicatrisation de l\u2019arbre ;<\/strong><\/p>\n<p><strong>\u2022 les mains et les outils de coupe doivent \u00eatre d\u00e9sinfect\u00e9s \u00e0 la javel ou \u00e0 l\u2019alcool ; les v\u00eatements lav\u00e9s et chang\u00e9s r\u00e9guli\u00e8rement ;<\/strong><\/p>\n<p><strong>\u2022 les plantes fortement atteintes doivent \u00eatre rapidement arrach\u00e9es et br\u00fbl\u00e9es sur place ;<\/strong><\/p>\n<p><strong>\u2022 les fruits non r\u00e9colt\u00e9s doivent \u00eatre ramass\u00e9s pour \u00e9viter d\u2019attirer les oiseaux (un des vecteurs de la maladie).<\/strong><\/p>\n<p><strong>\u2022 Ne planter que des vari\u00e9t\u00e9s tol\u00e9rantes (les vari\u00e9t\u00e9s sensibles sont interdites \u00e0 la plantation).<\/strong><\/p>\n<p><strong>\u2022 Du fait de la grande facilit\u00e9 de transmission de cette maladie, il convient de d\u00e9tecter pr\u00e9cocement les foyers pour ralentir sa progression.<\/strong><\/p>\n<\/div>\n<\/div>\n<\/div>\n<\/div><\/section><\/p><\/div>\n\n<\/div><\/div><\/div><!-- close content main div --><\/div><\/div><div id='av_section_6'  class='avia-section av-2qhrnh-aad6dbc8b98b99e79c87d0f49cf4d2e5 main_color avia-section-default avia-no-border-styling  avia-builder-el-37  el_after_av_section  avia-builder-el-last  avia-bg-style-scroll container_wrap fullsize'  ><div class='container av-section-cont-open' ><div class='template-page content  av-content-full alpha units'><div class='post-entry post-entry-type-page post-entry-9123'><div class='entry-content-wrapper clearfix'>\n\n<style type=\"text\/css\" data-created_by=\"avia_inline_auto\" id=\"style-css-av-2kp5md-df773bed6459266fdf83cc103a11720a\">\n.flex_column.av-2kp5md-df773bed6459266fdf83cc103a11720a{\nborder-radius:0px 0px 0px 0px;\npadding:20px 20px 20px 20px;\nbackground-color:#f8ead4;\n}\n<\/style>\n<div  class='flex_column av-2kp5md-df773bed6459266fdf83cc103a11720a av_one_full  avia-builder-el-38  el_before_av_one_full  avia-builder-el-first  first flex_column_div  '     ><section  class='av_textblock_section av-2gpg0d-e7b81a7fecf1fb32c70352d2d94b1652 '   itemscope=\"itemscope\" itemtype=\"https:\/\/schema.org\/CreativeWork\" ><div class='avia_textblock'  itemprop=\"text\" ><h1 style=\"text-align: center;\">R\u00e9glementations<\/h1>\n<p><a href=\"https:\/\/eur-lex.europa.eu\/legal-content\/FR\/TXT\/HTML\/?uri=CELEX:32016R2031&amp;from=FR\">R\u00e8glement (UE) 2016\/2031 du 26 octobre 2016<\/a><\/p>\n<p><a href=\"https:\/\/eur-lex.europa.eu\/legal-content\/FR\/TXT\/HTML\/?uri=CELEX:32019R2072&amp;from=FR\">R\u00e8glement d\u2019ex\u00e9cution (UE) 2019\/2072 du 28 novembre 2019<\/a><\/p>\n<p><a href=\"https:\/\/fredonoccitanie189-my.sharepoint.com\/:b:\/g\/personal\/e_algans_fredon-occitanie_fr\/EbhCyX9dj2BEkXzpWn4JRa8B7BkO61pQRa14kaRro8CXPA?e=kfWLrP\">Arr\u00eat\u00e9 pr\u00e9fectoral du 9 ao\u00fbt 2024<\/a><\/p>\n<\/div><\/section><br \/>\n\n<style type=\"text\/css\" data-created_by=\"avia_inline_auto\" id=\"style-css-av-kpmtg3no-32a6af2131adb6d759dc5291ab6cb376\">\n#top .hr.hr-invisible.av-kpmtg3no-32a6af2131adb6d759dc5291ab6cb376{\nheight:30px;\n}\n<\/style>\n<div  class='hr av-kpmtg3no-32a6af2131adb6d759dc5291ab6cb376 hr-invisible  avia-builder-el-40  el_after_av_textblock  avia-builder-el-last '><span class='hr-inner '><span class=\"hr-inner-style\"><\/span><\/span><\/div><\/p><\/div>\n<style type=\"text\/css\" data-created_by=\"avia_inline_auto\" id=\"style-css-av-1bjbj1-7b5e79a0ad4b5af05fac787b7ce6e564\">\n.flex_column.av-1bjbj1-7b5e79a0ad4b5af05fac787b7ce6e564{\nborder-radius:0px 0px 0px 0px;\npadding:0px 0px 0px 0px;\n}\n<\/style>\n<div  class='flex_column av-1bjbj1-7b5e79a0ad4b5af05fac787b7ce6e564 av_one_full  avia-builder-el-41  el_after_av_one_full  avia-builder-el-last  first flex_column_div av-zero-column-padding  column-top-margin'     ><p><div  class='hr av-awk7x-d41fd7309a096045bf9e2ca4759bdc49 hr-default  avia-builder-el-42  el_before_av_social_share  avia-builder-el-first '><span class='hr-inner '><span class=\"hr-inner-style\"><\/span><\/span><\/div><br \/>\n<div  class='av-social-sharing-box av-kpmtzxgq-21aa22aee97ff1ab49b76337f8ca2dde av-social-sharing-box-default  avia-builder-el-43  el_after_av_hr  avia-builder-el-last  av-social-sharing-box-fullwidth'><div class=\"av-share-box\"><h5 class='av-share-link-description av-no-toc '>Partager cette entr\u00e9e<\/h5><ul class=\"av-share-box-list noLightbox\"><li class='av-share-link av-social-link-facebook avia_social_iconfont' ><a target=\"_blank\" aria-label=\"Partager sur Facebook\" href='https:\/\/www.facebook.com\/sharer.php?u=https:\/\/www.fredonoccitanie.com\/surveillance\/arboriculture\/le-feu_bacterien\/&#038;t=Le%20feu%20bact%C3%A9rien' data-av_icon='\ue8f3' data-av_iconfont='entypo-fontello'  title='' data-avia-related-tooltip='Partager sur Facebook'><span class='avia_hidden_link_text'>Partager sur Facebook<\/span><\/a><\/li><li class='av-share-link av-social-link-twitter avia_social_iconfont' ><a target=\"_blank\" aria-label=\"Partager sur X\" href='https:\/\/twitter.com\/share?text=Le%20feu%20bact%C3%A9rien&#038;url=https:\/\/www.fredonoccitanie.com\/surveillance\/?p=9123' data-av_icon='\ue932' data-av_iconfont='entypo-fontello'  title='' data-avia-related-tooltip='Partager sur X'><span class='avia_hidden_link_text'>Partager sur X<\/span><\/a><\/li><li class='av-share-link av-social-link-linkedin avia_social_iconfont' ><a target=\"_blank\" aria-label=\"Partager sur LinkedIn\" href='https:\/\/linkedin.com\/shareArticle?mini=true&#038;title=Le%20feu%20bact%C3%A9rien&#038;url=https:\/\/www.fredonoccitanie.com\/surveillance\/arboriculture\/le-feu_bacterien\/' data-av_icon='\ue8fc' data-av_iconfont='entypo-fontello'  title='' data-avia-related-tooltip='Partager sur LinkedIn'><span class='avia_hidden_link_text'>Partager sur LinkedIn<\/span><\/a><\/li><li class='av-share-link av-social-link-mail avia_social_iconfont' ><a  aria-label=\"Partager par Mail\" href='mailto:?subject=Le%20feu%20bact%C3%A9rien&#038;body=https:\/\/www.fredonoccitanie.com\/surveillance\/arboriculture\/le-feu_bacterien\/' data-av_icon='\ue805' data-av_iconfont='entypo-fontello'  title='' data-avia-related-tooltip='Partager par Mail'><span class='avia_hidden_link_text'>Partager par Mail<\/span><\/a><\/li><\/ul><\/div><\/div><\/p><\/div>\n\n","protected":false},"excerpt":{"rendered":"","protected":false},"author":1,"featured_media":0,"parent":28,"menu_order":2,"comment_status":"closed","ping_status":"closed","template":"","meta":{"footnotes":""},"class_list":["post-9123","page","type-page","status-publish","hentry"],"_links":{"self":[{"href":"https:\/\/www.fredonoccitanie.com\/surveillance\/wp-json\/wp\/v2\/pages\/9123","targetHints":{"allow":["GET"]}}],"collection":[{"href":"https:\/\/www.fredonoccitanie.com\/surveillance\/wp-json\/wp\/v2\/pages"}],"about":[{"href":"https:\/\/www.fredonoccitanie.com\/surveillance\/wp-json\/wp\/v2\/types\/page"}],"author":[{"embeddable":true,"href":"https:\/\/www.fredonoccitanie.com\/surveillance\/wp-json\/wp\/v2\/users\/1"}],"replies":[{"embeddable":true,"href":"https:\/\/www.fredonoccitanie.com\/surveillance\/wp-json\/wp\/v2\/comments?post=9123"}],"version-history":[{"count":5,"href":"https:\/\/www.fredonoccitanie.com\/surveillance\/wp-json\/wp\/v2\/pages\/9123\/revisions"}],"predecessor-version":[{"id":14477,"href":"https:\/\/www.fredonoccitanie.com\/surveillance\/wp-json\/wp\/v2\/pages\/9123\/revisions\/14477"}],"up":[{"embeddable":true,"href":"https:\/\/www.fredonoccitanie.com\/surveillance\/wp-json\/wp\/v2\/pages\/28"}],"wp:attachment":[{"href":"https:\/\/www.fredonoccitanie.com\/surveillance\/wp-json\/wp\/v2\/media?parent=9123"}],"curies":[{"name":"wp","href":"https:\/\/api.w.org\/{rel}","templated":true}]}}