{"id":4415,"date":"2017-02-27T14:14:42","date_gmt":"2017-02-27T13:14:42","guid":{"rendered":"https:\/\/www.fredonoccitanie.com\/surveillance\/?page_id=4415"},"modified":"2025-03-21T15:06:48","modified_gmt":"2025-03-21T14:06:48","slug":"le-tigre-du-platane","status":"publish","type":"page","link":"https:\/\/www.fredonoccitanie.com\/surveillance\/espace-non-agricole\/le-tigre-du-platane\/","title":{"rendered":"Le Tigre du Platane"},"content":{"rendered":"<div id='av_section_1'  class='avia-section av-3lq4g9b-692c23a7ff6e8d2202f0a999955f5d0d main_color avia-section-default avia-no-border-styling  avia-builder-el-0  el_before_av_section  avia-builder-el-first  avia-bg-style-scroll container_wrap fullsize'  ><div class='container av-section-cont-open' ><main  role=\"main\" itemprop=\"mainContentOfPage\"  class='template-page content  av-content-full alpha units'><div class='post-entry post-entry-type-page post-entry-4415'><div class='entry-content-wrapper clearfix'>\n\n<style type=\"text\/css\" data-created_by=\"avia_inline_auto\" id=\"style-css-av-3kam8pr-c9bb8899daab3cea75a3e3670febb6d1\">\n.flex_column.av-3kam8pr-c9bb8899daab3cea75a3e3670febb6d1{\nborder-radius:0px 0px 0px 0px;\npadding:0px 0px 0px 0px;\n}\n<\/style>\n<div  class='flex_column av-3kam8pr-c9bb8899daab3cea75a3e3670febb6d1 av_one_full  avia-builder-el-1  el_before_av_one_third  avia-builder-el-first  first flex_column_div av-zero-column-padding  '     ><section  class='av_textblock_section av-3i4bb8f-a36c01adcfe92ce6512b229a451b4eaf '   itemscope=\"itemscope\" itemtype=\"https:\/\/schema.org\/CreativeWork\" ><div class='avia_textblock'  itemprop=\"text\" ><h1 style=\"text-align: center;\">Carte d\u2019identit\u00e9<\/h1>\n<\/div><\/section><\/div>\n<style type=\"text\/css\" data-created_by=\"avia_inline_auto\" id=\"style-css-av-3g85e6n-919692e2166dac8a586a7c44ba026253\">\n.flex_column.av-3g85e6n-919692e2166dac8a586a7c44ba026253{\nborder-radius:0px 0px 0px 0px;\npadding:0px 0px 0px 0px;\n}\n<\/style>\n<div  class='flex_column av-3g85e6n-919692e2166dac8a586a7c44ba026253 av_one_third  avia-builder-el-3  el_after_av_one_full  el_before_av_one_third  first flex_column_div av-zero-column-padding  column-top-margin'     ><div  class='avia-slideshow av-3fjk6wf-3f21dbcc36a5f602fd72b3c112150e87 avia-slideshow-no scaling av_slideshow avia-slide-slider  avia-builder-el-4  avia-builder-el-no-sibling  av-slideshow-ui av-control-minimal av-slideshow-manual av-loop-once av-loop-manual-endless av-default-height-applied avia-slideshow-1' data-slideshow-options=\"{&quot;animation&quot;:&quot;slide&quot;,&quot;autoplay&quot;:false,&quot;loop_autoplay&quot;:&quot;once&quot;,&quot;interval&quot;:5,&quot;loop_manual&quot;:&quot;manual-endless&quot;,&quot;autoplay_stopper&quot;:false,&quot;noNavigation&quot;:false,&quot;bg_slider&quot;:false,&quot;keep_padding&quot;:false,&quot;hoverpause&quot;:false,&quot;show_slide_delay&quot;:0}\"  itemprop=\"image\" itemscope=\"itemscope\" itemtype=\"https:\/\/schema.org\/ImageObject\" ><ul class='avia-slideshow-inner ' style='padding-bottom: 71.812940422806%;'><li  class='avia-slideshow-slide av-3fjk6wf-3f21dbcc36a5f602fd72b3c112150e87__0  av-single-slide slide-1 slide-odd'><div data-rel='slideshow-1' class='avia-slide-wrap '   ><img decoding=\"async\" fetchpriority=\"high\" class=\"wp-image-4417 avia-img-lazy-loading-not-4417\"  src=\"https:\/\/www.fredonoccitanie.com\/surveillance\/wp-content\/uploads\/sites\/4\/2017\/02\/platanus_tigre-31.jpg\" width=\"1561\" height=\"1121\" title='platanus_tigre (31)' alt=''  itemprop=\"thumbnailUrl\" srcset=\"https:\/\/www.fredonoccitanie.com\/surveillance\/wp-content\/uploads\/sites\/4\/2017\/02\/platanus_tigre-31.jpg 1561w, https:\/\/www.fredonoccitanie.com\/surveillance\/wp-content\/uploads\/sites\/4\/2017\/02\/platanus_tigre-31-300x215.jpg 300w, https:\/\/www.fredonoccitanie.com\/surveillance\/wp-content\/uploads\/sites\/4\/2017\/02\/platanus_tigre-31-1030x740.jpg 1030w, https:\/\/www.fredonoccitanie.com\/surveillance\/wp-content\/uploads\/sites\/4\/2017\/02\/platanus_tigre-31-768x552.jpg 768w, https:\/\/www.fredonoccitanie.com\/surveillance\/wp-content\/uploads\/sites\/4\/2017\/02\/platanus_tigre-31-1536x1103.jpg 1536w, https:\/\/www.fredonoccitanie.com\/surveillance\/wp-content\/uploads\/sites\/4\/2017\/02\/platanus_tigre-31-1500x1077.jpg 1500w, https:\/\/www.fredonoccitanie.com\/surveillance\/wp-content\/uploads\/sites\/4\/2017\/02\/platanus_tigre-31-705x506.jpg 705w\" sizes=\"(max-width: 1561px) 100vw, 1561px\" \/><\/div><\/li><\/ul><\/div><\/div>\n<style type=\"text\/css\" data-created_by=\"avia_inline_auto\" id=\"style-css-av-38p9ldb-6c56cded3c7f6204c8598a245695dc3c\">\n.flex_column.av-38p9ldb-6c56cded3c7f6204c8598a245695dc3c{\nborder-radius:0px 0px 0px 0px;\npadding:0px 0px 0px 0px;\n}\n<\/style>\n<div  class='flex_column av-38p9ldb-6c56cded3c7f6204c8598a245695dc3c av_one_third  avia-builder-el-5  el_after_av_one_third  el_before_av_one_third  flex_column_div av-zero-column-padding  column-top-margin'     ><section  class='av_textblock_section av-37gbkwv-4d6e3d9a2912da3cc932f8e2833197f4 '   itemscope=\"itemscope\" itemtype=\"https:\/\/schema.org\/CreativeWork\" ><div class='avia_textblock'  itemprop=\"text\" ><p><strong>NOM VERNACULAIRE :<\/strong> Tigre du Platane ; Punaise r\u00e9ticul\u00e9e du Platane<br \/>\n<strong>RAVAGEUR :<\/strong> <em><b><\/b><strong><i>Corythucha ciliata<\/i> <\/strong>; ordre des h\u00e9mipt\u00e8res, famille des Tingidae.<\/em><br \/>\n<strong>PLANTES HOTES :<\/strong> <b><\/b><em>Platanus spp.<\/em><br \/>\n<strong>IMPACTS :<\/strong> D\u00e9pigmentations foliaires, diminution de la photosynth\u00e8se, alt\u00e9ration de la croissance, affaiblissement des arbres atteints et plus grande sensibilit\u00e9 aux facteurs climatiques et infectieux.<\/p>\n<\/div><\/section><\/div>\n<style type=\"text\/css\" data-created_by=\"avia_inline_auto\" id=\"style-css-av-35am31b-e70b759355dc82e8405d0d8bf3cd97af\">\n.flex_column.av-35am31b-e70b759355dc82e8405d0d8bf3cd97af{\nborder-radius:0px 0px 0px 0px;\npadding:0px 0px 0px 0px;\n}\n<\/style>\n<div  class='flex_column av-35am31b-e70b759355dc82e8405d0d8bf3cd97af av_one_third  avia-builder-el-7  el_after_av_one_third  avia-builder-el-last  flex_column_div av-zero-column-padding  column-top-margin'     ><style type=\"text\/css\" data-created_by=\"avia_inline_auto\" id=\"style-css-av-33u5kxb-f6571a17ec48160988c474e936a6343c\">\n#top .av_textblock_section.av-33u5kxb-f6571a17ec48160988c474e936a6343c .avia_textblock{\ncolor:#ffffff;\n}\n<\/style>\n<section  class='av_textblock_section av-33u5kxb-f6571a17ec48160988c474e936a6343c '   itemscope=\"itemscope\" itemtype=\"https:\/\/schema.org\/CreativeWork\" ><div class='avia_textblock bloc_infos av_inherit_color'  itemprop=\"text\" ><h5><a href=\"https:\/\/www.fredonoccitanie.com\/surveillance\/espace-non-agricole\/bsv-jevi-2\/#ancre3\">Faire une observation<\/a><\/h5>\n<\/div><\/section><br \/>\n\n<style type=\"text\/css\" data-created_by=\"avia_inline_auto\" id=\"style-css-av-av_textblock-6c7df63b9ad736a6ebf466585e4c6684\">\n#top .av_textblock_section.av-av_textblock-6c7df63b9ad736a6ebf466585e4c6684 .avia_textblock{\ncolor:#ffffff;\n}\n<\/style>\n<section  class='av_textblock_section av-av_textblock-6c7df63b9ad736a6ebf466585e4c6684 '   itemscope=\"itemscope\" itemtype=\"https:\/\/schema.org\/CreativeWork\" ><div class='avia_textblock bloc_infos av_inherit_color'  itemprop=\"text\" ><h2>Ressources<\/h2>\n<p>Plaquette Tigre du Platane (prochainement)<\/p>\n<\/div><\/section><br \/>\n\n<style type=\"text\/css\" data-created_by=\"avia_inline_auto\" id=\"style-css-av-31e3cu7-801c7d575bc476dc90842f99acc3ec4f\">\n#top .av_textblock_section.av-31e3cu7-801c7d575bc476dc90842f99acc3ec4f .avia_textblock{\ncolor:#ffffff;\n}\n<\/style>\n<section  class='av_textblock_section av-31e3cu7-801c7d575bc476dc90842f99acc3ec4f '   itemscope=\"itemscope\" itemtype=\"https:\/\/schema.org\/CreativeWork\" ><div class='avia_textblock bloc_infos av_inherit_color'  itemprop=\"text\" ><h2><a href=\"https:\/\/www.fredonoccitanie.com\/nous-contacter\/\">Contacts<\/a><\/h2>\n<\/div><\/section><\/p><\/div><\/div><\/div><\/main><!-- close content main element --><\/div><\/div>\n<style type=\"text\/css\" data-created_by=\"avia_inline_auto\" id=\"style-css-av-2zwf4nj-ada1d68b6dbf3cd3115de73eb2631d9b\">\n.avia-section.av-2zwf4nj-ada1d68b6dbf3cd3115de73eb2631d9b{\nbackground-color:#576b35;\nbackground-image:unset;\nmargin-top:0px;\nmargin-bottom:0px;\n}\n<\/style>\n<div id='av_section_2'  class='avia-section av-2zwf4nj-ada1d68b6dbf3cd3115de73eb2631d9b main_color avia-section-default avia-no-border-styling  avia-builder-el-11  el_after_av_section  el_before_av_section  titre_site avia-bg-style-scroll container_wrap fullsize'  ><div class='container av-section-cont-open' ><div class='template-page content  av-content-full alpha units'><div class='post-entry post-entry-type-page post-entry-4415'><div class='entry-content-wrapper clearfix'>\n<div class='flex_column_table av-2yojwsv-ecf77837f64722af881ea15c506ab4e3 sc-av_one_third av-equal-height-column-flextable'>\n<style type=\"text\/css\" data-created_by=\"avia_inline_auto\" id=\"style-css-av-2yojwsv-ecf77837f64722af881ea15c506ab4e3\">\n#top .flex_column_table.av-equal-height-column-flextable.av-2yojwsv-ecf77837f64722af881ea15c506ab4e3{\nmargin-top:0px;\nmargin-bottom:0px;\n}\n.flex_column.av-2yojwsv-ecf77837f64722af881ea15c506ab4e3{\nborder-radius:0px 0px 0px 0px;\npadding:0px 0px 0px 0px;\n}\n<\/style>\n<div  class='flex_column av-2yojwsv-ecf77837f64722af881ea15c506ab4e3 av_one_third  avia-builder-el-12  el_before_av_two_third  avia-builder-el-first  first flex_column_table_cell av-equal-height-column av-align-middle av-zero-column-padding  '     ><p>\n<style type=\"text\/css\" data-created_by=\"avia_inline_auto\" id=\"style-css-av-2xn9bgv-ee25a52e228fb6f4afa259ef194499f9\">\n#top .av_textblock_section.av-2xn9bgv-ee25a52e228fb6f4afa259ef194499f9 .avia_textblock{\ncolor:#ffffff;\n}\n<\/style>\n<section  class='av_textblock_section av-2xn9bgv-ee25a52e228fb6f4afa259ef194499f9 '   itemscope=\"itemscope\" itemtype=\"https:\/\/schema.org\/CreativeWork\" ><div class='avia_textblock av_inherit_color'  itemprop=\"text\" ><p><img loading=\"lazy\" decoding=\"async\" class=\"size-full wp-image-365 alignright\" src=\"https:\/\/www.fredonoccitanie.com\/surveillance\/wp-content\/uploads\/sites\/4\/2021\/06\/picto_surveillance.png\" alt=\"\" width=\"140\" height=\"140\" srcset=\"https:\/\/www.fredonoccitanie.com\/surveillance\/wp-content\/uploads\/sites\/4\/2021\/06\/picto_surveillance.png 140w, https:\/\/www.fredonoccitanie.com\/surveillance\/wp-content\/uploads\/sites\/4\/2021\/06\/picto_surveillance-80x80.png 80w, https:\/\/www.fredonoccitanie.com\/surveillance\/wp-content\/uploads\/sites\/4\/2021\/06\/picto_surveillance-36x36.png 36w\" sizes=\"auto, (max-width: 140px) 100vw, 140px\" \/><\/p>\n<\/div><\/section><br \/>\n\n<style type=\"text\/css\" data-created_by=\"avia_inline_auto\" id=\"style-css-av-2vze6lb-f0a126be0ba2eb62bf75fade3edf3e39\">\n#top .hr.hr-invisible.av-2vze6lb-f0a126be0ba2eb62bf75fade3edf3e39{\nheight:20px;\n}\n<\/style>\n<div  class='hr av-2vze6lb-f0a126be0ba2eb62bf75fade3edf3e39 hr-invisible  avia-builder-el-14  el_after_av_textblock  avia-builder-el-last '><span class='hr-inner '><span class=\"hr-inner-style\"><\/span><\/span><\/div><\/p><\/div><div class='av-flex-placeholder'><\/div>\n<style type=\"text\/css\" data-created_by=\"avia_inline_auto\" id=\"style-css-av-2t5x28v-59b5d73d0c79ebf5c5b18780dd7d14e2\">\n#top .flex_column_table.av-equal-height-column-flextable.av-2t5x28v-59b5d73d0c79ebf5c5b18780dd7d14e2{\nmargin-top:0px;\nmargin-bottom:0px;\n}\n.flex_column.av-2t5x28v-59b5d73d0c79ebf5c5b18780dd7d14e2{\nborder-radius:0px 0px 0px 0px;\npadding:0px 0px 0px 0px;\n}\n<\/style>\n<div  class='flex_column av-2t5x28v-59b5d73d0c79ebf5c5b18780dd7d14e2 av_two_third  avia-builder-el-15  el_after_av_one_third  avia-builder-el-last  flex_column_table_cell av-equal-height-column av-align-middle av-zero-column-padding  '     ><style type=\"text\/css\" data-created_by=\"avia_inline_auto\" id=\"style-css-av-2pu05an-43283df0c2fa768f1c65659fd734c7b4\">\n#top .av_textblock_section.av-2pu05an-43283df0c2fa768f1c65659fd734c7b4 .avia_textblock{\ncolor:#ffffff;\n}\n<\/style>\n<section  class='av_textblock_section av-2pu05an-43283df0c2fa768f1c65659fd734c7b4 '   itemscope=\"itemscope\" itemtype=\"https:\/\/schema.org\/CreativeWork\" ><div class='avia_textblock av_inherit_color'  itemprop=\"text\" ><h5 style=\"text-align: left;\"><b><\/b><strong>Le tigre du platane est originaire de l\u2019Est des \u00c9tats-Unis et du Canada.<\/strong> Il a \u00e9t\u00e9 observ\u00e9 pour la premi\u00e8re fois en Europe en 1964 \u00e0 Padoue (Italie), et <strong>signal\u00e9 \u00e0 Antibes (France) en 1975<\/strong>.<\/h5>\n<\/div><\/section><\/div><\/div><!--close column table wrapper. Autoclose: 1 -->\n<\/p>\n<\/div><\/div><\/div><!-- close content main div --><\/div><\/div>\n<style type=\"text\/css\" data-created_by=\"avia_inline_auto\" id=\"style-css-av-2op38lr-e5f5dc3a6477f99e7418f4a425067d30\">\n.avia-section.av-2op38lr-e5f5dc3a6477f99e7418f4a425067d30{\nbackground-color:#dbdbcf;\nbackground-image:unset;\n}\n<\/style>\n<div id='av_section_3'  class='avia-section av-2op38lr-e5f5dc3a6477f99e7418f4a425067d30 main_color avia-section-default avia-no-border-styling  avia-builder-el-17  el_after_av_section  el_before_av_section  avia-bg-style-scroll container_wrap fullsize'  ><div class='container av-section-cont-open' ><div class='template-page content  av-content-full alpha units'><div class='post-entry post-entry-type-page post-entry-4415'><div class='entry-content-wrapper clearfix'>\n\n<style type=\"text\/css\" data-created_by=\"avia_inline_auto\" id=\"style-css-av-2npu5vj-98c8b3a1728e6deb32bd96310e8644f0\">\n.flex_column.av-2npu5vj-98c8b3a1728e6deb32bd96310e8644f0{\nborder-radius:0px 0px 0px 0px;\npadding:0px 0px 0px 0px;\n}\n<\/style>\n<div  class='flex_column av-2npu5vj-98c8b3a1728e6deb32bd96310e8644f0 av_one_half  avia-builder-el-18  el_before_av_one_half  avia-builder-el-first  first flex_column_div av-zero-column-padding  '     ><section  class='av_textblock_section av-2m8d0bj-ecc1d80e862210c68c31c20a0db0685e '   itemscope=\"itemscope\" itemtype=\"https:\/\/schema.org\/CreativeWork\" ><div class='avia_textblock'  itemprop=\"text\" ><div class=\"column-1_2 sc_column_item sc_column_item_1 odd first\">\n<div class=\"wpb_text_column wpb_content_element \">\n<div class=\"wpb_wrapper\">\n<div class=\"wpb_text_column wpb_content_element \">\n<div class=\"wpb_wrapper\">\n<div id=\"page-bgbtm\">\n<div id=\"content\">\n<h3>Origine du ravageur<\/h3>\n<p><strong>Le tigre du platane est originaire de l\u2019Est des \u00c9tats-Unis et du Canada.<\/strong> Il a \u00e9t\u00e9 observ\u00e9 pour la premi\u00e8re fois en Europe en 1964 \u00e0 Padoue (Italie), et <strong>signal\u00e9 \u00e0 Antibes (France) en 1975<\/strong>. De l\u00e0, il s\u2019est r\u00e9pandu dans toute l\u2019Europe centrale et m\u00e9ridionale.<\/p>\n<p>Outre l\u2019Italie et la France, on le trouve notamment en Allemagne, Autriche, Bulgarie, Croatie, Espagne, Gr\u00e8ce, Hongrie, Mont\u00e9n\u00e9gro, Portugal, R\u00e9publique Tch\u00e8que, Serbie, Slovaquie, Slov\u00e9nie, Suisse. Il a \u00e9galement \u00e9t\u00e9 signal\u00e9 en Russie en 1997 et plus r\u00e9cemment en Chine en 2006. L\u2019esp\u00e8ce a aussi \u00e9t\u00e9 observ\u00e9e en Grande-Bretagne (Bedfordshire) en 2006, ainsi qu\u2019en Turquie en 2007. Elle est \u00e9galement pr\u00e9sente en Cor\u00e9e du Sud, au Japon, et au Chili. <strong>En France, ce ravageur est pr\u00e9sent sur l\u2019ensemble du territoire.<\/strong><\/p>\n<\/div>\n<\/div>\n<\/div>\n<\/div>\n<\/div>\n<\/div>\n<\/div>\n<\/div><\/section><\/div>\n<style type=\"text\/css\" data-created_by=\"avia_inline_auto\" id=\"style-css-av-31hpjz-25b7cc9fdaa200907f6d7d9c249fc11f\">\n.flex_column.av-31hpjz-25b7cc9fdaa200907f6d7d9c249fc11f{\nborder-radius:0px 0px 0px 0px;\npadding:0px 0px 0px 0px;\n}\n<\/style>\n<div  class='flex_column av-31hpjz-25b7cc9fdaa200907f6d7d9c249fc11f av_one_half  avia-builder-el-20  el_after_av_one_half  el_before_av_textblock  flex_column_div av-zero-column-padding  '     ><section  class='av_textblock_section av-krvus0fd-a21a7f75133a3be3b1b40613c2554fa7 '   itemscope=\"itemscope\" itemtype=\"https:\/\/schema.org\/CreativeWork\" ><div class='avia_textblock'  itemprop=\"text\" ><div class=\"column-1_2 sc_column_item sc_column_item_1 odd first\">\n<div class=\"wpb_text_column wpb_content_element \">\n<div class=\"wpb_wrapper\">\n<div class=\"wpb_text_column wpb_content_element \">\n<div class=\"wpb_wrapper\">\n<h3 id=\"page-bgbtm\">Morphologie<\/h3>\n<div id=\"content\">L\u2019adulte mesure 3 \u00e0 4 mm de long. Il est de couleur blanc-cr\u00e8me, les ailes sont transparentes et r\u00e9ticul\u00e9es de blanc. Les ailes ant\u00e9rieures portent une t\u00e2che noire au centre. Les antennes sont blanc sale, poilues avec une extr\u00e9mit\u00e9 en forme de massue. Les larves sont l\u00e9g\u00e8rement plus petites que les adultes, blanch\u00e2tres, et les ailes apparaissent au fur et \u00e0 mesure de l\u2019\u00e9volution des stades larvaires.<\/div>\n<\/div>\n<\/div>\n<\/div>\n<\/div>\n<\/div>\n<\/div><\/section><\/div><section  class='av_textblock_section av-2cxt42n-0cc761633956ad5769f33716b7d9ce7e '   itemscope=\"itemscope\" itemtype=\"https:\/\/schema.org\/CreativeWork\" ><div class='avia_textblock'  itemprop=\"text\" ><div class=\"wpb_text_column wpb_content_element \">\n<div class=\"wpb_wrapper\">\n<h3>Cycle de vie<\/h3>\n<p>Le tigre du platane est un insecte qui peut r\u00e9aliser <strong>jusqu\u2019\u00e0 quatre g\u00e9n\u00e9rations annuelles<\/strong>. Les adultes hivernent sous l\u2019\u00e9corce (rhytidomes) ou dans des anfractuosit\u00e9s du tronc des platanes. Au printemps, les adultes se positionnent \u00e0 proximit\u00e9 de la nervure centrale \u00e0 la face inf\u00e9rieure des feuilles afin de s\u2019alimenter. L\u2019accouplement a lieu apr\u00e8s une quinzaine de jours, et la femelle peut d\u00e9poser plus de 300 \u0153ufs, pondus de fa\u00e7on agr\u00e9g\u00e9e ou plus disparate, toujours \u00e0 proximit\u00e9 de la nervure centrale de la feuille. La phase d\u2019incubation des \u0153ufs est de 18 \u00e0 20 jours.Les larves s\u2019alimentent de s\u00e8ve imm\u00e9diatement apr\u00e8s l\u2019\u00e9closion. Elles sont gr\u00e9gaires au cours des premiers stades de leur d\u00e9veloppement, puis se dispersent par la suite dans le feuillage de la branche infest\u00e9e. Les larves vont passer par 5 stades larvaires avant d\u2019arriver \u00e0 l\u2019\u00e2ge adulte.<\/p>\n<\/div>\n<\/div>\n<\/div><\/section>\n\n<\/div><\/div><\/div><!-- close content main div --><\/div><\/div>\n<style type=\"text\/css\" data-created_by=\"avia_inline_auto\" id=\"style-css-av-2h5pfn3-9e1eb062ee0dc0d9a1fccb91e786c008\">\n.avia-section.av-2h5pfn3-9e1eb062ee0dc0d9a1fccb91e786c008{\nbackground-color:#f8ead4;\nbackground-image:unset;\n}\n<\/style>\n<div id='av_section_4'  class='avia-section av-2h5pfn3-9e1eb062ee0dc0d9a1fccb91e786c008 main_color avia-section-default avia-no-border-styling  avia-builder-el-23  el_after_av_section  el_before_av_section  avia-bg-style-scroll container_wrap fullsize'  ><div class='container av-section-cont-open' ><div class='template-page content  av-content-full alpha units'><div class='post-entry post-entry-type-page post-entry-4415'><div class='entry-content-wrapper clearfix'>\n\n<style type=\"text\/css\" data-created_by=\"avia_inline_auto\" id=\"style-css-av-2eucqy7-e7ca7dffc43d85ce5d8dd71b3b2ade04\">\n.flex_column.av-2eucqy7-e7ca7dffc43d85ce5d8dd71b3b2ade04{\nborder-radius:0px 0px 0px 0px;\npadding:0px 0px 0px 0px;\n}\n<\/style>\n<div  class='flex_column av-2eucqy7-e7ca7dffc43d85ce5d8dd71b3b2ade04 av_one_full  avia-builder-el-24  el_before_av_one_half  avia-builder-el-first  first flex_column_div av-zero-column-padding  '     ><section  class='av_textblock_section av-krvuvm54-d82d32de9228bfe83ed946f7062f4b1f '   itemscope=\"itemscope\" itemtype=\"https:\/\/schema.org\/CreativeWork\" ><div class='avia_textblock'  itemprop=\"text\" ><h1 class=\"wpb_text_column wpb_content_element \" style=\"text-align: center;\">Impacts<\/h1>\n<\/div><\/section><\/div>\n<style type=\"text\/css\" data-created_by=\"avia_inline_auto\" id=\"style-css-av-5t0bbj-68d5d20da161f103257e009d630fdf8c\">\n.flex_column.av-5t0bbj-68d5d20da161f103257e009d630fdf8c{\nborder-radius:0px 0px 0px 0px;\npadding:0px 0px 0px 0px;\n}\n<\/style>\n<div  class='flex_column av-5t0bbj-68d5d20da161f103257e009d630fdf8c av_one_half  avia-builder-el-26  el_after_av_one_full  el_before_av_one_half  first flex_column_div av-zero-column-padding  column-top-margin'     ><section  class='av_textblock_section av-3ts87z-d5d6bf1afc53f46c6bbc3cadcb1f6130 '   itemscope=\"itemscope\" itemtype=\"https:\/\/schema.org\/CreativeWork\" ><div class='avia_textblock'  itemprop=\"text\" ><h3 class=\"wpb_text_column wpb_content_element \">D\u00e9g\u00e2ts imput\u00e9s \u00e0 ce ravageur<\/h3>\n<div class=\"wpb_text_column wpb_content_element \">\n<div class=\"wpb_text_column wpb_content_element \">\n<p><strong>Le tigre du platane cause un d\u00e9p\u00e9rissement marqu\u00e9 des arbres atteints.<\/strong> La prise alimentaires des larves et des adultes provoque une <strong>d\u00e9pigmentation foliaire<\/strong> caract\u00e9ristique au niveau des tissus parenchymateux, particuli\u00e8rement aux abords de la nervure centrale. Les feuilles atteintes prennent un aspect chlorotique, peuvent se dess\u00e9cher et tomber au sol. Les arbres fortement atteints peuvent ainsi aller jusqu\u2019\u00e0 prendre l\u2019aspect d\u2019arbres morts totalement d\u00e9foli\u00e9s en plein \u00e9t\u00e9 suite \u00e0 une attaque importante. Plusieurs ann\u00e9es d\u2019attaques r\u00e9p\u00e9t\u00e9es de <em>Corythucha ciliata <\/em>peuvent entra\u00eener un <strong>affaiblissement<\/strong> pouss\u00e9 des arbres atteints, qui seront alors <strong>plus sensibles aux facteurs de stress biotiques et abiotiques<\/strong>, qui combin\u00e9s pourront \u00e0 terme causer la <strong>mort de l\u2019arbre<\/strong>. Les arbres ainsi affaiblis deviennent notamment beaucoup plus sensibles aux attaques de champignons, notamment au <strong>chancre color\u00e9 du platane<\/strong> qui est une maladie tr\u00e8s probl\u00e9matique en Languedoc-Roussillon. Au del\u00e0 des d\u00e9g\u00e2ts physiologiques sur les v\u00e9g\u00e9taux atteints, la forte abondance d\u2019adultes de <em>C. ciliata<\/em> peut entra\u00eener une forte <strong>nuisibilit\u00e9 pour les riverains et les promeneurs<\/strong>.<\/p>\n<\/div>\n<div class=\"wpb_text_column wpb_content_element \"><\/div>\n<\/div>\n<\/div><\/section><\/div>\n<style type=\"text\/css\" data-created_by=\"avia_inline_auto\" id=\"style-css-av-97gf3-13574b3cbf8a268fcf0a36bbcfdb4384\">\n.flex_column.av-97gf3-13574b3cbf8a268fcf0a36bbcfdb4384{\nborder-radius:0px 0px 0px 0px;\npadding:0px 0px 0px 0px;\n}\n<\/style>\n<div  class='flex_column av-97gf3-13574b3cbf8a268fcf0a36bbcfdb4384 av_one_half  avia-builder-el-28  el_after_av_one_half  avia-builder-el-last  flex_column_div av-zero-column-padding  column-top-margin'     ><section  class='av_textblock_section av-krvux0mh-cf14748ef4c773dd4977883eef6331cb '   itemscope=\"itemscope\" itemtype=\"https:\/\/schema.org\/CreativeWork\" ><div class='avia_textblock'  itemprop=\"text\" ><div class=\"wpb_text_column wpb_content_element \">\n<h3 class=\"wpb_text_column wpb_content_element \">Suspicion de transmission de maladies<\/h3>\n<div class=\"wpb_text_column wpb_content_element \"><em>C. ciliata<\/em> est associ\u00e9 \u00e0 deux champignons pathog\u00e8nes tr\u00e8s dangereux, <em>Ceratocystis fimbriata<\/em> et <em>Apiognomonia venata<\/em>, agents respectivement du <a href=\"https:\/\/www.fredonoccitanie.com\/surveillance\/chanre-colore-platane\/\">Chancre color\u00e9 du platane<\/a> et de l\u2019Anthracnose du platane. Bien que leur r\u00f4le dans l\u2019infection soit encore flou, il est prouv\u00e9 qu\u2019<strong>ils sont des vecteurs de spores de ces champignons<\/strong>, et qu\u2019ils favorisent sa dispersion. De plus, les primo-infections sont favoris\u00e9es sur les arbres d\u00e9j\u00e0 affaiblis par leur pr\u00e9sence.<\/div>\n<\/div>\n<\/div><\/section><\/div>\n\n<\/div><\/div><\/div><!-- close content main div --><\/div><\/div><div id='av_section_5'  class='avia-section av-27ziuz3-49fbf20a34ec300c56c51da73b967265 main_color avia-section-default avia-no-border-styling  avia-builder-el-30  el_after_av_section  el_before_av_section  avia-bg-style-scroll container_wrap fullsize'  ><div class='container av-section-cont-open' ><div class='template-page content  av-content-full alpha units'><div class='post-entry post-entry-type-page post-entry-4415'><div class='entry-content-wrapper clearfix'>\n\n<style type=\"text\/css\" data-created_by=\"avia_inline_auto\" id=\"style-css-av-25xzebz-4f0cefed3b1f3893102bcba8e4c46cdf\">\n.flex_column.av-25xzebz-4f0cefed3b1f3893102bcba8e4c46cdf{\nborder-radius:0px 0px 0px 0px;\npadding:0px 0px 0px 0px;\n}\n<\/style>\n<div  class='flex_column av-25xzebz-4f0cefed3b1f3893102bcba8e4c46cdf av_one_full  avia-builder-el-31  el_before_av_one_third  avia-builder-el-first  first flex_column_div av-zero-column-padding  '     ><section  class='av_textblock_section av-24lv57z-d763b0ffa5adb2a931b659ca48364a83 '   itemscope=\"itemscope\" itemtype=\"https:\/\/schema.org\/CreativeWork\" ><div class='avia_textblock'  itemprop=\"text\" ><h1 style=\"text-align: center;\">Sympt\u00f4mes<\/h1>\n<\/div><\/section><\/div>\n<style type=\"text\/css\" data-created_by=\"avia_inline_auto\" id=\"style-css-av-7gl5tr-130df0ad61b134a7619a6b7579c63053\">\n.flex_column.av-7gl5tr-130df0ad61b134a7619a6b7579c63053{\nborder-radius:0px 0px 0px 0px;\npadding:0px 0px 0px 0px;\n}\n<\/style>\n<div  class='flex_column av-7gl5tr-130df0ad61b134a7619a6b7579c63053 av_one_third  avia-builder-el-33  el_after_av_one_full  el_before_av_one_third  first flex_column_div av-zero-column-padding  column-top-margin'     ><section  class='av_textblock_section av-223b43z-fca42bf08fb5721a88cc7a22d83ac053 '   itemscope=\"itemscope\" itemtype=\"https:\/\/schema.org\/CreativeWork\" ><div class='avia_textblock'  itemprop=\"text\" ><div class=\"wpb_text_column wpb_content_element \">\n<div class=\"wpb_wrapper\">\n<p style=\"text-align: justify;\">Les arbres atteints pr\u00e9sentent une <strong>d\u00e9pigmentation et des d\u00e9colorations nettes des feuilles attaqu\u00e9es<\/strong>. En cas d\u2019infestation pouss\u00e9e, <strong>les feuilles peuvent se dess\u00e9cher et tomber au sol pr\u00e9cocement<\/strong>, et l\u2019on observe une <strong>surproduction de miellat<\/strong> qui tombe des rameaux attaqu\u00e9s. L\u2019arbre pr\u00e9sente ainsi des <strong>d\u00e9foliations importantes<\/strong> sur quelques rameaux au d\u00e9part, puis \u00e0 terme sur l\u2019ensemble de la couronne.<\/p>\n<p style=\"text-align: justify;\">\n<\/div>\n<\/div>\n<\/div><\/section><\/div>\n<style type=\"text\/css\" data-created_by=\"avia_inline_auto\" id=\"style-css-av-9066v3-853604a8253b17b4479163006db01b98\">\n.flex_column.av-9066v3-853604a8253b17b4479163006db01b98{\nborder-radius:0px 0px 0px 0px;\npadding:0px 0px 0px 0px;\n}\n<\/style>\n<div  class='flex_column av-9066v3-853604a8253b17b4479163006db01b98 av_one_third  avia-builder-el-35  el_after_av_one_third  el_before_av_one_third  flex_column_div av-zero-column-padding  column-top-margin'     ><section  class='av_textblock_section av-krvv08f5-bf4863273502afe0efb1c635c995cc39 '   itemscope=\"itemscope\" itemtype=\"https:\/\/schema.org\/CreativeWork\" ><div class='avia_textblock'  itemprop=\"text\" ><div class=\"wpb_text_column wpb_content_element \">\n<div class=\"wpb_wrapper\">On les distingue facilement des arbres avoisinants en bonne sant\u00e9 car ils sont alors <strong>compl\u00e8tements d\u00e9foli\u00e9s, comme en hiver<\/strong>. Dans des cas d\u2019attaques r\u00e9p\u00e9t\u00e9es, les arbres <strong>affaiblis<\/strong> peuvent exprimer des <strong>sympt\u00f4mes de stress biotique ou abiotique pouss\u00e9s<\/strong> ; dans les cas les plus graves,<strong><em> C. ciliata<\/em> peut entrainer la mort des arbres attaqu\u00e9s<\/strong>.<\/div>\n<\/div>\n<\/div><\/section><\/div>\n<style type=\"text\/css\" data-created_by=\"avia_inline_auto\" id=\"style-css-av-72sc0v-c9ca43deb64479f56e8f85d8273a469a\">\n.flex_column.av-72sc0v-c9ca43deb64479f56e8f85d8273a469a{\nborder-radius:0px 0px 0px 0px;\npadding:0px 0px 0px 0px;\n}\n<\/style>\n<div  class='flex_column av-72sc0v-c9ca43deb64479f56e8f85d8273a469a av_one_third  avia-builder-el-37  el_after_av_one_third  el_before_av_one_third  flex_column_div av-zero-column-padding  column-top-margin'     ><section  class='av_textblock_section av-krvv0e6r-4203181e17477a723f50733d7e7a96a5 '   itemscope=\"itemscope\" itemtype=\"https:\/\/schema.org\/CreativeWork\" ><div class='avia_textblock'  itemprop=\"text\" ><div class=\"wpb_text_column wpb_content_element \">\n<div class=\"wpb_wrapper\">\n<p style=\"text-align: justify;\"><strong>La pr\u00e9sence du ravageur est facilement observable<\/strong> : sur la face inf\u00e9rieure des feuilles, les adultes et les larves de <em>Corythucha ciliata<\/em> sont simples \u00e0 observer. Le vol des adultes et la chute de miellat passent \u00e9galement rarement inaper\u00e7us, et constituent une source de d\u00e9sagr\u00e9ments pour les personnes vivant ou se promenant \u00e0 proximit\u00e9 des arbres touch\u00e9s.<\/p>\n<\/div>\n<\/div>\n<\/div><\/section><\/div>\n<style type=\"text\/css\" data-created_by=\"avia_inline_auto\" id=\"style-css-av-5l8lvj-be6cef604ee2ec374f42396faff0ca7d\">\n.flex_column.av-5l8lvj-be6cef604ee2ec374f42396faff0ca7d{\nborder-radius:0px 0px 0px 0px;\npadding:0px 0px 0px 0px;\n}\n<\/style>\n<div  class='flex_column av-5l8lvj-be6cef604ee2ec374f42396faff0ca7d av_one_third  avia-builder-el-39  el_after_av_one_third  el_before_av_one_third  first flex_column_div av-zero-column-padding  column-top-margin'     ><style type=\"text\/css\" data-created_by=\"avia_inline_auto\" id=\"style-css-av-krvv264x-bb29aefdc075c3fb0e275d46b86f90a0\">\n.avia-image-container.av-krvv264x-bb29aefdc075c3fb0e275d46b86f90a0 img.avia_image{\nbox-shadow:none;\n}\n.avia-image-container.av-krvv264x-bb29aefdc075c3fb0e275d46b86f90a0 .av-caption-image-overlay-bg{\nopacity:0.4;\nbackground-color:#000000;\n}\n.avia-image-container.av-krvv264x-bb29aefdc075c3fb0e275d46b86f90a0 .av-image-caption-overlay-center{\ncolor:#ffffff;\n}\n<\/style>\n<div  class='avia-image-container av-krvv264x-bb29aefdc075c3fb0e275d46b86f90a0 av-styling- avia-align-center  avia-builder-el-40  avia-builder-el-no-sibling  noHover av-overlay-on-hover'   itemprop=\"image\" itemscope=\"itemscope\" itemtype=\"https:\/\/schema.org\/ImageObject\" ><div class=\"avia-image-container-inner\"><div class=\"avia-image-overlay-wrap\"><div class=\"av-image-caption-overlay\"><div class=\"av-caption-image-overlay-bg\"><\/div><div class=\"av-image-caption-overlay-position\"><div class=\"av-image-caption-overlay-center\"><p>Adultes et larves le long des nervures<\/p>\n<\/div><\/div><\/div><img decoding=\"async\" fetchpriority=\"high\" class='wp-image-4423 avia-img-lazy-loading-not-4423 avia_image ' src=\"https:\/\/www.fredonoccitanie.com\/surveillance\/wp-content\/uploads\/sites\/4\/2017\/02\/platanus_tigre-32.jpg\" alt='' title='platanus_tigre (32)'  height=\"1200\" width=\"1600\"  itemprop=\"thumbnailUrl\" srcset=\"https:\/\/www.fredonoccitanie.com\/surveillance\/wp-content\/uploads\/sites\/4\/2017\/02\/platanus_tigre-32.jpg 1600w, https:\/\/www.fredonoccitanie.com\/surveillance\/wp-content\/uploads\/sites\/4\/2017\/02\/platanus_tigre-32-300x225.jpg 300w, https:\/\/www.fredonoccitanie.com\/surveillance\/wp-content\/uploads\/sites\/4\/2017\/02\/platanus_tigre-32-1030x773.jpg 1030w, https:\/\/www.fredonoccitanie.com\/surveillance\/wp-content\/uploads\/sites\/4\/2017\/02\/platanus_tigre-32-768x576.jpg 768w, https:\/\/www.fredonoccitanie.com\/surveillance\/wp-content\/uploads\/sites\/4\/2017\/02\/platanus_tigre-32-1536x1152.jpg 1536w, https:\/\/www.fredonoccitanie.com\/surveillance\/wp-content\/uploads\/sites\/4\/2017\/02\/platanus_tigre-32-1500x1125.jpg 1500w, https:\/\/www.fredonoccitanie.com\/surveillance\/wp-content\/uploads\/sites\/4\/2017\/02\/platanus_tigre-32-705x529.jpg 705w\" sizes=\"(max-width: 1600px) 100vw, 1600px\" \/><\/div><\/div><\/div><\/div>\n<style type=\"text\/css\" data-created_by=\"avia_inline_auto\" id=\"style-css-av-4yfx4f-6b9e8ea5c2ad851bb2c4f8e977dc3163\">\n.flex_column.av-4yfx4f-6b9e8ea5c2ad851bb2c4f8e977dc3163{\nborder-radius:0px 0px 0px 0px;\npadding:0px 0px 0px 0px;\n}\n<\/style>\n<div  class='flex_column av-4yfx4f-6b9e8ea5c2ad851bb2c4f8e977dc3163 av_one_third  avia-builder-el-41  el_after_av_one_third  el_before_av_one_third  flex_column_div av-zero-column-padding  column-top-margin'     ><style type=\"text\/css\" data-created_by=\"avia_inline_auto\" id=\"style-css-av-krvv31k3-a046cb29179d3edd3c6e90a6f8e6ea09\">\n.avia-image-container.av-krvv31k3-a046cb29179d3edd3c6e90a6f8e6ea09 img.avia_image{\nbox-shadow:none;\n}\n.avia-image-container.av-krvv31k3-a046cb29179d3edd3c6e90a6f8e6ea09 .av-caption-image-overlay-bg{\nopacity:0.4;\nbackground-color:#000000;\n}\n.avia-image-container.av-krvv31k3-a046cb29179d3edd3c6e90a6f8e6ea09 .av-image-caption-overlay-center{\ncolor:#ffffff;\n}\n<\/style>\n<div  class='avia-image-container av-krvv31k3-a046cb29179d3edd3c6e90a6f8e6ea09 av-styling- avia-align-center  avia-builder-el-42  avia-builder-el-no-sibling  noHover av-overlay-on-hover'   itemprop=\"image\" itemscope=\"itemscope\" itemtype=\"https:\/\/schema.org\/ImageObject\" ><div class=\"avia-image-container-inner\"><div class=\"avia-image-overlay-wrap\"><div class=\"av-image-caption-overlay\"><div class=\"av-caption-image-overlay-bg\"><\/div><div class=\"av-image-caption-overlay-position\"><div class=\"av-image-caption-overlay-center\"><p>D\u00e9colorations foliaires<\/p>\n<\/div><\/div><\/div><img decoding=\"async\" fetchpriority=\"high\" class='wp-image-4424 avia-img-lazy-loading-not-4424 avia_image ' src=\"https:\/\/www.fredonoccitanie.com\/surveillance\/wp-content\/uploads\/sites\/4\/2017\/02\/platanus_tigre-1.jpg\" alt='' title='platanus_tigre (1)'  height=\"1536\" width=\"2048\"  itemprop=\"thumbnailUrl\" srcset=\"https:\/\/www.fredonoccitanie.com\/surveillance\/wp-content\/uploads\/sites\/4\/2017\/02\/platanus_tigre-1.jpg 2048w, https:\/\/www.fredonoccitanie.com\/surveillance\/wp-content\/uploads\/sites\/4\/2017\/02\/platanus_tigre-1-300x225.jpg 300w, https:\/\/www.fredonoccitanie.com\/surveillance\/wp-content\/uploads\/sites\/4\/2017\/02\/platanus_tigre-1-1030x773.jpg 1030w, https:\/\/www.fredonoccitanie.com\/surveillance\/wp-content\/uploads\/sites\/4\/2017\/02\/platanus_tigre-1-768x576.jpg 768w, https:\/\/www.fredonoccitanie.com\/surveillance\/wp-content\/uploads\/sites\/4\/2017\/02\/platanus_tigre-1-1536x1152.jpg 1536w, https:\/\/www.fredonoccitanie.com\/surveillance\/wp-content\/uploads\/sites\/4\/2017\/02\/platanus_tigre-1-1500x1125.jpg 1500w, https:\/\/www.fredonoccitanie.com\/surveillance\/wp-content\/uploads\/sites\/4\/2017\/02\/platanus_tigre-1-705x529.jpg 705w\" sizes=\"(max-width: 2048px) 100vw, 2048px\" \/><\/div><\/div><\/div><\/div>\n<style type=\"text\/css\" data-created_by=\"avia_inline_auto\" id=\"style-css-av-375r8f-7ebaaac138572ed279e089df03361f7f\">\n.flex_column.av-375r8f-7ebaaac138572ed279e089df03361f7f{\nborder-radius:0px 0px 0px 0px;\npadding:0px 0px 0px 0px;\n}\n<\/style>\n<div  class='flex_column av-375r8f-7ebaaac138572ed279e089df03361f7f av_one_third  avia-builder-el-43  el_after_av_one_third  el_before_av_hr  flex_column_div av-zero-column-padding  column-top-margin'     ><style type=\"text\/css\" data-created_by=\"avia_inline_auto\" id=\"style-css-av-krvv47fe-1e8a5144d1e973499961c3f0d05022ed\">\n.avia-image-container.av-krvv47fe-1e8a5144d1e973499961c3f0d05022ed img.avia_image{\nbox-shadow:none;\n}\n.avia-image-container.av-krvv47fe-1e8a5144d1e973499961c3f0d05022ed .av-caption-image-overlay-bg{\nopacity:0.4;\nbackground-color:#000000;\n}\n.avia-image-container.av-krvv47fe-1e8a5144d1e973499961c3f0d05022ed .av-image-caption-overlay-center{\ncolor:#ffffff;\n}\n<\/style>\n<div  class='avia-image-container av-krvv47fe-1e8a5144d1e973499961c3f0d05022ed av-styling- avia-align-center  avia-builder-el-44  avia-builder-el-no-sibling  noHover av-overlay-on-hover'   itemprop=\"image\" itemscope=\"itemscope\" itemtype=\"https:\/\/schema.org\/ImageObject\" ><div class=\"avia-image-container-inner\"><div class=\"avia-image-overlay-wrap\"><div class=\"av-image-caption-overlay\"><div class=\"av-caption-image-overlay-bg\"><\/div><div class=\"av-image-caption-overlay-position\"><div class=\"av-image-caption-overlay-center\"><p>Adultes, larves et d\u00e9g\u00e2ts sur les feuilles<\/p>\n<\/div><\/div><\/div><img decoding=\"async\" fetchpriority=\"high\" class='wp-image-4425 avia-img-lazy-loading-not-4425 avia_image ' src=\"https:\/\/www.fredonoccitanie.com\/surveillance\/wp-content\/uploads\/sites\/4\/2017\/02\/platanus_tigre-20.jpg\" alt='' title='platanus_tigre (20)'  height=\"1536\" width=\"2048\"  itemprop=\"thumbnailUrl\" srcset=\"https:\/\/www.fredonoccitanie.com\/surveillance\/wp-content\/uploads\/sites\/4\/2017\/02\/platanus_tigre-20.jpg 2048w, https:\/\/www.fredonoccitanie.com\/surveillance\/wp-content\/uploads\/sites\/4\/2017\/02\/platanus_tigre-20-300x225.jpg 300w, https:\/\/www.fredonoccitanie.com\/surveillance\/wp-content\/uploads\/sites\/4\/2017\/02\/platanus_tigre-20-1030x773.jpg 1030w, https:\/\/www.fredonoccitanie.com\/surveillance\/wp-content\/uploads\/sites\/4\/2017\/02\/platanus_tigre-20-768x576.jpg 768w, https:\/\/www.fredonoccitanie.com\/surveillance\/wp-content\/uploads\/sites\/4\/2017\/02\/platanus_tigre-20-1536x1152.jpg 1536w, https:\/\/www.fredonoccitanie.com\/surveillance\/wp-content\/uploads\/sites\/4\/2017\/02\/platanus_tigre-20-1500x1125.jpg 1500w, https:\/\/www.fredonoccitanie.com\/surveillance\/wp-content\/uploads\/sites\/4\/2017\/02\/platanus_tigre-20-705x529.jpg 705w\" sizes=\"(max-width: 2048px) 100vw, 2048px\" \/><\/div><\/div><\/div><\/div>\n<style type=\"text\/css\" data-created_by=\"avia_inline_auto\" id=\"style-css-av-krvvb7nd-7a0263669faa39bdc54ae2be92b175e6\">\n#top .hr.hr-invisible.av-krvvb7nd-7a0263669faa39bdc54ae2be92b175e6{\nheight:40px;\n}\n<\/style>\n<div  class='hr av-krvvb7nd-7a0263669faa39bdc54ae2be92b175e6 hr-invisible  avia-builder-el-45  el_after_av_one_third  el_before_av_one_fourth '><span class='hr-inner '><span class=\"hr-inner-style\"><\/span><\/span><\/div>\n\n<style type=\"text\/css\" data-created_by=\"avia_inline_auto\" id=\"style-css-av-43h5y7-3141e1a6bd13abb5c15f09e3563fead2\">\n.flex_column.av-43h5y7-3141e1a6bd13abb5c15f09e3563fead2{\nborder-radius:0px 0px 0px 0px;\npadding:0px 0px 0px 0px;\n}\n<\/style>\n<div  class='flex_column av-43h5y7-3141e1a6bd13abb5c15f09e3563fead2 av_one_fourth  avia-builder-el-46  el_after_av_hr  el_before_av_one_half  first flex_column_div av-zero-column-padding  '     ><\/div>\n<style type=\"text\/css\" data-created_by=\"avia_inline_auto\" id=\"style-css-av-2k9ghvz-b326e08abceef697c2a3100cb62b5265\">\n.flex_column.av-2k9ghvz-b326e08abceef697c2a3100cb62b5265{\nborder-radius:0px 0px 0px 0px;\npadding:0px 0px 0px 0px;\n}\n<\/style>\n<div  class='flex_column av-2k9ghvz-b326e08abceef697c2a3100cb62b5265 av_one_half  avia-builder-el-47  el_after_av_one_fourth  el_before_av_one_fourth  flex_column_div av-zero-column-padding  '     ><\/div>\n<style type=\"text\/css\" data-created_by=\"avia_inline_auto\" id=\"style-css-av-233xdb-2bf17068b0706e6423fbc64542d1d732\">\n.flex_column.av-233xdb-2bf17068b0706e6423fbc64542d1d732{\nborder-radius:0px 0px 0px 0px;\npadding:0px 0px 0px 0px;\n}\n<\/style>\n<div  class='flex_column av-233xdb-2bf17068b0706e6423fbc64542d1d732 av_one_fourth  avia-builder-el-48  el_after_av_one_half  avia-builder-el-last  flex_column_div av-zero-column-padding  '     ><\/div>\n\n<\/div><\/div><\/div><!-- close content main div --><\/div><\/div>\n<style type=\"text\/css\" data-created_by=\"avia_inline_auto\" id=\"style-css-av-10dc5jz-254d517d78ce90f6e5dce1defcddb77f\">\n.avia-section.av-10dc5jz-254d517d78ce90f6e5dce1defcddb77f{\nbackground-color:#f8ead4;\nbackground-image:unset;\n}\n<\/style>\n<div id='av_section_6'  class='avia-section av-10dc5jz-254d517d78ce90f6e5dce1defcddb77f main_color avia-section-default avia-no-border-styling  avia-builder-el-49  el_after_av_section  el_before_av_section  avia-bg-style-scroll container_wrap fullsize'  ><div class='container av-section-cont-open' ><div class='template-page content  av-content-full alpha units'><div class='post-entry post-entry-type-page post-entry-4415'><div class='entry-content-wrapper clearfix'>\n\n<style type=\"text\/css\" data-created_by=\"avia_inline_auto\" id=\"style-css-av-xgn2tr-c8747a6a093541d8304ee021e93194be\">\n.flex_column.av-xgn2tr-c8747a6a093541d8304ee021e93194be{\nborder-radius:0px 0px 0px 0px;\npadding:0px 0px 0px 0px;\n}\n<\/style>\n<div  class='flex_column av-xgn2tr-c8747a6a093541d8304ee021e93194be av_one_full  avia-builder-el-50  el_before_av_three_fifth  avia-builder-el-first  first flex_column_div av-zero-column-padding  '     ><section  class='av_textblock_section av-w2mgan-42edfd89cb60d99518239eecc54b37f5 '   itemscope=\"itemscope\" itemtype=\"https:\/\/schema.org\/CreativeWork\" ><div class='avia_textblock'  itemprop=\"text\" ><h1 style=\"text-align: center;\">Moyens de lutte<\/h1>\n<\/div><\/section><\/div>\n<style type=\"text\/css\" data-created_by=\"avia_inline_auto\" id=\"style-css-av-uomwcf-2c290aeb37a4de5a1ca5696a01f6f9de\">\n.flex_column.av-uomwcf-2c290aeb37a4de5a1ca5696a01f6f9de{\nborder-radius:0px 0px 0px 0px;\npadding:0px 0px 0px 0px;\n}\n<\/style>\n<div  class='flex_column av-uomwcf-2c290aeb37a4de5a1ca5696a01f6f9de av_three_fifth  avia-builder-el-52  el_after_av_one_full  el_before_av_two_fifth  first flex_column_div av-zero-column-padding  column-top-margin'     ><section  class='av_textblock_section av-tgsysf-026ab16975623a95936e0007aaff626b '   itemscope=\"itemscope\" itemtype=\"https:\/\/schema.org\/CreativeWork\" ><div class='avia_textblock'  itemprop=\"text\" ><div class=\"wpb_text_column wpb_content_element \">\n<div class=\"wpb_wrapper\">\n<h3 style=\"text-align: justify;\">Lutte chimique<\/h3>\n<p style=\"text-align: justify;\">La lutte chimique est habituellement utilis\u00e9e de fa\u00e7on curative pour r\u00e9guler les populations de ces ravageurs. Il est toutefois important de raisonner le recours aux insecticides en fonction de l\u2019intensit\u00e9 de l\u2019attaque et des effets non intentionnels (sites de promenade, quartiers r\u00e9sidentiels, etc.). La lutte \u00e0 base de produits phytopharmaceutiques est uniquement r\u00e9alis\u00e9e par des professionnels et entreprises agr\u00e9\u00e9s.<\/p>\n<p style=\"text-align: justify;\"><strong>Les traitements se font soit :<\/strong><\/p>\n<p style=\"text-align: justify;\"><strong>&gt; En \u00e9t\u00e9 :<\/strong> traitements vers la frondaison visant \u00e0 r\u00e9duire les populations (adultes et larves) pr\u00e9sentes sur le feuillage de l\u2019arbre. Ils sont justifi\u00e9s lorsque la surface foliaire d\u00e9pigment\u00e9e est sup\u00e9rieure \u00e0 20%. Cet insecte \u00e9tant tr\u00e8s mobile, il est n\u00e9cessaire de traiter sur l\u2019ensemble du feuillage et sur l\u2019ensemble des arbres d\u2019une m\u00eame zone.<\/p>\n<p style=\"text-align: justify;\"><strong>&gt; En fin hiver :<\/strong> traitements sur l\u2019ensemble du tronc et des grosses branches charpenti\u00e8res. Pour un meilleur r\u00e9sultat, il est pr\u00e9f\u00e9rable de retirer un maximum de rhytidomes de l\u2019arbre. Cela \u00e9vite qu\u2019un certain nombre d\u2019individus \u00e9chappent au traitement en restant \u00e0 l\u2019abri derri\u00e8re ces plaques d\u2019\u00e9corces. Ces traitements visent \u00e0 r\u00e9duire les populations hivernantes avant le d\u00e9bourrement des platanes, et par cons\u00e9quent la migration des tigres adultes.<\/p>\n<blockquote>\n<p>Pour conna\u00eetre la liste des produits homologu\u00e9s, en traitements des parties a\u00e9riennes, sur les arbres et arbustes d\u2019ornements, consulter le site <a href=\"https:\/\/ephy.anses.fr\/\">E-phy<\/a>.<\/p>\n<\/blockquote>\n<h3><\/h3>\n<\/div>\n<div class=\"wpb_wrapper\"><\/div>\n<div class=\"wpb_wrapper\"><\/div>\n<\/div>\n<\/div><\/section><\/div>\n<style type=\"text\/css\" data-created_by=\"avia_inline_auto\" id=\"style-css-av-33z35b-801ba16361df4b69161347553f995f6c\">\n.flex_column.av-33z35b-801ba16361df4b69161347553f995f6c{\nborder-radius:0px 0px 0px 0px;\npadding:0px 0px 0px 0px;\n}\n<\/style>\n<div  class='flex_column av-33z35b-801ba16361df4b69161347553f995f6c av_two_fifth  avia-builder-el-54  el_after_av_three_fifth  avia-builder-el-last  flex_column_div av-zero-column-padding  column-top-margin'     ><section  class='av_textblock_section av-krvv9v18-c4bf67d7c68fdcf6d1ad045cdcb12ecd '   itemscope=\"itemscope\" itemtype=\"https:\/\/schema.org\/CreativeWork\" ><div class='avia_textblock'  itemprop=\"text\" ><div class=\"wpb_text_column wpb_content_element \">\n<h3 class=\"wpb_wrapper\">Lutte biologique<\/h3>\n<div class=\"wpb_wrapper\">Il est aujourd\u2019hui possible de substituer la lutte chimique \u00e0 un traitement en lutte biologique. Cela permet de contribuer aux enjeux de r\u00e9ductions des intrants phytopharmaceutiques et de pouvoir utiliser des traitements \u00e0 faible impact sur la sant\u00e9 et sur l\u2019environnement, notamment dans les zones sensibles et habit\u00e9es.<\/div>\n<div class=\"wpb_wrapper\">La lutte biologique est r\u00e9alis\u00e9e en combinant l\u2019action d\u2019un n\u00e9matode entomopathog\u00e8ne et d\u2019un pr\u00e9dateur. Les strat\u00e9gies utilis\u00e9es et les prescriptions sont issues des r\u00e9sultats de programmes de recherche conduits ces derni\u00e8res ann\u00e9es.<\/div>\n<div class=\"wpb_wrapper\"><\/div>\n<\/div>\n<\/div><\/section><\/div>\n\n<\/div><\/div><\/div><!-- close content main div --><\/div><\/div><div id='av_section_7'  class='avia-section av-l4qxbz-d76e36ec4b36dcdecf08c5a01591547e main_color avia-section-default avia-no-border-styling  avia-builder-el-56  el_after_av_section  el_before_av_social_share  avia-bg-style-scroll container_wrap fullsize'  ><div class='container av-section-cont-open' ><div class='template-page content  av-content-full alpha units'><div class='post-entry post-entry-type-page post-entry-4415'><div class='entry-content-wrapper clearfix'>\n\n<style type=\"text\/css\" data-created_by=\"avia_inline_auto\" id=\"style-css-av-jug1m7-ab706a8437333b7526603ff07807b0ac\">\n.flex_column.av-jug1m7-ab706a8437333b7526603ff07807b0ac{\nborder-radius:0px 0px 0px 0px;\npadding:20px 20px 20px 20px;\nbackground-color:#f8ead4;\n}\n<\/style>\n<div  class='flex_column av-jug1m7-ab706a8437333b7526603ff07807b0ac av_one_full  avia-builder-el-57  avia-builder-el-no-sibling  first flex_column_div  '     ><section  class='av_textblock_section av-hi0clr-cf6f6a9d802f26ef65b020f338157149 '   itemscope=\"itemscope\" itemtype=\"https:\/\/schema.org\/CreativeWork\" ><div class='avia_textblock'  itemprop=\"text\" ><h1 style=\"text-align: center;\">R\u00e9glementations<\/h1>\n<p><strong>En France, le tigre du platane <em>Corythucha ciliata<\/em> n\u2019est pas un organisme r\u00e9glement\u00e9 et la lutte contre ce ravageur n\u2019est pas obligatoire.<\/strong><\/p>\n<\/div><\/section><br \/>\n\n<style type=\"text\/css\" data-created_by=\"avia_inline_auto\" id=\"style-css-av-fc0s2n-7994f994aab29f34ecb057dd96cc610e\">\n#top .hr.hr-invisible.av-fc0s2n-7994f994aab29f34ecb057dd96cc610e{\nheight:30px;\n}\n<\/style>\n<div  class='hr av-fc0s2n-7994f994aab29f34ecb057dd96cc610e hr-invisible  avia-builder-el-59  el_after_av_textblock  avia-builder-el-last '><span class='hr-inner '><span class=\"hr-inner-style\"><\/span><\/span><\/div><\/p><\/div>\n<\/div><\/div><\/div><!-- close content main div --><\/div><\/div><div id='after_section_7'  class='main_color av_default_container_wrap container_wrap fullsize'  ><div class='container av-section-cont-open' ><div class='template-page content  av-content-full alpha units'><div class='post-entry post-entry-type-page post-entry-4415'><div class='entry-content-wrapper clearfix'>\n<div  class='av-social-sharing-box av-lsyqktld-fe40f1647c91c24381309fc2c93921c8 av-social-sharing-box-default  avia-builder-el-60  el_after_av_section  avia-builder-el-no-sibling  av-social-sharing-box-fullwidth'><div class=\"av-share-box\"><h5 class='av-share-link-description av-no-toc '>Partager cette entr\u00e9e<\/h5><ul class=\"av-share-box-list noLightbox\"><li class='av-share-link av-social-link-facebook avia_social_iconfont' ><a target=\"_blank\" aria-label=\"Partager sur Facebook\" href='https:\/\/www.facebook.com\/sharer.php?u=https:\/\/www.fredonoccitanie.com\/surveillance\/espace-non-agricole\/le-tigre-du-platane\/&#038;t=Le%20Tigre%20du%20Platane' data-av_icon='\ue8f3' data-av_iconfont='entypo-fontello'  title='' data-avia-related-tooltip='Partager sur Facebook'><span class='avia_hidden_link_text'>Partager sur Facebook<\/span><\/a><\/li><li class='av-share-link av-social-link-twitter avia_social_iconfont' ><a target=\"_blank\" aria-label=\"Partager sur X\" href='https:\/\/twitter.com\/share?text=Le%20Tigre%20du%20Platane&#038;url=https:\/\/www.fredonoccitanie.com\/surveillance\/?p=4415' data-av_icon='\ue932' data-av_iconfont='entypo-fontello'  title='' data-avia-related-tooltip='Partager sur X'><span class='avia_hidden_link_text'>Partager sur X<\/span><\/a><\/li><li class='av-share-link av-social-link-linkedin avia_social_iconfont' ><a target=\"_blank\" aria-label=\"Partager sur LinkedIn\" href='https:\/\/linkedin.com\/shareArticle?mini=true&#038;title=Le%20Tigre%20du%20Platane&#038;url=https:\/\/www.fredonoccitanie.com\/surveillance\/espace-non-agricole\/le-tigre-du-platane\/' data-av_icon='\ue8fc' data-av_iconfont='entypo-fontello'  title='' data-avia-related-tooltip='Partager sur LinkedIn'><span class='avia_hidden_link_text'>Partager sur LinkedIn<\/span><\/a><\/li><li class='av-share-link av-social-link-mail avia_social_iconfont' ><a  aria-label=\"Partager par Mail\" href='mailto:?subject=Le%20Tigre%20du%20Platane&#038;body=https:\/\/www.fredonoccitanie.com\/surveillance\/espace-non-agricole\/le-tigre-du-platane\/' data-av_icon='\ue805' data-av_iconfont='entypo-fontello'  title='' data-avia-related-tooltip='Partager par Mail'><span class='avia_hidden_link_text'>Partager par Mail<\/span><\/a><\/li><\/ul><\/div><\/div>\n","protected":false},"excerpt":{"rendered":"","protected":false},"author":1,"featured_media":0,"parent":3311,"menu_order":6,"comment_status":"closed","ping_status":"closed","template":"","meta":{"footnotes":""},"class_list":["post-4415","page","type-page","status-publish","hentry"],"_links":{"self":[{"href":"https:\/\/www.fredonoccitanie.com\/surveillance\/wp-json\/wp\/v2\/pages\/4415","targetHints":{"allow":["GET"]}}],"collection":[{"href":"https:\/\/www.fredonoccitanie.com\/surveillance\/wp-json\/wp\/v2\/pages"}],"about":[{"href":"https:\/\/www.fredonoccitanie.com\/surveillance\/wp-json\/wp\/v2\/types\/page"}],"author":[{"embeddable":true,"href":"https:\/\/www.fredonoccitanie.com\/surveillance\/wp-json\/wp\/v2\/users\/1"}],"replies":[{"embeddable":true,"href":"https:\/\/www.fredonoccitanie.com\/surveillance\/wp-json\/wp\/v2\/comments?post=4415"}],"version-history":[{"count":5,"href":"https:\/\/www.fredonoccitanie.com\/surveillance\/wp-json\/wp\/v2\/pages\/4415\/revisions"}],"predecessor-version":[{"id":13863,"href":"https:\/\/www.fredonoccitanie.com\/surveillance\/wp-json\/wp\/v2\/pages\/4415\/revisions\/13863"}],"up":[{"embeddable":true,"href":"https:\/\/www.fredonoccitanie.com\/surveillance\/wp-json\/wp\/v2\/pages\/3311"}],"wp:attachment":[{"href":"https:\/\/www.fredonoccitanie.com\/surveillance\/wp-json\/wp\/v2\/media?parent=4415"}],"curies":[{"name":"wp","href":"https:\/\/api.w.org\/{rel}","templated":true}]}}