{"id":24,"date":"2021-05-28T15:10:15","date_gmt":"2021-05-28T13:10:15","guid":{"rendered":"https:\/\/www.fredonoccitanie.com\/?page_id=24"},"modified":"2026-02-16T13:26:09","modified_gmt":"2026-02-16T12:26:09","slug":"accueil","status":"publish","type":"page","link":"https:\/\/www.fredonoccitanie.com\/surveillance\/","title":{"rendered":"Accueil"},"content":{"rendered":"<div id='full_slider_1'  class='avia-fullwidth-slider main_color avia-shadow   avia-builder-el-0  el_before_av_section  avia-builder-el-first   container_wrap fullsize'  ><div  class='avia-slideshow av-kp8cdxlm-b6cade7c94aff17e4b03b9a5bdc4e5e0 avia-slideshow-no scaling av_slideshow_full avia-fade-slider av-slideshow-ui av-control-hidden av-no-slider-navigation av-hide-nav-arrows av-slideshow-manual av-loop-once av-loop-manual-endless av-default-height-applied   avia-slideshow-1' data-slideshow-options=\"{&quot;animation&quot;:&quot;fade&quot;,&quot;autoplay&quot;:false,&quot;loop_autoplay&quot;:&quot;once&quot;,&quot;interval&quot;:5,&quot;loop_manual&quot;:&quot;manual-endless&quot;,&quot;autoplay_stopper&quot;:false,&quot;noNavigation&quot;:true,&quot;bg_slider&quot;:false,&quot;keep_padding&quot;:false,&quot;hoverpause&quot;:false,&quot;show_slide_delay&quot;:0}\"  itemprop=\"image\" itemscope=\"itemscope\" itemtype=\"https:\/\/schema.org\/ImageObject\" ><ul class='avia-slideshow-inner ' style='padding-bottom: 50.866666666667%;'><li  class='avia-slideshow-slide av-kp8cdxlm-b6cade7c94aff17e4b03b9a5bdc4e5e0__0  av-single-slide slide-1 slide-odd'><div data-rel='slideshow-1' class='avia-slide-wrap '   ><div class='av-slideshow-caption av-kp8cdxlm-b6cade7c94aff17e4b03b9a5bdc4e5e0__0 caption_fullwidth caption_left caption_left_framed caption_framed'><div class=\"container caption_container\"><div class=\"slideshow_caption\"><div class=\"slideshow_inner_caption\"><div class=\"slideshow_align_caption\"><h2 class='avia-caption-title '  itemprop=\"name\" >Informations sur les maladies<br \/>\net les ravageurs des v\u00e9g\u00e9taux, les esp\u00e8ces invasives, la surveillance des organismes nuisibles r\u00e9glement\u00e9s ou \u00e9mergents<\/h2><\/div><\/div><\/div><\/div><\/div><img decoding=\"async\" loading=\"lazy\" class=\"wp-image-261 avia-img-lazy-loading-261\"  src=\"https:\/\/www.fredonoccitanie.com\/surveillance\/wp-content\/uploads\/sites\/4\/2021\/06\/bg_accueil.jpg\" width=\"1500\" height=\"763\" title='bg_accueil' alt=''  itemprop=\"thumbnailUrl\"  style='min-height:550px; min-width:1082px; ' srcset=\"https:\/\/www.fredonoccitanie.com\/surveillance\/wp-content\/uploads\/sites\/4\/2021\/06\/bg_accueil.jpg 1500w, https:\/\/www.fredonoccitanie.com\/surveillance\/wp-content\/uploads\/sites\/4\/2021\/06\/bg_accueil-300x153.jpg 300w, https:\/\/www.fredonoccitanie.com\/surveillance\/wp-content\/uploads\/sites\/4\/2021\/06\/bg_accueil-1030x524.jpg 1030w, https:\/\/www.fredonoccitanie.com\/surveillance\/wp-content\/uploads\/sites\/4\/2021\/06\/bg_accueil-768x391.jpg 768w, https:\/\/www.fredonoccitanie.com\/surveillance\/wp-content\/uploads\/sites\/4\/2021\/06\/bg_accueil-705x359.jpg 705w\" sizes=\"auto, (max-width: 1500px) 100vw, 1500px\" \/><\/div><\/li><\/ul><\/div><\/div>\n\n<style type=\"text\/css\" data-created_by=\"avia_inline_auto\" id=\"style-css-av-kp8d8331-fd41ae7837ad4e944293a2fd0bc877dc\">\n.avia-section.av-kp8d8331-fd41ae7837ad4e944293a2fd0bc877dc{\nbackground-color:#576b35;\nbackground-image:unset;\nmargin-top:0px;\nmargin-bottom:0px;\n}\n<\/style>\n<div id='av_section_1'  class='avia-section av-kp8d8331-fd41ae7837ad4e944293a2fd0bc877dc main_color avia-section-default avia-no-border-styling  avia-builder-el-1  el_after_av_slideshow_full  el_before_av_section  titre_site avia-bg-style-scroll container_wrap fullsize'  ><div class='container av-section-cont-open' ><div class='template-page content  av-content-full alpha units'><div class='post-entry post-entry-type-page post-entry-24'><div class='entry-content-wrapper clearfix'>\n\n<style type=\"text\/css\" data-created_by=\"avia_inline_auto\" id=\"style-css-av-dg0-5586442869564b010e65b83383dfff8a\">\n#top .flex_column.av-dg0-5586442869564b010e65b83383dfff8a{\nmargin-top:0px;\nmargin-bottom:0px;\n}\n.flex_column.av-dg0-5586442869564b010e65b83383dfff8a{\nborder-radius:0px 0px 0px 0px;\npadding:0px 0px 0px 0px;\n}\n.responsive #top #wrap_all .flex_column.av-dg0-5586442869564b010e65b83383dfff8a{\nmargin-top:0px;\nmargin-bottom:0px;\n}\n<\/style>\n<div  class='flex_column av-dg0-5586442869564b010e65b83383dfff8a av_two_fifth  avia-builder-el-2  el_before_av_three_fifth  avia-builder-el-first  first flex_column_div av-zero-column-padding  '     ><p>\n<style type=\"text\/css\" data-created_by=\"avia_inline_auto\" id=\"style-css-av-kp8d73v0-036130e8754dffa9dff4180b1f610fe1\">\n#top .av_textblock_section.av-kp8d73v0-036130e8754dffa9dff4180b1f610fe1 .avia_textblock{\ncolor:#ffffff;\n}\n<\/style>\n<section  class='av_textblock_section av-kp8d73v0-036130e8754dffa9dff4180b1f610fe1 '   itemscope=\"itemscope\" itemtype=\"https:\/\/schema.org\/CreativeWork\" ><div class='avia_textblock av_inherit_color'  itemprop=\"text\" ><p><img loading=\"lazy\" decoding=\"async\" class=\"size-full wp-image-365 alignright\" src=\"https:\/\/www.fredonoccitanie.com\/surveillance\/wp-content\/uploads\/sites\/4\/2021\/06\/picto_surveillance.png\" alt=\"\" width=\"140\" height=\"140\" srcset=\"https:\/\/www.fredonoccitanie.com\/surveillance\/wp-content\/uploads\/sites\/4\/2021\/06\/picto_surveillance.png 140w, https:\/\/www.fredonoccitanie.com\/surveillance\/wp-content\/uploads\/sites\/4\/2021\/06\/picto_surveillance-80x80.png 80w, https:\/\/www.fredonoccitanie.com\/surveillance\/wp-content\/uploads\/sites\/4\/2021\/06\/picto_surveillance-36x36.png 36w\" sizes=\"auto, (max-width: 140px) 100vw, 140px\" \/><\/p>\n<\/div><\/section><br \/>\n\n<style type=\"text\/css\" data-created_by=\"avia_inline_auto\" id=\"style-css-av-1eao0-a6cbbd8ad5f233429efb77110afc97ac\">\n#top .hr.hr-invisible.av-1eao0-a6cbbd8ad5f233429efb77110afc97ac{\nheight:20px;\n}\n<\/style>\n<div  class='hr av-1eao0-a6cbbd8ad5f233429efb77110afc97ac hr-invisible  avia-builder-el-4  el_after_av_textblock  avia-builder-el-last '><span class='hr-inner '><span class=\"hr-inner-style\"><\/span><\/span><\/div><\/p><\/div>\n<style type=\"text\/css\" data-created_by=\"avia_inline_auto\" id=\"style-css-av-1a0cg-83d8fa650b3368240b23773122b428b4\">\n#top .flex_column.av-1a0cg-83d8fa650b3368240b23773122b428b4{\nmargin-top:0px;\nmargin-bottom:0px;\n}\n.flex_column.av-1a0cg-83d8fa650b3368240b23773122b428b4{\nborder-radius:0px 0px 0px 0px;\npadding:0px 0px 0px 0px;\n}\n.responsive #top #wrap_all .flex_column.av-1a0cg-83d8fa650b3368240b23773122b428b4{\nmargin-top:0px;\nmargin-bottom:0px;\n}\n<\/style>\n<div  class='flex_column av-1a0cg-83d8fa650b3368240b23773122b428b4 av_three_fifth  avia-builder-el-5  el_after_av_two_fifth  avia-builder-el-last  flex_column_div av-zero-column-padding  '     ><p>\n<style type=\"text\/css\" data-created_by=\"avia_inline_auto\" id=\"style-css-av-o0lo-379248d297d9f7434dcf0bbef7484521\">\n#top .hr.hr-invisible.av-o0lo-379248d297d9f7434dcf0bbef7484521{\nheight:70px;\n}\n<\/style>\n<div  class='hr av-o0lo-379248d297d9f7434dcf0bbef7484521 hr-invisible  avia-builder-el-6  el_before_av_textblock  avia-builder-el-first '><span class='hr-inner '><span class=\"hr-inner-style\"><\/span><\/span><\/div><br \/>\n\n<style type=\"text\/css\" data-created_by=\"avia_inline_auto\" id=\"style-css-av-xyjs-e4dee13e502dc2cefd1f1f5edc7e3f38\">\n#top .av_textblock_section.av-xyjs-e4dee13e502dc2cefd1f1f5edc7e3f38 .avia_textblock{\ncolor:#ffffff;\n}\n<\/style>\n<section  class='av_textblock_section av-xyjs-e4dee13e502dc2cefd1f1f5edc7e3f38 '   itemscope=\"itemscope\" itemtype=\"https:\/\/schema.org\/CreativeWork\" ><div class='avia_textblock av_inherit_color'  itemprop=\"text\" ><h1 style=\"text-align: left;\">Surveillance sanitaire<\/h1>\n<\/div><\/section><\/p><\/div>\n\n<\/div><\/div><\/div><!-- close content main div --><\/div><\/div>\n<style type=\"text\/css\" data-created_by=\"avia_inline_auto\" id=\"style-css-av-4jpm4-66ed95d7692c8c8d47f958ed84f27d15\">\n.avia-section.av-4jpm4-66ed95d7692c8c8d47f958ed84f27d15{\nbackground-color:#dbdbcf;\nbackground-image:unset;\nmargin-top:0px;\nmargin-bottom:0px;\n}\n<\/style>\n<div id='av_section_2'  class='avia-section av-4jpm4-66ed95d7692c8c8d47f958ed84f27d15 main_color avia-section-default avia-no-border-styling  avia-builder-el-8  el_after_av_section  el_before_av_one_full  avia-bg-style-scroll container_wrap fullsize'  ><div class='container av-section-cont-open' ><div class='template-page content  av-content-full alpha units'><div class='post-entry post-entry-type-page post-entry-24'><div class='entry-content-wrapper clearfix'>\n\n<style type=\"text\/css\" data-created_by=\"avia_inline_auto\" id=\"style-css-av-4585w-15122e4e5e54c1772523a6b3e6c4733c\">\n.flex_column.av-4585w-15122e4e5e54c1772523a6b3e6c4733c{\nborder-radius:0px 0px 0px 0px;\npadding:0px 0px 0px 0px;\n}\n<\/style>\n<div  class='flex_column av-4585w-15122e4e5e54c1772523a6b3e6c4733c av_one_half  avia-builder-el-9  el_before_av_one_half  avia-builder-el-first  first flex_column_div av-zero-column-padding  '     ><section  class='av_textblock_section av-kpiceyht-0d36fac5a44cd671805141cf2385a3b8 '   itemscope=\"itemscope\" itemtype=\"https:\/\/schema.org\/CreativeWork\" ><div class='avia_textblock av_inherit_color'  itemprop=\"text\" ><div class=\"wpb_wrapper\"><strong>FREDON Occitanie<\/strong> est un <strong>OVS<\/strong> (<strong>O<\/strong>rganisme \u00e0 <strong>V<\/strong>ocation <strong>S<\/strong>anitaire) en charge de la sant\u00e9 des v\u00e9g\u00e9taux (cf. d\u00e9finition dans le d\u00e9cret <a href=\"http:\/\/www.legifrance.gouv.fr\/affichTexte.do?cidTexte=JORFTEXT000028811750&amp;categorieLien=id\" target=\"_blank\" rel=\"noopener noreferrer\">du 1 juillet 2012<\/a>, anciennement les d\u00e9crets : <a href=\"http:\/\/www.legifrance.gouv.fr\/affichTexte.do?cidTexte=JORFTEXT000026090033&amp;fastPos=6&amp;fastReqId=694375692&amp;categorieLien=id&amp;oldAction=rechTexte\" target=\"_blank\" rel=\"noopener noreferrer\"> n\u00b0 2012-842<\/a>, <a href=\"http:\/\/www.legifrance.gouv.fr\/affichTexte.do?cidTexte=JORFTEXT000026090376&amp;fastPos=2&amp;fastReqId=1938679358&amp;categorieLien=id&amp;oldAction=rechTexte\" target=\"_blank\" rel=\"noopener noreferrer\">n\u00b0 2012-846<\/a>, <a href=\"http:\/\/www.legifrance.gouv.fr\/affichTexte.do?cidTexte=JORFTEXT000026090320&amp;fastPos=3&amp;fastReqId=901123194&amp;categorieLien=id&amp;oldAction=rechTexte\" target=\"_blank\" rel=\"noopener noreferrer\">n\u00b0 2012-845<\/a>). Son r\u00f4le est majeur dans l\u2019\u00e9laboration des sch\u00e9mas sanitaires r\u00e9gionaux.<\/div>\n<div class=\"wpb_wrapper\">FREDON assure la coordination et la mise en place de ces sch\u00e9mas au niveau des structures d\u00e9partementales (FDGDON) et constitue un relais aupr\u00e8s du Minist\u00e8re de l\u2019Agriculture (DRAAF, DGAL).<\/div>\n<div class=\"wpb_wrapper\">Elle est membre de FREDON FRANCE (r\u00e9seau des FREDON) et de son \u00ab\u00a0cercle qualit\u00e9\u00a0\u00bb, mutualisant et renfor\u00e7ant ainsi sa politique de management par la qualit\u00e9.<\/div>\n<div class=\"wpb_wrapper\">FREDON Occitanie est accr\u00e9dit\u00e9e par le <strong>co<\/strong>mit\u00e9 <strong>fr<\/strong>an\u00e7ais d\u2019<strong>ac<\/strong>cr\u00e9ditation (Accr\u00e9ditation COFRAC Inspection, n\u00b0 3-1185, port\u00e9e disponible sur le site du <a href=\"https:\/\/tools.cofrac.fr\/fr\/organismes\/fiche.php?entite_id=31097098\" target=\"_blank\" rel=\"noopener\">COFRAC<\/a> ).<\/div>\n<\/div><\/section><\/div>\n<style type=\"text\/css\" data-created_by=\"avia_inline_auto\" id=\"style-css-av-3is50-93a9acd5b890964ea732baf4b7cee108\">\n.flex_column.av-3is50-93a9acd5b890964ea732baf4b7cee108{\nborder-radius:0px 0px 0px 0px;\npadding:0px 0px 0px 0px;\n}\n<\/style>\n<div  class='flex_column av-3is50-93a9acd5b890964ea732baf4b7cee108 av_one_half  avia-builder-el-11  el_after_av_one_half  avia-builder-el-last  flex_column_div av-zero-column-padding  '     ><div  class='avia-slideshow av-kpicu15d-8aeb685ecf62bff2fec48e944bc813ab avia-slideshow-large av_slideshow avia-slide-slider  avia-builder-el-12  avia-builder-el-no-sibling  av-slideshow-ui av-control-default av-slideshow-manual av-loop-once av-loop-manual-endless av-default-height-applied avia-slideshow-2' data-slideshow-options=\"{&quot;animation&quot;:&quot;slide&quot;,&quot;autoplay&quot;:false,&quot;loop_autoplay&quot;:&quot;once&quot;,&quot;interval&quot;:5,&quot;loop_manual&quot;:&quot;manual-endless&quot;,&quot;autoplay_stopper&quot;:false,&quot;noNavigation&quot;:false,&quot;bg_slider&quot;:false,&quot;keep_padding&quot;:false,&quot;hoverpause&quot;:false,&quot;show_slide_delay&quot;:0}\"  itemprop=\"image\" itemscope=\"itemscope\" itemtype=\"https:\/\/schema.org\/ImageObject\" ><ul class='avia-slideshow-inner ' style='padding-bottom: 75.04854368932%;'><li  class='avia-slideshow-slide av-kpicu15d-8aeb685ecf62bff2fec48e944bc813ab__0  slide-1 slide-odd'><div data-rel='slideshow-2' class='avia-slide-wrap '   ><img decoding=\"async\" fetchpriority=\"high\" class=\"wp-image-10186 avia-img-lazy-loading-not-10186\"  src=\"https:\/\/www.fredonoccitanie.com\/surveillance\/wp-content\/uploads\/sites\/4\/2022\/05\/vinca_66_crp_agave-5-1030x773.jpg\" width=\"1030\" height=\"773\" title='vinca_66_crp_agave (5)' alt=''  itemprop=\"thumbnailUrl\" srcset=\"https:\/\/www.fredonoccitanie.com\/surveillance\/wp-content\/uploads\/sites\/4\/2022\/05\/vinca_66_crp_agave-5-1030x773.jpg 1030w, https:\/\/www.fredonoccitanie.com\/surveillance\/wp-content\/uploads\/sites\/4\/2022\/05\/vinca_66_crp_agave-5-300x225.jpg 300w, https:\/\/www.fredonoccitanie.com\/surveillance\/wp-content\/uploads\/sites\/4\/2022\/05\/vinca_66_crp_agave-5-768x576.jpg 768w, https:\/\/www.fredonoccitanie.com\/surveillance\/wp-content\/uploads\/sites\/4\/2022\/05\/vinca_66_crp_agave-5-1536x1152.jpg 1536w, https:\/\/www.fredonoccitanie.com\/surveillance\/wp-content\/uploads\/sites\/4\/2022\/05\/vinca_66_crp_agave-5-2048x1536.jpg 2048w, https:\/\/www.fredonoccitanie.com\/surveillance\/wp-content\/uploads\/sites\/4\/2022\/05\/vinca_66_crp_agave-5-1500x1125.jpg 1500w, https:\/\/www.fredonoccitanie.com\/surveillance\/wp-content\/uploads\/sites\/4\/2022\/05\/vinca_66_crp_agave-5-705x529.jpg 705w\" sizes=\"(max-width: 1030px) 100vw, 1030px\" \/><\/div><\/li><li  class='avia-slideshow-slide av-kpicu15d-8aeb685ecf62bff2fec48e944bc813ab__1  slide-2 slide-even'><div data-rel='slideshow-2' class='avia-slide-wrap '   ><img decoding=\"async\" fetchpriority=\"high\" class=\"wp-image-6881 avia-img-lazy-loading-not-6881\"  src=\"https:\/\/www.fredonoccitanie.com\/surveillance\/wp-content\/uploads\/sites\/4\/2019\/01\/boxwood-borer-762622_1920-1030x687.jpg\" width=\"1030\" height=\"687\" title='boxwood-borer-762622_1920' alt=''  itemprop=\"thumbnailUrl\" srcset=\"https:\/\/www.fredonoccitanie.com\/surveillance\/wp-content\/uploads\/sites\/4\/2019\/01\/boxwood-borer-762622_1920-1030x687.jpg 1030w, https:\/\/www.fredonoccitanie.com\/surveillance\/wp-content\/uploads\/sites\/4\/2019\/01\/boxwood-borer-762622_1920-300x200.jpg 300w, https:\/\/www.fredonoccitanie.com\/surveillance\/wp-content\/uploads\/sites\/4\/2019\/01\/boxwood-borer-762622_1920-768x512.jpg 768w, https:\/\/www.fredonoccitanie.com\/surveillance\/wp-content\/uploads\/sites\/4\/2019\/01\/boxwood-borer-762622_1920-1536x1024.jpg 1536w, https:\/\/www.fredonoccitanie.com\/surveillance\/wp-content\/uploads\/sites\/4\/2019\/01\/boxwood-borer-762622_1920-1500x1000.jpg 1500w, https:\/\/www.fredonoccitanie.com\/surveillance\/wp-content\/uploads\/sites\/4\/2019\/01\/boxwood-borer-762622_1920-705x470.jpg 705w, https:\/\/www.fredonoccitanie.com\/surveillance\/wp-content\/uploads\/sites\/4\/2019\/01\/boxwood-borer-762622_1920.jpg 1920w\" sizes=\"(max-width: 1030px) 100vw, 1030px\" \/><\/div><\/li><li  class='avia-slideshow-slide av-kpicu15d-8aeb685ecf62bff2fec48e944bc813ab__2  slide-3 slide-odd'><div data-rel='slideshow-2' class='avia-slide-wrap '   ><img decoding=\"async\" fetchpriority=\"high\" class=\"wp-image-7077 avia-img-lazy-loading-not-7077\"  src=\"https:\/\/www.fredonoccitanie.com\/surveillance\/wp-content\/uploads\/sites\/4\/2019\/03\/vigne_flavo-1.jpg\" width=\"749\" height=\"861\" title='vigne_flavo' alt=''  itemprop=\"thumbnailUrl\" srcset=\"https:\/\/www.fredonoccitanie.com\/surveillance\/wp-content\/uploads\/sites\/4\/2019\/03\/vigne_flavo-1.jpg 749w, https:\/\/www.fredonoccitanie.com\/surveillance\/wp-content\/uploads\/sites\/4\/2019\/03\/vigne_flavo-1-261x300.jpg 261w, https:\/\/www.fredonoccitanie.com\/surveillance\/wp-content\/uploads\/sites\/4\/2019\/03\/vigne_flavo-1-613x705.jpg 613w\" sizes=\"(max-width: 749px) 100vw, 749px\" \/><\/div><\/li><li  class='avia-slideshow-slide av-kpicu15d-8aeb685ecf62bff2fec48e944bc813ab__3  slide-4 slide-even'><div data-rel='slideshow-2' class='avia-slide-wrap '   ><img decoding=\"async\" fetchpriority=\"high\" class=\"wp-image-6278 avia-img-lazy-loading-not-6278\"  src=\"https:\/\/www.fredonoccitanie.com\/surveillance\/wp-content\/uploads\/sites\/4\/2018\/04\/DSCN0183-1030x773.jpg\" width=\"1030\" height=\"773\" title='DSCN0183' alt=''  itemprop=\"thumbnailUrl\" srcset=\"https:\/\/www.fredonoccitanie.com\/surveillance\/wp-content\/uploads\/sites\/4\/2018\/04\/DSCN0183-1030x773.jpg 1030w, https:\/\/www.fredonoccitanie.com\/surveillance\/wp-content\/uploads\/sites\/4\/2018\/04\/DSCN0183-300x225.jpg 300w, https:\/\/www.fredonoccitanie.com\/surveillance\/wp-content\/uploads\/sites\/4\/2018\/04\/DSCN0183-768x576.jpg 768w, https:\/\/www.fredonoccitanie.com\/surveillance\/wp-content\/uploads\/sites\/4\/2018\/04\/DSCN0183-1536x1152.jpg 1536w, https:\/\/www.fredonoccitanie.com\/surveillance\/wp-content\/uploads\/sites\/4\/2018\/04\/DSCN0183-1500x1125.jpg 1500w, https:\/\/www.fredonoccitanie.com\/surveillance\/wp-content\/uploads\/sites\/4\/2018\/04\/DSCN0183-705x529.jpg 705w, https:\/\/www.fredonoccitanie.com\/surveillance\/wp-content\/uploads\/sites\/4\/2018\/04\/DSCN0183.jpg 1600w\" sizes=\"(max-width: 1030px) 100vw, 1030px\" \/><\/div><\/li><li  class='avia-slideshow-slide av-kpicu15d-8aeb685ecf62bff2fec48e944bc813ab__4  slide-5 slide-odd'><div data-rel='slideshow-2' class='avia-slide-wrap '   ><img decoding=\"async\" fetchpriority=\"high\" class=\"wp-image-5557 avia-img-lazy-loading-not-5557\"  src=\"https:\/\/www.fredonoccitanie.com\/surveillance\/wp-content\/uploads\/sites\/4\/2017\/12\/crp_larve-1030x552.jpg\" width=\"1030\" height=\"552\" title='dav' alt=''  itemprop=\"thumbnailUrl\" srcset=\"https:\/\/www.fredonoccitanie.com\/surveillance\/wp-content\/uploads\/sites\/4\/2017\/12\/crp_larve-1030x552.jpg 1030w, https:\/\/www.fredonoccitanie.com\/surveillance\/wp-content\/uploads\/sites\/4\/2017\/12\/crp_larve-300x161.jpg 300w, https:\/\/www.fredonoccitanie.com\/surveillance\/wp-content\/uploads\/sites\/4\/2017\/12\/crp_larve-768x412.jpg 768w, https:\/\/www.fredonoccitanie.com\/surveillance\/wp-content\/uploads\/sites\/4\/2017\/12\/crp_larve-1536x823.jpg 1536w, https:\/\/www.fredonoccitanie.com\/surveillance\/wp-content\/uploads\/sites\/4\/2017\/12\/crp_larve-2048x1098.jpg 2048w, https:\/\/www.fredonoccitanie.com\/surveillance\/wp-content\/uploads\/sites\/4\/2017\/12\/crp_larve-1500x804.jpg 1500w, https:\/\/www.fredonoccitanie.com\/surveillance\/wp-content\/uploads\/sites\/4\/2017\/12\/crp_larve-705x378.jpg 705w\" sizes=\"(max-width: 1030px) 100vw, 1030px\" \/><\/div><\/li><li  class='avia-slideshow-slide av-kpicu15d-8aeb685ecf62bff2fec48e944bc813ab__5  slide-6 slide-even'><div data-rel='slideshow-2' class='avia-slide-wrap '   ><img decoding=\"async\" fetchpriority=\"high\" class=\"wp-image-7112 avia-img-lazy-loading-not-7112\"  src=\"https:\/\/www.fredonoccitanie.com\/surveillance\/wp-content\/uploads\/sites\/4\/2019\/04\/cicadelle-2-1030x858.jpg\" width=\"1030\" height=\"858\" title='cicadelle' alt=''  itemprop=\"thumbnailUrl\" srcset=\"https:\/\/www.fredonoccitanie.com\/surveillance\/wp-content\/uploads\/sites\/4\/2019\/04\/cicadelle-2-1030x858.jpg 1030w, https:\/\/www.fredonoccitanie.com\/surveillance\/wp-content\/uploads\/sites\/4\/2019\/04\/cicadelle-2-300x250.jpg 300w, https:\/\/www.fredonoccitanie.com\/surveillance\/wp-content\/uploads\/sites\/4\/2019\/04\/cicadelle-2-768x639.jpg 768w, https:\/\/www.fredonoccitanie.com\/surveillance\/wp-content\/uploads\/sites\/4\/2019\/04\/cicadelle-2-1500x1249.jpg 1500w, https:\/\/www.fredonoccitanie.com\/surveillance\/wp-content\/uploads\/sites\/4\/2019\/04\/cicadelle-2-705x587.jpg 705w, https:\/\/www.fredonoccitanie.com\/surveillance\/wp-content\/uploads\/sites\/4\/2019\/04\/cicadelle-2.jpg 1505w\" sizes=\"(max-width: 1030px) 100vw, 1030px\" \/><\/div><\/li><\/ul><div class='avia-slideshow-arrows avia-slideshow-controls' ><a href='#prev' class='prev-slide  avia-svg-icon avia-font-svg_entypo-fontello' data-av_svg_icon='left-open-big' data-av_iconset='svg_entypo-fontello' tabindex='-1' title=\"Pr\u00e9c\u00e9dent\"><svg version=\"1.1\" xmlns=\"http:\/\/www.w3.org\/2000\/svg\" width=\"15\" height=\"32\" viewBox=\"0 0 15 32\" preserveAspectRatio=\"xMidYMid meet\" aria-labelledby='av-svg-title-1' aria-describedby='av-svg-desc-1' role=\"graphics-symbol\" aria-hidden=\"true\">\n<title id='av-svg-title-1'>Pr\u00e9c\u00e9dent<\/title>\n<desc id='av-svg-desc-1'>Pr\u00e9c\u00e9dent<\/desc>\n<path d=\"M14.464 27.84q0.832 0.832 0 1.536-0.832 0.832-1.536 0l-12.544-12.608q-0.768-0.768 0-1.6l12.544-12.608q0.704-0.832 1.536 0 0.832 0.704 0 1.536l-11.456 11.904z\"><\/path>\n<\/svg><span class='avia_hidden_link_text'>Pr\u00e9c\u00e9dent<\/span><\/a><a href='#next' class='next-slide  avia-svg-icon avia-font-svg_entypo-fontello' data-av_svg_icon='right-open-big' data-av_iconset='svg_entypo-fontello' tabindex='-1' title=\"Suivant\"><svg version=\"1.1\" xmlns=\"http:\/\/www.w3.org\/2000\/svg\" width=\"15\" height=\"32\" viewBox=\"0 0 15 32\" preserveAspectRatio=\"xMidYMid meet\" aria-labelledby='av-svg-title-2' aria-describedby='av-svg-desc-2' role=\"graphics-symbol\" aria-hidden=\"true\">\n<title id='av-svg-title-2'>Suivant<\/title>\n<desc id='av-svg-desc-2'>Suivant<\/desc>\n<path d=\"M0.416 27.84l11.456-11.84-11.456-11.904q-0.832-0.832 0-1.536 0.832-0.832 1.536 0l12.544 12.608q0.768 0.832 0 1.6l-12.544 12.608q-0.704 0.832-1.536 0-0.832-0.704 0-1.536z\"><\/path>\n<\/svg><span class='avia_hidden_link_text'>Suivant<\/span><\/a><\/div><div class='avia-slideshow-dots avia-slideshow-controls'><a href='#1' class='goto-slide active' >1<\/a><a href='#2' class='goto-slide ' >2<\/a><a href='#3' class='goto-slide ' >3<\/a><a href='#4' class='goto-slide ' >4<\/a><a href='#5' class='goto-slide ' >5<\/a><a href='#6' class='goto-slide ' >6<\/a><\/div><\/div><\/div>\n<\/div><\/div><\/div><!-- close content main div --><\/div><\/div><div id='after_section_2'  class='main_color av_default_container_wrap container_wrap fullsize'  ><div class='container av-section-cont-open' ><div class='template-page content  av-content-full alpha units'><div class='post-entry post-entry-type-page post-entry-24'><div class='entry-content-wrapper clearfix'>\n\n<style type=\"text\/css\" data-created_by=\"avia_inline_auto\" id=\"style-css-av-3vzk-1966e5c0e187022d7c2a99274817aae7\">\n.flex_column.av-3vzk-1966e5c0e187022d7c2a99274817aae7{\nborder-radius:0px 0px 0px 0px;\npadding:0px 0px 0px 0px;\n}\n<\/style>\n<div  class='flex_column av-3vzk-1966e5c0e187022d7c2a99274817aae7 av_one_full  avia-builder-el-13  el_after_av_section  el_before_av_section  avia-builder-el-no-sibling  first flex_column_div av-zero-column-padding  '     ><section  class='av_textblock_section av-kpcobccl-5bdcc0809512b717bb41f491ff4da3cb '   itemscope=\"itemscope\" itemtype=\"https:\/\/schema.org\/CreativeWork\" ><div class='avia_textblock'  itemprop=\"text\" ><h1 style=\"text-align: center;\">NOS ACTUALITES<\/h1>\n<\/div><\/section><br \/>\n<br \/>\n\n<style type=\"text\/css\" data-created_by=\"avia_inline_auto\" id=\"style-css-av-1lfzw-3631e35f570d0b116fe8347109a751e0\">\n#top .hr.hr-invisible.av-1lfzw-3631e35f570d0b116fe8347109a751e0{\nheight:20px;\n}\n<\/style>\n<div  class='hr av-1lfzw-3631e35f570d0b116fe8347109a751e0 hr-invisible  avia-builder-el-16  el_after_av_codeblock  el_before_av_button '><span class='hr-inner '><span class=\"hr-inner-style\"><\/span><\/span><\/div><br \/>\n<div  class='avia-button-wrap av-kpcqeozy-6cc895b806380a1f9299357f8f07b625-wrap avia-button-center  avia-builder-el-17  el_after_av_hr  el_before_av_hr '><a href='..\/surveillance\/actualites'  class='avia-button av-kpcqeozy-6cc895b806380a1f9299357f8f07b625 av-link-btn avia-icon_select-no avia-size-small avia-position-center avia-color-theme-color'   aria-label=\"Tous les articles\"><span class='avia_iconbox_title' >Tous les articles<\/span><\/a><\/div><br \/>\n\n<style type=\"text\/css\" data-created_by=\"avia_inline_auto\" id=\"style-css-av-52kw-a9e88caeeb31b242478b37ede2323994\">\n#top .hr.hr-invisible.av-52kw-a9e88caeeb31b242478b37ede2323994{\nheight:20px;\n}\n<\/style>\n<div  class='hr av-52kw-a9e88caeeb31b242478b37ede2323994 hr-invisible  avia-builder-el-18  el_after_av_button  avia-builder-el-last '><span class='hr-inner '><span class=\"hr-inner-style\"><\/span><\/span><\/div><\/p><\/div><\/div><\/div><\/div><!-- close content main div --><\/div><\/div>\n<style type=\"text\/css\" data-created_by=\"avia_inline_auto\" id=\"style-css-av-11rw8-a29f85a8bc59444c4ea5d541313097ed\">\n.avia-section.av-11rw8-a29f85a8bc59444c4ea5d541313097ed{\nbackground-color:#f8ead4;\nbackground-image:unset;\n}\n<\/style>\n<div id='av_section_3'  class='avia-section av-11rw8-a29f85a8bc59444c4ea5d541313097ed main_color avia-section-default avia-no-border-styling  avia-builder-el-19  el_after_av_one_full  el_before_av_section  avia-bg-style-scroll container_wrap fullsize'  ><div class='container av-section-cont-open' ><div class='template-page content  av-content-full alpha units'><div class='post-entry post-entry-type-page post-entry-24'><div class='entry-content-wrapper clearfix'>\n<section  class='av_textblock_section av-kpcrstiu-1fdca6b93bf296d33f0ce642e62bdc6a '   itemscope=\"itemscope\" itemtype=\"https:\/\/schema.org\/CreativeWork\" ><div class='avia_textblock'  itemprop=\"text\" ><h1 style=\"text-align: center;\">NOTRE AGENDA<\/h1>\n<\/div><\/section>\n\n<style type=\"text\/css\" data-created_by=\"avia_inline_auto\" id=\"style-css-av-kpcqdchq-8daaedfe598e708fab0cbe6d8dfe57b0\">\n#top .hr.hr-invisible.av-kpcqdchq-8daaedfe598e708fab0cbe6d8dfe57b0{\nheight:20px;\n}\n<\/style>\n<div  class='hr av-kpcqdchq-8daaedfe598e708fab0cbe6d8dfe57b0 hr-invisible  avia-builder-el-21  el_after_av_textblock  el_before_av_postslider '><span class='hr-inner '><span class=\"hr-inner-style\"><\/span><\/span><\/div>\n<div  id=\"custom-agenda\"  data-slideshow-options=\"{&quot;animation&quot;:&quot;fade&quot;,&quot;autoplay&quot;:false,&quot;loop_autoplay&quot;:&quot;once&quot;,&quot;interval&quot;:&quot;5&quot;,&quot;loop_manual&quot;:&quot;manual-endless&quot;,&quot;autoplay_stopper&quot;:false,&quot;noNavigation&quot;:false,&quot;show_slide_delay&quot;:90}\" class='avia-content-slider avia-content-slider-active avia-content-slider1 avia-content-slider-odd  avia-builder-el-22  el_after_av_hr  el_before_av_hr  agenda av-slideshow-ui av-control-default   av-no-slider-navigation av-slideshow-manual av-loop-once av-loop-manual-endless '  itemscope=\"itemscope\" itemtype=\"https:\/\/schema.org\/Blog\" ><div class=\"avia-content-slider-inner\"><div class=\"slide-entry-wrap\"><article class='slide-entry flex_column  post-entry post-entry-14491 slide-entry-overview slide-loop-1 slide-parity-odd  av_one_third first real-thumbnail posttype-post post-format-standard'  itemscope=\"itemscope\" itemtype=\"https:\/\/schema.org\/CreativeWork\" ><a href='https:\/\/www.fredonoccitanie.com\/surveillance\/2026\/01\/15\/evenement-4-fevrier-2026-a-carcassonne-journee-regionale-sante-des-vegetaux\/' data-rel='slide-1' class='slide-image' title='[\u00c9V\u00c9NEMENT] \u2013 4 f\u00e9vrier 2026 \u00e0 Carcassonne &#8211; Journ\u00e9e R\u00e9gionale Sant\u00e9 des V\u00e9g\u00e9taux'><img decoding=\"async\" fetchpriority=\"high\" width=\"495\" height=\"400\" src=\"https:\/\/www.fredonoccitanie.com\/surveillance\/wp-content\/uploads\/sites\/4\/2026\/01\/1768393948714-495x400.jpg\" class=\"wp-image-14492 avia-img-lazy-loading-not-14492 attachment-portfolio size-portfolio wp-post-image\" alt=\"\" srcset=\"https:\/\/www.fredonoccitanie.com\/surveillance\/wp-content\/uploads\/sites\/4\/2026\/01\/1768393948714-495x400.jpg 495w, https:\/\/www.fredonoccitanie.com\/surveillance\/wp-content\/uploads\/sites\/4\/2026\/01\/1768393948714-845x684.jpg 845w\" sizes=\"(max-width: 495px) 100vw, 495px\" \/><\/a><div class=\"slide-content\"><header class=\"entry-content-header\" aria-label=\"Slide: [\u00c9V\u00c9NEMENT] \u2013 4 f\u00e9vrier 2026 \u00e0 Carcassonne - Journ\u00e9e R\u00e9gionale Sant\u00e9 des V\u00e9g\u00e9taux\"><h3 class='slide-entry-title entry-title '  itemprop=\"headline\" ><a href='https:\/\/www.fredonoccitanie.com\/surveillance\/2026\/01\/15\/evenement-4-fevrier-2026-a-carcassonne-journee-regionale-sante-des-vegetaux\/' title='[\u00c9V\u00c9NEMENT] \u2013 4 f\u00e9vrier 2026 \u00e0 Carcassonne &#8211; Journ\u00e9e R\u00e9gionale Sant\u00e9 des V\u00e9g\u00e9taux'>[\u00c9V\u00c9NEMENT] \u2013 4 f\u00e9vrier 2026 \u00e0 Carcassonne &#8211; Journ\u00e9e R\u00e9gionale Sant\u00e9 des V\u00e9g\u00e9taux<\/a><\/h3><span class=\"av-vertical-delimiter\"><\/span><\/header><div class=\"slide-meta\"><time class='slide-meta-time updated'  itemprop=\"datePublished\" datetime=\"2026-01-15T11:13:51+01:00\" >15 janvier 2026<\/time><\/div><div class='slide-entry-excerpt entry-content'  itemprop=\"text\" >FREDON, en partenariat avec V\u00e9g\u00e9phyl, organise le 4 f\u00e9vrier\u2026<\/div><\/div><footer class=\"entry-footer\"><\/footer><span class='hidden'>\n\t\t\t\t<span class='av-structured-data'  itemprop=\"image\" itemscope=\"itemscope\" itemtype=\"https:\/\/schema.org\/ImageObject\" >\n\t\t\t\t\t\t<span itemprop='url'>https:\/\/www.fredonoccitanie.com\/surveillance\/wp-content\/uploads\/sites\/4\/2026\/01\/1768393948714.jpg<\/span>\n\t\t\t\t\t\t<span itemprop='height'>1536<\/span>\n\t\t\t\t\t\t<span itemprop='width'>1920<\/span>\n\t\t\t\t<\/span>\n\t\t\t\t<span class='av-structured-data'  itemprop=\"publisher\" itemtype=\"https:\/\/schema.org\/Organization\" itemscope=\"itemscope\" >\n\t\t\t\t\t\t<span itemprop='name'>ALGANS Emilie<\/span>\n\t\t\t\t\t\t<span itemprop='logo' itemscope itemtype='https:\/\/schema.org\/ImageObject'>\n\t\t\t\t\t\t\t<span itemprop='url'>https:\/\/www.fredonoccitanie.com\/surveillance\/wp-content\/uploads\/sites\/4\/2021\/06\/logo_sanitaire.png<\/span>\n\t\t\t\t\t\t<\/span>\n\t\t\t\t<\/span><span class='av-structured-data'  itemprop=\"author\" itemscope=\"itemscope\" itemtype=\"https:\/\/schema.org\/Person\" ><span itemprop='name'>ALGANS Emilie<\/span><\/span><span class='av-structured-data'  itemprop=\"datePublished\" datetime=\"2021-05-28T15:10:15+02:00\" >2026-01-15 11:13:51<\/span><span class='av-structured-data'  itemprop=\"dateModified\" itemtype=\"https:\/\/schema.org\/dateModified\" >2026-01-15 11:13:51<\/span><span class='av-structured-data'  itemprop=\"mainEntityOfPage\" itemtype=\"https:\/\/schema.org\/mainEntityOfPage\" ><span itemprop='name'>[\u00c9V\u00c9NEMENT] \u2013 4 f\u00e9vrier 2026 \u00e0 Carcassonne &#8211; Journ\u00e9e R\u00e9gionale Sant\u00e9 des V\u00e9g\u00e9taux<\/span><\/span><\/span><\/article><article class='slide-entry flex_column  post-entry post-entry-14377 slide-entry-overview slide-loop-2 slide-parity-even  av_one_third  real-thumbnail posttype-post post-format-standard'  itemscope=\"itemscope\" itemtype=\"https:\/\/schema.org\/CreativeWork\" ><a href='https:\/\/www.fredonoccitanie.com\/surveillance\/2025\/11\/20\/sitevi-mercredi-26-novembre-venez-decouvrir-vigiflv\/' data-rel='slide-1' class='slide-image' title='[SITEVI] Mercredi 26 Novembre, venez d\u00e9couvrir Vigifl@v !'><img decoding=\"async\" fetchpriority=\"high\" width=\"495\" height=\"400\" src=\"https:\/\/www.fredonoccitanie.com\/surveillance\/wp-content\/uploads\/sites\/4\/2025\/11\/sitevi-495x400.jpg\" class=\"wp-image-14378 avia-img-lazy-loading-not-14378 attachment-portfolio size-portfolio wp-post-image\" alt=\"\" \/><\/a><div class=\"slide-content\"><header class=\"entry-content-header\" aria-label=\"Slide: [SITEVI] Mercredi 26 Novembre, venez d\u00e9couvrir Vigifl@v !\"><h3 class='slide-entry-title entry-title '  itemprop=\"headline\" ><a href='https:\/\/www.fredonoccitanie.com\/surveillance\/2025\/11\/20\/sitevi-mercredi-26-novembre-venez-decouvrir-vigiflv\/' title='[SITEVI] Mercredi 26 Novembre, venez d\u00e9couvrir Vigifl@v !'>[SITEVI] Mercredi 26 Novembre, venez d\u00e9couvrir Vigifl@v !<\/a><\/h3><span class=\"av-vertical-delimiter\"><\/span><\/header><div class=\"slide-meta\"><time class='slide-meta-time updated'  itemprop=\"datePublished\" datetime=\"2025-11-20T15:59:02+01:00\" >20 novembre 2025<\/time><\/div><div class='slide-entry-excerpt entry-content'  itemprop=\"text\" >VIGIFL@V pr\u00e9sent\u00e9 au SITEVI 2025 dans le cadre des RDV du Num\u00e9rique\u2026<\/div><\/div><footer class=\"entry-footer\"><\/footer><span class='hidden'>\n\t\t\t\t<span class='av-structured-data'  itemprop=\"image\" itemscope=\"itemscope\" itemtype=\"https:\/\/schema.org\/ImageObject\" >\n\t\t\t\t\t\t<span itemprop='url'>https:\/\/www.fredonoccitanie.com\/surveillance\/wp-content\/uploads\/sites\/4\/2025\/11\/sitevi.jpg<\/span>\n\t\t\t\t\t\t<span itemprop='height'>645<\/span>\n\t\t\t\t\t\t<span itemprop='width'>652<\/span>\n\t\t\t\t<\/span>\n\t\t\t\t<span class='av-structured-data'  itemprop=\"publisher\" itemtype=\"https:\/\/schema.org\/Organization\" itemscope=\"itemscope\" >\n\t\t\t\t\t\t<span itemprop='name'>ALGANS Emilie<\/span>\n\t\t\t\t\t\t<span itemprop='logo' itemscope itemtype='https:\/\/schema.org\/ImageObject'>\n\t\t\t\t\t\t\t<span itemprop='url'>https:\/\/www.fredonoccitanie.com\/surveillance\/wp-content\/uploads\/sites\/4\/2021\/06\/logo_sanitaire.png<\/span>\n\t\t\t\t\t\t<\/span>\n\t\t\t\t<\/span><span class='av-structured-data'  itemprop=\"author\" itemscope=\"itemscope\" itemtype=\"https:\/\/schema.org\/Person\" ><span itemprop='name'>ALGANS Emilie<\/span><\/span><span class='av-structured-data'  itemprop=\"datePublished\" datetime=\"2021-05-28T15:10:15+02:00\" >2025-11-20 15:59:02<\/span><span class='av-structured-data'  itemprop=\"dateModified\" itemtype=\"https:\/\/schema.org\/dateModified\" >2025-11-20 16:25:26<\/span><span class='av-structured-data'  itemprop=\"mainEntityOfPage\" itemtype=\"https:\/\/schema.org\/mainEntityOfPage\" ><span itemprop='name'>[SITEVI] Mercredi 26 Novembre, venez d\u00e9couvrir Vigifl@v !<\/span><\/span><\/span><\/article><article class='slide-entry flex_column  post-entry post-entry-14265 slide-entry-overview slide-loop-3 slide-parity-odd  post-entry-last  av_one_third  real-thumbnail posttype-post post-format-standard'  itemscope=\"itemscope\" itemtype=\"https:\/\/schema.org\/CreativeWork\" ><a href='https:\/\/www.fredonoccitanie.com\/surveillance\/2025\/09\/08\/webinaire-mardi-14-octobre-communaute-regionale-des-friches-agricoles-doccitanie-crefao\/' data-rel='slide-1' class='slide-image' title='[WEBINAIRE] Mardi 14 octobre, Communaut\u00e9 R\u00e9gionale des Friches Agricoles d\u2019Occitanie ( CR\u00e9FAO)'><img decoding=\"async\" fetchpriority=\"high\" width=\"495\" height=\"395\" src=\"https:\/\/www.fredonoccitanie.com\/surveillance\/wp-content\/uploads\/sites\/4\/2025\/09\/crefao-495x395.png\" class=\"wp-image-14266 avia-img-lazy-loading-not-14266 attachment-portfolio size-portfolio wp-post-image\" alt=\"\" \/><\/a><div class=\"slide-content\"><header class=\"entry-content-header\" aria-label=\"Slide: [WEBINAIRE] Mardi 14 octobre, Communaut\u00e9 R\u00e9gionale des Friches Agricoles d\u2019Occitanie ( CR\u00e9FAO)\"><h3 class='slide-entry-title entry-title '  itemprop=\"headline\" ><a href='https:\/\/www.fredonoccitanie.com\/surveillance\/2025\/09\/08\/webinaire-mardi-14-octobre-communaute-regionale-des-friches-agricoles-doccitanie-crefao\/' title='[WEBINAIRE] Mardi 14 octobre, Communaut\u00e9 R\u00e9gionale des Friches Agricoles d\u2019Occitanie ( CR\u00e9FAO)'>[WEBINAIRE] Mardi 14 octobre, Communaut\u00e9 R\u00e9gionale des Friches Agricoles d\u2019Occitanie ( CR\u00e9FAO)<\/a><\/h3><span class=\"av-vertical-delimiter\"><\/span><\/header><div class=\"slide-meta\"><time class='slide-meta-time updated'  itemprop=\"datePublished\" datetime=\"2025-09-08T11:39:15+02:00\" >8 septembre 2025<\/time><\/div><div class='slide-entry-excerpt entry-content'  itemprop=\"text\" >\r\n\r\n\r\n\r\n\r\nLysiane GRIVEL (Charg\u00e9e de mission Vigne, FREDON Occitanie)\u00a0\u2026<\/div><\/div><footer class=\"entry-footer\"><\/footer><span class='hidden'>\n\t\t\t\t<span class='av-structured-data'  itemprop=\"image\" itemscope=\"itemscope\" itemtype=\"https:\/\/schema.org\/ImageObject\" >\n\t\t\t\t\t\t<span itemprop='url'>https:\/\/www.fredonoccitanie.com\/surveillance\/wp-content\/uploads\/sites\/4\/2025\/09\/crefao.png<\/span>\n\t\t\t\t\t\t<span itemprop='height'>395<\/span>\n\t\t\t\t\t\t<span itemprop='width'>564<\/span>\n\t\t\t\t<\/span>\n\t\t\t\t<span class='av-structured-data'  itemprop=\"publisher\" itemtype=\"https:\/\/schema.org\/Organization\" itemscope=\"itemscope\" >\n\t\t\t\t\t\t<span itemprop='name'>ALGANS Emilie<\/span>\n\t\t\t\t\t\t<span itemprop='logo' itemscope itemtype='https:\/\/schema.org\/ImageObject'>\n\t\t\t\t\t\t\t<span itemprop='url'>https:\/\/www.fredonoccitanie.com\/surveillance\/wp-content\/uploads\/sites\/4\/2021\/06\/logo_sanitaire.png<\/span>\n\t\t\t\t\t\t<\/span>\n\t\t\t\t<\/span><span class='av-structured-data'  itemprop=\"author\" itemscope=\"itemscope\" itemtype=\"https:\/\/schema.org\/Person\" ><span itemprop='name'>ALGANS Emilie<\/span><\/span><span class='av-structured-data'  itemprop=\"datePublished\" datetime=\"2021-05-28T15:10:15+02:00\" >2025-09-08 11:39:15<\/span><span class='av-structured-data'  itemprop=\"dateModified\" itemtype=\"https:\/\/schema.org\/dateModified\" >2025-09-08 11:53:26<\/span><span class='av-structured-data'  itemprop=\"mainEntityOfPage\" itemtype=\"https:\/\/schema.org\/mainEntityOfPage\" ><span itemprop='name'>[WEBINAIRE] Mardi 14 octobre, Communaut\u00e9 R\u00e9gionale des Friches Agricoles d\u2019Occitanie ( CR\u00e9FAO)<\/span><\/span><\/span><\/article><\/div><\/div><\/div>\n\n<style type=\"text\/css\" data-created_by=\"avia_inline_auto\" id=\"style-css-av-ynuw-6b4435a8eeb9e5035e67883737399de2\">\n#top .hr.hr-invisible.av-ynuw-6b4435a8eeb9e5035e67883737399de2{\nheight:20px;\n}\n<\/style>\n<div  class='hr av-ynuw-6b4435a8eeb9e5035e67883737399de2 hr-invisible  avia-builder-el-23  el_after_av_postslider  el_before_av_button '><span class='hr-inner '><span class=\"hr-inner-style\"><\/span><\/span><\/div>\n<div  class='avia-button-wrap av-kpcrscqy-d026711a43c6b1ef9750451af8449dca-wrap avia-button-center  avia-builder-el-24  el_after_av_hr  avia-builder-el-last '><a href='https:\/\/www.fredonoccitanie.com\/surveillance\/vie-du-reseau\/agenda-surveillance-sanitaire\/'  class='avia-button av-kpcrscqy-d026711a43c6b1ef9750451af8449dca av-link-btn avia-icon_select-no avia-size-small avia-position-center avia-color-theme-color'   aria-label=\"Tous les rendez-vous\"><span class='avia_iconbox_title' >Tous les rendez-vous<\/span><\/a><\/div>\n<\/p>\n<\/div><\/div><\/div><!-- close content main div --><\/div><\/div><div id='av_section_4'  class='avia-section av-3zztc-ba8c55def7f06c40d89ff12061b50669 main_color avia-section-default avia-no-border-styling  avia-builder-el-25  el_after_av_section  el_before_av_section  avia-bg-style-scroll container_wrap fullsize'  ><div class='container av-section-cont-open' ><div class='template-page content  av-content-full alpha units'><div class='post-entry post-entry-type-page post-entry-24'><div class='entry-content-wrapper clearfix'>\n\n<style type=\"text\/css\" data-created_by=\"avia_inline_auto\" id=\"style-css-av-3gnfw-68e79e210bbd7f66fd2f8effc73efea0\">\n.flex_column.av-3gnfw-68e79e210bbd7f66fd2f8effc73efea0{\nborder-radius:0px 0px 0px 0px;\npadding:0px 0px 0px 0px;\n}\n<\/style>\n<div  class='flex_column av-3gnfw-68e79e210bbd7f66fd2f8effc73efea0 av_one_full  avia-builder-el-26  el_before_av_one_fifth  avia-builder-el-first  first flex_column_div av-zero-column-padding  '     ><section  class='av_textblock_section av-kpiek6mj-a532747b188aa2ec172182b9903f4676 '   itemscope=\"itemscope\" itemtype=\"https:\/\/schema.org\/CreativeWork\" ><div class='avia_textblock'  itemprop=\"text\" ><h1 style=\"text-align: center;\">La lettre Surveillance sanitaire<\/h1>\n<p style=\"text-align: center;\">Actualit\u00e9s, \u00e9v\u00e8nements, moyens de lutte, r\u00e9glementation, fiches sympt\u00f4mes&#8230;<\/p>\n<\/div><\/section><\/div>\n<style type=\"text\/css\" data-created_by=\"avia_inline_auto\" id=\"style-css-av-2h348-984547ac56ae355ba20052e8f262c747\">\n.flex_column.av-2h348-984547ac56ae355ba20052e8f262c747{\nborder-radius:0px 0px 0px 0px;\npadding:0px 0px 0px 0px;\n}\n<\/style>\n<div  class='flex_column av-2h348-984547ac56ae355ba20052e8f262c747 av_one_fifth  avia-builder-el-28  el_after_av_one_full  el_before_av_one_third  first flex_column_div av-zero-column-padding  column-top-margin'     ><\/div>\n<style type=\"text\/css\" data-created_by=\"avia_inline_auto\" id=\"style-css-av-1aky4-df7149f4ca4adc0da7587602ceae0f51\">\n.flex_column.av-1aky4-df7149f4ca4adc0da7587602ceae0f51{\nborder-radius:0px 0px 0px 0px;\npadding:0px 0px 0px 0px;\n}\n<\/style>\n<div  class='flex_column av-1aky4-df7149f4ca4adc0da7587602ceae0f51 av_one_third  avia-builder-el-29  el_after_av_one_fifth  el_before_av_two_fifth  flex_column_div av-zero-column-padding  column-top-margin'     ><div  id=\"avia-magazine-1\"  class='av-magazine av-qp4o-dac2c1a05df66e47fc39b4756e1405db  avia-builder-el-30  avia-builder-el-no-sibling   avia-builder-el-30  avia-builder-el-no-sibling ' ><div class='av-magazine-group sort_all'><article class='av-magazine-entry av-magazine-entry-id-14387 av-magazine-format-standard av-magazine-type-post av-magazine-entry-1 av-magazine-entry-small '  itemscope=\"itemscope\" itemtype=\"https:\/\/schema.org\/CreativeWork\" ><div class=\"av-magazine-thumbnail\"><a href='https:\/\/www.fredonoccitanie.com\/surveillance\/2025\/11\/24\/campagnol\/' title='Lier vers : [LETTRE CAMPAGNOLS] Infos et actus de novembre' class='av-magazine-thumbnail-link'><img decoding=\"async\" fetchpriority=\"high\" width=\"80\" height=\"80\" src=\"https:\/\/www.fredonoccitanie.com\/surveillance\/wp-content\/uploads\/sites\/4\/2025\/10\/lettre_campagnol-1-80x80.png\" class=\"wp-image-14344 avia-img-lazy-loading-not-14344 attachment-thumbnail size-thumbnail wp-post-image\" alt=\"\" srcset=\"https:\/\/www.fredonoccitanie.com\/surveillance\/wp-content\/uploads\/sites\/4\/2025\/10\/lettre_campagnol-1-80x80.png 80w, https:\/\/www.fredonoccitanie.com\/surveillance\/wp-content\/uploads\/sites\/4\/2025\/10\/lettre_campagnol-1-36x36.png 36w, https:\/\/www.fredonoccitanie.com\/surveillance\/wp-content\/uploads\/sites\/4\/2025\/10\/lettre_campagnol-1-180x180.png 180w\" sizes=\"(max-width: 80px) 100vw, 80px\" \/><\/a><\/div><div class=\"av-magazine-content-wrap\"><header class=\"entry-content-header\" aria-label=\"Articles : [LETTRE CAMPAGNOLS] Infos et actus de novembre\"><time class='av-magazine-time updated'  itemprop=\"datePublished\" datetime=\"2025-11-24T16:06:39+01:00\" >24 novembre 2025<\/time><h3 class='av-magazine-title entry-title '  itemprop=\"headline\" ><a href='https:\/\/www.fredonoccitanie.com\/surveillance\/2025\/11\/24\/campagnol\/' title='Lier vers : [LETTRE CAMPAGNOLS] Infos et actus de novembre'>[LETTRE CAMPAGNOLS] Infos et actus de novembre<\/a><\/h3><\/header><\/div><footer class=\"entry-footer\"><\/footer><\/article><article class='av-magazine-entry av-magazine-entry-id-14327 av-magazine-format-standard av-magazine-type-post av-magazine-entry-2 av-magazine-entry-small '  itemscope=\"itemscope\" itemtype=\"https:\/\/schema.org\/CreativeWork\" ><div class=\"av-magazine-thumbnail\"><a href='https:\/\/www.fredonoccitanie.com\/surveillance\/2025\/10\/10\/campagnol-decouvrez-deux-videos-sur-la-lutte-collective-realisee-par-le-cidam-du-massif-central-2\/' title='Lier vers : [LETTRE CAMPAGNOLS] Infos et actus d&rsquo;octobre' class='av-magazine-thumbnail-link'><img decoding=\"async\" fetchpriority=\"high\" width=\"80\" height=\"80\" src=\"https:\/\/www.fredonoccitanie.com\/surveillance\/wp-content\/uploads\/sites\/4\/2025\/10\/lettre_campagnol-1-80x80.png\" class=\"wp-image-14344 avia-img-lazy-loading-not-14344 attachment-thumbnail size-thumbnail wp-post-image\" alt=\"\" srcset=\"https:\/\/www.fredonoccitanie.com\/surveillance\/wp-content\/uploads\/sites\/4\/2025\/10\/lettre_campagnol-1-80x80.png 80w, https:\/\/www.fredonoccitanie.com\/surveillance\/wp-content\/uploads\/sites\/4\/2025\/10\/lettre_campagnol-1-36x36.png 36w, https:\/\/www.fredonoccitanie.com\/surveillance\/wp-content\/uploads\/sites\/4\/2025\/10\/lettre_campagnol-1-180x180.png 180w\" sizes=\"(max-width: 80px) 100vw, 80px\" \/><\/a><\/div><div class=\"av-magazine-content-wrap\"><header class=\"entry-content-header\" aria-label=\"Articles : [LETTRE CAMPAGNOLS] Infos et actus d&#039;octobre\"><time class='av-magazine-time updated'  itemprop=\"datePublished\" datetime=\"2025-10-10T13:52:03+02:00\" >10 octobre 2025<\/time><h3 class='av-magazine-title entry-title '  itemprop=\"headline\" ><a href='https:\/\/www.fredonoccitanie.com\/surveillance\/2025\/10\/10\/campagnol-decouvrez-deux-videos-sur-la-lutte-collective-realisee-par-le-cidam-du-massif-central-2\/' title='Lier vers : [LETTRE CAMPAGNOLS] Infos et actus d&rsquo;octobre'>[LETTRE CAMPAGNOLS] Infos et actus d&rsquo;octobre<\/a><\/h3><\/header><\/div><footer class=\"entry-footer\"><\/footer><\/article><\/div><\/div><\/div>\n<style type=\"text\/css\" data-created_by=\"avia_inline_auto\" id=\"style-css-av-1qfpc-3a3821d85cb38d2b2b0213b4d92d6579\">\n.flex_column.av-1qfpc-3a3821d85cb38d2b2b0213b4d92d6579{\nborder-radius:0px 0px 0px 0px;\npadding:0px 0px 0px 0px;\n}\n<\/style>\n<div  class='flex_column av-1qfpc-3a3821d85cb38d2b2b0213b4d92d6579 av_two_fifth  avia-builder-el-31  el_after_av_one_third  avia-builder-el-last  flex_column_div av-zero-column-padding  column-top-margin'     ><p><div  class='avia-button-wrap av-ug5s-b7f4198a200040b2d4d5e764b1344559-wrap avia-button-left  avia-builder-el-32  el_before_av_hr  avia-builder-el-first '><a href='https:\/\/www.fredonoccitanie.com\/surveillance\/vie-du-reseau\/newsletter\/'  class='avia-button av-ug5s-b7f4198a200040b2d4d5e764b1344559 av-link-btn avia-icon_select-no avia-size-small avia-position-left avia-color-theme-color'   aria-label=\"Toutes les lettres\"><span class='avia_iconbox_title' >Toutes les lettres<\/span><\/a><\/div><br \/>\n\n<style type=\"text\/css\" data-created_by=\"avia_inline_auto\" id=\"style-css-av-kpif2h01-c8cf61860b0f3a9c1faee53c6bb09f39\">\n#top .hr.hr-invisible.av-kpif2h01-c8cf61860b0f3a9c1faee53c6bb09f39{\nheight:30px;\n}\n<\/style>\n<div  class='hr av-kpif2h01-c8cf61860b0f3a9c1faee53c6bb09f39 hr-invisible  avia-builder-el-33  el_after_av_button  el_before_av_textblock '><span class='hr-inner '><span class=\"hr-inner-style\"><\/span><\/span><\/div><br \/>\n<section  class='av_textblock_section av-ku3wvwk5-570c3e1e7f52e43c20d5eff4c37f5834 '   itemscope=\"itemscope\" itemtype=\"https:\/\/schema.org\/CreativeWork\" ><div class='avia_textblock'  itemprop=\"text\" ><h3>S&rsquo;enregistrer \u00e0 la lettre d&rsquo;information<\/h3>\n<script>(function() {\n\twindow.mc4wp = window.mc4wp || {\n\t\tlisteners: [],\n\t\tforms: {\n\t\t\ton: function(evt, cb) {\n\t\t\t\twindow.mc4wp.listeners.push(\n\t\t\t\t\t{\n\t\t\t\t\t\tevent   : evt,\n\t\t\t\t\t\tcallback: cb\n\t\t\t\t\t}\n\t\t\t\t);\n\t\t\t}\n\t\t}\n\t}\n})();\n<\/script><!-- Mailchimp for WordPress v4.12.1 - https:\/\/wordpress.org\/plugins\/mailchimp-for-wp\/ --><form id=\"mc4wp-form-1\" class=\"mc4wp-form mc4wp-form-9569\" method=\"post\" data-id=\"9569\" data-name=\"Inscription surveillance\" ><div class=\"mc4wp-form-fields\"><p>\r\n\t<label>Adresse de courrier \u00e9lectronique: \r\n\t\t<input type=\"email\" name=\"EMAIL\" placeholder=\"Votre adresse de courrier \u00e9lectronique\" required \/>\r\n<\/label>\r\n<\/p>\r\n\r\n<p>\r\n\t<input type=\"submit\" value=\"Abonnez-vous\" \/>\r\n<\/p><\/div><label style=\"display: none !important;\">Laissez ce champ vide si vous \u00eates humain\u00a0: <input type=\"text\" name=\"_mc4wp_honeypot\" value=\"\" tabindex=\"-1\" autocomplete=\"off\" \/><\/label><input type=\"hidden\" name=\"_mc4wp_timestamp\" value=\"1777498614\" \/><input type=\"hidden\" name=\"_mc4wp_form_id\" value=\"9569\" \/><input type=\"hidden\" name=\"_mc4wp_form_element_id\" value=\"mc4wp-form-1\" \/><div class=\"mc4wp-response\"><\/div><\/form><!-- \/ Mailchimp for WordPress Plugin -->\n<\/div><\/section><\/p><\/div>\n\n<\/div><\/div><\/div><!-- close content main div --><\/div><\/div>\n<style type=\"text\/css\" data-created_by=\"avia_inline_auto\" id=\"style-css-av-kpdt3mqu-81fa22e46654fc5f8d14a1a74f0fe8e7\">\n.avia-section.av-kpdt3mqu-81fa22e46654fc5f8d14a1a74f0fe8e7{\nbackground-color:#576b35;\nbackground-image:unset;\nmargin-top:0px;\nmargin-bottom:0px;\n}\n<\/style>\n<div id='av_section_5'  class='avia-section av-kpdt3mqu-81fa22e46654fc5f8d14a1a74f0fe8e7 main_color avia-section-default avia-no-border-styling  avia-builder-el-35  el_after_av_section  el_before_av_one_full  avia-bg-style-scroll container_wrap fullsize'  ><div class='container av-section-cont-open' ><div class='template-page content  av-content-full alpha units'><div class='post-entry post-entry-type-page post-entry-24'><div class='entry-content-wrapper clearfix'>\n\n<style type=\"text\/css\" data-created_by=\"avia_inline_auto\" id=\"style-css-av-kpdt2zm6-4ae5bae0adf3cfd742750bcbbea038f6\">\n#top .av_textblock_section.av-kpdt2zm6-4ae5bae0adf3cfd742750bcbbea038f6 .avia_textblock{\ncolor:#d6970a;\n}\n<\/style>\n<section  class='av_textblock_section av-kpdt2zm6-4ae5bae0adf3cfd742750bcbbea038f6 '   itemscope=\"itemscope\" itemtype=\"https:\/\/schema.org\/CreativeWork\" ><div class='avia_textblock av_inherit_color'  itemprop=\"text\" ><h2 style=\"text-align: center;\">Suivez-nous sur les r\u00e9seaux sociaux<\/h2>\n<\/div><\/section>\n\n<style type=\"text\/css\" data-created_by=\"avia_inline_auto\" id=\"style-css-av-1k9ek-d7a8c387ef024045ab0fca0342152f0e\">\n.flex_column.av-1k9ek-d7a8c387ef024045ab0fca0342152f0e{\nborder-radius:0px 0px 0px 0px;\npadding:0px 0px 0px 0px;\n}\n<\/style>\n<div  class='flex_column av-1k9ek-d7a8c387ef024045ab0fca0342152f0e av_one_third  avia-builder-el-37  el_after_av_textblock  el_before_av_one_third  first flex_column_div av-zero-column-padding  column-top-margin'     ><style type=\"text\/css\" data-created_by=\"avia_inline_auto\" id=\"style-css-av-kpie6xxq-89143c6541a5f7b7cab738ac00c3cf89\">\n.av_font_icon.av-kpie6xxq-89143c6541a5f7b7cab738ac00c3cf89{\ncolor:#ffffff;\nborder-color:#ffffff;\n}\n.avia-svg-icon.av-kpie6xxq-89143c6541a5f7b7cab738ac00c3cf89 svg:first-child{\nstroke:#ffffff;\nfill:#ffffff;\n}\n.av_font_icon.av-kpie6xxq-89143c6541a5f7b7cab738ac00c3cf89 .av-icon-char{\nfont-size:40px;\nline-height:40px;\n}\n<\/style>\n<span  class='av_font_icon av-kpie6xxq-89143c6541a5f7b7cab738ac00c3cf89 avia_animate_when_visible av-icon-style- avia-icon-pos-right avia-iconfont avia-font-entypo-fontello avia-icon-animate'><a href='https:\/\/www.linkedin.com\/company\/ovs-fredon-occitanie'  target=\"_blank\"  rel=\"noopener noreferrer\"  class='av-icon-char' data-av_icon='\ue8fc' data-av_iconfont='entypo-fontello' aria-hidden=\"false\" ><\/a><\/span><\/div>\n<style type=\"text\/css\" data-created_by=\"avia_inline_auto\" id=\"style-css-av-wfm0-b2ff49dd3a3ab75bb62f92ce7a1ab81b\">\n.flex_column.av-wfm0-b2ff49dd3a3ab75bb62f92ce7a1ab81b{\nborder-radius:0px 0px 0px 0px;\npadding:0px 0px 0px 0px;\n}\n<\/style>\n<div  class='flex_column av-wfm0-b2ff49dd3a3ab75bb62f92ce7a1ab81b av_one_third  avia-builder-el-39  el_after_av_one_third  el_before_av_one_third  flex_column_div av-zero-column-padding  column-top-margin'     ><style type=\"text\/css\" data-created_by=\"avia_inline_auto\" id=\"style-css-av-kpie8e5x-236e78963a4353458ec77600849c8acc\">\n.av_font_icon.av-kpie8e5x-236e78963a4353458ec77600849c8acc{\ncolor:#ffffff;\nborder-color:#ffffff;\n}\n.avia-svg-icon.av-kpie8e5x-236e78963a4353458ec77600849c8acc svg:first-child{\nstroke:#ffffff;\nfill:#ffffff;\n}\n.av_font_icon.av-kpie8e5x-236e78963a4353458ec77600849c8acc .av-icon-char{\nfont-size:40px;\nline-height:40px;\n}\n<\/style>\n<span  class='av_font_icon av-kpie8e5x-236e78963a4353458ec77600849c8acc avia_animate_when_visible av-icon-style- avia-icon-pos-left avia-iconfont avia-font-entypo-fontello avia-icon-animate'><a href='https:\/\/twitter.com\/FREDONOc'  target=\"_blank\"  rel=\"noopener noreferrer\"  class='av-icon-char' data-av_icon='\ue8f1' data-av_iconfont='entypo-fontello' aria-hidden=\"false\" ><\/a><\/span><\/div>\n<style type=\"text\/css\" data-created_by=\"avia_inline_auto\" id=\"style-css-av-x0ag-d8a8b51ec8515f1648be78a2ed14b3b0\">\n.flex_column.av-x0ag-d8a8b51ec8515f1648be78a2ed14b3b0{\nborder-radius:0px 0px 0px 0px;\npadding:0px 0px 0px 0px;\n}\n<\/style>\n<div  class='flex_column av-x0ag-d8a8b51ec8515f1648be78a2ed14b3b0 av_one_third  avia-builder-el-41  el_after_av_one_third  avia-builder-el-last  flex_column_div av-zero-column-padding  column-top-margin'     ><style type=\"text\/css\" data-created_by=\"avia_inline_auto\" id=\"style-css-av-l56ngrob-ac7ca02b4d3d63d9d95635ae7c098d44\">\n.av_font_icon.av-l56ngrob-ac7ca02b4d3d63d9d95635ae7c098d44{\ncolor:#ffffff;\nborder-color:#ffffff;\n}\n.avia-svg-icon.av-l56ngrob-ac7ca02b4d3d63d9d95635ae7c098d44 svg:first-child{\nstroke:#ffffff;\nfill:#ffffff;\n}\n.av_font_icon.av-l56ngrob-ac7ca02b4d3d63d9d95635ae7c098d44 .av-icon-char{\nfont-size:40px;\nline-height:40px;\n}\n<\/style>\n<span  class='av_font_icon av-l56ngrob-ac7ca02b4d3d63d9d95635ae7c098d44 avia_animate_when_visible av-icon-style- avia-icon-pos-left avia-iconfont avia-font-entypo-fontello avia-icon-animate'><a href='https:\/\/www.facebook.com\/profile.php?id=100082248783589'  target=\"_blank\"  rel=\"noopener noreferrer\"  class='av-icon-char' data-av_icon='\ue8f5' data-av_iconfont='entypo-fontello' aria-hidden=\"false\" ><\/a><\/span><\/div>\n<\/div><\/div><\/div><!-- close content main div --><\/div><\/div><div id='after_section_5'  class='main_color av_default_container_wrap container_wrap fullsize'  ><div class='container av-section-cont-open' ><div class='template-page content  av-content-full alpha units'><div class='post-entry post-entry-type-page post-entry-24'><div class='entry-content-wrapper clearfix'>\n\n<style type=\"text\/css\" data-created_by=\"avia_inline_auto\" id=\"style-css-av-4m2g-e2e6b4f8c0814b242807679358c3aec8\">\n.flex_column.av-4m2g-e2e6b4f8c0814b242807679358c3aec8{\nborder-radius:0px 0px 0px 0px;\npadding:0px 0px 0px 0px;\n}\n<\/style>\n<div  class='flex_column av-4m2g-e2e6b4f8c0814b242807679358c3aec8 av_one_full  avia-builder-el-43  el_after_av_section  el_before_av_one_full  avia-builder-el-first  first flex_column_div av-zero-column-padding  '     ><section  class='av_textblock_section av-kpcsglfy-44a2c4ba8ae44504df78a837342bdd30 '   itemscope=\"itemscope\" itemtype=\"https:\/\/schema.org\/CreativeWork\" ><div class='avia_textblock'  itemprop=\"text\" ><h1 style=\"text-align: center;\">Nos partenaires<\/h1>\n<p style=\"text-align: center;\">Nous sommes soutenus par diff\u00e9rents partenaires institutionnels nous permettant de mener \u00e0 bien nos missions.<\/p>\n<\/div><\/section><\/div>\n\n<style type=\"text\/css\" data-created_by=\"avia_inline_auto\" id=\"style-css-av-ku3xwgmo-6373f642d26abe4ec0011f9e864d53be\">\n.flex_column.av-ku3xwgmo-6373f642d26abe4ec0011f9e864d53be{\nborder-radius:0px 0px 0px 0px;\npadding:0px 0px 0px 10%;\n}\n<\/style>\n<div  class='flex_column av-ku3xwgmo-6373f642d26abe4ec0011f9e864d53be av_one_full  avia-builder-el-45  el_after_av_one_full  avia-builder-el-last  first flex_column_div  column-top-margin'     ><section  class='av_textblock_section av-ku3xw6vp-60d1d37624de0f383ad8f0175ff14ab0 '   itemscope=\"itemscope\" itemtype=\"https:\/\/schema.org\/CreativeWork\" ><div class='avia_textblock'  itemprop=\"text\" ><p><img loading=\"lazy\" decoding=\"async\" class=\"alignnone size-full wp-image-11727\" src=\"https:\/\/www.fredonoccitanie.com\/surveillance\/wp-content\/uploads\/sites\/4\/2024\/03\/Plan-de-travail-1@4x-100-1-scaled.jpg\" alt=\"\" width=\"2560\" height=\"425\" srcset=\"https:\/\/www.fredonoccitanie.com\/surveillance\/wp-content\/uploads\/sites\/4\/2024\/03\/Plan-de-travail-1@4x-100-1-scaled.jpg 2560w, https:\/\/www.fredonoccitanie.com\/surveillance\/wp-content\/uploads\/sites\/4\/2024\/03\/Plan-de-travail-1@4x-100-1-300x50.jpg 300w, https:\/\/www.fredonoccitanie.com\/surveillance\/wp-content\/uploads\/sites\/4\/2024\/03\/Plan-de-travail-1@4x-100-1-1030x171.jpg 1030w, https:\/\/www.fredonoccitanie.com\/surveillance\/wp-content\/uploads\/sites\/4\/2024\/03\/Plan-de-travail-1@4x-100-1-768x128.jpg 768w, https:\/\/www.fredonoccitanie.com\/surveillance\/wp-content\/uploads\/sites\/4\/2024\/03\/Plan-de-travail-1@4x-100-1-1536x255.jpg 1536w, https:\/\/www.fredonoccitanie.com\/surveillance\/wp-content\/uploads\/sites\/4\/2024\/03\/Plan-de-travail-1@4x-100-1-2048x340.jpg 2048w, https:\/\/www.fredonoccitanie.com\/surveillance\/wp-content\/uploads\/sites\/4\/2024\/03\/Plan-de-travail-1@4x-100-1-1500x249.jpg 1500w, https:\/\/www.fredonoccitanie.com\/surveillance\/wp-content\/uploads\/sites\/4\/2024\/03\/Plan-de-travail-1@4x-100-1-705x117.jpg 705w\" sizes=\"auto, (max-width: 2560px) 100vw, 2560px\" \/><\/p>\n<\/div><\/section><\/div>\n","protected":false},"excerpt":{"rendered":"","protected":false},"author":3,"featured_media":0,"parent":0,"menu_order":0,"comment_status":"closed","ping_status":"closed","template":"","meta":{"footnotes":""},"class_list":["post-24","page","type-page","status-publish","hentry"],"_links":{"self":[{"href":"https:\/\/www.fredonoccitanie.com\/surveillance\/wp-json\/wp\/v2\/pages\/24","targetHints":{"allow":["GET"]}}],"collection":[{"href":"https:\/\/www.fredonoccitanie.com\/surveillance\/wp-json\/wp\/v2\/pages"}],"about":[{"href":"https:\/\/www.fredonoccitanie.com\/surveillance\/wp-json\/wp\/v2\/types\/page"}],"author":[{"embeddable":true,"href":"https:\/\/www.fredonoccitanie.com\/surveillance\/wp-json\/wp\/v2\/users\/3"}],"replies":[{"embeddable":true,"href":"https:\/\/www.fredonoccitanie.com\/surveillance\/wp-json\/wp\/v2\/comments?post=24"}],"version-history":[{"count":5,"href":"https:\/\/www.fredonoccitanie.com\/surveillance\/wp-json\/wp\/v2\/pages\/24\/revisions"}],"predecessor-version":[{"id":14534,"href":"https:\/\/www.fredonoccitanie.com\/surveillance\/wp-json\/wp\/v2\/pages\/24\/revisions\/14534"}],"wp:attachment":[{"href":"https:\/\/www.fredonoccitanie.com\/surveillance\/wp-json\/wp\/v2\/media?parent=24"}],"curies":[{"name":"wp","href":"https:\/\/api.w.org\/{rel}","templated":true}]}}