{"id":11357,"date":"2024-02-21T16:28:32","date_gmt":"2024-02-21T15:28:32","guid":{"rendered":"https:\/\/www.fredonoccitanie.com\/surveillance\/?page_id=11357"},"modified":"2026-03-20T15:27:08","modified_gmt":"2026-03-20T14:27:08","slug":"aleurocanthus-spiniferus","status":"publish","type":"page","link":"https:\/\/www.fredonoccitanie.com\/surveillance\/arboriculture\/aleurocanthus-spiniferus\/","title":{"rendered":"Aleurocanthus spiniferus"},"content":{"rendered":"<div id='av_section_1'  class='avia-section av-4bq59h-d53bcad7f5044616d5c549b9c967ec3c main_color avia-section-default avia-no-border-styling  avia-builder-el-0  el_before_av_section  avia-builder-el-first  avia-bg-style-scroll container_wrap fullsize'  ><div class='container av-section-cont-open' ><main  role=\"main\" itemprop=\"mainContentOfPage\"  class='template-page content  av-content-full alpha units'><div class='post-entry post-entry-type-page post-entry-11357'><div class='entry-content-wrapper clearfix'>\n\n<style type=\"text\/css\" data-created_by=\"avia_inline_auto\" id=\"style-css-av-45merp-9b5d12b4ba3b3dd0d1ad774c78199f8d\">\n.flex_column.av-45merp-9b5d12b4ba3b3dd0d1ad774c78199f8d{\nborder-radius:0px 0px 0px 0px;\npadding:0px 0px 0px 0px;\n}\n<\/style>\n<div  class='flex_column av-45merp-9b5d12b4ba3b3dd0d1ad774c78199f8d av_one_full  avia-builder-el-1  el_before_av_one_third  avia-builder-el-first  first flex_column_div av-zero-column-padding  '     ><section  class='av_textblock_section av-42fnlh-267ebba9262c62d2442c68df4d46ba02 '   itemscope=\"itemscope\" itemtype=\"https:\/\/schema.org\/CreativeWork\" ><div class='avia_textblock'  itemprop=\"text\" ><h1 style=\"text-align: center;\">Carte d\u2019identit\u00e9<\/h1>\n<\/div><\/section><\/div>\n<style type=\"text\/css\" data-created_by=\"avia_inline_auto\" id=\"style-css-av-2kuqfyk-19ba256bc3769413adbc2a4abed8b0e4\">\n.flex_column.av-2kuqfyk-19ba256bc3769413adbc2a4abed8b0e4{\nborder-radius:0px 0px 0px 0px;\npadding:0px 0px 0px 0px;\n}\n<\/style>\n<div  class='flex_column av-2kuqfyk-19ba256bc3769413adbc2a4abed8b0e4 av_one_third  avia-builder-el-3  el_after_av_one_full  el_before_av_one_third  first flex_column_div av-zero-column-padding  column-top-margin'     ><style type=\"text\/css\" data-created_by=\"avia_inline_auto\" id=\"style-css-av-l4cnx915-68a80b76363912058e1d2f1167dca4e6\">\n.avia-image-container.av-l4cnx915-68a80b76363912058e1d2f1167dca4e6 img.avia_image{\nbox-shadow:none;\n}\n.avia-image-container.av-l4cnx915-68a80b76363912058e1d2f1167dca4e6 .av-caption-image-overlay-bg{\nopacity:0.4;\n}\n.avia-image-container.av-l4cnx915-68a80b76363912058e1d2f1167dca4e6 .av-image-caption-overlay-center{\ncolor:#ffffff;\nfont-size:14px;\n}\n<\/style>\n<div  class='avia-image-container av-l4cnx915-68a80b76363912058e1d2f1167dca4e6 av-styling-no-styling avia-align-center  avia-builder-el-4  avia-builder-el-no-sibling  noHover av-overlay-on-hover'   itemprop=\"image\" itemscope=\"itemscope\" itemtype=\"https:\/\/schema.org\/ImageObject\" ><div class=\"avia-image-container-inner\"><div class=\"avia-image-overlay-wrap\"><div class=\"av-image-caption-overlay\"><div class=\"av-caption-image-overlay-bg\"><\/div><div class=\"av-image-caption-overlay-position\"><div class=\"av-image-caption-overlay-center\"><p>Nymphes d\u2019Aleurocanthus spiniferus sur la vigne<\/p>\n<\/div><\/div><\/div><img decoding=\"async\" fetchpriority=\"high\" class='wp-image-11375 avia-img-lazy-loading-not-11375 avia_image ' src=\"https:\/\/www.fredonoccitanie.com\/surveillance\/wp-content\/uploads\/sites\/4\/2024\/02\/Aleurocanthus-5.jpg\" alt='' title='Aleurocanthus-5'  height=\"775\" width=\"595\"  itemprop=\"thumbnailUrl\" srcset=\"https:\/\/www.fredonoccitanie.com\/surveillance\/wp-content\/uploads\/sites\/4\/2024\/02\/Aleurocanthus-5.jpg 595w, https:\/\/www.fredonoccitanie.com\/surveillance\/wp-content\/uploads\/sites\/4\/2024\/02\/Aleurocanthus-5-230x300.jpg 230w, https:\/\/www.fredonoccitanie.com\/surveillance\/wp-content\/uploads\/sites\/4\/2024\/02\/Aleurocanthus-5-541x705.jpg 541w\" sizes=\"(max-width: 595px) 100vw, 595px\" \/><\/div><\/div><\/div><\/div>\n<style type=\"text\/css\" data-created_by=\"avia_inline_auto\" id=\"style-css-av-2xusjp-2159cd225a2d7758f49f778ecdded1e0\">\n.flex_column.av-2xusjp-2159cd225a2d7758f49f778ecdded1e0{\nborder-radius:0px 0px 0px 0px;\npadding:0px 0px 0px 0px;\n}\n<\/style>\n<div  class='flex_column av-2xusjp-2159cd225a2d7758f49f778ecdded1e0 av_one_third  avia-builder-el-5  el_after_av_one_third  el_before_av_one_third  flex_column_div av-zero-column-padding  column-top-margin'     ><section  class='av_textblock_section av-2pjrvx-495ec4e5887b1f00de7d90aab5ce7d11 '   itemscope=\"itemscope\" itemtype=\"https:\/\/schema.org\/CreativeWork\" ><div class='avia_textblock'  itemprop=\"text\" ><p><strong>NOM VERNACULAIRE : Aleurode \u00e9pineux du citronnier<\/strong><\/p>\n<p><strong>NOM SCIENTIFIQUE :<\/strong>\u00a0<em>Aleurocanthus spiniferus <\/em><\/p>\n<p><strong>CLASSEMENT TAXONOMIQUE : <\/strong>Hemiptera\u00a0: Sternorrhyncha : Aleyrodidae<\/p>\n<p><strong>ORIGINE :<\/strong> Sud-Est de l\u2019Asie<\/p>\n<p><strong>PLANTES HOTES PRINCIPALES: <\/strong><strong>Les h\u00f4tes majeurs sont les agrumes et les rosiers. <\/strong>Au niveau mondial, plus de 90 esp\u00e8ces h\u00f4tes sont connues appartenant \u00e0 38 familles. Des parcelles de vigne ont \u00e9t\u00e9 touch\u00e9es en Occitanie, sans d\u00e9g\u00e2ts majeurs signal\u00e9s \u00e0 ce jour, ainsi que sur le lierre, pyracantha et ailante glanduleux.<\/p>\n<p><strong>IMPACT: <\/strong>Cet insecte est consid\u00e9r\u00e9 comme un<strong> ravageur des agrumes <\/strong>(<em>Citrus<\/em> spp.).<strong>\u00a0 <\/strong>De fortes infestations peuvent entra\u00eener <strong>la chute des feuilles<\/strong> et m\u00eame conduire \u00e0 la <strong>mort de jeunes arbres ou plantes<\/strong> trop affaiblies.<\/p>\n<\/div><\/section><\/div>\n<style type=\"text\/css\" data-created_by=\"avia_inline_auto\" id=\"style-css-av-2l27j1-72c714ece5a97ddec1816847b765a236\">\n.flex_column.av-2l27j1-72c714ece5a97ddec1816847b765a236{\nborder-radius:0px 0px 0px 0px;\npadding:0px 0px 0px 0px;\n}\n<\/style>\n<div  class='flex_column av-2l27j1-72c714ece5a97ddec1816847b765a236 av_one_third  avia-builder-el-7  el_after_av_one_third  avia-builder-el-last  flex_column_div av-zero-column-padding  column-top-margin'     ><section  class='av_textblock_section av-2gtawd-f5898c1ce160ce12e16d6b86f432058d '   itemscope=\"itemscope\" itemtype=\"https:\/\/schema.org\/CreativeWork\" ><div class='avia_textblock bloc_infos'  itemprop=\"text\" ><h2>Ressources<\/h2>\n<p><a href=\"https:\/\/draaf.occitanie.agriculture.gouv.fr\/premiere-detection-en-france-de-l-aleurode-epineux-du-citronnier-aleurocanthus-a8259.html\">DRAAF Occitanie<\/a><\/p>\n<p><a href=\"https:\/\/gd.eppo.int\/taxon\/ALECSN\">\u00a0EPPO<\/a><\/p>\n<p><a style=\"background: #ca1823; color: #fff; padding: 1px 25px; text-decoration: none; border-radius: 8px; font-size: 18px; font-family: Arial, sans-serif; display: inline-block; cursor: pointer;\" href=\"https:\/\/draaf.occitanie.agriculture.gouv.fr\/signaler-un-organisme-nuisible-aux-vegetaux-a9380.html#:~:text=Il%20peut,controler\" target=\"_blank\" rel=\"noopener\"> Faire un signalement <\/a><\/p>\n<\/div><\/section><br \/>\n<section  class='av_textblock_section av-2ay0f1-460c7acd7070403512d43f0dd1e92792 '   itemscope=\"itemscope\" itemtype=\"https:\/\/schema.org\/CreativeWork\" ><div class='avia_textblock bloc_infos'  itemprop=\"text\" ><h2><a href=\"https:\/\/www.fredonoccitanie.com\/nous-contacter\/\">Contacts<\/a><\/h2>\n<\/div><\/section><\/p><\/div>\n\n<\/div><\/div><\/main><!-- close content main element --><\/div><\/div>\n<style type=\"text\/css\" data-created_by=\"avia_inline_auto\" id=\"style-css-av-1aex1x-84bca696eca1bfd993a707679465a7e1\">\n.avia-section.av-1aex1x-84bca696eca1bfd993a707679465a7e1{\nbackground-color:#576b35;\nbackground-image:unset;\nmargin-top:0px;\nmargin-bottom:0px;\n}\n<\/style>\n<div id='av_section_2'  class='avia-section av-1aex1x-84bca696eca1bfd993a707679465a7e1 main_color avia-section-default avia-no-border-styling  avia-builder-el-10  el_after_av_section  el_before_av_one_half  titre_site avia-bg-style-scroll container_wrap fullsize'  ><div class='container av-section-cont-open' ><div class='template-page content  av-content-full alpha units'><div class='post-entry post-entry-type-page post-entry-11357'><div class='entry-content-wrapper clearfix'>\n\n<style type=\"text\/css\" data-created_by=\"avia_inline_auto\" id=\"style-css-av-132bl9-f58bc2b5585fda47bb33ea21d0b86c7a\">\n#top .flex_column.av-132bl9-f58bc2b5585fda47bb33ea21d0b86c7a{\nmargin-top:0px;\nmargin-bottom:0px;\n}\n.flex_column.av-132bl9-f58bc2b5585fda47bb33ea21d0b86c7a{\nborder-radius:0px 0px 0px 0px;\npadding:0px 0px 0px 0px;\n}\n.responsive #top #wrap_all .flex_column.av-132bl9-f58bc2b5585fda47bb33ea21d0b86c7a{\nmargin-top:0px;\nmargin-bottom:0px;\n}\n<\/style>\n<div  class='flex_column av-132bl9-f58bc2b5585fda47bb33ea21d0b86c7a av_one_fourth  avia-builder-el-11  el_before_av_two_third  avia-builder-el-first  first flex_column_div av-zero-column-padding  '     ><p>\n<style type=\"text\/css\" data-created_by=\"avia_inline_auto\" id=\"style-css-av-vcgi5-fcb0727e2ec342906d9c32a63443e0db\">\n#top .av_textblock_section.av-vcgi5-fcb0727e2ec342906d9c32a63443e0db .avia_textblock{\ncolor:#ffffff;\n}\n<\/style>\n<section  class='av_textblock_section av-vcgi5-fcb0727e2ec342906d9c32a63443e0db '   itemscope=\"itemscope\" itemtype=\"https:\/\/schema.org\/CreativeWork\" ><div class='avia_textblock av_inherit_color'  itemprop=\"text\" ><p><img loading=\"lazy\" decoding=\"async\" class=\"size-full wp-image-365 alignright\" src=\"https:\/\/www.fredonoccitanie.com\/surveillance\/wp-content\/uploads\/sites\/4\/2021\/06\/picto_surveillance.png\" alt=\"\" width=\"140\" height=\"140\" srcset=\"https:\/\/www.fredonoccitanie.com\/surveillance\/wp-content\/uploads\/sites\/4\/2021\/06\/picto_surveillance.png 140w, https:\/\/www.fredonoccitanie.com\/surveillance\/wp-content\/uploads\/sites\/4\/2021\/06\/picto_surveillance-80x80.png 80w, https:\/\/www.fredonoccitanie.com\/surveillance\/wp-content\/uploads\/sites\/4\/2021\/06\/picto_surveillance-36x36.png 36w\" sizes=\"auto, (max-width: 140px) 100vw, 140px\" \/><\/p>\n<\/div><\/section><br \/>\n\n<style type=\"text\/css\" data-created_by=\"avia_inline_auto\" id=\"style-css-av-squwl-2182f5226acb8674f188b3a7793036fe\">\n#top .hr.hr-invisible.av-squwl-2182f5226acb8674f188b3a7793036fe{\nheight:20px;\n}\n<\/style>\n<div  class='hr av-squwl-2182f5226acb8674f188b3a7793036fe hr-invisible  avia-builder-el-13  el_after_av_textblock  avia-builder-el-last '><span class='hr-inner '><span class=\"hr-inner-style\"><\/span><\/span><\/div><\/p><\/div>\n<style type=\"text\/css\" data-created_by=\"avia_inline_auto\" id=\"style-css-av-m2z3p-223574c4af47a497bd8aa0618489f27a\">\n#top .flex_column.av-m2z3p-223574c4af47a497bd8aa0618489f27a{\nmargin-top:0px;\nmargin-bottom:0px;\n}\n.flex_column.av-m2z3p-223574c4af47a497bd8aa0618489f27a{\nborder-radius:0px 0px 0px 0px;\npadding:0px 0px 0px 0px;\n}\n.responsive #top #wrap_all .flex_column.av-m2z3p-223574c4af47a497bd8aa0618489f27a{\nmargin-top:0px;\nmargin-bottom:0px;\n}\n<\/style>\n<div  class='flex_column av-m2z3p-223574c4af47a497bd8aa0618489f27a av_two_third  avia-builder-el-14  el_after_av_one_fourth  avia-builder-el-last  flex_column_div av-zero-column-padding  '     ><p>\n<style type=\"text\/css\" data-created_by=\"avia_inline_auto\" id=\"style-css-av-g6ebp-76449f2be16671c300ca24cef379743f\">\n#top .hr.hr-invisible.av-g6ebp-76449f2be16671c300ca24cef379743f{\nheight:30px;\n}\n<\/style>\n<div  class='hr av-g6ebp-76449f2be16671c300ca24cef379743f hr-invisible  avia-builder-el-15  el_before_av_textblock  avia-builder-el-first '><span class='hr-inner '><span class=\"hr-inner-style\"><\/span><\/span><\/div><br \/>\n\n<style type=\"text\/css\" data-created_by=\"avia_inline_auto\" id=\"style-css-av-81zbh-76d41ae857a80686d40235f092f52c4d\">\n#top .av_textblock_section.av-81zbh-76d41ae857a80686d40235f092f52c4d .avia_textblock{\ncolor:#ffffff;\n}\n<\/style>\n<section  class='av_textblock_section av-81zbh-76d41ae857a80686d40235f092f52c4d '   itemscope=\"itemscope\" itemtype=\"https:\/\/schema.org\/CreativeWork\" ><div class='avia_textblock av_inherit_color'  itemprop=\"text\" ><h5 style=\"text-align: left;\"><em>Organisme de quarantaine,<\/em> list\u00e9 par <a href=\"https:\/\/fredonoccitanie189-my.sharepoint.com\/:b:\/g\/personal\/e_algans_fredon-occitanie_fr\/EfaHnpHbOnVMrxL3UVzkVo0BSQbuAP9aNNeChXylXgShWA?e=4YXkri\">l\u2019arr\u00eat\u00e9 minist\u00e9riel du 20 fevrier 2024\u200b<\/a>. Cet insecte est consid\u00e9r\u00e9 comme un ravageur important dans la fili\u00e8re <strong>arboriculture fruiti\u00e8re <\/strong>et<strong> JEVI. <\/strong><\/h5>\n<\/div><\/section><\/p><\/div>\n<\/div><\/div><\/div><!-- close content main div --><\/div><\/div><div id='after_section_2'  class='main_color av_default_container_wrap container_wrap fullsize'  ><div class='container av-section-cont-open' ><div class='template-page content  av-content-full alpha units'><div class='post-entry post-entry-type-page post-entry-11357'><div class='entry-content-wrapper clearfix'>\n\n<style type=\"text\/css\" data-created_by=\"avia_inline_auto\" id=\"style-css-av-gxzdp-d85c0c7291b2774cde2e0d854b6be90e\">\n.flex_column.av-gxzdp-d85c0c7291b2774cde2e0d854b6be90e{\nborder-radius:0px 0px 0px 0px;\npadding:0px 0px 0px 0px;\n}\n<\/style>\n<div  class='flex_column av-gxzdp-d85c0c7291b2774cde2e0d854b6be90e av_one_half  avia-builder-el-17  el_after_av_section  el_before_av_one_half  avia-builder-el-first  first flex_column_div av-zero-column-padding  '     ><section  class='av_textblock_section av-kpmqvda3-c6068f0c80cd6f6e514104341164e050 '   itemscope=\"itemscope\" itemtype=\"https:\/\/schema.org\/CreativeWork\" ><div class='avia_textblock'  itemprop=\"text\" ><p><strong>En 2023<\/strong>,<a href=\"https:\/\/draaf.occitanie.agriculture.gouv.fr\/premiere-detection-en-france-de-l-aleurode-epineux-du-citronnier-aleurocanthus-a8259.html\"> l\u2019aleurode \u00e9pineux du citronnier a \u00e9t\u00e9 officiellement d\u00e9tect\u00e9<\/a> pour la premi\u00e8re fois en France, dans les d\u00e9partements du Gard et de l\u2019H\u00e9rault.<\/p>\n<p>En Europe, il a \u00e9t\u00e9 aussi signal\u00e9 \u00e0 partir de 2008 au sud de l\u2019Italie, puis en Croatie, au Mont\u00e9n\u00e9gro, en Gr\u00e8ce, et en Albanie. Il est largement r\u00e9pandu dans l\u2019oc\u00e9an Indien, l\u2019Afrique et le Pacifique.<\/p>\n<\/div><\/section><\/div>\n\n<style type=\"text\/css\" data-created_by=\"avia_inline_auto\" id=\"style-css-av-bsmjh-2902cddc8828d63cf5d1e4ef0ecfb058\">\n.flex_column.av-bsmjh-2902cddc8828d63cf5d1e4ef0ecfb058{\nborder-radius:0px 0px 0px 0px;\npadding:0px 0px 0px 0px;\n}\n<\/style>\n<div  class='flex_column av-bsmjh-2902cddc8828d63cf5d1e4ef0ecfb058 av_one_half  avia-builder-el-19  el_after_av_one_half  el_before_av_section  avia-builder-el-last  flex_column_div av-zero-column-padding  '     ><style type=\"text\/css\" data-created_by=\"avia_inline_auto\" id=\"style-css-av-keipp4-da006c7e9ac905911857465baa4131e1\">\n.avia-image-container.av-keipp4-da006c7e9ac905911857465baa4131e1 img.avia_image{\nbox-shadow:none;\n}\n.avia-image-container.av-keipp4-da006c7e9ac905911857465baa4131e1 .av-caption-image-overlay-bg{\nopacity:0.4;\n}\n.avia-image-container.av-keipp4-da006c7e9ac905911857465baa4131e1 .av-image-caption-overlay-center{\ncolor:#ffffff;\nfont-size:14px;\n}\n<\/style>\n<div  class='avia-image-container av-keipp4-da006c7e9ac905911857465baa4131e1 av-styling-no-styling av-img-linked avia-align-center  avia-builder-el-20  avia-builder-el-no-sibling  noHover av-overlay-on-hover'   itemprop=\"image\" itemscope=\"itemscope\" itemtype=\"https:\/\/schema.org\/ImageObject\" ><div class=\"avia-image-container-inner\"><div class=\"avia-image-overlay-wrap\"><a href=\"https:\/\/www.fredonoccitanie.com\/surveillance\/wp-content\/uploads\/sites\/4\/2024\/02\/Aleurocanthus-6.jpg\" class='avia_image '  aria-label='Aleurocanthus-6'><div class=\"av-image-caption-overlay\"><div class=\"av-caption-image-overlay-bg\"><\/div><div class=\"av-image-caption-overlay-position\"><div class=\"av-image-caption-overlay-center\"><p>Feuille de vigne infest\u00e9e<\/p>\n<\/div><\/div><\/div><img decoding=\"async\" fetchpriority=\"high\" class='wp-image-11360 avia-img-lazy-loading-not-11360 avia_image ' src=\"https:\/\/www.fredonoccitanie.com\/surveillance\/wp-content\/uploads\/sites\/4\/2024\/02\/Aleurocanthus-6-495x400.jpg\" alt='' title='Aleurocanthus-6'  height=\"400\" width=\"495\"  itemprop=\"thumbnailUrl\" srcset=\"https:\/\/www.fredonoccitanie.com\/surveillance\/wp-content\/uploads\/sites\/4\/2024\/02\/Aleurocanthus-6-495x400.jpg 495w, https:\/\/www.fredonoccitanie.com\/surveillance\/wp-content\/uploads\/sites\/4\/2024\/02\/Aleurocanthus-6-845x684.jpg 845w\" sizes=\"(max-width: 495px) 100vw, 495px\" \/><\/a><\/div><\/div><\/div><\/div>\n<\/div><\/div><\/div><!-- close content main div --><\/div><\/div>\n<style type=\"text\/css\" data-created_by=\"avia_inline_auto\" id=\"style-css-av-2ahfnnw-92d978421fc5f7f8ca9ddbf72fa7dbfc\">\n.avia-section.av-2ahfnnw-92d978421fc5f7f8ca9ddbf72fa7dbfc{\nbackground-color:#dbdbcf;\nbackground-image:unset;\n}\n<\/style>\n<div id='av_section_3'  class='avia-section av-2ahfnnw-92d978421fc5f7f8ca9ddbf72fa7dbfc main_color avia-section-default avia-no-border-styling  avia-builder-el-21  el_after_av_one_half  el_before_av_section  avia-bg-style-scroll container_wrap fullsize'  ><div class='container av-section-cont-open' ><div class='template-page content  av-content-full alpha units'><div class='post-entry post-entry-type-page post-entry-11357'><div class='entry-content-wrapper clearfix'>\n\n<style type=\"text\/css\" data-created_by=\"avia_inline_auto\" id=\"style-css-av-u92cfs-dd6efed6dda934ecd56eed2dbfa25e9d\">\n.flex_column.av-u92cfs-dd6efed6dda934ecd56eed2dbfa25e9d{\nborder-radius:0px 0px 0px 0px;\npadding:0px 0px 0px 0px;\n}\n<\/style>\n<div  class='flex_column av-u92cfs-dd6efed6dda934ecd56eed2dbfa25e9d av_one_full  avia-builder-el-22  el_before_av_one_full  avia-builder-el-first  first flex_column_div av-zero-column-padding  '     ><section  class='av_textblock_section av-lsa14syp-16a286691d2a8e7d6fac90a01646db2b '   itemscope=\"itemscope\" itemtype=\"https:\/\/schema.org\/CreativeWork\" ><div class='avia_textblock'  itemprop=\"text\" ><h1 style=\"text-align: center;\">Biologie<\/h1>\n<\/div><\/section><\/div>\n<style type=\"text\/css\" data-created_by=\"avia_inline_auto\" id=\"style-css-av-1m89bv0-3982cbf9909268a4eb5a989431823f9d\">\n.flex_column.av-1m89bv0-3982cbf9909268a4eb5a989431823f9d{\nborder-radius:0px 0px 0px 0px;\npadding:0px 0px 0px 0px;\n}\n<\/style>\n<div  class='flex_column av-1m89bv0-3982cbf9909268a4eb5a989431823f9d av_one_full  avia-builder-el-24  el_after_av_one_full  el_before_av_one_third  first flex_column_div av-zero-column-padding  column-top-margin'     ><section  class='av_textblock_section av-l4clsrts-11b4a59e96f99994a2de59b4f95ce1e6 '   itemscope=\"itemscope\" itemtype=\"https:\/\/schema.org\/CreativeWork\" ><div class='avia_textblock'  itemprop=\"text\" ><p>La larve se d\u00e9veloppe en 4 stades (0.3 \u00e0 0.8 mm). Le premier stade est mobile. Le stade puparium (4<sup>\u00e8me<\/sup> stade larvaire) permet l\u2019identification morphologique. Ces larves sont regroup\u00e9es <strong>en colonies immobiles sur la face inf\u00e9rieure des feuilles. <\/strong>En conditions tropicales tous les stades peuvent \u00eatre pr\u00e9sents toute l\u2019ann\u00e9e.<\/p>\n<h5><strong>Caract\u00e9ristiques morphologiques\u00a0:<\/strong><\/h5>\n<p>Les adultes ne mesurent pas plus de 1,7 mm et poss\u00e8dent des ailes gris-bleu m\u00e9tallique avec des points blancs. Les larves sont noires avec une marge blanche constitu\u00e9e de filaments de cire.<\/p>\n<h5><strong>Crit\u00e8res de distinction\u00a0: <\/strong><\/h5>\n<p>Les stades immatures peuvent \u00eatre visuellement d\u00e9tect\u00e9s par la pr\u00e9sence de fumagine sur les feuilles et les fruits.<\/p>\n<\/div><\/section><\/div>\n<style type=\"text\/css\" data-created_by=\"avia_inline_auto\" id=\"style-css-av-482bxo-d68f6da419983056eb5d804d6b762535\">\n.flex_column.av-482bxo-d68f6da419983056eb5d804d6b762535{\nborder-radius:0px 0px 0px 0px;\npadding:0px 0px 0px 0px;\n}\n<\/style>\n<div  class='flex_column av-482bxo-d68f6da419983056eb5d804d6b762535 av_one_third  avia-builder-el-26  el_after_av_one_full  el_before_av_one_third  first flex_column_div av-zero-column-padding  column-top-margin'     ><style type=\"text\/css\" data-created_by=\"avia_inline_auto\" id=\"style-css-av-l4cljwm1-2bcdb8a5d30935b1de7fd93a4613ba4e\">\n.avia-image-container.av-l4cljwm1-2bcdb8a5d30935b1de7fd93a4613ba4e img.avia_image{\nbox-shadow:none;\n}\n.avia-image-container.av-l4cljwm1-2bcdb8a5d30935b1de7fd93a4613ba4e .av-caption-image-overlay-bg{\nopacity:0.4;\n}\n.avia-image-container.av-l4cljwm1-2bcdb8a5d30935b1de7fd93a4613ba4e .av-image-caption-overlay-center{\ncolor:#ffffff;\nfont-size:14px;\n}\n<\/style>\n<div  class='avia-image-container av-l4cljwm1-2bcdb8a5d30935b1de7fd93a4613ba4e av-styling-no-styling av-hover-grow av-img-linked avia-align-center  avia-builder-el-27  avia-builder-el-no-sibling  noHover av-overlay-on-hover'   itemprop=\"image\" itemscope=\"itemscope\" itemtype=\"https:\/\/schema.org\/ImageObject\" ><div class=\"avia-image-container-inner\"><div class=\"avia-image-overlay-wrap\"><a href=\"https:\/\/www.fredonoccitanie.com\/surveillance\/wp-content\/uploads\/sites\/4\/2024\/02\/Aleurocanthus-2.jpg\" class='avia_image '  aria-label='Aleurocanthus-2'><div class=\"av-image-caption-overlay\"><div class=\"av-caption-image-overlay-bg\"><\/div><div class=\"av-image-caption-overlay-position\"><div class=\"av-image-caption-overlay-center\"><p>Nymphes d\u2019Aleurocanthus spiniferus sur la vigne<\/p>\n<\/div><\/div><\/div><img decoding=\"async\" fetchpriority=\"high\" class='wp-image-11366 avia-img-lazy-loading-not-11366 avia_image ' src=\"https:\/\/www.fredonoccitanie.com\/surveillance\/wp-content\/uploads\/sites\/4\/2024\/02\/Aleurocanthus-2.jpg\" alt='' title='Aleurocanthus-2'  height=\"313\" width=\"408\"  itemprop=\"thumbnailUrl\" srcset=\"https:\/\/www.fredonoccitanie.com\/surveillance\/wp-content\/uploads\/sites\/4\/2024\/02\/Aleurocanthus-2.jpg 408w, https:\/\/www.fredonoccitanie.com\/surveillance\/wp-content\/uploads\/sites\/4\/2024\/02\/Aleurocanthus-2-300x230.jpg 300w\" sizes=\"(max-width: 408px) 100vw, 408px\" \/><\/a><\/div><\/div><\/div><\/div>\n<style type=\"text\/css\" data-created_by=\"avia_inline_auto\" id=\"style-css-av-1d3qczh-f2c3837e12b461f01bd436b58fb47ac2\">\n.flex_column.av-1d3qczh-f2c3837e12b461f01bd436b58fb47ac2{\nborder-radius:0px 0px 0px 0px;\npadding:0px 0px 0px 0px;\n}\n<\/style>\n<div  class='flex_column av-1d3qczh-f2c3837e12b461f01bd436b58fb47ac2 av_one_third  avia-builder-el-28  el_after_av_one_third  el_before_av_one_third  flex_column_div av-zero-column-padding  column-top-margin'     ><style type=\"text\/css\" data-created_by=\"avia_inline_auto\" id=\"style-css-av-lsvxz0au-d4d70c1061282db631241b736f517680\">\n.avia-image-container.av-lsvxz0au-d4d70c1061282db631241b736f517680 img.avia_image{\nbox-shadow:none;\n}\n.avia-image-container.av-lsvxz0au-d4d70c1061282db631241b736f517680 .av-caption-image-overlay-bg{\nopacity:0.4;\n}\n.avia-image-container.av-lsvxz0au-d4d70c1061282db631241b736f517680 .av-image-caption-overlay-center{\ncolor:#ffffff;\nfont-size:14px;\n}\n<\/style>\n<div  class='avia-image-container av-lsvxz0au-d4d70c1061282db631241b736f517680 av-styling-no-styling av-hover-grow av-img-linked avia-align-center  avia-builder-el-29  avia-builder-el-no-sibling  noHover av-overlay-on-hover'   itemprop=\"image\" itemscope=\"itemscope\" itemtype=\"https:\/\/schema.org\/ImageObject\" ><div class=\"avia-image-container-inner\"><div class=\"avia-image-overlay-wrap\"><a href=\"https:\/\/www.fredonoccitanie.com\/surveillance\/wp-content\/uploads\/sites\/4\/2024\/02\/Aleurocanthus-spiniferus-sur-pyracantha-1.jpg\" class='avia_image '  aria-label='Aleurocanthus spiniferus sur pyracantha 1'><div class=\"av-image-caption-overlay\"><div class=\"av-caption-image-overlay-bg\"><\/div><div class=\"av-image-caption-overlay-position\"><div class=\"av-image-caption-overlay-center\"><p>colonies des nymphes d\u2019Aleurocanthus spiniferus sur pyracantha<\/p>\n<\/div><\/div><\/div><img decoding=\"async\" fetchpriority=\"high\" class='wp-image-11369 avia-img-lazy-loading-not-11369 avia_image ' src=\"https:\/\/www.fredonoccitanie.com\/surveillance\/wp-content\/uploads\/sites\/4\/2024\/02\/Aleurocanthus-spiniferus-sur-pyracantha-1.jpg\" alt='' title='Aleurocanthus spiniferus sur pyracantha 1'  height=\"344\" width=\"525\"  itemprop=\"thumbnailUrl\" srcset=\"https:\/\/www.fredonoccitanie.com\/surveillance\/wp-content\/uploads\/sites\/4\/2024\/02\/Aleurocanthus-spiniferus-sur-pyracantha-1.jpg 525w, https:\/\/www.fredonoccitanie.com\/surveillance\/wp-content\/uploads\/sites\/4\/2024\/02\/Aleurocanthus-spiniferus-sur-pyracantha-1-300x197.jpg 300w\" sizes=\"(max-width: 525px) 100vw, 525px\" \/><\/a><\/div><\/div><\/div><\/div>\n<style type=\"text\/css\" data-created_by=\"avia_inline_auto\" id=\"style-css-av-15s1h2w-6beeb6680a3b3a7647f6a6fb669cd527\">\n.flex_column.av-15s1h2w-6beeb6680a3b3a7647f6a6fb669cd527{\nborder-radius:0px 0px 0px 0px;\npadding:0px 0px 0px 0px;\n}\n<\/style>\n<div  class='flex_column av-15s1h2w-6beeb6680a3b3a7647f6a6fb669cd527 av_one_third  avia-builder-el-30  el_after_av_one_third  avia-builder-el-last  flex_column_div av-zero-column-padding  column-top-margin'     ><style type=\"text\/css\" data-created_by=\"avia_inline_auto\" id=\"style-css-av-lsa30h67-57a9155fc4d4bf63ff12a581dad5d5c2\">\n.avia-image-container.av-lsa30h67-57a9155fc4d4bf63ff12a581dad5d5c2 img.avia_image{\nbox-shadow:none;\n}\n.avia-image-container.av-lsa30h67-57a9155fc4d4bf63ff12a581dad5d5c2 .av-caption-image-overlay-bg{\nopacity:0.4;\n}\n.avia-image-container.av-lsa30h67-57a9155fc4d4bf63ff12a581dad5d5c2 .av-image-caption-overlay-center{\ncolor:#ffffff;\nfont-size:14px;\n}\n<\/style>\n<div  class='avia-image-container av-lsa30h67-57a9155fc4d4bf63ff12a581dad5d5c2 av-styling-no-styling av-hover-grow av-img-linked avia-align-center  avia-builder-el-31  avia-builder-el-no-sibling  noHover av-overlay-on-hover'   itemprop=\"image\" itemscope=\"itemscope\" itemtype=\"https:\/\/schema.org\/ImageObject\" ><div class=\"avia-image-container-inner\"><div class=\"avia-image-overlay-wrap\"><a href=\"https:\/\/www.fredonoccitanie.com\/surveillance\/wp-content\/uploads\/sites\/4\/2024\/02\/ALECSN_11766_ext_eppo-1.jpg\" class='avia_image '  aria-label='ALECSN_11766_ext_eppo'><div class=\"av-image-caption-overlay\"><div class=\"av-caption-image-overlay-bg\"><\/div><div class=\"av-image-caption-overlay-position\"><div class=\"av-image-caption-overlay-center\"><p>Adulte d\u2019Aleurocanthus spiniferus<\/p>\n<\/div><\/div><\/div><img decoding=\"async\" fetchpriority=\"high\" class='wp-image-11361 avia-img-lazy-loading-not-11361 avia_image ' src=\"https:\/\/www.fredonoccitanie.com\/surveillance\/wp-content\/uploads\/sites\/4\/2024\/02\/ALECSN_11766_ext_eppo.jpg\" alt='' title='ALECSN_11766_ext_eppo'  height=\"649\" width=\"1024\"  itemprop=\"thumbnailUrl\"  \/><\/a><\/div><\/div><\/div><\/div>\n\n<\/div><\/div><\/div><!-- close content main div --><\/div><\/div><div id='av_section_4'  class='avia-section av-izy6t-d15367d4d5771a6606b98246da87382a main_color avia-section-default avia-no-border-styling  avia-builder-el-32  el_after_av_section  el_before_av_section  avia-bg-style-scroll container_wrap fullsize'  ><div class='container av-section-cont-open' ><div class='template-page content  av-content-full alpha units'><div class='post-entry post-entry-type-page post-entry-11357'><div class='entry-content-wrapper clearfix'>\n\n<style type=\"text\/css\" data-created_by=\"avia_inline_auto\" id=\"style-css-av-1ewp4l-cbf99d866233f07d8e56cb7ee48dd89b\">\n.flex_column.av-1ewp4l-cbf99d866233f07d8e56cb7ee48dd89b{\nborder-radius:0px 0px 0px 0px;\npadding:0px 0px 0px 0px;\n}\n<\/style>\n<div  class='flex_column av-1ewp4l-cbf99d866233f07d8e56cb7ee48dd89b av_one_full  avia-builder-el-33  el_before_av_one_half  avia-builder-el-first  first flex_column_div av-zero-column-padding  '     ><section  class='av_textblock_section av-kpmq07xl-ff93b98011b9b33261f0e58e8b9e01db '   itemscope=\"itemscope\" itemtype=\"https:\/\/schema.org\/CreativeWork\" ><div class='avia_textblock'  itemprop=\"text\" ><h1 style=\"text-align: center;\">Description et sympt\u00f4mes<\/h1>\n<\/div><\/section><\/div>\n<style type=\"text\/css\" data-created_by=\"avia_inline_auto\" id=\"style-css-av-10hjp-74a45890cb28bc1adb50759e05730118\">\n.flex_column.av-10hjp-74a45890cb28bc1adb50759e05730118{\nborder-radius:0px 0px 0px 0px;\npadding:0px 10% 0px 0px;\n}\n<\/style>\n<div  class='flex_column av-10hjp-74a45890cb28bc1adb50759e05730118 av_one_half  avia-builder-el-35  el_after_av_one_full  el_before_av_one_half  first flex_column_div  column-top-margin'     ><section  class='av_textblock_section av-kpms0fhb-5c7f4cd7fabdfbb21f93e3d3fa98bac4 '   itemscope=\"itemscope\" itemtype=\"https:\/\/schema.org\/CreativeWork\" ><div class='avia_textblock'  itemprop=\"text\" ><h5><strong>D\u00e9g\u00e2ts directs\u00a0<\/strong><\/h5>\n<p><strong>Affaiblissement de la plante<\/strong> d\u00fb \u00e0 la succion de la s\u00e8ve. Entra\u00eene des sympt\u00f4mes tels que le jaunissement, la d\u00e9formation des jeunes pousses et la chute pr\u00e9matur\u00e9e des feuilles. \u00a0\u00a0<strong>\u00a0<\/strong><\/p>\n<h5><strong>D\u00e9g\u00e2ts indirects <\/strong><\/h5>\n<p>D\u00e9veloppement de<strong> fumagine<\/strong> (champignon ascomyc\u00e8te), due \u00e0 l\u2019excr\u00e9tion de miellat, emp\u00eachant la photosynth\u00e8se et la respiration de la plante.<\/p>\n<\/div><\/section><\/div>\n<style type=\"text\/css\" data-created_by=\"avia_inline_auto\" id=\"style-css-av-k7unst-49e637368834afcaccfab0ae60155334\">\n.flex_column.av-k7unst-49e637368834afcaccfab0ae60155334{\nborder-radius:0px 0px 0px 0px;\npadding:0px 0px 0px 10%;\n}\n<\/style>\n<div  class='flex_column av-k7unst-49e637368834afcaccfab0ae60155334 av_one_half  avia-builder-el-37  el_after_av_one_half  el_before_av_hr  flex_column_div  column-top-margin'     ><style type=\"text\/css\" data-created_by=\"avia_inline_auto\" id=\"style-css-av-lsvxwiec-9f8843b68e103ee3deac253a87dd2b72\">\n.avia-image-container.av-lsvxwiec-9f8843b68e103ee3deac253a87dd2b72 img.avia_image{\nbox-shadow:none;\n}\n.avia-image-container.av-lsvxwiec-9f8843b68e103ee3deac253a87dd2b72 .av-caption-image-overlay-bg{\nopacity:0.4;\n}\n.avia-image-container.av-lsvxwiec-9f8843b68e103ee3deac253a87dd2b72 .av-image-caption-overlay-center{\ncolor:#ffffff;\nfont-size:14px;\n}\n<\/style>\n<div  class='avia-image-container av-lsvxwiec-9f8843b68e103ee3deac253a87dd2b72 av-styling-no-styling avia-align-center  avia-builder-el-38  avia-builder-el-no-sibling  noHover av-overlay-on-hover'   itemprop=\"image\" itemscope=\"itemscope\" itemtype=\"https:\/\/schema.org\/ImageObject\" ><div class=\"avia-image-container-inner\"><div class=\"avia-image-overlay-wrap\"><div class=\"av-image-caption-overlay\"><div class=\"av-caption-image-overlay-bg\"><\/div><div class=\"av-image-caption-overlay-position\"><div class=\"av-image-caption-overlay-center\"><p>Fumagine sur feuilles d\u2019agrume<\/p>\n<\/div><\/div><\/div><img decoding=\"async\" fetchpriority=\"high\" class='wp-image-11363 avia-img-lazy-loading-not-11363 avia_image ' src=\"https:\/\/www.fredonoccitanie.com\/surveillance\/wp-content\/uploads\/sites\/4\/2024\/02\/ALECSN_25_ext_eppo.jpg\" alt='' title='ALECSN_25_ext_eppo'  height=\"673\" width=\"1024\"  itemprop=\"thumbnailUrl\" srcset=\"https:\/\/www.fredonoccitanie.com\/surveillance\/wp-content\/uploads\/sites\/4\/2024\/02\/ALECSN_25_ext_eppo.jpg 1024w, https:\/\/www.fredonoccitanie.com\/surveillance\/wp-content\/uploads\/sites\/4\/2024\/02\/ALECSN_25_ext_eppo-300x197.jpg 300w, https:\/\/www.fredonoccitanie.com\/surveillance\/wp-content\/uploads\/sites\/4\/2024\/02\/ALECSN_25_ext_eppo-768x505.jpg 768w, https:\/\/www.fredonoccitanie.com\/surveillance\/wp-content\/uploads\/sites\/4\/2024\/02\/ALECSN_25_ext_eppo-705x463.jpg 705w\" sizes=\"(max-width: 1024px) 100vw, 1024px\" \/><\/div><\/div><\/div><\/div>\n<style type=\"text\/css\" data-created_by=\"avia_inline_auto\" id=\"style-css-av-kpmsfwx9-ea2053ec695b7b56b19033a2201bb9e5\">\n#top .hr.hr-invisible.av-kpmsfwx9-ea2053ec695b7b56b19033a2201bb9e5{\nheight:50px;\n}\n<\/style>\n<div  class='hr av-kpmsfwx9-ea2053ec695b7b56b19033a2201bb9e5 hr-invisible  avia-builder-el-39  el_after_av_one_half  avia-builder-el-last '><span class='hr-inner '><span class=\"hr-inner-style\"><\/span><\/span><\/div>\n\n<\/div><\/div><\/div><!-- close content main div --><\/div><\/div>\n<style type=\"text\/css\" data-created_by=\"avia_inline_auto\" id=\"style-css-av-p37ph-4d0db80bd16b36b19642b079c4225281\">\n.avia-section.av-p37ph-4d0db80bd16b36b19642b079c4225281{\nbackground-color:#f8ead4;\nbackground-image:unset;\n}\n<\/style>\n<div id='av_section_5'  class='avia-section av-p37ph-4d0db80bd16b36b19642b079c4225281 main_color avia-section-default avia-no-border-styling  avia-builder-el-40  el_after_av_section  el_before_av_section  avia-bg-style-scroll container_wrap fullsize'  ><div class='container av-section-cont-open' ><div class='template-page content  av-content-full alpha units'><div class='post-entry post-entry-type-page post-entry-11357'><div class='entry-content-wrapper clearfix'>\n\n<style type=\"text\/css\" data-created_by=\"avia_inline_auto\" id=\"style-css-av-m4wjp-cdb80307ed6b467be78ad3844b00c7b9\">\n.flex_column.av-m4wjp-cdb80307ed6b467be78ad3844b00c7b9{\nborder-radius:0px 0px 0px 0px;\npadding:0px 0px 0px 0px;\n}\n<\/style>\n<div  class='flex_column av-m4wjp-cdb80307ed6b467be78ad3844b00c7b9 av_one_full  avia-builder-el-41  el_before_av_one_half  avia-builder-el-first  first flex_column_div av-zero-column-padding  '     ><section  class='av_textblock_section av-kpmsm4fa-71fc66ee5e1f9811ad3314c89fa79f2f '   itemscope=\"itemscope\" itemtype=\"https:\/\/schema.org\/CreativeWork\" ><div class='avia_textblock'  itemprop=\"text\" ><h1 style=\"text-align: center;\">Moyens de lutte<\/h1>\n<\/div><\/section><\/div>\n<style type=\"text\/css\" data-created_by=\"avia_inline_auto\" id=\"style-css-av-cx3bx-e9f15d0517038b31e58c8b1339406976\">\n.flex_column.av-cx3bx-e9f15d0517038b31e58c8b1339406976{\nborder-radius:0px 0px 0px 0px;\npadding:0px 0px 0px 0px;\n}\n<\/style>\n<div  class='flex_column av-cx3bx-e9f15d0517038b31e58c8b1339406976 av_one_half  avia-builder-el-43  el_after_av_one_full  el_before_av_one_half  first flex_column_div av-zero-column-padding  column-top-margin'     ><style type=\"text\/css\" data-created_by=\"avia_inline_auto\" id=\"style-css-av-lsa30yyw-6e440c36e9cad9fe0a4ef19ff24766dc\">\n.avia-image-container.av-lsa30yyw-6e440c36e9cad9fe0a4ef19ff24766dc img.avia_image{\nbox-shadow:none;\n}\n.avia-image-container.av-lsa30yyw-6e440c36e9cad9fe0a4ef19ff24766dc .av-caption-image-overlay-bg{\nopacity:0.4;\n}\n.avia-image-container.av-lsa30yyw-6e440c36e9cad9fe0a4ef19ff24766dc .av-image-caption-overlay-center{\ncolor:#ffffff;\nfont-size:14px;\n}\n<\/style>\n<div  class='avia-image-container av-lsa30yyw-6e440c36e9cad9fe0a4ef19ff24766dc av-styling-no-styling avia-align-center  avia-builder-el-44  avia-builder-el-no-sibling  noHover av-overlay-on-hover'   itemprop=\"image\" itemscope=\"itemscope\" itemtype=\"https:\/\/schema.org\/ImageObject\" ><div class=\"avia-image-container-inner\"><div class=\"avia-image-overlay-wrap\"><div class=\"av-image-caption-overlay\"><div class=\"av-caption-image-overlay-bg\"><\/div><div class=\"av-image-caption-overlay-position\"><div class=\"av-image-caption-overlay-center\"><p>N\u00e9croses provoqu\u00e9es par les nymphes d\u2019A. spiniferus sur pyracantha<\/p>\n<\/div><\/div><\/div><img decoding=\"async\" fetchpriority=\"high\" class='wp-image-11365 avia-img-lazy-loading-not-11365 avia_image ' src=\"https:\/\/www.fredonoccitanie.com\/surveillance\/wp-content\/uploads\/sites\/4\/2024\/02\/Aleurocanthus_spiniferus_Pyracantha_2.jpg\" alt='' title='Aleurocanthus_spiniferus_Pyracantha_2'  height=\"576\" width=\"518\"  itemprop=\"thumbnailUrl\" srcset=\"https:\/\/www.fredonoccitanie.com\/surveillance\/wp-content\/uploads\/sites\/4\/2024\/02\/Aleurocanthus_spiniferus_Pyracantha_2.jpg 518w, https:\/\/www.fredonoccitanie.com\/surveillance\/wp-content\/uploads\/sites\/4\/2024\/02\/Aleurocanthus_spiniferus_Pyracantha_2-270x300.jpg 270w\" sizes=\"(max-width: 518px) 100vw, 518px\" \/><\/div><\/div><\/div><\/div>\n<style type=\"text\/css\" data-created_by=\"avia_inline_auto\" id=\"style-css-av-8pblh-7037e8af280aa58e050bfd2298e16b17\">\n.flex_column.av-8pblh-7037e8af280aa58e050bfd2298e16b17{\nborder-radius:0px 0px 0px 0px;\npadding:0px 0px 0px 0px;\n}\n<\/style>\n<div  class='flex_column av-8pblh-7037e8af280aa58e050bfd2298e16b17 av_one_half  avia-builder-el-45  el_after_av_one_half  avia-builder-el-last  flex_column_div av-zero-column-padding  column-top-margin'     ><section  class='av_textblock_section av-kpmso0r0-e6d2e0bfcaf946082babfda2673ec952 '   itemscope=\"itemscope\" itemtype=\"https:\/\/schema.org\/CreativeWork\" ><div class='avia_textblock'  itemprop=\"text\" ><p>Dans les communes situ\u00e9es en zone infest\u00e9e, seuls les <strong>signalements de d\u00e9g\u00e2ts importants<\/strong> ou les suspicions de pr\u00e9sence de l\u2019insecte sur de nouvelles esp\u00e8ces v\u00e9g\u00e9tales doivent \u00eatre adress\u00e9s \u00e0 la DRAAF \u2013 SRAL ou FREDON Occitanie.<\/p>\n<p><strong>En cas de d\u00e9tection, le d\u00e9tenteur de la plante doit d\u00e9truire au plus vite les parties des v\u00e9g\u00e9taux infest\u00e9es ou les v\u00e9g\u00e9taux entiers en cas de forte infestation, soit par incin\u00e9ration, soit en les enfermant dans des sacs herm\u00e9tiques pendant au moins deux semaines.<\/strong><\/p>\n<p><a href=\"https:\/\/draaf.occitanie.agriculture.gouv.fr\/premiere-detection-en-france-de-l-aleurode-epineux-du-citronnier-aleurocanthus-a8259.html\">La DRAAF-SRAL Occitanie<\/a> indique que des traitements insecticides \u00e0 base d\u2019huiles min\u00e9rales, paraffiniques ou huiles essentielles d\u2019orange, \u00e0 action physique (contact\/asphyxie) peuvent \u00eatre conseill\u00e9s sur les larves, dans le respect des usages autoris\u00e9s pour ces produits, sur les plantes assainies, d\u00e8s lors qu\u2019une infestation peu importante sans d\u00e9veloppement de fumagine est observ\u00e9e. D\u2019autres traitements insecticides efficaces existent, r\u00e9serv\u00e9s \u00e0 un usage professionnel et \u00e0 la possession d\u2019un Certiphyto.<\/p>\n<\/div><\/section><\/div>\n\n<\/div><\/div><\/div><!-- close content main div --><\/div><\/div><div id='av_section_6'  class='avia-section av-2qhrnh-aad6dbc8b98b99e79c87d0f49cf4d2e5 main_color avia-section-default avia-no-border-styling  avia-builder-el-47  el_after_av_section  avia-builder-el-last  avia-bg-style-scroll container_wrap fullsize'  ><div class='container av-section-cont-open' ><div class='template-page content  av-content-full alpha units'><div class='post-entry post-entry-type-page post-entry-11357'><div class='entry-content-wrapper clearfix'>\n\n<style type=\"text\/css\" data-created_by=\"avia_inline_auto\" id=\"style-css-av-2kp5md-955235c8afd8aee70359584a4bad8ce0\">\n.flex_column.av-2kp5md-955235c8afd8aee70359584a4bad8ce0{\nborder-radius:0px 0px 0px 0px;\npadding:0px 0px 0px 0px;\n}\n<\/style>\n<div  class='flex_column av-2kp5md-955235c8afd8aee70359584a4bad8ce0 av_one_full  avia-builder-el-48  el_before_av_two_third  avia-builder-el-first  first flex_column_div av-zero-column-padding  '     ><section  class='av_textblock_section av-2gpg0d-e7b81a7fecf1fb32c70352d2d94b1652 '   itemscope=\"itemscope\" itemtype=\"https:\/\/schema.org\/CreativeWork\" ><div class='avia_textblock'  itemprop=\"text\" ><h1 style=\"text-align: center;\">R\u00e9f\u00e9rences<\/h1>\n<\/div><\/section><br \/>\n\n<style type=\"text\/css\" data-created_by=\"avia_inline_auto\" id=\"style-css-av-kpmtg3no-32a6af2131adb6d759dc5291ab6cb376\">\n#top .hr.hr-invisible.av-kpmtg3no-32a6af2131adb6d759dc5291ab6cb376{\nheight:30px;\n}\n<\/style>\n<div  class='hr av-kpmtg3no-32a6af2131adb6d759dc5291ab6cb376 hr-invisible  avia-builder-el-50  el_after_av_textblock  avia-builder-el-last '><span class='hr-inner '><span class=\"hr-inner-style\"><\/span><\/span><\/div><\/p><\/div>\n<style type=\"text\/css\" data-created_by=\"avia_inline_auto\" id=\"style-css-av-1bjbj1-7b5e79a0ad4b5af05fac787b7ce6e564\">\n.flex_column.av-1bjbj1-7b5e79a0ad4b5af05fac787b7ce6e564{\nborder-radius:0px 0px 0px 0px;\npadding:0px 0px 0px 0px;\n}\n<\/style>\n<div  class='flex_column av-1bjbj1-7b5e79a0ad4b5af05fac787b7ce6e564 av_two_third  avia-builder-el-51  el_after_av_one_full  el_before_av_one_third  first flex_column_div av-zero-column-padding  column-top-margin'     ><p><section  class='av_textblock_section av-vhyess-ce0f596ec9712b2a9d279d3eb2cbc0fa '   itemscope=\"itemscope\" itemtype=\"https:\/\/schema.org\/CreativeWork\" ><div class='avia_textblock'  itemprop=\"text\" ><p><a href=\"https:\/\/draaf.occitanie.agriculture.gouv.fr\/premiere-detection-en-france-de-l-aleurode-epineux-du-citronnier-aleurocanthus-a8259.html\">DRAAF Occitanie. (2023). Premi\u00e8re d\u00e9tection en France de l\u2019aleurode \u00e9pineux du citronnier <em>Aleurocanthus spiniferus<\/em> (Gard et H\u00e9rault, juin 2023) \u2013 Actualisation au 04\/08\/2023<\/a>.<\/p>\n<p><a href=\"https:\/\/doi.org\/10.3390\/insects14120916\">Streito, J. C. et al. 2023. Incursion preparedness, citizen science and early detection of invasive insects: the case of <em>Aleurocanthus spiniferus<\/em> (Hemiptera, Aleyrodidae) in France. Insects. 14, 916. <\/a><\/p>\n<p>EPPO : <a href=\"https:\/\/gd.eppo.int\/taxon\/ALECSN\"><em>Aleurocanthus spiniferus<\/em> (ALECSN) [Overview]| EPPO Global Database<\/a><\/p>\n<p><a href=\"http:\/\/especes-exotiques-envahissantes.fr\/appel-a-vigilance-en-occitanie-pour-detecter-laleurode-epineux-du-citronnier\/\">http:\/\/especes-exotiques-envahissantes.fr\/appel-a-vigilance-en-occitanie-pour-detecter-laleurode-epineux-du-citronnier\/<\/a><\/p>\n<p><a href=\"https:\/\/fichesdiag.plateforme-esv.fr\/fiches\/Fiche_Diagnostique_ALECSN_Aleurocanthus_spiniferus.pdf\">https:\/\/fichesdiag.plateforme-sv.fr\/fiches\/Fiche_Diagnostique_ALECSN_Aleurocanthus_spiniferus.pdf<\/a><\/p>\n<p><a href=\"https:\/\/draaf.occitanie.agriculture.gouv.fr\/IMG\/pdf\/20231226ap_aleurocanthus.pdf\">https:\/\/draaf.occitanie.agriculture.gouv.fr\/IMG\/pdf\/20231226ap_aleurocanthus.pdf<\/a><\/p>\n<\/div><\/section><br \/>\n<div  class='hr av-awk7x-d41fd7309a096045bf9e2ca4759bdc49 hr-default  avia-builder-el-53  el_after_av_textblock  el_before_av_social_share '><span class='hr-inner '><span class=\"hr-inner-style\"><\/span><\/span><\/div><br \/>\n<div  class='av-social-sharing-box av-kpmtzxgq-a009d66d6419b0cae948ad82bbcc4a7c av-social-sharing-box-default  avia-builder-el-54  el_after_av_hr  avia-builder-el-last  av-social-sharing-box-fullwidth'><div class=\"av-share-box\"><h5 class='av-share-link-description av-no-toc '>Partager cet entr\u00e9e<\/h5><ul class=\"av-share-box-list noLightbox\"><li class='av-share-link av-social-link-facebook avia_social_iconfont' ><a target=\"_blank\" aria-label=\"Partager sur Facebook\" href='https:\/\/www.facebook.com\/sharer.php?u=https:\/\/www.fredonoccitanie.com\/surveillance\/arboriculture\/aleurocanthus-spiniferus\/&#038;t=Aleurocanthus%20spiniferus' data-av_icon='\ue8f3' data-av_iconfont='entypo-fontello'  title='' data-avia-related-tooltip='Partager sur Facebook'><span class='avia_hidden_link_text'>Partager sur Facebook<\/span><\/a><\/li><li class='av-share-link av-social-link-twitter avia_social_iconfont' ><a target=\"_blank\" aria-label=\"Partager sur X\" href='https:\/\/twitter.com\/share?text=Aleurocanthus%20spiniferus&#038;url=https:\/\/www.fredonoccitanie.com\/surveillance\/?p=11357' data-av_icon='\ue932' data-av_iconfont='entypo-fontello'  title='' data-avia-related-tooltip='Partager sur X'><span class='avia_hidden_link_text'>Partager sur X<\/span><\/a><\/li><li class='av-share-link av-social-link-linkedin avia_social_iconfont' ><a target=\"_blank\" aria-label=\"Partager sur LinkedIn\" href='https:\/\/linkedin.com\/shareArticle?mini=true&#038;title=Aleurocanthus%20spiniferus&#038;url=https:\/\/www.fredonoccitanie.com\/surveillance\/arboriculture\/aleurocanthus-spiniferus\/' data-av_icon='\ue8fc' data-av_iconfont='entypo-fontello'  title='' data-avia-related-tooltip='Partager sur LinkedIn'><span class='avia_hidden_link_text'>Partager sur LinkedIn<\/span><\/a><\/li><li class='av-share-link av-social-link-mail avia_social_iconfont' ><a  aria-label=\"Partager par Mail\" href='mailto:?subject=Aleurocanthus%20spiniferus&#038;body=https:\/\/www.fredonoccitanie.com\/surveillance\/arboriculture\/aleurocanthus-spiniferus\/' data-av_icon='\ue805' data-av_iconfont='entypo-fontello'  title='' data-avia-related-tooltip='Partager par Mail'><span class='avia_hidden_link_text'>Partager par Mail<\/span><\/a><\/li><\/ul><\/div><\/div><\/p><\/div>\n<style type=\"text\/css\" data-created_by=\"avia_inline_auto\" id=\"style-css-av-uuh4l-3cb9a79c8437ab30bd7e9f9344a8e11b\">\n.flex_column.av-uuh4l-3cb9a79c8437ab30bd7e9f9344a8e11b{\nborder-radius:0px 0px 0px 0px;\npadding:0px 0px 0px 0px;\n}\n<\/style>\n<div  class='flex_column av-uuh4l-3cb9a79c8437ab30bd7e9f9344a8e11b av_one_third  avia-builder-el-55  el_after_av_two_third  avia-builder-el-last  flex_column_div av-zero-column-padding  column-top-margin'     ><section  class='av_textblock_section av-px4v9-5a04d50529e186792b902442c7081cf5 '   itemscope=\"itemscope\" itemtype=\"https:\/\/schema.org\/CreativeWork\" ><div class='avia_textblock bloc_infos'  itemprop=\"text\" ><h2>Ressources<\/h2>\n<p class=\"main-title\"><a href=\"https:\/\/fredonoccitanie189-my.sharepoint.com\/:b:\/g\/personal\/e_algans_fredon-occitanie_fr\/EfaHnpHbOnVMrxL3UVzkVo0BSQbuAP9aNNeChXylXgShWA?e=nabW9h\">R\u00e8glement d\u2019ex\u00e9cution (UE) \u00e9tablissant des mesures d\u2019enrayement d\u2019Aleurocanthus spiniferus dans certaines zones d\u00e9limit\u00e9es datant du 02 f\u00e9vrier 2024.<\/a><\/p>\n<p><a href=\"https:\/\/fredonoccitanie189-my.sharepoint.com\/:b:\/g\/personal\/e_algans_fredon-occitanie_fr\/IQBjZQ9-b4WqQrWiIL-TEeiWAXzz_2WffOnTjcXCYkBO07M?e=z54LK8\">Arr\u00eat\u00e9 du 6 mars 2026<\/a><\/p>\n<h2><\/h2>\n<\/div><\/section><\/div>\n","protected":false},"excerpt":{"rendered":"","protected":false},"author":5,"featured_media":0,"parent":28,"menu_order":1,"comment_status":"closed","ping_status":"closed","template":"","meta":{"footnotes":""},"class_list":["post-11357","page","type-page","status-publish","hentry"],"_links":{"self":[{"href":"https:\/\/www.fredonoccitanie.com\/surveillance\/wp-json\/wp\/v2\/pages\/11357","targetHints":{"allow":["GET"]}}],"collection":[{"href":"https:\/\/www.fredonoccitanie.com\/surveillance\/wp-json\/wp\/v2\/pages"}],"about":[{"href":"https:\/\/www.fredonoccitanie.com\/surveillance\/wp-json\/wp\/v2\/types\/page"}],"author":[{"embeddable":true,"href":"https:\/\/www.fredonoccitanie.com\/surveillance\/wp-json\/wp\/v2\/users\/5"}],"replies":[{"embeddable":true,"href":"https:\/\/www.fredonoccitanie.com\/surveillance\/wp-json\/wp\/v2\/comments?post=11357"}],"version-history":[{"count":5,"href":"https:\/\/www.fredonoccitanie.com\/surveillance\/wp-json\/wp\/v2\/pages\/11357\/revisions"}],"predecessor-version":[{"id":14597,"href":"https:\/\/www.fredonoccitanie.com\/surveillance\/wp-json\/wp\/v2\/pages\/11357\/revisions\/14597"}],"up":[{"embeddable":true,"href":"https:\/\/www.fredonoccitanie.com\/surveillance\/wp-json\/wp\/v2\/pages\/28"}],"wp:attachment":[{"href":"https:\/\/www.fredonoccitanie.com\/surveillance\/wp-json\/wp\/v2\/media?parent=11357"}],"curies":[{"name":"wp","href":"https:\/\/api.w.org\/{rel}","templated":true}]}}