{"id":15220,"date":"2024-09-05T13:32:30","date_gmt":"2024-09-05T11:32:30","guid":{"rendered":"https:\/\/www.fredonoccitanie.com\/jevi\/?page_id=15220"},"modified":"2025-10-27T15:41:32","modified_gmt":"2025-10-27T14:41:32","slug":"accueil-de-la-biodiversite","status":"publish","type":"page","link":"https:\/\/www.fredonoccitanie.com\/jevi\/accueil-de-la-biodiversite\/","title":{"rendered":"Accueil de la biodiversit\u00e9"},"content":{"rendered":"\n<style type=\"text\/css\" data-created_by=\"avia_inline_auto\" id=\"style-css-av-5l81nc1-f92a67b648366a3bcc324fbca6687e16\">\n.flex_column.av-5l81nc1-f92a67b648366a3bcc324fbca6687e16{\nborder-radius:0px 0px 0px 0px;\npadding:0px 0px 0px 0px;\n}\n<\/style>\n<div  class='flex_column av-5l81nc1-f92a67b648366a3bcc324fbca6687e16 av_one_full  avia-builder-el-0  el_before_av_one_full  avia-builder-el-first  first flex_column_div av-zero-column-padding  '     ><section  class='av_textblock_section av-lzco7g1a-ece402d7dd5ffd7bb99624739a172ebd '   itemscope=\"itemscope\" itemtype=\"https:\/\/schema.org\/CreativeWork\" ><div class='avia_textblock'  itemprop=\"text\" ><h1 style=\"text-align: center\">Accueil de la biodiversit\u00e9<\/h1>\n<\/div><\/section><\/div>\n\n<style type=\"text\/css\" data-created_by=\"avia_inline_auto\" id=\"style-css-av-m1z2w3lo-dcbfe4b0efb12805c99a48da910860c7\">\n@keyframes av_boxShadowEffect_av-m1z2w3lo-dcbfe4b0efb12805c99a48da910860c7-column {\n0%   { box-shadow:  0 0 0 0 #b2b2b2; opacity: 1; }\n100% { box-shadow:  0 0 10px 0 #b2b2b2; opacity: 1; }\n}\n.flex_column.av-m1z2w3lo-dcbfe4b0efb12805c99a48da910860c7{\nbox-shadow: 0 0 10px 0 #b2b2b2;\nborder-radius:5px 5px 5px 5px;\npadding:7px 7px 7px 7px;\n}\n<\/style>\n<div  class='flex_column av-m1z2w3lo-dcbfe4b0efb12805c99a48da910860c7 av_one_full  avia-builder-el-2  el_after_av_one_full  el_before_av_hr  first flex_column_div shadow-not-animated  column-top-margin'     ><section  class='av_textblock_section av-m1z2vaob-5166e3806c5ec615b3950297273f5170 '   itemscope=\"itemscope\" itemtype=\"https:\/\/schema.org\/CreativeWork\" ><div class='avia_textblock'  itemprop=\"text\" ><h3 style=\"text-align: center\">Boite \u00e0 outil<\/h3>\n<\/div><\/section><br \/>\n<div  class='avia-buttonrow-wrap av-3xrfqyc-0fecb00c791ce40df21b4155203ffec9 avia-buttonrow-center  avia-builder-el-4  el_after_av_textblock  avia-builder-el-last '>\n\n<style type=\"text\/css\" data-created_by=\"avia_inline_auto\" id=\"style-css-av-3g197mc-8b2efd5c1a49892401551944680a69e2\">\n#top #wrap_all .avia-button.av-3g197mc-8b2efd5c1a49892401551944680a69e2{\nbackground-color:#eeba00;\nborder-color:#eeba00;\ncolor:#ffffff;\ntransition:all 0.4s ease-in-out;\nmargin-bottom:5px;\nmargin-right:3px;\nmargin-left:3px;\n}\n#top #wrap_all .avia-button.av-3g197mc-8b2efd5c1a49892401551944680a69e2 .avia-svg-icon svg:first-child{\nfill:#ffffff;\nstroke:#ffffff;\n}\n<\/style>\n<a href='#ancre1'  class='avia-button av-3g197mc-8b2efd5c1a49892401551944680a69e2 avia-icon_select-no avia-size-small'   aria-label=\"OUTILS DE COMMUNICATION\"><span class='avia_iconbox_title' >OUTILS DE COMMUNICATION<\/span><\/a>\n\n<style type=\"text\/css\" data-created_by=\"avia_inline_auto\" id=\"style-css-av-2uo3b78-f9a6eab2c72b93c2b015f904fad5c7af\">\n#top #wrap_all .avia-button.av-2uo3b78-f9a6eab2c72b93c2b015f904fad5c7af{\nbackground-color:#576b35;\nborder-color:#576b35;\ncolor:#ffffff;\ntransition:all 0.4s ease-in-out;\nmargin-bottom:5px;\nmargin-right:3px;\nmargin-left:3px;\n}\n#top #wrap_all .avia-button.av-2uo3b78-f9a6eab2c72b93c2b015f904fad5c7af .avia-svg-icon svg:first-child{\nfill:#ffffff;\nstroke:#ffffff;\n}\n<\/style>\n<a href='#ancre3'  class='avia-button av-2uo3b78-f9a6eab2c72b93c2b015f904fad5c7af avia-icon_select-no avia-size-small'   aria-label=\"OUTILS TECHNIQUES\"><span class='avia_iconbox_title' >OUTILS TECHNIQUES<\/span><\/a>\n\n<style type=\"text\/css\" data-created_by=\"avia_inline_auto\" id=\"style-css-av-90hkfo-780c36afc297e99c540e7d0979e31078\">\n#top #wrap_all .avia-button.av-90hkfo-780c36afc297e99c540e7d0979e31078{\nbackground-color:#e17a0c;\nborder-color:#e17a0c;\ncolor:#ffffff;\ntransition:all 0.4s ease-in-out;\nmargin-bottom:5px;\nmargin-right:3px;\nmargin-left:3px;\n}\n#top #wrap_all .avia-button.av-90hkfo-780c36afc297e99c540e7d0979e31078 .avia-svg-icon svg:first-child{\nfill:#ffffff;\nstroke:#ffffff;\n}\n<\/style>\n<a href='#ancre4'  class='avia-button av-90hkfo-780c36afc297e99c540e7d0979e31078 avia-icon_select-no avia-size-small'   aria-label=\"GUIDES TECHNIQUES\"><span class='avia_iconbox_title' >GUIDES TECHNIQUES<\/span><\/a>\n\n<style type=\"text\/css\" data-created_by=\"avia_inline_auto\" id=\"style-css-av-1y3fy44-613ba2e628abdc273232ad02a50912a1\">\n#top #wrap_all .avia-button.av-1y3fy44-613ba2e628abdc273232ad02a50912a1{\nbackground-color:#007c8e;\nborder-color:#007c8e;\ncolor:#ffffff;\ntransition:all 0.4s ease-in-out;\nmargin-bottom:5px;\nmargin-right:3px;\nmargin-left:3px;\n}\n#top #wrap_all .avia-button.av-1y3fy44-613ba2e628abdc273232ad02a50912a1 .avia-svg-icon svg:first-child{\nfill:#ffffff;\nstroke:#ffffff;\n}\n<\/style>\n<a href='#ancre5'  class='avia-button av-1y3fy44-613ba2e628abdc273232ad02a50912a1 avia-icon_select-no avia-size-small'   aria-label=\"RESSOURCES NUMERIQUES\"><span class='avia_iconbox_title' >RESSOURCES NUMERIQUES<\/span><\/a>\n\n<style type=\"text\/css\" data-created_by=\"avia_inline_auto\" id=\"style-css-av-1ixhgdw-9da8fdf2ac29ff984fac2e5bf4892d92\">\n#top #wrap_all .avia-button.av-1ixhgdw-9da8fdf2ac29ff984fac2e5bf4892d92{\nbackground-color:#ca1823;\nborder-color:#ca1823;\ncolor:#ffffff;\ntransition:all 0.4s ease-in-out;\nmargin-bottom:5px;\nmargin-right:3px;\nmargin-left:3px;\n}\n#top #wrap_all .avia-button.av-1ixhgdw-9da8fdf2ac29ff984fac2e5bf4892d92 .avia-svg-icon svg:first-child{\nfill:#ffffff;\nstroke:#ffffff;\n}\n<\/style>\n<a href='#ancre7'  class='avia-button av-1ixhgdw-9da8fdf2ac29ff984fac2e5bf4892d92 avia-icon_select-no avia-size-small'   aria-label=\"POUR ALLER PLUS LOIN\"><span class='avia_iconbox_title' >POUR ALLER PLUS LOIN<\/span><\/a>\n<\/div><\/p><\/div>\n\n<style type=\"text\/css\" data-created_by=\"avia_inline_auto\" id=\"style-css-av-m06dezct-d74994b65efe9137d03bd48a2ea4a378\">\n#top .hr.hr-invisible.av-m06dezct-d74994b65efe9137d03bd48a2ea4a378{\nheight:50px;\n}\n<\/style>\n<div  class='hr av-m06dezct-d74994b65efe9137d03bd48a2ea4a378 hr-invisible  avia-builder-el-5  el_after_av_one_full  el_before_av_hr '><span class='hr-inner '><span class=\"hr-inner-style\"><\/span><\/span><\/div>\n\n<style type=\"text\/css\" data-created_by=\"avia_inline_auto\" id=\"style-css-av-35qeawk-4862ec68b8bf047dbd3158a44cf75800\">\n#top .hr.hr-invisible.av-35qeawk-4862ec68b8bf047dbd3158a44cf75800{\nheight:50px;\n}\n<\/style>\n<div  class='hr av-35qeawk-4862ec68b8bf047dbd3158a44cf75800 hr-invisible  avia-builder-el-6  el_after_av_hr  el_before_av_one_full '><span class='hr-inner '><span class=\"hr-inner-style\"><\/span><\/span><\/div>\n\n<style type=\"text\/css\" data-created_by=\"avia_inline_auto\" id=\"style-css-av-4jilc2p-8099d21ce86b6d40276a664b1c59d71f\">\n.flex_column.av-4jilc2p-8099d21ce86b6d40276a664b1c59d71f{\nborder-radius:0px 0px 0px 0px;\npadding:0px 0px 0px 0px;\n}\n<\/style>\n<div  class='flex_column av-4jilc2p-8099d21ce86b6d40276a664b1c59d71f av_one_full  avia-builder-el-7  el_after_av_hr  el_before_av_one_fourth  first flex_column_div av-zero-column-padding  '     ><section  class='av_textblock_section av-lzcoe70j-4ab855aecbc08a3547f9fc58b6d164ad '   itemscope=\"itemscope\" itemtype=\"https:\/\/schema.org\/CreativeWork\" ><div class='avia_textblock'  itemprop=\"text\" ><h2 id=\"ancre3\" style=\"text-align: center\">Inventorier la biodiversit\u00e9<\/h2>\n<\/div><\/section><\/div>\n\n<style type=\"text\/css\" data-created_by=\"avia_inline_auto\" id=\"style-css-av-1ybnq9g-7232b534edff8a1ddea7bdc9dc499336\">\n.flex_column.av-1ybnq9g-7232b534edff8a1ddea7bdc9dc499336{\nborder-radius:0px 0px 0px 0px;\npadding:0px 0px 0px 0px;\n}\n<\/style>\n<div  class='flex_column av-1ybnq9g-7232b534edff8a1ddea7bdc9dc499336 av_one_fourth  avia-builder-el-9  el_after_av_one_full  el_before_av_one_fourth  first flex_column_div av-zero-column-padding  column-top-margin'     ><section  class='av_textblock_section av-m1z3kimy-d25940f4819af6faaf734f9f9e877564 '   itemscope=\"itemscope\" itemtype=\"https:\/\/schema.org\/CreativeWork\" ><div class='avia_textblock'  itemprop=\"text\" ><p style=\"text-align: center\"><strong><a href=\"https:\/\/www.ofb.gouv.fr\/abc\">Programme d&rsquo;action financ\u00e9<\/a><\/strong><\/p>\n<p style=\"text-align: center\"><a href=\"https:\/\/www.ofb.gouv.fr\/abc\"><strong>Les Atlas de la biodiversit\u00e9 communale<\/strong><\/a><\/p>\n<\/div><\/section><br \/>\n\n<style type=\"text\/css\" data-created_by=\"avia_inline_auto\" id=\"style-css-av-m1z3k1kw-a88147a24d1a8e76013e0ace456970a8\">\n.avia-image-container.av-m1z3k1kw-a88147a24d1a8e76013e0ace456970a8 img.avia_image{\nbox-shadow:none;\n}\n.avia-image-container.av-m1z3k1kw-a88147a24d1a8e76013e0ace456970a8 .av-image-caption-overlay-center{\ncolor:#ffffff;\n}\n<\/style>\n<div  class='avia-image-container av-m1z3k1kw-a88147a24d1a8e76013e0ace456970a8 av-styling- av-img-linked avia-align-center  avia-builder-el-11  el_after_av_textblock  avia-builder-el-last '   itemprop=\"image\" itemscope=\"itemscope\" itemtype=\"https:\/\/schema.org\/ImageObject\" ><div class=\"avia-image-container-inner\"><div class=\"avia-image-overlay-wrap\"><a href=\"https:\/\/www.ofb.gouv.fr\/abc\" class='avia_image '  aria-label='atlas'><img decoding=\"async\" fetchpriority=\"high\" class='wp-image-16677 avia-img-lazy-loading-not-16677 avia_image ' src=\"https:\/\/www.fredonoccitanie.com\/jevi\/wp-content\/uploads\/sites\/2\/2024\/10\/atlas.jpg\" alt='' title='atlas'  height=\"382\" width=\"394\"  itemprop=\"thumbnailUrl\" srcset=\"https:\/\/www.fredonoccitanie.com\/jevi\/wp-content\/uploads\/sites\/2\/2024\/10\/atlas.jpg 394w, https:\/\/www.fredonoccitanie.com\/jevi\/wp-content\/uploads\/sites\/2\/2024\/10\/atlas-300x291.jpg 300w, https:\/\/www.fredonoccitanie.com\/jevi\/wp-content\/uploads\/sites\/2\/2024\/10\/atlas-36x36.jpg 36w\" sizes=\"(max-width: 394px) 100vw, 394px\" \/><\/a><\/div><\/div><\/div><\/p><\/div>\n\n<style type=\"text\/css\" data-created_by=\"avia_inline_auto\" id=\"style-css-av-1rzif90-e28916446bc2d64d277ad887bd4b930f\">\n.flex_column.av-1rzif90-e28916446bc2d64d277ad887bd4b930f{\nborder-radius:0px 0px 0px 0px;\npadding:0px 0px 0px 0px;\n}\n<\/style>\n<div  class='flex_column av-1rzif90-e28916446bc2d64d277ad887bd4b930f av_one_fourth  avia-builder-el-12  el_after_av_one_fourth  el_before_av_one_fourth  flex_column_div av-zero-column-padding  column-top-margin'     ><section  class='av_textblock_section av-m1z3lmbc-2ec84082801de29d79fb225f95d58026 '   itemscope=\"itemscope\" itemtype=\"https:\/\/schema.org\/CreativeWork\" ><div class='avia_textblock'  itemprop=\"text\" ><p style=\"text-align: center\"><strong><a href=\"https:\/\/biodiv-occitanie.fr\/\">Cartographie de la biodiversit\u00e9 de son territoire<\/a><\/strong><\/p>\n<p style=\"text-align: center\"><strong><a href=\"https:\/\/biodiv-occitanie.fr\/\">Atlas de la faune et de la flore d&rsquo; OC&rsquo;Nat<\/a><\/strong><\/p>\n<\/div><\/section><br \/>\n\n<style type=\"text\/css\" data-created_by=\"avia_inline_auto\" id=\"style-css-av-m1z3lwrc-d8a4362d10ca7c96d65cbf93d5c2581e\">\n.avia-image-container.av-m1z3lwrc-d8a4362d10ca7c96d65cbf93d5c2581e img.avia_image{\nbox-shadow:none;\n}\n.avia-image-container.av-m1z3lwrc-d8a4362d10ca7c96d65cbf93d5c2581e .av-image-caption-overlay-center{\ncolor:#ffffff;\n}\n<\/style>\n<div  class='avia-image-container av-m1z3lwrc-d8a4362d10ca7c96d65cbf93d5c2581e av-styling- av-img-linked avia-align-center  avia-builder-el-14  el_after_av_textblock  avia-builder-el-last '   itemprop=\"image\" itemscope=\"itemscope\" itemtype=\"https:\/\/schema.org\/ImageObject\" ><div class=\"avia-image-container-inner\"><div class=\"avia-image-overlay-wrap\"><a href=\"https:\/\/biodiv-occitanie.fr\/\" class='avia_image '  aria-label='biodiv'><img decoding=\"async\" fetchpriority=\"high\" class='wp-image-16678 avia-img-lazy-loading-not-16678 avia_image ' src=\"https:\/\/www.fredonoccitanie.com\/jevi\/wp-content\/uploads\/sites\/2\/2024\/10\/biodiv.jpg\" alt='' title='biodiv'  height=\"558\" width=\"555\"  itemprop=\"thumbnailUrl\" srcset=\"https:\/\/www.fredonoccitanie.com\/jevi\/wp-content\/uploads\/sites\/2\/2024\/10\/biodiv.jpg 555w, https:\/\/www.fredonoccitanie.com\/jevi\/wp-content\/uploads\/sites\/2\/2024\/10\/biodiv-298x300.jpg 298w, https:\/\/www.fredonoccitanie.com\/jevi\/wp-content\/uploads\/sites\/2\/2024\/10\/biodiv-80x80.jpg 80w, https:\/\/www.fredonoccitanie.com\/jevi\/wp-content\/uploads\/sites\/2\/2024\/10\/biodiv-36x36.jpg 36w, https:\/\/www.fredonoccitanie.com\/jevi\/wp-content\/uploads\/sites\/2\/2024\/10\/biodiv-180x180.jpg 180w\" sizes=\"(max-width: 555px) 100vw, 555px\" \/><\/a><\/div><\/div><\/div><\/p><\/div>\n\n<style type=\"text\/css\" data-created_by=\"avia_inline_auto\" id=\"style-css-av-wxvigk-0379956a5f3a29a6ce88af08f8355ef1\">\n.flex_column.av-wxvigk-0379956a5f3a29a6ce88af08f8355ef1{\nborder-radius:0px 0px 0px 0px;\npadding:0px 0px 0px 0px;\n}\n<\/style>\n<div  class='flex_column av-wxvigk-0379956a5f3a29a6ce88af08f8355ef1 av_one_fourth  avia-builder-el-15  el_after_av_one_fourth  el_before_av_one_fourth  flex_column_div av-zero-column-padding  column-top-margin'     ><section  class='av_textblock_section av-m2kksl0p-6113929b4b9ee5d8940f897a01705782 '   itemscope=\"itemscope\" itemtype=\"https:\/\/schema.org\/CreativeWork\" ><div class='avia_textblock'  itemprop=\"text\" ><p style=\"text-align: center\"><strong><a href=\"https:\/\/www.laregion.fr\/Bioccitanie\">Cartographie des espaces et des esp\u00e8ces de son territoire<\/a><\/strong><\/p>\n<p style=\"text-align: center\"><strong><a href=\"https:\/\/www.laregion.fr\/Bioccitanie\">Bioccitanie<\/a><\/strong><\/p>\n<\/div><\/section><br \/>\n\n<style type=\"text\/css\" data-created_by=\"avia_inline_auto\" id=\"style-css-av-m2kktg09-f5254f6b941a0da16ebb7ba0c41a5947\">\n.avia-image-container.av-m2kktg09-f5254f6b941a0da16ebb7ba0c41a5947 img.avia_image{\nbox-shadow:none;\n}\n.avia-image-container.av-m2kktg09-f5254f6b941a0da16ebb7ba0c41a5947 .av-image-caption-overlay-center{\ncolor:#ffffff;\n}\n<\/style>\n<div  class='avia-image-container av-m2kktg09-f5254f6b941a0da16ebb7ba0c41a5947 av-styling- av-img-linked avia-align-center  avia-builder-el-17  el_after_av_textblock  avia-builder-el-last '   itemprop=\"image\" itemscope=\"itemscope\" itemtype=\"https:\/\/schema.org\/ImageObject\" ><div class=\"avia-image-container-inner\"><div class=\"avia-image-overlay-wrap\"><a href=\"https:\/\/www.laregion.fr\/Bioccitanie\" class='avia_image '  aria-label='logo-small-sanslogo'><img decoding=\"async\" fetchpriority=\"high\" class='wp-image-16755 avia-img-lazy-loading-not-16755 avia_image ' src=\"https:\/\/www.fredonoccitanie.com\/jevi\/wp-content\/uploads\/sites\/2\/2024\/10\/logo-small-sanslogo-1.jpg\" alt='' title='logo-small-sanslogo'  height=\"185\" width=\"272\"  itemprop=\"thumbnailUrl\"  \/><\/a><\/div><\/div><\/div><\/p><\/div>\n\n<style type=\"text\/css\" data-created_by=\"avia_inline_auto\" id=\"style-css-av-11ioapg-3fb578ebd22535da12d8b22b2b03c4e2\">\n.flex_column.av-11ioapg-3fb578ebd22535da12d8b22b2b03c4e2{\nborder-radius:0px 0px 0px 0px;\npadding:0px 0px 0px 0px;\n}\n<\/style>\n<div  class='flex_column av-11ioapg-3fb578ebd22535da12d8b22b2b03c4e2 av_one_fourth  avia-builder-el-18  el_after_av_one_fourth  el_before_av_one_fourth  flex_column_div av-zero-column-padding  column-top-margin'     ><section  class='av_textblock_section av-m1z3mwvm-ee094da3fadc910d8d38e23157a93520 '   itemscope=\"itemscope\" itemtype=\"https:\/\/schema.org\/CreativeWork\" ><div class='avia_textblock'  itemprop=\"text\" ><p style=\"text-align: center\"><strong><a href=\"https:\/\/www.vigienature.fr\/fr\/florileges\">Protocole de suivi de la flore en espaces verts<\/a><\/strong><\/p>\n<p style=\"text-align: center\"><strong><a href=\"https:\/\/www.vigienature.fr\/fr\/florileges\">Floril\u00e8ges-Prairies<\/a><\/strong><\/p>\n<\/div><\/section><br \/>\n\n<style type=\"text\/css\" data-created_by=\"avia_inline_auto\" id=\"style-css-av-m1z3n6jk-8cb84a6aeecd70a60a92f750aeb7f551\">\n.avia-image-container.av-m1z3n6jk-8cb84a6aeecd70a60a92f750aeb7f551 img.avia_image{\nbox-shadow:none;\n}\n.avia-image-container.av-m1z3n6jk-8cb84a6aeecd70a60a92f750aeb7f551 .av-image-caption-overlay-center{\ncolor:#ffffff;\n}\n<\/style>\n<div  class='avia-image-container av-m1z3n6jk-8cb84a6aeecd70a60a92f750aeb7f551 av-styling- av-img-linked avia-align-center  avia-builder-el-20  el_after_av_textblock  avia-builder-el-last '   itemprop=\"image\" itemscope=\"itemscope\" itemtype=\"https:\/\/schema.org\/ImageObject\" ><div class=\"avia-image-container-inner\"><div class=\"avia-image-overlay-wrap\"><a href=\"https:\/\/www.vigienature.fr\/fr\/florileges\" class='avia_image '  aria-label='floril\u00e8ge'><img decoding=\"async\" fetchpriority=\"high\" class='wp-image-16679 avia-img-lazy-loading-not-16679 avia_image ' src=\"https:\/\/www.fredonoccitanie.com\/jevi\/wp-content\/uploads\/sites\/2\/2024\/10\/florilege.jpg\" alt='' title='floril\u00e8ge'  height=\"697\" width=\"776\"  itemprop=\"thumbnailUrl\" srcset=\"https:\/\/www.fredonoccitanie.com\/jevi\/wp-content\/uploads\/sites\/2\/2024\/10\/florilege.jpg 776w, https:\/\/www.fredonoccitanie.com\/jevi\/wp-content\/uploads\/sites\/2\/2024\/10\/florilege-300x269.jpg 300w, https:\/\/www.fredonoccitanie.com\/jevi\/wp-content\/uploads\/sites\/2\/2024\/10\/florilege-768x690.jpg 768w, https:\/\/www.fredonoccitanie.com\/jevi\/wp-content\/uploads\/sites\/2\/2024\/10\/florilege-705x633.jpg 705w\" sizes=\"(max-width: 776px) 100vw, 776px\" \/><\/a><\/div><\/div><\/div><\/p><\/div>\n\n<style type=\"text\/css\" data-created_by=\"avia_inline_auto\" id=\"style-css-av-2nmgnhw-d7d8385e5d715b56cabd312eb30bad7e\">\n.flex_column.av-2nmgnhw-d7d8385e5d715b56cabd312eb30bad7e{\nborder-radius:0px 0px 0px 0px;\npadding:0px 0px 0px 0px;\n}\n<\/style>\n<div  class='flex_column av-2nmgnhw-d7d8385e5d715b56cabd312eb30bad7e av_one_fourth  avia-builder-el-21  el_after_av_one_fourth  el_before_av_one_fourth  first flex_column_div av-zero-column-padding  column-top-margin'     ><section  class='av_textblock_section av-m1z3rxdv-c77da8106e84d31faef8b33f116236d7 '   itemscope=\"itemscope\" itemtype=\"https:\/\/schema.org\/CreativeWork\" ><div class='avia_textblock'  itemprop=\"text\" ><p style=\"text-align: center\"><strong><a href=\"https:\/\/www.vigienature.fr\/fr\/florileges\">Protocole de suivi des papillons en espaces verts<\/a><\/strong><\/p>\n<p style=\"text-align: center\"><strong><a href=\"https:\/\/www.vigienature.fr\/fr\/propage\">Propage<\/a><\/strong><\/p>\n<\/div><\/section><br \/>\n\n<style type=\"text\/css\" data-created_by=\"avia_inline_auto\" id=\"style-css-av-m1z3s42l-ff35c7d19bd9caeaa3668d7cacfff651\">\n.avia-image-container.av-m1z3s42l-ff35c7d19bd9caeaa3668d7cacfff651 img.avia_image{\nbox-shadow:none;\n}\n.avia-image-container.av-m1z3s42l-ff35c7d19bd9caeaa3668d7cacfff651 .av-image-caption-overlay-center{\ncolor:#ffffff;\n}\n<\/style>\n<div  class='avia-image-container av-m1z3s42l-ff35c7d19bd9caeaa3668d7cacfff651 av-styling- av-img-linked avia-align-center  avia-builder-el-23  el_after_av_textblock  avia-builder-el-last '   itemprop=\"image\" itemscope=\"itemscope\" itemtype=\"https:\/\/schema.org\/ImageObject\" ><div class=\"avia-image-container-inner\"><div class=\"avia-image-overlay-wrap\"><a href=\"https:\/\/www.open-sciences-participatives.org\/ecosysteme-sciences-participatives\/\" class='avia_image '  aria-label='propage'><img decoding=\"async\" fetchpriority=\"high\" class='wp-image-16684 avia-img-lazy-loading-not-16684 avia_image ' src=\"https:\/\/www.fredonoccitanie.com\/jevi\/wp-content\/uploads\/sites\/2\/2024\/10\/propage.jpg\" alt='' title='propage'  height=\"622\" width=\"647\"  itemprop=\"thumbnailUrl\" srcset=\"https:\/\/www.fredonoccitanie.com\/jevi\/wp-content\/uploads\/sites\/2\/2024\/10\/propage.jpg 647w, https:\/\/www.fredonoccitanie.com\/jevi\/wp-content\/uploads\/sites\/2\/2024\/10\/propage-300x288.jpg 300w, https:\/\/www.fredonoccitanie.com\/jevi\/wp-content\/uploads\/sites\/2\/2024\/10\/propage-36x36.jpg 36w\" sizes=\"(max-width: 647px) 100vw, 647px\" \/><\/a><\/div><\/div><\/div><\/p><\/div>\n\n<style type=\"text\/css\" data-created_by=\"avia_inline_auto\" id=\"style-css-av-m2rv6c-a1a2bd16338e1388a3daeeada7e73db5\">\n.flex_column.av-m2rv6c-a1a2bd16338e1388a3daeeada7e73db5{\nborder-radius:0px 0px 0px 0px;\npadding:0px 0px 0px 0px;\n}\n<\/style>\n<div  class='flex_column av-m2rv6c-a1a2bd16338e1388a3daeeada7e73db5 av_one_fourth  avia-builder-el-24  el_after_av_one_fourth  el_before_av_one_fourth  flex_column_div av-zero-column-padding  column-top-margin'     ><section  class='av_textblock_section av-m1z3o2bl-efd030df3f184d12092148e05bc88899 '   itemscope=\"itemscope\" itemtype=\"https:\/\/schema.org\/CreativeWork\" ><div class='avia_textblock'  itemprop=\"text\" ><p style=\"text-align: center\"><strong><a href=\"https:\/\/www.obs-saisons.fr\/\">Protocole de suivi du changement des saisons<\/a><\/strong><\/p>\n<p style=\"text-align: center\"><strong><a href=\"https:\/\/www.obs-saisons.fr\/\">Observatoire des saisons<\/a><\/strong><\/p>\n<\/div><\/section><br \/>\n\n<style type=\"text\/css\" data-created_by=\"avia_inline_auto\" id=\"style-css-av-m1z3od0y-3e73b3d70daf509e212d3423aab29c8f\">\n.avia-image-container.av-m1z3od0y-3e73b3d70daf509e212d3423aab29c8f img.avia_image{\nbox-shadow:none;\n}\n.avia-image-container.av-m1z3od0y-3e73b3d70daf509e212d3423aab29c8f .av-image-caption-overlay-center{\ncolor:#ffffff;\n}\n<\/style>\n<div  class='avia-image-container av-m1z3od0y-3e73b3d70daf509e212d3423aab29c8f av-styling- av-img-linked avia-align-center  avia-builder-el-26  el_after_av_textblock  avia-builder-el-last '   itemprop=\"image\" itemscope=\"itemscope\" itemtype=\"https:\/\/schema.org\/ImageObject\" ><div class=\"avia-image-container-inner\"><div class=\"avia-image-overlay-wrap\"><a href=\"https:\/\/www.obs-saisons.fr\/\" class='avia_image '  aria-label='observatoire'><img decoding=\"async\" fetchpriority=\"high\" class='wp-image-16680 avia-img-lazy-loading-not-16680 avia_image ' src=\"https:\/\/www.fredonoccitanie.com\/jevi\/wp-content\/uploads\/sites\/2\/2024\/10\/observatoire.jpg\" alt='' title='observatoire'  height=\"914\" width=\"919\"  itemprop=\"thumbnailUrl\" srcset=\"https:\/\/www.fredonoccitanie.com\/jevi\/wp-content\/uploads\/sites\/2\/2024\/10\/observatoire.jpg 919w, https:\/\/www.fredonoccitanie.com\/jevi\/wp-content\/uploads\/sites\/2\/2024\/10\/observatoire-300x298.jpg 300w, https:\/\/www.fredonoccitanie.com\/jevi\/wp-content\/uploads\/sites\/2\/2024\/10\/observatoire-80x80.jpg 80w, https:\/\/www.fredonoccitanie.com\/jevi\/wp-content\/uploads\/sites\/2\/2024\/10\/observatoire-768x764.jpg 768w, https:\/\/www.fredonoccitanie.com\/jevi\/wp-content\/uploads\/sites\/2\/2024\/10\/observatoire-36x36.jpg 36w, https:\/\/www.fredonoccitanie.com\/jevi\/wp-content\/uploads\/sites\/2\/2024\/10\/observatoire-180x180.jpg 180w, https:\/\/www.fredonoccitanie.com\/jevi\/wp-content\/uploads\/sites\/2\/2024\/10\/observatoire-705x701.jpg 705w\" sizes=\"(max-width: 919px) 100vw, 919px\" \/><\/a><\/div><\/div><\/div><\/p><\/div>\n\n<style type=\"text\/css\" data-created_by=\"avia_inline_auto\" id=\"style-css-av-25rmxn8-1cb80e38205f65b1fb702c0d8b008789\">\n.flex_column.av-25rmxn8-1cb80e38205f65b1fb702c0d8b008789{\nborder-radius:0px 0px 0px 0px;\npadding:0px 0px 0px 0px;\n}\n<\/style>\n<div  class='flex_column av-25rmxn8-1cb80e38205f65b1fb702c0d8b008789 av_one_fourth  avia-builder-el-27  el_after_av_one_fourth  el_before_av_one_fourth  flex_column_div av-zero-column-padding  column-top-margin'     ><section  class='av_textblock_section av-m1z3swtv-4ba302c4ed0794854b009a75e44a3186 '   itemscope=\"itemscope\" itemtype=\"https:\/\/schema.org\/CreativeWork\" ><div class='avia_textblock'  itemprop=\"text\" ><p style=\"text-align: center\"><strong><a href=\"https:\/\/www.vigienature.fr\/fr\/flore\/sauvages-de-ma-rue\">Protocole de suivi de la flore spontan\u00e9e des rues<\/a><\/strong><\/p>\n<p style=\"text-align: center\"><strong><a href=\"https:\/\/www.vigienature.fr\/fr\/flore\/sauvages-de-ma-rue\">Sauvages de ma rue<\/a><\/strong><\/p>\n<\/div><\/section><br \/>\n\n<style type=\"text\/css\" data-created_by=\"avia_inline_auto\" id=\"style-css-av-m1z3ti2p-280dbdb3f2faa5353d82e18e125e5f14\">\n.avia-image-container.av-m1z3ti2p-280dbdb3f2faa5353d82e18e125e5f14 img.avia_image{\nbox-shadow:none;\n}\n.avia-image-container.av-m1z3ti2p-280dbdb3f2faa5353d82e18e125e5f14 .av-image-caption-overlay-center{\ncolor:#ffffff;\n}\n<\/style>\n<div  class='avia-image-container av-m1z3ti2p-280dbdb3f2faa5353d82e18e125e5f14 av-styling- av-img-linked avia-align-center  avia-builder-el-29  el_after_av_textblock  avia-builder-el-last '   itemprop=\"image\" itemscope=\"itemscope\" itemtype=\"https:\/\/schema.org\/ImageObject\" ><div class=\"avia-image-container-inner\"><div class=\"avia-image-overlay-wrap\"><a href=\"https:\/\/www.open-sciences-participatives.org\/ecosysteme-sciences-participatives\/\" class='avia_image '  aria-label='sauvage'><img decoding=\"async\" fetchpriority=\"high\" class='wp-image-16685 avia-img-lazy-loading-not-16685 avia_image ' src=\"https:\/\/www.fredonoccitanie.com\/jevi\/wp-content\/uploads\/sites\/2\/2024\/10\/sauvage.jpg\" alt='' title='sauvage'  height=\"362\" width=\"627\"  itemprop=\"thumbnailUrl\" srcset=\"https:\/\/www.fredonoccitanie.com\/jevi\/wp-content\/uploads\/sites\/2\/2024\/10\/sauvage.jpg 627w, https:\/\/www.fredonoccitanie.com\/jevi\/wp-content\/uploads\/sites\/2\/2024\/10\/sauvage-300x173.jpg 300w\" sizes=\"(max-width: 627px) 100vw, 627px\" \/><\/a><\/div><\/div><\/div><\/p><\/div>\n\n<style type=\"text\/css\" data-created_by=\"avia_inline_auto\" id=\"style-css-av-2tbg72s-1e10096f0790369b127314553f311ef2\">\n.flex_column.av-2tbg72s-1e10096f0790369b127314553f311ef2{\nborder-radius:0px 0px 0px 0px;\npadding:0px 0px 0px 0px;\n}\n<\/style>\n<div  class='flex_column av-2tbg72s-1e10096f0790369b127314553f311ef2 av_one_fourth  avia-builder-el-30  el_after_av_one_fourth  el_before_av_one_fourth  flex_column_div av-zero-column-padding  column-top-margin'     ><section  class='av_textblock_section av-m1z3qtv6-611848430e0771e730ae201399f35549 '   itemscope=\"itemscope\" itemtype=\"https:\/\/schema.org\/CreativeWork\" ><div class='avia_textblock'  itemprop=\"text\" ><p style=\"text-align: center\"><strong><a href=\"https:\/\/pollinisactions.arthropologia.org\/diagnostic\">Diagnostic du potentiel d&rsquo;accueil des pollinisateurs<\/a><\/strong><\/p>\n<p style=\"text-align: center\"><strong><a href=\"https:\/\/pollinisactions.arthropologia.org\/diagnostic\">Diagnostic pollinis&rsquo;Actions<\/a><\/strong><\/p>\n<\/div><\/section><br \/>\n\n<style type=\"text\/css\" data-created_by=\"avia_inline_auto\" id=\"style-css-av-m1z3r1ea-49dba5b7fe5b7e15cf64d5492008216e\">\n.avia-image-container.av-m1z3r1ea-49dba5b7fe5b7e15cf64d5492008216e img.avia_image{\nbox-shadow:none;\n}\n.avia-image-container.av-m1z3r1ea-49dba5b7fe5b7e15cf64d5492008216e .av-image-caption-overlay-center{\ncolor:#ffffff;\n}\n<\/style>\n<div  class='avia-image-container av-m1z3r1ea-49dba5b7fe5b7e15cf64d5492008216e av-styling- av-img-linked avia-align-center  avia-builder-el-32  el_after_av_textblock  avia-builder-el-last '   itemprop=\"image\" itemscope=\"itemscope\" itemtype=\"https:\/\/schema.org\/ImageObject\" ><div class=\"avia-image-container-inner\"><div class=\"avia-image-overlay-wrap\"><a href=\"https:\/\/www.open-sciences-participatives.org\/ecosysteme-sciences-participatives\/\" class='avia_image '  aria-label='polliniz'><img decoding=\"async\" fetchpriority=\"high\" class='wp-image-16683 avia-img-lazy-loading-not-16683 avia_image ' src=\"https:\/\/www.fredonoccitanie.com\/jevi\/wp-content\/uploads\/sites\/2\/2024\/10\/polliniz.jpg\" alt='' title='polliniz'  height=\"660\" width=\"901\"  itemprop=\"thumbnailUrl\" srcset=\"https:\/\/www.fredonoccitanie.com\/jevi\/wp-content\/uploads\/sites\/2\/2024\/10\/polliniz.jpg 901w, https:\/\/www.fredonoccitanie.com\/jevi\/wp-content\/uploads\/sites\/2\/2024\/10\/polliniz-300x220.jpg 300w, https:\/\/www.fredonoccitanie.com\/jevi\/wp-content\/uploads\/sites\/2\/2024\/10\/polliniz-768x563.jpg 768w, https:\/\/www.fredonoccitanie.com\/jevi\/wp-content\/uploads\/sites\/2\/2024\/10\/polliniz-705x516.jpg 705w\" sizes=\"(max-width: 901px) 100vw, 901px\" \/><\/a><\/div><\/div><\/div><\/p><\/div>\n\n<style type=\"text\/css\" data-created_by=\"avia_inline_auto\" id=\"style-css-av-19vmx04-2761f4231ba670ff224dacc9e228d555\">\n.flex_column.av-19vmx04-2761f4231ba670ff224dacc9e228d555{\nborder-radius:0px 0px 0px 0px;\npadding:0px 0px 0px 0px;\n}\n<\/style>\n<div  class='flex_column av-19vmx04-2761f4231ba670ff224dacc9e228d555 av_one_fourth  avia-builder-el-33  el_after_av_one_fourth  el_before_av_one_fourth  first flex_column_div av-zero-column-padding  column-top-margin'     ><section  class='av_textblock_section av-m1z3vz5w-3f83b9f3f5807f0860e3433a129895d0 '   itemscope=\"itemscope\" itemtype=\"https:\/\/schema.org\/CreativeWork\" ><div class='avia_textblock'  itemprop=\"text\" ><p style=\"text-align: center\"><strong><a href=\"https:\/\/www.spipoll.org\/\">Protocole d&rsquo;\u00e9tude des r\u00e9seaux de pollinisation<\/a><\/strong><\/p>\n<p style=\"text-align: center\"><a href=\"https:\/\/www.spipoll.org\/\"><strong>le SPIPOLL<\/strong><\/a><\/p>\n<\/div><\/section><br \/>\n\n<style type=\"text\/css\" data-created_by=\"avia_inline_auto\" id=\"style-css-av-m1z3wbrv-59fcb891603c01bed8210bd4c0a70698\">\n.avia-image-container.av-m1z3wbrv-59fcb891603c01bed8210bd4c0a70698 img.avia_image{\nbox-shadow:none;\n}\n.avia-image-container.av-m1z3wbrv-59fcb891603c01bed8210bd4c0a70698 .av-image-caption-overlay-center{\ncolor:#ffffff;\n}\n<\/style>\n<div  class='avia-image-container av-m1z3wbrv-59fcb891603c01bed8210bd4c0a70698 av-styling- av-img-linked avia-align-center  avia-builder-el-35  el_after_av_textblock  avia-builder-el-last '   itemprop=\"image\" itemscope=\"itemscope\" itemtype=\"https:\/\/schema.org\/ImageObject\" ><div class=\"avia-image-container-inner\"><div class=\"avia-image-overlay-wrap\"><a href=\"https:\/\/www.spipoll.org\/\" class='avia_image '  aria-label='spiroll'><img decoding=\"async\" fetchpriority=\"high\" class='wp-image-16687 avia-img-lazy-loading-not-16687 avia_image ' src=\"https:\/\/www.fredonoccitanie.com\/jevi\/wp-content\/uploads\/sites\/2\/2024\/10\/spiroll.jpg\" alt='' title='spiroll'  height=\"431\" width=\"388\"  itemprop=\"thumbnailUrl\" srcset=\"https:\/\/www.fredonoccitanie.com\/jevi\/wp-content\/uploads\/sites\/2\/2024\/10\/spiroll.jpg 388w, https:\/\/www.fredonoccitanie.com\/jevi\/wp-content\/uploads\/sites\/2\/2024\/10\/spiroll-270x300.jpg 270w\" sizes=\"(max-width: 388px) 100vw, 388px\" \/><\/a><\/div><\/div><\/div><\/p><\/div>\n\n<style type=\"text\/css\" data-created_by=\"avia_inline_auto\" id=\"style-css-av-cmecms-cadbc602fb420aa6101e106b1350b32f\">\n.flex_column.av-cmecms-cadbc602fb420aa6101e106b1350b32f{\nborder-radius:0px 0px 0px 0px;\npadding:0px 0px 0px 0px;\n}\n<\/style>\n<div  class='flex_column av-cmecms-cadbc602fb420aa6101e106b1350b32f av_one_fourth  avia-builder-el-36  el_after_av_one_fourth  el_before_av_one_fourth  flex_column_div av-zero-column-padding  column-top-margin'     ><section  class='av_textblock_section av-m1z3pq61-e891527f4d41588df8979792d8815e38 '   itemscope=\"itemscope\" itemtype=\"https:\/\/schema.org\/CreativeWork\" ><div class='avia_textblock'  itemprop=\"text\" ><p style=\"text-align: center\"><a href=\"https:\/\/www.open-sciences-participatives.org\/ecosysteme-sciences-participatives\/\"><strong>Sciences participatives : observatoires &amp; acteurs<\/strong><\/a><\/p>\n<\/div><\/section><br \/>\n\n<style type=\"text\/css\" data-created_by=\"avia_inline_auto\" id=\"style-css-av-m1z3q0lm-b27fb7b45f3195ea1d42147a9565a414\">\n.avia-image-container.av-m1z3q0lm-b27fb7b45f3195ea1d42147a9565a414 img.avia_image{\nbox-shadow:none;\n}\n.avia-image-container.av-m1z3q0lm-b27fb7b45f3195ea1d42147a9565a414 .av-image-caption-overlay-center{\ncolor:#ffffff;\n}\n<\/style>\n<div  class='avia-image-container av-m1z3q0lm-b27fb7b45f3195ea1d42147a9565a414 av-styling- av-img-linked avia-align-center  avia-builder-el-38  el_after_av_textblock  avia-builder-el-last '   itemprop=\"image\" itemscope=\"itemscope\" itemtype=\"https:\/\/schema.org\/ImageObject\" ><div class=\"avia-image-container-inner\"><div class=\"avia-image-overlay-wrap\"><a href=\"https:\/\/www.open-sciences-participatives.org\/ecosysteme-sciences-participatives\/\" class='avia_image '  aria-label='OPEN'><img decoding=\"async\" fetchpriority=\"high\" class='wp-image-16682 avia-img-lazy-loading-not-16682 avia_image ' src=\"https:\/\/www.fredonoccitanie.com\/jevi\/wp-content\/uploads\/sites\/2\/2024\/10\/OPEN.jpg\" alt='' title='OPEN'  height=\"765\" width=\"801\"  itemprop=\"thumbnailUrl\" srcset=\"https:\/\/www.fredonoccitanie.com\/jevi\/wp-content\/uploads\/sites\/2\/2024\/10\/OPEN.jpg 801w, https:\/\/www.fredonoccitanie.com\/jevi\/wp-content\/uploads\/sites\/2\/2024\/10\/OPEN-300x287.jpg 300w, https:\/\/www.fredonoccitanie.com\/jevi\/wp-content\/uploads\/sites\/2\/2024\/10\/OPEN-768x733.jpg 768w, https:\/\/www.fredonoccitanie.com\/jevi\/wp-content\/uploads\/sites\/2\/2024\/10\/OPEN-705x673.jpg 705w\" sizes=\"(max-width: 801px) 100vw, 801px\" \/><\/a><\/div><\/div><\/div><\/p><\/div>\n\n<style type=\"text\/css\" data-created_by=\"avia_inline_auto\" id=\"style-css-av-1zrxl6c-679e3307e489284024f6703bc516db23\">\n.flex_column.av-1zrxl6c-679e3307e489284024f6703bc516db23{\nborder-radius:0px 0px 0px 0px;\npadding:0px 0px 0px 0px;\n}\n<\/style>\n<div  class='flex_column av-1zrxl6c-679e3307e489284024f6703bc516db23 av_one_fourth  avia-builder-el-39  el_after_av_one_fourth  el_before_av_one_fourth  flex_column_div av-zero-column-padding  column-top-margin'     ><section  class='av_textblock_section av-1l2enqs-95bf34ef82a10b52130042744372c781 '   itemscope=\"itemscope\" itemtype=\"https:\/\/schema.org\/CreativeWork\" ><div class='avia_textblock'  itemprop=\"text\" ><p style=\"text-align: center\"><a href=\"https:\/\/www.chasse-nature-occitanie.fr\/biodiversite-et-observatoire\/projets\/viafauna.php\/\"><strong>Via Fauna<\/strong><\/a><\/p>\n<\/div><\/section><br \/>\n\n<style type=\"text\/css\" data-created_by=\"avia_inline_auto\" id=\"style-css-av-1233gr8-8c6dd56d38335e92fa5a34bbbbf427a2\">\n.avia-image-container.av-1233gr8-8c6dd56d38335e92fa5a34bbbbf427a2 img.avia_image{\nbox-shadow:none;\n}\n.avia-image-container.av-1233gr8-8c6dd56d38335e92fa5a34bbbbf427a2 .av-image-caption-overlay-center{\ncolor:#ffffff;\n}\n<\/style>\n<div  class='avia-image-container av-1233gr8-8c6dd56d38335e92fa5a34bbbbf427a2 av-styling- av-img-linked avia-align-center  avia-builder-el-41  el_after_av_textblock  avia-builder-el-last '   itemprop=\"image\" itemscope=\"itemscope\" itemtype=\"https:\/\/schema.org\/ImageObject\" ><div class=\"avia-image-container-inner\"><div class=\"avia-image-overlay-wrap\"><a href=\"https:\/\/www.chasse-nature-occitanie.fr\/biodiversite-et-observatoire\/projets\/viafauna.php\" class='avia_image '  aria-label='viafauna'><img decoding=\"async\" fetchpriority=\"high\" class='wp-image-16688 avia-img-lazy-loading-not-16688 avia_image ' src=\"https:\/\/www.fredonoccitanie.com\/jevi\/wp-content\/uploads\/sites\/2\/2024\/10\/viafauna.jpg\" alt='' title='viafauna'  height=\"678\" width=\"796\"  itemprop=\"thumbnailUrl\" srcset=\"https:\/\/www.fredonoccitanie.com\/jevi\/wp-content\/uploads\/sites\/2\/2024\/10\/viafauna.jpg 796w, https:\/\/www.fredonoccitanie.com\/jevi\/wp-content\/uploads\/sites\/2\/2024\/10\/viafauna-300x256.jpg 300w, https:\/\/www.fredonoccitanie.com\/jevi\/wp-content\/uploads\/sites\/2\/2024\/10\/viafauna-768x654.jpg 768w, https:\/\/www.fredonoccitanie.com\/jevi\/wp-content\/uploads\/sites\/2\/2024\/10\/viafauna-705x600.jpg 705w\" sizes=\"(max-width: 796px) 100vw, 796px\" \/><\/a><\/div><\/div><\/div><\/p><\/div>\n\n<style type=\"text\/css\" data-created_by=\"avia_inline_auto\" id=\"style-css-av-1lfi71w-8529cd40f84c8fa46a20bf6c19eb47bc\">\n.flex_column.av-1lfi71w-8529cd40f84c8fa46a20bf6c19eb47bc{\nborder-radius:0px 0px 0px 0px;\npadding:0px 0px 0px 0px;\n}\n<\/style>\n<div  class='flex_column av-1lfi71w-8529cd40f84c8fa46a20bf6c19eb47bc av_one_fourth  avia-builder-el-42  el_after_av_one_fourth  el_before_av_hr  flex_column_div av-zero-column-padding  column-top-margin'     ><section  class='av_textblock_section av-m1z3upri-19d868941cd3026a422ab28a8daa0bfd '   itemscope=\"itemscope\" itemtype=\"https:\/\/schema.org\/CreativeWork\" ><div class='avia_textblock'  itemprop=\"text\" ><p style=\"text-align: center\"><strong><a href=\"https:\/\/www.tela-botanica.org\/outils\/smartflore-boite-outils\/\">Cr\u00e9ation de sentier botaniques num\u00e9riques<\/a><\/strong><\/p>\n<p style=\"text-align: center\"><strong><a href=\"https:\/\/www.tela-botanica.org\/outils\/smartflore-boite-outils\/\">Smart\u2019Flore<\/a><\/strong><\/p>\n<\/div><\/section><br \/>\n\n<style type=\"text\/css\" data-created_by=\"avia_inline_auto\" id=\"style-css-av-m1z3uz4q-2f01ff36e5b0ecacc49757f5a56a2cb1\">\n.avia-image-container.av-m1z3uz4q-2f01ff36e5b0ecacc49757f5a56a2cb1 img.avia_image{\nbox-shadow:none;\n}\n.avia-image-container.av-m1z3uz4q-2f01ff36e5b0ecacc49757f5a56a2cb1 .av-image-caption-overlay-center{\ncolor:#ffffff;\n}\n<\/style>\n<div  class='avia-image-container av-m1z3uz4q-2f01ff36e5b0ecacc49757f5a56a2cb1 av-styling- av-img-linked avia-align-center  avia-builder-el-44  el_after_av_textblock  avia-builder-el-last '   itemprop=\"image\" itemscope=\"itemscope\" itemtype=\"https:\/\/schema.org\/ImageObject\" ><div class=\"avia-image-container-inner\"><div class=\"avia-image-overlay-wrap\"><a href=\"https:\/\/www.tela-botanica.org\/outils\/smartflore-boite-outils\/\" class='avia_image '  aria-label='smathflore'><img decoding=\"async\" fetchpriority=\"high\" class='wp-image-16686 avia-img-lazy-loading-not-16686 avia_image ' src=\"https:\/\/www.fredonoccitanie.com\/jevi\/wp-content\/uploads\/sites\/2\/2024\/10\/smathflore.jpg\" alt='' title='smathflore'  height=\"514\" width=\"595\"  itemprop=\"thumbnailUrl\" srcset=\"https:\/\/www.fredonoccitanie.com\/jevi\/wp-content\/uploads\/sites\/2\/2024\/10\/smathflore.jpg 595w, https:\/\/www.fredonoccitanie.com\/jevi\/wp-content\/uploads\/sites\/2\/2024\/10\/smathflore-300x259.jpg 300w\" sizes=\"(max-width: 595px) 100vw, 595px\" \/><\/a><\/div><\/div><\/div><\/p><\/div>\n\n<style type=\"text\/css\" data-created_by=\"avia_inline_auto\" id=\"style-css-av-2m6lspg-4e39316b05017eb385a305eccf5a7cfd\">\n#top .hr.hr-invisible.av-2m6lspg-4e39316b05017eb385a305eccf5a7cfd{\nheight:50px;\n}\n<\/style>\n<div  class='hr av-2m6lspg-4e39316b05017eb385a305eccf5a7cfd hr-invisible  avia-builder-el-45  el_after_av_one_fourth  el_before_av_section  avia-builder-el-last '><span class='hr-inner '><span class=\"hr-inner-style\"><\/span><\/span><\/div>\n<\/div><\/div><\/div><!-- close content main div --><\/div><\/div>\n<style type=\"text\/css\" data-created_by=\"avia_inline_auto\" id=\"style-css-av-1pwdipg-595f66e8d7ddcff116759131e473130b\">\n.avia-section.av-1pwdipg-595f66e8d7ddcff116759131e473130b{\nbackground-color:#f8ead4;\nbackground-image:unset;\n}\n<\/style>\n<div id='av_section_1'  class='avia-section av-1pwdipg-595f66e8d7ddcff116759131e473130b main_color avia-section-default avia-no-border-styling  avia-builder-el-46  el_after_av_hr  el_before_av_section  avia-bg-style-scroll container_wrap fullsize'  ><div class='container av-section-cont-open' ><div class='template-page content  av-content-full alpha units'><div class='post-entry post-entry-type-page post-entry-15220'><div class='entry-content-wrapper clearfix'>\n\n<style type=\"text\/css\" data-created_by=\"avia_inline_auto\" id=\"style-css-av-3u859sx-ced9252370a7b9d7aeb52d341d081ffb\">\n.flex_column.av-3u859sx-ced9252370a7b9d7aeb52d341d081ffb{\nborder-radius:0px 0px 0px 0px;\npadding:0px 0px 0px 0px;\n}\n<\/style>\n<div  class='flex_column av-3u859sx-ced9252370a7b9d7aeb52d341d081ffb av_one_full  avia-builder-el-47  avia-builder-el-no-sibling  first flex_column_div av-zero-column-padding  '     ><section  class='av_textblock_section av-lzcof5nz-089c27e2afe9cf91805e40173d05aaad '   itemscope=\"itemscope\" itemtype=\"https:\/\/schema.org\/CreativeWork\" ><div class='avia_textblock'  itemprop=\"text\" ><h2 id=\"ancre4\" style=\"text-align: center\">G\u00e9rer en faveur de la biodiversit\u00e9<\/h2>\n<\/div><\/section><br \/>\n\n<style type=\"text\/css\" data-created_by=\"avia_inline_auto\" id=\"style-css-av-28kshbo-bf9cae50062edf325634f39c3045d4e6\">\n#top .hr.hr-invisible.av-28kshbo-bf9cae50062edf325634f39c3045d4e6{\nheight:50px;\n}\n<\/style>\n<div  class='hr av-28kshbo-bf9cae50062edf325634f39c3045d4e6 hr-invisible  avia-builder-el-49  el_after_av_textblock  el_before_av_textblock '><span class='hr-inner '><span class=\"hr-inner-style\"><\/span><\/span><\/div><br \/>\n<section  class='av_textblock_section av-m1z35ylb-babe42304052269693787a74bc7018e3 '   itemscope=\"itemscope\" itemtype=\"https:\/\/schema.org\/CreativeWork\" ><div class='avia_textblock'  itemprop=\"text\" ><\/div><\/section><\/p><\/div>\n\n<\/div><\/div><\/div><!-- close content main div --><\/div><\/div>\n<style type=\"text\/css\" data-created_by=\"avia_inline_auto\" id=\"style-css-av-m1z3ekm7-0bc09af1094bdc234013778ac71df241\">\n.avia-section.av-m1z3ekm7-0bc09af1094bdc234013778ac71df241{\nbackground-color:#f8ead4;\nbackground-image:unset;\n}\n<\/style>\n<div id='av_section_2'  class='avia-section av-m1z3ekm7-0bc09af1094bdc234013778ac71df241 main_color avia-section-default avia-no-border-styling  avia-builder-el-51  el_after_av_section  el_before_av_one_full  avia-bg-style-scroll container_wrap fullsize'  ><div class='container av-section-cont-open' ><div class='template-page content  av-content-full alpha units'><div class='post-entry post-entry-type-page post-entry-15220'><div class='entry-content-wrapper clearfix'>\n\n<style type=\"text\/css\" data-created_by=\"avia_inline_auto\" id=\"style-css-av-5hje9r5-6d5a45765932c91ff1ac2241c79005b4\">\n.flex_column.av-5hje9r5-6d5a45765932c91ff1ac2241c79005b4{\nborder-radius:0px 0px 0px 0px;\npadding:0px 0px 0px 0px;\n}\n<\/style>\n<div  class='flex_column av-5hje9r5-6d5a45765932c91ff1ac2241c79005b4 av_one_full  avia-builder-el-52  el_before_av_one_half  avia-builder-el-first  first flex_column_div av-zero-column-padding  '     ><section  class='av_textblock_section av-lzcob4ph-02c516ffea2ee733d209bce78221c3a2 '   itemscope=\"itemscope\" itemtype=\"https:\/\/schema.org\/CreativeWork\" ><div class='avia_textblock'  itemprop=\"text\" ><h2 id=\"ancre1\" style=\"text-align: center\">Outils de communication<\/h2>\n<\/div><\/section><\/div>\n<style type=\"text\/css\" data-created_by=\"avia_inline_auto\" id=\"style-css-av-11rjnmc-5b06c03c983d79e5a6e4fa60a6549526\">\n.flex_column.av-11rjnmc-5b06c03c983d79e5a6e4fa60a6549526{\nborder-radius:0px 0px 0px 0px;\npadding:0px 0px 0px 0px;\n}\n<\/style>\n<div  class='flex_column av-11rjnmc-5b06c03c983d79e5a6e4fa60a6549526 av_one_half  avia-builder-el-54  el_after_av_one_full  el_before_av_one_half  first flex_column_div av-zero-column-padding  column-top-margin'     ><section  class='av_textblock_section av-m1z31l31-620f1c84d9ff6b67436894a4023b1ac7 '   itemscope=\"itemscope\" itemtype=\"https:\/\/schema.org\/CreativeWork\" ><div class='avia_textblock'  itemprop=\"text\" ><p id=\"ancre1\" style=\"text-align: center\"><a href=\"https:\/\/www.ressources.plante-et-cite.fr\/Record.htm?record=19182230124919004129&amp;confirm=on\"><strong>Exposition itin\u00e9rante. Parcs et jardins en gestion \u00e9cologique<\/strong> <\/a><\/p>\n<\/div><\/section><br \/>\n\n<style type=\"text\/css\" data-created_by=\"avia_inline_auto\" id=\"style-css-av-m1z30zqd-7494030fceb2baf4829ea4c6e3791560\">\n.avia-image-container.av-m1z30zqd-7494030fceb2baf4829ea4c6e3791560 img.avia_image{\nbox-shadow:none;\n}\n.avia-image-container.av-m1z30zqd-7494030fceb2baf4829ea4c6e3791560 .av-image-caption-overlay-center{\ncolor:#ffffff;\n}\n<\/style>\n<div  class='avia-image-container av-m1z30zqd-7494030fceb2baf4829ea4c6e3791560 av-styling- av-img-linked avia-align-center  avia-builder-el-56  el_after_av_textblock  avia-builder-el-last '   itemprop=\"image\" itemscope=\"itemscope\" itemtype=\"https:\/\/schema.org\/ImageObject\" ><div class=\"avia-image-container-inner\"><div class=\"avia-image-overlay-wrap\"><a href=\"https:\/\/www.ressources.plante-et-cite.fr\/Record.htm?record=19182230124919004129&amp;confirm=on\" class='avia_image '  aria-label='expo'><img decoding=\"async\" fetchpriority=\"high\" class='wp-image-16579 avia-img-lazy-loading-not-16579 avia_image ' src=\"https:\/\/www.fredonoccitanie.com\/jevi\/wp-content\/uploads\/sites\/2\/2024\/10\/expo.png\" alt='' title='expo'  height=\"333\" width=\"203\"  itemprop=\"thumbnailUrl\" srcset=\"https:\/\/www.fredonoccitanie.com\/jevi\/wp-content\/uploads\/sites\/2\/2024\/10\/expo.png 203w, https:\/\/www.fredonoccitanie.com\/jevi\/wp-content\/uploads\/sites\/2\/2024\/10\/expo-183x300.png 183w\" sizes=\"(max-width: 203px) 100vw, 203px\" \/><\/a><\/div><\/div><\/div><\/p><\/div>\n<style type=\"text\/css\" data-created_by=\"avia_inline_auto\" id=\"style-css-av-ilooz8-61a6cd746ffe9ed84313f6d25c700abd\">\n.flex_column.av-ilooz8-61a6cd746ffe9ed84313f6d25c700abd{\nborder-radius:0px 0px 0px 0px;\npadding:0px 0px 0px 0px;\n}\n<\/style>\n<div  class='flex_column av-ilooz8-61a6cd746ffe9ed84313f6d25c700abd av_one_half  avia-builder-el-57  el_after_av_one_half  avia-builder-el-last  flex_column_div av-zero-column-padding  column-top-margin'     ><section  class='av_textblock_section av-m1z2zpyd-54b8ed8e0e09d9cff3e0acc7e426e5f7 '   itemscope=\"itemscope\" itemtype=\"https:\/\/schema.org\/CreativeWork\" ><div class='avia_textblock'  itemprop=\"text\" ><p id=\"ancre1\" style=\"text-align: center\"><strong>Les Fran\u00e7ais connaissent la notion et consid\u00e8rent qu\u2019il est encore temps d\u2019agir &#8211; OFB<\/strong><\/p>\n<\/div><\/section><br \/>\n\n<style type=\"text\/css\" data-created_by=\"avia_inline_auto\" id=\"style-css-av-m1z30glw-b0f3f89f0648c78fe6faab2410cead1e\">\n#top .avia-gallery.av-m1z30glw-b0f3f89f0648c78fe6faab2410cead1e .avia-gallery-thumb a{\nwidth:20%;\n}\n<\/style>\n<div  class='avia-gallery av-m1z30glw-b0f3f89f0648c78fe6faab2410cead1e avia_animate_when_visible  avia-builder-el-59  el_after_av_textblock  avia-builder-el-last  avia_lazyload avia-gallery-animate avia-gallery-1'  itemprop=\"image\" itemscope=\"itemscope\" itemtype=\"https:\/\/schema.org\/ImageObject\" ><meta itemprop=\"contentURL\" content=\"https:\/\/www.fredonoccitanie.com\/jevi\/accueil-de-la-biodiversite\/\"><div class='avia-gallery-thumb'><a href=\"https:\/\/www.fredonoccitanie.com\/jevi\/wp-content\/uploads\/sites\/2\/2024\/10\/28268_OFB_Barometre-Biodiversite_Declis-1920x1080px-Maj-2-1030x586.jpg\" data-srcset=\"https:\/\/www.fredonoccitanie.com\/jevi\/wp-content\/uploads\/sites\/2\/2024\/10\/28268_OFB_Barometre-Biodiversite_Declis-1920x1080px-Maj-2-1030x586.jpg 1030w, https:\/\/www.fredonoccitanie.com\/jevi\/wp-content\/uploads\/sites\/2\/2024\/10\/28268_OFB_Barometre-Biodiversite_Declis-1920x1080px-Maj-2-300x171.jpg 300w, https:\/\/www.fredonoccitanie.com\/jevi\/wp-content\/uploads\/sites\/2\/2024\/10\/28268_OFB_Barometre-Biodiversite_Declis-1920x1080px-Maj-2-768x437.jpg 768w, https:\/\/www.fredonoccitanie.com\/jevi\/wp-content\/uploads\/sites\/2\/2024\/10\/28268_OFB_Barometre-Biodiversite_Declis-1920x1080px-Maj-2-1536x874.jpg 1536w, https:\/\/www.fredonoccitanie.com\/jevi\/wp-content\/uploads\/sites\/2\/2024\/10\/28268_OFB_Barometre-Biodiversite_Declis-1920x1080px-Maj-2-1500x853.jpg 1500w, https:\/\/www.fredonoccitanie.com\/jevi\/wp-content\/uploads\/sites\/2\/2024\/10\/28268_OFB_Barometre-Biodiversite_Declis-1920x1080px-Maj-2-705x401.jpg 705w, https:\/\/www.fredonoccitanie.com\/jevi\/wp-content\/uploads\/sites\/2\/2024\/10\/28268_OFB_Barometre-Biodiversite_Declis-1920x1080px-Maj-2.jpg 1948w\" data-sizes=\"(max-width: 1030px) 100vw, 1030px\" data-rel='gallery-1' data-prev-img='https:\/\/www.fredonoccitanie.com\/jevi\/wp-content\/uploads\/sites\/2\/2024\/10\/28268_OFB_Barometre-Biodiversite_Declis-1920x1080px-Maj-2-495x400.jpg' class='first_thumb lightbox ' data-onclick='1' title='28268_OFB_Barome\u0300tre Biodiversite\u0301_De\u0301clis-1920x1080px-Maj-2'  itemprop=\"thumbnailUrl\"  ><img decoding=\"async\" fetchpriority=\"high\" class=\"wp-image-16672 avia-img-lazy-loading-not-16672\"   src=\"https:\/\/www.fredonoccitanie.com\/jevi\/wp-content\/uploads\/sites\/2\/2024\/10\/28268_OFB_Barometre-Biodiversite_Declis-1920x1080px-Maj-2-180x180.jpg\" width=\"180\" height=\"180\"  title='28268_OFB_Barome\u0300tre Biodiversite\u0301_De\u0301clis-1920x1080px-Maj-2' alt='' srcset=\"https:\/\/www.fredonoccitanie.com\/jevi\/wp-content\/uploads\/sites\/2\/2024\/10\/28268_OFB_Barometre-Biodiversite_Declis-1920x1080px-Maj-2-180x180.jpg 180w, https:\/\/www.fredonoccitanie.com\/jevi\/wp-content\/uploads\/sites\/2\/2024\/10\/28268_OFB_Barometre-Biodiversite_Declis-1920x1080px-Maj-2-80x80.jpg 80w, https:\/\/www.fredonoccitanie.com\/jevi\/wp-content\/uploads\/sites\/2\/2024\/10\/28268_OFB_Barometre-Biodiversite_Declis-1920x1080px-Maj-2-36x36.jpg 36w\" sizes=\"(max-width: 180px) 100vw, 180px\" \/><div class='big-prev-fake'><img decoding=\"async\" loading=\"lazy\" class=\"wp-image-16672 avia-img-lazy-loading-16672\"  width=\"495\" height=\"400\" src=\"https:\/\/www.fredonoccitanie.com\/jevi\/wp-content\/uploads\/sites\/2\/2024\/10\/28268_OFB_Barometre-Biodiversite_Declis-1920x1080px-Maj-2-495x400.jpg\" title='28268_OFB_Barome\u0300tre Biodiversite\u0301_De\u0301clis-1920x1080px-Maj-2' alt='' srcset=\"https:\/\/www.fredonoccitanie.com\/jevi\/wp-content\/uploads\/sites\/2\/2024\/10\/28268_OFB_Barometre-Biodiversite_Declis-1920x1080px-Maj-2-495x400.jpg 495w, https:\/\/www.fredonoccitanie.com\/jevi\/wp-content\/uploads\/sites\/2\/2024\/10\/28268_OFB_Barometre-Biodiversite_Declis-1920x1080px-Maj-2-845x684.jpg 845w\" sizes=\"auto, (max-width: 495px) 100vw, 495px\" \/><\/div><\/a><a href=\"https:\/\/www.fredonoccitanie.com\/jevi\/wp-content\/uploads\/sites\/2\/2024\/10\/28268_OFB_Barometre-Biodiversite_Declis-1920x1080px-Maj2-1030x586.jpg\" data-srcset=\"https:\/\/www.fredonoccitanie.com\/jevi\/wp-content\/uploads\/sites\/2\/2024\/10\/28268_OFB_Barometre-Biodiversite_Declis-1920x1080px-Maj2-1030x586.jpg 1030w, https:\/\/www.fredonoccitanie.com\/jevi\/wp-content\/uploads\/sites\/2\/2024\/10\/28268_OFB_Barometre-Biodiversite_Declis-1920x1080px-Maj2-300x171.jpg 300w, https:\/\/www.fredonoccitanie.com\/jevi\/wp-content\/uploads\/sites\/2\/2024\/10\/28268_OFB_Barometre-Biodiversite_Declis-1920x1080px-Maj2-768x437.jpg 768w, https:\/\/www.fredonoccitanie.com\/jevi\/wp-content\/uploads\/sites\/2\/2024\/10\/28268_OFB_Barometre-Biodiversite_Declis-1920x1080px-Maj2-1536x874.jpg 1536w, https:\/\/www.fredonoccitanie.com\/jevi\/wp-content\/uploads\/sites\/2\/2024\/10\/28268_OFB_Barometre-Biodiversite_Declis-1920x1080px-Maj2-1500x853.jpg 1500w, https:\/\/www.fredonoccitanie.com\/jevi\/wp-content\/uploads\/sites\/2\/2024\/10\/28268_OFB_Barometre-Biodiversite_Declis-1920x1080px-Maj2-705x401.jpg 705w, https:\/\/www.fredonoccitanie.com\/jevi\/wp-content\/uploads\/sites\/2\/2024\/10\/28268_OFB_Barometre-Biodiversite_Declis-1920x1080px-Maj2.jpg 1948w\" data-sizes=\"(max-width: 1030px) 100vw, 1030px\" data-rel='gallery-1' data-prev-img='https:\/\/www.fredonoccitanie.com\/jevi\/wp-content\/uploads\/sites\/2\/2024\/10\/28268_OFB_Barometre-Biodiversite_Declis-1920x1080px-Maj2-495x400.jpg' class='lightbox ' data-onclick='2' title='28268_OFB_Barome\u0300tre Biodiversite\u0301_De\u0301clis-1920x1080px-Maj2'  itemprop=\"thumbnailUrl\"  ><img decoding=\"async\" fetchpriority=\"high\" class=\"wp-image-16671 avia-img-lazy-loading-not-16671\"   src=\"https:\/\/www.fredonoccitanie.com\/jevi\/wp-content\/uploads\/sites\/2\/2024\/10\/28268_OFB_Barometre-Biodiversite_Declis-1920x1080px-Maj2-180x180.jpg\" width=\"180\" height=\"180\"  title='28268_OFB_Barome\u0300tre Biodiversite\u0301_De\u0301clis-1920x1080px-Maj2' alt='' srcset=\"https:\/\/www.fredonoccitanie.com\/jevi\/wp-content\/uploads\/sites\/2\/2024\/10\/28268_OFB_Barometre-Biodiversite_Declis-1920x1080px-Maj2-180x180.jpg 180w, https:\/\/www.fredonoccitanie.com\/jevi\/wp-content\/uploads\/sites\/2\/2024\/10\/28268_OFB_Barometre-Biodiversite_Declis-1920x1080px-Maj2-80x80.jpg 80w, https:\/\/www.fredonoccitanie.com\/jevi\/wp-content\/uploads\/sites\/2\/2024\/10\/28268_OFB_Barometre-Biodiversite_Declis-1920x1080px-Maj2-36x36.jpg 36w\" sizes=\"(max-width: 180px) 100vw, 180px\" \/><div class='big-prev-fake'><img decoding=\"async\" loading=\"lazy\" class=\"wp-image-16671 avia-img-lazy-loading-16671\"  width=\"495\" height=\"400\" src=\"https:\/\/www.fredonoccitanie.com\/jevi\/wp-content\/uploads\/sites\/2\/2024\/10\/28268_OFB_Barometre-Biodiversite_Declis-1920x1080px-Maj2-495x400.jpg\" title='28268_OFB_Barome\u0300tre Biodiversite\u0301_De\u0301clis-1920x1080px-Maj2' alt='' srcset=\"https:\/\/www.fredonoccitanie.com\/jevi\/wp-content\/uploads\/sites\/2\/2024\/10\/28268_OFB_Barometre-Biodiversite_Declis-1920x1080px-Maj2-495x400.jpg 495w, https:\/\/www.fredonoccitanie.com\/jevi\/wp-content\/uploads\/sites\/2\/2024\/10\/28268_OFB_Barometre-Biodiversite_Declis-1920x1080px-Maj2-845x684.jpg 845w\" sizes=\"auto, (max-width: 495px) 100vw, 495px\" \/><\/div><\/a><a href=\"https:\/\/www.fredonoccitanie.com\/jevi\/wp-content\/uploads\/sites\/2\/2024\/10\/28268_OFB_Barometre-Biodiversite_Declis-1920x1080px-Maj3-2-1030x586.jpg\" data-srcset=\"https:\/\/www.fredonoccitanie.com\/jevi\/wp-content\/uploads\/sites\/2\/2024\/10\/28268_OFB_Barometre-Biodiversite_Declis-1920x1080px-Maj3-2-1030x586.jpg 1030w, https:\/\/www.fredonoccitanie.com\/jevi\/wp-content\/uploads\/sites\/2\/2024\/10\/28268_OFB_Barometre-Biodiversite_Declis-1920x1080px-Maj3-2-300x171.jpg 300w, https:\/\/www.fredonoccitanie.com\/jevi\/wp-content\/uploads\/sites\/2\/2024\/10\/28268_OFB_Barometre-Biodiversite_Declis-1920x1080px-Maj3-2-768x437.jpg 768w, https:\/\/www.fredonoccitanie.com\/jevi\/wp-content\/uploads\/sites\/2\/2024\/10\/28268_OFB_Barometre-Biodiversite_Declis-1920x1080px-Maj3-2-1536x874.jpg 1536w, https:\/\/www.fredonoccitanie.com\/jevi\/wp-content\/uploads\/sites\/2\/2024\/10\/28268_OFB_Barometre-Biodiversite_Declis-1920x1080px-Maj3-2-1500x853.jpg 1500w, https:\/\/www.fredonoccitanie.com\/jevi\/wp-content\/uploads\/sites\/2\/2024\/10\/28268_OFB_Barometre-Biodiversite_Declis-1920x1080px-Maj3-2-705x401.jpg 705w, https:\/\/www.fredonoccitanie.com\/jevi\/wp-content\/uploads\/sites\/2\/2024\/10\/28268_OFB_Barometre-Biodiversite_Declis-1920x1080px-Maj3-2.jpg 1948w\" data-sizes=\"(max-width: 1030px) 100vw, 1030px\" data-rel='gallery-1' data-prev-img='https:\/\/www.fredonoccitanie.com\/jevi\/wp-content\/uploads\/sites\/2\/2024\/10\/28268_OFB_Barometre-Biodiversite_Declis-1920x1080px-Maj3-2-495x400.jpg' class='lightbox ' data-onclick='3' title='28268_OFB_Barome\u0300tre Biodiversite\u0301_De\u0301clis-1920x1080px-Maj3-2'  itemprop=\"thumbnailUrl\"  ><img decoding=\"async\" fetchpriority=\"high\" class=\"wp-image-16670 avia-img-lazy-loading-not-16670\"   src=\"https:\/\/www.fredonoccitanie.com\/jevi\/wp-content\/uploads\/sites\/2\/2024\/10\/28268_OFB_Barometre-Biodiversite_Declis-1920x1080px-Maj3-2-180x180.jpg\" width=\"180\" height=\"180\"  title='28268_OFB_Barome\u0300tre Biodiversite\u0301_De\u0301clis-1920x1080px-Maj3-2' alt='' srcset=\"https:\/\/www.fredonoccitanie.com\/jevi\/wp-content\/uploads\/sites\/2\/2024\/10\/28268_OFB_Barometre-Biodiversite_Declis-1920x1080px-Maj3-2-180x180.jpg 180w, https:\/\/www.fredonoccitanie.com\/jevi\/wp-content\/uploads\/sites\/2\/2024\/10\/28268_OFB_Barometre-Biodiversite_Declis-1920x1080px-Maj3-2-80x80.jpg 80w, https:\/\/www.fredonoccitanie.com\/jevi\/wp-content\/uploads\/sites\/2\/2024\/10\/28268_OFB_Barometre-Biodiversite_Declis-1920x1080px-Maj3-2-36x36.jpg 36w\" sizes=\"(max-width: 180px) 100vw, 180px\" \/><div class='big-prev-fake'><img decoding=\"async\" loading=\"lazy\" class=\"wp-image-16670 avia-img-lazy-loading-16670\"  width=\"495\" height=\"400\" src=\"https:\/\/www.fredonoccitanie.com\/jevi\/wp-content\/uploads\/sites\/2\/2024\/10\/28268_OFB_Barometre-Biodiversite_Declis-1920x1080px-Maj3-2-495x400.jpg\" title='28268_OFB_Barome\u0300tre Biodiversite\u0301_De\u0301clis-1920x1080px-Maj3-2' alt='' srcset=\"https:\/\/www.fredonoccitanie.com\/jevi\/wp-content\/uploads\/sites\/2\/2024\/10\/28268_OFB_Barometre-Biodiversite_Declis-1920x1080px-Maj3-2-495x400.jpg 495w, https:\/\/www.fredonoccitanie.com\/jevi\/wp-content\/uploads\/sites\/2\/2024\/10\/28268_OFB_Barometre-Biodiversite_Declis-1920x1080px-Maj3-2-845x684.jpg 845w\" sizes=\"auto, (max-width: 495px) 100vw, 495px\" \/><\/div><\/a><a href=\"https:\/\/www.fredonoccitanie.com\/jevi\/wp-content\/uploads\/sites\/2\/2024\/10\/28268_OFB_Barometre-Biodiversite_Declis-1920x1080px-Maj4-2-1030x586.jpg\" data-srcset=\"https:\/\/www.fredonoccitanie.com\/jevi\/wp-content\/uploads\/sites\/2\/2024\/10\/28268_OFB_Barometre-Biodiversite_Declis-1920x1080px-Maj4-2-1030x586.jpg 1030w, https:\/\/www.fredonoccitanie.com\/jevi\/wp-content\/uploads\/sites\/2\/2024\/10\/28268_OFB_Barometre-Biodiversite_Declis-1920x1080px-Maj4-2-300x171.jpg 300w, https:\/\/www.fredonoccitanie.com\/jevi\/wp-content\/uploads\/sites\/2\/2024\/10\/28268_OFB_Barometre-Biodiversite_Declis-1920x1080px-Maj4-2-768x437.jpg 768w, https:\/\/www.fredonoccitanie.com\/jevi\/wp-content\/uploads\/sites\/2\/2024\/10\/28268_OFB_Barometre-Biodiversite_Declis-1920x1080px-Maj4-2-1536x874.jpg 1536w, https:\/\/www.fredonoccitanie.com\/jevi\/wp-content\/uploads\/sites\/2\/2024\/10\/28268_OFB_Barometre-Biodiversite_Declis-1920x1080px-Maj4-2-1500x853.jpg 1500w, https:\/\/www.fredonoccitanie.com\/jevi\/wp-content\/uploads\/sites\/2\/2024\/10\/28268_OFB_Barometre-Biodiversite_Declis-1920x1080px-Maj4-2-705x401.jpg 705w, https:\/\/www.fredonoccitanie.com\/jevi\/wp-content\/uploads\/sites\/2\/2024\/10\/28268_OFB_Barometre-Biodiversite_Declis-1920x1080px-Maj4-2.jpg 1948w\" data-sizes=\"(max-width: 1030px) 100vw, 1030px\" data-rel='gallery-1' data-prev-img='https:\/\/www.fredonoccitanie.com\/jevi\/wp-content\/uploads\/sites\/2\/2024\/10\/28268_OFB_Barometre-Biodiversite_Declis-1920x1080px-Maj4-2-495x400.jpg' class='lightbox ' data-onclick='4' title='28268_OFB_Barome\u0300tre Biodiversite\u0301_De\u0301clis-1920x1080px-Maj4-2'  itemprop=\"thumbnailUrl\"  ><img decoding=\"async\" fetchpriority=\"high\" class=\"wp-image-16669 avia-img-lazy-loading-not-16669\"   src=\"https:\/\/www.fredonoccitanie.com\/jevi\/wp-content\/uploads\/sites\/2\/2024\/10\/28268_OFB_Barometre-Biodiversite_Declis-1920x1080px-Maj4-2-180x180.jpg\" width=\"180\" height=\"180\"  title='28268_OFB_Barome\u0300tre Biodiversite\u0301_De\u0301clis-1920x1080px-Maj4-2' alt='' srcset=\"https:\/\/www.fredonoccitanie.com\/jevi\/wp-content\/uploads\/sites\/2\/2024\/10\/28268_OFB_Barometre-Biodiversite_Declis-1920x1080px-Maj4-2-180x180.jpg 180w, https:\/\/www.fredonoccitanie.com\/jevi\/wp-content\/uploads\/sites\/2\/2024\/10\/28268_OFB_Barometre-Biodiversite_Declis-1920x1080px-Maj4-2-80x80.jpg 80w, https:\/\/www.fredonoccitanie.com\/jevi\/wp-content\/uploads\/sites\/2\/2024\/10\/28268_OFB_Barometre-Biodiversite_Declis-1920x1080px-Maj4-2-36x36.jpg 36w\" sizes=\"(max-width: 180px) 100vw, 180px\" \/><div class='big-prev-fake'><img decoding=\"async\" loading=\"lazy\" class=\"wp-image-16669 avia-img-lazy-loading-16669\"  width=\"495\" height=\"400\" src=\"https:\/\/www.fredonoccitanie.com\/jevi\/wp-content\/uploads\/sites\/2\/2024\/10\/28268_OFB_Barometre-Biodiversite_Declis-1920x1080px-Maj4-2-495x400.jpg\" title='28268_OFB_Barome\u0300tre Biodiversite\u0301_De\u0301clis-1920x1080px-Maj4-2' alt='' srcset=\"https:\/\/www.fredonoccitanie.com\/jevi\/wp-content\/uploads\/sites\/2\/2024\/10\/28268_OFB_Barometre-Biodiversite_Declis-1920x1080px-Maj4-2-495x400.jpg 495w, https:\/\/www.fredonoccitanie.com\/jevi\/wp-content\/uploads\/sites\/2\/2024\/10\/28268_OFB_Barometre-Biodiversite_Declis-1920x1080px-Maj4-2-845x684.jpg 845w\" sizes=\"auto, (max-width: 495px) 100vw, 495px\" \/><\/div><\/a><a href=\"https:\/\/www.fredonoccitanie.com\/jevi\/wp-content\/uploads\/sites\/2\/2024\/10\/28268_OFB_Barometre-Biodiversite_Declis-1920x1080px-Maj5-2-1030x586.jpg\" data-srcset=\"https:\/\/www.fredonoccitanie.com\/jevi\/wp-content\/uploads\/sites\/2\/2024\/10\/28268_OFB_Barometre-Biodiversite_Declis-1920x1080px-Maj5-2-1030x586.jpg 1030w, https:\/\/www.fredonoccitanie.com\/jevi\/wp-content\/uploads\/sites\/2\/2024\/10\/28268_OFB_Barometre-Biodiversite_Declis-1920x1080px-Maj5-2-300x171.jpg 300w, https:\/\/www.fredonoccitanie.com\/jevi\/wp-content\/uploads\/sites\/2\/2024\/10\/28268_OFB_Barometre-Biodiversite_Declis-1920x1080px-Maj5-2-768x437.jpg 768w, https:\/\/www.fredonoccitanie.com\/jevi\/wp-content\/uploads\/sites\/2\/2024\/10\/28268_OFB_Barometre-Biodiversite_Declis-1920x1080px-Maj5-2-1536x874.jpg 1536w, https:\/\/www.fredonoccitanie.com\/jevi\/wp-content\/uploads\/sites\/2\/2024\/10\/28268_OFB_Barometre-Biodiversite_Declis-1920x1080px-Maj5-2-1500x853.jpg 1500w, https:\/\/www.fredonoccitanie.com\/jevi\/wp-content\/uploads\/sites\/2\/2024\/10\/28268_OFB_Barometre-Biodiversite_Declis-1920x1080px-Maj5-2-705x401.jpg 705w, https:\/\/www.fredonoccitanie.com\/jevi\/wp-content\/uploads\/sites\/2\/2024\/10\/28268_OFB_Barometre-Biodiversite_Declis-1920x1080px-Maj5-2.jpg 1948w\" data-sizes=\"(max-width: 1030px) 100vw, 1030px\" data-rel='gallery-1' data-prev-img='https:\/\/www.fredonoccitanie.com\/jevi\/wp-content\/uploads\/sites\/2\/2024\/10\/28268_OFB_Barometre-Biodiversite_Declis-1920x1080px-Maj5-2-495x400.jpg' class='lightbox ' data-onclick='5' title='28268_OFB_Barome\u0300tre Biodiversite\u0301_De\u0301clis-1920x1080px-Maj5-2'  itemprop=\"thumbnailUrl\"  ><img decoding=\"async\" fetchpriority=\"high\" class=\"wp-image-16668 avia-img-lazy-loading-not-16668\"   src=\"https:\/\/www.fredonoccitanie.com\/jevi\/wp-content\/uploads\/sites\/2\/2024\/10\/28268_OFB_Barometre-Biodiversite_Declis-1920x1080px-Maj5-2-180x180.jpg\" width=\"180\" height=\"180\"  title='28268_OFB_Barome\u0300tre Biodiversite\u0301_De\u0301clis-1920x1080px-Maj5-2' alt='' srcset=\"https:\/\/www.fredonoccitanie.com\/jevi\/wp-content\/uploads\/sites\/2\/2024\/10\/28268_OFB_Barometre-Biodiversite_Declis-1920x1080px-Maj5-2-180x180.jpg 180w, https:\/\/www.fredonoccitanie.com\/jevi\/wp-content\/uploads\/sites\/2\/2024\/10\/28268_OFB_Barometre-Biodiversite_Declis-1920x1080px-Maj5-2-80x80.jpg 80w, https:\/\/www.fredonoccitanie.com\/jevi\/wp-content\/uploads\/sites\/2\/2024\/10\/28268_OFB_Barometre-Biodiversite_Declis-1920x1080px-Maj5-2-36x36.jpg 36w\" sizes=\"(max-width: 180px) 100vw, 180px\" \/><div class='big-prev-fake'><img decoding=\"async\" loading=\"lazy\" class=\"wp-image-16668 avia-img-lazy-loading-16668\"  width=\"495\" height=\"400\" src=\"https:\/\/www.fredonoccitanie.com\/jevi\/wp-content\/uploads\/sites\/2\/2024\/10\/28268_OFB_Barometre-Biodiversite_Declis-1920x1080px-Maj5-2-495x400.jpg\" title='28268_OFB_Barome\u0300tre Biodiversite\u0301_De\u0301clis-1920x1080px-Maj5-2' alt='' srcset=\"https:\/\/www.fredonoccitanie.com\/jevi\/wp-content\/uploads\/sites\/2\/2024\/10\/28268_OFB_Barometre-Biodiversite_Declis-1920x1080px-Maj5-2-495x400.jpg 495w, https:\/\/www.fredonoccitanie.com\/jevi\/wp-content\/uploads\/sites\/2\/2024\/10\/28268_OFB_Barometre-Biodiversite_Declis-1920x1080px-Maj5-2-845x684.jpg 845w\" sizes=\"auto, (max-width: 495px) 100vw, 495px\" \/><\/div><\/a><a href=\"https:\/\/www.fredonoccitanie.com\/jevi\/wp-content\/uploads\/sites\/2\/2024\/10\/28268_OFB_Barometre-Biodiversite_Declis-1920x1080px-Maj6-2-1030x586.jpg\" data-srcset=\"https:\/\/www.fredonoccitanie.com\/jevi\/wp-content\/uploads\/sites\/2\/2024\/10\/28268_OFB_Barometre-Biodiversite_Declis-1920x1080px-Maj6-2-1030x586.jpg 1030w, https:\/\/www.fredonoccitanie.com\/jevi\/wp-content\/uploads\/sites\/2\/2024\/10\/28268_OFB_Barometre-Biodiversite_Declis-1920x1080px-Maj6-2-300x171.jpg 300w, https:\/\/www.fredonoccitanie.com\/jevi\/wp-content\/uploads\/sites\/2\/2024\/10\/28268_OFB_Barometre-Biodiversite_Declis-1920x1080px-Maj6-2-768x437.jpg 768w, https:\/\/www.fredonoccitanie.com\/jevi\/wp-content\/uploads\/sites\/2\/2024\/10\/28268_OFB_Barometre-Biodiversite_Declis-1920x1080px-Maj6-2-1536x874.jpg 1536w, https:\/\/www.fredonoccitanie.com\/jevi\/wp-content\/uploads\/sites\/2\/2024\/10\/28268_OFB_Barometre-Biodiversite_Declis-1920x1080px-Maj6-2-1500x853.jpg 1500w, https:\/\/www.fredonoccitanie.com\/jevi\/wp-content\/uploads\/sites\/2\/2024\/10\/28268_OFB_Barometre-Biodiversite_Declis-1920x1080px-Maj6-2-705x401.jpg 705w, https:\/\/www.fredonoccitanie.com\/jevi\/wp-content\/uploads\/sites\/2\/2024\/10\/28268_OFB_Barometre-Biodiversite_Declis-1920x1080px-Maj6-2.jpg 1948w\" data-sizes=\"(max-width: 1030px) 100vw, 1030px\" data-rel='gallery-1' data-prev-img='https:\/\/www.fredonoccitanie.com\/jevi\/wp-content\/uploads\/sites\/2\/2024\/10\/28268_OFB_Barometre-Biodiversite_Declis-1920x1080px-Maj6-2-495x400.jpg' class='first_thumb lightbox ' data-onclick='6' title='28268_OFB_Barome\u0300tre Biodiversite\u0301_De\u0301clis-1920x1080px-Maj6-2'  itemprop=\"thumbnailUrl\"  ><img decoding=\"async\" fetchpriority=\"high\" class=\"wp-image-16667 avia-img-lazy-loading-not-16667\"   src=\"https:\/\/www.fredonoccitanie.com\/jevi\/wp-content\/uploads\/sites\/2\/2024\/10\/28268_OFB_Barometre-Biodiversite_Declis-1920x1080px-Maj6-2-180x180.jpg\" width=\"180\" height=\"180\"  title='28268_OFB_Barome\u0300tre Biodiversite\u0301_De\u0301clis-1920x1080px-Maj6-2' alt='' srcset=\"https:\/\/www.fredonoccitanie.com\/jevi\/wp-content\/uploads\/sites\/2\/2024\/10\/28268_OFB_Barometre-Biodiversite_Declis-1920x1080px-Maj6-2-180x180.jpg 180w, https:\/\/www.fredonoccitanie.com\/jevi\/wp-content\/uploads\/sites\/2\/2024\/10\/28268_OFB_Barometre-Biodiversite_Declis-1920x1080px-Maj6-2-80x80.jpg 80w, https:\/\/www.fredonoccitanie.com\/jevi\/wp-content\/uploads\/sites\/2\/2024\/10\/28268_OFB_Barometre-Biodiversite_Declis-1920x1080px-Maj6-2-36x36.jpg 36w\" sizes=\"(max-width: 180px) 100vw, 180px\" \/><div class='big-prev-fake'><img decoding=\"async\" loading=\"lazy\" class=\"wp-image-16667 avia-img-lazy-loading-16667\"  width=\"495\" height=\"400\" src=\"https:\/\/www.fredonoccitanie.com\/jevi\/wp-content\/uploads\/sites\/2\/2024\/10\/28268_OFB_Barometre-Biodiversite_Declis-1920x1080px-Maj6-2-495x400.jpg\" title='28268_OFB_Barome\u0300tre Biodiversite\u0301_De\u0301clis-1920x1080px-Maj6-2' alt='' srcset=\"https:\/\/www.fredonoccitanie.com\/jevi\/wp-content\/uploads\/sites\/2\/2024\/10\/28268_OFB_Barometre-Biodiversite_Declis-1920x1080px-Maj6-2-495x400.jpg 495w, https:\/\/www.fredonoccitanie.com\/jevi\/wp-content\/uploads\/sites\/2\/2024\/10\/28268_OFB_Barometre-Biodiversite_Declis-1920x1080px-Maj6-2-845x684.jpg 845w\" sizes=\"auto, (max-width: 495px) 100vw, 495px\" \/><\/div><\/a><a href=\"https:\/\/www.fredonoccitanie.com\/jevi\/wp-content\/uploads\/sites\/2\/2024\/10\/28268_OFB_Barometre-Biodiversite_Declis-1920x1080px-Maj7-1030x586.jpg\" data-srcset=\"https:\/\/www.fredonoccitanie.com\/jevi\/wp-content\/uploads\/sites\/2\/2024\/10\/28268_OFB_Barometre-Biodiversite_Declis-1920x1080px-Maj7-1030x586.jpg 1030w, https:\/\/www.fredonoccitanie.com\/jevi\/wp-content\/uploads\/sites\/2\/2024\/10\/28268_OFB_Barometre-Biodiversite_Declis-1920x1080px-Maj7-300x171.jpg 300w, https:\/\/www.fredonoccitanie.com\/jevi\/wp-content\/uploads\/sites\/2\/2024\/10\/28268_OFB_Barometre-Biodiversite_Declis-1920x1080px-Maj7-768x437.jpg 768w, https:\/\/www.fredonoccitanie.com\/jevi\/wp-content\/uploads\/sites\/2\/2024\/10\/28268_OFB_Barometre-Biodiversite_Declis-1920x1080px-Maj7-1536x874.jpg 1536w, https:\/\/www.fredonoccitanie.com\/jevi\/wp-content\/uploads\/sites\/2\/2024\/10\/28268_OFB_Barometre-Biodiversite_Declis-1920x1080px-Maj7-1500x853.jpg 1500w, https:\/\/www.fredonoccitanie.com\/jevi\/wp-content\/uploads\/sites\/2\/2024\/10\/28268_OFB_Barometre-Biodiversite_Declis-1920x1080px-Maj7-705x401.jpg 705w, https:\/\/www.fredonoccitanie.com\/jevi\/wp-content\/uploads\/sites\/2\/2024\/10\/28268_OFB_Barometre-Biodiversite_Declis-1920x1080px-Maj7.jpg 1948w\" data-sizes=\"(max-width: 1030px) 100vw, 1030px\" data-rel='gallery-1' data-prev-img='https:\/\/www.fredonoccitanie.com\/jevi\/wp-content\/uploads\/sites\/2\/2024\/10\/28268_OFB_Barometre-Biodiversite_Declis-1920x1080px-Maj7-495x400.jpg' class='lightbox ' data-onclick='7' title='28268_OFB_Barome\u0300tre Biodiversite\u0301_De\u0301clis-1920x1080px-Maj7'  itemprop=\"thumbnailUrl\"  ><img decoding=\"async\" fetchpriority=\"high\" class=\"wp-image-16666 avia-img-lazy-loading-not-16666\"   src=\"https:\/\/www.fredonoccitanie.com\/jevi\/wp-content\/uploads\/sites\/2\/2024\/10\/28268_OFB_Barometre-Biodiversite_Declis-1920x1080px-Maj7-180x180.jpg\" width=\"180\" height=\"180\"  title='28268_OFB_Barome\u0300tre Biodiversite\u0301_De\u0301clis-1920x1080px-Maj7' alt='' srcset=\"https:\/\/www.fredonoccitanie.com\/jevi\/wp-content\/uploads\/sites\/2\/2024\/10\/28268_OFB_Barometre-Biodiversite_Declis-1920x1080px-Maj7-180x180.jpg 180w, https:\/\/www.fredonoccitanie.com\/jevi\/wp-content\/uploads\/sites\/2\/2024\/10\/28268_OFB_Barometre-Biodiversite_Declis-1920x1080px-Maj7-80x80.jpg 80w, https:\/\/www.fredonoccitanie.com\/jevi\/wp-content\/uploads\/sites\/2\/2024\/10\/28268_OFB_Barometre-Biodiversite_Declis-1920x1080px-Maj7-36x36.jpg 36w\" sizes=\"(max-width: 180px) 100vw, 180px\" \/><div class='big-prev-fake'><img decoding=\"async\" loading=\"lazy\" class=\"wp-image-16666 avia-img-lazy-loading-16666\"  width=\"495\" height=\"400\" src=\"https:\/\/www.fredonoccitanie.com\/jevi\/wp-content\/uploads\/sites\/2\/2024\/10\/28268_OFB_Barometre-Biodiversite_Declis-1920x1080px-Maj7-495x400.jpg\" title='28268_OFB_Barome\u0300tre Biodiversite\u0301_De\u0301clis-1920x1080px-Maj7' alt='' srcset=\"https:\/\/www.fredonoccitanie.com\/jevi\/wp-content\/uploads\/sites\/2\/2024\/10\/28268_OFB_Barometre-Biodiversite_Declis-1920x1080px-Maj7-495x400.jpg 495w, https:\/\/www.fredonoccitanie.com\/jevi\/wp-content\/uploads\/sites\/2\/2024\/10\/28268_OFB_Barometre-Biodiversite_Declis-1920x1080px-Maj7-845x684.jpg 845w\" sizes=\"auto, (max-width: 495px) 100vw, 495px\" \/><\/div><\/a><\/div><\/div><\/p><\/div>\n<\/div><\/div><\/div><!-- close content main div --><\/div><\/div><div id='after_section_2'  class='main_color av_default_container_wrap container_wrap fullsize'  ><div class='container av-section-cont-open' ><div class='template-page content  av-content-full alpha units'><div class='post-entry post-entry-type-page post-entry-15220'><div class='entry-content-wrapper clearfix'>\n\n<style type=\"text\/css\" data-created_by=\"avia_inline_auto\" id=\"style-css-av-3jqdqgx-730da7289b7b75fb0c9e785fe0e0d06a\">\n.flex_column.av-3jqdqgx-730da7289b7b75fb0c9e785fe0e0d06a{\nborder-radius:0px 0px 0px 0px;\npadding:0px 0px 0px 0px;\n}\n<\/style>\n<div  class='flex_column av-3jqdqgx-730da7289b7b75fb0c9e785fe0e0d06a av_one_full  avia-builder-el-60  el_after_av_section  el_before_av_one_third  avia-builder-el-first  first flex_column_div av-zero-column-padding  '     ><section  class='av_textblock_section av-lzcofeo2-d6341038edc17267775b090ed2e9e562 '   itemscope=\"itemscope\" itemtype=\"https:\/\/schema.org\/CreativeWork\" ><div class='avia_textblock'  itemprop=\"text\" ><h2 id=\"ancre5\" style=\"text-align: center\">Ressources num\u00e9riques<\/h2>\n<\/div><\/section><br \/>\n\n<style type=\"text\/css\" data-created_by=\"avia_inline_auto\" id=\"style-css-av-pijvuc-cda6e6d6ffc529a2f78677c1171ef35f\">\n#top .hr.hr-invisible.av-pijvuc-cda6e6d6ffc529a2f78677c1171ef35f{\nheight:50px;\n}\n<\/style>\n<div  class='hr av-pijvuc-cda6e6d6ffc529a2f78677c1171ef35f hr-invisible  avia-builder-el-62  el_after_av_textblock  avia-builder-el-last '><span class='hr-inner '><span class=\"hr-inner-style\"><\/span><\/span><\/div><\/p><\/div>\n\n<style type=\"text\/css\" data-created_by=\"avia_inline_auto\" id=\"style-css-av-7xabz90-4526927e087c9002d40e4110ad082326\">\n.flex_column.av-7xabz90-4526927e087c9002d40e4110ad082326{\nborder-radius:0px 0px 0px 0px;\npadding:0px 0px 0px 0px;\n}\n<\/style>\n<div  class='flex_column av-7xabz90-4526927e087c9002d40e4110ad082326 av_one_third  avia-builder-el-63  el_after_av_one_full  el_before_av_one_third  first flex_column_div av-zero-column-padding  column-top-margin'     ><p>\n<style type=\"text\/css\" data-created_by=\"avia_inline_auto\" id=\"style-css-av-m0auomqx-a447af2d5642a922e5aa13e53312801d\">\n.avia-video.av-m0auomqx-a447af2d5642a922e5aa13e53312801d{\nbackground-image:url(https:\/\/www.fredonoccitanie.com\/jevi\/wp-content\/uploads\/sites\/2\/2025\/10\/Capture-decran-2025-10-27-153955-300x174.png);\n}\n<\/style>\n<div  class='avia-video av-m0auomqx-a447af2d5642a922e5aa13e53312801d avia-video-16-9 av-preview-image avia-video-load-always av-lazyload-immediate av-lazyload-video-embed'  itemprop=\"video\" itemtype=\"https:\/\/schema.org\/VideoObject\"  data-original_url='https:\/\/youtu.be\/6V8T90V-E4E'><script type='text\/html' class='av-video-tmpl'><div class='avia-iframe-wrap'><iframe loading=\"lazy\" title=\"Gestion des bords de routes dans le Parc naturel des Hauts-Pays\" width=\"1500\" height=\"844\" src=\"https:\/\/www.youtube.com\/embed\/6V8T90V-E4E?feature=oembed&autoplay=0&loop=0&controls=1&mute=0\" frameborder=\"0\" allow=\"accelerometer; autoplay; clipboard-write; encrypted-media; gyroscope; picture-in-picture; web-share\" referrerpolicy=\"strict-origin-when-cross-origin\" allowfullscreen><\/iframe><\/div><\/script><div class='av-click-to-play-overlay'><div class=\"avia_playpause_icon\"><\/div><\/div><\/div><br \/>\n<section  class='av_textblock_section av-m0aupag8-4057bc633b246a180960611202d53ac5 '   itemscope=\"itemscope\" itemtype=\"https:\/\/schema.org\/CreativeWork\" ><div class='avia_textblock'  itemprop=\"text\" ><p class=\"title\" style=\"text-align: center\"><span class=\"field field--name-title field--type-string field--label-hidden\">Le fauchage tardif avec exportation : comment, pourquoi ? &#8211; Province de Hainaut, gestion des bords de routes dans le Parc naturel des Hauts-Pays (Belgique)<\/span><\/p>\n<\/div><\/section><\/p><\/div>\n<style type=\"text\/css\" data-created_by=\"avia_inline_auto\" id=\"style-css-av-1omeut0-c49fde3fec28c642b342c963f3240f3a\">\n.flex_column.av-1omeut0-c49fde3fec28c642b342c963f3240f3a{\nborder-radius:0px 0px 0px 0px;\npadding:0px 0px 0px 0px;\n}\n<\/style>\n<div  class='flex_column av-1omeut0-c49fde3fec28c642b342c963f3240f3a av_one_third  avia-builder-el-66  el_after_av_one_third  el_before_av_one_third  flex_column_div av-zero-column-padding  column-top-margin'     ><p><div  class='avia-video av-4h6d78-02a2f2c5d98b7f4cc1a207e5a727b74c avia-video-16-9 av-no-preview-image avia-video-load-always av-lazyload-immediate av-lazyload-video-embed'  itemprop=\"video\" itemtype=\"https:\/\/schema.org\/VideoObject\"  data-original_url='https:\/\/www.youtube.com\/watch?v=gW0hvDxOdAU&amp;t=2s'><script type='text\/html' class='av-video-tmpl'><div class='avia-iframe-wrap'><iframe loading=\"lazy\" title=\"Les Atlas de la biodiversit\u00e9\" width=\"1500\" height=\"844\" src=\"https:\/\/www.youtube.com\/embed\/gW0hvDxOdAU?start=2&feature=oembed&autoplay=0&loop=0&controls=1&mute=0\" frameborder=\"0\" allow=\"accelerometer; autoplay; clipboard-write; encrypted-media; gyroscope; picture-in-picture; web-share\" referrerpolicy=\"strict-origin-when-cross-origin\" allowfullscreen><\/iframe><\/div><\/script><div class='av-click-to-play-overlay'><div class=\"avia_playpause_icon\"><\/div><\/div><\/div><br \/>\n<section  class='av_textblock_section av-ke5xsk-48fdbae7efc5e834d7af75b1062e2776 '   itemscope=\"itemscope\" itemtype=\"https:\/\/schema.org\/CreativeWork\" ><div class='avia_textblock'  itemprop=\"text\" ><p id=\"ancre10\" style=\"text-align: center\">Les Atlas de la Biodiversit\u00e9 Communale &#8211; OFB<\/p>\n<\/div><\/section><\/p><\/div><\/p>\n\n<style type=\"text\/css\" data-created_by=\"avia_inline_auto\" id=\"style-css-av-uzz81g-585809741daeb3cf7cab42538809ada7\">\n.flex_column.av-uzz81g-585809741daeb3cf7cab42538809ada7{\nborder-radius:0px 0px 0px 0px;\npadding:0px 0px 0px 0px;\n}\n<\/style>\n<div  class='flex_column av-uzz81g-585809741daeb3cf7cab42538809ada7 av_one_third  avia-builder-el-69  el_after_av_one_third  el_before_av_one_third  flex_column_div av-zero-column-padding  column-top-margin'     ><p><div  class='avia-video av-m0aumrxt-a6a0167f3af3d95dd0cb038056344450 avia-video-16-9 av-no-preview-image avia-video-load-always av-lazyload-immediate av-lazyload-video-embed'  itemprop=\"video\" itemtype=\"https:\/\/schema.org\/VideoObject\"  data-original_url='https:\/\/mooc.tela-botanica.org\/course\/view.php?id=637'><script type='text\/html' class='av-video-tmpl'><a href=\"https:\/\/mooc.tela-botanica.org\/course\/view.php?id=637\">https:\/\/mooc.tela-botanica.org\/course\/view.php?id=637<\/a><\/script><div class='av-click-to-play-overlay'><div class=\"avia_playpause_icon\"><\/div><\/div><\/div><br \/>\n<section  class='av_textblock_section av-m0aun0en-c6d0918b4dde02bbb54253138a4a966b '   itemscope=\"itemscope\" itemtype=\"https:\/\/schema.org\/CreativeWork\" ><div class='avia_textblock'  itemprop=\"text\" ><p id=\"ancre10\" style=\"text-align: center\">FORMATION EN LIGNE &#8211; MOOC Pollinisateurs<\/p>\n<\/div><\/section><\/p><\/div>\n\n<style type=\"text\/css\" data-created_by=\"avia_inline_auto\" id=\"style-css-av-61b84ms-fbb625592c12175ab9d9bdcc0a818ba8\">\n.flex_column.av-61b84ms-fbb625592c12175ab9d9bdcc0a818ba8{\nborder-radius:0px 0px 0px 0px;\npadding:0px 0px 0px 0px;\n}\n<\/style>\n<div  class='flex_column av-61b84ms-fbb625592c12175ab9d9bdcc0a818ba8 av_one_third  avia-builder-el-72  el_after_av_one_third  el_before_av_one_third  first flex_column_div av-zero-column-padding  column-top-margin'     ><p>\n<style type=\"text\/css\" data-created_by=\"avia_inline_auto\" id=\"style-css-av-m0auq3b6-dd651e39d11ac09a40f2a71dbc3c8115\">\n.avia-video.av-m0auq3b6-dd651e39d11ac09a40f2a71dbc3c8115{\nbackground-image:url(https:\/\/www.fredonoccitanie.com\/jevi\/wp-content\/uploads\/sites\/2\/2024\/10\/MOOC-TRame-Verte-et-Bleue-300x156.png);\n}\n<\/style>\n<div  class='avia-video av-m0auq3b6-dd651e39d11ac09a40f2a71dbc3c8115 avia-video-16-9 av-preview-image avia-video-load-always av-lazyload-immediate av-lazyload-video-embed'  itemprop=\"video\" itemtype=\"https:\/\/schema.org\/VideoObject\"  data-original_url='https:\/\/www.trameverteetbleue.fr\/videos-mooc-trame-verte-bleue'><script type='text\/html' class='av-video-tmpl'><a href=\"https:\/\/www.trameverteetbleue.fr\/videos-mooc-trame-verte-bleue\">https:\/\/www.trameverteetbleue.fr\/videos-mooc-trame-verte-bleue<\/a><\/script><div class='av-click-to-play-overlay'><div class=\"avia_playpause_icon\"><\/div><\/div><\/div><br \/>\n<section  class='av_textblock_section av-m0auryq4-43b6a704fb8e7b5add1af5cb000a036a '   itemscope=\"itemscope\" itemtype=\"https:\/\/schema.org\/CreativeWork\" ><div class='avia_textblock'  itemprop=\"text\" ><p style=\"text-align: center\">FORMATION EN LIGNE &#8211; MOOC TRAME VERTE ET BLEUE<\/p>\n<\/div><\/section><\/p><\/div>\n\n<style type=\"text\/css\" data-created_by=\"avia_inline_auto\" id=\"style-css-av-8ujt49g-e7340c103ade43c2a0a38bec6a3c9f67\">\n.flex_column.av-8ujt49g-e7340c103ade43c2a0a38bec6a3c9f67{\nborder-radius:0px 0px 0px 0px;\npadding:0px 0px 0px 0px;\n}\n<\/style>\n<div  class='flex_column av-8ujt49g-e7340c103ade43c2a0a38bec6a3c9f67 av_one_third  avia-builder-el-75  el_after_av_one_third  el_before_av_one_third  flex_column_div av-zero-column-padding  column-top-margin'     ><p>\n<style type=\"text\/css\" data-created_by=\"avia_inline_auto\" id=\"style-css-av-m0auijiy-a767c88bcd9130d15b7f00fba03ec5c7\">\n.avia-video.av-m0auijiy-a767c88bcd9130d15b7f00fba03ec5c7{\nbackground-image:url(https:\/\/www.fredonoccitanie.com\/jevi\/wp-content\/uploads\/sites\/2\/2024\/05\/Capture-decran-2024-05-30-162848-300x161.png);\n}\n<\/style>\n<div  class='avia-video av-m0auijiy-a767c88bcd9130d15b7f00fba03ec5c7 avia-video-16-9 av-preview-image avia-video-load-always av-lazyload-immediate av-lazyload-video-embed'  itemprop=\"video\" itemtype=\"https:\/\/schema.org\/VideoObject\"  data-original_url='https:\/\/www.youtube.com\/watch?v=6ooJtF6TKJ0'><script type='text\/html' class='av-video-tmpl'><div class='avia-iframe-wrap'><iframe loading=\"lazy\" title=\"La gestion diffe\u0301renciee sur ma commune ?! (version HD)\" width=\"1500\" height=\"844\" src=\"https:\/\/www.youtube.com\/embed\/6ooJtF6TKJ0?feature=oembed&autoplay=0&loop=0&controls=1&mute=0\" frameborder=\"0\" allow=\"accelerometer; autoplay; clipboard-write; encrypted-media; gyroscope; picture-in-picture; web-share\" referrerpolicy=\"strict-origin-when-cross-origin\" allowfullscreen><\/iframe><\/div><\/script><div class='av-click-to-play-overlay'><div class=\"avia_playpause_icon\"><\/div><\/div><\/div><br \/>\n<section  class='av_textblock_section av-m0aulw9e-68f4add4e2a4bc4d458559322d379ba7 '   itemscope=\"itemscope\" itemtype=\"https:\/\/schema.org\/CreativeWork\" ><div class='avia_textblock'  itemprop=\"text\" ><p id=\"ancre10\" style=\"text-align: center\">La gestion diff\u00e9renci\u00e9e sur ma commune ?!<\/p>\n<\/div><\/section><\/p><\/div>\n\n<style type=\"text\/css\" data-created_by=\"avia_inline_auto\" id=\"style-css-av-25c1dlg-36e99cb078510c278de71986221e8b31\">\n.flex_column.av-25c1dlg-36e99cb078510c278de71986221e8b31{\nborder-radius:0px 0px 0px 0px;\npadding:0px 0px 0px 0px;\n}\n<\/style>\n<div  class='flex_column av-25c1dlg-36e99cb078510c278de71986221e8b31 av_one_third  avia-builder-el-78  el_after_av_one_third  el_before_av_section  avia-builder-el-last  flex_column_div av-zero-column-padding  column-top-margin'     ><p><div  class='avia-video av-m0auwhis-899dc2337afef05d91bf845c5f2890c0 avia-video-16-9 av-no-preview-image avia-video-load-always av-lazyload-immediate av-lazyload-video-embed'  itemprop=\"video\" itemtype=\"https:\/\/schema.org\/VideoObject\"  data-original_url='https:\/\/fredonoccitanie189-my.sharepoint.com\/personal\/f_martel_fredon-occitanie_fr\/_layouts\/15\/stream.aspx?id=%2Fpersonal%2Ff%5Fmartel%5Ffredon%2Doccitanie%5Ffr%2FDocuments%2FMission%20Ecophyto%20JEVI%2F2%2EEcophytoJEVI%2F9%5FFichiers%5FPartag%C3%A9s%2F1%5FRessourcesJEVI%2FEspace%5Fressources%5FJEVI%2F8%5FBiodiversit%C3%A9%5Fconnaisance%5Faccueil%2FLe%20d%C3%A9clin%20des%20abeilles%20expliqu%C3%A9%20en%203%20minutes%20%2D%20vid%C3%A9o%20Dailymotion%2Emp4&amp;referrer=StreamWebApp%2EWeb&amp;referrerScenario=AddressBarCopied%2Eview%2E1139e624%2Dc977%2D42df%2D96b2%2D11a554da5a0b'><script type='text\/html' class='av-video-tmpl'><a href=\"https:\/\/fredonoccitanie189-my.sharepoint.com\/personal\/f_martel_fredon-occitanie_fr\/_layouts\/15\/stream.aspx?id=%2Fpersonal%2Ff%5Fmartel%5Ffredon%2Doccitanie%5Ffr%2FDocuments%2FMission%20Ecophyto%20JEVI%2F2%2EEcophytoJEVI%2F9%5FFichiers%5FPartag%C3%A9s%2F1%5FRessourcesJEVI%2FEspace%5Fressources%5FJEVI%2F8%5FBiodiversit%C3%A9%5Fconnaisance%5Faccueil%2FLe%20d%C3%A9clin%20des%20abeilles%20expliqu%C3%A9%20en%203%20minutes%20%2D%20vid%C3%A9o%20Dailymotion%2Emp4&#038;referrer=StreamWebApp%2EWeb&#038;referrerScenario=AddressBarCopied%2Eview%2E1139e624%2Dc977%2D42df%2D96b2%2D11a554da5a0b\">https:\/\/fredonoccitanie189-my.sharepoint.com\/personal\/f_martel_fredon-occitanie_fr\/_layouts\/15\/stream.aspx?id=%2Fpersonal%2Ff%5Fmartel%5Ffredon%2Doccitanie%5Ffr%2FDocuments%2FMission%20Ecophyto%20JEVI%2F2%2EEcophytoJEVI%2F9%5FFichiers%5FPartag%C3%A9s%2F1%5FRessourcesJEVI%2FEspace%5Fressources%5FJEVI%2F8%5FBiodiversit%C3%A9%5Fconnaisance%5Faccueil%2FLe%20d%C3%A9clin%20des%20abeilles%20expliqu%C3%A9%20en%203%20minutes%20%2D%20vid%C3%A9o%20Dailymotion%2Emp4&amp;referrer=StreamWebApp%2EWeb&amp;referrerScenario=AddressBarCopied%2Eview%2E1139e624%2Dc977%2D42df%2D96b2%2D11a554da5a0b<\/a><\/script><div class='av-click-to-play-overlay'><div class=\"avia_playpause_icon\"><\/div><\/div><\/div><br \/>\n<section  class='av_textblock_section av-m0auw8at-ea5ceec64339572d6a0bd8420b519d1f '   itemscope=\"itemscope\" itemtype=\"https:\/\/schema.org\/CreativeWork\" ><div class='avia_textblock'  itemprop=\"text\" ><p id=\"ancre10\" style=\"text-align: center\">Le d\u00e9clin des abeilles<\/p>\n<\/div><\/section><\/p><\/div>\n<\/div><\/div><\/div><!-- close content main div --><\/div><\/div>\n<style type=\"text\/css\" data-created_by=\"avia_inline_auto\" id=\"style-css-av-15rdzdg-837cee70df8f1394aa7db5f66fc2984b\">\n.avia-section.av-15rdzdg-837cee70df8f1394aa7db5f66fc2984b{\nbackground-color:#f8ead4;\nbackground-image:unset;\n}\n<\/style>\n<div id='av_section_3'  class='avia-section av-15rdzdg-837cee70df8f1394aa7db5f66fc2984b main_color avia-section-default avia-no-border-styling  avia-builder-el-81  el_after_av_one_third  avia-builder-el-last  avia-bg-style-scroll container_wrap fullsize'  ><div class='container av-section-cont-open' ><div class='template-page content  av-content-full alpha units'><div class='post-entry post-entry-type-page post-entry-15220'><div class='entry-content-wrapper clearfix'>\n\n<style type=\"text\/css\" data-created_by=\"avia_inline_auto\" id=\"style-css-av-kol0v5-d2c0dad6c5e05bd810ac8e5510ed00e6\">\n.flex_column.av-kol0v5-d2c0dad6c5e05bd810ac8e5510ed00e6{\nborder-radius:0px 0px 0px 0px;\npadding:0px 0px 0px 0px;\n}\n<\/style>\n<div  class='flex_column av-kol0v5-d2c0dad6c5e05bd810ac8e5510ed00e6 av_one_full  avia-builder-el-82  el_before_av_hr  avia-builder-el-first  first flex_column_div av-zero-column-padding  '     ><section  class='av_textblock_section av-lzcofz3v-5ef361b7ca02eb2dec7dbac50d5b22ec '   itemscope=\"itemscope\" itemtype=\"https:\/\/schema.org\/CreativeWork\" ><div class='avia_textblock'  itemprop=\"text\" ><h2 id=\"ancre7\" style=\"text-align: center\">Pour aller plus loin<\/h2>\n<\/div><\/section><\/div>\n<style type=\"text\/css\" data-created_by=\"avia_inline_auto\" id=\"style-css-av-rxnln8-4a355fd54abded271765ce9677d0ded0\">\n#top .hr.hr-invisible.av-rxnln8-4a355fd54abded271765ce9677d0ded0{\nheight:50px;\n}\n<\/style>\n<div  class='hr av-rxnln8-4a355fd54abded271765ce9677d0ded0 hr-invisible  avia-builder-el-84  el_after_av_one_full  el_before_av_one_fourth '><span class='hr-inner '><span class=\"hr-inner-style\"><\/span><\/span><\/div>\n\n<style type=\"text\/css\" data-created_by=\"avia_inline_auto\" id=\"style-css-av-udlbp0-396a7cd0f368c8d870d8cce1b3141e1d\">\n.flex_column.av-udlbp0-396a7cd0f368c8d870d8cce1b3141e1d{\nborder-radius:0px 0px 0px 0px;\npadding:0px 0px 0px 0px;\n}\n<\/style>\n<div  class='flex_column av-udlbp0-396a7cd0f368c8d870d8cce1b3141e1d av_one_fourth  avia-builder-el-85  el_after_av_hr  el_before_av_one_fourth  first flex_column_div av-zero-column-padding  '     ><section  class='av_textblock_section av-m1z41h6p-31c03199012d9b4c66eedcefd904d3ec '   itemscope=\"itemscope\" itemtype=\"https:\/\/schema.org\/CreativeWork\" ><div class='avia_textblock'  itemprop=\"text\" ><p style=\"text-align: center\"><strong><a href=\"https:\/\/www.arb-occitanie.fr\/\">Agence R\u00e9gionale de Biodiversit\u00e9<\/a><a href=\"https:\/\/www.arb-occitanie.fr\/\"> Occitanie<\/a><\/strong><\/p>\n<\/div><\/section><br \/>\n\n<style type=\"text\/css\" data-created_by=\"avia_inline_auto\" id=\"style-css-av-m1z41nro-c221dcf08621a3305a60e9c8d70285e7\">\n.avia-image-container.av-m1z41nro-c221dcf08621a3305a60e9c8d70285e7 img.avia_image{\nbox-shadow:none;\n}\n.avia-image-container.av-m1z41nro-c221dcf08621a3305a60e9c8d70285e7 .av-image-caption-overlay-center{\ncolor:#ffffff;\n}\n<\/style>\n<div  class='avia-image-container av-m1z41nro-c221dcf08621a3305a60e9c8d70285e7 av-styling- av-img-linked avia-align-center  avia-builder-el-87  el_after_av_textblock  avia-builder-el-last '   itemprop=\"image\" itemscope=\"itemscope\" itemtype=\"https:\/\/schema.org\/ImageObject\" ><div class=\"avia-image-container-inner\"><div class=\"avia-image-overlay-wrap\"><a href=\"https:\/\/www.arb-idf.fr\/\" class='avia_image '  aria-label='arb_occitanie'><img decoding=\"async\" fetchpriority=\"high\" class='wp-image-16759 avia-img-lazy-loading-not-16759 avia_image ' src=\"https:\/\/www.fredonoccitanie.com\/jevi\/wp-content\/uploads\/sites\/2\/2024\/10\/arb_occitanie.png\" alt='' title='arb_occitanie'  height=\"225\" width=\"225\"  itemprop=\"thumbnailUrl\" srcset=\"https:\/\/www.fredonoccitanie.com\/jevi\/wp-content\/uploads\/sites\/2\/2024\/10\/arb_occitanie.png 225w, https:\/\/www.fredonoccitanie.com\/jevi\/wp-content\/uploads\/sites\/2\/2024\/10\/arb_occitanie-80x80.png 80w, https:\/\/www.fredonoccitanie.com\/jevi\/wp-content\/uploads\/sites\/2\/2024\/10\/arb_occitanie-36x36.png 36w, https:\/\/www.fredonoccitanie.com\/jevi\/wp-content\/uploads\/sites\/2\/2024\/10\/arb_occitanie-180x180.png 180w\" sizes=\"(max-width: 225px) 100vw, 225px\" \/><\/a><\/div><\/div><\/div><\/p><\/div>\n<style type=\"text\/css\" data-created_by=\"avia_inline_auto\" id=\"style-css-av-1kdzvxw-f83b60fb535adc216ef937a468812e09\">\n.flex_column.av-1kdzvxw-f83b60fb535adc216ef937a468812e09{\nborder-radius:0px 0px 0px 0px;\npadding:0px 0px 0px 0px;\n}\n<\/style>\n<div  class='flex_column av-1kdzvxw-f83b60fb535adc216ef937a468812e09 av_one_fourth  avia-builder-el-88  el_after_av_one_fourth  el_before_av_one_fourth  flex_column_div av-zero-column-padding  '     ><section  class='av_textblock_section av-11x9f10-4be6a1e72fc2e7650794133763cefc7c '   itemscope=\"itemscope\" itemtype=\"https:\/\/schema.org\/CreativeWork\" ><div class='avia_textblock'  itemprop=\"text\" ><p style=\"text-align: center\"><strong><a href=\"https:\/\/www.arb-idf.fr\/\">Agence R\u00e9gionale de Biodiversit\u00e9 \u00cele-de-France<\/a><\/strong><\/p>\n<\/div><\/section><br \/>\n\n<style type=\"text\/css\" data-created_by=\"avia_inline_auto\" id=\"style-css-av-kuasac-340a76665bf13f886cac38f9ba248917\">\n.avia-image-container.av-kuasac-340a76665bf13f886cac38f9ba248917 img.avia_image{\nbox-shadow:none;\n}\n.avia-image-container.av-kuasac-340a76665bf13f886cac38f9ba248917 .av-image-caption-overlay-center{\ncolor:#ffffff;\n}\n<\/style>\n<div  class='avia-image-container av-kuasac-340a76665bf13f886cac38f9ba248917 av-styling- av-img-linked avia-align-center  avia-builder-el-90  el_after_av_textblock  avia-builder-el-last '   itemprop=\"image\" itemscope=\"itemscope\" itemtype=\"https:\/\/schema.org\/ImageObject\" ><div class=\"avia-image-container-inner\"><div class=\"avia-image-overlay-wrap\"><a href=\"https:\/\/www.arb-idf.fr\/\" class='avia_image '  aria-label='logo_ARB'><img decoding=\"async\" fetchpriority=\"high\" class='wp-image-16744 avia-img-lazy-loading-not-16744 avia_image ' src=\"https:\/\/www.fredonoccitanie.com\/jevi\/wp-content\/uploads\/sites\/2\/2024\/10\/logo_ARB.png\" alt='' title='logo_ARB'  height=\"75\" width=\"227\"  itemprop=\"thumbnailUrl\"  \/><\/a><\/div><\/div><\/div><\/p><\/div>\n<style type=\"text\/css\" data-created_by=\"avia_inline_auto\" id=\"style-css-av-1dbanck-790a5f571380710f061187cd4e1c99ae\">\n.flex_column.av-1dbanck-790a5f571380710f061187cd4e1c99ae{\nborder-radius:0px 0px 0px 0px;\npadding:0px 0px 0px 0px;\n}\n<\/style>\n<div  class='flex_column av-1dbanck-790a5f571380710f061187cd4e1c99ae av_one_fourth  avia-builder-el-91  el_after_av_one_fourth  el_before_av_one_fourth  flex_column_div av-zero-column-padding  '     ><section  class='av_textblock_section av-m1z421ok-e1c144a04bbab99d18e09f0f06373b53 '   itemscope=\"itemscope\" itemtype=\"https:\/\/schema.org\/CreativeWork\" ><div class='avia_textblock'  itemprop=\"text\" ><p id=\"ancre7\" style=\"text-align: center\"><a href=\"https:\/\/www.trameverteetbleue.fr\/\"><b>Centre de ressource Trame verte et Bleue &#8211; OFB<\/b><\/a><\/p>\n<\/div><\/section><br \/>\n\n<style type=\"text\/css\" data-created_by=\"avia_inline_auto\" id=\"style-css-av-m1z4032y-88a69826a871319605f0698a83e669f8\">\n.avia-image-container.av-m1z4032y-88a69826a871319605f0698a83e669f8 img.avia_image{\nbox-shadow:none;\n}\n.avia-image-container.av-m1z4032y-88a69826a871319605f0698a83e669f8 .av-image-caption-overlay-center{\ncolor:#ffffff;\n}\n<\/style>\n<div  class='avia-image-container av-m1z4032y-88a69826a871319605f0698a83e669f8 av-styling- av-img-linked avia-align-center  avia-builder-el-93  el_after_av_textblock  avia-builder-el-last '   itemprop=\"image\" itemscope=\"itemscope\" itemtype=\"https:\/\/schema.org\/ImageObject\" ><div class=\"avia-image-container-inner\"><div class=\"avia-image-overlay-wrap\"><a href=\"https:\/\/www.genieecologique.fr\/\" class='avia_image '  aria-label='logo CDR'><img decoding=\"async\" fetchpriority=\"high\" class='wp-image-16746 avia-img-lazy-loading-not-16746 avia_image ' src=\"https:\/\/www.fredonoccitanie.com\/jevi\/wp-content\/uploads\/sites\/2\/2024\/10\/logo-CDR-300x167.png\" alt='' title='logo CDR'  height=\"167\" width=\"300\"  itemprop=\"thumbnailUrl\" srcset=\"https:\/\/www.fredonoccitanie.com\/jevi\/wp-content\/uploads\/sites\/2\/2024\/10\/logo-CDR-300x167.png 300w, https:\/\/www.fredonoccitanie.com\/jevi\/wp-content\/uploads\/sites\/2\/2024\/10\/logo-CDR-1030x573.png 1030w, https:\/\/www.fredonoccitanie.com\/jevi\/wp-content\/uploads\/sites\/2\/2024\/10\/logo-CDR-768x427.png 768w, https:\/\/www.fredonoccitanie.com\/jevi\/wp-content\/uploads\/sites\/2\/2024\/10\/logo-CDR-1536x855.png 1536w, https:\/\/www.fredonoccitanie.com\/jevi\/wp-content\/uploads\/sites\/2\/2024\/10\/logo-CDR-2048x1139.png 2048w, https:\/\/www.fredonoccitanie.com\/jevi\/wp-content\/uploads\/sites\/2\/2024\/10\/logo-CDR-1500x834.png 1500w, https:\/\/www.fredonoccitanie.com\/jevi\/wp-content\/uploads\/sites\/2\/2024\/10\/logo-CDR-705x392.png 705w\" sizes=\"(max-width: 300px) 100vw, 300px\" \/><\/a><\/div><\/div><\/div><\/p><\/div>\n<style type=\"text\/css\" data-created_by=\"avia_inline_auto\" id=\"style-css-av-p6en3o-3a7636118b1c8909d2e3f81700cb3021\">\n.flex_column.av-p6en3o-3a7636118b1c8909d2e3f81700cb3021{\nborder-radius:0px 0px 0px 0px;\npadding:0px 0px 0px 0px;\n}\n<\/style>\n<div  class='flex_column av-p6en3o-3a7636118b1c8909d2e3f81700cb3021 av_one_fourth  avia-builder-el-94  el_after_av_one_fourth  avia-builder-el-last  flex_column_div av-zero-column-padding  '     ><section  class='av_textblock_section av-m2kk2c4q-c03e86621c502baac80aa8afe052b0af '   itemscope=\"itemscope\" itemtype=\"https:\/\/schema.org\/CreativeWork\" ><div class='avia_textblock'  itemprop=\"text\" ><p style=\"text-align: center\"><strong><a href=\"https:\/\/www.genieecologique.fr\/genie-ecologique\">Centre de ressource G\u00e9nie Ecologique<\/a><\/strong><\/p>\n<\/div><\/section><br \/>\n\n<style type=\"text\/css\" data-created_by=\"avia_inline_auto\" id=\"style-css-av-m2kk3klb-7d1df5b16e722e5da14df263082c9aa8\">\n.avia-image-container.av-m2kk3klb-7d1df5b16e722e5da14df263082c9aa8 img.avia_image{\nbox-shadow:none;\n}\n.avia-image-container.av-m2kk3klb-7d1df5b16e722e5da14df263082c9aa8 .av-image-caption-overlay-center{\ncolor:#ffffff;\n}\n<\/style>\n<div  class='avia-image-container av-m2kk3klb-7d1df5b16e722e5da14df263082c9aa8 av-styling- av-img-linked avia-align-center  avia-builder-el-96  el_after_av_textblock  avia-builder-el-last '   itemprop=\"image\" itemscope=\"itemscope\" itemtype=\"https:\/\/schema.org\/ImageObject\" ><div class=\"avia-image-container-inner\"><div class=\"avia-image-overlay-wrap\"><a href=\"https:\/\/www.genieecologique.fr\/genie-ecologique\" class='avia_image '  aria-label='g\u00e9nie\u00e9cologique'><img decoding=\"async\" fetchpriority=\"high\" class='wp-image-16745 avia-img-lazy-loading-not-16745 avia_image ' src=\"https:\/\/www.fredonoccitanie.com\/jevi\/wp-content\/uploads\/sites\/2\/2024\/10\/genieecologique-1.png\" alt='' title='g\u00e9nie\u00e9cologique'  height=\"169\" width=\"298\"  itemprop=\"thumbnailUrl\"  \/><\/a><\/div><\/div><\/div><\/p><\/div>\n\n","protected":false},"excerpt":{"rendered":"","protected":false},"author":14,"featured_media":0,"parent":0,"menu_order":0,"comment_status":"closed","ping_status":"closed","template":"","meta":{"footnotes":""},"class_list":["post-15220","page","type-page","status-publish","hentry"],"_links":{"self":[{"href":"https:\/\/www.fredonoccitanie.com\/jevi\/wp-json\/wp\/v2\/pages\/15220","targetHints":{"allow":["GET"]}}],"collection":[{"href":"https:\/\/www.fredonoccitanie.com\/jevi\/wp-json\/wp\/v2\/pages"}],"about":[{"href":"https:\/\/www.fredonoccitanie.com\/jevi\/wp-json\/wp\/v2\/types\/page"}],"author":[{"embeddable":true,"href":"https:\/\/www.fredonoccitanie.com\/jevi\/wp-json\/wp\/v2\/users\/14"}],"replies":[{"embeddable":true,"href":"https:\/\/www.fredonoccitanie.com\/jevi\/wp-json\/wp\/v2\/comments?post=15220"}],"version-history":[{"count":5,"href":"https:\/\/www.fredonoccitanie.com\/jevi\/wp-json\/wp\/v2\/pages\/15220\/revisions"}],"predecessor-version":[{"id":18611,"href":"https:\/\/www.fredonoccitanie.com\/jevi\/wp-json\/wp\/v2\/pages\/15220\/revisions\/18611"}],"wp:attachment":[{"href":"https:\/\/www.fredonoccitanie.com\/jevi\/wp-json\/wp\/v2\/media?parent=15220"}],"curies":[{"name":"wp","href":"https:\/\/api.w.org\/{rel}","templated":true}]}}