{"id":11381,"date":"2023-02-13T11:31:22","date_gmt":"2023-02-13T10:31:22","guid":{"rendered":"https:\/\/www.fredonoccitanie.com\/jevi\/?page_id=11381"},"modified":"2026-03-23T15:25:30","modified_gmt":"2026-03-23T14:25:30","slug":"charte-regionale-engage-pour-le-vegetal","status":"publish","type":"page","link":"https:\/\/www.fredonoccitanie.com\/jevi\/charte-regionale-engage-pour-le-vegetal\/","title":{"rendered":"Charte r\u00e9gionale \u00ab Engag\u00e9 pour le v\u00e9g\u00e9tal \u00bb"},"content":{"rendered":"\n<style type=\"text\/css\" data-created_by=\"avia_inline_auto\" id=\"style-css-av-jk3gs5-f1edae836a73ced67133fe69af00fa8f\">\n.avia-section.av-jk3gs5-f1edae836a73ced67133fe69af00fa8f{\nbackground-color:#ffffff;\nbackground-image:unset;\n}\n<\/style>\n<div id='av_section_1'  class='avia-section av-jk3gs5-f1edae836a73ced67133fe69af00fa8f main_color avia-section-default avia-no-border-styling  avia-builder-el-0  el_before_av_section  avia-builder-el-first  avia-bg-style-scroll container_wrap fullsize'  ><div class='container av-section-cont-open' ><main  role=\"main\" itemprop=\"mainContentOfPage\"  class='template-page content  av-content-full alpha units'><div class='post-entry post-entry-type-page post-entry-11381'><div class='entry-content-wrapper clearfix'>\n\n<style type=\"text\/css\" data-created_by=\"avia_inline_auto\" id=\"style-css-av-2mq0g2d-9ab5788835052239c1857ceb9f7a7f1e\">\n.flex_column.av-2mq0g2d-9ab5788835052239c1857ceb9f7a7f1e{\nborder-radius:0px 0px 0px 0px;\npadding:0px 0px 0px 0px;\n}\n<\/style>\n<div  class='flex_column av-2mq0g2d-9ab5788835052239c1857ceb9f7a7f1e av_one_full  avia-builder-el-1  el_before_av_two_fifth  avia-builder-el-first  first flex_column_div av-zero-column-padding  '     ><section  class='av_textblock_section av-ldozsmhs-0f73291f58aa1e72936fe45ba56217c9 '   itemscope=\"itemscope\" itemtype=\"https:\/\/schema.org\/CreativeWork\" ><div class='avia_textblock'  itemprop=\"text\" ><h1 style=\"text-align: center\">La charte r\u00e9gionale <strong>&#8211; Engag\u00e9 pour le v\u00e9g\u00e9tal<\/strong><\/h1>\n<\/div><\/section><\/div>\n<style type=\"text\/css\" data-created_by=\"avia_inline_auto\" id=\"style-css-av-nq352-8e24281165d780621588aa82a158a093\">\n.flex_column.av-nq352-8e24281165d780621588aa82a158a093{\nborder-radius:0px 0px 0px 0px;\npadding:0px 0px 0px 0px;\n}\n<\/style>\n<div  class='flex_column av-nq352-8e24281165d780621588aa82a158a093 av_two_fifth  avia-builder-el-3  el_after_av_one_full  el_before_av_three_fifth  first flex_column_div av-zero-column-padding  column-top-margin'     ><p><section  class='av_textblock_section av-kpo1ccrs-959e6835a1b20976bcd5fabff5a62ff5 '   itemscope=\"itemscope\" itemtype=\"https:\/\/schema.org\/CreativeWork\" ><div class='avia_textblock'  itemprop=\"text\" ><p><img loading=\"lazy\" decoding=\"async\" class=\"alignnone size-full wp-image-12437\" src=\"https:\/\/www.fredonoccitanie.com\/jevi\/wp-content\/uploads\/sites\/2\/2023\/04\/rainette_bord_rond@4x-8.png\" alt=\"\" width=\"4181\" height=\"2057\" \/><\/p>\n<\/div><\/section><br \/>\n<div  class='avia-buttonrow-wrap av-m6s4ljop-495d8f38135b974f864b417e08aa745a avia-buttonrow-center  avia-builder-el-5  el_after_av_textblock  avia-builder-el-last '>\n\n<style type=\"text\/css\" data-created_by=\"avia_inline_auto\" id=\"style-css-av-m6s4li9e-d40f9e7363b048033091775d1b4bae08\">\n#top #wrap_all .avia-button.av-m6s4li9e-d40f9e7363b048033091775d1b4bae08{\nmargin-bottom:5px;\nmargin-right:3px;\nmargin-left:3px;\n}\n<\/style>\n<a href='#ancre1'  class='avia-button av-m6s4li9e-d40f9e7363b048033091775d1b4bae08 avia-icon_select-no avia-size-small avia-color-theme-color'   aria-label=\"Anciens adh\u00e9rents de la charte Objectif 0phyto ? Cliquez ici\"><span class='avia_iconbox_title' >Anciens adh\u00e9rents de la charte Objectif 0phyto ? Cliquez ici<\/span><\/a>\n<\/div><\/p><\/div>\n<style type=\"text\/css\" data-created_by=\"avia_inline_auto\" id=\"style-css-av-28goiad-6426e995096de2068a94193c0ffe4202\">\n.flex_column.av-28goiad-6426e995096de2068a94193c0ffe4202{\nborder-radius:0px 0px 0px 0px;\npadding:0px 0px 0px 0px;\n}\n<\/style>\n<div  class='flex_column av-28goiad-6426e995096de2068a94193c0ffe4202 av_three_fifth  avia-builder-el-6  el_after_av_two_fifth  el_before_av_hr  flex_column_div av-zero-column-padding  column-top-margin'     ><style type=\"text\/css\" data-created_by=\"avia_inline_auto\" id=\"style-css-av-kpo2z509-92e5a7bb5245f346b102fd2af861b0e8\">\n#top .av_textblock_section.av-kpo2z509-92e5a7bb5245f346b102fd2af861b0e8 .avia_textblock{\nfont-size:15px;\n}\n<\/style>\n<section  class='av_textblock_section av-kpo2z509-92e5a7bb5245f346b102fd2af861b0e8 '   itemscope=\"itemscope\" itemtype=\"https:\/\/schema.org\/CreativeWork\" ><div class='avia_textblock'  itemprop=\"text\" ><p><strong>\u00ab\u00a0Engag\u00e9 pour le v\u00e9g\u00e9tal\u00a0\u00bb<\/strong> est une charte d&rsquo;engagement \u00e0 l&rsquo;attention des gestionnaires d&rsquo;espaces v\u00e9g\u00e9talis\u00e9s d&rsquo;Occitanie.<\/p>\n<p><strong>La v\u00e9g\u00e9talisation et les bonnes pratiques entourant la gestion du v\u00e9g\u00e9tal et son d\u00e9ploiement se placent au c\u0153ur de cet outil.\u00a0<\/strong><\/p>\n<p>Elle propose aux gestionnaires signataires<strong> un cadre technique et m\u00e9thodologique<\/strong> pour la mise en \u0153uvre de<strong>\u00a0solutions \u00e9cologiques, efficaces, p\u00e9rennes en fonction des usages et des moyens mobilisables<\/strong>.<\/p>\n<p>Elle s&rsquo;articule autour de <strong>12 engagements cl\u00e9s<\/strong> pour une gestion respectueuse de la sant\u00e9, de l&rsquo;environnement et des territoires !<\/p>\n<p>Dans leur lign\u00e9e directe, elle remplace les <a href=\"https:\/\/www.fredonoccitanie.com\/jevi\/la-charte\/\">chartes r\u00e9gionales \u00ab\u00a0Z\u00e9ro Phyto\u00a0\u00bb<\/a>, pour poursuivre toujours et encore l&rsquo;accompagnement des gestionnaires JEVI.<\/p>\n<\/div><\/section><\/div>\n<style type=\"text\/css\" data-created_by=\"avia_inline_auto\" id=\"style-css-av-m7ov4v6s-6a9a501ae1fec06a433a1fe7ece3a792\">\n#top .hr.hr-invisible.av-m7ov4v6s-6a9a501ae1fec06a433a1fe7ece3a792{\nheight:30px;\n}\n<\/style>\n<div  class='hr av-m7ov4v6s-6a9a501ae1fec06a433a1fe7ece3a792 hr-invisible  avia-builder-el-8  el_after_av_three_fifth  el_before_av_buttonrow '><span class='hr-inner '><span class=\"hr-inner-style\"><\/span><\/span><\/div>\n<div  class='avia-buttonrow-wrap av-m7uip2a4-797c793dcb3d3ec0d1db6c261979737f avia-buttonrow-center  avia-builder-el-9  el_after_av_hr  avia-builder-el-last '>\n\n<style type=\"text\/css\" data-created_by=\"avia_inline_auto\" id=\"style-css-av-m7uil537-6df15a41136fa6cf9b9afe162b461475\">\n#top #wrap_all .avia-button.av-m7uil537-6df15a41136fa6cf9b9afe162b461475{\nmargin-bottom:5px;\nmargin-right:3px;\nmargin-left:3px;\n}\n<\/style>\n<a href='#candidater'  class='avia-button av-m7uil537-6df15a41136fa6cf9b9afe162b461475 avia-icon_select-no avia-size-small avia-color-theme-color'   aria-label=\"POUR CANDIDATER\"><span class='avia_iconbox_title' >POUR CANDIDATER<\/span><\/a>\n\n<style type=\"text\/css\" data-created_by=\"avia_inline_auto\" id=\"style-css-av-m7uiqp2c-10fc60294d4f6d6359dc3984a3b1d2c5\">\n#top #wrap_all .avia-button.av-m7uiqp2c-10fc60294d4f6d6359dc3984a3b1d2c5{\nbackground-color:#eeba00;\nborder-color:#eeba00;\ntransition:all 0.4s ease-in-out;\nmargin-bottom:5px;\nmargin-right:3px;\nmargin-left:3px;\n}\n#top #wrap_all .avia-button.av-m7uiqp2c-10fc60294d4f6d6359dc3984a3b1d2c5:hover{\nbackground-color:#576b35;\ncolor:#ffffff;\ntransition:all 0.4s ease-in-out;\n}\n#top #wrap_all .avia-button.av-m7uiqp2c-10fc60294d4f6d6359dc3984a3b1d2c5:hover .avia-svg-icon svg:first-child{\nfill:#ffffff;\nstroke:#ffffff;\n}\n<\/style>\n<a href='#12engagements'  class='avia-button av-m7uiqp2c-10fc60294d4f6d6359dc3984a3b1d2c5 avia-icon_select-no avia-size-small avia-font-color-theme-color'   aria-label=\"12 ENGAGEMENTS\"><span class='avia_iconbox_title' >12 ENGAGEMENTS<\/span><\/a>\n\n<style type=\"text\/css\" data-created_by=\"avia_inline_auto\" id=\"style-css-av-m7uitej9-93f3a6010446d64c7e62e4a24fbef594\">\n#top #wrap_all .avia-button.av-m7uitej9-93f3a6010446d64c7e62e4a24fbef594{\nbackground-color:#007c8e;\nborder-color:#007c8e;\ncolor:#ffffff;\ntransition:all 0.4s ease-in-out;\nmargin-bottom:5px;\nmargin-right:3px;\nmargin-left:3px;\n}\n#top #wrap_all .avia-button.av-m7uitej9-93f3a6010446d64c7e62e4a24fbef594 .avia-svg-icon svg:first-child{\nfill:#ffffff;\nstroke:#ffffff;\n}\n<\/style>\n<a href='#calendrier'  class='avia-button av-m7uitej9-93f3a6010446d64c7e62e4a24fbef594 avia-icon_select-no avia-size-small'   aria-label=\"CALENDRIER\"><span class='avia_iconbox_title' >CALENDRIER<\/span><\/a>\n\n<style type=\"text\/css\" data-created_by=\"avia_inline_auto\" id=\"style-css-av-m7uip064-3a6b115c82249d0037343d71b8f17f33\">\n#top #wrap_all .avia-button.av-m7uip064-3a6b115c82249d0037343d71b8f17f33{\nbackground-color:#e17a0c;\nborder-color:#e17a0c;\ntransition:all 0.4s ease-in-out;\nmargin-bottom:5px;\nmargin-right:3px;\nmargin-left:3px;\n}\n#top #wrap_all .avia-button.av-m7uip064-3a6b115c82249d0037343d71b8f17f33:hover{\ncolor:#ffffff;\ntransition:all 0.4s ease-in-out;\n}\n#top #wrap_all .avia-button.av-m7uip064-3a6b115c82249d0037343d71b8f17f33:hover .avia-svg-icon svg:first-child{\nfill:#ffffff;\nstroke:#ffffff;\n}\n<\/style>\n<a href='#fondements'  class='avia-button av-m7uip064-3a6b115c82249d0037343d71b8f17f33 avia-icon_select-no avia-size-small avia-font-color-theme-color'   aria-label=\"FONDEMENT\"><span class='avia_iconbox_title' >FONDEMENT<\/span><span class='avia_button_background avia-button avia-color-theme-color-highlight' ><\/span><\/a>\n<\/div>\n\n<\/div><\/div><\/main><!-- close content main element --><\/div><\/div>\n<style type=\"text\/css\" data-created_by=\"avia_inline_auto\" id=\"style-css-av-m8d9at-150417fea85abf50cbeade92ad8185af\">\n.avia-section.av-m8d9at-150417fea85abf50cbeade92ad8185af{\nbackground-color:#b86000;\nbackground-image:unset;\n}\n<\/style>\n<div id='av_section_2'  class='avia-section av-m8d9at-150417fea85abf50cbeade92ad8185af main_color avia-section-default avia-no-border-styling  avia-builder-el-10  el_after_av_section  el_before_av_section  avia-bg-style-scroll container_wrap fullsize'  ><div class='container av-section-cont-open' ><div class='template-page content  av-content-full alpha units'><div class='post-entry post-entry-type-page post-entry-11381'><div class='entry-content-wrapper clearfix'>\n\n<style type=\"text\/css\" data-created_by=\"avia_inline_auto\" id=\"style-css-av-lfgm3msn-b558968e07cf49618fe2fd9969347116\">\n#top .av_textblock_section.av-lfgm3msn-b558968e07cf49618fe2fd9969347116 .avia_textblock{\ncolor:#ffffff;\n}\n<\/style>\n<section  class='av_textblock_section av-lfgm3msn-b558968e07cf49618fe2fd9969347116 '   itemscope=\"itemscope\" itemtype=\"https:\/\/schema.org\/CreativeWork\" ><div class='avia_textblock av_inherit_color'  itemprop=\"text\" ><h1 style=\"text-align: center\">\u00a0Les candidatures pour la session 2026 sont ouvertes !<\/h1>\n<p style=\"text-align: center\">Besoin de plus d&rsquo;infos sur le dispositif ? Inscrivez-vous au <a href=\"https:\/\/www.fredonoccitanie.com\/jevi\/2026\/03\/11\/webinaire-jevi-lacharteenegagepourlevegetal_4eme_edition\/\">webinaire de pr\u00e9sentation de la charte<\/a> pr\u00e9vu le vendredi 22 mai de 11h \u00e0 12h !<\/p>\n<\/div><\/section>\n\n<style type=\"text\/css\" data-created_by=\"avia_inline_auto\" id=\"style-css-av-lcr52t-56945bb4bb41cb598950f8df7e22cfec\">\n#top .hr.hr-invisible.av-lcr52t-56945bb4bb41cb598950f8df7e22cfec{\nheight:20px;\n}\n<\/style>\n<div  class='hr av-lcr52t-56945bb4bb41cb598950f8df7e22cfec hr-invisible  avia-builder-el-12  el_after_av_textblock  el_before_av_button '><span class='hr-inner '><span class=\"hr-inner-style\"><\/span><\/span><\/div>\n<div  class='avia-button-wrap av-1ltyy39-e9c6ac560a8c9c77b2fa2748862273ad-wrap avia-button-center  avia-builder-el-13  el_after_av_hr  avia-builder-el-last '><a href='#candidater'  class='avia-button av-1ltyy39-e9c6ac560a8c9c77b2fa2748862273ad av-link-btn avia-icon_select-yes-left-icon avia-size-small avia-position-center avia-color-theme-color'   aria-label=\"CLIQUEZ ICI POUR CANDIDATER !\"><span class='avia_button_icon avia_button_icon_left avia-iconfont avia-font-entypo-fontello' data-av_icon='\ue8b8' data-av_iconfont='entypo-fontello' ><\/span><span class='avia_iconbox_title' >CLIQUEZ ICI POUR CANDIDATER !<\/span><\/a><\/div>\n<\/div><\/div><\/div><!-- close content main div --><\/div><\/div>\n<style type=\"text\/css\" data-created_by=\"avia_inline_auto\" id=\"style-css-av-kpo1a0ra-e7489d2d8ef717cf89508736b7d28d30\">\n.avia-section.av-kpo1a0ra-e7489d2d8ef717cf89508736b7d28d30{\nbackground-color:#ffefde;\nbackground-image:unset;\n}\n<\/style>\n<div id='av_section_3'  class='avia-section av-kpo1a0ra-e7489d2d8ef717cf89508736b7d28d30 main_color avia-section-default avia-no-border-styling  avia-builder-el-14  el_after_av_section  el_before_av_one_full  avia-bg-style-scroll container_wrap fullsize'  ><div class='container av-section-cont-open' ><div class='template-page content  av-content-full alpha units'><div class='post-entry post-entry-type-page post-entry-11381'><div class='entry-content-wrapper clearfix'>\n<section  class='av_textblock_section av-ldsznrhv-ae3f71bb9d7694b4d5d8ad10a9b9dfd2 '   itemscope=\"itemscope\" itemtype=\"https:\/\/schema.org\/CreativeWork\" ><div class='avia_textblock'  itemprop=\"text\" ><h1 id=\"12engagements\" style=\"text-align: left\"><\/h1>\n<h1 style=\"text-align: center\">EN OCCITANIE ON S&rsquo;ENGAGE POUR&#8230;<\/h1>\n<\/div><\/section>\n\n<style type=\"text\/css\" data-created_by=\"avia_inline_auto\" id=\"style-css-av-1c7cdp1-96fd33a3ef935fea9c575ee803db7658\">\n.flex_column.av-1c7cdp1-96fd33a3ef935fea9c575ee803db7658{\nborder-radius:0px 0px 0px 0px;\npadding:0px 0px 0px 0px;\n}\n<\/style>\n<div  class='flex_column av-1c7cdp1-96fd33a3ef935fea9c575ee803db7658 av_three_fifth  avia-builder-el-16  el_after_av_textblock  el_before_av_two_fifth  first flex_column_div av-zero-column-padding  column-top-margin'     ><style type=\"text\/css\" data-created_by=\"avia_inline_auto\" id=\"style-css-av-ldx0viuq-1c8f18d75ec5c4c14aa2272177370e39\">\n.avia-image-container.av-ldx0viuq-1c8f18d75ec5c4c14aa2272177370e39 img.avia_image{\nbox-shadow:none;\n}\n.avia-image-container.av-ldx0viuq-1c8f18d75ec5c4c14aa2272177370e39 .av-image-caption-overlay-center{\ncolor:#ffffff;\n}\n<\/style>\n<div  class='avia-image-container av-ldx0viuq-1c8f18d75ec5c4c14aa2272177370e39 av-styling- avia-align-center  avia-builder-el-17  avia-builder-el-no-sibling '   itemprop=\"image\" itemscope=\"itemscope\" itemtype=\"https:\/\/schema.org\/ImageObject\" ><div class=\"avia-image-container-inner\"><div class=\"avia-image-overlay-wrap\"><img decoding=\"async\" fetchpriority=\"high\" class='wp-image-18602 avia-img-lazy-loading-not-18602 avia_image ' src=\"https:\/\/www.fredonoccitanie.com\/jevi\/wp-content\/uploads\/sites\/2\/2026\/02\/Fleur-engagement@2x-8.png\" alt='' title='Fleur engagement@2x-8'  height=\"464\" width=\"565\"  itemprop=\"thumbnailUrl\" srcset=\"https:\/\/www.fredonoccitanie.com\/jevi\/wp-content\/uploads\/sites\/2\/2026\/02\/Fleur-engagement@2x-8.png 565w, https:\/\/www.fredonoccitanie.com\/jevi\/wp-content\/uploads\/sites\/2\/2026\/02\/Fleur-engagement@2x-8-300x246.png 300w\" sizes=\"(max-width: 565px) 100vw, 565px\" \/><\/div><\/div><\/div><\/div>\n<style type=\"text\/css\" data-created_by=\"avia_inline_auto\" id=\"style-css-av-179dwz9-6ad7653874a9a05ac0e51255c010dcb7\">\n.flex_column.av-179dwz9-6ad7653874a9a05ac0e51255c010dcb7{\nborder-radius:0px 0px 0px 0px;\npadding:0px 0px 0px 0px;\n}\n<\/style>\n<div  class='flex_column av-179dwz9-6ad7653874a9a05ac0e51255c010dcb7 av_two_fifth  avia-builder-el-18  el_after_av_three_fifth  avia-builder-el-last  flex_column_div av-zero-column-padding  column-top-margin'     ><p>\n<style type=\"text\/css\" data-created_by=\"avia_inline_auto\" id=\"style-css-av-m6s0gax1-4d2504f85fe180d6b619540c178e93e3\">\n#top .av_textblock_section.av-m6s0gax1-4d2504f85fe180d6b619540c178e93e3 .avia_textblock{\nfont-size:12px;\n}\n<\/style>\n<section  class='av_textblock_section av-m6s0gax1-4d2504f85fe180d6b619540c178e93e3 '   itemscope=\"itemscope\" itemtype=\"https:\/\/schema.org\/CreativeWork\" ><div class='avia_textblock'  itemprop=\"text\" ><p><strong>Le d\u00e9tail du dispositif dans la brochure t\u00e9l\u00e9chargeable ci-dessous.<\/strong><\/p>\n<\/div><\/section><br \/>\n<section  class='av_textblock_section av-m6s04634-7257200003065b18a61f6622ee967cd3 '   itemscope=\"itemscope\" itemtype=\"https:\/\/schema.org\/CreativeWork\" ><div class='avia_textblock'  itemprop=\"text\" ><div style=\"text-align: center\"><\/div>\n<\/div><\/section><\/p><\/div>\n<\/div><\/div><\/div><!-- close content main div --><\/div><\/div><div id='after_section_3'  class='main_color av_default_container_wrap container_wrap fullsize'  ><div class='container av-section-cont-open' ><div class='template-page content  av-content-full alpha units'><div class='post-entry post-entry-type-page post-entry-11381'><div class='entry-content-wrapper clearfix'><\/p>\n\n<style type=\"text\/css\" data-created_by=\"avia_inline_auto\" id=\"style-css-av-emcj2-b42807ef95309523fa6fc4f0cee553f4\">\n.flex_column.av-emcj2-b42807ef95309523fa6fc4f0cee553f4{\nborder-radius:0px 0px 0px 0px;\npadding:0px 0px 0px 0px;\n}\n<\/style>\n<div  class='flex_column av-emcj2-b42807ef95309523fa6fc4f0cee553f4 av_one_full  avia-builder-el-21  el_after_av_section  el_before_av_one_third  avia-builder-el-first  first flex_column_div av-zero-column-padding  '     ><section  class='av_textblock_section av-ldkn3j15-2923caec4154e6c27b2c15fe9b3fab89 '   itemscope=\"itemscope\" itemtype=\"https:\/\/schema.org\/CreativeWork\" ><div class='avia_textblock'  itemprop=\"text\" ><h2 style=\"text-align: center\">3 niveaux de progression sur 12 engagements globaux<\/h2>\n<h2 style=\"text-align: center\">en faveur de la sant\u00e9 humaine et la sant\u00e9 de l&rsquo;environnement<\/h2>\n<\/div><\/section><br \/>\n\n<style type=\"text\/css\" data-created_by=\"avia_inline_auto\" id=\"style-css-av-30ua5x-cac091750c1e126f3c24a6058dcff927\">\n#top .hr.hr-invisible.av-30ua5x-cac091750c1e126f3c24a6058dcff927{\nheight:30px;\n}\n<\/style>\n<div  class='hr av-30ua5x-cac091750c1e126f3c24a6058dcff927 hr-invisible  avia-builder-el-23  el_after_av_textblock  avia-builder-el-last '><span class='hr-inner '><span class=\"hr-inner-style\"><\/span><\/span><\/div><\/p><\/div>\n\n<style type=\"text\/css\" data-created_by=\"avia_inline_auto\" id=\"style-css-av-1gchi-a8b401e1ce6eaf103570bd496ea3b208\">\n.flex_column.av-1gchi-a8b401e1ce6eaf103570bd496ea3b208{\nborder-radius:0px 0px 0px 0px;\npadding:0px 0px 0px 0px;\n}\n<\/style>\n<div  class='flex_column av-1gchi-a8b401e1ce6eaf103570bd496ea3b208 av_one_third  avia-builder-el-24  el_after_av_one_full  el_before_av_one_third  first flex_column_div av-zero-column-padding  column-top-margin'     ><p>\n<style type=\"text\/css\" data-created_by=\"avia_inline_auto\" id=\"style-css-av-ldjys3vo-268e651a68fb14310c355f47d745c5a1\">\n.avia-image-container.av-ldjys3vo-268e651a68fb14310c355f47d745c5a1 img.avia_image{\nbox-shadow:none;\n}\n.avia-image-container.av-ldjys3vo-268e651a68fb14310c355f47d745c5a1 .av-image-caption-overlay-center{\ncolor:#ffffff;\n}\n<\/style>\n<div  class='avia-image-container av-ldjys3vo-268e651a68fb14310c355f47d745c5a1 av-styling- avia-align-center  avia-builder-el-25  el_before_av_textblock  avia-builder-el-first '   itemprop=\"image\" itemscope=\"itemscope\" itemtype=\"https:\/\/schema.org\/ImageObject\" ><div class=\"avia-image-container-inner\"><div class=\"avia-image-overlay-wrap\"><img decoding=\"async\" fetchpriority=\"high\" class='wp-image-11406 avia-img-lazy-loading-not-11406 avia_image ' src=\"https:\/\/www.fredonoccitanie.com\/jevi\/wp-content\/uploads\/sites\/2\/2023\/01\/rainette1_2023niveau3_bis@1.5x-100-300x174.jpg\" alt='' title='rainette1_2023niveau3_bis@1.5x-100'  height=\"174\" width=\"300\"  itemprop=\"thumbnailUrl\" srcset=\"https:\/\/www.fredonoccitanie.com\/jevi\/wp-content\/uploads\/sites\/2\/2023\/01\/rainette1_2023niveau3_bis@1.5x-100-300x174.jpg 300w, https:\/\/www.fredonoccitanie.com\/jevi\/wp-content\/uploads\/sites\/2\/2023\/01\/rainette1_2023niveau3_bis@1.5x-100-1030x596.jpg 1030w, https:\/\/www.fredonoccitanie.com\/jevi\/wp-content\/uploads\/sites\/2\/2023\/01\/rainette1_2023niveau3_bis@1.5x-100-768x444.jpg 768w, https:\/\/www.fredonoccitanie.com\/jevi\/wp-content\/uploads\/sites\/2\/2023\/01\/rainette1_2023niveau3_bis@1.5x-100-1500x868.jpg 1500w, https:\/\/www.fredonoccitanie.com\/jevi\/wp-content\/uploads\/sites\/2\/2023\/01\/rainette1_2023niveau3_bis@1.5x-100-705x408.jpg 705w, https:\/\/www.fredonoccitanie.com\/jevi\/wp-content\/uploads\/sites\/2\/2023\/01\/rainette1_2023niveau3_bis@1.5x-100.jpg 1514w\" sizes=\"(max-width: 300px) 100vw, 300px\" \/><\/div><\/div><\/div><br \/>\n<section  class='av_textblock_section av-ldsok476-b202aff19d0444a9c9b5dca6fc32af35 '   itemscope=\"itemscope\" itemtype=\"https:\/\/schema.org\/CreativeWork\" ><div class='avia_textblock'  itemprop=\"text\" ><h1 style=\"text-align: center\">On s&rsquo;engage !<\/h1>\n<\/div><\/section><br \/>\n<section  class='av_textblock_section av-ldsolvmj-1d027a525be75e93c584a1f7c203a8f4 '   itemscope=\"itemscope\" itemtype=\"https:\/\/schema.org\/CreativeWork\" ><div class='avia_textblock'  itemprop=\"text\" ><h3 style=\"text-align: center\">Mise en \u0153uvre des bonnes pratiques dans tout nouveau projet<\/h3>\n<\/div><\/section><\/p><\/div>\n\n<style type=\"text\/css\" data-created_by=\"avia_inline_auto\" id=\"style-css-av-6zfxa-280e073f2720d4cf2501aa870f6ee0c1\">\n.flex_column.av-6zfxa-280e073f2720d4cf2501aa870f6ee0c1{\nborder-radius:0px 0px 0px 0px;\npadding:0px 0px 0px 0px;\n}\n<\/style>\n<div  class='flex_column av-6zfxa-280e073f2720d4cf2501aa870f6ee0c1 av_one_third  avia-builder-el-28  el_after_av_one_third  el_before_av_one_third  flex_column_div av-zero-column-padding  column-top-margin'     ><p>\n<style type=\"text\/css\" data-created_by=\"avia_inline_auto\" id=\"style-css-av-ldjysn24-07e84098e43dbe7f633d536bd44ba7e3\">\n.avia-image-container.av-ldjysn24-07e84098e43dbe7f633d536bd44ba7e3 img.avia_image{\nbox-shadow:none;\n}\n.avia-image-container.av-ldjysn24-07e84098e43dbe7f633d536bd44ba7e3 .av-image-caption-overlay-center{\ncolor:#ffffff;\n}\n<\/style>\n<div  class='avia-image-container av-ldjysn24-07e84098e43dbe7f633d536bd44ba7e3 av-styling- avia-align-center  avia-builder-el-29  el_before_av_textblock  avia-builder-el-first '   itemprop=\"image\" itemscope=\"itemscope\" itemtype=\"https:\/\/schema.org\/ImageObject\" ><div class=\"avia-image-container-inner\"><div class=\"avia-image-overlay-wrap\"><img decoding=\"async\" fetchpriority=\"high\" class='wp-image-11403 avia-img-lazy-loading-not-11403 avia_image ' src=\"https:\/\/www.fredonoccitanie.com\/jevi\/wp-content\/uploads\/sites\/2\/2023\/01\/rainette2_2023niveau3_bis@1.5x-100-300x174.jpg\" alt='' title='rainette2_2023niveau3_bis@1.5x-100'  height=\"174\" width=\"300\"  itemprop=\"thumbnailUrl\" srcset=\"https:\/\/www.fredonoccitanie.com\/jevi\/wp-content\/uploads\/sites\/2\/2023\/01\/rainette2_2023niveau3_bis@1.5x-100-300x174.jpg 300w, https:\/\/www.fredonoccitanie.com\/jevi\/wp-content\/uploads\/sites\/2\/2023\/01\/rainette2_2023niveau3_bis@1.5x-100-1030x596.jpg 1030w, https:\/\/www.fredonoccitanie.com\/jevi\/wp-content\/uploads\/sites\/2\/2023\/01\/rainette2_2023niveau3_bis@1.5x-100-768x444.jpg 768w, https:\/\/www.fredonoccitanie.com\/jevi\/wp-content\/uploads\/sites\/2\/2023\/01\/rainette2_2023niveau3_bis@1.5x-100-1500x868.jpg 1500w, https:\/\/www.fredonoccitanie.com\/jevi\/wp-content\/uploads\/sites\/2\/2023\/01\/rainette2_2023niveau3_bis@1.5x-100-705x408.jpg 705w, https:\/\/www.fredonoccitanie.com\/jevi\/wp-content\/uploads\/sites\/2\/2023\/01\/rainette2_2023niveau3_bis@1.5x-100.jpg 1514w\" sizes=\"(max-width: 300px) 100vw, 300px\" \/><\/div><\/div><\/div><br \/>\n<section  class='av_textblock_section av-ldsp3f1s-664db3d81ea038be39f886aa95929723 '   itemscope=\"itemscope\" itemtype=\"https:\/\/schema.org\/CreativeWork\" ><div class='avia_textblock'  itemprop=\"text\" ><h1 style=\"text-align: center\">On exp\u00e9rimente !<\/h1>\n<\/div><\/section><br \/>\n<section  class='av_textblock_section av-ldjyvs4w-4b30f7618db27593b0ba3678f6ac5ed2 '   itemscope=\"itemscope\" itemtype=\"https:\/\/schema.org\/CreativeWork\" ><div class='avia_textblock'  itemprop=\"text\" ><h1 style=\"text-align: center\"><\/h1>\n<h3 style=\"text-align: center\">Tests des bonnes pratiques sur des espaces existants<\/h3>\n<\/div><\/section><\/p><\/div>\n\n<style type=\"text\/css\" data-created_by=\"avia_inline_auto\" id=\"style-css-av-9luue-6257d77904185f092dd5079c6accca41\">\n.flex_column.av-9luue-6257d77904185f092dd5079c6accca41{\nborder-radius:0px 0px 0px 0px;\npadding:0px 0px 0px 0px;\n}\n<\/style>\n<div  class='flex_column av-9luue-6257d77904185f092dd5079c6accca41 av_one_third  avia-builder-el-32  el_after_av_one_third  el_before_av_section  avia-builder-el-last  flex_column_div av-zero-column-padding  column-top-margin'     ><p>\n<style type=\"text\/css\" data-created_by=\"avia_inline_auto\" id=\"style-css-av-ldjyud5h-df72d8298c1a60bb66bcc99c4581947a\">\n.avia-image-container.av-ldjyud5h-df72d8298c1a60bb66bcc99c4581947a img.avia_image{\nbox-shadow:none;\n}\n.avia-image-container.av-ldjyud5h-df72d8298c1a60bb66bcc99c4581947a .av-image-caption-overlay-center{\ncolor:#ffffff;\n}\n<\/style>\n<div  class='avia-image-container av-ldjyud5h-df72d8298c1a60bb66bcc99c4581947a av-styling- avia-align-center  avia-builder-el-33  el_before_av_textblock  avia-builder-el-first '   itemprop=\"image\" itemscope=\"itemscope\" itemtype=\"https:\/\/schema.org\/ImageObject\" ><div class=\"avia-image-container-inner\"><div class=\"avia-image-overlay-wrap\"><img decoding=\"async\" fetchpriority=\"high\" class='wp-image-11401 avia-img-lazy-loading-not-11401 avia_image ' src=\"https:\/\/www.fredonoccitanie.com\/jevi\/wp-content\/uploads\/sites\/2\/2023\/01\/rainette_2023niveau3_bis@1.5x-100-300x174.jpg\" alt='' title='rainette_2023niveau3_bis@1.5x-100'  height=\"174\" width=\"300\"  itemprop=\"thumbnailUrl\" srcset=\"https:\/\/www.fredonoccitanie.com\/jevi\/wp-content\/uploads\/sites\/2\/2023\/01\/rainette_2023niveau3_bis@1.5x-100-300x174.jpg 300w, https:\/\/www.fredonoccitanie.com\/jevi\/wp-content\/uploads\/sites\/2\/2023\/01\/rainette_2023niveau3_bis@1.5x-100-1030x596.jpg 1030w, https:\/\/www.fredonoccitanie.com\/jevi\/wp-content\/uploads\/sites\/2\/2023\/01\/rainette_2023niveau3_bis@1.5x-100-768x444.jpg 768w, https:\/\/www.fredonoccitanie.com\/jevi\/wp-content\/uploads\/sites\/2\/2023\/01\/rainette_2023niveau3_bis@1.5x-100-1500x868.jpg 1500w, https:\/\/www.fredonoccitanie.com\/jevi\/wp-content\/uploads\/sites\/2\/2023\/01\/rainette_2023niveau3_bis@1.5x-100-705x408.jpg 705w, https:\/\/www.fredonoccitanie.com\/jevi\/wp-content\/uploads\/sites\/2\/2023\/01\/rainette_2023niveau3_bis@1.5x-100.jpg 1514w\" sizes=\"(max-width: 300px) 100vw, 300px\" \/><\/div><\/div><\/div><br \/>\n<section  class='av_textblock_section av-ldsp3q81-bfdd435de7dd99baa0eb0d01e9b0c4f6 '   itemscope=\"itemscope\" itemtype=\"https:\/\/schema.org\/CreativeWork\" ><div class='avia_textblock'  itemprop=\"text\" ><h1 style=\"text-align: center\">On g\u00e9n\u00e9ralise!<\/h1>\n<\/div><\/section><br \/>\n<section  class='av_textblock_section av-kpo3u2qk-5ce978a02cdbd683e5ee60d0287a0eb3 '   itemscope=\"itemscope\" itemtype=\"https:\/\/schema.org\/CreativeWork\" ><div class='avia_textblock'  itemprop=\"text\" ><h3 style=\"text-align: center\">Adoption des bonnes pratiques sur l&rsquo;ensemble des espaces en gestion<\/h3>\n<\/div><\/section><\/p><\/div>\n<\/div><\/div><\/div><!-- close content main div --><\/div><\/div>\n<style type=\"text\/css\" data-created_by=\"avia_inline_auto\" id=\"style-css-av-kpo42q6l-b3a4725cd721a86fe2e441e7acea2f4f\">\n.avia-section.av-kpo42q6l-b3a4725cd721a86fe2e441e7acea2f4f{\nbackground-color:#b86000;\nbackground-image:unset;\n}\n#top .avia-section.av-kpo42q6l-b3a4725cd721a86fe2e441e7acea2f4f .scroll-down-link{\ncolor:#b86000;\n}\n#top .avia-section.av-kpo42q6l-b3a4725cd721a86fe2e441e7acea2f4f .scroll-down-link.avia-svg-icon svg:first-child{\nstroke:#b86000;\nfill:#b86000;\n}\n<\/style>\n<div id='av_section_4'  class='avia-section av-kpo42q6l-b3a4725cd721a86fe2e441e7acea2f4f main_color avia-section-default avia-no-border-styling  avia-builder-el-36  el_after_av_one_third  el_before_av_section  avia-bg-style-scroll container_wrap fullsize'  ><div class=\"av-section-color-overlay-wrap\"><a href='#next-section' title='' class='scroll-down-link av-custom-scroll-down-color avia-svg-icon avia-font-svg_entypo-fontello' data-av_svg_icon='down-open-mini' data-av_iconset='svg_entypo-fontello'><svg version=\"1.1\" xmlns=\"http:\/\/www.w3.org\/2000\/svg\" width=\"15\" height=\"32\" viewBox=\"0 0 15 32\" preserveAspectRatio=\"xMidYMid meet\" aria-labelledby='av-svg-title-1' aria-describedby='av-svg-desc-1' role=\"graphics-symbol\" aria-hidden=\"true\">\n<title id='av-svg-title-1'>Scroller vers la prochaine section<\/title>\n<desc id='av-svg-desc-1'>Scroller vers la prochaine section<\/desc>\n<path d=\"M12.96 12.16q0.704-0.832 1.536 0 0.832 0.704 0 1.536l-6.272 6.144q-0.704 0.704-1.536 0l-6.272-6.144q-0.832-0.832 0-1.536 0.768-0.768 1.6 0l5.44 4.992z\"><\/path>\n<\/svg><\/a><div class='container av-section-cont-open' ><div class='template-page content  av-content-full alpha units'><div class='post-entry post-entry-type-page post-entry-11381'><div class='entry-content-wrapper clearfix'>\n\n<style type=\"text\/css\" data-created_by=\"avia_inline_auto\" id=\"style-css-av-16kk51x-e38de86fe66379ec3812c3c10c5a909e\">\n.flex_column.av-16kk51x-e38de86fe66379ec3812c3c10c5a909e{\nborder-radius:0px 0px 0px 0px;\npadding:0px 0px 0px 0px;\n}\n<\/style>\n<div  class='flex_column av-16kk51x-e38de86fe66379ec3812c3c10c5a909e av_three_fifth  avia-builder-el-37  el_before_av_two_fifth  avia-builder-el-first  first flex_column_div av-zero-column-padding  '     ><div id='av-masonry-1' class='av-masonry av-m78u4v2u-f25afdf6dacd9d411d7da0c97f110aab noHover av-flex-size av-large-gap av-hover-overlay- av-masonry-animation-active av-masonry-col-3 av-caption-on-hover av-caption-style- av-masonry-gallery ' data-post_id=\"11381\"><div class=\"av-masonry-container isotope av-js-disabled\"><div class='av-masonry-entry isotope-item av-masonry-item-no-image '><\/div><a href=\"https:\/\/www.fredonoccitanie.com\/jevi\/wp-content\/uploads\/sites\/2\/2025\/02\/20241112_094420-1030x773.jpg\" data-srcset=\"https:\/\/www.fredonoccitanie.com\/jevi\/wp-content\/uploads\/sites\/2\/2025\/02\/20241112_094420-1030x773.jpg 1030w, https:\/\/www.fredonoccitanie.com\/jevi\/wp-content\/uploads\/sites\/2\/2025\/02\/20241112_094420-300x225.jpg 300w, https:\/\/www.fredonoccitanie.com\/jevi\/wp-content\/uploads\/sites\/2\/2025\/02\/20241112_094420-768x576.jpg 768w, https:\/\/www.fredonoccitanie.com\/jevi\/wp-content\/uploads\/sites\/2\/2025\/02\/20241112_094420-1536x1152.jpg 1536w, https:\/\/www.fredonoccitanie.com\/jevi\/wp-content\/uploads\/sites\/2\/2025\/02\/20241112_094420-2048x1536.jpg 2048w, https:\/\/www.fredonoccitanie.com\/jevi\/wp-content\/uploads\/sites\/2\/2025\/02\/20241112_094420-1500x1125.jpg 1500w, https:\/\/www.fredonoccitanie.com\/jevi\/wp-content\/uploads\/sites\/2\/2025\/02\/20241112_094420-705x529.jpg 705w\" data-sizes=\"(max-width: 1030px) 100vw, 1030px\"  aria-label=\"image 20241112_094420\"  id='av-masonry-1-item-17422' data-av-masonry-item='17422' class='av-masonry-entry isotope-item post-17422 attachment type-attachment status-inherit hentry  av-masonry-item-with-image' title=\"Cimeti\u00e8re v\u00e9g\u00e9talis\u00e9 \u00e0 Orlu (09)\" alt=\"Cimeti\u00e8re d&#039;Orlu\"    itemprop=\"thumbnailUrl\" ><div class='av-inner-masonry-sizer'><\/div><figure class='av-inner-masonry main_color'><div class=\"av-masonry-outerimage-container\"><div class='av-masonry-image-container'  ><img decoding=\"async\" width=\"705\" height=\"529\" fetchpriority=\"high\" class=\"wp-image-17422 avia-img-lazy-loading-not-17422\"  src=\"https:\/\/www.fredonoccitanie.com\/jevi\/wp-content\/uploads\/sites\/2\/2025\/02\/20241112_094420-705x529.jpg\" title=\"Cimeti\u00e8re v\u00e9g\u00e9talis\u00e9 \u00e0 Orlu (09)\" alt=\"Cimeti\u00e8re d&#039;Orlu\" srcset=\"https:\/\/www.fredonoccitanie.com\/jevi\/wp-content\/uploads\/sites\/2\/2025\/02\/20241112_094420-705x529.jpg 705w, https:\/\/www.fredonoccitanie.com\/jevi\/wp-content\/uploads\/sites\/2\/2025\/02\/20241112_094420-300x225.jpg 300w, https:\/\/www.fredonoccitanie.com\/jevi\/wp-content\/uploads\/sites\/2\/2025\/02\/20241112_094420-1030x773.jpg 1030w, https:\/\/www.fredonoccitanie.com\/jevi\/wp-content\/uploads\/sites\/2\/2025\/02\/20241112_094420-768x576.jpg 768w, https:\/\/www.fredonoccitanie.com\/jevi\/wp-content\/uploads\/sites\/2\/2025\/02\/20241112_094420-1536x1152.jpg 1536w, https:\/\/www.fredonoccitanie.com\/jevi\/wp-content\/uploads\/sites\/2\/2025\/02\/20241112_094420-2048x1536.jpg 2048w, https:\/\/www.fredonoccitanie.com\/jevi\/wp-content\/uploads\/sites\/2\/2025\/02\/20241112_094420-1500x1125.jpg 1500w\" sizes=\"(max-width: 705px) 100vw, 705px\" \/><\/div><\/div><figcaption class='av-inner-masonry-content site-background'><div class='av-inner-masonry-content-pos'><div class='av-inner-masonry-content-pos-content'><div class='avia-arrow'><\/div><div class='av-masonry-entry-content entry-content'  itemprop=\"text\" >Cimeti\u00e8re v\u00e9g\u00e9talis\u00e9 \u00e0 Orlu (09)<\/div><\/div><\/div><\/figcaption><\/figure><\/a><!--end av-masonry entry--><a href=\"https:\/\/www.fredonoccitanie.com\/jevi\/wp-content\/uploads\/sites\/2\/2025\/02\/sauvages_demarue_Grabels_280324_4-773x1030.jpg\" data-srcset=\"https:\/\/www.fredonoccitanie.com\/jevi\/wp-content\/uploads\/sites\/2\/2025\/02\/sauvages_demarue_Grabels_280324_4-773x1030.jpg 773w, https:\/\/www.fredonoccitanie.com\/jevi\/wp-content\/uploads\/sites\/2\/2025\/02\/sauvages_demarue_Grabels_280324_4-225x300.jpg 225w, https:\/\/www.fredonoccitanie.com\/jevi\/wp-content\/uploads\/sites\/2\/2025\/02\/sauvages_demarue_Grabels_280324_4-768x1024.jpg 768w, https:\/\/www.fredonoccitanie.com\/jevi\/wp-content\/uploads\/sites\/2\/2025\/02\/sauvages_demarue_Grabels_280324_4-1152x1536.jpg 1152w, https:\/\/www.fredonoccitanie.com\/jevi\/wp-content\/uploads\/sites\/2\/2025\/02\/sauvages_demarue_Grabels_280324_4-1536x2048.jpg 1536w, https:\/\/www.fredonoccitanie.com\/jevi\/wp-content\/uploads\/sites\/2\/2025\/02\/sauvages_demarue_Grabels_280324_4-1125x1500.jpg 1125w, https:\/\/www.fredonoccitanie.com\/jevi\/wp-content\/uploads\/sites\/2\/2025\/02\/sauvages_demarue_Grabels_280324_4-529x705.jpg 529w, https:\/\/www.fredonoccitanie.com\/jevi\/wp-content\/uploads\/sites\/2\/2025\/02\/sauvages_demarue_Grabels_280324_4-scaled.jpg 1920w\" data-sizes=\"(max-width: 773px) 100vw, 773px\"  aria-label=\"image sauvages_demarue_Grabels_280324_4\"  id='av-masonry-1-item-17419' data-av-masonry-item='17419' class='av-masonry-entry isotope-item post-17419 attachment type-attachment status-inherit hentry  av-masonry-item-with-image' title=\"Journ\u00e9e technique Sauvages de ma Rue\" alt=\"Journ\u00e9e technique Sauvages de ma rue\"    itemprop=\"thumbnailUrl\" ><div class='av-inner-masonry-sizer'><\/div><figure class='av-inner-masonry main_color'><div class=\"av-masonry-outerimage-container\"><div class='av-masonry-image-container'  ><img decoding=\"async\" width=\"529\" height=\"705\" fetchpriority=\"high\" class=\"wp-image-17419 avia-img-lazy-loading-not-17419\"  src=\"https:\/\/www.fredonoccitanie.com\/jevi\/wp-content\/uploads\/sites\/2\/2025\/02\/sauvages_demarue_Grabels_280324_4-529x705.jpg\" title=\"Journ\u00e9e technique Sauvages de ma Rue\" alt=\"Journ\u00e9e technique Sauvages de ma rue\" srcset=\"https:\/\/www.fredonoccitanie.com\/jevi\/wp-content\/uploads\/sites\/2\/2025\/02\/sauvages_demarue_Grabels_280324_4-529x705.jpg 529w, https:\/\/www.fredonoccitanie.com\/jevi\/wp-content\/uploads\/sites\/2\/2025\/02\/sauvages_demarue_Grabels_280324_4-225x300.jpg 225w, https:\/\/www.fredonoccitanie.com\/jevi\/wp-content\/uploads\/sites\/2\/2025\/02\/sauvages_demarue_Grabels_280324_4-773x1030.jpg 773w, https:\/\/www.fredonoccitanie.com\/jevi\/wp-content\/uploads\/sites\/2\/2025\/02\/sauvages_demarue_Grabels_280324_4-768x1024.jpg 768w, https:\/\/www.fredonoccitanie.com\/jevi\/wp-content\/uploads\/sites\/2\/2025\/02\/sauvages_demarue_Grabels_280324_4-1152x1536.jpg 1152w, https:\/\/www.fredonoccitanie.com\/jevi\/wp-content\/uploads\/sites\/2\/2025\/02\/sauvages_demarue_Grabels_280324_4-1536x2048.jpg 1536w, https:\/\/www.fredonoccitanie.com\/jevi\/wp-content\/uploads\/sites\/2\/2025\/02\/sauvages_demarue_Grabels_280324_4-1125x1500.jpg 1125w, https:\/\/www.fredonoccitanie.com\/jevi\/wp-content\/uploads\/sites\/2\/2025\/02\/sauvages_demarue_Grabels_280324_4-scaled.jpg 1920w\" sizes=\"(max-width: 529px) 100vw, 529px\" \/><\/div><\/div><figcaption class='av-inner-masonry-content site-background'><div class='av-inner-masonry-content-pos'><div class='av-inner-masonry-content-pos-content'><div class='avia-arrow'><\/div><div class='av-masonry-entry-content entry-content'  itemprop=\"text\" >Journ\u00e9e technique Sauvages de ma Rue<\/div><\/div><\/div><\/figcaption><\/figure><\/a><!--end av-masonry entry--><a href=\"https:\/\/www.fredonoccitanie.com\/jevi\/wp-content\/uploads\/sites\/2\/2025\/02\/20240521_132350-1030x720.jpg\" data-srcset=\"https:\/\/www.fredonoccitanie.com\/jevi\/wp-content\/uploads\/sites\/2\/2025\/02\/20240521_132350-1030x720.jpg 1030w, https:\/\/www.fredonoccitanie.com\/jevi\/wp-content\/uploads\/sites\/2\/2025\/02\/20240521_132350-300x210.jpg 300w, https:\/\/www.fredonoccitanie.com\/jevi\/wp-content\/uploads\/sites\/2\/2025\/02\/20240521_132350-768x537.jpg 768w, https:\/\/www.fredonoccitanie.com\/jevi\/wp-content\/uploads\/sites\/2\/2025\/02\/20240521_132350-1536x1073.jpg 1536w, https:\/\/www.fredonoccitanie.com\/jevi\/wp-content\/uploads\/sites\/2\/2025\/02\/20240521_132350-2048x1431.jpg 2048w, https:\/\/www.fredonoccitanie.com\/jevi\/wp-content\/uploads\/sites\/2\/2025\/02\/20240521_132350-1500x1048.jpg 1500w, https:\/\/www.fredonoccitanie.com\/jevi\/wp-content\/uploads\/sites\/2\/2025\/02\/20240521_132350-705x493.jpg 705w\" data-sizes=\"(max-width: 1030px) 100vw, 1030px\"  aria-label=\"image 20240521_132350\"  id='av-masonry-1-item-17417' data-av-masonry-item='17417' class='av-masonry-entry isotope-item post-17417 attachment type-attachment status-inherit hentry  av-masonry-item-with-image' title=\"Journ\u00e9e technique sur les protocoles Floril\u00e8ge-Propage \u00e0 Saint-Orens-de-Gameville (31)\" alt=\"Journ\u00e9e technique Floril\u00e8ge-Propage\"    itemprop=\"thumbnailUrl\" ><div class='av-inner-masonry-sizer'><\/div><figure class='av-inner-masonry main_color'><div class=\"av-masonry-outerimage-container\"><div class='av-masonry-image-container'  ><img decoding=\"async\" width=\"705\" height=\"493\" fetchpriority=\"high\" class=\"wp-image-17417 avia-img-lazy-loading-not-17417\"  src=\"https:\/\/www.fredonoccitanie.com\/jevi\/wp-content\/uploads\/sites\/2\/2025\/02\/20240521_132350-705x493.jpg\" title=\"Journ\u00e9e technique sur les protocoles Floril\u00e8ge-Propage \u00e0 Saint-Orens-de-Gameville (31)\" alt=\"Journ\u00e9e technique Floril\u00e8ge-Propage\" srcset=\"https:\/\/www.fredonoccitanie.com\/jevi\/wp-content\/uploads\/sites\/2\/2025\/02\/20240521_132350-705x493.jpg 705w, https:\/\/www.fredonoccitanie.com\/jevi\/wp-content\/uploads\/sites\/2\/2025\/02\/20240521_132350-300x210.jpg 300w, https:\/\/www.fredonoccitanie.com\/jevi\/wp-content\/uploads\/sites\/2\/2025\/02\/20240521_132350-1030x720.jpg 1030w, https:\/\/www.fredonoccitanie.com\/jevi\/wp-content\/uploads\/sites\/2\/2025\/02\/20240521_132350-768x537.jpg 768w, https:\/\/www.fredonoccitanie.com\/jevi\/wp-content\/uploads\/sites\/2\/2025\/02\/20240521_132350-1536x1073.jpg 1536w, https:\/\/www.fredonoccitanie.com\/jevi\/wp-content\/uploads\/sites\/2\/2025\/02\/20240521_132350-2048x1431.jpg 2048w, https:\/\/www.fredonoccitanie.com\/jevi\/wp-content\/uploads\/sites\/2\/2025\/02\/20240521_132350-1500x1048.jpg 1500w\" sizes=\"(max-width: 705px) 100vw, 705px\" \/><\/div><\/div><figcaption class='av-inner-masonry-content site-background'><div class='av-inner-masonry-content-pos'><div class='av-inner-masonry-content-pos-content'><div class='avia-arrow'><\/div><div class='av-masonry-entry-content entry-content'  itemprop=\"text\" >Journ\u00e9e technique sur les protocoles Floril\u00e8ge-Propage \u00e0 Saint-Orens-de-Gameville (31)<\/div><\/div><\/div><\/figcaption><\/figure><\/a><!--end av-masonry entry--><a href=\"https:\/\/www.fredonoccitanie.com\/jevi\/wp-content\/uploads\/sites\/2\/2025\/02\/20241008_150137-773x1030.jpg\" data-srcset=\"https:\/\/www.fredonoccitanie.com\/jevi\/wp-content\/uploads\/sites\/2\/2025\/02\/20241008_150137-773x1030.jpg 773w, https:\/\/www.fredonoccitanie.com\/jevi\/wp-content\/uploads\/sites\/2\/2025\/02\/20241008_150137-225x300.jpg 225w, https:\/\/www.fredonoccitanie.com\/jevi\/wp-content\/uploads\/sites\/2\/2025\/02\/20241008_150137-768x1024.jpg 768w, https:\/\/www.fredonoccitanie.com\/jevi\/wp-content\/uploads\/sites\/2\/2025\/02\/20241008_150137-1152x1536.jpg 1152w, https:\/\/www.fredonoccitanie.com\/jevi\/wp-content\/uploads\/sites\/2\/2025\/02\/20241008_150137-1536x2048.jpg 1536w, https:\/\/www.fredonoccitanie.com\/jevi\/wp-content\/uploads\/sites\/2\/2025\/02\/20241008_150137-1125x1500.jpg 1125w, https:\/\/www.fredonoccitanie.com\/jevi\/wp-content\/uploads\/sites\/2\/2025\/02\/20241008_150137-529x705.jpg 529w, https:\/\/www.fredonoccitanie.com\/jevi\/wp-content\/uploads\/sites\/2\/2025\/02\/20241008_150137-scaled.jpg 1920w\" data-sizes=\"(max-width: 773px) 100vw, 773px\"  aria-label=\"image 20241008_150137\"  id='av-masonry-1-item-17428' data-av-masonry-item='17428' class='av-masonry-entry isotope-item post-17428 attachment type-attachment status-inherit hentry  av-masonry-item-with-image' title=\"Place ombrag\u00e9e \u00e0 Saint-Antonin-Noble-Val (82)\" alt=\"Saint-Antonin-Noble-Val\"    itemprop=\"thumbnailUrl\" ><div class='av-inner-masonry-sizer'><\/div><figure class='av-inner-masonry main_color'><div class=\"av-masonry-outerimage-container\"><div class='av-masonry-image-container'  ><img decoding=\"async\" width=\"529\" height=\"705\" fetchpriority=\"high\" class=\"wp-image-17428 avia-img-lazy-loading-not-17428\"  src=\"https:\/\/www.fredonoccitanie.com\/jevi\/wp-content\/uploads\/sites\/2\/2025\/02\/20241008_150137-529x705.jpg\" title=\"Place ombrag\u00e9e \u00e0 Saint-Antonin-Noble-Val (82)\" alt=\"Saint-Antonin-Noble-Val\" srcset=\"https:\/\/www.fredonoccitanie.com\/jevi\/wp-content\/uploads\/sites\/2\/2025\/02\/20241008_150137-529x705.jpg 529w, https:\/\/www.fredonoccitanie.com\/jevi\/wp-content\/uploads\/sites\/2\/2025\/02\/20241008_150137-225x300.jpg 225w, https:\/\/www.fredonoccitanie.com\/jevi\/wp-content\/uploads\/sites\/2\/2025\/02\/20241008_150137-773x1030.jpg 773w, https:\/\/www.fredonoccitanie.com\/jevi\/wp-content\/uploads\/sites\/2\/2025\/02\/20241008_150137-768x1024.jpg 768w, https:\/\/www.fredonoccitanie.com\/jevi\/wp-content\/uploads\/sites\/2\/2025\/02\/20241008_150137-1152x1536.jpg 1152w, https:\/\/www.fredonoccitanie.com\/jevi\/wp-content\/uploads\/sites\/2\/2025\/02\/20241008_150137-1536x2048.jpg 1536w, https:\/\/www.fredonoccitanie.com\/jevi\/wp-content\/uploads\/sites\/2\/2025\/02\/20241008_150137-1125x1500.jpg 1125w, https:\/\/www.fredonoccitanie.com\/jevi\/wp-content\/uploads\/sites\/2\/2025\/02\/20241008_150137-scaled.jpg 1920w\" sizes=\"(max-width: 529px) 100vw, 529px\" \/><\/div><\/div><figcaption class='av-inner-masonry-content site-background'><div class='av-inner-masonry-content-pos'><div class='av-inner-masonry-content-pos-content'><div class='avia-arrow'><\/div><div class='av-masonry-entry-content entry-content'  itemprop=\"text\" >Place ombrag\u00e9e \u00e0 Saint-Antonin-Noble-Val (82)<\/div><\/div><\/div><\/figcaption><\/figure><\/a><!--end av-masonry entry--><a href=\"https:\/\/www.fredonoccitanie.com\/jevi\/wp-content\/uploads\/sites\/2\/2025\/02\/20241008_153203-1030x773.jpg\" data-srcset=\"https:\/\/www.fredonoccitanie.com\/jevi\/wp-content\/uploads\/sites\/2\/2025\/02\/20241008_153203-1030x773.jpg 1030w, https:\/\/www.fredonoccitanie.com\/jevi\/wp-content\/uploads\/sites\/2\/2025\/02\/20241008_153203-300x225.jpg 300w, https:\/\/www.fredonoccitanie.com\/jevi\/wp-content\/uploads\/sites\/2\/2025\/02\/20241008_153203-768x576.jpg 768w, https:\/\/www.fredonoccitanie.com\/jevi\/wp-content\/uploads\/sites\/2\/2025\/02\/20241008_153203-1536x1152.jpg 1536w, https:\/\/www.fredonoccitanie.com\/jevi\/wp-content\/uploads\/sites\/2\/2025\/02\/20241008_153203-2048x1536.jpg 2048w, https:\/\/www.fredonoccitanie.com\/jevi\/wp-content\/uploads\/sites\/2\/2025\/02\/20241008_153203-1500x1125.jpg 1500w, https:\/\/www.fredonoccitanie.com\/jevi\/wp-content\/uploads\/sites\/2\/2025\/02\/20241008_153203-705x529.jpg 705w\" data-sizes=\"(max-width: 1030px) 100vw, 1030px\"  aria-label=\"image 20241008_153203\"  id='av-masonry-1-item-17429' data-av-masonry-item='17429' class='av-masonry-entry isotope-item post-17429 attachment type-attachment status-inherit hentry  av-masonry-item-with-image' title=\"V\u00e9g\u00e9talisation en pieds de fa\u00e7ade \u00e0 Saint-Antonin-Noble-Val (82)\" alt=\"Saint-Antonin-Noble-Val\"    itemprop=\"thumbnailUrl\" ><div class='av-inner-masonry-sizer'><\/div><figure class='av-inner-masonry main_color'><div class=\"av-masonry-outerimage-container\"><div class='av-masonry-image-container'  ><img decoding=\"async\" width=\"705\" height=\"529\" fetchpriority=\"high\" class=\"wp-image-17429 avia-img-lazy-loading-not-17429\"  src=\"https:\/\/www.fredonoccitanie.com\/jevi\/wp-content\/uploads\/sites\/2\/2025\/02\/20241008_153203-705x529.jpg\" title=\"V\u00e9g\u00e9talisation en pieds de fa\u00e7ade \u00e0 Saint-Antonin-Noble-Val (82)\" alt=\"Saint-Antonin-Noble-Val\" srcset=\"https:\/\/www.fredonoccitanie.com\/jevi\/wp-content\/uploads\/sites\/2\/2025\/02\/20241008_153203-705x529.jpg 705w, https:\/\/www.fredonoccitanie.com\/jevi\/wp-content\/uploads\/sites\/2\/2025\/02\/20241008_153203-300x225.jpg 300w, https:\/\/www.fredonoccitanie.com\/jevi\/wp-content\/uploads\/sites\/2\/2025\/02\/20241008_153203-1030x773.jpg 1030w, https:\/\/www.fredonoccitanie.com\/jevi\/wp-content\/uploads\/sites\/2\/2025\/02\/20241008_153203-768x576.jpg 768w, https:\/\/www.fredonoccitanie.com\/jevi\/wp-content\/uploads\/sites\/2\/2025\/02\/20241008_153203-1536x1152.jpg 1536w, https:\/\/www.fredonoccitanie.com\/jevi\/wp-content\/uploads\/sites\/2\/2025\/02\/20241008_153203-2048x1536.jpg 2048w, https:\/\/www.fredonoccitanie.com\/jevi\/wp-content\/uploads\/sites\/2\/2025\/02\/20241008_153203-1500x1125.jpg 1500w\" sizes=\"(max-width: 705px) 100vw, 705px\" \/><\/div><\/div><figcaption class='av-inner-masonry-content site-background'><div class='av-inner-masonry-content-pos'><div class='av-inner-masonry-content-pos-content'><div class='avia-arrow'><\/div><div class='av-masonry-entry-content entry-content'  itemprop=\"text\" >V\u00e9g\u00e9talisation en pieds de fa\u00e7ade \u00e0 Saint-Antonin-Noble-Val (82)<\/div><\/div><\/div><\/figcaption><\/figure><\/a><!--end av-masonry entry--><a href=\"https:\/\/www.fredonoccitanie.com\/jevi\/wp-content\/uploads\/sites\/2\/2025\/02\/20241011_105038-1030x773.jpg\" data-srcset=\"https:\/\/www.fredonoccitanie.com\/jevi\/wp-content\/uploads\/sites\/2\/2025\/02\/20241011_105038-1030x773.jpg 1030w, https:\/\/www.fredonoccitanie.com\/jevi\/wp-content\/uploads\/sites\/2\/2025\/02\/20241011_105038-300x225.jpg 300w, https:\/\/www.fredonoccitanie.com\/jevi\/wp-content\/uploads\/sites\/2\/2025\/02\/20241011_105038-768x576.jpg 768w, https:\/\/www.fredonoccitanie.com\/jevi\/wp-content\/uploads\/sites\/2\/2025\/02\/20241011_105038-1536x1152.jpg 1536w, https:\/\/www.fredonoccitanie.com\/jevi\/wp-content\/uploads\/sites\/2\/2025\/02\/20241011_105038-2048x1536.jpg 2048w, https:\/\/www.fredonoccitanie.com\/jevi\/wp-content\/uploads\/sites\/2\/2025\/02\/20241011_105038-1500x1125.jpg 1500w, https:\/\/www.fredonoccitanie.com\/jevi\/wp-content\/uploads\/sites\/2\/2025\/02\/20241011_105038-705x529.jpg 705w\" data-sizes=\"(max-width: 1030px) 100vw, 1030px\"  aria-label=\"image 20241011_105038\"  id='av-masonry-1-item-17427' data-av-masonry-item='17427' class='av-masonry-entry isotope-item post-17427 attachment type-attachment status-inherit hentry  av-masonry-item-with-image' title=\"Renaturation de l&#039;\u00e9tang sur le Campus de Fonlabour (81)\" alt=\"Fonlabour renaturalisation \u00e9tang\"    itemprop=\"thumbnailUrl\" ><div class='av-inner-masonry-sizer'><\/div><figure class='av-inner-masonry main_color'><div class=\"av-masonry-outerimage-container\"><div class='av-masonry-image-container'  ><img decoding=\"async\" width=\"705\" height=\"529\" fetchpriority=\"high\" class=\"wp-image-17427 avia-img-lazy-loading-not-17427\"  src=\"https:\/\/www.fredonoccitanie.com\/jevi\/wp-content\/uploads\/sites\/2\/2025\/02\/20241011_105038-705x529.jpg\" title=\"Renaturation de l&#039;\u00e9tang sur le Campus de Fonlabour (81)\" alt=\"Fonlabour renaturalisation \u00e9tang\" srcset=\"https:\/\/www.fredonoccitanie.com\/jevi\/wp-content\/uploads\/sites\/2\/2025\/02\/20241011_105038-705x529.jpg 705w, https:\/\/www.fredonoccitanie.com\/jevi\/wp-content\/uploads\/sites\/2\/2025\/02\/20241011_105038-300x225.jpg 300w, https:\/\/www.fredonoccitanie.com\/jevi\/wp-content\/uploads\/sites\/2\/2025\/02\/20241011_105038-1030x773.jpg 1030w, https:\/\/www.fredonoccitanie.com\/jevi\/wp-content\/uploads\/sites\/2\/2025\/02\/20241011_105038-768x576.jpg 768w, https:\/\/www.fredonoccitanie.com\/jevi\/wp-content\/uploads\/sites\/2\/2025\/02\/20241011_105038-1536x1152.jpg 1536w, https:\/\/www.fredonoccitanie.com\/jevi\/wp-content\/uploads\/sites\/2\/2025\/02\/20241011_105038-2048x1536.jpg 2048w, https:\/\/www.fredonoccitanie.com\/jevi\/wp-content\/uploads\/sites\/2\/2025\/02\/20241011_105038-1500x1125.jpg 1500w\" sizes=\"(max-width: 705px) 100vw, 705px\" \/><\/div><\/div><figcaption class='av-inner-masonry-content site-background'><div class='av-inner-masonry-content-pos'><div class='av-inner-masonry-content-pos-content'><div class='avia-arrow'><\/div><div class='av-masonry-entry-content entry-content'  itemprop=\"text\" >Renaturation de l'\u00e9tang sur le Campus de Fonlabour (81)<\/div><\/div><\/div><\/figcaption><\/figure><\/a><!--end av-masonry entry--><a href=\"https:\/\/www.fredonoccitanie.com\/jevi\/wp-content\/uploads\/sites\/2\/2025\/02\/20241014_144037-773x1030.jpg\"  aria-label=\"image 20241014_144037\"  id='av-masonry-1-item-17425' data-av-masonry-item='17425' class='av-masonry-entry isotope-item post-17425 attachment type-attachment status-inherit hentry  av-masonry-item-with-image' title=\"D\u00e9simperm\u00e9abilisation et v\u00e9g\u00e9talisation de cours d&#039;\u00e9cole \u00e0 Maguerittes (30)\" alt=\"Marguerittes\"    itemprop=\"thumbnailUrl\" ><div class='av-inner-masonry-sizer'><\/div><figure class='av-inner-masonry main_color'><div class=\"av-masonry-outerimage-container\"><div class='av-masonry-image-container'  ><img decoding=\"async\" width=\"529\" height=\"705\" fetchpriority=\"high\" class=\"wp-image-17425 avia-img-lazy-loading-not-17425\"  src=\"https:\/\/www.fredonoccitanie.com\/jevi\/wp-content\/uploads\/sites\/2\/2025\/02\/20241014_144037-529x705.jpg\" title=\"D\u00e9simperm\u00e9abilisation et v\u00e9g\u00e9talisation de cours d&#039;\u00e9cole \u00e0 Maguerittes (30)\" alt=\"Marguerittes\" \/><\/div><\/div><figcaption class='av-inner-masonry-content site-background'><div class='av-inner-masonry-content-pos'><div class='av-inner-masonry-content-pos-content'><div class='avia-arrow'><\/div><div class='av-masonry-entry-content entry-content'  itemprop=\"text\" >D\u00e9simperm\u00e9abilisation et v\u00e9g\u00e9talisation de cours d'\u00e9cole \u00e0 Maguerittes (30)<\/div><\/div><\/div><\/figcaption><\/figure><\/a><!--end av-masonry entry--><a href=\"https:\/\/www.fredonoccitanie.com\/jevi\/wp-content\/uploads\/sites\/2\/2025\/02\/20241126_100553-1030x773.jpg\" data-srcset=\"https:\/\/www.fredonoccitanie.com\/jevi\/wp-content\/uploads\/sites\/2\/2025\/02\/20241126_100553-1030x773.jpg 1030w, https:\/\/www.fredonoccitanie.com\/jevi\/wp-content\/uploads\/sites\/2\/2025\/02\/20241126_100553-300x225.jpg 300w, https:\/\/www.fredonoccitanie.com\/jevi\/wp-content\/uploads\/sites\/2\/2025\/02\/20241126_100553-768x576.jpg 768w, https:\/\/www.fredonoccitanie.com\/jevi\/wp-content\/uploads\/sites\/2\/2025\/02\/20241126_100553-1536x1152.jpg 1536w, https:\/\/www.fredonoccitanie.com\/jevi\/wp-content\/uploads\/sites\/2\/2025\/02\/20241126_100553-2048x1536.jpg 2048w, https:\/\/www.fredonoccitanie.com\/jevi\/wp-content\/uploads\/sites\/2\/2025\/02\/20241126_100553-1500x1125.jpg 1500w, https:\/\/www.fredonoccitanie.com\/jevi\/wp-content\/uploads\/sites\/2\/2025\/02\/20241126_100553-705x529.jpg 705w\" data-sizes=\"(max-width: 1030px) 100vw, 1030px\"  aria-label=\"image 20241126_100553\"  id='av-masonry-1-item-17426' data-av-masonry-item='17426' class='av-masonry-entry isotope-item post-17426 attachment type-attachment status-inherit hentry  av-masonry-item-with-image' title=\"20241126_100553\" alt=\"tresserre\"    itemprop=\"thumbnailUrl\" ><div class='av-inner-masonry-sizer'><\/div><figure class='av-inner-masonry main_color'><div class=\"av-masonry-outerimage-container\"><div class='av-masonry-image-container'  ><img decoding=\"async\" width=\"705\" height=\"529\" fetchpriority=\"high\" class=\"wp-image-17426 avia-img-lazy-loading-not-17426\"  src=\"https:\/\/www.fredonoccitanie.com\/jevi\/wp-content\/uploads\/sites\/2\/2025\/02\/20241126_100553-705x529.jpg\" title=\"20241126_100553\" alt=\"tresserre\" srcset=\"https:\/\/www.fredonoccitanie.com\/jevi\/wp-content\/uploads\/sites\/2\/2025\/02\/20241126_100553-705x529.jpg 705w, https:\/\/www.fredonoccitanie.com\/jevi\/wp-content\/uploads\/sites\/2\/2025\/02\/20241126_100553-300x225.jpg 300w, https:\/\/www.fredonoccitanie.com\/jevi\/wp-content\/uploads\/sites\/2\/2025\/02\/20241126_100553-1030x773.jpg 1030w, https:\/\/www.fredonoccitanie.com\/jevi\/wp-content\/uploads\/sites\/2\/2025\/02\/20241126_100553-768x576.jpg 768w, https:\/\/www.fredonoccitanie.com\/jevi\/wp-content\/uploads\/sites\/2\/2025\/02\/20241126_100553-1536x1152.jpg 1536w, https:\/\/www.fredonoccitanie.com\/jevi\/wp-content\/uploads\/sites\/2\/2025\/02\/20241126_100553-2048x1536.jpg 2048w, https:\/\/www.fredonoccitanie.com\/jevi\/wp-content\/uploads\/sites\/2\/2025\/02\/20241126_100553-1500x1125.jpg 1500w\" sizes=\"(max-width: 705px) 100vw, 705px\" \/><\/div><\/div><figcaption class='av-inner-masonry-content site-background'><div class='av-inner-masonry-content-pos'><div class='av-inner-masonry-content-pos-content'><div class='avia-arrow'><\/div><\/div><\/div><\/figcaption><\/figure><\/a><!--end av-masonry entry--><a href=\"https:\/\/www.fredonoccitanie.com\/jevi\/wp-content\/uploads\/sites\/2\/2025\/02\/20241009_101823-1030x773.jpg\" data-srcset=\"https:\/\/www.fredonoccitanie.com\/jevi\/wp-content\/uploads\/sites\/2\/2025\/02\/20241009_101823-1030x773.jpg 1030w, https:\/\/www.fredonoccitanie.com\/jevi\/wp-content\/uploads\/sites\/2\/2025\/02\/20241009_101823-300x225.jpg 300w, https:\/\/www.fredonoccitanie.com\/jevi\/wp-content\/uploads\/sites\/2\/2025\/02\/20241009_101823-768x576.jpg 768w, https:\/\/www.fredonoccitanie.com\/jevi\/wp-content\/uploads\/sites\/2\/2025\/02\/20241009_101823-1536x1152.jpg 1536w, https:\/\/www.fredonoccitanie.com\/jevi\/wp-content\/uploads\/sites\/2\/2025\/02\/20241009_101823-2048x1536.jpg 2048w, https:\/\/www.fredonoccitanie.com\/jevi\/wp-content\/uploads\/sites\/2\/2025\/02\/20241009_101823-1500x1125.jpg 1500w, https:\/\/www.fredonoccitanie.com\/jevi\/wp-content\/uploads\/sites\/2\/2025\/02\/20241009_101823-705x529.jpg 705w\" data-sizes=\"(max-width: 1030px) 100vw, 1030px\"  aria-label=\"image 20241009_101823\"  id='av-masonry-1-item-17424' data-av-masonry-item='17424' class='av-masonry-entry isotope-item post-17424 attachment type-attachment status-inherit hentry  av-masonry-item-with-image' title=\"Panneau de sensibilisation sur le bois mort dans un parc \u00e0 Mondonville (31)\" alt=\"Mondonville\"    itemprop=\"thumbnailUrl\" ><div class='av-inner-masonry-sizer'><\/div><figure class='av-inner-masonry main_color'><div class=\"av-masonry-outerimage-container\"><div class='av-masonry-image-container'  ><img decoding=\"async\" width=\"705\" height=\"529\" fetchpriority=\"high\" class=\"wp-image-17424 avia-img-lazy-loading-not-17424\"  src=\"https:\/\/www.fredonoccitanie.com\/jevi\/wp-content\/uploads\/sites\/2\/2025\/02\/20241009_101823-705x529.jpg\" title=\"Panneau de sensibilisation sur le bois mort dans un parc \u00e0 Mondonville (31)\" alt=\"Mondonville\" srcset=\"https:\/\/www.fredonoccitanie.com\/jevi\/wp-content\/uploads\/sites\/2\/2025\/02\/20241009_101823-705x529.jpg 705w, https:\/\/www.fredonoccitanie.com\/jevi\/wp-content\/uploads\/sites\/2\/2025\/02\/20241009_101823-300x225.jpg 300w, https:\/\/www.fredonoccitanie.com\/jevi\/wp-content\/uploads\/sites\/2\/2025\/02\/20241009_101823-1030x773.jpg 1030w, https:\/\/www.fredonoccitanie.com\/jevi\/wp-content\/uploads\/sites\/2\/2025\/02\/20241009_101823-768x576.jpg 768w, https:\/\/www.fredonoccitanie.com\/jevi\/wp-content\/uploads\/sites\/2\/2025\/02\/20241009_101823-1536x1152.jpg 1536w, https:\/\/www.fredonoccitanie.com\/jevi\/wp-content\/uploads\/sites\/2\/2025\/02\/20241009_101823-2048x1536.jpg 2048w, https:\/\/www.fredonoccitanie.com\/jevi\/wp-content\/uploads\/sites\/2\/2025\/02\/20241009_101823-1500x1125.jpg 1500w\" sizes=\"(max-width: 705px) 100vw, 705px\" \/><\/div><\/div><figcaption class='av-inner-masonry-content site-background'><div class='av-inner-masonry-content-pos'><div class='av-inner-masonry-content-pos-content'><div class='avia-arrow'><\/div><div class='av-masonry-entry-content entry-content'  itemprop=\"text\" >Panneau de sensibilisation sur le bois mort dans un parc \u00e0 Mondonville (31)<\/div><\/div><\/div><\/figcaption><\/figure><\/a><!--end av-masonry entry--><\/div><\/div><\/div>\n<style type=\"text\/css\" data-created_by=\"avia_inline_auto\" id=\"style-css-av-nx9whh-063c2f186c7ef1fc406fa11f817ee6a1\">\n.flex_column.av-nx9whh-063c2f186c7ef1fc406fa11f817ee6a1{\nborder-radius:0px 0px 0px 0px;\npadding:0px 0px 0px 0px;\n}\n<\/style>\n<div  class='flex_column av-nx9whh-063c2f186c7ef1fc406fa11f817ee6a1 av_two_fifth  avia-builder-el-39  el_after_av_three_fifth  el_before_av_one_fifth  flex_column_div av-zero-column-padding  '     ><p>\n<style type=\"text\/css\" data-created_by=\"avia_inline_auto\" id=\"style-css-av-m78wubgf-3e11133ba710afae2aafe801ee18c579\">\n#top .hr.hr-invisible.av-m78wubgf-3e11133ba710afae2aafe801ee18c579{\nheight:40px;\n}\n<\/style>\n<div  class='hr av-m78wubgf-3e11133ba710afae2aafe801ee18c579 hr-invisible  avia-builder-el-40  el_before_av_textblock  avia-builder-el-first '><span class='hr-inner '><span class=\"hr-inner-style\"><\/span><\/span><\/div><br \/>\n\n<style type=\"text\/css\" data-created_by=\"avia_inline_auto\" id=\"style-css-av-9u1li-8b2def4194e1a35202011762bdd0a644\">\n#top .av_textblock_section.av-9u1li-8b2def4194e1a35202011762bdd0a644 .avia_textblock{\nfont-size:19px;\ncolor:#ffffff;\n}\n<\/style>\n<section  class='av_textblock_section av-9u1li-8b2def4194e1a35202011762bdd0a644 '   itemscope=\"itemscope\" itemtype=\"https:\/\/schema.org\/CreativeWork\" ><div class='avia_textblock av_inherit_color'  itemprop=\"text\" ><h1 id=\"fondements\" style=\"text-align: left\"><\/h1>\n<h1 style=\"text-align: center\"><\/h1>\n<h2 style=\"text-align: center\"><\/h2>\n<h2 style=\"text-align: left\">Adh\u00e9rer \u00e0 la charte c&rsquo;est&#8230;<\/h2>\n<ul>\n<li style=\"text-align: left\"><span style=\"font-size: 16px\">un <\/span><strong style=\"font-size: 16px\">accompagnement individualis\u00e9<\/strong><\/li>\n<\/ul>\n<ul>\n<li>une<strong> visite technique dans votre structure<\/strong><\/li>\n<\/ul>\n<ul>\n<li>des <strong>conseils d&rsquo;experts<\/strong> de structures compl\u00e9mentaires<\/li>\n<\/ul>\n<ul>\n<li>une <strong>reconnaissance de vos engagements<\/strong><\/li>\n<\/ul>\n<ul>\n<li>une <strong>valorisation du travail du personnel technique<\/strong><\/li>\n<\/ul>\n<ul>\n<li>des <strong>initiatives locales<\/strong> \u00e0 d\u00e9couvrir<\/li>\n<\/ul>\n<h2><\/h2>\n<h2 style=\"text-align: right\">&#8230; un dispositif financ\u00e9 donc gratuit pour les candidats !<\/h2>\n<h2 style=\"text-align: center\"><\/h2>\n<\/div><\/section><\/p><\/div>\n<style type=\"text\/css\" data-created_by=\"avia_inline_auto\" id=\"style-css-av-22hmql1-14b85a333a71ae877e7405e231a1da2a\">\n.flex_column.av-22hmql1-14b85a333a71ae877e7405e231a1da2a{\nborder-radius:0px 0px 0px 0px;\npadding:0px 0px 0px 0px;\n}\n<\/style>\n<div  class='flex_column av-22hmql1-14b85a333a71ae877e7405e231a1da2a av_one_fifth  avia-builder-el-42  el_after_av_two_fifth  el_before_av_three_fifth  first flex_column_div av-zero-column-padding  '     ><\/div>\n<style type=\"text\/css\" data-created_by=\"avia_inline_auto\" id=\"style-css-av-1ii03p1-173a7c157014faa781dc184605240778\">\n.flex_column.av-1ii03p1-173a7c157014faa781dc184605240778{\nborder-radius:0px 0px 0px 0px;\npadding:0px 0px 0px 0px;\n}\n<\/style>\n<div  class='flex_column av-1ii03p1-173a7c157014faa781dc184605240778 av_three_fifth  avia-builder-el-43  el_after_av_one_fifth  el_before_av_one_fifth  flex_column_div av-zero-column-padding  '     ><p>\n<style type=\"text\/css\" data-created_by=\"avia_inline_auto\" id=\"style-css-av-mjcvnztq-1cd70eb01e3bbc4bbad9b00a6f3300a5\">\n#top .hr.hr-invisible.av-mjcvnztq-1cd70eb01e3bbc4bbad9b00a6f3300a5{\nheight:30px;\n}\n<\/style>\n<div  class='hr av-mjcvnztq-1cd70eb01e3bbc4bbad9b00a6f3300a5 hr-invisible  avia-builder-el-44  el_before_av_textblock  avia-builder-el-first '><span class='hr-inner '><span class=\"hr-inner-style\"><\/span><\/span><\/div><br \/>\n\n<style type=\"text\/css\" data-created_by=\"avia_inline_auto\" id=\"style-css-av-mjcvk4rm-9f8169017fa842f218da31de8a9472e5\">\n#top .av_textblock_section.av-mjcvk4rm-9f8169017fa842f218da31de8a9472e5 .avia_textblock{\nfont-size:17px;\ncolor:#ffffff;\n}\n<\/style>\n<section  class='av_textblock_section av-mjcvk4rm-9f8169017fa842f218da31de8a9472e5 '   itemscope=\"itemscope\" itemtype=\"https:\/\/schema.org\/CreativeWork\" ><div class='avia_textblock av_inherit_color'  itemprop=\"text\" ><h3 style=\"text-align: center\">En 2026, les adh\u00e9rents de la session 2023 sont \u00e0 nouveaux visit\u00e9s afin de faire le point sur l&rsquo;\u00e9volution de leurs pratiques depuis la premi\u00e8re visite !<\/h3>\n<\/div><\/section><br \/>\n\n<style type=\"text\/css\" data-created_by=\"avia_inline_auto\" id=\"style-css-av-14tg6xh-86ce3a4ae67a7e4ae0629fb43370198a\">\n#top .hr.hr-invisible.av-14tg6xh-86ce3a4ae67a7e4ae0629fb43370198a{\nheight:30px;\n}\n<\/style>\n<div  class='hr av-14tg6xh-86ce3a4ae67a7e4ae0629fb43370198a hr-invisible  avia-builder-el-46  el_after_av_textblock  avia-builder-el-last '><span class='hr-inner '><span class=\"hr-inner-style\"><\/span><\/span><\/div><\/p><\/div>\n<style type=\"text\/css\" data-created_by=\"avia_inline_auto\" id=\"style-css-av-38gmph-998bf7f52943a66c09a80ed71a5617bb\">\n.flex_column.av-38gmph-998bf7f52943a66c09a80ed71a5617bb{\nborder-radius:0px 0px 0px 0px;\npadding:0px 0px 0px 0px;\n}\n<\/style>\n<div  class='flex_column av-38gmph-998bf7f52943a66c09a80ed71a5617bb av_one_fifth  avia-builder-el-47  el_after_av_three_fifth  el_before_av_button  flex_column_div av-zero-column-padding  '     ><\/div><div  class='avia-button-wrap av-uffoph-41e7c781545660244e4ccd65a8cefa8f-wrap avia-button-center  avia-builder-el-48  el_after_av_one_fifth  avia-builder-el-last '><a href='#candidater'  class='avia-button av-uffoph-41e7c781545660244e4ccd65a8cefa8f av-link-btn avia-icon_select-yes-left-icon avia-size-small avia-position-center avia-color-theme-color'   aria-label=\"CLIQUEZ ICI POUR CANDIDATER !\"><span class='avia_button_icon avia_button_icon_left avia-iconfont avia-font-entypo-fontello' data-av_icon='\ue8b8' data-av_iconfont='entypo-fontello' ><\/span><span class='avia_iconbox_title' >CLIQUEZ ICI POUR CANDIDATER !<\/span><\/a><\/div>\n\n<\/div><\/div><\/div><!-- close content main div --><\/div><\/div><\/div>\n<style type=\"text\/css\" data-created_by=\"avia_inline_auto\" id=\"style-css-av-m74yo768-fb996264fed7d20c2c1c6d8b76048923\">\n.avia-section.av-m74yo768-fb996264fed7d20c2c1c6d8b76048923{\nbackground-color:#ffffff;\nbackground-image:unset;\n}\n<\/style>\n<div id='av_section_5'  class='avia-section av-m74yo768-fb996264fed7d20c2c1c6d8b76048923 main_color avia-section-default avia-no-border-styling  avia-builder-el-49  el_after_av_section  el_before_av_section  avia-bg-style-scroll container_wrap fullsize'  ><div class='container av-section-cont-open' ><div class='template-page content  av-content-full alpha units'><div class='post-entry post-entry-type-page post-entry-11381'><div class='entry-content-wrapper clearfix'>\n<section  class='av_textblock_section av-6ukqklx-df5ab134e25afa733b42bd8a292d9da6 '   itemscope=\"itemscope\" itemtype=\"https:\/\/schema.org\/CreativeWork\" ><div class='avia_textblock'  itemprop=\"text\" ><h1 id=\"candidats\" style=\"text-align: left\"><\/h1>\n<h2 style=\"text-align: center\">LA CHARTE EST A DESTINATION DES&#8230;<\/h2>\n<\/div><\/section>\n\n<style type=\"text\/css\" data-created_by=\"avia_inline_auto\" id=\"style-css-av-2vhfwd1-87b3d8ebf39035d2cafc7858112e1b81\">\n.flex_column.av-2vhfwd1-87b3d8ebf39035d2cafc7858112e1b81{\nborder-radius:0px 0px 0px 0px;\npadding:0px 0px 0px 0px;\n}\n<\/style>\n<div  class='flex_column av-2vhfwd1-87b3d8ebf39035d2cafc7858112e1b81 av_one_half  avia-builder-el-51  el_after_av_textblock  el_before_av_one_half  first flex_column_div av-zero-column-padding  column-top-margin'     ><p>\n<style type=\"text\/css\" data-created_by=\"avia_inline_auto\" id=\"style-css-av-mjcqn56i-016af64beb9b0d6d42f09b8f7bd725c7\">\n#top .hr.hr-invisible.av-mjcqn56i-016af64beb9b0d6d42f09b8f7bd725c7{\nheight:20px;\n}\n<\/style>\n<div  class='hr av-mjcqn56i-016af64beb9b0d6d42f09b8f7bd725c7 hr-invisible  avia-builder-el-52  el_before_av_image  avia-builder-el-first '><span class='hr-inner '><span class=\"hr-inner-style\"><\/span><\/span><\/div><br \/>\n\n<style type=\"text\/css\" data-created_by=\"avia_inline_auto\" id=\"style-css-av-m74y33e6-52999b86df17ca5e0aa18bdce56be0a9\">\n.avia-image-container.av-m74y33e6-52999b86df17ca5e0aa18bdce56be0a9 img.avia_image{\nbox-shadow:none;\n}\n.avia-image-container.av-m74y33e6-52999b86df17ca5e0aa18bdce56be0a9 .av-image-caption-overlay-center{\ncolor:#ffffff;\n}\n<\/style>\n<div  class='avia-image-container av-m74y33e6-52999b86df17ca5e0aa18bdce56be0a9 av-styling-no-styling av-img-linked avia-align-center  avia-builder-el-53  el_after_av_hr  el_before_av_textblock '   itemprop=\"image\" itemscope=\"itemscope\" itemtype=\"https:\/\/schema.org\/ImageObject\" ><div class=\"avia-image-container-inner\"><div class=\"avia-image-overlay-wrap\"><a href=\"https:\/\/www.fredonoccitanie.com\/jevi\/carte-interactive-engage-pour-le-vegetal\/\" class='avia_image '  target=\"_blank\"  rel=\"noopener noreferrer\" aria-label='Image1'><img decoding=\"async\" fetchpriority=\"high\" class='wp-image-18377 avia-img-lazy-loading-not-18377 avia_image ' src=\"https:\/\/www.fredonoccitanie.com\/jevi\/wp-content\/uploads\/sites\/2\/2025\/12\/Image1.png\" alt='Carte des adh\u00e9rents de la charte : 2023, 2024 et 2025' title='Image1'  height=\"434\" width=\"605\"  itemprop=\"thumbnailUrl\" srcset=\"https:\/\/www.fredonoccitanie.com\/jevi\/wp-content\/uploads\/sites\/2\/2025\/12\/Image1.png 605w, https:\/\/www.fredonoccitanie.com\/jevi\/wp-content\/uploads\/sites\/2\/2025\/12\/Image1-300x215.png 300w\" sizes=\"(max-width: 605px) 100vw, 605px\" \/><\/a><\/div><\/div><\/div><br \/>\n<section  class='av_textblock_section av-m74y1g3m-e602a4f03db1d420e80919755d90fd1e '   itemscope=\"itemscope\" itemtype=\"https:\/\/schema.org\/CreativeWork\" ><div class='avia_textblock'  itemprop=\"text\" ><p style=\"text-align: center\"><strong>Visualisez les adh\u00e9rents \u00e0 la charte sur notre carte interactive.<\/strong><\/p>\n<\/div><\/section><\/p><\/div>\n<style type=\"text\/css\" data-created_by=\"avia_inline_auto\" id=\"style-css-av-67rw8vp-4364bd84864265084605743159c6e6b7\">\n@keyframes av_boxShadowEffect_av-67rw8vp-4364bd84864265084605743159c6e6b7-column {\n0%   { box-shadow:  0 0 0 0 ; opacity: 1; }\n100% { box-shadow:  0 0 10px 0 ; opacity: 1; }\n}\n.flex_column.av-67rw8vp-4364bd84864265084605743159c6e6b7{\nborder-radius:2px 2px 2px 2px;\npadding:0px 0px 0px 0px;\n}\n<\/style>\n<div  class='flex_column av-67rw8vp-4364bd84864265084605743159c6e6b7 av_one_half  avia-builder-el-55  el_after_av_one_half  el_before_av_one_full  flex_column_div av-zero-column-padding  column-top-margin'     ><p>\n<style type=\"text\/css\" data-created_by=\"avia_inline_auto\" id=\"style-css-av-m7uj87nu-30be29434f64afaf4f15e86f2cff279a\">\n#top .hr.hr-invisible.av-m7uj87nu-30be29434f64afaf4f15e86f2cff279a{\nheight:10px;\n}\n<\/style>\n<div  class='hr av-m7uj87nu-30be29434f64afaf4f15e86f2cff279a hr-invisible  avia-builder-el-56  el_before_av_toggle_container  avia-builder-el-first '><span class='hr-inner '><span class=\"hr-inner-style\"><\/span><\/span><\/div><br \/>\n\n<style type=\"text\/css\" data-created_by=\"avia_inline_auto\" id=\"style-css-av-m74yi4d5-899b0ef92345ed6948b790629d05239a\">\n#top .togglecontainer.av-m74yi4d5-899b0ef92345ed6948b790629d05239a p.toggler{\ncolor:#ffffff;\nbackground-color:#d6950a;\n}\n#top .togglecontainer.av-m74yi4d5-899b0ef92345ed6948b790629d05239a p.toggler:not(.activeTitle):hover{\ncolor:#d6950a;\nbackground-color:#ffffff;\n}\n#top .togglecontainer.av-m74yi4d5-899b0ef92345ed6948b790629d05239a p.toggler:not(.activeTitle):hover .toggle_icon, #top .togglecontainer.av-m74yi4d5-899b0ef92345ed6948b790629d05239a p.toggler:not(.activeTitle):hover .toggle_icon *{\nborder-color:#d6950a !important;\n}\n#top .togglecontainer.av-m74yi4d5-899b0ef92345ed6948b790629d05239a p.toggler .toggle_icon{\ncolor:#ffffff;\nborder-color:#ffffff;\n}\n#top .togglecontainer.av-m74yi4d5-899b0ef92345ed6948b790629d05239a .toggle_wrap .toggle_content{\ncolor:#ffffff;\nbackground-color:#d6950a;\n}\n<\/style>\n<div  class='togglecontainer av-m74yi4d5-899b0ef92345ed6948b790629d05239a av-elegant-toggle  avia-builder-el-57  el_after_av_hr  el_before_av_toggle_container ' >\n<section class='av_toggle_section av-m74yhynf-a41ee1e5c6d2a5bcf4d2fd6bbdbc4d6f'  itemscope=\"itemscope\" itemtype=\"https:\/\/schema.org\/CreativeWork\" ><div role=\"tablist\" class=\"single_toggle\" data-tags=\"{Tout} \"  ><p id='toggle-toggle-id-1' data-fake-id='#toggle-id-1' class='toggler  av-title-above av-inherit-font-color hasCustomColor'  itemprop=\"headline\"  role='tab' tabindex='0' aria-controls='toggle-id-1' data-slide-speed=\"200\" data-title=\"COLLECTIVITES\" data-title-open=\"\" data-aria_collapsed=\"Cliquez pour \u00e9tendre : COLLECTIVITES\" data-aria_expanded=\"Cliquez pour r\u00e9duire : COLLECTIVITES\">COLLECTIVITES<span class=\"toggle_icon\"><span class=\"vert_icon\"><\/span><span class=\"hor_icon\"><\/span><\/span><\/p><div id='toggle-id-1' aria-labelledby='toggle-toggle-id-1' role='region' class='toggle_wrap  av-title-above'  ><div class='toggle_content invers-color av-inherit-font-color hasCustomColor'  itemprop=\"text\" ><ul>\n<li><strong>Les communes<\/strong><\/li>\n<li><strong>Les EPCI<\/strong><\/li>\n<li style=\"text-align: left\"><strong>Les d\u00e9partements<\/strong><\/li>\n<\/ul>\n<\/div><\/div><\/div><\/section>\n<\/div><br \/>\n\n<style type=\"text\/css\" data-created_by=\"avia_inline_auto\" id=\"style-css-av-4oytq45-57cbf4138afc62c3f7e4b704bda9258e\">\n#top .togglecontainer.av-4oytq45-57cbf4138afc62c3f7e4b704bda9258e p.toggler{\ncolor:#ffffff;\nbackground-color:#d6950a;\n}\n#top .togglecontainer.av-4oytq45-57cbf4138afc62c3f7e4b704bda9258e p.toggler:not(.activeTitle):hover{\ncolor:#d6950a;\nbackground-color:#ffffff;\n}\n#top .togglecontainer.av-4oytq45-57cbf4138afc62c3f7e4b704bda9258e p.toggler:not(.activeTitle):hover .toggle_icon, #top .togglecontainer.av-4oytq45-57cbf4138afc62c3f7e4b704bda9258e p.toggler:not(.activeTitle):hover .toggle_icon *{\nborder-color:#d6950a !important;\n}\n#top .togglecontainer.av-4oytq45-57cbf4138afc62c3f7e4b704bda9258e p.toggler .toggle_icon{\ncolor:#ffffff;\nborder-color:#ffffff;\n}\n#top .togglecontainer.av-4oytq45-57cbf4138afc62c3f7e4b704bda9258e .toggle_wrap .toggle_content{\ncolor:#ffffff;\nbackground-color:#d6950a;\n}\n<\/style>\n<div  class='togglecontainer av-4oytq45-57cbf4138afc62c3f7e4b704bda9258e av-elegant-toggle  avia-builder-el-58  el_after_av_toggle_container  el_before_av_toggle_container ' >\n<section class='av_toggle_section av-4eiscfp-1c0e81efe86ec4d9e4560993ee2b0293'  itemscope=\"itemscope\" itemtype=\"https:\/\/schema.org\/CreativeWork\" ><div role=\"tablist\" class=\"single_toggle\" data-tags=\"{Tout} \"  ><p id='toggle-toggle-id-2' data-fake-id='#toggle-id-2' class='toggler  av-title-above av-inherit-font-color hasCustomColor'  itemprop=\"headline\"  role='tab' tabindex='0' aria-controls='toggle-id-2' data-slide-speed=\"200\" data-title=\"ETABLISSEMENTS D\u2019ENSEIGNEMENT\" data-title-open=\"\" data-aria_collapsed=\"Cliquez pour \u00e9tendre : ETABLISSEMENTS D\u2019ENSEIGNEMENT\" data-aria_expanded=\"Cliquez pour r\u00e9duire : ETABLISSEMENTS D\u2019ENSEIGNEMENT\">ETABLISSEMENTS D\u2019ENSEIGNEMENT<span class=\"toggle_icon\"><span class=\"vert_icon\"><\/span><span class=\"hor_icon\"><\/span><\/span><\/p><div id='toggle-id-2' aria-labelledby='toggle-toggle-id-2' role='region' class='toggle_wrap  av-title-above'  ><div class='toggle_content invers-color av-inherit-font-color hasCustomColor'  itemprop=\"text\" ><ul>\n<li><strong>\u00a0Les lyc\u00e9es agricoles<\/strong><\/li>\n<li><strong>Les campus universitaires<\/strong><\/li>\n<\/ul>\n<\/div><\/div><\/div><\/section>\n<\/div><br \/>\n\n<style type=\"text\/css\" data-created_by=\"avia_inline_auto\" id=\"style-css-av-m74yibh6-8e9a37f2d614a605e311b5d6745f0d28\">\n#top .togglecontainer.av-m74yibh6-8e9a37f2d614a605e311b5d6745f0d28 p.toggler{\ncolor:#ffffff;\nbackground-color:#d6950a;\n}\n#top .togglecontainer.av-m74yibh6-8e9a37f2d614a605e311b5d6745f0d28 p.toggler:not(.activeTitle):hover{\ncolor:#d6950a;\nbackground-color:#ffffff;\n}\n#top .togglecontainer.av-m74yibh6-8e9a37f2d614a605e311b5d6745f0d28 p.toggler:not(.activeTitle):hover .toggle_icon, #top .togglecontainer.av-m74yibh6-8e9a37f2d614a605e311b5d6745f0d28 p.toggler:not(.activeTitle):hover .toggle_icon *{\nborder-color:#d6950a !important;\n}\n#top .togglecontainer.av-m74yibh6-8e9a37f2d614a605e311b5d6745f0d28 p.toggler .toggle_icon{\ncolor:#ffffff;\nborder-color:#ffffff;\n}\n#top .togglecontainer.av-m74yibh6-8e9a37f2d614a605e311b5d6745f0d28 .toggle_wrap .toggle_content{\ncolor:#ffffff;\nbackground-color:#d6950a;\n}\n<\/style>\n<div  class='togglecontainer av-m74yibh6-8e9a37f2d614a605e311b5d6745f0d28 av-elegant-toggle  avia-builder-el-59  el_after_av_toggle_container  avia-builder-el-last ' >\n<section class='av_toggle_section av-m74yib29-36d3aca4cef3668e4626b0c2836fafe7'  itemscope=\"itemscope\" itemtype=\"https:\/\/schema.org\/CreativeWork\" ><div role=\"tablist\" class=\"single_toggle\" data-tags=\"{Tout} \"  ><p id='toggle-toggle-id-3' data-fake-id='#toggle-id-3' class='toggler  av-title-above av-inherit-font-color hasCustomColor'  itemprop=\"headline\"  role='tab' tabindex='0' aria-controls='toggle-id-3' data-slide-speed=\"200\" data-title=\"INFRASTRUCTURES DE TOURISME ET DE LOISIR DE PLEIN AIR\" data-title-open=\"\" data-aria_collapsed=\"Cliquez pour \u00e9tendre : INFRASTRUCTURES DE TOURISME ET DE LOISIR DE PLEIN AIR\" data-aria_expanded=\"Cliquez pour r\u00e9duire : INFRASTRUCTURES DE TOURISME ET DE LOISIR DE PLEIN AIR\">INFRASTRUCTURES DE TOURISME ET DE LOISIR DE PLEIN AIR<span class=\"toggle_icon\"><span class=\"vert_icon\"><\/span><span class=\"hor_icon\"><\/span><\/span><\/p><div id='toggle-id-3' aria-labelledby='toggle-toggle-id-3' role='region' class='toggle_wrap  av-title-above'  ><div class='toggle_content invers-color av-inherit-font-color hasCustomColor'  itemprop=\"text\" ><ul>\n<li><strong>Les campings<\/strong><\/li>\n<li><strong>Les bases de loisirs de plein air<\/strong><\/li>\n<\/ul>\n<\/div><\/div><\/div><\/section>\n<\/div><\/p><\/div>\n<style type=\"text\/css\" data-created_by=\"avia_inline_auto\" id=\"style-css-av-2869f79-40666c9f626c3d94abce2314fb4dc9c2\">\n.flex_column.av-2869f79-40666c9f626c3d94abce2314fb4dc9c2{\nborder-radius:0px 0px 0px 0px;\npadding:0px 0px 0px 0px;\n}\n<\/style>\n<div  class='flex_column av-2869f79-40666c9f626c3d94abce2314fb4dc9c2 av_one_full  avia-builder-el-60  el_after_av_one_half  avia-builder-el-last  first flex_column_div av-zero-column-padding  column-top-margin'     ><p>\n<style type=\"text\/css\" data-created_by=\"avia_inline_auto\" id=\"style-css-av-qucwr9-60fff61fd2f443b2ae6fcb82aa9942e0\">\n#top .hr.hr-invisible.av-qucwr9-60fff61fd2f443b2ae6fcb82aa9942e0{\nheight:10px;\n}\n<\/style>\n<div  class='hr av-qucwr9-60fff61fd2f443b2ae6fcb82aa9942e0 hr-invisible  avia-builder-el-61  el_before_av_textblock  avia-builder-el-first '><span class='hr-inner '><span class=\"hr-inner-style\"><\/span><\/span><\/div><br \/>\n\n<style type=\"text\/css\" data-created_by=\"avia_inline_auto\" id=\"style-css-av-m74ydm8j-fb95c8a57d2c1f8e48e56af7c295ff1b\">\n#top .av_textblock_section.av-m74ydm8j-fb95c8a57d2c1f8e48e56af7c295ff1b .avia_textblock{\nfont-size:17px;\n}\n<\/style>\n<section  class='av_textblock_section av-m74ydm8j-fb95c8a57d2c1f8e48e56af7c295ff1b '   itemscope=\"itemscope\" itemtype=\"https:\/\/schema.org\/CreativeWork\" ><div class='avia_textblock'  itemprop=\"text\" ><p style=\"text-align: center\"><em>Vous \u00eates une autre structure int\u00e9ress\u00e9e par la charte mais ne rentrez pas exactement dans les cases d\u00e9crites ci-dessus ?<\/em><\/p>\n<p style=\"text-align: center\"><strong><a href=\"https:\/\/www.fredonoccitanie.com\/jevi\/contact\/\">Contactez nous<\/a> pour d\u00e9terminer ensemble la possibilit\u00e9 d&rsquo;application de la charte dans votre structure.<\/strong><\/p>\n<\/div><\/section><\/p><\/div>\n\n<\/div><\/div><\/div><!-- close content main div --><\/div><\/div>\n<style type=\"text\/css\" data-created_by=\"avia_inline_auto\" id=\"style-css-av-m74yrz52-a1d38e10f90fe87c456da4ac3b7973ce\">\n.avia-section.av-m74yrz52-a1d38e10f90fe87c456da4ac3b7973ce{\nbackground-color:#b86000;\nbackground-image:unset;\n}\n<\/style>\n<div id='av_section_6'  class='avia-section av-m74yrz52-a1d38e10f90fe87c456da4ac3b7973ce main_color avia-section-default avia-no-border-styling  avia-builder-el-63  el_after_av_section  el_before_av_hr  avia-bg-style-scroll container_wrap fullsize'  ><div class='container av-section-cont-open' ><div class='template-page content  av-content-full alpha units'><div class='post-entry post-entry-type-page post-entry-11381'><div class='entry-content-wrapper clearfix'>\n\n<style type=\"text\/css\" data-created_by=\"avia_inline_auto\" id=\"style-css-av-m6uo3wau-0709876e6687ef540e14d8d28d8c12fd\">\n#top .av_textblock_section.av-m6uo3wau-0709876e6687ef540e14d8d28d8c12fd .avia_textblock{\ncolor:#ffffff;\n}\n<\/style>\n<section  class='av_textblock_section av-m6uo3wau-0709876e6687ef540e14d8d28d8c12fd '   itemscope=\"itemscope\" itemtype=\"https:\/\/schema.org\/CreativeWork\" ><div class='avia_textblock av_inherit_color'  itemprop=\"text\" ><h1 id=\"candidater\" style=\"text-align: left\"><\/h1>\n<h1 style=\"text-align: center\">Pour candidater, c&rsquo;est ici :<\/h1>\n<\/div><\/section>\n\n<style type=\"text\/css\" data-created_by=\"avia_inline_auto\" id=\"style-css-av-101dx3p-c9d5718d47ed89698620e67e60a4b886\">\n.flex_column.av-101dx3p-c9d5718d47ed89698620e67e60a4b886{\nborder-radius:0px 0px 0px 0px;\npadding:0px 0px 0px 0px;\n}\n<\/style>\n<div  class='flex_column av-101dx3p-c9d5718d47ed89698620e67e60a4b886 av_one_half  avia-builder-el-65  el_after_av_textblock  el_before_av_one_half  first flex_column_div av-zero-column-padding  column-top-margin'     ><style type=\"text\/css\" data-created_by=\"avia_inline_auto\" id=\"style-css-av-mll2xh-b2fc2d15ee52471b532f99f3e53590dc\">\n#top .av_textblock_section.av-mll2xh-b2fc2d15ee52471b532f99f3e53590dc .avia_textblock{\ncolor:#ffffff;\n}\n<\/style>\n<section  id=\"candidature\"  class='av_textblock_section av-mll2xh-b2fc2d15ee52471b532f99f3e53590dc '   itemscope=\"itemscope\" itemtype=\"https:\/\/schema.org\/CreativeWork\" ><div class='avia_textblock bloc_infos av_inherit_color'  itemprop=\"text\" ><h4><span style=\"color: #ffffff\">PREPARER SA CANDIDATURE<\/span><\/h4>\n<ol>\n<li><span style=\"color: #ffffff\">Prendre connaissance du <strong><a href=\"https:\/\/www.fredonoccitanie.com\/jevi\/wp-content\/uploads\/sites\/2\/2024\/03\/Annexe1_Cahier-des-charges_Engage_pourle_vegetal_24.pdf\" target=\"_blank\" rel=\"noopener\">CAHIER DES CHARGES<\/a><\/strong><em><br \/>\n<\/em><\/span><\/li>\n<li><span style=\"color: #ffffff\">Partager en \u00e9quipe le <strong>FORMULAIRE DE CANDIDATURE et estimer son niveau acquis auquel candidater<\/strong><\/span>\n<ul>\n<li><strong><span style=\"color: #ffffff\"><a href=\"https:\/\/www.fredonoccitanie.com\/jevi\/wp-content\/uploads\/sites\/2\/2024\/10\/Form_N1_24.pdf\" target=\"_blank\" rel=\"noopener\">niveau 1<\/a><\/span><\/strong><\/li>\n<li><strong><span style=\"color: #ffffff\"><a href=\"https:\/\/www.fredonoccitanie.com\/jevi\/wp-content\/uploads\/sites\/2\/2024\/10\/Form_N2_24.pdf\" target=\"_blank\" rel=\"noopener\">niveau 2<\/a><\/span><\/strong><\/li>\n<li><strong><span style=\"color: #ffffff\"><a href=\"https:\/\/www.fredonoccitanie.com\/jevi\/wp-content\/uploads\/sites\/2\/2024\/10\/Form_N3_24.pdf\" target=\"_blank\" rel=\"noopener\">niveau 3<\/a><\/span><\/strong><\/li>\n<\/ul>\n<\/li>\n<\/ol>\n<p style=\"text-align: center\"><em>(ne pas tenir compte du pr\u00e9 remplissage ; les questions diff\u00e8rent l\u00e9g\u00e8rement pour les \u00e9tablissements de loisirs lors du d\u00e9p\u00f4t en ligne)<\/em><\/p>\n<\/div><\/section><\/div>\n<style type=\"text\/css\" data-created_by=\"avia_inline_auto\" id=\"style-css-av-4asy2d-5c37ba3648e58f9678f8f70c1ce4db48\">\n.flex_column.av-4asy2d-5c37ba3648e58f9678f8f70c1ce4db48{\nborder-radius:0px 0px 0px 0px;\npadding:0px 0px 0px 0px;\n}\n<\/style>\n<div  class='flex_column av-4asy2d-5c37ba3648e58f9678f8f70c1ce4db48 av_one_half  avia-builder-el-67  el_after_av_one_half  avia-builder-el-last  flex_column_div av-zero-column-padding  column-top-margin'     ><p>\n<style type=\"text\/css\" data-created_by=\"avia_inline_auto\" id=\"style-css-av-1zwvej9-6699980af1852c05ee0e2903713cb950\">\n#top .hr.hr-invisible.av-1zwvej9-6699980af1852c05ee0e2903713cb950{\nheight:40px;\n}\n<\/style>\n<div  class='hr av-1zwvej9-6699980af1852c05ee0e2903713cb950 hr-invisible  avia-builder-el-68  el_before_av_textblock  avia-builder-el-first '><span class='hr-inner '><span class=\"hr-inner-style\"><\/span><\/span><\/div><br \/>\n\n<style type=\"text\/css\" data-created_by=\"avia_inline_auto\" id=\"style-css-av-m74zquqb-c81f8c5d5dc7669f22827f846dfae36f\">\n#top .av_textblock_section.av-m74zquqb-c81f8c5d5dc7669f22827f846dfae36f .avia_textblock{\ncolor:#ffffff;\n}\n<\/style>\n<section  id=\"candidature\"  class='av_textblock_section av-m74zquqb-c81f8c5d5dc7669f22827f846dfae36f '   itemscope=\"itemscope\" itemtype=\"https:\/\/schema.org\/CreativeWork\" ><div class='avia_textblock bloc_infos av_inherit_color'  itemprop=\"text\" ><h4><span style=\"color: #ffffff\">FINALISER SA CANDIDATURE\u00a0<\/span><\/h4>\n<ul>\n<li><span style=\"color: #ffffff\"><span style=\"color: #ffffff\">Remplir le <strong><a href=\"https:\/\/framaforms.org\/espace-de-candidature-charte-engage-pour-le-vegetal-2026-1770712513\" target=\"_blank\" rel=\"noopener\">FORMULAIRE DE CANDIDATURE EN LIGNE <\/a>(ouverture des candidatures le 1er mars 2026 !) <\/strong><\/span><\/span>\n<style type=\"text\/css\" data-created_by=\"avia_inline_auto\" id=\"style-css-av-mxhr11-57ab68443214c53532eb97b84f5de7a7\">\n#top .hr.hr-invisible.av-mxhr11-57ab68443214c53532eb97b84f5de7a7{\nheight:20px;\n}\n<\/style>\n<div  class='hr av-mxhr11-57ab68443214c53532eb97b84f5de7a7 hr-invisible  avia-builder-el-70  avia-builder-el-no-sibling '><span class='hr-inner '><span class=\"hr-inner-style\"><\/span><\/span><\/div><\/li>\n<li><span style=\"color: #ffffff\">S&rsquo;engager officiellement en envoyant par mail :<\/span>\n<ul>\n<li><span style=\"color: #ffffff\">Une <a href=\"https:\/\/fredonoccitanie189-my.sharepoint.com\/:b:\/g\/personal\/f_martel_fredon-occitanie_fr\/EWwyavbQO4BLqe6_21IKprMBypjnIjKAOh-3_86gjquLMw?e=CPhgBC\" target=\"_blank\" rel=\"noopener\"><strong>DELIBERATION<\/strong><\/a> de conseil municipal pour les collectivit\u00e9s<\/span><\/li>\n<li>Un <a href=\"https:\/\/fredonoccitanie189-my.sharepoint.com\/:b:\/g\/personal\/f_martel_fredon-occitanie_fr\/Eek-NxJETDRJi0whqSbmyNsB7lmTn8lGmxBlzBTTJbpmYw?e=npvXKM\" target=\"_blank\" rel=\"noopener\"><strong>COURRIER D&rsquo;ENGAGEMENT<\/strong><\/a> pour les autres gestionnaires<\/li>\n<\/ul>\n<\/li>\n<\/ul>\n<\/div><\/section><\/p><\/div>\n<\/div><\/div><\/div><!-- close content main div --><\/div><\/div><div id='after_section_6'  class='main_color av_default_container_wrap container_wrap fullsize'  ><div class='container av-section-cont-open' ><div class='template-page content  av-content-full alpha units'><div class='post-entry post-entry-type-page post-entry-11381'><div class='entry-content-wrapper clearfix'>\n\n<style type=\"text\/css\" data-created_by=\"avia_inline_auto\" id=\"style-css-av-16elt05-ccbdba4c9443f91f883ae4562b1dfe80\">\n#top .hr.hr-invisible.av-16elt05-ccbdba4c9443f91f883ae4562b1dfe80{\nheight:20px;\n}\n<\/style>\n<div  class='hr av-16elt05-ccbdba4c9443f91f883ae4562b1dfe80 hr-invisible  avia-builder-el-71  el_after_av_section  el_before_av_textblock  avia-builder-el-first '><span class='hr-inner '><span class=\"hr-inner-style\"><\/span><\/span><\/div>\n<section  class='av_textblock_section av-ldszpnu2-4b51521bc911dd8ee783f81f32a733e8 '   itemscope=\"itemscope\" itemtype=\"https:\/\/schema.org\/CreativeWork\" ><div class='avia_textblock'  itemprop=\"text\" ><h1 id=\"calendrier\" style=\"text-align: left\"><\/h1>\n<h1 style=\"text-align: center\">Calendrier annuel<\/h1>\n<\/div><\/section>\n\n<style type=\"text\/css\" data-created_by=\"avia_inline_auto\" id=\"style-css-av-m6s1m12y-f95aec71c615d7b1fcefd6366ace47c8\">\n.avia-timeline-container.av-m6s1m12y-f95aec71c615d7b1fcefd6366ace47c8 .av-milestone-title{\nfont-size:17px;\n}\n<\/style>\n<div  id=\"avia-timeline-1\"  class='avia-timeline-container av-m6s1m12y-f95aec71c615d7b1fcefd6366ace47c8 av-slideshow-ui  avia-builder-el-73  el_after_av_textblock  el_before_av_hr ' ><ul class='avia-timeline avia-timeline-vertical av-milestone-placement-alternate avia-timeline- avia_animate_when_almost_visible avia-timeline-animate'>\n<li  class='av-milestone av-m6s0r6fn-e83d5244f1cb1d652588e58eaf497eb2 av-animated-generic fade-in av-milestone-valign-baseline av-milestone-odd'><h2 class='av-milestone-date ' id='milestone-printemps-2026' ><strong>Printemps 2026<span class='av-milestone-indicator'><\/span><\/strong><\/h2><div class=\"av-milestone-icon-wrap\"><span class='av-milestone-icon milestone_icon avia-font-entypo-fontello'><span class='av-milestone-icon-inner milestone_inner'><i class='milestone-char avia-iconfont avia-font-entypo-fontello' data-av_icon='\ue8d2' data-av_iconfont='entypo-fontello' ><\/i><\/span><\/span><\/div><article class='av-milestone-content-wrap'><div class='av-milestone-contentbox'><header class=\"entry-content-header\" aria-label=\"\u00c9tape : Ouverture des candidatures 2026 le 1er mars\"><h4 class='av-milestone-title '>Ouverture des candidatures 2026 le 1er mars<\/h4><\/header><div class='av-milestone-content'><p>Tous les documents demand\u00e9s pour la candidature sont <strong>consultables et t\u00e9l\u00e9chargeables en ligne<\/strong>.<\/p>\n<\/div><\/div><footer class='av-milestone-article-footer entry-footer'><\/footer><\/article><\/li>\n<li  class='av-milestone av-m6s0y789-0ed7cd1d2e007e9a281958b5a26c9b3e av-animated-generic fade-in av-milestone-valign-middle av-milestone-even'><article class='av-milestone-content-wrap'><div class='av-milestone-contentbox'><header class=\"entry-content-header\" aria-label=\"\u00c9tape : Pr\u00e9parer sa candidature\"><h4 class='av-milestone-title '>Pr\u00e9parer sa candidature<\/h4><\/header><div class='av-milestone-content'><p style=\"padding-left: 40px\">&#8211;<strong> Consulter<\/strong> l&rsquo;ensemble des documents techniques.<\/p>\n<p style=\"padding-left: 40px\">&#8211; <strong>Estimer en \u00e9quipe <\/strong>(porteurs du projet et agents technique)<strong> le niveau global atteint <\/strong>auquel candidater.<\/p>\n<p style=\"padding-left: 40px\">&#8211; <strong>Remplir le formulaire<\/strong> en ligne.<\/p>\n<p style=\"padding-left: 40px\">&#8211;<strong> D\u00e9lib\u00e9rer la volont\u00e9 d&rsquo;engagement<\/strong>.<\/p>\n<\/div><\/div><footer class='av-milestone-article-footer entry-footer'><\/footer><\/article><div class=\"av-milestone-icon-wrap\"><span class='av-milestone-icon milestone_icon avia-font-entypo-fontello'><span class='av-milestone-icon-inner milestone_inner'><i class='milestone-char avia-iconfont avia-font-entypo-fontello' data-av_icon='\ue836' data-av_iconfont='entypo-fontello' ><\/i><\/span><\/span><\/div><h2 class='av-milestone-date ' id='milestone-printemps-ete-2026' ><strong>Printemps \/ \u00e9t\u00e9 2026<span class='av-milestone-indicator'><\/span><\/strong><\/h2><\/li>\n<li  class='av-milestone av-m6s17uux-42a31a38516742fe95267a124b7eed65 av-animated-generic fade-in av-milestone-valign-baseline av-milestone-odd'><h2 class='av-milestone-date ' id='milestone-ete-2026' ><strong>Et\u00e9 2026<span class='av-milestone-indicator'><\/span><\/strong><\/h2><div class=\"av-milestone-icon-wrap\"><span class='av-milestone-icon milestone_icon avia-font-entypo-fontello'><span class='av-milestone-icon-inner milestone_inner'><i class='milestone-char avia-iconfont avia-font-entypo-fontello' data-av_icon='\ue851' data-av_iconfont='entypo-fontello' ><\/i><\/span><\/span><\/div><article class='av-milestone-content-wrap'><div class='av-milestone-contentbox'><header class=\"entry-content-header\" aria-label=\"\u00c9tape : Etude des candidatures\"><h4 class='av-milestone-title '>Etude des candidatures<\/h4><\/header><div class='av-milestone-content'><p>L&rsquo;\u00e9quipe JEVI <strong>planifie la future tourn\u00e9e<\/strong> \u00e0 l&rsquo;automne en contactant les structures souhaitant s&rsquo;engager en leur proposant des <strong>cr\u00e9neaux de visite<\/strong>.<\/p>\n<\/div><\/div><footer class='av-milestone-article-footer entry-footer'><\/footer><\/article><\/li>\n<li  class='av-milestone av-m6s1gjgc-ea3307cc26913fc47c1545993531a679 av-animated-generic fade-in av-milestone-valign-baseline av-milestone-even'><article class='av-milestone-content-wrap'><div class='av-milestone-contentbox'><header class=\"entry-content-header\" aria-label=\"\u00c9tape : Tourn\u00e9e des visites Charte\"><h4 class='av-milestone-title '>Tourn\u00e9e des visites Charte<\/h4><\/header><div class='av-milestone-content'><p>Les candidats re\u00e7oivent l&rsquo;\u00e9quipe d&rsquo;accompagnateurs -FREDON Occitanie et partenaires- dans leur structure sur <strong>1\/2 journ\u00e9e qui leur est d\u00e9di\u00e9e<\/strong> :<\/p>\n<p style=\"padding-left: 40px\">&#8211; Une <strong>pr\u00e9sentation en salle<\/strong> o\u00f9 le gestionnaire pr\u00e9sente sa structure et les services techniques. (30 min)<\/p>\n<p style=\"padding-left: 40px\">&#8211; Une <strong>visite terrain<\/strong> sur les espaces verts o\u00f9 le gestionnaire pr\u00e9sente son mode de gestion, ses r\u00e9ussites et difficult\u00e9s. Les accompagnants donnent <strong>un maximum de conseils<\/strong> et\/ou recueillent des retours terrain \u00e0 exploiter plus tard. (3h)<\/p>\n<p style=\"padding-left: 40px\">&#8211; Une <strong>d\u00e9lib\u00e9ration collective<\/strong> par la signature d&rsquo;<strong>un acte d&rsquo;engagement<\/strong> sur le niveau obtenu et les <strong>pistes d&rsquo;am\u00e9liorations \u00e9voqu\u00e9es.<\/strong> (30 min)<\/p>\n<\/div><\/div><footer class='av-milestone-article-footer entry-footer'><\/footer><\/article><div class=\"av-milestone-icon-wrap\"><span class='av-milestone-icon milestone_icon avia-font-entypo-fontello'><span class='av-milestone-icon-inner milestone_inner'><i class='milestone-char avia-iconfont avia-font-entypo-fontello' data-av_icon='\ue843' data-av_iconfont='entypo-fontello' ><\/i><\/span><\/span><\/div><h2 class='av-milestone-date ' id='milestone-automne-2026' ><strong>Automne 2026<span class='av-milestone-indicator'><\/span><\/strong><\/h2><\/li>\n<li  class='av-milestone av-m6s1lzaz-4d65df4171ab04e7f662d87cb4292f9d av-animated-generic fade-in av-milestone-valign-baseline av-milestone-odd'><h2 class='av-milestone-date ' id='milestone-hiver-2026' ><strong>Hiver 2026<span class='av-milestone-indicator'><\/span><\/strong><\/h2><div class=\"av-milestone-icon-wrap\"><span class='av-milestone-icon milestone_icon avia-font-entypo-fontello'><span class='av-milestone-icon-inner milestone_inner'><i class='milestone-char avia-iconfont avia-font-entypo-fontello' data-av_icon='\ue8c9' data-av_iconfont='entypo-fontello' ><\/i><\/span><\/span><\/div><article class='av-milestone-content-wrap'><div class='av-milestone-contentbox'><header class=\"entry-content-header\" aria-label=\"\u00c9tape : Remise des prix des laur\u00e9ats de la charte\"><h4 class='av-milestone-title '>Remise des prix des laur\u00e9ats de la charte<\/h4><\/header><div class='av-milestone-content'><p>La <strong>remise des prix,<\/strong> occasion de <strong>valoriser les nouveaux laur\u00e9ats<\/strong>,\u00a0est une journ\u00e9e riche en \u00e9changes avec des <strong>experts du v\u00e9g\u00e9tal, des retours d&rsquo;exp\u00e9rience, <\/strong>et un grand <strong>moment de convivialit\u00e9<\/strong> entre acteurs du r\u00e9seau.<\/p>\n<p>Les laur\u00e9ats de l&rsquo;ann\u00e9e recevront \u00e0 l&rsquo;occasion :<\/p>\n<p style=\"padding-left: 40px\"><strong>&#8211; leur dipl\u00f4me<\/strong>,<\/p>\n<p style=\"padding-left: 40px\"><strong>&#8211; le panneau d&rsquo;entr\u00e9e de structure<\/strong><\/p>\n<p style=\"padding-left: 40px\"><strong>&#8211; d&rsquo;autres cadeaux<\/strong> en lien avec les engagements.<\/p>\n<\/div><\/div><footer class='av-milestone-article-footer entry-footer'><\/footer><\/article><\/li>\n<li  class='av-milestone av-m6s1re56-93370baf08816847673b07617a9759fa av-animated-generic fade-in av-milestone-valign-baseline av-milestone-even'><article class='av-milestone-content-wrap'><div class='av-milestone-contentbox'><header class=\"entry-content-header\" aria-label=\"\u00c9tape : Communiquez sur votre engagement !\"><h4 class='av-milestone-title '>Communiquez sur votre engagement !<\/h4><\/header><div class='av-milestone-content'><p>La structure laur\u00e9ate est invit\u00e9e <strong>\u00e0 communiquer sur son engagement<\/strong> gr\u00e2ce \u00e0 de nombreux outils mis \u00e0 sa disposition en tant que <strong>nouveau adh\u00e9rent<\/strong>.<\/p>\n<p>C&rsquo;est parti pour <strong>mettre en pratique les conseils<\/strong> obtenus lors de la visite, <strong>poursuivre sa progression<\/strong> et pourquoi pas repostuler plus tard <strong>au niveau sup\u00e9rieur ?<\/strong><\/p>\n<\/div><\/div><footer class='av-milestone-article-footer entry-footer'><\/footer><\/article><div class=\"av-milestone-icon-wrap\"><span class='av-milestone-icon milestone_icon avia-font-entypo-fontello'><span class='av-milestone-icon-inner milestone_inner'><i class='milestone-char avia-iconfont avia-font-entypo-fontello' data-av_icon='\ue844' data-av_iconfont='entypo-fontello' ><\/i><\/span><\/span><\/div><h2 class='av-milestone-date ' id='milestone-des-2027' ><strong>d\u00e8s 2027...<span class='av-milestone-indicator'><\/span><\/strong><\/h2><\/li>\n<li  class='av-milestone av-mjcwpoe2-6e8c048feb6bd6afbdb00cdb5c60f5a0 av-animated-generic fade-in av-milestone-valign-baseline av-milestone-odd'><h2 class='av-milestone-date ' id='milestone-en-2029' ><strong>... en 2029<span class='av-milestone-indicator'><\/span><\/strong><\/h2><div class=\"av-milestone-icon-wrap\"><span class='av-milestone-icon milestone_icon avia-font-svg_entypo-fontello'><span class='av-milestone-icon-inner milestone_inner'><i class='milestone-char avia-svg-icon avia-font-svg_entypo-fontello' data-av_svg_icon='tools' data-av_iconset='svg_entypo-fontello'><svg version=\"1.1\" xmlns=\"http:\/\/www.w3.org\/2000\/svg\" width=\"32\" height=\"32\" viewBox=\"0 0 32 32\" preserveAspectRatio=\"xMidYMid meet\" aria-labelledby='av-svg-title-2' aria-describedby='av-svg-desc-2' role=\"graphics-symbol\">\n<title id='av-svg-title-2'>Tools<\/title>\n<desc id='av-svg-desc-2'>Tools<\/desc>\n<path d=\"M4.96 11.008q-0.256 0.256-0.352 0.704t-0.096 0.8-0.064 0.352q-0.064 0.064-0.544 0.48t-0.608 0.544q-0.512 0.448-0.896-0.128l-2.24-2.432q-0.352-0.384 0.064-0.768 0.064-0.064 0.576-0.448t0.64-0.512q0.192-0.192 0.864-0.192t1.184-0.448q0.448-0.448 0.576-1.216t0.32-0.96q0.064 0 0.288-0.224t0.832-0.704 1.312-0.992q4.288-2.88 5.952-3.072 3.904 0 4.736 0.064 0.384 0-0.256 0.256-3.84 1.664-4.864 2.432-2.56 1.792-1.152 3.648 1.088 1.472 1.216 1.536 0.256 0.256-0.064 0.448-0.064 0.064-1.216 1.12t-1.216 1.12q-0.448 0.256-0.576 0.128-1.344-1.536-2.272-1.92t-2.144 0.384zM14.112 11.84l13.12 15.232q0.576 0.704-0.064 1.216l-1.536 1.344q-0.704 0.448-1.216-0.128l-13.248-15.104q-0.256-0.256 0-0.64l2.304-1.984q0.384-0.256 0.64 0.064zM31.84 5.376q0.512 3.328-0.512 5.312-1.6 2.816-4.928 1.984-1.792-0.384-3.2 1.024l-2.624 2.496-2.176-2.496 2.176-2.24q0.768-0.768 0.992-1.696t0.192-2.080 0.16-1.856q0.384-1.792 4.48-3.584 0.384-0.192 0.576 0.096t0.064 0.48q-0.384 0.384-1.472 2.56-0.448 0.32-0.384 1.12t1.28 1.696q1.856 1.28 3.072-0.704 0.192-0.384 0.832-1.312t0.704-1.056q0.128-0.32 0.416-0.288t0.352 0.544zM4.384 27.264l8.128-7.936 2.432 2.752-7.872 7.744q-0.64 0.64-1.216 0.128l-1.472-1.472q-0.704-0.576 0-1.216z\"><\/path>\n<\/svg><\/i><\/span><\/span><\/div><article class='av-milestone-content-wrap'><div class='av-milestone-contentbox'><header class=\"entry-content-header\" aria-label=\"\u00c9tape : Visite des 3 ans !\"><h4 class='av-milestone-title '>Visite des 3 ans !<\/h4><\/header><div class='av-milestone-content'><p><strong>3 ans plus tard, les candidats sont \u00e0 nouveau visit\u00e9s<\/strong> afin de consolider leur adh\u00e9sion. L&rsquo;\u00e9quipe accompagnatrice revient pour faire les points sur les actions \u00e0 mettre en place identifi\u00e9es 3 ans plus t\u00f4t dans l&rsquo;<strong>acte d&rsquo;engagement<\/strong> afin de poursuivre la <strong>d\u00e9marche de progression<\/strong>.<\/p>\n<\/div><\/div><footer class='av-milestone-article-footer entry-footer'><\/footer><\/article><\/li>\n<\/ul><\/div>\n\n<style type=\"text\/css\" data-created_by=\"avia_inline_auto\" id=\"style-css-av-1ktexjp-a93c199fdf7554f391ffdde725a68711\">\n#top .hr.hr-invisible.av-1ktexjp-a93c199fdf7554f391ffdde725a68711{\nheight:30px;\n}\n<\/style>\n<div  class='hr av-1ktexjp-a93c199fdf7554f391ffdde725a68711 hr-invisible  avia-builder-el-74  el_after_av_timeline  el_before_av_section  avia-builder-el-last '><span class='hr-inner '><span class=\"hr-inner-style\"><\/span><\/span><\/div>\n<\/div><\/div><\/div><!-- close content main div --><\/div><\/div>\n<style type=\"text\/css\" data-created_by=\"avia_inline_auto\" id=\"style-css-av-m750b1ii-7ca7d2c1ae3c217e69fae21ada9b9047\">\n.avia-section.av-m750b1ii-7ca7d2c1ae3c217e69fae21ada9b9047{\nbackground-color:#ffefde;\nbackground-image:unset;\n}\n<\/style>\n<div id='av_section_7'  class='avia-section av-m750b1ii-7ca7d2c1ae3c217e69fae21ada9b9047 main_color avia-section-default avia-no-border-styling  avia-builder-el-75  el_after_av_hr  el_before_av_one_full  avia-bg-style-scroll container_wrap fullsize'  ><div class='container av-section-cont-open' ><div class='template-page content  av-content-full alpha units'><div class='post-entry post-entry-type-page post-entry-11381'><div class='entry-content-wrapper clearfix'>\n<section  class='av_textblock_section av-ldt0gdix-0637f5cbea626481e49ff4ee20a24405 '   itemscope=\"itemscope\" itemtype=\"https:\/\/schema.org\/CreativeWork\" ><div class='avia_textblock'  itemprop=\"text\" ><h5 style=\"text-align: center\">Vers une gestion des espaces respectueuse de la sant\u00e9, de l&rsquo;environnement et des territoires !<\/h5>\n<\/div><\/section>\n\n<style type=\"text\/css\" data-created_by=\"avia_inline_auto\" id=\"style-css-av-mxhr11-2-8b2908e6965727473bff0b457d1339a6\">\n#top .hr.hr-invisible.av-mxhr11-2-8b2908e6965727473bff0b457d1339a6{\nheight:30px;\n}\n<\/style>\n<div  class='hr av-mxhr11-2-8b2908e6965727473bff0b457d1339a6 hr-invisible  avia-builder-el-77  el_after_av_textblock  el_before_av_one_third '><span class='hr-inner '><span class=\"hr-inner-style\"><\/span><\/span><\/div>\n\n<style type=\"text\/css\" data-created_by=\"avia_inline_auto\" id=\"style-css-av-1a61x4l-accbef4a8c71e35cdb13c85be981962f\">\n.flex_column.av-1a61x4l-accbef4a8c71e35cdb13c85be981962f{\nborder-radius:0px 0px 0px 0px;\npadding:0px 0px 0px 0px;\n}\n<\/style>\n<div  class='flex_column av-1a61x4l-accbef4a8c71e35cdb13c85be981962f av_one_third  avia-builder-el-78  el_after_av_hr  el_before_av_two_third  first flex_column_div av-zero-column-padding  '     ><style type=\"text\/css\" data-created_by=\"avia_inline_auto\" id=\"style-css-av-m791csjv-efd49d8b471f2f71a344c623a6e2f325\">\n.avia-image-container.av-m791csjv-efd49d8b471f2f71a344c623a6e2f325 img.avia_image{\nbox-shadow:none;\n}\n.avia-image-container.av-m791csjv-efd49d8b471f2f71a344c623a6e2f325 .av-image-caption-overlay-center{\ncolor:#ffffff;\n}\n<\/style>\n<div  class='avia-image-container av-m791csjv-efd49d8b471f2f71a344c623a6e2f325 av-styling- avia-align-center  avia-builder-el-79  avia-builder-el-no-sibling '   itemprop=\"image\" itemscope=\"itemscope\" itemtype=\"https:\/\/schema.org\/ImageObject\" ><div class=\"avia-image-container-inner\"><div class=\"avia-image-overlay-wrap\"><img decoding=\"async\" fetchpriority=\"high\" class='wp-image-11701 avia-img-lazy-loading-not-11701 avia_image ' src=\"https:\/\/www.fredonoccitanie.com\/jevi\/wp-content\/uploads\/sites\/2\/2023\/02\/20230217_122135-e1680788792393-300x258.jpg\" alt='' title='Engage_pour_levegetal'  height=\"258\" width=\"300\"  itemprop=\"thumbnailUrl\" srcset=\"https:\/\/www.fredonoccitanie.com\/jevi\/wp-content\/uploads\/sites\/2\/2023\/02\/20230217_122135-e1680788792393-300x258.jpg 300w, https:\/\/www.fredonoccitanie.com\/jevi\/wp-content\/uploads\/sites\/2\/2023\/02\/20230217_122135-e1680788792393.jpg 350w\" sizes=\"(max-width: 300px) 100vw, 300px\" \/><\/div><\/div><\/div><\/div>\n<style type=\"text\/css\" data-created_by=\"avia_inline_auto\" id=\"style-css-av-p4utyt-ce9af9644b4e004b1d16311f8f0f1a9f\">\n.flex_column.av-p4utyt-ce9af9644b4e004b1d16311f8f0f1a9f{\nborder-radius:0px 0px 0px 0px;\npadding:0px 0px 0px 0px;\n}\n<\/style>\n<div  class='flex_column av-p4utyt-ce9af9644b4e004b1d16311f8f0f1a9f av_two_third  avia-builder-el-80  el_after_av_one_third  avia-builder-el-last  flex_column_div av-zero-column-padding  '     ><p>\n<style type=\"text\/css\" data-created_by=\"avia_inline_auto\" id=\"style-css-av-m7950gn3-687662a84fa364d23906494929303438\">\n#top .hr.hr-invisible.av-m7950gn3-687662a84fa364d23906494929303438{\nheight:50px;\n}\n<\/style>\n<div  class='hr av-m7950gn3-687662a84fa364d23906494929303438 hr-invisible  avia-builder-el-81  el_before_av_textblock  avia-builder-el-first '><span class='hr-inner '><span class=\"hr-inner-style\"><\/span><\/span><\/div><br \/>\n<section  class='av_textblock_section av-od66c5-1fa29db56eb8961110f85be98c789871 '   itemscope=\"itemscope\" itemtype=\"https:\/\/schema.org\/CreativeWork\" ><div class='avia_textblock'  itemprop=\"text\" ><h1 style=\"text-align: center\">Engagez-vous pour le v\u00e9g\u00e9tal !<\/h1>\n<h1 style=\"text-align: center\">Engatjatz-vos pel vegetal !<\/h1>\n<h1 style=\"text-align: center\">Comprometeu-vos amb el vegetal !<\/h1>\n<\/div><\/section><\/p><\/div>\n<\/div><\/div><\/div><!-- close content main div --><\/div><\/div><div id='after_section_7'  class='main_color av_default_container_wrap container_wrap fullsize'  ><div class='container av-section-cont-open' ><div class='template-page content  av-content-full alpha units'><div class='post-entry post-entry-type-page post-entry-11381'><div class='entry-content-wrapper clearfix'>\n\n<style type=\"text\/css\" data-created_by=\"avia_inline_auto\" id=\"style-css-av-q01y2d-2d807c59da70ef31422c97cd85463d76\">\n.flex_column.av-q01y2d-2d807c59da70ef31422c97cd85463d76{\nborder-radius:0px 0px 0px 0px;\npadding:0px 0px 0px 0px;\n}\n<\/style>\n<div  id=\"phyto\"  class='flex_column av-q01y2d-2d807c59da70ef31422c97cd85463d76 av_one_full  avia-builder-el-83  el_after_av_section  el_before_av_one_full  avia-builder-el-first  first flex_column_div av-zero-column-padding  '     ><section  id=\"phyto\"  class='av_textblock_section av-m6s4vk0d-35ecd19d1639eb4c3075b7e3ce269e88 '   itemscope=\"itemscope\" itemtype=\"https:\/\/schema.org\/CreativeWork\" ><div class='avia_textblock'  itemprop=\"text\" ><h4 id=\"ancre1\" style=\"text-align: left\">Pour les anciens adh\u00e9rents des chartes Objectifs 0phyto et Engag\u00e9 0phyto<\/h4>\n<\/div><\/section><br \/>\n\n<style type=\"text\/css\" data-created_by=\"avia_inline_auto\" id=\"style-css-av-m7ouo3w0-0324f2256af92021bcd3dc663d92b7d1\">\n#top .hr.hr-invisible.av-m7ouo3w0-0324f2256af92021bcd3dc663d92b7d1{\nheight:30px;\n}\n<\/style>\n<div  class='hr av-m7ouo3w0-0324f2256af92021bcd3dc663d92b7d1 hr-invisible  avia-builder-el-85  el_after_av_textblock  el_before_av_textblock '><span class='hr-inner '><span class=\"hr-inner-style\"><\/span><\/span><\/div><br \/>\n\n<style type=\"text\/css\" data-created_by=\"avia_inline_auto\" id=\"style-css-av-li2y8ysv-a9397b596b439d747ec2f3b5ef75e719\">\n#top .av_textblock_section.av-li2y8ysv-a9397b596b439d747ec2f3b5ef75e719 .avia_textblock{\nfont-size:18px;\n}\n<\/style>\n<section  id=\"Pour-les-anciens-adhrents-des-chartes-Objectifs-0phyto-et-Engag-0phyto\"  class='av_textblock_section av-li2y8ysv-a9397b596b439d747ec2f3b5ef75e719 '   itemscope=\"itemscope\" itemtype=\"https:\/\/schema.org\/CreativeWork\" ><div class='avia_textblock'  itemprop=\"text\" ><p style=\"text-align: center\"><strong><span style=\"color: #ff0000\">Le passage de la charte pour les adh\u00e9rents \u00e0 0Phyto vers la charte Engag\u00e9 pour le v\u00e9g\u00e9tal n&rsquo;est pas automatique car pas \u00e9quivalent.<\/span><\/strong><\/p>\n<p style=\"text-align: center\"><strong><span style=\"color: #ff0000\">Afin de b\u00e9n\u00e9ficier de ce nouveau dispositif, vous devez candidater et remplir le formulaire de la nouvelle charte.<\/span><\/strong><\/p>\n<\/div><\/section><br \/>\n\n<style type=\"text\/css\" data-created_by=\"avia_inline_auto\" id=\"style-css-av-1x0dsl-de6e7fc9384aebb59bd7e2f76c8f4999\">\n#top .hr.hr-invisible.av-1x0dsl-de6e7fc9384aebb59bd7e2f76c8f4999{\nheight:30px;\n}\n<\/style>\n<div  class='hr av-1x0dsl-de6e7fc9384aebb59bd7e2f76c8f4999 hr-invisible  avia-builder-el-87  el_after_av_textblock  el_before_av_buttonrow '><span class='hr-inner '><span class=\"hr-inner-style\"><\/span><\/span><\/div><br \/>\n<div  class='avia-buttonrow-wrap av-li2yy8b2-8ad035cf3a7daa4531d4fb09edf7bafe avia-buttonrow-center  avia-builder-el-88  el_after_av_hr  avia-builder-el-last '>\n\n<style type=\"text\/css\" data-created_by=\"avia_inline_auto\" id=\"style-css-av-li2yx4ag-674ade03030bf2faba3f61ef016666ce\">\n#top #wrap_all .avia-button.av-li2yx4ag-674ade03030bf2faba3f61ef016666ce{\nbackground-color:#ca1823;\nborder-color:#ca1823;\ncolor:#ffffff;\ntransition:all 0.4s ease-in-out;\nmargin-bottom:5px;\nmargin-right:3px;\nmargin-left:3px;\n}\n#top #wrap_all .avia-button.av-li2yx4ag-674ade03030bf2faba3f61ef016666ce .avia-svg-icon svg:first-child{\nfill:#ffffff;\nstroke:#ffffff;\n}\n<\/style>\n<a href='https:\/\/www.fredonoccitanie.com\/jevi\/la-charte\/'  class='avia-button av-li2yx4ag-674ade03030bf2faba3f61ef016666ce avia-icon_select-no avia-size-small'   aria-label=\"Tout savoir sur la transition vers la nouvelle charte\"><span class='avia_iconbox_title' >Tout savoir sur la transition vers la nouvelle charte<\/span><\/a>\n\n<style type=\"text\/css\" data-created_by=\"avia_inline_auto\" id=\"style-css-av-li2yy7o0-a73fdf06768843dcee6ebc042fc15487\">\n#top #wrap_all .avia-button.av-li2yy7o0-a73fdf06768843dcee6ebc042fc15487{\nmargin-bottom:5px;\nmargin-right:3px;\nmargin-left:3px;\n}\n<\/style>\n<a href='#candidature'  class='avia-button av-li2yy7o0-a73fdf06768843dcee6ebc042fc15487 avia-icon_select-yes-left-icon avia-size-small avia-color-theme-color'   aria-label=\"CLIQUEZ ICI POUR CANDIDATER !\"><span class='avia_button_icon avia_button_icon_left avia-iconfont avia-font-entypo-fontello' data-av_icon='\ue8b8' data-av_iconfont='entypo-fontello' ><\/span><span class='avia_iconbox_title' >CLIQUEZ ICI POUR CANDIDATER !<\/span><\/a>\n<\/div><\/p><\/div>\n<div  class='flex_column av-sb3wyd-96d2a91133060c2e8ca81538042c3a31 av_one_full  avia-builder-el-89  el_after_av_one_full  avia-builder-el-last  first flex_column_div  column-top-margin'     ><style type=\"text\/css\" data-created_by=\"avia_inline_auto\" id=\"style-css-av-m9cmicy5-ce509ad71a75498668a6ab13765cdcf6\">\n.avia-image-container.av-m9cmicy5-ce509ad71a75498668a6ab13765cdcf6 img.avia_image{\nbox-shadow:none;\n}\n.avia-image-container.av-m9cmicy5-ce509ad71a75498668a6ab13765cdcf6 .av-image-caption-overlay-center{\ncolor:#ffffff;\n}\n<\/style>\n<div  class='avia-image-container av-m9cmicy5-ce509ad71a75498668a6ab13765cdcf6 av-styling- av-img-linked avia-align-center  avia-builder-el-90  avia-builder-el-no-sibling '   itemprop=\"image\" itemscope=\"itemscope\" itemtype=\"https:\/\/schema.org\/ImageObject\" ><div class=\"avia-image-container-inner\"><div class=\"avia-image-overlay-wrap\"><a href=\"https:\/\/www.fredonoccitanie.com\/jevi\/membres\/financeurs-et-partenaires\/\" class='avia_image '  aria-label='26_Frise_logo'><img decoding=\"async\" fetchpriority=\"high\" class='wp-image-18670 avia-img-lazy-loading-not-18670 avia_image ' src=\"https:\/\/www.fredonoccitanie.com\/jevi\/wp-content\/uploads\/sites\/2\/2026\/02\/26_Frise_logo-e1772122147947.png\" alt='' title='26_Frise_logo'  height=\"128\" width=\"750\"  itemprop=\"thumbnailUrl\"  \/><\/a><\/div><\/div><\/div><\/div>\n","protected":false},"excerpt":{"rendered":"","protected":false},"author":5,"featured_media":0,"parent":0,"menu_order":3,"comment_status":"closed","ping_status":"closed","template":"","meta":{"footnotes":""},"class_list":["post-11381","page","type-page","status-publish","hentry"],"_links":{"self":[{"href":"https:\/\/www.fredonoccitanie.com\/jevi\/wp-json\/wp\/v2\/pages\/11381","targetHints":{"allow":["GET"]}}],"collection":[{"href":"https:\/\/www.fredonoccitanie.com\/jevi\/wp-json\/wp\/v2\/pages"}],"about":[{"href":"https:\/\/www.fredonoccitanie.com\/jevi\/wp-json\/wp\/v2\/types\/page"}],"author":[{"embeddable":true,"href":"https:\/\/www.fredonoccitanie.com\/jevi\/wp-json\/wp\/v2\/users\/5"}],"replies":[{"embeddable":true,"href":"https:\/\/www.fredonoccitanie.com\/jevi\/wp-json\/wp\/v2\/comments?post=11381"}],"version-history":[{"count":5,"href":"https:\/\/www.fredonoccitanie.com\/jevi\/wp-json\/wp\/v2\/pages\/11381\/revisions"}],"predecessor-version":[{"id":18839,"href":"https:\/\/www.fredonoccitanie.com\/jevi\/wp-json\/wp\/v2\/pages\/11381\/revisions\/18839"}],"wp:attachment":[{"href":"https:\/\/www.fredonoccitanie.com\/jevi\/wp-json\/wp\/v2\/media?parent=11381"}],"curies":[{"name":"wp","href":"https:\/\/api.w.org\/{rel}","templated":true}]}}