{"id":11055,"date":"2023-01-17T16:51:03","date_gmt":"2023-01-17T15:51:03","guid":{"rendered":"https:\/\/www.fredonoccitanie.com\/jevi\/?page_id=11055"},"modified":"2025-02-18T14:28:47","modified_gmt":"2025-02-18T13:28:47","slug":"camping-sans-pesticides-et-vegetalise","status":"publish","type":"page","link":"https:\/\/www.fredonoccitanie.com\/jevi\/experiences\/camping-sans-pesticides-et-vegetalise\/","title":{"rendered":"Campings sans pesticides et v\u00e9g\u00e9talis\u00e9"},"content":{"rendered":"\n<style type=\"text\/css\" data-created_by=\"avia_inline_auto\" id=\"style-css-av-lg6k8fuz-9dcde3c5fc5ee539a80f07832a8c00fc\">\n.flex_column.av-lg6k8fuz-9dcde3c5fc5ee539a80f07832a8c00fc{\nborder-radius:0px 0px 0px 0px;\npadding:15px 15px 15px 15px;\n}\n<\/style>\n<div  class='flex_column av-lg6k8fuz-9dcde3c5fc5ee539a80f07832a8c00fc av_one_fourth  avia-builder-el-0  el_before_av_one_half  avia-builder-el-first  first flex_column_div  '     ><style type=\"text\/css\" data-created_by=\"avia_inline_auto\" id=\"style-css-av-krqhe23v-93f25401473eb06e14f5117a30a19cd9\">\n#top .av_textblock_section.av-krqhe23v-93f25401473eb06e14f5117a30a19cd9 .avia_textblock{\ncolor:#ffffff;\n}\n<\/style>\n<section  class='av_textblock_section av-krqhe23v-93f25401473eb06e14f5117a30a19cd9 '   itemscope=\"itemscope\" itemtype=\"https:\/\/schema.org\/CreativeWork\" ><div class='avia_textblock bloc_infos av_inherit_color'  itemprop=\"text\" ><header class=\"vc_cta3-content-header\">\n<h2 class=\"vc_custom_heading\">\n<style type=\"text\/css\" data-created_by=\"avia_inline_auto\" id=\"style-css-av-44ye9w-905001d1f121a2c902166f01e314d4af\">\n.av_font_icon.av-44ye9w-905001d1f121a2c902166f01e314d4af .av-icon-char{\nfont-size:40px;\nline-height:40px;\n}\n<\/style>\n<span  class='av_font_icon av-44ye9w-905001d1f121a2c902166f01e314d4af avia_animate_when_visible av-icon-style- avia-icon-pos-left avia-iconfont avia-font-entypo-fontello av-no-color avia-icon-animate'><span class='av-icon-char' data-av_icon='\ue842' data-av_iconfont='entypo-fontello' aria-hidden=\"true\" ><\/span><\/span> \u00c7a se passe en Occitanie<\/h2>\n<\/header>\n<p><em><span class=\"TextRun Highlight SCXW223140388 BCX2\" lang=\"FR-FR\" xml:lang=\"FR-FR\" data-contrast=\"auto\"><span class=\"NormalTextRun SCXW223140388 BCX2\">Le Camping de l\u2019Espiguette au Grau du Roi (30) partage <a href=\"https:\/\/www.youtube.com\/watch?v=lyuX1DRxtWo&amp;t=610s\">ici<\/a> son engagement<\/span><span class=\"NormalTextRun SCXW223140388 BCX2\">. Ses modes de gestion continuent d&rsquo;\u00e9voluer pour r\u00e9pondre \u00e0 l&rsquo;enjeu d&rsquo;un tourisme plus durable, tout en renfor\u00e7ant son attractivit\u00e9. <\/span><\/span><\/em><\/p>\n<p><em><span class=\"TextRun Highlight SCXW223140388 BCX2\" lang=\"FR-FR\" xml:lang=\"FR-FR\" data-contrast=\"auto\"><span class=\"NormalTextRun SCXW223140388 BCX2\">L<\/span><\/span><\/em><em><span class=\"TextRun Highlight SCXW223140388 BCX2\" lang=\"FR-FR\" xml:lang=\"FR-FR\" data-contrast=\"auto\"><span class=\"NormalTextRun SCXW223140388 BCX2\">e CRTL Occitanie<\/span> <span class=\"NormalTextRun SCXW223140388 BCX2\">souligne \u00e9galement <a href=\"https:\/\/www.youtube.com\/watch?v=l2vHPogGRfU&amp;t=73s\">ici<\/a> que l&rsquo;engagement environnemental est un vecteur l\u2019attractivit\u00e9 de l\u2019Occitanie !<\/span><\/span><\/em><\/p>\n<\/div><\/section><\/div>\n\n<style type=\"text\/css\" data-created_by=\"avia_inline_auto\" id=\"style-css-av-2qdmfo-d7ce3a0a7d996ae3622c78148df30797\">\n.flex_column.av-2qdmfo-d7ce3a0a7d996ae3622c78148df30797{\nborder-radius:0px 0px 0px 0px;\npadding:0px 0px 0px 0px;\n}\n<\/style>\n<div  class='flex_column av-2qdmfo-d7ce3a0a7d996ae3622c78148df30797 av_one_half  avia-builder-el-3  el_after_av_one_fourth  el_before_av_one_fourth  flex_column_div av-zero-column-padding  '     ><section  class='av_textblock_section av-jsq8sv-3c84cab70a5b983a4f14578626a5acf3 '   itemscope=\"itemscope\" itemtype=\"https:\/\/schema.org\/CreativeWork\" ><div class='avia_textblock'  itemprop=\"text\" ><div class=\"vc_column-inner\">\n<div class=\"wpb_wrapper\">\n<div class=\"wpb_text_column wpb_content_element \">\n<div class=\"wpb_wrapper\">\n<p><span data-contrast=\"auto\">La gestion des espaces verts dans les structures touristiques et de loisirs (campings, villages vacances, parcs d\u2019aventures\u2026) est complexe, oscillant entre les contraintes du gestionnaire et les exigences des clients. <\/span>Les <strong>mod\u00e8les de gestion paysag\u00e8re plus \u00e9cologiques<\/strong>, sans usage de produits phytosanitaires, donnent pourtant l\u2019opportunit\u00e9 d\u2019offrir une exp\u00e9rience de visite plus agr\u00e9able \u00e0 un visiteur<span data-contrast=\"auto\"> de plus en plus soucieux des enjeux environnementaux. <\/span><\/p>\n<p><strong>Conjuguer plusieurs pistes d&rsquo;actions<\/strong> est la cl\u00e9 pour le gestionnaire\u202f!<\/p>\n<p><strong>L\u2019approche et le changement de pratiques doivent donc \u00eatre globaux, <\/strong>accompagn\u00e9s d&rsquo;actions de<strong> sensibilisation et de communication,<\/strong>\u00a0pour une r\u00e9ponse <strong>efficace, p\u00e9renne, plus attractive<\/strong> pour le visiteur et <strong>\u00e9conomiquement viable<\/strong> pour le gestionnaire.<\/p>\n<p style=\"text-align: center\">Les gestionnaires qui ont d\u2019ores-et-d\u00e9j\u00e0 franchi le cap peuvent en t\u00e9moigner\u202f:<\/p>\n<p style=\"text-align: center\"><b><span data-contrast=\"none\">93 gestionnaires occitans se sont engag\u00e9s aupr\u00e8s de FREDON Occitanie en 3 ans !<\/span><\/b><\/p>\n<\/div>\n<\/div>\n<\/div>\n<\/div>\n<\/div><\/section><\/div>\n\n<style type=\"text\/css\" data-created_by=\"avia_inline_auto\" id=\"style-css-av-4hksas-4ff50ac9b28f464e60800441d0de8f86\">\n.flex_column.av-4hksas-4ff50ac9b28f464e60800441d0de8f86{\nborder-radius:0px 0px 0px 0px;\npadding:0px 0px 0px 0px;\n}\n<\/style>\n<div  class='flex_column av-4hksas-4ff50ac9b28f464e60800441d0de8f86 av_one_fourth  avia-builder-el-5  el_after_av_one_half  el_before_av_three_fourth  flex_column_div av-zero-column-padding  '     ><style type=\"text\/css\" data-created_by=\"avia_inline_auto\" id=\"style-css-av-lg6k6us8-eb793c40132a6a25f26e102d82ceefe7\">\n.avia-image-container.av-lg6k6us8-eb793c40132a6a25f26e102d82ceefe7 img.avia_image{\nbox-shadow:none;\n}\n.avia-image-container.av-lg6k6us8-eb793c40132a6a25f26e102d82ceefe7 .av-image-caption-overlay-center{\ncolor:#ffffff;\n}\n<\/style>\n<div  class='avia-image-container av-lg6k6us8-eb793c40132a6a25f26e102d82ceefe7 av-styling- avia-align-center  avia-builder-el-6  avia-builder-el-no-sibling '   itemprop=\"image\" itemscope=\"itemscope\" itemtype=\"https:\/\/schema.org\/ImageObject\" ><div class=\"avia-image-container-inner\"><div class=\"avia-image-overlay-wrap\"><img decoding=\"async\" fetchpriority=\"high\" class='wp-image-11974 avia-img-lazy-loading-not-11974 avia_image ' src=\"https:\/\/www.fredonoccitanie.com\/jevi\/wp-content\/uploads\/sites\/2\/2023\/03\/3rainette@4x-100-e1678984330737.jpg\" alt='' title='3rainette@4x-100'  height=\"350\" width=\"350\"  itemprop=\"thumbnailUrl\"  \/><\/div><\/div><\/div><\/div>\n\n<style type=\"text\/css\" data-created_by=\"avia_inline_auto\" id=\"style-css-av-skmudr-8de474d97269701457e013c03946c0c6\">\n.flex_column.av-skmudr-8de474d97269701457e013c03946c0c6{\nborder-radius:0px 0px 0px 0px;\npadding:0px 0px 0px 0px;\n}\n<\/style>\n<div  class='flex_column av-skmudr-8de474d97269701457e013c03946c0c6 av_three_fourth  avia-builder-el-7  el_after_av_one_fourth  el_before_av_one_fourth  first flex_column_div av-zero-column-padding  column-top-margin'     ><p><div  class='avia-button-wrap av-kr60utdu-d3db933fffa326ba75c02e4cd1c23b22-wrap avia-button-center  avia-builder-el-8  el_before_av_hr  avia-builder-el-first '><a href='https:\/\/www.fredonoccitanie.com\/jevi\/carte-interactive-engage-pour-le-vegetal\/'  class='avia-button av-kr60utdu-d3db933fffa326ba75c02e4cd1c23b22 av-link-btn avia-icon_select-yes-left-icon avia-size-small avia-position-center avia-color-theme-color'  target=\"_blank\"  rel=\"noopener noreferrer\"  aria-label=\"Voir la carte interactive\"><span class='avia_button_icon avia_button_icon_left avia-iconfont avia-font-entypo-fontello' data-av_icon='\ue843' data-av_iconfont='entypo-fontello' ><\/span><span class='avia_iconbox_title' >Voir la carte interactive<\/span><\/a><\/div><br \/>\n\n<style type=\"text\/css\" data-created_by=\"avia_inline_auto\" id=\"style-css-av-r7ikz3-27bc73719b1072bc2e461e9f007a11c2\">\n#top .hr.hr-invisible.av-r7ikz3-27bc73719b1072bc2e461e9f007a11c2{\nheight:50px;\n}\n<\/style>\n<div  class='hr av-r7ikz3-27bc73719b1072bc2e461e9f007a11c2 hr-invisible  avia-builder-el-9  el_after_av_button  el_before_av_gallery '><span class='hr-inner '><span class=\"hr-inner-style\"><\/span><\/span><\/div><br \/>\n\n<style type=\"text\/css\" data-created_by=\"avia_inline_auto\" id=\"style-css-av-kvm73i6w-7b468beff36413c190551849737027b8\">\n#top .avia-gallery.av-kvm73i6w-7b468beff36413c190551849737027b8 .avia-gallery-thumb a{\nwidth:20%;\n}\n<\/style>\n<div  class='avia-gallery av-kvm73i6w-7b468beff36413c190551849737027b8 avia_animate_when_visible  avia-builder-el-10  el_after_av_hr  avia-builder-el-last  avia_lazyload avia-gallery-animate avia-gallery-1'  itemprop=\"image\" itemscope=\"itemscope\" itemtype=\"https:\/\/schema.org\/ImageObject\" ><meta itemprop=\"contentURL\" content=\"https:\/\/www.fredonoccitanie.com\/jevi\/experiences\/camping-sans-pesticides-et-vegetalise\/\"><div class='avia-gallery-thumb'><a href=\"https:\/\/www.fredonoccitanie.com\/jevi\/wp-content\/uploads\/sites\/2\/2022\/12\/camping_truffiere_46-5-1030x579.jpg\" data-srcset=\"https:\/\/www.fredonoccitanie.com\/jevi\/wp-content\/uploads\/sites\/2\/2022\/12\/camping_truffiere_46-5-1030x579.jpg 1030w, https:\/\/www.fredonoccitanie.com\/jevi\/wp-content\/uploads\/sites\/2\/2022\/12\/camping_truffiere_46-5-300x169.jpg 300w, https:\/\/www.fredonoccitanie.com\/jevi\/wp-content\/uploads\/sites\/2\/2022\/12\/camping_truffiere_46-5-768x432.jpg 768w, https:\/\/www.fredonoccitanie.com\/jevi\/wp-content\/uploads\/sites\/2\/2022\/12\/camping_truffiere_46-5-1536x864.jpg 1536w, https:\/\/www.fredonoccitanie.com\/jevi\/wp-content\/uploads\/sites\/2\/2022\/12\/camping_truffiere_46-5-2048x1152.jpg 2048w, https:\/\/www.fredonoccitanie.com\/jevi\/wp-content\/uploads\/sites\/2\/2022\/12\/camping_truffiere_46-5-1500x844.jpg 1500w, https:\/\/www.fredonoccitanie.com\/jevi\/wp-content\/uploads\/sites\/2\/2022\/12\/camping_truffiere_46-5-705x397.jpg 705w\" data-sizes=\"(max-width: 1030px) 100vw, 1030px\" data-rel='gallery-1' data-prev-img='https:\/\/www.fredonoccitanie.com\/jevi\/wp-content\/uploads\/sites\/2\/2022\/12\/camping_truffiere_46-5-495x400.jpg' class='first_thumb lightbox ' data-onclick='1' title='Camping de la Truffi\u00e8re &#8211; St-Cirq-Lapopie (46), emplacement ouvert sur le paysage'  itemprop=\"thumbnailUrl\"  ><img decoding=\"async\" fetchpriority=\"high\" class=\"wp-image-10438 avia-img-lazy-loading-not-10438\"  data-avia-tooltip='Camping de la Truffi\u00e8re &#8211; St-Cirq-Lapopie (46), emplacement ouvert sur le paysage' src=\"https:\/\/www.fredonoccitanie.com\/jevi\/wp-content\/uploads\/sites\/2\/2022\/12\/camping_truffiere_46-5-495x400.jpg\" width=\"495\" height=\"400\"  title='camping_truffiere_46 (5)' alt='' srcset=\"https:\/\/www.fredonoccitanie.com\/jevi\/wp-content\/uploads\/sites\/2\/2022\/12\/camping_truffiere_46-5-495x400.jpg 495w, https:\/\/www.fredonoccitanie.com\/jevi\/wp-content\/uploads\/sites\/2\/2022\/12\/camping_truffiere_46-5-845x684.jpg 845w\" sizes=\"(max-width: 495px) 100vw, 495px\" \/><div class='big-prev-fake'><img decoding=\"async\" loading=\"lazy\" class=\"wp-image-10438 avia-img-lazy-loading-10438\"  width=\"495\" height=\"400\" src=\"https:\/\/www.fredonoccitanie.com\/jevi\/wp-content\/uploads\/sites\/2\/2022\/12\/camping_truffiere_46-5-495x400.jpg\" title='camping_truffiere_46 (5)' alt='' srcset=\"https:\/\/www.fredonoccitanie.com\/jevi\/wp-content\/uploads\/sites\/2\/2022\/12\/camping_truffiere_46-5-495x400.jpg 495w, https:\/\/www.fredonoccitanie.com\/jevi\/wp-content\/uploads\/sites\/2\/2022\/12\/camping_truffiere_46-5-845x684.jpg 845w\" sizes=\"auto, (max-width: 495px) 100vw, 495px\" \/><\/div><\/a><a href=\"https:\/\/www.fredonoccitanie.com\/jevi\/wp-content\/uploads\/sites\/2\/2022\/12\/camping_cigalles_46-2-1030x579.jpg\" data-srcset=\"https:\/\/www.fredonoccitanie.com\/jevi\/wp-content\/uploads\/sites\/2\/2022\/12\/camping_cigalles_46-2-1030x579.jpg 1030w, https:\/\/www.fredonoccitanie.com\/jevi\/wp-content\/uploads\/sites\/2\/2022\/12\/camping_cigalles_46-2-300x169.jpg 300w, https:\/\/www.fredonoccitanie.com\/jevi\/wp-content\/uploads\/sites\/2\/2022\/12\/camping_cigalles_46-2-768x432.jpg 768w, https:\/\/www.fredonoccitanie.com\/jevi\/wp-content\/uploads\/sites\/2\/2022\/12\/camping_cigalles_46-2-1536x864.jpg 1536w, https:\/\/www.fredonoccitanie.com\/jevi\/wp-content\/uploads\/sites\/2\/2022\/12\/camping_cigalles_46-2-2048x1152.jpg 2048w, https:\/\/www.fredonoccitanie.com\/jevi\/wp-content\/uploads\/sites\/2\/2022\/12\/camping_cigalles_46-2-1500x844.jpg 1500w, https:\/\/www.fredonoccitanie.com\/jevi\/wp-content\/uploads\/sites\/2\/2022\/12\/camping_cigalles_46-2-705x397.jpg 705w\" data-sizes=\"(max-width: 1030px) 100vw, 1030px\" data-rel='gallery-1' data-prev-img='https:\/\/www.fredonoccitanie.com\/jevi\/wp-content\/uploads\/sites\/2\/2022\/12\/camping_cigalles_46-2-495x400.jpg' class='lightbox ' data-onclick='2' title='Camping des Cigales &#8211; Rocamadour (46), gestion diff\u00e9renci\u00e9e'  itemprop=\"thumbnailUrl\"  ><img decoding=\"async\" fetchpriority=\"high\" class=\"wp-image-10437 avia-img-lazy-loading-not-10437\"  data-avia-tooltip='Camping des Cigales &#8211; Rocamadour (46), gestion diff\u00e9renci\u00e9e' src=\"https:\/\/www.fredonoccitanie.com\/jevi\/wp-content\/uploads\/sites\/2\/2022\/12\/camping_cigalles_46-2-495x400.jpg\" width=\"495\" height=\"400\"  title='camping_cigalles_46 (2)' alt='' srcset=\"https:\/\/www.fredonoccitanie.com\/jevi\/wp-content\/uploads\/sites\/2\/2022\/12\/camping_cigalles_46-2-495x400.jpg 495w, https:\/\/www.fredonoccitanie.com\/jevi\/wp-content\/uploads\/sites\/2\/2022\/12\/camping_cigalles_46-2-845x684.jpg 845w\" sizes=\"(max-width: 495px) 100vw, 495px\" \/><div class='big-prev-fake'><img decoding=\"async\" loading=\"lazy\" class=\"wp-image-10437 avia-img-lazy-loading-10437\"  width=\"495\" height=\"400\" src=\"https:\/\/www.fredonoccitanie.com\/jevi\/wp-content\/uploads\/sites\/2\/2022\/12\/camping_cigalles_46-2-495x400.jpg\" title='camping_cigalles_46 (2)' alt='' srcset=\"https:\/\/www.fredonoccitanie.com\/jevi\/wp-content\/uploads\/sites\/2\/2022\/12\/camping_cigalles_46-2-495x400.jpg 495w, https:\/\/www.fredonoccitanie.com\/jevi\/wp-content\/uploads\/sites\/2\/2022\/12\/camping_cigalles_46-2-845x684.jpg 845w\" sizes=\"auto, (max-width: 495px) 100vw, 495px\" \/><\/div><\/a><a href=\"https:\/\/www.fredonoccitanie.com\/jevi\/wp-content\/uploads\/sites\/2\/2023\/01\/cap_fun_domaine_mael.png\" data-srcset=\"https:\/\/www.fredonoccitanie.com\/jevi\/wp-content\/uploads\/sites\/2\/2023\/01\/cap_fun_domaine_mael.png 332w, https:\/\/www.fredonoccitanie.com\/jevi\/wp-content\/uploads\/sites\/2\/2023\/01\/cap_fun_domaine_mael-300x233.png 300w\" data-sizes=\"(max-width: 332px) 100vw, 332px\" data-rel='gallery-1' data-prev-img='https:\/\/www.fredonoccitanie.com\/jevi\/wp-content\/uploads\/sites\/2\/2023\/01\/cap_fun_domaine_mael.png' class='lightbox ' data-onclick='3' title='CapFun Domaine de Ma\u00ebl \u2013 Argel\u00e8s-sur-Mer (66), entre enherbement et v\u00e9g\u00e9talisation&#8230;'  itemprop=\"thumbnailUrl\"  ><img decoding=\"async\" fetchpriority=\"high\" class=\"wp-image-11019 avia-img-lazy-loading-not-11019\"  data-avia-tooltip='CapFun Domaine de Ma\u00ebl \u2013 Argel\u00e8s-sur-Mer (66), entre enherbement et v\u00e9g\u00e9talisation&#8230;' src=\"https:\/\/www.fredonoccitanie.com\/jevi\/wp-content\/uploads\/sites\/2\/2023\/01\/cap_fun_domaine_mael.png\" width=\"332\" height=\"258\"  title='cap_fun_domaine_mael' alt='' srcset=\"https:\/\/www.fredonoccitanie.com\/jevi\/wp-content\/uploads\/sites\/2\/2023\/01\/cap_fun_domaine_mael.png 332w, https:\/\/www.fredonoccitanie.com\/jevi\/wp-content\/uploads\/sites\/2\/2023\/01\/cap_fun_domaine_mael-300x233.png 300w\" sizes=\"(max-width: 332px) 100vw, 332px\" \/><div class='big-prev-fake'><img decoding=\"async\" loading=\"lazy\" class=\"wp-image-11019 avia-img-lazy-loading-11019\"  width=\"332\" height=\"258\" src=\"https:\/\/www.fredonoccitanie.com\/jevi\/wp-content\/uploads\/sites\/2\/2023\/01\/cap_fun_domaine_mael.png\" title='cap_fun_domaine_mael' alt='' srcset=\"https:\/\/www.fredonoccitanie.com\/jevi\/wp-content\/uploads\/sites\/2\/2023\/01\/cap_fun_domaine_mael.png 332w, https:\/\/www.fredonoccitanie.com\/jevi\/wp-content\/uploads\/sites\/2\/2023\/01\/cap_fun_domaine_mael-300x233.png 300w\" sizes=\"auto, (max-width: 332px) 100vw, 332px\" \/><\/div><\/a><a href=\"https:\/\/www.fredonoccitanie.com\/jevi\/wp-content\/uploads\/sites\/2\/2022\/12\/3cantons_82-4-1030x579.jpg\" data-srcset=\"https:\/\/www.fredonoccitanie.com\/jevi\/wp-content\/uploads\/sites\/2\/2022\/12\/3cantons_82-4-1030x579.jpg 1030w, https:\/\/www.fredonoccitanie.com\/jevi\/wp-content\/uploads\/sites\/2\/2022\/12\/3cantons_82-4-300x169.jpg 300w, https:\/\/www.fredonoccitanie.com\/jevi\/wp-content\/uploads\/sites\/2\/2022\/12\/3cantons_82-4-768x432.jpg 768w, https:\/\/www.fredonoccitanie.com\/jevi\/wp-content\/uploads\/sites\/2\/2022\/12\/3cantons_82-4-1536x864.jpg 1536w, https:\/\/www.fredonoccitanie.com\/jevi\/wp-content\/uploads\/sites\/2\/2022\/12\/3cantons_82-4-2048x1152.jpg 2048w, https:\/\/www.fredonoccitanie.com\/jevi\/wp-content\/uploads\/sites\/2\/2022\/12\/3cantons_82-4-1500x844.jpg 1500w, https:\/\/www.fredonoccitanie.com\/jevi\/wp-content\/uploads\/sites\/2\/2022\/12\/3cantons_82-4-705x397.jpg 705w\" data-sizes=\"(max-width: 1030px) 100vw, 1030px\" data-rel='gallery-1' data-prev-img='https:\/\/www.fredonoccitanie.com\/jevi\/wp-content\/uploads\/sites\/2\/2022\/12\/3cantons_82-4-495x400.jpg' class='lightbox ' data-onclick='4' title='Camping Les Trois Cantons &#8211; St-Antonin-Noble-Val (82), refuge de biodiversit\u00e9&#8230;'  itemprop=\"thumbnailUrl\"  ><img decoding=\"async\" fetchpriority=\"high\" class=\"wp-image-10446 avia-img-lazy-loading-not-10446\"  data-avia-tooltip='Camping Les Trois Cantons &#8211; St-Antonin-Noble-Val (82), refuge de biodiversit\u00e9&#8230;' src=\"https:\/\/www.fredonoccitanie.com\/jevi\/wp-content\/uploads\/sites\/2\/2022\/12\/3cantons_82-4-495x400.jpg\" width=\"495\" height=\"400\"  title='3cantons_82 (4)' alt='' srcset=\"https:\/\/www.fredonoccitanie.com\/jevi\/wp-content\/uploads\/sites\/2\/2022\/12\/3cantons_82-4-495x400.jpg 495w, https:\/\/www.fredonoccitanie.com\/jevi\/wp-content\/uploads\/sites\/2\/2022\/12\/3cantons_82-4-845x684.jpg 845w\" sizes=\"(max-width: 495px) 100vw, 495px\" \/><div class='big-prev-fake'><img decoding=\"async\" loading=\"lazy\" class=\"wp-image-10446 avia-img-lazy-loading-10446\"  width=\"495\" height=\"400\" src=\"https:\/\/www.fredonoccitanie.com\/jevi\/wp-content\/uploads\/sites\/2\/2022\/12\/3cantons_82-4-495x400.jpg\" title='3cantons_82 (4)' alt='' srcset=\"https:\/\/www.fredonoccitanie.com\/jevi\/wp-content\/uploads\/sites\/2\/2022\/12\/3cantons_82-4-495x400.jpg 495w, https:\/\/www.fredonoccitanie.com\/jevi\/wp-content\/uploads\/sites\/2\/2022\/12\/3cantons_82-4-845x684.jpg 845w\" sizes=\"auto, (max-width: 495px) 100vw, 495px\" \/><\/div><\/a><a href=\"https:\/\/www.fredonoccitanie.com\/jevi\/wp-content\/uploads\/sites\/2\/2022\/12\/camping_la_muse_12-1-1030x579.jpg\" data-srcset=\"https:\/\/www.fredonoccitanie.com\/jevi\/wp-content\/uploads\/sites\/2\/2022\/12\/camping_la_muse_12-1-1030x579.jpg 1030w, https:\/\/www.fredonoccitanie.com\/jevi\/wp-content\/uploads\/sites\/2\/2022\/12\/camping_la_muse_12-1-300x169.jpg 300w, https:\/\/www.fredonoccitanie.com\/jevi\/wp-content\/uploads\/sites\/2\/2022\/12\/camping_la_muse_12-1-768x432.jpg 768w, https:\/\/www.fredonoccitanie.com\/jevi\/wp-content\/uploads\/sites\/2\/2022\/12\/camping_la_muse_12-1-1536x864.jpg 1536w, https:\/\/www.fredonoccitanie.com\/jevi\/wp-content\/uploads\/sites\/2\/2022\/12\/camping_la_muse_12-1-2048x1152.jpg 2048w, https:\/\/www.fredonoccitanie.com\/jevi\/wp-content\/uploads\/sites\/2\/2022\/12\/camping_la_muse_12-1-1500x844.jpg 1500w, https:\/\/www.fredonoccitanie.com\/jevi\/wp-content\/uploads\/sites\/2\/2022\/12\/camping_la_muse_12-1-705x397.jpg 705w\" data-sizes=\"(max-width: 1030px) 100vw, 1030px\" data-rel='gallery-1' data-prev-img='https:\/\/www.fredonoccitanie.com\/jevi\/wp-content\/uploads\/sites\/2\/2022\/12\/camping_la_muse_12-1-495x400.jpg' class='lightbox ' data-onclick='5' title='Camping la Muse &#8211; Mostuejouls (12), plusieurs strates v\u00e9g\u00e9tales&#8230;'  itemprop=\"thumbnailUrl\"  ><img decoding=\"async\" fetchpriority=\"high\" class=\"wp-image-10441 avia-img-lazy-loading-not-10441\"  data-avia-tooltip='Camping la Muse &#8211; Mostuejouls (12), plusieurs strates v\u00e9g\u00e9tales&#8230;' src=\"https:\/\/www.fredonoccitanie.com\/jevi\/wp-content\/uploads\/sites\/2\/2022\/12\/camping_la_muse_12-1-495x400.jpg\" width=\"495\" height=\"400\"  title='camping_la_muse_12 (1)' alt='' srcset=\"https:\/\/www.fredonoccitanie.com\/jevi\/wp-content\/uploads\/sites\/2\/2022\/12\/camping_la_muse_12-1-495x400.jpg 495w, https:\/\/www.fredonoccitanie.com\/jevi\/wp-content\/uploads\/sites\/2\/2022\/12\/camping_la_muse_12-1-845x684.jpg 845w\" sizes=\"(max-width: 495px) 100vw, 495px\" \/><div class='big-prev-fake'><img decoding=\"async\" loading=\"lazy\" class=\"wp-image-10441 avia-img-lazy-loading-10441\"  width=\"495\" height=\"400\" src=\"https:\/\/www.fredonoccitanie.com\/jevi\/wp-content\/uploads\/sites\/2\/2022\/12\/camping_la_muse_12-1-495x400.jpg\" title='camping_la_muse_12 (1)' alt='' srcset=\"https:\/\/www.fredonoccitanie.com\/jevi\/wp-content\/uploads\/sites\/2\/2022\/12\/camping_la_muse_12-1-495x400.jpg 495w, https:\/\/www.fredonoccitanie.com\/jevi\/wp-content\/uploads\/sites\/2\/2022\/12\/camping_la_muse_12-1-845x684.jpg 845w\" sizes=\"auto, (max-width: 495px) 100vw, 495px\" \/><\/div><\/a><a href=\"https:\/\/www.fredonoccitanie.com\/jevi\/wp-content\/uploads\/sites\/2\/2022\/12\/porte-d-autan-2-1030x773.jpg\" data-srcset=\"https:\/\/www.fredonoccitanie.com\/jevi\/wp-content\/uploads\/sites\/2\/2022\/12\/porte-d-autan-2-1030x773.jpg 1030w, https:\/\/www.fredonoccitanie.com\/jevi\/wp-content\/uploads\/sites\/2\/2022\/12\/porte-d-autan-2-300x225.jpg 300w, https:\/\/www.fredonoccitanie.com\/jevi\/wp-content\/uploads\/sites\/2\/2022\/12\/porte-d-autan-2-768x576.jpg 768w, https:\/\/www.fredonoccitanie.com\/jevi\/wp-content\/uploads\/sites\/2\/2022\/12\/porte-d-autan-2-1536x1152.jpg 1536w, https:\/\/www.fredonoccitanie.com\/jevi\/wp-content\/uploads\/sites\/2\/2022\/12\/porte-d-autan-2-2048x1536.jpg 2048w, https:\/\/www.fredonoccitanie.com\/jevi\/wp-content\/uploads\/sites\/2\/2022\/12\/porte-d-autan-2-1500x1125.jpg 1500w, https:\/\/www.fredonoccitanie.com\/jevi\/wp-content\/uploads\/sites\/2\/2022\/12\/porte-d-autan-2-705x529.jpg 705w\" data-sizes=\"(max-width: 1030px) 100vw, 1030px\" data-rel='gallery-1' data-prev-img='https:\/\/www.fredonoccitanie.com\/jevi\/wp-content\/uploads\/sites\/2\/2022\/12\/porte-d-autan-2-495x400.jpg' class='first_thumb lightbox ' data-onclick='6' title='Camping La Porte d&rsquo;Autan &#8211; Saissac (11), emplacements enherb\u00e9s dans un cadre v\u00e9g\u00e9tal'  itemprop=\"thumbnailUrl\"  ><img decoding=\"async\" fetchpriority=\"high\" class=\"wp-image-10445 avia-img-lazy-loading-not-10445\"  data-avia-tooltip='Camping La Porte d&rsquo;Autan &#8211; Saissac (11), emplacements enherb\u00e9s dans un cadre v\u00e9g\u00e9tal' src=\"https:\/\/www.fredonoccitanie.com\/jevi\/wp-content\/uploads\/sites\/2\/2022\/12\/porte-d-autan-2-495x400.jpg\" width=\"495\" height=\"400\"  title='porte-d-autan (2)' alt='' srcset=\"https:\/\/www.fredonoccitanie.com\/jevi\/wp-content\/uploads\/sites\/2\/2022\/12\/porte-d-autan-2-495x400.jpg 495w, https:\/\/www.fredonoccitanie.com\/jevi\/wp-content\/uploads\/sites\/2\/2022\/12\/porte-d-autan-2-845x684.jpg 845w\" sizes=\"(max-width: 495px) 100vw, 495px\" \/><div class='big-prev-fake'><img decoding=\"async\" loading=\"lazy\" class=\"wp-image-10445 avia-img-lazy-loading-10445\"  width=\"495\" height=\"400\" src=\"https:\/\/www.fredonoccitanie.com\/jevi\/wp-content\/uploads\/sites\/2\/2022\/12\/porte-d-autan-2-495x400.jpg\" title='porte-d-autan (2)' alt='' srcset=\"https:\/\/www.fredonoccitanie.com\/jevi\/wp-content\/uploads\/sites\/2\/2022\/12\/porte-d-autan-2-495x400.jpg 495w, https:\/\/www.fredonoccitanie.com\/jevi\/wp-content\/uploads\/sites\/2\/2022\/12\/porte-d-autan-2-845x684.jpg 845w\" sizes=\"auto, (max-width: 495px) 100vw, 495px\" \/><\/div><\/a><a href=\"https:\/\/www.fredonoccitanie.com\/jevi\/wp-content\/uploads\/sites\/2\/2022\/12\/20190226_121823-1030x773.jpg\" data-srcset=\"https:\/\/www.fredonoccitanie.com\/jevi\/wp-content\/uploads\/sites\/2\/2022\/12\/20190226_121823-1030x773.jpg 1030w, https:\/\/www.fredonoccitanie.com\/jevi\/wp-content\/uploads\/sites\/2\/2022\/12\/20190226_121823-300x225.jpg 300w, https:\/\/www.fredonoccitanie.com\/jevi\/wp-content\/uploads\/sites\/2\/2022\/12\/20190226_121823-768x576.jpg 768w, https:\/\/www.fredonoccitanie.com\/jevi\/wp-content\/uploads\/sites\/2\/2022\/12\/20190226_121823-705x529.jpg 705w, https:\/\/www.fredonoccitanie.com\/jevi\/wp-content\/uploads\/sites\/2\/2022\/12\/20190226_121823.jpg 1296w\" data-sizes=\"(max-width: 1030px) 100vw, 1030px\" data-rel='gallery-1' data-prev-img='https:\/\/www.fredonoccitanie.com\/jevi\/wp-content\/uploads\/sites\/2\/2022\/12\/20190226_121823-495x400.jpg' class='lightbox ' data-onclick='7' title='Camping Le Bellevue &#8211; S\u00e9rignan (34), cadre enherb\u00e9&#8230; et bucolique !'  itemprop=\"thumbnailUrl\"  ><img decoding=\"async\" fetchpriority=\"high\" class=\"wp-image-10447 avia-img-lazy-loading-not-10447\"  data-avia-tooltip='Camping Le Bellevue &#8211; S\u00e9rignan (34), cadre enherb\u00e9&#8230; et bucolique !' src=\"https:\/\/www.fredonoccitanie.com\/jevi\/wp-content\/uploads\/sites\/2\/2022\/12\/20190226_121823-495x400.jpg\" width=\"495\" height=\"400\"  title='20190226_121823' alt='' srcset=\"https:\/\/www.fredonoccitanie.com\/jevi\/wp-content\/uploads\/sites\/2\/2022\/12\/20190226_121823-495x400.jpg 495w, https:\/\/www.fredonoccitanie.com\/jevi\/wp-content\/uploads\/sites\/2\/2022\/12\/20190226_121823-845x684.jpg 845w\" sizes=\"(max-width: 495px) 100vw, 495px\" \/><div class='big-prev-fake'><img decoding=\"async\" loading=\"lazy\" class=\"wp-image-10447 avia-img-lazy-loading-10447\"  width=\"495\" height=\"400\" src=\"https:\/\/www.fredonoccitanie.com\/jevi\/wp-content\/uploads\/sites\/2\/2022\/12\/20190226_121823-495x400.jpg\" title='20190226_121823' alt='' srcset=\"https:\/\/www.fredonoccitanie.com\/jevi\/wp-content\/uploads\/sites\/2\/2022\/12\/20190226_121823-495x400.jpg 495w, https:\/\/www.fredonoccitanie.com\/jevi\/wp-content\/uploads\/sites\/2\/2022\/12\/20190226_121823-845x684.jpg 845w\" sizes=\"auto, (max-width: 495px) 100vw, 495px\" \/><\/div><\/a><a href=\"https:\/\/www.fredonoccitanie.com\/jevi\/wp-content\/uploads\/sites\/2\/2022\/12\/camping_berges_cele_46-3-1030x579.jpg\" data-srcset=\"https:\/\/www.fredonoccitanie.com\/jevi\/wp-content\/uploads\/sites\/2\/2022\/12\/camping_berges_cele_46-3-1030x579.jpg 1030w, https:\/\/www.fredonoccitanie.com\/jevi\/wp-content\/uploads\/sites\/2\/2022\/12\/camping_berges_cele_46-3-300x169.jpg 300w, https:\/\/www.fredonoccitanie.com\/jevi\/wp-content\/uploads\/sites\/2\/2022\/12\/camping_berges_cele_46-3-768x432.jpg 768w, https:\/\/www.fredonoccitanie.com\/jevi\/wp-content\/uploads\/sites\/2\/2022\/12\/camping_berges_cele_46-3-1536x864.jpg 1536w, https:\/\/www.fredonoccitanie.com\/jevi\/wp-content\/uploads\/sites\/2\/2022\/12\/camping_berges_cele_46-3-2048x1152.jpg 2048w, https:\/\/www.fredonoccitanie.com\/jevi\/wp-content\/uploads\/sites\/2\/2022\/12\/camping_berges_cele_46-3-1500x844.jpg 1500w, https:\/\/www.fredonoccitanie.com\/jevi\/wp-content\/uploads\/sites\/2\/2022\/12\/camping_berges_cele_46-3-705x397.jpg 705w\" data-sizes=\"(max-width: 1030px) 100vw, 1030px\" data-rel='gallery-1' data-prev-img='https:\/\/www.fredonoccitanie.com\/jevi\/wp-content\/uploads\/sites\/2\/2022\/12\/camping_berges_cele_46-3-495x400.jpg' class='lightbox ' data-onclick='8' title='Camping Les Berges du C\u00e9l\u00e9 &#8211; Bagnac-sur-C\u00e9l\u00e9 (46), un maximum d&rsquo;enherbement&#8230;'  itemprop=\"thumbnailUrl\"  ><img decoding=\"async\" fetchpriority=\"high\" class=\"wp-image-10449 avia-img-lazy-loading-not-10449\"  data-avia-tooltip='Camping Les Berges du C\u00e9l\u00e9 &#8211; Bagnac-sur-C\u00e9l\u00e9 (46), un maximum d&rsquo;enherbement&#8230;' src=\"https:\/\/www.fredonoccitanie.com\/jevi\/wp-content\/uploads\/sites\/2\/2022\/12\/camping_berges_cele_46-3-495x400.jpg\" width=\"495\" height=\"400\"  title='camping_berges_cele_46 (3)' alt='' srcset=\"https:\/\/www.fredonoccitanie.com\/jevi\/wp-content\/uploads\/sites\/2\/2022\/12\/camping_berges_cele_46-3-495x400.jpg 495w, https:\/\/www.fredonoccitanie.com\/jevi\/wp-content\/uploads\/sites\/2\/2022\/12\/camping_berges_cele_46-3-845x684.jpg 845w\" sizes=\"(max-width: 495px) 100vw, 495px\" \/><div class='big-prev-fake'><img decoding=\"async\" loading=\"lazy\" class=\"wp-image-10449 avia-img-lazy-loading-10449\"  width=\"495\" height=\"400\" src=\"https:\/\/www.fredonoccitanie.com\/jevi\/wp-content\/uploads\/sites\/2\/2022\/12\/camping_berges_cele_46-3-495x400.jpg\" title='camping_berges_cele_46 (3)' alt='' srcset=\"https:\/\/www.fredonoccitanie.com\/jevi\/wp-content\/uploads\/sites\/2\/2022\/12\/camping_berges_cele_46-3-495x400.jpg 495w, https:\/\/www.fredonoccitanie.com\/jevi\/wp-content\/uploads\/sites\/2\/2022\/12\/camping_berges_cele_46-3-845x684.jpg 845w\" sizes=\"auto, (max-width: 495px) 100vw, 495px\" \/><\/div><\/a><a href=\"https:\/\/www.fredonoccitanie.com\/jevi\/wp-content\/uploads\/sites\/2\/2022\/12\/camping_base_nautique_12-3-1030x579.jpg\" data-srcset=\"https:\/\/www.fredonoccitanie.com\/jevi\/wp-content\/uploads\/sites\/2\/2022\/12\/camping_base_nautique_12-3-1030x579.jpg 1030w, https:\/\/www.fredonoccitanie.com\/jevi\/wp-content\/uploads\/sites\/2\/2022\/12\/camping_base_nautique_12-3-300x169.jpg 300w, https:\/\/www.fredonoccitanie.com\/jevi\/wp-content\/uploads\/sites\/2\/2022\/12\/camping_base_nautique_12-3-768x432.jpg 768w, https:\/\/www.fredonoccitanie.com\/jevi\/wp-content\/uploads\/sites\/2\/2022\/12\/camping_base_nautique_12-3-1536x864.jpg 1536w, https:\/\/www.fredonoccitanie.com\/jevi\/wp-content\/uploads\/sites\/2\/2022\/12\/camping_base_nautique_12-3-2048x1152.jpg 2048w, https:\/\/www.fredonoccitanie.com\/jevi\/wp-content\/uploads\/sites\/2\/2022\/12\/camping_base_nautique_12-3-1500x844.jpg 1500w, https:\/\/www.fredonoccitanie.com\/jevi\/wp-content\/uploads\/sites\/2\/2022\/12\/camping_base_nautique_12-3-705x397.jpg 705w\" data-sizes=\"(max-width: 1030px) 100vw, 1030px\" data-rel='gallery-1' data-prev-img='https:\/\/www.fredonoccitanie.com\/jevi\/wp-content\/uploads\/sites\/2\/2022\/12\/camping_base_nautique_12-3-495x400.jpg' class='lightbox ' data-onclick='9' title='Camping de la base nautique &#8211; St-Rome-du-Tarn (12), affichage in situ de l&rsquo;engagement du gestionnaire'  itemprop=\"thumbnailUrl\"  ><img decoding=\"async\" fetchpriority=\"high\" class=\"wp-image-10440 avia-img-lazy-loading-not-10440\"  data-avia-tooltip='Camping de la base nautique &#8211; St-Rome-du-Tarn (12), affichage in situ de l&rsquo;engagement du gestionnaire' src=\"https:\/\/www.fredonoccitanie.com\/jevi\/wp-content\/uploads\/sites\/2\/2022\/12\/camping_base_nautique_12-3-495x400.jpg\" width=\"495\" height=\"400\"  title='camping_base_nautique_12 (3)' alt='' srcset=\"https:\/\/www.fredonoccitanie.com\/jevi\/wp-content\/uploads\/sites\/2\/2022\/12\/camping_base_nautique_12-3-495x400.jpg 495w, https:\/\/www.fredonoccitanie.com\/jevi\/wp-content\/uploads\/sites\/2\/2022\/12\/camping_base_nautique_12-3-845x684.jpg 845w\" sizes=\"(max-width: 495px) 100vw, 495px\" \/><div class='big-prev-fake'><img decoding=\"async\" loading=\"lazy\" class=\"wp-image-10440 avia-img-lazy-loading-10440\"  width=\"495\" height=\"400\" src=\"https:\/\/www.fredonoccitanie.com\/jevi\/wp-content\/uploads\/sites\/2\/2022\/12\/camping_base_nautique_12-3-495x400.jpg\" title='camping_base_nautique_12 (3)' alt='' srcset=\"https:\/\/www.fredonoccitanie.com\/jevi\/wp-content\/uploads\/sites\/2\/2022\/12\/camping_base_nautique_12-3-495x400.jpg 495w, https:\/\/www.fredonoccitanie.com\/jevi\/wp-content\/uploads\/sites\/2\/2022\/12\/camping_base_nautique_12-3-845x684.jpg 845w\" sizes=\"auto, (max-width: 495px) 100vw, 495px\" \/><\/div><\/a><\/div><\/div><\/p><\/div>\n\n<style type=\"text\/css\" data-created_by=\"avia_inline_auto\" id=\"style-css-av-147wakv-d82f99a987b5b78c6f5b7f853fe1662f\">\n.flex_column.av-147wakv-d82f99a987b5b78c6f5b7f853fe1662f{\nborder-radius:0px 0px 0px 0px;\npadding:15px 15px 15px 15px;\nbackground-color:#576b35;\n}\n<\/style>\n<div  class='flex_column av-147wakv-d82f99a987b5b78c6f5b7f853fe1662f av_one_fourth  avia-builder-el-11  el_after_av_three_fourth  el_before_av_hr  flex_column_div  column-top-margin'     ><style type=\"text\/css\" data-created_by=\"avia_inline_auto\" id=\"style-css-av-ld012cdf-4069690092f1d560be7fae00214b4224\">\n#top .av_textblock_section.av-ld012cdf-4069690092f1d560be7fae00214b4224 .avia_textblock{\nfont-size:17px;\ncolor:#ffffff;\n}\n<\/style>\n<section  class='av_textblock_section av-ld012cdf-4069690092f1d560be7fae00214b4224 '   itemscope=\"itemscope\" itemtype=\"https:\/\/schema.org\/CreativeWork\" ><div class='avia_textblock av_inherit_color'  itemprop=\"text\" ><p style=\"text-align: center\"><strong>CONJUGUER PLUSIEURS PISTES D\u2019ACTIONS EST LA CLE POUR LE GESTIONNAIRE<\/strong><\/p>\n<\/div><\/section><br \/>\n\n<style type=\"text\/css\" data-created_by=\"avia_inline_auto\" id=\"style-css-av-ld00fc5u-47c2e9a9c045e90abaa746834e1d3920\">\n#top .avia-icon-list-container.av-ld00fc5u-47c2e9a9c045e90abaa746834e1d3920 .iconlist_icon{\ncolor:#ffffff;\nbackground-color:#576b35;\nfont-size:15px;\n}\n#top .avia-icon-list-container.av-ld00fc5u-47c2e9a9c045e90abaa746834e1d3920 .iconlist_icon svg:first-child{\nstroke:#ffffff;\nfill:#ffffff;\nheight:15px;\nwidth:15px;\n}\n#top #wrap_all .avia-icon-list-container.av-ld00fc5u-47c2e9a9c045e90abaa746834e1d3920 .av_iconlist_title{\nfont-size:15px;\ncolor:#ffffff;\n}\n<\/style>\n<div  class='avia-icon-list-container av-ld00fc5u-47c2e9a9c045e90abaa746834e1d3920  avia-builder-el-13  el_after_av_textblock  avia-builder-el-last '><ul class='avia-icon-list avia_animate_when_almost_visible avia-icon-list-left av-iconlist-small av-ld00fc5u-47c2e9a9c045e90abaa746834e1d3920'>\n<li><div class='iconlist_icon av-ld00eizy-14d32a5491487e7734870a2dc5447ab5 avia-font-entypo-fontello avia-iconfont avia-font-entypo-fontello'><span class='av-icon-char' data-av_icon='\ue8b8' data-av_iconfont='entypo-fontello' aria-hidden=\"true\"><\/span><\/div><article class=\"article-icon-entry av-iconlist-empty\"  itemscope=\"itemscope\" itemtype=\"https:\/\/schema.org\/CreativeWork\" ><div class=\"iconlist_content_wrap\"><header class=\"entry-content-header\" aria-label=\"Ic\u00f4ne : Cr\u00e9er des espaces accueillants, renatur\u00e9s, bucoliques...\"><div class='av_iconlist_title iconlist_title_small  av_inherit_color'  itemprop=\"headline\" >Cr\u00e9er des espaces accueillants, renatur\u00e9s, bucoliques...<\/div><\/header><div class='iconlist_content '  itemprop=\"text\" ><\/div><\/div><footer class=\"entry-footer\"><\/footer><\/article><div class=\"iconlist-timeline\"><\/div><\/li>\n<li><div class='iconlist_icon av-ld00e49m-f9e0c05a60d71e697e57dde8feb38074 avia-font-entypo-fontello avia-iconfont avia-font-entypo-fontello'><span class='av-icon-char' data-av_icon='\ue837' data-av_iconfont='entypo-fontello' aria-hidden=\"true\"><\/span><\/div><article class=\"article-icon-entry av-iconlist-empty\"  itemscope=\"itemscope\" itemtype=\"https:\/\/schema.org\/CreativeWork\" ><div class=\"iconlist_content_wrap\"><header class=\"entry-content-header\" aria-label=\"Ic\u00f4ne : Favoriser la biodiversit\u00e9\"><div class='av_iconlist_title iconlist_title_small  av_inherit_color'  itemprop=\"headline\" >Favoriser la biodiversit\u00e9<\/div><\/header><div class='iconlist_content '  itemprop=\"text\" ><\/div><\/div><footer class=\"entry-footer\"><\/footer><\/article><div class=\"iconlist-timeline\"><\/div><\/li>\n<li><div class='iconlist_icon av-ld00etmo-09b02793a1b1c71a8509afb339c89068 avia-font-entypo-fontello avia-iconfont avia-font-entypo-fontello'><span class='av-icon-char' data-av_icon='\ue865' data-av_iconfont='entypo-fontello' aria-hidden=\"true\"><\/span><\/div><article class=\"article-icon-entry av-iconlist-empty\"  itemscope=\"itemscope\" itemtype=\"https:\/\/schema.org\/CreativeWork\" ><div class=\"iconlist_content_wrap\"><header class=\"entry-content-header\" aria-label=\"Ic\u00f4ne : D\u00e9velopper l\u2019ombrage et les \u00eelots de fra\u00eecheur \"><div class='av_iconlist_title iconlist_title_small  av_inherit_color'  itemprop=\"headline\" >D\u00e9velopper l\u2019ombrage et les \u00eelots de fra\u00eecheur <\/div><\/header><div class='iconlist_content '  itemprop=\"text\" ><\/div><\/div><footer class=\"entry-footer\"><\/footer><\/article><div class=\"iconlist-timeline\"><\/div><\/li>\n<li><div class='iconlist_icon av-ld00fv6d-5bb8337f19194c7014c248c1f41104e8 avia-font-entypo-fontello avia-iconfont avia-font-entypo-fontello'><span class='av-icon-char' data-av_icon='\ue91f' data-av_iconfont='entypo-fontello' aria-hidden=\"true\"><\/span><\/div><article class=\"article-icon-entry av-iconlist-empty\"  itemscope=\"itemscope\" itemtype=\"https:\/\/schema.org\/CreativeWork\" ><div class=\"iconlist_content_wrap\"><header class=\"entry-content-header\" aria-label=\"Ic\u00f4ne : Am\u00e9nager un cadre paysager de qualit\u00e9 \"><div class='av_iconlist_title iconlist_title_small  av_inherit_color'  itemprop=\"headline\" >Am\u00e9nager un cadre paysager de qualit\u00e9 <\/div><\/header><div class='iconlist_content '  itemprop=\"text\" ><\/div><\/div><footer class=\"entry-footer\"><\/footer><\/article><div class=\"iconlist-timeline\"><\/div><\/li>\n<li><div class='iconlist_icon av-ld00gi9p-f7ec882117cb7e8b57a81a9b06a65620 avia-font-entypo-fontello avia-iconfont avia-font-entypo-fontello'><span class='av-icon-char' data-av_icon='\ue839' data-av_iconfont='entypo-fontello' aria-hidden=\"true\"><\/span><\/div><article class=\"article-icon-entry av-iconlist-empty\"  itemscope=\"itemscope\" itemtype=\"https:\/\/schema.org\/CreativeWork\" ><div class=\"iconlist_content_wrap\"><header class=\"entry-content-header\" aria-label=\"Ic\u00f4ne : R\u00e9duire les surfaces imperm\u00e9abilis\u00e9es \"><div class='av_iconlist_title iconlist_title_small  av_inherit_color'  itemprop=\"headline\" >R\u00e9duire les surfaces imperm\u00e9abilis\u00e9es <\/div><\/header><div class='iconlist_content '  itemprop=\"text\" ><\/div><\/div><footer class=\"entry-footer\"><\/footer><\/article><div class=\"iconlist-timeline\"><\/div><\/li>\n<li><div class='iconlist_icon av-ld00guhb-0e1ed7ef72767b22354e3e17fde6e5d6 avia-font-entypo-fontello avia-iconfont avia-font-entypo-fontello'><span class='av-icon-char' data-av_icon='\ue8cd' data-av_iconfont='entypo-fontello' aria-hidden=\"true\"><\/span><\/div><article class=\"article-icon-entry av-iconlist-empty\"  itemscope=\"itemscope\" itemtype=\"https:\/\/schema.org\/CreativeWork\" ><div class=\"iconlist_content_wrap\"><header class=\"entry-content-header\" aria-label=\"Ic\u00f4ne : Economiser la ressource en eau \"><div class='av_iconlist_title iconlist_title_small  av_inherit_color'  itemprop=\"headline\" >Economiser la ressource en eau <\/div><\/header><div class='iconlist_content '  itemprop=\"text\" ><\/div><\/div><footer class=\"entry-footer\"><\/footer><\/article><div class=\"iconlist-timeline\"><\/div><\/li>\n<li><div class='iconlist_icon av-ld00hes3-e09b8b15740f64e2df48805c6c551f6d avia-font-entypo-fontello avia-iconfont avia-font-entypo-fontello'><span class='av-icon-char' data-av_icon='\ue847' data-av_iconfont='entypo-fontello' aria-hidden=\"true\"><\/span><\/div><article class=\"article-icon-entry av-iconlist-empty\"  itemscope=\"itemscope\" itemtype=\"https:\/\/schema.org\/CreativeWork\" ><div class=\"iconlist_content_wrap\"><header class=\"entry-content-header\" aria-label=\"Ic\u00f4ne : R\u00e9duire et valoriser les d\u00e9chets verts\u2026\"><div class='av_iconlist_title iconlist_title_small  av_inherit_color'  itemprop=\"headline\" >R\u00e9duire et valoriser les d\u00e9chets verts\u2026<\/div><\/header><div class='iconlist_content '  itemprop=\"text\" ><\/div><\/div><footer class=\"entry-footer\"><\/footer><\/article><div class=\"iconlist-timeline\"><\/div><\/li>\n<\/ul><\/div><\/p><\/div>\n\n<style type=\"text\/css\" data-created_by=\"avia_inline_auto\" id=\"style-css-av-ztepcf-fc83086ba7a07133d80e62c639f555c9\">\n#top .hr.hr-invisible.av-ztepcf-fc83086ba7a07133d80e62c639f555c9{\nheight:50px;\n}\n<\/style>\n<div  class='hr av-ztepcf-fc83086ba7a07133d80e62c639f555c9 hr-invisible  avia-builder-el-14  el_after_av_one_fourth  el_before_av_hr '><span class='hr-inner '><span class=\"hr-inner-style\"><\/span><\/span><\/div>\n\n<style type=\"text\/css\" data-created_by=\"avia_inline_auto\" id=\"style-css-av-vhjf67-05f43b170a839921cad503068cd0cd2b\">\n#top .hr.hr-invisible.av-vhjf67-05f43b170a839921cad503068cd0cd2b{\nheight:50px;\n}\n<\/style>\n<div  class='hr av-vhjf67-05f43b170a839921cad503068cd0cd2b hr-invisible  avia-builder-el-15  el_after_av_hr  el_before_av_buttonrow '><span class='hr-inner '><span class=\"hr-inner-style\"><\/span><\/span><\/div>\n<div  class='avia-buttonrow-wrap av-ld04ll4r-620ba11e028aeca12efd42690425b2cf avia-buttonrow-center  avia-builder-el-16  el_after_av_hr  el_before_av_hr '>\n\n<style type=\"text\/css\" data-created_by=\"avia_inline_auto\" id=\"style-css-av-ld04ldng-de29b237acd05ae437f74a914e4ba298\">\n#top #wrap_all .avia-button.av-ld04ldng-de29b237acd05ae437f74a914e4ba298{\nbackground-color:#576b35;\nborder-color:#576b35;\ncolor:#ffffff;\ntransition:all 0.4s ease-in-out;\nmargin-bottom:5px;\nmargin-right:3px;\nmargin-left:3px;\n}\n#top #wrap_all .avia-button.av-ld04ldng-de29b237acd05ae437f74a914e4ba298 .avia-svg-icon svg:first-child{\nfill:#ffffff;\nstroke:#ffffff;\n}\n<\/style>\n<a href='#lien1'  class='avia-button av-ld04ldng-de29b237acd05ae437f74a914e4ba298 avia-icon_select-yes-left-icon avia-size-small'   aria-label=\"MISE EN PLACE ET MODE DE GESTION\"><span class='avia_button_icon avia_button_icon_left avia-iconfont avia-font-entypo-fontello' data-av_icon='\ue871' data-av_iconfont='entypo-fontello' ><\/span><span class='avia_iconbox_title' >MISE EN PLACE ET MODE DE GESTION<\/span><\/a>\n\n<style type=\"text\/css\" data-created_by=\"avia_inline_auto\" id=\"style-css-av-ld04kas2-e4739c844719a1759457da77aec77fe0\">\n#top #wrap_all .avia-button.av-ld04kas2-e4739c844719a1759457da77aec77fe0{\nbackground-color:#eeba00;\nborder-color:#eeba00;\ncolor:#ffffff;\ntransition:all 0.4s ease-in-out;\nmargin-bottom:5px;\nmargin-right:3px;\nmargin-left:3px;\n}\n#top #wrap_all .avia-button.av-ld04kas2-e4739c844719a1759457da77aec77fe0 .avia-svg-icon svg:first-child{\nfill:#ffffff;\nstroke:#ffffff;\n}\n<\/style>\n<a href='#lien2'  class='avia-button av-ld04kas2-e4739c844719a1759457da77aec77fe0 avia-icon_select-yes-left-icon avia-size-small'   aria-label=\"OUTILS ALTERNATIFS\"><span class='avia_button_icon avia_button_icon_left avia-iconfont avia-font-entypo-fontello' data-av_icon='\ue856' data-av_iconfont='entypo-fontello' ><\/span><span class='avia_iconbox_title' >OUTILS ALTERNATIFS<\/span><\/a>\n\n<style type=\"text\/css\" data-created_by=\"avia_inline_auto\" id=\"style-css-av-ld04jp8t-4f92f8de677500ba95cf6b19676e09c6\">\n#top #wrap_all .avia-button.av-ld04jp8t-4f92f8de677500ba95cf6b19676e09c6{\nmargin-bottom:5px;\nmargin-right:3px;\nmargin-left:3px;\n}\n<\/style>\n<a href='#lien3'  class='avia-button av-ld04jp8t-4f92f8de677500ba95cf6b19676e09c6 avia-icon_select-yes-left-icon avia-size-small avia-color-theme-color'   aria-label=\"COMMUNICATION\"><span class='avia_button_icon avia_button_icon_left avia-iconfont avia-font-entypo-fontello' data-av_icon='\ue8d2' data-av_iconfont='entypo-fontello' ><\/span><span class='avia_iconbox_title' >COMMUNICATION<\/span><\/a>\n\n<style type=\"text\/css\" data-created_by=\"avia_inline_auto\" id=\"style-css-av-ld04irj2-3855933486c95614b1306698d47f50e9\">\n#top #wrap_all .avia-button.av-ld04irj2-3855933486c95614b1306698d47f50e9{\nbackground-color:#e17a0c;\nborder-color:#e17a0c;\ncolor:#ffffff;\ntransition:all 0.4s ease-in-out;\nmargin-bottom:5px;\nmargin-right:3px;\nmargin-left:3px;\n}\n#top #wrap_all .avia-button.av-ld04irj2-3855933486c95614b1306698d47f50e9 .avia-svg-icon svg:first-child{\nfill:#ffffff;\nstroke:#ffffff;\n}\n<\/style>\n<a href='#lien4'  class='avia-button av-ld04irj2-3855933486c95614b1306698d47f50e9 avia-icon_select-yes-left-icon avia-size-small'   aria-label=\"APPROCHE GLOBALE\"><span class='avia_button_icon avia_button_icon_left avia-iconfont avia-font-entypo-fontello' data-av_icon='\ue839' data-av_iconfont='entypo-fontello' ><\/span><span class='avia_iconbox_title' >APPROCHE GLOBALE<\/span><\/a>\n\n<style type=\"text\/css\" data-created_by=\"avia_inline_auto\" id=\"style-css-av-ld04idlw-f884785ff8bc7298865cf9b8bdecc6f7\">\n#top #wrap_all .avia-button.av-ld04idlw-f884785ff8bc7298865cf9b8bdecc6f7{\nbackground-color:#ca1823;\nborder-color:#ca1823;\ncolor:#ffffff;\ntransition:all 0.4s ease-in-out;\nmargin-bottom:5px;\nmargin-right:3px;\nmargin-left:3px;\n}\n#top #wrap_all .avia-button.av-ld04idlw-f884785ff8bc7298865cf9b8bdecc6f7 .avia-svg-icon svg:first-child{\nfill:#ffffff;\nstroke:#ffffff;\n}\n<\/style>\n<a href='#lien5'  class='avia-button av-ld04idlw-f884785ff8bc7298865cf9b8bdecc6f7 avia-icon_select-yes-left-icon avia-size-small'   aria-label=\"RESSOURCES\"><span class='avia_button_icon avia_button_icon_left avia-iconfont avia-font-entypo-fontello' data-av_icon='\ue851' data-av_iconfont='entypo-fontello' ><\/span><span class='avia_iconbox_title' >RESSOURCES<\/span><\/a>\n\n<style type=\"text\/css\" data-created_by=\"avia_inline_auto\" id=\"style-css-av-ld04hz4z-125cf2936cb39aa4f168b13b6c51a313\">\n#top #wrap_all .avia-button.av-ld04hz4z-125cf2936cb39aa4f168b13b6c51a313{\nbackground-color:#0c4e67;\nborder-color:#0c4e67;\ncolor:#ffffff;\ntransition:all 0.4s ease-in-out;\nmargin-bottom:5px;\nmargin-right:3px;\nmargin-left:3px;\n}\n#top #wrap_all .avia-button.av-ld04hz4z-125cf2936cb39aa4f168b13b6c51a313 .avia-svg-icon svg:first-child{\nfill:#ffffff;\nstroke:#ffffff;\n}\n<\/style>\n<a href='#lien6'  class='avia-button av-ld04hz4z-125cf2936cb39aa4f168b13b6c51a313 avia-icon_select-yes-left-icon avia-size-small'   aria-label=\"REGLEMENTATION\"><span class='avia_button_icon avia_button_icon_left avia-iconfont avia-font-entypo-fontello' data-av_icon='\ue84f' data-av_iconfont='entypo-fontello' ><\/span><span class='avia_iconbox_title' >REGLEMENTATION<\/span><\/a>\n\n<style type=\"text\/css\" data-created_by=\"avia_inline_auto\" id=\"style-css-av-ld04grbm-b3f69524d5787d3a743e94f256e4c746\">\n#top #wrap_all .avia-button.av-ld04grbm-b3f69524d5787d3a743e94f256e4c746{\nbackground-color:#007c8e;\nborder-color:#007c8e;\ncolor:#ffffff;\ntransition:all 0.4s ease-in-out;\nmargin-bottom:5px;\nmargin-right:3px;\nmargin-left:3px;\n}\n#top #wrap_all .avia-button.av-ld04grbm-b3f69524d5787d3a743e94f256e4c746 .avia-svg-icon svg:first-child{\nfill:#ffffff;\nstroke:#ffffff;\n}\n<\/style>\n<a href='#lien7'  class='avia-button av-ld04grbm-b3f69524d5787d3a743e94f256e4c746 avia-icon_select-yes-left-icon avia-size-small'   aria-label=\"FINANCEMENTS\"><span class='avia_button_icon avia_button_icon_left avia-iconfont avia-font-entypo-fontello' data-av_icon='\ue841' data-av_iconfont='entypo-fontello' ><\/span><span class='avia_iconbox_title' >FINANCEMENTS<\/span><\/a>\n<\/div>\n\n<style type=\"text\/css\" data-created_by=\"avia_inline_auto\" id=\"style-css-av-tvdddb-f5b0161694497fb3c6faea92c171c64d\">\n#top .hr.hr-invisible.av-tvdddb-f5b0161694497fb3c6faea92c171c64d{\nheight:50px;\n}\n<\/style>\n<div  class='hr av-tvdddb-f5b0161694497fb3c6faea92c171c64d hr-invisible  avia-builder-el-17  el_after_av_buttonrow  el_before_av_section  avia-builder-el-last '><span class='hr-inner '><span class=\"hr-inner-style\"><\/span><\/span><\/div>\n<\/div><\/div><\/div><!-- close content main div --><\/div><\/div>\n<style type=\"text\/css\" data-created_by=\"avia_inline_auto\" id=\"style-css-av-2771bo-acba97b3334e58eaeac0f0cddd9573f5\">\n.avia-section.av-2771bo-acba97b3334e58eaeac0f0cddd9573f5{\nbackground-color:#f8ead4;\nbackground-image:unset;\n}\n<\/style>\n<div id='av_section_1'  class='avia-section av-2771bo-acba97b3334e58eaeac0f0cddd9573f5 main_color avia-section-default avia-no-border-styling  avia-builder-el-18  el_after_av_hr  el_before_av_textblock  avia-bg-style-scroll container_wrap fullsize'  ><div class='container av-section-cont-open' ><div class='template-page content  av-content-full alpha units'><div class='post-entry post-entry-type-page post-entry-11055'><div class='entry-content-wrapper clearfix'>\n<section  class='av_textblock_section av-1bd1er3-827332fcdefe5afe7cd8dd791040856c '   itemscope=\"itemscope\" itemtype=\"https:\/\/schema.org\/CreativeWork\" ><div class='avia_textblock'  itemprop=\"text\" ><h2 id=\"lien1\" style=\"text-align: left\">Mise en place et mode de gestion<\/h2>\n<\/div><\/section>\n\n<style type=\"text\/css\" data-created_by=\"avia_inline_auto\" id=\"style-css-av-1t3p3db-00ae78c0005088c034b4630479603f2f\">\n#top .hr.hr-invisible.av-1t3p3db-00ae78c0005088c034b4630479603f2f{\nheight:50px;\n}\n<\/style>\n<div  class='hr av-1t3p3db-00ae78c0005088c034b4630479603f2f hr-invisible  avia-builder-el-20  el_after_av_textblock  el_before_av_one_third '><span class='hr-inner '><span class=\"hr-inner-style\"><\/span><\/span><\/div>\n\n<style type=\"text\/css\" data-created_by=\"avia_inline_auto\" id=\"style-css-av-o2gd73-aeebf99f5e75d32a67b20561f181a557\">\n.flex_column.av-o2gd73-aeebf99f5e75d32a67b20561f181a557{\nborder-radius:0px 0px 0px 0px;\npadding:15px 15px 15px 15px;\nbackground-color:#576b35;\n}\n<\/style>\n<div  class='flex_column av-o2gd73-aeebf99f5e75d32a67b20561f181a557 av_one_third  avia-builder-el-21  el_after_av_hr  el_before_av_two_third  first flex_column_div  '     ><style type=\"text\/css\" data-created_by=\"avia_inline_auto\" id=\"style-css-av-ld0f0acv-51b2cbb6f28feb285771de1c18b02e84\">\n#top .av_textblock_section.av-ld0f0acv-51b2cbb6f28feb285771de1c18b02e84 .avia_textblock{\nfont-size:17px;\ncolor:#ffffff;\n}\n<\/style>\n<section  class='av_textblock_section av-ld0f0acv-51b2cbb6f28feb285771de1c18b02e84 '   itemscope=\"itemscope\" itemtype=\"https:\/\/schema.org\/CreativeWork\" ><div class='avia_textblock av_inherit_color'  itemprop=\"text\" ><p style=\"text-align: center\"><strong>COMMENT MOBILISER DAVANTAGE LE VEGETAL ET FAIRE DE LA NATURE UN ALLIE ?<\/strong><\/p>\n<\/div><\/section><br \/>\n\n<style type=\"text\/css\" data-created_by=\"avia_inline_auto\" id=\"style-css-av-ld0f512h-c7f3ecf2fda5d2ae9764f417e5457fe2\">\n#top .avia-icon-list-container.av-ld0f512h-c7f3ecf2fda5d2ae9764f417e5457fe2 .iconlist_icon{\ncolor:#ffffff;\nbackground-color:#576b35;\nfont-size:15px;\n}\n#top .avia-icon-list-container.av-ld0f512h-c7f3ecf2fda5d2ae9764f417e5457fe2 .iconlist_icon svg:first-child{\nstroke:#ffffff;\nfill:#ffffff;\nheight:15px;\nwidth:15px;\n}\n#top #wrap_all .avia-icon-list-container.av-ld0f512h-c7f3ecf2fda5d2ae9764f417e5457fe2 .av_iconlist_title{\nfont-size:15px;\ncolor:#ffffff;\n}\n<\/style>\n<div  class='avia-icon-list-container av-ld0f512h-c7f3ecf2fda5d2ae9764f417e5457fe2  avia-builder-el-23  el_after_av_textblock  avia-builder-el-last '><ul class='avia-icon-list avia_animate_when_almost_visible avia-icon-list-left av-iconlist-small av-ld0f512h-c7f3ecf2fda5d2ae9764f417e5457fe2'>\n<li><div class='iconlist_icon av-ld0f0n04-eac01b8e6b49c476fffaf8870493b67f avia-font-entypo-fontello avia-iconfont avia-font-entypo-fontello'><span class='av-icon-char' data-av_icon='\ue80e' data-av_iconfont='entypo-fontello' aria-hidden=\"true\"><\/span><\/div><article class=\"article-icon-entry av-iconlist-empty\"  itemscope=\"itemscope\" itemtype=\"https:\/\/schema.org\/CreativeWork\" ><div class=\"iconlist_content_wrap\"><header class=\"entry-content-header\" aria-label=\"Ic\u00f4ne : Par des formes paysag\u00e8res nouvelles compos\u00e9es de zones plant\u00e9es de prairies fleuries ou de vivaces\"><div class='av_iconlist_title iconlist_title_small  av_inherit_color'  itemprop=\"headline\" >Par des formes paysag\u00e8res nouvelles compos\u00e9es de zones plant\u00e9es de prairies fleuries ou de vivaces<\/div><\/header><div class='iconlist_content '  itemprop=\"text\" ><\/div><\/div><footer class=\"entry-footer\"><\/footer><\/article><div class=\"iconlist-timeline\"><\/div><\/li>\n<li><div class='iconlist_icon av-ld0f4yru-6b289a869976c9d443e88c61a54164cf avia-font-entypo-fontello avia-iconfont avia-font-entypo-fontello'><span class='av-icon-char' data-av_icon='\ue8c7' data-av_iconfont='entypo-fontello' aria-hidden=\"true\"><\/span><\/div><article class=\"article-icon-entry av-iconlist-empty\"  itemscope=\"itemscope\" itemtype=\"https:\/\/schema.org\/CreativeWork\" ><div class=\"iconlist_content_wrap\"><header class=\"entry-content-header\" aria-label=\"Ic\u00f4ne : Mais aussi\u202fen enherbant davantage\"><div class='av_iconlist_title iconlist_title_small  av_inherit_color'  itemprop=\"headline\" >Mais aussi\u202fen enherbant davantage<\/div><\/header><div class='iconlist_content '  itemprop=\"text\" ><\/div><\/div><footer class=\"entry-footer\"><\/footer><\/article><div class=\"iconlist-timeline\"><\/div><\/li>\n<li><div class='iconlist_icon av-ld0f13i4-c0bfc48b8427affec0bbb6f0569b11bc avia-font-entypo-fontello avia-iconfont avia-font-entypo-fontello'><span class='av-icon-char' data-av_icon='\ue8b8' data-av_iconfont='entypo-fontello' aria-hidden=\"true\"><\/span><\/div><article class=\"article-icon-entry av-iconlist-empty\"  itemscope=\"itemscope\" itemtype=\"https:\/\/schema.org\/CreativeWork\" ><div class=\"iconlist_content_wrap\"><header class=\"entry-content-header\" aria-label=\"Ic\u00f4ne : En d\u00e9ployant des couvre-sols\"><div class='av_iconlist_title iconlist_title_small  av_inherit_color'  itemprop=\"headline\" >En d\u00e9ployant des couvre-sols<\/div><\/header><div class='iconlist_content '  itemprop=\"text\" ><\/div><\/div><footer class=\"entry-footer\"><\/footer><\/article><div class=\"iconlist-timeline\"><\/div><\/li>\n<li><div class='iconlist_icon av-ld0f1gcp-4c310aa0a2a916481652fab4c03790f6 avia-font-entypo-fontello avia-iconfont avia-font-entypo-fontello'><span class='av-icon-char' data-av_icon='\ue837' data-av_iconfont='entypo-fontello' aria-hidden=\"true\"><\/span><\/div><article class=\"article-icon-entry av-iconlist-empty\"  itemscope=\"itemscope\" itemtype=\"https:\/\/schema.org\/CreativeWork\" ><div class=\"iconlist_content_wrap\"><header class=\"entry-content-header\" aria-label=\"Ic\u00f4ne : En structurant des refuges de biodiversit\u00e9\"><div class='av_iconlist_title iconlist_title_small  av_inherit_color'  itemprop=\"headline\" >En structurant des refuges de biodiversit\u00e9<\/div><\/header><div class='iconlist_content '  itemprop=\"text\" ><\/div><\/div><footer class=\"entry-footer\"><\/footer><\/article><div class=\"iconlist-timeline\"><\/div><\/li>\n<li><div class='iconlist_icon av-ld0f2fy8-e3374d8a0a3ebdc44bfa2e28d83b5817 avia-font-entypo-fontello avia-iconfont avia-font-entypo-fontello'><span class='av-icon-char' data-av_icon='\ue91f' data-av_iconfont='entypo-fontello' aria-hidden=\"true\"><\/span><\/div><article class=\"article-icon-entry av-iconlist-empty\"  itemscope=\"itemscope\" itemtype=\"https:\/\/schema.org\/CreativeWork\" ><div class=\"iconlist_content_wrap\"><header class=\"entry-content-header\" aria-label=\"Ic\u00f4ne : En plantant de nouvelles essences d\u2019arbres caduques\u202fpour profiter de l\u2019ombre sous leurs feuilles\u2026\"><div class='av_iconlist_title iconlist_title_small  av_inherit_color'  itemprop=\"headline\" >En plantant de nouvelles essences d\u2019arbres caduques\u202fpour profiter de l\u2019ombre sous leurs feuilles\u2026<\/div><\/header><div class='iconlist_content '  itemprop=\"text\" ><\/div><\/div><footer class=\"entry-footer\"><\/footer><\/article><div class=\"iconlist-timeline\"><\/div><\/li>\n<\/ul><\/div><\/p><\/div>\n<style type=\"text\/css\" data-created_by=\"avia_inline_auto\" id=\"style-css-av-2dj7q0k-d971baea6cbba599dc25cd832ac68951\">\n.flex_column.av-2dj7q0k-d971baea6cbba599dc25cd832ac68951{\nborder-radius:0px 0px 0px 0px;\npadding:0px 0px 0px 0px;\n}\n<\/style>\n<div  class='flex_column av-2dj7q0k-d971baea6cbba599dc25cd832ac68951 av_two_third  avia-builder-el-24  el_after_av_one_third  el_before_av_hr  flex_column_div av-zero-column-padding  '     ><section  class='av_textblock_section av-kr634d0a-ac03359c56cc79c02bc81ac6f51495da '   itemscope=\"itemscope\" itemtype=\"https:\/\/schema.org\/CreativeWork\" ><div class='avia_textblock'  itemprop=\"text\" ><p><span data-contrast=\"none\">Prendre du recul sur ses pratiques, sur les caract\u00e9ristiques du site \u00e0 g\u00e9rer et les usages est <strong>un pr\u00e9requis de diagnostic n\u00e9cessaire avant tout changement de pratique<\/strong>. <\/span><\/p>\n<p><span data-contrast=\"none\">Nombres de gestionnaires de campings d\u2019Occitanie et infrastructures touristiques ont ainsi su <strong>faire de la nature leur alli\u00e9 en<\/strong> <strong>mobilisant davantage le v\u00e9g\u00e9tal<\/strong> en r\u00e9ponse \u00e0 leurs besoins ! <\/span><\/p>\n<p><span data-contrast=\"none\"><strong>Ces choix de gestion s\u2019av\u00e8rent tr\u00e8s efficaces<\/strong> pour r\u00e9duire le temps d\u2019entretien : tondre est bien moins chronophage que de d\u00e9sherber des all\u00e9es de graviers ! <\/span><\/p>\n<p><span data-contrast=\"none\">La v\u00e9g\u00e9talisation offre une palette de solutions bien loin de la min\u00e9ralisation qui engendre des \u00eelots de chaleur ou encore des probl\u00e9matiques de gestion de l\u2019eau.<\/span><span data-ccp-props=\"{\">\u00a0<\/span><\/p>\n<p><span data-contrast=\"none\">Si une <strong>approche globale est une cl\u00e9 d\u2019efficacit\u00e9<\/strong>, chaque type d\u2019espace requiert des solutions techniques adapt\u00e9es aux probl\u00e9matiques rencontr\u00e9es.\u00a0<\/span><\/p>\n<p style=\"text-align: center\"><strong>Vers un changement d\u2019approche technique&#8230; <\/strong><\/p>\n<p style=\"text-align: center\"><strong>&#8230;vers un changement de regard du client mais aussi du gestionnaire\u202f!\u00a0<\/strong><\/p>\n<\/div><\/section><\/div><div  class='hr av-vwf9an-2fb857549b310072c18414e9d8e3a826 hr-default  avia-builder-el-26  el_after_av_two_third  el_before_av_one_third '><span class='hr-inner '><span class=\"hr-inner-style\"><\/span><\/span><\/div>\n\n<style type=\"text\/css\" data-created_by=\"avia_inline_auto\" id=\"style-css-av-1mhsa1b-569e1c094c097e5b6892c747dafd97c4\">\n.flex_column.av-1mhsa1b-569e1c094c097e5b6892c747dafd97c4{\nborder-radius:0px 0px 0px 0px;\npadding:0px 0px 0px 0px;\n}\n<\/style>\n<div  class='flex_column av-1mhsa1b-569e1c094c097e5b6892c747dafd97c4 av_one_third  avia-builder-el-27  el_after_av_hr  el_before_av_two_third  first flex_column_div av-zero-column-padding  '     ><style type=\"text\/css\" data-created_by=\"avia_inline_auto\" id=\"style-css-av-zqb8zz-837586e9e0745ac35c174b94f1643dd6\">\n#top .av_textblock_section.av-zqb8zz-837586e9e0745ac35c174b94f1643dd6 .avia_textblock{\ncolor:#ffffff;\n}\n<\/style>\n<section  class='av_textblock_section av-zqb8zz-837586e9e0745ac35c174b94f1643dd6 '   itemscope=\"itemscope\" itemtype=\"https:\/\/schema.org\/CreativeWork\" ><div class='avia_textblock bloc_infos av_inherit_color'  itemprop=\"text\" ><div class=\"vc_cta3_content-container\">\n<div class=\"vc_cta3-content\">\n<header class=\"vc_cta3-content-header\">\n<h2 class=\"vc_custom_heading\">\n<style type=\"text\/css\" data-created_by=\"avia_inline_auto\" id=\"style-css-av-rr5vxr-31b203d56eee44b82089e194da274ead\">\n.av_font_icon.av-rr5vxr-31b203d56eee44b82089e194da274ead .av-icon-char{\nfont-size:40px;\nline-height:40px;\n}\n<\/style>\n<span  class='av_font_icon av-rr5vxr-31b203d56eee44b82089e194da274ead avia_animate_when_visible av-icon-style- avia-icon-pos-left avia-iconfont avia-font-entypo-fontello av-no-color avia-icon-animate'><span class='av-icon-char' data-av_icon='\ue842' data-av_iconfont='entypo-fontello' aria-hidden=\"true\" ><\/span><\/span><\/h2>\n<h2 class=\"vc_custom_heading\">\u00c7a se passe en Occitanie<\/h2>\n<p><em>Pour le camping Les Cigales \u00e0 Rocamadour (46), le passage au \u00ab\u00a0Z\u00e9ro Phyto\u00a0\u00bb a permis de r\u00e9duire le temps d&rsquo;entretien !<\/em><\/p>\n<p><em>Les gestionnaires ont mis en place une d\u00e9marche environnementale globale :<\/em><\/p>\n<ul>\n<li><em>gestion diff\u00e9renci\u00e9e, <\/em><\/li>\n<li><em>r\u00e9cup\u00e9ration de l&rsquo;eau, <\/em><\/li>\n<li><em>valorisation des d\u00e9chets, <\/em><\/li>\n<li><em>travail avec un paysagiste pour assurer la bonne insertion paysag\u00e8re des nouveaux am\u00e9nagements en site class\u00e9&#8230;<\/em><\/li>\n<\/ul>\n<\/header>\n<\/div>\n<\/div>\n<\/div><\/section><\/div>\n<style type=\"text\/css\" data-created_by=\"avia_inline_auto\" id=\"style-css-av-34j3hg-6d7e1c5413ba9afb64a9e359a0fe6ff1\">\n.flex_column.av-34j3hg-6d7e1c5413ba9afb64a9e359a0fe6ff1{\nborder-radius:0px 0px 0px 0px;\npadding:0px 0px 0px 0px;\n}\n<\/style>\n<div  class='flex_column av-34j3hg-6d7e1c5413ba9afb64a9e359a0fe6ff1 av_two_third  avia-builder-el-30  el_after_av_one_third  avia-builder-el-last  flex_column_div av-zero-column-padding  '     ><div class='avia-data-table-wrap av-2b9v1x0-7b3b8fc37547281f7e9faab330e49c0f avia_responsive_table avia-table-1'><table  class='avia-table avia-data-table avia_pricing_default  avia-builder-el-31  avia-builder-el-no-sibling '  itemscope=\"itemscope\" itemtype=\"https:\/\/schema.org\/Table\" ><tbody><tr class='avia-heading-row'><th class='avia-center-col'>A CHAQUE PROBLEMATIQUE TECHNIQUE&#8230;<\/th><th class=''>&#8230;SES SOLUTIONS !<\/th><th class=''><\/th><th class=''><\/th><\/tr><tr class=''><td class='avia-center-col'>APPROCHE GLOBALE<\/td><td class=''>S\u2019informer<br \/>\nSe former \u00e0 d\u2019autres modes de gestion,<\/td><td class=''>Mettre en place un plan de d\u00e9sherbage<br \/>\nET plan de gestion diff\u00e9renci\u00e9 avec des priorit\u00e9s d\u2019intervention<\/p>\n<p>&gt;&gt; compatibles aux moyens mobilisables<\/td><td class=''>Tester<br \/>\nExp\u00e9rimenter<br \/>\nS\u2019outiller<br \/>\nAm\u00e9nager ou r\u00e9am\u00e9nager\u2026<\/td><\/tr><tr class=''><td class='avia-center-col'>APPROCHE PAR TYPE D&rsquo;ESPACE<\/td><td class=''>des solutions techniques adapt\u00e9es \u00e0 chaque espace !<\/td><td class=''>Devant la r\u00e9ception,<br \/>\nsur les all\u00e9es,<br \/>\nsur les aires de jeux et boulodromes,<br \/>\nsur les emplacements d\u2019un camping,&#8230;<\/td><td class=''>&#8230;sur les dallages d\u2019une piscine,<br \/>\nou encore sur les zones de prairie,<br \/>\n&gt;&gt; les solutions varient\u202f! <\/td><\/tr><tr class=''><td class='avia-center-col'>DESHERBAGE<\/td><td class=''>Des solutions m\u00e9caniques \u00e0 mobiliser (outils, manuel, \u00e9cop\u00e2turage&#8230;)<\/td><td class=''>OU accepter davantage l&rsquo;herbe et la v\u00e9g\u00e9tation spontan\u00e9e<\/td><td class=''>ET utiliser le v\u00e9g\u00e9tal comme un alli\u00e9 !<br \/>\n&gt;&gt; couvre-sol, paillage,&#8230;<\/td><\/tr><tr class=''><td class='avia-center-col'>GESTION DES PARASITES<\/td><td class=''>Vers une approche pr\u00e9ventive plut\u00f4t que curative<\/td><td class=''>Une gestion adapt\u00e9e : taille douce,&#8230;<\/td><td class=''>ET utiliser le v\u00e9g\u00e9tal comme un alli\u00e9 !<br \/>\n&gt;&gt; plantes r\u00e9pulsives ou attractives,&#8230;<\/td><\/tr><tr class=''><td class='avia-center-col'>GESTION DES MALADIES<\/td><td class=''>Vers une approche pr\u00e9ventive plut\u00f4t que curative<\/td><td class=''>Une gestion adapt\u00e9e: taille, paillage, arrosage, surveillance, d\u00e9sinfection des outils<\/td><td class=''>ET utiliser le v\u00e9g\u00e9tal comme un alli\u00e9 !<br \/>\n&gt;&gt; choix des v\u00e9g\u00e9taux, diversit\u00e9&#8230;<\/td><\/tr><\/tbody><\/table><\/div><style type='text\/css'>.avia-table-1 td:nth-of-type(1):before { content: 'A CHAQUE PROBLEMATIQUE TECHNIQUE\u2026'; } .avia-table-1 td:nth-of-type(2):before { content: '\u2026SES SOLUTIONS !'; } .avia-table-1 td:nth-of-type(3):before { content: ''; } .avia-table-1 td:nth-of-type(4):before { content: ''; } <\/style><\/div><\/div><\/div><\/div><!-- close content main div --><\/div><\/div><div id='after_section_1'  class='main_color av_default_container_wrap container_wrap fullsize'  ><div class='container av-section-cont-open' ><div class='template-page content  av-content-full alpha units'><div class='post-entry post-entry-type-page post-entry-11055'><div class='entry-content-wrapper clearfix'><section  class='av_textblock_section av-11959tb-9aa4a3e6c7187486d8af1687e80ddecf '   itemscope=\"itemscope\" itemtype=\"https:\/\/schema.org\/CreativeWork\" ><div class='avia_textblock'  itemprop=\"text\" ><h2 id=\"lien2\" style=\"text-align: left\">Outils alternatifs<\/h2>\n<\/div><\/section><\/p>\n\n<style type=\"text\/css\" data-created_by=\"avia_inline_auto\" id=\"style-css-av-og9mfj-70d4cca3f43dc1e1b0fbd00be72cfeb4\">\n#top .hr.hr-invisible.av-og9mfj-70d4cca3f43dc1e1b0fbd00be72cfeb4{\nheight:50px;\n}\n<\/style>\n<div  class='hr av-og9mfj-70d4cca3f43dc1e1b0fbd00be72cfeb4 hr-invisible  avia-builder-el-33  el_after_av_textblock  el_before_av_one_third '><span class='hr-inner '><span class=\"hr-inner-style\"><\/span><\/span><\/div>\n\n<style type=\"text\/css\" data-created_by=\"avia_inline_auto\" id=\"style-css-av-4xnx2c-b814f8aeba865a46be3556eeb63388e6\">\n.flex_column.av-4xnx2c-b814f8aeba865a46be3556eeb63388e6{\nborder-radius:0px 0px 0px 0px;\npadding:0px 0px 0px 0px;\n}\n<\/style>\n<div  class='flex_column av-4xnx2c-b814f8aeba865a46be3556eeb63388e6 av_one_third  avia-builder-el-34  el_after_av_hr  el_before_av_two_third  first flex_column_div av-zero-column-padding  '     ><style type=\"text\/css\" data-created_by=\"avia_inline_auto\" id=\"style-css-av-krqhkt4f-ffb4d2f92bc856758d61db97ee431e4d\">\n#top .av_textblock_section.av-krqhkt4f-ffb4d2f92bc856758d61db97ee431e4d .avia_textblock{\ncolor:#ffffff;\n}\n<\/style>\n<section  class='av_textblock_section av-krqhkt4f-ffb4d2f92bc856758d61db97ee431e4d '   itemscope=\"itemscope\" itemtype=\"https:\/\/schema.org\/CreativeWork\" ><div class='avia_textblock bloc_infos av_inherit_color'  itemprop=\"text\" ><div class=\"vc_cta3_content-container\">\n<div class=\"vc_cta3-content\">\n<header class=\"vc_cta3-content-header\">\n<h2 class=\"vc_custom_heading\">\n<style type=\"text\/css\" data-created_by=\"avia_inline_auto\" id=\"style-css-av-ad42s-e9af2d743954d8590d56ce5255d79924\">\n.av_font_icon.av-ad42s-e9af2d743954d8590d56ce5255d79924 .av-icon-char{\nfont-size:40px;\nline-height:40px;\n}\n<\/style>\n<span  class='av_font_icon av-ad42s-e9af2d743954d8590d56ce5255d79924 avia_animate_when_visible av-icon-style- avia-icon-pos-left avia-iconfont avia-font-entypo-fontello av-no-color avia-icon-animate'><span class='av-icon-char' data-av_icon='\ue842' data-av_iconfont='entypo-fontello' aria-hidden=\"true\" ><\/span><\/span><\/h2>\n<h2 class=\"vc_custom_heading\">\u00c7a se passe en Occitanie<\/h2>\n<p><em><span class=\"TextRun Highlight SCXW74412661 BCX2\" lang=\"FR-FR\" xml:lang=\"FR-FR\" data-contrast=\"auto\"><span class=\"NormalTextRun SCXW74412661 BCX2\">Mathieu MAUREL, gestionnaire du camping Beauregard Plage \u00e0 Marseillan-Plage (34), adh\u00e9rent CO-HPA et engag\u00e9 aupr\u00e8s de FREDON Occitanie, t\u00e9moigne dans ce <a href=\"https:\/\/www.youtube.com\/watch?v=Y0ZUXUBmw_Q\">webinaire\/2022<\/a> de l\u2019approche globale n\u00e9cessaire<\/span><span class=\"NormalTextRun SCXW74412661 BCX2\"> pour une gestion sans pesticide (en savoir plus dans <a href=\"https:\/\/fredonoccitanie189-my.sharepoint.com\/:b:\/g\/personal\/f_martel_fredon-occitanie_fr\/EYkHWeRUAe5NqJUHlGOAh5QBG5orqVJRYeFv5t4D6O2B8g?e=p1z6VS\">cette fiche technique <\/a><\/span><span class=\"NormalTextRun SCXW74412661 BCX2\">et dans <a href=\"https:\/\/www.youtube.com\/watch?v=qLaXdueNrgA\">ce reportage de France 3 Occitanie<\/a> &#8211; 2019).<\/span><\/span><\/em><\/p>\n<\/header>\n<\/div>\n<\/div>\n<\/div><\/section><\/div>\n\n<style type=\"text\/css\" data-created_by=\"avia_inline_auto\" id=\"style-css-av-18cfxdl-460e383d001cabf51b787ce00bcc11cb\">\n.flex_column.av-18cfxdl-460e383d001cabf51b787ce00bcc11cb{\nborder-radius:0px 0px 0px 0px;\npadding:0px 0px 0px 0px;\n}\n<\/style>\n<div  class='flex_column av-18cfxdl-460e383d001cabf51b787ce00bcc11cb av_two_third  avia-builder-el-37  el_after_av_one_third  el_before_av_three_fourth  flex_column_div av-zero-column-padding  '     ><p><section  class='av_textblock_section av-ld0fpuak-b9fc46410182ffde69dda2f1a11b827f '   itemscope=\"itemscope\" itemtype=\"https:\/\/schema.org\/CreativeWork\" ><div class='avia_textblock'  itemprop=\"text\" ><p><span data-contrast=\"none\">Que ce soit pour les choix de modes de gestion ou d\u2019outils alternatifs, il est important de <strong>bien r\u00e9fl\u00e9chir en amont aux usages des lieux et aux probl\u00e9matiques techniques<\/strong> afin de mettre en place des solutions ad\u00e9quates.<\/span><\/p>\n<\/div><\/section><br \/>\n\n<style type=\"text\/css\" data-created_by=\"avia_inline_auto\" id=\"style-css-av-m53cl5-70ebf6493abb630e70c326e8a8b578bc\">\n#top .av_textblock_section.av-m53cl5-70ebf6493abb630e70c326e8a8b578bc .avia_textblock{\ncolor:#576b35;\n}\n<\/style>\n<section  class='av_textblock_section av-m53cl5-70ebf6493abb630e70c326e8a8b578bc '   itemscope=\"itemscope\" itemtype=\"https:\/\/schema.org\/CreativeWork\" ><div class='avia_textblock av_inherit_color'  itemprop=\"text\" ><p style=\"text-align: center\"><strong>4 CLES DE REUSSITE DU CHANGEMENT DE PRATIQUE<\/strong><\/p>\n<ol>\n<li style=\"list-style-type: none\">\n<ol>\n<li><strong>Envisager une approche globale<\/strong> d\u00e8s la phase de r\u00e9flexion pour optimiser les outils et gagner en efficacit\u00e9 sur le long terme !<\/li>\n<li><strong>Exp\u00e9rimenter<\/strong>, <strong>tester<\/strong> des solutions techniques dans le cadre d\u2019une d\u00e9marche progressive, une \u00e9tape souvent n\u00e9cessaire.<\/li>\n<li><strong>Echanger<\/strong> avec d\u2019autres gestionnaires pour lever des craintes ou questionnements.<\/li>\n<li><strong>Communiquer <\/strong>pour accompagner les phases de test : un axe crucial, \u00e0 mener en parall\u00e8le du changement technique, pour une acceptation accrue des clients.<\/li>\n<\/ol>\n<\/li>\n<\/ol>\n<\/div><\/section><\/p><\/div>\n\n<style type=\"text\/css\" data-created_by=\"avia_inline_auto\" id=\"style-css-av-5wg9xw-4904ae897e2635f2eeae50e44ba60caf\">\n.flex_column.av-5wg9xw-4904ae897e2635f2eeae50e44ba60caf{\nborder-radius:0px 0px 0px 0px;\npadding:0px 0px 0px 0px;\n}\n<\/style>\n<div  class='flex_column av-5wg9xw-4904ae897e2635f2eeae50e44ba60caf av_three_fourth  avia-builder-el-40  el_after_av_two_third  el_before_av_one_fourth  first flex_column_div av-zero-column-padding  column-top-margin'     ><div class='avia-data-table-wrap av-1fuptes-ea4dcfc231d9d6cb84455811658ca35e avia_responsive_table avia-table-2'><table  class='avia-table avia-data-table avia_pricing_default  avia-builder-el-41  avia-builder-el-no-sibling '  itemscope=\"itemscope\" itemtype=\"https:\/\/schema.org\/Table\" ><tbody><tr class='avia-heading-row'><th class=''>Outils<\/th><th class=''>Co\u00fbts<\/th><th class=''>Avantages<\/th><th class=''>Inconv\u00e9nients<\/th><th class=''>Application en cimeti\u00e8res<\/th><\/tr><tr class=''><td class=''>D\u00e9sherbage thermique (flamme, air, eau chaude, \u2026)<\/td><td class=''>300 \u00e0 15000\u20ac<\/td><td class=''>Maniabilit\u00e9<br \/>\nFacilit\u00e9 d\u2019utilisation<\/td><td class=''>Risques d\u2019incendie<br \/>\nNombre de passages importants<br \/>\nConsommation \u00e9nergie<\/td><td class=''>Espaces imperm\u00e9abilis\u00e9s (voies, foss\u00e9s b\u00e9tonn\u00e9s, pav\u00e9s, dalles, parkings, &#8230;)<\/td><\/tr><tr class=''><td class=''>D\u00e9sherbage m\u00e9canique (rabots, brosses, herses, \u2026)<\/td><td class=''>500 \u00e0 15000\u20ac<\/td><td class=''>Maniabilit\u00e9<br \/>\nFacilit\u00e9 d\u2019utilisation<\/td><td class=''>Risques de d\u00e9gradation des surfaces<br \/>\nNombre de passages importants<br \/>\nConsommation \u00e9nergie<\/td><td class=''>Bordures, espaces imperm\u00e9abilis\u00e9s non sensibles aux risques de projection.<\/td><\/tr><tr class=''><td class=''>D\u00e9sherbage manuel<\/td><td class=''>20\u20ac par binette<\/td><td class=''>Maniabilit\u00e9<br \/>\nFacilit\u00e9 d\u2019utilisation<\/td><td class=''>Temps de travail important<br \/>\nNombre de passages \u00e9lev\u00e9<\/td><td class=''>Applicable partout<\/td><\/tr><tr class=''><td class=''>Non d\u00e9sherbage et acceptation de la flore spontan\u00e9e<\/td><td class=''>0\u20ac<\/td><td class=''>Gain de temps<\/td><td class=''>N\u00e9cessit\u00e9 d\u2019acceptation par les usagers<br \/>\nTravail de fauche<\/td><td class=''>Applicable partout<\/td><\/tr><\/tbody><\/table><\/div><style type='text\/css'>.avia-table-2 td:nth-of-type(1):before { content: 'Outils'; } .avia-table-2 td:nth-of-type(2):before { content: 'Co\u00fbts'; } .avia-table-2 td:nth-of-type(3):before { content: 'Avantages'; } .avia-table-2 td:nth-of-type(4):before { content: 'Inconv\u00e9nients'; } .avia-table-2 td:nth-of-type(5):before { content: 'Application en cimeti\u00e8res'; } <\/style><\/div>\n\n<style type=\"text\/css\" data-created_by=\"avia_inline_auto\" id=\"style-css-av-1aj9pvd-778bccdbf5fa8683567de5f63499e13f\">\n.flex_column.av-1aj9pvd-778bccdbf5fa8683567de5f63499e13f{\nborder-radius:0px 0px 0px 0px;\npadding:0px 0px 0px 0px;\n}\n<\/style>\n<div  class='flex_column av-1aj9pvd-778bccdbf5fa8683567de5f63499e13f av_one_fourth  avia-builder-el-42  el_after_av_three_fourth  el_before_av_section  avia-builder-el-last  flex_column_div av-zero-column-padding  column-top-margin'     ><style type=\"text\/css\" data-created_by=\"avia_inline_auto\" id=\"style-css-av-lchsvoba-ada02095853a788301b6990dac33c500\">\n#top .av_textblock_section.av-lchsvoba-ada02095853a788301b6990dac33c500 .avia_textblock{\ncolor:#ffffff;\n}\n<\/style>\n<section  class='av_textblock_section av-lchsvoba-ada02095853a788301b6990dac33c500 '   itemscope=\"itemscope\" itemtype=\"https:\/\/schema.org\/CreativeWork\" ><div class='avia_textblock bloc_infos av_inherit_color'  itemprop=\"text\" ><div class=\"vc_cta3_content-container\">\n<div class=\"vc_cta3-content\">\n<header class=\"vc_cta3-content-header\">\n<h2 class=\"vc_custom_heading\">\n<style type=\"text\/css\" data-created_by=\"avia_inline_auto\" id=\"style-css-av-ncbf3t-d55cdde4bdaf33a07ae87996a3cbe286\">\n.av_font_icon.av-ncbf3t-d55cdde4bdaf33a07ae87996a3cbe286 .av-icon-char{\nfont-size:40px;\nline-height:40px;\n}\n<\/style>\n<span  class='av_font_icon av-ncbf3t-d55cdde4bdaf33a07ae87996a3cbe286 avia_animate_when_visible av-icon-style- avia-icon-pos-left avia-iconfont avia-font-entypo-fontello av-no-color avia-icon-animate'><span class='av-icon-char' data-av_icon='\ue842' data-av_iconfont='entypo-fontello' aria-hidden=\"true\" ><\/span><\/span><\/h2>\n<h2 class=\"vc_custom_heading\">\u00c7a se passe en Occitanie<\/h2>\n<p><i>Le changement de pratique du Camping Les Floralys (11) est d\u00e9taill\u00e9e dans cette <a href=\"https:\/\/fredonoccitanie189-my.sharepoint.com\/:b:\/g\/personal\/f_martel_fredon-occitanie_fr\/ESX2BhWdpU9Di2unTnjPm7QBXFs5CXmgFRqgtSPwc33dLA?e=kTBVjO\">fiche de retour d&rsquo;exp\u00e9rience <\/a><\/i><i>: <\/i><\/p>\n<ul>\n<li><i>priorisation de la gestion selon trois types de zonages : les zones de prestige, les zones de confort et les zones naturelles ;\u00a0<\/i><\/li>\n<li><i> r\u00e9am\u00e9nagement d&rsquo;espace ;\u00a0<\/i><\/li>\n<li><i>acquisition progressive d&rsquo;outils alternatifs&#8230;<\/i><\/li>\n<\/ul>\n<\/header>\n<p><em><span class=\"TextRun Highlight SCXW74412661 BCX2\" lang=\"FR-FR\" xml:lang=\"FR-FR\" data-contrast=\"auto\">\u00a0<\/span><\/em><\/p>\n<\/div>\n<\/div>\n<\/div><\/section><\/div>\n<\/div><\/div><\/div><!-- close content main div --><\/div><\/div>\n<style type=\"text\/css\" data-created_by=\"avia_inline_auto\" id=\"style-css-av-17uehqx-b660d8463412493c5f8bc9144f670dad\">\n.avia-section.av-17uehqx-b660d8463412493c5f8bc9144f670dad{\nbackground-color:#f8ead4;\nbackground-image:unset;\n}\n<\/style>\n<div id='av_section_2'  class='avia-section av-17uehqx-b660d8463412493c5f8bc9144f670dad main_color avia-section-default avia-no-border-styling  avia-builder-el-45  el_after_av_one_fourth  el_before_av_hr  avia-bg-style-scroll container_wrap fullsize'  ><div class='container av-section-cont-open' ><div class='template-page content  av-content-full alpha units'><div class='post-entry post-entry-type-page post-entry-11055'><div class='entry-content-wrapper clearfix'>\n<section  class='av_textblock_section av-ld1gk31d-65d10cf22e8e45044fa75234a23d56a7 '   itemscope=\"itemscope\" itemtype=\"https:\/\/schema.org\/CreativeWork\" ><div class='avia_textblock'  itemprop=\"text\" ><h2 id=\"lien3\" style=\"text-align: left\"><span data-ccp-props=\"{\">Communication<\/span><\/h2>\n<\/div><\/section>\n\n<style type=\"text\/css\" data-created_by=\"avia_inline_auto\" id=\"style-css-av-k1pw1b-3a410aa5e93a77a33d5862c7f8b2dabc\">\n#top .hr.hr-invisible.av-k1pw1b-3a410aa5e93a77a33d5862c7f8b2dabc{\nheight:50px;\n}\n<\/style>\n<div  class='hr av-k1pw1b-3a410aa5e93a77a33d5862c7f8b2dabc hr-invisible  avia-builder-el-47  el_after_av_textblock  el_before_av_one_fourth '><span class='hr-inner '><span class=\"hr-inner-style\"><\/span><\/span><\/div>\n\n<style type=\"text\/css\" data-created_by=\"avia_inline_auto\" id=\"style-css-av-2xh3ys-f6485309afb97faf4c0a9c3af5ec2dca\">\n.flex_column.av-2xh3ys-f6485309afb97faf4c0a9c3af5ec2dca{\nborder-radius:0px 0px 0px 0px;\npadding:0px 0px 0px 0px;\n}\n<\/style>\n<div  class='flex_column av-2xh3ys-f6485309afb97faf4c0a9c3af5ec2dca av_one_fourth  avia-builder-el-48  el_after_av_hr  el_before_av_one_half  first flex_column_div av-zero-column-padding  '     ><style type=\"text\/css\" data-created_by=\"avia_inline_auto\" id=\"style-css-av-1bfau7t-6767d7dd550856e8045a410168c257c9\">\n#top .av_textblock_section.av-1bfau7t-6767d7dd550856e8045a410168c257c9 .avia_textblock{\ncolor:#ffffff;\n}\n<\/style>\n<section  class='av_textblock_section av-1bfau7t-6767d7dd550856e8045a410168c257c9 '   itemscope=\"itemscope\" itemtype=\"https:\/\/schema.org\/CreativeWork\" ><div class='avia_textblock bloc_infos av_inherit_color'  itemprop=\"text\" ><div class=\"vc_cta3_content-container\">\n<div class=\"vc_cta3-content\">\n<header class=\"vc_cta3-content-header\">\n<h2 class=\"vc_custom_heading\">\n<style type=\"text\/css\" data-created_by=\"avia_inline_auto\" id=\"style-css-av-mefus9-0fe29473c9db4465d9ef00761279c99f\">\n.av_font_icon.av-mefus9-0fe29473c9db4465d9ef00761279c99f .av-icon-char{\nfont-size:40px;\nline-height:40px;\n}\n<\/style>\n<span  class='av_font_icon av-mefus9-0fe29473c9db4465d9ef00761279c99f avia_animate_when_visible av-icon-style- avia-icon-pos-left avia-iconfont avia-font-entypo-fontello av-no-color avia-icon-animate'><span class='av-icon-char' data-av_icon='\ue842' data-av_iconfont='entypo-fontello' aria-hidden=\"true\" ><\/span><\/span><\/h2>\n<h2 class=\"vc_custom_heading\">\u00c7a se passe en Occitanie<\/h2>\n<p><em>Le r\u00e9seau des campings CapFun en Occitanie a vu son passage au \u00ab\u00a0Z\u00e9ro Phyto\u00a0\u00bb \u00eatre synonyme d&rsquo;une meilleure notation de la qualit\u00e9 des espaces verts de la part des clients !<\/em><\/p>\n<\/header>\n<\/div>\n<\/div>\n<\/div><\/section><\/div>\n<style type=\"text\/css\" data-created_by=\"avia_inline_auto\" id=\"style-css-av-taew8p-eb3b35d2d8067e0d58a8d257d46f6371\">\n.flex_column.av-taew8p-eb3b35d2d8067e0d58a8d257d46f6371{\nborder-radius:0px 0px 0px 0px;\npadding:0px 0px 0px 0px;\n}\n<\/style>\n<div  class='flex_column av-taew8p-eb3b35d2d8067e0d58a8d257d46f6371 av_one_half  avia-builder-el-51  el_after_av_one_fourth  el_before_av_one_fourth  flex_column_div av-zero-column-padding  '     ><section  class='av_textblock_section av-kr63klja-6684aedff8d0fd238f3c81b51fc7a8aa '   itemscope=\"itemscope\" itemtype=\"https:\/\/schema.org\/CreativeWork\" ><div class='avia_textblock'  itemprop=\"text\" ><p><strong>Informer, communiquer, sensibiliser \u00e0 ces nouveaux modes de gestion sont des volets pr\u00e9alables qui conditionnent la r\u00e9ussite de ces changements de pratique !<\/strong><\/p>\n<p>L\u2019installation de\u202f<strong>panneaux<\/strong> explicatifs \u00e0 l\u2019accueil,\u202fet sur les secteurs les plus fr\u00e9quent\u00e9s permet d\u2019expliquer les raisons des changements de pratiques.<\/p>\n<p>Cela peut aussi \u00eatre l\u2019occasion de mener des <strong>actions p\u00e9dagogiques<\/strong> autour des bienfaits du v\u00e9g\u00e9tal et de la biodiversit\u00e9, ou encore d\u2019offrir des cl\u00e9s de lecture du paysage qui entoure le site. <strong><a href=\"https:\/\/www.fredonoccitanie.com\/jevi\/bibliotheque-des-outils-jevi\/\">Consulter notre biblioth\u00e8que d&rsquo;outils ici&#8230;<\/a><\/strong><\/p>\n<p><strong>Communiquer aussi en interne<\/strong>\u202f(d\u00e9cideurs, agents techniques sur le terrain, agents d\u2019accueil, animateurs\u2026) est important pour que chacun soit form\u00e9 pour informer les clients\u202f!<span data-ccp-props=\"{\">\u00a0<\/span><\/p>\n<p><strong>\u00a0<\/strong><strong><a href=\"https:\/\/www.fredonoccitanie.com\/jevi\/bibliotheque-des-outils-jevi\/\"><img loading=\"lazy\" decoding=\"async\" class=\"alignnone wp-image-10578\" src=\"https:\/\/www.fredonoccitanie.com\/jevi\/wp-content\/uploads\/sites\/2\/2022\/12\/camping-213x300.png\" alt=\"\" width=\"100\" height=\"140\" \/><\/a> \u00a0\u00a0 \u00a0 <a href=\"https:\/\/www.fredonoccitanie.com\/jevi\/bibliotheque-des-outils-jevi\/\"><img loading=\"lazy\" decoding=\"async\" class=\"alignnone wp-image-10580\" src=\"https:\/\/www.fredonoccitanie.com\/jevi\/wp-content\/uploads\/sites\/2\/2022\/12\/loisir-212x300.png\" alt=\"\" width=\"100\" height=\"141\" \/><\/a>\u00a0 \u00a0 \u00a0 <span data-ccp-props=\"{\"><a href=\"https:\/\/www.fredonoccitanie.com\/jevi\/bibliotheque-des-outils-jevi\/\"><img loading=\"lazy\" decoding=\"async\" class=\"alignnone wp-image-10641\" src=\"https:\/\/www.fredonoccitanie.com\/jevi\/wp-content\/uploads\/sites\/2\/2022\/12\/marques_pages_camping-156x300.png\" alt=\"\" width=\"72\" height=\"139\" srcset=\"https:\/\/www.fredonoccitanie.com\/jevi\/wp-content\/uploads\/sites\/2\/2022\/12\/marques_pages_camping-156x300.png 156w, https:\/\/www.fredonoccitanie.com\/jevi\/wp-content\/uploads\/sites\/2\/2022\/12\/marques_pages_camping.png 324w\" sizes=\"auto, (max-width: 72px) 100vw, 72px\" \/><\/a>\u00a0 \u00a0\u00a0<\/span><\/strong><\/p>\n<\/div><\/section><\/div>\n<style type=\"text\/css\" data-created_by=\"avia_inline_auto\" id=\"style-css-av-sft8dr-06f1676997285f2f10c42800889c1f51\">\n.flex_column.av-sft8dr-06f1676997285f2f10c42800889c1f51{\nborder-radius:0px 0px 0px 0px;\npadding:15px 15px 15px 15px;\nbackground-color:#576b35;\n}\n<\/style>\n<div  class='flex_column av-sft8dr-06f1676997285f2f10c42800889c1f51 av_one_fourth  avia-builder-el-53  el_after_av_one_half  avia-builder-el-last  flex_column_div  '     ><style type=\"text\/css\" data-created_by=\"avia_inline_auto\" id=\"style-css-av-ld0dkngr-49d25dfff3e7d0a29b01a2e722f6b53a\">\n#top .av_textblock_section.av-ld0dkngr-49d25dfff3e7d0a29b01a2e722f6b53a .avia_textblock{\nfont-size:17px;\ncolor:#ffffff;\n}\n<\/style>\n<section  class='av_textblock_section av-ld0dkngr-49d25dfff3e7d0a29b01a2e722f6b53a '   itemscope=\"itemscope\" itemtype=\"https:\/\/schema.org\/CreativeWork\" ><div class='avia_textblock av_inherit_color'  itemprop=\"text\" ><p style=\"text-align: center\"><strong>LES PANNEAUX SONT LOIN D&rsquo;\u00caTRE LES SEULS OUTILS A MOBILISER !<\/strong><\/p>\n<\/div><\/section><br \/>\n\n<style type=\"text\/css\" data-created_by=\"avia_inline_auto\" id=\"style-css-av-ld0doh5h-ae6b564074fd3c517d5220dab1e6cf58\">\n#top .avia-icon-list-container.av-ld0doh5h-ae6b564074fd3c517d5220dab1e6cf58 .iconlist_icon{\ncolor:#ffffff;\nbackground-color:#576b35;\nfont-size:15px;\n}\n#top .avia-icon-list-container.av-ld0doh5h-ae6b564074fd3c517d5220dab1e6cf58 .iconlist_icon svg:first-child{\nstroke:#ffffff;\nfill:#ffffff;\nheight:15px;\nwidth:15px;\n}\n#top #wrap_all .avia-icon-list-container.av-ld0doh5h-ae6b564074fd3c517d5220dab1e6cf58 .av_iconlist_title{\nfont-size:15px;\ncolor:#ffffff;\n}\n<\/style>\n<div  class='avia-icon-list-container av-ld0doh5h-ae6b564074fd3c517d5220dab1e6cf58  avia-builder-el-55  el_after_av_textblock  avia-builder-el-last '><ul class='avia-icon-list avia_animate_when_almost_visible avia-icon-list-left av-iconlist-small av-ld0doh5h-ae6b564074fd3c517d5220dab1e6cf58'>\n<li><div class='iconlist_icon av-ld0dllvg-88ef143ccdaa2d9d02e63297bb881f90 avia-font-entypo-fontello avia-iconfont avia-font-entypo-fontello'><span class='av-icon-char' data-av_icon='\ue85c' data-av_iconfont='entypo-fontello' aria-hidden=\"true\"><\/span><\/div><article class=\"article-icon-entry av-iconlist-empty\"  itemscope=\"itemscope\" itemtype=\"https:\/\/schema.org\/CreativeWork\" ><div class=\"iconlist_content_wrap\"><header class=\"entry-content-header\" aria-label=\"Ic\u00f4ne : Information via les outils num\u00e9riques\"><div class='av_iconlist_title iconlist_title_small  av_inherit_color'  itemprop=\"headline\" >Information via les outils num\u00e9riques<\/div><\/header><div class='iconlist_content '  itemprop=\"text\" ><\/div><\/div><footer class=\"entry-footer\"><\/footer><\/article><div class=\"iconlist-timeline\"><\/div><\/li>\n<li><div class='iconlist_icon av-ld0dlwil-4acf0ef3b061e09ec134991a3a1ae671 avia-font-entypo-fontello avia-iconfont avia-font-entypo-fontello'><span class='av-icon-char' data-av_icon='\ue84e' data-av_iconfont='entypo-fontello' aria-hidden=\"true\"><\/span><\/div><article class=\"article-icon-entry av-iconlist-empty\"  itemscope=\"itemscope\" itemtype=\"https:\/\/schema.org\/CreativeWork\" ><div class=\"iconlist_content_wrap\"><header class=\"entry-content-header\" aria-label=\"Ic\u00f4ne : Diffusion de brochures p\u00e9dagogiques\"><div class='av_iconlist_title iconlist_title_small  av_inherit_color'  itemprop=\"headline\" >Diffusion de brochures p\u00e9dagogiques<\/div><\/header><div class='iconlist_content '  itemprop=\"text\" ><\/div><\/div><footer class=\"entry-footer\"><\/footer><\/article><div class=\"iconlist-timeline\"><\/div><\/li>\n<li><div class='iconlist_icon av-ld0dmopq-b9d4ba540e68513b6c3f21f10fceda15 avia-font-entypo-fontello avia-iconfont avia-font-entypo-fontello'><span class='av-icon-char' data-av_icon='\ue85b' data-av_iconfont='entypo-fontello' aria-hidden=\"true\"><\/span><\/div><article class=\"article-icon-entry av-iconlist-empty\"  itemscope=\"itemscope\" itemtype=\"https:\/\/schema.org\/CreativeWork\" ><div class=\"iconlist_content_wrap\"><header class=\"entry-content-header\" aria-label=\"Ic\u00f4ne : Organisation d\u2019animation et activit\u00e9s nature avec les clients\"><div class='av_iconlist_title iconlist_title_small  av_inherit_color'  itemprop=\"headline\" >Organisation d\u2019animation et activit\u00e9s nature avec les clients<\/div><\/header><div class='iconlist_content '  itemprop=\"text\" ><\/div><\/div><footer class=\"entry-footer\"><\/footer><\/article><div class=\"iconlist-timeline\"><\/div><\/li>\n<li><div class='iconlist_icon av-ld0dnb5i-2017915e9ab77b3a67196d4c606927d1 avia-font-entypo-fontello avia-iconfont avia-font-entypo-fontello'><span class='av-icon-char' data-av_icon='\ue8a4' data-av_iconfont='entypo-fontello' aria-hidden=\"true\"><\/span><\/div><article class=\"article-icon-entry av-iconlist-empty\"  itemscope=\"itemscope\" itemtype=\"https:\/\/schema.org\/CreativeWork\" ><div class=\"iconlist_content_wrap\"><header class=\"entry-content-header\" aria-label=\"Ic\u00f4ne : Mobilisation de l\u2019art comme outil de m\u00e9diation\"><div class='av_iconlist_title iconlist_title_small  av_inherit_color'  itemprop=\"headline\" >Mobilisation de l\u2019art comme outil de m\u00e9diation<\/div><\/header><div class='iconlist_content '  itemprop=\"text\" ><\/div><\/div><footer class=\"entry-footer\"><\/footer><\/article><div class=\"iconlist-timeline\"><\/div><\/li>\n<li><div class='iconlist_icon av-ld0doal4-5e88eba15309b41ec74a9cd4a7802164 avia-font-entypo-fontello avia-iconfont avia-font-entypo-fontello'><span class='av-icon-char' data-av_icon='\ue836' data-av_iconfont='entypo-fontello' aria-hidden=\"true\"><\/span><\/div><article class=\"article-icon-entry av-iconlist-empty\"  itemscope=\"itemscope\" itemtype=\"https:\/\/schema.org\/CreativeWork\" ><div class=\"iconlist_content_wrap\"><header class=\"entry-content-header\" aria-label=\"Ic\u00f4ne : Et bien d\u2019autres !\"><div class='av_iconlist_title iconlist_title_small  av_inherit_color'  itemprop=\"headline\" >Et bien d\u2019autres !<\/div><\/header><div class='iconlist_content '  itemprop=\"text\" ><\/div><\/div><footer class=\"entry-footer\"><\/footer><\/article><div class=\"iconlist-timeline\"><\/div><\/li>\n<li><div class='iconlist_icon av-ld0dnxzn-2ca85a4eb1def16fe0bec42d1addde48 avia-font-entypo-fontello avia-iconfont avia-font-entypo-fontello'><span class='av-icon-char' data-av_icon='\ue842' data-av_iconfont='entypo-fontello' aria-hidden=\"true\"><\/span><\/div><article class=\"article-icon-entry av-iconlist-empty\"  itemscope=\"itemscope\" itemtype=\"https:\/\/schema.org\/CreativeWork\" ><div class=\"iconlist_content_wrap\"><header class=\"entry-content-header\" aria-label=\"Ic\u00f4ne : A la r\u00e9ception ou sur site, en affichant, en diffusant ou en dialoguant avec les visiteurs\"><div class='av_iconlist_title iconlist_title_small  av_inherit_color'  itemprop=\"headline\" >A la r\u00e9ception ou sur site, en affichant, en diffusant ou en dialoguant avec les visiteurs<\/div><\/header><div class='iconlist_content '  itemprop=\"text\" ><\/div><\/div><footer class=\"entry-footer\"><\/footer><\/article><div class=\"iconlist-timeline\"><\/div><\/li>\n<\/ul><\/div><\/p><\/div>\n<\/div><\/div><\/div><!-- close content main div --><\/div><\/div><div id='after_section_2'  class='main_color av_default_container_wrap container_wrap fullsize'  ><div class='container av-section-cont-open' ><div class='template-page content  av-content-full alpha units'><div class='post-entry post-entry-type-page post-entry-11055'><div class='entry-content-wrapper clearfix'>\n\n<style type=\"text\/css\" data-created_by=\"avia_inline_auto\" id=\"style-css-av-34ol6rz-54d6ac7f59c848d5e19b4081d471d900\">\n#top .hr.hr-invisible.av-34ol6rz-54d6ac7f59c848d5e19b4081d471d900{\nheight:50px;\n}\n<\/style>\n<div  class='hr av-34ol6rz-54d6ac7f59c848d5e19b4081d471d900 hr-invisible  avia-builder-el-56  el_after_av_section  el_before_av_textblock  avia-builder-el-first '><span class='hr-inner '><span class=\"hr-inner-style\"><\/span><\/span><\/div>\n<section  class='av_textblock_section av-ld1glse1-00e59c4fcbc59f53b836f85d6887124f '   itemscope=\"itemscope\" itemtype=\"https:\/\/schema.org\/CreativeWork\" ><div class='avia_textblock'  itemprop=\"text\" ><h2 id=\"lien4\" style=\"text-align: left\"><span class=\"TextRun SCXW19503496 BCX2\" lang=\"FR-FR\" style=\"color: #b85f00;font-size: 18pt;font-variant: normal;text-transform: uppercase;line-height: 28px;font-family: Helvetica, Helvetica_EmbeddedFont, Helvetica_MSFontService, sans-serif\" data-contrast=\"none\"><span class=\"NormalTextRun SCXW19503496 BCX2\" data-ccp-parastyle=\"heading 2\">UNE APPROCHE GLOBALE CROISANT LES ENJEUX<\/span><\/span><\/h2>\n<\/div><\/section>\n\n<style type=\"text\/css\" data-created_by=\"avia_inline_auto\" id=\"style-css-av-2l2pnyn-9b549ab1864c9b9db67455d903cb8567\">\n#top .hr.hr-invisible.av-2l2pnyn-9b549ab1864c9b9db67455d903cb8567{\nheight:50px;\n}\n<\/style>\n<div  class='hr av-2l2pnyn-9b549ab1864c9b9db67455d903cb8567 hr-invisible  avia-builder-el-58  el_after_av_textblock  el_before_av_one_fourth '><span class='hr-inner '><span class=\"hr-inner-style\"><\/span><\/span><\/div>\n\n<style type=\"text\/css\" data-created_by=\"avia_inline_auto\" id=\"style-css-av-mzzrin-2e6ac75913e7e0385c0172e7f3e0ec2c\">\n.flex_column.av-mzzrin-2e6ac75913e7e0385c0172e7f3e0ec2c{\nborder-radius:0px 0px 0px 0px;\npadding:15px 15px 15px 15px;\nbackground-color:#576b35;\n}\n<\/style>\n<div  class='flex_column av-mzzrin-2e6ac75913e7e0385c0172e7f3e0ec2c av_one_fourth  avia-builder-el-59  el_after_av_hr  el_before_av_two_fifth  first flex_column_div  '     ><style type=\"text\/css\" data-created_by=\"avia_inline_auto\" id=\"style-css-av-ld0egwz3-c274640f3857e2442eb761b0e39093f5\">\n#top .av_textblock_section.av-ld0egwz3-c274640f3857e2442eb761b0e39093f5 .avia_textblock{\nfont-size:17px;\ncolor:#ffffff;\n}\n<\/style>\n<section  class='av_textblock_section av-ld0egwz3-c274640f3857e2442eb761b0e39093f5 '   itemscope=\"itemscope\" itemtype=\"https:\/\/schema.org\/CreativeWork\" ><div class='avia_textblock av_inherit_color'  itemprop=\"text\" ><p style=\"text-align: center\"><strong>DES OUTILS POUR VALORISER ET PERENISER L&rsquo;ENGAGEMENT ENVIRONNEMENTAL DU GESTIONNAIRE\u00a0<\/strong><\/p>\n<\/div><\/section><br \/>\n\n<style type=\"text\/css\" data-created_by=\"avia_inline_auto\" id=\"style-css-av-ld0ejxjn-5be70cde45c4aaf4e7db2682b85c0f98\">\n#top .avia-icon-list-container.av-ld0ejxjn-5be70cde45c4aaf4e7db2682b85c0f98 .iconlist_icon{\ncolor:#ffffff;\nbackground-color:#576b35;\nfont-size:15px;\n}\n#top .avia-icon-list-container.av-ld0ejxjn-5be70cde45c4aaf4e7db2682b85c0f98 .iconlist_icon svg:first-child{\nstroke:#ffffff;\nfill:#ffffff;\nheight:15px;\nwidth:15px;\n}\n#top #wrap_all .avia-icon-list-container.av-ld0ejxjn-5be70cde45c4aaf4e7db2682b85c0f98 .av_iconlist_title{\nfont-size:15px;\ncolor:#ffffff;\n}\n<\/style>\n<div  class='avia-icon-list-container av-ld0ejxjn-5be70cde45c4aaf4e7db2682b85c0f98  avia-builder-el-61  el_after_av_textblock  avia-builder-el-last '><ul class='avia-icon-list avia_animate_when_almost_visible avia-icon-list-left av-iconlist-small av-ld0ejxjn-5be70cde45c4aaf4e7db2682b85c0f98'>\n<li><div class='iconlist_icon av-ld0eidj4-f5d993c3807ca9b397b14622236fc9fe avia-font-entypo-fontello avia-iconfont avia-font-entypo-fontello'><span class='av-icon-char' data-av_icon='\ue817' data-av_iconfont='entypo-fontello' aria-hidden=\"true\"><\/span><\/div><article class=\"article-icon-entry av-iconlist-empty\"  itemscope=\"itemscope\" itemtype=\"https:\/\/schema.org\/CreativeWork\" ><div class=\"iconlist_content_wrap\"><header class=\"entry-content-header\" aria-label=\"Ic\u00f4ne : Charte Engag\u00e9 Z\u00e9ro Phyto\"><div class='av_iconlist_title iconlist_title_small  av_inherit_color'  itemprop=\"headline\" >Charte Engag\u00e9 Z\u00e9ro Phyto<\/div><\/header><div class='iconlist_content '  itemprop=\"text\" ><\/div><\/div><footer class=\"entry-footer\"><\/footer><\/article><div class=\"iconlist-timeline\"><\/div><\/li>\n<li><div class='iconlist_icon av-ld0eiu4t-97aec726aa36b37076f44bfc537d5e60 avia-font-entypo-fontello avia-iconfont avia-font-entypo-fontello'><span class='av-icon-char' data-av_icon='\ue817' data-av_iconfont='entypo-fontello' aria-hidden=\"true\"><\/span><\/div><article class=\"article-icon-entry av-iconlist-empty\"  itemscope=\"itemscope\" itemtype=\"https:\/\/schema.org\/CreativeWork\" ><div class=\"iconlist_content_wrap\"><header class=\"entry-content-header\" aria-label=\"Ic\u00f4ne : Troph\u00e9es horizons pour un tourisme durable - Acteurs du Tourisme durable \/ ATD\"><div class='av_iconlist_title iconlist_title_small  av_inherit_color'  itemprop=\"headline\" >Troph\u00e9es horizons pour un tourisme durable - Acteurs du Tourisme durable \/ ATD<\/div><\/header><div class='iconlist_content '  itemprop=\"text\" ><\/div><\/div><footer class=\"entry-footer\"><\/footer><\/article><div class=\"iconlist-timeline\"><\/div><\/li>\n<li><div class='iconlist_icon av-ld0ejch4-bb41804261aa91ca618c1abd7bd1ebe9 avia-font-entypo-fontello avia-iconfont avia-font-entypo-fontello'><span class='av-icon-char' data-av_icon='\ue817' data-av_iconfont='entypo-fontello' aria-hidden=\"true\"><\/span><\/div><article class=\"article-icon-entry av-iconlist-empty\"  itemscope=\"itemscope\" itemtype=\"https:\/\/schema.org\/CreativeWork\" ><div class=\"iconlist_content_wrap\"><header class=\"entry-content-header\" aria-label=\"Ic\u00f4ne : Troph\u00e9es FNHPA du d\u00e9veloppement durable - F\u00e9d\u00e9ration nationale de l\u2019h\u00f4tellerie de plein air \/ FNHPA\"><div class='av_iconlist_title iconlist_title_small  av_inherit_color'  itemprop=\"headline\" >Troph\u00e9es FNHPA du d\u00e9veloppement durable - F\u00e9d\u00e9ration nationale de l\u2019h\u00f4tellerie de plein air \/ FNHPA<\/div><\/header><div class='iconlist_content '  itemprop=\"text\" ><\/div><\/div><footer class=\"entry-footer\"><\/footer><\/article><div class=\"iconlist-timeline\"><\/div><\/li>\n<li><div class='iconlist_icon av-ld0ejt4k-16d99007b5816c88dedf76fd1d0ff399 avia-font-entypo-fontello avia-iconfont avia-font-entypo-fontello'><span class='av-icon-char' data-av_icon='\ue817' data-av_iconfont='entypo-fontello' aria-hidden=\"true\"><\/span><\/div><article class=\"article-icon-entry av-iconlist-empty\"  itemscope=\"itemscope\" itemtype=\"https:\/\/schema.org\/CreativeWork\" ><div class=\"iconlist_content_wrap\"><header class=\"entry-content-header\" aria-label=\"Ic\u00f4ne : Et bien d\u2019autres \u00e0 d\u00e9couvrir dans le Guide des labels du tourisme du CRTL Occitanie \u00e0 retrouver dans la rubrique Ressources\"><div class='av_iconlist_title iconlist_title_small  av_inherit_color'  itemprop=\"headline\" >Et bien d\u2019autres \u00e0 d\u00e9couvrir dans le Guide des labels du tourisme du CRTL Occitanie \u00e0 retrouver dans la rubrique Ressources<\/div><\/header><div class='iconlist_content '  itemprop=\"text\" ><\/div><\/div><footer class=\"entry-footer\"><\/footer><\/article><div class=\"iconlist-timeline\"><\/div><\/li>\n<\/ul><\/div><\/p><\/div>\n\n<style type=\"text\/css\" data-created_by=\"avia_inline_auto\" id=\"style-css-av-286hzlb-232c2190be5426c3e1e602b7819cec77\">\n.flex_column.av-286hzlb-232c2190be5426c3e1e602b7819cec77{\nborder-radius:0px 0px 0px 0px;\npadding:0px 0px 0px 0px;\n}\n<\/style>\n<div  class='flex_column av-286hzlb-232c2190be5426c3e1e602b7819cec77 av_two_fifth  avia-builder-el-62  el_after_av_one_fourth  el_before_av_one_third  flex_column_div av-zero-column-padding  '     ><section  class='av_textblock_section av-1c6osof-56e5831177e7d2108cdb5f0432a6960c '   itemscope=\"itemscope\" itemtype=\"https:\/\/schema.org\/CreativeWork\" ><div class='avia_textblock'  itemprop=\"text\" ><p>Tendre vers <strong>une gestion \u00e9cologique et faisant la part belle au v\u00e9g\u00e9tal<\/strong> c\u2019est aussi \u0153uvrer :<\/p>\n<ul>\n<li style=\"list-style-type: none\">\n<ul>\n<li>pour une <strong>r\u00e9duction des \u00eelots de chaleur<\/strong>,<\/li>\n<li>pour des <strong>surfaces imperm\u00e9abilis\u00e9es limit\u00e9es<\/strong>,<\/li>\n<li>pour une <strong>biodiversit\u00e9 favoris\u00e9e<\/strong>,<\/li>\n<li>pour une <strong>meilleure gestion des d\u00e9chets verts<\/strong>,<\/li>\n<li>pour une <strong>meilleure insertion paysag\u00e8re<\/strong> des infrastructures touristiques,<\/li>\n<li>pour une <strong>gestion de l\u2019eau ma\u00eetris\u00e9e\u2026<\/strong><\/li>\n<\/ul>\n<\/li>\n<\/ul>\n<p>Si les plus-values sont nombreuses pour la sant\u00e9, l\u2019environnement et l&rsquo;attractivit\u00e9 du territoire, le gestionnaire peut aussi y trouver son compte.<\/p>\n<p>Cet <strong>engagement environnemental global<\/strong> pour un tourisme durable peut \u00eatre valoris\u00e9 aupr\u00e8s des clients et visiteurs.<\/p>\n<p>Les gestionnaires peuvent aussi mobiliser des financements pour accompagner leur changement de pratiques en lien avec ces divers enjeux.<\/p>\n<\/div><\/section><\/div>\n\n<style type=\"text\/css\" data-created_by=\"avia_inline_auto\" id=\"style-css-av-27m2swp-2630d67314aa1db67891fc5bfffab6af\">\n.flex_column.av-27m2swp-2630d67314aa1db67891fc5bfffab6af{\nborder-radius:0px 0px 0px 0px;\npadding:0px 0px 0px 0px;\n}\n<\/style>\n<div  class='flex_column av-27m2swp-2630d67314aa1db67891fc5bfffab6af av_one_third  avia-builder-el-64  el_after_av_two_fifth  el_before_av_section  avia-builder-el-last  flex_column_div av-zero-column-padding  '     ><style type=\"text\/css\" data-created_by=\"avia_inline_auto\" id=\"style-css-av-lbw7wign-b9e40fa324088182e2e92a7bc3821bda\">\n#top .av_textblock_section.av-lbw7wign-b9e40fa324088182e2e92a7bc3821bda .avia_textblock{\ncolor:#ffffff;\n}\n<\/style>\n<section  class='av_textblock_section av-lbw7wign-b9e40fa324088182e2e92a7bc3821bda '   itemscope=\"itemscope\" itemtype=\"https:\/\/schema.org\/CreativeWork\" ><div class='avia_textblock bloc_infos av_inherit_color'  itemprop=\"text\" ><div class=\"vc_cta3_content-container\">\n<div class=\"vc_cta3-content\">\n<header class=\"vc_cta3-content-header\">\n<h2 class=\"vc_custom_heading\">\n<style type=\"text\/css\" data-created_by=\"avia_inline_auto\" id=\"style-css-av-1fnasyh-4a15a70bc47e08d920add05ed3a78503\">\n.av_font_icon.av-1fnasyh-4a15a70bc47e08d920add05ed3a78503 .av-icon-char{\nfont-size:40px;\nline-height:40px;\n}\n<\/style>\n<span  class='av_font_icon av-1fnasyh-4a15a70bc47e08d920add05ed3a78503 avia_animate_when_visible av-icon-style- avia-icon-pos-left avia-iconfont avia-font-entypo-fontello av-no-color avia-icon-animate'><span class='av-icon-char' data-av_icon='\ue842' data-av_iconfont='entypo-fontello' aria-hidden=\"true\" ><\/span><\/span><\/h2>\n<h2 class=\"vc_custom_heading\">\u00c7a se passe en Occitanie<\/h2>\n<p class=\"vc_custom_heading\"><em>Le Syded Lot a mis en place une Charte d&rsquo;engagement pour un \u00ab\u00a0tourisme z\u00e9ro d\u00e9chet\u00a0\u00bb \u00e0 laquelle ont adh\u00e9r\u00e9 les campings Les Cigales et Les Berges du C\u00e9l\u00e9 (46).<\/em><\/p>\n<p class=\"vc_custom_heading\"><em>Le camping Les 3 cantons \u00e0 Saint-Antonin-Noble-Val (82) fait la part belle \u00e0 la biodiversit\u00e9 et est labellis\u00e9 refuge LPO.<\/em><\/p>\n<p class=\"vc_custom_heading\"><em>Le village vacances Les f\u00e9es du Lac \u00e0 Nages (81)\u202fcommunique et sensibilise ses clients \u00e0 travers ses installations et animations.<\/em><\/p>\n<p class=\"vc_custom_heading\"><em>Les ambassadeurs\u202fcamarguais m\u00e8nent une action en r\u00e9seau pour se former au changement de pratiques et ainsi tendre vers une vraie plus-value pour le territoire.<\/em><\/p>\n<p class=\"vc_custom_heading\"><em>Enfin, le r\u00e9seau des campings CapFun a men\u00e9 une action collective d\u2019engagement vers le \u00ab\u00a0Z\u00e9ro Phyto\u00a0\u00bb<\/em><\/p>\n<\/header>\n<\/div>\n<\/div>\n<\/div><\/section><\/div>\n<\/div><\/div><\/div><!-- close content main div --><\/div><\/div>\n<style type=\"text\/css\" data-created_by=\"avia_inline_auto\" id=\"style-css-av-2yg1ok-9f0867e43f9baba350d34705a073f3ba\">\n.avia-section.av-2yg1ok-9f0867e43f9baba350d34705a073f3ba{\nbackground-color:#f8ead4;\nbackground-image:unset;\n}\n<\/style>\n<div id='av_section_3'  class='avia-section av-2yg1ok-9f0867e43f9baba350d34705a073f3ba main_color avia-section-default avia-no-border-styling  avia-builder-el-67  el_after_av_one_third  el_before_av_hr  avia-bg-style-scroll container_wrap fullsize'  ><div class='container av-section-cont-open' ><div class='template-page content  av-content-full alpha units'><div class='post-entry post-entry-type-page post-entry-11055'><div class='entry-content-wrapper clearfix'>\n<section  class='av_textblock_section av-kg6peh-8112137ded76fe41258392c0446e8f31 '   itemscope=\"itemscope\" itemtype=\"https:\/\/schema.org\/CreativeWork\" ><div class='avia_textblock'  itemprop=\"text\" ><h2 id=\"lien5\" style=\"text-align: left\">RESSOURCES<\/h2>\n<\/div><\/section>\n\n<style type=\"text\/css\" data-created_by=\"avia_inline_auto\" id=\"style-css-av-26so09b-10ef30c2762b5471923370e4e489ad0c\">\n#top .hr.hr-invisible.av-26so09b-10ef30c2762b5471923370e4e489ad0c{\nheight:50px;\n}\n<\/style>\n<div  class='hr av-26so09b-10ef30c2762b5471923370e4e489ad0c hr-invisible  avia-builder-el-69  el_after_av_textblock  el_before_av_one_fifth '><span class='hr-inner '><span class=\"hr-inner-style\"><\/span><\/span><\/div>\n\n<style type=\"text\/css\" data-created_by=\"avia_inline_auto\" id=\"style-css-av-axp9ms-aed2e83dc6f1f9d1ca597507e1bfe548\">\n.flex_column.av-axp9ms-aed2e83dc6f1f9d1ca597507e1bfe548{\nborder-radius:0px 0px 0px 0px;\npadding:0px 0px 0px 0px;\n}\n<\/style>\n<div  class='flex_column av-axp9ms-aed2e83dc6f1f9d1ca597507e1bfe548 av_one_fifth  avia-builder-el-70  el_after_av_hr  el_before_av_one_fifth  first flex_column_div av-zero-column-padding  '     ><p>\n<style type=\"text\/css\" data-created_by=\"avia_inline_auto\" id=\"style-css-av-kr648ikf-0f51f92fdbd83d61dff41792fcce99ae\">\n.avia-image-container.av-kr648ikf-0f51f92fdbd83d61dff41792fcce99ae img.avia_image{\nbox-shadow:none;\n}\n.avia-image-container.av-kr648ikf-0f51f92fdbd83d61dff41792fcce99ae .av-image-caption-overlay-center{\ncolor:#ffffff;\n}\n<\/style>\n<div  class='avia-image-container av-kr648ikf-0f51f92fdbd83d61dff41792fcce99ae av-styling- av-img-linked avia-align-center  avia-builder-el-71  el_before_av_textblock  avia-builder-el-first '   itemprop=\"image\" itemscope=\"itemscope\" itemtype=\"https:\/\/schema.org\/ImageObject\" ><div class=\"avia-image-container-inner\"><div class=\"avia-image-overlay-wrap\"><a href=\"https:\/\/www.youtube.com\/watch?v=Y0ZUXUBmw_Q&amp;t=19s\" class='avia_image '  target=\"_blank\"  rel=\"noopener noreferrer\" ><img decoding=\"async\" fetchpriority=\"high\" class='wp-image- avia-img-lazy-loading-not- avia_image ' src=\"https:\/\/www.fredonoccitanie.com\/jevi\/wp-content\/uploads\/sites\/2\/2022\/12\/camp1-259x300.png\" alt='' title=''   itemprop=\"thumbnailUrl\"  \/><\/a><\/div><\/div><\/div><br \/>\n<section  class='av_textblock_section av-izbfin-0da642b9511d2d7e93377e8690e27a22 '   itemscope=\"itemscope\" itemtype=\"https:\/\/schema.org\/CreativeWork\" ><div class='avia_textblock'  itemprop=\"text\" ><h3 style=\"text-align: center\"><a href=\"https:\/\/www.youtube.com\/watch?v=Y0ZUXUBmw_Q&amp;t=19s\"><span class=\"TextRun SCXW148360922 BCX2\" lang=\"FR-FR\" xml:lang=\"FR-FR\" data-contrast=\"auto\"><span class=\"NormalTextRun SCXW148360922 BCX2\">Webinaire<\/span><\/span><\/a><\/h3>\n<p style=\"text-align: center\"><b>Ne campez pas sur vos modes de gestion, passez au Z\u00e9ro Phyto : des pistes pour les gestionnaires de campings pour anticiper l&rsquo;\u00e9ch\u00e9ance du 1er juillet<\/b><\/p>\n<p style=\"text-align: center\"><a href=\"https:\/\/fredonoccitanie189-my.sharepoint.com\/:b:\/g\/personal\/f_martel_fredon-occitanie_fr\/EZbo_zq2qttOj1JsSTAY5bUBp8kQ-LE_eCXG3OrntkKXxw?e=B86INc\">[Diaporama consultable ici]<\/a><\/p>\n<p style=\"text-align: center\">@FREDON Occitanie<\/p>\n<\/div><\/section><\/p><\/div>\n<style type=\"text\/css\" data-created_by=\"avia_inline_auto\" id=\"style-css-av-c2fyk4-51a5d7a952b3e9fe5cb18895f2186109\">\n.flex_column.av-c2fyk4-51a5d7a952b3e9fe5cb18895f2186109{\nborder-radius:0px 0px 0px 0px;\npadding:0px 0px 0px 0px;\n}\n<\/style>\n<div  class='flex_column av-c2fyk4-51a5d7a952b3e9fe5cb18895f2186109 av_one_fifth  avia-builder-el-73  el_after_av_one_fifth  el_before_av_one_fifth  flex_column_div av-zero-column-padding  '     ><p>\n<style type=\"text\/css\" data-created_by=\"avia_inline_auto\" id=\"style-css-av-kr6465wl-e4470ff6d27e8894b9922d8ebd0a77b2\">\n.avia-image-container.av-kr6465wl-e4470ff6d27e8894b9922d8ebd0a77b2 img.avia_image{\nbox-shadow:none;\n}\n.avia-image-container.av-kr6465wl-e4470ff6d27e8894b9922d8ebd0a77b2 .av-image-caption-overlay-center{\ncolor:#ffffff;\n}\n<\/style>\n<div  class='avia-image-container av-kr6465wl-e4470ff6d27e8894b9922d8ebd0a77b2 av-styling- av-img-linked avia-align-center  avia-builder-el-74  el_before_av_textblock  avia-builder-el-first '   itemprop=\"image\" itemscope=\"itemscope\" itemtype=\"https:\/\/schema.org\/ImageObject\" ><div class=\"avia-image-container-inner\"><div class=\"avia-image-overlay-wrap\"><a href=\"https:\/\/fredonoccitanie189-my.sharepoint.com\/:b:\/g\/personal\/f_martel_fredon-occitanie_fr\/ESX2BhWdpU9Di2unTnjPm7QBXFs5CXmgFRqgtSPwc33dLA?e=kTBVjO\" class='avia_image '  target=\"_blank\"  rel=\"noopener noreferrer\" ><img decoding=\"async\" fetchpriority=\"high\" class='wp-image- avia-img-lazy-loading-not- avia_image ' src=\"https:\/\/www.fredonoccitanie.com\/jevi\/wp-content\/uploads\/sites\/2\/2022\/12\/REX_camp-209x300.png\" alt='' title=''   itemprop=\"thumbnailUrl\"  \/><\/a><\/div><\/div><\/div><br \/>\n<section  class='av_textblock_section av-kr646ptu-cc3b0711f67b87a01343a1d77131703d '   itemscope=\"itemscope\" itemtype=\"https:\/\/schema.org\/CreativeWork\" ><div class='avia_textblock'  itemprop=\"text\" ><h3 style=\"text-align: center\"><a href=\"https:\/\/fredonoccitanie189-my.sharepoint.com\/:b:\/g\/personal\/f_martel_fredon-occitanie_fr\/ESX2BhWdpU9Di2unTnjPm7QBXFs5CXmgFRqgtSPwc33dLA?e=kTBVjO\"><span class=\"TextRun SCXW148360922 BCX2\" lang=\"FR-FR\" xml:lang=\"FR-FR\" data-contrast=\"auto\"><span class=\"NormalTextRun SCXW148360922 BCX2\">Fiche technique<\/span><\/span><\/a><\/h3>\n<p style=\"text-align: center\"><strong><span class=\"TextRun SCXW148360922 BCX2\" lang=\"FR-FR\" xml:lang=\"FR-FR\" data-contrast=\"auto\"><span class=\"NormalTextRun SCXW148360922 BCX2\">Retour d\u2019exp\u00e9rience du camping <\/span><span class=\"NormalTextRun SCXW148360922 BCX2\">Les <\/span><span class=\"NormalTextRun SpellingErrorV2Themed SCXW148360922 BCX2\">Floralys<\/span><span class=\"NormalTextRun SCXW148360922 BCX2\"> \u00e0 Narbonne (11)<\/span><\/span><\/strong><\/p>\n<p style=\"text-align: center\">@FREDON Occitanie<\/p>\n<\/div><\/section><\/p><\/div>\n<style type=\"text\/css\" data-created_by=\"avia_inline_auto\" id=\"style-css-av-1kxcdvz-7f8be1192fc4bae0039ea2e437b6e736\">\n.flex_column.av-1kxcdvz-7f8be1192fc4bae0039ea2e437b6e736{\nborder-radius:0px 0px 0px 0px;\npadding:0px 0px 0px 0px;\n}\n<\/style>\n<div  class='flex_column av-1kxcdvz-7f8be1192fc4bae0039ea2e437b6e736 av_one_fifth  avia-builder-el-76  el_after_av_one_fifth  el_before_av_one_fifth  flex_column_div av-zero-column-padding  '     ><p>\n<style type=\"text\/css\" data-created_by=\"avia_inline_auto\" id=\"style-css-av-172czsf-bfa588aa497bd6c8a41e7981f72958a3\">\n.avia-image-container.av-172czsf-bfa588aa497bd6c8a41e7981f72958a3 img.avia_image{\nbox-shadow:none;\n}\n.avia-image-container.av-172czsf-bfa588aa497bd6c8a41e7981f72958a3 .av-image-caption-overlay-center{\ncolor:#ffffff;\n}\n<\/style>\n<div  class='avia-image-container av-172czsf-bfa588aa497bd6c8a41e7981f72958a3 av-styling- av-img-linked avia-align-center  avia-builder-el-77  el_before_av_textblock  avia-builder-el-first '   itemprop=\"image\" itemscope=\"itemscope\" itemtype=\"https:\/\/schema.org\/ImageObject\" ><div class=\"avia-image-container-inner\"><div class=\"avia-image-overlay-wrap\"><a href=\"https:\/\/fredonoccitanie189-my.sharepoint.com\/:w:\/g\/personal\/f_martel_fredon-occitanie_fr\/Efy4nvnO1WNJoS-3P175R7kBXoxwP_jeB9khSpoldv6qgw?e=0cArtA\" class='avia_image '  target=\"_blank\"  rel=\"noopener noreferrer\" aria-label='guide_methodologique_Campings'><img decoding=\"async\" fetchpriority=\"high\" class='wp-image-10896 avia-img-lazy-loading-not-10896 avia_image ' src=\"https:\/\/www.fredonoccitanie.com\/jevi\/wp-content\/uploads\/sites\/2\/2023\/01\/guide_methodologique_Campings-212x300.png\" alt='' title='guide_methodologique_Campings'  height=\"300\" width=\"212\"  itemprop=\"thumbnailUrl\" srcset=\"https:\/\/www.fredonoccitanie.com\/jevi\/wp-content\/uploads\/sites\/2\/2023\/01\/guide_methodologique_Campings-212x300.png 212w, https:\/\/www.fredonoccitanie.com\/jevi\/wp-content\/uploads\/sites\/2\/2023\/01\/guide_methodologique_Campings-499x705.png 499w, https:\/\/www.fredonoccitanie.com\/jevi\/wp-content\/uploads\/sites\/2\/2023\/01\/guide_methodologique_Campings.png 559w\" sizes=\"(max-width: 212px) 100vw, 212px\" \/><\/a><\/div><\/div><\/div><br \/>\n<section  class='av_textblock_section av-qc0r2n-4eaf3eb8755a97084381e68831c4ae56 '   itemscope=\"itemscope\" itemtype=\"https:\/\/schema.org\/CreativeWork\" ><div class='avia_textblock'  itemprop=\"text\" ><div class=\"vc-hoverbox-block vc-hoverbox-back\">\n<div class=\"vc-hoverbox-block-inner vc-hoverbox-back-inner\">\n<div class=\"vc-hoverbox-block vc-hoverbox-back\">\n<div class=\"vc-hoverbox-block-inner vc-hoverbox-back-inner\">\n<section class=\"av_textblock_section \">\n<div class=\"avia_textblock \">\n<div class=\"vc-hoverbox-block vc-hoverbox-back\">\n<div class=\"vc-hoverbox-block-inner vc-hoverbox-back-inner\">\n<div class=\"vc-hoverbox-block vc-hoverbox-back\">\n<div class=\"vc-hoverbox-block-inner vc-hoverbox-back-inner\">\n<h3 class=\"vc_custom_heading\" style=\"text-align: center\"><a href=\"https:\/\/fredonoccitanie189-my.sharepoint.com\/:w:\/g\/personal\/f_martel_fredon-occitanie_fr\/Efy4nvnO1WNJoS-3P175R7kBXoxwP_jeB9khSpoldv6qgw?e=Ft52mz\"><span class=\"TextRun SCXW19708417 BCX2\" lang=\"FR-FR\" xml:lang=\"FR-FR\" data-contrast=\"auto\"><span class=\"NormalTextRun SCXW19708417 BCX2\">Guide <\/span><\/span><\/a><\/h3>\n<h3><\/h3>\n<p class=\"vc_custom_heading\" style=\"text-align: center\"><strong><span style=\"font-size: 16px\">Guide m\u00e9thodologique pour la mise en place d\u2019un plan de d\u00e9sherbage <\/span><span style=\"font-size: 16px\"> d\u00e9di\u00e9 aux campings<\/span><\/strong><\/p>\n<p style=\"text-align: center\"><span class=\"TextRun SCXW19708417 BCX2\" lang=\"FR-FR\" xml:lang=\"FR-FR\" data-contrast=\"auto\"><span class=\"NormalTextRun SCXW19708417 BCX2\">@FREDON Occitanie<\/span><\/span><\/p>\n<\/div>\n<\/div>\n<\/div>\n<\/div>\n<\/div>\n<\/section>\n<\/div>\n<\/div>\n<\/div>\n<\/div>\n<\/div><\/section><\/p><\/div>\n<style type=\"text\/css\" data-created_by=\"avia_inline_auto\" id=\"style-css-av-2fpqzo-b10037acaada195f1dfc608617078a5d\">\n.flex_column.av-2fpqzo-b10037acaada195f1dfc608617078a5d{\nborder-radius:0px 0px 0px 0px;\npadding:0px 0px 0px 0px;\n}\n<\/style>\n<div  class='flex_column av-2fpqzo-b10037acaada195f1dfc608617078a5d av_one_fifth  avia-builder-el-79  el_after_av_one_fifth  el_before_av_one_fifth  flex_column_div av-zero-column-padding  '     ><p>\n<style type=\"text\/css\" data-created_by=\"avia_inline_auto\" id=\"style-css-av-kr64hvn2-084ee57bce635771336f7dfdbff8de37\">\n.avia-image-container.av-kr64hvn2-084ee57bce635771336f7dfdbff8de37 img.avia_image{\nbox-shadow:none;\n}\n.avia-image-container.av-kr64hvn2-084ee57bce635771336f7dfdbff8de37 .av-image-caption-overlay-center{\ncolor:#ffffff;\n}\n<\/style>\n<div  class='avia-image-container av-kr64hvn2-084ee57bce635771336f7dfdbff8de37 av-styling- av-img-linked avia-align-center  avia-builder-el-80  el_before_av_textblock  avia-builder-el-first '   itemprop=\"image\" itemscope=\"itemscope\" itemtype=\"https:\/\/schema.org\/ImageObject\" ><div class=\"avia-image-container-inner\"><div class=\"avia-image-overlay-wrap\"><a href=\"https:\/\/fredonoccitanie189-my.sharepoint.com\/:b:\/g\/personal\/f_martel_fredon-occitanie_fr\/ESqC8K70XLFCsd0iqLK0Nm4B71uqA-1Ghsdw6BJ032GVwA?e=aNiYun\" class='avia_image '  target=\"_blank\"  rel=\"noopener noreferrer\" ><img decoding=\"async\" fetchpriority=\"high\" class='wp-image- avia-img-lazy-loading-not- avia_image ' src=\"https:\/\/www.fredonoccitanie.com\/jevi\/wp-content\/uploads\/sites\/2\/2022\/12\/camp3-215x300.png\" alt='' title=''   itemprop=\"thumbnailUrl\"  \/><\/a><\/div><\/div><\/div><br \/>\n<section  class='av_textblock_section av-kr64i3n3-042219943875abe6de73f9a13ace9158 '   itemscope=\"itemscope\" itemtype=\"https:\/\/schema.org\/CreativeWork\" ><div class='avia_textblock'  itemprop=\"text\" ><section class=\"av_textblock_section \">\n<div class=\"avia_textblock \">\n<div class=\"vc-hoverbox-block vc-hoverbox-back\">\n<div class=\"vc-hoverbox-block-inner vc-hoverbox-back-inner\">\n<div class=\"vc-hoverbox-block vc-hoverbox-back\">\n<div class=\"vc-hoverbox-block vc-hoverbox-back\">\n<h3 class=\"vc-hoverbox-block-inner vc-hoverbox-back-inner\" style=\"text-align: center\"><span class=\"TextRun SCXW257227516 BCX2\" lang=\"FR-FR\" xml:lang=\"FR-FR\" data-contrast=\"auto\"><a href=\"https:\/\/fredonoccitanie189-my.sharepoint.com\/:b:\/g\/personal\/f_martel_fredon-occitanie_fr\/ESqC8K70XLFCsd0iqLK0Nm4B71uqA-1Ghsdw6BJ032GVwA?e=NiJj50\"><span class=\"NormalTextRun SCXW257227516 BCX2\">G<\/span><span class=\"NormalTextRun SCXW257227516 BCX2\">uide <\/span><\/a><\/span><\/h3>\n<p class=\"vc-hoverbox-block-inner vc-hoverbox-back-inner\" style=\"text-align: center\"><strong><span class=\"TextRun SCXW257227516 BCX2\" lang=\"FR-FR\" xml:lang=\"FR-FR\" data-contrast=\"auto\"><span class=\"NormalTextRun SCXW257227516 BCX2\">Guide tourisme et biodiv<\/span><span class=\"NormalTextRun SCXW257227516 BCX2\">ersit\u00e9<\/span><\/span><\/strong><\/p>\n<\/div>\n<p style=\"text-align: center\">@Minist\u00e8re de l&rsquo;\u00e9conomie<\/p>\n<\/div>\n<\/div>\n<\/div>\n<\/div>\n<\/section>\n<\/div><\/section><\/p><\/div>\n<style type=\"text\/css\" data-created_by=\"avia_inline_auto\" id=\"style-css-av-8o7vs4-ddfeb7401ece14b4f03ffeda388804b1\">\n.flex_column.av-8o7vs4-ddfeb7401ece14b4f03ffeda388804b1{\nborder-radius:0px 0px 0px 0px;\npadding:0px 0px 0px 0px;\n}\n<\/style>\n<div  class='flex_column av-8o7vs4-ddfeb7401ece14b4f03ffeda388804b1 av_one_fifth  avia-builder-el-82  el_after_av_one_fifth  el_before_av_one_fifth  flex_column_div av-zero-column-padding  '     ><p>\n<style type=\"text\/css\" data-created_by=\"avia_inline_auto\" id=\"style-css-av-kr64ahpk-15164105b0d5fde795a4b9e87fe91783\">\n.avia-image-container.av-kr64ahpk-15164105b0d5fde795a4b9e87fe91783 img.avia_image{\nbox-shadow:none;\n}\n.avia-image-container.av-kr64ahpk-15164105b0d5fde795a4b9e87fe91783 .av-image-caption-overlay-center{\ncolor:#ffffff;\n}\n<\/style>\n<div  class='avia-image-container av-kr64ahpk-15164105b0d5fde795a4b9e87fe91783 av-styling- av-img-linked avia-align-center  avia-builder-el-83  el_before_av_textblock  avia-builder-el-first '   itemprop=\"image\" itemscope=\"itemscope\" itemtype=\"https:\/\/schema.org\/ImageObject\" ><div class=\"avia-image-container-inner\"><div class=\"avia-image-overlay-wrap\"><a href=\"https:\/\/fredonoccitanie189-my.sharepoint.com\/:b:\/g\/personal\/f_martel_fredon-occitanie_fr\/EZf6U6gY1AtEto3fberiyhgBOLgJMbeFxyR-kMSJfOu79A?e=M1tloc\" class='avia_image '  target=\"_blank\"  rel=\"noopener noreferrer\" aria-label='insertion_paysage'><img decoding=\"async\" fetchpriority=\"high\" class='wp-image-10901 avia-img-lazy-loading-not-10901 avia_image ' src=\"https:\/\/www.fredonoccitanie.com\/jevi\/wp-content\/uploads\/sites\/2\/2023\/01\/insertion_paysage-214x300.png\" alt='' title='insertion_paysage'  height=\"300\" width=\"214\"  itemprop=\"thumbnailUrl\" srcset=\"https:\/\/www.fredonoccitanie.com\/jevi\/wp-content\/uploads\/sites\/2\/2023\/01\/insertion_paysage-214x300.png 214w, https:\/\/www.fredonoccitanie.com\/jevi\/wp-content\/uploads\/sites\/2\/2023\/01\/insertion_paysage.png 365w\" sizes=\"(max-width: 214px) 100vw, 214px\" \/><\/a><\/div><\/div><\/div><br \/>\n<section  class='av_textblock_section av-kr64a0jk-2ec025072b237a980ef402f8282939e7 '   itemscope=\"itemscope\" itemtype=\"https:\/\/schema.org\/CreativeWork\" ><div class='avia_textblock'  itemprop=\"text\" ><section class=\"av_textblock_section \">\n<div class=\"avia_textblock \">\n<div class=\"vc-hoverbox-block vc-hoverbox-back\">\n<div class=\"vc-hoverbox-block-inner vc-hoverbox-back-inner\">\n<div class=\"vc-hoverbox-block vc-hoverbox-back\">\n<div class=\"vc-hoverbox-block-inner vc-hoverbox-back-inner\">\n<h3 class=\"vc_custom_heading\" style=\"text-align: center\"><a title=\"REX Cimetiere\" href=\"https:\/\/fredonoccitanie189-my.sharepoint.com\/:b:\/g\/personal\/f_martel_fredon-occitanie_fr\/EZf6U6gY1AtEto3fberiyhgBOLgJMbeFxyR-kMSJfOu79A?e=M1tloc\" target=\"_blank\" rel=\"noopener\"><span class=\"TextRun SCXW63823956 BCX2\" lang=\"FR-FR\" xml:lang=\"FR-FR\" data-contrast=\"auto\"><span class=\"NormalTextRun SCXW63823956 BCX2\">Guide <\/span><\/span><\/a><\/h3>\n<p class=\"vc_custom_heading\" style=\"text-align: center\"><strong><span class=\"TextRun SCXW63823956 BCX2\" lang=\"FR-FR\" xml:lang=\"FR-FR\" data-contrast=\"auto\"><span class=\"NormalTextRun SCXW63823956 BCX2\">Guide sur l\u2019insertion paysag\u00e8re des campings en sites class\u00e9s\u202f<\/span><\/span><\/strong><\/p>\n<p class=\"vc_custom_heading\" style=\"text-align: center\">@Minist\u00e8re de la transition \u00e9cologique, en partenariat avec la FNHPA<\/p>\n<\/div>\n<div class=\"vc-hoverbox-block-inner vc-hoverbox-back-inner\"><\/div>\n<\/div>\n<\/div>\n<\/div>\n<\/div>\n<\/section>\n<\/div><\/section><\/p><\/div>\n<style type=\"text\/css\" data-created_by=\"avia_inline_auto\" id=\"style-css-av-uicoop-9fdc097be0891bba5717943312b937f3\">\n.flex_column.av-uicoop-9fdc097be0891bba5717943312b937f3{\nborder-radius:0px 0px 0px 0px;\npadding:0px 0px 0px 0px;\n}\n<\/style>\n<div  class='flex_column av-uicoop-9fdc097be0891bba5717943312b937f3 av_one_fifth  avia-builder-el-85  el_after_av_one_fifth  el_before_av_one_fifth  first flex_column_div av-zero-column-padding  column-top-margin'     ><p>\n<style type=\"text\/css\" data-created_by=\"avia_inline_auto\" id=\"style-css-av-lbw8jgui-0f5ab6c937a3b18a9a4e1ffc3ba04304\">\n.avia-image-container.av-lbw8jgui-0f5ab6c937a3b18a9a4e1ffc3ba04304 img.avia_image{\nbox-shadow:none;\n}\n.avia-image-container.av-lbw8jgui-0f5ab6c937a3b18a9a4e1ffc3ba04304 .av-image-caption-overlay-center{\ncolor:#ffffff;\n}\n<\/style>\n<div  class='avia-image-container av-lbw8jgui-0f5ab6c937a3b18a9a4e1ffc3ba04304 av-styling- av-img-linked avia-align-center  avia-builder-el-86  el_before_av_textblock  avia-builder-el-first '   itemprop=\"image\" itemscope=\"itemscope\" itemtype=\"https:\/\/schema.org\/ImageObject\" ><div class=\"avia-image-container-inner\"><div class=\"avia-image-overlay-wrap\"><a href=\"https:\/\/fredonoccitanie189-my.sharepoint.com\/:b:\/g\/personal\/f_martel_fredon-occitanie_fr\/EXFdUuE9LG5IsjnCTsijj1IBXR8aydG1KU0z8OwjPms9SA?e=RLACcq\" class='avia_image '  target=\"_blank\"  rel=\"noopener noreferrer\" ><img decoding=\"async\" fetchpriority=\"high\" class='wp-image- avia-img-lazy-loading-not- avia_image ' src=\"https:\/\/www.fredonoccitanie.com\/jevi\/wp-content\/uploads\/sites\/2\/2022\/12\/camp4.png\" alt='' title=''   itemprop=\"thumbnailUrl\"  \/><\/a><\/div><\/div><\/div><br \/>\n<section  class='av_textblock_section av-lbw8ik6c-e78908f644e09a495a05c5b77096a687 '   itemscope=\"itemscope\" itemtype=\"https:\/\/schema.org\/CreativeWork\" ><div class='avia_textblock'  itemprop=\"text\" ><section class=\"av_textblock_section \">\n<div class=\"avia_textblock \">\n<div class=\"vc-hoverbox-block vc-hoverbox-back\">\n<div class=\"vc-hoverbox-block-inner vc-hoverbox-back-inner\">\n<h3 class=\"vc-hoverbox-block vc-hoverbox-back\" style=\"text-align: center\"><a href=\"https:\/\/fredonoccitanie189-my.sharepoint.com\/:b:\/g\/personal\/f_martel_fredon-occitanie_fr\/EXFdUuE9LG5IsjnCTsijj1IBXR8aydG1KU0z8OwjPms9SA?e=RLACcq\"><span class=\"TextRun SCXW237269405 BCX2\" lang=\"FR-FR\" xml:lang=\"FR-FR\" data-contrast=\"auto\"><span class=\"NormalTextRun SCXW237269405 BCX2\">Guide <\/span><\/span><\/a><\/h3>\n<p class=\"vc-hoverbox-block vc-hoverbox-back\" style=\"text-align: center\"><strong><span class=\"TextRun SCXW237269405 BCX2\" lang=\"FR-FR\" xml:lang=\"FR-FR\" data-contrast=\"auto\"><span class=\"NormalTextRun SCXW237269405 BCX2\">Rev\u00eatements perm\u00e9ables des am\u00e9nagements urbains : typologie et caract\u00e9ristiques techniques\u202f<\/span><\/span><\/strong><\/p>\n<p class=\"vc-hoverbox-block vc-hoverbox-back\" style=\"text-align: center\">@Plante&amp;Cit\u00e9<\/p>\n<\/div>\n<div class=\"vc-hoverbox-block-inner vc-hoverbox-back-inner\"><\/div>\n<\/div>\n<\/div>\n<\/section>\n<\/div><\/section><\/p><\/div>\n<style type=\"text\/css\" data-created_by=\"avia_inline_auto\" id=\"style-css-av-2wod8tr-aea1017252516a2ad69d6ddd8ecda3dd\">\n.flex_column.av-2wod8tr-aea1017252516a2ad69d6ddd8ecda3dd{\nborder-radius:0px 0px 0px 0px;\npadding:0px 0px 0px 0px;\n}\n<\/style>\n<div  class='flex_column av-2wod8tr-aea1017252516a2ad69d6ddd8ecda3dd av_one_fifth  avia-builder-el-88  el_after_av_one_fifth  el_before_av_one_fifth  flex_column_div av-zero-column-padding  column-top-margin'     ><p>\n<style type=\"text\/css\" data-created_by=\"avia_inline_auto\" id=\"style-css-av-2g8kdin-0fe5d150e5f3934c945fa68c30be122b\">\n.avia-image-container.av-2g8kdin-0fe5d150e5f3934c945fa68c30be122b img.avia_image{\nbox-shadow:none;\n}\n.avia-image-container.av-2g8kdin-0fe5d150e5f3934c945fa68c30be122b .av-image-caption-overlay-center{\ncolor:#ffffff;\n}\n<\/style>\n<div  class='avia-image-container av-2g8kdin-0fe5d150e5f3934c945fa68c30be122b av-styling- av-img-linked avia-align-center  avia-builder-el-89  el_before_av_textblock  avia-builder-el-first '   itemprop=\"image\" itemscope=\"itemscope\" itemtype=\"https:\/\/schema.org\/ImageObject\" ><div class=\"avia-image-container-inner\"><div class=\"avia-image-overlay-wrap\"><a href=\"https:\/\/fredonoccitanie189-my.sharepoint.com\/:f:\/g\/personal\/f_martel_fredon-occitanie_fr\/Eq17qlsaAsxPvlDSzRI4pL4BME3RwrplmYB3KZIeBSuoFg?e=0IYqkC\" class='avia_image '  target=\"_blank\"  rel=\"noopener noreferrer\" aria-label='camp3'><img decoding=\"async\" fetchpriority=\"high\" class='wp-image-10465 avia-img-lazy-loading-not-10465 avia_image ' src=\"https:\/\/www.fredonoccitanie.com\/jevi\/wp-content\/uploads\/sites\/2\/2022\/12\/camp3-1.png\" alt='' title='camp3'  height=\"801\" width=\"565\"  itemprop=\"thumbnailUrl\" srcset=\"https:\/\/www.fredonoccitanie.com\/jevi\/wp-content\/uploads\/sites\/2\/2022\/12\/camp3-1.png 565w, https:\/\/www.fredonoccitanie.com\/jevi\/wp-content\/uploads\/sites\/2\/2022\/12\/camp3-1-212x300.png 212w, https:\/\/www.fredonoccitanie.com\/jevi\/wp-content\/uploads\/sites\/2\/2022\/12\/camp3-1-497x705.png 497w\" sizes=\"(max-width: 565px) 100vw, 565px\" \/><\/a><\/div><\/div><\/div><br \/>\n<section  class='av_textblock_section av-1wycy5r-884d712a77d24e4b6abbfc52ce96107f '   itemscope=\"itemscope\" itemtype=\"https:\/\/schema.org\/CreativeWork\" ><div class='avia_textblock'  itemprop=\"text\" ><section class=\"av_textblock_section \">\n<div class=\"avia_textblock \">\n<div class=\"vc-hoverbox-block vc-hoverbox-back\">\n<div class=\"vc-hoverbox-block-inner vc-hoverbox-back-inner\">\n<div class=\"vc-hoverbox-block vc-hoverbox-back\">\n<h3 class=\"vc-hoverbox-block-inner vc-hoverbox-back-inner\" style=\"text-align: center\"><a href=\"https:\/\/fredonoccitanie189-my.sharepoint.com\/:f:\/g\/personal\/f_martel_fredon-occitanie_fr\/Eq17qlsaAsxPvlDSzRI4pL4BME3RwrplmYB3KZIeBSuoFg?e=0IYqkC\"><span class=\"TextRun SCXW200796126 BCX2\" lang=\"FR-FR\" xml:lang=\"FR-FR\" data-contrast=\"auto\"><span class=\"NormalTextRun SCXW200796126 BCX2\">Guide<\/span><\/span><\/a><\/h3>\n<div class=\"vc-hoverbox-block-inner vc-hoverbox-back-inner\" style=\"text-align: center\"><strong><span class=\"TextRun SCXW200796126 BCX2\" lang=\"FR-FR\" xml:lang=\"FR-FR\" data-contrast=\"auto\"><span class=\"NormalTextRun SCXW200796126 BCX2\">Des d\u00e9chets\/tr\u00e9sors verts dans mon jardin : fiches techniques \u00e0 l\u2019attention des gestionnaires\u00a0<\/span><\/span><\/strong><\/div>\n<div><\/div>\n<div><\/div>\n<div><\/div>\n<div><\/div>\n<div class=\"vc-hoverbox-block-inner vc-hoverbox-back-inner\" style=\"text-align: center\"><span class=\"TextRun SCXW200796126 BCX2\" lang=\"FR-FR\" xml:lang=\"FR-FR\" data-contrast=\"auto\"><span class=\"NormalTextRun SCXW200796126 BCX2\">@FREDON <\/span><span class=\"NormalTextRun SCXW200796126 BCX2\">France et <\/span><span class=\"NormalTextRun SpellingErrorV2Themed SCXW200796126 BCX2\">Valtom<\/span><\/span><\/div>\n<\/div>\n<\/div>\n<\/div>\n<\/div>\n<\/section>\n<\/div><\/section><\/p><\/div>\n<style type=\"text\/css\" data-created_by=\"avia_inline_auto\" id=\"style-css-av-1l5ofq1-bbd79cee39171265326024125730e875\">\n.flex_column.av-1l5ofq1-bbd79cee39171265326024125730e875{\nborder-radius:0px 0px 0px 0px;\npadding:0px 0px 0px 0px;\n}\n<\/style>\n<div  class='flex_column av-1l5ofq1-bbd79cee39171265326024125730e875 av_one_fifth  avia-builder-el-91  el_after_av_one_fifth  el_before_av_one_fifth  flex_column_div av-zero-column-padding  column-top-margin'     ><p>\n<style type=\"text\/css\" data-created_by=\"avia_inline_auto\" id=\"style-css-av-126s8ux-0f351192717d67ef932e19d9c25b549a\">\n.avia-image-container.av-126s8ux-0f351192717d67ef932e19d9c25b549a img.avia_image{\nbox-shadow:none;\n}\n.avia-image-container.av-126s8ux-0f351192717d67ef932e19d9c25b549a .av-image-caption-overlay-center{\ncolor:#ffffff;\n}\n<\/style>\n<div  class='avia-image-container av-126s8ux-0f351192717d67ef932e19d9c25b549a av-styling- av-img-linked avia-align-center  avia-builder-el-92  el_before_av_textblock  avia-builder-el-first '   itemprop=\"image\" itemscope=\"itemscope\" itemtype=\"https:\/\/schema.org\/ImageObject\" ><div class=\"avia-image-container-inner\"><div class=\"avia-image-overlay-wrap\"><a href=\"https:\/\/pro.tourisme-occitanie.com\/uploads\/sites\/10\/2021\/09\/guide_qualif_ii_exe_compressed.pdf\" class='avia_image '  target=\"_blank\"  rel=\"noopener noreferrer\" aria-label='guide_labels_crtlo'><img decoding=\"async\" fetchpriority=\"high\" class='wp-image-10894 avia-img-lazy-loading-not-10894 avia_image ' src=\"https:\/\/www.fredonoccitanie.com\/jevi\/wp-content\/uploads\/sites\/2\/2023\/01\/guide_labels_crtlo-247x300.png\" alt='' title='guide_labels_crtlo'  height=\"300\" width=\"247\"  itemprop=\"thumbnailUrl\" srcset=\"https:\/\/www.fredonoccitanie.com\/jevi\/wp-content\/uploads\/sites\/2\/2023\/01\/guide_labels_crtlo-247x300.png 247w, https:\/\/www.fredonoccitanie.com\/jevi\/wp-content\/uploads\/sites\/2\/2023\/01\/guide_labels_crtlo-580x705.png 580w, https:\/\/www.fredonoccitanie.com\/jevi\/wp-content\/uploads\/sites\/2\/2023\/01\/guide_labels_crtlo.png 694w\" sizes=\"(max-width: 247px) 100vw, 247px\" \/><\/a><\/div><\/div><\/div><br \/>\n<section  class='av_textblock_section av-rr80gp-1dc58660d39051c29a05171e9d7f2e27 '   itemscope=\"itemscope\" itemtype=\"https:\/\/schema.org\/CreativeWork\" ><div class='avia_textblock'  itemprop=\"text\" ><section class=\"av_textblock_section \">\n<div class=\"avia_textblock \">\n<div class=\"vc-hoverbox-block vc-hoverbox-back\">\n<div class=\"vc-hoverbox-block-inner vc-hoverbox-back-inner\">\n<h3 style=\"text-align: center\"><a href=\"https:\/\/pro.tourisme-occitanie.com\/uploads\/sites\/10\/2021\/09\/guide_qualif_ii_exe_compressed.pdf\">Guide <\/a><\/h3>\n<p style=\"text-align: center\"><strong>Guide des labels du tourisme en Occitanie<\/strong><\/p>\n<\/div>\n<div style=\"text-align: center\">@Comit\u00e9 r\u00e9gional du tourisme et des loisirs Occitanie<\/div>\n<div class=\"vc-hoverbox-block-inner vc-hoverbox-back-inner\"><\/div>\n<\/div>\n<\/div>\n<\/section>\n<\/div><\/section><\/p><\/div>\n<style type=\"text\/css\" data-created_by=\"avia_inline_auto\" id=\"style-css-av-1mard3j-fd7cd4bd6625345c3bdb9fee62445ede\">\n.flex_column.av-1mard3j-fd7cd4bd6625345c3bdb9fee62445ede{\nborder-radius:0px 0px 0px 0px;\npadding:0px 0px 0px 0px;\n}\n<\/style>\n<div  class='flex_column av-1mard3j-fd7cd4bd6625345c3bdb9fee62445ede av_one_fifth  avia-builder-el-94  el_after_av_one_fifth  el_before_av_one_fifth  flex_column_div av-zero-column-padding  column-top-margin'     ><p>\n<style type=\"text\/css\" data-created_by=\"avia_inline_auto\" id=\"style-css-av-lcyymais-24495b2782ce355f6c66d779b5ad1441\">\n.avia-image-container.av-lcyymais-24495b2782ce355f6c66d779b5ad1441 img.avia_image{\nbox-shadow:none;\n}\n.avia-image-container.av-lcyymais-24495b2782ce355f6c66d779b5ad1441 .av-image-caption-overlay-center{\ncolor:#ffffff;\n}\n<\/style>\n<div  class='avia-image-container av-lcyymais-24495b2782ce355f6c66d779b5ad1441 av-styling- av-img-linked avia-align-center  avia-builder-el-95  el_before_av_textblock  avia-builder-el-first '   itemprop=\"image\" itemscope=\"itemscope\" itemtype=\"https:\/\/schema.org\/ImageObject\" ><div class=\"avia-image-container-inner\"><div class=\"avia-image-overlay-wrap\"><a href=\"https:\/\/www.youtube.com\/watch?v=l2vHPogGRfU&amp;t=73s\" class='avia_image '  target=\"_blank\"  rel=\"noopener noreferrer\" aria-label='Intervention_crtlo'><img decoding=\"async\" fetchpriority=\"high\" class='wp-image-10903 avia-img-lazy-loading-not-10903 avia_image ' src=\"https:\/\/www.fredonoccitanie.com\/jevi\/wp-content\/uploads\/sites\/2\/2023\/01\/Intervention_crtlo-300x225.png\" alt='' title='Intervention_crtlo'  height=\"225\" width=\"300\"  itemprop=\"thumbnailUrl\" srcset=\"https:\/\/www.fredonoccitanie.com\/jevi\/wp-content\/uploads\/sites\/2\/2023\/01\/Intervention_crtlo-300x225.png 300w, https:\/\/www.fredonoccitanie.com\/jevi\/wp-content\/uploads\/sites\/2\/2023\/01\/Intervention_crtlo-768x577.png 768w, https:\/\/www.fredonoccitanie.com\/jevi\/wp-content\/uploads\/sites\/2\/2023\/01\/Intervention_crtlo-705x530.png 705w, https:\/\/www.fredonoccitanie.com\/jevi\/wp-content\/uploads\/sites\/2\/2023\/01\/Intervention_crtlo.png 942w\" sizes=\"(max-width: 300px) 100vw, 300px\" \/><\/a><\/div><\/div><\/div><br \/>\n<section  class='av_textblock_section av-lcyylz0v-c699574e62a7fc6f7f1a009decc56ec4 '   itemscope=\"itemscope\" itemtype=\"https:\/\/schema.org\/CreativeWork\" ><div class='avia_textblock'  itemprop=\"text\" ><section class=\"av_textblock_section \">\n<div class=\"avia_textblock \">\n<div class=\"vc-hoverbox-block vc-hoverbox-back\">\n<div class=\"vc-hoverbox-block-inner vc-hoverbox-back-inner\">\n<div class=\"vc-hoverbox-block vc-hoverbox-back\">\n<h3 class=\"vc-hoverbox-block-inner vc-hoverbox-back-inner\" style=\"text-align: center\"><a href=\"https:\/\/www.youtube.com\/watch?v=l2vHPogGRfU&amp;t=73s\">Vid\u00e9o \/ intervention<\/a><\/h3>\n<p class=\"vc-hoverbox-block-inner vc-hoverbox-back-inner\" style=\"text-align: center\"><strong>\u00ab\u00a0Quand l&rsquo;engagement environnemental est vecteur d&rsquo;attractivit\u00e9\u00a0\u00bb<\/strong><\/p>\n<div class=\"vc-hoverbox-block-inner vc-hoverbox-back-inner\" style=\"text-align: center\">Intervention du Comit\u00e9 r\u00e9gional de tourisme et des loisirs (CRTL) &#8211; 2020<\/div>\n<div><\/div>\n<div style=\"text-align: center\">@FREDON Occitanie<\/div>\n<\/div>\n<\/div>\n<\/div>\n<\/div>\n<\/section>\n<\/div><\/section><\/p><\/div>\n<style type=\"text\/css\" data-created_by=\"avia_inline_auto\" id=\"style-css-av-126yoz3-3c30f118b787975918310110fc9fc1e4\">\n.flex_column.av-126yoz3-3c30f118b787975918310110fc9fc1e4{\nborder-radius:0px 0px 0px 0px;\npadding:0px 0px 0px 0px;\n}\n<\/style>\n<div  class='flex_column av-126yoz3-3c30f118b787975918310110fc9fc1e4 av_one_fifth  avia-builder-el-97  el_after_av_one_fifth  el_before_av_one_fifth  flex_column_div av-zero-column-padding  column-top-margin'     ><p>\n<style type=\"text\/css\" data-created_by=\"avia_inline_auto\" id=\"style-css-av-lcyyll04-99ec5b08328f52bca2fdef1c5a9a8663\">\n.avia-image-container.av-lcyyll04-99ec5b08328f52bca2fdef1c5a9a8663 img.avia_image{\nbox-shadow:none;\n}\n.avia-image-container.av-lcyyll04-99ec5b08328f52bca2fdef1c5a9a8663 .av-image-caption-overlay-center{\ncolor:#ffffff;\n}\n<\/style>\n<div  class='avia-image-container av-lcyyll04-99ec5b08328f52bca2fdef1c5a9a8663 av-styling- av-img-linked avia-align-center  avia-builder-el-98  el_before_av_textblock  avia-builder-el-first '   itemprop=\"image\" itemscope=\"itemscope\" itemtype=\"https:\/\/schema.org\/ImageObject\" ><div class=\"avia-image-container-inner\"><div class=\"avia-image-overlay-wrap\"><a href=\"https:\/\/www.youtube.com\/watch?v=lyuX1DRxtWo&amp;t=610s\" class='avia_image '  target=\"_blank\"  rel=\"noopener noreferrer\" aria-label='intervention_espiguette'><img decoding=\"async\" fetchpriority=\"high\" class='wp-image-10904 avia-img-lazy-loading-not-10904 avia_image ' src=\"https:\/\/www.fredonoccitanie.com\/jevi\/wp-content\/uploads\/sites\/2\/2023\/01\/intervention_espiguette-300x225.png\" alt='' title='intervention_espiguette'  height=\"225\" width=\"300\"  itemprop=\"thumbnailUrl\" srcset=\"https:\/\/www.fredonoccitanie.com\/jevi\/wp-content\/uploads\/sites\/2\/2023\/01\/intervention_espiguette-300x225.png 300w, https:\/\/www.fredonoccitanie.com\/jevi\/wp-content\/uploads\/sites\/2\/2023\/01\/intervention_espiguette-768x577.png 768w, https:\/\/www.fredonoccitanie.com\/jevi\/wp-content\/uploads\/sites\/2\/2023\/01\/intervention_espiguette-705x529.png 705w, https:\/\/www.fredonoccitanie.com\/jevi\/wp-content\/uploads\/sites\/2\/2023\/01\/intervention_espiguette.png 943w\" sizes=\"(max-width: 300px) 100vw, 300px\" \/><\/a><\/div><\/div><\/div><br \/>\n<section  class='av_textblock_section av-lcyyl856-6d4cd16071df60260354b56f8094089a '   itemscope=\"itemscope\" itemtype=\"https:\/\/schema.org\/CreativeWork\" ><div class='avia_textblock'  itemprop=\"text\" ><section class=\"av_textblock_section \">\n<div class=\"avia_textblock \">\n<div class=\"vc-hoverbox-block vc-hoverbox-back\">\n<div class=\"vc-hoverbox-block-inner vc-hoverbox-back-inner\">\n<div class=\"vc-hoverbox-block vc-hoverbox-back\">\n<h3 class=\"vc-hoverbox-block-inner vc-hoverbox-back-inner\" style=\"text-align: center\"><a href=\"https:\/\/www.youtube.com\/watch?v=lyuX1DRxtWo&amp;t=610s\">Vid\u00e9o \/ t\u00e9moignage<\/a><\/h3>\n<p class=\"vc-hoverbox-block-inner vc-hoverbox-back-inner\" style=\"text-align: center\"><strong>L&rsquo;engagement du Camping de l&rsquo;Espiguette<\/strong><\/p>\n<div class=\"vc-hoverbox-block-inner vc-hoverbox-back-inner\" style=\"text-align: center\">Intervention du Camping de l&rsquo;Espiguette au Grau du Roi (30) &#8211; 2020<\/div>\n<div><\/div>\n<div><\/div>\n<div style=\"text-align: center\">@FREDON Occitanie<\/div>\n<\/div>\n<\/div>\n<\/div>\n<\/div>\n<\/section>\n<\/div><\/section><\/p><\/div>\n<style type=\"text\/css\" data-created_by=\"avia_inline_auto\" id=\"style-css-av-l00ghb-a41da63bec33b38e87dba9316bb5eaf0\">\n.flex_column.av-l00ghb-a41da63bec33b38e87dba9316bb5eaf0{\nborder-radius:0px 0px 0px 0px;\npadding:0px 0px 0px 0px;\n}\n<\/style>\n<div  class='flex_column av-l00ghb-a41da63bec33b38e87dba9316bb5eaf0 av_one_fifth  avia-builder-el-100  el_after_av_one_fifth  el_before_av_one_fifth  first flex_column_div av-zero-column-padding  column-top-margin'     ><p>\n<style type=\"text\/css\" data-created_by=\"avia_inline_auto\" id=\"style-css-av-lcyykug4-a1587ee436793511b12ddc4a7cb9d4d1\">\n.avia-image-container.av-lcyykug4-a1587ee436793511b12ddc4a7cb9d4d1 img.avia_image{\nbox-shadow:none;\n}\n.avia-image-container.av-lcyykug4-a1587ee436793511b12ddc4a7cb9d4d1 .av-image-caption-overlay-center{\ncolor:#ffffff;\n}\n<\/style>\n<div  class='avia-image-container av-lcyykug4-a1587ee436793511b12ddc4a7cb9d4d1 av-styling- av-img-linked avia-align-center  avia-builder-el-101  el_before_av_textblock  avia-builder-el-first '   itemprop=\"image\" itemscope=\"itemscope\" itemtype=\"https:\/\/schema.org\/ImageObject\" ><div class=\"avia-image-container-inner\"><div class=\"avia-image-overlay-wrap\"><a href=\"https:\/\/fredonoccitanie189-my.sharepoint.com\/:f:\/g\/personal\/f_martel_fredon-occitanie_fr\/Es_fEU3TksFHnf_IP6YeukcBuYrxflEDYEyn37bYPSl1Ug?e=L9TKyy\" class='avia_image '  target=\"_blank\"  rel=\"noopener noreferrer\" aria-label='Picto-FREDON-JAUNEPlan-de-travail-557@5x'><img decoding=\"async\" fetchpriority=\"high\" class='wp-image-8004 avia-img-lazy-loading-not-8004 avia_image ' src=\"https:\/\/www.fredonoccitanie.com\/jevi\/wp-content\/uploads\/sites\/2\/2021\/07\/Picto-FREDON-JAUNEPlan-de-travail-557@5x.png\" alt='' title='Picto-FREDON-JAUNEPlan-de-travail-557@5x'  height=\"120\" width=\"120\"  itemprop=\"thumbnailUrl\" srcset=\"https:\/\/www.fredonoccitanie.com\/jevi\/wp-content\/uploads\/sites\/2\/2021\/07\/Picto-FREDON-JAUNEPlan-de-travail-557@5x.png 120w, https:\/\/www.fredonoccitanie.com\/jevi\/wp-content\/uploads\/sites\/2\/2021\/07\/Picto-FREDON-JAUNEPlan-de-travail-557@5x-80x80.png 80w, https:\/\/www.fredonoccitanie.com\/jevi\/wp-content\/uploads\/sites\/2\/2021\/07\/Picto-FREDON-JAUNEPlan-de-travail-557@5x-36x36.png 36w\" sizes=\"(max-width: 120px) 100vw, 120px\" \/><\/a><\/div><\/div><\/div><br \/>\n<section  class='av_textblock_section av-lcyyk1y6-d638bc9d9a1a41b074248e8b8785efbe '   itemscope=\"itemscope\" itemtype=\"https:\/\/schema.org\/CreativeWork\" ><div class='avia_textblock'  itemprop=\"text\" ><section class=\"av_textblock_section \">\n<div class=\"avia_textblock \">\n<div class=\"vc-hoverbox-block vc-hoverbox-back\">\n<div class=\"vc-hoverbox-block-inner vc-hoverbox-back-inner\">\n<div class=\"vc-hoverbox-block vc-hoverbox-back\">\n<h3 class=\"vc_custom_heading\" style=\"text-align: center\"><a title=\"Cloud\" href=\"https:\/\/fredonoccitanie189-my.sharepoint.com\/:f:\/g\/personal\/f_martel_fredon-occitanie_fr\/Es_fEU3TksFHnf_IP6YeukcBuYrxflEDYEyn37bYPSl1Ug?e=L9TKyy\" target=\"_blank\" rel=\"noopener\">Et bien d\u2019autres choses sur notre Cloud !<\/a><\/h3>\n<p style=\"text-align: center\">Visitez le centre de ressources en ligne de FREDON Occitanie, outils techniques, de communication, retours d\u2019exp\u00e9riences \u2026<\/p>\n<\/div>\n<\/div>\n<\/div>\n<\/div>\n<\/section>\n<\/div><\/section><\/p><\/div>\n<style type=\"text\/css\" data-created_by=\"avia_inline_auto\" id=\"style-css-av-tzpu33-39bea7eea66b7db1feecf25e4b37273d\">\n.flex_column.av-tzpu33-39bea7eea66b7db1feecf25e4b37273d{\nborder-radius:0px 0px 0px 0px;\npadding:0px 0px 0px 0px;\n}\n<\/style>\n<div  class='flex_column av-tzpu33-39bea7eea66b7db1feecf25e4b37273d av_one_fifth  avia-builder-el-103  el_after_av_one_fifth  avia-builder-el-last  flex_column_div av-zero-column-padding  column-top-margin'     ><p>\n<style type=\"text\/css\" data-created_by=\"avia_inline_auto\" id=\"style-css-av-lex9jpsd-0dd350a7e424caccb75cccf03b61b3b8\">\n.avia-image-container.av-lex9jpsd-0dd350a7e424caccb75cccf03b61b3b8 img.avia_image{\nbox-shadow:none;\n}\n.avia-image-container.av-lex9jpsd-0dd350a7e424caccb75cccf03b61b3b8 .av-image-caption-overlay-center{\ncolor:#ffffff;\n}\n<\/style>\n<div  class='avia-image-container av-lex9jpsd-0dd350a7e424caccb75cccf03b61b3b8 av-styling- av-img-linked avia-align-center  avia-builder-el-104  el_before_av_image  avia-builder-el-first '   itemprop=\"image\" itemscope=\"itemscope\" itemtype=\"https:\/\/schema.org\/ImageObject\" ><div class=\"avia-image-container-inner\"><div class=\"avia-image-overlay-wrap\"><a href=\"https:\/\/fredonoccitanie189-my.sharepoint.com\/:b:\/g\/personal\/f_martel_fredon-occitanie_fr\/ER8eBslYAE9MjU9Q1LPcsGwB3W9PZMT-66OPr2ex33aytQ?e=cWcyS8\" class='avia_image '  target=\"_blank\"  rel=\"noopener noreferrer\" aria-label='desinfection_jaune'><img decoding=\"async\" fetchpriority=\"high\" class='wp-image-12537 avia-img-lazy-loading-not-12537 avia_image ' src=\"https:\/\/www.fredonoccitanie.com\/jevi\/wp-content\/uploads\/sites\/2\/2023\/04\/desinfection_jaune-212x300.png\" alt='' title='desinfection_jaune'  height=\"300\" width=\"212\"  itemprop=\"thumbnailUrl\" srcset=\"https:\/\/www.fredonoccitanie.com\/jevi\/wp-content\/uploads\/sites\/2\/2023\/04\/desinfection_jaune-212x300.png 212w, https:\/\/www.fredonoccitanie.com\/jevi\/wp-content\/uploads\/sites\/2\/2023\/04\/desinfection_jaune-499x705.png 499w, https:\/\/www.fredonoccitanie.com\/jevi\/wp-content\/uploads\/sites\/2\/2023\/04\/desinfection_jaune.png 623w\" sizes=\"(max-width: 212px) 100vw, 212px\" \/><\/a><\/div><\/div><\/div><br \/>\n\n<style type=\"text\/css\" data-created_by=\"avia_inline_auto\" id=\"style-css-av-lkuykwc8-9bfbbc7c999d1603f0b89c1194a97be8\">\n.avia-image-container.av-lkuykwc8-9bfbbc7c999d1603f0b89c1194a97be8 img.avia_image{\nbox-shadow:none;\n}\n.avia-image-container.av-lkuykwc8-9bfbbc7c999d1603f0b89c1194a97be8 .av-image-caption-overlay-center{\ncolor:#ffffff;\n}\n<\/style>\n<div  class='avia-image-container av-lkuykwc8-9bfbbc7c999d1603f0b89c1194a97be8 av-styling- av-img-linked avia-align-center  avia-builder-el-105  el_after_av_image  el_before_av_textblock '   itemprop=\"image\" itemscope=\"itemscope\" itemtype=\"https:\/\/schema.org\/ImageObject\" ><div class=\"avia-image-container-inner\"><div class=\"avia-image-overlay-wrap\"><a href=\"https:\/\/fredonoccitanie189-my.sharepoint.com\/:b:\/g\/personal\/f_martel_fredon-occitanie_fr\/EVc7Fq8DG4NEiWabHjQ8F_0BbSBfCgM8YONDK3ey_uy-Xw?e=eRKEn8\" class='avia_image '  target=\"_blank\"  rel=\"noopener noreferrer\" aria-label='desinfection_verte'><img decoding=\"async\" fetchpriority=\"high\" class='wp-image-12538 avia-img-lazy-loading-not-12538 avia_image ' src=\"https:\/\/www.fredonoccitanie.com\/jevi\/wp-content\/uploads\/sites\/2\/2023\/04\/desinfection_verte-212x300.png\" alt='' title='desinfection_verte'  height=\"300\" width=\"212\"  itemprop=\"thumbnailUrl\" srcset=\"https:\/\/www.fredonoccitanie.com\/jevi\/wp-content\/uploads\/sites\/2\/2023\/04\/desinfection_verte-212x300.png 212w, https:\/\/www.fredonoccitanie.com\/jevi\/wp-content\/uploads\/sites\/2\/2023\/04\/desinfection_verte-498x705.png 498w, https:\/\/www.fredonoccitanie.com\/jevi\/wp-content\/uploads\/sites\/2\/2023\/04\/desinfection_verte.png 623w\" sizes=\"(max-width: 212px) 100vw, 212px\" \/><\/a><\/div><\/div><\/div><br \/>\n<section  class='av_textblock_section av-lex9mt7t-6acd9794ebe3621040ce97630237ca12 '   itemscope=\"itemscope\" itemtype=\"https:\/\/schema.org\/CreativeWork\" ><div class='avia_textblock'  itemprop=\"text\" ><section class=\"av_textblock_section \">\n<div class=\"avia_textblock \">\n<div class=\"vc-hoverbox-block vc-hoverbox-back\">\n<div class=\"vc-hoverbox-block-inner vc-hoverbox-back-inner\">\n<div class=\"vc-hoverbox-block vc-hoverbox-back\">\n<h3 class=\"vc_custom_heading\" style=\"text-align: center\">Affiches<\/h3>\n<p style=\"text-align: center\"><strong>D\u00e9sinfectons nos outils<\/strong><\/p>\n<p style=\"text-align: center\">@FREDON Occitanie<\/p>\n<\/div>\n<\/div>\n<\/div>\n<\/div>\n<\/section>\n<\/div><\/section><\/p><\/div>\n<\/div><\/div><\/div><!-- close content main div --><\/div><\/div><div id='after_section_3'  class='main_color av_default_container_wrap container_wrap fullsize'  ><div class='container av-section-cont-open' ><div class='template-page content  av-content-full alpha units'><div class='post-entry post-entry-type-page post-entry-11055'><div class='entry-content-wrapper clearfix'>\n\n<style type=\"text\/css\" data-created_by=\"avia_inline_auto\" id=\"style-css-av-1lhperz-3d6663a1e2f7ccf1d639b17f8c65fbf5\">\n#top .hr.hr-invisible.av-1lhperz-3d6663a1e2f7ccf1d639b17f8c65fbf5{\nheight:50px;\n}\n<\/style>\n<div  class='hr av-1lhperz-3d6663a1e2f7ccf1d639b17f8c65fbf5 hr-invisible  avia-builder-el-107  el_after_av_section  el_before_av_textblock  avia-builder-el-first '><span class='hr-inner '><span class=\"hr-inner-style\"><\/span><\/span><\/div>\n<section  class='av_textblock_section av-ld1gnktr-74309ad8fd206b3508eb9895718ae4a9 '   itemscope=\"itemscope\" itemtype=\"https:\/\/schema.org\/CreativeWork\" ><div class='avia_textblock'  itemprop=\"text\" ><h2 id=\"lien6\" style=\"text-align: left\">Quelles contraintes r\u00e9glementaires ?<\/h2>\n<\/div><\/section>\n\n<style type=\"text\/css\" data-created_by=\"avia_inline_auto\" id=\"style-css-av-4wlejz-9f2a147e0275ad58173ef04e0a5b82b6\">\n#top .hr.hr-invisible.av-4wlejz-9f2a147e0275ad58173ef04e0a5b82b6{\nheight:50px;\n}\n<\/style>\n<div  class='hr av-4wlejz-9f2a147e0275ad58173ef04e0a5b82b6 hr-invisible  avia-builder-el-109  el_after_av_textblock  el_before_av_textblock '><span class='hr-inner '><span class=\"hr-inner-style\"><\/span><\/span><\/div>\n<section  class='av_textblock_section av-lcyy85u8-cc8a21b1721aa951aa8c04bae7b409a7 '   itemscope=\"itemscope\" itemtype=\"https:\/\/schema.org\/CreativeWork\" ><div class='avia_textblock'  itemprop=\"text\" ><ul>\n<li><em>L\u2019arr\u00eat\u00e9 minist\u00e9riel du 15 janvier 2021 modifiant la loi dite Loi Labb\u00e9 interdit \u00e0 partir du 1er juillet 2022 l\u2019utilisation de produits phytosanitaires de synth\u00e8se (hors exception) pour l\u2019entretien des h\u00f4tels, auberges collectives, terrains de campings, parcs r\u00e9sidentiels de loisirs, d&rsquo;attraction (espaces de divertissement et de loisirs), entre autres lieux concern\u00e9s.<\/em><\/li>\n<li><em>Certiphyto : ce certificat individuel concerne tous les professionnels qui utilisent des produits phytopharmaceutiques, avec trois secteurs d\u2019activit\u00e9s : les utilisateurs, les distributeurs et les conseillers. Il est obligatoire et atteste de connaissances suffisantes pour s\u00e9curiser l\u2019utilisation des ces produits et en r\u00e9duire l\u2019usage (en savoir plus aupr\u00e8s de la <a href=\"https:\/\/draaf.occitanie.agriculture.gouv.fr\/certiphyto-a4939.html\">DRAAF Occitanie<\/a>).<\/em><\/li>\n<\/ul>\n<\/div><\/section>\n\n<style type=\"text\/css\" data-created_by=\"avia_inline_auto\" id=\"style-css-av-281z3e7-0d7d3156b65e2ec96d1bb8a3ea325bf0\">\n#top .hr.hr-invisible.av-281z3e7-0d7d3156b65e2ec96d1bb8a3ea325bf0{\nheight:50px;\n}\n<\/style>\n<div  class='hr av-281z3e7-0d7d3156b65e2ec96d1bb8a3ea325bf0 hr-invisible  avia-builder-el-111  el_after_av_textblock  el_before_av_button '><span class='hr-inner '><span class=\"hr-inner-style\"><\/span><\/span><\/div>\n<div  class='avia-button-wrap av-lcyya1ws-51fde8571ada4618969612ba267a19c5-wrap avia-button-center  avia-builder-el-112  el_after_av_hr  el_before_av_hr '><a href='https:\/\/fredonoccitanie189-my.sharepoint.com\/:b:\/g\/personal\/f_martel_fredon-occitanie_fr\/EakLmv1u5e5JoLMnjyVyMBcBjS8fh7RwZ8d4AVsLDUOK4A?e=9QbVhu'  class='avia-button av-lcyya1ws-51fde8571ada4618969612ba267a19c5 av-link-btn avia-icon_select-no avia-size-small avia-position-center avia-color-theme-color'  target=\"_blank\"  rel=\"noopener noreferrer\"  aria-label=\"Voir notre synth\u00e8se r\u00e9glementaire\"><span class='avia_iconbox_title' >Voir notre synth\u00e8se r\u00e9glementaire<\/span><\/a><\/div>\n\n<style type=\"text\/css\" data-created_by=\"avia_inline_auto\" id=\"style-css-av-ujhfdb-c6bace6b5602b864ea7d5b6df896e202\">\n#top .hr.hr-invisible.av-ujhfdb-c6bace6b5602b864ea7d5b6df896e202{\nheight:50px;\n}\n<\/style>\n<div  class='hr av-ujhfdb-c6bace6b5602b864ea7d5b6df896e202 hr-invisible  avia-builder-el-113  el_after_av_button  el_before_av_button '><span class='hr-inner '><span class=\"hr-inner-style\"><\/span><\/span><\/div>\n<div  class='avia-button-wrap av-1gyms6n-b1e7208c3563e4a9a8a9d1944d4e0afb-wrap avia-button-center  avia-builder-el-114  el_after_av_hr  el_before_av_button '><a href='https:\/\/fredonoccitanie189-my.sharepoint.com\/:b:\/g\/personal\/f_martel_fredon-occitanie_fr\/EXHSM5w9K5NCk_VNQxTY8OIB8Zi9dKb7GIGL1dRVA8lqmQ?e=3bkdgE'  class='avia-button av-1gyms6n-b1e7208c3563e4a9a8a9d1944d4e0afb av-link-btn avia-icon_select-no avia-size-small avia-position-center avia-color-theme-color'  target=\"_blank\"  rel=\"noopener noreferrer\"  aria-label=\"Voir aussi la plaquette de synth\u00e8se de la r\u00e8glementation \u00e9dit\u00e9 par Plante&amp;Cit\u00e9\"><span class='avia_iconbox_title' >Voir aussi la plaquette de synth\u00e8se de la r\u00e8glementation \u00e9dit\u00e9 par Plante&amp;Cit\u00e9<\/span><\/a><\/div>\n<div  class='avia-button-wrap av-1350orz-f4728b32722fffc1250981541538a400-wrap avia-button-center  avia-builder-el-115  el_after_av_button  el_before_av_hr '><a href='https:\/\/www.ecophyto-pro.fr\/n\/la-loi-mode-d-emploi\/n:323'  class='avia-button av-1350orz-f4728b32722fffc1250981541538a400 av-link-btn avia-icon_select-no avia-size-small avia-position-center avia-color-theme-color'  target=\"_blank\"  rel=\"noopener noreferrer\"  aria-label=\"Voir la FAQ \u00ab La loi mode d\u2019emploi \u00bb propos\u00e9e sur Ecophyto Pro\"><span class='avia_iconbox_title' >Voir la FAQ \u00ab La loi mode d\u2019emploi \u00bb propos\u00e9e sur Ecophyto Pro<\/span><\/a><\/div>\n\n<style type=\"text\/css\" data-created_by=\"avia_inline_auto\" id=\"style-css-av-o98phr-c9e5430b0080b0cbb272a0c88f8f7ad5\">\n#top .hr.hr-invisible.av-o98phr-c9e5430b0080b0cbb272a0c88f8f7ad5{\nheight:50px;\n}\n<\/style>\n<div  class='hr av-o98phr-c9e5430b0080b0cbb272a0c88f8f7ad5 hr-invisible  avia-builder-el-116  el_after_av_button  el_before_av_section  avia-builder-el-last '><span class='hr-inner '><span class=\"hr-inner-style\"><\/span><\/span><\/div>\n<\/div><\/div><\/div><!-- close content main div --><\/div><\/div>\n<style type=\"text\/css\" data-created_by=\"avia_inline_auto\" id=\"style-css-av-w2ob5b-ea9a1c17b70c39cfc8c8fece8761cd9b\">\n.avia-section.av-w2ob5b-ea9a1c17b70c39cfc8c8fece8761cd9b{\nbackground-color:#f8ead4;\nbackground-image:unset;\n}\n<\/style>\n<div id='av_section_4'  class='avia-section av-w2ob5b-ea9a1c17b70c39cfc8c8fece8761cd9b main_color avia-section-default avia-no-border-styling  avia-builder-el-117  el_after_av_hr  avia-builder-el-last  avia-bg-style-scroll container_wrap fullsize'  ><div class='container av-section-cont-open' ><div class='template-page content  av-content-full alpha units'><div class='post-entry post-entry-type-page post-entry-11055'><div class='entry-content-wrapper clearfix'>\n<section  class='av_textblock_section av-lcyy8mlq-8445ac9928ffe654c6dfb3f36201a514 '   itemscope=\"itemscope\" itemtype=\"https:\/\/schema.org\/CreativeWork\" ><div class='avia_textblock'  itemprop=\"text\" ><h2 id=\"lien7\" style=\"text-align: center\">Quels financements mobilisables par les gestionnaires ?<\/h2>\n<\/div><\/section>\n\n<style type=\"text\/css\" data-created_by=\"avia_inline_auto\" id=\"style-css-av-twz8pb-7cc41c4a8b9d24b594d64575215639d0\">\n#top .hr.hr-invisible.av-twz8pb-7cc41c4a8b9d24b594d64575215639d0{\nheight:50px;\n}\n<\/style>\n<div  class='hr av-twz8pb-7cc41c4a8b9d24b594d64575215639d0 hr-invisible  avia-builder-el-119  el_after_av_textblock  el_before_av_button '><span class='hr-inner '><span class=\"hr-inner-style\"><\/span><\/span><\/div>\n<div  class='avia-button-wrap av-l1x1m7-2593b2b36336e9306a8efeb2486a5624-wrap avia-button-center  avia-builder-el-120  el_after_av_hr  avia-builder-el-last '><a href='https:\/\/aides-territoires.beta.gouv.fr\/'  class='avia-button av-l1x1m7-2593b2b36336e9306a8efeb2486a5624 av-link-btn avia-icon_select-no avia-size-small avia-position-center avia-color-theme-color'  target=\"_blank\"  rel=\"noopener noreferrer\"  aria-label=\"Consulter Aides-territoires\"><span class='avia_iconbox_title' >Consulter Aides-territoires<\/span><\/a><\/div>\n\n","protected":false},"excerpt":{"rendered":"","protected":false},"author":5,"featured_media":0,"parent":7939,"menu_order":3,"comment_status":"closed","ping_status":"closed","template":"","meta":{"footnotes":""},"class_list":["post-11055","page","type-page","status-publish","hentry"],"_links":{"self":[{"href":"https:\/\/www.fredonoccitanie.com\/jevi\/wp-json\/wp\/v2\/pages\/11055","targetHints":{"allow":["GET"]}}],"collection":[{"href":"https:\/\/www.fredonoccitanie.com\/jevi\/wp-json\/wp\/v2\/pages"}],"about":[{"href":"https:\/\/www.fredonoccitanie.com\/jevi\/wp-json\/wp\/v2\/types\/page"}],"author":[{"embeddable":true,"href":"https:\/\/www.fredonoccitanie.com\/jevi\/wp-json\/wp\/v2\/users\/5"}],"replies":[{"embeddable":true,"href":"https:\/\/www.fredonoccitanie.com\/jevi\/wp-json\/wp\/v2\/comments?post=11055"}],"version-history":[{"count":5,"href":"https:\/\/www.fredonoccitanie.com\/jevi\/wp-json\/wp\/v2\/pages\/11055\/revisions"}],"predecessor-version":[{"id":17445,"href":"https:\/\/www.fredonoccitanie.com\/jevi\/wp-json\/wp\/v2\/pages\/11055\/revisions\/17445"}],"up":[{"embeddable":true,"href":"https:\/\/www.fredonoccitanie.com\/jevi\/wp-json\/wp\/v2\/pages\/7939"}],"wp:attachment":[{"href":"https:\/\/www.fredonoccitanie.com\/jevi\/wp-json\/wp\/v2\/media?parent=11055"}],"curies":[{"name":"wp","href":"https:\/\/api.w.org\/{rel}","templated":true}]}}