{"id":703,"date":"2021-11-26T17:25:32","date_gmt":"2021-11-26T16:25:32","guid":{"rendered":"https:\/\/www.fredonoccitanie.com\/ambroisies\/?page_id=703"},"modified":"2025-06-17T17:29:20","modified_gmt":"2025-06-17T15:29:20","slug":"lettre-ambroisies","status":"publish","type":"page","link":"https:\/\/www.fredonoccitanie.com\/eesh\/lettre-ambroisies\/","title":{"rendered":"Lettre esp\u00e8ce \u00e0 enjeux pour la sant\u00e9 humaine"},"content":{"rendered":"\n<style type=\"text\/css\" data-created_by=\"avia_inline_auto\" id=\"style-css-av-86m93-3150752b477388ac699e599e18cc4811\">\n.flex_column.av-86m93-3150752b477388ac699e599e18cc4811{\nborder-radius:0px 0px 0px 0px;\npadding:0px 0px 0px 0px;\n}\n<\/style>\n<div  class='flex_column av-86m93-3150752b477388ac699e599e18cc4811 av_one_full  avia-builder-el-0  el_before_av_one_full  avia-builder-el-first  first flex_column_div av-zero-column-padding  '     ><section  class='av_textblock_section av-lj8nokfn-8f96d19765a99e0c704ee77a3b278c51 '   itemscope=\"itemscope\" itemtype=\"https:\/\/schema.org\/CreativeWork\" ><div class='avia_textblock'  itemprop=\"text\" ><h2>S&rsquo;inscrire \u00e0 la Lettre d&rsquo;information<\/h2>\n<h2>Esp\u00e8ce \u00e0 enjeux pour la sant\u00e9 humaine ( EESH)<\/h2>\n<\/div><\/section><br \/>\n\n<style type=\"text\/css\" data-created_by=\"avia_inline_auto\" id=\"style-css-av-lj8nr9yz-74b4842444940fe8bbf663a3a02ee63d\">\n#top .hr.hr-invisible.av-lj8nr9yz-74b4842444940fe8bbf663a3a02ee63d{\nheight:20px;\n}\n<\/style>\n<div  class='hr av-lj8nr9yz-74b4842444940fe8bbf663a3a02ee63d hr-invisible  avia-builder-el-2  el_after_av_textblock  el_before_av_textblock '><span class='hr-inner '><span class=\"hr-inner-style\"><\/span><\/span><\/div><br \/>\n<section  class='av_textblock_section av-kwgkiis8-a41abb62ba53de9eff015a0d19df5ac4 '   itemscope=\"itemscope\" itemtype=\"https:\/\/schema.org\/CreativeWork\" ><div class='avia_textblock'  itemprop=\"text\" ><p><iframe loading=\"lazy\" style=\"display: block; margin-left: auto; margin-right: auto; max-width: 100%;\" src=\"https:\/\/471fc067.sibforms.com\/serve\/MUIFAI-46G2z97sYZ9zztDsToxGaTeQiGZAW7ybScSt9bZCTas3y8JT5bTagtzemVWq1AANwiudU-YzWZThsp7T0JpH2Wu5QBUiio7XGwB1ajSikgVu2u5tRfDnT-F5Nv0II2jIjs2exjOkndHWrQy766VH9YsnCdai4zTCNnFwLtWL6A__aTZFF21aeIXvyomzGCwoxu_Fjncba\" width=\"540\" height=\"660\" frameborder=\"0\" scrolling=\"auto\" allowfullscreen=\"allowfullscreen\"><\/iframe><\/p>\n<\/div><\/section><\/p><\/div>\n<style type=\"text\/css\" data-created_by=\"avia_inline_auto\" id=\"style-css-av-b3qz3-cf856e4520d9557c7a3dbd8c30718148\">\n.flex_column.av-b3qz3-cf856e4520d9557c7a3dbd8c30718148{\nborder-radius:0px 0px 0px 0px;\npadding:0px 0px 0px 0px;\n}\n<\/style>\n<div  class='flex_column av-b3qz3-cf856e4520d9557c7a3dbd8c30718148 av_one_full  avia-builder-el-4  el_after_av_one_full  el_before_av_one_full  first flex_column_div av-zero-column-padding  column-top-margin'     ><div  class='avia-button-wrap av-lj8nqy5z-525eb84b029eeacda182b16143ecd50c-wrap avia-button-center  avia-builder-el-5  avia-builder-el-no-sibling '><a href='https:\/\/www.fredonoccitanie.com\/nous-contacter\/'  class='avia-button av-lj8nqy5z-525eb84b029eeacda182b16143ecd50c av-link-btn avia-icon_select-yes-left-icon avia-size-large avia-position-center avia-color-theme-color'  target=\"_blank\"  rel=\"noopener noreferrer\"  aria-label=\"Nous contacter\"><span class='avia_button_icon avia_button_icon_left avia-iconfont avia-font-entypo-fontello' data-av_icon='\ue805' data-av_iconfont='entypo-fontello' ><\/span><span class='avia_iconbox_title' >Nous contacter<\/span><\/a><\/div><\/div><\/p>\n\n<style type=\"text\/css\" data-created_by=\"avia_inline_auto\" id=\"style-css-av-ex81r-3e07cce6c0a0dd1fd66f60f42a19fb8d\">\n.flex_column.av-ex81r-3e07cce6c0a0dd1fd66f60f42a19fb8d{\nborder-radius:0px 0px 0px 0px;\npadding:0px 0px 0px 0px;\n}\n<\/style>\n<div  class='flex_column av-ex81r-3e07cce6c0a0dd1fd66f60f42a19fb8d av_one_full  avia-builder-el-6  el_after_av_one_full  avia-builder-el-last  first flex_column_div av-zero-column-padding  column-top-margin'     ><div  data-slideshow-options=\"{&quot;animation&quot;:&quot;fade&quot;,&quot;autoplay&quot;:false,&quot;loop_autoplay&quot;:&quot;once&quot;,&quot;interval&quot;:5,&quot;loop_manual&quot;:&quot;manual-endless&quot;,&quot;autoplay_stopper&quot;:false,&quot;noNavigation&quot;:false,&quot;show_slide_delay&quot;:90}\" class='avia-content-slider avia-content-grid-active avia-content-slider1 avia-content-slider-odd  avia-builder-el-7  avia-builder-el-no-sibling  av-slideshow-ui av-control-default   av-no-slider-navigation av-slideshow-manual av-loop-once av-loop-manual-endless '  itemscope=\"itemscope\" itemtype=\"https:\/\/schema.org\/Blog\" ><div class=\"avia-content-slider-inner\"><div class=\"slide-entry-wrap\"><article class='slide-entry flex_column  post-entry post-entry-5008 slide-entry-overview slide-loop-1 slide-parity-odd  av_one_third first real-thumbnail posttype-post post-format-standard'  itemscope=\"itemscope\" itemtype=\"https:\/\/schema.org\/CreativeWork\" ><a href='https:\/\/www.fredonoccitanie.com\/eesh\/2026\/04\/16\/lettre-2-mars-2026-especes-a-enjeux-pour-la-sante-humaine-eesh-2\/' data-rel='slide-1' class='slide-image' title='[Lettre #3] Avril 2026 &#8211; Esp\u00e8ces \u00e0 Enjeux pour la Sant\u00e9 Humaine (EESH)'><img decoding=\"async\" fetchpriority=\"high\" width=\"495\" height=\"400\" src=\"https:\/\/www.fredonoccitanie.com\/eesh\/wp-content\/uploads\/sites\/5\/2025\/04\/eesh_lettre_1-495x400.png\" class=\"wp-image-3986 avia-img-lazy-loading-not-3986 attachment-portfolio size-portfolio wp-post-image\" alt=\"\" srcset=\"https:\/\/www.fredonoccitanie.com\/eesh\/wp-content\/uploads\/sites\/5\/2025\/04\/eesh_lettre_1-495x400.png 495w, https:\/\/www.fredonoccitanie.com\/eesh\/wp-content\/uploads\/sites\/5\/2025\/04\/eesh_lettre_1-845x684.png 845w\" sizes=\"(max-width: 495px) 100vw, 495px\" \/><\/a><div class=\"slide-content\"><header class=\"entry-content-header\" aria-label=\"Slide: [Lettre #3] Avril 2026 - Esp\u00e8ces \u00e0 Enjeux pour la Sant\u00e9 Humaine (EESH)\"><h3 class='slide-entry-title entry-title '  itemprop=\"headline\" ><a href='https:\/\/www.fredonoccitanie.com\/eesh\/2026\/04\/16\/lettre-2-mars-2026-especes-a-enjeux-pour-la-sante-humaine-eesh-2\/' title='[Lettre #3] Avril 2026 &#8211; Esp\u00e8ces \u00e0 Enjeux pour la Sant\u00e9 Humaine (EESH)'>[Lettre #3] Avril 2026 &#8211; Esp\u00e8ces \u00e0 Enjeux pour la Sant\u00e9 Humaine (EESH)<\/a><\/h3><span class=\"av-vertical-delimiter\"><\/span><\/header><div class=\"slide-meta\"><time class='slide-meta-time updated'  itemprop=\"datePublished\" datetime=\"2026-04-16T15:56:15+02:00\" >16 avril 2026<\/time><\/div><div class='slide-entry-excerpt entry-content'  itemprop=\"text\" >D\u00e9couvrez la troisi\u00e8me lettre EESH de l'ann\u00e9e 2026\r\n<\/div><\/div><footer class=\"entry-footer\"><\/footer><span class='hidden'>\n\t\t\t\t<span class='av-structured-data'  itemprop=\"image\" itemscope=\"itemscope\" itemtype=\"https:\/\/schema.org\/ImageObject\" >\n\t\t\t\t\t\t<span itemprop='url'>https:\/\/www.fredonoccitanie.com\/eesh\/wp-content\/uploads\/sites\/5\/2025\/04\/eesh_lettre_1.png<\/span>\n\t\t\t\t\t\t<span itemprop='height'>1759<\/span>\n\t\t\t\t\t\t<span itemprop='width'>2087<\/span>\n\t\t\t\t<\/span>\n\t\t\t\t<span class='av-structured-data'  itemprop=\"publisher\" itemtype=\"https:\/\/schema.org\/Organization\" itemscope=\"itemscope\" >\n\t\t\t\t\t\t<span itemprop='name'>ALGANS Emilie<\/span>\n\t\t\t\t\t\t<span itemprop='logo' itemscope itemtype='https:\/\/schema.org\/ImageObject'>\n\t\t\t\t\t\t\t<span itemprop='url'>https:\/\/www.fredonoccitanie.com\/eesh\/wp-content\/uploads\/sites\/5\/2025\/11\/Couleur-Horiz@4x-8.png<\/span>\n\t\t\t\t\t\t<\/span>\n\t\t\t\t<\/span><span class='av-structured-data'  itemprop=\"author\" itemscope=\"itemscope\" itemtype=\"https:\/\/schema.org\/Person\" ><span itemprop='name'>ALGANS Emilie<\/span><\/span><span class='av-structured-data'  itemprop=\"datePublished\" datetime=\"2021-11-26T17:25:32+01:00\" >2026-04-16 15:56:15<\/span><span class='av-structured-data'  itemprop=\"dateModified\" itemtype=\"https:\/\/schema.org\/dateModified\" >2026-04-16 15:57:04<\/span><span class='av-structured-data'  itemprop=\"mainEntityOfPage\" itemtype=\"https:\/\/schema.org\/mainEntityOfPage\" ><span itemprop='name'>[Lettre #3] Avril 2026 &#8211; Esp\u00e8ces \u00e0 Enjeux pour la Sant\u00e9 Humaine (EESH)<\/span><\/span><\/span><\/article><article class='slide-entry flex_column  post-entry post-entry-4908 slide-entry-overview slide-loop-2 slide-parity-even  av_one_third  real-thumbnail posttype-post post-format-standard'  itemscope=\"itemscope\" itemtype=\"https:\/\/schema.org\/CreativeWork\" ><a href='https:\/\/www.fredonoccitanie.com\/eesh\/2026\/03\/09\/lettre-2-mars-2026-especes-a-enjeux-pour-la-sante-humaine-eesh\/' data-rel='slide-1' class='slide-image' title='[Lettre #2] Mars 2026 &#8211; Esp\u00e8ces \u00e0 Enjeux pour la Sant\u00e9 Humaine (EESH)'><img decoding=\"async\" fetchpriority=\"high\" width=\"495\" height=\"400\" src=\"https:\/\/www.fredonoccitanie.com\/eesh\/wp-content\/uploads\/sites\/5\/2025\/04\/eesh_lettre_1-495x400.png\" class=\"wp-image-3986 avia-img-lazy-loading-not-3986 attachment-portfolio size-portfolio wp-post-image\" alt=\"\" srcset=\"https:\/\/www.fredonoccitanie.com\/eesh\/wp-content\/uploads\/sites\/5\/2025\/04\/eesh_lettre_1-495x400.png 495w, https:\/\/www.fredonoccitanie.com\/eesh\/wp-content\/uploads\/sites\/5\/2025\/04\/eesh_lettre_1-845x684.png 845w\" sizes=\"(max-width: 495px) 100vw, 495px\" \/><\/a><div class=\"slide-content\"><header class=\"entry-content-header\" aria-label=\"Slide: [Lettre #2] Mars 2026 - Esp\u00e8ces \u00e0 Enjeux pour la Sant\u00e9 Humaine (EESH)\"><h3 class='slide-entry-title entry-title '  itemprop=\"headline\" ><a href='https:\/\/www.fredonoccitanie.com\/eesh\/2026\/03\/09\/lettre-2-mars-2026-especes-a-enjeux-pour-la-sante-humaine-eesh\/' title='[Lettre #2] Mars 2026 &#8211; Esp\u00e8ces \u00e0 Enjeux pour la Sant\u00e9 Humaine (EESH)'>[Lettre #2] Mars 2026 &#8211; Esp\u00e8ces \u00e0 Enjeux pour la Sant\u00e9 Humaine (EESH)<\/a><\/h3><span class=\"av-vertical-delimiter\"><\/span><\/header><div class=\"slide-meta\"><time class='slide-meta-time updated'  itemprop=\"datePublished\" datetime=\"2026-03-09T12:12:50+01:00\" >9 mars 2026<\/time><\/div><div class='slide-entry-excerpt entry-content'  itemprop=\"text\" >Voici la deuxi\u00e8me lettre EESH de l'ann\u00e9e 2026, et nous en profitons\u2026<\/div><\/div><footer class=\"entry-footer\"><\/footer><span class='hidden'>\n\t\t\t\t<span class='av-structured-data'  itemprop=\"image\" itemscope=\"itemscope\" itemtype=\"https:\/\/schema.org\/ImageObject\" >\n\t\t\t\t\t\t<span itemprop='url'>https:\/\/www.fredonoccitanie.com\/eesh\/wp-content\/uploads\/sites\/5\/2025\/04\/eesh_lettre_1.png<\/span>\n\t\t\t\t\t\t<span itemprop='height'>1759<\/span>\n\t\t\t\t\t\t<span itemprop='width'>2087<\/span>\n\t\t\t\t<\/span>\n\t\t\t\t<span class='av-structured-data'  itemprop=\"publisher\" itemtype=\"https:\/\/schema.org\/Organization\" itemscope=\"itemscope\" >\n\t\t\t\t\t\t<span itemprop='name'>ALGANS Emilie<\/span>\n\t\t\t\t\t\t<span itemprop='logo' itemscope itemtype='https:\/\/schema.org\/ImageObject'>\n\t\t\t\t\t\t\t<span itemprop='url'>https:\/\/www.fredonoccitanie.com\/eesh\/wp-content\/uploads\/sites\/5\/2025\/11\/Couleur-Horiz@4x-8.png<\/span>\n\t\t\t\t\t\t<\/span>\n\t\t\t\t<\/span><span class='av-structured-data'  itemprop=\"author\" itemscope=\"itemscope\" itemtype=\"https:\/\/schema.org\/Person\" ><span itemprop='name'>ALGANS Emilie<\/span><\/span><span class='av-structured-data'  itemprop=\"datePublished\" datetime=\"2021-11-26T17:25:32+01:00\" >2026-03-09 12:12:50<\/span><span class='av-structured-data'  itemprop=\"dateModified\" itemtype=\"https:\/\/schema.org\/dateModified\" >2026-03-09 12:12:50<\/span><span class='av-structured-data'  itemprop=\"mainEntityOfPage\" itemtype=\"https:\/\/schema.org\/mainEntityOfPage\" ><span itemprop='name'>[Lettre #2] Mars 2026 &#8211; Esp\u00e8ces \u00e0 Enjeux pour la Sant\u00e9 Humaine (EESH)<\/span><\/span><\/span><\/article><article class='slide-entry flex_column  post-entry post-entry-4801 slide-entry-overview slide-loop-3 slide-parity-odd  av_one_third  real-thumbnail posttype-post post-format-standard'  itemscope=\"itemscope\" itemtype=\"https:\/\/schema.org\/CreativeWork\" ><a href='https:\/\/www.fredonoccitanie.com\/eesh\/2026\/01\/14\/lettre-9-janvier-2026-especes-a-enjeux-pour-la-sante-humaine-eesh\/' data-rel='slide-1' class='slide-image' title='[Lettre #1] Janvier 2026 &#8211; Esp\u00e8ces \u00e0 Enjeux pour la Sant\u00e9 Humaine (EESH)'><img decoding=\"async\" fetchpriority=\"high\" width=\"495\" height=\"400\" src=\"https:\/\/www.fredonoccitanie.com\/eesh\/wp-content\/uploads\/sites\/5\/2025\/04\/eesh_lettre_1-495x400.png\" class=\"wp-image-3986 avia-img-lazy-loading-not-3986 attachment-portfolio size-portfolio wp-post-image\" alt=\"\" srcset=\"https:\/\/www.fredonoccitanie.com\/eesh\/wp-content\/uploads\/sites\/5\/2025\/04\/eesh_lettre_1-495x400.png 495w, https:\/\/www.fredonoccitanie.com\/eesh\/wp-content\/uploads\/sites\/5\/2025\/04\/eesh_lettre_1-845x684.png 845w\" sizes=\"(max-width: 495px) 100vw, 495px\" \/><\/a><div class=\"slide-content\"><header class=\"entry-content-header\" aria-label=\"Slide: [Lettre #1] Janvier 2026 - Esp\u00e8ces \u00e0 Enjeux pour la Sant\u00e9 Humaine (EESH)\"><h3 class='slide-entry-title entry-title '  itemprop=\"headline\" ><a href='https:\/\/www.fredonoccitanie.com\/eesh\/2026\/01\/14\/lettre-9-janvier-2026-especes-a-enjeux-pour-la-sante-humaine-eesh\/' title='[Lettre #1] Janvier 2026 &#8211; Esp\u00e8ces \u00e0 Enjeux pour la Sant\u00e9 Humaine (EESH)'>[Lettre #1] Janvier 2026 &#8211; Esp\u00e8ces \u00e0 Enjeux pour la Sant\u00e9 Humaine (EESH)<\/a><\/h3><span class=\"av-vertical-delimiter\"><\/span><\/header><div class=\"slide-meta\"><time class='slide-meta-time updated'  itemprop=\"datePublished\" datetime=\"2026-01-14T16:29:00+01:00\" >14 janvier 2026<\/time><\/div><div class='slide-entry-excerpt entry-content'  itemprop=\"text\" >Voici la premi\u00e8re lettre EESH de l'ann\u00e9e 2026, et nous en profitons\u2026<\/div><\/div><footer class=\"entry-footer\"><\/footer><span class='hidden'>\n\t\t\t\t<span class='av-structured-data'  itemprop=\"image\" itemscope=\"itemscope\" itemtype=\"https:\/\/schema.org\/ImageObject\" >\n\t\t\t\t\t\t<span itemprop='url'>https:\/\/www.fredonoccitanie.com\/eesh\/wp-content\/uploads\/sites\/5\/2025\/04\/eesh_lettre_1.png<\/span>\n\t\t\t\t\t\t<span itemprop='height'>1759<\/span>\n\t\t\t\t\t\t<span itemprop='width'>2087<\/span>\n\t\t\t\t<\/span>\n\t\t\t\t<span class='av-structured-data'  itemprop=\"publisher\" itemtype=\"https:\/\/schema.org\/Organization\" itemscope=\"itemscope\" >\n\t\t\t\t\t\t<span itemprop='name'>annemarie<\/span>\n\t\t\t\t\t\t<span itemprop='logo' itemscope itemtype='https:\/\/schema.org\/ImageObject'>\n\t\t\t\t\t\t\t<span itemprop='url'>https:\/\/www.fredonoccitanie.com\/eesh\/wp-content\/uploads\/sites\/5\/2025\/11\/Couleur-Horiz@4x-8.png<\/span>\n\t\t\t\t\t\t<\/span>\n\t\t\t\t<\/span><span class='av-structured-data'  itemprop=\"author\" itemscope=\"itemscope\" itemtype=\"https:\/\/schema.org\/Person\" ><span itemprop='name'>annemarie<\/span><\/span><span class='av-structured-data'  itemprop=\"datePublished\" datetime=\"2021-11-26T17:25:32+01:00\" >2026-01-14 16:29:00<\/span><span class='av-structured-data'  itemprop=\"dateModified\" itemtype=\"https:\/\/schema.org\/dateModified\" >2026-01-15 10:43:12<\/span><span class='av-structured-data'  itemprop=\"mainEntityOfPage\" itemtype=\"https:\/\/schema.org\/mainEntityOfPage\" ><span itemprop='name'>[Lettre #1] Janvier 2026 &#8211; Esp\u00e8ces \u00e0 Enjeux pour la Sant\u00e9 Humaine (EESH)<\/span><\/span><\/span><\/article><\/div><div class=\"slide-entry-wrap\"><article class='slide-entry flex_column  post-entry post-entry-4708 slide-entry-overview slide-loop-4 slide-parity-odd  av_one_third first real-thumbnail posttype-post post-format-standard'  itemscope=\"itemscope\" itemtype=\"https:\/\/schema.org\/CreativeWork\" ><a href='https:\/\/www.fredonoccitanie.com\/eesh\/2025\/12\/02\/lettre-8-decembre-especes-a-enjeux-pour-la-sante-humaine-eesh\/' data-rel='slide-1' class='slide-image' title='[Lettre #8] D\u00e9cembre-Esp\u00e8ces \u00e0 Enjeux pour la Sant\u00e9 Humaine (EESH)'><img decoding=\"async\" fetchpriority=\"high\" width=\"495\" height=\"400\" src=\"https:\/\/www.fredonoccitanie.com\/eesh\/wp-content\/uploads\/sites\/5\/2025\/04\/eesh_lettre_1-495x400.png\" class=\"wp-image-3986 avia-img-lazy-loading-not-3986 attachment-portfolio size-portfolio wp-post-image\" alt=\"\" srcset=\"https:\/\/www.fredonoccitanie.com\/eesh\/wp-content\/uploads\/sites\/5\/2025\/04\/eesh_lettre_1-495x400.png 495w, https:\/\/www.fredonoccitanie.com\/eesh\/wp-content\/uploads\/sites\/5\/2025\/04\/eesh_lettre_1-845x684.png 845w\" sizes=\"(max-width: 495px) 100vw, 495px\" \/><\/a><div class=\"slide-content\"><header class=\"entry-content-header\" aria-label=\"Slide: [Lettre #8] D\u00e9cembre-Esp\u00e8ces \u00e0 Enjeux pour la Sant\u00e9 Humaine (EESH)\"><h3 class='slide-entry-title entry-title '  itemprop=\"headline\" ><a href='https:\/\/www.fredonoccitanie.com\/eesh\/2025\/12\/02\/lettre-8-decembre-especes-a-enjeux-pour-la-sante-humaine-eesh\/' title='[Lettre #8] D\u00e9cembre-Esp\u00e8ces \u00e0 Enjeux pour la Sant\u00e9 Humaine (EESH)'>[Lettre #8] D\u00e9cembre-Esp\u00e8ces \u00e0 Enjeux pour la Sant\u00e9 Humaine (EESH)<\/a><\/h3><span class=\"av-vertical-delimiter\"><\/span><\/header><div class=\"slide-meta\"><time class='slide-meta-time updated'  itemprop=\"datePublished\" datetime=\"2025-12-02T12:14:57+01:00\" >2 d\u00e9cembre 2025<\/time><\/div><div class='slide-entry-excerpt entry-content'  itemprop=\"text\" >Avec l'hiver, les chenilles processionnaires du Pin construisent\u2026<\/div><\/div><footer class=\"entry-footer\"><\/footer><span class='hidden'>\n\t\t\t\t<span class='av-structured-data'  itemprop=\"image\" itemscope=\"itemscope\" itemtype=\"https:\/\/schema.org\/ImageObject\" >\n\t\t\t\t\t\t<span itemprop='url'>https:\/\/www.fredonoccitanie.com\/eesh\/wp-content\/uploads\/sites\/5\/2025\/04\/eesh_lettre_1.png<\/span>\n\t\t\t\t\t\t<span itemprop='height'>1759<\/span>\n\t\t\t\t\t\t<span itemprop='width'>2087<\/span>\n\t\t\t\t<\/span>\n\t\t\t\t<span class='av-structured-data'  itemprop=\"publisher\" itemtype=\"https:\/\/schema.org\/Organization\" itemscope=\"itemscope\" >\n\t\t\t\t\t\t<span itemprop='name'>annemarie<\/span>\n\t\t\t\t\t\t<span itemprop='logo' itemscope itemtype='https:\/\/schema.org\/ImageObject'>\n\t\t\t\t\t\t\t<span itemprop='url'>https:\/\/www.fredonoccitanie.com\/eesh\/wp-content\/uploads\/sites\/5\/2025\/11\/Couleur-Horiz@4x-8.png<\/span>\n\t\t\t\t\t\t<\/span>\n\t\t\t\t<\/span><span class='av-structured-data'  itemprop=\"author\" itemscope=\"itemscope\" itemtype=\"https:\/\/schema.org\/Person\" ><span itemprop='name'>annemarie<\/span><\/span><span class='av-structured-data'  itemprop=\"datePublished\" datetime=\"2021-11-26T17:25:32+01:00\" >2025-12-02 12:14:57<\/span><span class='av-structured-data'  itemprop=\"dateModified\" itemtype=\"https:\/\/schema.org\/dateModified\" >2025-12-02 12:14:57<\/span><span class='av-structured-data'  itemprop=\"mainEntityOfPage\" itemtype=\"https:\/\/schema.org\/mainEntityOfPage\" ><span itemprop='name'>[Lettre #8] D\u00e9cembre-Esp\u00e8ces \u00e0 Enjeux pour la Sant\u00e9 Humaine (EESH)<\/span><\/span><\/span><\/article><article class='slide-entry flex_column  post-entry post-entry-4637 slide-entry-overview slide-loop-5 slide-parity-even  av_one_third  real-thumbnail posttype-post post-format-standard'  itemscope=\"itemscope\" itemtype=\"https:\/\/schema.org\/CreativeWork\" ><a href='https:\/\/www.fredonoccitanie.com\/eesh\/2025\/10\/14\/lettre-7-la-lettre-especes-a-enjeux-pour-la-sante-humaine\/' data-rel='slide-1' class='slide-image' title='[Lettre #7] La lettre \u00ab Esp\u00e8ces \u00e0 Enjeux pour la Sant\u00e9 Humaine \u00bb'><img decoding=\"async\" fetchpriority=\"high\" width=\"495\" height=\"400\" src=\"https:\/\/www.fredonoccitanie.com\/eesh\/wp-content\/uploads\/sites\/5\/2025\/04\/eesh_lettre_1-495x400.png\" class=\"wp-image-3986 avia-img-lazy-loading-not-3986 attachment-portfolio size-portfolio wp-post-image\" alt=\"\" srcset=\"https:\/\/www.fredonoccitanie.com\/eesh\/wp-content\/uploads\/sites\/5\/2025\/04\/eesh_lettre_1-495x400.png 495w, https:\/\/www.fredonoccitanie.com\/eesh\/wp-content\/uploads\/sites\/5\/2025\/04\/eesh_lettre_1-845x684.png 845w\" sizes=\"(max-width: 495px) 100vw, 495px\" \/><\/a><div class=\"slide-content\"><header class=\"entry-content-header\" aria-label=\"Slide: [Lettre #7] La lettre \u00ab Esp\u00e8ces \u00e0 Enjeux pour la Sant\u00e9 Humaine \u00bb\"><h3 class='slide-entry-title entry-title '  itemprop=\"headline\" ><a href='https:\/\/www.fredonoccitanie.com\/eesh\/2025\/10\/14\/lettre-7-la-lettre-especes-a-enjeux-pour-la-sante-humaine\/' title='[Lettre #7] La lettre \u00ab Esp\u00e8ces \u00e0 Enjeux pour la Sant\u00e9 Humaine \u00bb'>[Lettre #7] La lettre \u00ab Esp\u00e8ces \u00e0 Enjeux pour la Sant\u00e9 Humaine \u00bb<\/a><\/h3><span class=\"av-vertical-delimiter\"><\/span><\/header><div class=\"slide-meta\"><time class='slide-meta-time updated'  itemprop=\"datePublished\" datetime=\"2025-10-14T10:36:41+02:00\" >14 octobre 2025<\/time><\/div><div class='slide-entry-excerpt entry-content'  itemprop=\"text\" >Les ambroisies entrent dans la p\u00e9riode de fanaison et pleine\u2026<\/div><\/div><footer class=\"entry-footer\"><\/footer><span class='hidden'>\n\t\t\t\t<span class='av-structured-data'  itemprop=\"image\" itemscope=\"itemscope\" itemtype=\"https:\/\/schema.org\/ImageObject\" >\n\t\t\t\t\t\t<span itemprop='url'>https:\/\/www.fredonoccitanie.com\/eesh\/wp-content\/uploads\/sites\/5\/2025\/04\/eesh_lettre_1.png<\/span>\n\t\t\t\t\t\t<span itemprop='height'>1759<\/span>\n\t\t\t\t\t\t<span itemprop='width'>2087<\/span>\n\t\t\t\t<\/span>\n\t\t\t\t<span class='av-structured-data'  itemprop=\"publisher\" itemtype=\"https:\/\/schema.org\/Organization\" itemscope=\"itemscope\" >\n\t\t\t\t\t\t<span itemprop='name'>ALGANS Emilie<\/span>\n\t\t\t\t\t\t<span itemprop='logo' itemscope itemtype='https:\/\/schema.org\/ImageObject'>\n\t\t\t\t\t\t\t<span itemprop='url'>https:\/\/www.fredonoccitanie.com\/eesh\/wp-content\/uploads\/sites\/5\/2025\/11\/Couleur-Horiz@4x-8.png<\/span>\n\t\t\t\t\t\t<\/span>\n\t\t\t\t<\/span><span class='av-structured-data'  itemprop=\"author\" itemscope=\"itemscope\" itemtype=\"https:\/\/schema.org\/Person\" ><span itemprop='name'>ALGANS Emilie<\/span><\/span><span class='av-structured-data'  itemprop=\"datePublished\" datetime=\"2021-11-26T17:25:32+01:00\" >2025-10-14 10:36:41<\/span><span class='av-structured-data'  itemprop=\"dateModified\" itemtype=\"https:\/\/schema.org\/dateModified\" >2025-10-14 10:37:35<\/span><span class='av-structured-data'  itemprop=\"mainEntityOfPage\" itemtype=\"https:\/\/schema.org\/mainEntityOfPage\" ><span itemprop='name'>[Lettre #7] La lettre \u00ab Esp\u00e8ces \u00e0 Enjeux pour la Sant\u00e9 Humaine \u00bb<\/span><\/span><\/span><\/article><article class='slide-entry flex_column  post-entry post-entry-4531 slide-entry-overview slide-loop-6 slide-parity-odd  post-entry-last  av_one_third  real-thumbnail posttype-post post-format-standard'  itemscope=\"itemscope\" itemtype=\"https:\/\/schema.org\/CreativeWork\" ><a href='https:\/\/www.fredonoccitanie.com\/eesh\/2025\/09\/15\/lettre-6-la-lettre-especes-a-enjeux-pour-la-sante-humaine\/' data-rel='slide-1' class='slide-image' title='[Lettre #6] La lettre \u00ab\u00a0Esp\u00e8ces \u00e0 Enjeux pour la Sant\u00e9 Humaine\u00a0\u00bb'><img decoding=\"async\" fetchpriority=\"high\" width=\"495\" height=\"400\" src=\"https:\/\/www.fredonoccitanie.com\/eesh\/wp-content\/uploads\/sites\/5\/2025\/04\/eesh_lettre_1-495x400.png\" class=\"wp-image-3986 avia-img-lazy-loading-not-3986 attachment-portfolio size-portfolio wp-post-image\" alt=\"\" srcset=\"https:\/\/www.fredonoccitanie.com\/eesh\/wp-content\/uploads\/sites\/5\/2025\/04\/eesh_lettre_1-495x400.png 495w, https:\/\/www.fredonoccitanie.com\/eesh\/wp-content\/uploads\/sites\/5\/2025\/04\/eesh_lettre_1-845x684.png 845w\" sizes=\"(max-width: 495px) 100vw, 495px\" \/><\/a><div class=\"slide-content\"><header class=\"entry-content-header\" aria-label=\"Slide: [Lettre #6] La lettre &quot;Esp\u00e8ces \u00e0 Enjeux pour la Sant\u00e9 Humaine&quot;\"><h3 class='slide-entry-title entry-title '  itemprop=\"headline\" ><a href='https:\/\/www.fredonoccitanie.com\/eesh\/2025\/09\/15\/lettre-6-la-lettre-especes-a-enjeux-pour-la-sante-humaine\/' title='[Lettre #6] La lettre \u00ab\u00a0Esp\u00e8ces \u00e0 Enjeux pour la Sant\u00e9 Humaine\u00a0\u00bb'>[Lettre #6] La lettre \u00ab\u00a0Esp\u00e8ces \u00e0 Enjeux pour la Sant\u00e9 Humaine\u00a0\u00bb<\/a><\/h3><span class=\"av-vertical-delimiter\"><\/span><\/header><div class=\"slide-meta\"><time class='slide-meta-time updated'  itemprop=\"datePublished\" datetime=\"2025-09-15T10:35:23+02:00\" >15 septembre 2025<\/time><\/div><div class='slide-entry-excerpt entry-content'  itemprop=\"text\" >&nbsp;\r\nT\u00e9l\u00e9charger la Lettre#6\r\n\r\n\r\n&nbsp;<\/div><\/div><footer class=\"entry-footer\"><\/footer><span class='hidden'>\n\t\t\t\t<span class='av-structured-data'  itemprop=\"image\" itemscope=\"itemscope\" itemtype=\"https:\/\/schema.org\/ImageObject\" >\n\t\t\t\t\t\t<span itemprop='url'>https:\/\/www.fredonoccitanie.com\/eesh\/wp-content\/uploads\/sites\/5\/2025\/04\/eesh_lettre_1.png<\/span>\n\t\t\t\t\t\t<span itemprop='height'>1759<\/span>\n\t\t\t\t\t\t<span itemprop='width'>2087<\/span>\n\t\t\t\t<\/span>\n\t\t\t\t<span class='av-structured-data'  itemprop=\"publisher\" itemtype=\"https:\/\/schema.org\/Organization\" itemscope=\"itemscope\" >\n\t\t\t\t\t\t<span itemprop='name'>ALGANS Emilie<\/span>\n\t\t\t\t\t\t<span itemprop='logo' itemscope itemtype='https:\/\/schema.org\/ImageObject'>\n\t\t\t\t\t\t\t<span itemprop='url'>https:\/\/www.fredonoccitanie.com\/eesh\/wp-content\/uploads\/sites\/5\/2025\/11\/Couleur-Horiz@4x-8.png<\/span>\n\t\t\t\t\t\t<\/span>\n\t\t\t\t<\/span><span class='av-structured-data'  itemprop=\"author\" itemscope=\"itemscope\" itemtype=\"https:\/\/schema.org\/Person\" ><span itemprop='name'>ALGANS Emilie<\/span><\/span><span class='av-structured-data'  itemprop=\"datePublished\" datetime=\"2021-11-26T17:25:32+01:00\" >2025-09-15 10:35:23<\/span><span class='av-structured-data'  itemprop=\"dateModified\" itemtype=\"https:\/\/schema.org\/dateModified\" >2025-09-15 10:35:23<\/span><span class='av-structured-data'  itemprop=\"mainEntityOfPage\" itemtype=\"https:\/\/schema.org\/mainEntityOfPage\" ><span itemprop='name'>[Lettre #6] La lettre \u00ab\u00a0Esp\u00e8ces \u00e0 Enjeux pour la Sant\u00e9 Humaine\u00a0\u00bb<\/span><\/span><\/span><\/article><\/div><\/div><div class='pagination-wrap pagination-slider'><nav class='pagination'><span class='pagination-meta'>Page 1 sur 6<\/span><span class='current'>1<\/span><a href='https:\/\/www.fredonoccitanie.com\/eesh\/wp-json\/wp\/v2\/pages\/703\/?avia-element-paging=2' class='inactive next_page' >2<\/a><a href='https:\/\/www.fredonoccitanie.com\/eesh\/wp-json\/wp\/v2\/pages\/703\/?avia-element-paging=3' class='inactive' >3<\/a><a href='https:\/\/www.fredonoccitanie.com\/eesh\/wp-json\/wp\/v2\/pages\/703\/?avia-element-paging=2'>&rsaquo;<\/a><a href='https:\/\/www.fredonoccitanie.com\/eesh\/wp-json\/wp\/v2\/pages\/703\/?avia-element-paging=6'>&raquo;<\/a><\/nav>\n<\/div><\/div><\/div>\n","protected":false},"excerpt":{"rendered":"","protected":false},"author":3,"featured_media":0,"parent":0,"menu_order":2,"comment_status":"closed","ping_status":"closed","template":"","meta":{"footnotes":""},"class_list":["post-703","page","type-page","status-publish","hentry"],"_links":{"self":[{"href":"https:\/\/www.fredonoccitanie.com\/eesh\/wp-json\/wp\/v2\/pages\/703","targetHints":{"allow":["GET"]}}],"collection":[{"href":"https:\/\/www.fredonoccitanie.com\/eesh\/wp-json\/wp\/v2\/pages"}],"about":[{"href":"https:\/\/www.fredonoccitanie.com\/eesh\/wp-json\/wp\/v2\/types\/page"}],"author":[{"embeddable":true,"href":"https:\/\/www.fredonoccitanie.com\/eesh\/wp-json\/wp\/v2\/users\/3"}],"replies":[{"embeddable":true,"href":"https:\/\/www.fredonoccitanie.com\/eesh\/wp-json\/wp\/v2\/comments?post=703"}],"version-history":[{"count":5,"href":"https:\/\/www.fredonoccitanie.com\/eesh\/wp-json\/wp\/v2\/pages\/703\/revisions"}],"predecessor-version":[{"id":4119,"href":"https:\/\/www.fredonoccitanie.com\/eesh\/wp-json\/wp\/v2\/pages\/703\/revisions\/4119"}],"wp:attachment":[{"href":"https:\/\/www.fredonoccitanie.com\/eesh\/wp-json\/wp\/v2\/media?parent=703"}],"curies":[{"name":"wp","href":"https:\/\/api.w.org\/{rel}","templated":true}]}}