{"id":5751,"date":"2026-09-01T11:45:22","date_gmt":"2026-09-01T09:45:22","guid":{"rendered":"https:\/\/www.fredonoccitanie.com\/eesh\/?page_id=5751"},"modified":"2026-09-03T08:01:52","modified_gmt":"2026-09-03T06:01:52","slug":"frelon_asiatique","status":"publish","type":"page","link":"https:\/\/www.fredonoccitanie.com\/eesh\/frelon_asiatique\/","title":{"rendered":"Frelon \u00e0 pattes jaunes ou \u00ab frelon asiatique \u00bb"},"content":{"rendered":"<div  class='flex_column av-3ix38z-731e9e9c0ee44a354f7f47a05772584e av_one_full  avia-builder-el-0  el_before_av_two_third  avia-builder-el-first  first flex_column_div  '     ><section  class='av_textblock_section av-mrxbw5vv-7818ee76740a2bfd9e1e471360ee5913 '   itemscope=\"itemscope\" itemtype=\"https:\/\/schema.org\/CreativeWork\" ><div class='avia_textblock'  itemprop=\"text\" ><p>FREDON Occitanie n\u2019assure ni la surveillance ni la lutte contre le frelon asiatique, missions actuellement conduites par la FR GDS Occitanie et les GDS d\u00e9partementaux.<br \/>\nEn revanche, nous accompagnons les GDS d\u00e9partementaux dans la r\u00e9daction de la charte de bonnes pratiques, document essentiel destin\u00e9 aux d\u00e9sinsectiseurs r\u00e9f\u00e9renc\u00e9s afin de garantir des interventions s\u00e9curis\u00e9es, conformes aux exigences r\u00e9glementaires et respectueuses de l\u2019environnement.<\/p>\n<p>Nous mettons \u00e9galement \u00e0 disposition des collectivit\u00e9s, des professionnels et du grand public des informations fiables, des ressources officielles et des recommandations pratiques pour mieux conna\u00eetre cet insecte, comprendre les risques li\u00e9s \u00e0 sa pr\u00e9sence et adopter les bons gestes de pr\u00e9vention.<\/p>\n<p><strong>Parall\u00e8lement, notre r\u00e9seau est pleinement mobilis\u00e9 sur d\u2019autres enjeux majeurs de sant\u00e9 publique et de sant\u00e9 des v\u00e9g\u00e9taux, notamment la lutte contre l\u2019ambroisie et la gestion des chenilles processionnaires.<\/strong><\/p>\n<\/div><\/section><\/div>\n<div  class='flex_column av-cxsdmr-5ed727a26cb512553917d0a0e9497321 av_two_third  avia-builder-el-2  el_after_av_one_full  el_before_av_one_third  first flex_column_div  column-top-margin'     ><section  class='av_textblock_section av-mrxaxttk-d2a8f0dd9b0d2e89925c1536dc5e9063 '   itemscope=\"itemscope\" itemtype=\"https:\/\/schema.org\/CreativeWork\" ><div class='avia_textblock'  itemprop=\"text\" ><h1 class=\"PDq2pG_selectionAnchorContainer\" data-section-id=\"1vm7h8v\" data-start=\"634\" data-end=\"695\">Frelon<strong> \u00e0 pattes jaunes :<\/strong> une esp\u00e8ce \u00e0 reconna\u00eetre et \u00e0 surveiller<\/h1>\n<p class=\"isSelectedEnd\">Le <strong> frelon \u00e0 pattes jaunes (<em>Vespa velutina<\/em>), plus commun\u00e9ment appel\u00e9 \u00ab frelon asiatique \u00bb<\/strong> est une esp\u00e8ce exotique originaire d\u2019Asie. D\u00e9tect\u00e9 pour la premi\u00e8re fois en France en <strong>2004<\/strong>, il s\u2019est progressivement r\u00e9pandu sur une grande partie du territoire m\u00e9tropolitain.<\/p>\n<p class=\"isSelectedEnd\">Aujourd\u2019hui largement implant\u00e9 en France, il constitue notamment un <strong>enjeu important pour l\u2019apiculture<\/strong> en raison de la pr\u00e9dation qu\u2019il exerce sur les abeilles domestiques. Sa pr\u00e9sence et son d\u00e9veloppement font \u00e9galement l\u2019objet d\u2019une surveillance au regard de ses interactions avec les autres insectes et les \u00e9cosyst\u00e8mes.<\/p>\n<p class=\"isSelectedEnd\">Le frelon asiatique fr\u00e9quente aussi bien les <strong>milieux urbains que ruraux<\/strong> : jardins, vergers, espaces bois\u00e9s, zones agricoles\u2026 Il est un <strong>pr\u00e9dateur g\u00e9n\u00e9raliste<\/strong> qui capture de nombreux insectes pour nourrir sa colonie. Cette pr\u00e9dation peut avoir des effets variables selon les esp\u00e8ces et les milieux.<\/p>\n<p class=\"isSelectedEnd\">Comme les autres frelons et gu\u00eapes, il participe \u00e9galement au fonctionnement des \u00e9cosyst\u00e8mes. Les impacts de sa pr\u00e9sence sur les <strong>pollinisateurs sauvages et la biodiversit\u00e9<\/strong> font encore l\u2019objet d\u2019\u00e9tudes et doivent \u00eatre appr\u00e9ci\u00e9s au regard des contextes locaux.<\/p>\n<p>Enfin, le frelon asiatique peut repr\u00e9senter un <strong>risque pour les personnes<\/strong>, principalement lorsqu\u2019un nid est approch\u00e9 ou d\u00e9rang\u00e9. <strong>Savoir le reconna\u00eetre permet donc de mieux le surveiller, de signaler sa pr\u00e9sence et d\u2019adopter les bons comportements.<\/strong><\/p>\n<\/div><\/section><\/div><div  class='flex_column av-a6u4w3-1282e1f3c123548d18a86dacb03f5021 av_one_third  avia-builder-el-4  el_after_av_two_third  el_before_av_section  avia-builder-el-last  flex_column_div  column-top-margin'     ><p>\n<style type=\"text\/css\" data-created_by=\"avia_inline_auto\" id=\"style-css-av-mrxb1dx8-95484c0ca0d467381a0ca198176c7a79\">\n.avia-image-container.av-mrxb1dx8-95484c0ca0d467381a0ca198176c7a79 img.avia_image{\nbox-shadow:none;\n}\n.avia-image-container.av-mrxb1dx8-95484c0ca0d467381a0ca198176c7a79 .av-image-caption-overlay-center{\ncolor:#ffffff;\n}\n<\/style>\n<div  class='avia-image-container av-mrxb1dx8-95484c0ca0d467381a0ca198176c7a79 av-styling- avia-align-center  avia-builder-el-5  el_before_av_image  avia-builder-el-first '   itemprop=\"image\" itemscope=\"itemscope\" itemtype=\"https:\/\/schema.org\/ImageObject\" ><div class=\"avia-image-container-inner\"><div class=\"avia-image-overlay-wrap\"><img decoding=\"async\" fetchpriority=\"high\" class='wp-image-5752 avia-img-lazy-loading-not-5752 avia_image ' src=\"https:\/\/www.fredonoccitanie.com\/eesh\/wp-content\/uploads\/sites\/5\/2026\/08\/frelon.png\" alt='' title='frelon'  height=\"571\" width=\"917\"  itemprop=\"thumbnailUrl\" srcset=\"https:\/\/www.fredonoccitanie.com\/eesh\/wp-content\/uploads\/sites\/5\/2026\/08\/frelon.png 917w, https:\/\/www.fredonoccitanie.com\/eesh\/wp-content\/uploads\/sites\/5\/2026\/08\/frelon-300x187.png 300w, https:\/\/www.fredonoccitanie.com\/eesh\/wp-content\/uploads\/sites\/5\/2026\/08\/frelon-768x478.png 768w, https:\/\/www.fredonoccitanie.com\/eesh\/wp-content\/uploads\/sites\/5\/2026\/08\/frelon-705x439.png 705w\" sizes=\"(max-width: 917px) 100vw, 917px\" \/><\/div><\/div><\/div><br \/>\n\n<style type=\"text\/css\" data-created_by=\"avia_inline_auto\" id=\"style-css-av-mth9yinj-fd54c39e45ba57021d7ad492dfa1156d\">\n.avia-image-container.av-mth9yinj-fd54c39e45ba57021d7ad492dfa1156d img.avia_image{\nbox-shadow:none;\n}\n.avia-image-container.av-mth9yinj-fd54c39e45ba57021d7ad492dfa1156d .av-image-caption-overlay-center{\ncolor:#ffffff;\n}\n<\/style>\n<div  class='avia-image-container av-mth9yinj-fd54c39e45ba57021d7ad492dfa1156d av-styling- avia-align-center  avia-builder-el-6  el_after_av_image  el_before_av_textblock '   itemprop=\"image\" itemscope=\"itemscope\" itemtype=\"https:\/\/schema.org\/ImageObject\" ><div class=\"avia-image-container-inner\"><div class=\"avia-image-overlay-wrap\"><img decoding=\"async\" fetchpriority=\"high\" class='wp-image-5788 avia-img-lazy-loading-not-5788 avia_image ' src=\"https:\/\/www.fredonoccitanie.com\/eesh\/wp-content\/uploads\/sites\/5\/2026\/08\/NID-FRELON-EN-PLACE-scaled-1.jpg\" alt='' title='NID-FRELON-EN-PLACE-scaled'  height=\"1536\" width=\"2048\"  itemprop=\"thumbnailUrl\" srcset=\"https:\/\/www.fredonoccitanie.com\/eesh\/wp-content\/uploads\/sites\/5\/2026\/08\/NID-FRELON-EN-PLACE-scaled-1.jpg 2048w, https:\/\/www.fredonoccitanie.com\/eesh\/wp-content\/uploads\/sites\/5\/2026\/08\/NID-FRELON-EN-PLACE-scaled-1-300x225.jpg 300w, https:\/\/www.fredonoccitanie.com\/eesh\/wp-content\/uploads\/sites\/5\/2026\/08\/NID-FRELON-EN-PLACE-scaled-1-1030x773.jpg 1030w, https:\/\/www.fredonoccitanie.com\/eesh\/wp-content\/uploads\/sites\/5\/2026\/08\/NID-FRELON-EN-PLACE-scaled-1-768x576.jpg 768w, https:\/\/www.fredonoccitanie.com\/eesh\/wp-content\/uploads\/sites\/5\/2026\/08\/NID-FRELON-EN-PLACE-scaled-1-1536x1152.jpg 1536w, https:\/\/www.fredonoccitanie.com\/eesh\/wp-content\/uploads\/sites\/5\/2026\/08\/NID-FRELON-EN-PLACE-scaled-1-1500x1125.jpg 1500w, https:\/\/www.fredonoccitanie.com\/eesh\/wp-content\/uploads\/sites\/5\/2026\/08\/NID-FRELON-EN-PLACE-scaled-1-705x529.jpg 705w\" sizes=\"(max-width: 2048px) 100vw, 2048px\" \/><\/div><\/div><\/div><br \/>\n<section  class='av_textblock_section av-mtha6t9l-0861b42ae18c2db9d9bd53fe0104457f '   itemscope=\"itemscope\" itemtype=\"https:\/\/schema.org\/CreativeWork\" ><div class='avia_textblock'  itemprop=\"text\" ><p><em>Credit photo : FREDON France, GDS France<\/em><\/p>\n<\/div><\/section><\/p><\/div><\/p>\n<\/div><\/div><\/div><!-- close content main div --><\/div><\/div>\n<style type=\"text\/css\" data-created_by=\"avia_inline_auto\" id=\"style-css-av-ixy0pg-791f84eb286107a428ed338e4a316648\">\n.avia-section.av-ixy0pg-791f84eb286107a428ed338e4a316648{\nbackground-color:#efecd7;\nbackground-image:unset;\n}\n<\/style>\n<div id='av_section_1'  class='avia-section av-ixy0pg-791f84eb286107a428ed338e4a316648 main_color avia-section-default avia-no-border-styling  avia-builder-el-8  el_after_av_one_third  el_before_av_textblock  avia-bg-style-scroll container_wrap fullsize'  ><div class='container av-section-cont-open' ><div class='template-page content  av-content-full alpha units'><div class='post-entry post-entry-type-page post-entry-5751'><div class='entry-content-wrapper clearfix'>\n\n<style type=\"text\/css\" data-created_by=\"avia_inline_auto\" id=\"style-css-av-mth8963y-9a5fdb390ddcf795f6db80e841a0cfb1\">\n.flex_column.av-mth8963y-9a5fdb390ddcf795f6db80e841a0cfb1{\nborder-width:2px;\nborder-color:#ff9000;\nborder-style:solid;\n}\n<\/style>\n<div  class='flex_column av-mth8963y-9a5fdb390ddcf795f6db80e841a0cfb1 av_one_full  avia-builder-el-9  avia-builder-el-no-sibling  first flex_column_div  '     ><section  class='av_textblock_section av-mth89xqu-5e057c3a3676706adb7841cf30ecc147 '   itemscope=\"itemscope\" itemtype=\"https:\/\/schema.org\/CreativeWork\" ><div class='avia_textblock'  itemprop=\"text\" ><h3 style=\"text-align: center;\"><strong>RESSOURCES<\/strong><\/h3>\n<\/div><\/section><br \/>\n<div  class='avia-buttonrow-wrap av-mth87hb0-4463e224e72b32d1bd87f39e470e4c2a avia-buttonrow-center  avia-builder-el-11  el_after_av_textblock  avia-builder-el-last '>\n\n<style type=\"text\/css\" data-created_by=\"avia_inline_auto\" id=\"style-css-av-mth82pvx-63f9d807cf4c93e681189e84c0da8ee2\">\n#top #wrap_all .avia-button.av-mth82pvx-63f9d807cf4c93e681189e84c0da8ee2{\nmargin-bottom:5px;\nmargin-right:3px;\nmargin-left:3px;\n}\n<\/style>\n<a href='https:\/\/www.gdsfrance.org\/wp-content\/uploads\/Strategie-et-plan-national-de-lutte-contre-le-frelon-asiatique-a-pattes-jaunes-2025.pdf'  class='avia-button av-mth82pvx-63f9d807cf4c93e681189e84c0da8ee2 avia-icon_select-yes-left-icon avia-size-small avia-color-theme-color'  target=\"_blank\"  rel=\"noopener noreferrer\"  aria-label=\"Plan national de lutte \"><span class='avia_button_icon avia_button_icon_left avia-svg-icon avia-font-svg_entypo-fontello' data-av_svg_icon='infinity' data-av_iconset='svg_entypo-fontello'><svg version=\"1.1\" xmlns=\"http:\/\/www.w3.org\/2000\/svg\" width=\"32\" height=\"32\" viewBox=\"0 0 32 32\" preserveAspectRatio=\"xMidYMid meet\" aria-labelledby='av-svg-title-1' aria-describedby='av-svg-desc-1' role=\"graphics-symbol\">\n<title id='av-svg-title-1'>Infinity<\/title>\n<desc id='av-svg-desc-1'>Infinity<\/desc>\n<path d=\"M25.472 8.96q2.688 0 4.608 1.696t1.92 5.344q0 3.584-1.92 5.312t-4.608 1.728q-2.496 0-5.024-1.28t-4.448-3.392q-1.856 2.112-4.384 3.392t-5.024 1.28q-2.752 0-4.672-1.728t-1.92-5.312q0-3.648 1.92-5.344t4.672-1.696q2.496 0 5.024 1.248t4.384 3.36q1.856-2.112 4.416-3.36t5.056-1.248zM6.592 20.224q1.92 0 4.064-1.184t3.616-3.040q-1.472-1.856-3.584-3.040t-4.096-1.184q-3.648 0-3.648 4.224t3.648 4.224zM25.472 20.224q3.648 0 3.648-4.224t-3.648-4.224q-1.984 0-4.128 1.184t-3.552 3.040q1.408 1.856 3.552 3.040t4.128 1.184z\"><\/path>\n<\/svg><\/span><span class='avia_iconbox_title' >Plan national de lutte <\/span><\/a>\n\n<style type=\"text\/css\" data-created_by=\"avia_inline_auto\" id=\"style-css-av-mth83obw-364f0216327e1c4c7ec69be4e0c43997\">\n#top #wrap_all .avia-button.av-mth83obw-364f0216327e1c4c7ec69be4e0c43997{\nmargin-bottom:5px;\nmargin-right:3px;\nmargin-left:3px;\n}\n<\/style>\n<a href='file:\/\/\/C:\/Users\/FREDON\/Downloads\/Dossier-thematique-Frelon-a-pattes-jaunes-13.05.2026-version-numerique-1.pdf'  class='avia-button av-mth83obw-364f0216327e1c4c7ec69be4e0c43997 avia-icon_select-yes-left-icon avia-size-small avia-color-theme-color'  target=\"_blank\"  rel=\"noopener noreferrer\"  aria-label=\"Dossier th\u00e9matique - Frelons \u00e0 pattes jaunes -OPIE\"><span class='avia_button_icon avia_button_icon_left avia-svg-icon avia-font-svg_entypo-fontello' data-av_svg_icon='down-circled' data-av_iconset='svg_entypo-fontello'><svg version=\"1.1\" xmlns=\"http:\/\/www.w3.org\/2000\/svg\" width=\"29\" height=\"32\" viewBox=\"0 0 29 32\" preserveAspectRatio=\"xMidYMid meet\" aria-labelledby='av-svg-title-2' aria-describedby='av-svg-desc-2' role=\"graphics-symbol\">\n<title id='av-svg-title-2'>Down-circled<\/title>\n<desc id='av-svg-desc-2'>Down-circled<\/desc>\n<path d=\"M14.72 1.28q6.080 0 10.4 4.32t4.32 10.4-4.32 10.4-10.4 4.32-10.4-4.32-4.32-10.4 4.32-10.4 10.4-4.32zM14.72 27.52q4.736 0 8.128-3.392t3.392-8.128q0-4.8-3.392-8.16t-8.128-3.36-8.128 3.36-3.392 8.16q0 4.736 3.392 8.128t8.128 3.392zM17.6 9.792v6.592h3.584l-6.464 6.080-6.464-6.080h3.584v-6.592h5.76z\"><\/path>\n<\/svg><\/span><span class='avia_iconbox_title' >Dossier th\u00e9matique - Frelons \u00e0 pattes jaunes -OPIE<\/span><\/a>\n\n<style type=\"text\/css\" data-created_by=\"avia_inline_auto\" id=\"style-css-av-mth84jn2-7fca98a71fcbb622cd1d83267cd13e5b\">\n#top #wrap_all .avia-button.av-mth84jn2-7fca98a71fcbb622cd1d83267cd13e5b{\nmargin-bottom:5px;\nmargin-right:3px;\nmargin-left:3px;\n}\n<\/style>\n<a href='https:\/\/eee-occitanie.org\/'  class='avia-button av-mth84jn2-7fca98a71fcbb622cd1d83267cd13e5b avia-icon_select-yes-left-icon avia-size-small avia-color-theme-color'  target=\"_blank\"  rel=\"noopener noreferrer\"  aria-label=\"Plateforme EEE\"><span class='avia_button_icon avia_button_icon_left avia-svg-icon avia-font-svg_entypo-fontello' data-av_svg_icon='direction' data-av_iconset='svg_entypo-fontello'><svg version=\"1.1\" xmlns=\"http:\/\/www.w3.org\/2000\/svg\" width=\"28\" height=\"32\" viewBox=\"0 0 28 32\" preserveAspectRatio=\"xMidYMid meet\" aria-labelledby='av-svg-title-3' aria-describedby='av-svg-desc-3' role=\"graphics-symbol\">\n<title id='av-svg-title-3'>Direction<\/title>\n<desc id='av-svg-desc-3'>Direction<\/desc>\n<path d=\"M27.136 2.624q0.256 0.256 0.352 0.512t-0.064 0.704-0.32 0.832-0.608 1.248-0.768 1.568q-1.728 3.584-4.704 9.152t-5.024 9.344l-2.112 3.776-1.728-12.16-12.16-1.792q14.144-7.872 22.272-11.776 0.64-0.32 1.536-0.8t1.248-0.64 0.8-0.288 0.736-0.032 0.544 0.352zM24.192 5.696l-9.728 8.96 0.896 7.488z\"><\/path>\n<\/svg><\/span><span class='avia_iconbox_title' >Plateforme EEE<\/span><\/a>\n\n<style type=\"text\/css\" data-created_by=\"avia_inline_auto\" id=\"style-css-av-mth87gpk-60bfab51db6c79c2183622cca74fdd99\">\n#top #wrap_all .avia-button.av-mth87gpk-60bfab51db6c79c2183622cca74fdd99{\nmargin-bottom:5px;\nmargin-right:3px;\nmargin-left:3px;\n}\n<\/style>\n<a href='https:\/\/lefrelon.com\/frelon-asiatique\/regions\/occitanie'  class='avia-button av-mth87gpk-60bfab51db6c79c2183622cca74fdd99 avia-icon_select-yes-left-icon avia-size-small avia-color-theme-color'  target=\"_blank\"  rel=\"noopener noreferrer\"  aria-label=\"Signalement\"><span class='avia_button_icon avia_button_icon_left avia-iconfont avia-font-entypo-fontello' data-av_icon='\ue83e' data-av_iconfont='entypo-fontello' ><\/span><span class='avia_iconbox_title' >Signalement<\/span><\/a>\n<\/div><\/p><\/div>\n<\/div><\/div><\/div><!-- close content main div --><\/div><\/div><div id='after_section_1'  class='main_color av_default_container_wrap container_wrap fullsize'  ><div class='container av-section-cont-open' ><div class='template-page content  av-content-full alpha units'><div class='post-entry post-entry-type-page post-entry-5751'><div class='entry-content-wrapper clearfix'>\n<section  class='av_textblock_section av-mthab92u-3b8a8de78de7cd1b5b2a6976bacc78a1 '   itemscope=\"itemscope\" itemtype=\"https:\/\/schema.org\/CreativeWork\" ><div class='avia_textblock'  itemprop=\"text\" ><h1>Comment reconna\u00eetre le frelon asiatique ?<\/h1>\n<p>Le <strong>frelon asiatique (<em>Vespa velutina<\/em>)<\/strong>, ou frelon \u00e0 pattes jaunes, pr\u00e9sente une coloration caract\u00e9ristique qui permet de le distinguer du frelon europ\u00e9en et d\u2019autres insectes.<\/p>\n<p>Son corps est <strong>majoritairement brun-noir<\/strong>, avec une t\u00eate sombre et une face <strong>jaune-orang\u00e9<\/strong>. Son abdomen est principalement sombre et pr\u00e9sente une <strong>large bande jaune-orang\u00e9 sur le quatri\u00e8me segment<\/strong>.<\/p>\n<p>Ses pattes sont brunes, mais leur extr\u00e9mit\u00e9 est <strong>nettement jaune<\/strong>, un crit\u00e8re caract\u00e9ristique \u00e0 l\u2019origine de son appellation de <strong>\u00ab frelon \u00e0 pattes jaunes \u00bb<\/strong>.<\/p>\n<p>Les ouvri\u00e8res mesurent g\u00e9n\u00e9ralement <strong>entre 17 et 32 mm<\/strong>. La taille peut toutefois varier selon les individus et ne constitue pas, \u00e0 elle seule, un crit\u00e8re suffisant pour identifier l\u2019esp\u00e8ce.<\/p>\n<h3>Frelon asiatique ou frelon europ\u00e9en ?<\/h3>\n<p>Le frelon asiatique peut \u00eatre confondu avec le <strong>frelon europ\u00e9en (<em>Vespa crabro<\/em>)<\/strong>. Quelques caract\u00e9ristiques permettent de les diff\u00e9rencier :<\/p>\n<table>\n<thead>\n<tr>\n<th><strong>Crit\u00e8re<\/strong><\/th>\n<th><strong>Frelon asiatique<\/strong><\/th>\n<th><strong>Frelon europ\u00e9en<\/strong><\/th>\n<\/tr>\n<\/thead>\n<tbody>\n<tr>\n<td><strong>Corps<\/strong><\/td>\n<td>Brun-noir, principalement sombre<\/td>\n<td>Brun avec une coloration jaune plus importante<\/td>\n<\/tr>\n<tr>\n<td><strong>Pattes<\/strong><\/td>\n<td>Extr\u00e9mit\u00e9s jaunes bien visibles<\/td>\n<td>Extr\u00e9mit\u00e9s g\u00e9n\u00e9ralement brun\u00e2tres<\/td>\n<\/tr>\n<tr>\n<td><strong>Abdomen<\/strong><\/td>\n<td>Sombre avec une large bande jaune-orang\u00e9<\/td>\n<td>Plusieurs segments largement jaunes<\/td>\n<\/tr>\n<tr>\n<td><strong>T\u00eate<\/strong><\/td>\n<td>Face jaune-orang\u00e9, dessus sombre<\/td>\n<td>Face et dessus de la t\u00eate plus largement jaunes<\/td>\n<\/tr>\n<\/tbody>\n<\/table>\n<\/div><\/section>\n<\/div><\/div><\/div><!-- close content main div --><\/div><\/div>\n<style type=\"text\/css\" data-created_by=\"avia_inline_auto\" id=\"style-css-av-ailo0n-da4ae35ce4ddf79f50fc343434dcad4d\">\n.avia-section.av-ailo0n-da4ae35ce4ddf79f50fc343434dcad4d{\nbackground-color:#efecd7;\nbackground-image:unset;\n}\n<\/style>\n<div id='av_section_2'  class='avia-section av-ailo0n-da4ae35ce4ddf79f50fc343434dcad4d main_color avia-section-default avia-no-border-styling  avia-builder-el-13  el_after_av_textblock  el_before_av_section  avia-bg-style-scroll container_wrap fullsize'  ><div class='container av-section-cont-open' ><div class='template-page content  av-content-full alpha units'><div class='post-entry post-entry-type-page post-entry-5751'><div class='entry-content-wrapper clearfix'>\n<div  class='flex_column av-8nkh0n-e552c9dfc3aae203deab1bac26b00163 av_one_full  avia-builder-el-14  el_before_av_one_full  avia-builder-el-first  first flex_column_div  '     ><section  class='av_textblock_section av-mthaaxgs-e487ba3a644ab06f4921323bb032ddbe '   itemscope=\"itemscope\" itemtype=\"https:\/\/schema.org\/CreativeWork\" ><div class='avia_textblock'  itemprop=\"text\" ><h2>En cas de doute, ne prenez pas de risque<\/h2>\n<p>L\u2019identification peut parfois \u00eatre difficile, notamment \u00e0 distance ou lorsque l\u2019insecte est en mouvement. <strong>Ne tentez pas de capturer ou de manipuler un frelon pour l\u2019identifier.<\/strong><\/p>\n<p>Si les conditions le permettent, une <strong>photographie prise \u00e0 distance et en toute s\u00e9curit\u00e9<\/strong> peut \u00eatre utilis\u00e9e pour confirmer l\u2019identification aupr\u00e8s d\u2019un organisme comp\u00e9tent ou via une plateforme de signalement.<\/p>\n<blockquote>\n<p><strong>Un insecte isol\u00e9 ne permet pas toujours de confirmer la pr\u00e9sence de l\u2019esp\u00e8ce. En cas de doute, privil\u00e9giez l\u2019observation \u00e0 distance et le signalement.<\/strong><\/p>\n<\/blockquote>\n<\/div><\/section><\/div><div  class='flex_column av-7ik4vb-315014eff49478ea0b32ec0df345e1d4 av_one_full  avia-builder-el-16  el_after_av_one_full  el_before_av_textblock  first flex_column_div  column-top-margin'     ><style type=\"text\/css\" data-created_by=\"avia_inline_auto\" id=\"style-css-av-6f4t6v-7a62294033ae4baa0b17ebb15db3d47b\">\n.avia-image-container.av-6f4t6v-7a62294033ae4baa0b17ebb15db3d47b img.avia_image{\nbox-shadow:none;\n}\n.avia-image-container.av-6f4t6v-7a62294033ae4baa0b17ebb15db3d47b .av-image-caption-overlay-center{\ncolor:#ffffff;\n}\n<\/style>\n<div  class='avia-image-container av-6f4t6v-7a62294033ae4baa0b17ebb15db3d47b av-styling- avia-align-center  avia-builder-el-17  avia-builder-el-no-sibling '   itemprop=\"image\" itemscope=\"itemscope\" itemtype=\"https:\/\/schema.org\/ImageObject\" ><div class=\"avia-image-container-inner\"><div class=\"avia-image-overlay-wrap\"><img decoding=\"async\" fetchpriority=\"high\" class='wp-image-5753 avia-img-lazy-loading-not-5753 avia_image ' src=\"https:\/\/www.fredonoccitanie.com\/eesh\/wp-content\/uploads\/sites\/5\/2026\/08\/Fredon_autres.png\" alt='' title='Fredon_autres'  height=\"297\" width=\"1027\"  itemprop=\"thumbnailUrl\" srcset=\"https:\/\/www.fredonoccitanie.com\/eesh\/wp-content\/uploads\/sites\/5\/2026\/08\/Fredon_autres.png 1027w, https:\/\/www.fredonoccitanie.com\/eesh\/wp-content\/uploads\/sites\/5\/2026\/08\/Fredon_autres-300x87.png 300w, https:\/\/www.fredonoccitanie.com\/eesh\/wp-content\/uploads\/sites\/5\/2026\/08\/Fredon_autres-768x222.png 768w, https:\/\/www.fredonoccitanie.com\/eesh\/wp-content\/uploads\/sites\/5\/2026\/08\/Fredon_autres-705x204.png 705w\" sizes=\"(max-width: 1027px) 100vw, 1027px\" \/><\/div><\/div><\/div><\/div><section  class='av_textblock_section av-4oyarr-1bb6b5bcd84324e2cc788c01918d8ef9 '   itemscope=\"itemscope\" itemtype=\"https:\/\/schema.org\/CreativeWork\" ><div class='avia_textblock'  itemprop=\"text\" ><p><em>Issu du <\/em><a class=\"ext\" href=\"https:\/\/insectes.org\/2026\/06\/15\/dossier-thematique-mieux-comprendre-le-frelon-a-pattes-jaunes\/\" target=\"_blank\" rel=\"noopener\" data-extlink=\"\"><em>dossier sur le frelon \u00e0 pattes jaunes de l\u2019Opie<\/em><\/a><\/p>\n<\/div><\/section>\n\n<\/div><\/div><\/div><!-- close content main div --><\/div><\/div><div id='av_section_3'  class='avia-section av-difwsk-4d60d6edd8b09d58ac57a91748a9dfe9 main_color avia-section-default avia-no-border-styling  avia-builder-el-19  el_after_av_section  el_before_av_section  avia-bg-style-scroll container_wrap fullsize'  ><div class='container av-section-cont-open' ><div class='template-page content  av-content-full alpha units'><div class='post-entry post-entry-type-page post-entry-5751'><div class='entry-content-wrapper clearfix'>\n<div  class='flex_column av-d289zo-aaa6938f812beb227da5a5f87dc97e0b av_one_full  avia-builder-el-20  el_before_av_one_full  avia-builder-el-first  first flex_column_div  '     ><section  class='av_textblock_section av-mtgz7bwe-6da72bbcf539a1af7750c43219d50819 '   itemscope=\"itemscope\" itemtype=\"https:\/\/schema.org\/CreativeWork\" ><div class='avia_textblock'  itemprop=\"text\" ><h1>Comment reconna\u00eetre son nid ?<\/h1>\n<p>Le frelon \u00e0 pattes jaunes construit plusieurs types de nids au cours de son cycle.<\/p>\n<p>Au printemps, une reine fondatrice commence seule la construction d\u2019un nid primaire, g\u00e9n\u00e9ralement de petite taille. Elle y \u00e9l\u00e8ve les premi\u00e8res ouvri\u00e8res.<br \/>\n<a href=\"https:\/\/fredon.fr\/bourgogne-franche-comte\/sites\/default\/files\/API-GDSBFC-FT-20250306-Protocole%20rep%C3%A9rage%20nid%20primaire.pdf\" target=\"_blank\" rel=\"noreferrer noopener\">PROTOCOLE REP\u00e9RAGE DES NIDS PRIMAIRES<\/a><\/p>\n<p>Lorsque la colonie se d\u00e9veloppe, un nid secondaire peut \u00eatre construit, souvent dans un arbre, mais \u00e9galement dans une haie, sous une toiture, dans un b\u00e2timent ou dans d\u2019autres endroits abrit\u00e9s.<\/p>\n<p>Ces nids secondaires peuvent devenir tr\u00e8s volumineux et abriter plusieurs centaines, voire plusieurs milliers d\u2019individus. Le nid du frelon \u00e0 pattes jaunes pr\u00e9sente g\u00e9n\u00e9ralement une entr\u00e9e lat\u00e9rale, contrairement \u00e0 celui du frelon europ\u00e9en, dont l\u2019ouverture est situ\u00e9e \u00e0 la base.<\/p>\n<h6><strong>\u26a0\ufe0f Ne vous approchez pas d\u2019un nid<\/strong><\/h6>\n<p>La colonie peut d\u00e9fendre activement son nid lorsqu\u2019elle se sent menac\u00e9e.\u00a0Ne tentez jamais de le d\u00e9truire vous-m\u00eame et ne vous placez pas \u00e0 proximit\u00e9 pour observer son activit\u00e9.<\/p>\n<p data-start=\"3663\" data-end=\"3770\"><a href=\"https:\/\/lefrelon.com\/\"><strong>-&gt; Faire un signalement<\/strong><\/a><\/p>\n<\/div><\/section><\/div><div  class='flex_column av-b67aes-58365dcf18978c46d56354d13d30cab9 av_one_full  avia-builder-el-22  el_after_av_one_full  el_before_av_textblock  first flex_column_div  column-top-margin'     ><style type=\"text\/css\" data-created_by=\"avia_inline_auto\" id=\"style-css-av-9k5ixg-094e90a11b1a873112416bdcfaa3ff4d\">\n.avia-image-container.av-9k5ixg-094e90a11b1a873112416bdcfaa3ff4d img.avia_image{\nbox-shadow:none;\n}\n.avia-image-container.av-9k5ixg-094e90a11b1a873112416bdcfaa3ff4d .av-image-caption-overlay-center{\ncolor:#ffffff;\n}\n<\/style>\n<div  class='avia-image-container av-9k5ixg-094e90a11b1a873112416bdcfaa3ff4d av-styling- avia-align-center  avia-builder-el-23  avia-builder-el-no-sibling '   itemprop=\"image\" itemscope=\"itemscope\" itemtype=\"https:\/\/schema.org\/ImageObject\" ><div class=\"avia-image-container-inner\"><div class=\"avia-image-overlay-wrap\"><img decoding=\"async\" fetchpriority=\"high\" class='wp-image-5758 avia-img-lazy-loading-not-5758 avia_image ' src=\"https:\/\/www.fredonoccitanie.com\/eesh\/wp-content\/uploads\/sites\/5\/2026\/08\/opie.png\" alt='' title='opie'  height=\"311\" width=\"994\"  itemprop=\"thumbnailUrl\" srcset=\"https:\/\/www.fredonoccitanie.com\/eesh\/wp-content\/uploads\/sites\/5\/2026\/08\/opie.png 994w, https:\/\/www.fredonoccitanie.com\/eesh\/wp-content\/uploads\/sites\/5\/2026\/08\/opie-300x94.png 300w, https:\/\/www.fredonoccitanie.com\/eesh\/wp-content\/uploads\/sites\/5\/2026\/08\/opie-768x240.png 768w, https:\/\/www.fredonoccitanie.com\/eesh\/wp-content\/uploads\/sites\/5\/2026\/08\/opie-705x221.png 705w\" sizes=\"(max-width: 994px) 100vw, 994px\" \/><\/div><\/div><\/div><\/div><section  class='av_textblock_section av-j92tqv-9909655f977311cfa88b77f312bcdf83 '   itemscope=\"itemscope\" itemtype=\"https:\/\/schema.org\/CreativeWork\" ><div class='avia_textblock'  itemprop=\"text\" ><p><em>Issu du <\/em><a class=\"ext\" href=\"https:\/\/insectes.org\/2026\/06\/15\/dossier-thematique-mieux-comprendre-le-frelon-a-pattes-jaunes\/\" target=\"_blank\" rel=\"noopener\" data-extlink=\"\"><em>dossier sur le frelon \u00e0 pattes jaunes de l\u2019Opie<\/em><\/a><\/p>\n<\/div><\/section>\n\n<\/div><\/div><\/div><!-- close content main div --><\/div><\/div>\n<style type=\"text\/css\" data-created_by=\"avia_inline_auto\" id=\"style-css-av-mth2zre3-f32021b16fa17bacb6f213e328368fe1\">\n.avia-section.av-mth2zre3-f32021b16fa17bacb6f213e328368fe1{\nbackground-color:#efecd7;\nbackground-image:unset;\n}\n<\/style>\n<div id='av_section_4'  class='avia-section av-mth2zre3-f32021b16fa17bacb6f213e328368fe1 main_color avia-section-default avia-no-border-styling  avia-builder-el-25  el_after_av_section  el_before_av_section  avia-bg-style-scroll container_wrap fullsize'  ><div class='container av-section-cont-open' ><div class='template-page content  av-content-full alpha units'><div class='post-entry post-entry-type-page post-entry-5751'><div class='entry-content-wrapper clearfix'>\n<div  class='flex_column av-3m6c44-ee17311a6697394e2599128e89f1e9bc av_one_full  avia-builder-el-26  el_before_av_one_full  avia-builder-el-first  first flex_column_div  '     ><section  class='av_textblock_section av-mtgz7u34-e5568a287ae3e3d0e41cc8fc16fa3e02 '   itemscope=\"itemscope\" itemtype=\"https:\/\/schema.org\/CreativeWork\" ><div class='avia_textblock'  itemprop=\"text\" ><h1 class=\"PDq2pG_selectionAnchorContainer\" data-section-id=\"1dwx3oo\" data-start=\"3823\" data-end=\"3866\">Le cycle de vie du frelon \u00e0 pattes jaunes<\/h1>\n<p><strong>Le cycle annuel de la colonie commence au printemps<\/strong> avec la sortie des reines fondatrices ayant pass\u00e9 l\u2019hiver \u00e0 l\u2019abri.<\/p>\n<p>Elles construisent un premier nid et commencent \u00e0 \u00e9lever les premi\u00e8res ouvri\u00e8res. \u00c0 mesure que la colonie se d\u00e9veloppe, celles-ci prennent progressivement en charge la construction du nid et l\u2019approvisionnement de la colonie.<\/p>\n<p><strong>Au cours de l\u2019\u00e9t\u00e9,<\/strong> la colonie atteint son d\u00e9veloppement maximal et peut construire ou occuper un nid secondaire, g\u00e9n\u00e9ralement plus important.<\/p>\n<p><strong>\u00c0 l\u2019automne,<\/strong> de nouvelles reines et des m\u00e2les sont produits. Apr\u00e8s l\u2019accouplement, les nouvelles reines quittent la colonie pour passer l\u2019hiver \u00e0 l\u2019abri. La colonie, elle, dispara\u00eet progressivement et le nid n\u2019est pas r\u00e9utilis\u00e9 l\u2019ann\u00e9e suivante.<\/p>\n<\/div><\/section><\/div><div  class='flex_column av-6xr190-82626a71823edc044d3eb850667d81de av_one_full  avia-builder-el-28  el_after_av_one_full  avia-builder-el-last  first flex_column_div  column-top-margin'     ><p>\n<style type=\"text\/css\" data-created_by=\"avia_inline_auto\" id=\"style-css-av-60yh90-473a1ee55e328a6afaec844b59fe9348\">\n.avia-image-container.av-60yh90-473a1ee55e328a6afaec844b59fe9348 img.avia_image{\nbox-shadow:none;\n}\n.avia-image-container.av-60yh90-473a1ee55e328a6afaec844b59fe9348 .av-image-caption-overlay-center{\ncolor:#ffffff;\n}\n<\/style>\n<div  class='avia-image-container av-60yh90-473a1ee55e328a6afaec844b59fe9348 av-styling- avia-align-center  avia-builder-el-29  el_before_av_textblock  avia-builder-el-first '   itemprop=\"image\" itemscope=\"itemscope\" itemtype=\"https:\/\/schema.org\/ImageObject\" ><div class=\"avia-image-container-inner\"><div class=\"avia-image-overlay-wrap\"><img decoding=\"async\" fetchpriority=\"high\" class='wp-image-5761 avia-img-lazy-loading-not-5761 avia_image ' src=\"https:\/\/www.fredonoccitanie.com\/eesh\/wp-content\/uploads\/sites\/5\/2026\/08\/cycle-nid-frelon_4.jpg\" alt='' title='cycle + nid frelon_4'  height=\"667\" width=\"1477\"  itemprop=\"thumbnailUrl\" srcset=\"https:\/\/www.fredonoccitanie.com\/eesh\/wp-content\/uploads\/sites\/5\/2026\/08\/cycle-nid-frelon_4.jpg 1477w, https:\/\/www.fredonoccitanie.com\/eesh\/wp-content\/uploads\/sites\/5\/2026\/08\/cycle-nid-frelon_4-300x135.jpg 300w, https:\/\/www.fredonoccitanie.com\/eesh\/wp-content\/uploads\/sites\/5\/2026\/08\/cycle-nid-frelon_4-1030x465.jpg 1030w, https:\/\/www.fredonoccitanie.com\/eesh\/wp-content\/uploads\/sites\/5\/2026\/08\/cycle-nid-frelon_4-768x347.jpg 768w, https:\/\/www.fredonoccitanie.com\/eesh\/wp-content\/uploads\/sites\/5\/2026\/08\/cycle-nid-frelon_4-705x318.jpg 705w\" sizes=\"(max-width: 1477px) 100vw, 1477px\" \/><\/div><\/div><\/div><br \/>\n<section  class='av_textblock_section av-mth6rj2u-b2dd2effb9b19c70ccfd04f5b8e51bcb '   itemscope=\"itemscope\" itemtype=\"https:\/\/schema.org\/CreativeWork\" ><div class='avia_textblock'  itemprop=\"text\" ><p><em>Issu du <\/em><a class=\"ext\" href=\"https:\/\/www.gdsfrance.org\/wp-content\/uploads\/Strategie-et-plan-national-de-lutte-contre-le-frelon-asiatique-a-pattes-jaunes-2025.pdf\" target=\"_blank\" rel=\"noopener\" data-extlink=\"\"><em>dossier GDS France<\/em><\/a><\/p>\n<\/div><\/section><\/p><\/div>\n\n<\/div><\/div><\/div><!-- close content main div --><\/div><\/div><div id='av_section_5'  class='avia-section av-1undv8-5e92d3775c225d1299addb4309c12f10 main_color avia-section-default avia-no-border-styling  avia-builder-el-31  el_after_av_section  el_before_av_section  avia-bg-style-scroll container_wrap fullsize'  ><div class='container av-section-cont-open' ><div class='template-page content  av-content-full alpha units'><div class='post-entry post-entry-type-page post-entry-5751'><div class='entry-content-wrapper clearfix'>\n<div  class='flex_column av-9pya6b-a3b144f819fd21e3e7dba681d13e26c5 av_three_fifth  avia-builder-el-32  el_before_av_two_fifth  avia-builder-el-first  first flex_column_div  '     ><section  class='av_textblock_section av-mrxb3wak-362b4124c2ad8112c3c11cd22e298e5e '   itemscope=\"itemscope\" itemtype=\"https:\/\/schema.org\/CreativeWork\" ><div class='avia_textblock'  itemprop=\"text\" ><h1 class=\"PDq2pG_selectionAnchorContainer\" data-section-id=\"aej60w\" data-start=\"4710\" data-end=\"4767\">Pourquoi faut-il surveiller le frelon \u00e0 pattes jaunes ?<\/h1>\n<h4 data-section-id=\"ghqast\" data-start=\"4769\" data-end=\"4820\">Un enjeu important pour les abeilles domestiques<\/h4>\n<p data-start=\"4822\" data-end=\"4982\">Le frelon \u00e0 pattes jaunes est un <strong data-start=\"4855\" data-end=\"4880\">pr\u00e9dateur g\u00e9n\u00e9raliste<\/strong>, mais l\u2019abeille domestique constitue une proie particuli\u00e8rement importante dans certaines situations.<\/p>\n<p data-start=\"4984\" data-end=\"5344\">\u00c0 proximit\u00e9 des ruches, les frelons peuvent se positionner en vol stationnaire devant les entr\u00e9es et capturer les abeilles qui sortent. Cette pression de pr\u00e9dation peut perturber l\u2019activit\u00e9 de la colonie : les abeilles r\u00e9duisent leurs sorties et leur activit\u00e9 de butinage, ce qui peut contribuer \u00e0 fragiliser les colonies.<\/p>\n<p data-start=\"5346\" data-end=\"5608\">Le dossier 2026 de l\u2019Opie souligne ainsi que l\u2019impact sur <strong data-start=\"5404\" data-end=\"5451\">l\u2019apiculture est aujourd\u2019hui bien document\u00e9<\/strong>, alors que les effets sur les \u00e9cosyst\u00e8mes et les pollinisateurs sauvages n\u00e9cessitent encore d\u2019\u00eatre \u00e9tudi\u00e9s et nuanc\u00e9s.<\/p>\n<\/div><\/section><\/div><div  class='flex_column av-hipgev-7dd75a6a692376e1d4bcef771bf7b85f av_two_fifth  avia-builder-el-34  el_after_av_three_fifth  el_before_av_one_full  flex_column_div  '     ><p>\n<style type=\"text\/css\" data-created_by=\"avia_inline_auto\" id=\"style-css-av-mth7hz1i-be0adeaee14f2499187cb312f0b54b6e\">\n.avia-image-container.av-mth7hz1i-be0adeaee14f2499187cb312f0b54b6e img.avia_image{\nbox-shadow:none;\n}\n.avia-image-container.av-mth7hz1i-be0adeaee14f2499187cb312f0b54b6e .av-image-caption-overlay-center{\ncolor:#ffffff;\n}\n<\/style>\n<div  class='avia-image-container av-mth7hz1i-be0adeaee14f2499187cb312f0b54b6e av-styling- avia-align-center  avia-builder-el-35  el_before_av_textblock  avia-builder-el-first '   itemprop=\"image\" itemscope=\"itemscope\" itemtype=\"https:\/\/schema.org\/ImageObject\" ><div class=\"avia-image-container-inner\"><div class=\"avia-image-overlay-wrap\"><img decoding=\"async\" fetchpriority=\"high\" class='wp-image-5764 avia-img-lazy-loading-not-5764 avia_image ' src=\"https:\/\/www.fredonoccitanie.com\/eesh\/wp-content\/uploads\/sites\/5\/2026\/08\/frelon-asiatique-726a3bbb4ffa318b2b6ebd6200a9936d06c940a7fb74c6b442a747a4d2ab5bcb.jpg\" alt='' title='frelon-asiatique-726a3bbb4ffa318b2b6ebd6200a9936d06c940a7fb74c6b442a747a4d2ab5bcb'  height=\"467\" width=\"600\"  itemprop=\"thumbnailUrl\" srcset=\"https:\/\/www.fredonoccitanie.com\/eesh\/wp-content\/uploads\/sites\/5\/2026\/08\/frelon-asiatique-726a3bbb4ffa318b2b6ebd6200a9936d06c940a7fb74c6b442a747a4d2ab5bcb.jpg 600w, https:\/\/www.fredonoccitanie.com\/eesh\/wp-content\/uploads\/sites\/5\/2026\/08\/frelon-asiatique-726a3bbb4ffa318b2b6ebd6200a9936d06c940a7fb74c6b442a747a4d2ab5bcb-300x234.jpg 300w\" sizes=\"(max-width: 600px) 100vw, 600px\" \/><\/div><\/div><\/div><br \/>\n<section  class='av_textblock_section av-fmx96v-e3d82cddf4855a997ef043a1c9d86734 '   itemscope=\"itemscope\" itemtype=\"https:\/\/schema.org\/CreativeWork\" ><div class='avia_textblock'  itemprop=\"text\" ><p><em>Issu du <\/em><a class=\"ext\" href=\"https:\/\/www.gdsfrance.org\/wp-content\/uploads\/Strategie-et-plan-national-de-lutte-contre-le-frelon-asiatique-a-pattes-jaunes-2025.pdf\" target=\"_blank\" rel=\"noopener\" data-extlink=\"\"><em>dossier GDS France<\/em><\/a><\/p>\n<\/div><\/section><\/p><\/div><div  class='flex_column av-1u60w7-e5f9ad9985a48813218a2a8dee00e7b8 av_one_full  avia-builder-el-37  el_after_av_two_fifth  avia-builder-el-last  first flex_column_div  '     ><section  class='av_textblock_section av-mthad0yw-734dc5d138b6f7829031763c44f68530 '   itemscope=\"itemscope\" itemtype=\"https:\/\/schema.org\/CreativeWork\" ><div class='avia_textblock'  itemprop=\"text\" ><h4 data-section-id=\"1959r8j\" data-start=\"5610\" data-end=\"5646\">Un pr\u00e9dateur de nombreux insectes<\/h4>\n<p data-start=\"5648\" data-end=\"5816\">Le frelon \u00e0 pattes jaunes capture une grande diversit\u00e9 d\u2019insectes pour nourrir ses larves. Son r\u00e9gime alimentaire varie selon les milieux et les ressources disponibles.<\/p>\n<p data-start=\"5818\" data-end=\"5980\">Cette pr\u00e9dation fait partie de son mode de vie, mais l\u2019installation d\u2019une esp\u00e8ce exotique dans un nouvel environnement peut modifier les \u00e9quilibres entre esp\u00e8ces.<\/p>\n<p data-start=\"5982\" data-end=\"6159\"><strong data-start=\"5982\" data-end=\"6052\">L\u2019impact \u00e9cologique du frelon doit donc \u00eatre consid\u00e9r\u00e9 avec nuance<\/strong>, en distinguant les effets d\u00e9montr\u00e9s des hypoth\u00e8ses encore \u00e9tudi\u00e9es.<\/p>\n<\/div><\/section><\/div>\n\n<\/div><\/div><\/div><!-- close content main div --><\/div><\/div>\n<style type=\"text\/css\" data-created_by=\"avia_inline_auto\" id=\"style-css-av-mth30jkr-f7a0e05566d993dc3425b902f301bb2a\">\n.avia-section.av-mth30jkr-f7a0e05566d993dc3425b902f301bb2a{\nbackground-color:#efecd7;\nbackground-image:unset;\n}\n<\/style>\n<div id='av_section_6'  class='avia-section av-mth30jkr-f7a0e05566d993dc3425b902f301bb2a main_color avia-section-default avia-no-border-styling  avia-builder-el-39  el_after_av_section  el_before_av_section  avia-bg-style-scroll container_wrap fullsize'  ><div class='container av-section-cont-open' ><div class='template-page content  av-content-full alpha units'><div class='post-entry post-entry-type-page post-entry-5751'><div class='entry-content-wrapper clearfix'>\n<div  class='flex_column av-1whm4k-abcff31bb3ec4b4daa97090727b45195 av_one_full  avia-builder-el-40  el_before_av_one_half  avia-builder-el-first  first flex_column_div  '     ><section  class='av_textblock_section av-mth38e7h-5f26f1b292d283c4a5d44dd6de76e251 '   itemscope=\"itemscope\" itemtype=\"https:\/\/schema.org\/CreativeWork\" ><div class='avia_textblock'  itemprop=\"text\" ><h1>Que faire si vous observez un frelon ou un nid ?<\/h1>\n<\/div><\/section><\/div><div  class='flex_column av-5cimw7-94aab8664ee48326d6f659b0ba08093f av_one_half  avia-builder-el-42  el_after_av_one_full  el_before_av_one_half  first flex_column_div  column-top-margin'     ><section  class='av_textblock_section av-mth7nisv-db3b9aec5bf894ecbe1df713c6a2f7e5 '   itemscope=\"itemscope\" itemtype=\"https:\/\/schema.org\/CreativeWork\" ><div class='avia_textblock'  itemprop=\"text\" ><h4 data-section-id=\"vycpxa\" data-start=\"7059\" data-end=\"7086\">Vous observez un frelon<\/h4>\n<ul data-start=\"7088\" data-end=\"7379\">\n<li data-section-id=\"cg5kwo\" data-start=\"7088\" data-end=\"7120\">Ne cherchez pas \u00e0 le capturer.<\/li>\n<li data-section-id=\"1v7ltoh\" data-start=\"7121\" data-end=\"7146\">Observez-le \u00e0 distance.<\/li>\n<li data-section-id=\"xcl8ux\" data-start=\"7147\" data-end=\"7210\">Si possible, prenez une <strong data-start=\"7173\" data-end=\"7209\">photographie sans vous approcher<\/strong>.<\/li>\n<li data-section-id=\"87b0dk\" data-start=\"7211\" data-end=\"7306\">Faites v\u00e9rifier l\u2019identification avant de conclure \u00e0 la pr\u00e9sence d\u2019un frelon \u00e0 pattes jaunes.<\/li>\n<\/ul>\n<h6><a href=\"https:\/\/lefrelon.com\/\">&#8211;&gt;<strong>Faite un<\/strong><strong data-start=\"7321\" data-end=\"7378\"> signalement\u00a0<\/strong><strong data-start=\"7321\" data-end=\"7378\">via la plateforme lefrelon.com<\/strong><\/a><\/h6>\n<h6 data-start=\"7666\" data-end=\"7696\"><\/h6>\n<\/div><\/section><br \/>\n\n<style type=\"text\/css\" data-created_by=\"avia_inline_auto\" id=\"style-css-av-mtha3ffs-22462bbe6a9fe04004e2e4508c8368ad\">\n.avia-image-container.av-mtha3ffs-22462bbe6a9fe04004e2e4508c8368ad img.avia_image{\nbox-shadow:none;\n}\n.avia-image-container.av-mtha3ffs-22462bbe6a9fe04004e2e4508c8368ad .av-image-caption-overlay-center{\ncolor:#ffffff;\n}\n<\/style>\n<div  class='avia-image-container av-mtha3ffs-22462bbe6a9fe04004e2e4508c8368ad av-styling- avia-align-center  avia-builder-el-44  el_after_av_textblock  avia-builder-el-last '   itemprop=\"image\" itemscope=\"itemscope\" itemtype=\"https:\/\/schema.org\/ImageObject\" ><div class=\"avia-image-container-inner\"><div class=\"avia-image-overlay-wrap\"><img decoding=\"async\" fetchpriority=\"high\" class='wp-image-5787 avia-img-lazy-loading-not-5787 avia_image ' src=\"https:\/\/www.fredonoccitanie.com\/eesh\/wp-content\/uploads\/sites\/5\/2026\/08\/F1.png\" alt='' title='F1'  height=\"939\" width=\"1329\"  itemprop=\"thumbnailUrl\" srcset=\"https:\/\/www.fredonoccitanie.com\/eesh\/wp-content\/uploads\/sites\/5\/2026\/08\/F1.png 1329w, https:\/\/www.fredonoccitanie.com\/eesh\/wp-content\/uploads\/sites\/5\/2026\/08\/F1-300x212.png 300w, https:\/\/www.fredonoccitanie.com\/eesh\/wp-content\/uploads\/sites\/5\/2026\/08\/F1-1030x728.png 1030w, https:\/\/www.fredonoccitanie.com\/eesh\/wp-content\/uploads\/sites\/5\/2026\/08\/F1-768x543.png 768w, https:\/\/www.fredonoccitanie.com\/eesh\/wp-content\/uploads\/sites\/5\/2026\/08\/F1-260x185.png 260w, https:\/\/www.fredonoccitanie.com\/eesh\/wp-content\/uploads\/sites\/5\/2026\/08\/F1-705x498.png 705w\" sizes=\"(max-width: 1329px) 100vw, 1329px\" \/><\/div><\/div><\/div><\/p><\/div><div  class='flex_column av-4urhmv-ad17404e815d62b9014be5f619b573ce av_one_half  avia-builder-el-45  el_after_av_one_half  avia-builder-el-last  flex_column_div  column-top-margin'     ><section  class='av_textblock_section av-mth7nnpl-d7be3070923be1d824028df00884b6f2 '   itemscope=\"itemscope\" itemtype=\"https:\/\/schema.org\/CreativeWork\" ><div class='avia_textblock'  itemprop=\"text\" ><h4 data-section-id=\"1c2lkge\" data-start=\"7381\" data-end=\"7406\">Vous d\u00e9couvrez un nid<\/h4>\n<ul data-start=\"7408\" data-end=\"7664\">\n<li data-section-id=\"z771t6\" data-start=\"7408\" data-end=\"7443\">Ne vous approchez pas du nid.<\/li>\n<li data-section-id=\"bchgur\" data-start=\"7444\" data-end=\"7475\">Ne tentez pas de le d\u00e9truire.<\/li>\n<li data-section-id=\"h4juyn\" data-start=\"7476\" data-end=\"7526\">\u00c9loignez les enfants et les animaux domestiques.<\/li>\n<li data-section-id=\"14cit6e\" data-start=\"7527\" data-end=\"7578\">Signalez sa pr\u00e9sence selon les modalit\u00e9s locales.<\/li>\n<li data-section-id=\"1a030ou\" data-start=\"7579\" data-end=\"7664\"><a href=\"https:\/\/fredon.fr\/bourgogne-franche-comte\/sites\/default\/files\/3D%20chartes%202026_20-08-2026.pdf\">Faites intervenir un professionnel form\u00e9 lorsque sa destruction est n\u00e9cessaire.<\/a><\/li>\n<\/ul>\n<h6 data-start=\"7666\" data-end=\"7696\"><a href=\"https:\/\/lefrelon.com\/\">&#8211;&gt;<strong>Faite un signalement\u00a0via la plateforme lefrelon.com<\/strong><\/a><\/h6>\n<\/div><\/section><br \/>\n\n<style type=\"text\/css\" data-created_by=\"avia_inline_auto\" id=\"style-css-av-mtha5d6s-710ad807924ee0b849085412e04eb03e\">\n.avia-image-container.av-mtha5d6s-710ad807924ee0b849085412e04eb03e img.avia_image{\nbox-shadow:none;\n}\n.avia-image-container.av-mtha5d6s-710ad807924ee0b849085412e04eb03e .av-image-caption-overlay-center{\ncolor:#ffffff;\n}\n<\/style>\n<div  class='avia-image-container av-mtha5d6s-710ad807924ee0b849085412e04eb03e av-styling- avia-align-center  avia-builder-el-47  el_after_av_textblock  el_before_av_textblock '   itemprop=\"image\" itemscope=\"itemscope\" itemtype=\"https:\/\/schema.org\/ImageObject\" ><div class=\"avia-image-container-inner\"><div class=\"avia-image-overlay-wrap\"><img decoding=\"async\" fetchpriority=\"high\" class='wp-image-5789 avia-img-lazy-loading-not-5789 avia_image ' src=\"https:\/\/www.fredonoccitanie.com\/eesh\/wp-content\/uploads\/sites\/5\/2026\/08\/nid-frelon-asiatique.png\" alt='' title='nid-frelon-asiatique'  height=\"533\" width=\"800\"  itemprop=\"thumbnailUrl\" srcset=\"https:\/\/www.fredonoccitanie.com\/eesh\/wp-content\/uploads\/sites\/5\/2026\/08\/nid-frelon-asiatique.png 800w, https:\/\/www.fredonoccitanie.com\/eesh\/wp-content\/uploads\/sites\/5\/2026\/08\/nid-frelon-asiatique-300x200.png 300w, https:\/\/www.fredonoccitanie.com\/eesh\/wp-content\/uploads\/sites\/5\/2026\/08\/nid-frelon-asiatique-768x512.png 768w, https:\/\/www.fredonoccitanie.com\/eesh\/wp-content\/uploads\/sites\/5\/2026\/08\/nid-frelon-asiatique-705x470.png 705w\" sizes=\"(max-width: 800px) 100vw, 800px\" \/><\/div><\/div><\/div><br \/>\n<section  class='av_textblock_section av-mtha7t36-26aebc73ac7716d02fd5e37a47e36809 '   itemscope=\"itemscope\" itemtype=\"https:\/\/schema.org\/CreativeWork\" ><div class='avia_textblock'  itemprop=\"text\" ><p><em>Credit photo : MNHN<\/em><\/p>\n<\/div><\/section><\/p><\/div>\n\n<\/div><\/div><\/div><!-- close content main div --><\/div><\/div><div id='av_section_7'  class='avia-section av-eq79s7-a7a583f8f475c17effcce2d915b06ff4 main_color avia-section-default avia-no-border-styling  avia-builder-el-49  el_after_av_section  el_before_av_section  avia-bg-style-scroll container_wrap fullsize'  ><div class='container av-section-cont-open' ><div class='template-page content  av-content-full alpha units'><div class='post-entry post-entry-type-page post-entry-5751'><div class='entry-content-wrapper clearfix'>\n<div  class='flex_column av-1ak087-745210d9d24d642fdbf78e9830c2e2b2 av_one_full  avia-builder-el-50  avia-builder-el-no-sibling  first flex_column_div  '     ><section  class='av_textblock_section av-mth6td2u-2ed7217e2b7af568cd29a5f78d41a486 '   itemscope=\"itemscope\" itemtype=\"https:\/\/schema.org\/CreativeWork\" ><div class='avia_textblock'  itemprop=\"text\" ><h1>Comment lutter contre le frelon \u00e0 pattes jaunes ?<\/h1>\n<p>La lutte contre le frelon \u00e0 pattes jaunes doit privil\u00e9gier des m\u00e9thodes efficaces, cibl\u00e9es et respectueuses de l\u2019environnement.<\/p>\n<h4>La destruction des nids<\/h4>\n<p>La destruction des nids constitue l\u2019un des leviers de gestion de l\u2019esp\u00e8ce. Elle doit \u00eatre r\u00e9alis\u00e9e dans des conditions garantissant la s\u00e9curit\u00e9 des personnes et avec des m\u00e9thodes adapt\u00e9es.<\/p>\n<p>Un nid peut \u00eatre difficilement accessible, notamment lorsqu\u2019il est install\u00e9 en hauteur. Son traitement doit donc \u00eatre confi\u00e9 \u00e0 des intervenants form\u00e9s et \u00e9quip\u00e9s.<\/p>\n<p>Les modalit\u00e9s d\u2019intervention peuvent d\u00e9pendre du contexte local et des dispositifs mis en place par les autorit\u00e9s et les collectivit\u00e9s.<\/p>\n<h4>LISTE DES ENTREPRISES DE D\u00c9SINSECTISATION CHART\u00c9ES EN 2026<\/h4>\n<p>Voici la liste des entreprises de d\u00e9sinsectisation signataires de la Charte des Bonnes Pratiques de destruction pour la campagne 2026. Cette liste, \u00e0 jour du 20\/08\/2026, est mise \u00e0 jour r\u00e9guli\u00e8rement<\/p>\n<ul>\n<li><a href=\"https:\/\/fredon.fr\/bourgogne-franche-comte\/sites\/default\/files\/3D%20chartes%202026_20-08-2026.pdf\">Liste 3D chart\u00e9s 2026<\/a><\/li>\n<\/ul>\n<\/div><\/section><\/div>\n\n<\/div><\/div><\/div><!-- close content main div --><\/div><\/div>\n<style type=\"text\/css\" data-created_by=\"avia_inline_auto\" id=\"style-css-av-bdcpev-9d43e646bd6195d89a2035e4974ce29c\">\n.avia-section.av-bdcpev-9d43e646bd6195d89a2035e4974ce29c{\nbackground-color:#efecd7;\nbackground-image:unset;\n}\n<\/style>\n<div id='av_section_8'  class='avia-section av-bdcpev-9d43e646bd6195d89a2035e4974ce29c main_color avia-section-default avia-no-border-styling  avia-builder-el-52  el_after_av_section  el_before_av_section  avia-bg-style-scroll container_wrap fullsize'  ><div class='container av-section-cont-open' ><div class='template-page content  av-content-full alpha units'><div class='post-entry post-entry-type-page post-entry-5751'><div class='entry-content-wrapper clearfix'>\n<div  class='flex_column av-92aqiv-affba5b867b2da37b9611bb03e9b3f0d av_one_full  avia-builder-el-53  avia-builder-el-no-sibling  first flex_column_div  '     ><section  class='av_textblock_section av-mth6utaj-c4032e0af2408a9a863e78a8362e3ea1 '   itemscope=\"itemscope\" itemtype=\"https:\/\/schema.org\/CreativeWork\" ><div class='avia_textblock'  itemprop=\"text\" ><h1>Quelles obligations et quelle r\u00e9glementation ?<\/h1>\n<p>Le frelon \u00e0 pattes jaunes b\u00e9n\u00e9ficie d\u2019un double cadre r\u00e9glementaire.<\/p>\n<ul>\n<li>Il est class\u00e9 comme <strong>esp\u00e8ce exotique envahissante &#8211; EEE<\/strong>, ce qui permet aux autorit\u00e9s comp\u00e9tentes de prendre des mesures visant \u00e0 pr\u00e9venir sa propagation et \u00e0 organiser des op\u00e9rations de lutte.<\/li>\n<li>Il est \u00e9galement class\u00e9 en France comme <strong>danger sanitaire de deuxi\u00e8me cat\u00e9gorie pour l\u2019abeille domestique<\/strong>. Ce classement concerne sp\u00e9cifiquement les risques li\u00e9s aux colonies d\u2019abeilles.<\/li>\n<\/ul>\n<h4 data-section-id=\"1hsxb9b\" data-start=\"9654\" data-end=\"9691\">Un nouveau cadre national de lutte<\/h4>\n<p data-start=\"9693\" data-end=\"9898\">La <a href=\"https:\/\/www.legifrance.gouv.fr\/jorf\/id\/JORFTEXT000051329052\">loi du 14 mars 2025<\/a> visant \u00e0 endiguer la prolif\u00e9ration du frelon asiatique et \u00e0 pr\u00e9server la fili\u00e8re apicole pr\u00e9voit la mise en place d\u2019un plan national de lutte, d\u00e9clin\u00e9 \u00e0 l\u2019\u00e9chelle d\u00e9partementale.<\/p>\n<p data-start=\"9900\" data-end=\"9963\"><strong>Le projet de plan repose notamment sur trois grands objectifs :<\/strong><\/p>\n<ul data-start=\"9965\" data-end=\"10177\">\n<li data-section-id=\"2m3dlt\" data-start=\"9965\" data-end=\"10053\">d\u00e9velopper des strat\u00e9gies de lutte efficaces et respectueuses de l\u2019environnement ;<\/li>\n<li data-section-id=\"108t5il\" data-start=\"10054\" data-end=\"10115\">renforcer la surveillance et le suivi des populations ;<\/li>\n<li data-section-id=\"1le73q9\" data-start=\"10116\" data-end=\"10177\">am\u00e9liorer la coordination entre les diff\u00e9rents acteurs.<\/li>\n<\/ul>\n<p data-start=\"10179\" data-end=\"10313\">Le projet de plan national a \u00e9t\u00e9 lanc\u00e9 en mars 2026 et pr\u00e9voit une d\u00e9clinaison d\u00e9partementale.<\/p>\n<\/div><\/section><\/div>\n\n<\/div><\/div><\/div><!-- close content main div --><\/div><\/div><div id='av_section_9'  class='avia-section av-7kz5l3-f6a15c6c2eb640a8878aef99a8f74f80 main_color avia-section-default avia-no-border-styling  avia-builder-el-55  el_after_av_section  el_before_av_section  avia-bg-style-scroll container_wrap fullsize'  ><div class='container av-section-cont-open' ><div class='template-page content  av-content-full alpha units'><div class='post-entry post-entry-type-page post-entry-5751'><div class='entry-content-wrapper clearfix'>\n<div  class='flex_column av-5rdtvb-91d198cd0de32c772e4ec0c93e7a8cce av_one_half  avia-builder-el-56  el_before_av_one_half  avia-builder-el-first  first flex_column_div  '     ><section  class='av_textblock_section av-mth6tqzl-fcbbc52fd3c5fe35eedfbc05cf2fca92 '   itemscope=\"itemscope\" itemtype=\"https:\/\/schema.org\/CreativeWork\" ><div class='avia_textblock'  itemprop=\"text\" ><h1 class=\"PDq2pG_selectionAnchorContainer\" data-section-id=\"7zw42w\" data-start=\"10454\" data-end=\"10494\">Le frelon \u00e0 pattes jaunes en Occitanie<\/h1>\n<p data-start=\"10496\" data-end=\"10721\"><strong>Le frelon \u00e0 pattes jaunes est d\u00e9sormais pr\u00e9sent sur une grande partie du territoire fran\u00e7ais.<\/strong> En Occitanie, sa surveillance s\u2019inscrit notamment dans les d\u00e9marches r\u00e9gionales consacr\u00e9es aux esp\u00e8ces exotiques envahissantes.<\/p>\n<p data-start=\"10723\" data-end=\"10951\"><a href=\"https:\/\/eee-occitanie.org\/\">La plateforme EEE Occitanie<\/a>, port\u00e9e par un r\u00e9seau r\u00e9gional d\u2019acteurs, rassemble des ressources sur les esp\u00e8ces exotiques envahissantes, leurs impacts et les dispositifs de signalement.<\/p>\n<p data-start=\"10953\" data-end=\"11107\">Pour conna\u00eetre les modalit\u00e9s de signalement ou de gestion applicables localement, il convient de se r\u00e9f\u00e9rer aux dispositifs d\u00e9partementaux en vigueur.<\/p>\n<\/div><\/section><\/div><div  class='flex_column av-2zgv4n-cb830b620a163a8b3e3c46eec800d9db av_one_half  avia-builder-el-58  el_after_av_one_half  avia-builder-el-last  flex_column_div  '     ><style type=\"text\/css\" data-created_by=\"avia_inline_auto\" id=\"style-css-av-mth7wg2y-632c7c2ac17198974b9752b1e5ed458d\">\n.avia-image-container.av-mth7wg2y-632c7c2ac17198974b9752b1e5ed458d img.avia_image{\nbox-shadow:none;\n}\n.avia-image-container.av-mth7wg2y-632c7c2ac17198974b9752b1e5ed458d .av-image-caption-overlay-center{\ncolor:#ffffff;\n}\n<\/style>\n<div  class='avia-image-container av-mth7wg2y-632c7c2ac17198974b9752b1e5ed458d av-styling- av-img-linked avia-align-center  avia-builder-el-59  avia-builder-el-no-sibling '   itemprop=\"image\" itemscope=\"itemscope\" itemtype=\"https:\/\/schema.org\/ImageObject\" ><div class=\"avia-image-container-inner\"><div class=\"avia-image-overlay-wrap\"><a href=\"https:\/\/eee-occitanie.org\/\" class='avia_image '  target=\"_blank\"  rel=\"noopener noreferrer\" aria-label='Plateforme EEE'><img decoding=\"async\" fetchpriority=\"high\" class='wp-image-5767 avia-img-lazy-loading-not-5767 avia_image ' src=\"https:\/\/www.fredonoccitanie.com\/eesh\/wp-content\/uploads\/sites\/5\/2026\/08\/Plateforme-EEE.png\" alt='' title='Plateforme EEE'  height=\"677\" width=\"1742\"  itemprop=\"thumbnailUrl\" srcset=\"https:\/\/www.fredonoccitanie.com\/eesh\/wp-content\/uploads\/sites\/5\/2026\/08\/Plateforme-EEE.png 1742w, https:\/\/www.fredonoccitanie.com\/eesh\/wp-content\/uploads\/sites\/5\/2026\/08\/Plateforme-EEE-300x117.png 300w, https:\/\/www.fredonoccitanie.com\/eesh\/wp-content\/uploads\/sites\/5\/2026\/08\/Plateforme-EEE-1030x400.png 1030w, https:\/\/www.fredonoccitanie.com\/eesh\/wp-content\/uploads\/sites\/5\/2026\/08\/Plateforme-EEE-768x298.png 768w, https:\/\/www.fredonoccitanie.com\/eesh\/wp-content\/uploads\/sites\/5\/2026\/08\/Plateforme-EEE-1536x597.png 1536w, https:\/\/www.fredonoccitanie.com\/eesh\/wp-content\/uploads\/sites\/5\/2026\/08\/Plateforme-EEE-1500x583.png 1500w, https:\/\/www.fredonoccitanie.com\/eesh\/wp-content\/uploads\/sites\/5\/2026\/08\/Plateforme-EEE-705x274.png 705w\" sizes=\"(max-width: 1742px) 100vw, 1742px\" \/><\/a><\/div><\/div><\/div><\/div>\n\n<\/div><\/div><\/div><!-- close content main div --><\/div><\/div>\n<style type=\"text\/css\" data-created_by=\"avia_inline_auto\" id=\"style-css-av-3qjvfr-49c0c6756e45b4ef9ecb4395cc753eeb\">\n.avia-section.av-3qjvfr-49c0c6756e45b4ef9ecb4395cc753eeb{\nbackground-color:#efecd7;\nbackground-image:unset;\n}\n<\/style>\n<div id='av_section_10'  class='avia-section av-3qjvfr-49c0c6756e45b4ef9ecb4395cc753eeb main_color avia-section-default avia-no-border-styling  avia-builder-el-60  el_after_av_section  el_before_av_one_full  avia-bg-style-scroll container_wrap fullsize'  ><div class='container av-section-cont-open' ><div class='template-page content  av-content-full alpha units'><div class='post-entry post-entry-type-page post-entry-5751'><div class='entry-content-wrapper clearfix'>\n<div  class='flex_column av-22st5z-acab045edc3c68e57458ffc9c329fe58 av_one_full  avia-builder-el-61  avia-builder-el-no-sibling  first flex_column_div  '     ><section  class='av_textblock_section av-mth6vdi3-c531e4b4f0de61b20b6f86694f21d747 '   itemscope=\"itemscope\" itemtype=\"https:\/\/schema.org\/CreativeWork\" ><div class='avia_textblock'  itemprop=\"text\" ><h1 class=\"PDq2pG_selectionAnchorContainer\" data-section-id=\"1u25nh1\" data-start=\"11159\" data-end=\"11170\">\u00c0 retenir<\/h1>\n<blockquote data-start=\"11172\" data-end=\"11829\">\n<p data-start=\"11174\" data-end=\"11286\">\ud83d\udc1d <strong data-start=\"11177\" data-end=\"11286\">Le frelon \u00e0 pattes jaunes est une esp\u00e8ce exotique envahissante aujourd\u2019hui largement implant\u00e9e en France.<\/strong><\/p>\n<p data-start=\"11291\" data-end=\"11410\">\ud83d\udd0e <strong data-start=\"11294\" data-end=\"11410\">Apprendre \u00e0 le reconna\u00eetre permet d\u2019am\u00e9liorer la surveillance et d\u2019\u00e9viter les confusions avec d\u2019autres insectes.<\/strong><\/p>\n<p data-start=\"11415\" data-end=\"11560\">\u26a0\ufe0f <strong data-start=\"11418\" data-end=\"11560\">Le principal risque pour les personnes se situe \u00e0 proximit\u00e9 d\u2019un nid : ne vous en approchez pas et ne tentez pas de le d\u00e9truire vous-m\u00eame.<\/strong><\/p>\n<p data-start=\"11565\" data-end=\"11684\">\ud83d\udcf8 <strong data-start=\"11568\" data-end=\"11684\">En cas d\u2019observation, privil\u00e9giez une photographie \u00e0 distance et utilisez les dispositifs de signalement locaux.<\/strong><\/p>\n<p data-start=\"11689\" data-end=\"11829\">\ud83c\udf3f <strong data-start=\"11692\" data-end=\"11829\">La lutte doit \u00eatre raisonn\u00e9e : les m\u00e9thodes utilis\u00e9es doivent \u00eatre efficaces, cibl\u00e9es et limiter les impacts sur les autres insectes.<\/strong><\/p>\n<\/blockquote>\n<\/div><\/section><\/div>\n<\/div><\/div><\/div><!-- close content main div --><\/div><\/div><div id='after_section_10'  class='main_color av_default_container_wrap container_wrap fullsize'  ><div class='container av-section-cont-open' ><div class='template-page content  av-content-full alpha units'><div class='post-entry post-entry-type-page post-entry-5751'><div class='entry-content-wrapper clearfix'>\n<div  class='flex_column av-2z052b-0fb94cb8b4dd30c1bcf58a19e0eefa8e av_one_full  avia-builder-el-63  el_after_av_section  avia-builder-el-no-sibling  first flex_column_div  '     ><section  class='av_textblock_section av-mrxbkl1e-74e478bdecd2530c2973580e70e5efee '   itemscope=\"itemscope\" itemtype=\"https:\/\/schema.org\/CreativeWork\" ><div class='avia_textblock'  itemprop=\"text\" ><h4>En savoir plus :<\/h4>\n<p>Pour approfondir les informations sur le datura, sa toxicit\u00e9, les risques pour les cultures et la s\u00e9curit\u00e9 sanitaire :<\/p>\n<ul>\n<li data-section-id=\"18npx85\" data-start=\"11854\" data-end=\"11895\"><span class=\"contents\" data-content-reference-start=\"11777\" data-content-reference-end=\"11999\"><span class=\"\" data-state=\"closed\"><a class=\"decorated-link\" href=\"https:\/\/insectes.org\/2026\/06\/15\/dossier-thematique-mieux-comprendre-le-frelon-a-pattes-jaunes\/?utm_source=chatgpt.com\" target=\"_blank\" rel=\"noopener\">Office pour les insectes et leur environnement (Opie) \u2013 Dossier th\u00e9matique \u00ab Mieux comprendre le Frelon \u00e0 pattes jaunes \u00bb<\/a><\/span><\/span><\/li>\n<li data-section-id=\"18npx85\" data-start=\"11854\" data-end=\"11895\"><a href=\"https:\/\/www.gdsfrance.org\/wp-content\/uploads\/Strategie-et-plan-national-de-lutte-contre-le-frelon-asiatique-a-pattes-jaunes-2025.pdf\">GDS FRANCE &#8211; Strat\u00e9gie et plan national de lutte contre le frelon asiatique \u00e0 pattes jaunes<\/a><\/li>\n<li data-section-id=\"1nw41v9\" data-start=\"11896\" data-end=\"11937\"><span class=\"contents\" data-content-reference-start=\"12002\" data-content-reference-end=\"12152\"><span class=\"\" data-state=\"closed\"><a class=\"decorated-link\" href=\"https:\/\/agriculture.gouv.fr\/le-frelon-asiatique-quelle-reglementation?utm_source=chatgpt.com\" target=\"_blank\" rel=\"noopener\">Minist\u00e8re de l\u2019Agriculture \u2013 Le frelon asiatique : quelle r\u00e9glementation ?<\/a><\/span><\/span><\/li>\n<li data-section-id=\"5lr08l\" data-start=\"11938\" data-end=\"11979\"><span class=\"contents\" data-content-reference-start=\"12155\" data-content-reference-end=\"12356\"><span class=\"\" data-state=\"closed\"><a class=\"decorated-link\" href=\"https:\/\/www.ecologie.gouv.fr\/presse\/lancement-du-plan-national-lutte-contre-frelon-asiatique?utm_source=chatgpt.com\" target=\"_blank\" rel=\"noopener\">Minist\u00e8re de la Transition \u00e9cologique \u2013 Lancement du plan national de lutte contre le frelon asiatique<\/a><\/span><\/span><\/li>\n<li data-section-id=\"1gy30mt\" data-start=\"11980\" data-end=\"12021\"><span class=\"contents\" data-content-reference-start=\"12359\" data-content-reference-end=\"12575\"><span class=\"\" data-state=\"closed\"><a class=\"decorated-link\" href=\"https:\/\/www.consultations-publiques.developpement-durable.gouv.fr\/plan-national-de-lutte-contre-le-frelon-asiatique-a3336.html?utm_source=chatgpt.com\" target=\"_blank\" rel=\"noopener\">Projet de plan national de lutte contre le frelon asiatique \u2013 Consultation publique<\/a><\/span><\/span><\/li>\n<li data-section-id=\"1xou0z9\" data-start=\"12022\" data-end=\"12063\"><span class=\"contents\" data-content-reference-start=\"12578\" data-content-reference-end=\"12838\"><span class=\"\" data-state=\"closed\"><a class=\"decorated-link\" href=\"https:\/\/www.fredonoccitanie.com\/surveillance\/2026\/05\/29\/eee-les-especes-exotiques-envahissantes-en-occitanie-une-plateforme-regionale-au-service-de-la-biodiversite\/?utm_source=chatgpt.com\" target=\"_blank\" rel=\"noopener\">FREDON Occitanie \u2013 EEE Occitanie : une plateforme r\u00e9gionale au service de la biodiversit\u00e9<\/a><\/span><\/span><\/li>\n<\/ul>\n<\/div><\/section><\/div>\n","protected":false},"excerpt":{"rendered":"","protected":false},"author":5,"featured_media":0,"parent":0,"menu_order":0,"comment_status":"closed","ping_status":"closed","template":"","meta":{"footnotes":""},"class_list":["post-5751","page","type-page","status-publish","hentry"],"_links":{"self":[{"href":"https:\/\/www.fredonoccitanie.com\/eesh\/wp-json\/wp\/v2\/pages\/5751","targetHints":{"allow":["GET"]}}],"collection":[{"href":"https:\/\/www.fredonoccitanie.com\/eesh\/wp-json\/wp\/v2\/pages"}],"about":[{"href":"https:\/\/www.fredonoccitanie.com\/eesh\/wp-json\/wp\/v2\/types\/page"}],"author":[{"embeddable":true,"href":"https:\/\/www.fredonoccitanie.com\/eesh\/wp-json\/wp\/v2\/users\/5"}],"replies":[{"embeddable":true,"href":"https:\/\/www.fredonoccitanie.com\/eesh\/wp-json\/wp\/v2\/comments?post=5751"}],"version-history":[{"count":5,"href":"https:\/\/www.fredonoccitanie.com\/eesh\/wp-json\/wp\/v2\/pages\/5751\/revisions"}],"predecessor-version":[{"id":5806,"href":"https:\/\/www.fredonoccitanie.com\/eesh\/wp-json\/wp\/v2\/pages\/5751\/revisions\/5806"}],"wp:attachment":[{"href":"https:\/\/www.fredonoccitanie.com\/eesh\/wp-json\/wp\/v2\/media?parent=5751"}],"curies":[{"name":"wp","href":"https:\/\/api.w.org\/{rel}","templated":true}]}}