{"id":1995,"date":"2023-06-05T12:38:25","date_gmt":"2023-06-05T10:38:25","guid":{"rendered":"https:\/\/www.fredonoccitanie.com\/ambroisies\/?page_id=1995"},"modified":"2024-07-30T19:50:17","modified_gmt":"2024-07-30T17:50:17","slug":"mediatheque","status":"publish","type":"page","link":"https:\/\/www.fredonoccitanie.com\/eesh\/mediatheque\/","title":{"rendered":"M\u00e9diath\u00e8que"},"content":{"rendered":"\n<style type=\"text\/css\" data-created_by=\"avia_inline_auto\" id=\"style-css-av-cjuyz-32024ba9a548d04b1279c4d9d6c37d7c\">\n.flex_column.av-cjuyz-32024ba9a548d04b1279c4d9d6c37d7c{\nborder-radius:0px 0px 0px 0px;\npadding:0px 0px 0px 0px;\n}\n<\/style>\n<div  class='flex_column av-cjuyz-32024ba9a548d04b1279c4d9d6c37d7c av_one_full  avia-builder-el-0  el_before_av_section  avia-builder-el-no-sibling  first flex_column_div av-zero-column-padding  '     ><section  class='av_textblock_section av-liembtyr-adaa0bf46adfaf72e214047f1f132c3e '   itemscope=\"itemscope\" itemtype=\"https:\/\/schema.org\/CreativeWork\" ><div class='avia_textblock'  itemprop=\"text\" ><h1 style=\"text-align: center;\">Retrouvez des vid\u00e9os, des liens utiles et de la documentation \u00e0 t\u00e9l\u00e9charger<\/h1>\n<p style=\"text-align: center;\">Pour toute information suppl\u00e9mentaire sur les outils pr\u00e9sent\u00e9s sur cette page, n&rsquo;h\u00e9sitez pas \u00e0 <a href=\"https:\/\/www.fredonoccitanie.com\/nous-contacter\/\" target=\"_blanck\" rel=\"noopener\">nous contacter<\/a>.<\/p>\n<\/div><\/section><\/div>\n<\/div><\/div><\/div><!-- close content main div --><\/div><\/div>\n<style type=\"text\/css\" data-created_by=\"avia_inline_auto\" id=\"style-css-av-2d6bcb-f574ac987d119655ab11d7431179bcaf\">\n.avia-section.av-2d6bcb-f574ac987d119655ab11d7431179bcaf{\nbackground-color:#d1dae6;\nbackground-image:unset;\n}\n<\/style>\n<div id='av_section_1'  class='avia-section av-2d6bcb-f574ac987d119655ab11d7431179bcaf main_color avia-section-default avia-no-border-styling  avia-builder-el-2  el_after_av_one_full  el_before_av_one_full  avia-bg-style-scroll container_wrap fullsize'  ><div class='container av-section-cont-open' ><div class='template-page content  av-content-full alpha units'><div class='post-entry post-entry-type-page post-entry-1995'><div class='entry-content-wrapper clearfix'>\n\n<style type=\"text\/css\" data-created_by=\"avia_inline_auto\" id=\"style-css-av-erz29n-cccc2453a47f451afe6e297d8225ddd6\">\n.flex_column.av-erz29n-cccc2453a47f451afe6e297d8225ddd6{\nborder-radius:0px 0px 0px 0px;\npadding:0px 0px 0px 0px;\n}\n<\/style>\n<div  class='flex_column av-erz29n-cccc2453a47f451afe6e297d8225ddd6 av_three_fifth  avia-builder-el-3  el_before_av_two_fifth  avia-builder-el-first  first flex_column_div av-zero-column-padding  '     ><section  class='av_textblock_section av-liyc2yha-8dde7cfd7e853f22675ab325ca922da5 '   itemscope=\"itemscope\" itemtype=\"https:\/\/schema.org\/CreativeWork\" ><div class='avia_textblock'  itemprop=\"text\" ><h4>Sur cette page<\/h4>\n<\/div><\/section><br \/>\n<div  class='avia-buttonrow-wrap av-liemf5um-20a1cbe00121002831811ff04244495e avia-buttonrow-center  avia-builder-el-5  el_after_av_textblock  avia-builder-el-last '>\n\n<style type=\"text\/css\" data-created_by=\"avia_inline_auto\" id=\"style-css-av-liencq55-77069ec0391d92794ec95b54456673f2\">\n#top #wrap_all .avia-button.av-liencq55-77069ec0391d92794ec95b54456673f2{\nbackground-color:#0c4e67;\nborder-color:#0c4e67;\ncolor:#ffffff;\ntransition:all 0.4s ease-in-out;\nmargin-bottom:5px;\nmargin-right:3px;\nmargin-left:3px;\n}\n#top #wrap_all .avia-button.av-liencq55-77069ec0391d92794ec95b54456673f2 .avia-svg-icon svg:first-child{\nfill:#ffffff;\nstroke:#ffffff;\n}\n<\/style>\n<a href='#ancrevideo'  class='avia-button av-liencq55-77069ec0391d92794ec95b54456673f2 avia-icon_select-yes-left-icon avia-size-small'   aria-label=\"Vid\u00e9o\"><span class='avia_button_icon avia_button_icon_left avia-iconfont avia-font-entypo-fontello' data-av_icon='\ue86f' data-av_iconfont='entypo-fontello' ><\/span><span class='avia_iconbox_title' >Vid\u00e9o<\/span><\/a>\n\n<style type=\"text\/css\" data-created_by=\"avia_inline_auto\" id=\"style-css-av-liencq55-ad74e86b3926c2b672c296aef64a3114\">\n#top #wrap_all .avia-button.av-liencq55-ad74e86b3926c2b672c296aef64a3114{\nbackground-color:#0c4e67;\nborder-color:#0c4e67;\ncolor:#ffffff;\ntransition:all 0.4s ease-in-out;\nmargin-bottom:5px;\nmargin-right:3px;\nmargin-left:3px;\n}\n#top #wrap_all .avia-button.av-liencq55-ad74e86b3926c2b672c296aef64a3114 .avia-svg-icon svg:first-child{\nfill:#ffffff;\nstroke:#ffffff;\n}\n<\/style>\n<a href='#ancrepodcast'  class='avia-button av-liencq55-ad74e86b3926c2b672c296aef64a3114 avia-icon_select-yes-left-icon avia-size-small'   aria-label=\"PodCast\"><span class='avia_button_icon avia_button_icon_left avia-iconfont avia-font-entypo-fontello' data-av_icon='\ue86f' data-av_iconfont='entypo-fontello' ><\/span><span class='avia_iconbox_title' >PodCast<\/span><\/a>\n\n<style type=\"text\/css\" data-created_by=\"avia_inline_auto\" id=\"style-css-av-liencq55-982afa0e96fdbfe20f4fdc60055bc79e\">\n#top #wrap_all .avia-button.av-liencq55-982afa0e96fdbfe20f4fdc60055bc79e{\nbackground-color:#0c4e67;\nborder-color:#0c4e67;\ncolor:#ffffff;\ntransition:all 0.4s ease-in-out;\nmargin-bottom:5px;\nmargin-right:3px;\nmargin-left:3px;\n}\n#top #wrap_all .avia-button.av-liencq55-982afa0e96fdbfe20f4fdc60055bc79e .avia-svg-icon svg:first-child{\nfill:#ffffff;\nstroke:#ffffff;\n}\n<\/style>\n<a href='#ancrepresse'  class='avia-button av-liencq55-982afa0e96fdbfe20f4fdc60055bc79e avia-icon_select-yes-left-icon avia-size-small'   aria-label=\"Articles de presse\"><span class='avia_button_icon avia_button_icon_left avia-iconfont avia-font-entypo-fontello' data-av_icon='\ue86f' data-av_iconfont='entypo-fontello' ><\/span><span class='avia_iconbox_title' >Articles de presse<\/span><\/a>\n\n<style type=\"text\/css\" data-created_by=\"avia_inline_auto\" id=\"style-css-av-liencq55-ead91cad749f7de8914a4419faa4e8fa\">\n#top #wrap_all .avia-button.av-liencq55-ead91cad749f7de8914a4419faa4e8fa{\nbackground-color:#0c4e67;\nborder-color:#0c4e67;\ncolor:#ffffff;\ntransition:all 0.4s ease-in-out;\nmargin-bottom:5px;\nmargin-right:3px;\nmargin-left:3px;\n}\n#top #wrap_all .avia-button.av-liencq55-ead91cad749f7de8914a4419faa4e8fa .avia-svg-icon svg:first-child{\nfill:#ffffff;\nstroke:#ffffff;\n}\n<\/style>\n<a href='#ancredoc'  class='avia-button av-liencq55-ead91cad749f7de8914a4419faa4e8fa avia-icon_select-yes-left-icon avia-size-small'   aria-label=\"Guides et Formations\"><span class='avia_button_icon avia_button_icon_left avia-iconfont avia-font-entypo-fontello' data-av_icon='\ue86f' data-av_iconfont='entypo-fontello' ><\/span><span class='avia_iconbox_title' >Guides et Formations<\/span><\/a>\n\n<style type=\"text\/css\" data-created_by=\"avia_inline_auto\" id=\"style-css-av-liencq55-8692c144dc07fdc3edca17a3b88446a7\">\n#top #wrap_all .avia-button.av-liencq55-8692c144dc07fdc3edca17a3b88446a7{\nbackground-color:#0c4e67;\nborder-color:#0c4e67;\ncolor:#ffffff;\ntransition:all 0.4s ease-in-out;\nmargin-bottom:5px;\nmargin-right:3px;\nmargin-left:3px;\n}\n#top #wrap_all .avia-button.av-liencq55-8692c144dc07fdc3edca17a3b88446a7 .avia-svg-icon svg:first-child{\nfill:#ffffff;\nstroke:#ffffff;\n}\n<\/style>\n<a href='#ancreliens'  class='avia-button av-liencq55-8692c144dc07fdc3edca17a3b88446a7 avia-icon_select-yes-left-icon avia-size-small'   aria-label=\"Liens utiles\"><span class='avia_button_icon avia_button_icon_left avia-iconfont avia-font-entypo-fontello' data-av_icon='\ue86f' data-av_iconfont='entypo-fontello' ><\/span><span class='avia_iconbox_title' >Liens utiles<\/span><\/a>\n<\/div><\/p><\/div>\n<style type=\"text\/css\" data-created_by=\"avia_inline_auto\" id=\"style-css-av-cn47sb-49320490d5a8f67308b705a9b0e32fae\">\n.flex_column.av-cn47sb-49320490d5a8f67308b705a9b0e32fae{\nborder-radius:0px 0px 0px 0px;\npadding:0px 0px 0px 0px;\n}\n<\/style>\n<div  class='flex_column av-cn47sb-49320490d5a8f67308b705a9b0e32fae av_two_fifth  avia-builder-el-6  el_after_av_three_fifth  avia-builder-el-last  flex_column_div av-zero-column-padding  '     ><section  class='av_textblock_section av-liyc37i2-92c7a8bf608a4f343d261dad49790b9d '   itemscope=\"itemscope\" itemtype=\"https:\/\/schema.org\/CreativeWork\" ><div class='avia_textblock'  itemprop=\"text\" ><h4>Sur d&rsquo;autres pages du site<\/h4>\n<\/div><\/section><br \/>\n<div  class='avia-buttonrow-wrap av-liyc555n-3816459bbb8093c45fd63cbc5aca17e8 avia-buttonrow-center  avia-builder-el-8  el_after_av_textblock  avia-builder-el-last '>\n\n<style type=\"text\/css\" data-created_by=\"avia_inline_auto\" id=\"style-css-av-liyc3rux-e0bfe4ccdc4e3f7b6b679654e450ac3b\">\n#top #wrap_all .avia-button.av-liyc3rux-e0bfe4ccdc4e3f7b6b679654e450ac3b{\nbackground-color:#d69709;\nborder-color:#d69709;\ncolor:#ffffff;\ntransition:all 0.4s ease-in-out;\nmargin-bottom:5px;\nmargin-right:3px;\nmargin-left:3px;\n}\n#top #wrap_all .avia-button.av-liyc3rux-e0bfe4ccdc4e3f7b6b679654e450ac3b .avia-svg-icon svg:first-child{\nfill:#ffffff;\nstroke:#ffffff;\n}\n<\/style>\n<a href='https:\/\/www.fredonoccitanie.com\/ambroisies\/le-referent\/#ancreGuideForma'  class='avia-button av-liyc3rux-e0bfe4ccdc4e3f7b6b679654e450ac3b avia-icon_select-yes-left-icon avia-size-small'  target=\"_blank\"  rel=\"noopener noreferrer\"  aria-label=\"Guide et Formation - Le R\u00e9f\u00e9rent\"><span class='avia_button_icon avia_button_icon_left avia-iconfont avia-font-entypo-fontello' data-av_icon='\ue84e' data-av_iconfont='entypo-fontello' ><\/span><span class='avia_iconbox_title' >Guide et Formation - Le R\u00e9f\u00e9rent<\/span><\/a>\n\n<style type=\"text\/css\" data-created_by=\"avia_inline_auto\" id=\"style-css-av-liyc4rs7-80d1f773ca5086ce183f4ea38d0a2283\">\n#top #wrap_all .avia-button.av-liyc4rs7-80d1f773ca5086ce183f4ea38d0a2283{\nbackground-color:#d69709;\nborder-color:#d69709;\ncolor:#ffffff;\ntransition:all 0.4s ease-in-out;\nmargin-bottom:5px;\nmargin-right:3px;\nmargin-left:3px;\n}\n#top #wrap_all .avia-button.av-liyc4rs7-80d1f773ca5086ce183f4ea38d0a2283 .avia-svg-icon svg:first-child{\nfill:#ffffff;\nstroke:#ffffff;\n}\n<\/style>\n<a href='https:\/\/www.fredonoccitanie.com\/ambroisies\/le-referent\/#ancreLiensUt'  class='avia-button av-liyc4rs7-80d1f773ca5086ce183f4ea38d0a2283 avia-icon_select-yes-left-icon avia-size-small'  target=\"_blank\"  rel=\"noopener noreferrer\"  aria-label=\"Liens Utiles - Le R\u00e9f\u00e9rent\"><span class='avia_button_icon avia_button_icon_left avia-iconfont avia-font-entypo-fontello' data-av_icon='\ue822' data-av_iconfont='entypo-fontello' ><\/span><span class='avia_iconbox_title' >Liens Utiles - Le R\u00e9f\u00e9rent<\/span><\/a>\n\n<style type=\"text\/css\" data-created_by=\"avia_inline_auto\" id=\"style-css-av-liyc4rs7-54e1863fe1b03e25b4227e2c7023b7ce\">\n#top #wrap_all .avia-button.av-liyc4rs7-54e1863fe1b03e25b4227e2c7023b7ce{\nbackground-color:#d69709;\nborder-color:#d69709;\ncolor:#ffffff;\ntransition:all 0.4s ease-in-out;\nmargin-bottom:5px;\nmargin-right:3px;\nmargin-left:3px;\n}\n#top #wrap_all .avia-button.av-liyc4rs7-54e1863fe1b03e25b4227e2c7023b7ce .avia-svg-icon svg:first-child{\nfill:#ffffff;\nstroke:#ffffff;\n}\n<\/style>\n<a href='https:\/\/www.fredonoccitanie.com\/ambroisies\/phototheque\/'  class='avia-button av-liyc4rs7-54e1863fe1b03e25b4227e2c7023b7ce avia-icon_select-yes-left-icon avia-size-small'  target=\"_blank\"  rel=\"noopener noreferrer\"  aria-label=\"Phototh\u00e8que\"><span class='avia_button_icon avia_button_icon_left avia-iconfont avia-font-entypo-fontello' data-av_icon='\ue80f' data-av_iconfont='entypo-fontello' ><\/span><span class='avia_iconbox_title' >Phototh\u00e8que<\/span><\/a>\n<\/div><\/p><\/div>\n<\/div><\/div><\/div><!-- close content main div --><\/div><\/div><div id='after_section_1'  class='main_color av_default_container_wrap container_wrap fullsize'  ><div class='container av-section-cont-open' ><div class='template-page content  av-content-full alpha units'><div class='post-entry post-entry-type-page post-entry-1995'><div class='entry-content-wrapper clearfix'>\n\n<style type=\"text\/css\" data-created_by=\"avia_inline_auto\" id=\"style-css-av-23py97-639fe66144186a154ce42bc6dd523818\">\n.flex_column.av-23py97-639fe66144186a154ce42bc6dd523818{\nborder-radius:0px 0px 0px 0px;\npadding:0px 0px 0px 0px;\n}\n<\/style>\n<div  class='flex_column av-23py97-639fe66144186a154ce42bc6dd523818 av_one_full  avia-builder-el-9  el_after_av_section  el_before_av_hr  avia-builder-el-first  first flex_column_div av-zero-column-padding  '     ><section  class='av_textblock_section av-liemgqim-d296791c41c67cbcf8867e9d9c2c1e96 '   itemscope=\"itemscope\" itemtype=\"https:\/\/schema.org\/CreativeWork\" ><div class='avia_textblock'  itemprop=\"text\" ><h2 id=\"ancrevideo\" style=\"text-align: center;\">Vid\u00e9os<\/h2>\n<p style=\"text-align: center;\">Les vid\u00e9os sont des partages d&rsquo;autres sites (Youtube,&#8230;etc.). R\u00e9f\u00e9rez-vous \u00e0 la l\u00e9gende de la vid\u00e9o pour conna\u00eetre l&rsquo;auteur\/r\u00e9alisateur et n&rsquo;oubliez pas de les mentionner si vous souhaitez partager\/utiliser.<\/p>\n<\/div><\/section><br \/>\n<div  class='avia-buttonrow-wrap av-18ez9n-4809ab17a5c7f9e34469b18443beb204 avia-buttonrow-center  avia-builder-el-11  el_after_av_textblock  avia-builder-el-last '>\n\n<style type=\"text\/css\" data-created_by=\"avia_inline_auto\" id=\"style-css-av-auayvf-f99387cddc82d5122c42b2cdfd36e35d\">\n#top #wrap_all .avia-button.av-auayvf-f99387cddc82d5122c42b2cdfd36e35d{\nbackground-color:#0c4e67;\nborder-color:#0c4e67;\ncolor:#ffffff;\ntransition:all 0.4s ease-in-out;\nmargin-bottom:5px;\nmargin-right:3px;\nmargin-left:3px;\n}\n#top #wrap_all .avia-button.av-auayvf-f99387cddc82d5122c42b2cdfd36e35d .avia-svg-icon svg:first-child{\nfill:#ffffff;\nstroke:#ffffff;\n}\n<\/style>\n<a href='#ancreWebinaire'  class='avia-button av-auayvf-f99387cddc82d5122c42b2cdfd36e35d avia-icon_select-yes-left-icon avia-size-small'   aria-label=\"Webinaire\"><span class='avia_button_icon avia_button_icon_left avia-iconfont avia-font-entypo-fontello' data-av_icon='\ue86f' data-av_iconfont='entypo-fontello' ><\/span><span class='avia_iconbox_title' >Webinaire<\/span><\/a>\n\n<style type=\"text\/css\" data-created_by=\"avia_inline_auto\" id=\"style-css-av-8nxgsr-441d15d89ce36fa3b1e5ee1f21dfe863\">\n#top #wrap_all .avia-button.av-8nxgsr-441d15d89ce36fa3b1e5ee1f21dfe863{\nbackground-color:#0c4e67;\nborder-color:#0c4e67;\ncolor:#ffffff;\ntransition:all 0.4s ease-in-out;\nmargin-bottom:5px;\nmargin-right:3px;\nmargin-left:3px;\n}\n#top #wrap_all .avia-button.av-8nxgsr-441d15d89ce36fa3b1e5ee1f21dfe863 .avia-svg-icon svg:first-child{\nfill:#ffffff;\nstroke:#ffffff;\n}\n<\/style>\n<a href='#ancreGEN'  class='avia-button av-8nxgsr-441d15d89ce36fa3b1e5ee1f21dfe863 avia-icon_select-yes-left-icon avia-size-small'   aria-label=\"G\u00e9n\u00e9ralit\u00e9s\"><span class='avia_button_icon avia_button_icon_left avia-iconfont avia-font-entypo-fontello' data-av_icon='\ue86f' data-av_iconfont='entypo-fontello' ><\/span><span class='avia_iconbox_title' >G\u00e9n\u00e9ralit\u00e9s<\/span><\/a>\n\n<style type=\"text\/css\" data-created_by=\"avia_inline_auto\" id=\"style-css-av-toi1n-f8b7cc327143483d0f668b19969bf214\">\n#top #wrap_all .avia-button.av-toi1n-f8b7cc327143483d0f668b19969bf214{\nbackground-color:#0c4e67;\nborder-color:#0c4e67;\ncolor:#ffffff;\ntransition:all 0.4s ease-in-out;\nmargin-bottom:5px;\nmargin-right:3px;\nmargin-left:3px;\n}\n#top #wrap_all .avia-button.av-toi1n-f8b7cc327143483d0f668b19969bf214 .avia-svg-icon svg:first-child{\nfill:#ffffff;\nstroke:#ffffff;\n}\n<\/style>\n<a href='#ancreSAN'  class='avia-button av-toi1n-f8b7cc327143483d0f668b19969bf214 avia-icon_select-yes-left-icon avia-size-small'   aria-label=\"Sant\u00e9\"><span class='avia_button_icon avia_button_icon_left avia-iconfont avia-font-entypo-fontello' data-av_icon='\ue86f' data-av_iconfont='entypo-fontello' ><\/span><span class='avia_iconbox_title' >Sant\u00e9<\/span><\/a>\n\n<style type=\"text\/css\" data-created_by=\"avia_inline_auto\" id=\"style-css-av-56rxq3-90b506c62168415cf20653af2d8cf7d6\">\n#top #wrap_all .avia-button.av-56rxq3-90b506c62168415cf20653af2d8cf7d6{\nbackground-color:#0c4e67;\nborder-color:#0c4e67;\ncolor:#ffffff;\ntransition:all 0.4s ease-in-out;\nmargin-bottom:5px;\nmargin-right:3px;\nmargin-left:3px;\n}\n#top #wrap_all .avia-button.av-56rxq3-90b506c62168415cf20653af2d8cf7d6 .avia-svg-icon svg:first-child{\nfill:#ffffff;\nstroke:#ffffff;\n}\n<\/style>\n<a href='#ancreReco2'  class='avia-button av-56rxq3-90b506c62168415cf20653af2d8cf7d6 avia-icon_select-yes-left-icon avia-size-small'   aria-label=\"Reconnaissance\"><span class='avia_button_icon avia_button_icon_left avia-iconfont avia-font-entypo-fontello' data-av_icon='\ue86f' data-av_iconfont='entypo-fontello' ><\/span><span class='avia_iconbox_title' >Reconnaissance<\/span><\/a>\n\n<style type=\"text\/css\" data-created_by=\"avia_inline_auto\" id=\"style-css-av-3mheh7-d8bff76e4c141bccb811b8d558abf5c9\">\n#top #wrap_all .avia-button.av-3mheh7-d8bff76e4c141bccb811b8d558abf5c9{\nbackground-color:#0c4e67;\nborder-color:#0c4e67;\ncolor:#ffffff;\ntransition:all 0.4s ease-in-out;\nmargin-bottom:5px;\nmargin-right:3px;\nmargin-left:3px;\n}\n#top #wrap_all .avia-button.av-3mheh7-d8bff76e4c141bccb811b8d558abf5c9 .avia-svg-icon svg:first-child{\nfill:#ffffff;\nstroke:#ffffff;\n}\n<\/style>\n<a href='#ancreGestionRC'  class='avia-button av-3mheh7-d8bff76e4c141bccb811b8d558abf5c9 avia-icon_select-yes-left-icon avia-size-small'   aria-label=\"Gestion - Route et Collectivit\u00e9s\"><span class='avia_button_icon avia_button_icon_left avia-iconfont avia-font-entypo-fontello' data-av_icon='\ue86f' data-av_iconfont='entypo-fontello' ><\/span><span class='avia_iconbox_title' >Gestion - Route et Collectivit\u00e9s<\/span><\/a>\n\n<style type=\"text\/css\" data-created_by=\"avia_inline_auto\" id=\"style-css-av-3mheh7-5f3e8a51e038cfc1f05f2fcd9c2ddb52\">\n#top #wrap_all .avia-button.av-3mheh7-5f3e8a51e038cfc1f05f2fcd9c2ddb52{\nbackground-color:#0c4e67;\nborder-color:#0c4e67;\ncolor:#ffffff;\ntransition:all 0.4s ease-in-out;\nmargin-bottom:5px;\nmargin-right:3px;\nmargin-left:3px;\n}\n#top #wrap_all .avia-button.av-3mheh7-5f3e8a51e038cfc1f05f2fcd9c2ddb52 .avia-svg-icon svg:first-child{\nfill:#ffffff;\nstroke:#ffffff;\n}\n<\/style>\n<a href='#ancreGestionA'  class='avia-button av-3mheh7-5f3e8a51e038cfc1f05f2fcd9c2ddb52 avia-icon_select-yes-left-icon avia-size-small'   aria-label=\"Gestion - Milieu Agricole\"><span class='avia_button_icon avia_button_icon_left avia-iconfont avia-font-entypo-fontello' data-av_icon='\ue86f' data-av_iconfont='entypo-fontello' ><\/span><span class='avia_iconbox_title' >Gestion - Milieu Agricole<\/span><\/a>\n\n<style type=\"text\/css\" data-created_by=\"avia_inline_auto\" id=\"style-css-av-3mheh7-d757471d9f098bbb8b1f16557a77637a\">\n#top #wrap_all .avia-button.av-3mheh7-d757471d9f098bbb8b1f16557a77637a{\nbackground-color:#0c4e67;\nborder-color:#0c4e67;\ncolor:#ffffff;\ntransition:all 0.4s ease-in-out;\nmargin-bottom:5px;\nmargin-right:3px;\nmargin-left:3px;\n}\n#top #wrap_all .avia-button.av-3mheh7-d757471d9f098bbb8b1f16557a77637a .avia-svg-icon svg:first-child{\nfill:#ffffff;\nstroke:#ffffff;\n}\n<\/style>\n<a href='#ancreActions'  class='avia-button av-3mheh7-d757471d9f098bbb8b1f16557a77637a avia-icon_select-yes-left-icon avia-size-small'   aria-label=\"Actions de sensibilisation\"><span class='avia_button_icon avia_button_icon_left avia-iconfont avia-font-entypo-fontello' data-av_icon='\ue86f' data-av_iconfont='entypo-fontello' ><\/span><span class='avia_iconbox_title' >Actions de sensibilisation<\/span><\/a>\n<\/div><\/p><\/div>\n\n<style type=\"text\/css\" data-created_by=\"avia_inline_auto\" id=\"style-css-av-194oc8r-d8eb801364bf2416a9d21d45f358229f\">\n#top .hr.av-194oc8r-d8eb801364bf2416a9d21d45f358229f{\nmargin-top:10px;\nmargin-bottom:10px;\n}\n.hr.av-194oc8r-d8eb801364bf2416a9d21d45f358229f .hr-inner{\nwidth:500px;\nborder-color:rgba(148,162,177,0.6);\n}\n<\/style>\n<div  class='hr av-194oc8r-d8eb801364bf2416a9d21d45f358229f hr-custom  avia-builder-el-12  el_after_av_one_full  el_before_av_one_full  hr-center hr-icon-no'><span class='hr-inner inner-border-av-border-fat'><span class=\"hr-inner-style\"><\/span><\/span><\/div>\n\n<style type=\"text\/css\" data-created_by=\"avia_inline_auto\" id=\"style-css-av-p8esx7-9ecdacf74315db4b1d2a309bad5f29a8\">\n.flex_column.av-p8esx7-9ecdacf74315db4b1d2a309bad5f29a8{\nborder-radius:0px 0px 0px 0px;\npadding:0px 0px 0px 0px;\n}\n<\/style>\n<div  class='flex_column av-p8esx7-9ecdacf74315db4b1d2a309bad5f29a8 av_one_full  avia-builder-el-13  el_after_av_hr  el_before_av_one_third  first flex_column_div av-zero-column-padding  '     ><section  class='av_textblock_section av-lien1j4l-0ba60582cd61e89df09dff983b7529a8 '   itemscope=\"itemscope\" itemtype=\"https:\/\/schema.org\/CreativeWork\" ><div class='avia_textblock'  itemprop=\"text\" ><h4 id=\"ancreWebinaire\" style=\"text-align: left;\">Webinaire<\/h4>\n<\/div><\/section><\/div>\n\n<style type=\"text\/css\" data-created_by=\"avia_inline_auto\" id=\"style-css-av-2dcj3v-97d9fdc5fba51ed1df62083b16d036ff\">\n.flex_column.av-2dcj3v-97d9fdc5fba51ed1df62083b16d036ff{\nborder-radius:0px 0px 0px 0px;\npadding:0px 0px 0px 0px;\n}\n<\/style>\n<div  class='flex_column av-2dcj3v-97d9fdc5fba51ed1df62083b16d036ff av_one_third  avia-builder-el-15  el_after_av_one_full  el_before_av_one_third  first flex_column_div av-zero-column-padding  column-top-margin'     ><p>\n<style type=\"text\/css\" data-created_by=\"avia_inline_auto\" id=\"style-css-av-lniwhukc-efd814cbc23e96adeefd5ce138ef6265\">\n.avia-video.av-lniwhukc-efd814cbc23e96adeefd5ce138ef6265{\nbackground-image:url(https:\/\/www.fredonoccitanie.com\/eesh\/wp-content\/uploads\/sites\/5\/2023\/10\/2023_lets_talk_about_ambrosia-1030x570.jpg);\n}\n<\/style>\n<div  class='avia-video av-lniwhukc-efd814cbc23e96adeefd5ce138ef6265 avia-video-16-9 av-preview-image avia-video-load-always av-lazyload-immediate av-lazyload-video-embed'  itemprop=\"video\" itemtype=\"https:\/\/schema.org\/VideoObject\"  data-original_url='https:\/\/www.youtube.com\/watch?v=BFY6IaPvhe8&t=16s'><script type='text\/html' class='av-video-tmpl'><div class='avia-iframe-wrap'><iframe loading=\"lazy\" title=\"Citizen science to tackle Ambrosia artemisiifolia populations and prevent future invasion ?\" width=\"1500\" height=\"844\" src=\"https:\/\/www.youtube.com\/embed\/BFY6IaPvhe8?start=16&feature=oembed&autoplay=0&loop=0&controls=1&mute=0\" frameborder=\"0\" allow=\"accelerometer; autoplay; clipboard-write; encrypted-media; gyroscope; picture-in-picture; web-share\" allowfullscreen><\/iframe><\/div><\/script><div class='av-click-to-play-overlay'><div class=\"avia_playpause_icon\"><\/div><\/div><\/div><br \/>\n<section  class='av_textblock_section av-lniwkqpr-a36dfceae0d4020294cf11d51f46659a '   itemscope=\"itemscope\" itemtype=\"https:\/\/schema.org\/CreativeWork\" ><div class='avia_textblock'  itemprop=\"text\" ><p style=\"text-align: center;\"><a href=\"https:\/\/www.youtube.com\/watch?v=qus1KeZu4xQ&#038;t=2s\" target=\"_blanck\" rel=\"noopener\">Citizen science to tackle Ambrosia artemisiifolia populations and prevent future invasion ?<\/a><br \/>\n<span class=\"yt-core-attributed-string yt-core-attributed-string--white-space-pre-wrap\" role=\"text\"><span class=\"yt-core-attributed-string--link-inherit-color\">International Ragweed Society<br \/>\nPresented by Pr Arnaud Monty from the University of Li\u00e8ge, Belgium<\/span><\/span><br \/>\n21\/09\/2023<\/p>\n<\/div><\/section><\/p><\/div>\n\n<style type=\"text\/css\" data-created_by=\"avia_inline_auto\" id=\"style-css-av-o33bjf-fe4da68b9bce7a2f952c6e09360bef79\">\n.flex_column.av-o33bjf-fe4da68b9bce7a2f952c6e09360bef79{\nborder-radius:0px 0px 0px 0px;\npadding:0px 0px 0px 0px;\n}\n<\/style>\n<div  class='flex_column av-o33bjf-fe4da68b9bce7a2f952c6e09360bef79 av_one_third  avia-builder-el-18  el_after_av_one_third  el_before_av_one_third  flex_column_div av-zero-column-padding  column-top-margin'     ><p>\n<style type=\"text\/css\" data-created_by=\"avia_inline_auto\" id=\"style-css-av-liemmjun-50f20b88ac5e394719587f87d9a10ac2\">\n.avia-video.av-liemmjun-50f20b88ac5e394719587f87d9a10ac2{\nbackground-image:url(https:\/\/www.fredonoccitanie.com\/eesh\/wp-content\/uploads\/sites\/5\/2022\/10\/jevi_webinaire_allergene.png);\n}\n<\/style>\n<div  class='avia-video av-liemmjun-50f20b88ac5e394719587f87d9a10ac2 avia-video-16-9 av-preview-image avia-video-load-always av-lazyload-immediate av-lazyload-video-embed'  itemprop=\"video\" itemtype=\"https:\/\/schema.org\/VideoObject\"  data-original_url='https:\/\/www.youtube.com\/watch?v=qus1KeZu4xQ&t=2s'><script type='text\/html' class='av-video-tmpl'><div class='avia-iframe-wrap'><iframe loading=\"lazy\" title=\"Webinaire JEVI 2022 #5 \u00ab Plantes allerg\u00e8nes des cl\u00e9s pour avoir du nez et les \u00e9viter outils RNSA\" width=\"1500\" height=\"844\" src=\"https:\/\/www.youtube.com\/embed\/qus1KeZu4xQ?start=2&feature=oembed&autoplay=0&loop=0&controls=1&mute=0\" frameborder=\"0\" allow=\"accelerometer; autoplay; clipboard-write; encrypted-media; gyroscope; picture-in-picture; web-share\" allowfullscreen><\/iframe><\/div><\/script><div class='av-click-to-play-overlay'><div class=\"avia_playpause_icon\"><\/div><\/div><\/div><br \/>\n<section  class='av_textblock_section av-liemm646-d588d27b5fc36ba560c457e3c2515675 '   itemscope=\"itemscope\" itemtype=\"https:\/\/schema.org\/CreativeWork\" ><div class='avia_textblock'  itemprop=\"text\" ><p style=\"text-align: center;\"><a href=\"https:\/\/www.youtube.com\/watch?v=qus1KeZu4xQ&#038;t=2s\" target=\"_blanck\" rel=\"noopener\">Webinaire JEVI &#8211; Plantes allerg\u00e8nes : des cl\u00e9s pour avoir du nez et les \u00e9viter<\/a><br \/>\nFREDON Occitanie \/ Mission JEVI &#8211; Mission Ambroisie<br \/>\n14\/10\/2022<\/p>\n<\/div><\/section><\/p><\/div>\n\n<style type=\"text\/css\" data-created_by=\"avia_inline_auto\" id=\"style-css-av-2rspyj-459cae29b0262090bd424cd01be5a9f9\">\n.flex_column.av-2rspyj-459cae29b0262090bd424cd01be5a9f9{\nborder-radius:0px 0px 0px 0px;\npadding:0px 0px 0px 0px;\n}\n<\/style>\n<div  class='flex_column av-2rspyj-459cae29b0262090bd424cd01be5a9f9 av_one_third  avia-builder-el-21  el_after_av_one_third  el_before_av_one_third  flex_column_div av-zero-column-padding  column-top-margin'     ><p>\n<style type=\"text\/css\" data-created_by=\"avia_inline_auto\" id=\"style-css-av-lmizeer9-900e3ac921376c7e278c60f4b090b74c\">\n.avia-video.av-lmizeer9-900e3ac921376c7e278c60f4b090b74c{\nbackground-image:url(https:\/\/www.fredonoccitanie.com\/eesh\/wp-content\/uploads\/sites\/5\/2023\/09\/webinaire_ceze.png);\n}\n<\/style>\n<div  class='avia-video av-lmizeer9-900e3ac921376c7e278c60f4b090b74c avia-video-16-9 av-preview-image avia-video-load-always av-lazyload-immediate av-lazyload-video-embed'  itemprop=\"video\" itemtype=\"https:\/\/schema.org\/VideoObject\"  data-original_url='https:\/\/vimeo.com\/582960666'><script type='text\/html' class='av-video-tmpl'><div class='avia-iframe-wrap'><iframe loading=\"lazy\" title=\"Webinaire - PEE : Ambroisie - retour sur 20 ans d&#039;exp\u00e9rience en vall\u00e9e de la C\u00e8ze (Gard)\" src=\"https:\/\/player.vimeo.com\/video\/582960666?dnt=1&amp;app_id=122963&autoplay=0&loop=0&controls=1&muted=0\" width=\"1500\" height=\"844\" frameborder=\"0\" allow=\"autoplay; fullscreen; picture-in-picture\"><\/iframe><\/div><\/script><div class='av-click-to-play-overlay'><div class=\"avia_playpause_icon\"><\/div><\/div><\/div><br \/>\n<section  class='av_textblock_section av-lmizdzia-e06e2b2a1a0975f231daec561a79fade '   itemscope=\"itemscope\" itemtype=\"https:\/\/schema.org\/CreativeWork\" ><div class='avia_textblock'  itemprop=\"text\" ><p style=\"text-align: center;\">\n<p class=\"_3vbdr sc-frDJqD fDQgcn\" style=\"text-align: center;\"><a href=\"https:\/\/vimeo.com\/582960666\"><span class=\"-KXLs\">Webinaire &#8211; PEE : Ambroisie &#8211; retour sur 20 ans d\u2019exp\u00e9rience en vall\u00e9e de la C\u00e8ze (Gard)<\/span><\/a><\/p>\n<p style=\"text-align: center;\">FREDON Occitanie \/ Mission Ambroisie<\/p>\n<p style=\"text-align: center;\">03\/08\/2021<\/p>\n<\/div><\/section><\/p><\/div>\n\n<style type=\"text\/css\" data-created_by=\"avia_inline_auto\" id=\"style-css-av-613jkb-88d7e140af1a86646467ccdd9388c3fc\">\n.flex_column.av-613jkb-88d7e140af1a86646467ccdd9388c3fc{\nborder-radius:0px 0px 0px 0px;\npadding:0px 0px 0px 0px;\n}\n<\/style>\n<div  class='flex_column av-613jkb-88d7e140af1a86646467ccdd9388c3fc av_one_third  avia-builder-el-24  el_after_av_one_third  el_before_av_hr  first flex_column_div av-zero-column-padding  column-top-margin'     ><p>\n<style type=\"text\/css\" data-created_by=\"avia_inline_auto\" id=\"style-css-av-liybucl4-f232eeec7663dd1612e9d9282d8ca9a9\">\n.avia-video.av-liybucl4-f232eeec7663dd1612e9d9282d8ca9a9{\nbackground-image:url(https:\/\/www.fredonoccitanie.com\/eesh\/wp-content\/uploads\/sites\/5\/2023\/06\/2020_Journees_luttte_Ambroisie_Webinaire-1030x538.jpg);\n}\n<\/style>\n<div  class='avia-video av-liybucl4-f232eeec7663dd1612e9d9282d8ca9a9 avia-video-16-9 av-preview-image avia-video-load-always av-lazyload-immediate av-lazyload-video-embed'  itemprop=\"video\" itemtype=\"https:\/\/schema.org\/VideoObject\"  data-original_url='https:\/\/www.youtube.com\/watch?v=0qCNuaKGSE0&list=PLEJX7ly3C1b7ipyH9ViBaX8TE0jWedPPq'><script type='text\/html' class='av-video-tmpl'><div class='avia-iframe-wrap'><iframe loading=\"lazy\" title=\"Connaitre et reconna\u00eetre les diff\u00e9rentes ambroisies -  Journ\u00e9es de lutte contre les ambroisies 2020\" width=\"1500\" height=\"844\" src=\"https:\/\/www.youtube.com\/embed\/0qCNuaKGSE0?list=PLEJX7ly3C1b7ipyH9ViBaX8TE0jWedPPq&autoplay=0&loop=0&controls=1&mute=0\" frameborder=\"0\" allow=\"accelerometer; autoplay; clipboard-write; encrypted-media; gyroscope; picture-in-picture; web-share\" allowfullscreen><\/iframe><\/div><\/script><div class='av-click-to-play-overlay'><div class=\"avia_playpause_icon\"><\/div><\/div><\/div><br \/>\n<section  class='av_textblock_section av-liybwvy7-ae026601405c357720f718086665f1f3 '   itemscope=\"itemscope\" itemtype=\"https:\/\/schema.org\/CreativeWork\" ><div class='avia_textblock'  itemprop=\"text\" ><p style=\"text-align: center;\"><a href=\"https:\/\/www.youtube.com\/watch?v=0qCNuaKGSE0&#038;list=PLEJX7ly3C1b7ipyH9ViBaX8TE0jWedPPq\" target=\"_blanck\" rel=\"noopener\">Webinaire des Journ\u00e9es de lutte contre les Ambroisie<\/a><br \/>\n<strong>S\u00e9ries de vid\u00e9os traitant de diff\u00e9rents th\u00e8mes : gestion milieu agricole, impact sanitaire, reconnaissance,&#8230;etc.<\/strong><br \/>\nObservatoire des Ambroisies et partenaires<br \/>\n30\/06\/2020<\/p>\n<\/div><\/section><\/p><\/div>\n\n<style type=\"text\/css\" data-created_by=\"avia_inline_auto\" id=\"style-css-av-184c1h7-ee6e6664c5b88731bdbec08cc406cbb3\">\n#top .hr.av-184c1h7-ee6e6664c5b88731bdbec08cc406cbb3{\nmargin-top:10px;\nmargin-bottom:10px;\n}\n.hr.av-184c1h7-ee6e6664c5b88731bdbec08cc406cbb3 .hr-inner{\nwidth:500px;\nborder-color:rgba(148,162,177,0.6);\n}\n<\/style>\n<div  class='hr av-184c1h7-ee6e6664c5b88731bdbec08cc406cbb3 hr-custom  avia-builder-el-27  el_after_av_one_third  el_before_av_one_full  hr-center hr-icon-no'><span class='hr-inner inner-border-av-border-fat'><span class=\"hr-inner-style\"><\/span><\/span><\/div>\n\n<style type=\"text\/css\" data-created_by=\"avia_inline_auto\" id=\"style-css-av-mkwg23-d2b0fd6b9625e2949e74b9d9d2d04c24\">\n.flex_column.av-mkwg23-d2b0fd6b9625e2949e74b9d9d2d04c24{\nborder-radius:0px 0px 0px 0px;\npadding:0px 0px 0px 0px;\n}\n<\/style>\n<div  class='flex_column av-mkwg23-d2b0fd6b9625e2949e74b9d9d2d04c24 av_one_full  avia-builder-el-28  el_after_av_hr  el_before_av_one_third  first flex_column_div av-zero-column-padding  '     ><section  class='av_textblock_section av-lien0y6d-393d0eacb0f3d8cac36179c4ea30f62b '   itemscope=\"itemscope\" itemtype=\"https:\/\/schema.org\/CreativeWork\" ><div class='avia_textblock'  itemprop=\"text\" ><h4 id=\"ancreGEN\">G\u00e9n\u00e9ralit\u00e9s<\/h4>\n<\/div><\/section><\/div>\n\n<style type=\"text\/css\" data-created_by=\"avia_inline_auto\" id=\"style-css-av-ks7wwb-a72d1b19932af8991c7e49219177c4db\">\n.flex_column.av-ks7wwb-a72d1b19932af8991c7e49219177c4db{\nborder-radius:0px 0px 0px 0px;\npadding:0px 0px 0px 0px;\n}\n<\/style>\n<div  class='flex_column av-ks7wwb-a72d1b19932af8991c7e49219177c4db av_one_third  avia-builder-el-30  el_after_av_one_full  el_before_av_one_third  first flex_column_div av-zero-column-padding  column-top-margin'     ><p>\n<style type=\"text\/css\" data-created_by=\"avia_inline_auto\" id=\"style-css-av-lien6mhj-4d0a7f67f0d8b7169a50f8c2b9648199\">\n.avia-video.av-lien6mhj-4d0a7f67f0d8b7169a50f8c2b9648199{\nbackground-image:url(https:\/\/www.fredonoccitanie.com\/eesh\/wp-content\/uploads\/sites\/5\/2022\/04\/video_ambroisie-1030x591.png);\n}\n<\/style>\n<div  class='avia-video av-lien6mhj-4d0a7f67f0d8b7169a50f8c2b9648199 avia-video-16-9 av-preview-image avia-video-load-always av-lazyload-immediate av-lazyload-video-embed'  itemprop=\"video\" itemtype=\"https:\/\/schema.org\/VideoObject\"  data-original_url='https:\/\/youtu.be\/Gup1wg2Iaic'><script type='text\/html' class='av-video-tmpl'><div class='avia-iframe-wrap'><iframe loading=\"lazy\" title=\"Ambroisie - des graines, du pollen et des allergies-Version longue\" width=\"1500\" height=\"844\" src=\"https:\/\/www.youtube.com\/embed\/Gup1wg2Iaic?feature=oembed&autoplay=0&loop=0&controls=1&mute=0\" frameborder=\"0\" allow=\"accelerometer; autoplay; clipboard-write; encrypted-media; gyroscope; picture-in-picture; web-share\" allowfullscreen><\/iframe><\/div><\/script><div class='av-click-to-play-overlay'><div class=\"avia_playpause_icon\"><\/div><\/div><\/div><br \/>\n<section  class='av_textblock_section av-lien65dj-328ea03f747bac46a0af5631dcb37f4e '   itemscope=\"itemscope\" itemtype=\"https:\/\/schema.org\/CreativeWork\" ><div class='avia_textblock'  itemprop=\"text\" ><p style=\"text-align: center;\"><a href=\"https:\/\/www.youtube.com\/watch?v=Gup1wg2Iaic\" target=\"_blanck\" rel=\"noopener\">Ambroisie &#8211; des graines, du pollen et des allergies<\/a><br \/>\nObservatoire des Ambroisies<br \/>\n27\/09\/2017<\/p>\n<\/div><\/section><\/p><\/div>\n\n<style type=\"text\/css\" data-created_by=\"avia_inline_auto\" id=\"style-css-av-jk0h8b-c3dcf77f9ec310c09562ea2297d9f56e\">\n.flex_column.av-jk0h8b-c3dcf77f9ec310c09562ea2297d9f56e{\nborder-radius:0px 0px 0px 0px;\npadding:0px 0px 0px 0px;\n}\n<\/style>\n<div  class='flex_column av-jk0h8b-c3dcf77f9ec310c09562ea2297d9f56e av_one_third  avia-builder-el-33  el_after_av_one_third  el_before_av_hr  flex_column_div av-zero-column-padding  column-top-margin'     ><p>\n<style type=\"text\/css\" data-created_by=\"avia_inline_auto\" id=\"style-css-av-liemtp14-e5a85a53486a5325930f0b1cbc82fe37\">\n.avia-video.av-liemtp14-e5a85a53486a5325930f0b1cbc82fe37{\nbackground-image:url(https:\/\/www.fredonoccitanie.com\/eesh\/wp-content\/uploads\/sites\/5\/2022\/10\/ukraine_ambroisie.png);\n}\n<\/style>\n<div  class='avia-video av-liemtp14-e5a85a53486a5325930f0b1cbc82fe37 avia-video-16-9 av-preview-image avia-video-load-always av-lazyload-immediate av-lazyload-video-embed'  itemprop=\"video\" itemtype=\"https:\/\/schema.org\/VideoObject\"  data-original_url='https:\/\/youtu.be\/7RnLbb02n00'><script type='text\/html' class='av-video-tmpl'><div class='avia-iframe-wrap'><iframe loading=\"lazy\" title=\"Ambrosia in Europe : Ukraine\" width=\"1333\" height=\"1000\" src=\"https:\/\/www.youtube.com\/embed\/7RnLbb02n00?feature=oembed&autoplay=0&loop=0&controls=1&mute=0\" frameborder=\"0\" allow=\"accelerometer; autoplay; clipboard-write; encrypted-media; gyroscope; picture-in-picture; web-share\" allowfullscreen><\/iframe><\/div><\/script><div class='av-click-to-play-overlay'><div class=\"avia_playpause_icon\"><\/div><\/div><\/div><br \/>\n<section  class='av_textblock_section av-liemuixd-899cc0f0961a1cb8f09f7ef853f3c8d5 '   itemscope=\"itemscope\" itemtype=\"https:\/\/schema.org\/CreativeWork\" ><div class='avia_textblock'  itemprop=\"text\" ><p style=\"text-align: center;\"><a href=\"https:\/\/www.youtube.com\/watch?v=L0rsb2Yep2I&#038;list=PLEJX7ly3C1b71QugQj_qINwMOPCfvB_Z5&#038;index=1\" target=\"_blanck\" rel=\"noopener\">Ambrosia in Europe &#8211; S\u00e9rie de vid\u00e9os d\u00e9peignant la situation des Ambroisies en Europe<\/a><br \/>\nObservatoire des Ambroisies<br \/>\n21\/09\/2022<\/p>\n<\/div><\/section><\/p><\/div>\n\n<style type=\"text\/css\" data-created_by=\"avia_inline_auto\" id=\"style-css-av-15zmrm3-fff57fda2d86fd3220da31033afcecaa\">\n#top .hr.av-15zmrm3-fff57fda2d86fd3220da31033afcecaa{\nmargin-top:10px;\nmargin-bottom:10px;\n}\n.hr.av-15zmrm3-fff57fda2d86fd3220da31033afcecaa .hr-inner{\nwidth:500px;\nborder-color:rgba(148,162,177,0.6);\n}\n<\/style>\n<div  class='hr av-15zmrm3-fff57fda2d86fd3220da31033afcecaa hr-custom  avia-builder-el-36  el_after_av_one_third  el_before_av_one_full  hr-center hr-icon-no'><span class='hr-inner inner-border-av-border-fat'><span class=\"hr-inner-style\"><\/span><\/span><\/div>\n\n<style type=\"text\/css\" data-created_by=\"avia_inline_auto\" id=\"style-css-av-3mgbwb-a326d332bb3dc5f79eaf416b590d30c5\">\n.flex_column.av-3mgbwb-a326d332bb3dc5f79eaf416b590d30c5{\nborder-radius:0px 0px 0px 0px;\npadding:0px 0px 0px 0px;\n}\n<\/style>\n<div  class='flex_column av-3mgbwb-a326d332bb3dc5f79eaf416b590d30c5 av_one_full  avia-builder-el-37  el_after_av_hr  el_before_av_one_third  first flex_column_div av-zero-column-padding  '     ><section  class='av_textblock_section av-liycz8xh-0911f534bf27dc1afe076696d7e8ac43 '   itemscope=\"itemscope\" itemtype=\"https:\/\/schema.org\/CreativeWork\" ><div class='avia_textblock'  itemprop=\"text\" ><h4 id=\"ancreSAN\">Sant\u00e9<\/h4>\n<\/div><\/section><\/div>\n\n<style type=\"text\/css\" data-created_by=\"avia_inline_auto\" id=\"style-css-av-3u290b-9a9b316e6911f4a40cff633ab066df20\">\n.flex_column.av-3u290b-9a9b316e6911f4a40cff633ab066df20{\nborder-radius:0px 0px 0px 0px;\npadding:0px 0px 0px 0px;\n}\n<\/style>\n<div  class='flex_column av-3u290b-9a9b316e6911f4a40cff633ab066df20 av_one_third  avia-builder-el-39  el_after_av_one_full  el_before_av_one_third  first flex_column_div av-zero-column-padding  column-top-margin'     ><p>\n<style type=\"text\/css\" data-created_by=\"avia_inline_auto\" id=\"style-css-av-lo2y9e6q-3c74d1aaedf25469fc7b4358390112be\">\n.avia-video.av-lo2y9e6q-3c74d1aaedf25469fc7b4358390112be{\nbackground-image:url(https:\/\/www.fredonoccitanie.com\/eesh\/wp-content\/uploads\/sites\/5\/2023\/10\/2023_france3_ophraella.jpg);\n}\n<\/style>\n<div  class='avia-video av-lo2y9e6q-3c74d1aaedf25469fc7b4358390112be avia-video-16-9 av-preview-image avia-video-load-always av-lazyload-immediate av-lazyload-video-embed'  itemprop=\"video\" itemtype=\"https:\/\/schema.org\/VideoObject\"  data-original_url='https:\/\/france3-regions.francetvinfo.fr\/auvergne-rhone-alpes\/rhone\/lyon\/allergie-la-fin-de-l-ambroisie-grace-a-un-insecte-qui-devore-ses-feuilles-2855033.html'><script type='text\/html' class='av-video-tmpl'><a href=\"https:\/\/france3-regions.francetvinfo.fr\/auvergne-rhone-alpes\/rhone\/lyon\/allergie-la-fin-de-l-ambroisie-grace-a-un-insecte-qui-devore-ses-feuilles-2855033.html\">https:\/\/france3-regions.francetvinfo.fr\/auvergne-rhone-alpes\/rhone\/lyon\/allergie-la-fin-de-l-ambroisie-grace-a-un-insecte-qui-devore-ses-feuilles-2855033.html<\/a><\/script><div class='av-click-to-play-overlay'><div class=\"avia_playpause_icon\"><\/div><\/div><\/div><br \/>\n<section  class='av_textblock_section av-lo2y7uyk-e057f858db22ac22d1316667aa9de5f6 '   itemscope=\"itemscope\" itemtype=\"https:\/\/schema.org\/CreativeWork\" ><div class='avia_textblock'  itemprop=\"text\" ><p style=\"text-align: center;\"><a href=\"https:\/\/france3-regions.francetvinfo.fr\/auvergne-rhone-alpes\/rhone\/lyon\/allergie-la-fin-de-l-ambroisie-grace-a-un-insecte-qui-devore-ses-feuilles-2855033.html\" target=\"_blank\" rel=\"noopener\">Allergie. La fin de l&rsquo;ambroisie gr\u00e2ce \u00e0 un insecte qui d\u00e9vore ses feuilles<\/a><br \/>\nFrance 3 Auvergne-Rh\u00f4ne-Alpes<br \/>\n14\/10\/2023<\/p>\n<\/div><\/section><\/p><\/div>\n\n<style type=\"text\/css\" data-created_by=\"avia_inline_auto\" id=\"style-css-av-2en1hn-6c68c55abe446f86bfdee1464dae1680\">\n.flex_column.av-2en1hn-6c68c55abe446f86bfdee1464dae1680{\nborder-radius:0px 0px 0px 0px;\npadding:0px 0px 0px 0px;\n}\n<\/style>\n<div  class='flex_column av-2en1hn-6c68c55abe446f86bfdee1464dae1680 av_one_third  avia-builder-el-42  el_after_av_one_third  el_before_av_one_third  flex_column_div av-zero-column-padding  column-top-margin'     ><p>\n<style type=\"text\/css\" data-created_by=\"avia_inline_auto\" id=\"style-css-av-liyd0371-9cf821c9a91d85b2871870dee5ddee7f\">\n.avia-video.av-liyd0371-9cf821c9a91d85b2871870dee5ddee7f{\nbackground-image:url(https:\/\/www.fredonoccitanie.com\/eesh\/wp-content\/uploads\/sites\/5\/2023\/05\/2023_Youtube_BulletinPoll_RNSA-1030x536.png);\n}\n<\/style>\n<div  class='avia-video av-liyd0371-9cf821c9a91d85b2871870dee5ddee7f avia-video-16-9 av-preview-image avia-video-load-always av-lazyload-immediate av-lazyload-video-embed'  itemprop=\"video\" itemtype=\"https:\/\/schema.org\/VideoObject\"  data-original_url='https:\/\/www.youtube.com\/watch?v=_Iex8gugMyo&list=PLxKjSRTzOPNLzmDDE_5yzBsPCdf6VGe3w'><script type='text\/html' class='av-video-tmpl'><div class='avia-iframe-wrap'><iframe loading=\"lazy\" title=\"Bulletin allergo-pollinique vid\u00e9o du 06 janvier 2023\" width=\"1500\" height=\"844\" src=\"https:\/\/www.youtube.com\/embed\/_Iex8gugMyo?list=PLxKjSRTzOPNLzmDDE_5yzBsPCdf6VGe3w&autoplay=0&loop=0&controls=1&mute=0\" frameborder=\"0\" allow=\"accelerometer; autoplay; clipboard-write; encrypted-media; gyroscope; picture-in-picture; web-share\" allowfullscreen><\/iframe><\/div><\/script><div class='av-click-to-play-overlay'><div class=\"avia_playpause_icon\"><\/div><\/div><\/div><br \/>\n<section  class='av_textblock_section av-liyd19xe-1cb1adb49dfab699ce7081adeff8ed29 '   itemscope=\"itemscope\" itemtype=\"https:\/\/schema.org\/CreativeWork\" ><div class='avia_textblock'  itemprop=\"text\" ><p style=\"text-align: center;\"><a href=\"https:\/\/www.youtube.com\/watch?v=_Iex8gugMyo&#038;list=PLxKjSRTzOPNLzmDDE_5yzBsPCdf6VGe3w\" target=\"_blanck\" rel=\"noopener\">Bulletin allergo-pollinique<\/a><br \/>\nRNSA (R\u00e9seau National de Surveillance A\u00e9robiologique)<br \/>\nS\u00e9rie hebdomadaire de janvier \u00e0 octobre 2023<\/p>\n<\/div><\/section><\/p><\/div>\n\n<style type=\"text\/css\" data-created_by=\"avia_inline_auto\" id=\"style-css-av-2p7hh7-1129aebbc8013bb483f9773a82b7c89a\">\n.flex_column.av-2p7hh7-1129aebbc8013bb483f9773a82b7c89a{\nborder-radius:0px 0px 0px 0px;\npadding:0px 0px 0px 0px;\n}\n<\/style>\n<div  class='flex_column av-2p7hh7-1129aebbc8013bb483f9773a82b7c89a av_one_third  avia-builder-el-45  el_after_av_one_third  el_before_av_one_third  flex_column_div av-zero-column-padding  column-top-margin'     ><p>\n<style type=\"text\/css\" data-created_by=\"avia_inline_auto\" id=\"style-css-av-llotiuj7-c9ad4cbdde6d6cbe47daec069b4e362a\">\n.avia-video.av-llotiuj7-c9ad4cbdde6d6cbe47daec069b4e362a{\nbackground-image:url(https:\/\/www.fredonoccitanie.com\/eesh\/wp-content\/uploads\/sites\/5\/2023\/08\/2023_AFP_video-1030x582.jpg);\n}\n<\/style>\n<div  class='avia-video av-llotiuj7-c9ad4cbdde6d6cbe47daec069b4e362a avia-video-16-9 av-preview-image avia-video-load-always av-lazyload-immediate av-lazyload-video-embed'  itemprop=\"video\" itemtype=\"https:\/\/schema.org\/VideoObject\"  data-original_url='https:\/\/www.youtube.com\/watch?v=VLjS_39PEQ0'><script type='text\/html' class='av-video-tmpl'><div class='avia-iframe-wrap'><iframe loading=\"lazy\" title=\"La lutte contre l&#039;ambroisie, un enjeu de sant\u00e9 publique | AFP\" width=\"1500\" height=\"844\" src=\"https:\/\/www.youtube.com\/embed\/VLjS_39PEQ0?feature=oembed&autoplay=0&loop=0&controls=1&mute=0\" frameborder=\"0\" allow=\"accelerometer; autoplay; clipboard-write; encrypted-media; gyroscope; picture-in-picture; web-share\" allowfullscreen><\/iframe><\/div><\/script><div class='av-click-to-play-overlay'><div class=\"avia_playpause_icon\"><\/div><\/div><\/div><br \/>\n<section  class='av_textblock_section av-llotkenv-a0311dd2002b040d6a397a3ffedd3853 '   itemscope=\"itemscope\" itemtype=\"https:\/\/schema.org\/CreativeWork\" ><div class='avia_textblock'  itemprop=\"text\" ><p style=\"text-align: center;\"><a href=\"https:\/\/www.youtube.com\/watch?v=VLjS_39PEQ0\" target=\"_blanck\" rel=\"noopener\">La lutte contre l&rsquo;Ambroisie, un enjeu de sant\u00e9 publique<\/a><br \/>\nAFP, RNSA (exemples pris dans la vall\u00e9e du Rh\u00f4ne)<br \/>\n22\/08\/2023<\/p>\n<\/div><\/section><\/p><\/div>\n\n<style type=\"text\/css\" data-created_by=\"avia_inline_auto\" id=\"style-css-av-14l44xn-c87d5b26f2381ef700a7fb9ca03d1034\">\n.flex_column.av-14l44xn-c87d5b26f2381ef700a7fb9ca03d1034{\nborder-radius:0px 0px 0px 0px;\npadding:0px 0px 0px 0px;\n}\n<\/style>\n<div  class='flex_column av-14l44xn-c87d5b26f2381ef700a7fb9ca03d1034 av_one_third  avia-builder-el-48  el_after_av_one_third  el_before_av_one_third  first flex_column_div av-zero-column-padding  column-top-margin'     ><p>\n<style type=\"text\/css\" data-created_by=\"avia_inline_auto\" id=\"style-css-av-ll2cmhsx-9e37412ae8d6b08fc6f46279c613ad78\">\n.avia-video.av-ll2cmhsx-9e37412ae8d6b08fc6f46279c613ad78{\nbackground-image:url(https:\/\/www.fredonoccitanie.com\/eesh\/wp-content\/uploads\/sites\/5\/2023\/05\/2023_France3_RNSA_Ambroisies-1030x577.png);\n}\n<\/style>\n<div  class='avia-video av-ll2cmhsx-9e37412ae8d6b08fc6f46279c613ad78 avia-video-16-9 av-preview-image avia-video-load-always av-lazyload-immediate av-lazyload-video-embed'  itemprop=\"video\" itemtype=\"https:\/\/schema.org\/VideoObject\"  data-original_url='https:\/\/www.france.tv\/france-3\/auvergne-rhone-alpes\/vous-etes-formidables-auvergne-rhone-alpes\/4873027-camille-laily-l-album-crepuscule.html'><script type='text\/html' class='av-video-tmpl'><a href=\"https:\/\/www.france.tv\/france-3\/auvergne-rhone-alpes\/vous-etes-formidables-auvergne-rhone-alpes\/4873027-camille-laily-l-album-crepuscule.html\">https:\/\/www.france.tv\/france-3\/auvergne-rhone-alpes\/vous-etes-formidables-auvergne-rhone-alpes\/4873027-camille-laily-l-album-crepuscule.html<\/a><\/script><div class='av-click-to-play-overlay'><div class=\"avia_playpause_icon\"><\/div><\/div><\/div><br \/>\n<section  class='av_textblock_section av-ll2cod5z-908a1a7b977e8fbffec45e1a997a4e35 '   itemscope=\"itemscope\" itemtype=\"https:\/\/schema.org\/CreativeWork\" ><div class='avia_textblock'  itemprop=\"text\" ><p style=\"text-align: center;\"><a href=\"https:\/\/www.france.tv\/france-3\/auvergne-rhone-alpes\/vous-etes-formidables-auvergne-rhone-alpes\/4873027-camille-laily-l-album-crepuscule.html\" target=\"_blanck\" rel=\"noopener\">Emission \u00ab\u00a0Vous \u00eates formidables\u00a0\u00bb &#8211; On parle d&rsquo;Ambroisies ! (26min et 31min)<\/a><br \/>\nRNSA \/ France<br \/>\n12\/05\/2023<\/p>\n<\/div><\/section><\/p><\/div>\n\n<style type=\"text\/css\" data-created_by=\"avia_inline_auto\" id=\"style-css-av-5n8kln-0c762ca4ec515644aa853d8e2e3cc643\">\n.flex_column.av-5n8kln-0c762ca4ec515644aa853d8e2e3cc643{\nborder-radius:0px 0px 0px 0px;\npadding:0px 0px 0px 0px;\n}\n<\/style>\n<div  class='flex_column av-5n8kln-0c762ca4ec515644aa853d8e2e3cc643 av_one_third  avia-builder-el-51  el_after_av_one_third  el_before_av_hr  flex_column_div av-zero-column-padding  column-top-margin'     ><p>\n<style type=\"text\/css\" data-created_by=\"avia_inline_auto\" id=\"style-css-av-liycc14y-c918e20caf23dd092225e570c7639647\">\n.avia-video.av-liycc14y-c918e20caf23dd092225e570c7639647{\nbackground-image:url(https:\/\/www.fredonoccitanie.com\/eesh\/wp-content\/uploads\/sites\/5\/2023\/06\/alloDocteur_videoAllergie-1030x579.jpg);\n}\n<\/style>\n<div  class='avia-video av-liycc14y-c918e20caf23dd092225e570c7639647 avia-video-16-9 av-preview-image avia-video-load-always av-lazyload-immediate av-lazyload-video-embed'  itemprop=\"video\" itemtype=\"https:\/\/schema.org\/VideoObject\"  data-original_url='https:\/\/www.youtube.com\/watch?v=7V8IdW125mE'><script type='text\/html' class='av-video-tmpl'><div class='avia-iframe-wrap'><iframe loading=\"lazy\" title=\"Les allergies qui emp\u00eachent de respirer : l&#039;ambroisie - All\u00f4 Docteurs\" width=\"1500\" height=\"844\" src=\"https:\/\/www.youtube.com\/embed\/7V8IdW125mE?feature=oembed&autoplay=0&loop=0&controls=1&mute=0\" frameborder=\"0\" allow=\"accelerometer; autoplay; clipboard-write; encrypted-media; gyroscope; picture-in-picture; web-share\" allowfullscreen><\/iframe><\/div><\/script><div class='av-click-to-play-overlay'><div class=\"avia_playpause_icon\"><\/div><\/div><\/div><br \/>\n<section  class='av_textblock_section av-liycd16j-1b681c3d32f2cc7b6f44a4ddc92f001e '   itemscope=\"itemscope\" itemtype=\"https:\/\/schema.org\/CreativeWork\" ><div class='avia_textblock'  itemprop=\"text\" ><p style=\"text-align: center;\"><a href=\"https:\/\/www.youtube.com\/watch?v=7V8IdW125mE\" target=\"_blanck\" rel=\"noopener\">Les allergies qui emp\u00eachent de respirer : l&rsquo;Ambroisie<\/a><br \/>\nAll\u00f4 Docteurs \/ France 5<br \/>\n04\/09\/2019<\/p>\n<\/div><\/section><\/p><\/div>\n\n<style type=\"text\/css\" data-created_by=\"avia_inline_auto\" id=\"style-css-av-12uvp2j-838e15e84ab248bdb1486c5eacecb0b6\">\n#top .hr.av-12uvp2j-838e15e84ab248bdb1486c5eacecb0b6{\nmargin-top:10px;\nmargin-bottom:10px;\n}\n.hr.av-12uvp2j-838e15e84ab248bdb1486c5eacecb0b6 .hr-inner{\nwidth:500px;\nborder-color:rgba(148,162,177,0.6);\n}\n<\/style>\n<div  class='hr av-12uvp2j-838e15e84ab248bdb1486c5eacecb0b6 hr-custom  avia-builder-el-54  el_after_av_one_third  el_before_av_one_full  hr-center hr-icon-no'><span class='hr-inner inner-border-av-border-fat'><span class=\"hr-inner-style\"><\/span><\/span><\/div>\n\n<style type=\"text\/css\" data-created_by=\"avia_inline_auto\" id=\"style-css-av-h7bs57-7a655397dc5cc681683c404471e07c37\">\n.flex_column.av-h7bs57-7a655397dc5cc681683c404471e07c37{\nborder-radius:0px 0px 0px 0px;\npadding:0px 0px 0px 0px;\n}\n<\/style>\n<div  class='flex_column av-h7bs57-7a655397dc5cc681683c404471e07c37 av_one_full  avia-builder-el-55  el_after_av_hr  el_before_av_one_third  first flex_column_div av-zero-column-padding  '     ><section  class='av_textblock_section av-fsmpzf-45f848676eb1ff8817983c8b7e891fa6 '   itemscope=\"itemscope\" itemtype=\"https:\/\/schema.org\/CreativeWork\" ><div class='avia_textblock'  itemprop=\"text\" ><h4 id=\"ancreReco2\">Reconnaissance<\/h4>\n<\/div><\/section><\/div>\n\n<style type=\"text\/css\" data-created_by=\"avia_inline_auto\" id=\"style-css-av-b7kpy3-cc78dd86573cfdd978d681863e62310d\">\n.flex_column.av-b7kpy3-cc78dd86573cfdd978d681863e62310d{\nborder-radius:0px 0px 0px 0px;\npadding:0px 0px 0px 0px;\n}\n<\/style>\n<div  class='flex_column av-b7kpy3-cc78dd86573cfdd978d681863e62310d av_one_third  avia-builder-el-57  el_after_av_one_full  el_before_av_one_third  first flex_column_div av-zero-column-padding  column-top-margin'     ><p>\n<style type=\"text\/css\" data-created_by=\"avia_inline_auto\" id=\"style-css-av-lienc6me-9304eabfbf9b6d305d5b191edf5265f2\">\n.avia-video.av-lienc6me-9304eabfbf9b6d305d5b191edf5265f2{\nbackground-image:url(https:\/\/www.fredonoccitanie.com\/eesh\/wp-content\/uploads\/sites\/5\/2023\/06\/2023_Video_recoAT-1-1030x576.jpg);\n}\n<\/style>\n<div  class='avia-video av-lienc6me-9304eabfbf9b6d305d5b191edf5265f2 avia-video-16-9 av-preview-image avia-video-load-always av-lazyload-immediate av-lazyload-video-embed'  itemprop=\"video\" itemtype=\"https:\/\/schema.org\/VideoObject\"  data-original_url='https:\/\/www.youtube.com\/watch?v=nCwXcq7bxdM'><script type='text\/html' class='av-video-tmpl'><div class='avia-iframe-wrap'><iframe loading=\"lazy\" title=\"Reconna\u00eetre l&#039;Ambroisie trifide\" width=\"1500\" height=\"844\" src=\"https:\/\/www.youtube.com\/embed\/nCwXcq7bxdM?feature=oembed&autoplay=0&loop=0&controls=1&mute=0\" frameborder=\"0\" allow=\"accelerometer; autoplay; clipboard-write; encrypted-media; gyroscope; picture-in-picture; web-share\" allowfullscreen><\/iframe><\/div><\/script><div class='av-click-to-play-overlay'><div class=\"avia_playpause_icon\"><\/div><\/div><\/div><br \/>\n<section  class='av_textblock_section av-liencc60-e099a1dbd1f82436ce84338fbfb9e952 '   itemscope=\"itemscope\" itemtype=\"https:\/\/schema.org\/CreativeWork\" ><div class='avia_textblock'  itemprop=\"text\" ><p style=\"text-align: center;\"><a href=\"https:\/\/www.youtube.com\/watch?v=nCwXcq7bxdM\" target=\"_blank\" rel=\"noopener\">Reconna\u00eetre l&rsquo;Ambroisie trifide<\/a><br \/>\nObservatoire des Ambroisies<br \/>\n15\/06\/2023<\/p>\n<\/div><\/section><\/p><\/div>\n\n<style type=\"text\/css\" data-created_by=\"avia_inline_auto\" id=\"style-css-av-dqkm1n-3949b377738d24fcdb38624b5d700c4a\">\n.flex_column.av-dqkm1n-3949b377738d24fcdb38624b5d700c4a{\nborder-radius:0px 0px 0px 0px;\npadding:0px 0px 0px 0px;\n}\n<\/style>\n<div  class='flex_column av-dqkm1n-3949b377738d24fcdb38624b5d700c4a av_one_third  avia-builder-el-60  el_after_av_one_third  el_before_av_one_third  flex_column_div av-zero-column-padding  column-top-margin'     ><p>\n<style type=\"text\/css\" data-created_by=\"avia_inline_auto\" id=\"style-css-av-broj1n-d084362670a206864bc72515c32e6f38\">\n.avia-video.av-broj1n-d084362670a206864bc72515c32e6f38{\nbackground-image:url(https:\/\/www.fredonoccitanie.com\/eesh\/wp-content\/uploads\/sites\/5\/2022\/10\/reconnaitre_ambroisies-1.png);\n}\n<\/style>\n<div  class='avia-video av-broj1n-d084362670a206864bc72515c32e6f38 avia-video-16-9 av-preview-image avia-video-load-always av-lazyload-immediate av-lazyload-video-embed'  itemprop=\"video\" itemtype=\"https:\/\/schema.org\/VideoObject\"  data-original_url='https:\/\/youtu.be\/hBOYnw6OonU'><script type='text\/html' class='av-video-tmpl'><div class='avia-iframe-wrap'><iframe loading=\"lazy\" title=\"Reconna\u00eetre l&#039;Ambroisie \u00e0 feuilles d&#039;armoise\" width=\"1500\" height=\"844\" src=\"https:\/\/www.youtube.com\/embed\/hBOYnw6OonU?feature=oembed&autoplay=0&loop=0&controls=1&mute=0\" frameborder=\"0\" allow=\"accelerometer; autoplay; clipboard-write; encrypted-media; gyroscope; picture-in-picture; web-share\" allowfullscreen><\/iframe><\/div><\/script><div class='av-click-to-play-overlay'><div class=\"avia_playpause_icon\"><\/div><\/div><\/div><br \/>\n<section  class='av_textblock_section av-lien3z3u-284b39828faab6a4ef2bab3a31a0a8f2 '   itemscope=\"itemscope\" itemtype=\"https:\/\/schema.org\/CreativeWork\" ><div class='avia_textblock'  itemprop=\"text\" ><p style=\"text-align: center;\"><a href=\"https:\/\/www.youtube.com\/watch?v=hBOYnw6OonU&#038;feature=youtu.be\" target=\"_blank\" rel=\"noopener\">Reconna\u00eetre l&rsquo;Ambroisie \u00e0 feuilles d&rsquo;armoise<\/a><br \/>\nObservatoire des Ambroisies<br \/>\n19\/08\/2022<\/p>\n<\/div><\/section><\/p><\/div>\n\n<style type=\"text\/css\" data-created_by=\"avia_inline_auto\" id=\"style-css-av-1x11ez-772bbcdf682cdadcfa97df45ae6d0430\">\n.flex_column.av-1x11ez-772bbcdf682cdadcfa97df45ae6d0430{\nborder-radius:0px 0px 0px 0px;\npadding:0px 0px 0px 0px;\n}\n<\/style>\n<div  class='flex_column av-1x11ez-772bbcdf682cdadcfa97df45ae6d0430 av_one_third  avia-builder-el-63  el_after_av_one_third  el_before_av_hr  flex_column_div av-zero-column-padding  column-top-margin'     ><p>\n<style type=\"text\/css\" data-created_by=\"avia_inline_auto\" id=\"style-css-av-lna3tk35-d29932bbfd582950bc2452d03516ac40\">\n.avia-video.av-lna3tk35-d29932bbfd582950bc2452d03516ac40{\nbackground-image:url(https:\/\/www.fredonoccitanie.com\/eesh\/wp-content\/uploads\/sites\/5\/2023\/10\/2017_Ophraella_communa-1030x577.jpg);\n}\n<\/style>\n<div  class='avia-video av-lna3tk35-d29932bbfd582950bc2452d03516ac40 avia-video-16-9 av-preview-image avia-video-load-always av-lazyload-immediate av-lazyload-video-embed'  itemprop=\"video\" itemtype=\"https:\/\/schema.org\/VideoObject\"  data-original_url='https:\/\/www.youtube.com\/watch?v=w1CAe7SzHzo&t=236s'><script type='text\/html' class='av-video-tmpl'><div class='avia-iframe-wrap'><iframe loading=\"lazy\" title=\"Ophraella communa, un agent de lutte biologique possible contre l&#039;ambroisie ?\" width=\"1500\" height=\"844\" src=\"https:\/\/www.youtube.com\/embed\/w1CAe7SzHzo?start=236&feature=oembed&autoplay=0&loop=0&controls=1&mute=0\" frameborder=\"0\" allow=\"accelerometer; autoplay; clipboard-write; encrypted-media; gyroscope; picture-in-picture; web-share\" allowfullscreen><\/iframe><\/div><\/script><div class='av-click-to-play-overlay'><div class=\"avia_playpause_icon\"><\/div><\/div><\/div><br \/>\n<section  class='av_textblock_section av-lna3uyqa-ec6b4e6177bcc8f72fb631d1c41945a2 '   itemscope=\"itemscope\" itemtype=\"https:\/\/schema.org\/CreativeWork\" ><div class='avia_textblock'  itemprop=\"text\" ><p style=\"text-align: center;\"><a href=\"https:\/\/www.youtube.com\/watch?v=w1CAe7SzHzo&#038;t=236s\" target=\"_blanck\" rel=\"noopener\">Ophraella communa, un agent de lutte biologique possible contre l&rsquo;ambroisie ?<\/a><br \/>\nObservatoire des Ambroisies<br \/>\n11\/10\/2017<\/p>\n<\/div><\/section><\/p><\/div>\n\n<style type=\"text\/css\" data-created_by=\"avia_inline_auto\" id=\"style-css-av-11mhehn-410d47a6f702fe9e18cc698a6f38428a\">\n#top .hr.av-11mhehn-410d47a6f702fe9e18cc698a6f38428a{\nmargin-top:10px;\nmargin-bottom:10px;\n}\n.hr.av-11mhehn-410d47a6f702fe9e18cc698a6f38428a .hr-inner{\nwidth:500px;\nborder-color:rgba(148,162,177,0.6);\n}\n<\/style>\n<div  class='hr av-11mhehn-410d47a6f702fe9e18cc698a6f38428a hr-custom  avia-builder-el-66  el_after_av_one_third  el_before_av_one_full  hr-center hr-icon-no'><span class='hr-inner inner-border-av-border-fat'><span class=\"hr-inner-style\"><\/span><\/span><\/div>\n\n<style type=\"text\/css\" data-created_by=\"avia_inline_auto\" id=\"style-css-av-zhh6z-0b33eb621640634a999aee5f659e32bc\">\n.flex_column.av-zhh6z-0b33eb621640634a999aee5f659e32bc{\nborder-radius:0px 0px 0px 0px;\npadding:0px 0px 0px 0px;\n}\n<\/style>\n<div  class='flex_column av-zhh6z-0b33eb621640634a999aee5f659e32bc av_one_full  avia-builder-el-67  el_after_av_hr  el_before_av_one_third  first flex_column_div av-zero-column-padding  '     ><section  class='av_textblock_section av-lien1c26-e755c95f5150c4bc16cfcf1cdae6d404 '   itemscope=\"itemscope\" itemtype=\"https:\/\/schema.org\/CreativeWork\" ><div class='avia_textblock'  itemprop=\"text\" ><h4 id=\"ancreGestionRC\">Gestion &#8211; Route et Collectivit\u00e9s<\/h4>\n<\/div><\/section><\/div>\n\n<style type=\"text\/css\" data-created_by=\"avia_inline_auto\" id=\"style-css-av-84638b-4df24a8da4df692d34791e8deb962391\">\n.flex_column.av-84638b-4df24a8da4df692d34791e8deb962391{\nborder-radius:0px 0px 0px 0px;\npadding:0px 0px 0px 0px;\n}\n<\/style>\n<div  class='flex_column av-84638b-4df24a8da4df692d34791e8deb962391 av_one_third  avia-builder-el-69  el_after_av_one_full  el_before_av_one_third  first flex_column_div av-zero-column-padding  column-top-margin'     ><p>\n<style type=\"text\/css\" data-created_by=\"avia_inline_auto\" id=\"style-css-av-5y3ayj-b9a12054fdcb3e36af42fd22d50be755\">\n.avia-video.av-5y3ayj-b9a12054fdcb3e36af42fd22d50be755{\nbackground-image:url(https:\/\/www.fredonoccitanie.com\/eesh\/wp-content\/uploads\/sites\/5\/2022\/02\/gerer_ambroisie_v1-300x172.png);\n}\n<\/style>\n<div  class='avia-video av-5y3ayj-b9a12054fdcb3e36af42fd22d50be755 avia-video-16-9 av-preview-image avia-video-load-always av-lazyload-immediate av-lazyload-video-embed'  itemprop=\"video\" itemtype=\"https:\/\/schema.org\/VideoObject\"  data-original_url='https:\/\/youtu.be\/XaFXbot6cTo'><script type='text\/html' class='av-video-tmpl'><div class='avia-iframe-wrap'><iframe loading=\"lazy\" title=\"Ambroisie, une adventice \u00e0 enjeu de sant\u00e9 publique - Quels leviers pour une gestion durable ?\" width=\"1500\" height=\"844\" src=\"https:\/\/www.youtube.com\/embed\/XaFXbot6cTo?feature=oembed&autoplay=0&loop=0&controls=1&mute=0\" frameborder=\"0\" allow=\"accelerometer; autoplay; clipboard-write; encrypted-media; gyroscope; picture-in-picture; web-share\" allowfullscreen><\/iframe><\/div><\/script><div class='av-click-to-play-overlay'><div class=\"avia_playpause_icon\"><\/div><\/div><\/div><br \/>\n<section  class='av_textblock_section av-lienqtih-94739d16ebde5ca6522feb0a84c83396 '   itemscope=\"itemscope\" itemtype=\"https:\/\/schema.org\/CreativeWork\" ><div class='avia_textblock'  itemprop=\"text\" ><p style=\"text-align: center;\"><a href=\"https:\/\/www.youtube.com\/watch?v=XaFXbot6cTo\" target=\"_blanck\" rel=\"noopener\">L&rsquo;Ambroisie \u00e0 feuilles d&rsquo;armoise, une adventice \u00e0 enjeu de sant\u00e9 publique &#8211; Quels leviers pour une gestion durable ?<\/a><br \/>\nComit\u00e9 Technique D\u00e9sherbage Centre Ile-de-France<br \/>\n02\/02\/2021<\/p>\n<\/div><\/section><\/p><\/div>\n\n<style type=\"text\/css\" data-created_by=\"avia_inline_auto\" id=\"style-css-av-9f4bv-1b750da7736eae254c56295341a4ebcc\">\n.flex_column.av-9f4bv-1b750da7736eae254c56295341a4ebcc{\nborder-radius:0px 0px 0px 0px;\npadding:0px 0px 0px 0px;\n}\n<\/style>\n<div  class='flex_column av-9f4bv-1b750da7736eae254c56295341a4ebcc av_one_third  avia-builder-el-72  el_after_av_one_third  el_before_av_one_third  flex_column_div av-zero-column-padding  column-top-margin'     ><p>\n<style type=\"text\/css\" data-created_by=\"avia_inline_auto\" id=\"style-css-av-liycdl82-23f1aa1245d60366567709e2080ec135\">\n.avia-video.av-liycdl82-23f1aa1245d60366567709e2080ec135{\nbackground-image:url(https:\/\/www.fredonoccitanie.com\/eesh\/wp-content\/uploads\/sites\/5\/2023\/06\/2020_Rustica_video_ambroisie_calamite-1030x577.jpg);\n}\n<\/style>\n<div  class='avia-video av-liycdl82-23f1aa1245d60366567709e2080ec135 avia-video-16-9 av-preview-image avia-video-load-always av-lazyload-immediate av-lazyload-video-embed'  itemprop=\"video\" itemtype=\"https:\/\/schema.org\/VideoObject\"  data-original_url='https:\/\/www.youtube.com\/watch?v=G9JnCDiwXE0'><script type='text\/html' class='av-video-tmpl'><div class='avia-iframe-wrap'><iframe loading=\"lazy\" title=\"L&#039;ambroisie, une calamit\u00e9\" width=\"1500\" height=\"844\" src=\"https:\/\/www.youtube.com\/embed\/G9JnCDiwXE0?feature=oembed&autoplay=0&loop=0&controls=1&mute=0\" frameborder=\"0\" allow=\"accelerometer; autoplay; clipboard-write; encrypted-media; gyroscope; picture-in-picture; web-share\" allowfullscreen><\/iframe><\/div><\/script><div class='av-click-to-play-overlay'><div class=\"avia_playpause_icon\"><\/div><\/div><\/div><br \/>\n<section  class='av_textblock_section av-1ulszf-4bcaf2667f7bf856609c5efaa0ee46cd '   itemscope=\"itemscope\" itemtype=\"https:\/\/schema.org\/CreativeWork\" ><div class='avia_textblock'  itemprop=\"text\" ><p style=\"text-align: center;\"><a href=\"https:\/\/www.youtube.com\/watch?v=G9JnCDiwXE0\" target=\"_blanck\" rel=\"noopener\">L&rsquo;ambroisie : une calamit\u00e9 dans nos jardins et jusque dans les graines pour oiseaux<\/a><br \/>\nRustica<br \/>\n21\/10\/2020<\/p>\n<\/div><\/section><\/p><\/div>\n\n<style type=\"text\/css\" data-created_by=\"avia_inline_auto\" id=\"style-css-av-4q70iz-8e95d9fb73fb9d1fdddf20848267bc36\">\n.flex_column.av-4q70iz-8e95d9fb73fb9d1fdddf20848267bc36{\nborder-radius:0px 0px 0px 0px;\npadding:0px 0px 0px 0px;\n}\n<\/style>\n<div  class='flex_column av-4q70iz-8e95d9fb73fb9d1fdddf20848267bc36 av_one_third  avia-builder-el-75  el_after_av_one_third  el_before_av_hr  flex_column_div av-zero-column-padding  column-top-margin'     ><p>\n<style type=\"text\/css\" data-created_by=\"avia_inline_auto\" id=\"style-css-av-liycrb4v-aca8c3cb5d4d78a9586e862891510a6f\">\n.avia-video.av-liycrb4v-aca8c3cb5d4d78a9586e862891510a6f{\nbackground-image:url(https:\/\/www.fredonoccitanie.com\/eesh\/wp-content\/uploads\/sites\/5\/2023\/06\/2014_ActuEnviro_Ambroisie-1030x563.jpg);\n}\n<\/style>\n<div  class='avia-video av-liycrb4v-aca8c3cb5d4d78a9586e862891510a6f avia-video-16-9 av-preview-image avia-video-load-always av-lazyload-immediate av-lazyload-video-embed'  itemprop=\"video\" itemtype=\"https:\/\/schema.org\/VideoObject\"  data-original_url='https:\/\/www.youtube.com\/watch?v=_NgE1eiXiTA'><script type='text\/html' class='av-video-tmpl'><div class='avia-iframe-wrap'><iframe loading=\"lazy\" title=\"Ambroisie : la plante envahissante co\u00fbte cher\" width=\"1500\" height=\"844\" src=\"https:\/\/www.youtube.com\/embed\/_NgE1eiXiTA?feature=oembed&autoplay=0&loop=0&controls=1&mute=0\" frameborder=\"0\" allow=\"accelerometer; autoplay; clipboard-write; encrypted-media; gyroscope; picture-in-picture; web-share\" allowfullscreen><\/iframe><\/div><\/script><div class='av-click-to-play-overlay'><div class=\"avia_playpause_icon\"><\/div><\/div><\/div><br \/>\n<section  class='av_textblock_section av-liycehz8-857be4c52eff9b6de91eae76525af0b0 '   itemscope=\"itemscope\" itemtype=\"https:\/\/schema.org\/CreativeWork\" ><div class='avia_textblock'  itemprop=\"text\" ><p style=\"text-align: center;\"><a href=\"https:\/\/www.youtube.com\/watch?v=_NgE1eiXiTA\" target=\"_blanck\" rel=\"noopener\">Ambroisie : la plante envahissante qui co\u00fbte cher<\/a><br \/>\nVid\u00e9o sur la gestion de l&rsquo;Ambroisie \u00e0 feuille d&rsquo;armoise en bord de route et collectivit\u00e9s<br \/>\nActu-Environnement<br \/>\n17\/11\/2014<\/p>\n<\/div><\/section><\/p><\/div>\n\n<style type=\"text\/css\" data-created_by=\"avia_inline_auto\" id=\"style-css-av-109ysej-943e587bbbe4c4a30edeb0d9e8c3169d\">\n#top .hr.av-109ysej-943e587bbbe4c4a30edeb0d9e8c3169d{\nmargin-top:10px;\nmargin-bottom:10px;\n}\n.hr.av-109ysej-943e587bbbe4c4a30edeb0d9e8c3169d .hr-inner{\nwidth:500px;\nborder-color:rgba(148,162,177,0.6);\n}\n<\/style>\n<div  class='hr av-109ysej-943e587bbbe4c4a30edeb0d9e8c3169d hr-custom  avia-builder-el-78  el_after_av_one_third  el_before_av_one_full  hr-center hr-icon-no'><span class='hr-inner inner-border-av-border-fat'><span class=\"hr-inner-style\"><\/span><\/span><\/div>\n\n<style type=\"text\/css\" data-created_by=\"avia_inline_auto\" id=\"style-css-av-xqfe57-314d00fd0a5ad7c52477b1f0da43ed9e\">\n.flex_column.av-xqfe57-314d00fd0a5ad7c52477b1f0da43ed9e{\nborder-radius:0px 0px 0px 0px;\npadding:0px 0px 0px 0px;\n}\n<\/style>\n<div  class='flex_column av-xqfe57-314d00fd0a5ad7c52477b1f0da43ed9e av_one_full  avia-builder-el-79  el_after_av_hr  el_before_av_one_third  first flex_column_div av-zero-column-padding  '     ><section  class='av_textblock_section av-ll2cz969-61346f673ac8e663a68dafeaad989703 '   itemscope=\"itemscope\" itemtype=\"https:\/\/schema.org\/CreativeWork\" ><div class='avia_textblock'  itemprop=\"text\" ><h4 id=\"ancreGestionA\">Gestion &#8211; Milieu Agricole<\/h4>\n<\/div><\/section><\/div>\n\n<style type=\"text\/css\" data-created_by=\"avia_inline_auto\" id=\"style-css-av-3jdip7-f56eccc04c8a10b416f89cb2553bbea6\">\n.flex_column.av-3jdip7-f56eccc04c8a10b416f89cb2553bbea6{\nborder-radius:0px 0px 0px 0px;\npadding:0px 0px 0px 0px;\n}\n<\/style>\n<div  class='flex_column av-3jdip7-f56eccc04c8a10b416f89cb2553bbea6 av_one_third  avia-builder-el-81  el_after_av_one_full  el_before_av_one_third  first flex_column_div av-zero-column-padding  column-top-margin'     ><p>\n<style type=\"text\/css\" data-created_by=\"avia_inline_auto\" id=\"style-css-av-2du3tn-ecf7cd1520f3c97683d417841dd49668\">\n.avia-video.av-2du3tn-ecf7cd1520f3c97683d417841dd49668{\nbackground-image:url(https:\/\/www.fredonoccitanie.com\/eesh\/wp-content\/uploads\/sites\/5\/2023\/05\/TemoignagesAgris_FREDONAuRa.jpg);\n}\n<\/style>\n<div  class='avia-video av-2du3tn-ecf7cd1520f3c97683d417841dd49668 avia-video-16-9 av-preview-image avia-video-load-always av-lazyload-immediate av-lazyload-video-embed'  itemprop=\"video\" itemtype=\"https:\/\/schema.org\/VideoObject\"  data-original_url='https:\/\/www.youtube.com\/playlist?list=PLDbFwge5896gxr4jDubbqDrJvdiP4sKV5'><script type='text\/html' class='av-video-tmpl'><div class='avia-iframe-wrap'><iframe loading=\"lazy\" title=\"Et toi, comment tu g\u00e8res les ambroisies ?\" width=\"1500\" height=\"844\" src=\"https:\/\/www.youtube.com\/embed\/videoseries?list=PLDbFwge5896gxr4jDubbqDrJvdiP4sKV5&autoplay=0&loop=0&controls=1&mute=0\" frameborder=\"0\" allow=\"accelerometer; autoplay; clipboard-write; encrypted-media; gyroscope; picture-in-picture; web-share\" allowfullscreen><\/iframe><\/div><\/script><div class='av-click-to-play-overlay'><div class=\"avia_playpause_icon\"><\/div><\/div><\/div><br \/>\n<section  class='av_textblock_section av-ll6i8kom-ecc4a6004792fe180618a5a9df065acd '   itemscope=\"itemscope\" itemtype=\"https:\/\/schema.org\/CreativeWork\" ><div class='avia_textblock'  itemprop=\"text\" ><p style=\"text-align: center;\"><a href=\"https:\/\/www.youtube.com\/playlist?list=PLDbFwge5896gxr4jDubbqDrJvdiP4sKV5\" target=\"_blank\" rel=\"noopener\">Et toi, comment tu g\u00e8res les ambroisies ?<\/a><br \/>\nS\u00e9ries de petites vid\u00e9os de <strong><span style=\"color: #ca1823;\">t\u00e9moignages d&rsquo;agriculteurs et de r\u00e9f\u00e9rents<\/span><\/strong> sur la gestion des Ambroisies<br \/>\nFREDON Auvergne-Rh\u00f4ne-Alpes et partenaires<br \/>\n10\/03\/2023<\/p>\n<\/div><\/section><\/p><\/div>\n\n<style type=\"text\/css\" data-created_by=\"avia_inline_auto\" id=\"style-css-av-64rcxn-41a20c5433e26feb0cee1ec962be04ef\">\n.flex_column.av-64rcxn-41a20c5433e26feb0cee1ec962be04ef{\nborder-radius:0px 0px 0px 0px;\npadding:0px 0px 0px 0px;\n}\n<\/style>\n<div  class='flex_column av-64rcxn-41a20c5433e26feb0cee1ec962be04ef av_one_third  avia-builder-el-84  el_after_av_one_third  el_before_av_one_third  flex_column_div av-zero-column-padding  column-top-margin'     ><p>\n<style type=\"text\/css\" data-created_by=\"avia_inline_auto\" id=\"style-css-av-liycu19s-0ddcd35dbcf92e78ba4ab62805b950b6\">\n.avia-video.av-liycu19s-0ddcd35dbcf92e78ba4ab62805b950b6{\nbackground-image:url(https:\/\/www.fredonoccitanie.com\/eesh\/wp-content\/uploads\/sites\/5\/2023\/08\/2022_FredonNA_NettoyageMatAgri-1-1030x582.jpg);\n}\n<\/style>\n<div  class='avia-video av-liycu19s-0ddcd35dbcf92e78ba4ab62805b950b6 avia-video-16-9 av-preview-image avia-video-load-always av-lazyload-immediate av-lazyload-video-embed'  itemprop=\"video\" itemtype=\"https:\/\/schema.org\/VideoObject\"  data-original_url='https:\/\/www.youtube.com\/watch?v=elVR1cJEGIg'><script type='text\/html' class='av-video-tmpl'><div class='avia-iframe-wrap'><iframe loading=\"lazy\" title=\"Importance du nettoyage du mat\u00e9riel de r\u00e9colte : t\u00e9moignage et conseils pratiques\" width=\"1500\" height=\"844\" src=\"https:\/\/www.youtube.com\/embed\/elVR1cJEGIg?feature=oembed&autoplay=0&loop=0&controls=1&mute=0\" frameborder=\"0\" allow=\"accelerometer; autoplay; clipboard-write; encrypted-media; gyroscope; picture-in-picture; web-share\" allowfullscreen><\/iframe><\/div><\/script><div class='av-click-to-play-overlay'><div class=\"avia_playpause_icon\"><\/div><\/div><\/div><br \/>\n<section  class='av_textblock_section av-liycvucy-5827c3e4b0b1466244bd186059835b63 '   itemscope=\"itemscope\" itemtype=\"https:\/\/schema.org\/CreativeWork\" ><div class='avia_textblock'  itemprop=\"text\" ><p style=\"text-align: center;\"><a href=\"https:\/\/www.youtube.com\/watch?v=elVR1cJEGIg\" target=\"_blank\" rel=\"noopener\">Importance du nettoyage du mat\u00e9riel de r\u00e9colte : t\u00e9moignage et conseils pratiques<\/a><br \/>\nFREDON Nouvelle-Aquitaine et partenaires<br \/>\n10\/05\/2022<\/p>\n<\/div><\/section><\/p><\/div>\n\n<style type=\"text\/css\" data-created_by=\"avia_inline_auto\" id=\"style-css-av-2lpvvf-9d6ae1790979219b6efa4bb6e5c11751\">\n.flex_column.av-2lpvvf-9d6ae1790979219b6efa4bb6e5c11751{\nborder-radius:0px 0px 0px 0px;\npadding:0px 0px 0px 0px;\n}\n<\/style>\n<div  class='flex_column av-2lpvvf-9d6ae1790979219b6efa4bb6e5c11751 av_one_third  avia-builder-el-87  el_after_av_one_third  el_before_av_one_third  flex_column_div av-zero-column-padding  column-top-margin'     ><p>\n<style type=\"text\/css\" data-created_by=\"avia_inline_auto\" id=\"style-css-av-lo2xzhoy-9e80aa328a7f779b3d4ee9faafe79ca8\">\n.avia-video.av-lo2xzhoy-9e80aa328a7f779b3d4ee9faafe79ca8{\nbackground-image:url(https:\/\/www.fredonoccitanie.com\/eesh\/wp-content\/uploads\/sites\/5\/2023\/10\/2022_CA-NA_temoignagesAgris-1030x569.jpg);\n}\n<\/style>\n<div  class='avia-video av-lo2xzhoy-9e80aa328a7f779b3d4ee9faafe79ca8 avia-video-16-9 av-preview-image avia-video-load-always av-lazyload-immediate av-lazyload-video-embed'  itemprop=\"video\" itemtype=\"https:\/\/schema.org\/VideoObject\"  data-original_url='https:\/\/www.youtube.com\/watch?v=gQHPV_w563U'><script type='text\/html' class='av-video-tmpl'><div class='avia-iframe-wrap'><iframe loading=\"lazy\" title=\"Actions en milieu agricole : t\u00e9moignages d&#039;agriculteurs\" width=\"1500\" height=\"844\" src=\"https:\/\/www.youtube.com\/embed\/gQHPV_w563U?feature=oembed&autoplay=0&loop=0&controls=1&mute=0\" frameborder=\"0\" allow=\"accelerometer; autoplay; clipboard-write; encrypted-media; gyroscope; picture-in-picture; web-share\" allowfullscreen><\/iframe><\/div><\/script><div class='av-click-to-play-overlay'><div class=\"avia_playpause_icon\"><\/div><\/div><\/div><br \/>\n<section  class='av_textblock_section av-lo2xwxfd-e6b02d76be7c051d40677103a2952fc4 '   itemscope=\"itemscope\" itemtype=\"https:\/\/schema.org\/CreativeWork\" ><div class='avia_textblock'  itemprop=\"text\" ><p style=\"text-align: center;\"><a href=\"https:\/\/www.youtube.com\/watch?v=gQHPV_w563U\" target=\"_blank\" rel=\"noopener\">Actions en milieu agricole : t\u00e9moignages d&rsquo;agriculteurs<\/a><br \/>\nChambre d&rsquo;Agriculture Nouvelle-Aquitaine<br \/>\n09\/05\/2022<\/p>\n<\/div><\/section><\/p><\/div>\n\n<style type=\"text\/css\" data-created_by=\"avia_inline_auto\" id=\"style-css-av-v7ssfv-f4407abc361ef8441d548e447ef09c15\">\n.flex_column.av-v7ssfv-f4407abc361ef8441d548e447ef09c15{\nborder-radius:0px 0px 0px 0px;\npadding:0px 0px 0px 0px;\n}\n<\/style>\n<div  class='flex_column av-v7ssfv-f4407abc361ef8441d548e447ef09c15 av_one_third  avia-builder-el-90  el_after_av_one_third  el_before_av_one_third  first flex_column_div av-zero-column-padding  column-top-margin'     ><p>\n<style type=\"text\/css\" data-created_by=\"avia_inline_auto\" id=\"style-css-av-skiksb-4bc7e759ae271f6d175540ec5e0e8d4b\">\n.avia-video.av-skiksb-4bc7e759ae271f6d175540ec5e0e8d4b{\nbackground-image:url(https:\/\/www.fredonoccitanie.com\/eesh\/wp-content\/uploads\/sites\/5\/2023\/06\/2021_TerresInovia_jeudiTI-1030x577.jpg);\n}\n<\/style>\n<div  class='avia-video av-skiksb-4bc7e759ae271f6d175540ec5e0e8d4b avia-video-16-9 av-preview-image avia-video-load-always av-lazyload-immediate av-lazyload-video-embed'  itemprop=\"video\" itemtype=\"https:\/\/schema.org\/VideoObject\"  data-original_url='https:\/\/www.youtube.com\/watch?v=ef6NqROjurc'><script type='text\/html' class='av-video-tmpl'><div class='avia-iframe-wrap'><iframe loading=\"lazy\" title=\"Jeudis de TI : Gestion de l&#039;ambroisie dans les cultures de printemps\" width=\"1500\" height=\"844\" src=\"https:\/\/www.youtube.com\/embed\/ef6NqROjurc?feature=oembed&autoplay=0&loop=0&controls=1&mute=0\" frameborder=\"0\" allow=\"accelerometer; autoplay; clipboard-write; encrypted-media; gyroscope; picture-in-picture; web-share\" allowfullscreen><\/iframe><\/div><\/script><div class='av-click-to-play-overlay'><div class=\"avia_playpause_icon\"><\/div><\/div><\/div><br \/>\n<section  class='av_textblock_section av-ll2d7i80-da1186f9a8fc9e608a7c5aab76ad226c '   itemscope=\"itemscope\" itemtype=\"https:\/\/schema.org\/CreativeWork\" ><div class='avia_textblock'  itemprop=\"text\" ><p style=\"text-align: center;\"><a href=\"https:\/\/www.youtube.com\/watch?v=ef6NqROjurc\" target=\"_blanck\" rel=\"noopener\">Les Jeudis de TI : Gestion de l&rsquo;Ambroisie dans les cultures de printemps<\/a><br \/>\nTerres Inovia<br \/>\n18\/06\/2020<\/p>\n<\/div><\/section><\/p><\/div>\n\n<style type=\"text\/css\" data-created_by=\"avia_inline_auto\" id=\"style-css-av-3ny4mj-aea5acb334de7a3214a59a31a6804dcc\">\n.flex_column.av-3ny4mj-aea5acb334de7a3214a59a31a6804dcc{\nborder-radius:0px 0px 0px 0px;\npadding:0px 0px 0px 0px;\n}\n<\/style>\n<div  class='flex_column av-3ny4mj-aea5acb334de7a3214a59a31a6804dcc av_one_third  avia-builder-el-93  el_after_av_one_third  el_before_av_one_third  flex_column_div av-zero-column-padding  column-top-margin'     ><p>\n<style type=\"text\/css\" data-created_by=\"avia_inline_auto\" id=\"style-css-av-liycg65f-b576fca5f5e84a6b58c3f23521624c56\">\n.avia-video.av-liycg65f-b576fca5f5e84a6b58c3f23521624c56{\nbackground-image:url(https:\/\/www.fredonoccitanie.com\/eesh\/wp-content\/uploads\/sites\/5\/2023\/06\/2019_france3Occ_Agri-1030x577.jpg);\n}\n<\/style>\n<div  class='avia-video av-liycg65f-b576fca5f5e84a6b58c3f23521624c56 avia-video-16-9 av-preview-image avia-video-load-always av-lazyload-immediate av-lazyload-video-embed'  itemprop=\"video\" itemtype=\"https:\/\/schema.org\/VideoObject\"  data-original_url='https:\/\/www.youtube.com\/watch?v=2rfFpOSKWks'><script type='text\/html' class='av-video-tmpl'><div class='avia-iframe-wrap'><iframe loading=\"lazy\" title=\"Ambroisie : la hantise des agriculteurs\" width=\"1500\" height=\"844\" src=\"https:\/\/www.youtube.com\/embed\/2rfFpOSKWks?feature=oembed&autoplay=0&loop=0&controls=1&mute=0\" frameborder=\"0\" allow=\"accelerometer; autoplay; clipboard-write; encrypted-media; gyroscope; picture-in-picture; web-share\" allowfullscreen><\/iframe><\/div><\/script><div class='av-click-to-play-overlay'><div class=\"avia_playpause_icon\"><\/div><\/div><\/div><br \/>\n<section  class='av_textblock_section av-liycgy2h-9b9b32b6a908f05a7691b7fe3e054252 '   itemscope=\"itemscope\" itemtype=\"https:\/\/schema.org\/CreativeWork\" ><div class='avia_textblock'  itemprop=\"text\" ><p style=\"text-align: center;\"><a href=\"https:\/\/www.youtube.com\/watch?v=2rfFpOSKWks\" target=\"_blanck\" rel=\"noopener\">Ambroisie : la hantise des agriculteurs<\/a><br \/>\nFrance 3 Occitanie<br \/>\n04\/09\/2018<\/p>\n<\/div><\/section><\/p><\/div>\n\n<style type=\"text\/css\" data-created_by=\"avia_inline_auto\" id=\"style-css-av-4dwubf-c3c5c9ae540afdf29b279a23c2e79358\">\n.flex_column.av-4dwubf-c3c5c9ae540afdf29b279a23c2e79358{\nborder-radius:0px 0px 0px 0px;\npadding:0px 0px 0px 0px;\n}\n<\/style>\n<div  class='flex_column av-4dwubf-c3c5c9ae540afdf29b279a23c2e79358 av_one_third  avia-builder-el-96  el_after_av_one_third  el_before_av_hr  flex_column_div av-zero-column-padding  column-top-margin'     ><p>\n<style type=\"text\/css\" data-created_by=\"avia_inline_auto\" id=\"style-css-av-1w48uz-4e34a32342dbec94c82943a552a6530a\">\n.avia-video.av-1w48uz-4e34a32342dbec94c82943a552a6530a{\nbackground-image:url(https:\/\/www.fredonoccitanie.com\/eesh\/wp-content\/uploads\/sites\/5\/2022\/02\/lutte_ambroisie_v2-300x171.png);\n}\n<\/style>\n<div  class='avia-video av-1w48uz-4e34a32342dbec94c82943a552a6530a avia-video-16-9 av-preview-image avia-video-load-always av-lazyload-immediate av-lazyload-video-embed'  itemprop=\"video\" itemtype=\"https:\/\/schema.org\/VideoObject\"  data-original_url='https:\/\/youtu.be\/M9dSkxJgZ1E'><script type='text\/html' class='av-video-tmpl'><div class='avia-iframe-wrap'><iframe loading=\"lazy\" title=\"Comment lutter contre l\u2019ambroisie dans les ma\u00efs ? - ARVALIS-infos.fr\" width=\"1500\" height=\"844\" src=\"https:\/\/www.youtube.com\/embed\/M9dSkxJgZ1E?feature=oembed&autoplay=0&loop=0&controls=1&mute=0\" frameborder=\"0\" allow=\"accelerometer; autoplay; clipboard-write; encrypted-media; gyroscope; picture-in-picture; web-share\" allowfullscreen><\/iframe><\/div><\/script><div class='av-click-to-play-overlay'><div class=\"avia_playpause_icon\"><\/div><\/div><\/div><br \/>\n<section  class='av_textblock_section av-lientu1z-6197683233eed4d289aab65e0c06245e '   itemscope=\"itemscope\" itemtype=\"https:\/\/schema.org\/CreativeWork\" ><div class='avia_textblock'  itemprop=\"text\" ><p style=\"text-align: center;\"><a href=\"https:\/\/www.youtube.com\/watch?v=M9dSkxJgZ1E&#038;feature=youtu.be\" target=\"_blanck\" rel=\"noopener\">Comment lutter contre l&rsquo;Ambroisie \u00e0 feuilles d&rsquo;armoise dans les ma\u00efs ?<\/a><br \/>\nARVALIS Occitanie<br \/>\n16\/10\/2018<\/p>\n<\/div><\/section><\/p><\/div>\n\n<style type=\"text\/css\" data-created_by=\"avia_inline_auto\" id=\"style-css-av-4k46fv-a34e5ff079eb6c17a9d61c47354059ab\">\n#top .hr.av-4k46fv-a34e5ff079eb6c17a9d61c47354059ab{\nmargin-top:10px;\nmargin-bottom:10px;\n}\n.hr.av-4k46fv-a34e5ff079eb6c17a9d61c47354059ab .hr-inner{\nwidth:500px;\nborder-color:rgba(148,162,177,0.6);\n}\n<\/style>\n<div  class='hr av-4k46fv-a34e5ff079eb6c17a9d61c47354059ab hr-custom  avia-builder-el-99  el_after_av_one_third  el_before_av_one_full  hr-center hr-icon-no'><span class='hr-inner inner-border-av-border-fat'><span class=\"hr-inner-style\"><\/span><\/span><\/div>\n\n<style type=\"text\/css\" data-created_by=\"avia_inline_auto\" id=\"style-css-av-20jhvv-a9d2f785ed9a391f7614cfdd24deda06\">\n.flex_column.av-20jhvv-a9d2f785ed9a391f7614cfdd24deda06{\nborder-radius:0px 0px 0px 0px;\npadding:0px 0px 0px 0px;\n}\n<\/style>\n<div  class='flex_column av-20jhvv-a9d2f785ed9a391f7614cfdd24deda06 av_one_full  avia-builder-el-100  el_after_av_hr  el_before_av_one_third  first flex_column_div av-zero-column-padding  '     ><section  class='av_textblock_section av-ll3q6ed6-12d634d8bb09f15b88a8a32885d2cd25 '   itemscope=\"itemscope\" itemtype=\"https:\/\/schema.org\/CreativeWork\" ><div class='avia_textblock'  itemprop=\"text\" ><h4 id=\"ancreActions\">Actions de sensibilisation<\/h4>\n<\/div><\/section><\/div>\n\n<style type=\"text\/css\" data-created_by=\"avia_inline_auto\" id=\"style-css-av-6biud7-f045b5e1c88cb2779cb4a41ae1513231\">\n.flex_column.av-6biud7-f045b5e1c88cb2779cb4a41ae1513231{\nborder-radius:0px 0px 0px 0px;\npadding:0px 0px 0px 0px;\n}\n<\/style>\n<div  class='flex_column av-6biud7-f045b5e1c88cb2779cb4a41ae1513231 av_one_third  avia-builder-el-102  el_after_av_one_full  el_before_av_one_third  first flex_column_div av-zero-column-padding  column-top-margin'     ><p>\n<style type=\"text\/css\" data-created_by=\"avia_inline_auto\" id=\"style-css-av-ln8kxfth-980e52e169a45c9f0dd9bf962565d0c1\">\n.avia-video.av-ln8kxfth-980e52e169a45c9f0dd9bf962565d0c1{\nbackground-image:url(https:\/\/www.fredonoccitanie.com\/eesh\/wp-content\/uploads\/sites\/5\/2023\/09\/ambroisie_fr3-1030x577.png);\n}\n<\/style>\n<div  class='avia-video av-ln8kxfth-980e52e169a45c9f0dd9bf962565d0c1 avia-video-16-9 av-preview-image avia-video-load-always av-lazyload-immediate av-lazyload-video-embed'  itemprop=\"video\" itemtype=\"https:\/\/schema.org\/VideoObject\"  data-original_url='https:\/\/www.france.tv\/france-3\/occitanie\/ici-19-20-pays-gardois\/5268495-emission-du-jeudi-14-septembre-2023.html'><script type='text\/html' class='av-video-tmpl'><a href=\"https:\/\/www.france.tv\/france-3\/occitanie\/ici-19-20-pays-gardois\/5268495-emission-du-jeudi-14-septembre-2023.html\">https:\/\/www.france.tv\/france-3\/occitanie\/ici-19-20-pays-gardois\/5268495-emission-du-jeudi-14-septembre-2023.html<\/a><\/script><div class='av-click-to-play-overlay'><div class=\"avia_playpause_icon\"><\/div><\/div><\/div><br \/>\n<section  class='av_textblock_section av-ln8kzdhe-741d49b58b78d5f5f778eaa79a68ce05 '   itemscope=\"itemscope\" itemtype=\"https:\/\/schema.org\/CreativeWork\" ><div class='avia_textblock'  itemprop=\"text\" ><p style=\"text-align: center;\"><a href=\"https:\/\/www.france.tv\/france-3\/occitanie\/ici-19-20-pays-gardois\/5268495-emission-du-jeudi-14-septembre-2023.html\" target=\"_blank\" rel=\"noopener\">Une nouvelle ambroisie \u00e9troitement surveill\u00e9e dans le Gars (30) [4min45 &#8211; 7min]<\/a><br \/>\nFREDON Occitanie et partenaires, r\u00e9alis\u00e9 par France TV<br \/>\n14\/09\/2023<\/p>\n<\/div><\/section><\/p><\/div>\n\n<style type=\"text\/css\" data-created_by=\"avia_inline_auto\" id=\"style-css-av-wnt7uj-3e742202a232ff26b09fbc0340edecaa\">\n.flex_column.av-wnt7uj-3e742202a232ff26b09fbc0340edecaa{\nborder-radius:0px 0px 0px 0px;\npadding:0px 0px 0px 0px;\n}\n<\/style>\n<div  class='flex_column av-wnt7uj-3e742202a232ff26b09fbc0340edecaa av_one_third  avia-builder-el-105  el_after_av_one_third  el_before_av_hr  flex_column_div av-zero-column-padding  column-top-margin'     ><p>\n<style type=\"text\/css\" data-created_by=\"avia_inline_auto\" id=\"style-css-av-ll2d9r0x-d5292889022e87ece6d4bd1096a12ebc\">\n.avia-video.av-ll2d9r0x-d5292889022e87ece6d4bd1096a12ebc{\nbackground-image:url(https:\/\/www.fredonoccitanie.com\/eesh\/wp-content\/uploads\/sites\/5\/2023\/08\/2023_08_04_Arrachage_Montbrun-1030x579.jpg);\n}\n<\/style>\n<div  class='avia-video av-ll2d9r0x-d5292889022e87ece6d4bd1096a12ebc avia-video-16-9 av-preview-image avia-video-load-always av-lazyload-immediate av-lazyload-video-embed'  itemprop=\"video\" itemtype=\"https:\/\/schema.org\/VideoObject\"  data-original_url='https:\/\/www.youtube.com\/watch?v=eIwRjXnPCCg'><script type='text\/html' class='av-video-tmpl'><div class='avia-iframe-wrap'><iframe loading=\"lazy\" title=\"Arrachage de l&#039;ambroisie \u00e0 Montbrun\" width=\"1500\" height=\"844\" src=\"https:\/\/www.youtube.com\/embed\/eIwRjXnPCCg?feature=oembed&autoplay=0&loop=0&controls=1&mute=0\" frameborder=\"0\" allow=\"accelerometer; autoplay; clipboard-write; encrypted-media; gyroscope; picture-in-picture; web-share\" allowfullscreen><\/iframe><\/div><\/script><div class='av-click-to-play-overlay'><div class=\"avia_playpause_icon\"><\/div><\/div><\/div><br \/>\n<section  class='av_textblock_section av-ll2dbcad-a1ed5e7a6adcbc5e00163909d9bc85c1 '   itemscope=\"itemscope\" itemtype=\"https:\/\/schema.org\/CreativeWork\" ><div class='avia_textblock'  itemprop=\"text\" ><p style=\"text-align: center;\"><a href=\"https:\/\/www.youtube.com\/watch?v=eIwRjXnPCCg\" target=\"_blank\" rel=\"noopener\">Chantier d&rsquo;arrachage \u00e0 Montbrun (48)<\/a><br \/>\nFREDON Occitanie et partenaires, r\u00e9alis\u00e9 par T\u00e9l\u00e9draille<br \/>\n04\/08\/2023<\/p>\n<\/div><\/section><\/p><\/div>\n\n<style type=\"text\/css\" data-created_by=\"avia_inline_auto\" id=\"style-css-av-rrb1uj-5db919e98bd832e44bb87b9b05d01ff3\">\n#top .hr.av-rrb1uj-5db919e98bd832e44bb87b9b05d01ff3{\nmargin-top:30px;\nmargin-bottom:30px;\n}\n.hr.av-rrb1uj-5db919e98bd832e44bb87b9b05d01ff3 .hr-inner{\nwidth:800px;\nborder-color:#0c4e67;\n}\n<\/style>\n<div  class='hr av-rrb1uj-5db919e98bd832e44bb87b9b05d01ff3 hr-custom  avia-builder-el-108  el_after_av_one_third  el_before_av_one_full  hr-center hr-icon-no'><span class='hr-inner inner-border-av-border-fat'><span class=\"hr-inner-style\"><\/span><\/span><\/div>\n\n<style type=\"text\/css\" data-created_by=\"avia_inline_auto\" id=\"style-css-av-497y2j-b98fd5db2beba0172acea4939e2437b1\">\n.flex_column.av-497y2j-b98fd5db2beba0172acea4939e2437b1{\nborder-radius:0px 0px 0px 0px;\npadding:0px 0px 0px 0px;\n}\n<\/style>\n<div  class='flex_column av-497y2j-b98fd5db2beba0172acea4939e2437b1 av_one_full  avia-builder-el-109  el_after_av_hr  el_before_av_hr  first flex_column_div av-zero-column-padding  '     ><section  class='av_textblock_section av-3a0ssb-c2da391dc34083ff826016664f8ae6e5 '   itemscope=\"itemscope\" itemtype=\"https:\/\/schema.org\/CreativeWork\" ><div class='avia_textblock'  itemprop=\"text\" ><h2 id=\"ancrepodcast\" style=\"text-align: center;\">Podcast<\/h2>\n<p style=\"text-align: center;\">Des outils faciles \u00e0 partager et \u00e0 faire \u00e9couter au plus grand nombre. N&rsquo;h\u00e9sitez pas \u00e0 partager !<\/p>\n<\/div><\/section><\/div>\n\n<style type=\"text\/css\" data-created_by=\"avia_inline_auto\" id=\"style-css-av-q93qxn-ee5536ece2bcc849870d34b24fcad6ff\">\n#top .hr.av-q93qxn-ee5536ece2bcc849870d34b24fcad6ff{\nmargin-top:10px;\nmargin-bottom:10px;\n}\n.hr.av-q93qxn-ee5536ece2bcc849870d34b24fcad6ff .hr-inner{\nwidth:500px;\nborder-color:rgba(148,162,177,0.6);\n}\n<\/style>\n<div  class='hr av-q93qxn-ee5536ece2bcc849870d34b24fcad6ff hr-custom  avia-builder-el-111  el_after_av_one_full  el_before_av_one_full  hr-center hr-icon-no'><span class='hr-inner inner-border-av-border-fat'><span class=\"hr-inner-style\"><\/span><\/span><\/div>\n\n<style type=\"text\/css\" data-created_by=\"avia_inline_auto\" id=\"style-css-av-8movuz-59ace5932a8e2cebdeca52cc2cd1c0a9\">\n.flex_column.av-8movuz-59ace5932a8e2cebdeca52cc2cd1c0a9{\nborder-radius:0px 0px 0px 0px;\npadding:0px 0px 0px 0px;\n}\n<\/style>\n<div  class='flex_column av-8movuz-59ace5932a8e2cebdeca52cc2cd1c0a9 av_one_full  avia-builder-el-112  el_after_av_hr  el_before_av_hr  first flex_column_div av-zero-column-padding  '     ><section  class='av_textblock_section av-liyc7j7k-7675bdeb09e380a5550cf2917e58eb4d '   itemscope=\"itemscope\" itemtype=\"https:\/\/schema.org\/CreativeWork\" ><div class='avia_textblock'  itemprop=\"text\" ><h6 style=\"text-align: center;\"><strong>Podcast de l&rsquo;Observatoire des Ambroisies (FREDON France) &#8211; Ambroisies : les vilaines cousines du Tournesol<\/strong><\/h6>\n<p>Dans ce podcast, retrouvez <strong>pleins d\u2019informations sur les Ambroisies et l\u2019interview de Marilou MOTTET<\/strong>, coordinatrice de l\u2019Observatoire des Ambroisies au sein de FREDON France.<\/p>\n<p><a class=\"aligncenter\" href=\"https:\/\/fredon.fr\/publications\/podcast-fredonnons-la-nature\" target=\"_blank\" rel=\"noopener\"><img loading=\"lazy\" decoding=\"async\" class=\"aligncenter wp-image-2159 size-full\" src=\"https:\/\/www.fredonoccitanie.com\/ambroisies\/wp-content\/uploads\/sites\/5\/2023\/06\/2023_podcast_Ambroisies.jpg\" sizes=\"auto, (max-width: 677px) 100vw, 677px\" srcset=\"https:\/\/www.fredonoccitanie.com\/ambroisies\/wp-content\/uploads\/sites\/5\/2023\/06\/2023_podcast_Ambroisies.jpg 677w, https:\/\/www.fredonoccitanie.com\/ambroisies\/wp-content\/uploads\/sites\/5\/2023\/06\/2023_podcast_Ambroisies-300x87.jpg 300w\" alt=\"\" width=\"677\" height=\"197\" \/><\/a><\/p>\n<p>Ce podcast est \u00e0 retrouver sur l\u2019ensemble des plateformes d\u2019\u00e9coute : <a href=\"https:\/\/podcasts.apple.com\/us\/podcast\/fredonnons-la-nature\/id1662822739\" target=\"_blanck\" rel=\"noopener\">Apple Podcast<\/a>, <a href=\"https:\/\/podcasts.google.com\/feed\/aHR0cHM6Ly9hdWRpb2Jsb2cuYXJ0ZXJhZGlvLmNvbS9ibG9nLzE5Mzk3MS9yc3M?sa=X&#038;ved=0CAIQ9sEGahcKEwio36rT3_P7AhUAAAAAHQAAAAAQDQ\" target=\"_blanck\" rel=\"noopener\">Google Podcast<\/a>, <a href=\"https:\/\/music.amazon.fr\/podcasts\/08c39282-ea94-4fe5-b0a6-a98f3377012f\/fredonnons-la-nature\" target=\"_blanck\" rel=\"noopener\">Amazon music<\/a>, <a href=\"https:\/\/open.spotify.com\/show\/1rx5p1IW9YUeFofmvhCv25\" target=\"_blanck\" rel=\"noopener\">Spotify<\/a>, <a href=\"https:\/\/www.deezer.com\/fr\/show\/5417607\" target=\"_blanck\" rel=\"noopener\">Deezer<\/a> et <a href=\"https:\/\/audioblog.arteradio.com\/blog\/193971\/fredonnons-la-nature#\" target=\"_blanck\" rel=\"noopener\">Arte Radio<\/a>. Vous pouvez \u00e9galement suivre l\u2019actualit\u00e9 du podcast sur Twitter : <a href=\"https:\/\/twitter.com\/podcast_FREDON\" target=\"_blanck\" rel=\"noopener\">@podcast_FREDON<\/a>.<\/p>\n<\/div><\/section><\/div>\n\n<style type=\"text\/css\" data-created_by=\"avia_inline_auto\" id=\"style-css-av-4vm9uj-c417f37666da6fd22c9999cc058504b6\">\n#top .hr.av-4vm9uj-c417f37666da6fd22c9999cc058504b6{\nmargin-top:10px;\nmargin-bottom:10px;\n}\n.hr.av-4vm9uj-c417f37666da6fd22c9999cc058504b6 .hr-inner{\nwidth:500px;\nborder-color:rgba(148,162,177,0.6);\n}\n<\/style>\n<div  class='hr av-4vm9uj-c417f37666da6fd22c9999cc058504b6 hr-custom  avia-builder-el-114  el_after_av_one_full  el_before_av_one_full  hr-center hr-icon-no'><span class='hr-inner inner-border-av-border-fat'><span class=\"hr-inner-style\"><\/span><\/span><\/div>\n\n<style type=\"text\/css\" data-created_by=\"avia_inline_auto\" id=\"style-css-av-38y06j-f8a971ba0aaaa0b418362e5d02ab03a8\">\n.flex_column.av-38y06j-f8a971ba0aaaa0b418362e5d02ab03a8{\nborder-radius:0px 0px 0px 0px;\npadding:0px 0px 0px 0px;\n}\n<\/style>\n<div  class='flex_column av-38y06j-f8a971ba0aaaa0b418362e5d02ab03a8 av_one_full  avia-builder-el-115  el_after_av_hr  el_before_av_hr  first flex_column_div av-zero-column-padding  '     ><section  class='av_textblock_section av-ln8l6wy8-be228798d1c90a2fdf120ae1f8d81c29 '   itemscope=\"itemscope\" itemtype=\"https:\/\/schema.org\/CreativeWork\" ><div class='avia_textblock'  itemprop=\"text\" ><h6 style=\"text-align: center;\">Podcast de France Inter &#8211; l&rsquo;Ambroisie, un poison pour la sant\u00e9 et les champs<\/h6>\n<p>Retrouvez un reportage sur l&rsquo;Ambroisie r\u00e9alis\u00e9 par <strong>France Inter<\/strong> dans l&rsquo;Allier (03) : description des difficult\u00e9s rencontr\u00e9es par les collectivit\u00e9s, les agriculteurs, &#8230;etc. avec les cons\u00e9quences \u00e9conomiques et de sant\u00e9 publique.<\/p>\n<p><a href=\"https:\/\/www.radiofrance.fr\/franceinter\/podcasts\/le-zoom-de-la-redaction\/le-zoom-de-la-redaction-du-jeudi-31-aout-2023-3757912\" target=\"_blank\" rel=\"noopener\"><img loading=\"lazy\" decoding=\"async\" class=\"aligncenter wp-image-2843\" src=\"https:\/\/www.fredonoccitanie.com\/ambroisies\/wp-content\/uploads\/sites\/5\/2023\/10\/2023_podcast_franceinter-1030x348.jpg\" alt=\"\" width=\"783\" height=\"264\" srcset=\"https:\/\/www.fredonoccitanie.com\/eesh\/wp-content\/uploads\/sites\/5\/2023\/10\/2023_podcast_franceinter-1030x348.jpg 1030w, https:\/\/www.fredonoccitanie.com\/eesh\/wp-content\/uploads\/sites\/5\/2023\/10\/2023_podcast_franceinter-300x101.jpg 300w, https:\/\/www.fredonoccitanie.com\/eesh\/wp-content\/uploads\/sites\/5\/2023\/10\/2023_podcast_franceinter-768x259.jpg 768w, https:\/\/www.fredonoccitanie.com\/eesh\/wp-content\/uploads\/sites\/5\/2023\/10\/2023_podcast_franceinter-705x238.jpg 705w, https:\/\/www.fredonoccitanie.com\/eesh\/wp-content\/uploads\/sites\/5\/2023\/10\/2023_podcast_franceinter.jpg 1430w\" sizes=\"auto, (max-width: 783px) 100vw, 783px\" \/><\/a><\/p>\n<\/div><\/section><\/div>\n\n<style type=\"text\/css\" data-created_by=\"avia_inline_auto\" id=\"style-css-av-krkza3-c24ff1b262c1cb2cc49ae12b4cdbea7e\">\n#top .hr.av-krkza3-c24ff1b262c1cb2cc49ae12b4cdbea7e{\nmargin-top:30px;\nmargin-bottom:30px;\n}\n.hr.av-krkza3-c24ff1b262c1cb2cc49ae12b4cdbea7e .hr-inner{\nwidth:800px;\nborder-color:#0c4e67;\n}\n<\/style>\n<div  class='hr av-krkza3-c24ff1b262c1cb2cc49ae12b4cdbea7e hr-custom  avia-builder-el-117  el_after_av_one_full  el_before_av_one_full  hr-center hr-icon-no'><span class='hr-inner inner-border-av-border-fat'><span class=\"hr-inner-style\"><\/span><\/span><\/div>\n\n<style type=\"text\/css\" data-created_by=\"avia_inline_auto\" id=\"style-css-av-iw4s5n-23e25ee530ff778a2a0cd18ca8b7e32a\">\n.flex_column.av-iw4s5n-23e25ee530ff778a2a0cd18ca8b7e32a{\nborder-radius:0px 0px 0px 0px;\npadding:0px 0px 0px 0px;\n}\n<\/style>\n<div  class='flex_column av-iw4s5n-23e25ee530ff778a2a0cd18ca8b7e32a av_one_full  avia-builder-el-118  el_after_av_hr  el_before_av_hr  first flex_column_div av-zero-column-padding  '     ><section  class='av_textblock_section av-ll25tfin-cb9276465b319292794debcfebee6535 '   itemscope=\"itemscope\" itemtype=\"https:\/\/schema.org\/CreativeWork\" ><div class='avia_textblock'  itemprop=\"text\" ><h2 id=\"ancrepresse\" style=\"text-align: center;\">Articles de presse<\/h2>\n<p style=\"text-align: center;\">Nous vous partageons des articles de presse qui <strong>relatent des \u00e9v\u00e9nements en Occitanie ou en France<\/strong>, des <strong>informations sur la gestion<\/strong> des Ambroisies (diff\u00e9rents milieux) ou des <strong>articles scientifiques<\/strong>.<br \/>\nRangement du plus r\u00e9cent au plus ancien.<br \/>\nN&rsquo;h\u00e9sitez pas \u00e0 <a href=\"https:\/\/www.fredonoccitanie.com\/nous-contacter\/\" target=\"_blank\" rel=\"noopener\">nous contacter<\/a> pour <strong>nous partager des articles de presse<\/strong> relatifs aux ambroisies ou aux esp\u00e8ces exotiques envahissantes.<\/p>\n<\/div><\/section><\/div>\n\n<style type=\"text\/css\" data-created_by=\"avia_inline_auto\" id=\"style-css-av-ll2b88wn-75fdf162d4697057317c4f58acef168c\">\n#top .hr.av-ll2b88wn-75fdf162d4697057317c4f58acef168c{\nmargin-top:10px;\nmargin-bottom:10px;\n}\n.hr.av-ll2b88wn-75fdf162d4697057317c4f58acef168c .hr-inner{\nwidth:500px;\nborder-color:rgba(148,162,177,0.6);\n}\n<\/style>\n<div  class='hr av-ll2b88wn-75fdf162d4697057317c4f58acef168c hr-custom  avia-builder-el-120  el_after_av_one_full  el_before_av_one_full  hr-center hr-icon-no'><span class='hr-inner inner-border-av-border-fat'><span class=\"hr-inner-style\"><\/span><\/span><\/div>\n\n<style type=\"text\/css\" data-created_by=\"avia_inline_auto\" id=\"style-css-av-nnkc2z-d81176456855c17507de9d0f9f0adfc9\">\n.flex_column.av-nnkc2z-d81176456855c17507de9d0f9f0adfc9{\nborder-radius:0px 0px 0px 0px;\npadding:0px 0px 0px 0px;\n}\n<\/style>\n<div  class='flex_column av-nnkc2z-d81176456855c17507de9d0f9f0adfc9 av_one_full  avia-builder-el-121  el_after_av_hr  el_before_av_hr  first flex_column_div av-zero-column-padding  '     ><section  class='av_textblock_section av-ll2ar7lz-b36321648ef51b79287417bb33c326ac '   itemscope=\"itemscope\" itemtype=\"https:\/\/schema.org\/CreativeWork\" ><div class='avia_textblock'  itemprop=\"text\" ><h4>Articles \u00e9v\u00e9nements Occitanie<\/h4>\n<\/div><\/section><br \/>\n<div  class='avia-buttonrow-wrap av-ll2btro3-324865ca9fa2651d3a35ab9c9a6d53f9 avia-buttonrow-center  avia-builder-el-123  el_after_av_textblock  avia-builder-el-last '>\n\n<style type=\"text\/css\" data-created_by=\"avia_inline_auto\" id=\"style-css-av-ll2btq5y-744779f580b696e423162564cf58cc7f\">\n#top #wrap_all .avia-button.av-ll2btq5y-744779f580b696e423162564cf58cc7f{\nbackground-color:#d69709;\nborder-color:#d69709;\ncolor:#ffffff;\ntransition:all 0.4s ease-in-out;\nmargin-bottom:5px;\nmargin-right:3px;\nmargin-left:3px;\n}\n#top #wrap_all .avia-button.av-ll2btq5y-744779f580b696e423162564cf58cc7f .avia-svg-icon svg:first-child{\nfill:#ffffff;\nstroke:#ffffff;\n}\n<\/style>\n<a href='https:\/\/www.tarn.fr\/actualites\/lambroisie-et-la-renouee-du-japon-le-tarn-lutte-contre-les-especes-exotiques-envahissantes'  class='avia-button av-ll2btq5y-744779f580b696e423162564cf58cc7f avia-icon_select-yes-left-icon avia-size-small'  target=\"_blank\"  rel=\"noopener noreferrer\"  aria-label=\"L\u2019Ambroisie et la Renou\u00e9e du Japon, le Tarn lutte contre les esp\u00e8ces exotiques envahissantes  - Article de Tarn D\u00e9partement, 10\/09\/2023\"><span class='avia_button_icon avia_button_icon_left avia-iconfont avia-font-entypo-fontello' data-av_icon='\ue84e' data-av_iconfont='entypo-fontello' ><\/span><span class='avia_iconbox_title' >L\u2019Ambroisie et la Renou\u00e9e du Japon, le Tarn lutte contre les esp\u00e8ces exotiques envahissantes  - Article de Tarn D\u00e9partement, 10\/09\/2023<\/span><\/a>\n\n<style type=\"text\/css\" data-created_by=\"avia_inline_auto\" id=\"style-css-av-ll2btq5y-6f5fb04f4a53f25c9f5d0ad4d465f454\">\n#top #wrap_all .avia-button.av-ll2btq5y-6f5fb04f4a53f25c9f5d0ad4d465f454{\nbackground-color:#0c4e67;\nborder-color:#0c4e67;\ncolor:#ffffff;\ntransition:all 0.4s ease-in-out;\nmargin-bottom:5px;\nmargin-right:3px;\nmargin-left:3px;\n}\n#top #wrap_all .avia-button.av-ll2btq5y-6f5fb04f4a53f25c9f5d0ad4d465f454 .avia-svg-icon svg:first-child{\nfill:#ffffff;\nstroke:#ffffff;\n}\n<\/style>\n<a href='https:\/\/fredonoccitanie189-my.sharepoint.com\/:b:\/g\/personal\/e_algans_fredon-occitanie_fr\/EZm4OBgV1jJFnkunT3v0vKIBW2b7J-oBITqBLaN40GMz1g?e=2YLOHO'  class='avia-button av-ll2btq5y-6f5fb04f4a53f25c9f5d0ad4d465f454 avia-icon_select-yes-left-icon avia-size-small'  target=\"_blank\"  rel=\"noopener noreferrer\"  aria-label=\"Elle gagne du terrain en Ari\u00e8ge - Ambroisie : la lutte est engag\u00e9e - Article de la Gazette de l\u2019Ari\u00e8ge, 07\/07\/2023\"><span class='avia_button_icon avia_button_icon_left avia-iconfont avia-font-entypo-fontello' data-av_icon='\ue84e' data-av_iconfont='entypo-fontello' ><\/span><span class='avia_iconbox_title' >Elle gagne du terrain en Ari\u00e8ge - Ambroisie : la lutte est engag\u00e9e - Article de la Gazette de l\u2019Ari\u00e8ge, 07\/07\/2023<\/span><\/a>\n\n<style type=\"text\/css\" data-created_by=\"avia_inline_auto\" id=\"style-css-av-ll2btq5y-73a075d6938251b2171509c3a98352aa\">\n#top #wrap_all .avia-button.av-ll2btq5y-73a075d6938251b2171509c3a98352aa{\nbackground-color:#0c4e67;\nborder-color:#0c4e67;\ncolor:#ffffff;\ntransition:all 0.4s ease-in-out;\nmargin-bottom:5px;\nmargin-right:3px;\nmargin-left:3px;\n}\n#top #wrap_all .avia-button.av-ll2btq5y-73a075d6938251b2171509c3a98352aa .avia-svg-icon svg:first-child{\nfill:#ffffff;\nstroke:#ffffff;\n}\n<\/style>\n<a href='https:\/\/www.ladepeche.fr\/2023\/07\/04\/operation-de-lutte-contre-lambroisie-la-prise-de-conscience-nest-pas-assez-importante-affirme-la-prefete-de-lariege-11312741.php'  class='avia-button av-ll2btq5y-73a075d6938251b2171509c3a98352aa avia-icon_select-yes-left-icon avia-size-small'   aria-label=\"Op\u00e9ration de lutte contre l\u2018ambroisie : &quot;La prise de conscience n\u2019est pas assez importante&quot;, affirme la pr\u00e9f\u00e8te de l\u2019Ari\u00e8ge - Article de la D\u00e9p\u00eache du midi, 04\/07\/2023\"><span class='avia_button_icon avia_button_icon_left avia-iconfont avia-font-entypo-fontello' data-av_icon='\ue84e' data-av_iconfont='entypo-fontello' ><\/span><span class='avia_iconbox_title' >Op\u00e9ration de lutte contre l\u2018ambroisie : \"La prise de conscience n\u2019est pas assez importante\", affirme la pr\u00e9f\u00e8te de l\u2019Ari\u00e8ge - Article de la D\u00e9p\u00eache du midi, 04\/07\/2023<\/span><\/a>\n\n<style type=\"text\/css\" data-created_by=\"avia_inline_auto\" id=\"style-css-av-ll2btq5y-434096a40c15e6d98e8224ad0743832e\">\n#top #wrap_all .avia-button.av-ll2btq5y-434096a40c15e6d98e8224ad0743832e{\nbackground-color:#0c4e67;\nborder-color:#0c4e67;\ncolor:#ffffff;\ntransition:all 0.4s ease-in-out;\nmargin-bottom:5px;\nmargin-right:3px;\nmargin-left:3px;\n}\n#top #wrap_all .avia-button.av-ll2btq5y-434096a40c15e6d98e8224ad0743832e .avia-svg-icon svg:first-child{\nfill:#ffffff;\nstroke:#ffffff;\n}\n<\/style>\n<a href='https:\/\/www.ariege.gouv.fr\/Actualites\/Lutte-contre-l-ambroisie-en-Ariege'  class='avia-button av-ll2btq5y-434096a40c15e6d98e8224ad0743832e avia-icon_select-yes-left-icon avia-size-small'   aria-label=\"Lutte contre l\u2018ambroisie en Ari\u00e8ge - Article de la Pr\u00e9fecture d\u2019Ari\u00e8ge, 30\/06\/2023\"><span class='avia_button_icon avia_button_icon_left avia-iconfont avia-font-entypo-fontello' data-av_icon='\ue84e' data-av_iconfont='entypo-fontello' ><\/span><span class='avia_iconbox_title' >Lutte contre l\u2018ambroisie en Ari\u00e8ge - Article de la Pr\u00e9fecture d\u2019Ari\u00e8ge, 30\/06\/2023<\/span><\/a>\n\n<style type=\"text\/css\" data-created_by=\"avia_inline_auto\" id=\"style-css-av-ll2btq5y-9049457c69a69fab7f7e6a9076eda3ea\">\n#top #wrap_all .avia-button.av-ll2btq5y-9049457c69a69fab7f7e6a9076eda3ea{\nbackground-color:#0c4e67;\nborder-color:#0c4e67;\ncolor:#ffffff;\ntransition:all 0.4s ease-in-out;\nmargin-bottom:5px;\nmargin-right:3px;\nmargin-left:3px;\n}\n#top #wrap_all .avia-button.av-ll2btq5y-9049457c69a69fab7f7e6a9076eda3ea .avia-svg-icon svg:first-child{\nfill:#ffffff;\nstroke:#ffffff;\n}\n<\/style>\n<a href='https:\/\/www.centrepresseaveyron.fr\/2023\/06\/25\/ambroisie-a-quoi-va-servir-le-capteur-a-pollen-installe-dans-cette-commune-de-laveyron-11299662.php'  class='avia-button av-ll2btq5y-9049457c69a69fab7f7e6a9076eda3ea avia-icon_select-yes-left-icon avia-size-small'   aria-label=\"Ambroisie : \u00e0 quoi va servir le capteur \u00e0 pollen install\u00e9 dans cette commune de l\u2019Aveyron ? - Article de CentrePresse Aveyron, 25\/06\/2023\"><span class='avia_button_icon avia_button_icon_left avia-iconfont avia-font-entypo-fontello' data-av_icon='\ue84e' data-av_iconfont='entypo-fontello' ><\/span><span class='avia_iconbox_title' >Ambroisie : \u00e0 quoi va servir le capteur \u00e0 pollen install\u00e9 dans cette commune de l\u2019Aveyron ? - Article de CentrePresse Aveyron, 25\/06\/2023<\/span><\/a>\n\n<style type=\"text\/css\" data-created_by=\"avia_inline_auto\" id=\"style-css-av-ll2btq5y-1734a9f4bd466c03664df451651ac1f7\">\n#top #wrap_all .avia-button.av-ll2btq5y-1734a9f4bd466c03664df451651ac1f7{\nbackground-color:#0c4e67;\nborder-color:#0c4e67;\ncolor:#ffffff;\ntransition:all 0.4s ease-in-out;\nmargin-bottom:5px;\nmargin-right:3px;\nmargin-left:3px;\n}\n#top #wrap_all .avia-button.av-ll2btq5y-1734a9f4bd466c03664df451651ac1f7 .avia-svg-icon svg:first-child{\nfill:#ffffff;\nstroke:#ffffff;\n}\n<\/style>\n<a href='https:\/\/www.ladepeche.fr\/2023\/05\/28\/dans-le-lot-les-lyceens-du-montat-apprennent-a-lutter-contre-lambroisie-11225483.php'  class='avia-button av-ll2btq5y-1734a9f4bd466c03664df451651ac1f7 avia-icon_select-yes-left-icon avia-size-small'  target=\"_blank\"  rel=\"noopener noreferrer\"  aria-label=\"Dans le Lot, les lyc\u00e9ens du Montat apprennent \u00e0 lutter contre l\u2019ambroisie - Article de La D\u00e9p\u00eache du Midi, 28\/05\/2023\"><span class='avia_button_icon avia_button_icon_left avia-iconfont avia-font-entypo-fontello' data-av_icon='\ue84e' data-av_iconfont='entypo-fontello' ><\/span><span class='avia_iconbox_title' >Dans le Lot, les lyc\u00e9ens du Montat apprennent \u00e0 lutter contre l\u2019ambroisie - Article de La D\u00e9p\u00eache du Midi, 28\/05\/2023<\/span><\/a>\n\n<style type=\"text\/css\" data-created_by=\"avia_inline_auto\" id=\"style-css-av-ll2btq5y-3b111b10f4a594c6209c9e01afbfbefa\">\n#top #wrap_all .avia-button.av-ll2btq5y-3b111b10f4a594c6209c9e01afbfbefa{\nbackground-color:#0c4e67;\nborder-color:#0c4e67;\ncolor:#ffffff;\ntransition:all 0.4s ease-in-out;\nmargin-bottom:5px;\nmargin-right:3px;\nmargin-left:3px;\n}\n#top #wrap_all .avia-button.av-ll2btq5y-3b111b10f4a594c6209c9e01afbfbefa .avia-svg-icon svg:first-child{\nfill:#ffffff;\nstroke:#ffffff;\n}\n<\/style>\n<a href='https:\/\/www.midilibre.fr\/2023\/05\/28\/la-fredon-occitanie-lutte-contre-lambroisie-11225182.php'  class='avia-button av-ll2btq5y-3b111b10f4a594c6209c9e01afbfbefa avia-icon_select-yes-left-icon avia-size-small'  target=\"_blank\"  rel=\"noopener noreferrer\"  aria-label=\"La Fredon Occitanie lutte contre l\u2019ambroisie - Article de Midi Libre, 28\/05\/2023\"><span class='avia_button_icon avia_button_icon_left avia-iconfont avia-font-entypo-fontello' data-av_icon='\ue84e' data-av_iconfont='entypo-fontello' ><\/span><span class='avia_iconbox_title' >La Fredon Occitanie lutte contre l\u2019ambroisie - Article de Midi Libre, 28\/05\/2023<\/span><\/a>\n<\/div><\/p><\/div>\n\n<style type=\"text\/css\" data-created_by=\"avia_inline_auto\" id=\"style-css-av-mmlquj-f129e98d568e4fca33e0b2d16eebd594\">\n#top .hr.av-mmlquj-f129e98d568e4fca33e0b2d16eebd594{\nmargin-top:10px;\nmargin-bottom:10px;\n}\n.hr.av-mmlquj-f129e98d568e4fca33e0b2d16eebd594 .hr-inner{\nwidth:500px;\nborder-color:rgba(148,162,177,0.6);\n}\n<\/style>\n<div  class='hr av-mmlquj-f129e98d568e4fca33e0b2d16eebd594 hr-custom  avia-builder-el-124  el_after_av_one_full  el_before_av_one_full  hr-center hr-icon-no'><span class='hr-inner inner-border-av-border-fat'><span class=\"hr-inner-style\"><\/span><\/span><\/div>\n\n<style type=\"text\/css\" data-created_by=\"avia_inline_auto\" id=\"style-css-av-k9r1pn-3c1f6efd6918ca4d1eb8386a80d9b898\">\n.flex_column.av-k9r1pn-3c1f6efd6918ca4d1eb8386a80d9b898{\nborder-radius:0px 0px 0px 0px;\npadding:0px 0px 0px 0px;\n}\n<\/style>\n<div  class='flex_column av-k9r1pn-3c1f6efd6918ca4d1eb8386a80d9b898 av_one_full  avia-builder-el-125  el_after_av_hr  el_before_av_hr  first flex_column_div av-zero-column-padding  '     ><section  class='av_textblock_section av-ll2bsjzk-eabe43e9949e451ef1ea14334905a910 '   itemscope=\"itemscope\" itemtype=\"https:\/\/schema.org\/CreativeWork\" ><div class='avia_textblock'  itemprop=\"text\" ><h4>Ambroisies, grand public et sant\u00e9<\/h4>\n<\/div><\/section><br \/>\n<div  class='avia-buttonrow-wrap av-ll2c2362-0e7665c1c0f66a513f8a2c260d4238af avia-buttonrow-center  avia-builder-el-127  el_after_av_textblock  avia-builder-el-last '>\n\n<style type=\"text\/css\" data-created_by=\"avia_inline_auto\" id=\"style-css-av-ll2c1yde-cc91c413135d9d7f001eba5a3cd868d3\">\n#top #wrap_all .avia-button.av-ll2c1yde-cc91c413135d9d7f001eba5a3cd868d3{\nbackground-color:#d69709;\nborder-color:#d69709;\ncolor:#ffffff;\ntransition:all 0.4s ease-in-out;\nmargin-bottom:5px;\nmargin-right:3px;\nmargin-left:3px;\n}\n#top #wrap_all .avia-button.av-ll2c1yde-cc91c413135d9d7f001eba5a3cd868d3 .avia-svg-icon svg:first-child{\nfill:#ffffff;\nstroke:#ffffff;\n}\n<\/style>\n<a href='https:\/\/ambroisie-risque.info\/ophraella-communa-est-arrivee-en-france\/'  class='avia-button av-ll2c1yde-cc91c413135d9d7f001eba5a3cd868d3 avia-icon_select-yes-left-icon avia-size-small'  target=\"_blank\"  rel=\"noopener noreferrer\"  aria-label=\"Ophraella communa est arriv\u00e9e en France - Article dl\u2019Observatoire des Ambroisies, 03\/10\/2023\"><span class='avia_button_icon avia_button_icon_left avia-iconfont avia-font-entypo-fontello' data-av_icon='\ue84e' data-av_iconfont='entypo-fontello' ><\/span><span class='avia_iconbox_title' >Ophraella communa est arriv\u00e9e en France - Article dl\u2019Observatoire des Ambroisies, 03\/10\/2023<\/span><\/a>\n\n<style type=\"text\/css\" data-created_by=\"avia_inline_auto\" id=\"style-css-av-ll2c1yde-9fb582cef523ac33fb8520fb109ed702\">\n#top #wrap_all .avia-button.av-ll2c1yde-9fb582cef523ac33fb8520fb109ed702{\nbackground-color:#0c4e67;\nborder-color:#0c4e67;\ncolor:#ffffff;\ntransition:all 0.4s ease-in-out;\nmargin-bottom:5px;\nmargin-right:3px;\nmargin-left:3px;\n}\n#top #wrap_all .avia-button.av-ll2c1yde-9fb582cef523ac33fb8520fb109ed702 .avia-svg-icon svg:first-child{\nfill:#ffffff;\nstroke:#ffffff;\n}\n<\/style>\n<a href='https:\/\/www.ledauphine.com\/environnement\/2023\/09\/12\/nous-ne-ferons-jamais-disparaitre-l-ambroisie'  class='avia-button av-ll2c1yde-9fb582cef523ac33fb8520fb109ed702 avia-icon_select-yes-left-icon avia-size-small'  target=\"_blank\"  rel=\"noopener noreferrer\"  aria-label=\"Nous ne ferons jamais dispara\u00eetre l\u2019ambroisie - Article du Dauphin\u00e9 Lib\u00e9r\u00e9, 12\/09\/2023\"><span class='avia_button_icon avia_button_icon_left avia-iconfont avia-font-entypo-fontello' data-av_icon='\ue84e' data-av_iconfont='entypo-fontello' ><\/span><span class='avia_iconbox_title' >Nous ne ferons jamais dispara\u00eetre l\u2019ambroisie - Article du Dauphin\u00e9 Lib\u00e9r\u00e9, 12\/09\/2023<\/span><\/a>\n\n<style type=\"text\/css\" data-created_by=\"avia_inline_auto\" id=\"style-css-av-ll2c1yde-f849a27ceeaaafe42a79989093b03767\">\n#top #wrap_all .avia-button.av-ll2c1yde-f849a27ceeaaafe42a79989093b03767{\nbackground-color:#0c4e67;\nborder-color:#0c4e67;\ncolor:#ffffff;\ntransition:all 0.4s ease-in-out;\nmargin-bottom:5px;\nmargin-right:3px;\nmargin-left:3px;\n}\n#top #wrap_all .avia-button.av-ll2c1yde-f849a27ceeaaafe42a79989093b03767 .avia-svg-icon svg:first-child{\nfill:#ffffff;\nstroke:#ffffff;\n}\n<\/style>\n<a href='https:\/\/theconversation.com\/pollen-dambroisie-10-millions-de-francais-allergiques-en-2050-209238'  class='avia-button av-ll2c1yde-f849a27ceeaaafe42a79989093b03767 avia-icon_select-yes-left-icon avia-size-small'  target=\"_blank\"  rel=\"noopener noreferrer\"  aria-label=\"Pollen d\u2019ambroisie : 10 millions de Fran\u00e7ais allergiques en 2050 ? - Article de The Conversation, 07\/08\/2023\"><span class='avia_button_icon avia_button_icon_left avia-iconfont avia-font-entypo-fontello' data-av_icon='\ue84e' data-av_iconfont='entypo-fontello' ><\/span><span class='avia_iconbox_title' >Pollen d\u2019ambroisie : 10 millions de Fran\u00e7ais allergiques en 2050 ? - Article de The Conversation, 07\/08\/2023<\/span><\/a>\n<\/div><\/p><\/div>\n\n<style type=\"text\/css\" data-created_by=\"avia_inline_auto\" id=\"style-css-av-iuvrsb-cd66cf1ddff95a79817d3d68c648edeb\">\n#top .hr.av-iuvrsb-cd66cf1ddff95a79817d3d68c648edeb{\nmargin-top:10px;\nmargin-bottom:10px;\n}\n.hr.av-iuvrsb-cd66cf1ddff95a79817d3d68c648edeb .hr-inner{\nwidth:500px;\nborder-color:rgba(148,162,177,0.6);\n}\n<\/style>\n<div  class='hr av-iuvrsb-cd66cf1ddff95a79817d3d68c648edeb hr-custom  avia-builder-el-128  el_after_av_one_full  el_before_av_one_full  hr-center hr-icon-no'><span class='hr-inner inner-border-av-border-fat'><span class=\"hr-inner-style\"><\/span><\/span><\/div>\n\n<style type=\"text\/css\" data-created_by=\"avia_inline_auto\" id=\"style-css-av-huzjq3-44bfee75d4dce279a6dabe83d66ce5e4\">\n.flex_column.av-huzjq3-44bfee75d4dce279a6dabe83d66ce5e4{\nborder-radius:0px 0px 0px 0px;\npadding:0px 0px 0px 0px;\n}\n<\/style>\n<div  class='flex_column av-huzjq3-44bfee75d4dce279a6dabe83d66ce5e4 av_one_full  avia-builder-el-129  el_after_av_hr  el_before_av_hr  first flex_column_div av-zero-column-padding  '     ><section  class='av_textblock_section av-ll2c39vj-b1d8497d4a238241422ebdac1b314732 '   itemscope=\"itemscope\" itemtype=\"https:\/\/schema.org\/CreativeWork\" ><div class='avia_textblock'  itemprop=\"text\" ><h4>Ambroisies, gestion en milieu agricole<\/h4>\n<\/div><\/section><br \/>\n<div  class='avia-buttonrow-wrap av-ll2c5t5q-d40353dab3f8225922ab69d91d786d3a avia-buttonrow-center  avia-builder-el-131  el_after_av_textblock  avia-builder-el-last '>\n\n<style type=\"text\/css\" data-created_by=\"avia_inline_auto\" id=\"style-css-av-ll2c4a1u-0b05ed49ad5b011cc9e586e2241b1cc2\">\n#top #wrap_all .avia-button.av-ll2c4a1u-0b05ed49ad5b011cc9e586e2241b1cc2{\nbackground-color:#0c4e67;\nborder-color:#0c4e67;\ncolor:#ffffff;\ntransition:all 0.4s ease-in-out;\nmargin-bottom:5px;\nmargin-right:3px;\nmargin-left:3px;\n}\n#top #wrap_all .avia-button.av-ll2c4a1u-0b05ed49ad5b011cc9e586e2241b1cc2 .avia-svg-icon svg:first-child{\nfill:#ffffff;\nstroke:#ffffff;\n}\n<\/style>\n<a href='https:\/\/www.terresinovia.fr\/-\/viballa-la-nouveaute-desherbage-2023-en-post-levee-du-tournesol'  class='avia-button av-ll2c4a1u-0b05ed49ad5b011cc9e586e2241b1cc2 avia-icon_select-yes-left-icon avia-size-small'  target=\"_blank\"  rel=\"noopener noreferrer\"  aria-label=\"VIBALLA, la nouveaut\u00e9 d\u00e9sherbage 2023 en post-lev\u00e9e du tournesol - Article de Terres Inovia, 28\/03\/2023\"><span class='avia_button_icon avia_button_icon_left avia-iconfont avia-font-entypo-fontello' data-av_icon='\ue84e' data-av_iconfont='entypo-fontello' ><\/span><span class='avia_iconbox_title' >VIBALLA, la nouveaut\u00e9 d\u00e9sherbage 2023 en post-lev\u00e9e du tournesol - Article de Terres Inovia, 28\/03\/2023<\/span><\/a>\n\n<style type=\"text\/css\" data-created_by=\"avia_inline_auto\" id=\"style-css-av-ll2c4a1u-da7c7952b54e3b65ddc5ade2fa3d416b\">\n#top #wrap_all .avia-button.av-ll2c4a1u-da7c7952b54e3b65ddc5ade2fa3d416b{\nbackground-color:#0c4e67;\nborder-color:#0c4e67;\ncolor:#ffffff;\ntransition:all 0.4s ease-in-out;\nmargin-bottom:5px;\nmargin-right:3px;\nmargin-left:3px;\n}\n#top #wrap_all .avia-button.av-ll2c4a1u-da7c7952b54e3b65ddc5ade2fa3d416b .avia-svg-icon svg:first-child{\nfill:#ffffff;\nstroke:#ffffff;\n}\n<\/style>\n<a href='https:\/\/www.arvalis.fr\/infos-techniques\/nettoyer-efficacement-sa-moissonneuse-batteuse-en-2030-minutes-entre-deux'  class='avia-button av-ll2c4a1u-da7c7952b54e3b65ddc5ade2fa3d416b avia-icon_select-yes-left-icon avia-size-small'  target=\"_blank\"  rel=\"noopener noreferrer\"  aria-label=\"Lutte contre les adventices - Nettoyer efficacement sa moissonneuse-batteuse en 20\/30 minutes, entre deux parcelles - Article d\u2019Arvalis, 06\/06\/22\"><span class='avia_button_icon avia_button_icon_left avia-iconfont avia-font-entypo-fontello' data-av_icon='\ue84e' data-av_iconfont='entypo-fontello' ><\/span><span class='avia_iconbox_title' >Lutte contre les adventices - Nettoyer efficacement sa moissonneuse-batteuse en 20\/30 minutes, entre deux parcelles - Article d\u2019Arvalis, 06\/06\/22<\/span><\/a>\n\n<style type=\"text\/css\" data-created_by=\"avia_inline_auto\" id=\"style-css-av-ll2c4a1u-40c157eeb7a11ab331cc4e71d15537eb\">\n#top #wrap_all .avia-button.av-ll2c4a1u-40c157eeb7a11ab331cc4e71d15537eb{\nbackground-color:#0c4e67;\nborder-color:#0c4e67;\ncolor:#ffffff;\ntransition:all 0.4s ease-in-out;\nmargin-bottom:5px;\nmargin-right:3px;\nmargin-left:3px;\n}\n#top #wrap_all .avia-button.av-ll2c4a1u-40c157eeb7a11ab331cc4e71d15537eb .avia-svg-icon svg:first-child{\nfill:#ffffff;\nstroke:#ffffff;\n}\n<\/style>\n<a href='https:\/\/www.terresinovia.fr\/-\/gestion-de-l-ambroisie-a-feuille-d-armoise'  class='avia-button av-ll2c4a1u-40c157eeb7a11ab331cc4e71d15537eb avia-icon_select-yes-left-icon avia-size-small'  target=\"_blank\"  rel=\"noopener noreferrer\"  aria-label=\"Gestion de l\u2018ambroisie \u00e0 feuille d\u2019armoise en tournesol et soja - Article de Terres Inovia, 21\/03\/2022\"><span class='avia_button_icon avia_button_icon_left avia-iconfont avia-font-entypo-fontello' data-av_icon='\ue84e' data-av_iconfont='entypo-fontello' ><\/span><span class='avia_iconbox_title' >Gestion de l\u2018ambroisie \u00e0 feuille d\u2019armoise en tournesol et soja - Article de Terres Inovia, 21\/03\/2022<\/span><\/a>\n<\/div><\/p><\/div>\n\n<style type=\"text\/css\" data-created_by=\"avia_inline_auto\" id=\"style-css-av-h2nbbv-4a6dea66fca4be16f26e73c78312facb\">\n#top .hr.av-h2nbbv-4a6dea66fca4be16f26e73c78312facb{\nmargin-top:30px;\nmargin-bottom:30px;\n}\n.hr.av-h2nbbv-4a6dea66fca4be16f26e73c78312facb .hr-inner{\nwidth:800px;\nborder-color:#0c4e67;\n}\n<\/style>\n<div  class='hr av-h2nbbv-4a6dea66fca4be16f26e73c78312facb hr-custom  avia-builder-el-132  el_after_av_one_full  el_before_av_one_full  hr-center hr-icon-no'><span class='hr-inner inner-border-av-border-fat'><span class=\"hr-inner-style\"><\/span><\/span><\/div>\n\n<style type=\"text\/css\" data-created_by=\"avia_inline_auto\" id=\"style-css-av-5etae3-f1795b9e8f200beb00cb8f25603ae849\">\n.flex_column.av-5etae3-f1795b9e8f200beb00cb8f25603ae849{\nborder-radius:0px 0px 0px 0px;\npadding:0px 0px 0px 0px;\n}\n<\/style>\n<div  class='flex_column av-5etae3-f1795b9e8f200beb00cb8f25603ae849 av_one_full  avia-builder-el-133  el_after_av_hr  el_before_av_hr  first flex_column_div av-zero-column-padding  '     ><section  class='av_textblock_section av-liyc0pb2-d1a6b0b17d5d9021c1266f880d30392a '   itemscope=\"itemscope\" itemtype=\"https:\/\/schema.org\/CreativeWork\" ><div class='avia_textblock'  itemprop=\"text\" ><h2 id=\"ancredoc\" style=\"text-align: center;\">Guides et Formations<\/h2>\n<p style=\"text-align: center;\">De la documentation sous format PDF ou PPT que vous (r\u00e9f\u00e9rent, grand public, monde agricole) pouvez vous approprier pour partager\/sensibiliser autour de vous. <a href=\"https:\/\/www.fredonoccitanie.com\/nous-contacter\/\" target=\"_blank\" rel=\"noopener\">Contactez-nous<\/a> pour toute demande d&rsquo;utilisation.<\/p>\n<\/div><\/section><\/div>\n\n<style type=\"text\/css\" data-created_by=\"avia_inline_auto\" id=\"style-css-av-f7dz4b-74c996734de0d8a57a3f50f52bd03fc2\">\n#top .hr.av-f7dz4b-74c996734de0d8a57a3f50f52bd03fc2{\nmargin-top:10px;\nmargin-bottom:10px;\n}\n.hr.av-f7dz4b-74c996734de0d8a57a3f50f52bd03fc2 .hr-inner{\nwidth:500px;\nborder-color:rgba(148,162,177,0.6);\n}\n<\/style>\n<div  class='hr av-f7dz4b-74c996734de0d8a57a3f50f52bd03fc2 hr-custom  avia-builder-el-135  el_after_av_one_full  el_before_av_one_full  hr-center hr-icon-no'><span class='hr-inner inner-border-av-border-fat'><span class=\"hr-inner-style\"><\/span><\/span><\/div>\n\n<style type=\"text\/css\" data-created_by=\"avia_inline_auto\" id=\"style-css-av-1k8720r-9dae6ad959e4122e89091cc4ad7394de\">\n.flex_column.av-1k8720r-9dae6ad959e4122e89091cc4ad7394de{\nborder-radius:0px 0px 0px 0px;\npadding:0px 0px 0px 0px;\n}\n<\/style>\n<div  class='flex_column av-1k8720r-9dae6ad959e4122e89091cc4ad7394de av_one_full  avia-builder-el-136  el_after_av_hr  el_before_av_one_fourth  first flex_column_div av-zero-column-padding  '     ><section  class='av_textblock_section av-1hc2k17-31d6005b68bac44e9d69cfa9e1632b90 '   itemscope=\"itemscope\" itemtype=\"https:\/\/schema.org\/CreativeWork\" ><div class='avia_textblock'  itemprop=\"text\" ><h4>Guide et formation \u00e0 l&rsquo;utilisation de la plateforme de signalement<\/h4>\n<\/div><\/section><\/div>\n\n<style type=\"text\/css\" data-created_by=\"avia_inline_auto\" id=\"style-css-av-5863a3-33a9a4813207dbaec6531f5f3ecc8d8d\">\n.flex_column.av-5863a3-33a9a4813207dbaec6531f5f3ecc8d8d{\nborder-radius:0px 0px 0px 0px;\npadding:0px 0px 0px 0px;\n}\n<\/style>\n<div  class='flex_column av-5863a3-33a9a4813207dbaec6531f5f3ecc8d8d av_one_fourth  avia-builder-el-138  el_after_av_one_full  el_before_av_one_fourth  first flex_column_div av-zero-column-padding  column-top-margin'     ><p>\n<style type=\"text\/css\" data-created_by=\"avia_inline_auto\" id=\"style-css-av-1etgt6z-74a030f0bb04efc564e3f854c84d009e\">\n.avia-image-container.av-1etgt6z-74a030f0bb04efc564e3f854c84d009e img.avia_image{\nbox-shadow:none;\n}\n.avia-image-container.av-1etgt6z-74a030f0bb04efc564e3f854c84d009e .av-image-caption-overlay-center{\ncolor:#ffffff;\n}\n<\/style>\n<div  class='avia-image-container av-1etgt6z-74a030f0bb04efc564e3f854c84d009e av-styling- av-img-linked avia-align-center  avia-builder-el-139  el_before_av_textblock  avia-builder-el-first '   itemprop=\"image\" itemscope=\"itemscope\" itemtype=\"https:\/\/schema.org\/ImageObject\" ><div class=\"avia-image-container-inner\"><div class=\"avia-image-overlay-wrap\"><a href=\"https:\/\/fredonoccitanie189-my.sharepoint.com\/:b:\/g\/personal\/e_algans_fredon-occitanie_fr\/EbdJP8RFeihAqbMYzhLVN_wBEazIQaQ-V1BbHZIqlXvbbg?e=ExAvNh\" class='avia_image '  target=\"_blank\"  rel=\"noopener noreferrer\" aria-label='Plateforme_signalement_Guide_prise_main_rapide'><img decoding=\"async\" fetchpriority=\"high\" class='wp-image-3089 avia-img-lazy-loading-not-3089 avia_image ' src=\"https:\/\/www.fredonoccitanie.com\/eesh\/wp-content\/uploads\/sites\/5\/2023\/10\/Plateforme_signalement_Guide_prise_main_rapide.jpg\" alt='' title='Plateforme_signalement_Guide_prise_main_rapide'  height=\"512\" width=\"748\"  itemprop=\"thumbnailUrl\" srcset=\"https:\/\/www.fredonoccitanie.com\/eesh\/wp-content\/uploads\/sites\/5\/2023\/10\/Plateforme_signalement_Guide_prise_main_rapide.jpg 748w, https:\/\/www.fredonoccitanie.com\/eesh\/wp-content\/uploads\/sites\/5\/2023\/10\/Plateforme_signalement_Guide_prise_main_rapide-300x205.jpg 300w, https:\/\/www.fredonoccitanie.com\/eesh\/wp-content\/uploads\/sites\/5\/2023\/10\/Plateforme_signalement_Guide_prise_main_rapide-705x483.jpg 705w\" sizes=\"(max-width: 748px) 100vw, 748px\" \/><\/a><\/div><\/div><\/div><br \/>\n<section  class='av_textblock_section av-1dleipn-e0e6bcf3d5897b44ec33ce03e0c413d6 '   itemscope=\"itemscope\" itemtype=\"https:\/\/schema.org\/CreativeWork\" ><div class='avia_textblock'  itemprop=\"text\" ><p style=\"text-align: center;\"><a href=\"https:\/\/fredonoccitanie189-my.sharepoint.com\/:b:\/g\/personal\/e_algans_fredon-occitanie_fr\/EbdJP8RFeihAqbMYzhLVN_wBEazIQaQ-V1BbHZIqlXvbbg?e=djOCfb\" target=\"_blank\" rel=\"noopener\">Guide de prise en main rapide de la plateforme de signalement<\/a><br \/>\nR\u00e9daction Observatoire des Ambroisies et RNSA<br \/>\n2023 &#8211; \u00e0 retrouver \u00e9galement le site <a href=\"https:\/\/signalement-ambroisie.atlasante.fr\/apropos\" target=\"_blank\" rel=\"noopener\">Signalement Ambroisie<\/a><\/p>\n<\/div><\/section><\/p><\/div>\n\n<style type=\"text\/css\" data-created_by=\"avia_inline_auto\" id=\"style-css-av-4rxdwb-8e3adb54f71d8e8e441a386c8dafd365\">\n.flex_column.av-4rxdwb-8e3adb54f71d8e8e441a386c8dafd365{\nborder-radius:0px 0px 0px 0px;\npadding:0px 0px 0px 0px;\n}\n<\/style>\n<div  class='flex_column av-4rxdwb-8e3adb54f71d8e8e441a386c8dafd365 av_one_fourth  avia-builder-el-141  el_after_av_one_fourth  el_before_av_one_fourth  flex_column_div av-zero-column-padding  column-top-margin'     ><p>\n<style type=\"text\/css\" data-created_by=\"avia_inline_auto\" id=\"style-css-av-199wixn-3ffae6db159a871249f7fae6e1f87f4b\">\n.avia-image-container.av-199wixn-3ffae6db159a871249f7fae6e1f87f4b img.avia_image{\nbox-shadow:none;\n}\n.avia-image-container.av-199wixn-3ffae6db159a871249f7fae6e1f87f4b .av-image-caption-overlay-center{\ncolor:#ffffff;\n}\n<\/style>\n<div  class='avia-image-container av-199wixn-3ffae6db159a871249f7fae6e1f87f4b av-styling- av-img-linked avia-align-center  avia-builder-el-142  el_before_av_textblock  avia-builder-el-first '   itemprop=\"image\" itemscope=\"itemscope\" itemtype=\"https:\/\/schema.org\/ImageObject\" ><div class=\"avia-image-container-inner\"><div class=\"avia-image-overlay-wrap\"><a href=\"https:\/\/fredonoccitanie189-my.sharepoint.com\/:b:\/g\/personal\/e_algans_fredon-occitanie_fr\/ER2bPlFbJElLn_aiL86UPgQBbaUkCc9T8ASnYGCujrhrAw?e=T5Z4We\" class='avia_image '  target=\"_blank\"  rel=\"noopener noreferrer\" aria-label='Plateforme_signalement_Guide_Referent_2023'><img decoding=\"async\" fetchpriority=\"high\" class='wp-image-3090 avia-img-lazy-loading-not-3090 avia_image ' src=\"https:\/\/www.fredonoccitanie.com\/eesh\/wp-content\/uploads\/sites\/5\/2023\/10\/Plateforme_signalement_Guide_Referent_2023-1030x530.jpg\" alt='' title='Plateforme_signalement_Guide_Referent_2023'  height=\"530\" width=\"1030\"  itemprop=\"thumbnailUrl\" srcset=\"https:\/\/www.fredonoccitanie.com\/eesh\/wp-content\/uploads\/sites\/5\/2023\/10\/Plateforme_signalement_Guide_Referent_2023-1030x530.jpg 1030w, https:\/\/www.fredonoccitanie.com\/eesh\/wp-content\/uploads\/sites\/5\/2023\/10\/Plateforme_signalement_Guide_Referent_2023-300x154.jpg 300w, https:\/\/www.fredonoccitanie.com\/eesh\/wp-content\/uploads\/sites\/5\/2023\/10\/Plateforme_signalement_Guide_Referent_2023-768x395.jpg 768w, https:\/\/www.fredonoccitanie.com\/eesh\/wp-content\/uploads\/sites\/5\/2023\/10\/Plateforme_signalement_Guide_Referent_2023-705x363.jpg 705w, https:\/\/www.fredonoccitanie.com\/eesh\/wp-content\/uploads\/sites\/5\/2023\/10\/Plateforme_signalement_Guide_Referent_2023.jpg 1494w\" sizes=\"(max-width: 1030px) 100vw, 1030px\" \/><\/a><\/div><\/div><\/div><br \/>\n<section  class='av_textblock_section av-180r84r-c728e84387aaff51a5b5a168da1a91e0 '   itemscope=\"itemscope\" itemtype=\"https:\/\/schema.org\/CreativeWork\" ><div class='avia_textblock'  itemprop=\"text\" ><p style=\"text-align: center;\"><a href=\"https:\/\/fredonoccitanie189-my.sharepoint.com\/:b:\/g\/personal\/e_algans_fredon-occitanie_fr\/ER2bPlFbJElLn_aiL86UPgQBbaUkCc9T8ASnYGCujrhrAw?e=T5Z4We\" target=\"_blank\" rel=\"noopener\">Guide d&rsquo;utilisation pour le R\u00e9f\u00e9rent Ambroisies<\/a><br \/>\nR\u00e9daction Observatoire des Ambroisies et RNSA<br \/>\n2023 &#8211; \u00e0 retrouver \u00e9galement le site <a href=\"https:\/\/signalement-ambroisie.atlasante.fr\/apropos\" target=\"_blank\" rel=\"noopener\">Signalement Ambroisie<\/a><\/p>\n<\/div><\/section><\/p><\/div>\n\n<style type=\"text\/css\" data-created_by=\"avia_inline_auto\" id=\"style-css-av-16slah7-1892d83712a99c06148ac5300d148f21\">\n.flex_column.av-16slah7-1892d83712a99c06148ac5300d148f21{\nborder-radius:0px 0px 0px 0px;\npadding:0px 0px 0px 0px;\n}\n<\/style>\n<div  class='flex_column av-16slah7-1892d83712a99c06148ac5300d148f21 av_one_fourth  avia-builder-el-144  el_after_av_one_fourth  el_before_av_hr  flex_column_div av-zero-column-padding  column-top-margin'     ><p>\n<style type=\"text\/css\" data-created_by=\"avia_inline_auto\" id=\"style-css-av-42ie2z-b6354f310a4daa047175e68a21a0fc30\">\n.avia-image-container.av-42ie2z-b6354f310a4daa047175e68a21a0fc30 img.avia_image{\nbox-shadow:none;\n}\n.avia-image-container.av-42ie2z-b6354f310a4daa047175e68a21a0fc30 .av-image-caption-overlay-center{\ncolor:#ffffff;\n}\n<\/style>\n<div  class='avia-image-container av-42ie2z-b6354f310a4daa047175e68a21a0fc30 av-styling- av-img-linked avia-align-center  avia-builder-el-145  el_before_av_textblock  avia-builder-el-first '   itemprop=\"image\" itemscope=\"itemscope\" itemtype=\"https:\/\/schema.org\/ImageObject\" ><div class=\"avia-image-container-inner\"><div class=\"avia-image-overlay-wrap\"><a href=\"https:\/\/www.pollens.fr\/nous-contacter\/nous-contacter\" class='avia_image '  target=\"_blank\"  rel=\"noopener noreferrer\" aria-label='2023formations_RNSA'><img decoding=\"async\" fetchpriority=\"high\" class='wp-image-2675 avia-img-lazy-loading-not-2675 avia_image ' src=\"https:\/\/www.fredonoccitanie.com\/eesh\/wp-content\/uploads\/sites\/5\/2023\/08\/2023formations_RNSA-1030x579.jpg\" alt='' title='2023formations_RNSA'  height=\"579\" width=\"1030\"  itemprop=\"thumbnailUrl\" srcset=\"https:\/\/www.fredonoccitanie.com\/eesh\/wp-content\/uploads\/sites\/5\/2023\/08\/2023formations_RNSA-1030x579.jpg 1030w, https:\/\/www.fredonoccitanie.com\/eesh\/wp-content\/uploads\/sites\/5\/2023\/08\/2023formations_RNSA-300x169.jpg 300w, https:\/\/www.fredonoccitanie.com\/eesh\/wp-content\/uploads\/sites\/5\/2023\/08\/2023formations_RNSA-768x432.jpg 768w, https:\/\/www.fredonoccitanie.com\/eesh\/wp-content\/uploads\/sites\/5\/2023\/08\/2023formations_RNSA-705x397.jpg 705w, https:\/\/www.fredonoccitanie.com\/eesh\/wp-content\/uploads\/sites\/5\/2023\/08\/2023formations_RNSA.jpg 1280w\" sizes=\"(max-width: 1030px) 100vw, 1030px\" \/><\/a><\/div><\/div><\/div><br \/>\n<section  class='av_textblock_section av-12vgwyj-01ef9e959612e64e9b7a021b5dfbc681 '   itemscope=\"itemscope\" itemtype=\"https:\/\/schema.org\/CreativeWork\" ><div class='avia_textblock'  itemprop=\"text\" ><p style=\"text-align: center;\"><a href=\"https:\/\/www.pollens.fr\/nous-contacter\/nous-contacter\" target=\"_blank\" rel=\"noopener\">Formations en ligne \u00e0 l&rsquo;utilisation de la plateforme de signalement<\/a><br \/>\nPropos\u00e9 par le RNSA pendant la saison<br \/>\nConsultez notre <a href=\"https:\/\/www.fredonoccitanie.com\/ambroisies\/evenements\/\" target=\"_blank\" rel=\"noopener\">Agenda<\/a> pour conna\u00eetre les prochaines dates !<\/p>\n<\/div><\/section><\/p><\/div>\n\n<style type=\"text\/css\" data-created_by=\"avia_inline_auto\" id=\"style-css-av-dycqx7-38aacb9df2f357fd7d3f79a63d3c7842\">\n#top .hr.av-dycqx7-38aacb9df2f357fd7d3f79a63d3c7842{\nmargin-top:10px;\nmargin-bottom:10px;\n}\n.hr.av-dycqx7-38aacb9df2f357fd7d3f79a63d3c7842 .hr-inner{\nwidth:500px;\nborder-color:rgba(148,162,177,0.6);\n}\n<\/style>\n<div  class='hr av-dycqx7-38aacb9df2f357fd7d3f79a63d3c7842 hr-custom  avia-builder-el-147  el_after_av_one_fourth  el_before_av_one_full  hr-center hr-icon-no'><span class='hr-inner inner-border-av-border-fat'><span class=\"hr-inner-style\"><\/span><\/span><\/div>\n\n<style type=\"text\/css\" data-created_by=\"avia_inline_auto\" id=\"style-css-av-11v59cb-9f501fcce25dc01d63110fe86df0451d\">\n.flex_column.av-11v59cb-9f501fcce25dc01d63110fe86df0451d{\nborder-radius:0px 0px 0px 0px;\npadding:0px 0px 0px 0px;\n}\n<\/style>\n<div  class='flex_column av-11v59cb-9f501fcce25dc01d63110fe86df0451d av_one_full  avia-builder-el-148  el_after_av_hr  el_before_av_one_fourth  first flex_column_div av-zero-column-padding  '     ><section  class='av_textblock_section av-zis4x7-a270a8baf53f7a5b11f09fe47070eb04 '   itemscope=\"itemscope\" itemtype=\"https:\/\/schema.org\/CreativeWork\" ><div class='avia_textblock'  itemprop=\"text\" ><h4>Textes et lettres types pour signaler<\/h4>\n<p>Propos\u00e9s par l&rsquo;Observatoire des Ambroisies, ces textes et lettres sont sous format word <strong>\u00e0 t\u00e9l\u00e9charger pour les modifier et les adapter \u00e0 votre commune<\/strong> :<\/p>\n<\/div><\/section><\/div>\n\n<style type=\"text\/css\" data-created_by=\"avia_inline_auto\" id=\"style-css-av-3fnzln-1c820fc46999ca4928b5f9044812c895\">\n.flex_column.av-3fnzln-1c820fc46999ca4928b5f9044812c895{\nborder-radius:0px 0px 0px 0px;\npadding:0px 0px 0px 0px;\n}\n<\/style>\n<div  class='flex_column av-3fnzln-1c820fc46999ca4928b5f9044812c895 av_one_fourth  avia-builder-el-150  el_after_av_one_full  el_before_av_one_fourth  first flex_column_div av-zero-column-padding  column-top-margin'     ><p>\n<style type=\"text\/css\" data-created_by=\"avia_inline_auto\" id=\"style-css-av-wkih5n-4c53e92e8b9e4f045be8d73ed1b17d7a\">\n.avia-image-container.av-wkih5n-4c53e92e8b9e4f045be8d73ed1b17d7a img.avia_image{\nbox-shadow:none;\n}\n.avia-image-container.av-wkih5n-4c53e92e8b9e4f045be8d73ed1b17d7a .av-image-caption-overlay-center{\ncolor:#ffffff;\n}\n<\/style>\n<div  class='avia-image-container av-wkih5n-4c53e92e8b9e4f045be8d73ed1b17d7a av-styling- av-img-linked avia-align-center  avia-builder-el-151  el_before_av_textblock  avia-builder-el-first '   itemprop=\"image\" itemscope=\"itemscope\" itemtype=\"https:\/\/schema.org\/ImageObject\" ><div class=\"avia-image-container-inner\"><div class=\"avia-image-overlay-wrap\"><a href=\"https:\/\/ambroisie-risque.info\/wp-content\/uploads\/2021\/04\/texte_type_bulletins_communaux.docx\" class='avia_image '  target=\"_blank\"  rel=\"noopener noreferrer\" aria-label='Texte_type_bulletins_communaux'><img decoding=\"async\" fetchpriority=\"high\" class='wp-image-3093 avia-img-lazy-loading-not-3093 avia_image ' src=\"https:\/\/www.fredonoccitanie.com\/eesh\/wp-content\/uploads\/sites\/5\/2023\/10\/Texte_type_bulletins_communaux.jpg\" alt='' title='Texte_type_bulletins_communaux'  height=\"582\" width=\"805\"  itemprop=\"thumbnailUrl\" srcset=\"https:\/\/www.fredonoccitanie.com\/eesh\/wp-content\/uploads\/sites\/5\/2023\/10\/Texte_type_bulletins_communaux.jpg 805w, https:\/\/www.fredonoccitanie.com\/eesh\/wp-content\/uploads\/sites\/5\/2023\/10\/Texte_type_bulletins_communaux-300x217.jpg 300w, https:\/\/www.fredonoccitanie.com\/eesh\/wp-content\/uploads\/sites\/5\/2023\/10\/Texte_type_bulletins_communaux-768x555.jpg 768w, https:\/\/www.fredonoccitanie.com\/eesh\/wp-content\/uploads\/sites\/5\/2023\/10\/Texte_type_bulletins_communaux-705x510.jpg 705w\" sizes=\"(max-width: 805px) 100vw, 805px\" \/><\/a><\/div><\/div><\/div><br \/>\n<section  class='av_textblock_section av-ub7b2j-eacead706a0c6380373cfcfdeee72031 '   itemscope=\"itemscope\" itemtype=\"https:\/\/schema.org\/CreativeWork\" ><div class='avia_textblock'  itemprop=\"text\" ><p style=\"text-align: center;\"><a href=\"https:\/\/ambroisie-risque.info\/wp-content\/uploads\/2021\/04\/texte_type_bulletins_communaux.docx\" target=\"_blank\" rel=\"noopener\">Texte type pour bulletins communaux<\/a><br \/>\nPour <strong>communiquer dans les m\u00e9dias<\/strong> (bulletin communal, site internet, &#8230;)<br \/>\nN&rsquo;h\u00e9sitez pas \u00e0 suivre les <a href=\"https:\/\/www.fredonoccitanie.com\/ambroisies\/category\/actualites-ambroisies\/\" target=\"_blank\" rel=\"noopener\">actualit\u00e9s en Occitanie<\/a> pour adapter votre bulletin et <a href=\"https:\/\/www.fredonoccitanie.com\/ambroisies\/lettre-ambroisies\/\" target=\"_blank\" rel=\"noopener\">inscrivez-vous \u00e0 la lettre Ambroisies<\/a><\/p>\n<\/div><\/section><\/p><\/div>\n\n<style type=\"text\/css\" data-created_by=\"avia_inline_auto\" id=\"style-css-av-m5sob-4d98460e08a40e3ab486bcdfe2d791d5\">\n.flex_column.av-m5sob-4d98460e08a40e3ab486bcdfe2d791d5{\nborder-radius:0px 0px 0px 0px;\npadding:0px 0px 0px 0px;\n}\n<\/style>\n<div  class='flex_column av-m5sob-4d98460e08a40e3ab486bcdfe2d791d5 av_one_fourth  avia-builder-el-153  el_after_av_one_fourth  el_before_av_one_fourth  flex_column_div av-zero-column-padding  column-top-margin'     ><p>\n<style type=\"text\/css\" data-created_by=\"avia_inline_auto\" id=\"style-css-av-459ubv-0ab096972620a681c406d741ce097012\">\n.avia-image-container.av-459ubv-0ab096972620a681c406d741ce097012 img.avia_image{\nbox-shadow:none;\n}\n.avia-image-container.av-459ubv-0ab096972620a681c406d741ce097012 .av-image-caption-overlay-center{\ncolor:#ffffff;\n}\n<\/style>\n<div  class='avia-image-container av-459ubv-0ab096972620a681c406d741ce097012 av-styling- av-img-linked avia-align-center  avia-builder-el-154  el_before_av_textblock  avia-builder-el-first '   itemprop=\"image\" itemscope=\"itemscope\" itemtype=\"https:\/\/schema.org\/ImageObject\" ><div class=\"avia-image-container-inner\"><div class=\"avia-image-overlay-wrap\"><a href=\"https:\/\/ambroisie-risque.info\/wp-content\/uploads\/2021\/04\/lettre_de_signalement.docx\" class='avia_image '  target=\"_blank\"  rel=\"noopener noreferrer\" aria-label='Lettre_de_signalement'><img decoding=\"async\" fetchpriority=\"high\" class='wp-image-3092 avia-img-lazy-loading-not-3092 avia_image ' src=\"https:\/\/www.fredonoccitanie.com\/eesh\/wp-content\/uploads\/sites\/5\/2023\/10\/Lettre_de_signalement.jpg\" alt='' title='Lettre_de_signalement'  height=\"613\" width=\"801\"  itemprop=\"thumbnailUrl\" srcset=\"https:\/\/www.fredonoccitanie.com\/eesh\/wp-content\/uploads\/sites\/5\/2023\/10\/Lettre_de_signalement.jpg 801w, https:\/\/www.fredonoccitanie.com\/eesh\/wp-content\/uploads\/sites\/5\/2023\/10\/Lettre_de_signalement-300x230.jpg 300w, https:\/\/www.fredonoccitanie.com\/eesh\/wp-content\/uploads\/sites\/5\/2023\/10\/Lettre_de_signalement-768x588.jpg 768w, https:\/\/www.fredonoccitanie.com\/eesh\/wp-content\/uploads\/sites\/5\/2023\/10\/Lettre_de_signalement-705x540.jpg 705w\" sizes=\"(max-width: 801px) 100vw, 801px\" \/><\/a><\/div><\/div><\/div><br \/>\n<section  class='av_textblock_section av-2q8zsb-95fd97b9da05b3ca571b2fe988c5548b '   itemscope=\"itemscope\" itemtype=\"https:\/\/schema.org\/CreativeWork\" ><div class='avia_textblock'  itemprop=\"text\" ><p style=\"text-align: center;\"><a href=\"https:\/\/ambroisie-risque.info\/wp-content\/uploads\/2021\/04\/lettre_de_signalement.docx\" target=\"_blank\" rel=\"noopener\">Texte type pour une lettre de signalement d&rsquo;une zone impact\u00e9e<\/a><br \/>\nCette lettre est \u00e0 envoyer en lien avec le maire de la commune <strong>au propri\u00e9taire ou gestionnaire de terrain<\/strong> sur lequel la pr\u00e9sence d\u2019ambroisie a \u00e9t\u00e9 signal\u00e9e<\/p>\n<\/div><\/section><\/p><\/div>\n\n<style type=\"text\/css\" data-created_by=\"avia_inline_auto\" id=\"style-css-av-t5m6gr-c201b0fea3399350c61e0ad2c39f2871\">\n.flex_column.av-t5m6gr-c201b0fea3399350c61e0ad2c39f2871{\nborder-radius:0px 0px 0px 0px;\npadding:0px 0px 0px 0px;\n}\n<\/style>\n<div  class='flex_column av-t5m6gr-c201b0fea3399350c61e0ad2c39f2871 av_one_fourth  avia-builder-el-156  el_after_av_one_fourth  el_before_av_hr  flex_column_div av-zero-column-padding  column-top-margin'     ><p>\n<style type=\"text\/css\" data-created_by=\"avia_inline_auto\" id=\"style-css-av-2o7wm3-c6b7b50f8b990b211ed0ff719bdf99fb\">\n.avia-image-container.av-2o7wm3-c6b7b50f8b990b211ed0ff719bdf99fb img.avia_image{\nbox-shadow:none;\n}\n.avia-image-container.av-2o7wm3-c6b7b50f8b990b211ed0ff719bdf99fb .av-image-caption-overlay-center{\ncolor:#ffffff;\n}\n<\/style>\n<div  class='avia-image-container av-2o7wm3-c6b7b50f8b990b211ed0ff719bdf99fb av-styling- av-img-linked avia-align-center  avia-builder-el-157  el_before_av_textblock  avia-builder-el-first '   itemprop=\"image\" itemscope=\"itemscope\" itemtype=\"https:\/\/schema.org\/ImageObject\" ><div class=\"avia-image-container-inner\"><div class=\"avia-image-overlay-wrap\"><a href=\"https:\/\/ambroisie-risque.info\/wp-content\/uploads\/2021\/04\/lettre_de_relance.docx\" class='avia_image '  target=\"_blank\"  rel=\"noopener noreferrer\" aria-label='Lettre_de_relance'><img decoding=\"async\" fetchpriority=\"high\" class='wp-image-3091 avia-img-lazy-loading-not-3091 avia_image ' src=\"https:\/\/www.fredonoccitanie.com\/eesh\/wp-content\/uploads\/sites\/5\/2023\/10\/Lettre_de_relance.jpg\" alt='' title='Lettre_de_relance'  height=\"606\" width=\"773\"  itemprop=\"thumbnailUrl\" srcset=\"https:\/\/www.fredonoccitanie.com\/eesh\/wp-content\/uploads\/sites\/5\/2023\/10\/Lettre_de_relance.jpg 773w, https:\/\/www.fredonoccitanie.com\/eesh\/wp-content\/uploads\/sites\/5\/2023\/10\/Lettre_de_relance-300x235.jpg 300w, https:\/\/www.fredonoccitanie.com\/eesh\/wp-content\/uploads\/sites\/5\/2023\/10\/Lettre_de_relance-768x602.jpg 768w, https:\/\/www.fredonoccitanie.com\/eesh\/wp-content\/uploads\/sites\/5\/2023\/10\/Lettre_de_relance-705x553.jpg 705w\" sizes=\"(max-width: 773px) 100vw, 773px\" \/><\/a><\/div><\/div><\/div><br \/>\n<section  class='av_textblock_section av-p4i76z-950fd288c556419a1b8ee971e26a6c0b '   itemscope=\"itemscope\" itemtype=\"https:\/\/schema.org\/CreativeWork\" ><div class='avia_textblock'  itemprop=\"text\" ><p style=\"text-align: center;\"><a href=\"https:\/\/ambroisie-risque.info\/wp-content\/uploads\/2021\/04\/lettre_de_relance.docx\" target=\"_blank\" rel=\"noopener\">Texte type pour une lettre de relance d&rsquo;un signalement d&rsquo;une zone impact\u00e9e<\/a><br \/>\nCette lettre est \u00e0 envoyer en lien avec le maire de la commune <strong>au propri\u00e9taire ou gestionnaire de terrain<\/strong> ayant d\u00e9j\u00e0 re\u00e7u une lettre de signalement<\/p>\n<\/div><\/section><\/p><\/div>\n\n<style type=\"text\/css\" data-created_by=\"avia_inline_auto\" id=\"style-css-av-cdla3v-568ef5c02c223c84c9a8a2e1a3371c41\">\n#top .hr.av-cdla3v-568ef5c02c223c84c9a8a2e1a3371c41{\nmargin-top:10px;\nmargin-bottom:10px;\n}\n.hr.av-cdla3v-568ef5c02c223c84c9a8a2e1a3371c41 .hr-inner{\nwidth:500px;\nborder-color:rgba(148,162,177,0.6);\n}\n<\/style>\n<div  class='hr av-cdla3v-568ef5c02c223c84c9a8a2e1a3371c41 hr-custom  avia-builder-el-159  el_after_av_one_fourth  el_before_av_one_full  hr-center hr-icon-no'><span class='hr-inner inner-border-av-border-fat'><span class=\"hr-inner-style\"><\/span><\/span><\/div>\n\n<style type=\"text\/css\" data-created_by=\"avia_inline_auto\" id=\"style-css-av-o5w9sr-8367a66bf97380618950fa7860340a2a\">\n.flex_column.av-o5w9sr-8367a66bf97380618950fa7860340a2a{\nborder-radius:0px 0px 0px 0px;\npadding:0px 0px 0px 0px;\n}\n<\/style>\n<div  class='flex_column av-o5w9sr-8367a66bf97380618950fa7860340a2a av_one_full  avia-builder-el-160  el_after_av_hr  el_before_av_one_fourth  first flex_column_div av-zero-column-padding  '     ><section  class='av_textblock_section av-28azm3-2dcbcea5db170227feb10f9779b430e8 '   itemscope=\"itemscope\" itemtype=\"https:\/\/schema.org\/CreativeWork\" ><div class='avia_textblock'  itemprop=\"text\" ><h4>Formations par FREDON Occitanie et ses partenaires<\/h4>\n<p>Ces documents PDF sont t\u00e9l\u00e9chargeables. N&rsquo;h\u00e9sitez pas \u00e0 <a href=\"https:\/\/www.fredonoccitanie.com\/nous-contacter\/\" target=\"_blank\" rel=\"noopener\">nous contacter<\/a> si vous souhaitez les int\u00e9grer \u00e0 vos formations.<\/p>\n<\/div><\/section><\/div>\n\n<style type=\"text\/css\" data-created_by=\"avia_inline_auto\" id=\"style-css-av-lfhbi3-353e04d3a71cabf0cd324d6c9722ee45\">\n.flex_column.av-lfhbi3-353e04d3a71cabf0cd324d6c9722ee45{\nborder-radius:0px 0px 0px 0px;\npadding:0px 0px 0px 0px;\n}\n<\/style>\n<div  class='flex_column av-lfhbi3-353e04d3a71cabf0cd324d6c9722ee45 av_one_fourth  avia-builder-el-162  el_after_av_one_full  el_before_av_one_fourth  first flex_column_div av-zero-column-padding  column-top-margin'     ><p>\n<style type=\"text\/css\" data-created_by=\"avia_inline_auto\" id=\"style-css-av-jpjdq3-94cf0f27b651acfac68a34f23141320d\">\n.avia-image-container.av-jpjdq3-94cf0f27b651acfac68a34f23141320d img.avia_image{\nbox-shadow:none;\n}\n.avia-image-container.av-jpjdq3-94cf0f27b651acfac68a34f23141320d .av-image-caption-overlay-center{\ncolor:#ffffff;\n}\n<\/style>\n<div  class='avia-image-container av-jpjdq3-94cf0f27b651acfac68a34f23141320d av-styling- av-img-linked avia-align-center  avia-builder-el-163  el_before_av_textblock  avia-builder-el-first '   itemprop=\"image\" itemscope=\"itemscope\" itemtype=\"https:\/\/schema.org\/ImageObject\" ><div class=\"avia-image-container-inner\"><div class=\"avia-image-overlay-wrap\"><a href=\"https:\/\/fredonoccitanie189-my.sharepoint.com\/:b:\/g\/personal\/e_algans_fredon-occitanie_fr\/ESonME50qdtPpqQYHNAsyBoBcTpM_wHkJ-PmZ9fxm3tqdw?e=ZRFXOb\" class='avia_image '  target=\"_blank\"  rel=\"noopener noreferrer\" aria-label='2022_Ambroisies_Gestion_JEVI'><img decoding=\"async\" fetchpriority=\"high\" class='wp-image-3094 avia-img-lazy-loading-not-3094 avia_image ' src=\"https:\/\/www.fredonoccitanie.com\/eesh\/wp-content\/uploads\/sites\/5\/2023\/10\/2022_Ambroisies_Gestion_JEVI-1030x546.jpg\" alt='' title='2022_Ambroisies_Gestion_JEVI'  height=\"546\" width=\"1030\"  itemprop=\"thumbnailUrl\" srcset=\"https:\/\/www.fredonoccitanie.com\/eesh\/wp-content\/uploads\/sites\/5\/2023\/10\/2022_Ambroisies_Gestion_JEVI-1030x546.jpg 1030w, https:\/\/www.fredonoccitanie.com\/eesh\/wp-content\/uploads\/sites\/5\/2023\/10\/2022_Ambroisies_Gestion_JEVI-300x159.jpg 300w, https:\/\/www.fredonoccitanie.com\/eesh\/wp-content\/uploads\/sites\/5\/2023\/10\/2022_Ambroisies_Gestion_JEVI-768x407.jpg 768w, https:\/\/www.fredonoccitanie.com\/eesh\/wp-content\/uploads\/sites\/5\/2023\/10\/2022_Ambroisies_Gestion_JEVI-710x375.jpg 710w, https:\/\/www.fredonoccitanie.com\/eesh\/wp-content\/uploads\/sites\/5\/2023\/10\/2022_Ambroisies_Gestion_JEVI-705x374.jpg 705w, https:\/\/www.fredonoccitanie.com\/eesh\/wp-content\/uploads\/sites\/5\/2023\/10\/2022_Ambroisies_Gestion_JEVI.jpg 1374w\" sizes=\"(max-width: 1030px) 100vw, 1030px\" \/><\/a><\/div><\/div><\/div><br \/>\n<section  class='av_textblock_section av-hkcykr-13717dd324aa0fdb2578815a1e9888ad '   itemscope=\"itemscope\" itemtype=\"https:\/\/schema.org\/CreativeWork\" ><div class='avia_textblock'  itemprop=\"text\" ><p style=\"text-align: center;\"><a href=\"https:\/\/ambroisie-risque.info\/wp-content\/uploads\/2021\/04\/texte_type_bulletins_communaux.docx\" target=\"_blank\" rel=\"noopener\">L&rsquo;ambroisie \u00e0 feuilles d&rsquo;armoise en JEVI (Zones Non Agricoles)<\/a><br \/>\nR\u00e9daction par FREDON Occitanie<br \/>\n+ Exemple de formation pour <a href=\"https:\/\/fredonoccitanie189-my.sharepoint.com\/:b:\/g\/personal\/e_algans_fredon-occitanie_fr\/EcHWT5rmL9pLuRcUvYWR-AwBfoSLnznBMjxE9b0NPm55PQ?e=djQlgJ\" target=\"_blank\" rel=\"noopener\">BTS en JEVI<\/a><\/p>\n<\/div><\/section><\/p><\/div>\n\n<style type=\"text\/css\" data-created_by=\"avia_inline_auto\" id=\"style-css-av-g2jsx7-077c639adbfed60c557e54b849f675eb\">\n.flex_column.av-g2jsx7-077c639adbfed60c557e54b849f675eb{\nborder-radius:0px 0px 0px 0px;\npadding:0px 0px 0px 0px;\n}\n<\/style>\n<div  class='flex_column av-g2jsx7-077c639adbfed60c557e54b849f675eb av_one_fourth  avia-builder-el-165  el_after_av_one_fourth  el_before_av_one_fourth  flex_column_div av-zero-column-padding  column-top-margin'     ><p>\n<style type=\"text\/css\" data-created_by=\"avia_inline_auto\" id=\"style-css-av-1c9njv-c1a623bb3aae2f53ca04535aa9e60ac2\">\n.avia-image-container.av-1c9njv-c1a623bb3aae2f53ca04535aa9e60ac2 img.avia_image{\nbox-shadow:none;\n}\n.avia-image-container.av-1c9njv-c1a623bb3aae2f53ca04535aa9e60ac2 .av-image-caption-overlay-center{\ncolor:#ffffff;\n}\n<\/style>\n<div  class='avia-image-container av-1c9njv-c1a623bb3aae2f53ca04535aa9e60ac2 av-styling- av-img-linked avia-align-center  avia-builder-el-166  el_before_av_textblock  avia-builder-el-first '   itemprop=\"image\" itemscope=\"itemscope\" itemtype=\"https:\/\/schema.org\/ImageObject\" ><div class=\"avia-image-container-inner\"><div class=\"avia-image-overlay-wrap\"><a href=\"https:\/\/fredonoccitanie189-my.sharepoint.com\/:b:\/g\/personal\/e_algans_fredon-occitanie_fr\/EebFHpP7_qVGpfztlQA1vu4BX-j5FRGvNQgu3_Hk_DDwMQ?e=QcVCHb\" class='avia_image '  target=\"_blank\"  rel=\"noopener noreferrer\" aria-label='ambroisie bord de route'><img decoding=\"async\" fetchpriority=\"high\" class='wp-image-3605 avia-img-lazy-loading-not-3605 avia_image ' src=\"https:\/\/www.fredonoccitanie.com\/eesh\/wp-content\/uploads\/sites\/5\/2024\/07\/ambroisie-bord-de-route.jpg\" alt='' title='ambroisie bord de route'  height=\"653\" width=\"1175\"  itemprop=\"thumbnailUrl\" srcset=\"https:\/\/www.fredonoccitanie.com\/eesh\/wp-content\/uploads\/sites\/5\/2024\/07\/ambroisie-bord-de-route.jpg 1175w, https:\/\/www.fredonoccitanie.com\/eesh\/wp-content\/uploads\/sites\/5\/2024\/07\/ambroisie-bord-de-route-300x167.jpg 300w, https:\/\/www.fredonoccitanie.com\/eesh\/wp-content\/uploads\/sites\/5\/2024\/07\/ambroisie-bord-de-route-1030x572.jpg 1030w, https:\/\/www.fredonoccitanie.com\/eesh\/wp-content\/uploads\/sites\/5\/2024\/07\/ambroisie-bord-de-route-768x427.jpg 768w, https:\/\/www.fredonoccitanie.com\/eesh\/wp-content\/uploads\/sites\/5\/2024\/07\/ambroisie-bord-de-route-705x392.jpg 705w\" sizes=\"(max-width: 1175px) 100vw, 1175px\" \/><\/a><\/div><\/div><\/div><br \/>\n<section  class='av_textblock_section av-171waj-5820897f26f48a769208bc734fcc71d5 '   itemscope=\"itemscope\" itemtype=\"https:\/\/schema.org\/CreativeWork\" ><div class='avia_textblock'  itemprop=\"text\" ><p style=\"text-align: center;\"><a href=\"https:\/\/fredonoccitanie189-my.sharepoint.com\/:b:\/g\/personal\/e_algans_fredon-occitanie_fr\/EebFHpP7_qVGpfztlQA1vu4BX-j5FRGvNQgu3_Hk_DDwMQ?e=QcVCHb\" target=\"_blank\" rel=\"noopener\">Gestion des ambroisies en bord de route<\/a><br \/>\nR\u00e9daction par FREDON Occitanie<\/p>\n<\/div><\/section><\/p><\/div>\n<style type=\"text\/css\" data-created_by=\"avia_inline_auto\" id=\"style-css-av-bdap2j-55e01b00c2c51a763fea84edd8c8552e\">\n.flex_column.av-bdap2j-55e01b00c2c51a763fea84edd8c8552e{\nborder-radius:0px 0px 0px 0px;\npadding:0px 0px 0px 0px;\n}\n<\/style>\n<div  class='flex_column av-bdap2j-55e01b00c2c51a763fea84edd8c8552e av_one_fourth  avia-builder-el-168  el_after_av_one_fourth  el_before_av_one_fourth  flex_column_div av-zero-column-padding  column-top-margin'     ><p>\n<style type=\"text\/css\" data-created_by=\"avia_inline_auto\" id=\"style-css-av-8zgf2j-f19769fa3511fd8e0beabc7a7d2ca4e3\">\n.avia-image-container.av-8zgf2j-f19769fa3511fd8e0beabc7a7d2ca4e3 img.avia_image{\nbox-shadow:none;\n}\n.avia-image-container.av-8zgf2j-f19769fa3511fd8e0beabc7a7d2ca4e3 .av-image-caption-overlay-center{\ncolor:#ffffff;\n}\n<\/style>\n<div  class='avia-image-container av-8zgf2j-f19769fa3511fd8e0beabc7a7d2ca4e3 av-styling- av-img-linked avia-align-center  avia-builder-el-169  el_before_av_textblock  avia-builder-el-first '   itemprop=\"image\" itemscope=\"itemscope\" itemtype=\"https:\/\/schema.org\/ImageObject\" ><div class=\"avia-image-container-inner\"><div class=\"avia-image-overlay-wrap\"><a href=\"https:\/\/fredonoccitanie189-my.sharepoint.com\/:b:\/g\/personal\/e_algans_fredon-occitanie_fr\/ERtIQyfd6XZKm45Wu1OrFk4BKDtLwNm5hErKuyQdNch57Q?e=STcGyC\" class='avia_image '  target=\"_blank\"  rel=\"noopener noreferrer\" aria-label='ambroisie_agricole'><img decoding=\"async\" fetchpriority=\"high\" class='wp-image-3604 avia-img-lazy-loading-not-3604 avia_image ' src=\"https:\/\/www.fredonoccitanie.com\/eesh\/wp-content\/uploads\/sites\/5\/2024\/07\/ambroisie_agricole.jpg\" alt='' title='ambroisie_agricole'  height=\"659\" width=\"1182\"  itemprop=\"thumbnailUrl\" srcset=\"https:\/\/www.fredonoccitanie.com\/eesh\/wp-content\/uploads\/sites\/5\/2024\/07\/ambroisie_agricole.jpg 1182w, https:\/\/www.fredonoccitanie.com\/eesh\/wp-content\/uploads\/sites\/5\/2024\/07\/ambroisie_agricole-300x167.jpg 300w, https:\/\/www.fredonoccitanie.com\/eesh\/wp-content\/uploads\/sites\/5\/2024\/07\/ambroisie_agricole-1030x574.jpg 1030w, https:\/\/www.fredonoccitanie.com\/eesh\/wp-content\/uploads\/sites\/5\/2024\/07\/ambroisie_agricole-768x428.jpg 768w, https:\/\/www.fredonoccitanie.com\/eesh\/wp-content\/uploads\/sites\/5\/2024\/07\/ambroisie_agricole-705x393.jpg 705w\" sizes=\"(max-width: 1182px) 100vw, 1182px\" \/><\/a><\/div><\/div><\/div><br \/>\n<section  class='av_textblock_section av-84ob3f-0c32354401b4dc75c7d3b83f5458e605 '   itemscope=\"itemscope\" itemtype=\"https:\/\/schema.org\/CreativeWork\" ><div class='avia_textblock'  itemprop=\"text\" ><p style=\"text-align: center;\"><a href=\"https:\/\/fredonoccitanie189-my.sharepoint.com\/:b:\/g\/personal\/e_algans_fredon-occitanie_fr\/ERtIQyfd6XZKm45Wu1OrFk4BKDtLwNm5hErKuyQdNch57Q?e=STcGyC\" target=\"_blank\" rel=\"noopener\">Gestion des ambroisies en milieu agricole<\/a><br \/>\nR\u00e9daction par FREDON Occitanie<\/p>\n<\/div><\/section><\/p><\/div>\n<style type=\"text\/css\" data-created_by=\"avia_inline_auto\" id=\"style-css-av-63f4tn-02e9a41e36b9eef75e8ed32aee52faea\">\n.flex_column.av-63f4tn-02e9a41e36b9eef75e8ed32aee52faea{\nborder-radius:0px 0px 0px 0px;\npadding:0px 0px 0px 0px;\n}\n<\/style>\n<div  class='flex_column av-63f4tn-02e9a41e36b9eef75e8ed32aee52faea av_one_fourth  avia-builder-el-171  el_after_av_one_fourth  el_before_av_hr  flex_column_div av-zero-column-padding  column-top-margin'     ><p>\n<style type=\"text\/css\" data-created_by=\"avia_inline_auto\" id=\"style-css-av-4v2zej-5c28b8ea942d4f7cc9307a9ae08f6297\">\n.avia-image-container.av-4v2zej-5c28b8ea942d4f7cc9307a9ae08f6297 img.avia_image{\nbox-shadow:none;\n}\n.avia-image-container.av-4v2zej-5c28b8ea942d4f7cc9307a9ae08f6297 .av-image-caption-overlay-center{\ncolor:#ffffff;\n}\n<\/style>\n<div  class='avia-image-container av-4v2zej-5c28b8ea942d4f7cc9307a9ae08f6297 av-styling- av-img-linked avia-align-center  avia-builder-el-172  el_before_av_textblock  avia-builder-el-first '   itemprop=\"image\" itemscope=\"itemscope\" itemtype=\"https:\/\/schema.org\/ImageObject\" ><div class=\"avia-image-container-inner\"><div class=\"avia-image-overlay-wrap\"><a href=\"https:\/\/fredonoccitanie189-my.sharepoint.com\/:b:\/g\/personal\/e_algans_fredon-occitanie_fr\/EXEtSjFluvJPqB7xT75Pt9QBjyn862xpAzNotBFVMeoEOw?e=tUbsYr\" class='avia_image '  target=\"_blank\"  rel=\"noopener noreferrer\" aria-label='ObservatoireAmbroisie_presentation_grand_public'><img decoding=\"async\" fetchpriority=\"high\" class='wp-image-3098 avia-img-lazy-loading-not-3098 avia_image ' src=\"https:\/\/www.fredonoccitanie.com\/eesh\/wp-content\/uploads\/sites\/5\/2023\/10\/ObservatoireAmbroisie_presentation_grand_public-1030x588.jpg\" alt='' title='ObservatoireAmbroisie_presentation_grand_public'  height=\"588\" width=\"1030\"  itemprop=\"thumbnailUrl\" srcset=\"https:\/\/www.fredonoccitanie.com\/eesh\/wp-content\/uploads\/sites\/5\/2023\/10\/ObservatoireAmbroisie_presentation_grand_public-1030x588.jpg 1030w, https:\/\/www.fredonoccitanie.com\/eesh\/wp-content\/uploads\/sites\/5\/2023\/10\/ObservatoireAmbroisie_presentation_grand_public-300x171.jpg 300w, https:\/\/www.fredonoccitanie.com\/eesh\/wp-content\/uploads\/sites\/5\/2023\/10\/ObservatoireAmbroisie_presentation_grand_public-768x438.jpg 768w, https:\/\/www.fredonoccitanie.com\/eesh\/wp-content\/uploads\/sites\/5\/2023\/10\/ObservatoireAmbroisie_presentation_grand_public-705x402.jpg 705w, https:\/\/www.fredonoccitanie.com\/eesh\/wp-content\/uploads\/sites\/5\/2023\/10\/ObservatoireAmbroisie_presentation_grand_public.jpg 1253w\" sizes=\"(max-width: 1030px) 100vw, 1030px\" \/><\/a><\/div><\/div><\/div><br \/>\n<section  class='av_textblock_section av-211i17-6386cf0d98c36be7d145b56efde5c628 '   itemscope=\"itemscope\" itemtype=\"https:\/\/schema.org\/CreativeWork\" ><div class='avia_textblock'  itemprop=\"text\" ><p style=\"text-align: center;\"><a href=\"https:\/\/fredonoccitanie189-my.sharepoint.com\/:b:\/g\/personal\/e_algans_fredon-occitanie_fr\/Edc1xnCO4t9CsOJJl1rnUkcB7mwY8FTOgPvUCrZQSnoiNg?e=veqlCZ\" target=\"_blank\" rel=\"noopener\">Pr\u00e9sentation Ambroisies Grand Public (2020)<\/a><br \/>\nR\u00e9daction par Observatoire des Ambroisies<br \/>\nRetrouvez \u00e9galement d&rsquo;autres outils sur leur <a href=\"https:\/\/ambroisie-risque.info\/outils\/boite-a-outils-du-referent-ambroisie\/\" target=\"_blank\" rel=\"noopener\">site internet<\/a><\/p>\n<\/div><\/section><\/p><\/div><\/p>\n\n<style type=\"text\/css\" data-created_by=\"avia_inline_auto\" id=\"style-css-av-av4byz-4450e79b383fcedb2392860ea9b2de22\">\n#top .hr.av-av4byz-4450e79b383fcedb2392860ea9b2de22{\nmargin-top:30px;\nmargin-bottom:30px;\n}\n.hr.av-av4byz-4450e79b383fcedb2392860ea9b2de22 .hr-inner{\nwidth:800px;\nborder-color:#0c4e67;\n}\n<\/style>\n<div  class='hr av-av4byz-4450e79b383fcedb2392860ea9b2de22 hr-custom  avia-builder-el-174  el_after_av_one_fourth  el_before_av_one_full  hr-center hr-icon-no'><span class='hr-inner inner-border-av-border-fat'><span class=\"hr-inner-style\"><\/span><\/span><\/div>\n\n<style type=\"text\/css\" data-created_by=\"avia_inline_auto\" id=\"style-css-av-24dqqj-156a4afc1a95934c3f180e2afc84f9a5\">\n.flex_column.av-24dqqj-156a4afc1a95934c3f180e2afc84f9a5{\nborder-radius:0px 0px 0px 0px;\npadding:0px 0px 0px 0px;\n}\n<\/style>\n<div  class='flex_column av-24dqqj-156a4afc1a95934c3f180e2afc84f9a5 av_one_full  avia-builder-el-175  el_after_av_hr  el_before_av_hr  first flex_column_div av-zero-column-padding  '     ><section  class='av_textblock_section av-liyc1n2j-a7f06d5c422a887a3365b6e95c2ec680 '   itemscope=\"itemscope\" itemtype=\"https:\/\/schema.org\/CreativeWork\" ><div class='avia_textblock'  itemprop=\"text\" ><h2 id=\"ancreliens\" style=\"text-align: center;\">Liens utiles<\/h2>\n<p style=\"text-align: center;\">Les liens utiles renvoient \u00e0 des sites internet de partenaire. Veuillez vous r\u00e9f\u00e9rer \u00e0 leurs conditions pour le partage.<\/p>\n<\/div><\/section><\/div>\n\n<style type=\"text\/css\" data-created_by=\"avia_inline_auto\" id=\"style-css-av-9oq9p7-086eb5c286acf4bc383b7e49dc3f67bb\">\n#top .hr.av-9oq9p7-086eb5c286acf4bc383b7e49dc3f67bb{\nmargin-top:10px;\nmargin-bottom:10px;\n}\n.hr.av-9oq9p7-086eb5c286acf4bc383b7e49dc3f67bb .hr-inner{\nwidth:500px;\nborder-color:rgba(148,162,177,0.6);\n}\n<\/style>\n<div  class='hr av-9oq9p7-086eb5c286acf4bc383b7e49dc3f67bb hr-custom  avia-builder-el-177  el_after_av_one_full  el_before_av_one_full  hr-center hr-icon-no'><span class='hr-inner inner-border-av-border-fat'><span class=\"hr-inner-style\"><\/span><\/span><\/div>\n\n<style type=\"text\/css\" data-created_by=\"avia_inline_auto\" id=\"style-css-av-1cdndgr-40c7dd25b3012dfc2b3a283f64e9af11\">\n.flex_column.av-1cdndgr-40c7dd25b3012dfc2b3a283f64e9af11{\nborder-radius:0px 0px 0px 0px;\npadding:0px 0px 0px 0px;\n}\n<\/style>\n<div  class='flex_column av-1cdndgr-40c7dd25b3012dfc2b3a283f64e9af11 av_one_full  avia-builder-el-178  el_after_av_hr  el_before_av_hr  first flex_column_div av-zero-column-padding  '     ><section  class='av_textblock_section av-1bf78ej-6a44de04f8b75653257b5b2b6ad85aa8 '   itemscope=\"itemscope\" itemtype=\"https:\/\/schema.org\/CreativeWork\" ><div class='avia_textblock'  itemprop=\"text\" ><h4>Informations g\u00e9n\u00e9rales<\/h4>\n<\/div><\/section><br \/>\n<div  class='avia-buttonrow-wrap av-lj4born8-edc81cc7c15db9f9ec974516ec420067 avia-buttonrow-center  avia-builder-el-180  el_after_av_textblock  avia-builder-el-last '>\n\n<style type=\"text\/css\" data-created_by=\"avia_inline_auto\" id=\"style-css-av-4j8117-b985b4bdd77920cf860b427444d58d4e\">\n#top #wrap_all .avia-button.av-4j8117-b985b4bdd77920cf860b427444d58d4e{\nbackground-color:#0c4e67;\nborder-color:#0c4e67;\ncolor:#ffffff;\ntransition:all 0.4s ease-in-out;\nmargin-bottom:5px;\nmargin-right:3px;\nmargin-left:3px;\n}\n#top #wrap_all .avia-button.av-4j8117-b985b4bdd77920cf860b427444d58d4e .avia-svg-icon svg:first-child{\nfill:#ffffff;\nstroke:#ffffff;\n}\n<\/style>\n<a href='https:\/\/www.occitanie.ars.sante.fr\/liste-de-contenus\/Pollens'  class='avia-button av-4j8117-b985b4bdd77920cf860b427444d58d4e avia-icon_select-yes-left-icon avia-size-small'  target=\"_blank\"  rel=\"noopener noreferrer\"  aria-label=\"ARS Occitanie\"><span class='avia_button_icon avia_button_icon_left avia-iconfont avia-font-entypo-fontello' data-av_icon='\ue822' data-av_iconfont='entypo-fontello' ><\/span><span class='avia_iconbox_title' >ARS Occitanie<\/span><\/a>\n\n<style type=\"text\/css\" data-created_by=\"avia_inline_auto\" id=\"style-css-av-182d3gr-bde46cd70567ac24c5f91bdb1e2063b9\">\n#top #wrap_all .avia-button.av-182d3gr-bde46cd70567ac24c5f91bdb1e2063b9{\nbackground-color:#0c4e67;\nborder-color:#0c4e67;\ncolor:#ffffff;\ntransition:all 0.4s ease-in-out;\nmargin-bottom:5px;\nmargin-right:3px;\nmargin-left:3px;\n}\n#top #wrap_all .avia-button.av-182d3gr-bde46cd70567ac24c5f91bdb1e2063b9 .avia-svg-icon svg:first-child{\nfill:#ffffff;\nstroke:#ffffff;\n}\n<\/style>\n<a href='https:\/\/draaf.occitanie.agriculture.gouv.fr\/les-ambroisies-plantes-allergenes-r422.html'  class='avia-button av-182d3gr-bde46cd70567ac24c5f91bdb1e2063b9 avia-icon_select-yes-left-icon avia-size-small'  target=\"_blank\"  rel=\"noopener noreferrer\"  aria-label=\"DRAAF Occitanie\"><span class='avia_button_icon avia_button_icon_left avia-iconfont avia-font-entypo-fontello' data-av_icon='\ue822' data-av_iconfont='entypo-fontello' ><\/span><span class='avia_iconbox_title' >DRAAF Occitanie<\/span><\/a>\n\n<style type=\"text\/css\" data-created_by=\"avia_inline_auto\" id=\"style-css-av-16kcngr-086ba1bf7052c95851660f94f25bff07\">\n#top #wrap_all .avia-button.av-16kcngr-086ba1bf7052c95851660f94f25bff07{\nbackground-color:#0c4e67;\nborder-color:#0c4e67;\ncolor:#ffffff;\ntransition:all 0.4s ease-in-out;\nmargin-bottom:5px;\nmargin-right:3px;\nmargin-left:3px;\n}\n#top #wrap_all .avia-button.av-16kcngr-086ba1bf7052c95851660f94f25bff07 .avia-svg-icon svg:first-child{\nfill:#ffffff;\nstroke:#ffffff;\n}\n<\/style>\n<a href='https:\/\/ambroisie-risque.info\/quest-ce-que-lambroisie\/'  class='avia-button av-16kcngr-086ba1bf7052c95851660f94f25bff07 avia-icon_select-yes-left-icon avia-size-small'  target=\"_blank\"  rel=\"noopener noreferrer\"  aria-label=\"Observatoire des Ambroisies\"><span class='avia_button_icon avia_button_icon_left avia-iconfont avia-font-entypo-fontello' data-av_icon='\ue822' data-av_iconfont='entypo-fontello' ><\/span><span class='avia_iconbox_title' >Observatoire des Ambroisies<\/span><\/a>\n\n<style type=\"text\/css\" data-created_by=\"avia_inline_auto\" id=\"style-css-av-14ok0t7-ff5a18051dd8e3043394677c8959f7c3\">\n#top #wrap_all .avia-button.av-14ok0t7-ff5a18051dd8e3043394677c8959f7c3{\nbackground-color:#0c4e67;\nborder-color:#0c4e67;\ncolor:#ffffff;\ntransition:all 0.4s ease-in-out;\nmargin-bottom:5px;\nmargin-right:3px;\nmargin-left:3px;\n}\n#top #wrap_all .avia-button.av-14ok0t7-ff5a18051dd8e3043394677c8959f7c3 .avia-svg-icon svg:first-child{\nfill:#ffffff;\nstroke:#ffffff;\n}\n<\/style>\n<a href='http:\/\/www.ambroisie-afeda.org\/'  class='avia-button av-14ok0t7-ff5a18051dd8e3043394677c8959f7c3 avia-icon_select-yes-left-icon avia-size-small'  target=\"_blank\"  rel=\"noopener noreferrer\"  aria-label=\"Association Fran\u00e7aise d\u2019Etude des Ambroisies (AFEDA)\"><span class='avia_button_icon avia_button_icon_left avia-iconfont avia-font-entypo-fontello' data-av_icon='\ue822' data-av_iconfont='entypo-fontello' ><\/span><span class='avia_iconbox_title' >Association Fran\u00e7aise d\u2019Etude des Ambroisies (AFEDA)<\/span><\/a>\n\n<style type=\"text\/css\" data-created_by=\"avia_inline_auto\" id=\"style-css-av-13de29n-ef7c03ac3cd93959fea91f1cf3ed67fe\">\n#top #wrap_all .avia-button.av-13de29n-ef7c03ac3cd93959fea91f1cf3ed67fe{\nbackground-color:#0c4e67;\nborder-color:#0c4e67;\ncolor:#ffffff;\ntransition:all 0.4s ease-in-out;\nmargin-bottom:5px;\nmargin-right:3px;\nmargin-left:3px;\n}\n#top #wrap_all .avia-button.av-13de29n-ef7c03ac3cd93959fea91f1cf3ed67fe .avia-svg-icon svg:first-child{\nfill:#ffffff;\nstroke:#ffffff;\n}\n<\/style>\n<a href='https:\/\/sante.gouv.fr\/spip.php?page=recherche&recherche=ambroisie'  class='avia-button av-13de29n-ef7c03ac3cd93959fea91f1cf3ed67fe avia-icon_select-yes-left-icon avia-size-small'  target=\"_blank\"  rel=\"noopener noreferrer\"  aria-label=\"Minist\u00e8re de la Sant\u00e9 et de la Pr\u00e9vention\"><span class='avia_button_icon avia_button_icon_left avia-iconfont avia-font-entypo-fontello' data-av_icon='\ue822' data-av_iconfont='entypo-fontello' ><\/span><span class='avia_iconbox_title' >Minist\u00e8re de la Sant\u00e9 et de la Pr\u00e9vention<\/span><\/a>\n<\/div><\/p><\/div>\n\n<style type=\"text\/css\" data-created_by=\"avia_inline_auto\" id=\"style-css-av-7qmh7v-c629ee8819fddec689759474db9e4775\">\n#top .hr.av-7qmh7v-c629ee8819fddec689759474db9e4775{\nmargin-top:10px;\nmargin-bottom:10px;\n}\n.hr.av-7qmh7v-c629ee8819fddec689759474db9e4775 .hr-inner{\nwidth:500px;\nborder-color:rgba(148,162,177,0.6);\n}\n<\/style>\n<div  class='hr av-7qmh7v-c629ee8819fddec689759474db9e4775 hr-custom  avia-builder-el-181  el_after_av_one_full  el_before_av_one_full  hr-center hr-icon-no'><span class='hr-inner inner-border-av-border-fat'><span class=\"hr-inner-style\"><\/span><\/span><\/div>\n\n<style type=\"text\/css\" data-created_by=\"avia_inline_auto\" id=\"style-css-av-10xfhcr-e5d86b57c0622270af88c15607da1ce1\">\n.flex_column.av-10xfhcr-e5d86b57c0622270af88c15607da1ce1{\nborder-radius:0px 0px 0px 0px;\npadding:0px 0px 0px 0px;\n}\n<\/style>\n<div  class='flex_column av-10xfhcr-e5d86b57c0622270af88c15607da1ce1 av_one_full  avia-builder-el-182  el_after_av_hr  el_before_av_hr  first flex_column_div av-zero-column-padding  '     ><section  class='av_textblock_section av-z879i3-c6a5e64d1b44873f4573871372801e9f '   itemscope=\"itemscope\" itemtype=\"https:\/\/schema.org\/CreativeWork\" ><div class='avia_textblock'  itemprop=\"text\" ><h4>Informations pratiques<\/h4>\n<\/div><\/section><br \/>\n<div  class='avia-buttonrow-wrap av-y675yj-03f754cd29b0bcb04b857acc17a25410 avia-buttonrow-center  avia-builder-el-184  el_after_av_textblock  avia-builder-el-last '>\n\n<style type=\"text\/css\" data-created_by=\"avia_inline_auto\" id=\"style-css-av-3aanq3-db8cdde09745dd746b0239e69ea9febe\">\n#top #wrap_all .avia-button.av-3aanq3-db8cdde09745dd746b0239e69ea9febe{\nbackground-color:#0c4e67;\nborder-color:#0c4e67;\ncolor:#ffffff;\ntransition:all 0.4s ease-in-out;\nmargin-bottom:5px;\nmargin-right:3px;\nmargin-left:3px;\n}\n#top #wrap_all .avia-button.av-3aanq3-db8cdde09745dd746b0239e69ea9febe .avia-svg-icon svg:first-child{\nfill:#ffffff;\nstroke:#ffffff;\n}\n<\/style>\n<a href='http:\/\/www.signalement-ambroisie.fr\/'  class='avia-button av-3aanq3-db8cdde09745dd746b0239e69ea9febe avia-icon_select-yes-left-icon avia-size-small'  target=\"_blank\"  rel=\"noopener noreferrer\"  aria-label=\"Plateforme Signalement Ambroisie\"><span class='avia_button_icon avia_button_icon_left avia-iconfont avia-font-entypo-fontello' data-av_icon='\ue822' data-av_iconfont='entypo-fontello' ><\/span><span class='avia_iconbox_title' >Plateforme Signalement Ambroisie<\/span><\/a>\n\n<style type=\"text\/css\" data-created_by=\"avia_inline_auto\" id=\"style-css-av-uyvad7-01ad84a35c1d73528368c4e9aec0fc9f\">\n#top #wrap_all .avia-button.av-uyvad7-01ad84a35c1d73528368c4e9aec0fc9f{\nbackground-color:#0c4e67;\nborder-color:#0c4e67;\ncolor:#ffffff;\ntransition:all 0.4s ease-in-out;\nmargin-bottom:5px;\nmargin-right:3px;\nmargin-left:3px;\n}\n#top #wrap_all .avia-button.av-uyvad7-01ad84a35c1d73528368c4e9aec0fc9f .avia-svg-icon svg:first-child{\nfill:#ffffff;\nstroke:#ffffff;\n}\n<\/style>\n<a href='https:\/\/draaf.occitanie.agriculture.gouv.fr\/lutte-contre-l-ambroisie-en-millieu-agricole-a5689.html'  class='avia-button av-uyvad7-01ad84a35c1d73528368c4e9aec0fc9f avia-icon_select-yes-left-icon avia-size-small'  target=\"_blank\"  rel=\"noopener noreferrer\"  aria-label=\"DRAAF Occitanie - Lutte Agricole\"><span class='avia_button_icon avia_button_icon_left avia-iconfont avia-font-entypo-fontello' data-av_icon='\ue822' data-av_iconfont='entypo-fontello' ><\/span><span class='avia_iconbox_title' >DRAAF Occitanie - Lutte Agricole<\/span><\/a>\n\n<style type=\"text\/css\" data-created_by=\"avia_inline_auto\" id=\"style-css-av-tb0d7f-f8ead739dc1928d378bf5479c1b83855\">\n#top #wrap_all .avia-button.av-tb0d7f-f8ead739dc1928d378bf5479c1b83855{\nbackground-color:#0c4e67;\nborder-color:#0c4e67;\ncolor:#ffffff;\ntransition:all 0.4s ease-in-out;\nmargin-bottom:5px;\nmargin-right:3px;\nmargin-left:3px;\n}\n#top #wrap_all .avia-button.av-tb0d7f-f8ead739dc1928d378bf5479c1b83855 .avia-svg-icon svg:first-child{\nfill:#ffffff;\nstroke:#ffffff;\n}\n<\/style>\n<a href='https:\/\/occitanie.chambre-agriculture.fr\/publications\/toutes-les-publications\/la-publication-en-detail\/actualites\/les-ambroisies-un-probleme-agricole-et-de-sante-publique-qui-ne-fait-que-commencer-edition-2021\/'  class='avia-button av-tb0d7f-f8ead739dc1928d378bf5479c1b83855 avia-icon_select-yes-left-icon avia-size-small'  target=\"_blank\"  rel=\"noopener noreferrer\"  aria-label=\"Chambre R\u00e9gionale d\u2018Agriculture d\u2019Occitanie\"><span class='avia_button_icon avia_button_icon_left avia-iconfont avia-font-entypo-fontello' data-av_icon='\ue822' data-av_iconfont='entypo-fontello' ><\/span><span class='avia_iconbox_title' >Chambre R\u00e9gionale d\u2018Agriculture d\u2019Occitanie<\/span><\/a>\n\n<style type=\"text\/css\" data-created_by=\"avia_inline_auto\" id=\"style-css-av-r0vu0r-2b0a9b0a53735fcad57c6828c5639352\">\n#top #wrap_all .avia-button.av-r0vu0r-2b0a9b0a53735fcad57c6828c5639352{\nbackground-color:#d69709;\nborder-color:#d69709;\ncolor:#ffffff;\ntransition:all 0.4s ease-in-out;\nmargin-bottom:5px;\nmargin-right:3px;\nmargin-left:3px;\n}\n#top #wrap_all .avia-button.av-r0vu0r-2b0a9b0a53735fcad57c6828c5639352 .avia-svg-icon svg:first-child{\nfill:#ffffff;\nstroke:#ffffff;\n}\n<\/style>\n<a href='https:\/\/occitanie.chambre-agriculture.fr\/agroenvironnement\/ecophyto\/bulletin-de-sante-du-vegetal\/bsv-midi-pyrenees\/'  class='avia-button av-r0vu0r-2b0a9b0a53735fcad57c6828c5639352 avia-icon_select-yes-left-icon avia-size-small'  target=\"_blank\"  rel=\"noopener noreferrer\"  aria-label=\"Bulletin de Sant\u00e9 du V\u00e9g\u00e9tal Grandes Cultures\"><span class='avia_button_icon avia_button_icon_left avia-iconfont avia-font-entypo-fontello' data-av_icon='\ue822' data-av_iconfont='entypo-fontello' ><\/span><span class='avia_iconbox_title' >Bulletin de Sant\u00e9 du V\u00e9g\u00e9tal Grandes Cultures<\/span><\/a>\n\n<style type=\"text\/css\" data-created_by=\"avia_inline_auto\" id=\"style-css-av-p65zyz-1c7a292dbc2ce6e48d3f893fefd61a81\">\n#top #wrap_all .avia-button.av-p65zyz-1c7a292dbc2ce6e48d3f893fefd61a81{\nbackground-color:#0c4e67;\nborder-color:#0c4e67;\ncolor:#ffffff;\ntransition:all 0.4s ease-in-out;\nmargin-bottom:5px;\nmargin-right:3px;\nmargin-left:3px;\n}\n#top #wrap_all .avia-button.av-p65zyz-1c7a292dbc2ce6e48d3f893fefd61a81 .avia-svg-icon svg:first-child{\nfill:#ffffff;\nstroke:#ffffff;\n}\n<\/style>\n<a href='https:\/\/ambroisie.fredon-aura.fr\/boite-a-outils-du-referent-ambroisie\/'  class='avia-button av-p65zyz-1c7a292dbc2ce6e48d3f893fefd61a81 avia-icon_select-yes-left-icon avia-size-small'  target=\"_blank\"  rel=\"noopener noreferrer\"  aria-label=\"FREDON Auvergne-Rh\u00f4ne-Alpes\"><span class='avia_button_icon avia_button_icon_left avia-iconfont avia-font-entypo-fontello' data-av_icon='\ue822' data-av_iconfont='entypo-fontello' ><\/span><span class='avia_iconbox_title' >FREDON Auvergne-Rh\u00f4ne-Alpes<\/span><\/a>\n<\/div><\/p><\/div>\n\n<style type=\"text\/css\" data-created_by=\"avia_inline_auto\" id=\"style-css-av-5z2o3v-b6a8c507b9d584bd56d0b9c1cca7541a\">\n#top .hr.av-5z2o3v-b6a8c507b9d584bd56d0b9c1cca7541a{\nmargin-top:10px;\nmargin-bottom:10px;\n}\n.hr.av-5z2o3v-b6a8c507b9d584bd56d0b9c1cca7541a .hr-inner{\nwidth:500px;\nborder-color:rgba(148,162,177,0.6);\n}\n<\/style>\n<div  class='hr av-5z2o3v-b6a8c507b9d584bd56d0b9c1cca7541a hr-custom  avia-builder-el-185  el_after_av_one_full  el_before_av_one_full  hr-center hr-icon-no'><span class='hr-inner inner-border-av-border-fat'><span class=\"hr-inner-style\"><\/span><\/span><\/div>\n\n<style type=\"text\/css\" data-created_by=\"avia_inline_auto\" id=\"style-css-av-oclm2j-233cfe0fcc2dc891977c2058e5bd451f\">\n.flex_column.av-oclm2j-233cfe0fcc2dc891977c2058e5bd451f{\nborder-radius:0px 0px 0px 0px;\npadding:0px 0px 0px 0px;\n}\n<\/style>\n<div  class='flex_column av-oclm2j-233cfe0fcc2dc891977c2058e5bd451f av_one_full  avia-builder-el-186  el_after_av_hr  el_before_av_hr  first flex_column_div av-zero-column-padding  '     ><section  class='av_textblock_section av-loooij-b1b4f90660f35fcece7f55610bfebe7b '   itemscope=\"itemscope\" itemtype=\"https:\/\/schema.org\/CreativeWork\" ><div class='avia_textblock'  itemprop=\"text\" ><h4>R\u00e9f\u00e9rences Botaniques et Biologiques<\/h4>\n<\/div><\/section><br \/>\n<div  class='avia-buttonrow-wrap av-lj4bphqg-8c1af1d56fab38cd2cb1dd30cf2c5cc6 avia-buttonrow-center  avia-builder-el-188  el_after_av_textblock  avia-builder-el-last '>\n\n<style type=\"text\/css\" data-created_by=\"avia_inline_auto\" id=\"style-css-av-kdt0cb-cf71545194a4ee2200e9ef60f153f455\">\n#top #wrap_all .avia-button.av-kdt0cb-cf71545194a4ee2200e9ef60f153f455{\nbackground-color:#0c4e67;\nborder-color:#0c4e67;\ncolor:#ffffff;\ntransition:all 0.4s ease-in-out;\nmargin-bottom:5px;\nmargin-right:3px;\nmargin-left:3px;\n}\n#top #wrap_all .avia-button.av-kdt0cb-cf71545194a4ee2200e9ef60f153f455 .avia-svg-icon svg:first-child{\nfill:#ffffff;\nstroke:#ffffff;\n}\n<\/style>\n<a href='https:\/\/www.pollens.fr\/'  class='avia-button av-kdt0cb-cf71545194a4ee2200e9ef60f153f455 avia-icon_select-yes-left-icon avia-size-small'  target=\"_blank\"  rel=\"noopener noreferrer\"  aria-label=\"R\u00e9seau National de Surveillance A\u00e9robiologique (RNSA)\"><span class='avia_button_icon avia_button_icon_left avia-iconfont avia-font-entypo-fontello' data-av_icon='\ue822' data-av_iconfont='entypo-fontello' ><\/span><span class='avia_iconbox_title' >R\u00e9seau National de Surveillance A\u00e9robiologique (RNSA)<\/span><\/a>\n\n<style type=\"text\/css\" data-created_by=\"avia_inline_auto\" id=\"style-css-av-iizyjv-42b94a55b07694250ec4bcdc366ef551\">\n#top #wrap_all .avia-button.av-iizyjv-42b94a55b07694250ec4bcdc366ef551{\nbackground-color:#0c4e67;\nborder-color:#0c4e67;\ncolor:#ffffff;\ntransition:all 0.4s ease-in-out;\nmargin-bottom:5px;\nmargin-right:3px;\nmargin-left:3px;\n}\n#top #wrap_all .avia-button.av-iizyjv-42b94a55b07694250ec4bcdc366ef551 .avia-svg-icon svg:first-child{\nfill:#ffffff;\nstroke:#ffffff;\n}\n<\/style>\n<a href='http:\/\/www.fcbn.fr\/cbn\/cbn-des-pyrenees-et-de-midi-pyrenees'  class='avia-button av-iizyjv-42b94a55b07694250ec4bcdc366ef551 avia-icon_select-yes-left-icon avia-size-small'  target=\"_blank\"  rel=\"noopener noreferrer\"  aria-label=\"Conservatoire National Botanique Pyr\u00e9n\u00e9es\/M\u00e9diterrann\u00e9e\"><span class='avia_button_icon avia_button_icon_left avia-iconfont avia-font-entypo-fontello' data-av_icon='\ue822' data-av_iconfont='entypo-fontello' ><\/span><span class='avia_iconbox_title' >Conservatoire National Botanique Pyr\u00e9n\u00e9es\/M\u00e9diterrann\u00e9e<\/span><\/a>\n\n<style type=\"text\/css\" data-created_by=\"avia_inline_auto\" id=\"style-css-av-hafg7f-d620ffcf77e6332fc48aeec049dfe6c6\">\n#top #wrap_all .avia-button.av-hafg7f-d620ffcf77e6332fc48aeec049dfe6c6{\nbackground-color:#0c4e67;\nborder-color:#0c4e67;\ncolor:#ffffff;\ntransition:all 0.4s ease-in-out;\nmargin-bottom:5px;\nmargin-right:3px;\nmargin-left:3px;\n}\n#top #wrap_all .avia-button.av-hafg7f-d620ffcf77e6332fc48aeec049dfe6c6 .avia-svg-icon svg:first-child{\nfill:#ffffff;\nstroke:#ffffff;\n}\n<\/style>\n<a href='http:\/\/www.tela-botanica.org\/'  class='avia-button av-hafg7f-d620ffcf77e6332fc48aeec049dfe6c6 avia-icon_select-yes-left-icon avia-size-small'  target=\"_blank\"  rel=\"noopener noreferrer\"  aria-label=\"Tela Botanica\"><span class='avia_button_icon avia_button_icon_left avia-iconfont avia-font-entypo-fontello' data-av_icon='\ue822' data-av_iconfont='entypo-fontello' ><\/span><span class='avia_iconbox_title' >Tela Botanica<\/span><\/a>\n\n<style type=\"text\/css\" data-created_by=\"avia_inline_auto\" id=\"style-css-av-lj4bpg0l-0fb0610e4f4f6b966baa5e64da772e5e\">\n#top #wrap_all .avia-button.av-lj4bpg0l-0fb0610e4f4f6b966baa5e64da772e5e{\nbackground-color:#0c4e67;\nborder-color:#0c4e67;\ncolor:#ffffff;\ntransition:all 0.4s ease-in-out;\nmargin-bottom:5px;\nmargin-right:3px;\nmargin-left:3px;\n}\n#top #wrap_all .avia-button.av-lj4bpg0l-0fb0610e4f4f6b966baa5e64da772e5e .avia-svg-icon svg:first-child{\nfill:#ffffff;\nstroke:#ffffff;\n}\n<\/style>\n<a href='http:\/\/especes-exotiques-envahissantes.fr\/espece\/ambrosia-artemisiifolia\/'  class='avia-button av-lj4bpg0l-0fb0610e4f4f6b966baa5e64da772e5e avia-icon_select-yes-left-icon avia-size-small'  target=\"_blank\"  rel=\"noopener noreferrer\"  aria-label=\"Esp\u00e8ces Exotiques envahissantes (centre de ressources)\"><span class='avia_button_icon avia_button_icon_left avia-iconfont avia-font-entypo-fontello' data-av_icon='\ue822' data-av_iconfont='entypo-fontello' ><\/span><span class='avia_iconbox_title' >Esp\u00e8ces Exotiques envahissantes (centre de ressources)<\/span><\/a>\n\n<style type=\"text\/css\" data-created_by=\"avia_inline_auto\" id=\"style-css-av-lj4bpg0l-201b1cea958695ee474c590d28939cf4\">\n#top #wrap_all .avia-button.av-lj4bpg0l-201b1cea958695ee474c590d28939cf4{\nbackground-color:#0c4e67;\nborder-color:#0c4e67;\ncolor:#ffffff;\ntransition:all 0.4s ease-in-out;\nmargin-bottom:5px;\nmargin-right:3px;\nmargin-left:3px;\n}\n#top #wrap_all .avia-button.av-lj4bpg0l-201b1cea958695ee474c590d28939cf4 .avia-svg-icon svg:first-child{\nfill:#ffffff;\nstroke:#ffffff;\n}\n<\/style>\n<a href='https:\/\/www.infloweb.fr\/'  class='avia-button av-lj4bpg0l-201b1cea958695ee474c590d28939cf4 avia-icon_select-yes-left-icon avia-size-small'  target=\"_blank\"  rel=\"noopener noreferrer\"  aria-label=\"Infloweb - conna\u00eetre et g\u00e9rer la flore adventice\"><span class='avia_button_icon avia_button_icon_left avia-iconfont avia-font-entypo-fontello' data-av_icon='\ue822' data-av_iconfont='entypo-fontello' ><\/span><span class='avia_iconbox_title' >Infloweb - conna\u00eetre et g\u00e9rer la flore adventice<\/span><\/a>\n<\/div><\/p><\/div>\n\n<style type=\"text\/css\" data-created_by=\"avia_inline_auto\" id=\"style-css-av-3wd74b-aab0747aa5eb0eb73d8dabdddca833ae\">\n#top .hr.av-3wd74b-aab0747aa5eb0eb73d8dabdddca833ae{\nmargin-top:10px;\nmargin-bottom:10px;\n}\n.hr.av-3wd74b-aab0747aa5eb0eb73d8dabdddca833ae .hr-inner{\nwidth:500px;\nborder-color:rgba(148,162,177,0.6);\n}\n<\/style>\n<div  class='hr av-3wd74b-aab0747aa5eb0eb73d8dabdddca833ae hr-custom  avia-builder-el-189  el_after_av_one_full  el_before_av_one_full  hr-center hr-icon-no'><span class='hr-inner inner-border-av-border-fat'><span class=\"hr-inner-style\"><\/span><\/span><\/div>\n\n<style type=\"text\/css\" data-created_by=\"avia_inline_auto\" id=\"style-css-av-geoeij-5a52c17c45b5b1fb6d78ba88615831e5\">\n.flex_column.av-geoeij-5a52c17c45b5b1fb6d78ba88615831e5{\nborder-radius:0px 0px 0px 0px;\npadding:0px 0px 0px 0px;\n}\n<\/style>\n<div  class='flex_column av-geoeij-5a52c17c45b5b1fb6d78ba88615831e5 av_one_full  avia-builder-el-190  el_after_av_hr  el_before_av_hr  first flex_column_div av-zero-column-padding  '     ><section  class='av_textblock_section av-e4tq9n-db29560521d7406d36a37ea459f9aafb '   itemscope=\"itemscope\" itemtype=\"https:\/\/schema.org\/CreativeWork\" ><div class='avia_textblock'  itemprop=\"text\" ><h4>R\u00e9f\u00e9rences FREDON Occitanie<\/h4>\n<\/div><\/section><br \/>\n<div  class='avia-buttonrow-wrap av-lj4bqqi4-19f7a5e9849a208642ee56e628865bc1 avia-buttonrow-center  avia-builder-el-192  el_after_av_textblock  avia-builder-el-last '>\n\n<style type=\"text\/css\" data-created_by=\"avia_inline_auto\" id=\"style-css-av-cy5lcb-003f691350f63a2d1ba17dbab02a8578\">\n#top #wrap_all .avia-button.av-cy5lcb-003f691350f63a2d1ba17dbab02a8578{\nbackground-color:#0c4e67;\nborder-color:#0c4e67;\ncolor:#ffffff;\ntransition:all 0.4s ease-in-out;\nmargin-bottom:5px;\nmargin-right:3px;\nmargin-left:3px;\n}\n#top #wrap_all .avia-button.av-cy5lcb-003f691350f63a2d1ba17dbab02a8578 .avia-svg-icon svg:first-child{\nfill:#ffffff;\nstroke:#ffffff;\n}\n<\/style>\n<a href='https:\/\/www.fredonoccitanie.com\/ambroisies\/phototheque\/'  class='avia-button av-cy5lcb-003f691350f63a2d1ba17dbab02a8578 avia-icon_select-yes-left-icon avia-size-small'  target=\"_blank\"  rel=\"noopener noreferrer\"  aria-label=\"Notre Phototh\u00e8que - stades de d\u00e9veloppement et confusions\"><span class='avia_button_icon avia_button_icon_left avia-iconfont avia-font-entypo-fontello' data-av_icon='\ue822' data-av_iconfont='entypo-fontello' ><\/span><span class='avia_iconbox_title' >Notre Phototh\u00e8que - stades de d\u00e9veloppement et confusions<\/span><\/a>\n\n<style type=\"text\/css\" data-created_by=\"avia_inline_auto\" id=\"style-css-av-lj4bqlk7-5af28bfb6509ae3448557bb83fb16faf\">\n#top #wrap_all .avia-button.av-lj4bqlk7-5af28bfb6509ae3448557bb83fb16faf{\nbackground-color:#0c4e67;\nborder-color:#0c4e67;\ncolor:#ffffff;\ntransition:all 0.4s ease-in-out;\nmargin-bottom:5px;\nmargin-right:3px;\nmargin-left:3px;\n}\n#top #wrap_all .avia-button.av-lj4bqlk7-5af28bfb6509ae3448557bb83fb16faf .avia-svg-icon svg:first-child{\nfill:#ffffff;\nstroke:#ffffff;\n}\n<\/style>\n<a href='https:\/\/www.fredonoccitanie.com\/ambroisies\/le-referent\/'  class='avia-button av-lj4bqlk7-5af28bfb6509ae3448557bb83fb16faf avia-icon_select-yes-left-icon avia-size-small'  target=\"_blank\"  rel=\"noopener noreferrer\"  aria-label=\"Notre page pour Le R\u00e9f\u00e9rent Ambroisies\"><span class='avia_button_icon avia_button_icon_left avia-iconfont avia-font-entypo-fontello' data-av_icon='\ue822' data-av_iconfont='entypo-fontello' ><\/span><span class='avia_iconbox_title' >Notre page pour Le R\u00e9f\u00e9rent Ambroisies<\/span><\/a>\n\n<style type=\"text\/css\" data-created_by=\"avia_inline_auto\" id=\"style-css-av-ax0pe3-8a5a685433f3c4345e4612b3d04df885\">\n#top #wrap_all .avia-button.av-ax0pe3-8a5a685433f3c4345e4612b3d04df885{\nbackground-color:#0c4e67;\nborder-color:#0c4e67;\ncolor:#ffffff;\ntransition:all 0.4s ease-in-out;\nmargin-bottom:5px;\nmargin-right:3px;\nmargin-left:3px;\n}\n#top #wrap_all .avia-button.av-ax0pe3-8a5a685433f3c4345e4612b3d04df885 .avia-svg-icon svg:first-child{\nfill:#ffffff;\nstroke:#ffffff;\n}\n<\/style>\n<a href='https:\/\/www.fredonoccitanie.com\/ambroisies\/bibliotheque-des-outils-des-ambroisies\/'  class='avia-button av-ax0pe3-8a5a685433f3c4345e4612b3d04df885 avia-icon_select-yes-left-icon avia-size-small'  target=\"_blank\"  rel=\"noopener noreferrer\"  aria-label=\"Notre biblioth\u00e8ques d\u2019outils de communication\"><span class='avia_button_icon avia_button_icon_left avia-iconfont avia-font-entypo-fontello' data-av_icon='\ue822' data-av_iconfont='entypo-fontello' ><\/span><span class='avia_iconbox_title' >Notre biblioth\u00e8ques d\u2019outils de communication<\/span><\/a>\n\n<style type=\"text\/css\" data-created_by=\"avia_inline_auto\" id=\"style-css-av-9svvi3-3338c0e3f05aae7e1aa0b56516db5b4c\">\n#top #wrap_all .avia-button.av-9svvi3-3338c0e3f05aae7e1aa0b56516db5b4c{\nbackground-color:#0c4e67;\nborder-color:#0c4e67;\ncolor:#ffffff;\ntransition:all 0.4s ease-in-out;\nmargin-bottom:5px;\nmargin-right:3px;\nmargin-left:3px;\n}\n#top #wrap_all .avia-button.av-9svvi3-3338c0e3f05aae7e1aa0b56516db5b4c .avia-svg-icon svg:first-child{\nfill:#ffffff;\nstroke:#ffffff;\n}\n<\/style>\n<a href='https:\/\/www.fredonoccitanie.com\/ambroisies\/category\/actualites-ambroisies\/'  class='avia-button av-9svvi3-3338c0e3f05aae7e1aa0b56516db5b4c avia-icon_select-yes-left-icon avia-size-small'  target=\"_blank\"  rel=\"noopener noreferrer\"  aria-label=\"Nos Actualit\u00e9s\"><span class='avia_button_icon avia_button_icon_left avia-iconfont avia-font-entypo-fontello' data-av_icon='\ue822' data-av_iconfont='entypo-fontello' ><\/span><span class='avia_iconbox_title' >Nos Actualit\u00e9s<\/span><\/a>\n\n<style type=\"text\/css\" data-created_by=\"avia_inline_auto\" id=\"style-css-av-7ot3tn-309fa6546c0c4afa8e6731c128122762\">\n#top #wrap_all .avia-button.av-7ot3tn-309fa6546c0c4afa8e6731c128122762{\nbackground-color:#0c4e67;\nborder-color:#0c4e67;\ncolor:#ffffff;\ntransition:all 0.4s ease-in-out;\nmargin-bottom:5px;\nmargin-right:3px;\nmargin-left:3px;\n}\n#top #wrap_all .avia-button.av-7ot3tn-309fa6546c0c4afa8e6731c128122762 .avia-svg-icon svg:first-child{\nfill:#ffffff;\nstroke:#ffffff;\n}\n<\/style>\n<a href='https:\/\/www.fredonoccitanie.com\/ambroisies\/evenements\/'  class='avia-button av-7ot3tn-309fa6546c0c4afa8e6731c128122762 avia-icon_select-yes-left-icon avia-size-small'  target=\"_blank\"  rel=\"noopener noreferrer\"  aria-label=\"Notre Agenda\"><span class='avia_button_icon avia_button_icon_left avia-iconfont avia-font-entypo-fontello' data-av_icon='\ue822' data-av_iconfont='entypo-fontello' ><\/span><span class='avia_iconbox_title' >Notre Agenda<\/span><\/a>\n\n<style type=\"text\/css\" data-created_by=\"avia_inline_auto\" id=\"style-css-av-5h1nwr-4b470fce025f9cd446fc3cf76860f142\">\n#top #wrap_all .avia-button.av-5h1nwr-4b470fce025f9cd446fc3cf76860f142{\nbackground-color:#0c4e67;\nborder-color:#0c4e67;\ncolor:#ffffff;\ntransition:all 0.4s ease-in-out;\nmargin-bottom:5px;\nmargin-right:3px;\nmargin-left:3px;\n}\n#top #wrap_all .avia-button.av-5h1nwr-4b470fce025f9cd446fc3cf76860f142 .avia-svg-icon svg:first-child{\nfill:#ffffff;\nstroke:#ffffff;\n}\n<\/style>\n<a href='https:\/\/www.fredonoccitanie.com\/ambroisies\/ressources-ambroisie\/lettre-ambroisies\/'  class='avia-button av-5h1nwr-4b470fce025f9cd446fc3cf76860f142 avia-icon_select-yes-left-icon avia-size-small'  target=\"_blank\"  rel=\"noopener noreferrer\"  aria-label=\"Notre Lettre Ambroisie\"><span class='avia_button_icon avia_button_icon_left avia-iconfont avia-font-entypo-fontello' data-av_icon='\ue822' data-av_iconfont='entypo-fontello' ><\/span><span class='avia_iconbox_title' >Notre Lettre Ambroisie<\/span><\/a>\n<\/div><\/p><\/div>\n\n<style type=\"text\/css\" data-created_by=\"avia_inline_auto\" id=\"style-css-av-37npij-99a8b590d47a3de95a5a8fee739bfc24\">\n#top .hr.av-37npij-99a8b590d47a3de95a5a8fee739bfc24{\nmargin-top:10px;\nmargin-bottom:10px;\n}\n.hr.av-37npij-99a8b590d47a3de95a5a8fee739bfc24 .hr-inner{\nwidth:500px;\nborder-color:rgba(148,162,177,0.6);\n}\n<\/style>\n<div  class='hr av-37npij-99a8b590d47a3de95a5a8fee739bfc24 hr-custom  avia-builder-el-193  el_after_av_one_full  el_before_av_one_full  hr-center hr-icon-no'><span class='hr-inner inner-border-av-border-fat'><span class=\"hr-inner-style\"><\/span><\/span><\/div>\n\n<style type=\"text\/css\" data-created_by=\"avia_inline_auto\" id=\"style-css-av-4mvmor-eb30660f4dd381cfc7c33fb4a5d5a0ba\">\n.flex_column.av-4mvmor-eb30660f4dd381cfc7c33fb4a5d5a0ba{\nborder-radius:0px 0px 0px 0px;\npadding:0px 0px 0px 0px;\n}\n<\/style>\n<div  class='flex_column av-4mvmor-eb30660f4dd381cfc7c33fb4a5d5a0ba av_one_full  avia-builder-el-194  el_after_av_hr  avia-builder-el-last  first flex_column_div av-zero-column-padding  '     ><section  class='av_textblock_section av-lj4bkssd-73a210aff49b17642a4324a48a6c0c89 '   itemscope=\"itemscope\" itemtype=\"https:\/\/schema.org\/CreativeWork\" ><div class='avia_textblock'  itemprop=\"text\" ><h4>R\u00e9seaux sociaux<\/h4>\n<\/div><\/section><br \/>\n<div  class='avia-buttonrow-wrap av-lj4bo7ye-b3b98cb68c0019543b0281354e5b75e7 avia-buttonrow-center  avia-builder-el-196  el_after_av_textblock  avia-builder-el-last '>\n\n<style type=\"text\/css\" data-created_by=\"avia_inline_auto\" id=\"style-css-av-lj4bngfm-ef369d1bb78a9f62b921d5446d1cbb2f\">\n#top #wrap_all .avia-button.av-lj4bngfm-ef369d1bb78a9f62b921d5446d1cbb2f{\nbackground-color:#d69709;\nborder-color:#d69709;\ncolor:#ffffff;\ntransition:all 0.4s ease-in-out;\nmargin-bottom:5px;\nmargin-right:3px;\nmargin-left:3px;\n}\n#top #wrap_all .avia-button.av-lj4bngfm-ef369d1bb78a9f62b921d5446d1cbb2f .avia-svg-icon svg:first-child{\nfill:#ffffff;\nstroke:#ffffff;\n}\n<\/style>\n<a href='https:\/\/www.linkedin.com\/company\/fredon-occitanie\/'  class='avia-button av-lj4bngfm-ef369d1bb78a9f62b921d5446d1cbb2f avia-icon_select-yes-left-icon avia-size-small'  target=\"_blank\"  rel=\"noopener noreferrer\"  aria-label=\"LinkedIn FREDON occitanie\"><span class='avia_button_icon avia_button_icon_left avia-iconfont avia-font-entypo-fontello' data-av_icon='\ue8fd' data-av_iconfont='entypo-fontello' ><\/span><span class='avia_iconbox_title' >LinkedIn FREDON occitanie<\/span><\/a>\n\n<style type=\"text\/css\" data-created_by=\"avia_inline_auto\" id=\"style-css-av-lj4bo6ac-3edebe69b9be176edaab6b28fdaf8491\">\n#top #wrap_all .avia-button.av-lj4bo6ac-3edebe69b9be176edaab6b28fdaf8491{\nbackground-color:#d69709;\nborder-color:#d69709;\ncolor:#ffffff;\ntransition:all 0.4s ease-in-out;\nmargin-bottom:5px;\nmargin-right:3px;\nmargin-left:3px;\n}\n#top #wrap_all .avia-button.av-lj4bo6ac-3edebe69b9be176edaab6b28fdaf8491 .avia-svg-icon svg:first-child{\nfill:#ffffff;\nstroke:#ffffff;\n}\n<\/style>\n<a href='https:\/\/twitter.com\/FREDONOc'  class='avia-button av-lj4bo6ac-3edebe69b9be176edaab6b28fdaf8491 avia-icon_select-yes-left-icon avia-size-small'  target=\"_blank\"  rel=\"noopener noreferrer\"  aria-label=\"Twitter FREDON Occitanie\"><span class='avia_button_icon avia_button_icon_left avia-iconfont avia-font-entypo-fontello' data-av_icon='\ue8f1' data-av_iconfont='entypo-fontello' ><\/span><span class='avia_iconbox_title' >Twitter FREDON Occitanie<\/span><\/a>\n\n<style type=\"text\/css\" data-created_by=\"avia_inline_auto\" id=\"style-css-av-1yn4gr-62ec95aba980b78a5ec3c1fd8a9c2725\">\n#top #wrap_all .avia-button.av-1yn4gr-62ec95aba980b78a5ec3c1fd8a9c2725{\nbackground-color:#d69709;\nborder-color:#d69709;\ncolor:#ffffff;\ntransition:all 0.4s ease-in-out;\nmargin-bottom:5px;\nmargin-right:3px;\nmargin-left:3px;\n}\n#top #wrap_all .avia-button.av-1yn4gr-62ec95aba980b78a5ec3c1fd8a9c2725 .avia-svg-icon svg:first-child{\nfill:#ffffff;\nstroke:#ffffff;\n}\n<\/style>\n<a href='https:\/\/www.facebook.com\/groups\/2158913344186664\/'  class='avia-button av-1yn4gr-62ec95aba980b78a5ec3c1fd8a9c2725 avia-icon_select-yes-left-icon avia-size-small'  target=\"_blank\"  rel=\"noopener noreferrer\"  aria-label=\"Groupe d\u2019\u00e9change R\u00e9f\u00e9rents Ambroisies\"><span class='avia_button_icon avia_button_icon_left avia-iconfont avia-font-entypo-fontello' data-av_icon='\ue8f4' data-av_iconfont='entypo-fontello' ><\/span><span class='avia_iconbox_title' >Groupe d\u2019\u00e9change R\u00e9f\u00e9rents Ambroisies<\/span><\/a>\n<\/div><\/p><\/div>\n","protected":false},"excerpt":{"rendered":"","protected":false},"author":18,"featured_media":0,"parent":0,"menu_order":0,"comment_status":"closed","ping_status":"closed","template":"","meta":{"footnotes":""},"class_list":["post-1995","page","type-page","status-publish","hentry"],"_links":{"self":[{"href":"https:\/\/www.fredonoccitanie.com\/eesh\/wp-json\/wp\/v2\/pages\/1995","targetHints":{"allow":["GET"]}}],"collection":[{"href":"https:\/\/www.fredonoccitanie.com\/eesh\/wp-json\/wp\/v2\/pages"}],"about":[{"href":"https:\/\/www.fredonoccitanie.com\/eesh\/wp-json\/wp\/v2\/types\/page"}],"author":[{"embeddable":true,"href":"https:\/\/www.fredonoccitanie.com\/eesh\/wp-json\/wp\/v2\/users\/18"}],"replies":[{"embeddable":true,"href":"https:\/\/www.fredonoccitanie.com\/eesh\/wp-json\/wp\/v2\/comments?post=1995"}],"version-history":[{"count":5,"href":"https:\/\/www.fredonoccitanie.com\/eesh\/wp-json\/wp\/v2\/pages\/1995\/revisions"}],"predecessor-version":[{"id":3602,"href":"https:\/\/www.fredonoccitanie.com\/eesh\/wp-json\/wp\/v2\/pages\/1995\/revisions\/3602"}],"wp:attachment":[{"href":"https:\/\/www.fredonoccitanie.com\/eesh\/wp-json\/wp\/v2\/media?parent=1995"}],"curies":[{"name":"wp","href":"https:\/\/api.w.org\/{rel}","templated":true}]}}