{"id":1746,"date":"2023-06-05T12:41:11","date_gmt":"2023-06-05T10:41:11","guid":{"rendered":"https:\/\/www.fredonoccitanie.com\/ambroisies\/?page_id=1746"},"modified":"2023-10-25T10:58:34","modified_gmt":"2023-10-25T08:58:34","slug":"objectifs","status":"publish","type":"page","link":"https:\/\/www.fredonoccitanie.com\/eesh\/objectifs\/","title":{"rendered":"Objectifs"},"content":{"rendered":"\n<style type=\"text\/css\" data-created_by=\"avia_inline_auto\" id=\"style-css-av-mhjcaq-832377f3e283fd224feadf550a05d893\">\n.flex_column.av-mhjcaq-832377f3e283fd224feadf550a05d893{\nborder-radius:0px 0px 0px 0px;\npadding:0px 0px 0px 0px;\n}\n<\/style>\n<div  class='flex_column av-mhjcaq-832377f3e283fd224feadf550a05d893 av_one_full  avia-builder-el-0  el_before_av_section  avia-builder-el-no-sibling  first flex_column_div av-zero-column-padding  '     ><section  class='av_textblock_section av-20bk76-1f150ea7363d156bbf1b218bc24c7d76 '   itemscope=\"itemscope\" itemtype=\"https:\/\/schema.org\/CreativeWork\" ><div class='avia_textblock'  itemprop=\"text\" ><h1>Objectifs de la mission de FREDON Occitanie<\/h1>\n<p>Les objectifs de la mission ambroisies commandit\u00e9e par l&rsquo;ARS et la DRAAF Occitanie sont divis\u00e9s en trois points :<\/p>\n<\/div><\/section><\/div>\n<\/div><\/div><\/div><!-- close content main div --><\/div><\/div>\n<style type=\"text\/css\" data-created_by=\"avia_inline_auto\" id=\"style-css-av-lo5hgekl-469e8a85cb97b92d037a2c4faedf1922\">\n.avia-section.av-lo5hgekl-469e8a85cb97b92d037a2c4faedf1922{\nbackground-color:#d1dae6;\nbackground-image:unset;\n}\n<\/style>\n<div id='av_section_1'  class='avia-section av-lo5hgekl-469e8a85cb97b92d037a2c4faedf1922 main_color avia-section-default avia-no-border-styling  avia-builder-el-2  el_after_av_one_full  el_before_av_one_full  avia-bg-style-scroll container_wrap fullsize'  ><div class='container av-section-cont-open' ><div class='template-page content  av-content-full alpha units'><div class='post-entry post-entry-type-page post-entry-1746'><div class='entry-content-wrapper clearfix'>\n<div  class='avia-buttonrow-wrap av-lo5he3fi-ca2d52939eb5208b1af028c6c1eb3cec avia-buttonrow-center  avia-builder-el-3  avia-builder-el-no-sibling '>\n\n<style type=\"text\/css\" data-created_by=\"avia_inline_auto\" id=\"style-css-av-lo5hbk3a-faca701a772ef37690e392ca4a9816a4\">\n#top #wrap_all .avia-button.av-lo5hbk3a-faca701a772ef37690e392ca4a9816a4{\nbackground-color:#0c4e67;\nborder-color:#0c4e67;\ncolor:#ffffff;\ntransition:all 0.4s ease-in-out;\nmargin-bottom:5px;\nmargin-right:3px;\nmargin-left:3px;\n}\n#top #wrap_all .avia-button.av-lo5hbk3a-faca701a772ef37690e392ca4a9816a4 .avia-svg-icon svg:first-child{\nfill:#ffffff;\nstroke:#ffffff;\n}\n<\/style>\n<a href='#ancrepoint1'  class='avia-button av-lo5hbk3a-faca701a772ef37690e392ca4a9816a4 avia-icon_select-yes-left-icon avia-size-small'   aria-label=\"Constitution, Coordination et Animation de r\u00e9seaux\"><span class='avia_button_icon avia_button_icon_left avia-iconfont avia-font-entypo-fontello' data-av_icon='\ue80b' data-av_iconfont='entypo-fontello' ><\/span><span class='avia_iconbox_title' >Constitution, Coordination et Animation de r\u00e9seaux<\/span><\/a>\n\n<style type=\"text\/css\" data-created_by=\"avia_inline_auto\" id=\"style-css-av-lo5hbk3a-a55d78b0c59c1f2a3ffa8168dd98dafc\">\n#top #wrap_all .avia-button.av-lo5hbk3a-a55d78b0c59c1f2a3ffa8168dd98dafc{\nbackground-color:#0c4e67;\nborder-color:#0c4e67;\ncolor:#ffffff;\ntransition:all 0.4s ease-in-out;\nmargin-bottom:5px;\nmargin-right:3px;\nmargin-left:3px;\n}\n#top #wrap_all .avia-button.av-lo5hbk3a-a55d78b0c59c1f2a3ffa8168dd98dafc .avia-svg-icon svg:first-child{\nfill:#ffffff;\nstroke:#ffffff;\n}\n<\/style>\n<a href='#ancrepoint2'  class='avia-button av-lo5hbk3a-a55d78b0c59c1f2a3ffa8168dd98dafc avia-icon_select-yes-left-icon avia-size-small'   aria-label=\"Gestion et v\u00e9rification des Signalements ambroisies en Occitanie\"><span class='avia_button_icon avia_button_icon_left avia-iconfont avia-font-entypo-fontello' data-av_icon='\ue83f' data-av_iconfont='entypo-fontello' ><\/span><span class='avia_iconbox_title' >Gestion et v\u00e9rification des Signalements ambroisies en Occitanie<\/span><\/a>\n\n<style type=\"text\/css\" data-created_by=\"avia_inline_auto\" id=\"style-css-av-lo5hbk3a-13b903251b9aef899ef679f601cf04fd\">\n#top #wrap_all .avia-button.av-lo5hbk3a-13b903251b9aef899ef679f601cf04fd{\nbackground-color:#0c4e67;\nborder-color:#0c4e67;\ncolor:#ffffff;\ntransition:all 0.4s ease-in-out;\nmargin-bottom:5px;\nmargin-right:3px;\nmargin-left:3px;\n}\n#top #wrap_all .avia-button.av-lo5hbk3a-13b903251b9aef899ef679f601cf04fd .avia-svg-icon svg:first-child{\nfill:#ffffff;\nstroke:#ffffff;\n}\n<\/style>\n<a href='#ancrepoint3'  class='avia-button av-lo5hbk3a-13b903251b9aef899ef679f601cf04fd avia-icon_select-yes-left-icon avia-size-small'   aria-label=\"Animation et sensibilisation des acteurs territoriaux\"><span class='avia_button_icon avia_button_icon_left avia-iconfont avia-font-entypo-fontello' data-av_icon='\ue856' data-av_iconfont='entypo-fontello' ><\/span><span class='avia_iconbox_title' >Animation et sensibilisation des acteurs territoriaux<\/span><\/a>\n<\/div>\n<\/div><\/div><\/div><!-- close content main div --><\/div><\/div><div id='after_section_1'  class='main_color av_default_container_wrap container_wrap fullsize'  ><div class='container av-section-cont-open' ><div class='template-page content  av-content-full alpha units'><div class='post-entry post-entry-type-page post-entry-1746'><div class='entry-content-wrapper clearfix'>\n<style type=\"text\/css\" data-created_by=\"avia_inline_auto\" id=\"style-css-av-itdjfm-7f326b7b73dc387c50e3d511daebf4c2\">\n.flex_column.av-itdjfm-7f326b7b73dc387c50e3d511daebf4c2{\nborder-radius:0px 0px 0px 0px;\npadding:0px 0px 0px 0px;\n}\n<\/style>\n<div  class='flex_column av-itdjfm-7f326b7b73dc387c50e3d511daebf4c2 av_one_full  avia-builder-el-4  el_after_av_section  el_before_av_one_full  avia-builder-el-first  first flex_column_div av-zero-column-padding  '     ><section  class='av_textblock_section av-hi62vm-080ccc8297cd5ae5202ea96c61fc4835 '   itemscope=\"itemscope\" itemtype=\"https:\/\/schema.org\/CreativeWork\" ><div class='avia_textblock'  itemprop=\"text\" ><h2 id=\"ancrepoint1\">Constitution, Coordination et Animation de r\u00e9seaux<\/h2>\n<\/div><\/section><\/div><\/p>\n\n<style type=\"text\/css\" data-created_by=\"avia_inline_auto\" id=\"style-css-av-fu1ihu-7316ae02afc442d042562c1317f09932\">\n#top .flex_column.av-fu1ihu-7316ae02afc442d042562c1317f09932{\nmargin-top:0px;\nmargin-bottom:0px;\n}\n.flex_column.av-fu1ihu-7316ae02afc442d042562c1317f09932{\nborder-radius:0px 0px 0px 0px;\npadding:0px 0px 0px 0px;\n}\n.responsive #top #wrap_all .flex_column.av-fu1ihu-7316ae02afc442d042562c1317f09932{\nmargin-top:0px;\nmargin-bottom:0px;\n}\n<\/style>\n<div  class='flex_column av-fu1ihu-7316ae02afc442d042562c1317f09932 av_one_full  avia-builder-el-6  el_after_av_one_full  el_before_av_hr  first flex_column_div av-zero-column-padding  column-top-margin'     ><section  class='av_textblock_section av-eeqdky-4876352a3b5bd48101ff3fcca8730809 '   itemscope=\"itemscope\" itemtype=\"https:\/\/schema.org\/CreativeWork\" ><div class='avia_textblock'  itemprop=\"text\" ><h4>R\u00e9seau de Relais d\u00e9partementaux<\/h4>\n<p>Les Relais D\u00e9partementaux sont les <strong>interlocuteurs privil\u00e9gi\u00e9s des r\u00e9f\u00e9rents territoriaux<\/strong>. Ils sont un maillon essentiel de lien entre la coordination r\u00e9gionale et les acteurs territoriaux. Les relais d\u00e9partementaux ont \u00e9galement pour objectifs de :<\/p>\n<ul>\n<li>R\u00e9aliser une<strong> animation de la lutte contre les ambroisies<\/strong> au travers de chantiers d&rsquo;arrachage, de formation des r\u00e9f\u00e9rents territoriaux, d&rsquo;acteurs territoriaux, &#8230;<\/li>\n<li>R\u00e9aliser des <strong>missions de prospection<\/strong> sur leur d\u00e9partement pour signaler les zones impact\u00e9es par les ambroisies.<\/li>\n<li>G\u00e9rer et v\u00e9rifier les signalements ambroisies sur leur territoire.<\/li>\n<\/ul>\n<p>Un relais d\u00e9partemental est pr\u00e9sent dans chacun des 13 d\u00e9partements de l&rsquo;Occitanie : retrouvez leur <strong>contact<\/strong> sur notre page <a href=\"https:\/\/www.fredonoccitanie.com\/ambroisies\/le-referent\/#ancreRelais\" target=\"_blank\" rel=\"noopener\">Le R\u00e9f\u00e9rent<\/a>.<\/p>\n<\/div><\/section><\/div>\n\n<style type=\"text\/css\" data-created_by=\"avia_inline_auto\" id=\"style-css-av-lo5hldif-25c2900e3632f5fc2130350cc52fd57e\">\n#top .hr.av-lo5hldif-25c2900e3632f5fc2130350cc52fd57e{\nmargin-top:30px;\nmargin-bottom:30px;\n}\n.hr.av-lo5hldif-25c2900e3632f5fc2130350cc52fd57e .hr-inner{\nwidth:500px;\nborder-color:rgba(148,162,177,0.6);\n}\n<\/style>\n<div  class='hr av-lo5hldif-25c2900e3632f5fc2130350cc52fd57e hr-custom  avia-builder-el-8  el_after_av_one_full  el_before_av_three_fifth  hr-center hr-icon-no'><span class='hr-inner inner-border-av-border-fat'><span class=\"hr-inner-style\"><\/span><\/span><\/div>\n\n<style type=\"text\/css\" data-created_by=\"avia_inline_auto\" id=\"style-css-av-cposxe-bf37d03a2d44476f95f194a80fd267f9\">\n.flex_column.av-cposxe-bf37d03a2d44476f95f194a80fd267f9{\nborder-radius:0px 0px 0px 0px;\npadding:0px 0px 0px 0px;\n}\n<\/style>\n<div  class='flex_column av-cposxe-bf37d03a2d44476f95f194a80fd267f9 av_three_fifth  avia-builder-el-9  el_after_av_hr  el_before_av_two_fifth  first flex_column_div av-zero-column-padding  '     ><section  class='av_textblock_section av-ajavf6-af583c92f07adbca97d2b2d28a04b9dc '   itemscope=\"itemscope\" itemtype=\"https:\/\/schema.org\/CreativeWork\" ><div class='avia_textblock'  itemprop=\"text\" ><h4>R\u00e9seau de R\u00e9f\u00e9rents territoriaux<\/h4>\n<p>Leur r\u00f4le est de <strong>g\u00e9rer les points de signalements <\/strong>de pr\u00e9sence d&rsquo;ambroisie sur leur commune ou inter-communalit\u00e9, d&rsquo;<strong>inviter les propri\u00e9taires <\/strong>des terres impact\u00e9es<strong> \u00e0 agir<\/strong> et v\u00e9rifier l&rsquo;<strong>application des r\u00e8glements <\/strong>(voir logigramme ci-dessous).<\/p>\n<p>Id\u00e9alement, un <strong>r\u00e9f\u00e9rent est suffisant par commune ou communaut\u00e9 de communes<\/strong> (demande faite par l&rsquo;ARS directement aupr\u00e8s des mairies et de leurs services techniques).<\/p>\n<blockquote>\n<p>Si vous souhaitez en apprendre plus et\/ou rejoindre le r\u00e9seau de r\u00e9f\u00e9rents territoriaux, n&rsquo;h\u00e9sitez pas \u00e0 vous rendre sur notre page <a href=\"https:\/\/www.fredonoccitanie.com\/ambroisies\/le-referent\/\" target=\"_blanck\">Le R\u00e9f\u00e9rent<\/a>.<\/p>\n<\/blockquote>\n<\/div><\/section><\/div>\n\n<style type=\"text\/css\" data-created_by=\"avia_inline_auto\" id=\"style-css-av-3zb2nm-b891ab00718dc08a11e385b7957e7898\">\n.flex_column.av-3zb2nm-b891ab00718dc08a11e385b7957e7898{\nborder-radius:0px 0px 0px 0px;\npadding:0px 0px 0px 0px;\n}\n<\/style>\n<div  class='flex_column av-3zb2nm-b891ab00718dc08a11e385b7957e7898 av_two_fifth  avia-builder-el-11  el_after_av_three_fifth  el_before_av_hr  flex_column_div av-zero-column-padding  '     ><style type=\"text\/css\" data-created_by=\"avia_inline_auto\" id=\"style-css-av-lo5h8g2y-22fca7e62807613515bd3d1a94d0cc6c\">\n.avia-image-container.av-lo5h8g2y-22fca7e62807613515bd3d1a94d0cc6c img.avia_image{\nbox-shadow:none;\n}\n.avia-image-container.av-lo5h8g2y-22fca7e62807613515bd3d1a94d0cc6c .av-image-caption-overlay-center{\ncolor:#ffffff;\n}\n<\/style>\n<div  class='avia-image-container av-lo5h8g2y-22fca7e62807613515bd3d1a94d0cc6c av-styling- av-img-linked avia-align-center  avia-builder-el-12  avia-builder-el-no-sibling  av-has-copyright av-copyright-always'   itemprop=\"image\" itemscope=\"itemscope\" itemtype=\"https:\/\/schema.org\/ImageObject\" ><div class=\"avia-image-container-inner\"><div class=\"avia-image-overlay-wrap\"><a href=\"https:\/\/www.fredonoccitanie.com\/ambroisies\/le-referent\/\" class='avia_image '  target=\"_blank\"  rel=\"noopener noreferrer\" aria-label='Role_Referent_territorial'><img decoding=\"async\" fetchpriority=\"high\" class='wp-image-3081 avia-img-lazy-loading-not-3081 avia_image ' src=\"https:\/\/www.fredonoccitanie.com\/eesh\/wp-content\/uploads\/sites\/5\/2023\/10\/Role_Referent_territorial-1-801x1030.png\" alt='' title='Role_Referent_territorial'  height=\"1030\" width=\"801\"  itemprop=\"thumbnailUrl\" srcset=\"https:\/\/www.fredonoccitanie.com\/eesh\/wp-content\/uploads\/sites\/5\/2023\/10\/Role_Referent_territorial-1-801x1030.png 801w, https:\/\/www.fredonoccitanie.com\/eesh\/wp-content\/uploads\/sites\/5\/2023\/10\/Role_Referent_territorial-1-233x300.png 233w, https:\/\/www.fredonoccitanie.com\/eesh\/wp-content\/uploads\/sites\/5\/2023\/10\/Role_Referent_territorial-1-768x987.png 768w, https:\/\/www.fredonoccitanie.com\/eesh\/wp-content\/uploads\/sites\/5\/2023\/10\/Role_Referent_territorial-1-1195x1536.png 1195w, https:\/\/www.fredonoccitanie.com\/eesh\/wp-content\/uploads\/sites\/5\/2023\/10\/Role_Referent_territorial-1-1167x1500.png 1167w, https:\/\/www.fredonoccitanie.com\/eesh\/wp-content\/uploads\/sites\/5\/2023\/10\/Role_Referent_territorial-1-548x705.png 548w, https:\/\/www.fredonoccitanie.com\/eesh\/wp-content\/uploads\/sites\/5\/2023\/10\/Role_Referent_territorial-1.png 1209w\" sizes=\"(max-width: 801px) 100vw, 801px\" \/><\/a><\/div><small class=\"avia-copyright\">\u00a9 Observatoire des Ambroisies<\/small><\/div><\/div><\/div>\n<style type=\"text\/css\" data-created_by=\"avia_inline_auto\" id=\"style-css-av-lo5hndvm-fd5ea0da02d015a5a82b27a0bea2e968\">\n#top .hr.av-lo5hndvm-fd5ea0da02d015a5a82b27a0bea2e968{\nmargin-top:30px;\nmargin-bottom:30px;\n}\n.hr.av-lo5hndvm-fd5ea0da02d015a5a82b27a0bea2e968 .hr-inner{\nwidth:800px;\nborder-color:#0c4e67;\n}\n<\/style>\n<div  class='hr av-lo5hndvm-fd5ea0da02d015a5a82b27a0bea2e968 hr-custom  avia-builder-el-13  el_after_av_two_fifth  el_before_av_two_third  hr-center hr-icon-no'><span class='hr-inner inner-border-av-border-fat'><span class=\"hr-inner-style\"><\/span><\/span><\/div><\/p>\n\n<style type=\"text\/css\" data-created_by=\"avia_inline_auto\" id=\"style-css-av-av_two_third-53b0b300fb3685750664fb085c5ad19d\">\n.flex_column.av-av_two_third-53b0b300fb3685750664fb085c5ad19d{\nborder-radius:0px 0px 0px 0px;\npadding:0px 0px 0px 0px;\n}\n<\/style>\n<div  class='flex_column av-av_two_third-53b0b300fb3685750664fb085c5ad19d av_two_third  avia-builder-el-14  el_after_av_hr  el_before_av_one_third  first flex_column_div av-zero-column-padding  '     ><section  class='av_textblock_section av-lo5i9f3l-c6ce751a1324d61b587a65b65fbb069e '   itemscope=\"itemscope\" itemtype=\"https:\/\/schema.org\/CreativeWork\" ><div class='avia_textblock'  itemprop=\"text\" ><h2 id=\"ancrepoint2\">Gestion et v\u00e9rification des Signalements ambroisies en Occitanie<\/h2>\n<p>FREDON Occitanie <strong>g\u00e8re \u00e9galement les signalements identifi\u00e9es<\/strong> par la plateforme <a href=\"https:\/\/www.fredonoccitanie.com\/ambroisies\/signalement-ambroisie\/\" target=\"_blanck\">Signalement Ambroisie<\/a> ou <strong>transmis par <\/strong><a href=\"https:\/\/www.fredonoccitanie.com\/nous-contacter\/\" target=\"_blanck\" rel=\"noopener\">formulaire de contact<\/a>. Pour rappel, ces signalements sont aussi v\u00e9rifi\u00e9s par le R\u00e9f\u00e9rent territorial (quand il y en a un) ou le Relais d\u00e9partemental (sauf pour les d\u00e9partements de l&rsquo;Aude, du Gard, de la Loz\u00e8re et des Pyr\u00e9n\u00e9es-Orientales).<\/p>\n<p>Cette gestion s&rsquo;op\u00e8re par :<\/p>\n<ol>\n<li>Une <strong>v\u00e9rification<\/strong> des photos de signalement ou un <strong>d\u00e9placement<\/strong> pour aller v\u00e9rifier sur place.<\/li>\n<li>Un <strong>contact<\/strong> de la personne ayant signal\u00e9, le cas \u00e9ch\u00e9ant.<\/li>\n<li>La <strong>validation ou invalidation<\/strong> du signalement.<\/li>\n<\/ol>\n<p>FREDON Occitanie peut \u00e9galement organiser des missions de prospection sur le territoire occitan pour aller trouver et signaler elle-m\u00eame de nouvelles zones impact\u00e9es par les ambroisies.<\/p>\n<p>Les signalements recueillis sur la plateforme permettent de <strong>r\u00e9aliser des cartes de pr\u00e9sence d&rsquo;ambroisies<\/strong> et d&rsquo;appuyer l&rsquo;argumentaire aupr\u00e8s des autorit\u00e9s.<\/p>\n<blockquote>\n<p>Vous pouvez retrouver les cartographies de pr\u00e9sence des 3 esp\u00e8ces principales d&rsquo;ambroisies de l&rsquo;ann\u00e9e en cours et ann\u00e9es pr\u00e9c\u00e9dentes sur :<\/p>\n<ul>\n<li>Le <a href=\"https:\/\/ambroisie-risque.info\/ou-se-trouve-lambroisie-en-france\/\" target=\"_blanck\" rel=\"noopener\">site de l&rsquo;Observatoire des Ambroisies<\/a><\/li>\n<li>Nos pages d\u00e9di\u00e9es : <a href=\"https:\/\/www.fredonoccitanie.com\/ambroisies\/lambroisie\/\" target=\"_blanck\">Ambroisie \u00e0 feuilles d&rsquo;armoise<\/a>, <a href=\"https:\/\/www.fredonoccitanie.com\/ambroisies\/lambroisie-trifide-ambrosia-trifida\/\" target=\"_blanck\">Ambroisie trifide<\/a>, <a href=\"https:\/\/www.fredonoccitanie.com\/ambroisies\/lambroisie-a-epis-lisses-ambrosia-psilostachya\/\" target=\"_blanck\">Ambroisie \u00e0 \u00e9pis lisses<\/a>.<\/li>\n<\/ul>\n<\/blockquote>\n<\/div><\/section><\/div>\n<style type=\"text\/css\" data-created_by=\"avia_inline_auto\" id=\"style-css-av-av_one_third-7984035d50f0055e2d8c0f71fa3ebd04\">\n.flex_column.av-av_one_third-7984035d50f0055e2d8c0f71fa3ebd04{\nborder-radius:0px 0px 0px 0px;\npadding:0px 0px 0px 0px;\n}\n<\/style>\n<div  class='flex_column av-av_one_third-7984035d50f0055e2d8c0f71fa3ebd04 av_one_third  avia-builder-el-16  el_after_av_two_third  el_before_av_hr  flex_column_div av-zero-column-padding  '     ><p>\n<style type=\"text\/css\" data-created_by=\"avia_inline_auto\" id=\"style-css-av-lo5icnoa-97a106d2eb06f21e13ccc321dcb52d4a\">\n#top .hr.hr-invisible.av-lo5icnoa-97a106d2eb06f21e13ccc321dcb52d4a{\nheight:50px;\n}\n<\/style>\n<div  class='hr av-lo5icnoa-97a106d2eb06f21e13ccc321dcb52d4a hr-invisible  avia-builder-el-17  el_before_av_icon_box  avia-builder-el-first '><span class='hr-inner '><span class=\"hr-inner-style\"><\/span><\/span><\/div><br \/>\n\n<style type=\"text\/css\" data-created_by=\"avia_inline_auto\" id=\"style-css-av-lo5id4up-e9594ba7b77e9d170a03f222223a4f59\">\n.iconbox.av-lo5id4up-e9594ba7b77e9d170a03f222223a4f59 .iconbox_icon{\nbackground-color:#0c4e67;\n}\n<\/style>\n<article  class='iconbox iconbox_top av-lo5id4up-e9594ba7b77e9d170a03f222223a4f59  avia-builder-el-18  el_after_av_hr  avia-builder-el-last  main_color'  itemscope=\"itemscope\" itemtype=\"https:\/\/schema.org\/CreativeWork\" ><div class=\"iconbox_content\"><header class=\"entry-content-header\" aria-label=\"Ic\u00f4ne : Que faire si j\u2019observe la pr\u00e9sence d\u2019ambroisie ?\"><a href='https:\/\/www.fredonoccitanie.com\/ambroisies\/signalement-ambroisie\/' title='Que faire si j\u2019observe la pr\u00e9sence d\u2019ambroisie ?' aria-label='Que faire si j\u2019observe la pr\u00e9sence d\u2019ambroisie ?'  target=\"_blank\"  rel=\"noopener noreferrer\" class='iconbox_icon heading-color avia-iconfont avia-font-entypo-fontello' data-av_icon='\ue81d' data-av_iconfont='entypo-fontello' title=\"Que faire si j\u2019observe la pr\u00e9sence d\u2019ambroisie ?\" desc=\"Que faire si j\u2019observe la pr\u00e9sence d\u2019ambroisie ?\" ><\/a><h6 class='iconbox_content_title '  itemprop=\"headline\" ><a href='https:\/\/www.fredonoccitanie.com\/ambroisies\/signalement-ambroisie\/' title='Que faire si j\u2019observe la pr\u00e9sence d\u2019ambroisie ?'  target=\"_blank\"  rel=\"noopener noreferrer\">Que faire si j\u2019observe la pr\u00e9sence d\u2019ambroisie ?<\/a><\/h6><\/header><div class='iconbox_content_container '  itemprop=\"text\" ><p style=\"text-align: center\">En cas d\u2019observation de plants d\u2019ambroisies, il faut <strong>localiser et signaler <\/strong>rapidement les zones infest\u00e9es aux services comp\u00e9tents : <strong>la DRAAF et\/ou FREDON Occitanie et\/ou le Relais D\u00e9partemental. <\/strong><\/p>\n<p style=\"text-align: center\">Vous pouvez \u00e9galement signaler directement la pr\u00e9sence de la plante via la <a href=\"https:\/\/www.fredonoccitanie.com\/ambroisies\/signalement-ambroisie\/\" target=\"_blank\" rel=\"noopener\">plateforme nationale publique<\/a> (site internet ou application mobile) :<\/p>\n<p><a href=\"https:\/\/www.fredonoccitanie.com\/ambroisies\/signalement-ambroisie\/\" target=\"_blank\" rel=\"noopener\"><img loading=\"lazy\" decoding=\"async\" class=\"aligncenter wp-image-568 \" src=\"https:\/\/www.fredonoccitanie.com\/ambroisies\/wp-content\/uploads\/sites\/5\/2021\/07\/plateforme_ambroisie-1-300x130.jpg\" alt=\"\" width=\"265\" height=\"115\" srcset=\"https:\/\/www.fredonoccitanie.com\/eesh\/wp-content\/uploads\/sites\/5\/2021\/07\/plateforme_ambroisie-1-300x130.jpg 300w, https:\/\/www.fredonoccitanie.com\/eesh\/wp-content\/uploads\/sites\/5\/2021\/07\/plateforme_ambroisie-1.jpg 425w\" sizes=\"auto, (max-width: 265px) 100vw, 265px\" \/><\/a><\/p>\n<\/div><\/div><footer class=\"entry-footer\"><\/footer><\/article><\/p><\/div>\n<style type=\"text\/css\" data-created_by=\"avia_inline_auto\" id=\"style-css-av-34z93m-883160d73d74456ab18bfce7a63c07bd\">\n#top .hr.av-34z93m-883160d73d74456ab18bfce7a63c07bd{\nmargin-top:30px;\nmargin-bottom:30px;\n}\n.hr.av-34z93m-883160d73d74456ab18bfce7a63c07bd .hr-inner{\nwidth:800px;\nborder-color:#0c4e67;\n}\n<\/style>\n<div  class='hr av-34z93m-883160d73d74456ab18bfce7a63c07bd hr-custom  avia-builder-el-19  el_after_av_one_third  el_before_av_one_full  hr-center hr-icon-no'><span class='hr-inner inner-border-av-border-fat'><span class=\"hr-inner-style\"><\/span><\/span><\/div><\/p>\n\n<style type=\"text\/css\" data-created_by=\"avia_inline_auto\" id=\"style-css-av-4mirj6-7fc1d569ac7a7c0187b9ff584d3b8d85\">\n.flex_column.av-4mirj6-7fc1d569ac7a7c0187b9ff584d3b8d85{\nborder-radius:0px 0px 0px 0px;\npadding:0px 0px 0px 0px;\n}\n<\/style>\n<div  class='flex_column av-4mirj6-7fc1d569ac7a7c0187b9ff584d3b8d85 av_one_full  avia-builder-el-20  el_after_av_hr  avia-builder-el-last  first flex_column_div av-zero-column-padding  '     ><section  class='av_textblock_section av-2j6scy-709daf31df715682ea3050d3a9b5beb5 '   itemscope=\"itemscope\" itemtype=\"https:\/\/schema.org\/CreativeWork\" ><div class='avia_textblock'  itemprop=\"text\" ><h2 id=\"ancrepoint3\">Animation et sensibilisation des acteurs territoriaux<\/h2>\n<p>Cet appui permet de <strong>renforcer l\u2019information et la sensibilisation<\/strong> afin d&rsquo;<strong>encourager la lutte contre les Ambroisies<\/strong> et plus largement la lutte contre l\u2019ensemble des plantes \u00e0 pollen allergisant. Cela passe par :<\/p>\n<ul>\n<li>Des <strong>actions de sensibilisations<\/strong> (chantiers d&rsquo;arrachage, information bord de champ&#8230;)<\/li>\n<li>Des <strong>journ\u00e9es de formation<\/strong> des acteurs du monde agricole ou de la sant\u00e9, des collectivit\u00e9s territoriales et leurs partenaires, ou encore du grand public.<\/li>\n<\/ul>\n<blockquote>\n<p>Vous pouvez retrouver le d\u00e9tail de nos actions dans nos <a href=\"https:\/\/www.fredonoccitanie.com\/ambroisies\/category\/actualites-ambroisies\/\" target=\"_blank\" rel=\"noopener\">articles<\/a> ou dans notre <a href=\"https:\/\/www.fredonoccitanie.com\/ambroisies\/ressources-ambroisie\/lettre-ambroisies\/\" target=\"_blank\" rel=\"noopener\">lettre<\/a>.<\/p>\n<\/blockquote>\n<\/div><\/section><\/div>\n","protected":false},"excerpt":{"rendered":"","protected":false},"author":18,"featured_media":0,"parent":0,"menu_order":0,"comment_status":"closed","ping_status":"closed","template":"","meta":{"footnotes":""},"class_list":["post-1746","page","type-page","status-publish","hentry"],"_links":{"self":[{"href":"https:\/\/www.fredonoccitanie.com\/eesh\/wp-json\/wp\/v2\/pages\/1746","targetHints":{"allow":["GET"]}}],"collection":[{"href":"https:\/\/www.fredonoccitanie.com\/eesh\/wp-json\/wp\/v2\/pages"}],"about":[{"href":"https:\/\/www.fredonoccitanie.com\/eesh\/wp-json\/wp\/v2\/types\/page"}],"author":[{"embeddable":true,"href":"https:\/\/www.fredonoccitanie.com\/eesh\/wp-json\/wp\/v2\/users\/18"}],"replies":[{"embeddable":true,"href":"https:\/\/www.fredonoccitanie.com\/eesh\/wp-json\/wp\/v2\/comments?post=1746"}],"version-history":[{"count":5,"href":"https:\/\/www.fredonoccitanie.com\/eesh\/wp-json\/wp\/v2\/pages\/1746\/revisions"}],"predecessor-version":[{"id":3079,"href":"https:\/\/www.fredonoccitanie.com\/eesh\/wp-json\/wp\/v2\/pages\/1746\/revisions\/3079"}],"wp:attachment":[{"href":"https:\/\/www.fredonoccitanie.com\/eesh\/wp-json\/wp\/v2\/media?parent=1746"}],"curies":[{"name":"wp","href":"https:\/\/api.w.org\/{rel}","templated":true}]}}