{"id":9116,"date":"2022-02-08T10:01:04","date_gmt":"2022-02-08T09:01:04","guid":{"rendered":"https:\/\/www.fredonoccitanie.com\/captages\/?page_id=9116"},"modified":"2023-01-03T15:21:57","modified_gmt":"2023-01-03T14:21:57","slug":"agenda","status":"publish","type":"page","link":"https:\/\/www.fredonoccitanie.com\/captages\/agenda\/","title":{"rendered":"Agenda"},"content":{"rendered":"\n<style type=\"text\/css\" data-created_by=\"avia_inline_auto\" id=\"style-css-av-1vojd8-ac7aaaede9277d8fe58481ddbe77b79b\">\n.flex_column.av-1vojd8-ac7aaaede9277d8fe58481ddbe77b79b{\nborder-radius:0px 0px 0px 0px;\npadding:0px 0px 0px 0px;\n}\n<\/style>\n<div  class='flex_column av-1vojd8-ac7aaaede9277d8fe58481ddbe77b79b av_one_full  avia-builder-el-0  avia-builder-el-no-sibling  first flex_column_div av-zero-column-padding  '     ><div  data-slideshow-options=\"{&quot;animation&quot;:&quot;fade&quot;,&quot;autoplay&quot;:false,&quot;loop_autoplay&quot;:&quot;once&quot;,&quot;interval&quot;:5,&quot;loop_manual&quot;:&quot;manual-endless&quot;,&quot;autoplay_stopper&quot;:false,&quot;noNavigation&quot;:false,&quot;show_slide_delay&quot;:90}\" class='avia-content-slider avia-content-grid-active avia-content-slider1 avia-content-slider-even  avia-builder-el-1  avia-builder-el-no-sibling  av-slideshow-ui av-control-default   av-no-slider-navigation av-slideshow-manual av-loop-once av-loop-manual-endless '  itemscope=\"itemscope\" itemtype=\"https:\/\/schema.org\/Blog\" ><div class=\"avia-content-slider-inner\"><div class=\"slide-entry-wrap\"><article class='slide-entry flex_column  post-entry post-entry-11309 slide-entry-overview slide-loop-1 slide-parity-odd  av_one_fourth first real-thumbnail posttype-post post-format-standard'  itemscope=\"itemscope\" itemtype=\"https:\/\/schema.org\/CreativeWork\" ><a href='https:\/\/www.fredonoccitanie.com\/captages\/2024\/10\/14\/colloque-copraa-26-et-27-novembre-a-dijon-ou-a-distance\/' data-rel='slide-1' class='slide-image' title='[Colloque] le 26 et 27 novembre, COPRAA \u00e0 Dijon ou \u00e0 distance'><img decoding=\"async\" fetchpriority=\"high\" width=\"260\" height=\"185\" src=\"https:\/\/www.fredonoccitanie.com\/captages\/wp-content\/uploads\/sites\/3\/2024\/10\/Capture-decran-2024-10-14-085118-260x185.png\" class=\"wp-image-11310 avia-img-lazy-loading-not-11310 attachment-portfolio_small size-portfolio_small wp-post-image\" alt=\"\" \/><\/a><div class=\"slide-content\"><header class=\"entry-content-header\" aria-label=\"Slide: [Colloque] le 26 et 27 novembre, COPRAA \u00e0 Dijon ou \u00e0 distance\"><h3 class='slide-entry-title entry-title '  itemprop=\"headline\" ><a href='https:\/\/www.fredonoccitanie.com\/captages\/2024\/10\/14\/colloque-copraa-26-et-27-novembre-a-dijon-ou-a-distance\/' title='[Colloque] le 26 et 27 novembre, COPRAA \u00e0 Dijon ou \u00e0 distance'>[Colloque] le 26 et 27 novembre, COPRAA \u00e0 Dijon ou \u00e0 distance<\/a><\/h3><span class=\"av-vertical-delimiter\"><\/span><\/header><div class=\"slide-meta\"><time class='slide-meta-time updated'  itemprop=\"datePublished\" datetime=\"2024-10-14T12:40:06+02:00\" >14 octobre 2024<\/time><\/div><div class='slide-entry-excerpt entry-content'  itemprop=\"text\" >Ce colloque de deux jours r\u00e9unira chercheurs, instituts techniques,\u2026<div class=\"read-more-link\"><a href=\"https:\/\/www.fredonoccitanie.com\/captages\/2024\/10\/14\/colloque-copraa-26-et-27-novembre-a-dijon-ou-a-distance\/\" class=\"more-link\">Lire la suite<span class='more-link-arrow avia-svg-icon avia-font-svg_entypo-fontello' data-av_svg_icon='right-open-big' data-av_iconset='svg_entypo-fontello'><svg version=\"1.1\" xmlns=\"http:\/\/www.w3.org\/2000\/svg\" width=\"15\" height=\"32\" viewBox=\"0 0 15 32\" preserveAspectRatio=\"xMidYMid meet\" role=\"graphics-symbol\" aria-hidden=\"true\">\n<path d=\"M0.416 27.84l11.456-11.84-11.456-11.904q-0.832-0.832 0-1.536 0.832-0.832 1.536 0l12.544 12.608q0.768 0.832 0 1.6l-12.544 12.608q-0.704 0.832-1.536 0-0.832-0.704 0-1.536z\"><\/path>\n<\/svg><\/span><\/a><\/div><\/div><\/div><footer class=\"entry-footer\"><\/footer><span class='hidden'>\n\t\t\t\t<span class='av-structured-data'  itemprop=\"image\" itemscope=\"itemscope\" itemtype=\"https:\/\/schema.org\/ImageObject\" >\n\t\t\t\t\t\t<span itemprop='url'>https:\/\/www.fredonoccitanie.com\/captages\/wp-content\/uploads\/sites\/3\/2024\/10\/Capture-decran-2024-10-14-085118.png<\/span>\n\t\t\t\t\t\t<span itemprop='height'>229<\/span>\n\t\t\t\t\t\t<span itemprop='width'>309<\/span>\n\t\t\t\t<\/span>\n\t\t\t\t<span class='av-structured-data'  itemprop=\"publisher\" itemtype=\"https:\/\/schema.org\/Organization\" itemscope=\"itemscope\" >\n\t\t\t\t\t\t<span itemprop='name'>marion<\/span>\n\t\t\t\t\t\t<span itemprop='logo' itemscope itemtype='https:\/\/schema.org\/ImageObject'>\n\t\t\t\t\t\t\t<span itemprop='url'>https:\/\/www.fredonoccitanie.com\/captages\/wp-content\/uploads\/sites\/3\/2021\/10\/logo_captage.png<\/span>\n\t\t\t\t\t\t<\/span>\n\t\t\t\t<\/span><span class='av-structured-data'  itemprop=\"author\" itemscope=\"itemscope\" itemtype=\"https:\/\/schema.org\/Person\" ><span itemprop='name'>marion<\/span><\/span><span class='av-structured-data'  itemprop=\"datePublished\" datetime=\"2022-02-08T10:01:04+01:00\" >2024-10-14 12:40:06<\/span><span class='av-structured-data'  itemprop=\"dateModified\" itemtype=\"https:\/\/schema.org\/dateModified\" >2025-04-14 12:18:18<\/span><span class='av-structured-data'  itemprop=\"mainEntityOfPage\" itemtype=\"https:\/\/schema.org\/mainEntityOfPage\" ><span itemprop='name'>[Colloque] le 26 et 27 novembre, COPRAA \u00e0 Dijon ou \u00e0 distance<\/span><\/span><\/span><\/article><article class='slide-entry flex_column  post-entry post-entry-11255 slide-entry-overview slide-loop-2 slide-parity-even  av_one_fourth  real-thumbnail posttype-post post-format-standard'  itemscope=\"itemscope\" itemtype=\"https:\/\/schema.org\/CreativeWork\" ><a href='https:\/\/www.fredonoccitanie.com\/captages\/2024\/10\/01\/webinaire-21-octobre-les-mares-en-tant-quinfrastructures-agro-ecologiques\/' data-rel='slide-1' class='slide-image' title='[WEBINAIRE] 21 octobre \u00ab\u00a0Les mares en tant qu&rsquo;infrastructures agro-\u00e9cologiques\u00a0\u00bb'><img decoding=\"async\" fetchpriority=\"high\" width=\"260\" height=\"185\" src=\"https:\/\/www.fredonoccitanie.com\/captages\/wp-content\/uploads\/sites\/3\/2024\/10\/webinaire-260x185.png\" class=\"wp-image-11256 avia-img-lazy-loading-not-11256 attachment-portfolio_small size-portfolio_small wp-post-image\" alt=\"\" \/><\/a><div class=\"slide-content\"><header class=\"entry-content-header\" aria-label=\"Slide: [WEBINAIRE] 21 octobre &quot;Les mares en tant qu&#039;infrastructures agro-\u00e9cologiques&quot;\"><h3 class='slide-entry-title entry-title '  itemprop=\"headline\" ><a href='https:\/\/www.fredonoccitanie.com\/captages\/2024\/10\/01\/webinaire-21-octobre-les-mares-en-tant-quinfrastructures-agro-ecologiques\/' title='[WEBINAIRE] 21 octobre \u00ab\u00a0Les mares en tant qu&rsquo;infrastructures agro-\u00e9cologiques\u00a0\u00bb'>[WEBINAIRE] 21 octobre \u00ab\u00a0Les mares en tant qu&rsquo;infrastructures agro-\u00e9cologiques\u00a0\u00bb<\/a><\/h3><span class=\"av-vertical-delimiter\"><\/span><\/header><div class=\"slide-meta\"><time class='slide-meta-time updated'  itemprop=\"datePublished\" datetime=\"2024-10-01T08:35:25+02:00\" >1 octobre 2024<\/time><\/div><div class='slide-entry-excerpt entry-content'  itemprop=\"text\" >Lundi 21 octobre 2024 de 14h \u00e0 16h venez participer au webinaire\u00a0\u2026<div class=\"read-more-link\"><a href=\"https:\/\/www.fredonoccitanie.com\/captages\/2024\/10\/01\/webinaire-21-octobre-les-mares-en-tant-quinfrastructures-agro-ecologiques\/\" class=\"more-link\">Lire la suite<span class='more-link-arrow avia-svg-icon avia-font-svg_entypo-fontello' data-av_svg_icon='right-open-big' data-av_iconset='svg_entypo-fontello'><svg version=\"1.1\" xmlns=\"http:\/\/www.w3.org\/2000\/svg\" width=\"15\" height=\"32\" viewBox=\"0 0 15 32\" preserveAspectRatio=\"xMidYMid meet\" role=\"graphics-symbol\" aria-hidden=\"true\">\n<path d=\"M0.416 27.84l11.456-11.84-11.456-11.904q-0.832-0.832 0-1.536 0.832-0.832 1.536 0l12.544 12.608q0.768 0.832 0 1.6l-12.544 12.608q-0.704 0.832-1.536 0-0.832-0.704 0-1.536z\"><\/path>\n<\/svg><\/span><\/a><\/div><\/div><\/div><footer class=\"entry-footer\"><\/footer><span class='hidden'>\n\t\t\t\t<span class='av-structured-data'  itemprop=\"image\" itemscope=\"itemscope\" itemtype=\"https:\/\/schema.org\/ImageObject\" >\n\t\t\t\t\t\t<span itemprop='url'>https:\/\/www.fredonoccitanie.com\/captages\/wp-content\/uploads\/sites\/3\/2024\/10\/webinaire.png<\/span>\n\t\t\t\t\t\t<span itemprop='height'>408<\/span>\n\t\t\t\t\t\t<span itemprop='width'>555<\/span>\n\t\t\t\t<\/span>\n\t\t\t\t<span class='av-structured-data'  itemprop=\"publisher\" itemtype=\"https:\/\/schema.org\/Organization\" itemscope=\"itemscope\" >\n\t\t\t\t\t\t<span itemprop='name'>ALGANS Emilie<\/span>\n\t\t\t\t\t\t<span itemprop='logo' itemscope itemtype='https:\/\/schema.org\/ImageObject'>\n\t\t\t\t\t\t\t<span itemprop='url'>https:\/\/www.fredonoccitanie.com\/captages\/wp-content\/uploads\/sites\/3\/2021\/10\/logo_captage.png<\/span>\n\t\t\t\t\t\t<\/span>\n\t\t\t\t<\/span><span class='av-structured-data'  itemprop=\"author\" itemscope=\"itemscope\" itemtype=\"https:\/\/schema.org\/Person\" ><span itemprop='name'>ALGANS Emilie<\/span><\/span><span class='av-structured-data'  itemprop=\"datePublished\" datetime=\"2022-02-08T10:01:04+01:00\" >2024-10-01 08:35:25<\/span><span class='av-structured-data'  itemprop=\"dateModified\" itemtype=\"https:\/\/schema.org\/dateModified\" >2025-04-14 12:17:19<\/span><span class='av-structured-data'  itemprop=\"mainEntityOfPage\" itemtype=\"https:\/\/schema.org\/mainEntityOfPage\" ><span itemprop='name'>[WEBINAIRE] 21 octobre \u00ab\u00a0Les mares en tant qu&rsquo;infrastructures agro-\u00e9cologiques\u00a0\u00bb<\/span><\/span><\/span><\/article><article class='slide-entry flex_column  post-entry post-entry-11261 slide-entry-overview slide-loop-3 slide-parity-odd  av_one_fourth  real-thumbnail posttype-post post-format-standard'  itemscope=\"itemscope\" itemtype=\"https:\/\/schema.org\/CreativeWork\" ><a href='https:\/\/www.fredonoccitanie.com\/captages\/2024\/10\/01\/webinaire-18-octobre-les-vendredis-de-le-a-u-du-sage-vallee-de-la-garonne\/' data-rel='slide-1' class='slide-image' title='[WEBINAIRE] 18 octobre, Les vendredis de l&rsquo;E.A.U du SAGE Vall\u00e9e de la Garonne'><img decoding=\"async\" fetchpriority=\"high\" width=\"260\" height=\"185\" src=\"https:\/\/www.fredonoccitanie.com\/captages\/wp-content\/uploads\/sites\/3\/2024\/10\/eau-260x185.jpg\" class=\"wp-image-11262 avia-img-lazy-loading-not-11262 attachment-portfolio_small size-portfolio_small wp-post-image\" alt=\"\" \/><\/a><div class=\"slide-content\"><header class=\"entry-content-header\" aria-label=\"Slide: [WEBINAIRE] 18 octobre, Les vendredis de l&#039;E.A.U du SAGE Vall\u00e9e de la Garonne\"><h3 class='slide-entry-title entry-title '  itemprop=\"headline\" ><a href='https:\/\/www.fredonoccitanie.com\/captages\/2024\/10\/01\/webinaire-18-octobre-les-vendredis-de-le-a-u-du-sage-vallee-de-la-garonne\/' title='[WEBINAIRE] 18 octobre, Les vendredis de l&rsquo;E.A.U du SAGE Vall\u00e9e de la Garonne'>[WEBINAIRE] 18 octobre, Les vendredis de l&rsquo;E.A.U du SAGE Vall\u00e9e de la Garonne<\/a><\/h3><span class=\"av-vertical-delimiter\"><\/span><\/header><div class=\"slide-meta\"><time class='slide-meta-time updated'  itemprop=\"datePublished\" datetime=\"2024-10-01T08:30:14+02:00\" >1 octobre 2024<\/time><\/div><div class='slide-entry-excerpt entry-content'  itemprop=\"text\" >Le SMEAG organise, pour le compte de la commission locale de\u2026<div class=\"read-more-link\"><a href=\"https:\/\/www.fredonoccitanie.com\/captages\/2024\/10\/01\/webinaire-18-octobre-les-vendredis-de-le-a-u-du-sage-vallee-de-la-garonne\/\" class=\"more-link\">Lire la suite<span class='more-link-arrow avia-svg-icon avia-font-svg_entypo-fontello' data-av_svg_icon='right-open-big' data-av_iconset='svg_entypo-fontello'><svg version=\"1.1\" xmlns=\"http:\/\/www.w3.org\/2000\/svg\" width=\"15\" height=\"32\" viewBox=\"0 0 15 32\" preserveAspectRatio=\"xMidYMid meet\" role=\"graphics-symbol\" aria-hidden=\"true\">\n<path d=\"M0.416 27.84l11.456-11.84-11.456-11.904q-0.832-0.832 0-1.536 0.832-0.832 1.536 0l12.544 12.608q0.768 0.832 0 1.6l-12.544 12.608q-0.704 0.832-1.536 0-0.832-0.704 0-1.536z\"><\/path>\n<\/svg><\/span><\/a><\/div><\/div><\/div><footer class=\"entry-footer\"><\/footer><span class='hidden'>\n\t\t\t\t<span class='av-structured-data'  itemprop=\"image\" itemscope=\"itemscope\" itemtype=\"https:\/\/schema.org\/ImageObject\" >\n\t\t\t\t\t\t<span itemprop='url'>https:\/\/www.fredonoccitanie.com\/captages\/wp-content\/uploads\/sites\/3\/2024\/10\/eau.jpg<\/span>\n\t\t\t\t\t\t<span itemprop='height'>365<\/span>\n\t\t\t\t\t\t<span itemprop='width'>723<\/span>\n\t\t\t\t<\/span>\n\t\t\t\t<span class='av-structured-data'  itemprop=\"publisher\" itemtype=\"https:\/\/schema.org\/Organization\" itemscope=\"itemscope\" >\n\t\t\t\t\t\t<span itemprop='name'>ALGANS Emilie<\/span>\n\t\t\t\t\t\t<span itemprop='logo' itemscope itemtype='https:\/\/schema.org\/ImageObject'>\n\t\t\t\t\t\t\t<span itemprop='url'>https:\/\/www.fredonoccitanie.com\/captages\/wp-content\/uploads\/sites\/3\/2021\/10\/logo_captage.png<\/span>\n\t\t\t\t\t\t<\/span>\n\t\t\t\t<\/span><span class='av-structured-data'  itemprop=\"author\" itemscope=\"itemscope\" itemtype=\"https:\/\/schema.org\/Person\" ><span itemprop='name'>ALGANS Emilie<\/span><\/span><span class='av-structured-data'  itemprop=\"datePublished\" datetime=\"2022-02-08T10:01:04+01:00\" >2024-10-01 08:30:14<\/span><span class='av-structured-data'  itemprop=\"dateModified\" itemtype=\"https:\/\/schema.org\/dateModified\" >2024-10-01 09:21:47<\/span><span class='av-structured-data'  itemprop=\"mainEntityOfPage\" itemtype=\"https:\/\/schema.org\/mainEntityOfPage\" ><span itemprop='name'>[WEBINAIRE] 18 octobre, Les vendredis de l&rsquo;E.A.U du SAGE Vall\u00e9e de la Garonne<\/span><\/span><\/span><\/article><article class='slide-entry flex_column  post-entry post-entry-11247 slide-entry-overview slide-loop-4 slide-parity-even  av_one_fourth  real-thumbnail posttype-post post-format-standard'  itemscope=\"itemscope\" itemtype=\"https:\/\/schema.org\/CreativeWork\" ><a href='https:\/\/www.fredonoccitanie.com\/captages\/2024\/10\/01\/webinaire-11-octobre-presentation-de-la-demarche-forces-vise-a-outiller-la-formalisation-des-connaissances-utiles-a-laction-issues-dexperimentations-de-systemes-de-production-a\/' data-rel='slide-1' class='slide-image' title='[Webinaire] 11 octobre \u00ab\u00a0Pr\u00e9sentation de la d\u00e9marche FORCES, vise \u00e0 outiller la formalisation des connaissances utiles \u00e0 l\u2019action, issues d\u2019exp\u00e9rimentations de syst\u00e8mes de production agro\u00e9cologiques'><img decoding=\"async\" fetchpriority=\"high\" width=\"260\" height=\"185\" src=\"https:\/\/www.fredonoccitanie.com\/captages\/wp-content\/uploads\/sites\/3\/2024\/10\/inrae-1-260x185.jpg\" class=\"wp-image-11250 avia-img-lazy-loading-not-11250 attachment-portfolio_small size-portfolio_small wp-post-image\" alt=\"\" \/><\/a><div class=\"slide-content\"><header class=\"entry-content-header\" aria-label=\"Slide: [Webinaire] 11 octobre &quot;Pr\u00e9sentation de la d\u00e9marche FORCES, vise \u00e0 outiller la formalisation des connaissances utiles \u00e0 l\u2019action, issues d\u2019exp\u00e9rimentations de syst\u00e8mes de production agro\u00e9cologiques\"><h3 class='slide-entry-title entry-title '  itemprop=\"headline\" ><a href='https:\/\/www.fredonoccitanie.com\/captages\/2024\/10\/01\/webinaire-11-octobre-presentation-de-la-demarche-forces-vise-a-outiller-la-formalisation-des-connaissances-utiles-a-laction-issues-dexperimentations-de-systemes-de-production-a\/' title='[Webinaire] 11 octobre \u00ab\u00a0Pr\u00e9sentation de la d\u00e9marche FORCES, vise \u00e0 outiller la formalisation des connaissances utiles \u00e0 l\u2019action, issues d\u2019exp\u00e9rimentations de syst\u00e8mes de production agro\u00e9cologiques'>[Webinaire] 11 octobre \u00ab\u00a0Pr\u00e9sentation de la d\u00e9marche FORCES, vise \u00e0 outiller la formalisation des connaissances utiles \u00e0 l\u2019action, issues d\u2019exp\u00e9rimentations de syst\u00e8mes de production agro\u00e9cologiques<\/a><\/h3><span class=\"av-vertical-delimiter\"><\/span><\/header><div class=\"slide-meta\"><time class='slide-meta-time updated'  itemprop=\"datePublished\" datetime=\"2024-10-01T08:28:27+02:00\" >1 octobre 2024<\/time><\/div><div class='slide-entry-excerpt entry-content'  itemprop=\"text\" >D\u00e9couvrez la d\u00e9marche FORCES, un outil pour valoriser les connaissances\u2026<div class=\"read-more-link\"><a href=\"https:\/\/www.fredonoccitanie.com\/captages\/2024\/10\/01\/webinaire-11-octobre-presentation-de-la-demarche-forces-vise-a-outiller-la-formalisation-des-connaissances-utiles-a-laction-issues-dexperimentations-de-systemes-de-production-a\/\" class=\"more-link\">Lire la suite<span class='more-link-arrow avia-svg-icon avia-font-svg_entypo-fontello' data-av_svg_icon='right-open-big' data-av_iconset='svg_entypo-fontello'><svg version=\"1.1\" xmlns=\"http:\/\/www.w3.org\/2000\/svg\" width=\"15\" height=\"32\" viewBox=\"0 0 15 32\" preserveAspectRatio=\"xMidYMid meet\" role=\"graphics-symbol\" aria-hidden=\"true\">\n<path d=\"M0.416 27.84l11.456-11.84-11.456-11.904q-0.832-0.832 0-1.536 0.832-0.832 1.536 0l12.544 12.608q0.768 0.832 0 1.6l-12.544 12.608q-0.704 0.832-1.536 0-0.832-0.704 0-1.536z\"><\/path>\n<\/svg><\/span><\/a><\/div><\/div><\/div><footer class=\"entry-footer\"><\/footer><span class='hidden'>\n\t\t\t\t<span class='av-structured-data'  itemprop=\"image\" itemscope=\"itemscope\" itemtype=\"https:\/\/schema.org\/ImageObject\" >\n\t\t\t\t\t\t<span itemprop='url'>https:\/\/www.fredonoccitanie.com\/captages\/wp-content\/uploads\/sites\/3\/2024\/10\/inrae-1.jpg<\/span>\n\t\t\t\t\t\t<span itemprop='height'>357<\/span>\n\t\t\t\t\t\t<span itemprop='width'>491<\/span>\n\t\t\t\t<\/span>\n\t\t\t\t<span class='av-structured-data'  itemprop=\"publisher\" itemtype=\"https:\/\/schema.org\/Organization\" itemscope=\"itemscope\" >\n\t\t\t\t\t\t<span itemprop='name'>ALGANS Emilie<\/span>\n\t\t\t\t\t\t<span itemprop='logo' itemscope itemtype='https:\/\/schema.org\/ImageObject'>\n\t\t\t\t\t\t\t<span itemprop='url'>https:\/\/www.fredonoccitanie.com\/captages\/wp-content\/uploads\/sites\/3\/2021\/10\/logo_captage.png<\/span>\n\t\t\t\t\t\t<\/span>\n\t\t\t\t<\/span><span class='av-structured-data'  itemprop=\"author\" itemscope=\"itemscope\" itemtype=\"https:\/\/schema.org\/Person\" ><span itemprop='name'>ALGANS Emilie<\/span><\/span><span class='av-structured-data'  itemprop=\"datePublished\" datetime=\"2022-02-08T10:01:04+01:00\" >2024-10-01 08:28:27<\/span><span class='av-structured-data'  itemprop=\"dateModified\" itemtype=\"https:\/\/schema.org\/dateModified\" >2024-10-01 09:22:05<\/span><span class='av-structured-data'  itemprop=\"mainEntityOfPage\" itemtype=\"https:\/\/schema.org\/mainEntityOfPage\" ><span itemprop='name'>[Webinaire] 11 octobre \u00ab\u00a0Pr\u00e9sentation de la d\u00e9marche FORCES, vise \u00e0 outiller la formalisation des connaissances utiles \u00e0 l\u2019action, issues d\u2019exp\u00e9rimentations de syst\u00e8mes de production agro\u00e9cologiques<\/span><\/span><\/span><\/article><\/div><div class=\"slide-entry-wrap\"><article class='slide-entry flex_column  post-entry post-entry-11236 slide-entry-overview slide-loop-5 slide-parity-odd  av_one_fourth first real-thumbnail posttype-post post-format-standard'  itemscope=\"itemscope\" itemtype=\"https:\/\/schema.org\/CreativeWork\" ><a href='https:\/\/www.fredonoccitanie.com\/captages\/2024\/09\/19\/webinaire-mardi-24-septembre-phytobiodiv-faites-de-la-biodiversite-une-alliee-en-milieu-agricole\/' data-rel='slide-1' class='slide-image' title='[Webinaire] Mardi 24 septembre &#8211; Phyto&#038;Biodiv : Faites de la biodiversit\u00e9 une alli\u00e9e en milieu agricole !'><img decoding=\"async\" fetchpriority=\"high\" width=\"260\" height=\"185\" src=\"https:\/\/www.fredonoccitanie.com\/captages\/wp-content\/uploads\/sites\/3\/2024\/09\/biodiv-260x185.png\" class=\"wp-image-11237 avia-img-lazy-loading-not-11237 attachment-portfolio_small size-portfolio_small wp-post-image\" alt=\"\" \/><\/a><div class=\"slide-content\"><header class=\"entry-content-header\" aria-label=\"Slide: [Webinaire] Mardi 24 septembre - Phyto&amp;Biodiv : Faites de la biodiversit\u00e9 une alli\u00e9e en milieu agricole !\"><h3 class='slide-entry-title entry-title '  itemprop=\"headline\" ><a href='https:\/\/www.fredonoccitanie.com\/captages\/2024\/09\/19\/webinaire-mardi-24-septembre-phytobiodiv-faites-de-la-biodiversite-une-alliee-en-milieu-agricole\/' title='[Webinaire] Mardi 24 septembre &#8211; Phyto&#038;Biodiv : Faites de la biodiversit\u00e9 une alli\u00e9e en milieu agricole !'>[Webinaire] Mardi 24 septembre &#8211; Phyto&#038;Biodiv : Faites de la biodiversit\u00e9 une alli\u00e9e en milieu agricole !<\/a><\/h3><span class=\"av-vertical-delimiter\"><\/span><\/header><div class=\"slide-meta\"><time class='slide-meta-time updated'  itemprop=\"datePublished\" datetime=\"2024-09-19T09:16:26+02:00\" >19 septembre 2024<\/time><\/div><div class='slide-entry-excerpt entry-content'  itemprop=\"text\" >Venez assister au Webinaire Phyto&amp;Biodiv \"Faites de la biodiversit\u00e9\u2026<div class=\"read-more-link\"><a href=\"https:\/\/www.fredonoccitanie.com\/captages\/2024\/09\/19\/webinaire-mardi-24-septembre-phytobiodiv-faites-de-la-biodiversite-une-alliee-en-milieu-agricole\/\" class=\"more-link\">Lire la suite<span class='more-link-arrow avia-svg-icon avia-font-svg_entypo-fontello' data-av_svg_icon='right-open-big' data-av_iconset='svg_entypo-fontello'><svg version=\"1.1\" xmlns=\"http:\/\/www.w3.org\/2000\/svg\" width=\"15\" height=\"32\" viewBox=\"0 0 15 32\" preserveAspectRatio=\"xMidYMid meet\" role=\"graphics-symbol\" aria-hidden=\"true\">\n<path d=\"M0.416 27.84l11.456-11.84-11.456-11.904q-0.832-0.832 0-1.536 0.832-0.832 1.536 0l12.544 12.608q0.768 0.832 0 1.6l-12.544 12.608q-0.704 0.832-1.536 0-0.832-0.704 0-1.536z\"><\/path>\n<\/svg><\/span><\/a><\/div><\/div><\/div><footer class=\"entry-footer\"><\/footer><span class='hidden'>\n\t\t\t\t<span class='av-structured-data'  itemprop=\"image\" itemscope=\"itemscope\" itemtype=\"https:\/\/schema.org\/ImageObject\" >\n\t\t\t\t\t\t<span itemprop='url'>https:\/\/www.fredonoccitanie.com\/captages\/wp-content\/uploads\/sites\/3\/2024\/09\/biodiv.png<\/span>\n\t\t\t\t\t\t<span itemprop='height'>231<\/span>\n\t\t\t\t\t\t<span itemprop='width'>304<\/span>\n\t\t\t\t<\/span>\n\t\t\t\t<span class='av-structured-data'  itemprop=\"publisher\" itemtype=\"https:\/\/schema.org\/Organization\" itemscope=\"itemscope\" >\n\t\t\t\t\t\t<span itemprop='name'>ALGANS Emilie<\/span>\n\t\t\t\t\t\t<span itemprop='logo' itemscope itemtype='https:\/\/schema.org\/ImageObject'>\n\t\t\t\t\t\t\t<span itemprop='url'>https:\/\/www.fredonoccitanie.com\/captages\/wp-content\/uploads\/sites\/3\/2021\/10\/logo_captage.png<\/span>\n\t\t\t\t\t\t<\/span>\n\t\t\t\t<\/span><span class='av-structured-data'  itemprop=\"author\" itemscope=\"itemscope\" itemtype=\"https:\/\/schema.org\/Person\" ><span itemprop='name'>ALGANS Emilie<\/span><\/span><span class='av-structured-data'  itemprop=\"datePublished\" datetime=\"2022-02-08T10:01:04+01:00\" >2024-09-19 09:16:26<\/span><span class='av-structured-data'  itemprop=\"dateModified\" itemtype=\"https:\/\/schema.org\/dateModified\" >2024-09-19 22:17:20<\/span><span class='av-structured-data'  itemprop=\"mainEntityOfPage\" itemtype=\"https:\/\/schema.org\/mainEntityOfPage\" ><span itemprop='name'>[Webinaire] Mardi 24 septembre &#8211; Phyto&#038;Biodiv : Faites de la biodiversit\u00e9 une alli\u00e9e en milieu agricole !<\/span><\/span><\/span><\/article><article class='slide-entry flex_column  post-entry post-entry-11232 slide-entry-overview slide-loop-6 slide-parity-even  av_one_fourth  real-thumbnail posttype-post post-format-standard'  itemscope=\"itemscope\" itemtype=\"https:\/\/schema.org\/CreativeWork\" ><a href='https:\/\/www.fredonoccitanie.com\/captages\/2024\/09\/09\/webinaire-mardi-10-septembre-outils-des-safer-au-service-de-la-qualite-de-leau\/' data-rel='slide-1' class='slide-image' title='[Webinaire] Mardi 10 septembre &#8211; Outils des Safer au service de la qualit\u00e9 de l&rsquo;eau'><img decoding=\"async\" fetchpriority=\"high\" width=\"260\" height=\"185\" src=\"https:\/\/www.fredonoccitanie.com\/captages\/wp-content\/uploads\/sites\/3\/2024\/09\/ressource_captage-260x185.jpg\" class=\"wp-image-11233 avia-img-lazy-loading-not-11233 attachment-portfolio_small size-portfolio_small wp-post-image\" alt=\"\" \/><\/a><div class=\"slide-content\"><header class=\"entry-content-header\" aria-label=\"Slide: [Webinaire] Mardi 10 septembre - Outils des Safer au service de la qualit\u00e9 de l&#039;eau\"><h3 class='slide-entry-title entry-title '  itemprop=\"headline\" ><a href='https:\/\/www.fredonoccitanie.com\/captages\/2024\/09\/09\/webinaire-mardi-10-septembre-outils-des-safer-au-service-de-la-qualite-de-leau\/' title='[Webinaire] Mardi 10 septembre &#8211; Outils des Safer au service de la qualit\u00e9 de l&rsquo;eau'>[Webinaire] Mardi 10 septembre &#8211; Outils des Safer au service de la qualit\u00e9 de l&rsquo;eau<\/a><\/h3><span class=\"av-vertical-delimiter\"><\/span><\/header><div class=\"slide-meta\"><time class='slide-meta-time updated'  itemprop=\"datePublished\" datetime=\"2024-09-09T09:03:34+02:00\" >9 septembre 2024<\/time><\/div><div class='slide-entry-excerpt entry-content'  itemprop=\"text\" >Nicolas Agresti, directeur des \u00e9tudes, et C\u00e9cile Lecoq, ing\u00e9nieure\u2026<div class=\"read-more-link\"><a href=\"https:\/\/www.fredonoccitanie.com\/captages\/2024\/09\/09\/webinaire-mardi-10-septembre-outils-des-safer-au-service-de-la-qualite-de-leau\/\" class=\"more-link\">Lire la suite<span class='more-link-arrow avia-svg-icon avia-font-svg_entypo-fontello' data-av_svg_icon='right-open-big' data-av_iconset='svg_entypo-fontello'><svg version=\"1.1\" xmlns=\"http:\/\/www.w3.org\/2000\/svg\" width=\"15\" height=\"32\" viewBox=\"0 0 15 32\" preserveAspectRatio=\"xMidYMid meet\" role=\"graphics-symbol\" aria-hidden=\"true\">\n<path d=\"M0.416 27.84l11.456-11.84-11.456-11.904q-0.832-0.832 0-1.536 0.832-0.832 1.536 0l12.544 12.608q0.768 0.832 0 1.6l-12.544 12.608q-0.704 0.832-1.536 0-0.832-0.704 0-1.536z\"><\/path>\n<\/svg><\/span><\/a><\/div><\/div><\/div><footer class=\"entry-footer\"><\/footer><span class='hidden'>\n\t\t\t\t<span class='av-structured-data'  itemprop=\"image\" itemscope=\"itemscope\" itemtype=\"https:\/\/schema.org\/ImageObject\" >\n\t\t\t\t\t\t<span itemprop='url'>https:\/\/www.fredonoccitanie.com\/captages\/wp-content\/uploads\/sites\/3\/2024\/09\/ressource_captage.jpg<\/span>\n\t\t\t\t\t\t<span itemprop='height'>590<\/span>\n\t\t\t\t\t\t<span itemprop='width'>630<\/span>\n\t\t\t\t<\/span>\n\t\t\t\t<span class='av-structured-data'  itemprop=\"publisher\" itemtype=\"https:\/\/schema.org\/Organization\" itemscope=\"itemscope\" >\n\t\t\t\t\t\t<span itemprop='name'>ALGANS Emilie<\/span>\n\t\t\t\t\t\t<span itemprop='logo' itemscope itemtype='https:\/\/schema.org\/ImageObject'>\n\t\t\t\t\t\t\t<span itemprop='url'>https:\/\/www.fredonoccitanie.com\/captages\/wp-content\/uploads\/sites\/3\/2021\/10\/logo_captage.png<\/span>\n\t\t\t\t\t\t<\/span>\n\t\t\t\t<\/span><span class='av-structured-data'  itemprop=\"author\" itemscope=\"itemscope\" itemtype=\"https:\/\/schema.org\/Person\" ><span itemprop='name'>ALGANS Emilie<\/span><\/span><span class='av-structured-data'  itemprop=\"datePublished\" datetime=\"2022-02-08T10:01:04+01:00\" >2024-09-09 09:03:34<\/span><span class='av-structured-data'  itemprop=\"dateModified\" itemtype=\"https:\/\/schema.org\/dateModified\" >2024-09-19 22:03:51<\/span><span class='av-structured-data'  itemprop=\"mainEntityOfPage\" itemtype=\"https:\/\/schema.org\/mainEntityOfPage\" ><span itemprop='name'>[Webinaire] Mardi 10 septembre &#8211; Outils des Safer au service de la qualit\u00e9 de l&rsquo;eau<\/span><\/span><\/span><\/article><article class='slide-entry flex_column  post-entry post-entry-10753 slide-entry-overview slide-loop-7 slide-parity-odd  av_one_fourth  real-thumbnail posttype-post post-format-standard'  itemscope=\"itemscope\" itemtype=\"https:\/\/schema.org\/CreativeWork\" ><a href='https:\/\/www.fredonoccitanie.com\/captages\/2023\/06\/07\/21-septembre-2023-salon-au-champs-mecamais-special-travail-du-sol-secteur-a-bernede-32\/' data-rel='slide-1' class='slide-image' title='21 septembre 2023 \u2013 Salon \u00ab\u00a0au champs\u00a0\u00bb M\u00e9cama\u00efs \u00e0 Bern\u00e8de (32)'><img decoding=\"async\" fetchpriority=\"high\" width=\"260\" height=\"185\" src=\"https:\/\/www.fredonoccitanie.com\/captages\/wp-content\/uploads\/sites\/3\/2023\/06\/mecamais-260x185.png\" class=\"wp-image-10897 avia-img-lazy-loading-not-10897 attachment-portfolio_small size-portfolio_small wp-post-image\" alt=\"\" srcset=\"https:\/\/www.fredonoccitanie.com\/captages\/wp-content\/uploads\/sites\/3\/2023\/06\/mecamais-260x185.png 260w, https:\/\/www.fredonoccitanie.com\/captages\/wp-content\/uploads\/sites\/3\/2023\/06\/mecamais-300x215.png 300w, https:\/\/www.fredonoccitanie.com\/captages\/wp-content\/uploads\/sites\/3\/2023\/06\/mecamais.png 350w\" sizes=\"(max-width: 260px) 100vw, 260px\" \/><\/a><div class=\"slide-content\"><header class=\"entry-content-header\" aria-label=\"Slide: 21 septembre 2023 \u2013 Salon &quot;au champs&quot; M\u00e9cama\u00efs \u00e0 Bern\u00e8de (32)\"><h3 class='slide-entry-title entry-title '  itemprop=\"headline\" ><a href='https:\/\/www.fredonoccitanie.com\/captages\/2023\/06\/07\/21-septembre-2023-salon-au-champs-mecamais-special-travail-du-sol-secteur-a-bernede-32\/' title='21 septembre 2023 \u2013 Salon \u00ab\u00a0au champs\u00a0\u00bb M\u00e9cama\u00efs \u00e0 Bern\u00e8de (32)'>21 septembre 2023 \u2013 Salon \u00ab\u00a0au champs\u00a0\u00bb M\u00e9cama\u00efs \u00e0 Bern\u00e8de (32)<\/a><\/h3><span class=\"av-vertical-delimiter\"><\/span><\/header><div class=\"slide-meta\"><time class='slide-meta-time updated'  itemprop=\"datePublished\" datetime=\"2023-06-07T12:06:34+02:00\" >7 juin 2023<\/time><\/div><div class='slide-entry-excerpt entry-content'  itemprop=\"text\" >\r\n\r\nLe 21 septembre prochain se tiendra le salon M\u00e9cama\u00efs :Le\u2026<div class=\"read-more-link\"><a href=\"https:\/\/www.fredonoccitanie.com\/captages\/2023\/06\/07\/21-septembre-2023-salon-au-champs-mecamais-special-travail-du-sol-secteur-a-bernede-32\/\" class=\"more-link\">Lire la suite<span class='more-link-arrow avia-svg-icon avia-font-svg_entypo-fontello' data-av_svg_icon='right-open-big' data-av_iconset='svg_entypo-fontello'><svg version=\"1.1\" xmlns=\"http:\/\/www.w3.org\/2000\/svg\" width=\"15\" height=\"32\" viewBox=\"0 0 15 32\" preserveAspectRatio=\"xMidYMid meet\" role=\"graphics-symbol\" aria-hidden=\"true\">\n<path d=\"M0.416 27.84l11.456-11.84-11.456-11.904q-0.832-0.832 0-1.536 0.832-0.832 1.536 0l12.544 12.608q0.768 0.832 0 1.6l-12.544 12.608q-0.704 0.832-1.536 0-0.832-0.704 0-1.536z\"><\/path>\n<\/svg><\/span><\/a><\/div><\/div><\/div><footer class=\"entry-footer\"><\/footer><span class='hidden'>\n\t\t\t\t<span class='av-structured-data'  itemprop=\"image\" itemscope=\"itemscope\" itemtype=\"https:\/\/schema.org\/ImageObject\" >\n\t\t\t\t\t\t<span itemprop='url'>https:\/\/www.fredonoccitanie.com\/captages\/wp-content\/uploads\/sites\/3\/2023\/06\/mecamais.png<\/span>\n\t\t\t\t\t\t<span itemprop='height'>251<\/span>\n\t\t\t\t\t\t<span itemprop='width'>350<\/span>\n\t\t\t\t<\/span>\n\t\t\t\t<span class='av-structured-data'  itemprop=\"publisher\" itemtype=\"https:\/\/schema.org\/Organization\" itemscope=\"itemscope\" >\n\t\t\t\t\t\t<span itemprop='name'>marion<\/span>\n\t\t\t\t\t\t<span itemprop='logo' itemscope itemtype='https:\/\/schema.org\/ImageObject'>\n\t\t\t\t\t\t\t<span itemprop='url'>https:\/\/www.fredonoccitanie.com\/captages\/wp-content\/uploads\/sites\/3\/2021\/10\/logo_captage.png<\/span>\n\t\t\t\t\t\t<\/span>\n\t\t\t\t<\/span><span class='av-structured-data'  itemprop=\"author\" itemscope=\"itemscope\" itemtype=\"https:\/\/schema.org\/Person\" ><span itemprop='name'>marion<\/span><\/span><span class='av-structured-data'  itemprop=\"datePublished\" datetime=\"2022-02-08T10:01:04+01:00\" >2023-06-07 12:06:34<\/span><span class='av-structured-data'  itemprop=\"dateModified\" itemtype=\"https:\/\/schema.org\/dateModified\" >2023-09-15 10:56:28<\/span><span class='av-structured-data'  itemprop=\"mainEntityOfPage\" itemtype=\"https:\/\/schema.org\/mainEntityOfPage\" ><span itemprop='name'>21 septembre 2023 \u2013 Salon \u00ab\u00a0au champs\u00a0\u00bb M\u00e9cama\u00efs \u00e0 Bern\u00e8de (32)<\/span><\/span><\/span><\/article><article class='slide-entry flex_column  post-entry post-entry-10747 slide-entry-overview slide-loop-8 slide-parity-even  post-entry-last  av_one_fourth  real-thumbnail posttype-post post-format-standard'  itemscope=\"itemscope\" itemtype=\"https:\/\/schema.org\/CreativeWork\" ><a href='https:\/\/www.fredonoccitanie.com\/captages\/2023\/06\/07\/20-juillet-2023-salon-au-champs-vini-viti-vici-au-vinnopole-sud-ouest-a-peyrole-81\/' data-rel='slide-1' class='slide-image' title='20 juillet 2023 : Salon \u00ab au champs \u00bb Vini Viti Vici au V\u2019Innop\u00f4le Sud-Ouest \u00e0 Peyrole (81)'><img decoding=\"async\" fetchpriority=\"high\" width=\"260\" height=\"185\" src=\"https:\/\/www.fredonoccitanie.com\/captages\/wp-content\/uploads\/sites\/3\/2023\/06\/BANNIERE-AGENDA-260x185.png\" class=\"wp-image-10748 avia-img-lazy-loading-not-10748 attachment-portfolio_small size-portfolio_small wp-post-image\" alt=\"\" \/><\/a><div class=\"slide-content\"><header class=\"entry-content-header\" aria-label=\"Slide: 20 juillet 2023 : Salon \u00ab au champs \u00bb Vini Viti Vici au V\u2019Innop\u00f4le Sud-Ouest \u00e0 Peyrole (81)\"><h3 class='slide-entry-title entry-title '  itemprop=\"headline\" ><a href='https:\/\/www.fredonoccitanie.com\/captages\/2023\/06\/07\/20-juillet-2023-salon-au-champs-vini-viti-vici-au-vinnopole-sud-ouest-a-peyrole-81\/' title='20 juillet 2023 : Salon \u00ab au champs \u00bb Vini Viti Vici au V\u2019Innop\u00f4le Sud-Ouest \u00e0 Peyrole (81)'>20 juillet 2023 : Salon \u00ab au champs \u00bb Vini Viti Vici au V\u2019Innop\u00f4le Sud-Ouest \u00e0 Peyrole (81)<\/a><\/h3><span class=\"av-vertical-delimiter\"><\/span><\/header><div class=\"slide-meta\"><time class='slide-meta-time updated'  itemprop=\"datePublished\" datetime=\"2023-06-07T11:59:17+02:00\" >7 juin 2023<\/time><\/div><div class='slide-entry-excerpt entry-content'  itemprop=\"text\" >L\u2019IFV Sud-Ouest, Agri Sud-Ouest Innovation et Vinseo organise\u2026<div class=\"read-more-link\"><a href=\"https:\/\/www.fredonoccitanie.com\/captages\/2023\/06\/07\/20-juillet-2023-salon-au-champs-vini-viti-vici-au-vinnopole-sud-ouest-a-peyrole-81\/\" class=\"more-link\">Lire la suite<span class='more-link-arrow avia-svg-icon avia-font-svg_entypo-fontello' data-av_svg_icon='right-open-big' data-av_iconset='svg_entypo-fontello'><svg version=\"1.1\" xmlns=\"http:\/\/www.w3.org\/2000\/svg\" width=\"15\" height=\"32\" viewBox=\"0 0 15 32\" preserveAspectRatio=\"xMidYMid meet\" role=\"graphics-symbol\" aria-hidden=\"true\">\n<path d=\"M0.416 27.84l11.456-11.84-11.456-11.904q-0.832-0.832 0-1.536 0.832-0.832 1.536 0l12.544 12.608q0.768 0.832 0 1.6l-12.544 12.608q-0.704 0.832-1.536 0-0.832-0.704 0-1.536z\"><\/path>\n<\/svg><\/span><\/a><\/div><\/div><\/div><footer class=\"entry-footer\"><\/footer><span class='hidden'>\n\t\t\t\t<span class='av-structured-data'  itemprop=\"image\" itemscope=\"itemscope\" itemtype=\"https:\/\/schema.org\/ImageObject\" >\n\t\t\t\t\t\t<span itemprop='url'>https:\/\/www.fredonoccitanie.com\/captages\/wp-content\/uploads\/sites\/3\/2023\/06\/BANNIERE-AGENDA.png<\/span>\n\t\t\t\t\t\t<span itemprop='height'>1097<\/span>\n\t\t\t\t\t\t<span itemprop='width'>1920<\/span>\n\t\t\t\t<\/span>\n\t\t\t\t<span class='av-structured-data'  itemprop=\"publisher\" itemtype=\"https:\/\/schema.org\/Organization\" itemscope=\"itemscope\" >\n\t\t\t\t\t\t<span itemprop='name'>marion<\/span>\n\t\t\t\t\t\t<span itemprop='logo' itemscope itemtype='https:\/\/schema.org\/ImageObject'>\n\t\t\t\t\t\t\t<span itemprop='url'>https:\/\/www.fredonoccitanie.com\/captages\/wp-content\/uploads\/sites\/3\/2021\/10\/logo_captage.png<\/span>\n\t\t\t\t\t\t<\/span>\n\t\t\t\t<\/span><span class='av-structured-data'  itemprop=\"author\" itemscope=\"itemscope\" itemtype=\"https:\/\/schema.org\/Person\" ><span itemprop='name'>marion<\/span><\/span><span class='av-structured-data'  itemprop=\"datePublished\" datetime=\"2022-02-08T10:01:04+01:00\" >2023-06-07 11:59:17<\/span><span class='av-structured-data'  itemprop=\"dateModified\" itemtype=\"https:\/\/schema.org\/dateModified\" >2023-06-07 12:00:15<\/span><span class='av-structured-data'  itemprop=\"mainEntityOfPage\" itemtype=\"https:\/\/schema.org\/mainEntityOfPage\" ><span itemprop='name'>20 juillet 2023 : Salon \u00ab au champs \u00bb Vini Viti Vici au V\u2019Innop\u00f4le Sud-Ouest \u00e0 Peyrole (81)<\/span><\/span><\/span><\/article><\/div><\/div><div class='pagination-wrap pagination-slider'><nav class='pagination'><span class='pagination-meta'>Page 1 sur 10<\/span><span class='current'>1<\/span><a href='https:\/\/www.fredonoccitanie.com\/captages\/wp-json\/wp\/v2\/pages\/9116\/?avia-element-paging=2' class='inactive next_page' >2<\/a><a href='https:\/\/www.fredonoccitanie.com\/captages\/wp-json\/wp\/v2\/pages\/9116\/?avia-element-paging=3' class='inactive' >3<\/a><a href='https:\/\/www.fredonoccitanie.com\/captages\/wp-json\/wp\/v2\/pages\/9116\/?avia-element-paging=2'>&rsaquo;<\/a><a href='https:\/\/www.fredonoccitanie.com\/captages\/wp-json\/wp\/v2\/pages\/9116\/?avia-element-paging=10'>&raquo;<\/a><\/nav>\n<\/div><\/div><\/div>\n","protected":false},"excerpt":{"rendered":"","protected":false},"author":1,"featured_media":0,"parent":0,"menu_order":0,"comment_status":"closed","ping_status":"closed","template":"","meta":{"footnotes":""},"class_list":["post-9116","page","type-page","status-publish","hentry"],"_links":{"self":[{"href":"https:\/\/www.fredonoccitanie.com\/captages\/wp-json\/wp\/v2\/pages\/9116","targetHints":{"allow":["GET"]}}],"collection":[{"href":"https:\/\/www.fredonoccitanie.com\/captages\/wp-json\/wp\/v2\/pages"}],"about":[{"href":"https:\/\/www.fredonoccitanie.com\/captages\/wp-json\/wp\/v2\/types\/page"}],"author":[{"embeddable":true,"href":"https:\/\/www.fredonoccitanie.com\/captages\/wp-json\/wp\/v2\/users\/1"}],"replies":[{"embeddable":true,"href":"https:\/\/www.fredonoccitanie.com\/captages\/wp-json\/wp\/v2\/comments?post=9116"}],"version-history":[{"count":4,"href":"https:\/\/www.fredonoccitanie.com\/captages\/wp-json\/wp\/v2\/pages\/9116\/revisions"}],"predecessor-version":[{"id":11403,"href":"https:\/\/www.fredonoccitanie.com\/captages\/wp-json\/wp\/v2\/pages\/9116\/revisions\/11403"}],"wp:attachment":[{"href":"https:\/\/www.fredonoccitanie.com\/captages\/wp-json\/wp\/v2\/media?parent=9116"}],"curies":[{"name":"wp","href":"https:\/\/api.w.org\/{rel}","templated":true}]}}