{"id":8338,"date":"2021-07-16T16:42:05","date_gmt":"2021-07-16T14:42:05","guid":{"rendered":"https:\/\/www.fredonoccitanie.com\/captages\/?page_id=8338"},"modified":"2025-08-14T13:32:28","modified_gmt":"2025-08-14T11:32:28","slug":"videotheque","status":"publish","type":"page","link":"https:\/\/www.fredonoccitanie.com\/captages\/videotheque\/","title":{"rendered":"Vid\u00e9oth\u00e8que"},"content":{"rendered":"\n<style type=\"text\/css\" data-created_by=\"avia_inline_auto\" id=\"style-css-av-1x1updu-6410a9ddf9e5af0dc1ab4b5f3918a938\">\n.flex_column.av-1x1updu-6410a9ddf9e5af0dc1ab4b5f3918a938{\nborder-radius:0px 0px 0px 0px;\npadding:0px 0px 0px 0px;\n}\n<\/style>\n<div  class='flex_column av-1x1updu-6410a9ddf9e5af0dc1ab4b5f3918a938 av_three_fifth  avia-builder-el-0  el_before_av_two_fifth  avia-builder-el-first  first flex_column_div av-zero-column-padding  '     ><section  class='av_textblock_section av-kr6fkykf-cb75732174264d11d4986a3037bc9f22 '   itemscope=\"itemscope\" itemtype=\"https:\/\/schema.org\/CreativeWork\" ><div class='avia_textblock'  itemprop=\"text\" ><div class=\"wpb_column vc_column_container vc_col-sm-8\">\n<div class=\"vc_column-inner\">\n<div class=\"wpb_wrapper\">\n<h2 class=\"vc_custom_heading\">Ressources vid\u00e9o<\/h2>\n<div class=\"wpb_text_column wpb_content_element \">\n<div class=\"wpb_wrapper\">\n<p><!--StartFragment --><span class=\"cf0\">Retrouvez ici les meilleures vid\u00e9os \u00e9ducatives sur le sujet de l\u2019eau potable ainsi que de nombreuses ressources sur la pr\u00e9servation des captages et les transitions agricoles et territoriales gages de leur p\u00e9rennit\u00e9.<\/span><!--EndFragment --><\/p>\n<p>Que ce soit pour vous tenir inform\u00e9s, sensibiliser, \u00e9duquer ou ajouter une touche ludique \u00e0 vos actions aupr\u00e8s des citoyens et agriculteurs, mobilisez ces ressources sans mod\u00e9ration !<\/p>\n<p><!--StartFragment --><span class=\"cf0\">Vous les trouverez au sein de ces th\u00e9matiques :<\/span><!--EndFragment --><\/p>\n<\/div>\n<\/div>\n<\/div>\n<\/div>\n<\/div>\n<\/div><\/section><br \/>\n<div  class='avia-buttonrow-wrap av-kzy7tx8n-88b396889161eca1f6d69d661055ae3c avia-buttonrow-center  avia-builder-el-2  el_after_av_textblock  avia-builder-el-last '>\n\n<style type=\"text\/css\" data-created_by=\"avia_inline_auto\" id=\"style-css-av-kzy7t5cm-1fdc4deff765ae32778ad59b43ac0b0c\">\n#top #wrap_all .avia-button.av-kzy7t5cm-1fdc4deff765ae32778ad59b43ac0b0c{\nbackground-color:#0c4e67;\nborder-color:#0c4e67;\ncolor:#ffffff;\ntransition:all 0.4s ease-in-out;\nmargin-bottom:5px;\nmargin-right:3px;\nmargin-left:3px;\n}\n#top #wrap_all .avia-button.av-kzy7t5cm-1fdc4deff765ae32778ad59b43ac0b0c .avia-svg-icon svg:first-child{\nfill:#ffffff;\nstroke:#ffffff;\n}\n<\/style>\n<a href='#eau-potable'  class='avia-button av-kzy7t5cm-1fdc4deff765ae32778ad59b43ac0b0c avia-icon_select-yes-left-icon avia-size-small'   aria-label=\"Eau potable\"><span class='avia_button_icon avia_button_icon_left avia-iconfont avia-font-entypo-fontello' data-av_icon='\ue8cd' data-av_iconfont='entypo-fontello' ><\/span><span class='avia_iconbox_title' >Eau potable<\/span><\/a>\n\n<style type=\"text\/css\" data-created_by=\"avia_inline_auto\" id=\"style-css-av-kzy7tmk5-40d1fd7c10ac003cf6df4f9760891d87\">\n#top #wrap_all .avia-button.av-kzy7tmk5-40d1fd7c10ac003cf6df4f9760891d87{\nbackground-color:#e17a0c;\nborder-color:#e17a0c;\ncolor:#ffffff;\ntransition:all 0.4s ease-in-out;\nmargin-bottom:5px;\nmargin-right:3px;\nmargin-left:3px;\n}\n#top #wrap_all .avia-button.av-kzy7tmk5-40d1fd7c10ac003cf6df4f9760891d87 .avia-svg-icon svg:first-child{\nfill:#ffffff;\nstroke:#ffffff;\n}\n<\/style>\n<a href='#experience'  class='avia-button av-kzy7tmk5-40d1fd7c10ac003cf6df4f9760891d87 avia-icon_select-yes-left-icon avia-size-small'   aria-label=\"Retours d\u2019exp\u00e9rience locaux\"><span class='avia_button_icon avia_button_icon_left avia-iconfont avia-font-entypo-fontello' data-av_icon='\ue83c' data-av_iconfont='entypo-fontello' ><\/span><span class='avia_iconbox_title' >Retours d\u2019exp\u00e9rience locaux<\/span><\/a>\n\n<style type=\"text\/css\" data-created_by=\"avia_inline_auto\" id=\"style-css-av-kzy7tw2x-ad3b426cca0f0f173a6a0f970d627af2\">\n#top #wrap_all .avia-button.av-kzy7tw2x-ad3b426cca0f0f173a6a0f970d627af2{\nbackground-color:#576b35;\nborder-color:#576b35;\ncolor:#ffffff;\ntransition:all 0.4s ease-in-out;\nmargin-bottom:5px;\nmargin-right:3px;\nmargin-left:3px;\n}\n#top #wrap_all .avia-button.av-kzy7tw2x-ad3b426cca0f0f173a6a0f970d627af2 .avia-svg-icon svg:first-child{\nfill:#ffffff;\nstroke:#ffffff;\n}\n<\/style>\n<a href='#eau'  class='avia-button av-kzy7tw2x-ad3b426cca0f0f173a6a0f970d627af2 avia-icon_select-yes-left-icon avia-size-small'   aria-label=\"Eau et agricultures\"><span class='avia_button_icon avia_button_icon_left avia-iconfont avia-font-entypo-fontello' data-av_icon='\ue8b8' data-av_iconfont='entypo-fontello' ><\/span><span class='avia_iconbox_title' >Eau et agricultures<\/span><\/a>\n\n<style type=\"text\/css\" data-created_by=\"avia_inline_auto\" id=\"style-css-av-lcgfufrt-45b0e4eab359bf821d6f4e152d9c307e\">\n#top #wrap_all .avia-button.av-lcgfufrt-45b0e4eab359bf821d6f4e152d9c307e{\nbackground-color:#007c8e;\nborder-color:#007c8e;\ncolor:#ffffff;\ntransition:all 0.4s ease-in-out;\nmargin-bottom:5px;\nmargin-right:3px;\nmargin-left:3px;\n}\n#top #wrap_all .avia-button.av-lcgfufrt-45b0e4eab359bf821d6f4e152d9c307e .avia-svg-icon svg:first-child{\nfill:#ffffff;\nstroke:#ffffff;\n}\n<\/style>\n<a href='#autres'  class='avia-button av-lcgfufrt-45b0e4eab359bf821d6f4e152d9c307e avia-icon_select-yes-left-icon avia-size-small'   aria-label=\"Autres th\u00e9matiques\"><span class='avia_button_icon avia_button_icon_left avia-iconfont avia-font-entypo-fontello' data-av_icon='\ue8ce' data-av_iconfont='entypo-fontello' ><\/span><span class='avia_iconbox_title' >Autres th\u00e9matiques<\/span><\/a>\n<\/div><\/p><\/div>\n\n<style type=\"text\/css\" data-created_by=\"avia_inline_auto\" id=\"style-css-av-1v50s4y-1be72a9756bb3cc162633fbd472810f8\">\n.flex_column.av-1v50s4y-1be72a9756bb3cc162633fbd472810f8{\nborder-radius:0px 0px 0px 0px;\npadding:0px 0px 0px 0px;\n}\n<\/style>\n<div  class='flex_column av-1v50s4y-1be72a9756bb3cc162633fbd472810f8 av_two_fifth  avia-builder-el-3  el_after_av_three_fifth  el_before_av_section  avia-builder-el-last  flex_column_div av-zero-column-padding  '     ><style type=\"text\/css\" data-created_by=\"avia_inline_auto\" id=\"style-css-av-kr6fl81i-a2c9d8bcb3d26f2a5afcc27ef31df53c\">\n#top .av_textblock_section.av-kr6fl81i-a2c9d8bcb3d26f2a5afcc27ef31df53c .avia_textblock{\ncolor:#ffffff;\n}\n<\/style>\n<section  class='av_textblock_section av-kr6fl81i-a2c9d8bcb3d26f2a5afcc27ef31df53c '   itemscope=\"itemscope\" itemtype=\"https:\/\/schema.org\/CreativeWork\" ><div class='avia_textblock bloc_infos av_inherit_color'  itemprop=\"text\" ><div class=\"wpb_column vc_column_container vc_col-sm-4\">\n<div class=\"vc_column-inner\">\n<div class=\"wpb_wrapper\">\n<h2 class=\"vc_custom_heading\">Notre s\u00e9lection de cha\u00eenes vid\u00e9o<\/h2>\n<div class=\"sc_line sc_line_style_solid\"><\/div>\n<div class=\"wpb_text_column wpb_content_element \">\n<div class=\"wpb_wrapper\">\n<p><a href=\"https:\/\/www.youtube.com\/channel\/UCvhlqDe1n1eOVTKF-j-s6Tg\">En immersion<\/a><\/p>\n<\/div>\n<\/div>\n<div class=\"wpb_text_column wpb_content_element \">\n<div class=\"wpb_wrapper\">\n<p><a href=\"https:\/\/www.youtube.com\/channel\/UC1d7c7zKPDUOJak44TGNhvA\">Graie M\u00e9li Melo<\/a><\/p>\n<\/div>\n<\/div>\n<div class=\"wpb_text_column wpb_content_element \">\n<div class=\"wpb_wrapper\">\n<p><a href=\"https:\/\/www.youtube.com\/channel\/UCxuGwbIf-GLww67U6Q-Rz5w\">Sauvons l\u2019eau<\/a><\/p>\n<\/div>\n<\/div>\n<div class=\"wpb_text_column wpb_content_element \">\n<div class=\"wpb_wrapper\">\n<p><a href=\"https:\/\/www.youtube.com\/results?search_query=produisons+autrement\">Alim\u2019Agri: Produisons autrement<\/a><\/p>\n<\/div>\n<\/div>\n<div class=\"wpb_text_column wpb_content_element \">\n<div class=\"wpb_wrapper\">\n<p><a href=\"https:\/\/www.youtube.com\/channel\/UCy2fspMf84Jr6ubjx-NLOAQ\">OSAE : Osez l\u2019agro\u00e9cologie<\/a><\/p>\n<\/div>\n<\/div>\n<div class=\"wpb_text_column wpb_content_element \">\n<div class=\"wpb_wrapper\">\n<p><a href=\"https:\/\/www.youtube.com\/channel\/UC8e3kEkagetjRbrkD1oLQeA\">La VitiBio d\u2019Emilie et Benjamin (H\u00e9rault)<\/a><\/p>\n<p><a href=\"https:\/\/www.youtube.com\/@fredonoccitaniejevi7060\">Cha\u00eene du r\u00e9seau JEVI anim\u00e9 par FREDON Occitanie autour du \u00ab\u00a0Z\u00e9ro Phyto\u00a0\u00bb<\/a><\/p>\n<\/div>\n<\/div>\n<\/div>\n<\/div>\n<\/div>\n<\/div><\/section><\/div>\n<\/div><\/div><\/div><!-- close content main div --><\/div><\/div>\n<style type=\"text\/css\" data-created_by=\"avia_inline_auto\" id=\"style-css-av-41b8c2-432030f640bc19a97751c6c288aecb7e\">\n.avia-section.av-41b8c2-432030f640bc19a97751c6c288aecb7e{\nbackground-color:#f8ead4;\nbackground-image:unset;\n}\n<\/style>\n<div id='eau-potable'  class='avia-section av-41b8c2-432030f640bc19a97751c6c288aecb7e main_color avia-section-default avia-no-border-styling  avia-builder-el-5  el_after_av_two_fifth  el_before_av_one_full  avia-bg-style-scroll container_wrap fullsize'  ><div class='container av-section-cont-open' ><div class='template-page content  av-content-full alpha units'><div class='post-entry post-entry-type-page post-entry-8338'><div class='entry-content-wrapper clearfix'>\n\n<style type=\"text\/css\" data-created_by=\"avia_inline_auto\" id=\"style-css-av-1tedrky-1d453119cad63dec0d779fcb678f7be6\">\n.flex_column.av-1tedrky-1d453119cad63dec0d779fcb678f7be6{\nborder-radius:0px 0px 0px 0px;\npadding:0px 0px 0px 0px;\n}\n<\/style>\n<div  class='flex_column av-1tedrky-1d453119cad63dec0d779fcb678f7be6 av_one_full  avia-builder-el-6  el_before_av_one_fourth  avia-builder-el-first  first flex_column_div av-zero-column-padding  '     ><section  class='av_textblock_section av-kr6flkg5-0d8b8b907f1a5ccb6c61ac165cdfe8e4 '   itemscope=\"itemscope\" itemtype=\"https:\/\/schema.org\/CreativeWork\" ><div class='avia_textblock'  itemprop=\"text\" ><h2 style=\"text-align: center\"><a href=\"#sectioneaupot\">Eau potable<\/a><\/h2>\n<\/div><\/section><\/div>\n<style type=\"text\/css\" data-created_by=\"avia_inline_auto\" id=\"style-css-av-5ssguq-e344d8324309deb93271d9b310314b8d\">\n.flex_column.av-5ssguq-e344d8324309deb93271d9b310314b8d{\nborder-radius:0px 0px 0px 0px;\npadding:0px 0px 0px 0px;\n}\n<\/style>\n<div  class='flex_column av-5ssguq-e344d8324309deb93271d9b310314b8d av_one_fourth  avia-builder-el-8  el_after_av_one_full  el_before_av_one_fourth  first flex_column_div av-zero-column-padding  column-top-margin'     ><p>\n<style type=\"text\/css\" data-created_by=\"avia_inline_auto\" id=\"style-css-av-3wrwpe-016af9c6eedf816dbe4aaa5c4855afe7\">\n.avia-video.av-3wrwpe-016af9c6eedf816dbe4aaa5c4855afe7{\nbackground-image:url(https:\/\/www.fredonoccitanie.com\/captages\/wp-content\/uploads\/sites\/3\/2022\/02\/v1_imersion-300x169.png);\n}\n<\/style>\n<div  class='avia-video av-3wrwpe-016af9c6eedf816dbe4aaa5c4855afe7 avia-video-16-9 av-preview-image avia-video-confirm_all av-lazyload-video-embed'  itemprop=\"video\" itemtype=\"https:\/\/schema.org\/VideoObject\"  data-original_url='https:\/\/youtu.be\/9Bvt7a6ZPn0'><script type='text\/html' class='av-video-tmpl'><div class='avia-iframe-wrap'><iframe loading=\"lazy\" title=\"En Immersion - Episode 1 : L&#039;eau a quelque chose \u00e0 vous dire\" width=\"1500\" height=\"844\" src=\"https:\/\/www.youtube.com\/embed\/9Bvt7a6ZPn0?feature=oembed&autoplay=1&loop=0&controls=1&mute=0\" frameborder=\"0\" allow=\"accelerometer; autoplay; clipboard-write; encrypted-media; gyroscope; picture-in-picture\" allowfullscreen><\/iframe><\/div><\/script><div class='av-click-to-play-overlay'><div class=\"avia_playpause_icon\"><\/div><\/div><\/div><br \/>\n<section  class='av_textblock_section av-8xw82-ca1d693506909a21824c2403b9bff0d7 '   itemscope=\"itemscope\" itemtype=\"https:\/\/schema.org\/CreativeWork\" ><div class='avia_textblock'  itemprop=\"text\" ><p>Elle en boit quelques gorg\u00e9es et s\u2019appr\u00eate \u00e0 verser l\u2019eau restante dans l\u2019\u00e9vier, c\u2019est \u00e0 dire la quasi totalit\u00e9 du verre. Grave erreur ! Une voix l\u2019interpelle : \u201c Ca va pas non ? \u201d<\/p>\n<\/div><\/section><\/p><\/div>\n<style type=\"text\/css\" data-created_by=\"avia_inline_auto\" id=\"style-css-av-1qfnloi-9c56a7fc7d237b7fa8c89401c26d846f\">\n.flex_column.av-1qfnloi-9c56a7fc7d237b7fa8c89401c26d846f{\nborder-radius:0px 0px 0px 0px;\npadding:0px 0px 0px 0px;\n}\n<\/style>\n<div  class='flex_column av-1qfnloi-9c56a7fc7d237b7fa8c89401c26d846f av_one_fourth  avia-builder-el-11  el_after_av_one_fourth  el_before_av_one_fourth  flex_column_div av-zero-column-padding  column-top-margin'     ><p>\n<style type=\"text\/css\" data-created_by=\"avia_inline_auto\" id=\"style-css-av-kr6fpekw-0c0bb8da2615abdb9dfda63913ce6cf6\">\n.avia-video.av-kr6fpekw-0c0bb8da2615abdb9dfda63913ce6cf6{\nbackground-image:url(https:\/\/www.fredonoccitanie.com\/captages\/wp-content\/uploads\/sites\/3\/2022\/02\/v1_imersion-300x169.png);\n}\n<\/style>\n<div  class='avia-video av-kr6fpekw-0c0bb8da2615abdb9dfda63913ce6cf6 avia-video-16-9 av-preview-image avia-video-confirm_all av-lazyload-video-embed'  itemprop=\"video\" itemtype=\"https:\/\/schema.org\/VideoObject\"  data-original_url='https:\/\/youtu.be\/6cEW90OOB4A'><script type='text\/html' class='av-video-tmpl'><div class='avia-iframe-wrap'><iframe loading=\"lazy\" title=\"\u00c7a capte ? [En immersion - Saison 1 Episode 10]\" width=\"1500\" height=\"844\" src=\"https:\/\/www.youtube.com\/embed\/6cEW90OOB4A?feature=oembed&autoplay=1&loop=0&controls=1&mute=0\" frameborder=\"0\" allow=\"accelerometer; autoplay; clipboard-write; encrypted-media; gyroscope; picture-in-picture\" allowfullscreen><\/iframe><\/div><\/script><div class='av-click-to-play-overlay'><div class=\"avia_playpause_icon\"><\/div><\/div><\/div><br \/>\n<section  class='av_textblock_section av-kr6fql69-afa6ee9b49d7ddc2cebb327ec9ba5e77 '   itemscope=\"itemscope\" itemtype=\"https:\/\/schema.org\/CreativeWork\" ><div class='avia_textblock'  itemprop=\"text\" ><p>\u00ab Tout a \u00e9t\u00e9 pens\u00e9 pour que l\u2019eau soit de bonne qualit\u00e9 et prot\u00e9g\u00e9e. La mise en herbe, la conversion en bio, les cultures BNI\u2026 It is the place to be, L\u00e9a !!!<\/p>\n<\/div><\/section><\/p><\/div>\n<style type=\"text\/css\" data-created_by=\"avia_inline_auto\" id=\"style-css-av-1p6hg0i-b6d9963ec53aba054fbb95571e136654\">\n.flex_column.av-1p6hg0i-b6d9963ec53aba054fbb95571e136654{\nborder-radius:0px 0px 0px 0px;\npadding:0px 0px 0px 0px;\n}\n<\/style>\n<div  class='flex_column av-1p6hg0i-b6d9963ec53aba054fbb95571e136654 av_one_fourth  avia-builder-el-14  el_after_av_one_fourth  el_before_av_one_fourth  flex_column_div av-zero-column-padding  column-top-margin'     ><p>\n<style type=\"text\/css\" data-created_by=\"avia_inline_auto\" id=\"style-css-av-kr6fppnh-18309c3231be0abe4065770514b1d622\">\n.avia-video.av-kr6fppnh-18309c3231be0abe4065770514b1d622{\nbackground-image:url(https:\/\/www.fredonoccitanie.com\/captages\/wp-content\/uploads\/sites\/3\/2022\/02\/v3_meli_melo-300x169.png);\n}\n<\/style>\n<div  class='avia-video av-kr6fppnh-18309c3231be0abe4065770514b1d622 avia-video-16-9 av-preview-image avia-video-confirm_all av-lazyload-video-embed'  itemprop=\"video\" itemtype=\"https:\/\/schema.org\/VideoObject\"  data-original_url='https:\/\/youtu.be\/Hhx44i46zhg'><script type='text\/html' class='av-video-tmpl'><div class='avia-iframe-wrap'><iframe loading=\"lazy\" title=\"M\u00e9li M\u00e9lo - &quot;Le go\u00fbt des eaux&quot; avec Jacques Chambon et Franck Pitiot - Episode 10\" width=\"1500\" height=\"844\" src=\"https:\/\/www.youtube.com\/embed\/Hhx44i46zhg?feature=oembed&autoplay=1&loop=0&controls=1&mute=0\" frameborder=\"0\" allow=\"accelerometer; autoplay; clipboard-write; encrypted-media; gyroscope; picture-in-picture\" allowfullscreen><\/iframe><\/div><\/script><div class='av-click-to-play-overlay'><div class=\"avia_playpause_icon\"><\/div><\/div><\/div><br \/>\n<section  class='av_textblock_section av-kr6fqsnw-473e7729a04153282a890d3b8b8b43db '   itemscope=\"itemscope\" itemtype=\"https:\/\/schema.org\/CreativeWork\" ><div class='avia_textblock'  itemprop=\"text\" ><p>L\u2019eau du robinet est-elle diff\u00e9rente de l\u2019eau en bouteille ?<\/p>\n<\/div><\/section><\/p><\/div>\n<style type=\"text\/css\" data-created_by=\"avia_inline_auto\" id=\"style-css-av-5tdh0y-dd0336ffd29116cb839b8d5558ac78e8\">\n.flex_column.av-5tdh0y-dd0336ffd29116cb839b8d5558ac78e8{\nborder-radius:0px 0px 0px 0px;\npadding:0px 0px 0px 0px;\n}\n<\/style>\n<div  class='flex_column av-5tdh0y-dd0336ffd29116cb839b8d5558ac78e8 av_one_fourth  avia-builder-el-17  el_after_av_one_fourth  el_before_av_one_fourth  flex_column_div av-zero-column-padding  column-top-margin'     ><p>\n<style type=\"text\/css\" data-created_by=\"avia_inline_auto\" id=\"style-css-av-kr6fq1nx-9b5e2cc29c679e80212b02b4b0a0e919\">\n.avia-video.av-kr6fq1nx-9b5e2cc29c679e80212b02b4b0a0e919{\nbackground-image:url(https:\/\/www.fredonoccitanie.com\/captages\/wp-content\/uploads\/sites\/3\/2022\/02\/v4_melimelo-300x168.png);\n}\n<\/style>\n<div  class='avia-video av-kr6fq1nx-9b5e2cc29c679e80212b02b4b0a0e919 avia-video-16-9 av-preview-image avia-video-confirm_all av-lazyload-video-embed'  itemprop=\"video\" itemtype=\"https:\/\/schema.org\/VideoObject\"  data-original_url='https:\/\/youtu.be\/5q9X408sVgA'><script type='text\/html' class='av-video-tmpl'><div class='avia-iframe-wrap'><iframe loading=\"lazy\" title=\"M\u00e9li M\u00e9lo - &quot;Vive l&#039;herbe libre !&quot; avec Jacques Chambon et Franck Pitiot- Episode 3\" width=\"1500\" height=\"844\" src=\"https:\/\/www.youtube.com\/embed\/5q9X408sVgA?feature=oembed&autoplay=1&loop=0&controls=1&mute=0\" frameborder=\"0\" allow=\"accelerometer; autoplay; clipboard-write; encrypted-media; gyroscope; picture-in-picture\" allowfullscreen><\/iframe><\/div><\/script><div class='av-click-to-play-overlay'><div class=\"avia_playpause_icon\"><\/div><\/div><\/div><br \/>\n<section  class='av_textblock_section av-kr6fr2vw-48dbdc21228a292105e993d22e594cef '   itemscope=\"itemscope\" itemtype=\"https:\/\/schema.org\/CreativeWork\" ><div class='avia_textblock'  itemprop=\"text\" ><p>On trouve des pesticides jusque dans les ressources en eaux souterraines. Comment nous pr\u00e9server de cette pollution ?<\/p>\n<\/div><\/section><\/p><\/div>\n<style type=\"text\/css\" data-created_by=\"avia_inline_auto\" id=\"style-css-av-1ltpnya-42f35beea61c1ccb61a002761322d5e5\">\n.flex_column.av-1ltpnya-42f35beea61c1ccb61a002761322d5e5{\nborder-radius:0px 0px 0px 0px;\npadding:0px 0px 0px 0px;\n}\n<\/style>\n<div  class='flex_column av-1ltpnya-42f35beea61c1ccb61a002761322d5e5 av_one_fourth  avia-builder-el-20  el_after_av_one_fourth  el_before_av_one_fourth  first flex_column_div av-zero-column-padding  column-top-margin'     ><p>\n<style type=\"text\/css\" data-created_by=\"avia_inline_auto\" id=\"style-css-av-kr6frfab-e049cedb4b859c5b7b90b8fec6bf57dc\">\n.avia-video.av-kr6frfab-e049cedb4b859c5b7b90b8fec6bf57dc{\nbackground-image:url(https:\/\/www.fredonoccitanie.com\/captages\/wp-content\/uploads\/sites\/3\/2022\/02\/v5_melimelo-300x170.png);\n}\n<\/style>\n<div  class='avia-video av-kr6frfab-e049cedb4b859c5b7b90b8fec6bf57dc avia-video-16-9 av-preview-image avia-video-confirm_all av-lazyload-video-embed'  itemprop=\"video\" itemtype=\"https:\/\/schema.org\/VideoObject\"  data-original_url='https:\/\/youtu.be\/DiwAiUCqxVg'><script type='text\/html' class='av-video-tmpl'><div class='avia-iframe-wrap'><iframe loading=\"lazy\" title=\"M\u00e9li M\u00e9lo - &quot;Culture et Captages&quot; avec Jacques Chambon et Franck Pitiot - Episode 13\" width=\"1500\" height=\"844\" src=\"https:\/\/www.youtube.com\/embed\/DiwAiUCqxVg?feature=oembed&autoplay=1&loop=0&controls=1&mute=0\" frameborder=\"0\" allow=\"accelerometer; autoplay; clipboard-write; encrypted-media; gyroscope; picture-in-picture\" allowfullscreen><\/iframe><\/div><\/script><div class='av-click-to-play-overlay'><div class=\"avia_playpause_icon\"><\/div><\/div><\/div><br \/>\n<section  class='av_textblock_section av-kr6fridg-c9b647365301704a2a8c21e102b3a372 '   itemscope=\"itemscope\" itemtype=\"https:\/\/schema.org\/CreativeWork\" ><div class='avia_textblock'  itemprop=\"text\" ><div class=\"wpb_text_column wpb_content_element \">\n<div class=\"wpb_wrapper\">\n<p>La protection de la ressource en eau : Faut-il interdire de cultiver sur les aires d\u2019alimentation des captages ?<\/p>\n<\/div>\n<\/div>\n<\/div><\/section><\/p><\/div>\n<style type=\"text\/css\" data-created_by=\"avia_inline_auto\" id=\"style-css-av-1j83gsi-d003df8eaf8e61217868bbc8b83aa103\">\n.flex_column.av-1j83gsi-d003df8eaf8e61217868bbc8b83aa103{\nborder-radius:0px 0px 0px 0px;\npadding:0px 0px 0px 0px;\n}\n<\/style>\n<div  class='flex_column av-1j83gsi-d003df8eaf8e61217868bbc8b83aa103 av_one_fourth  avia-builder-el-23  el_after_av_one_fourth  el_before_av_one_fourth  flex_column_div av-zero-column-padding  column-top-margin'     ><p>\n<style type=\"text\/css\" data-created_by=\"avia_inline_auto\" id=\"style-css-av-kr6frpte-89c98fb851f02175ed43fa87665e1057\">\n.avia-video.av-kr6frpte-89c98fb851f02175ed43fa87665e1057{\nbackground-image:url(https:\/\/www.fredonoccitanie.com\/captages\/wp-content\/uploads\/sites\/3\/2022\/02\/v6_melimelo-300x169.png);\n}\n<\/style>\n<div  class='avia-video av-kr6frpte-89c98fb851f02175ed43fa87665e1057 avia-video-16-9 av-preview-image avia-video-confirm_all av-lazyload-video-embed'  itemprop=\"video\" itemtype=\"https:\/\/schema.org\/VideoObject\"  data-original_url='https:\/\/youtu.be\/brhCRf33XMc'><script type='text\/html' class='av-video-tmpl'><div class='avia-iframe-wrap'><iframe loading=\"lazy\" title=\"M\u00e9li M\u00e9lo - &quot;Au prix que \u00e7a co\u00fbte !&quot; avec Jacques Chambon et Franck Pitiot - Episode 1\" width=\"1500\" height=\"844\" src=\"https:\/\/www.youtube.com\/embed\/brhCRf33XMc?feature=oembed&autoplay=1&loop=0&controls=1&mute=0\" frameborder=\"0\" allow=\"accelerometer; autoplay; clipboard-write; encrypted-media; gyroscope; picture-in-picture\" allowfullscreen><\/iframe><\/div><\/script><div class='av-click-to-play-overlay'><div class=\"avia_playpause_icon\"><\/div><\/div><\/div><br \/>\n<section  class='av_textblock_section av-kr6frvuv-d22e8ca8008807ce875b2193cab824e4 '   itemscope=\"itemscope\" itemtype=\"https:\/\/schema.org\/CreativeWork\" ><div class='avia_textblock'  itemprop=\"text\" ><div class=\"wpb_text_column wpb_content_element \">\n<div class=\"wpb_wrapper\">\n<p>Le prix de l\u2019eau.<br \/>\nQue paye-t-on dans la facture d\u2019eau ? L\u2019eau est-elle encore \u00ab un bien gratuit \u00bb lorsqu\u2019elle arrive au robinet ?<\/p>\n<\/div>\n<\/div>\n<\/div><\/section><\/p><\/div>\n<style type=\"text\/css\" data-created_by=\"avia_inline_auto\" id=\"style-css-av-1iij42q-f7a51728f7f06d9d302a4e550ada5edb\">\n.flex_column.av-1iij42q-f7a51728f7f06d9d302a4e550ada5edb{\nborder-radius:0px 0px 0px 0px;\npadding:0px 0px 0px 0px;\n}\n<\/style>\n<div  class='flex_column av-1iij42q-f7a51728f7f06d9d302a4e550ada5edb av_one_fourth  avia-builder-el-26  el_after_av_one_fourth  el_before_av_one_fourth  flex_column_div av-zero-column-padding  column-top-margin'     ><p>\n<style type=\"text\/css\" data-created_by=\"avia_inline_auto\" id=\"style-css-av-kr6fs31k-aa6f51a0374770cc97ecd399a32623d4\">\n.avia-video.av-kr6fs31k-aa6f51a0374770cc97ecd399a32623d4{\nbackground-image:url(https:\/\/www.fredonoccitanie.com\/captages\/wp-content\/uploads\/sites\/3\/2022\/02\/v7_melimelo-300x168.png);\n}\n<\/style>\n<div  class='avia-video av-kr6fs31k-aa6f51a0374770cc97ecd399a32623d4 avia-video-16-9 av-preview-image avia-video-confirm_all av-lazyload-video-embed'  itemprop=\"video\" itemtype=\"https:\/\/schema.org\/VideoObject\"  data-original_url='https:\/\/youtu.be\/TBPp4tGym7Y'><script type='text\/html' class='av-video-tmpl'><div class='avia-iframe-wrap'><iframe loading=\"lazy\" title=\"M\u00e9li M\u00e9lo - &quot;De source s\u00fbre !&quot; avec Jacques Chambon et Franck Pitiot - Episode 16\" width=\"1500\" height=\"844\" src=\"https:\/\/www.youtube.com\/embed\/TBPp4tGym7Y?feature=oembed&autoplay=1&loop=0&controls=1&mute=0\" frameborder=\"0\" allow=\"accelerometer; autoplay; clipboard-write; encrypted-media; gyroscope; picture-in-picture\" allowfullscreen><\/iframe><\/div><\/script><div class='av-click-to-play-overlay'><div class=\"avia_playpause_icon\"><\/div><\/div><\/div><br \/>\n<section  class='av_textblock_section av-kr6fs7vg-c706d5be3ce9969fd5bd75f6bbcd01b5 '   itemscope=\"itemscope\" itemtype=\"https:\/\/schema.org\/CreativeWork\" ><div class='avia_textblock'  itemprop=\"text\" ><div class=\"wpb_text_column wpb_content_element \">\n<div class=\"wpb_wrapper\">\n<p>Est-il vrai que l\u2019eau potable est fabriqu\u00e9e en recyclant des eaux us\u00e9es ?<\/p>\n<\/div>\n<\/div>\n<\/div><\/section><\/p><\/div>\n<style type=\"text\/css\" data-created_by=\"avia_inline_auto\" id=\"style-css-av-1g75kiq-822844772c6f9c2d80f4eb8d3e765a85\">\n.flex_column.av-1g75kiq-822844772c6f9c2d80f4eb8d3e765a85{\nborder-radius:0px 0px 0px 0px;\npadding:0px 0px 0px 0px;\n}\n<\/style>\n<div  class='flex_column av-1g75kiq-822844772c6f9c2d80f4eb8d3e765a85 av_one_fourth  avia-builder-el-29  el_after_av_one_fourth  el_before_av_one_fourth  flex_column_div av-zero-column-padding  column-top-margin'     ><p>\n<style type=\"text\/css\" data-created_by=\"avia_inline_auto\" id=\"style-css-av-kr6fsgho-607c19286919a81ddd64f15ab873451c\">\n.avia-video.av-kr6fsgho-607c19286919a81ddd64f15ab873451c{\nbackground-image:url(https:\/\/www.fredonoccitanie.com\/captages\/wp-content\/uploads\/sites\/3\/2022\/02\/v8_melimelo-300x169.png);\n}\n<\/style>\n<div  class='avia-video av-kr6fsgho-607c19286919a81ddd64f15ab873451c avia-video-16-9 av-preview-image avia-video-confirm_all av-lazyload-video-embed'  itemprop=\"video\" itemtype=\"https:\/\/schema.org\/VideoObject\"  data-original_url='https:\/\/youtu.be\/YDLmHNwvIhc'><script type='text\/html' class='av-video-tmpl'><div class='avia-iframe-wrap'><iframe loading=\"lazy\" title=\"M\u00e9li M\u00e9lo - &quot;L&#039;\u00e9troite moustiquaire&quot; avec Jacques Chambon et Franck Pitiot - Episode 14\" width=\"1500\" height=\"844\" src=\"https:\/\/www.youtube.com\/embed\/YDLmHNwvIhc?feature=oembed&autoplay=1&loop=0&controls=1&mute=0\" frameborder=\"0\" allow=\"accelerometer; autoplay; clipboard-write; encrypted-media; gyroscope; picture-in-picture\" allowfullscreen><\/iframe><\/div><\/script><div class='av-click-to-play-overlay'><div class=\"avia_playpause_icon\"><\/div><\/div><\/div><br \/>\n<section  class='av_textblock_section av-kr6fskq0-c7fb7a9465320098f4b66856c3bbaa15 '   itemscope=\"itemscope\" itemtype=\"https:\/\/schema.org\/CreativeWork\" ><div class='avia_textblock'  itemprop=\"text\" ><div class=\"wpb_text_column wpb_content_element \">\n<div class=\"wpb_wrapper\">\n<div class=\"wpb_text_column wpb_content_element \">\n<div class=\"wpb_wrapper\">\n<p>L\u2019ing\u00e9nierie \u00e9cologique : Faut-il vraiment laisser faire la nature ?<\/p>\n<\/div>\n<\/div>\n<\/div>\n<\/div>\n<\/div><\/section><\/p><\/div>\n<style type=\"text\/css\" data-created_by=\"avia_inline_auto\" id=\"style-css-av-1dva8j6-a33ae6302c2222e07f862f9ecaa65d7d\">\n.flex_column.av-1dva8j6-a33ae6302c2222e07f862f9ecaa65d7d{\nborder-radius:0px 0px 0px 0px;\npadding:0px 0px 0px 0px;\n}\n<\/style>\n<div  class='flex_column av-1dva8j6-a33ae6302c2222e07f862f9ecaa65d7d av_one_fourth  avia-builder-el-32  el_after_av_one_fourth  el_before_av_one_fourth  first flex_column_div av-zero-column-padding  column-top-margin'     ><p>\n<style type=\"text\/css\" data-created_by=\"avia_inline_auto\" id=\"style-css-av-kr6fsxd8-8ef7d45de2f246b30ea27317a46299dd\">\n.avia-video.av-kr6fsxd8-8ef7d45de2f246b30ea27317a46299dd{\nbackground-image:url(https:\/\/www.fredonoccitanie.com\/captages\/wp-content\/uploads\/sites\/3\/2022\/02\/v1_imersion-300x169.png);\n}\n<\/style>\n<div  class='avia-video av-kr6fsxd8-8ef7d45de2f246b30ea27317a46299dd avia-video-16-9 av-preview-image avia-video-confirm_all av-lazyload-video-embed'  itemprop=\"video\" itemtype=\"https:\/\/schema.org\/VideoObject\"  data-original_url='https:\/\/youtu.be\/w0H4d4JHln4'><script type='text\/html' class='av-video-tmpl'><div class='avia-iframe-wrap'><iframe loading=\"lazy\" title=\"En immersion - Episode 4 : Acc\u00e8s \u00e0 l&#039;eau, pour que \u00e7a coule de source\" width=\"1500\" height=\"844\" src=\"https:\/\/www.youtube.com\/embed\/w0H4d4JHln4?feature=oembed&autoplay=1&loop=0&controls=1&mute=0\" frameborder=\"0\" allow=\"accelerometer; autoplay; clipboard-write; encrypted-media; gyroscope; picture-in-picture\" allowfullscreen><\/iframe><\/div><\/script><div class='av-click-to-play-overlay'><div class=\"avia_playpause_icon\"><\/div><\/div><\/div><br \/>\n<section  class='av_textblock_section av-kr6ft2l3-705161a040ea2a40f01407d92cc98ef6 '   itemscope=\"itemscope\" itemtype=\"https:\/\/schema.org\/CreativeWork\" ><div class='avia_textblock'  itemprop=\"text\" ><div class=\"wpb_text_column wpb_content_element \">\n<div class=\"wpb_wrapper\">\n<div class=\"wpb_text_column wpb_content_element \">\n<div class=\"wpb_wrapper\">\n<p>Exc\u00e9d\u00e9, Max s\u2019emporte, il explique alors que c\u2019est un sujet important, qu\u2019il est question de solidarit\u00e9, que la gestion de l\u2019eau devrait \u00eatre un enjeu primordial, qu\u2019il s\u2019implique parce que lui aussi a envie de s\u2019engager pour une cause en laquelle il croit\u2026<\/p>\n<\/div>\n<\/div>\n<\/div>\n<\/div>\n<\/div><\/section><\/p><\/div>\n<style type=\"text\/css\" data-created_by=\"avia_inline_auto\" id=\"style-css-av-1cb64rm-958bb2ea84f55336767350c15b4ad780\">\n.flex_column.av-1cb64rm-958bb2ea84f55336767350c15b4ad780{\nborder-radius:0px 0px 0px 0px;\npadding:0px 0px 0px 0px;\n}\n<\/style>\n<div  class='flex_column av-1cb64rm-958bb2ea84f55336767350c15b4ad780 av_one_fourth  avia-builder-el-35  el_after_av_one_fourth  el_before_av_one_fourth  flex_column_div av-zero-column-padding  column-top-margin'     ><p>\n<style type=\"text\/css\" data-created_by=\"avia_inline_auto\" id=\"style-css-av-kr6fuhcv-b60586a6ea64266a2dab256e5f71800c\">\n.avia-video.av-kr6fuhcv-b60586a6ea64266a2dab256e5f71800c{\nbackground-image:url(https:\/\/www.fredonoccitanie.com\/captages\/wp-content\/uploads\/sites\/3\/2022\/02\/Capture-300x271.png);\n}\n<\/style>\n<div  class='avia-video av-kr6fuhcv-b60586a6ea64266a2dab256e5f71800c avia-video-16-9 av-preview-image avia-video-confirm_all av-lazyload-video-embed'  itemprop=\"video\" itemtype=\"https:\/\/schema.org\/VideoObject\"  data-original_url='https:\/\/youtu.be\/h7Day0sR9-w'><script type='text\/html' class='av-video-tmpl'><div class='avia-iframe-wrap'><iframe loading=\"lazy\" title=\"D&#039;o\u00f9 vient l&#039;eau du robinet ?\" width=\"1333\" height=\"1000\" src=\"https:\/\/www.youtube.com\/embed\/h7Day0sR9-w?feature=oembed&autoplay=1&loop=0&controls=1&mute=0\" frameborder=\"0\" allow=\"accelerometer; autoplay; clipboard-write; encrypted-media; gyroscope; picture-in-picture\" allowfullscreen><\/iframe><\/div><\/script><div class='av-click-to-play-overlay'><div class=\"avia_playpause_icon\"><\/div><\/div><\/div><br \/>\n<section  class='av_textblock_section av-kr6ftuyl-c7eb13fd3dbe267e9ce789b17ce39a15 '   itemscope=\"itemscope\" itemtype=\"https:\/\/schema.org\/CreativeWork\" ><div class='avia_textblock'  itemprop=\"text\" ><div class=\"wpb_text_column wpb_content_element \">\n<div class=\"wpb_wrapper\">\n<div class=\"wpb_text_column wpb_content_element \">\n<div class=\"wpb_wrapper\">\n<p>Ouvrir son robinet, une action que nous r\u00e9alisons quotidiennement. Mais comment arrive l\u2019eau jusqu\u2019\u00e0 nous ? Plongez au coeur du parcours de l\u2019eau potable\u2026<\/p>\n<\/div>\n<\/div>\n<\/div>\n<\/div>\n<\/div><\/section><\/p><\/div>\n<style type=\"text\/css\" data-created_by=\"avia_inline_auto\" id=\"style-css-av-16f0bci-6cbdb4ea9b01c244cf34b8f9d5726f43\">\n.flex_column.av-16f0bci-6cbdb4ea9b01c244cf34b8f9d5726f43{\nborder-radius:0px 0px 0px 0px;\npadding:0px 0px 0px 0px;\n}\n<\/style>\n<div  class='flex_column av-16f0bci-6cbdb4ea9b01c244cf34b8f9d5726f43 av_one_fourth  avia-builder-el-38  el_after_av_one_fourth  el_before_av_one_fourth  flex_column_div av-zero-column-padding  column-top-margin'     ><p>\n<style type=\"text\/css\" data-created_by=\"avia_inline_auto\" id=\"style-css-av-kr6fvf6f-e21ecc85eea61c22605aae84d953c58b\">\n.avia-video.av-kr6fvf6f-e21ecc85eea61c22605aae84d953c58b{\nbackground-image:url(https:\/\/www.fredonoccitanie.com\/captages\/wp-content\/uploads\/sites\/3\/2022\/02\/ct_pas_sorcier-300x224.png);\n}\n<\/style>\n<div  class='avia-video av-kr6fvf6f-e21ecc85eea61c22605aae84d953c58b avia-video-16-9 av-preview-image avia-video-confirm_all av-lazyload-video-embed'  itemprop=\"video\" itemtype=\"https:\/\/schema.org\/VideoObject\"  data-original_url='https:\/\/youtu.be\/sutFWqeYQz8'><script type='text\/html' class='av-video-tmpl'><div class='avia-iframe-wrap'><iframe loading=\"lazy\" title=\"C&#039;est pas sorcier -EAU EN DANGER\" width=\"1333\" height=\"1000\" src=\"https:\/\/www.youtube.com\/embed\/sutFWqeYQz8?feature=oembed&autoplay=1&loop=0&controls=1&mute=0\" frameborder=\"0\" allow=\"accelerometer; autoplay; clipboard-write; encrypted-media; gyroscope; picture-in-picture\" allowfullscreen><\/iframe><\/div><\/script><div class='av-click-to-play-overlay'><div class=\"avia_playpause_icon\"><\/div><\/div><\/div><br \/>\n<section  class='av_textblock_section av-kr6fvjcp-e9b36df46f2f9c43f7d7aef19f3ce040 '   itemscope=\"itemscope\" itemtype=\"https:\/\/schema.org\/CreativeWork\" ><div class='avia_textblock'  itemprop=\"text\" ><div class=\"wpb_text_column wpb_content_element \">\n<div class=\"wpb_wrapper\">\n<div class=\"wpb_text_column wpb_content_element \">\n<div class=\"wpb_wrapper\">\n<div class=\"wpb_text_column wpb_content_element \">\n<div class=\"wpb_wrapper\">\n<div class=\"wpb_text_column wpb_content_element \">\n<div class=\"wpb_wrapper\">\n<div class=\"wpb_text_column wpb_content_element \">\n<div class=\"wpb_wrapper\">\n<p>Quel circuit l\u2019eau potable emprunte-t-elle avant d\u2019arriver \u00e0 notre robinet ? Comment la d\u00e9barrasse-t-on des nitrates, pesticides et bact\u00e9ries en tous genres ?<\/p>\n<\/div>\n<\/div>\n<\/div>\n<\/div>\n<\/div>\n<\/div>\n<\/div>\n<\/div>\n<\/div>\n<\/div>\n<\/div><\/section><\/p><\/div>\n<style type=\"text\/css\" data-created_by=\"avia_inline_auto\" id=\"style-css-av-17d23fm-9dd280e9344045b1f717ce1ad8b8b3a3\">\n.flex_column.av-17d23fm-9dd280e9344045b1f717ce1ad8b8b3a3{\nborder-radius:0px 0px 0px 0px;\npadding:0px 0px 0px 0px;\n}\n<\/style>\n<div  class='flex_column av-17d23fm-9dd280e9344045b1f717ce1ad8b8b3a3 av_one_fourth  avia-builder-el-41  el_after_av_one_fourth  el_before_av_one_fourth  flex_column_div av-zero-column-padding  column-top-margin'     ><p>\n<style type=\"text\/css\" data-created_by=\"avia_inline_auto\" id=\"style-css-av-kr6fv7oh-681a520d6f40163b19abf6dd2789684a\">\n.avia-video.av-kr6fv7oh-681a520d6f40163b19abf6dd2789684a{\nbackground-image:url(https:\/\/www.fredonoccitanie.com\/captages\/wp-content\/uploads\/sites\/3\/2022\/02\/protec_captag-300x170.png);\n}\n<\/style>\n<div  class='avia-video av-kr6fv7oh-681a520d6f40163b19abf6dd2789684a avia-video-16-9 av-preview-image avia-video-confirm_all av-lazyload-video-embed'  itemprop=\"video\" itemtype=\"https:\/\/schema.org\/VideoObject\"  data-original_url='https:\/\/youtu.be\/IwpDtRiH_Ck'><script type='text\/html' class='av-video-tmpl'><div class='avia-iframe-wrap'><iframe loading=\"lazy\" title=\"Qualit\u00e9 de l&#039;eau : La protection des captages\" width=\"1500\" height=\"844\" src=\"https:\/\/www.youtube.com\/embed\/IwpDtRiH_Ck?feature=oembed&autoplay=1&loop=0&controls=1&mute=0\" frameborder=\"0\" allow=\"accelerometer; autoplay; clipboard-write; encrypted-media; gyroscope; picture-in-picture\" allowfullscreen><\/iframe><\/div><\/script><div class='av-click-to-play-overlay'><div class=\"avia_playpause_icon\"><\/div><\/div><\/div><br \/>\n<section  class='av_textblock_section av-kr6fv1vg-70bcc0b99cbe544fb371c7702e948f3f '   itemscope=\"itemscope\" itemtype=\"https:\/\/schema.org\/CreativeWork\" ><div class='avia_textblock'  itemprop=\"text\" ><div class=\"wpb_text_column wpb_content_element \">\n<div class=\"wpb_wrapper\">\n<div class=\"wpb_text_column wpb_content_element \">\n<div class=\"wpb_wrapper\">\n<div class=\"wpb_text_column wpb_content_element \">\n<div class=\"wpb_wrapper\">\n<div class=\"wpb_text_column wpb_content_element \">\n<div class=\"wpb_wrapper\">\n<p>L\u2019eau que nous buvons provient des ressources naturelles (cours d\u2019eau et nappes phr\u00e9atiques).<\/p>\n<\/div>\n<\/div>\n<\/div>\n<\/div>\n<\/div>\n<\/div>\n<\/div>\n<\/div>\n<\/div><\/section><\/p><\/div>\n<style type=\"text\/css\" data-created_by=\"avia_inline_auto\" id=\"style-css-av-14gsvoy-e440f0bbe30173bed6349d69cb182bcd\">\n.flex_column.av-14gsvoy-e440f0bbe30173bed6349d69cb182bcd{\nborder-radius:0px 0px 0px 0px;\npadding:0px 0px 0px 0px;\n}\n<\/style>\n<div  class='flex_column av-14gsvoy-e440f0bbe30173bed6349d69cb182bcd av_one_fourth  avia-builder-el-44  el_after_av_one_fourth  el_before_av_one_fourth  first flex_column_div av-zero-column-padding  column-top-margin'     ><p>\n<style type=\"text\/css\" data-created_by=\"avia_inline_auto\" id=\"style-css-av-kr6fwa3j-83eb9de913fee7c4c577f09d2ddef4f8\">\n.avia-video.av-kr6fwa3j-83eb9de913fee7c4c577f09d2ddef4f8{\nbackground-image:url(https:\/\/www.fredonoccitanie.com\/captages\/wp-content\/uploads\/sites\/3\/2022\/02\/Capture2-300x156.png);\n}\n<\/style>\n<div  class='avia-video av-kr6fwa3j-83eb9de913fee7c4c577f09d2ddef4f8 avia-video-16-9 av-preview-image avia-video-confirm_all av-lazyload-video-embed'  itemprop=\"video\" itemtype=\"https:\/\/schema.org\/VideoObject\"  data-original_url='https:\/\/youtu.be\/QWXCVeqqQb0'><script type='text\/html' class='av-video-tmpl'><div class='avia-iframe-wrap'><iframe loading=\"lazy\" title=\"DECAP : d\u00e9tecter et \u00e9liminer les micropolluants dans les eaux\" width=\"1500\" height=\"844\" src=\"https:\/\/www.youtube.com\/embed\/QWXCVeqqQb0?feature=oembed&autoplay=1&loop=0&controls=1&mute=0\" frameborder=\"0\" allow=\"accelerometer; autoplay; clipboard-write; encrypted-media; gyroscope; picture-in-picture\" allowfullscreen><\/iframe><\/div><\/script><div class='av-click-to-play-overlay'><div class=\"avia_playpause_icon\"><\/div><\/div><\/div><br \/>\n<section  class='av_textblock_section av-kr6fvosj-7d94ad8673676190ebf13ea1e411b8dd '   itemscope=\"itemscope\" itemtype=\"https:\/\/schema.org\/CreativeWork\" ><div class='avia_textblock'  itemprop=\"text\" ><div class=\"wpb_text_column wpb_content_element \">\n<div class=\"wpb_wrapper\">\n<div class=\"wpb_text_column wpb_content_element \">\n<div class=\"wpb_wrapper\">\n<div class=\"wpb_text_column wpb_content_element \">\n<div class=\"wpb_wrapper\">\n<div class=\"wpb_text_column wpb_content_element \">\n<div class=\"wpb_wrapper\">\n<div class=\"wpb_text_column wpb_content_element \">\n<div class=\"wpb_wrapper\">\n<div class=\"wpb_text_column wpb_content_element \">\n<div class=\"wpb_wrapper\">\n<p>DECAP, plateforme du programme PIVOTS en r\u00e9gion Centre-Val de Loire, \u00e9labore des capteurs pour d\u00e9tecter ces micropolluants et d\u00e9polluer. \u00a9 BRGM<\/p>\n<\/div>\n<\/div>\n<\/div>\n<\/div>\n<\/div>\n<\/div>\n<\/div>\n<\/div>\n<\/div>\n<\/div>\n<\/div>\n<\/div>\n<\/div><\/section><\/p><\/div>\n<style type=\"text\/css\" data-created_by=\"avia_inline_auto\" id=\"style-css-av-129mno2-1c2d038694da7b17aa8543adc2085130\">\n.flex_column.av-129mno2-1c2d038694da7b17aa8543adc2085130{\nborder-radius:0px 0px 0px 0px;\npadding:0px 0px 0px 0px;\n}\n<\/style>\n<div  class='flex_column av-129mno2-1c2d038694da7b17aa8543adc2085130 av_one_fourth  avia-builder-el-47  el_after_av_one_fourth  el_before_av_one_fourth  flex_column_div av-zero-column-padding  column-top-margin'     ><p>\n<style type=\"text\/css\" data-created_by=\"avia_inline_auto\" id=\"style-css-av-kr6fwm4l-b817e9e79878dcdd238abe0bf07cbae4\">\n.avia-video.av-kr6fwm4l-b817e9e79878dcdd238abe0bf07cbae4{\nbackground-image:url(https:\/\/www.fredonoccitanie.com\/captages\/wp-content\/uploads\/sites\/3\/2022\/02\/Capture3-300x158.png);\n}\n<\/style>\n<div  class='avia-video av-kr6fwm4l-b817e9e79878dcdd238abe0bf07cbae4 avia-video-16-9 av-preview-image avia-video-confirm_all av-lazyload-video-embed'  itemprop=\"video\" itemtype=\"https:\/\/schema.org\/VideoObject\"  data-original_url='https:\/\/youtu.be\/BmpUTh3iEWA'><script type='text\/html' class='av-video-tmpl'><div class='avia-iframe-wrap'><iframe loading=\"lazy\" title=\"Safe Water Summit - 18 novembre 2019 - Partie 1\" width=\"1500\" height=\"844\" src=\"https:\/\/www.youtube.com\/embed\/BmpUTh3iEWA?feature=oembed&autoplay=1&loop=0&controls=1&mute=0\" frameborder=\"0\" allow=\"accelerometer; autoplay; clipboard-write; encrypted-media; gyroscope; picture-in-picture\" allowfullscreen><\/iframe><\/div><\/script><div class='av-click-to-play-overlay'><div class=\"avia_playpause_icon\"><\/div><\/div><\/div><br \/>\n<section  class='av_textblock_section av-kr6fwqyd-0c268f33734d416353c1d0987b5650a2 '   itemscope=\"itemscope\" itemtype=\"https:\/\/schema.org\/CreativeWork\" ><div class='avia_textblock'  itemprop=\"text\" ><div class=\"wpb_text_column wpb_content_element \">\n<div class=\"wpb_wrapper\">\n<div class=\"wpb_text_column wpb_content_element \">\n<div class=\"wpb_wrapper\">\n<div class=\"wpb_text_column wpb_content_element \">\n<div class=\"wpb_wrapper\">\n<div class=\"wpb_text_column wpb_content_element \">\n<div class=\"wpb_wrapper\">\n<div class=\"wpb_text_column wpb_content_element \">\n<div class=\"wpb_wrapper\">\n<div class=\"wpb_text_column wpb_content_element \">\n<div class=\"wpb_wrapper\">\n<div class=\"wpb_text_column wpb_content_element \">\n<div class=\"wpb_wrapper\">\n<p>Safe Water Summit : Sant\u00e9 de l\u2019Eau, Sant\u00e9 de l\u2019Homme.<\/p>\n<p>L\u2019interaction permanente entre l\u2018eau et l\u2019homme fait de la pollution une probl\u00e9matique majeure aux cons\u00e9quences multiples. L\u2019agence de l\u2019eau Adour-Garonne a organis\u00e9, le 18\/11\/2019, un sommet entre science et sant\u00e9. Les liens \u00ab Eau et Sant\u00e9 \u00bb sont abord\u00e9s au travers de trois table rondes et suivis d\u2019un \u00e9change avec le grand public.<\/p>\n<\/div>\n<\/div>\n<\/div>\n<\/div>\n<\/div>\n<\/div>\n<\/div>\n<\/div>\n<\/div>\n<\/div>\n<\/div>\n<\/div>\n<\/div>\n<\/div>\n<\/div><\/section><\/p><\/div>\n<style type=\"text\/css\" data-created_by=\"avia_inline_auto\" id=\"style-css-av-4ixvk2-e3960a7e44ec6f29b1039c161a0ef46c\">\n.flex_column.av-4ixvk2-e3960a7e44ec6f29b1039c161a0ef46c{\nborder-radius:0px 0px 0px 0px;\npadding:0px 0px 0px 0px;\n}\n<\/style>\n<div  class='flex_column av-4ixvk2-e3960a7e44ec6f29b1039c161a0ef46c av_one_fourth  avia-builder-el-50  el_after_av_one_fourth  avia-builder-el-last  flex_column_div av-zero-column-padding  column-top-margin'     ><p>\n<style type=\"text\/css\" data-created_by=\"avia_inline_auto\" id=\"style-css-av-lcepq4ou-bac120b1533df59a79b8df4192135a28\">\n.avia-video.av-lcepq4ou-bac120b1533df59a79b8df4192135a28{\nbackground-image:url(https:\/\/www.fredonoccitanie.com\/captages\/wp-content\/uploads\/sites\/3\/2023\/01\/film1.png);\n}\n<\/style>\n<div  class='avia-video av-lcepq4ou-bac120b1533df59a79b8df4192135a28 avia-video-16-9 av-preview-image avia-video-confirm_all av-lazyload-video-embed'  itemprop=\"video\" itemtype=\"https:\/\/schema.org\/VideoObject\"  data-original_url='https:\/\/youtu.be\/CYjSUzWQOlQ'><script type='text\/html' class='av-video-tmpl'><div class='avia-iframe-wrap'><iframe loading=\"lazy\" title=\"#1 - Film d&#039;animation &quot;Les captages prioritaires, des outils pour des eaux de qualit\u00e9&quot;\" width=\"1500\" height=\"844\" src=\"https:\/\/www.youtube.com\/embed\/CYjSUzWQOlQ?feature=oembed&autoplay=1&loop=0&controls=1&mute=0\" frameborder=\"0\" allow=\"accelerometer; autoplay; clipboard-write; encrypted-media; gyroscope; picture-in-picture\" allowfullscreen><\/iframe><\/div><\/script><div class='av-click-to-play-overlay'><div class=\"avia_playpause_icon\"><\/div><\/div><\/div><br \/>\n<section  class='av_textblock_section av-lcepp7my-f2686c92851e09a7b9600a363a20fafb '   itemscope=\"itemscope\" itemtype=\"https:\/\/schema.org\/CreativeWork\" ><div class='avia_textblock'  itemprop=\"text\" ><div class=\"wpb_text_column wpb_content_element \">\n<div class=\"wpb_wrapper\">\n<div class=\"wpb_text_column wpb_content_element \">\n<div class=\"wpb_wrapper\">\n<div class=\"wpb_text_column wpb_content_element \">\n<div class=\"wpb_wrapper\">\n<div class=\"wpb_text_column wpb_content_element \">\n<div class=\"wpb_wrapper\">\n<div class=\"wpb_text_column wpb_content_element \">\n<div class=\"wpb_wrapper\">\n<div class=\"wpb_text_column wpb_content_element \">\n<div class=\"wpb_wrapper\">\n<div class=\"wpb_text_column wpb_content_element \">\n<div class=\"wpb_wrapper\">\n<p><span data-contrast=\"auto\"><a href=\"https:\/\/www.arraa.org\/news\/notre-nouvelle-serie-evenement-protection-des-captages-prioritaires\">3 vid\u00e9os sur la protection des captages prioritaire<\/a>s, en Auvergne-Rh\u00f4nes-Alpes, r\u00e9alis\u00e9es par ARRA\u00b2 dans le cadre du r\u00e9seau m\u00e9tier \u00ab\u00a0Captages\/Agriphyto\u00a0\u00bb, un r\u00e9seau homologue au r\u00e9seau <em>Captages d\u2019<\/em>Eau<em>ccitanie<\/em>. Cette s\u00e9rie de films vise \u00e0\u202fsensibiliser les \u00e9lus et les non sp\u00e9cialistes\u202faux\u202fenjeux de protection de la qualit\u00e9 de la ressource en eau\u202fdans les aires d\u2019alimentation de captages d\u2019eau potable.<\/span><span data-ccp-props=\"{}\">\u00a0<\/span><\/p>\n<\/div>\n<\/div>\n<\/div>\n<\/div>\n<\/div>\n<\/div>\n<\/div>\n<\/div>\n<\/div>\n<\/div>\n<\/div>\n<\/div>\n<\/div>\n<\/div>\n<\/div><\/section><\/p><\/div><\/div><\/div><\/div><!-- close content main div --><\/div><\/div><div id='after_section_1'  class='main_color av_default_container_wrap container_wrap fullsize'  ><div class='container av-section-cont-open' ><div class='template-page content  av-content-full alpha units'><div class='post-entry post-entry-type-page post-entry-8338'><div class='entry-content-wrapper clearfix'>\n<style type=\"text\/css\" data-created_by=\"avia_inline_auto\" id=\"style-css-av-11gf4qa-b21d03caa22c3a4afc0c8951bb89ce0a\">\n.flex_column.av-11gf4qa-b21d03caa22c3a4afc0c8951bb89ce0a{\nborder-radius:0px 0px 0px 0px;\npadding:0px 0px 0px 0px;\n}\n<\/style>\n<div  class='flex_column av-11gf4qa-b21d03caa22c3a4afc0c8951bb89ce0a av_one_full  avia-builder-el-53  el_after_av_section  el_before_av_one_fourth  avia-builder-el-first  first flex_column_div av-zero-column-padding  '     ><section  id=\"experience\"  class='av_textblock_section av-kr6fx3vu-22b891050d05d563bb8cb218c4b148fd '   itemscope=\"itemscope\" itemtype=\"https:\/\/schema.org\/CreativeWork\" ><div class='avia_textblock'  itemprop=\"text\" ><h2 style=\"text-align: center\">Retours d&rsquo;exp\u00e9rience locaux<em><br \/>\n<\/em><\/h2>\n<\/div><\/section><\/div><\/p>\n\n<style type=\"text\/css\" data-created_by=\"avia_inline_auto\" id=\"style-css-av-108bro2-b8cf58d7cd87a4aa746b6fe9777279df\">\n.flex_column.av-108bro2-b8cf58d7cd87a4aa746b6fe9777279df{\nborder-radius:0px 0px 0px 0px;\npadding:0px 0px 0px 0px;\n}\n<\/style>\n<div  class='flex_column av-108bro2-b8cf58d7cd87a4aa746b6fe9777279df av_one_fourth  avia-builder-el-55  el_after_av_one_full  el_before_av_one_fourth  first flex_column_div av-zero-column-padding  column-top-margin'     ><p>\n<style type=\"text\/css\" data-created_by=\"avia_inline_auto\" id=\"style-css-av-kr6fxi35-802217bb26f4da5b60415a0ba0641fcb\">\n.avia-video.av-kr6fxi35-802217bb26f4da5b60415a0ba0641fcb{\nbackground-image:url(https:\/\/www.fredonoccitanie.com\/captages\/wp-content\/uploads\/sites\/3\/2025\/08\/Videotheque_retex_CDR_Pau-300x169.jpg);\n}\n<\/style>\n<div  class='avia-video av-kr6fxi35-802217bb26f4da5b60415a0ba0641fcb avia-video-16-9 av-preview-image avia-video-confirm_all av-lazyload-video-embed'  itemprop=\"video\" itemtype=\"https:\/\/schema.org\/VideoObject\"  data-original_url='https:\/\/www.youtube.com\/watch?v=QrRcNyw17gA'><script type='text\/html' class='av-video-tmpl'><div class='avia-iframe-wrap'><iframe loading=\"lazy\" title=\"Captages du Gave de Pau : l\u2019acquisition fonci\u00e8re au service de la qualit\u00e9 de l\u2019eau\" width=\"1500\" height=\"844\" src=\"https:\/\/www.youtube.com\/embed\/QrRcNyw17gA?feature=oembed&autoplay=1&loop=0&controls=1&mute=0\" frameborder=\"0\" allow=\"accelerometer; autoplay; clipboard-write; encrypted-media; gyroscope; picture-in-picture; web-share\" referrerpolicy=\"strict-origin-when-cross-origin\" allowfullscreen><\/iframe><\/div><\/script><div class='av-click-to-play-overlay'><div class=\"avia_playpause_icon\"><\/div><\/div><\/div><br \/>\n<section  class='av_textblock_section av-kr6fxcfx-6d5e25da00a77200deced8ad7409035e '   itemscope=\"itemscope\" itemtype=\"https:\/\/schema.org\/CreativeWork\" ><div class='avia_textblock'  itemprop=\"text\" ><p><!--StartFragment --><\/p>\n<p class=\"pf0\"><span class=\"cf0\">Gestion fonci\u00e8re &#8211; <\/span><span class=\"cf1\">Syndicat mixte d\u2019eau potable de la r\u00e9gion de Juran\u00e7on<\/span><\/p>\n<p><span class=\"cf1\">Le syndicat a anim\u00e9 une d\u00e9marche d\u2019acquisition fonci\u00e8re ayant abouti \u00e0 l\u2019achat de 90 hectares de parcelles agricoles, confi\u00e9es en gestion \u00e0 des \u00e9leveurs locaux. En parall\u00e8le ont \u00e9t\u00e9 mises en place l\u2019interdiction de l\u2019usage de pesticides au sein des p\u00e9rim\u00e8tres de protection rapproch\u00e9e et une animation pour accompagner 25 agriculteurs vers l\u2019\u00e9volution de leurs syst\u00e8mes d\u2019exploitation.<\/span><!--EndFragment --><\/p>\n<\/div><\/section><\/p><\/div>\n\n<style type=\"text\/css\" data-created_by=\"avia_inline_auto\" id=\"style-css-av-aji34y-61c6ca597b385909c8db6804b6b3f8cb\">\n.flex_column.av-aji34y-61c6ca597b385909c8db6804b6b3f8cb{\nborder-radius:0px 0px 0px 0px;\npadding:0px 0px 0px 0px;\n}\n<\/style>\n<div  class='flex_column av-aji34y-61c6ca597b385909c8db6804b6b3f8cb av_one_fourth  avia-builder-el-58  el_after_av_one_fourth  el_before_av_one_fourth  flex_column_div av-zero-column-padding  column-top-margin'     ><p>\n<style type=\"text\/css\" data-created_by=\"avia_inline_auto\" id=\"style-css-av-me8n0vc1-296ddff4432bd736b4bf44b9bb2cd37a\">\n.avia-video.av-me8n0vc1-296ddff4432bd736b4bf44b9bb2cd37a{\nbackground-image:url(https:\/\/www.fredonoccitanie.com\/captages\/wp-content\/uploads\/sites\/3\/2025\/08\/Videotheque_retex_CDR_Prince-300x169.jpg);\n}\n<\/style>\n<div  class='avia-video av-me8n0vc1-296ddff4432bd736b4bf44b9bb2cd37a avia-video-16-9 av-preview-image avia-video-confirm_all av-lazyload-video-embed'  itemprop=\"video\" itemtype=\"https:\/\/schema.org\/VideoObject\"  data-original_url='https:\/\/www.youtube.com\/watch?v=ZjFEUQdvHoI'><script type='text\/html' class='av-video-tmpl'><div class='avia-iframe-wrap'><iframe loading=\"lazy\" title=\"Captages de Princ\u00e9 : l\u2019agronomie au service de la qualit\u00e9 de l\u2019eau\" width=\"1500\" height=\"844\" src=\"https:\/\/www.youtube.com\/embed\/ZjFEUQdvHoI?feature=oembed&autoplay=1&loop=0&controls=1&mute=0\" frameborder=\"0\" allow=\"accelerometer; autoplay; clipboard-write; encrypted-media; gyroscope; picture-in-picture; web-share\" referrerpolicy=\"strict-origin-when-cross-origin\" allowfullscreen><\/iframe><\/div><\/script><div class='av-click-to-play-overlay'><div class=\"avia_playpause_icon\"><\/div><\/div><\/div><br \/>\n<section  class='av_textblock_section av-me8n0302-f89d9f77ee8c08dc6b3a6c2c39ac61ff '   itemscope=\"itemscope\" itemtype=\"https:\/\/schema.org\/CreativeWork\" ><div class='avia_textblock'  itemprop=\"text\" ><p><!--StartFragment --><\/p>\n<p class=\"pf0\"><!--StartFragment --><\/p>\n<p class=\"pf0\"><span class=\"cf0\">Actions en faveur de la transition agro\u00e9cologique &#8211; Syndicat Eau des Portes de Bretagne <\/span><\/p>\n<p><span class=\"cf0\">En 2019, le syndicat a engag\u00e9 \u00e0 l&rsquo;\u00e9chelle de l\u2019aire d&rsquo;alimentation des deux captages<\/span><span class=\"cf1\"> de Princ\u00e9 une animation agricole aupr\u00e8s des exploitants situ\u00e9s sur les AAC. Celle-ci s\u2019est notamment appuy\u00e9e sur la mise en en place de PSE visant la r\u00e9duction des concentrations en nitrates.<\/span><!--EndFragment --><\/p>\n<p><!--EndFragment --><\/p>\n<\/div><\/section><\/p><\/div>\n\n<style type=\"text\/css\" data-created_by=\"avia_inline_auto\" id=\"style-css-av-8jsfbm-fe7a126c94985cf9cce1ef5fefa73077\">\n.flex_column.av-8jsfbm-fe7a126c94985cf9cce1ef5fefa73077{\nborder-radius:0px 0px 0px 0px;\npadding:0px 0px 0px 0px;\n}\n<\/style>\n<div  class='flex_column av-8jsfbm-fe7a126c94985cf9cce1ef5fefa73077 av_one_fourth  avia-builder-el-61  el_after_av_one_fourth  el_before_av_one_fourth  flex_column_div av-zero-column-padding  column-top-margin'     ><p>\n<style type=\"text\/css\" data-created_by=\"avia_inline_auto\" id=\"style-css-av-me8n2og8-1b13b31057bfd661cc5fc87f5f33fcb0\">\n.avia-video.av-me8n2og8-1b13b31057bfd661cc5fc87f5f33fcb0{\nbackground-image:url(https:\/\/www.fredonoccitanie.com\/captages\/wp-content\/uploads\/sites\/3\/2025\/08\/Videotheque_retex_CDR_Briennon-300x169.jpg);\n}\n<\/style>\n<div  class='avia-video av-me8n2og8-1b13b31057bfd661cc5fc87f5f33fcb0 avia-video-16-9 av-preview-image avia-video-confirm_all av-lazyload-video-embed'  itemprop=\"video\" itemtype=\"https:\/\/schema.org\/VideoObject\"  data-original_url='https:\/\/www.youtube.com\/watch?v=HpOVIlolQLw'><script type='text\/html' class='av-video-tmpl'><div class='avia-iframe-wrap'><iframe loading=\"lazy\" title=\"Captages de Brienon et Champlost : outillage du dialogue au service de la qualit\u00e9 de l\u2019eau\" width=\"1500\" height=\"844\" src=\"https:\/\/www.youtube.com\/embed\/HpOVIlolQLw?feature=oembed&autoplay=1&loop=0&controls=1&mute=0\" frameborder=\"0\" allow=\"accelerometer; autoplay; clipboard-write; encrypted-media; gyroscope; picture-in-picture; web-share\" referrerpolicy=\"strict-origin-when-cross-origin\" allowfullscreen><\/iframe><\/div><\/script><div class='av-click-to-play-overlay'><div class=\"avia_playpause_icon\"><\/div><\/div><\/div><br \/>\n<section  class='av_textblock_section av-me8n2514-9d393e4d879943102ba9f4ca90fc24ed '   itemscope=\"itemscope\" itemtype=\"https:\/\/schema.org\/CreativeWork\" ><div class='avia_textblock'  itemprop=\"text\" ><p><!--StartFragment --><\/p>\n<p class=\"pf0\"><!--StartFragment --><\/p>\n<p class=\"pf0\"><!--StartFragment --><\/p>\n<p class=\"pf0\"><span class=\"cf0\">Ing\u00e9nierie de l\u2019animation &#8211; <\/span><span class=\"cf1\">R\u00e9gie d&rsquo;\u00e9quipement de gestion d&rsquo;assainissement et de travaux des eaux (REGATE)<\/span><\/p>\n<p class=\"pf0\"><span class=\"cf0\">Un dialogue approfondi a \u00e9t\u00e9 \u00e9tabli entre les <\/span><span class=\"cf1\">avec les agriculteurs des aires d\u2019alimentation des captages (AAC) de Brienon-sur-Arman\u00e7on et Champlost<\/span><span class=\"cf0\"> et le syndicat. Des rencontres r\u00e9guli\u00e8res et un pilotage partag\u00e9 ont permis une r\u00e9duction encourageant de concentration en nitrates.<\/span><!--EndFragment --><\/p>\n<p><!--EndFragment --><\/p>\n<p><!--EndFragment --><\/p>\n<\/div><\/section><\/p><\/div>\n\n<style type=\"text\/css\" data-created_by=\"avia_inline_auto\" id=\"style-css-av-7ongdu-367395d752e28a1a0be82220f4a048d9\">\n.flex_column.av-7ongdu-367395d752e28a1a0be82220f4a048d9{\nborder-radius:0px 0px 0px 0px;\npadding:0px 0px 0px 0px;\n}\n<\/style>\n<div  class='flex_column av-7ongdu-367395d752e28a1a0be82220f4a048d9 av_one_fourth  avia-builder-el-64  el_after_av_one_fourth  el_before_av_one_fourth  flex_column_div av-zero-column-padding  column-top-margin'     ><p>\n<style type=\"text\/css\" data-created_by=\"avia_inline_auto\" id=\"style-css-av-me8n3ust-960540389656ccb77457d6787fa3e4e5\">\n.avia-video.av-me8n3ust-960540389656ccb77457d6787fa3e4e5{\nbackground-image:url(https:\/\/www.fredonoccitanie.com\/captages\/wp-content\/uploads\/sites\/3\/2025\/08\/Videotheque_retex_CDR_Beuvezin-300x169.jpg);\n}\n<\/style>\n<div  class='avia-video av-me8n3ust-960540389656ccb77457d6787fa3e4e5 avia-video-16-9 av-preview-image avia-video-confirm_all av-lazyload-video-embed'  itemprop=\"video\" itemtype=\"https:\/\/schema.org\/VideoObject\"  data-original_url='https:\/\/www.youtube.com\/watch?v=BFsa94Za8do'><script type='text\/html' class='av-video-tmpl'><div class='avia-iframe-wrap'><iframe loading=\"lazy\" title=\"Sources d\u2019eau de Beuvezin : am\u00e9nagements fonciers au service de la qualit\u00e9 de l\u2019eau\" width=\"1500\" height=\"844\" src=\"https:\/\/www.youtube.com\/embed\/BFsa94Za8do?feature=oembed&autoplay=1&loop=0&controls=1&mute=0\" frameborder=\"0\" allow=\"accelerometer; autoplay; clipboard-write; encrypted-media; gyroscope; picture-in-picture; web-share\" referrerpolicy=\"strict-origin-when-cross-origin\" allowfullscreen><\/iframe><\/div><\/script><div class='av-click-to-play-overlay'><div class=\"avia_playpause_icon\"><\/div><\/div><\/div><br \/>\n<section  class='av_textblock_section av-me8n48rr-c7dbf58dc1115b535ffbb226fa51629e '   itemscope=\"itemscope\" itemtype=\"https:\/\/schema.org\/CreativeWork\" ><div class='avia_textblock'  itemprop=\"text\" ><p><!--StartFragment --><\/p>\n<p class=\"pf0\"><!--StartFragment --><\/p>\n<p class=\"pf0\"><!--StartFragment --><\/p>\n<p class=\"pf0\"><!--StartFragment --><\/p>\n<p class=\"pf0\"><span class=\"cf0\">Gestion fonci\u00e8re &#8211; Beuvezin<\/span><\/p>\n<p class=\"pf0\"><span class=\"cf0\">En seulement quelques ann\u00e9es et en collaboration avec la Safer, la commune a r\u00e9ussi \u00e0 ma\u00eetriser un foncier significatif sur les p\u00e9rim\u00e8tres de protection de ses captages. Les exploitants s\u2019engagent ainsi \u00e0 maintenir les prairies et ma\u00eetriser leur fertilisation.<\/span><!--EndFragment --><\/p>\n<p class=\"pf0\"><!--EndFragment --><\/p>\n<p><!--EndFragment --><\/p>\n<p><!--EndFragment --><\/p>\n<\/div><\/section><\/p><\/div>\n\n<style type=\"text\/css\" data-created_by=\"avia_inline_auto\" id=\"style-css-av-5i45z6-9aa478526be6f4ac4e6315de6b7c9aa9\">\n.flex_column.av-5i45z6-9aa478526be6f4ac4e6315de6b7c9aa9{\nborder-radius:0px 0px 0px 0px;\npadding:0px 0px 0px 0px;\n}\n<\/style>\n<div  class='flex_column av-5i45z6-9aa478526be6f4ac4e6315de6b7c9aa9 av_one_fourth  avia-builder-el-67  el_after_av_one_fourth  el_before_av_one_fourth  first flex_column_div av-zero-column-padding  column-top-margin'     ><p>\n<style type=\"text\/css\" data-created_by=\"avia_inline_auto\" id=\"style-css-av-3np9g2-6ea28175d52e2152c472c123979b2f47\">\n.avia-video.av-3np9g2-6ea28175d52e2152c472c123979b2f47{\nbackground-image:url(https:\/\/www.fredonoccitanie.com\/captages\/wp-content\/uploads\/sites\/3\/2022\/09\/sauvons_leau_cll_captage-300x173.png);\n}\n<\/style>\n<div  class='avia-video av-3np9g2-6ea28175d52e2152c472c123979b2f47 avia-video-16-9 av-preview-image avia-video-confirm_all av-lazyload-video-embed'  itemprop=\"video\" itemtype=\"https:\/\/schema.org\/VideoObject\"  data-original_url='https:\/\/youtu.be\/axmXLCfxQvI'><script type='text\/html' class='av-video-tmpl'><div class='avia-iframe-wrap'><iframe loading=\"lazy\" title=\"[Vid\u00e9o] Au-dessous du village - Protection du captage de L\u00e9dignan, Cardet, L\u00e9zan\" width=\"1500\" height=\"844\" src=\"https:\/\/www.youtube.com\/embed\/axmXLCfxQvI?feature=oembed&autoplay=1&loop=0&controls=1&mute=0\" frameborder=\"0\" allow=\"accelerometer; autoplay; clipboard-write; encrypted-media; gyroscope; picture-in-picture\" allowfullscreen><\/iframe><\/div><\/script><div class='av-click-to-play-overlay'><div class=\"avia_playpause_icon\"><\/div><\/div><\/div><br \/>\n<section  class='av_textblock_section av-7fgci-e1336c2368d678ea3bd4b1dd3a97c9c0 '   itemscope=\"itemscope\" itemtype=\"https:\/\/schema.org\/CreativeWork\" ><div class='avia_textblock'  itemprop=\"text\" ><p>Pourquoi pr\u00e9server la qualit\u00e9 de la ressource en eau ? Comment s&rsquo;y prennent les communes gardoises de Cardet, L\u00e9dignan et L\u00e9zan ? Cette vid\u00e9o [Au dessous du village] par <em>Sauvons l&rsquo;eau<\/em> met \u00e0 l&rsquo;honneur l&rsquo;engagement des acteurs de ces territoires.<\/p>\n<\/div><\/section><\/p><\/div>\n\n<style type=\"text\/css\" data-created_by=\"avia_inline_auto\" id=\"style-css-av-6c6zgi-b6b2353c1bdf1448260e7eb002dc87e9\">\n.flex_column.av-6c6zgi-b6b2353c1bdf1448260e7eb002dc87e9{\nborder-radius:0px 0px 0px 0px;\npadding:0px 0px 0px 0px;\n}\n<\/style>\n<div  class='flex_column av-6c6zgi-b6b2353c1bdf1448260e7eb002dc87e9 av_one_fourth  avia-builder-el-70  el_after_av_one_fourth  el_before_av_one_fourth  flex_column_div av-zero-column-padding  column-top-margin'     ><p>\n<style type=\"text\/css\" data-created_by=\"avia_inline_auto\" id=\"style-css-av-3ne47m-54a10787f345e774415261bb11002afa\">\n.avia-video.av-3ne47m-54a10787f345e774415261bb11002afa{\nbackground-image:url(https:\/\/www.fredonoccitanie.com\/captages\/wp-content\/uploads\/sites\/3\/2022\/02\/v11_cafe_fne-300x168.png);\n}\n<\/style>\n<div  class='avia-video av-3ne47m-54a10787f345e774415261bb11002afa avia-video-16-9 av-preview-image avia-video-confirm_all av-lazyload-video-embed'  itemprop=\"video\" itemtype=\"https:\/\/schema.org\/VideoObject\"  data-original_url='https:\/\/youtu.be\/wWQ1JPAea7w'><script type='text\/html' class='av-video-tmpl'><div class='avia-iframe-wrap'><iframe loading=\"lazy\" title=\"Benjamin Pallard (Agglom\u00e9ration du Pays de l\u2019Or) sur les captages d&#039;eau potable\" width=\"1500\" height=\"844\" src=\"https:\/\/www.youtube.com\/embed\/wWQ1JPAea7w?feature=oembed&autoplay=1&loop=0&controls=1&mute=0\" frameborder=\"0\" allow=\"accelerometer; autoplay; clipboard-write; encrypted-media; gyroscope; picture-in-picture\" allowfullscreen><\/iframe><\/div><\/script><div class='av-click-to-play-overlay'><div class=\"avia_playpause_icon\"><\/div><\/div><\/div><br \/>\n<section  class='av_textblock_section av-1wt8te-a586f39075b2012daee977ce66509231 '   itemscope=\"itemscope\" itemtype=\"https:\/\/schema.org\/CreativeWork\" ><div class='avia_textblock'  itemprop=\"text\" ><div class=\"wpb_text_column wpb_content_element \">\n<div class=\"wpb_wrapper\">\n<div class=\"wpb_text_column wpb_content_element \">\n<div class=\"wpb_wrapper\">\n<div class=\"wpb_text_column wpb_content_element \">\n<div class=\"wpb_wrapper\">\n<div class=\"wpb_text_column wpb_content_element \">\n<div class=\"wpb_wrapper\">\n<div class=\"wpb_text_column wpb_content_element \">\n<div class=\"wpb_wrapper\">\n<div class=\"wpb_text_column wpb_content_element \">\n<div class=\"wpb_wrapper\">\n<div class=\"wpb_text_column wpb_content_element \">\n<div class=\"wpb_wrapper\">\n<p>Intervention de Benjamin Pallard, Responsable du service environnement aquatique et animateur agro-environnemental \u00e0 l\u2019Agglom\u00e9ration du Pays de l\u2019Or (H\u00e9rault).<\/p>\n<\/div>\n<\/div>\n<\/div>\n<\/div>\n<\/div>\n<\/div>\n<\/div>\n<\/div>\n<\/div>\n<\/div>\n<\/div>\n<\/div>\n<\/div>\n<\/div>\n<\/div><\/section><\/p><\/div>\n\n<style type=\"text\/css\" data-created_by=\"avia_inline_auto\" id=\"style-css-av-yp5j1e-55d3ac9e4923f6b590a585fc15856559\">\n.flex_column.av-yp5j1e-55d3ac9e4923f6b590a585fc15856559{\nborder-radius:0px 0px 0px 0px;\npadding:0px 0px 0px 0px;\n}\n<\/style>\n<div  class='flex_column av-yp5j1e-55d3ac9e4923f6b590a585fc15856559 av_one_fourth  avia-builder-el-73  el_after_av_one_fourth  el_before_av_one_fourth  flex_column_div av-zero-column-padding  column-top-margin'     ><p>\n<style type=\"text\/css\" data-created_by=\"avia_inline_auto\" id=\"style-css-av-kr6fxxl8-da27b5c9d138841c755a1caafab3e13a\">\n.avia-video.av-kr6fxxl8-da27b5c9d138841c755a1caafab3e13a{\nbackground-image:url(https:\/\/www.fredonoccitanie.com\/captages\/wp-content\/uploads\/sites\/3\/2022\/02\/Capture4-300x181.png);\n}\n<\/style>\n<div  class='avia-video av-kr6fxxl8-da27b5c9d138841c755a1caafab3e13a avia-video-16-9 av-preview-image avia-video-confirm_all av-lazyload-video-embed'  itemprop=\"video\" itemtype=\"https:\/\/schema.org\/VideoObject\"  data-original_url='https:\/\/youtu.be\/5s1h6-K00_8'><script type='text\/html' class='av-video-tmpl'><div class='avia-iframe-wrap'><iframe loading=\"lazy\" title=\"Fr\u00e9d\u00e9ric Launay (Agence de l&#039;Eau RMC) sur les captages d&#039;eau potable\" width=\"1500\" height=\"844\" src=\"https:\/\/www.youtube.com\/embed\/5s1h6-K00_8?feature=oembed&autoplay=1&loop=0&controls=1&mute=0\" frameborder=\"0\" allow=\"accelerometer; autoplay; clipboard-write; encrypted-media; gyroscope; picture-in-picture\" allowfullscreen><\/iframe><\/div><\/script><div class='av-click-to-play-overlay'><div class=\"avia_playpause_icon\"><\/div><\/div><\/div><br \/>\n<section  class='av_textblock_section av-kr6fxo8b-12f6a7f1f5ac013e81f4aabf83463dbb '   itemscope=\"itemscope\" itemtype=\"https:\/\/schema.org\/CreativeWork\" ><div class='avia_textblock'  itemprop=\"text\" ><div class=\"wpb_text_column wpb_content_element \">\n<div class=\"wpb_wrapper\">\n<div class=\"wpb_text_column wpb_content_element \">\n<div class=\"wpb_wrapper\">\n<div class=\"wpb_text_column wpb_content_element \">\n<div class=\"wpb_wrapper\">\n<div class=\"wpb_text_column wpb_content_element \">\n<div class=\"wpb_wrapper\">\n<div class=\"wpb_text_column wpb_content_element \">\n<div class=\"wpb_wrapper\">\n<div class=\"wpb_text_column wpb_content_element \">\n<div class=\"wpb_wrapper\">\n<div class=\"wpb_text_column wpb_content_element \">\n<div class=\"wpb_wrapper\">\n<div class=\"wpb_text_column wpb_content_element \">\n<div class=\"wpb_wrapper\">\n<p>Intervention de Fr\u00e9d\u00e9ric Launay, Charg\u00e9 d\u2019intervention sp\u00e9cialis\u00e9 en agriculture, \u00e0 l\u2019Agence de l\u2019Eau Rh\u00f4ne-M\u00e9diterran\u00e9e-Corse lors du Caf\u00e9 FNE sur la protection des captages d\u2019eau potable.<\/p>\n<\/div>\n<\/div>\n<\/div>\n<\/div>\n<\/div>\n<\/div>\n<\/div>\n<\/div>\n<\/div>\n<\/div>\n<\/div>\n<\/div>\n<\/div>\n<\/div>\n<\/div>\n<\/div>\n<\/div><\/section><\/p><\/div>\n\n<style type=\"text\/css\" data-created_by=\"avia_inline_auto\" id=\"style-css-av-w93qdu-704f06a235bbbf6eecddd587b0671935\">\n.flex_column.av-w93qdu-704f06a235bbbf6eecddd587b0671935{\nborder-radius:0px 0px 0px 0px;\npadding:0px 0px 0px 0px;\n}\n<\/style>\n<div  class='flex_column av-w93qdu-704f06a235bbbf6eecddd587b0671935 av_one_fourth  avia-builder-el-76  el_after_av_one_fourth  el_before_av_one_fourth  flex_column_div av-zero-column-padding  column-top-margin'     ><p>\n<style type=\"text\/css\" data-created_by=\"avia_inline_auto\" id=\"style-css-av-kr6fyd46-03b9b777f4ce65e210c41b414dad2da6\">\n.avia-video.av-kr6fyd46-03b9b777f4ce65e210c41b414dad2da6{\nbackground-image:url(https:\/\/www.fredonoccitanie.com\/captages\/wp-content\/uploads\/sites\/3\/2022\/02\/v22_eau_agriculteur-300x169.png);\n}\n<\/style>\n<div  class='avia-video av-kr6fyd46-03b9b777f4ce65e210c41b414dad2da6 avia-video-16-9 av-preview-image avia-video-confirm_all av-lazyload-video-embed'  itemprop=\"video\" itemtype=\"https:\/\/schema.org\/VideoObject\"  data-original_url='https:\/\/youtu.be\/aaxWRM_N4PA'><script type='text\/html' class='av-video-tmpl'><div class='avia-iframe-wrap'><iframe loading=\"lazy\" title=\"Entre terre, eau et vivant des agriculteurs s&#039;engagent sur le Bassin de l&#039;Or\" width=\"1500\" height=\"844\" src=\"https:\/\/www.youtube.com\/embed\/aaxWRM_N4PA?feature=oembed&autoplay=1&loop=0&controls=1&mute=0\" frameborder=\"0\" allow=\"accelerometer; autoplay; clipboard-write; encrypted-media; gyroscope; picture-in-picture\" allowfullscreen><\/iframe><\/div><\/script><div class='av-click-to-play-overlay'><div class=\"avia_playpause_icon\"><\/div><\/div><\/div><br \/>\n<section  class='av_textblock_section av-kr6fy4na-4144319557b56a212348305ca7639df4 '   itemscope=\"itemscope\" itemtype=\"https:\/\/schema.org\/CreativeWork\" ><div class='avia_textblock'  itemprop=\"text\" ><div class=\"wpb_text_column wpb_content_element \">\n<div class=\"wpb_wrapper\">\n<div class=\"wpb_text_column wpb_content_element \">\n<div class=\"wpb_wrapper\">\n<div class=\"wpb_text_column wpb_content_element \">\n<div class=\"wpb_wrapper\">\n<div class=\"wpb_text_column wpb_content_element \">\n<div class=\"wpb_wrapper\">\n<div class=\"wpb_text_column wpb_content_element \">\n<div class=\"wpb_wrapper\">\n<div class=\"wpb_text_column wpb_content_element \">\n<div class=\"wpb_wrapper\">\n<div class=\"wpb_text_column wpb_content_element \">\n<div class=\"wpb_wrapper\">\n<div class=\"wpb_text_column wpb_content_element \">\n<div class=\"wpb_wrapper\">\n<div class=\"wpb_text_column wpb_content_element \">\n<div class=\"wpb_wrapper\">\n<p>Connaissons-nous les actions environnementales qui se pratiquent au quotidien par des agriculteurs sur le Bassin de l\u2019Or ?<\/p>\n<\/div>\n<\/div>\n<\/div>\n<\/div>\n<\/div>\n<\/div>\n<\/div>\n<\/div>\n<\/div>\n<\/div>\n<\/div>\n<\/div>\n<\/div>\n<\/div>\n<\/div>\n<\/div>\n<\/div>\n<\/div>\n<\/div><\/section><\/p><\/div>\n\n<style type=\"text\/css\" data-created_by=\"avia_inline_auto\" id=\"style-css-av-v8254i-d8b3f1e0c9374a61abb2a8508692e392\">\n.flex_column.av-v8254i-d8b3f1e0c9374a61abb2a8508692e392{\nborder-radius:0px 0px 0px 0px;\npadding:0px 0px 0px 0px;\n}\n<\/style>\n<div  class='flex_column av-v8254i-d8b3f1e0c9374a61abb2a8508692e392 av_one_fourth  avia-builder-el-79  el_after_av_one_fourth  el_before_av_one_fourth  first flex_column_div av-zero-column-padding  column-top-margin'     ><p>\n<style type=\"text\/css\" data-created_by=\"avia_inline_auto\" id=\"style-css-av-kr6fykhq-d019c8aebf03be699e2a2cb9d3800b21\">\n.avia-video.av-kr6fykhq-d019c8aebf03be699e2a2cb9d3800b21{\nbackground-image:url(https:\/\/www.fredonoccitanie.com\/captages\/wp-content\/uploads\/sites\/3\/2022\/02\/v33_temoignage_agri-300x168.png);\n}\n<\/style>\n<div  class='avia-video av-kr6fykhq-d019c8aebf03be699e2a2cb9d3800b21 avia-video-16-9 av-preview-image avia-video-confirm_all av-lazyload-video-embed'  itemprop=\"video\" itemtype=\"https:\/\/schema.org\/VideoObject\"  data-original_url='https:\/\/youtu.be\/7FBBUXaZDE0'><script type='text\/html' class='av-video-tmpl'><div class='avia-iframe-wrap'><iframe loading=\"lazy\" title=\"Domaine de la Massole : Syst\u00e8me agroforestier en viticulture\" width=\"1500\" height=\"844\" src=\"https:\/\/www.youtube.com\/embed\/7FBBUXaZDE0?feature=oembed&autoplay=1&loop=0&controls=1&mute=0\" frameborder=\"0\" allow=\"accelerometer; autoplay; clipboard-write; encrypted-media; gyroscope; picture-in-picture\" allowfullscreen><\/iframe><\/div><\/script><div class='av-click-to-play-overlay'><div class=\"avia_playpause_icon\"><\/div><\/div><\/div><br \/>\n<section  class='av_textblock_section av-kr6fyoxl-8d093fc7e762145b8feb0e0a141b0807 '   itemscope=\"itemscope\" itemtype=\"https:\/\/schema.org\/CreativeWork\" ><div class='avia_textblock'  itemprop=\"text\" ><div class=\"wpb_text_column wpb_content_element \">\n<div class=\"wpb_wrapper\">\n<div class=\"wpb_text_column wpb_content_element \">\n<div class=\"wpb_wrapper\">\n<div class=\"wpb_text_column wpb_content_element \">\n<div class=\"wpb_wrapper\">\n<div class=\"wpb_text_column wpb_content_element \">\n<div class=\"wpb_wrapper\">\n<div class=\"wpb_text_column wpb_content_element \">\n<div class=\"wpb_wrapper\">\n<div class=\"wpb_text_column wpb_content_element \">\n<div class=\"wpb_wrapper\">\n<div class=\"wpb_text_column wpb_content_element \">\n<div class=\"wpb_wrapper\">\n<div class=\"wpb_text_column wpb_content_element \">\n<div class=\"wpb_wrapper\">\n<div class=\"wpb_text_column wpb_content_element \">\n<div class=\"wpb_wrapper\">\n<div class=\"wpb_text_column wpb_content_element \">\n<div class=\"wpb_wrapper\">\n<p>Domaine de la Massole : Syst\u00e8me agroforestier en viticulture<\/p>\n<\/div>\n<\/div>\n<\/div>\n<\/div>\n<\/div>\n<\/div>\n<\/div>\n<\/div>\n<\/div>\n<\/div>\n<\/div>\n<\/div>\n<\/div>\n<\/div>\n<\/div>\n<\/div>\n<\/div>\n<\/div>\n<\/div>\n<\/div>\n<\/div><\/section><\/p><\/div>\n\n<style type=\"text\/css\" data-created_by=\"avia_inline_auto\" id=\"style-css-av-tns90y-cc2dcae417a1d43f8e04749428816f8f\">\n.flex_column.av-tns90y-cc2dcae417a1d43f8e04749428816f8f{\nborder-radius:0px 0px 0px 0px;\npadding:0px 0px 0px 0px;\n}\n<\/style>\n<div  class='flex_column av-tns90y-cc2dcae417a1d43f8e04749428816f8f av_one_fourth  avia-builder-el-82  el_after_av_one_fourth  el_before_av_one_fourth  flex_column_div av-zero-column-padding  column-top-margin'     ><p>\n<style type=\"text\/css\" data-created_by=\"avia_inline_auto\" id=\"style-css-av-kr6fz12o-4c13a8c8bfa28faec71d1b51a88a811a\">\n.avia-video.av-kr6fz12o-4c13a8c8bfa28faec71d1b51a88a811a{\nbackground-image:url(https:\/\/www.fredonoccitanie.com\/captages\/wp-content\/uploads\/sites\/3\/2022\/02\/v44_agrofor_agric-300x170.png);\n}\n<\/style>\n<div  class='avia-video av-kr6fz12o-4c13a8c8bfa28faec71d1b51a88a811a avia-video-16-9 av-preview-image avia-video-confirm_all av-lazyload-video-embed'  itemprop=\"video\" itemtype=\"https:\/\/schema.org\/VideoObject\"  data-original_url='https:\/\/youtu.be\/k7A8QY47aSM'><script type='text\/html' class='av-video-tmpl'><div class='avia-iframe-wrap'><iframe loading=\"lazy\" title=\"L\u2019agroforesterie appliqu\u00e9e \u00e0 la viticulture, \u00e7a marche !\" width=\"1500\" height=\"844\" src=\"https:\/\/www.youtube.com\/embed\/k7A8QY47aSM?feature=oembed&autoplay=1&loop=0&controls=1&mute=0\" frameborder=\"0\" allow=\"accelerometer; autoplay; clipboard-write; encrypted-media; gyroscope; picture-in-picture\" allowfullscreen><\/iframe><\/div><\/script><div class='av-click-to-play-overlay'><div class=\"avia_playpause_icon\"><\/div><\/div><\/div><br \/>\n<section  class='av_textblock_section av-kr6fyvg0-03eb3878401c017b5f48ab875679ce22 '   itemscope=\"itemscope\" itemtype=\"https:\/\/schema.org\/CreativeWork\" ><div class='avia_textblock'  itemprop=\"text\" ><div class=\"wpb_text_column wpb_content_element \">\n<div class=\"wpb_wrapper\">\n<div class=\"wpb_text_column wpb_content_element \">\n<div class=\"wpb_wrapper\">\n<div class=\"wpb_text_column wpb_content_element \">\n<div class=\"wpb_wrapper\">\n<div class=\"wpb_text_column wpb_content_element \">\n<div class=\"wpb_wrapper\">\n<div class=\"wpb_text_column wpb_content_element \">\n<div class=\"wpb_wrapper\">\n<div class=\"wpb_text_column wpb_content_element \">\n<div class=\"wpb_wrapper\">\n<div class=\"wpb_text_column wpb_content_element \">\n<div class=\"wpb_wrapper\">\n<div class=\"wpb_text_column wpb_content_element \">\n<div class=\"wpb_wrapper\">\n<div class=\"wpb_text_column wpb_content_element \">\n<div class=\"wpb_wrapper\">\n<div class=\"wpb_text_column wpb_content_element \">\n<div class=\"wpb_wrapper\">\n<div class=\"wpb_text_column wpb_content_element \">\n<div class=\"wpb_wrapper\">\n<p>Didier Barral, vigneron bio \u00e0 Lentheric (H\u00e9rault) a opt\u00e9 pour un syst\u00e8me de polyculture-\u00e9levage pour lutter contre l\u2019\u00e9rosion des sols, prot\u00e9ger la biodiversit\u00e9 et la zone de captage d\u2019eau.<\/p>\n<\/div>\n<\/div>\n<\/div>\n<\/div>\n<\/div>\n<\/div>\n<\/div>\n<\/div>\n<\/div>\n<\/div>\n<\/div>\n<\/div>\n<\/div>\n<\/div>\n<\/div>\n<\/div>\n<\/div>\n<\/div>\n<\/div>\n<\/div>\n<\/div>\n<\/div>\n<\/div><\/section><\/p><\/div>\n\n<style type=\"text\/css\" data-created_by=\"avia_inline_auto\" id=\"style-css-av-rui2jm-f698fb00c7abeecc32c857b905243978\">\n.flex_column.av-rui2jm-f698fb00c7abeecc32c857b905243978{\nborder-radius:0px 0px 0px 0px;\npadding:0px 0px 0px 0px;\n}\n<\/style>\n<div  class='flex_column av-rui2jm-f698fb00c7abeecc32c857b905243978 av_one_fourth  avia-builder-el-85  el_after_av_one_fourth  el_before_av_one_fourth  flex_column_div av-zero-column-padding  column-top-margin'     ><p>\n<style type=\"text\/css\" data-created_by=\"avia_inline_auto\" id=\"style-css-av-kr6g19ci-d0fd0f07aa53526c5d74169ed8691bbe\">\n.avia-video.av-kr6g19ci-d0fd0f07aa53526c5d74169ed8691bbe{\nbackground-image:url(https:\/\/www.fredonoccitanie.com\/captages\/wp-content\/uploads\/sites\/3\/2022\/02\/Capture5-300x137.png);\n}\n<\/style>\n<div  class='avia-video av-kr6g19ci-d0fd0f07aa53526c5d74169ed8691bbe avia-video-16-9 av-preview-image avia-video-confirm_all av-lazyload-video-embed'  itemprop=\"video\" itemtype=\"https:\/\/schema.org\/VideoObject\"  data-original_url='https:\/\/youtu.be\/SQzbP_8SWb0'><script type='text\/html' class='av-video-tmpl'><div class='avia-iframe-wrap'><iframe loading=\"lazy\" title=\"Protection des captages d&#039;eau prioritaires dans Les Pyr\u00e9n\u00e9es-Orientales\" width=\"1500\" height=\"844\" src=\"https:\/\/www.youtube.com\/embed\/SQzbP_8SWb0?feature=oembed&autoplay=1&loop=0&controls=1&mute=0\" frameborder=\"0\" allow=\"accelerometer; autoplay; clipboard-write; encrypted-media; gyroscope; picture-in-picture\" allowfullscreen><\/iframe><\/div><\/script><div class='av-click-to-play-overlay'><div class=\"avia_playpause_icon\"><\/div><\/div><\/div><br \/>\n<section  class='av_textblock_section av-kr6g0zu4-f7cdf4054feb8feab42b93540fb7d8df '   itemscope=\"itemscope\" itemtype=\"https:\/\/schema.org\/CreativeWork\" ><div class='avia_textblock'  itemprop=\"text\" ><div class=\"wpb_text_column wpb_content_element \">\n<div class=\"wpb_wrapper\">\n<div class=\"wpb_text_column wpb_content_element \">\n<div class=\"wpb_wrapper\">\n<div class=\"wpb_text_column wpb_content_element \">\n<div class=\"wpb_wrapper\">\n<div class=\"wpb_text_column wpb_content_element \">\n<div class=\"wpb_wrapper\">\n<div class=\"wpb_text_column wpb_content_element \">\n<div class=\"wpb_wrapper\">\n<div class=\"wpb_text_column wpb_content_element \">\n<div class=\"wpb_wrapper\">\n<div class=\"wpb_text_column wpb_content_element \">\n<div class=\"wpb_wrapper\">\n<div class=\"wpb_text_column wpb_content_element \">\n<div class=\"wpb_wrapper\">\n<div class=\"wpb_text_column wpb_content_element \">\n<div class=\"wpb_wrapper\">\n<div class=\"wpb_text_column wpb_content_element \">\n<div class=\"wpb_wrapper\">\n<div class=\"wpb_text_column wpb_content_element \">\n<div class=\"wpb_wrapper\">\n<div class=\"wpb_text_column wpb_content_element \">\n<div class=\"wpb_wrapper\">\n<p>Le 29 novembre 2018 a \u00e9t\u00e9 sign\u00e9e la premi\u00e8re charte d\u2019engagement des Pyr\u00e9n\u00e9es Orientales (66) avec les agriculteurs investis dans la d\u00e9marche de pr\u00e9servation de la qualit\u00e9 de l\u2019eau potable, en lien avec la protection des captages d&rsquo;eau prioritaires du d\u00e9partement.<\/p>\n<\/div>\n<\/div>\n<\/div>\n<\/div>\n<\/div>\n<\/div>\n<\/div>\n<\/div>\n<\/div>\n<\/div>\n<\/div>\n<\/div>\n<\/div>\n<\/div>\n<\/div>\n<\/div>\n<\/div>\n<\/div>\n<\/div>\n<\/div>\n<\/div>\n<\/div>\n<\/div>\n<\/div>\n<\/div><\/section><\/p><\/div>\n\n<style type=\"text\/css\" data-created_by=\"avia_inline_auto\" id=\"style-css-av-q5u002-1f15f531f8b7770b0e7e7c41574908a3\">\n.flex_column.av-q5u002-1f15f531f8b7770b0e7e7c41574908a3{\nborder-radius:0px 0px 0px 0px;\npadding:0px 0px 0px 0px;\n}\n<\/style>\n<div  class='flex_column av-q5u002-1f15f531f8b7770b0e7e7c41574908a3 av_one_fourth  avia-builder-el-88  el_after_av_one_fourth  el_before_av_one_fourth  flex_column_div av-zero-column-padding  column-top-margin'     ><p>\n<style type=\"text\/css\" data-created_by=\"avia_inline_auto\" id=\"style-css-av-kr6g1jtq-5e2298d510a89023b73ba1959e9fdb3e\">\n.avia-video.av-kr6g1jtq-5e2298d510a89023b73ba1959e9fdb3e{\nbackground-image:url(https:\/\/www.fredonoccitanie.com\/captages\/wp-content\/uploads\/sites\/3\/2022\/02\/agri_bio_pays_lor-300x169.png);\n}\n<\/style>\n<div  class='avia-video av-kr6g1jtq-5e2298d510a89023b73ba1959e9fdb3e avia-video-16-9 av-preview-image avia-video-confirm_all av-lazyload-video-embed'  itemprop=\"video\" itemtype=\"https:\/\/schema.org\/VideoObject\"  data-original_url='https:\/\/youtu.be\/HURcCe3wVD4'><script type='text\/html' class='av-video-tmpl'><div class='avia-iframe-wrap'><iframe loading=\"lazy\" title=\"Pays de l&#039;Or Agglo - Agriculture biologique\" width=\"1500\" height=\"844\" src=\"https:\/\/www.youtube.com\/embed\/HURcCe3wVD4?feature=oembed&autoplay=1&loop=0&controls=1&mute=0\" frameborder=\"0\" allow=\"accelerometer; autoplay; clipboard-write; encrypted-media; gyroscope; picture-in-picture\" allowfullscreen><\/iframe><\/div><\/script><div class='av-click-to-play-overlay'><div class=\"avia_playpause_icon\"><\/div><\/div><\/div><br \/>\n<section  class='av_textblock_section av-kr6g1e0l-298f683920d296b79b3a224830208726 '   itemscope=\"itemscope\" itemtype=\"https:\/\/schema.org\/CreativeWork\" ><div class='avia_textblock'  itemprop=\"text\" ><div class=\"wpb_text_column wpb_content_element \">\n<div class=\"wpb_wrapper\">\n<div class=\"wpb_text_column wpb_content_element \">\n<div class=\"wpb_wrapper\">\n<div class=\"wpb_text_column wpb_content_element \">\n<div class=\"wpb_wrapper\">\n<div class=\"wpb_text_column wpb_content_element \">\n<div class=\"wpb_wrapper\">\n<div class=\"wpb_text_column wpb_content_element \">\n<div class=\"wpb_wrapper\">\n<div class=\"wpb_text_column wpb_content_element \">\n<div class=\"wpb_wrapper\">\n<div class=\"wpb_text_column wpb_content_element \">\n<div class=\"wpb_wrapper\">\n<div class=\"wpb_text_column wpb_content_element \">\n<div class=\"wpb_wrapper\">\n<div class=\"wpb_text_column wpb_content_element \">\n<div class=\"wpb_wrapper\">\n<div class=\"wpb_text_column wpb_content_element \">\n<div class=\"wpb_wrapper\">\n<div class=\"wpb_text_column wpb_content_element \">\n<div class=\"wpb_wrapper\">\n<div class=\"wpb_text_column wpb_content_element \">\n<div class=\"wpb_wrapper\">\n<div class=\"wpb_text_column wpb_content_element \">\n<div class=\"wpb_wrapper\">\n<p>Pr\u00e9sentation du territoire de l\u2019Agglom\u00e9ration du Pays de l\u2019Or \u00e0 travers la dynamique de l\u2019agriculture biologique. Une d\u00e9marche s\u2019inscrivant dans le cadre du Territoire vertueux.<\/p>\n<\/div>\n<\/div>\n<\/div>\n<\/div>\n<\/div>\n<\/div>\n<\/div>\n<\/div>\n<\/div>\n<\/div>\n<\/div>\n<\/div>\n<\/div>\n<\/div>\n<\/div>\n<\/div>\n<\/div>\n<\/div>\n<\/div>\n<\/div>\n<\/div>\n<\/div>\n<\/div>\n<\/div>\n<\/div>\n<\/div>\n<\/div><\/section><\/p><\/div>\n\n<style type=\"text\/css\" data-created_by=\"avia_inline_auto\" id=\"style-css-av-7adp0i-f132f10687c5e90fa7284333bb9c071a\">\n.flex_column.av-7adp0i-f132f10687c5e90fa7284333bb9c071a{\nborder-radius:0px 0px 0px 0px;\npadding:0px 0px 0px 0px;\n}\n<\/style>\n<div  class='flex_column av-7adp0i-f132f10687c5e90fa7284333bb9c071a av_one_fourth  avia-builder-el-91  el_after_av_one_fourth  el_before_av_one_fourth  first flex_column_div av-zero-column-padding  column-top-margin'     ><p>\n<style type=\"text\/css\" data-created_by=\"avia_inline_auto\" id=\"style-css-av-lcetr4wq-afc3d1fcb7e50d320bc4adad33f6b7c2\">\n.avia-video.av-lcetr4wq-afc3d1fcb7e50d320bc4adad33f6b7c2{\nbackground-image:url(https:\/\/www.fredonoccitanie.com\/captages\/wp-content\/uploads\/sites\/3\/2023\/01\/film3.png);\n}\n<\/style>\n<div  class='avia-video av-lcetr4wq-afc3d1fcb7e50d320bc4adad33f6b7c2 avia-video-16-9 av-preview-image avia-video-confirm_all av-lazyload-video-embed'  itemprop=\"video\" itemtype=\"https:\/\/schema.org\/VideoObject\"  data-original_url='https:\/\/youtu.be\/uxRA7BtKl_c'><script type='text\/html' class='av-video-tmpl'><div class='avia-iframe-wrap'><iframe loading=\"lazy\" title=\"Barbezieux-Saint-Hilaire : laur\u00e9at &quot;D\u00e9marche int\u00e9gr\u00e9e&quot; des Grands prix Captages 2021\" width=\"1500\" height=\"844\" src=\"https:\/\/www.youtube.com\/embed\/uxRA7BtKl_c?feature=oembed&autoplay=1&loop=0&controls=1&mute=0\" frameborder=\"0\" allow=\"accelerometer; autoplay; clipboard-write; encrypted-media; gyroscope; picture-in-picture\" allowfullscreen><\/iframe><\/div><\/script><div class='av-click-to-play-overlay'><div class=\"avia_playpause_icon\"><\/div><\/div><\/div><br \/>\n<section  class='av_textblock_section av-lcetnr0d-95bb62ee7669a0f5c99d13efa38a6278 '   itemscope=\"itemscope\" itemtype=\"https:\/\/schema.org\/CreativeWork\" ><div class='avia_textblock'  itemprop=\"text\" ><div class=\"wpb_text_column wpb_content_element \">\n<div class=\"wpb_wrapper\">\n<div class=\"wpb_text_column wpb_content_element \">\n<div class=\"wpb_wrapper\">\n<div class=\"wpb_text_column wpb_content_element \">\n<div class=\"wpb_wrapper\">\n<div class=\"wpb_text_column wpb_content_element \">\n<div class=\"wpb_wrapper\">\n<div class=\"wpb_text_column wpb_content_element \">\n<div class=\"wpb_wrapper\">\n<div class=\"wpb_text_column wpb_content_element \">\n<div class=\"wpb_wrapper\">\n<div class=\"wpb_text_column wpb_content_element \">\n<div class=\"wpb_wrapper\">\n<div class=\"wpb_text_column wpb_content_element \">\n<div class=\"wpb_wrapper\">\n<div class=\"wpb_text_column wpb_content_element \">\n<div class=\"wpb_wrapper\">\n<div class=\"wpb_text_column wpb_content_element \">\n<div class=\"wpb_wrapper\">\n<div class=\"wpb_text_column wpb_content_element \">\n<div class=\"wpb_wrapper\">\n<div class=\"wpb_text_column wpb_content_element \">\n<div class=\"wpb_wrapper\">\n<div class=\"wpb_text_column wpb_content_element \">\n<div class=\"wpb_wrapper\">\n<p><span data-contrast=\"auto\">D\u00e9marche int\u00e9gr\u00e9e : Des outils fonciers au service d\u2019une vision int\u00e9gr\u00e9e &#8211; Barbezieux-Saint-Hilaire<\/span><span data-ccp-props=\"{}\">\u00a0<\/span><\/p>\n<p><!--StartFragment --><span class=\"cf0\">D\u00e9couvrez la s<\/span><span class=\"cf1\">trat\u00e9gie fonci\u00e8re mise en \u0153uvre par la commune sur l\u2019AAC des Puits de Chez Drouillard. Cette d\u00e9marche, appuy\u00e9e par Charente Eaux, a conduit \u00e0 l\u2019acquisition de parcelles aujourd\u2019hui d\u00e9di\u00e9es \u00e0 des cultures mara\u00eech\u00e8res bio et des prairies au b\u00e9n\u00e9fice de la qualit\u00e9 de l\u2019eau.<\/span><!--EndFragment --><\/p>\n<\/div>\n<\/div>\n<\/div>\n<\/div>\n<\/div>\n<\/div>\n<\/div>\n<\/div>\n<\/div>\n<\/div>\n<\/div>\n<\/div>\n<\/div>\n<\/div>\n<\/div>\n<\/div>\n<\/div>\n<\/div>\n<\/div>\n<\/div>\n<\/div>\n<\/div>\n<\/div>\n<\/div>\n<\/div>\n<\/div>\n<\/div><\/section><\/p><\/div>\n<style type=\"text\/css\" data-created_by=\"avia_inline_auto\" id=\"style-css-av-nfdde-d560c3e8feb4a0c0885593b514b1e4bc\">\n.flex_column.av-nfdde-d560c3e8feb4a0c0885593b514b1e4bc{\nborder-radius:0px 0px 0px 0px;\npadding:0px 0px 0px 0px;\n}\n<\/style>\n<div  class='flex_column av-nfdde-d560c3e8feb4a0c0885593b514b1e4bc av_one_fourth  avia-builder-el-94  el_after_av_one_fourth  el_before_av_one_fourth  flex_column_div av-zero-column-padding  column-top-margin'     ><p>\n<style type=\"text\/css\" data-created_by=\"avia_inline_auto\" id=\"style-css-av-lcetsk7e-d41b5541e1d4a8d7fa3d08d113cd93e2\">\n.avia-video.av-lcetsk7e-d41b5541e1d4a8d7fa3d08d113cd93e2{\nbackground-image:url(https:\/\/www.fredonoccitanie.com\/captages\/wp-content\/uploads\/sites\/3\/2023\/01\/film4.png);\n}\n<\/style>\n<div  class='avia-video av-lcetsk7e-d41b5541e1d4a8d7fa3d08d113cd93e2 avia-video-16-9 av-preview-image avia-video-confirm_all av-lazyload-video-embed'  itemprop=\"video\" itemtype=\"https:\/\/schema.org\/VideoObject\"  data-original_url='https:\/\/youtu.be\/6qRLHtji2z4'><script type='text\/html' class='av-video-tmpl'><div class='avia-iframe-wrap'><iframe loading=\"lazy\" title=\"Canet d&#039;Aude : laur\u00e9at &quot;Ing\u00e9nierie de la concertation&quot; des Grands prix Captages 2021\" width=\"1500\" height=\"844\" src=\"https:\/\/www.youtube.com\/embed\/6qRLHtji2z4?feature=oembed&autoplay=1&loop=0&controls=1&mute=0\" frameborder=\"0\" allow=\"accelerometer; autoplay; clipboard-write; encrypted-media; gyroscope; picture-in-picture\" allowfullscreen><\/iframe><\/div><\/script><div class='av-click-to-play-overlay'><div class=\"avia_playpause_icon\"><\/div><\/div><\/div><br \/>\n<section  class='av_textblock_section av-lcetnyoj-d04c997ead2e71f6fd52a82e83816c9e '   itemscope=\"itemscope\" itemtype=\"https:\/\/schema.org\/CreativeWork\" ><div class='avia_textblock'  itemprop=\"text\" ><div class=\"wpb_text_column wpb_content_element \">\n<div class=\"wpb_wrapper\">\n<div class=\"wpb_text_column wpb_content_element \">\n<div class=\"wpb_wrapper\">\n<div class=\"wpb_text_column wpb_content_element \">\n<div class=\"wpb_wrapper\">\n<div class=\"wpb_text_column wpb_content_element \">\n<div class=\"wpb_wrapper\">\n<div class=\"wpb_text_column wpb_content_element \">\n<div class=\"wpb_wrapper\">\n<div class=\"wpb_text_column wpb_content_element \">\n<div class=\"wpb_wrapper\">\n<div class=\"wpb_text_column wpb_content_element \">\n<div class=\"wpb_wrapper\">\n<div class=\"wpb_text_column wpb_content_element \">\n<div class=\"wpb_wrapper\">\n<div class=\"wpb_text_column wpb_content_element \">\n<div class=\"wpb_wrapper\">\n<div class=\"wpb_text_column wpb_content_element \">\n<div class=\"wpb_wrapper\">\n<div class=\"wpb_text_column wpb_content_element \">\n<div class=\"wpb_wrapper\">\n<div class=\"wpb_text_column wpb_content_element \">\n<div class=\"wpb_wrapper\">\n<div class=\"wpb_text_column wpb_content_element \">\n<div class=\"wpb_wrapper\">\n<p><span data-contrast=\"auto\">Ing\u00e9nierie de la concertation : Se concerter pour agir &#8211; Canet d&rsquo;Aude<\/span><span data-ccp-props=\"{}\">\u00a0<\/span><\/p>\n<p><!--StartFragment --><span class=\"cf0\">Dans le cadre de l\u2019\u00e9valuation et du renouvellement de son plan d\u2019action pour la reconqu\u00eate de la qualit\u00e9 de l\u2019eau, Canet d&rsquo;Aude a d\u00e9ploy\u00e9 un dispositif de participation citoyenne innovant. Les habitants ainsi mobilis\u00e9s se sont ensuite investis dans les projets relatifs au changement de pratiques viticoles.<\/span><!--EndFragment --><\/p>\n<\/div>\n<\/div>\n<\/div>\n<\/div>\n<\/div>\n<\/div>\n<\/div>\n<\/div>\n<\/div>\n<\/div>\n<\/div>\n<\/div>\n<\/div>\n<\/div>\n<\/div>\n<\/div>\n<\/div>\n<\/div>\n<\/div>\n<\/div>\n<\/div>\n<\/div>\n<\/div>\n<\/div>\n<\/div>\n<\/div>\n<\/div><\/section><\/p><\/div>\n<style type=\"text\/css\" data-created_by=\"avia_inline_auto\" id=\"style-css-av-f9io2-5ec99ad1adb25f0a5a6ca88d7cb2d79b\">\n.flex_column.av-f9io2-5ec99ad1adb25f0a5a6ca88d7cb2d79b{\nborder-radius:0px 0px 0px 0px;\npadding:0px 0px 0px 0px;\n}\n<\/style>\n<div  class='flex_column av-f9io2-5ec99ad1adb25f0a5a6ca88d7cb2d79b av_one_fourth  avia-builder-el-97  el_after_av_one_fourth  el_before_av_one_fourth  flex_column_div av-zero-column-padding  column-top-margin'     ><p>\n<style type=\"text\/css\" data-created_by=\"avia_inline_auto\" id=\"style-css-av-lcettrbl-e3502aa1e01c4e303373b1d165b33219\">\n.avia-video.av-lcettrbl-e3502aa1e01c4e303373b1d165b33219{\nbackground-image:url(https:\/\/www.fredonoccitanie.com\/captages\/wp-content\/uploads\/sites\/3\/2023\/01\/film5.png);\n}\n<\/style>\n<div  class='avia-video av-lcettrbl-e3502aa1e01c4e303373b1d165b33219 avia-video-16-9 av-preview-image avia-video-confirm_all av-lazyload-video-embed'  itemprop=\"video\" itemtype=\"https:\/\/schema.org\/VideoObject\"  data-original_url='https:\/\/youtu.be\/J9cueOrI45M'><script type='text\/html' class='av-video-tmpl'><div class='avia-iframe-wrap'><iframe loading=\"lazy\" title=\"Colombier-Saugnieu : laur\u00e9at &quot;Communication et sensibilisation&quot; des Grands prix Captages 2021\" width=\"1500\" height=\"844\" src=\"https:\/\/www.youtube.com\/embed\/J9cueOrI45M?feature=oembed&autoplay=1&loop=0&controls=1&mute=0\" frameborder=\"0\" allow=\"accelerometer; autoplay; clipboard-write; encrypted-media; gyroscope; picture-in-picture\" allowfullscreen><\/iframe><\/div><\/script><div class='av-click-to-play-overlay'><div class=\"avia_playpause_icon\"><\/div><\/div><\/div><br \/>\n<section  class='av_textblock_section av-lceto5oc-0abead576188d1f91865bd7ebbaebe85 '   itemscope=\"itemscope\" itemtype=\"https:\/\/schema.org\/CreativeWork\" ><div class='avia_textblock'  itemprop=\"text\" ><div class=\"wpb_text_column wpb_content_element \">\n<div class=\"wpb_wrapper\">\n<div class=\"wpb_text_column wpb_content_element \">\n<div class=\"wpb_wrapper\">\n<div class=\"wpb_text_column wpb_content_element \">\n<div class=\"wpb_wrapper\">\n<div class=\"wpb_text_column wpb_content_element \">\n<div class=\"wpb_wrapper\">\n<div class=\"wpb_text_column wpb_content_element \">\n<div class=\"wpb_wrapper\">\n<div class=\"wpb_text_column wpb_content_element \">\n<div class=\"wpb_wrapper\">\n<div class=\"wpb_text_column wpb_content_element \">\n<div class=\"wpb_wrapper\">\n<div class=\"wpb_text_column wpb_content_element \">\n<div class=\"wpb_wrapper\">\n<div class=\"wpb_text_column wpb_content_element \">\n<div class=\"wpb_wrapper\">\n<div class=\"wpb_text_column wpb_content_element \">\n<div class=\"wpb_wrapper\">\n<div class=\"wpb_text_column wpb_content_element \">\n<div class=\"wpb_wrapper\">\n<div class=\"wpb_text_column wpb_content_element \">\n<div class=\"wpb_wrapper\">\n<div class=\"wpb_text_column wpb_content_element \">\n<div class=\"wpb_wrapper\">\n<p><span data-contrast=\"auto\">Communication et sensibilisation : Panneaux d\u2019interpr\u00e9tation, un support pour cr\u00e9er du lien &#8211; Commune de Colombier-Saugnieu<\/span><span data-ccp-props=\"{}\">\u00a0<\/span><\/p>\n<p><!--StartFragment --><\/p>\n<p class=\"pf0\"><span class=\"cf0\">Trois panneaux d\u2019interpr\u00e9tation du paysage, permettant aux promeneurs de mieux comprendre le travail des agriculteurs et les enjeux de pr\u00e9servation de la qualit\u00e9 de l\u2019eau, ont \u00e9t\u00e9 implant\u00e9s sur l\u2019AAC du captage Le Reculon. <\/span><!--EndFragment --><\/p>\n<\/div>\n<\/div>\n<\/div>\n<\/div>\n<\/div>\n<\/div>\n<\/div>\n<\/div>\n<\/div>\n<\/div>\n<\/div>\n<\/div>\n<\/div>\n<\/div>\n<\/div>\n<\/div>\n<\/div>\n<\/div>\n<\/div>\n<\/div>\n<\/div>\n<\/div>\n<\/div>\n<\/div>\n<\/div>\n<\/div>\n<\/div><\/section><\/p><\/div>\n<style type=\"text\/css\" data-created_by=\"avia_inline_auto\" id=\"style-css-av-2lk0pu-7456df84d3924615679dd60cc040bf91\">\n.flex_column.av-2lk0pu-7456df84d3924615679dd60cc040bf91{\nborder-radius:0px 0px 0px 0px;\npadding:0px 0px 0px 0px;\n}\n<\/style>\n<div  class='flex_column av-2lk0pu-7456df84d3924615679dd60cc040bf91 av_one_fourth  avia-builder-el-100  el_after_av_one_fourth  el_before_av_section  avia-builder-el-last  flex_column_div av-zero-column-padding  column-top-margin'     ><p>\n<style type=\"text\/css\" data-created_by=\"avia_inline_auto\" id=\"style-css-av-lcetutz9-b4c1f8fcb4ad1141f1bb29745d386b63\">\n.avia-video.av-lcetutz9-b4c1f8fcb4ad1141f1bb29745d386b63{\nbackground-image:url(https:\/\/www.fredonoccitanie.com\/captages\/wp-content\/uploads\/sites\/3\/2023\/01\/film6.png);\n}\n<\/style>\n<div  class='avia-video av-lcetutz9-b4c1f8fcb4ad1141f1bb29745d386b63 avia-video-16-9 av-preview-image avia-video-confirm_all av-lazyload-video-embed'  itemprop=\"video\" itemtype=\"https:\/\/schema.org\/VideoObject\"  data-original_url='https:\/\/youtu.be\/yaPb_QNQ7fI'><script type='text\/html' class='av-video-tmpl'><div class='avia-iframe-wrap'><iframe loading=\"lazy\" title=\"Agglom\u00e9ration du Choletais : laur\u00e9at &quot;Actions en faveur de la transition agro\u00e9cologique &quot;\" width=\"1500\" height=\"844\" src=\"https:\/\/www.youtube.com\/embed\/yaPb_QNQ7fI?feature=oembed&autoplay=1&loop=0&controls=1&mute=0\" frameborder=\"0\" allow=\"accelerometer; autoplay; clipboard-write; encrypted-media; gyroscope; picture-in-picture\" allowfullscreen><\/iframe><\/div><\/script><div class='av-click-to-play-overlay'><div class=\"avia_playpause_icon\"><\/div><\/div><\/div><br \/>\n<section  class='av_textblock_section av-lcetobzi-a60367034af871fab726fd7fb5f23122 '   itemscope=\"itemscope\" itemtype=\"https:\/\/schema.org\/CreativeWork\" ><div class='avia_textblock'  itemprop=\"text\" ><div class=\"wpb_text_column wpb_content_element \">\n<div class=\"wpb_wrapper\">\n<div class=\"wpb_text_column wpb_content_element \">\n<div class=\"wpb_wrapper\">\n<div class=\"wpb_text_column wpb_content_element \">\n<div class=\"wpb_wrapper\">\n<div class=\"wpb_text_column wpb_content_element \">\n<div class=\"wpb_wrapper\">\n<div class=\"wpb_text_column wpb_content_element \">\n<div class=\"wpb_wrapper\">\n<div class=\"wpb_text_column wpb_content_element \">\n<div class=\"wpb_wrapper\">\n<div class=\"wpb_text_column wpb_content_element \">\n<div class=\"wpb_wrapper\">\n<div class=\"wpb_text_column wpb_content_element \">\n<div class=\"wpb_wrapper\">\n<div class=\"wpb_text_column wpb_content_element \">\n<div class=\"wpb_wrapper\">\n<div class=\"wpb_text_column wpb_content_element \">\n<div class=\"wpb_wrapper\">\n<div class=\"wpb_text_column wpb_content_element \">\n<div class=\"wpb_wrapper\">\n<div class=\"wpb_text_column wpb_content_element \">\n<div class=\"wpb_wrapper\">\n<div class=\"wpb_text_column wpb_content_element \">\n<div class=\"wpb_wrapper\">\n<p><span data-contrast=\"auto\">Actions en faveur de la transition agro\u00e9cologique :\u202fTransition agro\u00e9cologique, vers des actions communes &#8211; Agglom\u00e9ration du Choletais<\/span><span data-ccp-props=\"{}\">\u00a0<\/span><\/p>\n<p><!--StartFragment --><span class=\"cf0\">Parmi les nombreuses actions de protection de l\u2019AAC du lac de Ribou, on compte la mise en place de syst\u00e8mes herbagers moins d\u00e9pendants aux produits chimiques et la cr\u00e9ation de la marque \u00ab Bio Ribou Verdon \u00bb pour soutenir les conversions en agriculture biologique.<\/span> <!--EndFragment --><\/p>\n<\/div>\n<\/div>\n<\/div>\n<\/div>\n<\/div>\n<\/div>\n<\/div>\n<\/div>\n<\/div>\n<\/div>\n<\/div>\n<\/div>\n<\/div>\n<\/div>\n<\/div>\n<\/div>\n<\/div>\n<\/div>\n<\/div>\n<\/div>\n<\/div>\n<\/div>\n<\/div>\n<\/div>\n<\/div>\n<\/div>\n<\/div><\/section><\/p><\/div><\/div><\/div><\/div><!-- close content main div --><\/div><\/div>\n<style type=\"text\/css\" data-created_by=\"avia_inline_auto\" id=\"style-css-av-2ovtzm-4605ff4331c7a83a4a223f95eb97f349\">\n.avia-section.av-2ovtzm-4605ff4331c7a83a4a223f95eb97f349{\nbackground-color:#f8ead4;\nbackground-image:unset;\n}\n<\/style>\n<div id='av_section_2'  class='avia-section av-2ovtzm-4605ff4331c7a83a4a223f95eb97f349 main_color avia-section-default avia-no-border-styling  avia-builder-el-103  el_after_av_one_fourth  el_before_av_textblock  avia-bg-style-scroll container_wrap fullsize'  ><div class='container av-section-cont-open' ><div class='template-page content  av-content-full alpha units'><div class='post-entry post-entry-type-page post-entry-8338'><div class='entry-content-wrapper clearfix'>\n<section  id=\"eau\"  class='av_textblock_section av-kr6g1uqj-2d8471cb8e5db8871039b22a6fcba432 '   itemscope=\"itemscope\" itemtype=\"https:\/\/schema.org\/CreativeWork\" ><div class='avia_textblock'  itemprop=\"text\" ><h2 style=\"text-align: center\">Eau et agricultures<em><br \/>\n<\/em><\/h2>\n<\/div><\/section>\n\n<style type=\"text\/css\" data-created_by=\"avia_inline_auto\" id=\"style-css-av-opbkg2-3cc8b01e1569c2e75e37c5f0d9be9418\">\n.flex_column.av-opbkg2-3cc8b01e1569c2e75e37c5f0d9be9418{\nborder-radius:0px 0px 0px 0px;\npadding:0px 0px 0px 0px;\n}\n<\/style>\n<div  class='flex_column av-opbkg2-3cc8b01e1569c2e75e37c5f0d9be9418 av_one_fourth  avia-builder-el-105  el_after_av_textblock  el_before_av_one_fourth  first flex_column_div av-zero-column-padding  column-top-margin'     ><p>\n<style type=\"text\/css\" data-created_by=\"avia_inline_auto\" id=\"style-css-av-me9pkbn5-a8746d91d234dfdd0ee20f6681d34438\">\n.avia-video.av-me9pkbn5-a8746d91d234dfdd0ee20f6681d34438{\nbackground-image:url(https:\/\/www.fredonoccitanie.com\/captages\/wp-content\/uploads\/sites\/3\/2025\/08\/Videotheque_eauagri_Adoptae-300x166.png);\n}\n<\/style>\n<div  class='avia-video av-me9pkbn5-a8746d91d234dfdd0ee20f6681d34438 avia-video-16-9 av-preview-image avia-video-confirm_all av-lazyload-video-embed'  itemprop=\"video\" itemtype=\"https:\/\/schema.org\/VideoObject\"  data-original_url='https:\/\/www.youtube.com\/playlist?list=PLpewXHNjZKvtCTcO82QGcsENnhI0ym8Op'><script type='text\/html' class='av-video-tmpl'><div class='avia-iframe-wrap'><iframe loading=\"lazy\" title=\"Webinaires ADOPTA\u00c9 #les couverts v\u00e9g\u00e9taux\" width=\"1500\" height=\"844\" src=\"https:\/\/www.youtube.com\/embed\/videoseries?list=PLpewXHNjZKvtCTcO82QGcsENnhI0ym8Op&autoplay=1&loop=0&controls=1&mute=0\" frameborder=\"0\" allow=\"accelerometer; autoplay; clipboard-write; encrypted-media; gyroscope; picture-in-picture; web-share\" referrerpolicy=\"strict-origin-when-cross-origin\" allowfullscreen><\/iframe><\/div><\/script><div class='av-click-to-play-overlay'><div class=\"avia_playpause_icon\"><\/div><\/div><\/div><br \/>\n<section  class='av_textblock_section av-kr6g2buj-f9a3de183a11b884afaf70d132b7a5f4 '   itemscope=\"itemscope\" itemtype=\"https:\/\/schema.org\/CreativeWork\" ><div class='avia_textblock'  itemprop=\"text\" ><div class=\"wpb_text_column wpb_content_element \">\n<div class=\"wpb_wrapper\">\n<div class=\"wpb_text_column wpb_content_element \">\n<div class=\"wpb_wrapper\">\n<div class=\"wpb_text_column wpb_content_element \">\n<div class=\"wpb_wrapper\">\n<div class=\"wpb_text_column wpb_content_element \">\n<div class=\"wpb_wrapper\">\n<div class=\"wpb_text_column wpb_content_element \">\n<div class=\"wpb_wrapper\">\n<div class=\"wpb_text_column wpb_content_element \">\n<div class=\"wpb_wrapper\">\n<div class=\"wpb_text_column wpb_content_element \">\n<div class=\"wpb_wrapper\">\n<div class=\"wpb_text_column wpb_content_element \">\n<div class=\"wpb_wrapper\">\n<div class=\"wpb_text_column wpb_content_element \">\n<div class=\"wpb_wrapper\">\n<div class=\"wpb_text_column wpb_content_element \">\n<div class=\"wpb_wrapper\">\n<div class=\"wpb_text_column wpb_content_element \">\n<div class=\"wpb_wrapper\">\n<div class=\"wpb_text_column wpb_content_element \">\n<div class=\"wpb_wrapper\">\n<div class=\"wpb_text_column wpb_content_element \">\n<div class=\"wpb_wrapper\">\n<div class=\"wpb_text_column wpb_content_element \">\n<div class=\"wpb_wrapper\">\n<p><!--StartFragment --><\/p>\n<p class=\"pf0\"><span class=\"cf0\">ADOPTA\u00c9 est un projet qui <\/span><span class=\"cf1\">vise \u00e0\u00a0<\/span><span class=\"cf2\">favoriser le d\u00e9ploiement de la pratique des couverts v\u00e9g\u00e9taux en Nouvelle-Aquitaine et Occitanie<\/span><span class=\"cf1\">, en vigne, en grandes cultures ou en polyculture-\u00e9levage, en s\u2019appuyant sur 7 territoires tests<\/span><span class=\"cf0\">. Dans ce cadre, un cycle de 9 webinaires \u00e0 destination des conseillers agricoles a \u00e9t\u00e9 publi\u00e9.<\/span><!--EndFragment --><!--EndFragment --><\/p>\n<\/div>\n<\/div>\n<\/div>\n<\/div>\n<\/div>\n<\/div>\n<\/div>\n<\/div>\n<\/div>\n<\/div>\n<\/div>\n<\/div>\n<\/div>\n<\/div>\n<\/div>\n<\/div>\n<\/div>\n<\/div>\n<\/div>\n<\/div>\n<\/div>\n<\/div>\n<\/div>\n<\/div>\n<\/div>\n<\/div>\n<\/div>\n<\/div>\n<\/div><\/section><\/p><\/div>\n<style type=\"text\/css\" data-created_by=\"avia_inline_auto\" id=\"style-css-av-h7hpde-a2ca9b18faa650aca5e4a686c067ab20\">\n.flex_column.av-h7hpde-a2ca9b18faa650aca5e4a686c067ab20{\nborder-radius:0px 0px 0px 0px;\npadding:0px 0px 0px 0px;\n}\n<\/style>\n<div  class='flex_column av-h7hpde-a2ca9b18faa650aca5e4a686c067ab20 av_one_fourth  avia-builder-el-108  el_after_av_one_fourth  el_before_av_one_fourth  flex_column_div av-zero-column-padding  column-top-margin'     ><p>\n<style type=\"text\/css\" data-created_by=\"avia_inline_auto\" id=\"style-css-av-f7nbsy-03d7c2b7dff3ff58b8a4ab27d0329df7\">\n.avia-video.av-f7nbsy-03d7c2b7dff3ff58b8a4ab27d0329df7{\nbackground-image:url(https:\/\/www.fredonoccitanie.com\/captages\/wp-content\/uploads\/sites\/3\/2025\/08\/Videotheque_eauagri_territoire_sans_pesti-300x167.png);\n}\n<\/style>\n<div  class='avia-video av-f7nbsy-03d7c2b7dff3ff58b8a4ab27d0329df7 avia-video-16-9 av-preview-image avia-video-confirm_all av-lazyload-video-embed'  itemprop=\"video\" itemtype=\"https:\/\/schema.org\/VideoObject\"  data-original_url='https:\/\/www.youtube.com\/watch?v=zFe6YJDfCEg'><script type='text\/html' class='av-video-tmpl'><div class='avia-iframe-wrap'><iframe loading=\"lazy\" title=\"[Webinaire 1\/2] Vers des territoires sans pesticide : leviers d\u2019action et comp\u00e9tences territoriales\" width=\"1500\" height=\"844\" src=\"https:\/\/www.youtube.com\/embed\/zFe6YJDfCEg?feature=oembed&autoplay=1&loop=0&controls=1&mute=0\" frameborder=\"0\" allow=\"accelerometer; autoplay; clipboard-write; encrypted-media; gyroscope; picture-in-picture; web-share\" referrerpolicy=\"strict-origin-when-cross-origin\" allowfullscreen><\/iframe><\/div><\/script><div class='av-click-to-play-overlay'><div class=\"avia_playpause_icon\"><\/div><\/div><\/div><br \/>\n<section  class='av_textblock_section av-eqjrb6-da39b56c299c2ed6765ff42b16b74051 '   itemscope=\"itemscope\" itemtype=\"https:\/\/schema.org\/CreativeWork\" ><div class='avia_textblock'  itemprop=\"text\" ><div class=\"wpb_text_column wpb_content_element \">\n<div class=\"wpb_wrapper\">\n<div class=\"wpb_text_column wpb_content_element \">\n<div class=\"wpb_wrapper\">\n<div class=\"wpb_text_column wpb_content_element \">\n<div class=\"wpb_wrapper\">\n<div class=\"wpb_text_column wpb_content_element \">\n<div class=\"wpb_wrapper\">\n<div class=\"wpb_text_column wpb_content_element \">\n<div class=\"wpb_wrapper\">\n<div class=\"wpb_text_column wpb_content_element \">\n<div class=\"wpb_wrapper\">\n<div class=\"wpb_text_column wpb_content_element \">\n<div class=\"wpb_wrapper\">\n<div class=\"wpb_text_column wpb_content_element \">\n<div class=\"wpb_wrapper\">\n<div class=\"wpb_text_column wpb_content_element \">\n<div class=\"wpb_wrapper\">\n<div class=\"wpb_text_column wpb_content_element \">\n<div class=\"wpb_wrapper\">\n<div class=\"wpb_text_column wpb_content_element \">\n<div class=\"wpb_wrapper\">\n<div class=\"wpb_text_column wpb_content_element \">\n<div class=\"wpb_wrapper\">\n<div class=\"wpb_text_column wpb_content_element \">\n<div class=\"wpb_wrapper\">\n<div class=\"wpb_text_column wpb_content_element \">\n<div class=\"wpb_wrapper\">\n<p><!--StartFragment --><span class=\"cf0\">Plante &amp; Cit\u00e9 vous propose une s\u00e9rie de deux webinaires pour identifier les leviers d\u2019action dont disposent les collectivit\u00e9s pour inciter les utilisateurs de produits phytosanitaires \u00e0 r\u00e9duire leur impact.<\/span><!--EndFragment --><\/p>\n<\/div>\n<\/div>\n<\/div>\n<\/div>\n<\/div>\n<\/div>\n<\/div>\n<\/div>\n<\/div>\n<\/div>\n<\/div>\n<\/div>\n<\/div>\n<\/div>\n<\/div>\n<\/div>\n<\/div>\n<\/div>\n<\/div>\n<\/div>\n<\/div>\n<\/div>\n<\/div>\n<\/div>\n<\/div>\n<\/div>\n<\/div>\n<\/div>\n<\/div><\/section><\/p><\/div>\n<style type=\"text\/css\" data-created_by=\"avia_inline_auto\" id=\"style-css-av-cl5eo2-a1fdc2d7425d7705dbdbc5a61d4ec2ea\">\n.flex_column.av-cl5eo2-a1fdc2d7425d7705dbdbc5a61d4ec2ea{\nborder-radius:0px 0px 0px 0px;\npadding:0px 0px 0px 0px;\n}\n<\/style>\n<div  class='flex_column av-cl5eo2-a1fdc2d7425d7705dbdbc5a61d4ec2ea av_one_fourth  avia-builder-el-111  el_after_av_one_fourth  el_before_av_one_fourth  flex_column_div av-zero-column-padding  column-top-margin'     ><p>\n<style type=\"text\/css\" data-created_by=\"avia_inline_auto\" id=\"style-css-av-me9pjknk-8a716c985ed69937815606fd52f8d1d8\">\n.avia-video.av-me9pjknk-8a716c985ed69937815606fd52f8d1d8{\nbackground-image:url(https:\/\/www.fredonoccitanie.com\/captages\/wp-content\/uploads\/sites\/3\/2025\/08\/Videotheque_eauagri_logique_agri-300x169.jpg);\n}\n<\/style>\n<div  class='avia-video av-me9pjknk-8a716c985ed69937815606fd52f8d1d8 avia-video-16-9 av-preview-image avia-video-confirm_all av-lazyload-video-embed'  itemprop=\"video\" itemtype=\"https:\/\/schema.org\/VideoObject\"  data-original_url='https:\/\/www.youtube.com\/playlist?list=PLs-ybvbm9P17YIFm4Cx-SE_7ymEsLz8td'><script type='text\/html' class='av-video-tmpl'><div class='avia-iframe-wrap'><iframe loading=\"lazy\" title=\"Tutoriel pour comprendre la logique d&#039;action des agriculteurs\" width=\"1500\" height=\"844\" src=\"https:\/\/www.youtube.com\/embed\/videoseries?list=PLs-ybvbm9P17YIFm4Cx-SE_7ymEsLz8td&autoplay=1&loop=0&controls=1&mute=0\" frameborder=\"0\" allow=\"accelerometer; autoplay; clipboard-write; encrypted-media; gyroscope; picture-in-picture; web-share\" referrerpolicy=\"strict-origin-when-cross-origin\" allowfullscreen><\/iframe><\/div><\/script><div class='av-click-to-play-overlay'><div class=\"avia_playpause_icon\"><\/div><\/div><\/div><br \/>\n<section  class='av_textblock_section av-me9pj5dn-2c06b3d43e781af64292d71f6a2c1052 '   itemscope=\"itemscope\" itemtype=\"https:\/\/schema.org\/CreativeWork\" ><div class='avia_textblock'  itemprop=\"text\" ><div class=\"wpb_text_column wpb_content_element \">\n<div class=\"wpb_wrapper\">\n<div class=\"wpb_text_column wpb_content_element \">\n<div class=\"wpb_wrapper\">\n<div class=\"wpb_text_column wpb_content_element \">\n<div class=\"wpb_wrapper\">\n<div class=\"wpb_text_column wpb_content_element \">\n<div class=\"wpb_wrapper\">\n<div class=\"wpb_text_column wpb_content_element \">\n<div class=\"wpb_wrapper\">\n<div class=\"wpb_text_column wpb_content_element \">\n<div class=\"wpb_wrapper\">\n<div class=\"wpb_text_column wpb_content_element \">\n<div class=\"wpb_wrapper\">\n<div class=\"wpb_text_column wpb_content_element \">\n<div class=\"wpb_wrapper\">\n<div class=\"wpb_text_column wpb_content_element \">\n<div class=\"wpb_wrapper\">\n<div class=\"wpb_text_column wpb_content_element \">\n<div class=\"wpb_wrapper\">\n<div class=\"wpb_text_column wpb_content_element \">\n<div class=\"wpb_wrapper\">\n<div class=\"wpb_text_column wpb_content_element \">\n<div class=\"wpb_wrapper\">\n<div class=\"wpb_text_column wpb_content_element \">\n<div class=\"wpb_wrapper\">\n<div class=\"wpb_text_column wpb_content_element \">\n<div class=\"wpb_wrapper\">\n<p><!--StartFragment --><span class=\"cf0\">L\u2019UMR Agronomie (INRAE) propose une s\u00e9rie de cinq courts tutoriels en vid\u00e9o visant \u00e0 expliquer la logique d\u2019action des agriculteurs et les facteurs de r\u00e9ussite de la mise en \u0153uvre des pratiques agro\u00e9cologiques.<\/span><!--EndFragment --><br \/>\n<!--EndFragment --><\/p>\n<\/div>\n<\/div>\n<\/div>\n<\/div>\n<\/div>\n<\/div>\n<\/div>\n<\/div>\n<\/div>\n<\/div>\n<\/div>\n<\/div>\n<\/div>\n<\/div>\n<\/div>\n<\/div>\n<\/div>\n<\/div>\n<\/div>\n<\/div>\n<\/div>\n<\/div>\n<\/div>\n<\/div>\n<\/div>\n<\/div>\n<\/div>\n<\/div>\n<\/div><\/section><\/p><\/div>\n<style type=\"text\/css\" data-created_by=\"avia_inline_auto\" id=\"style-css-av-aqhxhu-a7a28eda7b56c906727eadce0b1b859c\">\n.flex_column.av-aqhxhu-a7a28eda7b56c906727eadce0b1b859c{\nborder-radius:0px 0px 0px 0px;\npadding:0px 0px 0px 0px;\n}\n<\/style>\n<div  class='flex_column av-aqhxhu-a7a28eda7b56c906727eadce0b1b859c av_one_fourth  avia-builder-el-114  el_after_av_one_fourth  el_before_av_one_fourth  flex_column_div av-zero-column-padding  column-top-margin'     ><p>\n<style type=\"text\/css\" data-created_by=\"avia_inline_auto\" id=\"style-css-av-8o96cy-5df5a4c5ab6faa54b1c929fbd4aecb46\">\n.avia-video.av-8o96cy-5df5a4c5ab6faa54b1c929fbd4aecb46{\nbackground-image:url(https:\/\/www.fredonoccitanie.com\/captages\/wp-content\/uploads\/sites\/3\/2022\/02\/v111_temoignage-300x169.png);\n}\n<\/style>\n<div  class='avia-video av-8o96cy-5df5a4c5ab6faa54b1c929fbd4aecb46 avia-video-16-9 av-preview-image avia-video-confirm_all av-lazyload-video-embed'  itemprop=\"video\" itemtype=\"https:\/\/schema.org\/VideoObject\"  data-original_url='https:\/\/youtu.be\/WTSfRwGLcWc'><script type='text\/html' class='av-video-tmpl'><div class='avia-iframe-wrap'><iframe loading=\"lazy\" title=\"Christophe Bousquet : la d\u00e9marche collective pour partager ses savoirs\" width=\"1500\" height=\"844\" src=\"https:\/\/www.youtube.com\/embed\/WTSfRwGLcWc?feature=oembed&autoplay=1&loop=0&controls=1&mute=0\" frameborder=\"0\" allow=\"accelerometer; autoplay; clipboard-write; encrypted-media; gyroscope; picture-in-picture\" allowfullscreen><\/iframe><\/div><\/script><div class='av-click-to-play-overlay'><div class=\"avia_playpause_icon\"><\/div><\/div><\/div><br \/>\n<section  class='av_textblock_section av-7o1t2a-9a246523217237b847405d1eb3c396dc '   itemscope=\"itemscope\" itemtype=\"https:\/\/schema.org\/CreativeWork\" ><div class='avia_textblock'  itemprop=\"text\" ><div class=\"wpb_text_column wpb_content_element \">\n<div class=\"wpb_wrapper\">\n<div class=\"wpb_text_column wpb_content_element \">\n<div class=\"wpb_wrapper\">\n<div class=\"wpb_text_column wpb_content_element \">\n<div class=\"wpb_wrapper\">\n<div class=\"wpb_text_column wpb_content_element \">\n<div class=\"wpb_wrapper\">\n<div class=\"wpb_text_column wpb_content_element \">\n<div class=\"wpb_wrapper\">\n<div class=\"wpb_text_column wpb_content_element \">\n<div class=\"wpb_wrapper\">\n<div class=\"wpb_text_column wpb_content_element \">\n<div class=\"wpb_wrapper\">\n<div class=\"wpb_text_column wpb_content_element \">\n<div class=\"wpb_wrapper\">\n<div class=\"wpb_text_column wpb_content_element \">\n<div class=\"wpb_wrapper\">\n<div class=\"wpb_text_column wpb_content_element \">\n<div class=\"wpb_wrapper\">\n<div class=\"wpb_text_column wpb_content_element \">\n<div class=\"wpb_wrapper\">\n<div class=\"wpb_text_column wpb_content_element \">\n<div class=\"wpb_wrapper\">\n<div class=\"wpb_text_column wpb_content_element \">\n<div class=\"wpb_wrapper\">\n<div class=\"wpb_text_column wpb_content_element \">\n<div class=\"wpb_wrapper\">\n<p>Christophe nous parle de l\u2019importance de la d\u00e9marche collective pour partager les savoirs agro\u00e9cologiques.<\/p>\n<\/div>\n<\/div>\n<\/div>\n<\/div>\n<\/div>\n<\/div>\n<\/div>\n<\/div>\n<\/div>\n<\/div>\n<\/div>\n<\/div>\n<\/div>\n<\/div>\n<\/div>\n<\/div>\n<\/div>\n<\/div>\n<\/div>\n<\/div>\n<\/div>\n<\/div>\n<\/div>\n<\/div>\n<\/div>\n<\/div>\n<\/div>\n<\/div>\n<\/div><\/section><\/p><\/div>\n<style type=\"text\/css\" data-created_by=\"avia_inline_auto\" id=\"style-css-av-lwlgbm-6914c9490a101b3d4baa4003f6f5b5a7\">\n.flex_column.av-lwlgbm-6914c9490a101b3d4baa4003f6f5b5a7{\nborder-radius:0px 0px 0px 0px;\npadding:0px 0px 0px 0px;\n}\n<\/style>\n<div  class='flex_column av-lwlgbm-6914c9490a101b3d4baa4003f6f5b5a7 av_one_fourth  avia-builder-el-117  el_after_av_one_fourth  el_before_av_one_fourth  first flex_column_div av-zero-column-padding  column-top-margin'     ><p>\n<style type=\"text\/css\" data-created_by=\"avia_inline_auto\" id=\"style-css-av-kr6g2o1x-fdb05422d2824521ff2b466afdede111\">\n.avia-video.av-kr6g2o1x-fdb05422d2824521ff2b466afdede111{\nbackground-image:url(https:\/\/www.fredonoccitanie.com\/captages\/wp-content\/uploads\/sites\/3\/2022\/02\/v222_insecticide_pas_automatique-300x169.png);\n}\n<\/style>\n<div  class='avia-video av-kr6g2o1x-fdb05422d2824521ff2b466afdede111 avia-video-16-9 av-preview-image avia-video-confirm_all av-lazyload-video-embed'  itemprop=\"video\" itemtype=\"https:\/\/schema.org\/VideoObject\"  data-original_url='https:\/\/youtu.be\/Z29dvu_viW8'><script type='text\/html' class='av-video-tmpl'><div class='avia-iframe-wrap'><iframe loading=\"lazy\" title=\"Les insecticides c&#039;est pas automatique !\" width=\"1500\" height=\"844\" src=\"https:\/\/www.youtube.com\/embed\/Z29dvu_viW8?feature=oembed&autoplay=1&loop=0&controls=1&mute=0\" frameborder=\"0\" allow=\"accelerometer; autoplay; clipboard-write; encrypted-media; gyroscope; picture-in-picture\" allowfullscreen><\/iframe><\/div><\/script><div class='av-click-to-play-overlay'><div class=\"avia_playpause_icon\"><\/div><\/div><\/div><br \/>\n<section  class='av_textblock_section av-kr6g2hyg-e1ea0e1d8fde28c651c3d2582169d5ed '   itemscope=\"itemscope\" itemtype=\"https:\/\/schema.org\/CreativeWork\" ><div class='avia_textblock'  itemprop=\"text\" ><div class=\"wpb_text_column wpb_content_element \">\n<div class=\"wpb_wrapper\">\n<div class=\"wpb_text_column wpb_content_element \">\n<div class=\"wpb_wrapper\">\n<div class=\"wpb_text_column wpb_content_element \">\n<div class=\"wpb_wrapper\">\n<div class=\"wpb_text_column wpb_content_element \">\n<div class=\"wpb_wrapper\">\n<div class=\"wpb_text_column wpb_content_element \">\n<div class=\"wpb_wrapper\">\n<div class=\"wpb_text_column wpb_content_element \">\n<div class=\"wpb_wrapper\">\n<div class=\"wpb_text_column wpb_content_element \">\n<div class=\"wpb_wrapper\">\n<div class=\"wpb_text_column wpb_content_element \">\n<div class=\"wpb_wrapper\">\n<div class=\"wpb_text_column wpb_content_element \">\n<div class=\"wpb_wrapper\">\n<div class=\"wpb_text_column wpb_content_element \">\n<div class=\"wpb_wrapper\">\n<div class=\"wpb_text_column wpb_content_element \">\n<div class=\"wpb_wrapper\">\n<div class=\"wpb_text_column wpb_content_element \">\n<div class=\"wpb_wrapper\">\n<div class=\"wpb_text_column wpb_content_element \">\n<div class=\"wpb_wrapper\">\n<div class=\"wpb_text_column wpb_content_element \">\n<div class=\"wpb_wrapper\">\n<div class=\"wpb_text_column wpb_content_element \">\n<div class=\"wpb_wrapper\">\n<p>Les pesticides c\u2019est pas automatique, vive les auxiliaires ! Petite vid\u00e9o explicative de L\u00c9A NATURE sur la r\u00e9duction naturelle des ravageurs.<\/p>\n<\/div>\n<\/div>\n<\/div>\n<\/div>\n<\/div>\n<\/div>\n<\/div>\n<\/div>\n<\/div>\n<\/div>\n<\/div>\n<\/div>\n<\/div>\n<\/div>\n<\/div>\n<\/div>\n<\/div>\n<\/div>\n<\/div>\n<\/div>\n<\/div>\n<\/div>\n<\/div>\n<\/div>\n<\/div>\n<\/div>\n<\/div>\n<\/div>\n<\/div>\n<\/div>\n<\/div><\/section><\/p><\/div>\n<style type=\"text\/css\" data-created_by=\"avia_inline_auto\" id=\"style-css-av-kqhgpe-b2ed13e6f50da78dcb21ec61fa17ed35\">\n.flex_column.av-kqhgpe-b2ed13e6f50da78dcb21ec61fa17ed35{\nborder-radius:0px 0px 0px 0px;\npadding:0px 0px 0px 0px;\n}\n<\/style>\n<div  class='flex_column av-kqhgpe-b2ed13e6f50da78dcb21ec61fa17ed35 av_one_fourth  avia-builder-el-120  el_after_av_one_fourth  el_before_av_one_fourth  flex_column_div av-zero-column-padding  column-top-margin'     ><p>\n<style type=\"text\/css\" data-created_by=\"avia_inline_auto\" id=\"style-css-av-kr6g2z5x-9abc121d922164f3abc77e65a389d15c\">\n.avia-video.av-kr6g2z5x-9abc121d922164f3abc77e65a389d15c{\nbackground-image:url(https:\/\/www.fredonoccitanie.com\/captages\/wp-content\/uploads\/sites\/3\/2022\/02\/v333_temoignage-300x163.png);\n}\n<\/style>\n<div  class='avia-video av-kr6g2z5x-9abc121d922164f3abc77e65a389d15c avia-video-16-9 av-preview-image avia-video-confirm_all av-lazyload-video-embed'  itemprop=\"video\" itemtype=\"https:\/\/schema.org\/VideoObject\"  data-original_url='https:\/\/youtu.be\/fhDWJWad54I'><script type='text\/html' class='av-video-tmpl'><div class='avia-iframe-wrap'><iframe loading=\"lazy\" title=\"Philippe DELMAS : Semis-direct d\u2019un couvert de f\u00e9verole, orge et radis fourrager\" width=\"1500\" height=\"844\" src=\"https:\/\/www.youtube.com\/embed\/fhDWJWad54I?feature=oembed&autoplay=1&loop=0&controls=1&mute=0\" frameborder=\"0\" allow=\"accelerometer; autoplay; clipboard-write; encrypted-media; gyroscope; picture-in-picture\" allowfullscreen><\/iframe><\/div><\/script><div class='av-click-to-play-overlay'><div class=\"avia_playpause_icon\"><\/div><\/div><\/div><br \/>\n<section  class='av_textblock_section av-kr6g2tt8-1ad25c4bcb974dc1dc70179e5b0a4f1a '   itemscope=\"itemscope\" itemtype=\"https:\/\/schema.org\/CreativeWork\" ><div class='avia_textblock'  itemprop=\"text\" ><div class=\"wpb_text_column wpb_content_element \">\n<div class=\"wpb_wrapper\">\n<div class=\"wpb_text_column wpb_content_element \">\n<div class=\"wpb_wrapper\">\n<div class=\"wpb_text_column wpb_content_element \">\n<div class=\"wpb_wrapper\">\n<div class=\"wpb_text_column wpb_content_element \">\n<div class=\"wpb_wrapper\">\n<div class=\"wpb_text_column wpb_content_element \">\n<div class=\"wpb_wrapper\">\n<div class=\"wpb_text_column wpb_content_element \">\n<div class=\"wpb_wrapper\">\n<div class=\"wpb_text_column wpb_content_element \">\n<div class=\"wpb_wrapper\">\n<div class=\"wpb_text_column wpb_content_element \">\n<div class=\"wpb_wrapper\">\n<div class=\"wpb_text_column wpb_content_element \">\n<div class=\"wpb_wrapper\">\n<div class=\"wpb_text_column wpb_content_element \">\n<div class=\"wpb_wrapper\">\n<div class=\"wpb_text_column wpb_content_element \">\n<div class=\"wpb_wrapper\">\n<div class=\"wpb_text_column wpb_content_element \">\n<div class=\"wpb_wrapper\">\n<div class=\"wpb_text_column wpb_content_element \">\n<div class=\"wpb_wrapper\">\n<div class=\"wpb_text_column wpb_content_element \">\n<div class=\"wpb_wrapper\">\n<div class=\"wpb_text_column wpb_content_element \">\n<div class=\"wpb_wrapper\">\n<div class=\"wpb_text_column wpb_content_element \">\n<div class=\"wpb_wrapper\">\n<p>Philippe Delmas se lance dans l\u2019exp\u00e9rimentation de l\u2019enherbement inter-rang de ses vignes dans les ann\u00e9es 2010.<\/p>\n<\/div>\n<\/div>\n<\/div>\n<\/div>\n<\/div>\n<\/div>\n<\/div>\n<\/div>\n<\/div>\n<\/div>\n<\/div>\n<\/div>\n<\/div>\n<\/div>\n<\/div>\n<\/div>\n<\/div>\n<\/div>\n<\/div>\n<\/div>\n<\/div>\n<\/div>\n<\/div>\n<\/div>\n<\/div>\n<\/div>\n<\/div>\n<\/div>\n<\/div>\n<\/div>\n<\/div>\n<\/div>\n<\/div><\/section><\/p><\/div>\n<style type=\"text\/css\" data-created_by=\"avia_inline_auto\" id=\"style-css-av-izksxe-77dac3d35639544961c1e8a1661f20d6\">\n.flex_column.av-izksxe-77dac3d35639544961c1e8a1661f20d6{\nborder-radius:0px 0px 0px 0px;\npadding:0px 0px 0px 0px;\n}\n<\/style>\n<div  class='flex_column av-izksxe-77dac3d35639544961c1e8a1661f20d6 av_one_fourth  avia-builder-el-123  el_after_av_one_fourth  el_before_av_one_fourth  flex_column_div av-zero-column-padding  column-top-margin'     ><p>\n<style type=\"text\/css\" data-created_by=\"avia_inline_auto\" id=\"style-css-av-kr6g39lg-73189b1fa055721eebe134a8d6ec2a4a\">\n.avia-video.av-kr6g39lg-73189b1fa055721eebe134a8d6ec2a4a{\nbackground-image:url(https:\/\/www.fredonoccitanie.com\/captages\/wp-content\/uploads\/sites\/3\/2022\/02\/v444_temoignage-300x165.png);\n}\n<\/style>\n<div  class='avia-video av-kr6g39lg-73189b1fa055721eebe134a8d6ec2a4a avia-video-16-9 av-preview-image avia-video-confirm_all av-lazyload-video-embed'  itemprop=\"video\" itemtype=\"https:\/\/schema.org\/VideoObject\"  data-original_url='https:\/\/youtu.be\/ScRzKsuGpU8'><script type='text\/html' class='av-video-tmpl'><div class='avia-iframe-wrap'><iframe loading=\"lazy\" title=\"Christophe Bousquet : la taille en gobelet et la confusion sexuelle\" width=\"1500\" height=\"844\" src=\"https:\/\/www.youtube.com\/embed\/ScRzKsuGpU8?feature=oembed&autoplay=1&loop=0&controls=1&mute=0\" frameborder=\"0\" allow=\"accelerometer; autoplay; clipboard-write; encrypted-media; gyroscope; picture-in-picture\" allowfullscreen><\/iframe><\/div><\/script><div class='av-click-to-play-overlay'><div class=\"avia_playpause_icon\"><\/div><\/div><\/div><br \/>\n<section  class='av_textblock_section av-kr6g33x6-d182b25a4a0bd7b7765134b781c91c98 '   itemscope=\"itemscope\" itemtype=\"https:\/\/schema.org\/CreativeWork\" ><div class='avia_textblock'  itemprop=\"text\" ><div class=\"wpb_text_column wpb_content_element \">\n<div class=\"wpb_wrapper\">\n<div class=\"wpb_text_column wpb_content_element \">\n<div class=\"wpb_wrapper\">\n<div class=\"wpb_text_column wpb_content_element \">\n<div class=\"wpb_wrapper\">\n<div class=\"wpb_text_column wpb_content_element \">\n<div class=\"wpb_wrapper\">\n<div class=\"wpb_text_column wpb_content_element \">\n<div class=\"wpb_wrapper\">\n<div class=\"wpb_text_column wpb_content_element \">\n<div class=\"wpb_wrapper\">\n<div class=\"wpb_text_column wpb_content_element \">\n<div class=\"wpb_wrapper\">\n<div class=\"wpb_text_column wpb_content_element \">\n<div class=\"wpb_wrapper\">\n<div class=\"wpb_text_column wpb_content_element \">\n<div class=\"wpb_wrapper\">\n<div class=\"wpb_text_column wpb_content_element \">\n<div class=\"wpb_wrapper\">\n<div class=\"wpb_text_column wpb_content_element \">\n<div class=\"wpb_wrapper\">\n<div class=\"wpb_text_column wpb_content_element \">\n<div class=\"wpb_wrapper\">\n<div class=\"wpb_text_column wpb_content_element \">\n<div class=\"wpb_wrapper\">\n<div class=\"wpb_text_column wpb_content_element \">\n<div class=\"wpb_wrapper\">\n<div class=\"wpb_text_column wpb_content_element \">\n<div class=\"wpb_wrapper\">\n<div class=\"wpb_text_column wpb_content_element \">\n<div class=\"wpb_wrapper\">\n<div class=\"wpb_text_column wpb_content_element \">\n<div class=\"wpb_wrapper\">\n<p>Christophe nous explique comment il combine pastoralisme et viticulture afin d\u2019avoir des b\u00e9n\u00e9fices des 2 activit\u00e9s et tout \u00e7a en AB.<\/p>\n<\/div>\n<\/div>\n<\/div>\n<\/div>\n<\/div>\n<\/div>\n<\/div>\n<\/div>\n<\/div>\n<\/div>\n<\/div>\n<\/div>\n<\/div>\n<\/div>\n<\/div>\n<\/div>\n<\/div>\n<\/div>\n<\/div>\n<\/div>\n<\/div>\n<\/div>\n<\/div>\n<\/div>\n<\/div>\n<\/div>\n<\/div>\n<\/div>\n<\/div>\n<\/div>\n<\/div>\n<\/div>\n<\/div>\n<\/div>\n<\/div><\/section><\/p><\/div>\n<style type=\"text\/css\" data-created_by=\"avia_inline_auto\" id=\"style-css-av-h4koia-94796dd1f93b61d969cb7dff73cb779a\">\n.flex_column.av-h4koia-94796dd1f93b61d969cb7dff73cb779a{\nborder-radius:0px 0px 0px 0px;\npadding:0px 0px 0px 0px;\n}\n<\/style>\n<div  class='flex_column av-h4koia-94796dd1f93b61d969cb7dff73cb779a av_one_fourth  avia-builder-el-126  el_after_av_one_fourth  el_before_av_one_fourth  flex_column_div av-zero-column-padding  column-top-margin'     ><p>\n<style type=\"text\/css\" data-created_by=\"avia_inline_auto\" id=\"style-css-av-kr6g3lvb-84b0d39fa70c24ff6096bdb135371fcc\">\n.avia-video.av-kr6g3lvb-84b0d39fa70c24ff6096bdb135371fcc{\nbackground-image:url(https:\/\/www.fredonoccitanie.com\/captages\/wp-content\/uploads\/sites\/3\/2022\/02\/v555_qualite_de_leau-300x170.png);\n}\n<\/style>\n<div  class='avia-video av-kr6g3lvb-84b0d39fa70c24ff6096bdb135371fcc avia-video-16-9 av-preview-image avia-video-confirm_all av-lazyload-video-embed'  itemprop=\"video\" itemtype=\"https:\/\/schema.org\/VideoObject\"  data-original_url='https:\/\/www.youtube.com\/watch?v=wqa3t9cItCo'><script type='text\/html' class='av-video-tmpl'><div class='avia-iframe-wrap'><iframe loading=\"lazy\" title=\"Qualit\u00e9 de l&#039;eau et agriculture\u00a0: d\u00e9marches exemplaires dans l&#039;ouest de la France\" width=\"1500\" height=\"844\" src=\"https:\/\/www.youtube.com\/embed\/wqa3t9cItCo?feature=oembed&autoplay=1&loop=0&controls=1&mute=0\" frameborder=\"0\" allow=\"accelerometer; autoplay; clipboard-write; encrypted-media; gyroscope; picture-in-picture\" allowfullscreen><\/iframe><\/div><\/script><div class='av-click-to-play-overlay'><div class=\"avia_playpause_icon\"><\/div><\/div><\/div><br \/>\n<section  class='av_textblock_section av-kr6g3f6x-ab0417502570eb4e1f08550c07213fe5 '   itemscope=\"itemscope\" itemtype=\"https:\/\/schema.org\/CreativeWork\" ><div class='avia_textblock'  itemprop=\"text\" ><div class=\"wpb_text_column wpb_content_element \">\n<div class=\"wpb_wrapper\">\n<div class=\"wpb_text_column wpb_content_element \">\n<div class=\"wpb_wrapper\">\n<div class=\"wpb_text_column wpb_content_element \">\n<div class=\"wpb_wrapper\">\n<div class=\"wpb_text_column wpb_content_element \">\n<div class=\"wpb_wrapper\">\n<div class=\"wpb_text_column wpb_content_element \">\n<div class=\"wpb_wrapper\">\n<div class=\"wpb_text_column wpb_content_element \">\n<div class=\"wpb_wrapper\">\n<div class=\"wpb_text_column wpb_content_element \">\n<div class=\"wpb_wrapper\">\n<div class=\"wpb_text_column wpb_content_element \">\n<div class=\"wpb_wrapper\">\n<div class=\"wpb_text_column wpb_content_element \">\n<div class=\"wpb_wrapper\">\n<div class=\"wpb_text_column wpb_content_element \">\n<div class=\"wpb_wrapper\">\n<div class=\"wpb_text_column wpb_content_element \">\n<div class=\"wpb_wrapper\">\n<div class=\"wpb_text_column wpb_content_element \">\n<div class=\"wpb_wrapper\">\n<div class=\"wpb_text_column wpb_content_element \">\n<div class=\"wpb_wrapper\">\n<div class=\"wpb_text_column wpb_content_element \">\n<div class=\"wpb_wrapper\">\n<div class=\"wpb_text_column wpb_content_element \">\n<div class=\"wpb_wrapper\">\n<div class=\"wpb_text_column wpb_content_element \">\n<div class=\"wpb_wrapper\">\n<div class=\"wpb_text_column wpb_content_element \">\n<div class=\"wpb_wrapper\">\n<div class=\"wpb_text_column wpb_content_element \">\n<div class=\"wpb_wrapper\">\n<p>Dans l\u2019ouest, des agriculteurs s\u2019engagent dans des d\u00e9marches respectueuses de l\u2019environnement<\/p>\n<\/div>\n<\/div>\n<\/div>\n<\/div>\n<\/div>\n<\/div>\n<\/div>\n<\/div>\n<\/div>\n<\/div>\n<\/div>\n<\/div>\n<\/div>\n<\/div>\n<\/div>\n<\/div>\n<\/div>\n<\/div>\n<\/div>\n<\/div>\n<\/div>\n<\/div>\n<\/div>\n<\/div>\n<\/div>\n<\/div>\n<\/div>\n<\/div>\n<\/div>\n<\/div>\n<\/div>\n<\/div>\n<\/div>\n<\/div>\n<\/div>\n<\/div>\n<\/div><\/section><\/p><\/div>\n<style type=\"text\/css\" data-created_by=\"avia_inline_auto\" id=\"style-css-av-b8d5cy-36fc3f107f0631657d2f346c308e417e\">\n.flex_column.av-b8d5cy-36fc3f107f0631657d2f346c308e417e{\nborder-radius:0px 0px 0px 0px;\npadding:0px 0px 0px 0px;\n}\n<\/style>\n<div  class='flex_column av-b8d5cy-36fc3f107f0631657d2f346c308e417e av_one_fourth  avia-builder-el-129  el_after_av_one_fourth  el_before_av_one_fourth  first flex_column_div av-zero-column-padding  column-top-margin'     ><p>\n<style type=\"text\/css\" data-created_by=\"avia_inline_auto\" id=\"style-css-av-kr6g79mg-7f498e614eba03ad7c07345ac6b86c24\">\n.avia-video.av-kr6g79mg-7f498e614eba03ad7c07345ac6b86c24{\nbackground-image:url(https:\/\/www.fredonoccitanie.com\/captages\/wp-content\/uploads\/sites\/3\/2022\/02\/v444_temoignage-300x165.png);\n}\n<\/style>\n<div  class='avia-video av-kr6g79mg-7f498e614eba03ad7c07345ac6b86c24 avia-video-16-9 av-preview-image avia-video-confirm_all av-lazyload-video-embed'  itemprop=\"video\" itemtype=\"https:\/\/schema.org\/VideoObject\"  data-original_url='https:\/\/youtu.be\/ScRzKsuGpU8'><script type='text\/html' class='av-video-tmpl'><div class='avia-iframe-wrap'><iframe loading=\"lazy\" title=\"Christophe Bousquet : la taille en gobelet et la confusion sexuelle\" width=\"1500\" height=\"844\" src=\"https:\/\/www.youtube.com\/embed\/ScRzKsuGpU8?feature=oembed&autoplay=1&loop=0&controls=1&mute=0\" frameborder=\"0\" allow=\"accelerometer; autoplay; clipboard-write; encrypted-media; gyroscope; picture-in-picture\" allowfullscreen><\/iframe><\/div><\/script><div class='av-click-to-play-overlay'><div class=\"avia_playpause_icon\"><\/div><\/div><\/div><br \/>\n<section  class='av_textblock_section av-kr6g73wk-7d37b61461e7c02cac20bf9b65af87a8 '   itemscope=\"itemscope\" itemtype=\"https:\/\/schema.org\/CreativeWork\" ><div class='avia_textblock'  itemprop=\"text\" ><div class=\"wpb_text_column wpb_content_element \">\n<div class=\"wpb_wrapper\">\n<div class=\"wpb_text_column wpb_content_element \">\n<div class=\"wpb_wrapper\">\n<div class=\"wpb_text_column wpb_content_element \">\n<div class=\"wpb_wrapper\">\n<div class=\"wpb_text_column wpb_content_element \">\n<div class=\"wpb_wrapper\">\n<div class=\"wpb_text_column wpb_content_element \">\n<div class=\"wpb_wrapper\">\n<div class=\"wpb_text_column wpb_content_element \">\n<div class=\"wpb_wrapper\">\n<div class=\"wpb_text_column wpb_content_element \">\n<div class=\"wpb_wrapper\">\n<div class=\"wpb_text_column wpb_content_element \">\n<div class=\"wpb_wrapper\">\n<div class=\"wpb_text_column wpb_content_element \">\n<div class=\"wpb_wrapper\">\n<div class=\"wpb_text_column wpb_content_element \">\n<div class=\"wpb_wrapper\">\n<div class=\"wpb_text_column wpb_content_element \">\n<div class=\"wpb_wrapper\">\n<div class=\"wpb_text_column wpb_content_element \">\n<div class=\"wpb_wrapper\">\n<div class=\"wpb_text_column wpb_content_element \">\n<div class=\"wpb_wrapper\">\n<div class=\"wpb_text_column wpb_content_element \">\n<div class=\"wpb_wrapper\">\n<div class=\"wpb_text_column wpb_content_element \">\n<div class=\"wpb_wrapper\">\n<div class=\"wpb_text_column wpb_content_element \">\n<div class=\"wpb_wrapper\">\n<div class=\"wpb_text_column wpb_content_element \">\n<div class=\"wpb_wrapper\">\n<div class=\"wpb_text_column wpb_content_element \">\n<div class=\"wpb_wrapper\">\n<div class=\"wpb_text_column wpb_content_element \">\n<div class=\"wpb_wrapper\">\n<div class=\"wpb_text_column wpb_content_element \">\n<div class=\"wpb_wrapper\">\n<div class=\"wpb_text_column wpb_content_element \">\n<div class=\"wpb_wrapper\">\n<div class=\"wpb_text_column wpb_content_element \">\n<div class=\"wpb_wrapper\">\n<p>Christophe nous explique 2 de ses pratiques agro\u00e9cologiques : la taille en gobelet de sa vigne et la confusion sexuelle pour lutter contre le ver de la grappe<\/p>\n<\/div>\n<\/div>\n<\/div>\n<\/div>\n<\/div>\n<\/div>\n<\/div>\n<\/div>\n<\/div>\n<\/div>\n<\/div>\n<\/div>\n<\/div>\n<\/div>\n<\/div>\n<\/div>\n<\/div>\n<\/div>\n<\/div>\n<\/div>\n<\/div>\n<\/div>\n<\/div>\n<\/div>\n<\/div>\n<\/div>\n<\/div>\n<\/div>\n<\/div>\n<\/div>\n<\/div>\n<\/div>\n<\/div>\n<\/div>\n<\/div>\n<\/div>\n<\/div>\n<\/div>\n<\/div>\n<\/div>\n<\/div>\n<\/div>\n<\/div>\n<\/div>\n<\/div><\/section><\/p><\/div>\n<style type=\"text\/css\" data-created_by=\"avia_inline_auto\" id=\"style-css-av-fros0y-8d2fca3ecb6a2f663d907b66693263cb\">\n.flex_column.av-fros0y-8d2fca3ecb6a2f663d907b66693263cb{\nborder-radius:0px 0px 0px 0px;\npadding:0px 0px 0px 0px;\n}\n<\/style>\n<div  class='flex_column av-fros0y-8d2fca3ecb6a2f663d907b66693263cb av_one_fourth  avia-builder-el-132  el_after_av_one_fourth  el_before_av_one_fourth  flex_column_div av-zero-column-padding  column-top-margin'     ><p>\n<style type=\"text\/css\" data-created_by=\"avia_inline_auto\" id=\"style-css-av-kr6g3weg-668aa0ea4314a3755441a13f39557937\">\n.avia-video.av-kr6g3weg-668aa0ea4314a3755441a13f39557937{\nbackground-image:url(https:\/\/www.fredonoccitanie.com\/captages\/wp-content\/uploads\/sites\/3\/2022\/02\/v666_retrouver_une_qualite_qualite_de_leau-300x168.png);\n}\n<\/style>\n<div  class='avia-video av-kr6g3weg-668aa0ea4314a3755441a13f39557937 avia-video-16-9 av-preview-image avia-video-confirm_all av-lazyload-video-embed'  itemprop=\"video\" itemtype=\"https:\/\/schema.org\/VideoObject\"  data-original_url='https:\/\/www.youtube.com\/watch?v=qu6Ch58ujtQ'><script type='text\/html' class='av-video-tmpl'><div class='avia-iframe-wrap'><iframe loading=\"lazy\" title=\"Lons le Saunier : retrouver une qualit\u00e9 de l&#039;eau en trouvant des solutions avec les agriculteurs\" width=\"1500\" height=\"844\" src=\"https:\/\/www.youtube.com\/embed\/qu6Ch58ujtQ?feature=oembed&autoplay=1&loop=0&controls=1&mute=0\" frameborder=\"0\" allow=\"accelerometer; autoplay; clipboard-write; encrypted-media; gyroscope; picture-in-picture\" allowfullscreen><\/iframe><\/div><\/script><div class='av-click-to-play-overlay'><div class=\"avia_playpause_icon\"><\/div><\/div><\/div><br \/>\n<section  class='av_textblock_section av-kr6g3qxl-d32923715d6199ed5c65cef6f7bab886 '   itemscope=\"itemscope\" itemtype=\"https:\/\/schema.org\/CreativeWork\" ><div class='avia_textblock'  itemprop=\"text\" ><div class=\"wpb_text_column wpb_content_element \">\n<div class=\"wpb_wrapper\">\n<div class=\"wpb_text_column wpb_content_element \">\n<div class=\"wpb_wrapper\">\n<div class=\"wpb_text_column wpb_content_element \">\n<div class=\"wpb_wrapper\">\n<div class=\"wpb_text_column wpb_content_element \">\n<div class=\"wpb_wrapper\">\n<div class=\"wpb_text_column wpb_content_element \">\n<div class=\"wpb_wrapper\">\n<div class=\"wpb_text_column wpb_content_element \">\n<div class=\"wpb_wrapper\">\n<div class=\"wpb_text_column wpb_content_element \">\n<div class=\"wpb_wrapper\">\n<div class=\"wpb_text_column wpb_content_element \">\n<div class=\"wpb_wrapper\">\n<div class=\"wpb_text_column wpb_content_element \">\n<div class=\"wpb_wrapper\">\n<div class=\"wpb_text_column wpb_content_element \">\n<div class=\"wpb_wrapper\">\n<div class=\"wpb_text_column wpb_content_element \">\n<div class=\"wpb_wrapper\">\n<div class=\"wpb_text_column wpb_content_element \">\n<div class=\"wpb_wrapper\">\n<div class=\"wpb_text_column wpb_content_element \">\n<div class=\"wpb_wrapper\">\n<div class=\"wpb_text_column wpb_content_element \">\n<div class=\"wpb_wrapper\">\n<div class=\"wpb_text_column wpb_content_element \">\n<div class=\"wpb_wrapper\">\n<div class=\"wpb_text_column wpb_content_element \">\n<div class=\"wpb_wrapper\">\n<div class=\"wpb_text_column wpb_content_element \">\n<div class=\"wpb_wrapper\">\n<div class=\"wpb_text_column wpb_content_element \">\n<div class=\"wpb_wrapper\">\n<div class=\"wpb_text_column wpb_content_element \">\n<div class=\"wpb_wrapper\">\n<p>Lons le Saunier : retrouver une qualit\u00e9 de l\u2019eau en trouvant des solutions avec les agriculteurs<\/p>\n<\/div>\n<\/div>\n<\/div>\n<\/div>\n<\/div>\n<\/div>\n<\/div>\n<\/div>\n<\/div>\n<\/div>\n<\/div>\n<\/div>\n<\/div>\n<\/div>\n<\/div>\n<\/div>\n<\/div>\n<\/div>\n<\/div>\n<\/div>\n<\/div>\n<\/div>\n<\/div>\n<\/div>\n<\/div>\n<\/div>\n<\/div>\n<\/div>\n<\/div>\n<\/div>\n<\/div>\n<\/div>\n<\/div>\n<\/div>\n<\/div>\n<\/div>\n<\/div>\n<\/div>\n<\/div><\/section><\/p><\/div>\n<style type=\"text\/css\" data-created_by=\"avia_inline_auto\" id=\"style-css-av-1dgvde-428abeb2e6036181bb41e3226767e3fa\">\n.flex_column.av-1dgvde-428abeb2e6036181bb41e3226767e3fa{\nborder-radius:0px 0px 0px 0px;\npadding:0px 0px 0px 0px;\n}\n<\/style>\n<div  class='flex_column av-1dgvde-428abeb2e6036181bb41e3226767e3fa av_one_fourth  avia-builder-el-135  el_after_av_one_fourth  el_before_av_one_fourth  flex_column_div av-zero-column-padding  column-top-margin'     ><p>\n<style type=\"text\/css\" data-created_by=\"avia_inline_auto\" id=\"style-css-av-kr6g484d-bfa143790610e543548332940004e3f3\">\n.avia-video.av-kr6g484d-bfa143790610e543548332940004e3f3{\nbackground-image:url(https:\/\/www.fredonoccitanie.com\/captages\/wp-content\/uploads\/sites\/3\/2022\/02\/Capture6-300x159.png);\n}\n<\/style>\n<div  class='avia-video av-kr6g484d-bfa143790610e543548332940004e3f3 avia-video-16-9 av-preview-image avia-video-confirm_all av-lazyload-video-embed'  itemprop=\"video\" itemtype=\"https:\/\/schema.org\/VideoObject\"  data-original_url='https:\/\/youtu.be\/YNSSEBbqFtU'><script type='text\/html' class='av-video-tmpl'><div class='avia-iframe-wrap'><iframe loading=\"lazy\" title=\"Cours d\u2019eau ou foss\u00e9\u2026 ? Pesticide ou pas pesticide ?\" width=\"1500\" height=\"844\" src=\"https:\/\/www.youtube.com\/embed\/YNSSEBbqFtU?feature=oembed&autoplay=1&loop=0&controls=1&mute=0\" frameborder=\"0\" allow=\"accelerometer; autoplay; clipboard-write; encrypted-media; gyroscope; picture-in-picture\" allowfullscreen><\/iframe><\/div><\/script><div class='av-click-to-play-overlay'><div class=\"avia_playpause_icon\"><\/div><\/div><\/div><br \/>\n<section  class='av_textblock_section av-kr6g41e2-d07b6fad168e97365b0a997a58821354 '   itemscope=\"itemscope\" itemtype=\"https:\/\/schema.org\/CreativeWork\" ><div class='avia_textblock'  itemprop=\"text\" ><div class=\"wpb_text_column wpb_content_element \">\n<div class=\"wpb_wrapper\">\n<div class=\"wpb_text_column wpb_content_element \">\n<div class=\"wpb_wrapper\">\n<div class=\"wpb_text_column wpb_content_element \">\n<div class=\"wpb_wrapper\">\n<div class=\"wpb_text_column wpb_content_element \">\n<div class=\"wpb_wrapper\">\n<div class=\"wpb_text_column wpb_content_element \">\n<div class=\"wpb_wrapper\">\n<div class=\"wpb_text_column wpb_content_element \">\n<div class=\"wpb_wrapper\">\n<div class=\"wpb_text_column wpb_content_element \">\n<div class=\"wpb_wrapper\">\n<div class=\"wpb_text_column wpb_content_element \">\n<div class=\"wpb_wrapper\">\n<div class=\"wpb_text_column wpb_content_element \">\n<div class=\"wpb_wrapper\">\n<div class=\"wpb_text_column wpb_content_element \">\n<div class=\"wpb_wrapper\">\n<div class=\"wpb_text_column wpb_content_element \">\n<div class=\"wpb_wrapper\">\n<div class=\"wpb_text_column wpb_content_element \">\n<div class=\"wpb_wrapper\">\n<div class=\"wpb_text_column wpb_content_element \">\n<div class=\"wpb_wrapper\">\n<div class=\"wpb_text_column wpb_content_element \">\n<div class=\"wpb_wrapper\">\n<div class=\"wpb_text_column wpb_content_element \">\n<div class=\"wpb_wrapper\">\n<div class=\"wpb_text_column wpb_content_element \">\n<div class=\"wpb_wrapper\">\n<div class=\"wpb_text_column wpb_content_element \">\n<div class=\"wpb_wrapper\">\n<div class=\"wpb_text_column wpb_content_element \">\n<div class=\"wpb_wrapper\">\n<div class=\"wpb_text_column wpb_content_element \">\n<div class=\"wpb_wrapper\">\n<div class=\"wpb_text_column wpb_content_element \">\n<div class=\"wpb_wrapper\">\n<p>Il est interdit d\u2019\u00e9pandre des pesticides (produits phytosanitaires), glyphosate ou autre, pr\u00e8s des points d\u2019eau. Mais qu\u2019est-ce qu\u2019un point d\u2019eau ? <span class=\"style-scope yt-formatted-string\" dir=\"auto\">Le <a class=\"yt-simple-endpoint style-scope yt-formatted-string\" dir=\"auto\" href=\"https:\/\/www.youtube.com\/channel\/UCNrG7PWLpfvBoBMHNnqMQSg\">Cabinet Landot &amp; associ\u00e9s<\/a> pr\u00e9sente ces questions, \u00e0 la lumi\u00e8re de jurisprudences r\u00e9centes, sous la forme d&rsquo;une courte vid\u00e9o p\u00e9dagogique.<\/span><\/p>\n<\/div>\n<\/div>\n<\/div>\n<\/div>\n<\/div>\n<\/div>\n<\/div>\n<\/div>\n<\/div>\n<\/div>\n<\/div>\n<\/div>\n<\/div>\n<\/div>\n<\/div>\n<\/div>\n<\/div>\n<\/div>\n<\/div>\n<\/div>\n<\/div>\n<\/div>\n<\/div>\n<\/div>\n<\/div>\n<\/div>\n<\/div>\n<\/div>\n<\/div>\n<\/div>\n<\/div>\n<\/div>\n<\/div>\n<\/div>\n<\/div>\n<\/div>\n<\/div>\n<\/div>\n<\/div>\n<\/div>\n<\/div><\/section><\/p><\/div>\n<style type=\"text\/css\" data-created_by=\"avia_inline_auto\" id=\"style-css-av-csfboi-d49f39527167965086e6268f914ae8b1\">\n.flex_column.av-csfboi-d49f39527167965086e6268f914ae8b1{\nborder-radius:0px 0px 0px 0px;\npadding:0px 0px 0px 0px;\n}\n<\/style>\n<div  class='flex_column av-csfboi-d49f39527167965086e6268f914ae8b1 av_one_fourth  avia-builder-el-138  el_after_av_one_fourth  el_before_av_one_fourth  flex_column_div av-zero-column-padding  column-top-margin'     ><p>\n<style type=\"text\/css\" data-created_by=\"avia_inline_auto\" id=\"style-css-av-kr6g4lbt-cc9ad39368d2c34e57f94567ae854ff9\">\n.avia-video.av-kr6g4lbt-cc9ad39368d2c34e57f94567ae854ff9{\nbackground-image:url(https:\/\/www.fredonoccitanie.com\/captages\/wp-content\/uploads\/sites\/3\/2022\/02\/v111_temoignage-300x169.png);\n}\n<\/style>\n<div  class='avia-video av-kr6g4lbt-cc9ad39368d2c34e57f94567ae854ff9 avia-video-16-9 av-preview-image avia-video-confirm_all av-lazyload-video-embed'  itemprop=\"video\" itemtype=\"https:\/\/schema.org\/VideoObject\"  data-original_url='https:\/\/youtu.be\/xe3elauMbpE'><script type='text\/html' class='av-video-tmpl'><div class='avia-iframe-wrap'><iframe loading=\"lazy\" title=\"Domaine de la Massole : Enherbement inter-rang spontan\u00e9\" width=\"1500\" height=\"844\" src=\"https:\/\/www.youtube.com\/embed\/xe3elauMbpE?feature=oembed&autoplay=1&loop=0&controls=1&mute=0\" frameborder=\"0\" allow=\"accelerometer; autoplay; clipboard-write; encrypted-media; gyroscope; picture-in-picture\" allowfullscreen><\/iframe><\/div><\/script><div class='av-click-to-play-overlay'><div class=\"avia_playpause_icon\"><\/div><\/div><\/div><br \/>\n<section  class='av_textblock_section av-kr6g4d0f-91a8aa4412182ccab2beba83e85c1688 '   itemscope=\"itemscope\" itemtype=\"https:\/\/schema.org\/CreativeWork\" ><div class='avia_textblock'  itemprop=\"text\" ><div class=\"wpb_text_column wpb_content_element \">\n<div class=\"wpb_wrapper\">\n<div class=\"wpb_text_column wpb_content_element \">\n<div class=\"wpb_wrapper\">\n<div class=\"wpb_text_column wpb_content_element \">\n<div class=\"wpb_wrapper\">\n<div class=\"wpb_text_column wpb_content_element \">\n<div class=\"wpb_wrapper\">\n<div class=\"wpb_text_column wpb_content_element \">\n<div class=\"wpb_wrapper\">\n<div class=\"wpb_text_column wpb_content_element \">\n<div class=\"wpb_wrapper\">\n<div class=\"wpb_text_column wpb_content_element \">\n<div class=\"wpb_wrapper\">\n<div class=\"wpb_text_column wpb_content_element \">\n<div class=\"wpb_wrapper\">\n<div class=\"wpb_text_column wpb_content_element \">\n<div class=\"wpb_wrapper\">\n<div class=\"wpb_text_column wpb_content_element \">\n<div class=\"wpb_wrapper\">\n<div class=\"wpb_text_column wpb_content_element \">\n<div class=\"wpb_wrapper\">\n<div class=\"wpb_text_column wpb_content_element \">\n<div class=\"wpb_wrapper\">\n<div class=\"wpb_text_column wpb_content_element \">\n<div class=\"wpb_wrapper\">\n<div class=\"wpb_text_column wpb_content_element \">\n<div class=\"wpb_wrapper\">\n<div class=\"wpb_text_column wpb_content_element \">\n<div class=\"wpb_wrapper\">\n<div class=\"wpb_text_column wpb_content_element \">\n<div class=\"wpb_wrapper\">\n<div class=\"wpb_text_column wpb_content_element \">\n<div class=\"wpb_wrapper\">\n<div class=\"wpb_text_column wpb_content_element \">\n<div class=\"wpb_wrapper\">\n<div class=\"wpb_text_column wpb_content_element \">\n<div class=\"wpb_wrapper\">\n<div class=\"wpb_text_column wpb_content_element \">\n<div class=\"wpb_wrapper\">\n<div class=\"wpb_text_column wpb_content_element \">\n<div class=\"wpb_wrapper\">\n<p>Les avantages de l\u2019enherbement inter-rang sont multiples : maintien de l\u2019humidit\u00e9, pr\u00e9servation de la qualit\u00e9 de l\u2019eau, facilit\u00e9 de mises en \u0153uvre.<\/p>\n<\/div>\n<\/div>\n<\/div>\n<\/div>\n<\/div>\n<\/div>\n<\/div>\n<\/div>\n<\/div>\n<\/div>\n<\/div>\n<\/div>\n<\/div>\n<\/div>\n<\/div>\n<\/div>\n<\/div>\n<\/div>\n<\/div>\n<\/div>\n<\/div>\n<\/div>\n<\/div>\n<\/div>\n<\/div>\n<\/div>\n<\/div>\n<\/div>\n<\/div>\n<\/div>\n<\/div>\n<\/div>\n<\/div>\n<\/div>\n<\/div>\n<\/div>\n<\/div>\n<\/div>\n<\/div>\n<\/div>\n<\/div>\n<\/div>\n<\/div><\/section><\/p><\/div>\n<style type=\"text\/css\" data-created_by=\"avia_inline_auto\" id=\"style-css-av-9w3r2a-0f8674b907b8420f978d5143a35b5755\">\n.flex_column.av-9w3r2a-0f8674b907b8420f978d5143a35b5755{\nborder-radius:0px 0px 0px 0px;\npadding:0px 0px 0px 0px;\n}\n<\/style>\n<div  class='flex_column av-9w3r2a-0f8674b907b8420f978d5143a35b5755 av_one_fourth  avia-builder-el-141  el_after_av_one_fourth  el_before_av_one_fourth  first flex_column_div av-zero-column-padding  column-top-margin'     ><p>\n<style type=\"text\/css\" data-created_by=\"avia_inline_auto\" id=\"style-css-av-kr6g7uv1-6b9e4989c3a503715457dff3c24eeac5\">\n.avia-video.av-kr6g7uv1-6b9e4989c3a503715457dff3c24eeac5{\nbackground-image:url(https:\/\/www.fredonoccitanie.com\/captages\/wp-content\/uploads\/sites\/3\/2022\/02\/enherbement_permanent-300x169.png);\n}\n<\/style>\n<div  class='avia-video av-kr6g7uv1-6b9e4989c3a503715457dff3c24eeac5 avia-video-16-9 av-preview-image avia-video-confirm_all av-lazyload-video-embed'  itemprop=\"video\" itemtype=\"https:\/\/schema.org\/VideoObject\"  data-original_url='https:\/\/www.youtube.com\/watch?v=pY1wm9xTnTQ&amp;t=40s'><script type='text\/html' class='av-video-tmpl'><div class='avia-iframe-wrap'><iframe loading=\"lazy\" title=\"Vignes : des enherbements pour des sols vivants\" width=\"1500\" height=\"844\" src=\"https:\/\/www.youtube.com\/embed\/pY1wm9xTnTQ?start=40&feature=oembed&autoplay=1&loop=0&controls=1&mute=0\" frameborder=\"0\" allow=\"accelerometer; autoplay; clipboard-write; encrypted-media; gyroscope; picture-in-picture\" allowfullscreen><\/iframe><\/div><\/script><div class='av-click-to-play-overlay'><div class=\"avia_playpause_icon\"><\/div><\/div><\/div><br \/>\n<section  class='av_textblock_section av-kr6g7f09-86614fa17dd203671c806bb2904b0e61 '   itemscope=\"itemscope\" itemtype=\"https:\/\/schema.org\/CreativeWork\" ><div class='avia_textblock'  itemprop=\"text\" ><div class=\"wpb_text_column wpb_content_element \">\n<div class=\"wpb_wrapper\">\n<div class=\"wpb_text_column wpb_content_element \">\n<div class=\"wpb_wrapper\">\n<div class=\"wpb_text_column wpb_content_element \">\n<div class=\"wpb_wrapper\">\n<div class=\"wpb_text_column wpb_content_element \">\n<div class=\"wpb_wrapper\">\n<div class=\"wpb_text_column wpb_content_element \">\n<div class=\"wpb_wrapper\">\n<div class=\"wpb_text_column wpb_content_element \">\n<div class=\"wpb_wrapper\">\n<div class=\"wpb_text_column wpb_content_element \">\n<div class=\"wpb_wrapper\">\n<div class=\"wpb_text_column wpb_content_element \">\n<div class=\"wpb_wrapper\">\n<div class=\"wpb_text_column wpb_content_element \">\n<div class=\"wpb_wrapper\">\n<div class=\"wpb_text_column wpb_content_element \">\n<div class=\"wpb_wrapper\">\n<div class=\"wpb_text_column wpb_content_element \">\n<div class=\"wpb_wrapper\">\n<div class=\"wpb_text_column wpb_content_element \">\n<div class=\"wpb_wrapper\">\n<div class=\"wpb_text_column wpb_content_element \">\n<div class=\"wpb_wrapper\">\n<div class=\"wpb_text_column wpb_content_element \">\n<div class=\"wpb_wrapper\">\n<div class=\"wpb_text_column wpb_content_element \">\n<div class=\"wpb_wrapper\">\n<div class=\"wpb_text_column wpb_content_element \">\n<div class=\"wpb_wrapper\">\n<div class=\"wpb_text_column wpb_content_element \">\n<div class=\"wpb_wrapper\">\n<div class=\"wpb_text_column wpb_content_element \">\n<div class=\"wpb_wrapper\">\n<div class=\"wpb_text_column wpb_content_element \">\n<div class=\"wpb_wrapper\">\n<div class=\"wpb_text_column wpb_content_element \">\n<div class=\"wpb_wrapper\">\n<div class=\"wpb_text_column wpb_content_element \">\n<div class=\"wpb_wrapper\">\n<div class=\"wpb_text_column wpb_content_element \">\n<div class=\"wpb_wrapper\">\n<div class=\"wpb_text_column wpb_content_element \">\n<div class=\"wpb_wrapper\">\n<p>Vignes : des enherbements pour des sols vivants. De nombreuses vignes sont enherb\u00e9es un inter-rang sur deux, afin d\u2019\u00e9viter la concurrence pour l\u2019azote et l\u2019eau.<\/p>\n<\/div>\n<\/div>\n<\/div>\n<\/div>\n<\/div>\n<\/div>\n<\/div>\n<\/div>\n<\/div>\n<\/div>\n<\/div>\n<\/div>\n<\/div>\n<\/div>\n<\/div>\n<\/div>\n<\/div>\n<\/div>\n<\/div>\n<\/div>\n<\/div>\n<\/div>\n<\/div>\n<\/div>\n<\/div>\n<\/div>\n<\/div>\n<\/div>\n<\/div>\n<\/div>\n<\/div>\n<\/div>\n<\/div>\n<\/div>\n<\/div>\n<\/div>\n<\/div>\n<\/div>\n<\/div>\n<\/div>\n<\/div>\n<\/div>\n<\/div>\n<\/div>\n<\/div>\n<\/div>\n<\/div><\/section><\/p><\/div>\n<style type=\"text\/css\" data-created_by=\"avia_inline_auto\" id=\"style-css-av-7p6j42-8ce8ca1dc21c1d8fc2bb1a8338e09942\">\n.flex_column.av-7p6j42-8ce8ca1dc21c1d8fc2bb1a8338e09942{\nborder-radius:0px 0px 0px 0px;\npadding:0px 0px 0px 0px;\n}\n<\/style>\n<div  class='flex_column av-7p6j42-8ce8ca1dc21c1d8fc2bb1a8338e09942 av_one_fourth  avia-builder-el-144  el_after_av_one_fourth  el_before_av_one_fourth  flex_column_div av-zero-column-padding  column-top-margin'     ><p>\n<style type=\"text\/css\" data-created_by=\"avia_inline_auto\" id=\"style-css-av-kr6g892s-fc918de2b0eff607ec81ffef832a01b6\">\n.avia-video.av-kr6g892s-fc918de2b0eff607ec81ffef832a01b6{\nbackground-image:url(https:\/\/www.fredonoccitanie.com\/captages\/wp-content\/uploads\/sites\/3\/2022\/02\/transition_territoire-300x224.png);\n}\n<\/style>\n<div  class='avia-video av-kr6g892s-fc918de2b0eff607ec81ffef832a01b6 avia-video-16-9 av-preview-image avia-video-confirm_all av-lazyload-video-embed'  itemprop=\"video\" itemtype=\"https:\/\/schema.org\/VideoObject\"  data-original_url='https:\/\/youtu.be\/qYMpsyp4Kaw'><script type='text\/html' class='av-video-tmpl'><div class='avia-iframe-wrap'><iframe loading=\"lazy\" title=\"Viticulture en agroforesterie - Didier Barral, Faug\u00e8res\" width=\"1333\" height=\"1000\" src=\"https:\/\/www.youtube.com\/embed\/qYMpsyp4Kaw?feature=oembed&autoplay=1&loop=0&controls=1&mute=0\" frameborder=\"0\" allow=\"accelerometer; autoplay; clipboard-write; encrypted-media; gyroscope; picture-in-picture\" allowfullscreen><\/iframe><\/div><\/script><div class='av-click-to-play-overlay'><div class=\"avia_playpause_icon\"><\/div><\/div><\/div><br \/>\n<section  class='av_textblock_section av-kr6g8124-09bac3a5b8b0d3d8322d1da883618496 '   itemscope=\"itemscope\" itemtype=\"https:\/\/schema.org\/CreativeWork\" ><div class='avia_textblock'  itemprop=\"text\" ><div class=\"wpb_text_column wpb_content_element \">\n<div class=\"wpb_wrapper\">\n<div class=\"wpb_text_column wpb_content_element \">\n<div class=\"wpb_wrapper\">\n<div class=\"wpb_text_column wpb_content_element \">\n<div class=\"wpb_wrapper\">\n<div class=\"wpb_text_column wpb_content_element \">\n<div class=\"wpb_wrapper\">\n<div class=\"wpb_text_column wpb_content_element \">\n<div class=\"wpb_wrapper\">\n<div class=\"wpb_text_column wpb_content_element \">\n<div class=\"wpb_wrapper\">\n<div class=\"wpb_text_column wpb_content_element \">\n<div class=\"wpb_wrapper\">\n<div class=\"wpb_text_column wpb_content_element \">\n<div class=\"wpb_wrapper\">\n<div class=\"wpb_text_column wpb_content_element \">\n<div class=\"wpb_wrapper\">\n<div class=\"wpb_text_column wpb_content_element \">\n<div class=\"wpb_wrapper\">\n<div class=\"wpb_text_column wpb_content_element \">\n<div class=\"wpb_wrapper\">\n<div class=\"wpb_text_column wpb_content_element \">\n<div class=\"wpb_wrapper\">\n<div class=\"wpb_text_column wpb_content_element \">\n<div class=\"wpb_wrapper\">\n<div class=\"wpb_text_column wpb_content_element \">\n<div class=\"wpb_wrapper\">\n<div class=\"wpb_text_column wpb_content_element \">\n<div class=\"wpb_wrapper\">\n<div class=\"wpb_text_column wpb_content_element \">\n<div class=\"wpb_wrapper\">\n<div class=\"wpb_text_column wpb_content_element \">\n<div class=\"wpb_wrapper\">\n<div class=\"wpb_text_column wpb_content_element \">\n<div class=\"wpb_wrapper\">\n<div class=\"wpb_text_column wpb_content_element \">\n<div class=\"wpb_wrapper\">\n<div class=\"wpb_text_column wpb_content_element \">\n<div class=\"wpb_wrapper\">\n<div class=\"wpb_text_column wpb_content_element \">\n<div class=\"wpb_wrapper\">\n<div class=\"wpb_text_column wpb_content_element \">\n<div class=\"wpb_wrapper\">\n<div class=\"wpb_text_column wpb_content_element \">\n<div class=\"wpb_wrapper\">\n<div class=\"wpb_text_column wpb_content_element \">\n<div class=\"wpb_wrapper\">\n<p>Viticulture en agroforesterie \u2013 Didier Barral, Faug\u00e8res. Intervention de Didier Barral, 1 avril 2016 \u00e0 Paris, 3e rencontres de Bioterre.<\/p>\n<\/div>\n<\/div>\n<\/div>\n<\/div>\n<\/div>\n<\/div>\n<\/div>\n<\/div>\n<\/div>\n<\/div>\n<\/div>\n<\/div>\n<\/div>\n<\/div>\n<\/div>\n<\/div>\n<\/div>\n<\/div>\n<\/div>\n<\/div>\n<\/div>\n<\/div>\n<\/div>\n<\/div>\n<\/div>\n<\/div>\n<\/div>\n<\/div>\n<\/div>\n<\/div>\n<\/div>\n<\/div>\n<\/div>\n<\/div>\n<\/div>\n<\/div>\n<\/div>\n<\/div>\n<\/div>\n<\/div>\n<\/div>\n<\/div>\n<\/div>\n<\/div>\n<\/div>\n<\/div>\n<\/div>\n<\/div>\n<\/div><\/section><\/p><\/div>\n<style type=\"text\/css\" data-created_by=\"avia_inline_auto\" id=\"style-css-av-5hnvk2-42d3f89f6da1a5d3dc46c56df51c0c4e\">\n.flex_column.av-5hnvk2-42d3f89f6da1a5d3dc46c56df51c0c4e{\nborder-radius:0px 0px 0px 0px;\npadding:0px 0px 0px 0px;\n}\n<\/style>\n<div  class='flex_column av-5hnvk2-42d3f89f6da1a5d3dc46c56df51c0c4e av_one_fourth  avia-builder-el-147  el_after_av_one_fourth  el_before_av_one_fourth  flex_column_div av-zero-column-padding  column-top-margin'     ><p>\n<style type=\"text\/css\" data-created_by=\"avia_inline_auto\" id=\"style-css-av-kr6g8llu-57dbfad012d371c4469db941c1c1436e\">\n.avia-video.av-kr6g8llu-57dbfad012d371c4469db941c1c1436e{\nbackground-image:url(https:\/\/www.fredonoccitanie.com\/captages\/wp-content\/uploads\/sites\/3\/2022\/02\/journee_arbre_assiete-300x170.png);\n}\n<\/style>\n<div  class='avia-video av-kr6g8llu-57dbfad012d371c4469db941c1c1436e avia-video-16-9 av-preview-image avia-video-confirm_all av-lazyload-video-embed'  itemprop=\"video\" itemtype=\"https:\/\/schema.org\/VideoObject\"  data-original_url='https:\/\/youtu.be\/z1B06-SrSf8'><script type='text\/html' class='av-video-tmpl'><div class='avia-iframe-wrap'><iframe loading=\"lazy\" title=\"Journ\u00e9e Internationale Agroforesterie &quot;Des Arbres dans nos Assiettes&quot; - conf\u00e9rences\" width=\"1500\" height=\"844\" src=\"https:\/\/www.youtube.com\/embed\/z1B06-SrSf8?feature=oembed&autoplay=1&loop=0&controls=1&mute=0\" frameborder=\"0\" allow=\"accelerometer; autoplay; clipboard-write; encrypted-media; gyroscope; picture-in-picture\" allowfullscreen><\/iframe><\/div><\/script><div class='av-click-to-play-overlay'><div class=\"avia_playpause_icon\"><\/div><\/div><\/div><br \/>\n<section  class='av_textblock_section av-kr6g8fpe-6d5143f3e716f78bf8187dd8e1a3b87c '   itemscope=\"itemscope\" itemtype=\"https:\/\/schema.org\/CreativeWork\" ><div class='avia_textblock'  itemprop=\"text\" ><div class=\"wpb_text_column wpb_content_element \">\n<div class=\"wpb_wrapper\">\n<div class=\"wpb_text_column wpb_content_element \">\n<div class=\"wpb_wrapper\">\n<div class=\"wpb_text_column wpb_content_element \">\n<div class=\"wpb_wrapper\">\n<div class=\"wpb_text_column wpb_content_element \">\n<div class=\"wpb_wrapper\">\n<div class=\"wpb_text_column wpb_content_element \">\n<div class=\"wpb_wrapper\">\n<div class=\"wpb_text_column wpb_content_element \">\n<div class=\"wpb_wrapper\">\n<div class=\"wpb_text_column wpb_content_element \">\n<div class=\"wpb_wrapper\">\n<div class=\"wpb_text_column wpb_content_element \">\n<div class=\"wpb_wrapper\">\n<div class=\"wpb_text_column wpb_content_element \">\n<div class=\"wpb_wrapper\">\n<div class=\"wpb_text_column wpb_content_element \">\n<div class=\"wpb_wrapper\">\n<div class=\"wpb_text_column wpb_content_element \">\n<div class=\"wpb_wrapper\">\n<div class=\"wpb_text_column wpb_content_element \">\n<div class=\"wpb_wrapper\">\n<div class=\"wpb_text_column wpb_content_element \">\n<div class=\"wpb_wrapper\">\n<div class=\"wpb_text_column wpb_content_element \">\n<div class=\"wpb_wrapper\">\n<div class=\"wpb_text_column wpb_content_element \">\n<div class=\"wpb_wrapper\">\n<div class=\"wpb_text_column wpb_content_element \">\n<div class=\"wpb_wrapper\">\n<div class=\"wpb_text_column wpb_content_element \">\n<div class=\"wpb_wrapper\">\n<div class=\"wpb_text_column wpb_content_element \">\n<div class=\"wpb_wrapper\">\n<div class=\"wpb_text_column wpb_content_element \">\n<div class=\"wpb_wrapper\">\n<div class=\"wpb_text_column wpb_content_element \">\n<div class=\"wpb_wrapper\">\n<div class=\"wpb_text_column wpb_content_element \">\n<div class=\"wpb_wrapper\">\n<div class=\"wpb_text_column wpb_content_element \">\n<div class=\"wpb_wrapper\">\n<div class=\"wpb_text_column wpb_content_element \">\n<div class=\"wpb_wrapper\">\n<div class=\"wpb_text_column wpb_content_element \">\n<div class=\"wpb_wrapper\">\n<div class=\"wpb_text_column wpb_content_element \">\n<div class=\"wpb_wrapper\">\n<p>Journ\u00e9e Internationale Agroforesterie \u00ab\u00a0Des Arbres dans nos Assiettes\u00a0\u00bb \u2013 conf\u00e9rences<\/p>\n<\/div>\n<\/div>\n<\/div>\n<\/div>\n<\/div>\n<\/div>\n<\/div>\n<\/div>\n<\/div>\n<\/div>\n<\/div>\n<\/div>\n<\/div>\n<\/div>\n<\/div>\n<\/div>\n<\/div>\n<\/div>\n<\/div>\n<\/div>\n<\/div>\n<\/div>\n<\/div>\n<\/div>\n<\/div>\n<\/div>\n<\/div>\n<\/div>\n<\/div>\n<\/div>\n<\/div>\n<\/div>\n<\/div>\n<\/div>\n<\/div>\n<\/div>\n<\/div>\n<\/div>\n<\/div>\n<\/div>\n<\/div>\n<\/div>\n<\/div>\n<\/div>\n<\/div>\n<\/div>\n<\/div>\n<\/div>\n<\/div>\n<\/div>\n<\/div><\/section><\/p><\/div>\n<style type=\"text\/css\" data-created_by=\"avia_inline_auto\" id=\"style-css-av-1gwky-a836d49e067ae24fe3bde46a4ed26c39\">\n.flex_column.av-1gwky-a836d49e067ae24fe3bde46a4ed26c39{\nborder-radius:0px 0px 0px 0px;\npadding:0px 0px 0px 0px;\n}\n<\/style>\n<div  class='flex_column av-1gwky-a836d49e067ae24fe3bde46a4ed26c39 av_one_fourth  avia-builder-el-150  el_after_av_one_fourth  el_before_av_one_fourth  flex_column_div av-zero-column-padding  column-top-margin'     ><p>\n<style type=\"text\/css\" data-created_by=\"avia_inline_auto\" id=\"style-css-av-kr6g97lr-a240f79d65bebeeeaf6ff6a75ae922be\">\n.avia-video.av-kr6g97lr-a240f79d65bebeeeaf6ff6a75ae922be{\nbackground-image:url(https:\/\/www.fredonoccitanie.com\/captages\/wp-content\/uploads\/sites\/3\/2022\/02\/parole_acteur_fils_de_dleau-300x168.png);\n}\n<\/style>\n<div  class='avia-video av-kr6g97lr-a240f79d65bebeeeaf6ff6a75ae922be avia-video-16-9 av-preview-image avia-video-confirm_all av-lazyload-video-embed'  itemprop=\"video\" itemtype=\"https:\/\/schema.org\/VideoObject\"  data-original_url='https:\/\/youtu.be\/8qyqrbroLmM'><script type='text\/html' class='av-video-tmpl'><div class='avia-iframe-wrap'><iframe loading=\"lazy\" title=\"Protection de la qualit\u00e9 de l&#039;eau : l&#039;utilit\u00e9 des zones tampons\" width=\"1500\" height=\"844\" src=\"https:\/\/www.youtube.com\/embed\/8qyqrbroLmM?feature=oembed&autoplay=1&loop=0&controls=1&mute=0\" frameborder=\"0\" allow=\"accelerometer; autoplay; clipboard-write; encrypted-media; gyroscope; picture-in-picture\" allowfullscreen><\/iframe><\/div><\/script><div class='av-click-to-play-overlay'><div class=\"avia_playpause_icon\"><\/div><\/div><\/div><br \/>\n<section  class='av_textblock_section av-kr6g8zr3-e286ced33f3eae447d87b0efc3b949c7 '   itemscope=\"itemscope\" itemtype=\"https:\/\/schema.org\/CreativeWork\" ><div class='avia_textblock'  itemprop=\"text\" ><div class=\"wpb_text_column wpb_content_element \">\n<div class=\"wpb_wrapper\">\n<div class=\"wpb_text_column wpb_content_element \">\n<div class=\"wpb_wrapper\">\n<div class=\"wpb_text_column wpb_content_element \">\n<div class=\"wpb_wrapper\">\n<div class=\"wpb_text_column wpb_content_element \">\n<div class=\"wpb_wrapper\">\n<div class=\"wpb_text_column wpb_content_element \">\n<div class=\"wpb_wrapper\">\n<div class=\"wpb_text_column wpb_content_element \">\n<div class=\"wpb_wrapper\">\n<div class=\"wpb_text_column wpb_content_element \">\n<div class=\"wpb_wrapper\">\n<div class=\"wpb_text_column wpb_content_element \">\n<div class=\"wpb_wrapper\">\n<div class=\"wpb_text_column wpb_content_element \">\n<div class=\"wpb_wrapper\">\n<div class=\"wpb_text_column wpb_content_element \">\n<div class=\"wpb_wrapper\">\n<div class=\"wpb_text_column wpb_content_element \">\n<div class=\"wpb_wrapper\">\n<div class=\"wpb_text_column wpb_content_element \">\n<div class=\"wpb_wrapper\">\n<div class=\"wpb_text_column wpb_content_element \">\n<div class=\"wpb_wrapper\">\n<div class=\"wpb_text_column wpb_content_element \">\n<div class=\"wpb_wrapper\">\n<div class=\"wpb_text_column wpb_content_element \">\n<div class=\"wpb_wrapper\">\n<div class=\"wpb_text_column wpb_content_element \">\n<div class=\"wpb_wrapper\">\n<div class=\"wpb_text_column wpb_content_element \">\n<div class=\"wpb_wrapper\">\n<div class=\"wpb_text_column wpb_content_element \">\n<div class=\"wpb_wrapper\">\n<div class=\"wpb_text_column wpb_content_element \">\n<div class=\"wpb_wrapper\">\n<div class=\"wpb_text_column wpb_content_element \">\n<div class=\"wpb_wrapper\">\n<div class=\"wpb_text_column wpb_content_element \">\n<div class=\"wpb_wrapper\">\n<div class=\"wpb_text_column wpb_content_element \">\n<div class=\"wpb_wrapper\">\n<div class=\"wpb_text_column wpb_content_element \">\n<div class=\"wpb_wrapper\">\n<div class=\"wpb_text_column wpb_content_element \">\n<div class=\"wpb_wrapper\">\n<div class=\"wpb_text_column wpb_content_element \">\n<div class=\"wpb_wrapper\">\n<div class=\"wpb_text_column wpb_content_element \">\n<div class=\"wpb_wrapper\">\n<p>Nadia Carluer, ing\u00e9nieur-chercheur, animatrice de l\u2019\u00e9quipe pollutions diffuses \u00e0 l\u2019Irstea, d\u00e9taille l\u2019utilit\u00e9 des zones tampons pour acc\u00e9der \u00e0 une meilleure qualit\u00e9 de l\u2019eau.<\/p>\n<\/div>\n<\/div>\n<\/div>\n<\/div>\n<\/div>\n<\/div>\n<\/div>\n<\/div>\n<\/div>\n<\/div>\n<\/div>\n<\/div>\n<\/div>\n<\/div>\n<\/div>\n<\/div>\n<\/div>\n<\/div>\n<\/div>\n<\/div>\n<\/div>\n<\/div>\n<\/div>\n<\/div>\n<\/div>\n<\/div>\n<\/div>\n<\/div>\n<\/div>\n<\/div>\n<\/div>\n<\/div>\n<\/div>\n<\/div>\n<\/div>\n<\/div>\n<\/div>\n<\/div>\n<\/div>\n<\/div>\n<\/div>\n<\/div>\n<\/div>\n<\/div>\n<\/div>\n<\/div>\n<\/div>\n<\/div>\n<\/div>\n<\/div>\n<\/div>\n<\/div>\n<\/div><\/section><\/p><\/div>\n<style type=\"text\/css\" data-created_by=\"avia_inline_auto\" id=\"style-css-av-24ido2-6ec6eb6cdaa5cb61dc7870222716e78f\">\n.flex_column.av-24ido2-6ec6eb6cdaa5cb61dc7870222716e78f{\nborder-radius:0px 0px 0px 0px;\npadding:0px 0px 0px 0px;\n}\n<\/style>\n<div  class='flex_column av-24ido2-6ec6eb6cdaa5cb61dc7870222716e78f av_one_fourth  avia-builder-el-153  el_after_av_one_fourth  el_before_av_one_fourth  first flex_column_div av-zero-column-padding  column-top-margin'     ><p>\n<style type=\"text\/css\" data-created_by=\"avia_inline_auto\" id=\"style-css-av-kr6g9iuw-7f105eb45493fbf5692e307b33c0e1cc\">\n.avia-video.av-kr6g9iuw-7f105eb45493fbf5692e307b33c0e1cc{\nbackground-image:url(https:\/\/www.fredonoccitanie.com\/captages\/wp-content\/uploads\/sites\/3\/2022\/02\/ovin_dans_les_vignes-300x169.png);\n}\n<\/style>\n<div  class='avia-video av-kr6g9iuw-7f105eb45493fbf5692e307b33c0e1cc avia-video-16-9 av-preview-image avia-video-confirm_all av-lazyload-video-embed'  itemprop=\"video\" itemtype=\"https:\/\/schema.org\/VideoObject\"  data-original_url='https:\/\/youtu.be\/TrLrUzAzC50'><script type='text\/html' class='av-video-tmpl'><div class='avia-iframe-wrap'><iframe loading=\"lazy\" title=\"Eco- p\u00e2turage : Un moyen de prot\u00e9ger la qualit\u00e9 de l&#039;eau\" width=\"1500\" height=\"844\" src=\"https:\/\/www.youtube.com\/embed\/TrLrUzAzC50?feature=oembed&autoplay=1&loop=0&controls=1&mute=0\" frameborder=\"0\" allow=\"accelerometer; autoplay; clipboard-write; encrypted-media; gyroscope; picture-in-picture\" allowfullscreen><\/iframe><\/div><\/script><div class='av-click-to-play-overlay'><div class=\"avia_playpause_icon\"><\/div><\/div><\/div><br \/>\n<section  class='av_textblock_section av-kr6g9d62-cbf2e529dc9b8efc7aeb617e8231d958 '   itemscope=\"itemscope\" itemtype=\"https:\/\/schema.org\/CreativeWork\" ><div class='avia_textblock'  itemprop=\"text\" ><div class=\"wpb_text_column wpb_content_element \">\n<div class=\"wpb_wrapper\">\n<div class=\"wpb_text_column wpb_content_element \">\n<div class=\"wpb_wrapper\">\n<div class=\"wpb_text_column wpb_content_element \">\n<div class=\"wpb_wrapper\">\n<div class=\"wpb_text_column wpb_content_element \">\n<div class=\"wpb_wrapper\">\n<div class=\"wpb_text_column wpb_content_element \">\n<div class=\"wpb_wrapper\">\n<div class=\"wpb_text_column wpb_content_element \">\n<div class=\"wpb_wrapper\">\n<div class=\"wpb_text_column wpb_content_element \">\n<div class=\"wpb_wrapper\">\n<div class=\"wpb_text_column wpb_content_element \">\n<div class=\"wpb_wrapper\">\n<div class=\"wpb_text_column wpb_content_element \">\n<div class=\"wpb_wrapper\">\n<div class=\"wpb_text_column wpb_content_element \">\n<div class=\"wpb_wrapper\">\n<div class=\"wpb_text_column wpb_content_element \">\n<div class=\"wpb_wrapper\">\n<div class=\"wpb_text_column wpb_content_element \">\n<div class=\"wpb_wrapper\">\n<div class=\"wpb_text_column wpb_content_element \">\n<div class=\"wpb_wrapper\">\n<div class=\"wpb_text_column wpb_content_element \">\n<div class=\"wpb_wrapper\">\n<div class=\"wpb_text_column wpb_content_element \">\n<div class=\"wpb_wrapper\">\n<div class=\"wpb_text_column wpb_content_element \">\n<div class=\"wpb_wrapper\">\n<div class=\"wpb_text_column wpb_content_element \">\n<div class=\"wpb_wrapper\">\n<div class=\"wpb_text_column wpb_content_element \">\n<div class=\"wpb_wrapper\">\n<div class=\"wpb_text_column wpb_content_element \">\n<div class=\"wpb_wrapper\">\n<div class=\"wpb_text_column wpb_content_element \">\n<div class=\"wpb_wrapper\">\n<div class=\"wpb_text_column wpb_content_element \">\n<div class=\"wpb_wrapper\">\n<div class=\"wpb_text_column wpb_content_element \">\n<div class=\"wpb_wrapper\">\n<div class=\"wpb_text_column wpb_content_element \">\n<div class=\"wpb_wrapper\">\n<div class=\"wpb_text_column wpb_content_element \">\n<div class=\"wpb_wrapper\">\n<div class=\"wpb_text_column wpb_content_element \">\n<div class=\"wpb_wrapper\">\n<div class=\"wpb_text_column wpb_content_element \">\n<div class=\"wpb_wrapper\">\n<div class=\"wpb_text_column wpb_content_element \">\n<div class=\"wpb_wrapper\">\n<p>La Chambre d\u2019agriculture du Gard a mis en place un dispositif facilitant l\u2019\u00e9co-p\u00e2turage des vignes et son impact positif sur la protection des captages d\u2019eau.<\/p>\n<\/div>\n<\/div>\n<\/div>\n<\/div>\n<\/div>\n<\/div>\n<\/div>\n<\/div>\n<\/div>\n<\/div>\n<\/div>\n<\/div>\n<\/div>\n<\/div>\n<\/div>\n<\/div>\n<\/div>\n<\/div>\n<\/div>\n<\/div>\n<\/div>\n<\/div>\n<\/div>\n<\/div>\n<\/div>\n<\/div>\n<\/div>\n<\/div>\n<\/div>\n<\/div>\n<\/div>\n<\/div>\n<\/div>\n<\/div>\n<\/div>\n<\/div>\n<\/div>\n<\/div>\n<\/div>\n<\/div>\n<\/div>\n<\/div>\n<\/div>\n<\/div>\n<\/div>\n<\/div>\n<\/div>\n<\/div>\n<\/div>\n<\/div>\n<\/div>\n<\/div>\n<\/div>\n<\/div>\n<\/div><\/section><\/p><\/div>\n<style type=\"text\/css\" data-created_by=\"avia_inline_auto\" id=\"style-css-av-2w0tj6-92bdd95ab360270816e488e31ba56a78\">\n.flex_column.av-2w0tj6-92bdd95ab360270816e488e31ba56a78{\nborder-radius:0px 0px 0px 0px;\npadding:0px 0px 0px 0px;\n}\n<\/style>\n<div  class='flex_column av-2w0tj6-92bdd95ab360270816e488e31ba56a78 av_one_fourth  avia-builder-el-156  el_after_av_one_fourth  avia-builder-el-last  flex_column_div av-zero-column-padding  column-top-margin'     ><p>\n<style type=\"text\/css\" data-created_by=\"avia_inline_auto\" id=\"style-css-av-lcepnnie-a7a8b88c1ba9b643bfe6b03fca657c18\">\n.avia-video.av-lcepnnie-a7a8b88c1ba9b643bfe6b03fca657c18{\nbackground-image:url(https:\/\/www.fredonoccitanie.com\/captages\/wp-content\/uploads\/sites\/3\/2023\/01\/film2.png);\n}\n<\/style>\n<div  class='avia-video av-lcepnnie-a7a8b88c1ba9b643bfe6b03fca657c18 avia-video-16-9 av-preview-image avia-video-confirm_all av-lazyload-video-embed'  itemprop=\"video\" itemtype=\"https:\/\/schema.org\/VideoObject\"  data-original_url='https:\/\/youtu.be\/-3d2bUSjHIQ'><script type='text\/html' class='av-video-tmpl'><div class='avia-iframe-wrap'><iframe loading=\"lazy\" title=\"Webs\u00e9rie Groupes 30 000 : \u00c9pisode 5 \u2013 Station m\u00e9t\u00e9o et OAD D\u00e9citrait pour r\u00e9duire l&#039;usage des phytos\" width=\"1500\" height=\"844\" src=\"https:\/\/www.youtube.com\/embed\/-3d2bUSjHIQ?feature=oembed&autoplay=1&loop=0&controls=1&mute=0\" frameborder=\"0\" allow=\"accelerometer; autoplay; clipboard-write; encrypted-media; gyroscope; picture-in-picture\" allowfullscreen><\/iframe><\/div><\/script><div class='av-click-to-play-overlay'><div class=\"avia_playpause_icon\"><\/div><\/div><\/div><br \/>\n<section  class='av_textblock_section av-lcepmhar-af3d08ba5890a3bbef1cf2597b2b0b3c '   itemscope=\"itemscope\" itemtype=\"https:\/\/schema.org\/CreativeWork\" ><div class='avia_textblock'  itemprop=\"text\" ><div class=\"wpb_text_column wpb_content_element \">\n<div class=\"wpb_wrapper\">\n<div class=\"wpb_text_column wpb_content_element \">\n<div class=\"wpb_wrapper\">\n<div class=\"wpb_text_column wpb_content_element \">\n<div class=\"wpb_wrapper\">\n<div class=\"wpb_text_column wpb_content_element \">\n<div class=\"wpb_wrapper\">\n<div class=\"wpb_text_column wpb_content_element \">\n<div class=\"wpb_wrapper\">\n<div class=\"wpb_text_column wpb_content_element \">\n<div class=\"wpb_wrapper\">\n<div class=\"wpb_text_column wpb_content_element \">\n<div class=\"wpb_wrapper\">\n<div class=\"wpb_text_column wpb_content_element \">\n<div class=\"wpb_wrapper\">\n<div class=\"wpb_text_column wpb_content_element \">\n<div class=\"wpb_wrapper\">\n<div class=\"wpb_text_column wpb_content_element \">\n<div class=\"wpb_wrapper\">\n<div class=\"wpb_text_column wpb_content_element \">\n<div class=\"wpb_wrapper\">\n<div class=\"wpb_text_column wpb_content_element \">\n<div class=\"wpb_wrapper\">\n<div class=\"wpb_text_column wpb_content_element \">\n<div class=\"wpb_wrapper\">\n<div class=\"wpb_text_column wpb_content_element \">\n<div class=\"wpb_wrapper\">\n<div class=\"wpb_text_column wpb_content_element \">\n<div class=\"wpb_wrapper\">\n<div class=\"wpb_text_column wpb_content_element \">\n<div class=\"wpb_wrapper\">\n<div class=\"wpb_text_column wpb_content_element \">\n<div class=\"wpb_wrapper\">\n<div class=\"wpb_text_column wpb_content_element \">\n<div class=\"wpb_wrapper\">\n<div class=\"wpb_text_column wpb_content_element \">\n<div class=\"wpb_wrapper\">\n<div class=\"wpb_text_column wpb_content_element \">\n<div class=\"wpb_wrapper\">\n<div class=\"wpb_text_column wpb_content_element \">\n<div class=\"wpb_wrapper\">\n<div class=\"wpb_text_column wpb_content_element \">\n<div class=\"wpb_wrapper\">\n<div class=\"wpb_text_column wpb_content_element \">\n<div class=\"wpb_wrapper\">\n<div class=\"wpb_text_column wpb_content_element \">\n<div class=\"wpb_wrapper\">\n<div class=\"wpb_text_column wpb_content_element \">\n<div class=\"wpb_wrapper\">\n<div class=\"wpb_text_column wpb_content_element \">\n<div class=\"wpb_wrapper\">\n<div class=\"wpb_text_column wpb_content_element \">\n<div class=\"wpb_wrapper\">\n<p><span data-contrast=\"auto\">Une Web-s\u00e9rie des Groupes 30\u202f000 en Occitanie qui diffuse des leviers pour r\u00e9duire l\u2019utilisation des produits phytosanitaires<\/span><span data-ccp-props=\"{}\">\u00a0<\/span><\/p>\n<\/div>\n<\/div>\n<\/div>\n<\/div>\n<\/div>\n<\/div>\n<\/div>\n<\/div>\n<\/div>\n<\/div>\n<\/div>\n<\/div>\n<\/div>\n<\/div>\n<\/div>\n<\/div>\n<\/div>\n<\/div>\n<\/div>\n<\/div>\n<\/div>\n<\/div>\n<\/div>\n<\/div>\n<\/div>\n<\/div>\n<\/div>\n<\/div>\n<\/div>\n<\/div>\n<\/div>\n<\/div>\n<\/div>\n<\/div>\n<\/div>\n<\/div>\n<\/div>\n<\/div>\n<\/div>\n<\/div>\n<\/div>\n<\/div>\n<\/div>\n<\/div>\n<\/div>\n<\/div>\n<\/div>\n<\/div>\n<\/div>\n<\/div>\n<\/div>\n<\/div>\n<\/div>\n<\/div>\n<\/div><\/section><\/p><\/div>\n<\/div><\/div><\/div><!-- close content main div --><\/div><\/div><div id='after_section_2'  class='main_color av_default_container_wrap container_wrap fullsize'  ><div class='container av-section-cont-open' ><div class='template-page content  av-content-full alpha units'><div class='post-entry post-entry-type-page post-entry-8338'><div class='entry-content-wrapper clearfix'><\/p>\n<section  id=\"eau\"  class='av_textblock_section av-lcetxbg0-bc227592c09e99dd261aa3b27b0dc9fa '   itemscope=\"itemscope\" itemtype=\"https:\/\/schema.org\/CreativeWork\" ><div class='avia_textblock'  itemprop=\"text\" ><h2 id=\"autres\" style=\"text-align: center\">AUTRES THEMATIQUES<em><br \/>\n<\/em><\/h2>\n<\/div><\/section>\n\n<style type=\"text\/css\" data-created_by=\"avia_inline_auto\" id=\"style-css-av-4ku19e-77724542a4b4f8d8079aefe05db4cd89\">\n.flex_column.av-4ku19e-77724542a4b4f8d8079aefe05db4cd89{\nborder-radius:0px 0px 0px 0px;\npadding:0px 0px 0px 0px;\n}\n<\/style>\n<div  class='flex_column av-4ku19e-77724542a4b4f8d8079aefe05db4cd89 av_one_fourth  avia-builder-el-160  el_after_av_textblock  el_before_av_one_fourth  first flex_column_div av-zero-column-padding  column-top-margin'     ><p>\n<style type=\"text\/css\" data-created_by=\"avia_inline_auto\" id=\"style-css-av-lcetyzq4-b758a49dfb7c801388f9a724b181c401\">\n.avia-video.av-lcetyzq4-b758a49dfb7c801388f9a724b181c401{\nbackground-image:url(https:\/\/www.fredonoccitanie.com\/captages\/wp-content\/uploads\/sites\/3\/2025\/08\/Videotheque_autres_PFAS-300x169.jpg);\n}\n<\/style>\n<div  class='avia-video av-lcetyzq4-b758a49dfb7c801388f9a724b181c401 avia-video-16-9 av-preview-image avia-video-confirm_all av-lazyload-video-embed'  itemprop=\"video\" itemtype=\"https:\/\/schema.org\/VideoObject\"  data-original_url='https:\/\/www.youtube.com\/watch?v=8JkOgzHDFJ8'><script type='text\/html' class='av-video-tmpl'><div class='avia-iframe-wrap'><iframe loading=\"lazy\" title=\"Les compos\u00e9s poly et perfluor\u00e9s (PFAS) dans l\u2019eau\" width=\"1500\" height=\"844\" src=\"https:\/\/www.youtube.com\/embed\/8JkOgzHDFJ8?feature=oembed&autoplay=1&loop=0&controls=1&mute=0\" frameborder=\"0\" allow=\"accelerometer; autoplay; clipboard-write; encrypted-media; gyroscope; picture-in-picture; web-share\" referrerpolicy=\"strict-origin-when-cross-origin\" allowfullscreen><\/iframe><\/div><\/script><div class='av-click-to-play-overlay'><div class=\"avia_playpause_icon\"><\/div><\/div><\/div><br \/>\n<section  class='av_textblock_section av-lcetxx2b-4d910b58dd5bba727d32a4026bfed7bd '   itemscope=\"itemscope\" itemtype=\"https:\/\/schema.org\/CreativeWork\" ><div class='avia_textblock'  itemprop=\"text\" ><div class=\"wpb_text_column wpb_content_element \">\n<div class=\"wpb_wrapper\">\n<div class=\"wpb_text_column wpb_content_element \">\n<div class=\"wpb_wrapper\">\n<div class=\"wpb_text_column wpb_content_element \">\n<div class=\"wpb_wrapper\">\n<div class=\"wpb_text_column wpb_content_element \">\n<div class=\"wpb_wrapper\">\n<div class=\"wpb_text_column wpb_content_element \">\n<div class=\"wpb_wrapper\">\n<div class=\"wpb_text_column wpb_content_element \">\n<div class=\"wpb_wrapper\">\n<div class=\"wpb_text_column wpb_content_element \">\n<div class=\"wpb_wrapper\">\n<div class=\"wpb_text_column wpb_content_element \">\n<div class=\"wpb_wrapper\">\n<div class=\"wpb_text_column wpb_content_element \">\n<div class=\"wpb_wrapper\">\n<div class=\"wpb_text_column wpb_content_element \">\n<div class=\"wpb_wrapper\">\n<div class=\"wpb_text_column wpb_content_element \">\n<div class=\"wpb_wrapper\">\n<div class=\"wpb_text_column wpb_content_element \">\n<div class=\"wpb_wrapper\">\n<div class=\"wpb_text_column wpb_content_element \">\n<div class=\"wpb_wrapper\">\n<div class=\"wpb_text_column wpb_content_element \">\n<div class=\"wpb_wrapper\">\n<div class=\"wpb_text_column wpb_content_element \">\n<div class=\"wpb_wrapper\">\n<div class=\"wpb_text_column wpb_content_element \">\n<div class=\"wpb_wrapper\">\n<div class=\"wpb_text_column wpb_content_element \">\n<div class=\"wpb_wrapper\">\n<div class=\"wpb_text_column wpb_content_element \">\n<div class=\"wpb_wrapper\">\n<div class=\"wpb_text_column wpb_content_element \">\n<div class=\"wpb_wrapper\">\n<div class=\"wpb_text_column wpb_content_element \">\n<div class=\"wpb_wrapper\">\n<div class=\"wpb_text_column wpb_content_element \">\n<div class=\"wpb_wrapper\">\n<div class=\"wpb_text_column wpb_content_element \">\n<div class=\"wpb_wrapper\">\n<div class=\"wpb_text_column wpb_content_element \">\n<div class=\"wpb_wrapper\">\n<div class=\"wpb_text_column wpb_content_element \">\n<div class=\"wpb_wrapper\">\n<div class=\"wpb_text_column wpb_content_element \">\n<div class=\"wpb_wrapper\">\n<div class=\"wpb_text_column wpb_content_element \">\n<div class=\"wpb_wrapper\">\n<p><!--StartFragment --><span class=\"cf0\">Un webinaire du CRESEB pour donner des \u00e9l\u00e9ments de r\u00e9ponse sur que sont les PFAS, quelles sont leurs origines, et en quoi ils repr\u00e9sentent une menace pour la sant\u00e9 et l\u2019environnement.<\/span><\/p>\n<\/div>\n<\/div>\n<\/div>\n<\/div>\n<\/div>\n<\/div>\n<\/div>\n<\/div>\n<\/div>\n<\/div>\n<\/div>\n<\/div>\n<\/div>\n<\/div>\n<\/div>\n<\/div>\n<\/div>\n<\/div>\n<\/div>\n<\/div>\n<\/div>\n<\/div>\n<\/div>\n<\/div>\n<\/div>\n<\/div>\n<\/div>\n<\/div>\n<\/div>\n<\/div>\n<\/div>\n<\/div>\n<\/div>\n<\/div>\n<\/div>\n<\/div>\n<\/div>\n<\/div>\n<\/div>\n<\/div>\n<\/div>\n<\/div>\n<\/div>\n<\/div>\n<\/div>\n<\/div>\n<\/div>\n<\/div>\n<\/div>\n<\/div>\n<\/div>\n<\/div>\n<\/div><\/section><\/p><\/div>\n\n<style type=\"text\/css\" data-created_by=\"avia_inline_auto\" id=\"style-css-av-58yaz6-93a99b8cef54545ef8d1eeaa420a0a68\">\n.flex_column.av-58yaz6-93a99b8cef54545ef8d1eeaa420a0a68{\nborder-radius:0px 0px 0px 0px;\npadding:0px 0px 0px 0px;\n}\n<\/style>\n<div  class='flex_column av-58yaz6-93a99b8cef54545ef8d1eeaa420a0a68 av_one_fourth  avia-builder-el-163  el_after_av_one_fourth  el_before_av_one_fourth  flex_column_div av-zero-column-padding  column-top-margin'     ><p>\n<style type=\"text\/css\" data-created_by=\"avia_inline_auto\" id=\"style-css-av-3zvd1u-0d0b03a5a9725c73c00dfbe7ff0629b6\">\n.avia-video.av-3zvd1u-0d0b03a5a9725c73c00dfbe7ff0629b6{\nbackground-image:url(https:\/\/www.fredonoccitanie.com\/captages\/wp-content\/uploads\/sites\/3\/2023\/01\/CAHINE-fredon.png);\n}\n<\/style>\n<div  class='avia-video av-3zvd1u-0d0b03a5a9725c73c00dfbe7ff0629b6 avia-video-16-9 av-preview-image avia-video-confirm_all av-lazyload-video-embed'  itemprop=\"video\" itemtype=\"https:\/\/schema.org\/VideoObject\"  data-original_url='https:\/\/www.youtube.com\/@fredonoccitaniejevi7060'><script type='text\/html' class='av-video-tmpl'><a href=\"https:\/\/www.youtube.com\/@fredonoccitaniejevi7060\">https:\/\/www.youtube.com\/@fredonoccitaniejevi7060<\/a><\/script><div class='av-click-to-play-overlay'><div class=\"avia_playpause_icon\"><\/div><\/div><\/div><br \/>\n<section  class='av_textblock_section av-bd4nm-e59ded52f3d2390542cf929cf1c6de7a '   itemscope=\"itemscope\" itemtype=\"https:\/\/schema.org\/CreativeWork\" ><div class='avia_textblock'  itemprop=\"text\" ><div class=\"wpb_text_column wpb_content_element \">\n<div class=\"wpb_wrapper\">\n<div class=\"wpb_text_column wpb_content_element \">\n<div class=\"wpb_wrapper\">\n<div class=\"wpb_text_column wpb_content_element \">\n<div class=\"wpb_wrapper\">\n<div class=\"wpb_text_column wpb_content_element \">\n<div class=\"wpb_wrapper\">\n<div class=\"wpb_text_column wpb_content_element \">\n<div class=\"wpb_wrapper\">\n<div class=\"wpb_text_column wpb_content_element \">\n<div class=\"wpb_wrapper\">\n<div class=\"wpb_text_column wpb_content_element \">\n<div class=\"wpb_wrapper\">\n<div class=\"wpb_text_column wpb_content_element \">\n<div class=\"wpb_wrapper\">\n<div class=\"wpb_text_column wpb_content_element \">\n<div class=\"wpb_wrapper\">\n<div class=\"wpb_text_column wpb_content_element \">\n<div class=\"wpb_wrapper\">\n<div class=\"wpb_text_column wpb_content_element \">\n<div class=\"wpb_wrapper\">\n<div class=\"wpb_text_column wpb_content_element \">\n<div class=\"wpb_wrapper\">\n<div class=\"wpb_text_column wpb_content_element \">\n<div class=\"wpb_wrapper\">\n<div class=\"wpb_text_column wpb_content_element \">\n<div class=\"wpb_wrapper\">\n<div class=\"wpb_text_column wpb_content_element \">\n<div class=\"wpb_wrapper\">\n<div class=\"wpb_text_column wpb_content_element \">\n<div class=\"wpb_wrapper\">\n<div class=\"wpb_text_column wpb_content_element \">\n<div class=\"wpb_wrapper\">\n<div class=\"wpb_text_column wpb_content_element \">\n<div class=\"wpb_wrapper\">\n<div class=\"wpb_text_column wpb_content_element \">\n<div class=\"wpb_wrapper\">\n<div class=\"wpb_text_column wpb_content_element \">\n<div class=\"wpb_wrapper\">\n<div class=\"wpb_text_column wpb_content_element \">\n<div class=\"wpb_wrapper\">\n<div class=\"wpb_text_column wpb_content_element \">\n<div class=\"wpb_wrapper\">\n<div class=\"wpb_text_column wpb_content_element \">\n<div class=\"wpb_wrapper\">\n<div class=\"wpb_text_column wpb_content_element \">\n<div class=\"wpb_wrapper\">\n<div class=\"wpb_text_column wpb_content_element \">\n<div class=\"wpb_wrapper\">\n<div class=\"wpb_text_column wpb_content_element \">\n<div class=\"wpb_wrapper\">\n<p><span data-contrast=\"auto\">La cha\u00eene vid\u00e9os \u00e0 l\u2019attention des gestionnaires non agricoles de la fili\u00e8re JEVI et de ceux qui les accompagne, anim\u00e9e par FREDON Occitanie dans le cadre de la mission d\u00e9di\u00e9e.<\/span><span data-ccp-props=\"{}\">\u00a0<\/span><\/p>\n<p><a href=\"https:\/\/www.youtube.com\/@fredonoccitaniejevi7060\"><span data-contrast=\"none\">\u00a0<\/span><\/a><\/p>\n<\/div>\n<\/div>\n<\/div>\n<\/div>\n<\/div>\n<\/div>\n<\/div>\n<\/div>\n<\/div>\n<\/div>\n<\/div>\n<\/div>\n<\/div>\n<\/div>\n<\/div>\n<\/div>\n<\/div>\n<\/div>\n<\/div>\n<\/div>\n<\/div>\n<\/div>\n<\/div>\n<\/div>\n<\/div>\n<\/div>\n<\/div>\n<\/div>\n<\/div>\n<\/div>\n<\/div>\n<\/div>\n<\/div>\n<\/div>\n<\/div>\n<\/div>\n<\/div>\n<\/div>\n<\/div>\n<\/div>\n<\/div>\n<\/div>\n<\/div>\n<\/div>\n<\/div>\n<\/div>\n<\/div>\n<\/div>\n<\/div>\n<\/div>\n<\/div>\n<\/div>\n<\/div><\/section><\/p><\/div>\n\n<style type=\"text\/css\" data-created_by=\"avia_inline_auto\" id=\"style-css-av-2o3r6q-850982c386fced3b1cf6a65e587a1cbe\">\n.flex_column.av-2o3r6q-850982c386fced3b1cf6a65e587a1cbe{\nborder-radius:0px 0px 0px 0px;\npadding:0px 0px 0px 0px;\n}\n<\/style>\n<div  class='flex_column av-2o3r6q-850982c386fced3b1cf6a65e587a1cbe av_one_fourth  avia-builder-el-166  el_after_av_one_fourth  avia-builder-el-last  flex_column_div av-zero-column-padding  column-top-margin'     ><p>\n<style type=\"text\/css\" data-created_by=\"avia_inline_auto\" id=\"style-css-av-lceu2rrg-46f05408c1c301ded5b5121eeed19443\">\n.avia-video.av-lceu2rrg-46f05408c1c301ded5b5121eeed19443{\nbackground-image:url(https:\/\/www.fredonoccitanie.com\/captages\/wp-content\/uploads\/sites\/3\/2023\/01\/INRAE.png);\n}\n<\/style>\n<div  class='avia-video av-lceu2rrg-46f05408c1c301ded5b5121eeed19443 avia-video-16-9 av-preview-image avia-video-confirm_all av-lazyload-video-embed'  itemprop=\"video\" itemtype=\"https:\/\/schema.org\/VideoObject\"  data-original_url='https:\/\/youtu.be\/fRKZ9lIZDGY'><script type='text\/html' class='av-video-tmpl'><div class='avia-iframe-wrap'><iframe loading=\"lazy\" title=\"La d\u00e9marche Co-click&#039;eau, qu&#039;est-ce que c&#039;est ?\" width=\"1500\" height=\"844\" src=\"https:\/\/www.youtube.com\/embed\/fRKZ9lIZDGY?feature=oembed&autoplay=1&loop=0&controls=1&mute=0\" frameborder=\"0\" allow=\"accelerometer; autoplay; clipboard-write; encrypted-media; gyroscope; picture-in-picture\" allowfullscreen><\/iframe><\/div><\/script><div class='av-click-to-play-overlay'><div class=\"avia_playpause_icon\"><\/div><\/div><\/div><br \/>\n<section  class='av_textblock_section av-lcetzefr-598c0e87e2989bf19e0cbeb664569bab '   itemscope=\"itemscope\" itemtype=\"https:\/\/schema.org\/CreativeWork\" ><div class='avia_textblock'  itemprop=\"text\" ><div class=\"wpb_text_column wpb_content_element \">\n<div class=\"wpb_wrapper\">\n<div class=\"wpb_text_column wpb_content_element \">\n<div class=\"wpb_wrapper\">\n<div class=\"wpb_text_column wpb_content_element \">\n<div class=\"wpb_wrapper\">\n<div class=\"wpb_text_column wpb_content_element \">\n<div class=\"wpb_wrapper\">\n<div class=\"wpb_text_column wpb_content_element \">\n<div class=\"wpb_wrapper\">\n<div class=\"wpb_text_column wpb_content_element \">\n<div class=\"wpb_wrapper\">\n<div class=\"wpb_text_column wpb_content_element \">\n<div class=\"wpb_wrapper\">\n<div class=\"wpb_text_column wpb_content_element \">\n<div class=\"wpb_wrapper\">\n<div class=\"wpb_text_column wpb_content_element \">\n<div class=\"wpb_wrapper\">\n<div class=\"wpb_text_column wpb_content_element \">\n<div class=\"wpb_wrapper\">\n<div class=\"wpb_text_column wpb_content_element \">\n<div class=\"wpb_wrapper\">\n<div class=\"wpb_text_column wpb_content_element \">\n<div class=\"wpb_wrapper\">\n<div class=\"wpb_text_column wpb_content_element \">\n<div class=\"wpb_wrapper\">\n<div class=\"wpb_text_column wpb_content_element \">\n<div class=\"wpb_wrapper\">\n<div class=\"wpb_text_column wpb_content_element \">\n<div class=\"wpb_wrapper\">\n<div class=\"wpb_text_column wpb_content_element \">\n<div class=\"wpb_wrapper\">\n<div class=\"wpb_text_column wpb_content_element \">\n<div class=\"wpb_wrapper\">\n<div class=\"wpb_text_column wpb_content_element \">\n<div class=\"wpb_wrapper\">\n<div class=\"wpb_text_column wpb_content_element \">\n<div class=\"wpb_wrapper\">\n<div class=\"wpb_text_column wpb_content_element \">\n<div class=\"wpb_wrapper\">\n<div class=\"wpb_text_column wpb_content_element \">\n<div class=\"wpb_wrapper\">\n<div class=\"wpb_text_column wpb_content_element \">\n<div class=\"wpb_wrapper\">\n<div class=\"wpb_text_column wpb_content_element \">\n<div class=\"wpb_wrapper\">\n<div class=\"wpb_text_column wpb_content_element \">\n<div class=\"wpb_wrapper\">\n<div class=\"wpb_text_column wpb_content_element \">\n<div class=\"wpb_wrapper\">\n<div class=\"wpb_text_column wpb_content_element \">\n<div class=\"wpb_wrapper\">\n<p><span data-contrast=\"auto\">La vid\u00e9o pour comprendre la d\u00e9marche Co-<\/span><span data-contrast=\"auto\">click&rsquo;eau<\/span><span data-contrast=\"auto\"> (INRAE)\u00a0<\/span><span data-ccp-props=\"{}\">\u00a0<\/span><\/p>\n<p><a href=\"https:\/\/www.youtube.com\/@fredonoccitaniejevi7060\"><span data-contrast=\"none\">\u00a0<\/span><\/a><\/p>\n<\/div>\n<\/div>\n<\/div>\n<\/div>\n<\/div>\n<\/div>\n<\/div>\n<\/div>\n<\/div>\n<\/div>\n<\/div>\n<\/div>\n<\/div>\n<\/div>\n<\/div>\n<\/div>\n<\/div>\n<\/div>\n<\/div>\n<\/div>\n<\/div>\n<\/div>\n<\/div>\n<\/div>\n<\/div>\n<\/div>\n<\/div>\n<\/div>\n<\/div>\n<\/div>\n<\/div>\n<\/div>\n<\/div>\n<\/div>\n<\/div>\n<\/div>\n<\/div>\n<\/div>\n<\/div>\n<\/div>\n<\/div>\n<\/div>\n<\/div>\n<\/div>\n<\/div>\n<\/div>\n<\/div>\n<\/div>\n<\/div>\n<\/div>\n<\/div>\n<\/div>\n<\/div><\/section><\/p><\/div>\n","protected":false},"excerpt":{"rendered":"","protected":false},"author":1,"featured_media":0,"parent":0,"menu_order":2,"comment_status":"closed","ping_status":"closed","template":"","meta":{"footnotes":""},"class_list":["post-8338","page","type-page","status-publish","hentry"],"_links":{"self":[{"href":"https:\/\/www.fredonoccitanie.com\/captages\/wp-json\/wp\/v2\/pages\/8338","targetHints":{"allow":["GET"]}}],"collection":[{"href":"https:\/\/www.fredonoccitanie.com\/captages\/wp-json\/wp\/v2\/pages"}],"about":[{"href":"https:\/\/www.fredonoccitanie.com\/captages\/wp-json\/wp\/v2\/types\/page"}],"author":[{"embeddable":true,"href":"https:\/\/www.fredonoccitanie.com\/captages\/wp-json\/wp\/v2\/users\/1"}],"replies":[{"embeddable":true,"href":"https:\/\/www.fredonoccitanie.com\/captages\/wp-json\/wp\/v2\/comments?post=8338"}],"version-history":[{"count":5,"href":"https:\/\/www.fredonoccitanie.com\/captages\/wp-json\/wp\/v2\/pages\/8338\/revisions"}],"predecessor-version":[{"id":11511,"href":"https:\/\/www.fredonoccitanie.com\/captages\/wp-json\/wp\/v2\/pages\/8338\/revisions\/11511"}],"wp:attachment":[{"href":"https:\/\/www.fredonoccitanie.com\/captages\/wp-json\/wp\/v2\/media?parent=8338"}],"curies":[{"name":"wp","href":"https:\/\/api.w.org\/{rel}","templated":true}]}}