{"id":10144,"date":"2024-02-06T10:49:23","date_gmt":"2024-02-06T09:49:23","guid":{"rendered":"https:\/\/www.fredonoccitanie.com\/captages\/?page_id=10144"},"modified":"2026-02-10T13:54:52","modified_gmt":"2026-02-10T12:54:52","slug":"outils-et-donnees-cles-occitanie2","status":"publish","type":"page","link":"https:\/\/www.fredonoccitanie.com\/captages\/outils-et-donnees-cles-occitanie2\/","title":{"rendered":"plateformes_sites_reference"},"content":{"rendered":"\n<style type=\"text\/css\" data-created_by=\"avia_inline_auto\" id=\"style-css-av-2zk4yk-d9896b7bbe3abb665e5468afcd470fb9\">\n.avia-section.av-2zk4yk-d9896b7bbe3abb665e5468afcd470fb9{\nmargin-top:0px;\nmargin-bottom:0px;\n}\n<\/style>\n<div id='av_section_1'  class='avia-section av-2zk4yk-d9896b7bbe3abb665e5468afcd470fb9 main_color avia-section-default avia-no-border-styling  avia-builder-el-0  el_before_av_section  avia-builder-el-first  avia-bg-style-scroll container_wrap fullsize'  ><div class='container av-section-cont-open' ><main  role=\"main\" itemprop=\"mainContentOfPage\"  class='template-page content  av-content-full alpha units'><div class='post-entry post-entry-type-page post-entry-10144'><div class='entry-content-wrapper clearfix'>\n\n<style type=\"text\/css\" data-created_by=\"avia_inline_auto\" id=\"style-css-av-e3t7t8-5cd11ff0dc1f52db8cf0080c01394fdb\">\n.flex_column.av-e3t7t8-5cd11ff0dc1f52db8cf0080c01394fdb{\nborder-radius:0px 0px 0px 0px;\npadding:0px 0px 0px 0px;\n}\n<\/style>\n<div  class='flex_column av-e3t7t8-5cd11ff0dc1f52db8cf0080c01394fdb av_one_fifth  avia-builder-el-1  el_before_av_two_third  avia-builder-el-first  first flex_column_div av-zero-column-padding  '     ><\/div>\n<style type=\"text\/css\" data-created_by=\"avia_inline_auto\" id=\"style-css-av-1x0yos-c6298a86862a5f18b2a2ae1e1c8636c2\">\n.flex_column.av-1x0yos-c6298a86862a5f18b2a2ae1e1c8636c2{\nborder-radius:0px 0px 0px 0px;\npadding:0px 0px 0px 0px;\n}\n<\/style>\n<div  class='flex_column av-1x0yos-c6298a86862a5f18b2a2ae1e1c8636c2 av_two_third  avia-builder-el-2  el_after_av_one_fifth  el_before_av_buttonrow  flex_column_div av-zero-column-padding  '     ><section  class='av_textblock_section av-krjdcvfr-b6ea968c854f63873b2c46dc073db8e3 '   itemscope=\"itemscope\" itemtype=\"https:\/\/schema.org\/CreativeWork\" ><div class='avia_textblock'  itemprop=\"text\" ><h1 style=\"text-align: center\">PLATEFORMES ET SITES WEB DE REFERENCE POUR LES D\u00c9MARCHES DE RECONQU\u00caTE DE LA QUALIT\u00c9 DES RESSOURCES EN EAU (Occitanie)<\/h1>\n<div class=\"wpb_text_column wpb_content_element \">\n<div class=\"wpb_wrapper\">\n<p style=\"text-align: left\"><strong>L\u2019 acc\u00e8s aux donn\u00e9es et \u00e0 l&rsquo;information constitue un levier majeur pour la bonne conduite des d\u00e9marches de protection des captages d&rsquo;eau potable. <\/strong><\/p>\n<p style=\"text-align: left\">Cette page recense, de fa\u00e7on non-exhaustive, les outils et plateformes utiles aux gestionnaires de bassin d\u2019alimentation de captage (ou animateurs captage).<\/p>\n<p style=\"text-align: left\">Ci-dessous, retrouvez ces outils web class\u00e9s par famille th\u00e9matique.<\/p>\n<p style=\"text-align: left\">Des outils manquants ? Aidez-nous \u00e0 \u00e9largir la port\u00e9e de cette page de ressources !\u00a0 <a href=\"https:\/\/www.fredonoccitanie.com\/captages\/nous-contacter\/\">Ecrivez-nous<\/a> afin de proposer tout site internet ou outil incontournable pour le gestionnaire BAC (Bassin d&rsquo;alimentation de captage)<\/p>\n<\/div>\n<\/div>\n<\/div><\/section><\/div><div  class='avia-buttonrow-wrap av-kudvdb0g-4af5ab18e28a20a44cd06430762ad1ff avia-buttonrow-center  avia-builder-el-4  el_after_av_two_third  avia-builder-el-last '>\n\n<style type=\"text\/css\" data-created_by=\"avia_inline_auto\" id=\"style-css-av-kudvd7n5-15e1c3f6ceea34eb5618087acfa3b3d3\">\n#top #wrap_all .avia-button.av-kudvd7n5-15e1c3f6ceea34eb5618087acfa3b3d3{\nmargin-bottom:5px;\nmargin-right:3px;\nmargin-left:3px;\n}\n<\/style>\n<a href='#ancre1'  class='avia-button av-kudvd7n5-15e1c3f6ceea34eb5618087acfa3b3d3 avia-icon_select-yes-left-icon avia-size-small avia-color-theme-color'   aria-label=\"Donn\u00e9es sur l\u2019eau\"><span class='avia_button_icon avia_button_icon_left avia-iconfont avia-font-entypo-fontello' data-av_icon='\ue86f' data-av_iconfont='entypo-fontello' ><\/span><span class='avia_iconbox_title' >Donn\u00e9es sur l\u2019eau<\/span><\/a>\n\n<style type=\"text\/css\" data-created_by=\"avia_inline_auto\" id=\"style-css-av-kudvd7n5-5-e8ae0d81686f21df0777f145ac0261bb\">\n#top #wrap_all .avia-button.av-kudvd7n5-5-e8ae0d81686f21df0777f145ac0261bb{\nmargin-bottom:5px;\nmargin-right:3px;\nmargin-left:3px;\n}\n<\/style>\n<a href='#ancre2'  class='avia-button av-kudvd7n5-5-e8ae0d81686f21df0777f145ac0261bb avia-icon_select-yes-left-icon avia-size-small avia-color-theme-color'   aria-label=\"Pesticides\"><span class='avia_button_icon avia_button_icon_left avia-iconfont avia-font-entypo-fontello' data-av_icon='\ue86f' data-av_iconfont='entypo-fontello' ><\/span><span class='avia_iconbox_title' >Pesticides<\/span><\/a>\n\n<style type=\"text\/css\" data-created_by=\"avia_inline_auto\" id=\"style-css-av-kudvd7n5-4-1eb30edc54cc4179af30e42ceaec9f8e\">\n#top #wrap_all .avia-button.av-kudvd7n5-4-1eb30edc54cc4179af30e42ceaec9f8e{\nmargin-bottom:5px;\nmargin-right:3px;\nmargin-left:3px;\n}\n<\/style>\n<a href='#ancre3'  class='avia-button av-kudvd7n5-4-1eb30edc54cc4179af30e42ceaec9f8e avia-icon_select-yes-left-icon avia-size-small avia-color-theme-color'   aria-label=\"Pratiques agricoles \u2013 occupation du sol\"><span class='avia_button_icon avia_button_icon_left avia-iconfont avia-font-entypo-fontello' data-av_icon='\ue86f' data-av_iconfont='entypo-fontello' ><\/span><span class='avia_iconbox_title' >Pratiques agricoles \u2013 occupation du sol<\/span><\/a>\n\n<style type=\"text\/css\" data-created_by=\"avia_inline_auto\" id=\"style-css-av-lcg9v8tn-9117f8547540cc9029616a9ff049de70\">\n#top #wrap_all .avia-button.av-lcg9v8tn-9117f8547540cc9029616a9ff049de70{\nmargin-bottom:5px;\nmargin-right:3px;\nmargin-left:3px;\n}\n<\/style>\n<a href='#agroecologie'  class='avia-button av-lcg9v8tn-9117f8547540cc9029616a9ff049de70 avia-icon_select-yes-left-icon avia-size-small avia-color-theme-color'   aria-label=\"Agro\u00e9cologie\"><span class='avia_button_icon avia_button_icon_left avia-iconfont avia-font-entypo-fontello' data-av_icon='\ue86f' data-av_iconfont='entypo-fontello' ><\/span><span class='avia_iconbox_title' >Agro\u00e9cologie<\/span><\/a>\n\n<style type=\"text\/css\" data-created_by=\"avia_inline_auto\" id=\"style-css-av-mebfo0p4-6735b909f652f338e84176647eb5b760\">\n#top #wrap_all .avia-button.av-mebfo0p4-6735b909f652f338e84176647eb5b760{\nmargin-bottom:5px;\nmargin-right:3px;\nmargin-left:3px;\n}\n<\/style>\n<a href='#biodiversite'  class='avia-button av-mebfo0p4-6735b909f652f338e84176647eb5b760 avia-icon_select-yes-left-icon avia-size-small avia-color-theme-color'   aria-label=\"Biodiversit\u00e9\"><span class='avia_button_icon avia_button_icon_left avia-svg-icon avia-font-svg_entypo-fontello' data-av_svg_icon='down-circled' data-av_iconset='svg_entypo-fontello'><svg version=\"1.1\" xmlns=\"http:\/\/www.w3.org\/2000\/svg\" width=\"29\" height=\"32\" viewBox=\"0 0 29 32\" preserveAspectRatio=\"xMidYMid meet\" aria-labelledby='av-svg-title-1' aria-describedby='av-svg-desc-1' role=\"graphics-symbol\">\n<title id='av-svg-title-1'>Down-circled<\/title>\n<desc id='av-svg-desc-1'>Down-circled<\/desc>\n<path d=\"M14.72 1.28q6.080 0 10.4 4.32t4.32 10.4-4.32 10.4-10.4 4.32-10.4-4.32-4.32-10.4 4.32-10.4 10.4-4.32zM14.72 27.52q4.736 0 8.128-3.392t3.392-8.128q0-4.8-3.392-8.16t-8.128-3.36-8.128 3.36-3.392 8.16q0 4.736 3.392 8.128t8.128 3.392zM17.6 9.792v6.592h3.584l-6.464 6.080-6.464-6.080h3.584v-6.592h5.76z\"><\/path>\n<\/svg><\/span><span class='avia_iconbox_title' >Biodiversit\u00e9<\/span><\/a>\n\n<style type=\"text\/css\" data-created_by=\"avia_inline_auto\" id=\"style-css-av-kudvd7n5-3-1ba7c723d24c979be487a6b06e75c6fe\">\n#top #wrap_all .avia-button.av-kudvd7n5-3-1ba7c723d24c979be487a6b06e75c6fe{\nmargin-bottom:5px;\nmargin-right:3px;\nmargin-left:3px;\n}\n<\/style>\n<a href='#ancre5'  class='avia-button av-kudvd7n5-3-1ba7c723d24c979be487a6b06e75c6fe avia-icon_select-yes-left-icon avia-size-small avia-color-theme-color'   aria-label=\"Animation territoriale\"><span class='avia_button_icon avia_button_icon_left avia-iconfont avia-font-entypo-fontello' data-av_icon='\ue86f' data-av_iconfont='entypo-fontello' ><\/span><span class='avia_iconbox_title' >Animation territoriale<\/span><\/a>\n\n<style type=\"text\/css\" data-created_by=\"avia_inline_auto\" id=\"style-css-av-lcg9yd20-23e3c69d64db95554f0c3bb6db71a572\">\n#top #wrap_all .avia-button.av-lcg9yd20-23e3c69d64db95554f0c3bb6db71a572{\nmargin-bottom:5px;\nmargin-right:3px;\nmargin-left:3px;\n}\n<\/style>\n<a href='#ancre6'  class='avia-button av-lcg9yd20-23e3c69d64db95554f0c3bb6db71a572 avia-icon_select-yes-left-icon avia-size-small avia-color-theme-color'   aria-label=\"Ma\u00eetrise fonci\u00e8re\"><span class='avia_button_icon avia_button_icon_left avia-iconfont avia-font-entypo-fontello' data-av_icon='\ue86f' data-av_iconfont='entypo-fontello' ><\/span><span class='avia_iconbox_title' >Ma\u00eetrise fonci\u00e8re<\/span><\/a>\n\n<style type=\"text\/css\" data-created_by=\"avia_inline_auto\" id=\"style-css-av-lsa6c6a7-8f17a17e67e3d9ec3bb427b517a45246\">\n#top #wrap_all .avia-button.av-lsa6c6a7-8f17a17e67e3d9ec3bb427b517a45246{\nmargin-bottom:5px;\nmargin-right:3px;\nmargin-left:3px;\n}\n<\/style>\n<a href='#ancre7'  class='avia-button av-lsa6c6a7-8f17a17e67e3d9ec3bb427b517a45246 avia-icon_select-yes-left-icon avia-size-small avia-color-theme-color'   aria-label=\"Pratique non agricoles - Fili\u00e8re JEVI\"><span class='avia_button_icon avia_button_icon_left avia-iconfont avia-font-entypo-fontello' data-av_icon='\ue86f' data-av_iconfont='entypo-fontello' ><\/span><span class='avia_iconbox_title' >Pratique non agricoles - Fili\u00e8re JEVI<\/span><\/a>\n\n<style type=\"text\/css\" data-created_by=\"avia_inline_auto\" id=\"style-css-av-lsa6c6a7-2-1df8ba7a672c24a31b6ac3c7fb94abee\">\n#top #wrap_all .avia-button.av-lsa6c6a7-2-1df8ba7a672c24a31b6ac3c7fb94abee{\nmargin-bottom:5px;\nmargin-right:3px;\nmargin-left:3px;\n}\n<\/style>\n<a href='#ancre8'  class='avia-button av-lsa6c6a7-2-1df8ba7a672c24a31b6ac3c7fb94abee avia-icon_select-yes-left-icon avia-size-small avia-color-theme-color'   aria-label=\"Autres th\u00e9matiques\"><span class='avia_button_icon avia_button_icon_left avia-iconfont avia-font-entypo-fontello' data-av_icon='\ue86f' data-av_iconfont='entypo-fontello' ><\/span><span class='avia_iconbox_title' >Autres th\u00e9matiques<\/span><\/a>\n\n<style type=\"text\/css\" data-created_by=\"avia_inline_auto\" id=\"style-css-av-lsa6c6a7-1-fe2a3314e7d5a5731ea02ab262cb5826\">\n#top #wrap_all .avia-button.av-lsa6c6a7-1-fe2a3314e7d5a5731ea02ab262cb5826{\nmargin-bottom:5px;\nmargin-right:3px;\nmargin-left:3px;\n}\n<\/style>\n<a href='#ancre9'  class='avia-button av-lsa6c6a7-1-fe2a3314e7d5a5731ea02ab262cb5826 avia-icon_select-yes-left-icon avia-size-small avia-color-theme-color'   aria-label=\"Portails institutionels et de r\u00e9f\u00e9rence\"><span class='avia_button_icon avia_button_icon_left avia-iconfont avia-font-entypo-fontello' data-av_icon='\ue86f' data-av_iconfont='entypo-fontello' ><\/span><span class='avia_iconbox_title' >Portails institutionels et de r\u00e9f\u00e9rence<\/span><\/a>\n<\/div>\n\n<\/div><\/div><\/main><!-- close content main element --><\/div><\/div>\n<style type=\"text\/css\" data-created_by=\"avia_inline_auto\" id=\"style-css-av-34r92k-df21160357ecfdaa60180632fbe97d08\">\n.avia-section.av-34r92k-df21160357ecfdaa60180632fbe97d08{\nbackground-color:#f8ead4;\nbackground-image:unset;\n}\n<\/style>\n<div id='av_section_2'  class='avia-section av-34r92k-df21160357ecfdaa60180632fbe97d08 main_color avia-section-default avia-no-border-styling  avia-builder-el-5  el_after_av_section  el_before_av_one_full  avia-bg-style-scroll container_wrap fullsize'  ><div class='container av-section-cont-open' ><div class='template-page content  av-content-full alpha units'><div class='post-entry post-entry-type-page post-entry-10144'><div class='entry-content-wrapper clearfix'>\n\n<style type=\"text\/css\" data-created_by=\"avia_inline_auto\" id=\"style-css-av-bhol2k-9ecba0ff1d513b64871fc99afef6cb01\">\n.flex_column.av-bhol2k-9ecba0ff1d513b64871fc99afef6cb01{\nborder-radius:0px 0px 0px 0px;\npadding:0px 0px 0px 0px;\n}\n<\/style>\n<div  class='flex_column av-bhol2k-9ecba0ff1d513b64871fc99afef6cb01 av_one_full  avia-builder-el-6  el_before_av_one_fourth  avia-builder-el-first  first flex_column_div av-zero-column-padding  '     ><section  class='av_textblock_section av-krae3spp-eeae8756d85aba16d704272239e755fe '   itemscope=\"itemscope\" itemtype=\"https:\/\/schema.org\/CreativeWork\" ><div class='avia_textblock'  itemprop=\"text\" ><h2 id=\"ancre1\" style=\"text-align: center\">Donn\u00e9es sur l&rsquo;eau &#8211; qualit\u00e9<\/h2>\n<\/div><\/section><\/div>\n<style type=\"text\/css\" data-created_by=\"avia_inline_auto\" id=\"style-css-av-97amdo-9154bc9fedd97699e615647e63e8a710\">\n.flex_column.av-97amdo-9154bc9fedd97699e615647e63e8a710{\nborder-radius:0px 0px 0px 0px;\npadding:0px 0px 0px 0px;\n}\n<\/style>\n<div  class='flex_column av-97amdo-9154bc9fedd97699e615647e63e8a710 av_one_fourth  avia-builder-el-8  el_after_av_one_full  el_before_av_one_fourth  first flex_column_div av-zero-column-padding  column-top-margin'     ><p>\n<style type=\"text\/css\" data-created_by=\"avia_inline_auto\" id=\"style-css-av-kraejas8-3ed4c83cc0ff14e1ab741e1e238de1c2\">\n.avia-image-container.av-kraejas8-3ed4c83cc0ff14e1ab741e1e238de1c2 img.avia_image{\nbox-shadow:none;\n}\n.avia-image-container.av-kraejas8-3ed4c83cc0ff14e1ab741e1e238de1c2 .av-image-caption-overlay-center{\ncolor:#ffffff;\n}\n<\/style>\n<div  class='avia-image-container av-kraejas8-3ed4c83cc0ff14e1ab741e1e238de1c2 av-styling- av-img-linked avia-align-center  avia-builder-el-9  el_before_av_textblock  avia-builder-el-first '   itemprop=\"image\" itemscope=\"itemscope\" itemtype=\"https:\/\/schema.org\/ImageObject\" ><div class=\"avia-image-container-inner\"><div class=\"avia-image-overlay-wrap\"><a href=\"https:\/\/www.statistiques.developpement-durable.gouv.fr\/la-pollution-des-eaux-superficielles-et-souterraines-en-france-extrait-du-bilan-environnemental\" class='avia_image '  target=\"_blank\"  rel=\"noopener noreferrer\" aria-label='sdes_bilan'><img decoding=\"async\" fetchpriority=\"high\" class='wp-image-11547 avia-img-lazy-loading-not-11547 avia_image ' src=\"https:\/\/www.fredonoccitanie.com\/captages\/wp-content\/uploads\/sites\/3\/2026\/02\/sdes_bilan-300x151.png\" alt='' title='sdes_bilan'  height=\"151\" width=\"300\"  itemprop=\"thumbnailUrl\" srcset=\"https:\/\/www.fredonoccitanie.com\/captages\/wp-content\/uploads\/sites\/3\/2026\/02\/sdes_bilan-300x151.png 300w, https:\/\/www.fredonoccitanie.com\/captages\/wp-content\/uploads\/sites\/3\/2026\/02\/sdes_bilan-1030x519.png 1030w, https:\/\/www.fredonoccitanie.com\/captages\/wp-content\/uploads\/sites\/3\/2026\/02\/sdes_bilan-768x387.png 768w, https:\/\/www.fredonoccitanie.com\/captages\/wp-content\/uploads\/sites\/3\/2026\/02\/sdes_bilan-705x355.png 705w, https:\/\/www.fredonoccitanie.com\/captages\/wp-content\/uploads\/sites\/3\/2026\/02\/sdes_bilan.png 1183w\" sizes=\"(max-width: 300px) 100vw, 300px\" \/><\/a><\/div><\/div><\/div><br \/>\n<section  class='av_textblock_section av-kraehtm6-ebfeeffce156a714975d4bcad9700bf2 '   itemscope=\"itemscope\" itemtype=\"https:\/\/schema.org\/CreativeWork\" ><div class='avia_textblock'  itemprop=\"text\" ><div class=\"vc-hoverbox-block vc-hoverbox-back\">\n<div class=\"vc-hoverbox-block vc-hoverbox-back\">\n<div class=\"vc-hoverbox-block-inner vc-hoverbox-back-inner\">\n<h3 class=\"vc_custom_heading\">Bilan environnemental : la pollution des eaux superficielles et souterraines en France<\/h3>\n<p><span class=\"st\">En France, l\u2019une des principales sources de d\u00e9gradation des eaux de surface (cours d\u2019eau, plans d\u2019eau) et des eaux souterraines (nappes) est la pollution chimique.\u00a0<\/span> <span class=\"st\"><a href=\"https:\/\/www.statistiques.developpement-durable.gouv.fr\/pollution-de-leau?rubrique=44\">Acc\u00e9dez\u00a0ici aux derniers bilans<\/a> produits sur les diff\u00e9rentes pollutions de l&rsquo;eau en France. Cette page est issue du service des donn\u00e9es et \u00e9tudes statistiques (SDES), rattach\u00e9 au Commissariat g\u00e9n\u00e9ral au d\u00e9veloppement durable (CGDD), au sein des minist\u00e8res Am\u00e9nagement du territoire et Transition \u00e9cologique.<\/span><\/p>\n<\/div>\n<\/div>\n<\/div>\n<\/div><\/section><\/p><\/div>\n<style type=\"text\/css\" data-created_by=\"avia_inline_auto\" id=\"style-css-av-1jppajk-5493a9d1fcfe0f7103c8a8c69362ed44\">\n.flex_column.av-1jppajk-5493a9d1fcfe0f7103c8a8c69362ed44{\nborder-radius:0px 0px 0px 0px;\npadding:0px 0px 0px 0px;\n}\n<\/style>\n<div  class='flex_column av-1jppajk-5493a9d1fcfe0f7103c8a8c69362ed44 av_one_fourth  avia-builder-el-11  el_after_av_one_fourth  el_before_av_one_fourth  flex_column_div av-zero-column-padding  column-top-margin'     ><p>\n<style type=\"text\/css\" data-created_by=\"avia_inline_auto\" id=\"style-css-av-11uca8w-d6431cf9314d447fc09b537cf2b0b024\">\n.avia-image-container.av-11uca8w-d6431cf9314d447fc09b537cf2b0b024 img.avia_image{\nbox-shadow:none;\n}\n.avia-image-container.av-11uca8w-d6431cf9314d447fc09b537cf2b0b024 .av-image-caption-overlay-center{\ncolor:#ffffff;\n}\n<\/style>\n<div  class='avia-image-container av-11uca8w-d6431cf9314d447fc09b537cf2b0b024 av-styling- av-img-linked avia-align-center  avia-builder-el-12  el_before_av_textblock  avia-builder-el-first '   itemprop=\"image\" itemscope=\"itemscope\" itemtype=\"https:\/\/schema.org\/ImageObject\" ><div class=\"avia-image-container-inner\"><div class=\"avia-image-overlay-wrap\"><a href=\"https:\/\/naiades.eaufrance.fr\/acces-donnees#\/physicochimie\" class='avia_image '  target=\"_blank\"  rel=\"noopener noreferrer\" aria-label='Naiades-1024x772'><img decoding=\"async\" fetchpriority=\"high\" class='wp-image-8474 avia-img-lazy-loading-not-8474 avia_image ' src=\"https:\/\/www.fredonoccitanie.com\/captages\/wp-content\/uploads\/sites\/3\/2021\/07\/Naiades-1024x772-1-300x226.jpg\" alt='' title='Naiades-1024x772'  height=\"226\" width=\"300\"  itemprop=\"thumbnailUrl\" srcset=\"https:\/\/www.fredonoccitanie.com\/captages\/wp-content\/uploads\/sites\/3\/2021\/07\/Naiades-1024x772-1-300x226.jpg 300w, https:\/\/www.fredonoccitanie.com\/captages\/wp-content\/uploads\/sites\/3\/2021\/07\/Naiades-1024x772-1-768x579.jpg 768w, https:\/\/www.fredonoccitanie.com\/captages\/wp-content\/uploads\/sites\/3\/2021\/07\/Naiades-1024x772-1-705x532.jpg 705w, https:\/\/www.fredonoccitanie.com\/captages\/wp-content\/uploads\/sites\/3\/2021\/07\/Naiades-1024x772-1.jpg 1024w\" sizes=\"(max-width: 300px) 100vw, 300px\" \/><\/a><\/div><\/div><\/div><br \/>\n<section  class='av_textblock_section av-pltnr4-34a40fa29f13874a1c3da33ef7418f8c '   itemscope=\"itemscope\" itemtype=\"https:\/\/schema.org\/CreativeWork\" ><div class='avia_textblock'  itemprop=\"text\" ><div class=\"vc-hoverbox-block vc-hoverbox-back\">\n<div class=\"vc-hoverbox-block vc-hoverbox-back\">\n<div class=\"vc-hoverbox-block-inner vc-hoverbox-back-inner\">\n<h3 class=\"vc_custom_heading\">Na\u00efades : Portail national de donn\u00e9es sur la qualit\u00e9 des eaux de surface<\/h3>\n<p><span class=\"st\"><a href=\"http:\/\/www.naiades.eaufrance.fr\/acces-donnees#\/physicochimie\" target=\"_blank\" rel=\"noopener\">Acc\u00e9dez simplement<\/a> aux relev\u00e9s d\u2019observation sur la qualit\u00e9 des cours d\u2019eau. <\/span>Recherchez toutes les donn\u00e9es sur la qualit\u00e9 des eaux de votre vall\u00e9e en effectuant une recherche par aire hydrographique. T\u00e9l\u00e9chargez les donn\u00e9es sur la qualit\u00e9 de l\u2019eau dans votre d\u00e9partement en effectuant une recherche par division administrative.<\/p>\n<p>Si une cat\u00e9gorie de donn\u00e9es vous int\u00e9resse (physicochimie, diatom\u00e9es, macroinvert\u00e9br\u00e9s ou macrophytes), acc\u00e9dez seulement aux donn\u00e9es de ce support.<\/p>\n<\/div>\n<\/div>\n<\/div>\n<\/div><\/section><\/p><\/div>\n<style type=\"text\/css\" data-created_by=\"avia_inline_auto\" id=\"style-css-av-76dnx8-9f5c13f284a279ace709d1cf64b5961c\">\n.flex_column.av-76dnx8-9f5c13f284a279ace709d1cf64b5961c{\nborder-radius:0px 0px 0px 0px;\npadding:0px 0px 0px 0px;\n}\n<\/style>\n<div  class='flex_column av-76dnx8-9f5c13f284a279ace709d1cf64b5961c av_one_fourth  avia-builder-el-14  el_after_av_one_fourth  el_before_av_one_fourth  flex_column_div av-zero-column-padding  column-top-margin'     ><p>\n<style type=\"text\/css\" data-created_by=\"avia_inline_auto\" id=\"style-css-av-kraeh4hr-06359d1a129da7e5207014b71c8fcc15\">\n.avia-image-container.av-kraeh4hr-06359d1a129da7e5207014b71c8fcc15 img.avia_image{\nbox-shadow:none;\n}\n.avia-image-container.av-kraeh4hr-06359d1a129da7e5207014b71c8fcc15 .av-image-caption-overlay-center{\ncolor:#ffffff;\n}\n<\/style>\n<div  class='avia-image-container av-kraeh4hr-06359d1a129da7e5207014b71c8fcc15 av-styling- av-img-linked avia-align-center  avia-builder-el-15  el_before_av_textblock  avia-builder-el-first '   itemprop=\"image\" itemscope=\"itemscope\" itemtype=\"https:\/\/schema.org\/ImageObject\" ><div class=\"avia-image-container-inner\"><div class=\"avia-image-overlay-wrap\"><a href=\"https:\/\/ades.eaufrance.fr\/Recherche\/Index\/Qualitometre?g=4399a6\" class='avia_image '  target=\"_blank\"  rel=\"noopener noreferrer\" aria-label='ADES-1024x580'><img decoding=\"async\" fetchpriority=\"high\" class='wp-image-8461 avia-img-lazy-loading-not-8461 avia_image ' src=\"https:\/\/www.fredonoccitanie.com\/captages\/wp-content\/uploads\/sites\/3\/2021\/07\/ADES-1024x580-1-300x170.jpg\" alt='' title='ADES-1024x580'  height=\"170\" width=\"300\"  itemprop=\"thumbnailUrl\" srcset=\"https:\/\/www.fredonoccitanie.com\/captages\/wp-content\/uploads\/sites\/3\/2021\/07\/ADES-1024x580-1-300x170.jpg 300w, https:\/\/www.fredonoccitanie.com\/captages\/wp-content\/uploads\/sites\/3\/2021\/07\/ADES-1024x580-1-768x435.jpg 768w, https:\/\/www.fredonoccitanie.com\/captages\/wp-content\/uploads\/sites\/3\/2021\/07\/ADES-1024x580-1-705x399.jpg 705w, https:\/\/www.fredonoccitanie.com\/captages\/wp-content\/uploads\/sites\/3\/2021\/07\/ADES-1024x580-1.jpg 1024w\" sizes=\"(max-width: 300px) 100vw, 300px\" \/><\/a><\/div><\/div><\/div><br \/>\n<section  class='av_textblock_section av-kraegbmo-ac3a563cf8355f7fece2e52bc6b2ffca '   itemscope=\"itemscope\" itemtype=\"https:\/\/schema.org\/CreativeWork\" ><div class='avia_textblock'  itemprop=\"text\" ><div class=\"vc-hoverbox-block vc-hoverbox-back\">\n<h3>ADES : Portail national d\u2019acc\u00e8s aux donn\u00e9es sur les eaux souterraines<\/h3>\n<p><a href=\"https:\/\/ades.eaufrance.fr\/Recherche\/Index\/Qualitometre?g=4399a6\" target=\"_blank\" rel=\"noopener\"><strong>ADES<\/strong> <\/a>est le portail national d\u2019<strong>Acc\u00e8s aux Donn\u00e9es sur les Eaux Souterraines,<\/strong> quantitatives (niveau des nappes) et qualitatives (concentration de nombreux param\u00e8tres dans l\u2019eau).<\/p>\n<p>Retrouvez ici les r\u00e9seaux et stations de mesures, acc\u00e9dez aux r\u00e9sultats des mesures et faire des <strong>requ\u00eates personnalis\u00e9es<\/strong> pour acc\u00e9der rapidement aux donn\u00e9es recherch\u00e9es.<\/p>\n<\/div>\n<\/div><\/section><\/p><\/div>\n<style type=\"text\/css\" data-created_by=\"avia_inline_auto\" id=\"style-css-av-2puk30-1b342ea656ab79e576fcff35a579d0ca\">\n.flex_column.av-2puk30-1b342ea656ab79e576fcff35a579d0ca{\nborder-radius:0px 0px 0px 0px;\npadding:0px 0px 0px 0px;\n}\n<\/style>\n<div  class='flex_column av-2puk30-1b342ea656ab79e576fcff35a579d0ca av_one_fourth  avia-builder-el-17  el_after_av_one_fourth  el_before_av_one_fourth  flex_column_div av-zero-column-padding  column-top-margin'     ><p>\n<style type=\"text\/css\" data-created_by=\"avia_inline_auto\" id=\"style-css-av-kraem9te-a09d1fc4976acb725b591c38711509b6\">\n.avia-image-container.av-kraem9te-a09d1fc4976acb725b591c38711509b6 img.avia_image{\nbox-shadow:none;\n}\n.avia-image-container.av-kraem9te-a09d1fc4976acb725b591c38711509b6 .av-image-caption-overlay-center{\ncolor:#ffffff;\n}\n<\/style>\n<div  class='avia-image-container av-kraem9te-a09d1fc4976acb725b591c38711509b6 av-styling- av-img-linked avia-align-center  avia-builder-el-18  el_before_av_textblock  avia-builder-el-first '   itemprop=\"image\" itemscope=\"itemscope\" itemtype=\"https:\/\/schema.org\/ImageObject\" ><div class=\"avia-image-container-inner\"><div class=\"avia-image-overlay-wrap\"><a href=\"https:\/\/www.data.gouv.fr\/fr\/datasets\/resultats-du-controle-sanitaire-de-leau-du-robinet\/\" class='avia_image '  target=\"_blank\"  rel=\"noopener noreferrer\" aria-label='CartoGraph-1024x626'><img decoding=\"async\" fetchpriority=\"high\" class='wp-image-8465 avia-img-lazy-loading-not-8465 avia_image ' src=\"https:\/\/www.fredonoccitanie.com\/captages\/wp-content\/uploads\/sites\/3\/2021\/07\/CartoGraph-1024x626-1-300x183.png\" alt='' title='CartoGraph-1024x626'  height=\"183\" width=\"300\"  itemprop=\"thumbnailUrl\" srcset=\"https:\/\/www.fredonoccitanie.com\/captages\/wp-content\/uploads\/sites\/3\/2021\/07\/CartoGraph-1024x626-1-300x183.png 300w, https:\/\/www.fredonoccitanie.com\/captages\/wp-content\/uploads\/sites\/3\/2021\/07\/CartoGraph-1024x626-1-768x470.png 768w, https:\/\/www.fredonoccitanie.com\/captages\/wp-content\/uploads\/sites\/3\/2021\/07\/CartoGraph-1024x626-1-705x431.png 705w, https:\/\/www.fredonoccitanie.com\/captages\/wp-content\/uploads\/sites\/3\/2021\/07\/CartoGraph-1024x626-1.png 1024w\" sizes=\"(max-width: 300px) 100vw, 300px\" \/><\/a><\/div><\/div><\/div><br \/>\n<section  class='av_textblock_section av-kraem0ay-373d25604dc633d89677be1a75898ea4 '   itemscope=\"itemscope\" itemtype=\"https:\/\/schema.org\/CreativeWork\" ><div class='avia_textblock'  itemprop=\"text\" ><div class=\"vc-hoverbox-block vc-hoverbox-back\">\n<div class=\"vc-hoverbox-block vc-hoverbox-back\">\n<div class=\"vc-hoverbox-block-inner vc-hoverbox-back-inner\">\n<div class=\"vc-hoverbox-block vc-hoverbox-back\">\n<div class=\"vc-hoverbox-block-inner vc-hoverbox-back-inner\">\n<div class=\"vc-hoverbox-block vc-hoverbox-back\">\n<div class=\"vc-hoverbox-block-inner vc-hoverbox-back-inner\">\n<h3 class=\"vc_custom_heading\">R\u00e9sultats du contr\u00f4le sanitaire de l&rsquo;eau du robinet (DataGouv)<\/h3>\n<p><span class=\"st\"><a href=\"https:\/\/www.data.gouv.fr\/fr\/datasets\/resultats-du-controle-sanitaire-de-leau-du-robinet\/\" target=\"_blank\" rel=\"noopener\">Acc\u00e9dez simplement<\/a> \u00e0 l\u2019ensemble des r<\/span>\u00e9sultats du contr\u00f4le sanitaire de l\u2019eau du robinet (pr\u00e9l\u00e8vements et r\u00e9sultats des analyses) r\u00e9alis\u00e9s dans le cadre du contr\u00f4le r\u00e9glementaire des eaux fournies par un r\u00e9seau de distribution. Les donn\u00e9es sont extraites de la base nationale SISE-Eaux et correspondent aux pr\u00e9l\u00e8vements analys\u00e9s dans le cadre du programme de contr\u00f4le sanitaire des ARS.<\/p>\n<p><em>Fr\u00e9quence de mise \u00e0 jour :<\/em> mensuelle, avec une annualisation des donn\u00e9es \u00e0 N+1.<\/p>\n<\/div>\n<\/div>\n<\/div>\n<\/div>\n<\/div>\n<\/div>\n<\/div>\n<\/div><\/section><\/p><\/div>\n<style type=\"text\/css\" data-created_by=\"avia_inline_auto\" id=\"style-css-av-4fzs7g-895c6ce92e368341eccd446543a395db\">\n.flex_column.av-4fzs7g-895c6ce92e368341eccd446543a395db{\nborder-radius:0px 0px 0px 0px;\npadding:0px 0px 0px 0px;\n}\n<\/style>\n<div  class='flex_column av-4fzs7g-895c6ce92e368341eccd446543a395db av_one_fourth  avia-builder-el-20  el_after_av_one_fourth  el_before_av_one_fourth  first flex_column_div av-zero-column-padding  column-top-margin'     ><p>\n<style type=\"text\/css\" data-created_by=\"avia_inline_auto\" id=\"style-css-av-kraeoxmo-db06022716ac6929cbbe925103307ffe\">\n.avia-image-container.av-kraeoxmo-db06022716ac6929cbbe925103307ffe img.avia_image{\nbox-shadow:none;\n}\n.avia-image-container.av-kraeoxmo-db06022716ac6929cbbe925103307ffe .av-image-caption-overlay-center{\ncolor:#ffffff;\n}\n<\/style>\n<div  class='avia-image-container av-kraeoxmo-db06022716ac6929cbbe925103307ffe av-styling- av-img-linked avia-align-center  avia-builder-el-21  el_before_av_textblock  avia-builder-el-first '   itemprop=\"image\" itemscope=\"itemscope\" itemtype=\"https:\/\/schema.org\/ImageObject\" ><div class=\"avia-image-container-inner\"><div class=\"avia-image-overlay-wrap\"><a href=\"https:\/\/www.ecologie.gouv.fr\/politiques-publiques\/pfas-surveillance-letat-eaux-france\" class='avia_image '  target=\"_blank\"  rel=\"noopener noreferrer\" aria-label='brgm_pfas'><img decoding=\"async\" fetchpriority=\"high\" class='wp-image-11538 avia-img-lazy-loading-not-11538 avia_image ' src=\"https:\/\/www.fredonoccitanie.com\/captages\/wp-content\/uploads\/sites\/3\/2026\/01\/brgm_pfas-300x226.png\" alt='' title='brgm_pfas'  height=\"226\" width=\"300\"  itemprop=\"thumbnailUrl\" srcset=\"https:\/\/www.fredonoccitanie.com\/captages\/wp-content\/uploads\/sites\/3\/2026\/01\/brgm_pfas-300x226.png 300w, https:\/\/www.fredonoccitanie.com\/captages\/wp-content\/uploads\/sites\/3\/2026\/01\/brgm_pfas-1030x777.png 1030w, https:\/\/www.fredonoccitanie.com\/captages\/wp-content\/uploads\/sites\/3\/2026\/01\/brgm_pfas-768x579.png 768w, https:\/\/www.fredonoccitanie.com\/captages\/wp-content\/uploads\/sites\/3\/2026\/01\/brgm_pfas-705x532.png 705w, https:\/\/www.fredonoccitanie.com\/captages\/wp-content\/uploads\/sites\/3\/2026\/01\/brgm_pfas.png 1208w\" sizes=\"(max-width: 300px) 100vw, 300px\" \/><\/a><\/div><\/div><\/div><br \/>\n<section  class='av_textblock_section av-kraeoqqd-8a6e033c49f0888b1add12d6d3b52d14 '   itemscope=\"itemscope\" itemtype=\"https:\/\/schema.org\/CreativeWork\" ><div class='avia_textblock'  itemprop=\"text\" ><div class=\"vc-hoverbox-block vc-hoverbox-back\">\n<div class=\"vc-hoverbox-block vc-hoverbox-back\">\n<div class=\"vc-hoverbox-block-inner vc-hoverbox-back-inner\">\n<div class=\"vc-hoverbox-block vc-hoverbox-back\">\n<div class=\"vc-hoverbox-block-inner vc-hoverbox-back-inner\">\n<div class=\"vc-hoverbox-block vc-hoverbox-back\">\n<div class=\"vc-hoverbox-block-inner vc-hoverbox-back-inner\">\n<div class=\"vc-hoverbox-block vc-hoverbox-back\">\n<div class=\"vc-hoverbox-block-inner vc-hoverbox-back-inner\">\n<div class=\"vc-hoverbox-block vc-hoverbox-back\">\n<div class=\"vc-hoverbox-block-inner vc-hoverbox-back-inner\">\n<div class=\"vc-hoverbox-block vc-hoverbox-back\">\n<div class=\"vc-hoverbox-block-inner vc-hoverbox-back-inner\">\n<div class=\"vc-hoverbox-block vc-hoverbox-back\">\n<h3 id=\"loutil-de-visualisation-des-donnees-nationales-de-surveillance-des-substances-pfas-1\">Carte de visualisation des donn\u00e9es nationales de surveillance des substances PFAS<\/h3>\n<p class=\"vc-hoverbox-block-inner vc-hoverbox-back-inner\"><a href=\"https:\/\/macarte.ign.fr\/carte\/HzWzr5\/Info-PFAS\" target=\"_blank\" rel=\"noopener\">Cet outil d\u00e9velopp\u00e9 par le BRGM<\/a> r\u00e9pond \u00e0 un objectif de transparence sur l\u2019identification des sites \u00e9metteurs de PFAS et les mesures de PFAS dans les milieux. Il s\u2019adresse aux citoyens, \u00e9lus locaux, mais \u00e9galement aux services d\u00e9concentr\u00e9s de l\u2019\u00c9tat. Les donn\u00e9es qui y figurent sont issues du contr\u00f4le sanitaire de l&rsquo;eau distribu\u00e9e commune par commune, de la base de donn\u00e9es ADES (eaux souterraines), du portail national Naiades (eau superficielles) et de l\u2019application GIDAF qui est destin\u00e9e \u00e0 la transmission par les industriels des r\u00e9sultats de surveillance des rejets.<\/p>\n<\/div>\n<\/div>\n<\/div>\n<\/div>\n<\/div>\n<\/div>\n<\/div>\n<\/div>\n<\/div>\n<\/div>\n<\/div>\n<\/div>\n<\/div>\n<\/div>\n<\/div><\/section><\/p><\/div>\n<style type=\"text\/css\" data-created_by=\"avia_inline_auto\" id=\"style-css-av-1qjlbds-641eb648ea34dd40c6e607012cf92124\">\n.flex_column.av-1qjlbds-641eb648ea34dd40c6e607012cf92124{\nborder-radius:0px 0px 0px 0px;\npadding:0px 0px 0px 0px;\n}\n<\/style>\n<div  class='flex_column av-1qjlbds-641eb648ea34dd40c6e607012cf92124 av_one_fourth  avia-builder-el-23  el_after_av_one_fourth  el_before_av_one_fourth  flex_column_div av-zero-column-padding  column-top-margin'     ><p>\n<style type=\"text\/css\" data-created_by=\"avia_inline_auto\" id=\"style-css-av-13eylvk-e6b614f700732bf1b1b194855153739b\">\n.avia-image-container.av-13eylvk-e6b614f700732bf1b1b194855153739b img.avia_image{\nbox-shadow:none;\n}\n.avia-image-container.av-13eylvk-e6b614f700732bf1b1b194855153739b .av-image-caption-overlay-center{\ncolor:#ffffff;\n}\n<\/style>\n<div  class='avia-image-container av-13eylvk-e6b614f700732bf1b1b194855153739b av-styling- av-img-linked avia-align-center  avia-builder-el-24  el_before_av_textblock  avia-builder-el-first '   itemprop=\"image\" itemscope=\"itemscope\" itemtype=\"https:\/\/schema.org\/ImageObject\" ><div class=\"avia-image-container-inner\"><div class=\"avia-image-overlay-wrap\"><a href=\"https:\/\/dansmoneau.fr\/\" class='avia_image '  target=\"_blank\"  rel=\"noopener noreferrer\" aria-label='dansmoneau'><img decoding=\"async\" fetchpriority=\"high\" class='wp-image-11529 avia-img-lazy-loading-not-11529 avia_image ' src=\"https:\/\/www.fredonoccitanie.com\/captages\/wp-content\/uploads\/sites\/3\/2025\/12\/dansmoneau-1-300x241.png\" alt='' title='dansmoneau'  height=\"241\" width=\"300\"  itemprop=\"thumbnailUrl\" srcset=\"https:\/\/www.fredonoccitanie.com\/captages\/wp-content\/uploads\/sites\/3\/2025\/12\/dansmoneau-1-300x241.png 300w, https:\/\/www.fredonoccitanie.com\/captages\/wp-content\/uploads\/sites\/3\/2025\/12\/dansmoneau-1-1030x828.png 1030w, https:\/\/www.fredonoccitanie.com\/captages\/wp-content\/uploads\/sites\/3\/2025\/12\/dansmoneau-1-768x617.png 768w, https:\/\/www.fredonoccitanie.com\/captages\/wp-content\/uploads\/sites\/3\/2025\/12\/dansmoneau-1-495x400.png 495w, https:\/\/www.fredonoccitanie.com\/captages\/wp-content\/uploads\/sites\/3\/2025\/12\/dansmoneau-1-705x567.png 705w, https:\/\/www.fredonoccitanie.com\/captages\/wp-content\/uploads\/sites\/3\/2025\/12\/dansmoneau-1.png 1111w\" sizes=\"(max-width: 300px) 100vw, 300px\" \/><\/a><\/div><\/div><\/div><br \/>\n<section  class='av_textblock_section av-uv9sg0-72bb31e4b844b0b3e5194575f3958387 '   itemscope=\"itemscope\" itemtype=\"https:\/\/schema.org\/CreativeWork\" ><div class='avia_textblock'  itemprop=\"text\" ><div class=\"vc-hoverbox-block vc-hoverbox-back\">\n<div class=\"vc-hoverbox-block vc-hoverbox-back\">\n<div class=\"vc-hoverbox-block-inner vc-hoverbox-back-inner\">\n<div class=\"vc-hoverbox-block vc-hoverbox-back\">\n<div class=\"vc-hoverbox-block-inner vc-hoverbox-back-inner\">\n<div class=\"vc-hoverbox-block vc-hoverbox-back\">\n<div class=\"vc-hoverbox-block-inner vc-hoverbox-back-inner\">\n<div class=\"vc-hoverbox-block vc-hoverbox-back\">\n<div class=\"vc-hoverbox-block-inner vc-hoverbox-back-inner\">\n<div class=\"vc-hoverbox-block vc-hoverbox-back\">\n<div class=\"vc-hoverbox-block-inner vc-hoverbox-back-inner\">\n<div class=\"vc-hoverbox-block vc-hoverbox-back\">\n<div class=\"vc-hoverbox-block-inner vc-hoverbox-back-inner\">\n<div class=\"vc-hoverbox-block vc-hoverbox-back\">\n<h3>Dans mon Eau<\/h3>\n<p class=\"vc-hoverbox-block-inner vc-hoverbox-back-inner\"><!--StartFragment --><strong> Dans Mon Eau<\/strong> est un outil in\u00e9dit, simple et accessible, cr\u00e9\u00e9 par <strong>G\u00e9n\u00e9rations Futures et <span lang=\"en\">Data For Good. <\/span><\/strong><span lang=\"en\">Il <\/span>rassemble les donn\u00e9es officielles,\u00a0<b>rendues disponibles en open data sur <a href=\"https:\/\/www.data.gouv.fr\/\" target=\"_blank\" rel=\"noopener\">data.gouv.fr, <\/a><\/b>actualis\u00e9es d\u00e8s que de nouveaux r\u00e9sultats sont disponibles.<\/p>\n<\/div>\n<\/div>\n<\/div>\n<\/div>\n<\/div>\n<\/div>\n<\/div>\n<\/div>\n<\/div>\n<\/div>\n<\/div>\n<\/div>\n<\/div>\n<\/div>\n<\/div><\/section><\/p><\/div>\n<style type=\"text\/css\" data-created_by=\"avia_inline_auto\" id=\"style-css-av-98muho-8f4089b9d3c9231086a4752da89ef3e7\">\n.flex_column.av-98muho-8f4089b9d3c9231086a4752da89ef3e7{\nborder-radius:0px 0px 0px 0px;\npadding:0px 0px 0px 0px;\n}\n<\/style>\n<div  class='flex_column av-98muho-8f4089b9d3c9231086a4752da89ef3e7 av_one_fourth  avia-builder-el-26  el_after_av_one_fourth  el_before_av_one_fourth  flex_column_div av-zero-column-padding  column-top-margin'     ><p>\n<style type=\"text\/css\" data-created_by=\"avia_inline_auto\" id=\"style-css-av-kraefypn-91f174ccce23d9451927100d38d6c822\">\n.avia-image-container.av-kraefypn-91f174ccce23d9451927100d38d6c822 img.avia_image{\nbox-shadow:none;\n}\n.avia-image-container.av-kraefypn-91f174ccce23d9451927100d38d6c822 .av-image-caption-overlay-center{\ncolor:#ffffff;\n}\n<\/style>\n<div  class='avia-image-container av-kraefypn-91f174ccce23d9451927100d38d6c822 av-styling- av-img-linked avia-align-center  avia-builder-el-27  el_before_av_textblock  avia-builder-el-first '   itemprop=\"image\" itemscope=\"itemscope\" itemtype=\"https:\/\/schema.org\/ImageObject\" ><div class=\"avia-image-container-inner\"><div class=\"avia-image-overlay-wrap\"><a href=\"https:\/\/rhone-mediterranee.eaufrance.fr\/captages-prioritaires\" class='avia_image '  target=\"_blank\"  rel=\"noopener noreferrer\" aria-label='SIE_AERMC-1024x526'><img decoding=\"async\" fetchpriority=\"high\" class='wp-image-8480 avia-img-lazy-loading-not-8480 avia_image ' src=\"https:\/\/www.fredonoccitanie.com\/captages\/wp-content\/uploads\/sites\/3\/2021\/07\/SIE_AERMC-1024x526-1-300x154.jpg\" alt='' title='SIE_AERMC-1024x526'  height=\"154\" width=\"300\"  itemprop=\"thumbnailUrl\" srcset=\"https:\/\/www.fredonoccitanie.com\/captages\/wp-content\/uploads\/sites\/3\/2021\/07\/SIE_AERMC-1024x526-1-300x154.jpg 300w, https:\/\/www.fredonoccitanie.com\/captages\/wp-content\/uploads\/sites\/3\/2021\/07\/SIE_AERMC-1024x526-1-768x395.jpg 768w, https:\/\/www.fredonoccitanie.com\/captages\/wp-content\/uploads\/sites\/3\/2021\/07\/SIE_AERMC-1024x526-1-705x362.jpg 705w, https:\/\/www.fredonoccitanie.com\/captages\/wp-content\/uploads\/sites\/3\/2021\/07\/SIE_AERMC-1024x526-1.jpg 1024w\" sizes=\"(max-width: 300px) 100vw, 300px\" \/><\/a><\/div><\/div><\/div><br \/>\n<section  class='av_textblock_section av-krae5hdt-b4655d0f178048aad9228d1a0180f7ac '   itemscope=\"itemscope\" itemtype=\"https:\/\/schema.org\/CreativeWork\" ><div class='avia_textblock'  itemprop=\"text\" ><div class=\"vc-hoverbox-block vc-hoverbox-back\">\n<div class=\"vc-hoverbox-block-inner vc-hoverbox-back-inner\">\n<h3>SIE AERMC : interface de valorisation des donn\u00e9es eau brute (nitrates et pesticides)<\/h3>\n<p><a href=\"https:\/\/rhone-mediterranee.eaufrance.fr\/captages-prioritaires\" target=\"_blank\" rel=\"noopener\">Cette interface<\/a>, faisant partie du Syst\u00e8me d\u2019Information sur l\u2019Eau (SIE) de l\u2019Agence de l\u2019eau Rh\u00f4ne M\u00e9diterran\u00e9e Corse, permet l\u2019acc\u00e8s \u00e0 la <strong>valorisation des donn\u00e9es sur eau brute nitrates<\/strong> et <strong>pesticides<\/strong> disponibles sur le portail national ADES pour les <strong>260 captages prioritaires eaux souterraines<\/strong> du bassin Rh\u00f4ne-M\u00e9diterran\u00e9e.<\/p>\n<p>Les donn\u00e9es brutes sont t\u00e9l\u00e9chargeables, en chronique compl\u00e8te, pour chacun de points de pr\u00e9l\u00e8vement du captage. Points d\u2019alerte \u00e0 retrouver dans l\u2019accueil de la page.<\/p>\n<\/div>\n<\/div>\n<\/div><\/section><\/p><\/div>\n<style type=\"text\/css\" data-created_by=\"avia_inline_auto\" id=\"style-css-av-1zvz868-0a17444bad1504ddf65fb7ff4cb40c9b\">\n.flex_column.av-1zvz868-0a17444bad1504ddf65fb7ff4cb40c9b{\nborder-radius:0px 0px 0px 0px;\npadding:0px 0px 0px 0px;\n}\n<\/style>\n<div  class='flex_column av-1zvz868-0a17444bad1504ddf65fb7ff4cb40c9b av_one_fourth  avia-builder-el-29  el_after_av_one_fourth  el_before_av_one_fourth  flex_column_div av-zero-column-padding  column-top-margin'     ><p>\n<style type=\"text\/css\" data-created_by=\"avia_inline_auto\" id=\"style-css-av-lsa5hvex-b45f178e6d2623385ec41498582746ed\">\n.avia-image-container.av-lsa5hvex-b45f178e6d2623385ec41498582746ed img.avia_image{\nbox-shadow:none;\n}\n.avia-image-container.av-lsa5hvex-b45f178e6d2623385ec41498582746ed .av-image-caption-overlay-center{\ncolor:#ffffff;\n}\n<\/style>\n<div  class='avia-image-container av-lsa5hvex-b45f178e6d2623385ec41498582746ed av-styling- av-img-linked avia-align-center  avia-builder-el-30  el_before_av_textblock  avia-builder-el-first '   itemprop=\"image\" itemscope=\"itemscope\" itemtype=\"https:\/\/schema.org\/ImageObject\" ><div class=\"avia-image-container-inner\"><div class=\"avia-image-overlay-wrap\"><a href=\"https:\/\/www.data.gouv.fr\/fr\/datasets\/resultats-du-controle-sanitaire-de-leau-du-robinet\/\" class='avia_image '  target=\"_blank\"  rel=\"noopener noreferrer\" aria-label='SIE_AERMC-1024x526'><img decoding=\"async\" fetchpriority=\"high\" class='wp-image-8480 avia-img-lazy-loading-not-8480 avia_image ' src=\"https:\/\/www.fredonoccitanie.com\/captages\/wp-content\/uploads\/sites\/3\/2021\/07\/SIE_AERMC-1024x526-1.jpg\" alt='' title='SIE_AERMC-1024x526'  height=\"526\" width=\"1024\"  itemprop=\"thumbnailUrl\" srcset=\"https:\/\/www.fredonoccitanie.com\/captages\/wp-content\/uploads\/sites\/3\/2021\/07\/SIE_AERMC-1024x526-1.jpg 1024w, https:\/\/www.fredonoccitanie.com\/captages\/wp-content\/uploads\/sites\/3\/2021\/07\/SIE_AERMC-1024x526-1-300x154.jpg 300w, https:\/\/www.fredonoccitanie.com\/captages\/wp-content\/uploads\/sites\/3\/2021\/07\/SIE_AERMC-1024x526-1-768x395.jpg 768w, https:\/\/www.fredonoccitanie.com\/captages\/wp-content\/uploads\/sites\/3\/2021\/07\/SIE_AERMC-1024x526-1-705x362.jpg 705w\" sizes=\"(max-width: 1024px) 100vw, 1024px\" \/><\/a><\/div><\/div><\/div><br \/>\n<section  class='av_textblock_section av-lsa5m0g0-f75f85ac7f9c9cda1fa4a82e514fac12 '   itemscope=\"itemscope\" itemtype=\"https:\/\/schema.org\/CreativeWork\" ><div class='avia_textblock'  itemprop=\"text\" ><div class=\"vc-hoverbox-block vc-hoverbox-back\">\n<div class=\"vc-hoverbox-block vc-hoverbox-back\">\n<div class=\"vc-hoverbox-block-inner vc-hoverbox-back-inner\">\n<div class=\"vc-hoverbox-block vc-hoverbox-back\">\n<div class=\"vc-hoverbox-block-inner vc-hoverbox-back-inner\">\n<section class=\"av_textblock_section \">\n<div class=\"avia_textblock \">\n<div class=\"vc-hoverbox-block vc-hoverbox-back\">\n<div class=\"vc-hoverbox-block-inner vc-hoverbox-back-inner\">\n<div id=\"block-siermc-page-title\" class=\"block block-core block-page-title-block\">\n<h3 class=\"content\"><span class=\"field field--name-title field--type-string field--label-hidden\">Bilan annuel de la qualit\u00e9 des eaux des bassins Rh\u00f4ne-M\u00e9diterran\u00e9e et Corse (<\/span>AERMC)<\/h3>\n<p><a href=\"https:\/\/rhone-mediterranee.eaufrance.fr\/bilan-annuel-de-la-qualite-des-eaux-des-bassins-rhone-mediterranee-et-corse\" target=\"_blank\" rel=\"noopener\">Cette page dresse l\u2019\u00e9tat des eaux superficielles et souterraines<\/a> des bassins Rh\u00f4ne-M\u00e9diterran\u00e9e et de Corse, tel qu\u2019il peut \u00eatre constat\u00e9 pour l\u2019<b>ann\u00e9e N-1<\/b> au travers des r\u00e9sultats recueillis dans le cadre du programme de surveillance en application de la Directive Cadre sur l\u2019Eau (DCE). Divers outils graphiques vous permettront de comprendre les \u00e9volutions en mati\u00e8re d\u2019hydrologie et qualit\u00e9 de l\u2019eau des cours d\u2019eau, plans d\u2019eau et eaux souterraines.<\/p>\n<\/div>\n<\/div>\n<\/div>\n<\/div>\n<\/section>\n<\/div>\n<\/div>\n<\/div>\n<\/div>\n<\/div>\n<\/div><\/section><\/p><\/div>\n<style type=\"text\/css\" data-created_by=\"avia_inline_auto\" id=\"style-css-av-v38zy8-df61b559e3427c3e43ac4962e24e8045\">\n.flex_column.av-v38zy8-df61b559e3427c3e43ac4962e24e8045{\nborder-radius:0px 0px 0px 0px;\npadding:0px 0px 0px 0px;\n}\n<\/style>\n<div  class='flex_column av-v38zy8-df61b559e3427c3e43ac4962e24e8045 av_one_fourth  avia-builder-el-32  el_after_av_one_fourth  el_before_av_one_fourth  first flex_column_div av-zero-column-padding  column-top-margin'     ><p>\n<style type=\"text\/css\" data-created_by=\"avia_inline_auto\" id=\"style-css-av-lywz7tls-2fa9a0bfd3f05b83bad67d988a80c1e5\">\n.avia-image-container.av-lywz7tls-2fa9a0bfd3f05b83bad67d988a80c1e5 img.avia_image{\nbox-shadow:none;\n}\n.avia-image-container.av-lywz7tls-2fa9a0bfd3f05b83bad67d988a80c1e5 .av-image-caption-overlay-center{\ncolor:#ffffff;\n}\n<\/style>\n<div  class='avia-image-container av-lywz7tls-2fa9a0bfd3f05b83bad67d988a80c1e5 av-styling- av-img-linked avia-align-center  avia-builder-el-33  el_before_av_textblock  avia-builder-el-first '   itemprop=\"image\" itemscope=\"itemscope\" itemtype=\"https:\/\/schema.org\/ImageObject\" ><div class=\"avia-image-container-inner\"><div class=\"avia-image-overlay-wrap\"><a href=\"https:\/\/www.sandre.eaufrance.fr\/\" class='avia_image '  target=\"_blank\"  rel=\"noopener noreferrer\" aria-label='Capture d&#039;\u00e9cran 2024-07-22 140349'><img decoding=\"async\" fetchpriority=\"high\" class='wp-image-11181 avia-img-lazy-loading-not-11181 avia_image ' src=\"https:\/\/www.fredonoccitanie.com\/captages\/wp-content\/uploads\/sites\/3\/2024\/07\/Capture-decran-2024-07-22-140349-300x111.png\" alt='' title='Capture d&#039;\u00e9cran 2024-07-22 140349'  height=\"111\" width=\"300\"  itemprop=\"thumbnailUrl\" srcset=\"https:\/\/www.fredonoccitanie.com\/captages\/wp-content\/uploads\/sites\/3\/2024\/07\/Capture-decran-2024-07-22-140349-300x111.png 300w, https:\/\/www.fredonoccitanie.com\/captages\/wp-content\/uploads\/sites\/3\/2024\/07\/Capture-decran-2024-07-22-140349-1030x381.png 1030w, https:\/\/www.fredonoccitanie.com\/captages\/wp-content\/uploads\/sites\/3\/2024\/07\/Capture-decran-2024-07-22-140349-768x284.png 768w, https:\/\/www.fredonoccitanie.com\/captages\/wp-content\/uploads\/sites\/3\/2024\/07\/Capture-decran-2024-07-22-140349-1536x568.png 1536w, https:\/\/www.fredonoccitanie.com\/captages\/wp-content\/uploads\/sites\/3\/2024\/07\/Capture-decran-2024-07-22-140349-1500x555.png 1500w, https:\/\/www.fredonoccitanie.com\/captages\/wp-content\/uploads\/sites\/3\/2024\/07\/Capture-decran-2024-07-22-140349-705x261.png 705w, https:\/\/www.fredonoccitanie.com\/captages\/wp-content\/uploads\/sites\/3\/2024\/07\/Capture-decran-2024-07-22-140349.png 1908w\" sizes=\"(max-width: 300px) 100vw, 300px\" \/><\/a><\/div><\/div><\/div><br \/>\n<section  class='av_textblock_section av-lywz7mny-57fe02e87f7e24b12bc169a50043e0f8 '   itemscope=\"itemscope\" itemtype=\"https:\/\/schema.org\/CreativeWork\" ><div class='avia_textblock'  itemprop=\"text\" ><div class=\"vc-hoverbox-block vc-hoverbox-back\">\n<div class=\"vc-hoverbox-block vc-hoverbox-back\">\n<div class=\"vc-hoverbox-block-inner vc-hoverbox-back-inner\">\n<h3 class=\"vc_custom_heading\">Hub&rsquo;eau : outil de diffusion des donn\u00e9es<\/h3>\n<p><span class=\"st\"><a href=\"https:\/\/hubeau.eaufrance.fr\/\" target=\"_blank\" rel=\"noopener\">La plateforme Hub&rsquo;eau<\/a> bancarise l\u2019ensemble des donn\u00e9es du SIE dans des formats simples d&#8217;emploi, propices \u00e0 la r\u00e9utilisation (CSV, JSON, GeoJSON).\u00a0<\/span> Vous retrouverez sur cette plateforme les donn\u00e9es : du contr\u00f4le sanitaire de l&rsquo;eau distribu\u00e9e commune par commune (DIS) mises en ligne par le Minist\u00e8re des Solidarit\u00e9s et de la Sant\u00e9, de qualit\u00e9 des cours d&rsquo;eau issues de la base de donn\u00e9es Na\u00efades, de qualit\u00e9 des nappes d&rsquo;eau souterraines issues de la banque nationale d&rsquo;Acc\u00e8s aux Donn\u00e9es sur les Eaux Souterraines ADES, de surveillance des eaux littorales g\u00e9r\u00e9es et valoris\u00e9es par l&rsquo;IFREMER, ..<\/p>\n<p><em>Fr\u00e9quence de mise \u00e0 jour :<\/em> d\u00e9pendante des fr\u00e9quences de mise \u00e0 jour des diff\u00e9rentes bases de donn\u00e9es desquelles sont extraites les donn\u00e9es.<\/p>\n<\/div>\n<\/div>\n<\/div>\n<\/div><\/section><\/p><\/div>\n<style type=\"text\/css\" data-created_by=\"avia_inline_auto\" id=\"style-css-av-7hfgws-5e56feb0972bc87834780e95552b039e\">\n.flex_column.av-7hfgws-5e56feb0972bc87834780e95552b039e{\nborder-radius:0px 0px 0px 0px;\npadding:0px 0px 0px 0px;\n}\n<\/style>\n<div  class='flex_column av-7hfgws-5e56feb0972bc87834780e95552b039e av_one_fourth  avia-builder-el-35  el_after_av_one_fourth  el_before_av_one_fourth  flex_column_div av-zero-column-padding  column-top-margin'     ><p>\n<style type=\"text\/css\" data-created_by=\"avia_inline_auto\" id=\"style-css-av-kraek8aj-a8e3ddaaabd8ef1ede881ffc1a9140e0\">\n.avia-image-container.av-kraek8aj-a8e3ddaaabd8ef1ede881ffc1a9140e0 img.avia_image{\nbox-shadow:none;\n}\n.avia-image-container.av-kraek8aj-a8e3ddaaabd8ef1ede881ffc1a9140e0 .av-image-caption-overlay-center{\ncolor:#ffffff;\n}\n<\/style>\n<div  class='avia-image-container av-kraek8aj-a8e3ddaaabd8ef1ede881ffc1a9140e0 av-styling- av-img-linked avia-align-center  avia-builder-el-36  el_before_av_textblock  avia-builder-el-first '   itemprop=\"image\" itemscope=\"itemscope\" itemtype=\"https:\/\/schema.org\/ImageObject\" ><div class=\"avia-image-container-inner\"><div class=\"avia-image-overlay-wrap\"><a href=\"http:\/\/adour-garonne.eaufrance.fr\/accueil\" class='avia_image '  target=\"_blank\"  rel=\"noopener noreferrer\" aria-label='SIEAG-1024x604'><img decoding=\"async\" fetchpriority=\"high\" class='wp-image-8481 avia-img-lazy-loading-not-8481 avia_image ' src=\"https:\/\/www.fredonoccitanie.com\/captages\/wp-content\/uploads\/sites\/3\/2021\/07\/SIEAG-1024x604-1-300x177.png\" alt='' title='SIEAG-1024x604'  height=\"177\" width=\"300\"  itemprop=\"thumbnailUrl\" srcset=\"https:\/\/www.fredonoccitanie.com\/captages\/wp-content\/uploads\/sites\/3\/2021\/07\/SIEAG-1024x604-1-300x177.png 300w, https:\/\/www.fredonoccitanie.com\/captages\/wp-content\/uploads\/sites\/3\/2021\/07\/SIEAG-1024x604-1-768x453.png 768w, https:\/\/www.fredonoccitanie.com\/captages\/wp-content\/uploads\/sites\/3\/2021\/07\/SIEAG-1024x604-1-705x416.png 705w, https:\/\/www.fredonoccitanie.com\/captages\/wp-content\/uploads\/sites\/3\/2021\/07\/SIEAG-1024x604-1.png 1024w\" sizes=\"(max-width: 300px) 100vw, 300px\" \/><\/a><\/div><\/div><\/div><br \/>\n<section  class='av_textblock_section av-kraejof9-c26f1ddeca7984e8b6098e7911398d04 '   itemscope=\"itemscope\" itemtype=\"https:\/\/schema.org\/CreativeWork\" ><div class='avia_textblock'  itemprop=\"text\" ><div class=\"vc-hoverbox-block vc-hoverbox-back\">\n<div class=\"vc-hoverbox-block vc-hoverbox-back\">\n<div class=\"vc-hoverbox-block-inner vc-hoverbox-back-inner\">\n<h3 class=\"vc_custom_heading\">Syst\u00e8me d&rsquo;information sur l&rsquo;eau (SIE) du bassin Adour-Garonne<\/h3>\n<p><a href=\"http:\/\/adour-garonne.eaufrance.fr\/accueil\">Le portail du bassin Adour-Garonne<\/a> est destin\u00e9 \u00e0 la mise \u00e0 disposition des donn\u00e9es produites par les partenaires du Syst\u00e8me d\u2019Information sur l\u2019Eau.<\/p>\n<p>Il est le point d\u2019entr\u00e9e pour acc\u00e9der \u00e0 l\u2019ensemble des donn\u00e9es bancaris\u00e9es au niveau du bassin Adour-Garonne ainsi qu\u2019aux donn\u00e9es stock\u00e9es dans les banques nationales.<\/p>\n<\/div>\n<\/div>\n<\/div>\n<\/div><\/section><\/p><\/div>\n<style type=\"text\/css\" data-created_by=\"avia_inline_auto\" id=\"style-css-av-6f5q58-f81ef2d5fe1fc10025126bf1ba8f1627\">\n.flex_column.av-6f5q58-f81ef2d5fe1fc10025126bf1ba8f1627{\nborder-radius:0px 0px 0px 0px;\npadding:0px 0px 0px 0px;\n}\n<\/style>\n<div  class='flex_column av-6f5q58-f81ef2d5fe1fc10025126bf1ba8f1627 av_one_fourth  avia-builder-el-38  el_after_av_one_fourth  el_before_av_one_fourth  flex_column_div av-zero-column-padding  column-top-margin'     ><p>\n<style type=\"text\/css\" data-created_by=\"avia_inline_auto\" id=\"style-css-av-kraelmwn-635af2eddd7f4293fbd3763408642460\">\n.avia-image-container.av-kraelmwn-635af2eddd7f4293fbd3763408642460 img.avia_image{\nbox-shadow:none;\n}\n.avia-image-container.av-kraelmwn-635af2eddd7f4293fbd3763408642460 .av-image-caption-overlay-center{\ncolor:#ffffff;\n}\n<\/style>\n<div  class='avia-image-container av-kraelmwn-635af2eddd7f4293fbd3763408642460 av-styling- av-img-linked avia-align-center  avia-builder-el-39  el_before_av_textblock  avia-builder-el-first '   itemprop=\"image\" itemscope=\"itemscope\" itemtype=\"https:\/\/schema.org\/ImageObject\" ><div class=\"avia-image-container-inner\"><div class=\"avia-image-overlay-wrap\"><a href=\"https:\/\/www.data.gouv.fr\/fr\/datasets\/resultats-du-controle-sanitaire-de-leau-du-robinet\/\" class='avia_image '  target=\"_blank\"  rel=\"noopener noreferrer\" aria-label='anses'><img decoding=\"async\" fetchpriority=\"high\" class='wp-image-10697 avia-img-lazy-loading-not-10697 avia_image ' src=\"https:\/\/www.fredonoccitanie.com\/captages\/wp-content\/uploads\/sites\/3\/2023\/04\/anses.png\" alt='' title='anses'  height=\"822\" width=\"1458\"  itemprop=\"thumbnailUrl\" srcset=\"https:\/\/www.fredonoccitanie.com\/captages\/wp-content\/uploads\/sites\/3\/2023\/04\/anses.png 1458w, https:\/\/www.fredonoccitanie.com\/captages\/wp-content\/uploads\/sites\/3\/2023\/04\/anses-300x169.png 300w, https:\/\/www.fredonoccitanie.com\/captages\/wp-content\/uploads\/sites\/3\/2023\/04\/anses-1030x581.png 1030w, https:\/\/www.fredonoccitanie.com\/captages\/wp-content\/uploads\/sites\/3\/2023\/04\/anses-768x433.png 768w, https:\/\/www.fredonoccitanie.com\/captages\/wp-content\/uploads\/sites\/3\/2023\/04\/anses-705x397.png 705w\" sizes=\"(max-width: 1458px) 100vw, 1458px\" \/><\/a><\/div><\/div><\/div><br \/>\n<section  class='av_textblock_section av-kraelcxe-49b67942596eb759dfa75150a8716d3a '   itemscope=\"itemscope\" itemtype=\"https:\/\/schema.org\/CreativeWork\" ><div class='avia_textblock'  itemprop=\"text\" ><div class=\"vc-hoverbox-block vc-hoverbox-back\">\n<div class=\"vc-hoverbox-block vc-hoverbox-back\">\n<div class=\"vc-hoverbox-block-inner vc-hoverbox-back-inner\">\n<div class=\"vc-hoverbox-block vc-hoverbox-back\">\n<div class=\"vc-hoverbox-block-inner vc-hoverbox-back-inner\">\n<section class=\"av_textblock_section \">\n<div class=\"avia_textblock \">\n<div class=\"vc-hoverbox-block vc-hoverbox-back\">\n<div class=\"vc-hoverbox-block-inner vc-hoverbox-back-inner\">\n<h3>ANSES : comprendre la probl\u00e9matique des pesticides dans l\u2019eau du robinet<\/h3>\n<p><a href=\"https:\/\/www.anses.fr\/fr\/content\/pesticides-dans-l%E2%80%99eau-du-robinet\">Cette page<\/a> fait le point sur les d\u00e9finitions cl\u00e9s li\u00e9es aux pesticides et aux m\u00e9tabolites de pesticides dans l\u2019eau potable. Elle explicite le cadre r\u00e9glementaire fran\u00e7ais et europ\u00e9en qui s\u2019applique \u00e0 la surveillance de la qualit\u00e9 des eaux distribu\u00e9es, \u00e0 la gestion des cas de non-conformit\u00e9 (d\u00e9passements) et \u00e0 l\u2019\u00e9valuation du risque sanitaire des substances m\u00e8res et leurs m\u00e9tabolites.<\/p>\n<\/div>\n<\/div>\n<\/div>\n<\/section>\n<\/div>\n<\/div>\n<\/div>\n<\/div>\n<\/div>\n<\/div><\/section><\/p><\/div>\n<style type=\"text\/css\" data-created_by=\"avia_inline_auto\" id=\"style-css-av-3w8u2k-aa6fd6086c992b9164fd13a420907bf7\">\n.flex_column.av-3w8u2k-aa6fd6086c992b9164fd13a420907bf7{\nborder-radius:0px 0px 0px 0px;\npadding:0px 0px 0px 0px;\n}\n<\/style>\n<div  class='flex_column av-3w8u2k-aa6fd6086c992b9164fd13a420907bf7 av_one_fourth  avia-builder-el-41  el_after_av_one_fourth  avia-builder-el-last  flex_column_div av-zero-column-padding  column-top-margin'     ><p>\n<style type=\"text\/css\" data-created_by=\"avia_inline_auto\" id=\"style-css-av-krael2hp-c05a229d281eb763f0eba9ac4d41e7e8\">\n.avia-image-container.av-krael2hp-c05a229d281eb763f0eba9ac4d41e7e8 img.avia_image{\nbox-shadow:none;\n}\n.avia-image-container.av-krael2hp-c05a229d281eb763f0eba9ac4d41e7e8 .av-image-caption-overlay-center{\ncolor:#ffffff;\n}\n<\/style>\n<div  class='avia-image-container av-krael2hp-c05a229d281eb763f0eba9ac4d41e7e8 av-styling- av-img-linked avia-align-center  avia-builder-el-42  el_before_av_textblock  avia-builder-el-first '   itemprop=\"image\" itemscope=\"itemscope\" itemtype=\"https:\/\/schema.org\/ImageObject\" ><div class=\"avia-image-container-inner\"><div class=\"avia-image-overlay-wrap\"><a href=\"https:\/\/www.sandre.eaufrance.fr\/\" class='avia_image '  target=\"_blank\"  rel=\"noopener noreferrer\" aria-label='Sandre-1024x743'><img decoding=\"async\" fetchpriority=\"high\" class='wp-image-8478 avia-img-lazy-loading-not-8478 avia_image ' src=\"https:\/\/www.fredonoccitanie.com\/captages\/wp-content\/uploads\/sites\/3\/2021\/07\/Sandre-1024x743-1-300x218.png\" alt='' title='Sandre-1024x743'  height=\"218\" width=\"300\"  itemprop=\"thumbnailUrl\" srcset=\"https:\/\/www.fredonoccitanie.com\/captages\/wp-content\/uploads\/sites\/3\/2021\/07\/Sandre-1024x743-1-300x218.png 300w, https:\/\/www.fredonoccitanie.com\/captages\/wp-content\/uploads\/sites\/3\/2021\/07\/Sandre-1024x743-1-768x557.png 768w, https:\/\/www.fredonoccitanie.com\/captages\/wp-content\/uploads\/sites\/3\/2021\/07\/Sandre-1024x743-1-705x512.png 705w, https:\/\/www.fredonoccitanie.com\/captages\/wp-content\/uploads\/sites\/3\/2021\/07\/Sandre-1024x743-1.png 1024w\" sizes=\"(max-width: 300px) 100vw, 300px\" \/><\/a><\/div><\/div><\/div><br \/>\n<section  class='av_textblock_section av-kraekinh-e37947dbb5bc14c2382e45162cd24485 '   itemscope=\"itemscope\" itemtype=\"https:\/\/schema.org\/CreativeWork\" ><div class='avia_textblock'  itemprop=\"text\" ><div class=\"vc-hoverbox-block vc-hoverbox-back\">\n<div class=\"vc-hoverbox-block vc-hoverbox-back\">\n<div class=\"vc-hoverbox-block-inner vc-hoverbox-back-inner\">\n<h3 class=\"vc_custom_heading\">SANDRE<\/h3>\n<p>Le Sandre a pour mission, d\u2019\u00e9tablir et de mettre \u00e0 disposition le <em class=\"glossaire_auto_flag_word #glossaire_auto_word_14561\"><a class=\"glossaire_auto_link\" title=\"Lien vers le concept r\u00e9f\u00e9rentiel\" href=\"https:\/\/www.sandre.eaufrance.fr\/concept\/r%C3%A9f%C3%A9rentiel\">r\u00e9f\u00e9rentiel<\/a><span class=\"glossaire-auto-flag\"> *<\/span><\/em> des donn\u00e9es sur l\u2019eau du <em class=\"glossaire_auto_flag_word #glossaire_auto_word_14581\"><a class=\"glossaire_auto_link\" title=\"Lien vers le concept SIE\" href=\"https:\/\/www.sandre.eaufrance.fr\/concept\/syst%C3%A8me-dinformation-sur-leau\">SIE<\/a><span class=\"glossaire-auto-flag\"> *<\/span><\/em> .<\/p>\n<p>Dans<a href=\"https:\/\/www.sandre.eaufrance.fr\/\"> ce portail<\/a>, acc\u00e9dez entre autres aux r\u00e9f\u00e9rentiels \u00e0 jour des AAC, des ouvrages de pr\u00e9l\u00e8vement, aux codes SANDRE et leurs correspondances avec d\u2019autres r\u00e9f\u00e9rentiels.<\/p>\n<\/div>\n<\/div>\n<\/div>\n<\/div><\/section><\/p><\/div><\/div><\/div><\/div><!-- close content main div --><\/div><\/div><div id='after_section_2'  class='main_color av_default_container_wrap container_wrap fullsize'  ><div class='container av-section-cont-open' ><div class='template-page content  av-content-full alpha units'><div class='post-entry post-entry-type-page post-entry-10144'><div class='entry-content-wrapper clearfix'>\n<style type=\"text\/css\" data-created_by=\"avia_inline_auto\" id=\"style-css-av-5eu2j0-ec772834bd70b3ce51967db86a01a7fd\">\n.flex_column.av-5eu2j0-ec772834bd70b3ce51967db86a01a7fd{\nborder-radius:0px 0px 0px 0px;\npadding:0px 0px 0px 0px;\n}\n<\/style>\n<div  class='flex_column av-5eu2j0-ec772834bd70b3ce51967db86a01a7fd av_one_full  avia-builder-el-44  el_after_av_section  el_before_av_one_fourth  avia-builder-el-first  first flex_column_div av-zero-column-padding  '     ><section  class='av_textblock_section av-krae3yj9-47d1d91503ffa934052b6ba57753ce16 '   itemscope=\"itemscope\" itemtype=\"https:\/\/schema.org\/CreativeWork\" ><div class='avia_textblock'  itemprop=\"text\" ><h2 id=\"ancre2\" style=\"text-align: center\">Pesticides<\/h2>\n<\/div><\/section><\/div><\/p>\n\n<style type=\"text\/css\" data-created_by=\"avia_inline_auto\" id=\"style-css-av-7yhr3w-02611b8b51a06dacff9a70aa5b599e0d\">\n.flex_column.av-7yhr3w-02611b8b51a06dacff9a70aa5b599e0d{\nborder-radius:0px 0px 0px 0px;\npadding:0px 0px 0px 0px;\n}\n<\/style>\n<div  class='flex_column av-7yhr3w-02611b8b51a06dacff9a70aa5b599e0d av_one_fourth  avia-builder-el-46  el_after_av_one_full  el_before_av_one_fourth  first flex_column_div av-zero-column-padding  column-top-margin'     ><p>\n<style type=\"text\/css\" data-created_by=\"avia_inline_auto\" id=\"style-css-av-kraenrue-996efce8cb65cf210cfdeca70e0358e2\">\n.avia-image-container.av-kraenrue-996efce8cb65cf210cfdeca70e0358e2 img.avia_image{\nbox-shadow:none;\n}\n.avia-image-container.av-kraenrue-996efce8cb65cf210cfdeca70e0358e2 .av-image-caption-overlay-center{\ncolor:#ffffff;\n}\n<\/style>\n<div  class='avia-image-container av-kraenrue-996efce8cb65cf210cfdeca70e0358e2 av-styling- av-img-linked avia-align-center  avia-builder-el-47  el_before_av_textblock  avia-builder-el-first '   itemprop=\"image\" itemscope=\"itemscope\" itemtype=\"https:\/\/schema.org\/ImageObject\" ><div class=\"avia-image-container-inner\"><div class=\"avia-image-overlay-wrap\"><a href=\"https:\/\/data.bretagne-environnement.fr\/datasets\/eau-substances-actives-pesticides-metabolites-referentiel-pestibase\" class='avia_image '  target=\"_blank\"  rel=\"noopener noreferrer\" aria-label='pestibase'><img decoding=\"async\" fetchpriority=\"high\" class='wp-image-11476 avia-img-lazy-loading-not-11476 avia_image ' src=\"https:\/\/www.fredonoccitanie.com\/captages\/wp-content\/uploads\/sites\/3\/2025\/07\/pestibase-300x168.png\" alt='' title='pestibase'  height=\"168\" width=\"300\"  itemprop=\"thumbnailUrl\" srcset=\"https:\/\/www.fredonoccitanie.com\/captages\/wp-content\/uploads\/sites\/3\/2025\/07\/pestibase-300x168.png 300w, https:\/\/www.fredonoccitanie.com\/captages\/wp-content\/uploads\/sites\/3\/2025\/07\/pestibase-768x430.png 768w, https:\/\/www.fredonoccitanie.com\/captages\/wp-content\/uploads\/sites\/3\/2025\/07\/pestibase-705x395.png 705w, https:\/\/www.fredonoccitanie.com\/captages\/wp-content\/uploads\/sites\/3\/2025\/07\/pestibase.png 934w\" sizes=\"(max-width: 300px) 100vw, 300px\" \/><\/a><\/div><\/div><\/div><br \/>\n<section  class='av_textblock_section av-kraenjlh-166c866de75ca05e3b89f94f5d0f3839 '   itemscope=\"itemscope\" itemtype=\"https:\/\/schema.org\/CreativeWork\" ><div class='avia_textblock'  itemprop=\"text\" ><div class=\"vc-hoverbox-block vc-hoverbox-back\">\n<div class=\"vc-hoverbox-block vc-hoverbox-back\">\n<div class=\"vc-hoverbox-block-inner vc-hoverbox-back-inner\">\n<div class=\"vc-hoverbox-block vc-hoverbox-back\">\n<div class=\"vc-hoverbox-block-inner vc-hoverbox-back-inner\">\n<div class=\"vc-hoverbox-block vc-hoverbox-back\">\n<div class=\"vc-hoverbox-block-inner vc-hoverbox-back-inner\">\n<div class=\"vc-hoverbox-block vc-hoverbox-back\">\n<div class=\"vc-hoverbox-block-inner vc-hoverbox-back-inner\">\n<div class=\"vc-hoverbox-block vc-hoverbox-back\">\n<div class=\"vc-hoverbox-block-inner vc-hoverbox-back-inner\">\n<section class=\"av_textblock_section \">\n<div class=\"avia_textblock \">\n<div class=\"vc-hoverbox-block vc-hoverbox-back\">\n<div class=\"vc-hoverbox-block vc-hoverbox-back\">\n<div class=\"vc-hoverbox-block-inner vc-hoverbox-back-inner\">\n<div class=\"vc-hoverbox-block vc-hoverbox-back\">\n<div class=\"vc-hoverbox-block-inner vc-hoverbox-back-inner\">\n<div class=\"vc-hoverbox-block vc-hoverbox-back\">\n<div class=\"vc-hoverbox-block-inner vc-hoverbox-back-inner\">\n<div class=\"vc-hoverbox-block vc-hoverbox-back\">\n<div class=\"vc-hoverbox-block-inner vc-hoverbox-back-inner\">\n<div class=\"vc-hoverbox-block vc-hoverbox-back\">\n<div class=\"vc-hoverbox-block-inner vc-hoverbox-back-inner\">\n<div class=\"vc-hoverbox-block vc-hoverbox-back\">\n<div class=\"vc-hoverbox-block-inner vc-hoverbox-back-inner\">\n<div class=\"vc-hoverbox-block vc-hoverbox-back\">\n<div class=\"vc-hoverbox-block-inner vc-hoverbox-back-inner\">\n<h3><span class=\"underline-link\">Pestibase &#8211; R\u00e9f\u00e9rentiel des substances actives phytosanitaires et biocides<\/span><\/h3>\n<p>L&rsquo;application <em><a href=\"https:\/\/data.bretagne-environnement.fr\/datasets\/eau-substances-actives-pesticides-metabolites-referentiel-pestibase\">Pestibase<\/a>, <\/em>con\u00e7ue par l&rsquo;Observatoire de l&rsquo;Environnement en Bretagne (OEB), permet d&rsquo;acc\u00e9der rapidement aux informations relatives aux substances \u00e0 partir du <a href=\"https:\/\/data.bretagne-environnement.fr\/datasets\/eau-substances-actives-pesticides-metabolites-referentiel-pestibase\">r\u00e9f\u00e9rentiel r\u00e9gional des substances actives phytosanitaires et biocides et de leurs produits de d\u00e9gradations (m\u00e9tabolites)<\/a>. Cet outil est \u00e0 destination des acteurs des territoires en charge du suivi de la qualit\u00e9 de l&rsquo;eau et des milieux aquatiques.<\/p>\n<\/div>\n<\/div>\n<\/div>\n<\/div>\n<\/div>\n<\/div>\n<\/div>\n<\/div>\n<\/div>\n<\/div>\n<\/div>\n<\/div>\n<\/div>\n<\/div>\n<\/div>\n<\/div>\n<\/section>\n<\/div>\n<\/div>\n<\/div>\n<\/div>\n<\/div>\n<\/div>\n<\/div>\n<\/div>\n<\/div>\n<\/div>\n<\/div>\n<\/div><\/section><\/p><\/div>\n\n<style type=\"text\/css\" data-created_by=\"avia_inline_auto\" id=\"style-css-av-5f56lgg-54e6ec5628e176fa9ef2aff8f5084225\">\n.flex_column.av-5f56lgg-54e6ec5628e176fa9ef2aff8f5084225{\nborder-radius:0px 0px 0px 0px;\npadding:0px 0px 0px 0px;\n}\n<\/style>\n<div  class='flex_column av-5f56lgg-54e6ec5628e176fa9ef2aff8f5084225 av_one_fourth  avia-builder-el-49  el_after_av_one_fourth  el_before_av_one_fourth  flex_column_div av-zero-column-padding  column-top-margin'     ><p>\n<style type=\"text\/css\" data-created_by=\"avia_inline_auto\" id=\"style-css-av-4nz3ov4-a61fa2308c38709602f872c8d6016703\">\n.avia-image-container.av-4nz3ov4-a61fa2308c38709602f872c8d6016703 img.avia_image{\nbox-shadow:none;\n}\n.avia-image-container.av-4nz3ov4-a61fa2308c38709602f872c8d6016703 .av-image-caption-overlay-center{\ncolor:#ffffff;\n}\n<\/style>\n<div  class='avia-image-container av-4nz3ov4-a61fa2308c38709602f872c8d6016703 av-styling- av-img-linked avia-align-center  avia-builder-el-50  el_before_av_textblock  avia-builder-el-first '   itemprop=\"image\" itemscope=\"itemscope\" itemtype=\"https:\/\/schema.org\/ImageObject\" ><div class=\"avia-image-container-inner\"><div class=\"avia-image-overlay-wrap\"><a href=\"https:\/\/ephy.anses.fr\/\" class='avia_image '  target=\"_blank\"  rel=\"noopener noreferrer\" aria-label='e-phy-1024x579'><img decoding=\"async\" fetchpriority=\"high\" class='wp-image-8469 avia-img-lazy-loading-not-8469 avia_image ' src=\"https:\/\/www.fredonoccitanie.com\/captages\/wp-content\/uploads\/sites\/3\/2021\/07\/e-phy-1024x579-1-300x170.jpg\" alt='' title='e-phy-1024x579'  height=\"170\" width=\"300\"  itemprop=\"thumbnailUrl\" srcset=\"https:\/\/www.fredonoccitanie.com\/captages\/wp-content\/uploads\/sites\/3\/2021\/07\/e-phy-1024x579-1-300x170.jpg 300w, https:\/\/www.fredonoccitanie.com\/captages\/wp-content\/uploads\/sites\/3\/2021\/07\/e-phy-1024x579-1-768x434.jpg 768w, https:\/\/www.fredonoccitanie.com\/captages\/wp-content\/uploads\/sites\/3\/2021\/07\/e-phy-1024x579-1-705x399.jpg 705w, https:\/\/www.fredonoccitanie.com\/captages\/wp-content\/uploads\/sites\/3\/2021\/07\/e-phy-1024x579-1.jpg 1024w\" sizes=\"(max-width: 300px) 100vw, 300px\" \/><\/a><\/div><\/div><\/div><br \/>\n<section  class='av_textblock_section av-4eat3z4-79b387e76cbac7cc4d8b9eaf3701fe3d '   itemscope=\"itemscope\" itemtype=\"https:\/\/schema.org\/CreativeWork\" ><div class='avia_textblock'  itemprop=\"text\" ><div class=\"vc-hoverbox-block vc-hoverbox-back\">\n<div class=\"vc-hoverbox-block vc-hoverbox-back\">\n<div class=\"vc-hoverbox-block-inner vc-hoverbox-back-inner\">\n<div class=\"vc-hoverbox-block vc-hoverbox-back\">\n<div class=\"vc-hoverbox-block-inner vc-hoverbox-back-inner\">\n<div class=\"vc-hoverbox-block vc-hoverbox-back\">\n<div class=\"vc-hoverbox-block-inner vc-hoverbox-back-inner\">\n<div class=\"vc-hoverbox-block vc-hoverbox-back\">\n<div class=\"vc-hoverbox-block-inner vc-hoverbox-back-inner\">\n<h3>E-Phy<\/h3>\n<p>Le <a href=\"https:\/\/ephy.anses.fr\/\">catalogue des produits phytopharmaceutiques et de leurs usages<\/a>, des mati\u00e8res fertilisantes, des supports de culture autoris\u00e9s en France et des retraits de produits (interdictions).<\/p>\n<p>Pour rappel, l\u2019ANSES met <strong>en libre acc\u00e8s, en forme de tableau CSV<\/strong>, l\u2019ensemble des donn\u00e9es des produits couverts par une AMM ou un permis de commerce parall\u00e8le. Ce sont <strong>les <a href=\"https:\/\/www.data.gouv.fr\/fr\/datasets\/donnees-ouvertes-du-catalogue-e-phy-des-produits-phytopharmaceutiques-matieres-fertilisantes-et-supports-de-culture-adjuvants-produits-mixtes-et-melanges\/\">fichiers \u00ab E-Phy \u00bb<\/a><\/strong>.<\/p>\n<\/div>\n<\/div>\n<\/div>\n<\/div>\n<\/div>\n<\/div>\n<\/div>\n<\/div>\n<\/div>\n<\/div><\/section><\/p><\/div>\n\n<style type=\"text\/css\" data-created_by=\"avia_inline_auto\" id=\"style-css-av-9232u4-b0d3e2af09e2bfccc0d618e3e65e6058\">\n.flex_column.av-9232u4-b0d3e2af09e2bfccc0d618e3e65e6058{\nborder-radius:0px 0px 0px 0px;\npadding:0px 0px 0px 0px;\n}\n<\/style>\n<div  class='flex_column av-9232u4-b0d3e2af09e2bfccc0d618e3e65e6058 av_one_fourth  avia-builder-el-52  el_after_av_one_fourth  el_before_av_one_fourth  flex_column_div av-zero-column-padding  column-top-margin'     ><p>\n<style type=\"text\/css\" data-created_by=\"avia_inline_auto\" id=\"style-css-av-kraenbhg-86939e69aa4781cb444cf6e0679d9018\">\n.avia-image-container.av-kraenbhg-86939e69aa4781cb444cf6e0679d9018 img.avia_image{\nbox-shadow:none;\n}\n.avia-image-container.av-kraenbhg-86939e69aa4781cb444cf6e0679d9018 .av-image-caption-overlay-center{\ncolor:#ffffff;\n}\n<\/style>\n<div  class='avia-image-container av-kraenbhg-86939e69aa4781cb444cf6e0679d9018 av-styling- av-img-linked avia-align-center  avia-builder-el-53  el_before_av_textblock  avia-builder-el-first '   itemprop=\"image\" itemscope=\"itemscope\" itemtype=\"https:\/\/schema.org\/ImageObject\" ><div class=\"avia-image-container-inner\"><div class=\"avia-image-overlay-wrap\"><a href=\"https:\/\/territoiresfertiles.fr\/cartes\/score-intrants\/epcis\" class='avia_image '  target=\"_blank\"  rel=\"noopener noreferrer\" aria-label='Sites_Pesticides_territoires_fertiles'><img decoding=\"async\" fetchpriority=\"high\" class='wp-image-11514 avia-img-lazy-loading-not-11514 avia_image ' src=\"https:\/\/www.fredonoccitanie.com\/captages\/wp-content\/uploads\/sites\/3\/2025\/08\/Sites_Pesticides_territoires_fertiles-300x146.png\" alt='' title='Sites_Pesticides_territoires_fertiles'  height=\"146\" width=\"300\"  itemprop=\"thumbnailUrl\" srcset=\"https:\/\/www.fredonoccitanie.com\/captages\/wp-content\/uploads\/sites\/3\/2025\/08\/Sites_Pesticides_territoires_fertiles-300x146.png 300w, https:\/\/www.fredonoccitanie.com\/captages\/wp-content\/uploads\/sites\/3\/2025\/08\/Sites_Pesticides_territoires_fertiles-1030x502.png 1030w, https:\/\/www.fredonoccitanie.com\/captages\/wp-content\/uploads\/sites\/3\/2025\/08\/Sites_Pesticides_territoires_fertiles-768x374.png 768w, https:\/\/www.fredonoccitanie.com\/captages\/wp-content\/uploads\/sites\/3\/2025\/08\/Sites_Pesticides_territoires_fertiles-1536x748.png 1536w, https:\/\/www.fredonoccitanie.com\/captages\/wp-content\/uploads\/sites\/3\/2025\/08\/Sites_Pesticides_territoires_fertiles-1500x731.png 1500w, https:\/\/www.fredonoccitanie.com\/captages\/wp-content\/uploads\/sites\/3\/2025\/08\/Sites_Pesticides_territoires_fertiles-705x343.png 705w, https:\/\/www.fredonoccitanie.com\/captages\/wp-content\/uploads\/sites\/3\/2025\/08\/Sites_Pesticides_territoires_fertiles.png 1893w\" sizes=\"(max-width: 300px) 100vw, 300px\" \/><\/a><\/div><\/div><\/div><br \/>\n<section  class='av_textblock_section av-kraen3w5-b156ec5603ec96a3e0aff22fc401484d '   itemscope=\"itemscope\" itemtype=\"https:\/\/schema.org\/CreativeWork\" ><div class='avia_textblock'  itemprop=\"text\" ><div class=\"vc-hoverbox-block vc-hoverbox-back\">\n<div class=\"vc-hoverbox-block vc-hoverbox-back\">\n<div class=\"vc-hoverbox-block-inner vc-hoverbox-back-inner\">\n<div class=\"vc-hoverbox-block vc-hoverbox-back\">\n<div class=\"vc-hoverbox-block-inner vc-hoverbox-back-inner\">\n<div class=\"vc-hoverbox-block vc-hoverbox-back\">\n<div class=\"vc-hoverbox-block-inner vc-hoverbox-back-inner\">\n<div class=\"vc-hoverbox-block vc-hoverbox-back\">\n<div class=\"vc-hoverbox-block-inner vc-hoverbox-back-inner\">\n<h3>Cartoth\u00e8que intrants<\/h3>\n<p>Territoires fertiles permet de diagnostiquer un territoire au regard de divers enjeux agricoles et alimentaires. L&rsquo;outil CRATer est \u00e0 votre disposition pour analyser de mani\u00e8re d\u00e9taill\u00e9e votre territoire au travers de 30 indicateurs, dont 8 sont relatifs aux intrants. Une analyse visuelle par indicateur \u00e0 l&rsquo;\u00e9chelle nationale est visible via <a href=\"https:\/\/territoiresfertiles.fr\/cartes\/score-intrants\/epcis\">la cartoth\u00e8que<\/a>.<\/p>\n<\/div>\n<\/div>\n<\/div>\n<\/div>\n<\/div>\n<\/div>\n<\/div>\n<\/div>\n<\/div>\n<\/div><\/section><\/p><\/div>\n\n<style type=\"text\/css\" data-created_by=\"avia_inline_auto\" id=\"style-css-av-1m0gjmo-96e79b73e46907e56a9486b5e2b2b226\">\n.flex_column.av-1m0gjmo-96e79b73e46907e56a9486b5e2b2b226{\nborder-radius:0px 0px 0px 0px;\npadding:0px 0px 0px 0px;\n}\n<\/style>\n<div  class='flex_column av-1m0gjmo-96e79b73e46907e56a9486b5e2b2b226 av_one_fourth  avia-builder-el-55  el_after_av_one_fourth  el_before_av_one_fourth  flex_column_div av-zero-column-padding  column-top-margin'     ><p>\n<style type=\"text\/css\" data-created_by=\"avia_inline_auto\" id=\"style-css-av-miyg3kki-ccd6cbe00bf0b99515441dc2957b67a5\">\n.avia-image-container.av-miyg3kki-ccd6cbe00bf0b99515441dc2957b67a5 img.avia_image{\nbox-shadow:none;\n}\n.avia-image-container.av-miyg3kki-ccd6cbe00bf0b99515441dc2957b67a5 .av-image-caption-overlay-center{\ncolor:#ffffff;\n}\n<\/style>\n<div  class='avia-image-container av-miyg3kki-ccd6cbe00bf0b99515441dc2957b67a5 av-styling- av-img-linked avia-align-center  avia-builder-el-56  el_before_av_textblock  avia-builder-el-first '   itemprop=\"image\" itemscope=\"itemscope\" itemtype=\"https:\/\/schema.org\/ImageObject\" ><div class=\"avia-image-container-inner\"><div class=\"avia-image-overlay-wrap\"><a href=\"https:\/\/www.generations-futures.fr\/geophyto\/\" class='avia_image '  target=\"_blank\"  rel=\"noopener noreferrer\" aria-label='geophyto'><img decoding=\"async\" fetchpriority=\"high\" class='wp-image-11530 avia-img-lazy-loading-not-11530 avia_image ' src=\"https:\/\/www.fredonoccitanie.com\/captages\/wp-content\/uploads\/sites\/3\/2025\/12\/geophyto-300x213.png\" alt='' title='geophyto'  height=\"213\" width=\"300\"  itemprop=\"thumbnailUrl\" srcset=\"https:\/\/www.fredonoccitanie.com\/captages\/wp-content\/uploads\/sites\/3\/2025\/12\/geophyto-300x213.png 300w, https:\/\/www.fredonoccitanie.com\/captages\/wp-content\/uploads\/sites\/3\/2025\/12\/geophyto-1030x731.png 1030w, https:\/\/www.fredonoccitanie.com\/captages\/wp-content\/uploads\/sites\/3\/2025\/12\/geophyto-768x545.png 768w, https:\/\/www.fredonoccitanie.com\/captages\/wp-content\/uploads\/sites\/3\/2025\/12\/geophyto-260x185.png 260w, https:\/\/www.fredonoccitanie.com\/captages\/wp-content\/uploads\/sites\/3\/2025\/12\/geophyto-705x500.png 705w, https:\/\/www.fredonoccitanie.com\/captages\/wp-content\/uploads\/sites\/3\/2025\/12\/geophyto.png 1258w\" sizes=\"(max-width: 300px) 100vw, 300px\" \/><\/a><\/div><\/div><\/div><br \/>\n<section  class='av_textblock_section av-miyg8chs-1dd5d04046c7cf4faf20871e82671fbc '   itemscope=\"itemscope\" itemtype=\"https:\/\/schema.org\/CreativeWork\" ><div class='avia_textblock'  itemprop=\"text\" ><div class=\"vc-hoverbox-block vc-hoverbox-back\">\n<div class=\"vc-hoverbox-block vc-hoverbox-back\">\n<div class=\"vc-hoverbox-block-inner vc-hoverbox-back-inner\">\n<div class=\"vc-hoverbox-block vc-hoverbox-back\">\n<div class=\"vc-hoverbox-block-inner vc-hoverbox-back-inner\">\n<div class=\"vc-hoverbox-block vc-hoverbox-back\">\n<div class=\"vc-hoverbox-block-inner vc-hoverbox-back-inner\">\n<div class=\"vc-hoverbox-block vc-hoverbox-back\">\n<div class=\"vc-hoverbox-block-inner vc-hoverbox-back-inner\">\n<div class=\"vc-hoverbox-block vc-hoverbox-back\">\n<div class=\"vc-hoverbox-block-inner vc-hoverbox-back-inner\">\n<div class=\"vc-hoverbox-block vc-hoverbox-back\">\n<div class=\"vc-hoverbox-block-inner vc-hoverbox-back-inner\">\n<div class=\"vc-hoverbox-block vc-hoverbox-back\">\n<h3>G\u00e9ophyto<\/h3>\n<p>L&rsquo;outil G\u00e9ophyto, con\u00e7u par G\u00e9n\u00e9rations Futures, permet de visualiser les achats de pesticides en France. Il contient 4 fonctionnalit\u00e9s distinctes et compl\u00e9mentaires :<\/p>\n<ul>\n<li><a href=\"https:\/\/www.generations-futures.fr\/geophyto\/\">Les achats de pesticides par d\u00e9partement<\/a><\/li>\n<li><a href=\"https:\/\/www.generations-futures.fr\/geophyto-code-postal\/\">A l\u2019\u00e9chelle du code postal<\/a><\/li>\n<li><a href=\"https:\/\/www.generations-futures.fr\/geophyto-graphiques\/\">Les 30 substances les plus achet\u00e9es<\/a> par ann\u00e9e<\/li>\n<li><a href=\"https:\/\/www.generations-futures.fr\/geophyto-graphiques\/\">L\u2019\u00e9volution des quantit\u00e9s achet\u00e9es par substance<\/a> (ou cat\u00e9gorie) depuis 2015<\/li>\n<\/ul>\n<\/div>\n<\/div>\n<\/div>\n<\/div>\n<\/div>\n<\/div>\n<\/div>\n<\/div>\n<\/div>\n<\/div>\n<\/div>\n<\/div>\n<\/div>\n<\/div>\n<\/div><\/section><\/p><\/div>\n\n<style type=\"text\/css\" data-created_by=\"avia_inline_auto\" id=\"style-css-av-14ucbds-18144d59530d7c93ae1b5004c992d2cb\">\n.flex_column.av-14ucbds-18144d59530d7c93ae1b5004c992d2cb{\nborder-radius:0px 0px 0px 0px;\npadding:0px 0px 0px 0px;\n}\n<\/style>\n<div  class='flex_column av-14ucbds-18144d59530d7c93ae1b5004c992d2cb av_one_fourth  avia-builder-el-58  el_after_av_one_fourth  el_before_av_one_fourth  first flex_column_div av-zero-column-padding  column-top-margin'     ><p>\n<style type=\"text\/css\" data-created_by=\"avia_inline_auto\" id=\"style-css-av-on68cg-de346eec75039e2b4fb36aaa097e7365\">\n.avia-image-container.av-on68cg-de346eec75039e2b4fb36aaa097e7365 img.avia_image{\nbox-shadow:none;\n}\n.avia-image-container.av-on68cg-de346eec75039e2b4fb36aaa097e7365 .av-image-caption-overlay-center{\ncolor:#ffffff;\n}\n<\/style>\n<div  class='avia-image-container av-on68cg-de346eec75039e2b4fb36aaa097e7365 av-styling- av-img-linked avia-align-center  avia-builder-el-59  el_before_av_textblock  avia-builder-el-first '   itemprop=\"image\" itemscope=\"itemscope\" itemtype=\"https:\/\/schema.org\/ImageObject\" ><div class=\"avia-image-container-inner\"><div class=\"avia-image-overlay-wrap\"><a href=\"https:\/\/solagro.org\/nos-domaines-d-intervention\/agroecologie\/carte-pesticides-adonis\" class='avia_image '  target=\"_blank\"  rel=\"noopener noreferrer\" aria-label='Sites_Pesticides_adonis'><img decoding=\"async\" fetchpriority=\"high\" class='wp-image-11513 avia-img-lazy-loading-not-11513 avia_image ' src=\"https:\/\/www.fredonoccitanie.com\/captages\/wp-content\/uploads\/sites\/3\/2025\/08\/Sites_Pesticides_adonis-300x211.png\" alt='' title='Sites_Pesticides_adonis'  height=\"211\" width=\"300\"  itemprop=\"thumbnailUrl\" srcset=\"https:\/\/www.fredonoccitanie.com\/captages\/wp-content\/uploads\/sites\/3\/2025\/08\/Sites_Pesticides_adonis-300x211.png 300w, https:\/\/www.fredonoccitanie.com\/captages\/wp-content\/uploads\/sites\/3\/2025\/08\/Sites_Pesticides_adonis-768x539.png 768w, https:\/\/www.fredonoccitanie.com\/captages\/wp-content\/uploads\/sites\/3\/2025\/08\/Sites_Pesticides_adonis-705x495.png 705w, https:\/\/www.fredonoccitanie.com\/captages\/wp-content\/uploads\/sites\/3\/2025\/08\/Sites_Pesticides_adonis.png 1010w\" sizes=\"(max-width: 300px) 100vw, 300px\" \/><\/a><\/div><\/div><\/div><br \/>\n<section  class='av_textblock_section av-miygasor-8a85e608f0f4865a8bb8a09477f92026 '   itemscope=\"itemscope\" itemtype=\"https:\/\/schema.org\/CreativeWork\" ><div class='avia_textblock'  itemprop=\"text\" ><div class=\"vc-hoverbox-block vc-hoverbox-back\">\n<div class=\"vc-hoverbox-block vc-hoverbox-back\">\n<div class=\"vc-hoverbox-block-inner vc-hoverbox-back-inner\">\n<div class=\"vc-hoverbox-block vc-hoverbox-back\">\n<div class=\"vc-hoverbox-block-inner vc-hoverbox-back-inner\">\n<div class=\"vc-hoverbox-block vc-hoverbox-back\">\n<div class=\"vc-hoverbox-block-inner vc-hoverbox-back-inner\">\n<div class=\"vc-hoverbox-block vc-hoverbox-back\">\n<div class=\"vc-hoverbox-block-inner vc-hoverbox-back-inner\">\n<div class=\"vc-hoverbox-block vc-hoverbox-back\">\n<div class=\"vc-hoverbox-block-inner vc-hoverbox-back-inner\">\n<div class=\"vc-hoverbox-block vc-hoverbox-back\">\n<div class=\"vc-hoverbox-block-inner vc-hoverbox-back-inner\">\n<div class=\"vc-hoverbox-block vc-hoverbox-back\">\n<h3>Adonis<\/h3>\n<p class=\"vc-hoverbox-block-inner vc-hoverbox-back-inner\"><!--StartFragment --><span class=\"cf0\">La <a href=\"https:\/\/solagro.org\/nos-domaines-d-intervention\/agroecologie\/carte-pesticides-adonis\">carte Adonis, r\u00e9alis\u00e9e par Solagro, <\/a>montre l\u2019utilisation des produits phytosanitaires sur le territoire, sur la base des IFT communaux. L\u2019indice se rapporte uniquement aux surfaces agricoles sans tenir compte de la proportion atteinte par celle-ci dans la commune.<\/span><!--EndFragment --><\/p>\n<\/div>\n<\/div>\n<\/div>\n<\/div>\n<\/div>\n<\/div>\n<\/div>\n<\/div>\n<\/div>\n<\/div>\n<\/div>\n<\/div>\n<\/div>\n<\/div>\n<\/div><\/section><\/p><\/div>\n\n<style type=\"text\/css\" data-created_by=\"avia_inline_auto\" id=\"style-css-av-4473eio-5f5ed98c4e243779c833ab809f96c901\">\n.flex_column.av-4473eio-5f5ed98c4e243779c833ab809f96c901{\nborder-radius:0px 0px 0px 0px;\npadding:0px 0px 0px 0px;\n}\n<\/style>\n<div  class='flex_column av-4473eio-5f5ed98c4e243779c833ab809f96c901 av_one_fourth  avia-builder-el-61  el_after_av_one_fourth  el_before_av_one_fourth  flex_column_div av-zero-column-padding  column-top-margin'     ><p>\n<style type=\"text\/css\" data-created_by=\"avia_inline_auto\" id=\"style-css-av-3ezdxmo-9cc49dc1c1ac35715e61ec46d750e936\">\n.avia-image-container.av-3ezdxmo-9cc49dc1c1ac35715e61ec46d750e936 img.avia_image{\nbox-shadow:none;\n}\n.avia-image-container.av-3ezdxmo-9cc49dc1c1ac35715e61ec46d750e936 .av-image-caption-overlay-center{\ncolor:#ffffff;\n}\n<\/style>\n<div  class='avia-image-container av-3ezdxmo-9cc49dc1c1ac35715e61ec46d750e936 av-styling- av-img-linked avia-align-center  avia-builder-el-62  el_before_av_textblock  avia-builder-el-first '   itemprop=\"image\" itemscope=\"itemscope\" itemtype=\"https:\/\/schema.org\/ImageObject\" ><div class=\"avia-image-container-inner\"><div class=\"avia-image-overlay-wrap\"><a href=\"https:\/\/ventes-produits-phytopharmaceutiques.eaufrance.fr\/\" class='avia_image '  target=\"_blank\"  rel=\"noopener noreferrer\" aria-label='Capturea'><img decoding=\"async\" fetchpriority=\"high\" class='wp-image-9443 avia-img-lazy-loading-not-9443 avia_image ' src=\"https:\/\/www.fredonoccitanie.com\/captages\/wp-content\/uploads\/sites\/3\/2022\/06\/Capturea-300x143.png\" alt='' title='Capturea'  height=\"143\" width=\"300\"  itemprop=\"thumbnailUrl\" srcset=\"https:\/\/www.fredonoccitanie.com\/captages\/wp-content\/uploads\/sites\/3\/2022\/06\/Capturea-300x143.png 300w, https:\/\/www.fredonoccitanie.com\/captages\/wp-content\/uploads\/sites\/3\/2022\/06\/Capturea-1030x491.png 1030w, https:\/\/www.fredonoccitanie.com\/captages\/wp-content\/uploads\/sites\/3\/2022\/06\/Capturea-768x366.png 768w, https:\/\/www.fredonoccitanie.com\/captages\/wp-content\/uploads\/sites\/3\/2022\/06\/Capturea-1536x732.png 1536w, https:\/\/www.fredonoccitanie.com\/captages\/wp-content\/uploads\/sites\/3\/2022\/06\/Capturea-1500x715.png 1500w, https:\/\/www.fredonoccitanie.com\/captages\/wp-content\/uploads\/sites\/3\/2022\/06\/Capturea-705x336.png 705w, https:\/\/www.fredonoccitanie.com\/captages\/wp-content\/uploads\/sites\/3\/2022\/06\/Capturea.png 1742w\" sizes=\"(max-width: 300px) 100vw, 300px\" \/><\/a><\/div><\/div><\/div><br \/>\n<section  class='av_textblock_section av-2uc6j6o-36f876bf6d2d7acf4df9f0b0b98e278e '   itemscope=\"itemscope\" itemtype=\"https:\/\/schema.org\/CreativeWork\" ><div class='avia_textblock'  itemprop=\"text\" ><div class=\"vc-hoverbox-block vc-hoverbox-back\">\n<div class=\"vc-hoverbox-block vc-hoverbox-back\">\n<div class=\"vc-hoverbox-block-inner vc-hoverbox-back-inner\">\n<div class=\"vc-hoverbox-block vc-hoverbox-back\">\n<div class=\"vc-hoverbox-block-inner vc-hoverbox-back-inner\">\n<div class=\"vc-hoverbox-block vc-hoverbox-back\">\n<div class=\"vc-hoverbox-block-inner vc-hoverbox-back-inner\">\n<div class=\"vc-hoverbox-block vc-hoverbox-back\">\n<div class=\"vc-hoverbox-block-inner vc-hoverbox-back-inner\">\n<div class=\"vc-hoverbox-block vc-hoverbox-back\">\n<div class=\"vc-hoverbox-block-inner vc-hoverbox-back-inner\">\n<div class=\"vc-hoverbox-block vc-hoverbox-back\">\n<div class=\"vc-hoverbox-block-inner vc-hoverbox-back-inner\">\n<div class=\"vc-hoverbox-block vc-hoverbox-back\">\n<h3>BNV-D Tra\u00e7abilit\u00e9<\/h3>\n<p class=\"vc-hoverbox-block-inner vc-hoverbox-back-inner\">Cet <a href=\"https:\/\/ventes-produits-phytopharmaceutiques.eaufrance.fr\/\">outil de visualisation<\/a> et d&rsquo;export des donn\u00e9es d&rsquo;achats et de vente territorialis\u00e9es des produits phytopharmaceutiques en France, vous donne acc\u00e8s aux donn\u00e9es ouvertes de la Banque Nationale des Ventes des distributeurs (BNV-d). Vous pouvez via cet outil suivre <strong>l\u2019\u00e9volution de l\u2019utilisation des produits phytosanitaires \u00e0 une \u00e9chelle allant de la France enti\u00e8re au code postal de l\u2019acheteur.<\/strong><\/p>\n<\/div>\n<\/div>\n<\/div>\n<\/div>\n<\/div>\n<\/div>\n<\/div>\n<\/div>\n<\/div>\n<\/div>\n<\/div>\n<\/div>\n<\/div>\n<\/div>\n<\/div><\/section><\/p><\/div>\n\n<style type=\"text\/css\" data-created_by=\"avia_inline_auto\" id=\"style-css-av-29jbihs-18391ded6a893283dc225b0659b33868\">\n.flex_column.av-29jbihs-18391ded6a893283dc225b0659b33868{\nborder-radius:0px 0px 0px 0px;\npadding:0px 0px 0px 0px;\n}\n<\/style>\n<div  class='flex_column av-29jbihs-18391ded6a893283dc225b0659b33868 av_one_fourth  avia-builder-el-64  el_after_av_one_fourth  el_before_av_one_fourth  flex_column_div av-zero-column-padding  column-top-margin'     ><p>\n<style type=\"text\/css\" data-created_by=\"avia_inline_auto\" id=\"style-css-av-lsa5smge-cc6e553a7893a5d707cbe87b8dcde3b7\">\n.avia-image-container.av-lsa5smge-cc6e553a7893a5d707cbe87b8dcde3b7 img.avia_image{\nbox-shadow:none;\n}\n.avia-image-container.av-lsa5smge-cc6e553a7893a5d707cbe87b8dcde3b7 .av-image-caption-overlay-center{\ncolor:#ffffff;\n}\n<\/style>\n<div  class='avia-image-container av-lsa5smge-cc6e553a7893a5d707cbe87b8dcde3b7 av-styling- av-img-linked avia-align-center  avia-builder-el-65  el_before_av_textblock  avia-builder-el-first '   itemprop=\"image\" itemscope=\"itemscope\" itemtype=\"https:\/\/schema.org\/ImageObject\" ><div class=\"avia-image-container-inner\"><div class=\"avia-image-overlay-wrap\"><a href=\"https:\/\/substances.ineris.fr\/fr\/\" class='avia_image '  target=\"_blank\"  rel=\"noopener noreferrer\" aria-label='raisovert'><img decoding=\"async\" fetchpriority=\"high\" class='wp-image-10912 avia-img-lazy-loading-not-10912 avia_image ' src=\"https:\/\/www.fredonoccitanie.com\/captages\/wp-content\/uploads\/sites\/3\/2023\/11\/raisovert.png\" alt='' title='raisovert'  height=\"857\" width=\"1547\"  itemprop=\"thumbnailUrl\" srcset=\"https:\/\/www.fredonoccitanie.com\/captages\/wp-content\/uploads\/sites\/3\/2023\/11\/raisovert.png 1547w, https:\/\/www.fredonoccitanie.com\/captages\/wp-content\/uploads\/sites\/3\/2023\/11\/raisovert-300x166.png 300w, https:\/\/www.fredonoccitanie.com\/captages\/wp-content\/uploads\/sites\/3\/2023\/11\/raisovert-1030x571.png 1030w, https:\/\/www.fredonoccitanie.com\/captages\/wp-content\/uploads\/sites\/3\/2023\/11\/raisovert-768x425.png 768w, https:\/\/www.fredonoccitanie.com\/captages\/wp-content\/uploads\/sites\/3\/2023\/11\/raisovert-1536x851.png 1536w, https:\/\/www.fredonoccitanie.com\/captages\/wp-content\/uploads\/sites\/3\/2023\/11\/raisovert-1500x831.png 1500w, https:\/\/www.fredonoccitanie.com\/captages\/wp-content\/uploads\/sites\/3\/2023\/11\/raisovert-705x391.png 705w\" sizes=\"(max-width: 1547px) 100vw, 1547px\" \/><\/a><\/div><\/div><\/div><br \/>\n<section  class='av_textblock_section av-lsa5su5e-b38f28e2dd9c551ce1faf3d4479e5c2a '   itemscope=\"itemscope\" itemtype=\"https:\/\/schema.org\/CreativeWork\" ><div class='avia_textblock'  itemprop=\"text\" ><div class=\"vc-hoverbox-block vc-hoverbox-back\">\n<div class=\"vc-hoverbox-block vc-hoverbox-back\">\n<div class=\"vc-hoverbox-block-inner vc-hoverbox-back-inner\">\n<div class=\"vc-hoverbox-block vc-hoverbox-back\">\n<div class=\"vc-hoverbox-block-inner vc-hoverbox-back-inner\">\n<div class=\"vc-hoverbox-block vc-hoverbox-back\">\n<div class=\"vc-hoverbox-block-inner vc-hoverbox-back-inner\">\n<div class=\"vc-hoverbox-block vc-hoverbox-back\">\n<div class=\"vc-hoverbox-block-inner vc-hoverbox-back-inner\">\n<div class=\"vc-hoverbox-block vc-hoverbox-back\">\n<div class=\"vc-hoverbox-block-inner vc-hoverbox-back-inner\">\n<section class=\"av_textblock_section \">\n<div class=\"avia_textblock \">\n<div class=\"vc-hoverbox-block vc-hoverbox-back\">\n<div class=\"vc-hoverbox-block vc-hoverbox-back\">\n<div class=\"vc-hoverbox-block-inner vc-hoverbox-back-inner\">\n<div class=\"vc-hoverbox-block vc-hoverbox-back\">\n<div class=\"vc-hoverbox-block-inner vc-hoverbox-back-inner\">\n<div class=\"vc-hoverbox-block vc-hoverbox-back\">\n<div class=\"vc-hoverbox-block-inner vc-hoverbox-back-inner\">\n<div class=\"vc-hoverbox-block vc-hoverbox-back\">\n<div class=\"vc-hoverbox-block-inner vc-hoverbox-back-inner\">\n<div class=\"vc-hoverbox-block vc-hoverbox-back\">\n<div class=\"vc-hoverbox-block-inner vc-hoverbox-back-inner\">\n<div class=\"vc-hoverbox-block vc-hoverbox-back\">\n<div class=\"vc-hoverbox-block-inner vc-hoverbox-back-inner\">\n<div class=\"vc-hoverbox-block vc-hoverbox-back\">\n<div class=\"vc-hoverbox-block-inner vc-hoverbox-back-inner\">\n<h3>Pesticides : veille r\u00e9glementaire et technique (Raisovert)<\/h3>\n<\/div>\n<div class=\"vc-hoverbox-block-inner vc-hoverbox-back-inner\">\n<p>Dans cette <a href=\"http:\/\/www.raisovert.fr\/actualites\/\">rubrique de veille<\/a> de l\u2019organisme de formation Raisovert, retrouvez les derniers textes r\u00e9glementaires, souvent annot\u00e9s ou comment\u00e9s, qui vous permettront de suivre ais\u00e9ment les actualit\u00e9s en mati\u00e8re de produits phytopharmaceutiques et biocides.<\/p>\n<\/div>\n<\/div>\n<\/div>\n<\/div>\n<\/div>\n<\/div>\n<\/div>\n<\/div>\n<\/div>\n<\/div>\n<\/div>\n<\/div>\n<\/div>\n<\/div>\n<\/div>\n<\/div>\n<\/section>\n<\/div>\n<\/div>\n<\/div>\n<\/div>\n<\/div>\n<\/div>\n<\/div>\n<\/div>\n<\/div>\n<\/div>\n<\/div>\n<\/div><\/section><\/p><\/div>\n\n<style type=\"text\/css\" data-created_by=\"avia_inline_auto\" id=\"style-css-av-1qtctpc-e06376c67f827191cd58bcd06f3cdbde\">\n.flex_column.av-1qtctpc-e06376c67f827191cd58bcd06f3cdbde{\nborder-radius:0px 0px 0px 0px;\npadding:0px 0px 0px 0px;\n}\n<\/style>\n<div  class='flex_column av-1qtctpc-e06376c67f827191cd58bcd06f3cdbde av_one_fourth  avia-builder-el-67  el_after_av_one_fourth  el_before_av_one_fourth  flex_column_div av-zero-column-padding  column-top-margin'     ><p>\n<style type=\"text\/css\" data-created_by=\"avia_inline_auto\" id=\"style-css-av-1ax2z1c-d93a96c0ad3b3b317976a0a5a20ef2e3\">\n.avia-image-container.av-1ax2z1c-d93a96c0ad3b3b317976a0a5a20ef2e3 img.avia_image{\nbox-shadow:none;\n}\n.avia-image-container.av-1ax2z1c-d93a96c0ad3b3b317976a0a5a20ef2e3 .av-image-caption-overlay-center{\ncolor:#ffffff;\n}\n<\/style>\n<div  class='avia-image-container av-1ax2z1c-d93a96c0ad3b3b317976a0a5a20ef2e3 av-styling- av-img-linked avia-align-center  avia-builder-el-68  el_before_av_textblock  avia-builder-el-first '   itemprop=\"image\" itemscope=\"itemscope\" itemtype=\"https:\/\/schema.org\/ImageObject\" ><div class=\"avia-image-container-inner\"><div class=\"avia-image-overlay-wrap\"><a href=\"https:\/\/substances.ineris.fr\/fr\/\" class='avia_image '  target=\"_blank\"  rel=\"noopener noreferrer\" aria-label='Ineris-2'><img decoding=\"async\" fetchpriority=\"high\" class='wp-image-8472 avia-img-lazy-loading-not-8472 avia_image ' src=\"https:\/\/www.fredonoccitanie.com\/captages\/wp-content\/uploads\/sites\/3\/2021\/07\/Ineris-2-300x243.png\" alt='' title='Ineris-2'  height=\"243\" width=\"300\"  itemprop=\"thumbnailUrl\" srcset=\"https:\/\/www.fredonoccitanie.com\/captages\/wp-content\/uploads\/sites\/3\/2021\/07\/Ineris-2-300x243.png 300w, https:\/\/www.fredonoccitanie.com\/captages\/wp-content\/uploads\/sites\/3\/2021\/07\/Ineris-2-495x400.png 495w, https:\/\/www.fredonoccitanie.com\/captages\/wp-content\/uploads\/sites\/3\/2021\/07\/Ineris-2.png 690w\" sizes=\"(max-width: 300px) 100vw, 300px\" \/><\/a><\/div><\/div><\/div><br \/>\n<section  class='av_textblock_section av-kwk4gw-4d85700b1d26b23a85c9df2be490c1f9 '   itemscope=\"itemscope\" itemtype=\"https:\/\/schema.org\/CreativeWork\" ><div class='avia_textblock'  itemprop=\"text\" ><div class=\"vc-hoverbox-block vc-hoverbox-back\">\n<div class=\"vc-hoverbox-block vc-hoverbox-back\">\n<div class=\"vc-hoverbox-block-inner vc-hoverbox-back-inner\">\n<div class=\"vc-hoverbox-block vc-hoverbox-back\">\n<div class=\"vc-hoverbox-block-inner vc-hoverbox-back-inner\">\n<div class=\"vc-hoverbox-block vc-hoverbox-back\">\n<div class=\"vc-hoverbox-block-inner vc-hoverbox-back-inner\">\n<div class=\"vc-hoverbox-block vc-hoverbox-back\">\n<div class=\"vc-hoverbox-block-inner vc-hoverbox-back-inner\">\n<div class=\"vc-hoverbox-block vc-hoverbox-back\">\n<div class=\"vc-hoverbox-block-inner vc-hoverbox-back-inner\">\n<h3>INERIS<\/h3>\n<p>Depuis 2009, ce portail centralise dans une seule et m\u00eame base toutes les donn\u00e9es produites par l\u2019INERIS<span class=\"st\">. D\u00e9couvrez<\/span> les risques et impacts connus de chaque pesticide : donn\u00e9es toxicologiques, \u00e9co-toxicologiques, physico-chimiques, etc.<\/p>\n<p>Consultez toutes les fiches d\u00e9di\u00e9es sur le site web du <a href=\"https:\/\/substances.ineris.fr\/fr\/\">Portal substances chimiques<\/a><\/p>\n<\/div>\n<\/div>\n<\/div>\n<\/div>\n<\/div>\n<\/div>\n<\/div>\n<\/div>\n<\/div>\n<\/div>\n<\/div>\n<\/div><\/section><\/p><\/div>\n\n<style type=\"text\/css\" data-created_by=\"avia_inline_auto\" id=\"style-css-av-k9zoc-3e5b6fa499150cbc6f209f01708010c2\">\n.flex_column.av-k9zoc-3e5b6fa499150cbc6f209f01708010c2{\nborder-radius:0px 0px 0px 0px;\npadding:0px 0px 0px 0px;\n}\n<\/style>\n<div  class='flex_column av-k9zoc-3e5b6fa499150cbc6f209f01708010c2 av_one_fourth  avia-builder-el-70  el_after_av_one_fourth  el_before_av_one_fourth  first flex_column_div av-zero-column-padding  column-top-margin'     ><p>\n<style type=\"text\/css\" data-created_by=\"avia_inline_auto\" id=\"style-css-av-kraeog48-13722e3e02ff068b71fb3e4e1c0ffda6\">\n.avia-image-container.av-kraeog48-13722e3e02ff068b71fb3e4e1c0ffda6 img.avia_image{\nbox-shadow:none;\n}\n.avia-image-container.av-kraeog48-13722e3e02ff068b71fb3e4e1c0ffda6 .av-image-caption-overlay-center{\ncolor:#ffffff;\n}\n<\/style>\n<div  class='avia-image-container av-kraeog48-13722e3e02ff068b71fb3e4e1c0ffda6 av-styling- av-img-linked avia-align-center  avia-builder-el-71  el_before_av_textblock  avia-builder-el-first '   itemprop=\"image\" itemscope=\"itemscope\" itemtype=\"https:\/\/schema.org\/ImageObject\" ><div class=\"avia-image-container-inner\"><div class=\"avia-image-overlay-wrap\"><a href=\"https:\/\/alim.agriculture.gouv.fr\/ift\/\" class='avia_image '  target=\"_blank\"  rel=\"noopener noreferrer\" aria-label='Atelier_IFT-1024x510'><img decoding=\"async\" fetchpriority=\"high\" class='wp-image-8464 avia-img-lazy-loading-not-8464 avia_image ' src=\"https:\/\/www.fredonoccitanie.com\/captages\/wp-content\/uploads\/sites\/3\/2021\/07\/Atelier_IFT-1024x510-1-300x149.png\" alt='' title='Atelier_IFT-1024x510'  height=\"149\" width=\"300\"  itemprop=\"thumbnailUrl\" srcset=\"https:\/\/www.fredonoccitanie.com\/captages\/wp-content\/uploads\/sites\/3\/2021\/07\/Atelier_IFT-1024x510-1-300x149.png 300w, https:\/\/www.fredonoccitanie.com\/captages\/wp-content\/uploads\/sites\/3\/2021\/07\/Atelier_IFT-1024x510-1-768x383.png 768w, https:\/\/www.fredonoccitanie.com\/captages\/wp-content\/uploads\/sites\/3\/2021\/07\/Atelier_IFT-1024x510-1-705x351.png 705w, https:\/\/www.fredonoccitanie.com\/captages\/wp-content\/uploads\/sites\/3\/2021\/07\/Atelier_IFT-1024x510-1.png 1024w\" sizes=\"(max-width: 300px) 100vw, 300px\" \/><\/a><\/div><\/div><\/div><br \/>\n<section  class='av_textblock_section av-kraeo1wl-e841d6ba55a5e24fc5ba4709c22a8c1a '   itemscope=\"itemscope\" itemtype=\"https:\/\/schema.org\/CreativeWork\" ><div class='avia_textblock'  itemprop=\"text\" ><div class=\"vc-hoverbox-block vc-hoverbox-back\">\n<div class=\"vc-hoverbox-block vc-hoverbox-back\">\n<div class=\"vc-hoverbox-block-inner vc-hoverbox-back-inner\">\n<div class=\"vc-hoverbox-block vc-hoverbox-back\">\n<div class=\"vc-hoverbox-block-inner vc-hoverbox-back-inner\">\n<div class=\"vc-hoverbox-block vc-hoverbox-back\">\n<div class=\"vc-hoverbox-block-inner vc-hoverbox-back-inner\">\n<div class=\"vc-hoverbox-block vc-hoverbox-back\">\n<div class=\"vc-hoverbox-block-inner vc-hoverbox-back-inner\">\n<div class=\"vc-hoverbox-block vc-hoverbox-back\">\n<div class=\"vc-hoverbox-block-inner vc-hoverbox-back-inner\">\n<div class=\"vc-hoverbox-block vc-hoverbox-back\">\n<div class=\"vc-hoverbox-block-inner vc-hoverbox-back-inner\">\n<h3>Atelier de calcul IFT<\/h3>\n<p><strong>Anonyme<\/strong> et <strong>gratuit<\/strong>, cet outil du Minist\u00e8re de l\u2019Agriculture et l\u2019Alimentation (MAA) permet \u00e0 tout usager de <strong>calculer un IFT ou un bilan phytosanitaire certifi\u00e9<\/strong> par le Minist\u00e8re de l\u2019Agriculture et de l\u2019Alimentation.<\/p>\n<p>Vous y trouverez \u00e9galement les doses de r\u00e9f\u00e9rence par cible ou produit, t\u00e9l\u00e9chargeables en libre acc\u00e8s et sous format CSV.<\/p>\n<p>A retrouver ici : <a href=\"https:\/\/alim.agriculture.gouv.fr\/ift\/\">https:\/\/alim.agriculture.gouv.fr\/ift<\/a><\/p>\n<\/div>\n<\/div>\n<\/div>\n<\/div>\n<\/div>\n<\/div>\n<\/div>\n<\/div>\n<\/div>\n<\/div>\n<\/div>\n<\/div>\n<\/div>\n<\/div><\/section><\/p><\/div>\n\n<style type=\"text\/css\" data-created_by=\"avia_inline_auto\" id=\"style-css-av-1ggj6ow-44629dc2e5c5529cdb113bc15c238652\">\n.flex_column.av-1ggj6ow-44629dc2e5c5529cdb113bc15c238652{\nborder-radius:0px 0px 0px 0px;\npadding:0px 0px 0px 0px;\n}\n<\/style>\n<div  class='flex_column av-1ggj6ow-44629dc2e5c5529cdb113bc15c238652 av_one_fourth  avia-builder-el-73  el_after_av_one_fourth  el_before_av_one_fourth  flex_column_div av-zero-column-padding  column-top-margin'     ><p>\n<style type=\"text\/css\" data-created_by=\"avia_inline_auto\" id=\"style-css-av-15jxye8-bc191e945542d13a921ed028019e87af\">\n.avia-image-container.av-15jxye8-bc191e945542d13a921ed028019e87af img.avia_image{\nbox-shadow:none;\n}\n.avia-image-container.av-15jxye8-bc191e945542d13a921ed028019e87af .av-image-caption-overlay-center{\ncolor:#ffffff;\n}\n<\/style>\n<div  class='avia-image-container av-15jxye8-bc191e945542d13a921ed028019e87af av-styling- av-img-linked avia-align-center  avia-builder-el-74  el_before_av_textblock  avia-builder-el-first '   itemprop=\"image\" itemscope=\"itemscope\" itemtype=\"https:\/\/schema.org\/ImageObject\" ><div class=\"avia-image-container-inner\"><div class=\"avia-image-overlay-wrap\"><a href=\"https:\/\/substances.ineris.fr\/fr\/\" class='avia_image '  target=\"_blank\"  rel=\"noopener noreferrer\" aria-label='ppv'><img decoding=\"async\" fetchpriority=\"high\" class='wp-image-10911 avia-img-lazy-loading-not-10911 avia_image ' src=\"https:\/\/www.fredonoccitanie.com\/captages\/wp-content\/uploads\/sites\/3\/2023\/11\/ppv.png\" alt='' title='ppv'  height=\"920\" width=\"1705\"  itemprop=\"thumbnailUrl\" srcset=\"https:\/\/www.fredonoccitanie.com\/captages\/wp-content\/uploads\/sites\/3\/2023\/11\/ppv.png 1705w, https:\/\/www.fredonoccitanie.com\/captages\/wp-content\/uploads\/sites\/3\/2023\/11\/ppv-300x162.png 300w, https:\/\/www.fredonoccitanie.com\/captages\/wp-content\/uploads\/sites\/3\/2023\/11\/ppv-1030x556.png 1030w, https:\/\/www.fredonoccitanie.com\/captages\/wp-content\/uploads\/sites\/3\/2023\/11\/ppv-768x414.png 768w, https:\/\/www.fredonoccitanie.com\/captages\/wp-content\/uploads\/sites\/3\/2023\/11\/ppv-1536x829.png 1536w, https:\/\/www.fredonoccitanie.com\/captages\/wp-content\/uploads\/sites\/3\/2023\/11\/ppv-1500x809.png 1500w, https:\/\/www.fredonoccitanie.com\/captages\/wp-content\/uploads\/sites\/3\/2023\/11\/ppv-705x380.png 705w\" sizes=\"(max-width: 1705px) 100vw, 1705px\" \/><\/a><\/div><\/div><\/div><br \/>\n<section  class='av_textblock_section av-lzhvfk-c8290625f8e9ae1f33b459e32b033065 '   itemscope=\"itemscope\" itemtype=\"https:\/\/schema.org\/CreativeWork\" ><div class='avia_textblock'  itemprop=\"text\" ><div class=\"vc-hoverbox-block vc-hoverbox-back\">\n<div class=\"vc-hoverbox-block vc-hoverbox-back\">\n<div class=\"vc-hoverbox-block-inner vc-hoverbox-back-inner\">\n<div class=\"vc-hoverbox-block vc-hoverbox-back\">\n<div class=\"vc-hoverbox-block-inner vc-hoverbox-back-inner\">\n<div class=\"vc-hoverbox-block vc-hoverbox-back\">\n<div class=\"vc-hoverbox-block-inner vc-hoverbox-back-inner\">\n<div class=\"vc-hoverbox-block vc-hoverbox-back\">\n<div class=\"vc-hoverbox-block-inner vc-hoverbox-back-inner\">\n<div class=\"vc-hoverbox-block vc-hoverbox-back\">\n<div class=\"vc-hoverbox-block-inner vc-hoverbox-back-inner\">\n<section class=\"av_textblock_section \">\n<div class=\"avia_textblock \">\n<div class=\"vc-hoverbox-block vc-hoverbox-back\">\n<div class=\"vc-hoverbox-block vc-hoverbox-back\">\n<div class=\"vc-hoverbox-block-inner vc-hoverbox-back-inner\">\n<div class=\"vc-hoverbox-block vc-hoverbox-back\">\n<div class=\"vc-hoverbox-block-inner vc-hoverbox-back-inner\">\n<div class=\"vc-hoverbox-block vc-hoverbox-back\">\n<div class=\"vc-hoverbox-block-inner vc-hoverbox-back-inner\">\n<div class=\"vc-hoverbox-block vc-hoverbox-back\">\n<div class=\"vc-hoverbox-block-inner vc-hoverbox-back-inner\">\n<div class=\"vc-hoverbox-block vc-hoverbox-back\">\n<div class=\"vc-hoverbox-block-inner vc-hoverbox-back-inner\">\n<div class=\"vc-hoverbox-block vc-hoverbox-back\">\n<div class=\"vc-hoverbox-block-inner vc-hoverbox-back-inner\">\n<div class=\"vc-hoverbox-block vc-hoverbox-back\">\n<div class=\"vc-hoverbox-block-inner vc-hoverbox-back-inner\">\n<h3>Fiches de phytopharmacovigilance PPV (ANSES)<\/h3>\n<p>Par l\u2019interm\u00e9diaire de <a href=\"https:\/\/www.anses.fr\/fr\/content\/fiches-de-phytopharmacovigilance-ppv\">fiches descriptives synth\u00e9tiques<\/a> d\u00e9di\u00e9es chacune \u00e0 une substance active, l\u2019Anses met \u00e0 disposition l\u2019ensemble des donn\u00e9es qu\u2019elle recueille aupr\u00e8s des dispositifs de surveillance et de vigilance partenaires de la phytopharmacovigilance..<\/p>\n<\/div>\n<\/div>\n<\/div>\n<\/div>\n<\/div>\n<\/div>\n<\/div>\n<\/div>\n<\/div>\n<\/div>\n<\/div>\n<\/div>\n<\/div>\n<\/div>\n<\/div>\n<\/div>\n<\/section>\n<\/div>\n<\/div>\n<\/div>\n<\/div>\n<\/div>\n<\/div>\n<\/div>\n<\/div>\n<\/div>\n<\/div>\n<\/div>\n<\/div><\/section><\/p><\/div>\n\n<style type=\"text\/css\" data-created_by=\"avia_inline_auto\" id=\"style-css-av-2ctdng-224c1993ff5c7a63a4fb1e465340789c\">\n.flex_column.av-2ctdng-224c1993ff5c7a63a4fb1e465340789c{\nborder-radius:0px 0px 0px 0px;\npadding:0px 0px 0px 0px;\n}\n<\/style>\n<div  class='flex_column av-2ctdng-224c1993ff5c7a63a4fb1e465340789c av_one_fourth  avia-builder-el-76  el_after_av_one_fourth  el_before_av_section  avia-builder-el-last  flex_column_div av-zero-column-padding  column-top-margin'     ><p>\n<style type=\"text\/css\" data-created_by=\"avia_inline_auto\" id=\"style-css-av-kraepdou-1f202aceaf2b37d7bc2a69749b74a1db\">\n.avia-image-container.av-kraepdou-1f202aceaf2b37d7bc2a69749b74a1db img.avia_image{\nbox-shadow:none;\n}\n.avia-image-container.av-kraepdou-1f202aceaf2b37d7bc2a69749b74a1db .av-image-caption-overlay-center{\ncolor:#ffffff;\n}\n<\/style>\n<div  class='avia-image-container av-kraepdou-1f202aceaf2b37d7bc2a69749b74a1db av-styling- av-img-linked avia-align-center  avia-builder-el-77  el_before_av_textblock  avia-builder-el-first '   itemprop=\"image\" itemscope=\"itemscope\" itemtype=\"https:\/\/schema.org\/ImageObject\" ><div class=\"avia-image-container-inner\"><div class=\"avia-image-overlay-wrap\"><a href=\"http:\/\/www.eau-seine-normandie.fr\/domaines-d-action\/micropolluants\" class='avia_image '  target=\"_blank\"  rel=\"noopener noreferrer\" aria-label='Guide_micropol_AESN'><img decoding=\"async\" fetchpriority=\"high\" class='wp-image-8470 avia-img-lazy-loading-not-8470 avia_image ' src=\"https:\/\/www.fredonoccitanie.com\/captages\/wp-content\/uploads\/sites\/3\/2021\/07\/Guide_micropol_AESN-300x215.png\" alt='' title='Guide_micropol_AESN'  height=\"215\" width=\"300\"  itemprop=\"thumbnailUrl\" srcset=\"https:\/\/www.fredonoccitanie.com\/captages\/wp-content\/uploads\/sites\/3\/2021\/07\/Guide_micropol_AESN-300x215.png 300w, https:\/\/www.fredonoccitanie.com\/captages\/wp-content\/uploads\/sites\/3\/2021\/07\/Guide_micropol_AESN-768x550.png 768w, https:\/\/www.fredonoccitanie.com\/captages\/wp-content\/uploads\/sites\/3\/2021\/07\/Guide_micropol_AESN-260x185.png 260w, https:\/\/www.fredonoccitanie.com\/captages\/wp-content\/uploads\/sites\/3\/2021\/07\/Guide_micropol_AESN-705x505.png 705w, https:\/\/www.fredonoccitanie.com\/captages\/wp-content\/uploads\/sites\/3\/2021\/07\/Guide_micropol_AESN.png 868w\" sizes=\"(max-width: 300px) 100vw, 300px\" \/><\/a><\/div><\/div><\/div><br \/>\n<section  class='av_textblock_section av-kraep7i6-e3c96c7a6895189304ef96ae60202158 '   itemscope=\"itemscope\" itemtype=\"https:\/\/schema.org\/CreativeWork\" ><div class='avia_textblock'  itemprop=\"text\" ><div class=\"vc-hoverbox-block vc-hoverbox-back\">\n<div class=\"vc-hoverbox-block vc-hoverbox-back\">\n<div class=\"vc-hoverbox-block-inner vc-hoverbox-back-inner\">\n<div class=\"vc-hoverbox-block vc-hoverbox-back\">\n<div class=\"vc-hoverbox-block-inner vc-hoverbox-back-inner\">\n<div class=\"vc-hoverbox-block vc-hoverbox-back\">\n<div class=\"vc-hoverbox-block-inner vc-hoverbox-back-inner\">\n<div class=\"vc-hoverbox-block vc-hoverbox-back\">\n<div class=\"vc-hoverbox-block-inner vc-hoverbox-back-inner\">\n<div class=\"vc-hoverbox-block vc-hoverbox-back\">\n<div class=\"vc-hoverbox-block-inner vc-hoverbox-back-inner\">\n<div class=\"vc-hoverbox-block vc-hoverbox-back\">\n<div class=\"vc-hoverbox-block-inner vc-hoverbox-back-inner\">\n<div class=\"vc-hoverbox-block vc-hoverbox-back\">\n<div class=\"vc-hoverbox-block-inner vc-hoverbox-back-inner\">\n<h3>Guide pratique des micropolluants (AESN)<\/h3>\n<p>Ce <a href=\"http:\/\/www.eau-seine-normandie.fr\/domaines-d-action\/micropolluants\">guide pratique<\/a> synth\u00e9tise et rend accessible l&rsquo;ensemble des donn\u00e9es cl\u00e9s en mati\u00e8re de micropolluants (dont les pesticides).<\/p>\n<p>L\u2019AESN a mobilis\u00e9 les comp\u00e9tences de l\u2019INERIS pour apporter un \u00e9clairage d\u2019expert sur les \u00e9l\u00e9ments li\u00e9s \u00e0 la toxicit\u00e9 et l\u2019\u00e9cotoxicit\u00e9 des substances, la connaissances des impacts sur les milieux et l\u2019homme.<\/p>\n<\/div>\n<\/div>\n<\/div>\n<\/div>\n<\/div>\n<\/div>\n<\/div>\n<\/div>\n<\/div>\n<\/div>\n<\/div>\n<\/div>\n<\/div>\n<\/div>\n<\/div>\n<\/div><\/section><\/p><\/div>\n<\/div><\/div><\/div><!-- close content main div --><\/div><\/div>\n<style type=\"text\/css\" data-created_by=\"avia_inline_auto\" id=\"style-css-av-314ia4-2900b45e0194513e71642fa42c815949\">\n.avia-section.av-314ia4-2900b45e0194513e71642fa42c815949{\nbackground-color:#f8ead4;\nbackground-image:unset;\n}\n<\/style>\n<div id='av_section_3'  class='avia-section av-314ia4-2900b45e0194513e71642fa42c815949 main_color avia-section-default avia-no-border-styling  avia-builder-el-79  el_after_av_one_fourth  el_before_av_one_full  avia-bg-style-scroll container_wrap fullsize'  ><div class='container av-section-cont-open' ><div class='template-page content  av-content-full alpha units'><div class='post-entry post-entry-type-page post-entry-10144'><div class='entry-content-wrapper clearfix'>\n\n<style type=\"text\/css\" data-created_by=\"avia_inline_auto\" id=\"style-css-av-4bjobg-470e561c3ad9c3ea779ecb4798a9f251\">\n.flex_column.av-4bjobg-470e561c3ad9c3ea779ecb4798a9f251{\nborder-radius:0px 0px 0px 0px;\npadding:0px 0px 0px 0px;\n}\n<\/style>\n<div  class='flex_column av-4bjobg-470e561c3ad9c3ea779ecb4798a9f251 av_one_full  avia-builder-el-80  el_before_av_one_fourth  avia-builder-el-first  first flex_column_div av-zero-column-padding  '     ><section  class='av_textblock_section av-krae47s8-4a1cf76d8ce304764d2c48e8592e29ce '   itemscope=\"itemscope\" itemtype=\"https:\/\/schema.org\/CreativeWork\" ><div class='avia_textblock'  itemprop=\"text\" ><h2 id=\"ancre3\" style=\"text-align: center\">Pratiques agricoles &#8211; occupation du sol<\/h2>\n<\/div><\/section><\/div>\n<style type=\"text\/css\" data-created_by=\"avia_inline_auto\" id=\"style-css-av-2m0iy4-40c2fc5db2da05fcfb70753c5a4b7ce1\">\n.flex_column.av-2m0iy4-40c2fc5db2da05fcfb70753c5a4b7ce1{\nborder-radius:0px 0px 0px 0px;\npadding:0px 0px 0px 0px;\n}\n<\/style>\n<div  class='flex_column av-2m0iy4-40c2fc5db2da05fcfb70753c5a4b7ce1 av_one_fourth  avia-builder-el-82  el_after_av_one_full  el_before_av_one_fourth  first flex_column_div av-zero-column-padding  column-top-margin'     ><p>\n<style type=\"text\/css\" data-created_by=\"avia_inline_auto\" id=\"style-css-av-l0743vg4-ece8ae5c4ea971501d0d9b22ff6ccb0e\">\n.avia-image-container.av-l0743vg4-ece8ae5c4ea971501d0d9b22ff6ccb0e img.avia_image{\nbox-shadow:none;\n}\n.avia-image-container.av-l0743vg4-ece8ae5c4ea971501d0d9b22ff6ccb0e .av-image-caption-overlay-center{\ncolor:#ffffff;\n}\n<\/style>\n<div  class='avia-image-container av-l0743vg4-ece8ae5c4ea971501d0d9b22ff6ccb0e av-styling- av-img-linked avia-align-center  avia-builder-el-83  el_before_av_textblock  avia-builder-el-first '   itemprop=\"image\" itemscope=\"itemscope\" itemtype=\"https:\/\/schema.org\/ImageObject\" ><div class=\"avia-image-container-inner\"><div class=\"avia-image-overlay-wrap\"><a href=\"https:\/\/tice.agroparistech.fr\/coursenligne\/courses\/RPGEXPLORER\/\" class='avia_image '  target=\"_blank\"  rel=\"noopener noreferrer\" aria-label='Capture11'><img decoding=\"async\" fetchpriority=\"high\" class='wp-image-9300 avia-img-lazy-loading-not-9300 avia_image ' src=\"https:\/\/www.fredonoccitanie.com\/captages\/wp-content\/uploads\/sites\/3\/2022\/02\/Capture11-300x180.png\" alt='' title='Capture11'  height=\"180\" width=\"300\"  itemprop=\"thumbnailUrl\" srcset=\"https:\/\/www.fredonoccitanie.com\/captages\/wp-content\/uploads\/sites\/3\/2022\/02\/Capture11-300x180.png 300w, https:\/\/www.fredonoccitanie.com\/captages\/wp-content\/uploads\/sites\/3\/2022\/02\/Capture11-1030x617.png 1030w, https:\/\/www.fredonoccitanie.com\/captages\/wp-content\/uploads\/sites\/3\/2022\/02\/Capture11-768x460.png 768w, https:\/\/www.fredonoccitanie.com\/captages\/wp-content\/uploads\/sites\/3\/2022\/02\/Capture11-705x423.png 705w, https:\/\/www.fredonoccitanie.com\/captages\/wp-content\/uploads\/sites\/3\/2022\/02\/Capture11.png 1223w\" sizes=\"(max-width: 300px) 100vw, 300px\" \/><\/a><\/div><\/div><\/div><br \/>\n<section  class='av_textblock_section av-l07481wg-5edd2ccc8128829844a20dc62c38dd07 '   itemscope=\"itemscope\" itemtype=\"https:\/\/schema.org\/CreativeWork\" ><div class='avia_textblock'  itemprop=\"text\" ><div class=\"vc-hoverbox-block vc-hoverbox-back\">\n<div class=\"vc-hoverbox-block vc-hoverbox-back\">\n<div class=\"vc-hoverbox-block-inner vc-hoverbox-back-inner\">\n<div class=\"vc-hoverbox-block vc-hoverbox-back\">\n<div class=\"vc-hoverbox-block-inner vc-hoverbox-back-inner\">\n<div class=\"vc-hoverbox-block vc-hoverbox-back\">\n<div class=\"vc-hoverbox-block-inner vc-hoverbox-back-inner\">\n<div class=\"vc-hoverbox-block vc-hoverbox-back\">\n<div class=\"vc-hoverbox-block-inner vc-hoverbox-back-inner\">\n<div class=\"vc-hoverbox-block vc-hoverbox-back\">\n<div class=\"vc-hoverbox-block-inner vc-hoverbox-back-inner\">\n<div class=\"vc-hoverbox-block vc-hoverbox-back\">\n<div class=\"vc-hoverbox-block-inner vc-hoverbox-back-inner\">\n<div class=\"vc-hoverbox-block vc-hoverbox-back\">\n<div class=\"vc-hoverbox-block-inner vc-hoverbox-back-inner\">\n<div class=\"vc-hoverbox-block vc-hoverbox-back\">\n<div class=\"vc-hoverbox-block-inner vc-hoverbox-back-inner\">\n<div class=\"vc-hoverbox-block vc-hoverbox-back\">\n<div class=\"vc-hoverbox-block-inner vc-hoverbox-back-inner\">\n<h3>RPG Explorer<\/h3>\n<p>Logiciel gratuit d\u00e9velopp\u00e9 pour analyser les dynamiques du paysage agricole \u00e0 partir des donn\u00e9es du Registre Parcellaire Graphique (RPG), <a href=\"https:\/\/tice.agroparistech.fr\/coursenligne\/courses\/RPGEXPLORER\/\">RPG Explorer<\/a> a \u00e9t\u00e9 con\u00e7u pour faciliter le traitement aux agronomes non-sp\u00e9cialistes du SIG. En valorisant les donn\u00e9es RPG, l&rsquo;outil fournit \u00e0 l&rsquo;utilisateur des informations sur la dynamique des territoires d&rsquo;exploitation et du paysage agricole.<\/p>\n<\/div>\n<\/div>\n<\/div>\n<\/div>\n<\/div>\n<\/div>\n<\/div>\n<\/div>\n<\/div>\n<\/div>\n<\/div>\n<\/div>\n<\/div>\n<\/div>\n<\/div>\n<\/div>\n<\/div>\n<\/div>\n<\/div>\n<\/div><\/section><\/p><\/div>\n<style type=\"text\/css\" data-created_by=\"avia_inline_auto\" id=\"style-css-av-c66cwc-c2f614e4bd0d1d54a4c5933066b841bf\">\n.flex_column.av-c66cwc-c2f614e4bd0d1d54a4c5933066b841bf{\nborder-radius:0px 0px 0px 0px;\npadding:0px 0px 0px 0px;\n}\n<\/style>\n<div  class='flex_column av-c66cwc-c2f614e4bd0d1d54a4c5933066b841bf av_one_fourth  avia-builder-el-85  el_after_av_one_fourth  el_before_av_one_fourth  flex_column_div av-zero-column-padding  column-top-margin'     ><p>\n<style type=\"text\/css\" data-created_by=\"avia_inline_auto\" id=\"style-css-av-kraes4mc-2c995b5bda7d21975532aa5bdaff6775\">\n.avia-image-container.av-kraes4mc-2c995b5bda7d21975532aa5bdaff6775 img.avia_image{\nbox-shadow:none;\n}\n.avia-image-container.av-kraes4mc-2c995b5bda7d21975532aa5bdaff6775 .av-image-caption-overlay-center{\ncolor:#ffffff;\n}\n<\/style>\n<div  class='avia-image-container av-kraes4mc-2c995b5bda7d21975532aa5bdaff6775 av-styling- av-img-linked avia-align-center  avia-builder-el-86  el_before_av_textblock  avia-builder-el-first '   itemprop=\"image\" itemscope=\"itemscope\" itemtype=\"https:\/\/schema.org\/ImageObject\" ><div class=\"avia-image-container-inner\"><div class=\"avia-image-overlay-wrap\"><a href=\"https:\/\/www.geoportail.gouv.fr\/donnees\/registre-parcellaire-graphique-rpg-2019\" class='avia_image '  target=\"_blank\"  rel=\"noopener noreferrer\" aria-label='RPG_Geoportail-1024x448'><img decoding=\"async\" fetchpriority=\"high\" class='wp-image-8477 avia-img-lazy-loading-not-8477 avia_image ' src=\"https:\/\/www.fredonoccitanie.com\/captages\/wp-content\/uploads\/sites\/3\/2021\/07\/RPG_Geoportail-1024x448-1-300x131.png\" alt='' title='RPG_Geoportail-1024x448'  height=\"131\" width=\"300\"  itemprop=\"thumbnailUrl\" srcset=\"https:\/\/www.fredonoccitanie.com\/captages\/wp-content\/uploads\/sites\/3\/2021\/07\/RPG_Geoportail-1024x448-1-300x131.png 300w, https:\/\/www.fredonoccitanie.com\/captages\/wp-content\/uploads\/sites\/3\/2021\/07\/RPG_Geoportail-1024x448-1-768x336.png 768w, https:\/\/www.fredonoccitanie.com\/captages\/wp-content\/uploads\/sites\/3\/2021\/07\/RPG_Geoportail-1024x448-1-705x308.png 705w, https:\/\/www.fredonoccitanie.com\/captages\/wp-content\/uploads\/sites\/3\/2021\/07\/RPG_Geoportail-1024x448-1.png 1024w\" sizes=\"(max-width: 300px) 100vw, 300px\" \/><\/a><\/div><\/div><\/div><br \/>\n<section  class='av_textblock_section av-kraersod-5c1bf7b4246c2d909d71c5c075675eb5 '   itemscope=\"itemscope\" itemtype=\"https:\/\/schema.org\/CreativeWork\" ><div class='avia_textblock'  itemprop=\"text\" ><div class=\"vc-hoverbox-block vc-hoverbox-back\">\n<div class=\"vc-hoverbox-block vc-hoverbox-back\">\n<div class=\"vc-hoverbox-block-inner vc-hoverbox-back-inner\">\n<div class=\"vc-hoverbox-block vc-hoverbox-back\">\n<div class=\"vc-hoverbox-block-inner vc-hoverbox-back-inner\">\n<div class=\"vc-hoverbox-block vc-hoverbox-back\">\n<div class=\"vc-hoverbox-block-inner vc-hoverbox-back-inner\">\n<div class=\"vc-hoverbox-block vc-hoverbox-back\">\n<div class=\"vc-hoverbox-block-inner vc-hoverbox-back-inner\">\n<div class=\"vc-hoverbox-block vc-hoverbox-back\">\n<div class=\"vc-hoverbox-block-inner vc-hoverbox-back-inner\">\n<div class=\"vc-hoverbox-block vc-hoverbox-back\">\n<div class=\"vc-hoverbox-block-inner vc-hoverbox-back-inner\">\n<div class=\"vc-hoverbox-block vc-hoverbox-back\">\n<div class=\"vc-hoverbox-block-inner vc-hoverbox-back-inner\">\n<div class=\"vc-hoverbox-block vc-hoverbox-back\">\n<div class=\"vc-hoverbox-block-inner vc-hoverbox-back-inner\">\n<div class=\"vc-hoverbox-block vc-hoverbox-back\">\n<div class=\"vc-hoverbox-block-inner vc-hoverbox-back-inner\">\n<h3>Registre parcellaire graphique (RPG) sur G\u00e9oportail<\/h3>\n<p>Le G\u00e9oportail est <span class=\"aCOpRe\">le portail national de la connaissance du territoire, mis en \u0153uvre par l\u2019IGN. Il <\/span>permet l\u2019acc\u00e8s \u00e0 des services de recherche et de visualisation de donn\u00e9es g\u00e9ographiques ou g\u00e9olocalis\u00e9es.<\/p>\n<p>Retrouvez sur <a href=\"https:\/\/www.geoportail.gouv.fr\/donnees\/registre-parcellaire-graphique-rpg-2019\">cette page sp\u00e9cifique<\/a> les donn\u00e9es g\u00e9ographiques du RPG 2019, vous permettant d\u2019explorer<\/p>\n<\/div>\n<\/div>\n<\/div>\n<\/div>\n<\/div>\n<\/div>\n<\/div>\n<\/div>\n<\/div>\n<\/div>\n<\/div>\n<\/div>\n<\/div>\n<\/div>\n<\/div>\n<\/div>\n<\/div>\n<\/div>\n<\/div>\n<\/div><\/section><\/p><\/div>\n<style type=\"text\/css\" data-created_by=\"avia_inline_auto\" id=\"style-css-av-fo51cs-783164a7e284241d42fbec71f290fda2\">\n.flex_column.av-fo51cs-783164a7e284241d42fbec71f290fda2{\nborder-radius:0px 0px 0px 0px;\npadding:0px 0px 0px 0px;\n}\n<\/style>\n<div  class='flex_column av-fo51cs-783164a7e284241d42fbec71f290fda2 av_one_fourth  avia-builder-el-88  el_after_av_one_fourth  el_before_av_one_fourth  flex_column_div av-zero-column-padding  column-top-margin'     ><p>\n<style type=\"text\/css\" data-created_by=\"avia_inline_auto\" id=\"style-css-av-kraeqe61-8e469cd7f77e1ef09a08921913e79dc8\">\n.avia-image-container.av-kraeqe61-8e469cd7f77e1ef09a08921913e79dc8 img.avia_image{\nbox-shadow:none;\n}\n.avia-image-container.av-kraeqe61-8e469cd7f77e1ef09a08921913e79dc8 .av-image-caption-overlay-center{\ncolor:#ffffff;\n}\n<\/style>\n<div  class='avia-image-container av-kraeqe61-8e469cd7f77e1ef09a08921913e79dc8 av-styling- av-img-linked avia-align-center  avia-builder-el-89  el_before_av_textblock  avia-builder-el-first '   itemprop=\"image\" itemscope=\"itemscope\" itemtype=\"https:\/\/schema.org\/ImageObject\" ><div class=\"avia-image-container-inner\"><div class=\"avia-image-overlay-wrap\"><a href=\"https:\/\/coclickeau.fr\/#\/home\" class='avia_image '  target=\"_blank\"  rel=\"noopener noreferrer\" aria-label='INRAE_Co-Click-Eau'><img decoding=\"async\" fetchpriority=\"high\" class='wp-image-9619 avia-img-lazy-loading-not-9619 avia_image ' src=\"https:\/\/www.fredonoccitanie.com\/captages\/wp-content\/uploads\/sites\/3\/2022\/09\/INRAE_Co-Click-Eau-300x134.png\" alt='' title='INRAE_Co-Click-Eau'  height=\"134\" width=\"300\"  itemprop=\"thumbnailUrl\" srcset=\"https:\/\/www.fredonoccitanie.com\/captages\/wp-content\/uploads\/sites\/3\/2022\/09\/INRAE_Co-Click-Eau-300x134.png 300w, https:\/\/www.fredonoccitanie.com\/captages\/wp-content\/uploads\/sites\/3\/2022\/09\/INRAE_Co-Click-Eau-1030x461.png 1030w, https:\/\/www.fredonoccitanie.com\/captages\/wp-content\/uploads\/sites\/3\/2022\/09\/INRAE_Co-Click-Eau-768x343.png 768w, https:\/\/www.fredonoccitanie.com\/captages\/wp-content\/uploads\/sites\/3\/2022\/09\/INRAE_Co-Click-Eau-1536x687.png 1536w, https:\/\/www.fredonoccitanie.com\/captages\/wp-content\/uploads\/sites\/3\/2022\/09\/INRAE_Co-Click-Eau-1500x671.png 1500w, https:\/\/www.fredonoccitanie.com\/captages\/wp-content\/uploads\/sites\/3\/2022\/09\/INRAE_Co-Click-Eau-705x315.png 705w, https:\/\/www.fredonoccitanie.com\/captages\/wp-content\/uploads\/sites\/3\/2022\/09\/INRAE_Co-Click-Eau.png 1881w\" sizes=\"(max-width: 300px) 100vw, 300px\" \/><\/a><\/div><\/div><\/div><br \/>\n<section  class='av_textblock_section av-kraeqlb2-2ad9c313b4534438677c02f5c3d2a181 '   itemscope=\"itemscope\" itemtype=\"https:\/\/schema.org\/CreativeWork\" ><div class='avia_textblock'  itemprop=\"text\" ><div class=\"vc-hoverbox-block vc-hoverbox-back\">\n<div class=\"vc-hoverbox-block vc-hoverbox-back\">\n<div class=\"vc-hoverbox-block-inner vc-hoverbox-back-inner\">\n<div class=\"vc-hoverbox-block vc-hoverbox-back\">\n<div class=\"vc-hoverbox-block-inner vc-hoverbox-back-inner\">\n<div class=\"vc-hoverbox-block vc-hoverbox-back\">\n<div class=\"vc-hoverbox-block-inner vc-hoverbox-back-inner\">\n<div class=\"vc-hoverbox-block vc-hoverbox-back\">\n<div class=\"vc-hoverbox-block-inner vc-hoverbox-back-inner\">\n<div class=\"vc-hoverbox-block vc-hoverbox-back\">\n<div class=\"vc-hoverbox-block-inner vc-hoverbox-back-inner\">\n<div class=\"vc-hoverbox-block vc-hoverbox-back\">\n<div class=\"vc-hoverbox-block-inner vc-hoverbox-back-inner\">\n<div class=\"vc-hoverbox-block vc-hoverbox-back\">\n<div class=\"vc-hoverbox-block-inner vc-hoverbox-back-inner\">\n<div class=\"vc-hoverbox-block vc-hoverbox-back\">\n<div class=\"vc-hoverbox-block-inner vc-hoverbox-back-inner\">\n<h3>Co-Click&rsquo;Eau (INRAE)<\/h3>\n<p><a href=\"https:\/\/coclickeau.fr\/#\/home\">Co-click&rsquo;eau<\/a> est une <strong>d\u00e9marche participative<\/strong> de conception et \u00e9valuation de sc\u00e9narios de territoire. Elle mise sur le dialogue \u00e0 l&rsquo;\u00e9chelle locale pour explorer des <strong>sc\u00e9narios prospectifs<\/strong> qui tiennent compte des objectifs des acteurs concern\u00e9s. Cette d\u00e9marche de concertation peut vous int\u00e9resser si vous intervenez sur un <strong>territoire ou l\u2019\u00e9volution de l\u2019agriculture est en discussion<\/strong> : pr\u00e9servation de la qualit\u00e9 de l\u2019eau, alimentation durable, adaptation au climat\u2026<\/p>\n<\/div>\n<\/div>\n<\/div>\n<\/div>\n<\/div>\n<\/div>\n<\/div>\n<\/div>\n<\/div>\n<\/div>\n<\/div>\n<\/div>\n<\/div>\n<\/div>\n<\/div>\n<\/div>\n<\/div>\n<\/div><\/section><\/p><\/div>\n<style type=\"text\/css\" data-created_by=\"avia_inline_auto\" id=\"style-css-av-ehtbyk-7de692815a63a88224f7fa69c8eb58f7\">\n.flex_column.av-ehtbyk-7de692815a63a88224f7fa69c8eb58f7{\nborder-radius:0px 0px 0px 0px;\npadding:0px 0px 0px 0px;\n}\n<\/style>\n<div  class='flex_column av-ehtbyk-7de692815a63a88224f7fa69c8eb58f7 av_one_fourth  avia-builder-el-91  el_after_av_one_fourth  el_before_av_one_fourth  flex_column_div av-zero-column-padding  column-top-margin'     ><p>\n<style type=\"text\/css\" data-created_by=\"avia_inline_auto\" id=\"style-css-av-kraer7ku-81258e992cbd9aa64e89a146fa01829a\">\n.avia-image-container.av-kraer7ku-81258e992cbd9aa64e89a146fa01829a img.avia_image{\nbox-shadow:none;\n}\n.avia-image-container.av-kraer7ku-81258e992cbd9aa64e89a146fa01829a .av-image-caption-overlay-center{\ncolor:#ffffff;\n}\n<\/style>\n<div  class='avia-image-container av-kraer7ku-81258e992cbd9aa64e89a146fa01829a av-styling- av-img-linked avia-align-center  avia-builder-el-92  el_before_av_textblock  avia-builder-el-first '   itemprop=\"image\" itemscope=\"itemscope\" itemtype=\"https:\/\/schema.org\/ImageObject\" ><div class=\"avia-image-container-inner\"><div class=\"avia-image-overlay-wrap\"><a href=\": https:\/\/eaurmc.lizmap.com\/sie-rhone-mediterranee\/index.php\/view\/map\/?repository=themes&amp;project=SDAGEPdM2022_2027_RMC_LizmapV13\" class='avia_image '  target=\"_blank\"  rel=\"noopener noreferrer\" aria-label='Lizmap_AERMC-1024x587'><img decoding=\"async\" fetchpriority=\"high\" class='wp-image-8473 avia-img-lazy-loading-not-8473 avia_image ' src=\"https:\/\/www.fredonoccitanie.com\/captages\/wp-content\/uploads\/sites\/3\/2021\/07\/Lizmap_AERMC-1024x587-1-300x172.png\" alt='' title='Lizmap_AERMC-1024x587'  height=\"172\" width=\"300\"  itemprop=\"thumbnailUrl\" srcset=\"https:\/\/www.fredonoccitanie.com\/captages\/wp-content\/uploads\/sites\/3\/2021\/07\/Lizmap_AERMC-1024x587-1-300x172.png 300w, https:\/\/www.fredonoccitanie.com\/captages\/wp-content\/uploads\/sites\/3\/2021\/07\/Lizmap_AERMC-1024x587-1-768x440.png 768w, https:\/\/www.fredonoccitanie.com\/captages\/wp-content\/uploads\/sites\/3\/2021\/07\/Lizmap_AERMC-1024x587-1-705x404.png 705w, https:\/\/www.fredonoccitanie.com\/captages\/wp-content\/uploads\/sites\/3\/2021\/07\/Lizmap_AERMC-1024x587-1.png 1024w\" sizes=\"(max-width: 300px) 100vw, 300px\" \/><\/a><\/div><\/div><\/div><br \/>\n<section  class='av_textblock_section av-kraercl0-dc9e59b30e6f0636296cb5643a704308 '   itemscope=\"itemscope\" itemtype=\"https:\/\/schema.org\/CreativeWork\" ><div class='avia_textblock'  itemprop=\"text\" ><div class=\"vc-hoverbox-block vc-hoverbox-back\">\n<div class=\"vc-hoverbox-block vc-hoverbox-back\">\n<div class=\"vc-hoverbox-block-inner vc-hoverbox-back-inner\">\n<div class=\"vc-hoverbox-block vc-hoverbox-back\">\n<div class=\"vc-hoverbox-block-inner vc-hoverbox-back-inner\">\n<div class=\"vc-hoverbox-block vc-hoverbox-back\">\n<div class=\"vc-hoverbox-block-inner vc-hoverbox-back-inner\">\n<div class=\"vc-hoverbox-block vc-hoverbox-back\">\n<div class=\"vc-hoverbox-block-inner vc-hoverbox-back-inner\">\n<div class=\"vc-hoverbox-block vc-hoverbox-back\">\n<div class=\"vc-hoverbox-block-inner vc-hoverbox-back-inner\">\n<div class=\"vc-hoverbox-block vc-hoverbox-back\">\n<div class=\"vc-hoverbox-block-inner vc-hoverbox-back-inner\">\n<div class=\"vc-hoverbox-block vc-hoverbox-back\">\n<div class=\"vc-hoverbox-block-inner vc-hoverbox-back-inner\">\n<div class=\"vc-hoverbox-block vc-hoverbox-back\">\n<div class=\"vc-hoverbox-block-inner vc-hoverbox-back-inner\">\n<div class=\"vc-hoverbox-block vc-hoverbox-back\">\n<div class=\"vc-hoverbox-block-inner vc-hoverbox-back-inner\">\n<h3>LizMap (AERMC)<\/h3>\n<p>Le <a href=\"https:\/\/eaurmc.lizmap.com\/sie-rhone-mediterranee\/index.php\/view\/map\/?repository=themes&amp;project=SDAGEPdM2022_2027_RMC_LizmapV13\">site web LizMap<\/a> recense l\u2019ensemble des outils cartographiques produits par l\u2019Agence de l\u2019eau Rh\u00f4ne-M\u00e9diterran\u00e9e Corse. Retrouvez, entre autres, les donn\u00e9es cartographi\u00e9es du SIE Rh\u00f4ne M\u00e9diterran\u00e9e, les donn\u00e9es et cartes du SDAGE, l\u2019application Qualit\u00e9 Rivi\u00e8re et l\u2019ensemble des zonages \u00ab eau \u00bb (dont les captages prioritaires et les AAC) li\u00e9es aux probl\u00e9matiques agricoles MAE et AB.<\/p>\n<\/div>\n<\/div>\n<\/div>\n<\/div>\n<\/div>\n<\/div>\n<\/div>\n<\/div>\n<\/div>\n<\/div>\n<\/div>\n<\/div>\n<\/div>\n<\/div>\n<\/div>\n<\/div>\n<\/div>\n<\/div>\n<\/div>\n<\/div><\/section><\/p><\/div>\n<style type=\"text\/css\" data-created_by=\"avia_inline_auto\" id=\"style-css-av-acdbek-927f17406693e6741c16fadf48054306\">\n.flex_column.av-acdbek-927f17406693e6741c16fadf48054306{\nborder-radius:0px 0px 0px 0px;\npadding:0px 0px 0px 0px;\n}\n<\/style>\n<div  class='flex_column av-acdbek-927f17406693e6741c16fadf48054306 av_one_fourth  avia-builder-el-94  el_after_av_one_fourth  el_before_av_one_fourth  first flex_column_div av-zero-column-padding  column-top-margin'     ><p>\n<style type=\"text\/css\" data-created_by=\"avia_inline_auto\" id=\"style-css-av-kraesmi6-362842993e2feab991da3c3c0886d530\">\n.avia-image-container.av-kraesmi6-362842993e2feab991da3c3c0886d530 img.avia_image{\nbox-shadow:none;\n}\n.avia-image-container.av-kraesmi6-362842993e2feab991da3c3c0886d530 .av-image-caption-overlay-center{\ncolor:#ffffff;\n}\n<\/style>\n<div  class='avia-image-container av-kraesmi6-362842993e2feab991da3c3c0886d530 av-styling- av-img-linked avia-align-center  avia-builder-el-95  el_before_av_textblock  avia-builder-el-first '   itemprop=\"image\" itemscope=\"itemscope\" itemtype=\"https:\/\/schema.org\/ImageObject\" ><div class=\"avia-image-container-inner\"><div class=\"avia-image-overlay-wrap\"><a href=\"https:\/\/ecophytopic.fr\/\" class='avia_image '  target=\"_blank\"  rel=\"noopener noreferrer\" aria-label='EcophytoPIC-1024x498'><img decoding=\"async\" fetchpriority=\"high\" class='wp-image-8468 avia-img-lazy-loading-not-8468 avia_image ' src=\"https:\/\/www.fredonoccitanie.com\/captages\/wp-content\/uploads\/sites\/3\/2021\/07\/EcophytoPIC-1024x498-1-300x146.png\" alt='' title='EcophytoPIC-1024x498'  height=\"146\" width=\"300\"  itemprop=\"thumbnailUrl\" srcset=\"https:\/\/www.fredonoccitanie.com\/captages\/wp-content\/uploads\/sites\/3\/2021\/07\/EcophytoPIC-1024x498-1-300x146.png 300w, https:\/\/www.fredonoccitanie.com\/captages\/wp-content\/uploads\/sites\/3\/2021\/07\/EcophytoPIC-1024x498-1-768x374.png 768w, https:\/\/www.fredonoccitanie.com\/captages\/wp-content\/uploads\/sites\/3\/2021\/07\/EcophytoPIC-1024x498-1-705x343.png 705w, https:\/\/www.fredonoccitanie.com\/captages\/wp-content\/uploads\/sites\/3\/2021\/07\/EcophytoPIC-1024x498-1.png 1024w\" sizes=\"(max-width: 300px) 100vw, 300px\" \/><\/a><\/div><\/div><\/div><br \/>\n<section  class='av_textblock_section av-kraesezz-64329fdd50cad1e4fb2f75d6660eebcb '   itemscope=\"itemscope\" itemtype=\"https:\/\/schema.org\/CreativeWork\" ><div class='avia_textblock'  itemprop=\"text\" ><div class=\"vc-hoverbox-block vc-hoverbox-back\">\n<div class=\"vc-hoverbox-block vc-hoverbox-back\">\n<div class=\"vc-hoverbox-block-inner vc-hoverbox-back-inner\">\n<div class=\"vc-hoverbox-block vc-hoverbox-back\">\n<div class=\"vc-hoverbox-block-inner vc-hoverbox-back-inner\">\n<div class=\"vc-hoverbox-block vc-hoverbox-back\">\n<div class=\"vc-hoverbox-block-inner vc-hoverbox-back-inner\">\n<div class=\"vc-hoverbox-block vc-hoverbox-back\">\n<div class=\"vc-hoverbox-block-inner vc-hoverbox-back-inner\">\n<div class=\"vc-hoverbox-block vc-hoverbox-back\">\n<div class=\"vc-hoverbox-block-inner vc-hoverbox-back-inner\">\n<div class=\"vc-hoverbox-block vc-hoverbox-back\">\n<div class=\"vc-hoverbox-block-inner vc-hoverbox-back-inner\">\n<div class=\"vc-hoverbox-block vc-hoverbox-back\">\n<div class=\"vc-hoverbox-block-inner vc-hoverbox-back-inner\">\n<div class=\"vc-hoverbox-block vc-hoverbox-back\">\n<div class=\"vc-hoverbox-block-inner vc-hoverbox-back-inner\">\n<div class=\"vc-hoverbox-block vc-hoverbox-back\">\n<div class=\"vc-hoverbox-block-inner vc-hoverbox-back-inner\">\n<div class=\"vc-hoverbox-block vc-hoverbox-back\">\n<div class=\"vc-hoverbox-block-inner vc-hoverbox-back-inner\">\n<h3>Portail EcophytoPIC<\/h3>\n<p><span data-contrast=\"auto\"><a href=\"https:\/\/ecophytopic.fr\/\">EcophytoPIC<\/a> compile plus de\u202f5000\u202fressources sur la Protection Int\u00e9gr\u00e9e des Cultures. Ce portail a pour objectif d&rsquo;accompagner le monde agricole dans la mise en \u0153uvre de la protection int\u00e9gr\u00e9e des cultures. Il vise \u00e0 promouvoir des syst\u00e8mes de production moins consommateurs en produits phytopharmaceutiques, en privil\u00e9giant chaque fois que possible les m\u00e9thodes non chimiques.\u00a0<\/span><span class=\"subtitle\">Acc\u00e9dez ais\u00e9ment aux ressources selon les fili\u00e8res ou par th\u00e9matique, consultez les ressources du r\u00e9seau DEPHY et celles du Centre de Ressources Glyphosate\/Herbicides.<\/span><\/p>\n<\/div>\n<p><span data-contrast=\"auto\"><a href=\"https:\/\/ecophytopic.fr\/\">Ce Portail<\/a> est g\u00e9r\u00e9 conjointement par le Minist\u00e8re en charge de l\u2019agriculture et l\u2019ACTA, et les instituts techniques agricoles animent le portail pour chacune des fili\u00e8res repr\u00e9sent\u00e9es.<\/span><span data-ccp-props=\"{}\">\u00a0<\/span><\/p>\n<div class=\"vc-hoverbox-block-inner vc-hoverbox-back-inner\"><\/div>\n<\/div>\n<\/div>\n<\/div>\n<\/div>\n<\/div>\n<\/div>\n<\/div>\n<\/div>\n<\/div>\n<\/div>\n<\/div>\n<\/div>\n<\/div>\n<\/div>\n<\/div>\n<\/div>\n<\/div>\n<\/div>\n<\/div>\n<\/div>\n<\/div><\/section><\/p><\/div>\n<style type=\"text\/css\" data-created_by=\"avia_inline_auto\" id=\"style-css-av-4kke4s-023396b1fc4fe46d2b5b2671489a1da2\">\n.flex_column.av-4kke4s-023396b1fc4fe46d2b5b2671489a1da2{\nborder-radius:0px 0px 0px 0px;\npadding:0px 0px 0px 0px;\n}\n<\/style>\n<div  class='flex_column av-4kke4s-023396b1fc4fe46d2b5b2671489a1da2 av_one_fourth  avia-builder-el-97  el_after_av_one_fourth  el_before_av_one_fourth  flex_column_div av-zero-column-padding  column-top-margin'     ><p>\n<style type=\"text\/css\" data-created_by=\"avia_inline_auto\" id=\"style-css-av-35p47g-8ffc408c9c69f281ad905f73bc637b52\">\n.avia-image-container.av-35p47g-8ffc408c9c69f281ad905f73bc637b52 img.avia_image{\nbox-shadow:none;\n}\n.avia-image-container.av-35p47g-8ffc408c9c69f281ad905f73bc637b52 .av-image-caption-overlay-center{\ncolor:#ffffff;\n}\n<\/style>\n<div  class='avia-image-container av-35p47g-8ffc408c9c69f281ad905f73bc637b52 av-styling- av-img-linked avia-align-center  avia-builder-el-98  el_before_av_textblock  avia-builder-el-first '   itemprop=\"image\" itemscope=\"itemscope\" itemtype=\"https:\/\/schema.org\/ImageObject\" ><div class=\"avia-image-container-inner\"><div class=\"avia-image-overlay-wrap\"><a href=\"https:\/\/www.agencebio.org\/vos-outils\/cartobio\/\" class='avia_image '  target=\"_blank\"  rel=\"noopener noreferrer\" aria-label='cartobio'><img decoding=\"async\" fetchpriority=\"high\" class='wp-image-9977 avia-img-lazy-loading-not-9977 avia_image ' src=\"https:\/\/www.fredonoccitanie.com\/captages\/wp-content\/uploads\/sites\/3\/2023\/01\/cartobio.png\" alt='' title='cartobio'  height=\"909\" width=\"1663\"  itemprop=\"thumbnailUrl\" srcset=\"https:\/\/www.fredonoccitanie.com\/captages\/wp-content\/uploads\/sites\/3\/2023\/01\/cartobio.png 1663w, https:\/\/www.fredonoccitanie.com\/captages\/wp-content\/uploads\/sites\/3\/2023\/01\/cartobio-300x164.png 300w, https:\/\/www.fredonoccitanie.com\/captages\/wp-content\/uploads\/sites\/3\/2023\/01\/cartobio-1030x563.png 1030w, https:\/\/www.fredonoccitanie.com\/captages\/wp-content\/uploads\/sites\/3\/2023\/01\/cartobio-768x420.png 768w, https:\/\/www.fredonoccitanie.com\/captages\/wp-content\/uploads\/sites\/3\/2023\/01\/cartobio-1536x840.png 1536w, https:\/\/www.fredonoccitanie.com\/captages\/wp-content\/uploads\/sites\/3\/2023\/01\/cartobio-1500x820.png 1500w, https:\/\/www.fredonoccitanie.com\/captages\/wp-content\/uploads\/sites\/3\/2023\/01\/cartobio-705x385.png 705w\" sizes=\"(max-width: 1663px) 100vw, 1663px\" \/><\/a><\/div><\/div><\/div><br \/>\n<section  class='av_textblock_section av-lcenkyt2-1e0f64063ad772ba8a79b6f802ac35f7 '   itemscope=\"itemscope\" itemtype=\"https:\/\/schema.org\/CreativeWork\" ><div class='avia_textblock'  itemprop=\"text\" ><div class=\"vc-hoverbox-block vc-hoverbox-back\">\n<div class=\"vc-hoverbox-block vc-hoverbox-back\">\n<div class=\"vc-hoverbox-block-inner vc-hoverbox-back-inner\">\n<div class=\"vc-hoverbox-block vc-hoverbox-back\">\n<div class=\"vc-hoverbox-block-inner vc-hoverbox-back-inner\">\n<div class=\"vc-hoverbox-block vc-hoverbox-back\">\n<div class=\"vc-hoverbox-block-inner vc-hoverbox-back-inner\">\n<div class=\"vc-hoverbox-block vc-hoverbox-back\">\n<div class=\"vc-hoverbox-block-inner vc-hoverbox-back-inner\">\n<div class=\"vc-hoverbox-block vc-hoverbox-back\">\n<div class=\"vc-hoverbox-block-inner vc-hoverbox-back-inner\">\n<div class=\"vc-hoverbox-block vc-hoverbox-back\">\n<div class=\"vc-hoverbox-block-inner vc-hoverbox-back-inner\">\n<div class=\"vc-hoverbox-block vc-hoverbox-back\">\n<div class=\"vc-hoverbox-block-inner vc-hoverbox-back-inner\">\n<h3><span class=\"TextRun SCXW13242183 BCX2\" lang=\"FR-FR\" xml:lang=\"FR-FR\" data-contrast=\"none\"><span class=\"NormalTextRun SCXW13242183 BCX2\" data-ccp-charstyle=\"Intense Reference\">CARTOBIO :<\/span><span class=\"NormalTextRun SCXW13242183 BCX2\" data-ccp-charstyle=\"Intense Reference\">\u00a0o<\/span><span class=\"NormalTextRun SCXW13242183 BCX2\" data-ccp-charstyle=\"Intense Reference\">util cartographique mis \u00e0 disposition par l\u2019Agence Bio<\/span><\/span><br \/>\n<span data-ccp-props=\"{}\">\u00a0<\/span><\/h3>\n<p><span data-contrast=\"auto\">Cartobio est un <a href=\"https:\/\/www.agencebio.org\/vos-outils\/cartobio\/\">outil cartographique<\/a> pour localiser les parcelles conduites en agriculture biologique et en conversion au sein des parcelles agricoles, puis conna\u00eetre l\u2019historique des cultures et des surfaces, \u00e0 travers diverses fonctionnalit\u00e9s.<\/span><span data-ccp-props=\"{}\">\u00a0<\/span><\/p>\n<\/div>\n<\/div>\n<\/div>\n<\/div>\n<\/div>\n<\/div>\n<\/div>\n<\/div>\n<\/div>\n<\/div>\n<\/div>\n<\/div>\n<\/div>\n<\/div>\n<\/div>\n<\/div><\/section><\/p><\/div>\n<style type=\"text\/css\" data-created_by=\"avia_inline_auto\" id=\"style-css-av-66mdbw-712d0e0eb948c4072f6022ff402d4900\">\n.flex_column.av-66mdbw-712d0e0eb948c4072f6022ff402d4900{\nborder-radius:0px 0px 0px 0px;\npadding:0px 0px 0px 0px;\n}\n<\/style>\n<div  class='flex_column av-66mdbw-712d0e0eb948c4072f6022ff402d4900 av_one_fourth  avia-builder-el-100  el_after_av_one_fourth  el_before_av_one_fourth  flex_column_div av-zero-column-padding  column-top-margin'     ><p>\n<style type=\"text\/css\" data-created_by=\"avia_inline_auto\" id=\"style-css-av-lceo8upb-680c46059372e704a2cc4dd3583ef13e\">\n.avia-image-container.av-lceo8upb-680c46059372e704a2cc4dd3583ef13e img.avia_image{\nbox-shadow:none;\n}\n.avia-image-container.av-lceo8upb-680c46059372e704a2cc4dd3583ef13e .av-image-caption-overlay-center{\ncolor:#ffffff;\n}\n<\/style>\n<div  class='avia-image-container av-lceo8upb-680c46059372e704a2cc4dd3583ef13e av-styling- av-img-linked avia-align-center  avia-builder-el-101  el_before_av_textblock  avia-builder-el-first '   itemprop=\"image\" itemscope=\"itemscope\" itemtype=\"https:\/\/schema.org\/ImageObject\" ><div class=\"avia-image-container-inner\"><div class=\"avia-image-overlay-wrap\"><a href=\"https:\/\/occitanie.chambre-agriculture.fr\/agroenvironnement\/agroecologie\/bagages\/\" class='avia_image '  target=\"_blank\"  rel=\"noopener noreferrer\" aria-label='annuaire_bio'><img decoding=\"async\" fetchpriority=\"high\" class='wp-image-10330 avia-img-lazy-loading-not-10330 avia_image ' src=\"https:\/\/www.fredonoccitanie.com\/captages\/wp-content\/uploads\/sites\/3\/2023\/02\/annuaire_bio.png\" alt='' title='annuaire_bio'  height=\"1443\" width=\"2432\"  itemprop=\"thumbnailUrl\" srcset=\"https:\/\/www.fredonoccitanie.com\/captages\/wp-content\/uploads\/sites\/3\/2023\/02\/annuaire_bio.png 2432w, https:\/\/www.fredonoccitanie.com\/captages\/wp-content\/uploads\/sites\/3\/2023\/02\/annuaire_bio-300x178.png 300w, https:\/\/www.fredonoccitanie.com\/captages\/wp-content\/uploads\/sites\/3\/2023\/02\/annuaire_bio-1030x611.png 1030w, https:\/\/www.fredonoccitanie.com\/captages\/wp-content\/uploads\/sites\/3\/2023\/02\/annuaire_bio-768x456.png 768w, https:\/\/www.fredonoccitanie.com\/captages\/wp-content\/uploads\/sites\/3\/2023\/02\/annuaire_bio-1536x911.png 1536w, https:\/\/www.fredonoccitanie.com\/captages\/wp-content\/uploads\/sites\/3\/2023\/02\/annuaire_bio-2048x1215.png 2048w, https:\/\/www.fredonoccitanie.com\/captages\/wp-content\/uploads\/sites\/3\/2023\/02\/annuaire_bio-1500x890.png 1500w, https:\/\/www.fredonoccitanie.com\/captages\/wp-content\/uploads\/sites\/3\/2023\/02\/annuaire_bio-705x418.png 705w\" sizes=\"(max-width: 2432px) 100vw, 2432px\" \/><\/a><\/div><\/div><\/div><br \/>\n<section  class='av_textblock_section av-lceo89pu-61a0925e338bd3d92ad41f9216fe25ca '   itemscope=\"itemscope\" itemtype=\"https:\/\/schema.org\/CreativeWork\" ><div class='avia_textblock'  itemprop=\"text\" ><div class=\"vc-hoverbox-block vc-hoverbox-back\">\n<div class=\"vc-hoverbox-block vc-hoverbox-back\">\n<div class=\"vc-hoverbox-block-inner vc-hoverbox-back-inner\">\n<div class=\"vc-hoverbox-block vc-hoverbox-back\">\n<div class=\"vc-hoverbox-block-inner vc-hoverbox-back-inner\">\n<div class=\"vc-hoverbox-block vc-hoverbox-back\">\n<div class=\"vc-hoverbox-block-inner vc-hoverbox-back-inner\">\n<div class=\"vc-hoverbox-block vc-hoverbox-back\">\n<div class=\"vc-hoverbox-block-inner vc-hoverbox-back-inner\">\n<div class=\"vc-hoverbox-block vc-hoverbox-back\">\n<div class=\"vc-hoverbox-block-inner vc-hoverbox-back-inner\">\n<div class=\"vc-hoverbox-block vc-hoverbox-back\">\n<div class=\"vc-hoverbox-block-inner vc-hoverbox-back-inner\">\n<div class=\"vc-hoverbox-block vc-hoverbox-back\">\n<div class=\"vc-hoverbox-block-inner vc-hoverbox-back-inner\">\n<h3><span class=\"TextRun SCXW13242183 BCX2\" lang=\"FR-FR\" xml:lang=\"FR-FR\" data-contrast=\"none\"><span class=\"NormalTextRun SCXW13242183 BCX2\" data-ccp-charstyle=\"Intense Reference\">L\u2019Annuaire BIO :<\/span><span class=\"NormalTextRun SCXW13242183 BCX2\" data-ccp-charstyle=\"Intense Reference\">\u00a0o<\/span><span class=\"NormalTextRun SCXW13242183 BCX2\" data-ccp-charstyle=\"Intense Reference\">util de recherche de<\/span><\/span><span class=\"TextRun SCXW13242183 BCX2\" lang=\"FR-FR\" xml:lang=\"FR-FR\" data-contrast=\"none\"><span class=\"NormalTextRun SCXW13242183 BCX2\" data-ccp-charstyle=\"Intense Reference\"> l\u2019Agence Bio<\/span><\/span><\/h3>\n<div id=\"content\" class=\"style-scope ytd-expander\">\n<div class=\"style-scope ytd-video-secondary-info-renderer\"><span class=\"style-scope yt-formatted-string\" dir=\"auto\">Cet <a href=\"https:\/\/annuaire.agencebio.org\/\">annuaire<\/a> r\u00e9f\u00e9rence les <strong>80 000 professionnels<\/strong> du secteur bio en France dont l\u2019activit\u00e9 est notifi\u00e9e. Il permet notamment de mettre en relation les consommateurs avec les producteurs de bio, mais aussi aussi les distributeurs, pr\u00e9parateurs et importateurs.<\/span><\/div>\n<\/div>\n<p><span data-ccp-props=\"{}\">\u00a0<\/span><\/p>\n<p><span data-ccp-props=\"{}\">\u00a0<\/span><\/p>\n<\/div>\n<\/div>\n<\/div>\n<\/div>\n<\/div>\n<\/div>\n<\/div>\n<\/div>\n<\/div>\n<\/div>\n<\/div>\n<\/div>\n<\/div>\n<\/div>\n<\/div>\n<\/div><\/section><\/p><\/div>\n<style type=\"text\/css\" data-created_by=\"avia_inline_auto\" id=\"style-css-av-2madvw-71846b0611784defc1203d64b3a94c13\">\n.flex_column.av-2madvw-71846b0611784defc1203d64b3a94c13{\nborder-radius:0px 0px 0px 0px;\npadding:0px 0px 0px 0px;\n}\n<\/style>\n<div  class='flex_column av-2madvw-71846b0611784defc1203d64b3a94c13 av_one_fourth  avia-builder-el-103  el_after_av_one_fourth  el_before_av_one_fourth  flex_column_div av-zero-column-padding  column-top-margin'     ><p>\n<style type=\"text\/css\" data-created_by=\"avia_inline_auto\" id=\"style-css-av-lcenu57i-eea97d05574da0ab1b9669dfef0073a8\">\n.avia-image-container.av-lcenu57i-eea97d05574da0ab1b9669dfef0073a8 img.avia_image{\nbox-shadow:none;\n}\n.avia-image-container.av-lcenu57i-eea97d05574da0ab1b9669dfef0073a8 .av-image-caption-overlay-center{\ncolor:#ffffff;\n}\n<\/style>\n<div  class='avia-image-container av-lcenu57i-eea97d05574da0ab1b9669dfef0073a8 av-styling- av-img-linked avia-align-center  avia-builder-el-104  el_before_av_textblock  avia-builder-el-first '   itemprop=\"image\" itemscope=\"itemscope\" itemtype=\"https:\/\/schema.org\/ImageObject\" ><div class=\"avia-image-container-inner\"><div class=\"avia-image-overlay-wrap\"><a href=\"https:\/\/plateforme-agroecologie.fr\/\" class='avia_image '  target=\"_blank\"  rel=\"noopener noreferrer\" aria-label='bsvjevi'><img decoding=\"async\" fetchpriority=\"high\" class='wp-image-10002 avia-img-lazy-loading-not-10002 avia_image ' src=\"https:\/\/www.fredonoccitanie.com\/captages\/wp-content\/uploads\/sites\/3\/2023\/01\/bsvjevi.png\" alt='' title='bsvjevi'  height=\"881\" width=\"1382\"  itemprop=\"thumbnailUrl\" srcset=\"https:\/\/www.fredonoccitanie.com\/captages\/wp-content\/uploads\/sites\/3\/2023\/01\/bsvjevi.png 1382w, https:\/\/www.fredonoccitanie.com\/captages\/wp-content\/uploads\/sites\/3\/2023\/01\/bsvjevi-300x191.png 300w, https:\/\/www.fredonoccitanie.com\/captages\/wp-content\/uploads\/sites\/3\/2023\/01\/bsvjevi-1030x657.png 1030w, https:\/\/www.fredonoccitanie.com\/captages\/wp-content\/uploads\/sites\/3\/2023\/01\/bsvjevi-768x490.png 768w, https:\/\/www.fredonoccitanie.com\/captages\/wp-content\/uploads\/sites\/3\/2023\/01\/bsvjevi-705x449.png 705w\" sizes=\"(max-width: 1382px) 100vw, 1382px\" \/><\/a><\/div><\/div><\/div><br \/>\n<section  class='av_textblock_section av-lcentis8-26d01e1948232c982755ea22febfede3 '   itemscope=\"itemscope\" itemtype=\"https:\/\/schema.org\/CreativeWork\" ><div class='avia_textblock'  itemprop=\"text\" ><div class=\"vc-hoverbox-block vc-hoverbox-back\">\n<div class=\"vc-hoverbox-block vc-hoverbox-back\">\n<div class=\"vc-hoverbox-block-inner vc-hoverbox-back-inner\">\n<div class=\"vc-hoverbox-block vc-hoverbox-back\">\n<div class=\"vc-hoverbox-block-inner vc-hoverbox-back-inner\">\n<div class=\"vc-hoverbox-block vc-hoverbox-back\">\n<div class=\"vc-hoverbox-block-inner vc-hoverbox-back-inner\">\n<div class=\"vc-hoverbox-block vc-hoverbox-back\">\n<div class=\"vc-hoverbox-block-inner vc-hoverbox-back-inner\">\n<div class=\"vc-hoverbox-block vc-hoverbox-back\">\n<div class=\"vc-hoverbox-block-inner vc-hoverbox-back-inner\">\n<div class=\"vc-hoverbox-block vc-hoverbox-back\">\n<div class=\"vc-hoverbox-block-inner vc-hoverbox-back-inner\">\n<div class=\"vc-hoverbox-block vc-hoverbox-back\">\n<div class=\"vc-hoverbox-block-inner vc-hoverbox-back-inner\">\n<section class=\"av_textblock_section \">\n<div class=\"avia_textblock \">\n<div class=\"vc-hoverbox-block vc-hoverbox-back\">\n<div class=\"vc-hoverbox-block vc-hoverbox-back\">\n<div class=\"vc-hoverbox-block-inner vc-hoverbox-back-inner\">\n<div class=\"vc-hoverbox-block vc-hoverbox-back\">\n<div class=\"vc-hoverbox-block-inner vc-hoverbox-back-inner\">\n<div class=\"vc-hoverbox-block vc-hoverbox-back\">\n<div class=\"vc-hoverbox-block-inner vc-hoverbox-back-inner\">\n<div class=\"vc-hoverbox-block vc-hoverbox-back\">\n<div class=\"vc-hoverbox-block-inner vc-hoverbox-back-inner\">\n<h3>BSV : bulletins de sant\u00e9 du v\u00e9g\u00e9tal<\/h3>\n<p><span data-contrast=\"auto\">Les BSV permettent d\u2019aiguiller les agriculteurs et gestionnaires dans leurs choix par une meilleure connaissance des probl\u00e9matiques sanitaires observ\u00e9es en Occitanie. Retrouvez les BSV par fili\u00e8res de production sur<a href=\"https:\/\/draaf.occitanie.agriculture.gouv.fr\/bulletins-de-sante-du-vegetal-r103.html\"> le site de la DRAAF. <\/a><\/span><\/p>\n<p><span data-contrast=\"auto\">Retrouvez le <\/span><span data-contrast=\"auto\">BSV JEVI, destin\u00e9s aux acteurs de la fili\u00e8re, sur <a href=\"https:\/\/www.fredonoccitanie.com\/surveillance\/espace-non-agricole\/bsv-jevi\/\">le site de FREDON Occitanie<\/a><\/span><span data-contrast=\"auto\">. <\/span><span data-contrast=\"auto\">Un formulaire permet de devenir observateur\u202f!<\/span><span data-ccp-props=\"{}\">\u00a0<\/span><\/p>\n<\/div>\n<\/div>\n<\/div>\n<\/div>\n<\/div>\n<\/div>\n<\/div>\n<\/div>\n<\/div>\n<\/div>\n<\/section>\n<p><span data-ccp-props=\"{}\">\u00a0<\/span><\/p>\n<\/div>\n<\/div>\n<\/div>\n<\/div>\n<\/div>\n<\/div>\n<\/div>\n<\/div>\n<\/div>\n<\/div>\n<\/div>\n<\/div>\n<\/div>\n<\/div>\n<\/div>\n<\/div><\/section><\/p><\/div>\n<style type=\"text\/css\" data-created_by=\"avia_inline_auto\" id=\"style-css-av-1zlrqk-e2dbfab70600e70303cff58fe0367b20\">\n.flex_column.av-1zlrqk-e2dbfab70600e70303cff58fe0367b20{\nborder-radius:0px 0px 0px 0px;\npadding:0px 0px 0px 0px;\n}\n<\/style>\n<div  class='flex_column av-1zlrqk-e2dbfab70600e70303cff58fe0367b20 av_one_fourth  avia-builder-el-106  el_after_av_one_fourth  avia-builder-el-last  first flex_column_div av-zero-column-padding  column-top-margin'     ><p>\n<style type=\"text\/css\" data-created_by=\"avia_inline_auto\" id=\"style-css-av-lceod0qv-5e7a036570fc35e20620fd63b35649c9\">\n.avia-image-container.av-lceod0qv-5e7a036570fc35e20620fd63b35649c9 img.avia_image{\nbox-shadow:none;\n}\n.avia-image-container.av-lceod0qv-5e7a036570fc35e20620fd63b35649c9 .av-image-caption-overlay-center{\ncolor:#ffffff;\n}\n<\/style>\n<div  class='avia-image-container av-lceod0qv-5e7a036570fc35e20620fd63b35649c9 av-styling- av-img-linked avia-align-center  avia-builder-el-107  el_before_av_textblock  avia-builder-el-first '   itemprop=\"image\" itemscope=\"itemscope\" itemtype=\"https:\/\/schema.org\/ImageObject\" ><div class=\"avia-image-container-inner\"><div class=\"avia-image-overlay-wrap\"><a href=\"https:\/\/webapps.gissol.fr\/georefersols\/\" class='avia_image '  target=\"_blank\"  rel=\"noopener noreferrer\" aria-label='refersol'><img decoding=\"async\" fetchpriority=\"high\" class='wp-image-9988 avia-img-lazy-loading-not-9988 avia_image ' src=\"https:\/\/www.fredonoccitanie.com\/captages\/wp-content\/uploads\/sites\/3\/2023\/01\/refersol.png\" alt='' title='refersol'  height=\"927\" width=\"1635\"  itemprop=\"thumbnailUrl\" srcset=\"https:\/\/www.fredonoccitanie.com\/captages\/wp-content\/uploads\/sites\/3\/2023\/01\/refersol.png 1635w, https:\/\/www.fredonoccitanie.com\/captages\/wp-content\/uploads\/sites\/3\/2023\/01\/refersol-300x170.png 300w, https:\/\/www.fredonoccitanie.com\/captages\/wp-content\/uploads\/sites\/3\/2023\/01\/refersol-1030x584.png 1030w, https:\/\/www.fredonoccitanie.com\/captages\/wp-content\/uploads\/sites\/3\/2023\/01\/refersol-768x435.png 768w, https:\/\/www.fredonoccitanie.com\/captages\/wp-content\/uploads\/sites\/3\/2023\/01\/refersol-1536x871.png 1536w, https:\/\/www.fredonoccitanie.com\/captages\/wp-content\/uploads\/sites\/3\/2023\/01\/refersol-1500x850.png 1500w, https:\/\/www.fredonoccitanie.com\/captages\/wp-content\/uploads\/sites\/3\/2023\/01\/refersol-705x400.png 705w\" sizes=\"(max-width: 1635px) 100vw, 1635px\" \/><\/a><\/div><\/div><\/div><br \/>\n<section  class='av_textblock_section av-lceoclz8-ed0091664847c826c87ede1fefe993ab '   itemscope=\"itemscope\" itemtype=\"https:\/\/schema.org\/CreativeWork\" ><div class='avia_textblock'  itemprop=\"text\" ><div class=\"vc-hoverbox-block vc-hoverbox-back\">\n<div class=\"vc-hoverbox-block vc-hoverbox-back\">\n<div class=\"vc-hoverbox-block-inner vc-hoverbox-back-inner\">\n<div class=\"vc-hoverbox-block vc-hoverbox-back\">\n<div class=\"vc-hoverbox-block-inner vc-hoverbox-back-inner\">\n<div class=\"vc-hoverbox-block vc-hoverbox-back\">\n<div class=\"vc-hoverbox-block-inner vc-hoverbox-back-inner\">\n<div class=\"vc-hoverbox-block vc-hoverbox-back\">\n<div class=\"vc-hoverbox-block-inner vc-hoverbox-back-inner\">\n<div class=\"vc-hoverbox-block vc-hoverbox-back\">\n<div class=\"vc-hoverbox-block-inner vc-hoverbox-back-inner\">\n<div class=\"vc-hoverbox-block vc-hoverbox-back\">\n<div class=\"vc-hoverbox-block-inner vc-hoverbox-back-inner\">\n<div class=\"vc-hoverbox-block vc-hoverbox-back\">\n<div class=\"vc-hoverbox-block-inner vc-hoverbox-back-inner\">\n<h3><span data-contrast=\"none\">REFERSOLS (GisSol INRAE)<\/span><span data-ccp-props=\"{}\">\u00a0<\/span><\/h3>\n<p><span data-contrast=\"auto\"><a href=\"https:\/\/webapps.gissol.fr\/georefersols\/\">Ce site<\/a> propose un r\u00e9pertoire national des \u00e9tudes cartographiques de sol. Un outil \u00e0 explorer dans une approche qui s\u2019int\u00e9resse \u00e0 la p\u00e9dologie et \u00e0 la connaissance des sols.<\/span><span data-ccp-props=\"{}\">\u00a0<\/span><\/p>\n<p><span data-ccp-props=\"{}\">\u00a0<\/span><\/p>\n<p><span data-ccp-props=\"{}\">\u00a0<\/span><\/p>\n<\/div>\n<\/div>\n<\/div>\n<\/div>\n<\/div>\n<\/div>\n<\/div>\n<\/div>\n<\/div>\n<\/div>\n<\/div>\n<\/div>\n<\/div>\n<\/div>\n<\/div>\n<\/div><\/section><\/p><\/div>\n<\/div><\/div><\/div><!-- close content main div --><\/div><\/div><div id='after_section_3'  class='main_color av_default_container_wrap container_wrap fullsize'  ><div class='container av-section-cont-open' ><div class='template-page content  av-content-full alpha units'><div class='post-entry post-entry-type-page post-entry-10144'><div class='entry-content-wrapper clearfix'>\n\n<style type=\"text\/css\" data-created_by=\"avia_inline_auto\" id=\"style-css-av-1atideo-6ad00605a30131fad4c1abb9650662c3\">\n.flex_column.av-1atideo-6ad00605a30131fad4c1abb9650662c3{\nborder-radius:0px 0px 0px 0px;\npadding:0px 0px 0px 0px;\n}\n<\/style>\n<div  class='flex_column av-1atideo-6ad00605a30131fad4c1abb9650662c3 av_one_full  avia-builder-el-109  el_after_av_section  el_before_av_one_fourth  avia-builder-el-first  first flex_column_div av-zero-column-padding  '     ><section  class='av_textblock_section av-ls8x33et-d1a9343c8e0e15587a630bc03fe2bc40 '   itemscope=\"itemscope\" itemtype=\"https:\/\/schema.org\/CreativeWork\" ><div class='avia_textblock'  itemprop=\"text\" ><h2 id=\"agroecologie\" style=\"text-align: center\">Agro\u00e9cologie<\/h2>\n<\/div><\/section><\/div>\n\n<style type=\"text\/css\" data-created_by=\"avia_inline_auto\" id=\"style-css-av-6bijx8-31dca42b3557f07245d4e046b7aebf1d\">\n.flex_column.av-6bijx8-31dca42b3557f07245d4e046b7aebf1d{\nborder-radius:0px 0px 0px 0px;\npadding:0px 0px 0px 0px;\n}\n<\/style>\n<div  class='flex_column av-6bijx8-31dca42b3557f07245d4e046b7aebf1d av_one_fourth  avia-builder-el-111  el_after_av_one_full  el_before_av_one_fourth  first flex_column_div av-zero-column-padding  column-top-margin'     ><p>\n<style type=\"text\/css\" data-created_by=\"avia_inline_auto\" id=\"style-css-av-4bhyl8-d9bafd1096410449ce905389e0256ac6\">\n.avia-image-container.av-4bhyl8-d9bafd1096410449ce905389e0256ac6 img.avia_image{\nbox-shadow:none;\n}\n.avia-image-container.av-4bhyl8-d9bafd1096410449ce905389e0256ac6 .av-image-caption-overlay-center{\ncolor:#ffffff;\n}\n<\/style>\n<div  class='avia-image-container av-4bhyl8-d9bafd1096410449ce905389e0256ac6 av-styling- av-img-linked avia-align-center  avia-builder-el-112  el_before_av_textblock  avia-builder-el-first '   itemprop=\"image\" itemscope=\"itemscope\" itemtype=\"https:\/\/schema.org\/ImageObject\" ><div class=\"avia-image-container-inner\"><div class=\"avia-image-overlay-wrap\"><a href=\"https:\/\/www.agro-transfert-rt.org\/produire-avec-moins-dintrants\/\" class='avia_image '  target=\"_blank\"  rel=\"noopener noreferrer\" aria-label='Sites_Agroecologie_agrotransfert'><img decoding=\"async\" fetchpriority=\"high\" class='wp-image-11499 avia-img-lazy-loading-not-11499 avia_image ' src=\"https:\/\/www.fredonoccitanie.com\/captages\/wp-content\/uploads\/sites\/3\/2025\/08\/Sites_Agroecologie_agrotransfert-300x161.png\" alt='' title='Sites_Agroecologie_agrotransfert'  height=\"161\" width=\"300\"  itemprop=\"thumbnailUrl\" srcset=\"https:\/\/www.fredonoccitanie.com\/captages\/wp-content\/uploads\/sites\/3\/2025\/08\/Sites_Agroecologie_agrotransfert-300x161.png 300w, https:\/\/www.fredonoccitanie.com\/captages\/wp-content\/uploads\/sites\/3\/2025\/08\/Sites_Agroecologie_agrotransfert-1030x554.png 1030w, https:\/\/www.fredonoccitanie.com\/captages\/wp-content\/uploads\/sites\/3\/2025\/08\/Sites_Agroecologie_agrotransfert-768x413.png 768w, https:\/\/www.fredonoccitanie.com\/captages\/wp-content\/uploads\/sites\/3\/2025\/08\/Sites_Agroecologie_agrotransfert-1536x826.png 1536w, https:\/\/www.fredonoccitanie.com\/captages\/wp-content\/uploads\/sites\/3\/2025\/08\/Sites_Agroecologie_agrotransfert-1500x806.png 1500w, https:\/\/www.fredonoccitanie.com\/captages\/wp-content\/uploads\/sites\/3\/2025\/08\/Sites_Agroecologie_agrotransfert-705x379.png 705w, https:\/\/www.fredonoccitanie.com\/captages\/wp-content\/uploads\/sites\/3\/2025\/08\/Sites_Agroecologie_agrotransfert.png 1920w\" sizes=\"(max-width: 300px) 100vw, 300px\" \/><\/a><\/div><\/div><\/div><br \/>\n<section  class='av_textblock_section av-2rmn6k-1ec2b1c75fdf5f29c3491aa1ded9af2b '   itemscope=\"itemscope\" itemtype=\"https:\/\/schema.org\/CreativeWork\" ><div class='avia_textblock'  itemprop=\"text\" ><div class=\"vc-hoverbox-block vc-hoverbox-back\">\n<div class=\"vc-hoverbox-block vc-hoverbox-back\">\n<div class=\"vc-hoverbox-block-inner vc-hoverbox-back-inner\">\n<div class=\"vc-hoverbox-block vc-hoverbox-back\">\n<div class=\"vc-hoverbox-block-inner vc-hoverbox-back-inner\">\n<div class=\"vc-hoverbox-block vc-hoverbox-back\">\n<div class=\"vc-hoverbox-block-inner vc-hoverbox-back-inner\">\n<div class=\"vc-hoverbox-block vc-hoverbox-back\">\n<div class=\"vc-hoverbox-block-inner vc-hoverbox-back-inner\">\n<div class=\"vc-hoverbox-block vc-hoverbox-back\">\n<div class=\"vc-hoverbox-block-inner vc-hoverbox-back-inner\">\n<div class=\"vc-hoverbox-block vc-hoverbox-back\">\n<div class=\"vc-hoverbox-block-inner vc-hoverbox-back-inner\">\n<div class=\"vc-hoverbox-block vc-hoverbox-back\">\n<div class=\"vc-hoverbox-block-inner vc-hoverbox-back-inner\">\n<div class=\"vc-hoverbox-block vc-hoverbox-back\">\n<div class=\"vc-hoverbox-block-inner vc-hoverbox-back-inner\">\n<h3>Agro-Transfert : produire avec moins d&rsquo;intrants<\/h3>\n<p><!--StartFragment --><span class=\"cf0\"><a href=\"https:\/\/www.agro-transfert-rt.org\/produire-avec-moins-dintrants\/\">AgroTransfert<\/a> propose de nombreuses ressources pour favoriser une production agricole moins demandeuse en intrants. Parmi elles, des outils de diagnostic de l\u2019\u00e9tat organique du sol ou des pertes en azote.<\/span><!--EndFragment --><\/p>\n<\/div>\n<\/div>\n<\/div>\n<\/div>\n<\/div>\n<\/div>\n<\/div>\n<\/div>\n<\/div>\n<\/div>\n<\/div>\n<\/div>\n<\/div>\n<\/div>\n<\/div>\n<\/div>\n<\/div>\n<\/div><\/section><\/p><\/div>\n\n<style type=\"text\/css\" data-created_by=\"avia_inline_auto\" id=\"style-css-av-2icnjxc-4ad8e260a3bfb6025cfd8062916e954a\">\n.flex_column.av-2icnjxc-4ad8e260a3bfb6025cfd8062916e954a{\nborder-radius:0px 0px 0px 0px;\npadding:0px 0px 0px 0px;\n}\n<\/style>\n<div  class='flex_column av-2icnjxc-4ad8e260a3bfb6025cfd8062916e954a av_one_fourth  avia-builder-el-114  el_after_av_one_fourth  el_before_av_one_fourth  flex_column_div av-zero-column-padding  column-top-margin'     ><p>\n<style type=\"text\/css\" data-created_by=\"avia_inline_auto\" id=\"style-css-av-mebckmkn-d74e4d538598c893e32b13b368635e6c\">\n.avia-image-container.av-mebckmkn-d74e4d538598c893e32b13b368635e6c img.avia_image{\nbox-shadow:none;\n}\n.avia-image-container.av-mebckmkn-d74e4d538598c893e32b13b368635e6c .av-image-caption-overlay-center{\ncolor:#ffffff;\n}\n<\/style>\n<div  class='avia-image-container av-mebckmkn-d74e4d538598c893e32b13b368635e6c av-styling- av-img-linked avia-align-center  avia-builder-el-115  el_before_av_textblock  avia-builder-el-first '   itemprop=\"image\" itemscope=\"itemscope\" itemtype=\"https:\/\/schema.org\/ImageObject\" ><div class=\"avia-image-container-inner\"><div class=\"avia-image-overlay-wrap\"><a href=\"https:\/\/fr.zone-secure.net\/170194\/2089162\/#page=1\" class='avia_image '  target=\"_blank\"  rel=\"noopener noreferrer\" aria-label='Sites_Agroecologie_SFN'><img decoding=\"async\" fetchpriority=\"high\" class='wp-image-11501 avia-img-lazy-loading-not-11501 avia_image ' src=\"https:\/\/www.fredonoccitanie.com\/captages\/wp-content\/uploads\/sites\/3\/2025\/08\/Sites_Agroecologie_SFN-300x249.png\" alt='' title='Sites_Agroecologie_SFN'  height=\"249\" width=\"300\"  itemprop=\"thumbnailUrl\" srcset=\"https:\/\/www.fredonoccitanie.com\/captages\/wp-content\/uploads\/sites\/3\/2025\/08\/Sites_Agroecologie_SFN-300x249.png 300w, https:\/\/www.fredonoccitanie.com\/captages\/wp-content\/uploads\/sites\/3\/2025\/08\/Sites_Agroecologie_SFN.png 644w\" sizes=\"(max-width: 300px) 100vw, 300px\" \/><\/a><\/div><\/div><\/div><br \/>\n<section  class='av_textblock_section av-mebck38t-438b73c5e9bb99fe0c9b8463477c22a3 '   itemscope=\"itemscope\" itemtype=\"https:\/\/schema.org\/CreativeWork\" ><div class='avia_textblock'  itemprop=\"text\" ><div class=\"vc-hoverbox-block vc-hoverbox-back\">\n<div class=\"vc-hoverbox-block vc-hoverbox-back\">\n<div class=\"vc-hoverbox-block-inner vc-hoverbox-back-inner\">\n<div class=\"vc-hoverbox-block vc-hoverbox-back\">\n<div class=\"vc-hoverbox-block-inner vc-hoverbox-back-inner\">\n<div class=\"vc-hoverbox-block vc-hoverbox-back\">\n<div class=\"vc-hoverbox-block-inner vc-hoverbox-back-inner\">\n<div class=\"vc-hoverbox-block vc-hoverbox-back\">\n<div class=\"vc-hoverbox-block-inner vc-hoverbox-back-inner\">\n<div class=\"vc-hoverbox-block vc-hoverbox-back\">\n<div class=\"vc-hoverbox-block-inner vc-hoverbox-back-inner\">\n<div class=\"vc-hoverbox-block vc-hoverbox-back\">\n<div class=\"vc-hoverbox-block-inner vc-hoverbox-back-inner\">\n<div class=\"vc-hoverbox-block vc-hoverbox-back\">\n<div class=\"vc-hoverbox-block-inner vc-hoverbox-back-inner\">\n<div class=\"vc-hoverbox-block vc-hoverbox-back\">\n<div class=\"vc-hoverbox-block-inner vc-hoverbox-back-inner\">\n<h3>La bo\u00eete \u00e0 outils Sfn (OFB)<\/h3>\n<p><!--StartFragment --><span class=\"cf0\">La<a href=\"https:\/\/fr.zone-secure.net\/170194\/2089162\/#page=1\"> bo\u00eete \u00e0 outils \u00abSolutions fond\u00e9es sur la nature\u00bb<\/a> \u00e9dit\u00e9e par l\u2019OFB \u00e9quipe les collectivit\u00e9s dans leur engagement dans la transition agro\u00e9cologique. Elle offre de nombreuses pistes pour adapter efficacement le territoire au changement climatique.<\/span><!--EndFragment --><\/p>\n<\/div>\n<\/div>\n<\/div>\n<\/div>\n<\/div>\n<\/div>\n<\/div>\n<\/div>\n<\/div>\n<\/div>\n<\/div>\n<\/div>\n<\/div>\n<\/div>\n<\/div>\n<\/div>\n<\/div>\n<\/div><\/section><\/p><\/div>\n\n<style type=\"text\/css\" data-created_by=\"avia_inline_auto\" id=\"style-css-av-26lrcxs-3b28ae6763e195cbe563fb9de5280c50\">\n.flex_column.av-26lrcxs-3b28ae6763e195cbe563fb9de5280c50{\nborder-radius:0px 0px 0px 0px;\npadding:0px 0px 0px 0px;\n}\n<\/style>\n<div  class='flex_column av-26lrcxs-3b28ae6763e195cbe563fb9de5280c50 av_one_fourth  avia-builder-el-117  el_after_av_one_fourth  el_before_av_one_fourth  flex_column_div av-zero-column-padding  column-top-margin'     ><p>\n<style type=\"text\/css\" data-created_by=\"avia_inline_auto\" id=\"style-css-av-mebcmhbg-0185beafd247495b33920d8fd14befca\">\n.avia-image-container.av-mebcmhbg-0185beafd247495b33920d8fd14befca img.avia_image{\nbox-shadow:none;\n}\n.avia-image-container.av-mebcmhbg-0185beafd247495b33920d8fd14befca .av-image-caption-overlay-center{\ncolor:#ffffff;\n}\n<\/style>\n<div  class='avia-image-container av-mebcmhbg-0185beafd247495b33920d8fd14befca av-styling- av-img-linked avia-align-center  avia-builder-el-118  el_before_av_textblock  avia-builder-el-first '   itemprop=\"image\" itemscope=\"itemscope\" itemtype=\"https:\/\/schema.org\/ImageObject\" ><div class=\"avia-image-container-inner\"><div class=\"avia-image-overlay-wrap\"><a href=\"https:\/\/www.inrae.fr\/actualites\/causerie-jeu-serieux-visant-accompagner-demarches-collectives-damelioration-qualite-leau-bassins-versants\" class='avia_image '  target=\"_blank\"  rel=\"noopener noreferrer\" aria-label='Sites_Agroecologie_Causerie_jeu'><img decoding=\"async\" fetchpriority=\"high\" class='wp-image-11500 avia-img-lazy-loading-not-11500 avia_image ' src=\"https:\/\/www.fredonoccitanie.com\/captages\/wp-content\/uploads\/sites\/3\/2025\/08\/Sites_Agroecologie_Causerie_jeu-300x109.jpg\" alt='' title='Sites_Agroecologie_Causerie_jeu'  height=\"109\" width=\"300\"  itemprop=\"thumbnailUrl\" srcset=\"https:\/\/www.fredonoccitanie.com\/captages\/wp-content\/uploads\/sites\/3\/2025\/08\/Sites_Agroecologie_Causerie_jeu-300x109.jpg 300w, https:\/\/www.fredonoccitanie.com\/captages\/wp-content\/uploads\/sites\/3\/2025\/08\/Sites_Agroecologie_Causerie_jeu-1030x375.jpg 1030w, https:\/\/www.fredonoccitanie.com\/captages\/wp-content\/uploads\/sites\/3\/2025\/08\/Sites_Agroecologie_Causerie_jeu-768x279.jpg 768w, https:\/\/www.fredonoccitanie.com\/captages\/wp-content\/uploads\/sites\/3\/2025\/08\/Sites_Agroecologie_Causerie_jeu-705x256.jpg 705w, https:\/\/www.fredonoccitanie.com\/captages\/wp-content\/uploads\/sites\/3\/2025\/08\/Sites_Agroecologie_Causerie_jeu.jpg 1100w\" sizes=\"(max-width: 300px) 100vw, 300px\" \/><\/a><\/div><\/div><\/div><br \/>\n<section  class='av_textblock_section av-mebcltrj-f8d2625aa709751293e386ae370dd001 '   itemscope=\"itemscope\" itemtype=\"https:\/\/schema.org\/CreativeWork\" ><div class='avia_textblock'  itemprop=\"text\" ><div class=\"vc-hoverbox-block vc-hoverbox-back\">\n<div class=\"vc-hoverbox-block vc-hoverbox-back\">\n<div class=\"vc-hoverbox-block-inner vc-hoverbox-back-inner\">\n<div class=\"vc-hoverbox-block vc-hoverbox-back\">\n<div class=\"vc-hoverbox-block-inner vc-hoverbox-back-inner\">\n<div class=\"vc-hoverbox-block vc-hoverbox-back\">\n<div class=\"vc-hoverbox-block-inner vc-hoverbox-back-inner\">\n<div class=\"vc-hoverbox-block vc-hoverbox-back\">\n<div class=\"vc-hoverbox-block-inner vc-hoverbox-back-inner\">\n<div class=\"vc-hoverbox-block vc-hoverbox-back\">\n<div class=\"vc-hoverbox-block-inner vc-hoverbox-back-inner\">\n<div class=\"vc-hoverbox-block vc-hoverbox-back\">\n<div class=\"vc-hoverbox-block-inner vc-hoverbox-back-inner\">\n<div class=\"vc-hoverbox-block vc-hoverbox-back\">\n<div class=\"vc-hoverbox-block-inner vc-hoverbox-back-inner\">\n<div class=\"vc-hoverbox-block vc-hoverbox-back\">\n<div class=\"vc-hoverbox-block-inner vc-hoverbox-back-inner\">\n<h3>Causerie (INRAE)<\/h3>\n<p><!--StartFragment --><span class=\"cf0\">En partenariat avec l&rsquo;UMR G-Eau, l\u2019\u00e9quipe Pollutions diffuses de l\u2019unit\u00e9 RiverLy a d\u00e9velopp\u00e9 <a href=\"https:\/\/www.inrae.fr\/actualites\/causerie-jeu-serieux-visant-accompagner-demarches-collectives-damelioration-qualite-leau-bassins-versants\">Causerie<\/a>, un outil participatif qui favorise l\u2019action concert\u00e9e \u00e0 l\u2019\u00e9chelle int\u00e9gratrice du petit bassin versant (quelques km\u00b2) pour mieux concilier agriculture et qualit\u00e9 de l\u2019eau en prenant en compte les composantes spatiales et temporelles des solutions correctives et de leurs effets.<\/span><!--EndFragment --><\/p>\n<\/div>\n<\/div>\n<\/div>\n<\/div>\n<\/div>\n<\/div>\n<\/div>\n<\/div>\n<\/div>\n<\/div>\n<\/div>\n<\/div>\n<\/div>\n<\/div>\n<\/div>\n<\/div>\n<\/div>\n<\/div><\/section><\/p><\/div>\n\n<style type=\"text\/css\" data-created_by=\"avia_inline_auto\" id=\"style-css-av-1i8cuqo-63a1ab2803dc7aabe3da40fa1c03244e\">\n.flex_column.av-1i8cuqo-63a1ab2803dc7aabe3da40fa1c03244e{\nborder-radius:0px 0px 0px 0px;\npadding:0px 0px 0px 0px;\n}\n<\/style>\n<div  class='flex_column av-1i8cuqo-63a1ab2803dc7aabe3da40fa1c03244e av_one_fourth  avia-builder-el-120  el_after_av_one_fourth  el_before_av_one_fourth  flex_column_div av-zero-column-padding  column-top-margin'     ><p>\n<style type=\"text\/css\" data-created_by=\"avia_inline_auto\" id=\"style-css-av-15cx1gg-3b3ad646d6f85aa8832661583e49537b\">\n.avia-image-container.av-15cx1gg-3b3ad646d6f85aa8832661583e49537b img.avia_image{\nbox-shadow:none;\n}\n.avia-image-container.av-15cx1gg-3b3ad646d6f85aa8832661583e49537b .av-image-caption-overlay-center{\ncolor:#ffffff;\n}\n<\/style>\n<div  class='avia-image-container av-15cx1gg-3b3ad646d6f85aa8832661583e49537b av-styling- av-img-linked avia-align-center  avia-builder-el-121  el_before_av_textblock  avia-builder-el-first '   itemprop=\"image\" itemscope=\"itemscope\" itemtype=\"https:\/\/schema.org\/ImageObject\" ><div class=\"avia-image-container-inner\"><div class=\"avia-image-overlay-wrap\"><a href=\"https:\/\/www.herbea.org\/\" class='avia_image '  target=\"_blank\"  rel=\"noopener noreferrer\" aria-label='Herbea-1'><img decoding=\"async\" fetchpriority=\"high\" class='wp-image-8471 avia-img-lazy-loading-not-8471 avia_image ' src=\"https:\/\/www.fredonoccitanie.com\/captages\/wp-content\/uploads\/sites\/3\/2021\/07\/Herbea-1-300x194.png\" alt='' title='Herbea-1'  height=\"194\" width=\"300\"  itemprop=\"thumbnailUrl\" srcset=\"https:\/\/www.fredonoccitanie.com\/captages\/wp-content\/uploads\/sites\/3\/2021\/07\/Herbea-1-300x194.png 300w, https:\/\/www.fredonoccitanie.com\/captages\/wp-content\/uploads\/sites\/3\/2021\/07\/Herbea-1-768x498.png 768w, https:\/\/www.fredonoccitanie.com\/captages\/wp-content\/uploads\/sites\/3\/2021\/07\/Herbea-1-705x457.png 705w, https:\/\/www.fredonoccitanie.com\/captages\/wp-content\/uploads\/sites\/3\/2021\/07\/Herbea-1.png 907w\" sizes=\"(max-width: 300px) 100vw, 300px\" \/><\/a><\/div><\/div><\/div><br \/>\n<section  class='av_textblock_section av-oq141s-b8b6e366f0a6dc98f1a3ac754b7fc412 '   itemscope=\"itemscope\" itemtype=\"https:\/\/schema.org\/CreativeWork\" ><div class='avia_textblock'  itemprop=\"text\" ><div class=\"vc-hoverbox-block vc-hoverbox-back\">\n<div class=\"vc-hoverbox-block vc-hoverbox-back\">\n<div class=\"vc-hoverbox-block-inner vc-hoverbox-back-inner\">\n<div class=\"vc-hoverbox-block vc-hoverbox-back\">\n<div class=\"vc-hoverbox-block-inner vc-hoverbox-back-inner\">\n<div class=\"vc-hoverbox-block vc-hoverbox-back\">\n<div class=\"vc-hoverbox-block-inner vc-hoverbox-back-inner\">\n<div class=\"vc-hoverbox-block vc-hoverbox-back\">\n<div class=\"vc-hoverbox-block-inner vc-hoverbox-back-inner\">\n<div class=\"vc-hoverbox-block vc-hoverbox-back\">\n<div class=\"vc-hoverbox-block-inner vc-hoverbox-back-inner\">\n<div class=\"vc-hoverbox-block vc-hoverbox-back\">\n<div class=\"vc-hoverbox-block-inner vc-hoverbox-back-inner\">\n<div class=\"vc-hoverbox-block vc-hoverbox-back\">\n<div class=\"vc-hoverbox-block-inner vc-hoverbox-back-inner\">\n<div class=\"vc-hoverbox-block vc-hoverbox-back\">\n<div class=\"vc-hoverbox-block-inner vc-hoverbox-back-inner\">\n<h3>HERBEA (Solagro)<\/h3>\n<p><a href=\"https:\/\/www.herbea.org\/\">Herbea<\/a> est un site internet collaboratif pour promouvoir la lutte biologique par conservation. Vous y trouverez un outil interactif de simulation, qui vous fournira des pistes de solutions de lutte biologique, ainsi que des fiches d\u2019information sur les esp\u00e8ces auxiliaires, les ravageurs et leurs habitats, puis une base de donn\u00e9es de r\u00e9f\u00e9rence.<\/p>\n<\/div>\n<\/div>\n<\/div>\n<\/div>\n<\/div>\n<\/div>\n<\/div>\n<\/div>\n<\/div>\n<\/div>\n<\/div>\n<\/div>\n<\/div>\n<\/div>\n<\/div>\n<\/div>\n<\/div>\n<\/div><\/section><\/p><\/div>\n\n<style type=\"text\/css\" data-created_by=\"avia_inline_auto\" id=\"style-css-av-hoyws-d88bbf0c9de9ea2319a165af7ceb3c2b\">\n.flex_column.av-hoyws-d88bbf0c9de9ea2319a165af7ceb3c2b{\nborder-radius:0px 0px 0px 0px;\npadding:0px 0px 0px 0px;\n}\n<\/style>\n<div  class='flex_column av-hoyws-d88bbf0c9de9ea2319a165af7ceb3c2b av_one_fourth  avia-builder-el-123  el_after_av_one_fourth  el_before_av_one_fourth  first flex_column_div av-zero-column-padding  column-top-margin'     ><p>\n<style type=\"text\/css\" data-created_by=\"avia_inline_auto\" id=\"style-css-av-lcens14t-f52e72ab7ab10b0d9b937d6f8f914bb2\">\n.avia-image-container.av-lcens14t-f52e72ab7ab10b0d9b937d6f8f914bb2 img.avia_image{\nbox-shadow:none;\n}\n.avia-image-container.av-lcens14t-f52e72ab7ab10b0d9b937d6f8f914bb2 .av-image-caption-overlay-center{\ncolor:#ffffff;\n}\n<\/style>\n<div  class='avia-image-container av-lcens14t-f52e72ab7ab10b0d9b937d6f8f914bb2 av-styling- av-img-linked avia-align-center  avia-builder-el-124  el_before_av_textblock  avia-builder-el-first '   itemprop=\"image\" itemscope=\"itemscope\" itemtype=\"https:\/\/schema.org\/ImageObject\" ><div class=\"avia-image-container-inner\"><div class=\"avia-image-overlay-wrap\"><a href=\"https:\/\/occitanie.chambre-agriculture.fr\/agroenvironnement\/\" class='avia_image '  target=\"_blank\"  rel=\"noopener noreferrer\" aria-label='chambreagri'><img decoding=\"async\" fetchpriority=\"high\" class='wp-image-9979 avia-img-lazy-loading-not-9979 avia_image ' src=\"https:\/\/www.fredonoccitanie.com\/captages\/wp-content\/uploads\/sites\/3\/2023\/01\/chambreagri.png\" alt='' title='chambreagri'  height=\"930\" width=\"1285\"  itemprop=\"thumbnailUrl\" srcset=\"https:\/\/www.fredonoccitanie.com\/captages\/wp-content\/uploads\/sites\/3\/2023\/01\/chambreagri.png 1285w, https:\/\/www.fredonoccitanie.com\/captages\/wp-content\/uploads\/sites\/3\/2023\/01\/chambreagri-300x217.png 300w, https:\/\/www.fredonoccitanie.com\/captages\/wp-content\/uploads\/sites\/3\/2023\/01\/chambreagri-1030x745.png 1030w, https:\/\/www.fredonoccitanie.com\/captages\/wp-content\/uploads\/sites\/3\/2023\/01\/chambreagri-768x556.png 768w, https:\/\/www.fredonoccitanie.com\/captages\/wp-content\/uploads\/sites\/3\/2023\/01\/chambreagri-705x510.png 705w\" sizes=\"(max-width: 1285px) 100vw, 1285px\" \/><\/a><\/div><\/div><\/div><br \/>\n<section  class='av_textblock_section av-lcenr0th-d6750694ba584cefa1ae6b0705e68875 '   itemscope=\"itemscope\" itemtype=\"https:\/\/schema.org\/CreativeWork\" ><div class='avia_textblock'  itemprop=\"text\" ><div class=\"vc-hoverbox-block vc-hoverbox-back\">\n<div class=\"vc-hoverbox-block vc-hoverbox-back\">\n<div class=\"vc-hoverbox-block-inner vc-hoverbox-back-inner\">\n<div class=\"vc-hoverbox-block vc-hoverbox-back\">\n<div class=\"vc-hoverbox-block-inner vc-hoverbox-back-inner\">\n<div class=\"vc-hoverbox-block vc-hoverbox-back\">\n<div class=\"vc-hoverbox-block-inner vc-hoverbox-back-inner\">\n<div class=\"vc-hoverbox-block vc-hoverbox-back\">\n<div class=\"vc-hoverbox-block-inner vc-hoverbox-back-inner\">\n<div class=\"vc-hoverbox-block vc-hoverbox-back\">\n<div class=\"vc-hoverbox-block-inner vc-hoverbox-back-inner\">\n<div class=\"vc-hoverbox-block vc-hoverbox-back\">\n<div class=\"vc-hoverbox-block-inner vc-hoverbox-back-inner\">\n<div class=\"vc-hoverbox-block vc-hoverbox-back\">\n<div class=\"vc-hoverbox-block-inner vc-hoverbox-back-inner\">\n<h3>Agroenvironnement<span data-ccp-props=\"{}\"> (<\/span>CRA Occitanie)<\/h3>\n<p><span data-contrast=\"auto\">Le site de la CRAO \/ Chambre r\u00e9gional d\u2019agriculture d\u2019Occitanie propose<a href=\"https:\/\/occitanie.chambre-agriculture.fr\/agroenvironnement\/\"> une rubrique d\u00e9di\u00e9e \u00e0 l\u2019agroenvironnement<\/a><\/span><span data-contrast=\"auto\">.<\/span><\/p>\n<p><span data-contrast=\"auto\"> Retrouvez notamment <a href=\"https:\/\/occitanie.chambre-agriculture.fr\/agroenvironnement\/agroecologie\/les-actualites-de-la-transition-agroecologique-en-occitanie\/voir-nos-evenements-sur-une-carte\/\">les actualit\u00e9s de la transition agro\u00e9cologique<\/a> localisables sur une carte <\/span><span data-contrast=\"auto\">ou encore des informations sur le<a href=\"https:\/\/occitanie.chambre-agriculture.fr\/agroenvironnement\/agroecologie\/reduce\/\"> projet REDUCE<\/a>.<\/span><\/p>\n<p><span data-contrast=\"auto\">Le site propose aussi <a href=\"https:\/\/occitanie.chambre-agriculture.fr\/agroenvironnement\/ecophyto\/\">une rubrique Ecophyto<\/a> qui rassemble plusieurs outils d\u00e9di\u00e9s (journ\u00e9es techniques\u2026).<\/span><\/p>\n<p><span data-ccp-props=\"{}\">\u00a0<\/span><\/p>\n<\/div>\n<\/div>\n<\/div>\n<\/div>\n<\/div>\n<\/div>\n<\/div>\n<\/div>\n<\/div>\n<\/div>\n<\/div>\n<\/div>\n<\/div>\n<\/div>\n<\/div>\n<\/div><\/section><\/p><\/div>\n\n<style type=\"text\/css\" data-created_by=\"avia_inline_auto\" id=\"style-css-av-8xnedo-0d76d77168267a4c182c4bae287938d9\">\n.flex_column.av-8xnedo-0d76d77168267a4c182c4bae287938d9{\nborder-radius:0px 0px 0px 0px;\npadding:0px 0px 0px 0px;\n}\n<\/style>\n<div  class='flex_column av-8xnedo-0d76d77168267a4c182c4bae287938d9 av_one_fourth  avia-builder-el-126  el_after_av_one_fourth  el_before_av_one_fourth  flex_column_div av-zero-column-padding  column-top-margin'     ><p>\n<style type=\"text\/css\" data-created_by=\"avia_inline_auto\" id=\"style-css-av-kraesxye-bc96211070fcc87f92279b40dd28c7cf\">\n.avia-image-container.av-kraesxye-bc96211070fcc87f92279b40dd28c7cf img.avia_image{\nbox-shadow:none;\n}\n.avia-image-container.av-kraesxye-bc96211070fcc87f92279b40dd28c7cf .av-image-caption-overlay-center{\ncolor:#ffffff;\n}\n<\/style>\n<div  class='avia-image-container av-kraesxye-bc96211070fcc87f92279b40dd28c7cf av-styling- av-img-linked avia-align-center  avia-builder-el-127  el_before_av_textblock  avia-builder-el-first '   itemprop=\"image\" itemscope=\"itemscope\" itemtype=\"https:\/\/schema.org\/ImageObject\" ><div class=\"avia-image-container-inner\"><div class=\"avia-image-overlay-wrap\"><a href=\"https:\/\/osez-agroecologie.org\/\" class='avia_image '  target=\"_blank\"  rel=\"noopener noreferrer\" aria-label='OSAE-1024x458'><img decoding=\"async\" fetchpriority=\"high\" class='wp-image-8475 avia-img-lazy-loading-not-8475 avia_image ' src=\"https:\/\/www.fredonoccitanie.com\/captages\/wp-content\/uploads\/sites\/3\/2021\/07\/OSAE-1024x458-1-300x134.png\" alt='' title='OSAE-1024x458'  height=\"134\" width=\"300\"  itemprop=\"thumbnailUrl\" srcset=\"https:\/\/www.fredonoccitanie.com\/captages\/wp-content\/uploads\/sites\/3\/2021\/07\/OSAE-1024x458-1-300x134.png 300w, https:\/\/www.fredonoccitanie.com\/captages\/wp-content\/uploads\/sites\/3\/2021\/07\/OSAE-1024x458-1-768x344.png 768w, https:\/\/www.fredonoccitanie.com\/captages\/wp-content\/uploads\/sites\/3\/2021\/07\/OSAE-1024x458-1-705x315.png 705w, https:\/\/www.fredonoccitanie.com\/captages\/wp-content\/uploads\/sites\/3\/2021\/07\/OSAE-1024x458-1.png 1024w\" sizes=\"(max-width: 300px) 100vw, 300px\" \/><\/a><\/div><\/div><\/div><br \/>\n<section  class='av_textblock_section av-kraet2x6-754bd7351e66d8f1f0dd20ce2ead786b '   itemscope=\"itemscope\" itemtype=\"https:\/\/schema.org\/CreativeWork\" ><div class='avia_textblock'  itemprop=\"text\" ><div class=\"vc-hoverbox-block vc-hoverbox-back\">\n<div class=\"vc-hoverbox-block vc-hoverbox-back\">\n<div class=\"vc-hoverbox-block-inner vc-hoverbox-back-inner\">\n<div class=\"vc-hoverbox-block vc-hoverbox-back\">\n<div class=\"vc-hoverbox-block-inner vc-hoverbox-back-inner\">\n<div class=\"vc-hoverbox-block vc-hoverbox-back\">\n<div class=\"vc-hoverbox-block-inner vc-hoverbox-back-inner\">\n<div class=\"vc-hoverbox-block vc-hoverbox-back\">\n<div class=\"vc-hoverbox-block-inner vc-hoverbox-back-inner\">\n<div class=\"vc-hoverbox-block vc-hoverbox-back\">\n<div class=\"vc-hoverbox-block-inner vc-hoverbox-back-inner\">\n<div class=\"vc-hoverbox-block vc-hoverbox-back\">\n<div class=\"vc-hoverbox-block-inner vc-hoverbox-back-inner\">\n<div class=\"vc-hoverbox-block vc-hoverbox-back\">\n<div class=\"vc-hoverbox-block-inner vc-hoverbox-back-inner\">\n<div class=\"vc-hoverbox-block vc-hoverbox-back\">\n<div class=\"vc-hoverbox-block-inner vc-hoverbox-back-inner\">\n<div class=\"vc-hoverbox-block vc-hoverbox-back\">\n<div class=\"vc-hoverbox-block-inner vc-hoverbox-back-inner\">\n<div class=\"vc-hoverbox-block vc-hoverbox-back\">\n<div class=\"vc-hoverbox-block-inner vc-hoverbox-back-inner\">\n<div class=\"vc-hoverbox-block vc-hoverbox-back\">\n<div class=\"vc-hoverbox-block-inner vc-hoverbox-back-inner\">\n<h3>OSAE (Solagro)<\/h3>\n<p><a href=\"https:\/\/osez-agroecologie.org\/\">Osa\u00e9, Osez l\u2019agro\u00e9cologie<\/a>, vise \u00e0 faire connaitre les savoir-faire d\u2019agriculteurs pionniers et innovants en agro\u00e9cologie.\u00a0 Ce site s\u2019appuie sur des exemples concrets et diversifi\u00e9s d\u2019exploitations et de pratiques agro\u00e9cologiques et propose des informations techniques, par pratique, permettant d\u2019approfondir les conditions de leur mise en oeuvre. Vous y trouverez notamment des t\u00e9moignages d\u2019agriculteurs (fiches et vid\u00e9os) engag\u00e9s de la r\u00e9gion Occitanie.<\/p>\n<\/div>\n<\/div>\n<\/div>\n<\/div>\n<\/div>\n<\/div>\n<\/div>\n<\/div>\n<\/div>\n<\/div>\n<\/div>\n<\/div>\n<\/div>\n<\/div>\n<\/div>\n<\/div>\n<\/div>\n<\/div>\n<\/div>\n<\/div>\n<\/div>\n<\/div>\n<\/div>\n<\/div><\/section><\/p><\/div>\n\n<style type=\"text\/css\" data-created_by=\"avia_inline_auto\" id=\"style-css-av-36prng-42f69493326b66b1c9dfc3ffa853aa5f\">\n.flex_column.av-36prng-42f69493326b66b1c9dfc3ffa853aa5f{\nborder-radius:0px 0px 0px 0px;\npadding:0px 0px 0px 0px;\n}\n<\/style>\n<div  class='flex_column av-36prng-42f69493326b66b1c9dfc3ffa853aa5f av_one_fourth  avia-builder-el-129  el_after_av_one_fourth  el_before_av_one_fourth  flex_column_div av-zero-column-padding  column-top-margin'     ><p>\n<style type=\"text\/css\" data-created_by=\"avia_inline_auto\" id=\"style-css-av-l8abhmj7-61fbfff8938b40d2c32061aea0eb0b8e\">\n.avia-image-container.av-l8abhmj7-61fbfff8938b40d2c32061aea0eb0b8e img.avia_image{\nbox-shadow:none;\n}\n.avia-image-container.av-l8abhmj7-61fbfff8938b40d2c32061aea0eb0b8e .av-image-caption-overlay-center{\ncolor:#ffffff;\n}\n<\/style>\n<div  class='avia-image-container av-l8abhmj7-61fbfff8938b40d2c32061aea0eb0b8e av-styling- av-img-linked avia-align-center  avia-builder-el-130  el_before_av_textblock  avia-builder-el-first '   itemprop=\"image\" itemscope=\"itemscope\" itemtype=\"https:\/\/schema.org\/ImageObject\" ><div class=\"avia-image-container-inner\"><div class=\"avia-image-overlay-wrap\"><a href=\"https:\/\/occitanie.chambre-agriculture.fr\/agroenvironnement\/agroecologie\/aglae\/\" class='avia_image '  target=\"_blank\"  rel=\"noopener noreferrer\" aria-label='crao_aglae'><img decoding=\"async\" fetchpriority=\"high\" class='wp-image-9621 avia-img-lazy-loading-not-9621 avia_image ' src=\"https:\/\/www.fredonoccitanie.com\/captages\/wp-content\/uploads\/sites\/3\/2022\/09\/crao_aglae.jpg\" alt='' title='crao_aglae'  height=\"251\" width=\"282\"  itemprop=\"thumbnailUrl\"  \/><\/a><\/div><\/div><\/div><br \/>\n<section  class='av_textblock_section av-l8abb4bl-0ff3090d204a85e633a428ce2ed03afa '   itemscope=\"itemscope\" itemtype=\"https:\/\/schema.org\/CreativeWork\" ><div class='avia_textblock'  itemprop=\"text\" ><div class=\"vc-hoverbox-block vc-hoverbox-back\">\n<div class=\"vc-hoverbox-block vc-hoverbox-back\">\n<div class=\"vc-hoverbox-block-inner vc-hoverbox-back-inner\">\n<div class=\"vc-hoverbox-block vc-hoverbox-back\">\n<div class=\"vc-hoverbox-block-inner vc-hoverbox-back-inner\">\n<div class=\"vc-hoverbox-block vc-hoverbox-back\">\n<div class=\"vc-hoverbox-block-inner vc-hoverbox-back-inner\">\n<div class=\"vc-hoverbox-block vc-hoverbox-back\">\n<div class=\"vc-hoverbox-block-inner vc-hoverbox-back-inner\">\n<div class=\"vc-hoverbox-block vc-hoverbox-back\">\n<div class=\"vc-hoverbox-block-inner vc-hoverbox-back-inner\">\n<div class=\"vc-hoverbox-block vc-hoverbox-back\">\n<div class=\"vc-hoverbox-block-inner vc-hoverbox-back-inner\">\n<div class=\"vc-hoverbox-block vc-hoverbox-back\">\n<div class=\"vc-hoverbox-block-inner vc-hoverbox-back-inner\">\n<div class=\"vc-hoverbox-block vc-hoverbox-back\">\n<div class=\"vc-hoverbox-block-inner vc-hoverbox-back-inner\">\n<div class=\"vc-hoverbox-block vc-hoverbox-back\">\n<div class=\"vc-hoverbox-block-inner vc-hoverbox-back-inner\">\n<div class=\"vc-hoverbox-block vc-hoverbox-back\">\n<div class=\"vc-hoverbox-block-inner vc-hoverbox-back-inner\">\n<div class=\"vc-hoverbox-block vc-hoverbox-back\">\n<div class=\"vc-hoverbox-block-inner vc-hoverbox-back-inner\">\n<h3>AGLAE (CRA Occitanie)<\/h3>\n<p>Le projet <a href=\"https:\/\/occitanie.chambre-agriculture.fr\/agroenvironnement\/agroecologie\/aglae\/\"><strong>AGLAE<\/strong><\/a> (les <strong>A<\/strong>griculteurs parta<strong>G<\/strong>ent <strong>L<\/strong>eurs pratiques <strong>A<\/strong>gro<strong>\u00c9<\/strong>cologiques) a pour objectif de <strong>cr\u00e9er un r\u00e9f\u00e9rentiel de pratiques agro\u00e9cologiques innovantes<\/strong> en Grande Culture Polyculture Elevage (GCPE), Viticulture et Arboriculture, <strong>qualifi\u00e9es<\/strong> par des experts et bas\u00e9es sur des <strong>retours d\u2019exp\u00e9riences<\/strong> identifi\u00e9s localement chez les agriculteurs de la r\u00e9gion Occitanie.<\/p>\n<\/div>\n<\/div>\n<\/div>\n<\/div>\n<\/div>\n<\/div>\n<\/div>\n<\/div>\n<\/div>\n<\/div>\n<\/div>\n<\/div>\n<\/div>\n<\/div>\n<\/div>\n<\/div>\n<\/div>\n<\/div>\n<\/div>\n<\/div>\n<\/div>\n<\/div>\n<\/div>\n<\/div><\/section><\/p><\/div>\n\n<style type=\"text\/css\" data-created_by=\"avia_inline_auto\" id=\"style-css-av-693qx8-ba07893751d09b20dbc099857f17c810\">\n.flex_column.av-693qx8-ba07893751d09b20dbc099857f17c810{\nborder-radius:0px 0px 0px 0px;\npadding:0px 0px 0px 0px;\n}\n<\/style>\n<div  class='flex_column av-693qx8-ba07893751d09b20dbc099857f17c810 av_one_fourth  avia-builder-el-132  el_after_av_one_fourth  el_before_av_one_fourth  flex_column_div av-zero-column-padding  column-top-margin'     ><p>\n<style type=\"text\/css\" data-created_by=\"avia_inline_auto\" id=\"style-css-av-lcenp1xw-02b7c6c19351c4d641968be2053a9abe\">\n.avia-image-container.av-lcenp1xw-02b7c6c19351c4d641968be2053a9abe img.avia_image{\nbox-shadow:none;\n}\n.avia-image-container.av-lcenp1xw-02b7c6c19351c4d641968be2053a9abe .av-image-caption-overlay-center{\ncolor:#ffffff;\n}\n<\/style>\n<div  class='avia-image-container av-lcenp1xw-02b7c6c19351c4d641968be2053a9abe av-styling- av-img-linked avia-align-center  avia-builder-el-133  el_before_av_textblock  avia-builder-el-first '   itemprop=\"image\" itemscope=\"itemscope\" itemtype=\"https:\/\/schema.org\/ImageObject\" ><div class=\"avia-image-container-inner\"><div class=\"avia-image-overlay-wrap\"><a href=\"https:\/\/collectifs-agroecologie.fr\/\" class='avia_image '  target=\"_blank\"  rel=\"noopener noreferrer\" aria-label='pratique'><img decoding=\"async\" fetchpriority=\"high\" class='wp-image-9978 avia-img-lazy-loading-not-9978 avia_image ' src=\"https:\/\/www.fredonoccitanie.com\/captages\/wp-content\/uploads\/sites\/3\/2023\/01\/pratique.png\" alt='' title='pratique'  height=\"924\" width=\"1338\"  itemprop=\"thumbnailUrl\" srcset=\"https:\/\/www.fredonoccitanie.com\/captages\/wp-content\/uploads\/sites\/3\/2023\/01\/pratique.png 1338w, https:\/\/www.fredonoccitanie.com\/captages\/wp-content\/uploads\/sites\/3\/2023\/01\/pratique-300x207.png 300w, https:\/\/www.fredonoccitanie.com\/captages\/wp-content\/uploads\/sites\/3\/2023\/01\/pratique-1030x711.png 1030w, https:\/\/www.fredonoccitanie.com\/captages\/wp-content\/uploads\/sites\/3\/2023\/01\/pratique-768x530.png 768w, https:\/\/www.fredonoccitanie.com\/captages\/wp-content\/uploads\/sites\/3\/2023\/01\/pratique-705x487.png 705w\" sizes=\"(max-width: 1338px) 100vw, 1338px\" \/><\/a><\/div><\/div><\/div><br \/>\n<section  class='av_textblock_section av-lcenomk7-f3a834aa35edb1f808ff4e2d978fd1fe '   itemscope=\"itemscope\" itemtype=\"https:\/\/schema.org\/CreativeWork\" ><div class='avia_textblock'  itemprop=\"text\" ><div class=\"vc-hoverbox-block vc-hoverbox-back\">\n<div class=\"vc-hoverbox-block vc-hoverbox-back\">\n<div class=\"vc-hoverbox-block-inner vc-hoverbox-back-inner\">\n<div class=\"vc-hoverbox-block vc-hoverbox-back\">\n<div class=\"vc-hoverbox-block-inner vc-hoverbox-back-inner\">\n<div class=\"vc-hoverbox-block vc-hoverbox-back\">\n<div class=\"vc-hoverbox-block-inner vc-hoverbox-back-inner\">\n<div class=\"vc-hoverbox-block vc-hoverbox-back\">\n<div class=\"vc-hoverbox-block-inner vc-hoverbox-back-inner\">\n<div class=\"vc-hoverbox-block vc-hoverbox-back\">\n<div class=\"vc-hoverbox-block-inner vc-hoverbox-back-inner\">\n<div class=\"vc-hoverbox-block vc-hoverbox-back\">\n<div class=\"vc-hoverbox-block-inner vc-hoverbox-back-inner\">\n<div class=\"vc-hoverbox-block vc-hoverbox-back\">\n<div class=\"vc-hoverbox-block-inner vc-hoverbox-back-inner\">\n<h3><span class=\"TextRun SCXW13242183 BCX2\" lang=\"FR-FR\" xml:lang=\"FR-FR\" data-contrast=\"none\"><span class=\"NormalTextRun SCXW13242183 BCX2\" data-ccp-charstyle=\"Intense Reference\"><span class=\"TextRun SCXW114958249 BCX2\" lang=\"FR-FR\" xml:lang=\"FR-FR\" data-contrast=\"none\"><span class=\"NormalTextRun SCXW114958249 BCX2\" data-ccp-charstyle=\"Intense Reference\">Collectifs <\/span><span class=\"NormalTextRun SpellingErrorV2Themed SCXW114958249 BCX2\" data-ccp-charstyle=\"Intense Reference\">agro\u00e9cologiques en Occitanie<\/span><\/span><\/span><\/span><br \/>\n<span data-ccp-props=\"{}\">\u00a0<\/span><\/h3>\n<p><span class=\"TextRun SCXW145645724 BCX2\" lang=\"FR-FR\" xml:lang=\"FR-FR\" data-contrast=\"auto\"><span class=\"NormalTextRun SCXW145645724 BCX2\"><a href=\"https:\/\/collectifs-agroecologie.fr\/\">Cette plateforme<\/a> permet de trouver facilement\u202fdes informations sur\u202fles collectifs agro\u00e9cologiques\u202f: GIEE, groupes 30 000 et DEPHY Fermes. Un outil de cartographie permet de localiser un collectif et d\u2019acc\u00e9der \u00e0\u202fsa carte d\u2019identit\u00e9\u202fet \u00e0\u202fses livrables de capitalisation.<\/span> <\/span><\/p>\n<p><span class=\"TextRun SCXW145645724 BCX2\" lang=\"FR-FR\" xml:lang=\"FR-FR\" data-contrast=\"auto\"><span class=\"NormalTextRun SCXW145645724 BCX2\"><a href=\"https:\/\/collectifs-agroecologie.fr\/\">La plateforme<\/a> permet de localiser sur une carte tous les collectifs agro\u00e9cologiques : par types de groupe, par productions principales, par th\u00e9matiques de travail.<\/span><\/span><\/p>\n<\/div>\n<\/div>\n<\/div>\n<\/div>\n<\/div>\n<\/div>\n<\/div>\n<\/div>\n<\/div>\n<\/div>\n<\/div>\n<\/div>\n<\/div>\n<\/div>\n<\/div>\n<\/div><\/section><\/p><\/div>\n\n<style type=\"text\/css\" data-created_by=\"avia_inline_auto\" id=\"style-css-av-2xtc5o-76f30dbcd844b120dab5053f5de99694\">\n.flex_column.av-2xtc5o-76f30dbcd844b120dab5053f5de99694{\nborder-radius:0px 0px 0px 0px;\npadding:0px 0px 0px 0px;\n}\n<\/style>\n<div  class='flex_column av-2xtc5o-76f30dbcd844b120dab5053f5de99694 av_one_fourth  avia-builder-el-135  el_after_av_one_fourth  el_before_av_one_fourth  first flex_column_div av-zero-column-padding  column-top-margin'     ><p>\n<style type=\"text\/css\" data-created_by=\"avia_inline_auto\" id=\"style-css-av-lcenwmd1-f4d2ed92eadff321c5dca04709404599\">\n.avia-image-container.av-lcenwmd1-f4d2ed92eadff321c5dca04709404599 img.avia_image{\nbox-shadow:none;\n}\n.avia-image-container.av-lcenwmd1-f4d2ed92eadff321c5dca04709404599 .av-image-caption-overlay-center{\ncolor:#ffffff;\n}\n<\/style>\n<div  class='avia-image-container av-lcenwmd1-f4d2ed92eadff321c5dca04709404599 av-styling- av-img-linked avia-align-center  avia-builder-el-136  el_before_av_textblock  avia-builder-el-first '   itemprop=\"image\" itemscope=\"itemscope\" itemtype=\"https:\/\/schema.org\/ImageObject\" ><div class=\"avia-image-container-inner\"><div class=\"avia-image-overlay-wrap\"><a href=\"https:\/\/occitanie.chambre-agriculture.fr\/agroenvironnement\/agroecologie\/reduce\/\" class='avia_image '  target=\"_blank\"  rel=\"noopener noreferrer\" aria-label='chanmbragi2'><img decoding=\"async\" fetchpriority=\"high\" class='wp-image-9982 avia-img-lazy-loading-not-9982 avia_image ' src=\"https:\/\/www.fredonoccitanie.com\/captages\/wp-content\/uploads\/sites\/3\/2023\/01\/chanmbragi2.png\" alt='' title='chanmbragi2'  height=\"931\" width=\"1392\"  itemprop=\"thumbnailUrl\" srcset=\"https:\/\/www.fredonoccitanie.com\/captages\/wp-content\/uploads\/sites\/3\/2023\/01\/chanmbragi2.png 1392w, https:\/\/www.fredonoccitanie.com\/captages\/wp-content\/uploads\/sites\/3\/2023\/01\/chanmbragi2-300x201.png 300w, https:\/\/www.fredonoccitanie.com\/captages\/wp-content\/uploads\/sites\/3\/2023\/01\/chanmbragi2-1030x689.png 1030w, https:\/\/www.fredonoccitanie.com\/captages\/wp-content\/uploads\/sites\/3\/2023\/01\/chanmbragi2-768x514.png 768w, https:\/\/www.fredonoccitanie.com\/captages\/wp-content\/uploads\/sites\/3\/2023\/01\/chanmbragi2-705x472.png 705w\" sizes=\"(max-width: 1392px) 100vw, 1392px\" \/><\/a><\/div><\/div><\/div><br \/>\n<section  class='av_textblock_section av-lcenwakn-9da41e6b3e622a8ccf8d9e9a428a7e11 '   itemscope=\"itemscope\" itemtype=\"https:\/\/schema.org\/CreativeWork\" ><div class='avia_textblock'  itemprop=\"text\" ><div class=\"vc-hoverbox-block vc-hoverbox-back\">\n<div class=\"vc-hoverbox-block vc-hoverbox-back\">\n<div class=\"vc-hoverbox-block-inner vc-hoverbox-back-inner\">\n<div class=\"vc-hoverbox-block vc-hoverbox-back\">\n<div class=\"vc-hoverbox-block-inner vc-hoverbox-back-inner\">\n<div class=\"vc-hoverbox-block vc-hoverbox-back\">\n<div class=\"vc-hoverbox-block-inner vc-hoverbox-back-inner\">\n<div class=\"vc-hoverbox-block vc-hoverbox-back\">\n<div class=\"vc-hoverbox-block-inner vc-hoverbox-back-inner\">\n<div class=\"vc-hoverbox-block vc-hoverbox-back\">\n<div class=\"vc-hoverbox-block-inner vc-hoverbox-back-inner\">\n<div class=\"vc-hoverbox-block vc-hoverbox-back\">\n<div class=\"vc-hoverbox-block-inner vc-hoverbox-back-inner\">\n<div class=\"vc-hoverbox-block vc-hoverbox-back\">\n<div class=\"vc-hoverbox-block-inner vc-hoverbox-back-inner\">\n<h3>REDUCE : r\u00e9duction des herbicides et durabilit\u00e9 en agriculture de conservation en Occitanie<\/h3>\n<p><span class=\"TextRun SCXW158439168 BCX2\" lang=\"FR-FR\" xml:lang=\"FR-FR\" data-contrast=\"auto\"><span class=\"NormalTextRun SCXW158439168 BCX2\"><a href=\"https:\/\/occitanie.chambre-agriculture.fr\/agroenvironnement\/agroecologie\/reduce\/\">Le projet REDUCE<\/a> a pour objectif d\u2019\u00e9valuer les performances multicrit\u00e8res de syst\u00e8mes de culture exp\u00e9rimentant deux niveaux de rupture : diminution voire suppression totale de l\u2019usage de pesticides et r\u00e9duction du travail du sol. <\/span><\/span><\/p>\n<p><span class=\"TextRun SCXW158439168 BCX2\" lang=\"FR-FR\" xml:lang=\"FR-FR\" data-contrast=\"auto\"><span class=\"NormalTextRun SCXW158439168 BCX2\">Retrouvez des pr\u00e9cisions<\/span><span class=\"NormalTextRun SCXW158439168 BCX2\"> sur<\/span><span class=\"NormalTextRun SCXW158439168 BCX2\"> cette <\/span><span class=\"NormalTextRun SCXW158439168 BCX2\">exp\u00e9rimentation <\/span><span class=\"NormalTextRun SCXW158439168 BCX2\">qui <\/span><span class=\"NormalTextRun SCXW158439168 BCX2\">porte notamment sur la gestion durable de la flore adventice qui demeure un verrou majeur dans les syst\u00e8mes de grandes cultures et en particulier dans les syst\u00e8mes sans labour.<\/span><\/span><\/p>\n<p><span data-ccp-props=\"{}\">\u00a0<\/span><\/p>\n<\/div>\n<\/div>\n<\/div>\n<\/div>\n<\/div>\n<\/div>\n<\/div>\n<\/div>\n<\/div>\n<\/div>\n<\/div>\n<\/div>\n<\/div>\n<\/div>\n<\/div>\n<\/div><\/section><\/p><\/div>\n\n<style type=\"text\/css\" data-created_by=\"avia_inline_auto\" id=\"style-css-av-80y9u4-257a6c2c20e4b7183c80401cb45446d0\">\n.flex_column.av-80y9u4-257a6c2c20e4b7183c80401cb45446d0{\nborder-radius:0px 0px 0px 0px;\npadding:0px 0px 0px 0px;\n}\n<\/style>\n<div  class='flex_column av-80y9u4-257a6c2c20e4b7183c80401cb45446d0 av_one_fourth  avia-builder-el-138  el_after_av_one_fourth  el_before_av_one_fourth  flex_column_div av-zero-column-padding  column-top-margin'     ><p>\n<style type=\"text\/css\" data-created_by=\"avia_inline_auto\" id=\"style-css-av-lceo677k-1febc36dc93306556c9cc2abfe429162\">\n.avia-image-container.av-lceo677k-1febc36dc93306556c9cc2abfe429162 img.avia_image{\nbox-shadow:none;\n}\n.avia-image-container.av-lceo677k-1febc36dc93306556c9cc2abfe429162 .av-image-caption-overlay-center{\ncolor:#ffffff;\n}\n<\/style>\n<div  class='avia-image-container av-lceo677k-1febc36dc93306556c9cc2abfe429162 av-styling- av-img-linked avia-align-center  avia-builder-el-139  el_before_av_textblock  avia-builder-el-first '   itemprop=\"image\" itemscope=\"itemscope\" itemtype=\"https:\/\/schema.org\/ImageObject\" ><div class=\"avia-image-container-inner\"><div class=\"avia-image-overlay-wrap\"><a href=\"http:\/\/agreau.fr\/\" class='avia_image '  target=\"_blank\"  rel=\"noopener noreferrer\" aria-label='agreau'><img decoding=\"async\" fetchpriority=\"high\" class='wp-image-9985 avia-img-lazy-loading-not-9985 avia_image ' src=\"https:\/\/www.fredonoccitanie.com\/captages\/wp-content\/uploads\/sites\/3\/2023\/01\/agreau.png\" alt='' title='agreau'  height=\"905\" width=\"1614\"  itemprop=\"thumbnailUrl\" srcset=\"https:\/\/www.fredonoccitanie.com\/captages\/wp-content\/uploads\/sites\/3\/2023\/01\/agreau.png 1614w, https:\/\/www.fredonoccitanie.com\/captages\/wp-content\/uploads\/sites\/3\/2023\/01\/agreau-300x168.png 300w, https:\/\/www.fredonoccitanie.com\/captages\/wp-content\/uploads\/sites\/3\/2023\/01\/agreau-1030x578.png 1030w, https:\/\/www.fredonoccitanie.com\/captages\/wp-content\/uploads\/sites\/3\/2023\/01\/agreau-768x431.png 768w, https:\/\/www.fredonoccitanie.com\/captages\/wp-content\/uploads\/sites\/3\/2023\/01\/agreau-1536x861.png 1536w, https:\/\/www.fredonoccitanie.com\/captages\/wp-content\/uploads\/sites\/3\/2023\/01\/agreau-1500x841.png 1500w, https:\/\/www.fredonoccitanie.com\/captages\/wp-content\/uploads\/sites\/3\/2023\/01\/agreau-705x395.png 705w\" sizes=\"(max-width: 1614px) 100vw, 1614px\" \/><\/a><\/div><\/div><\/div><br \/>\n<section  class='av_textblock_section av-lceo5jsq-221e95f0bfd692d847a16d16da19aeea '   itemscope=\"itemscope\" itemtype=\"https:\/\/schema.org\/CreativeWork\" ><div class='avia_textblock'  itemprop=\"text\" ><div class=\"vc-hoverbox-block vc-hoverbox-back\">\n<div class=\"vc-hoverbox-block vc-hoverbox-back\">\n<div class=\"vc-hoverbox-block-inner vc-hoverbox-back-inner\">\n<div class=\"vc-hoverbox-block vc-hoverbox-back\">\n<div class=\"vc-hoverbox-block-inner vc-hoverbox-back-inner\">\n<div class=\"vc-hoverbox-block vc-hoverbox-back\">\n<div class=\"vc-hoverbox-block-inner vc-hoverbox-back-inner\">\n<div class=\"vc-hoverbox-block vc-hoverbox-back\">\n<div class=\"vc-hoverbox-block-inner vc-hoverbox-back-inner\">\n<div class=\"vc-hoverbox-block vc-hoverbox-back\">\n<div class=\"vc-hoverbox-block-inner vc-hoverbox-back-inner\">\n<div class=\"vc-hoverbox-block vc-hoverbox-back\">\n<div class=\"vc-hoverbox-block-inner vc-hoverbox-back-inner\">\n<div class=\"vc-hoverbox-block vc-hoverbox-back\">\n<div class=\"vc-hoverbox-block-inner vc-hoverbox-back-inner\">\n<h3>AGR&rsquo;EAU : l\u2019agro\u00e9cologie au c\u0153ur des territoires<span data-ccp-props=\"{}\">\u00a0<\/span><\/h3>\n<p><span data-contrast=\"auto\"><a href=\"http:\/\/agreau.fr\/\">Le site d\u2019Agr\u2019eau<\/a> propose des informations pratiques et des ressources documentaires. <\/span><\/p>\n<p><span data-contrast=\"auto\">Retrouvez notamment les cahiers de l\u2019agro\u00e9cologie, issus de deux ans d\u2019essais collectifs au champ men\u00e9s par les agriculteurs pilotes du r\u00e9seau <a href=\"http:\/\/agreau.fr\/\">Agr\u2019eau<\/a> Adour-Garonne.<\/span><span data-ccp-props=\"{}\">\u00a0<\/span><\/p>\n<p><span data-ccp-props=\"{}\">\u00a0<\/span><\/p>\n<\/div>\n<\/div>\n<\/div>\n<\/div>\n<\/div>\n<\/div>\n<\/div>\n<\/div>\n<\/div>\n<\/div>\n<\/div>\n<\/div>\n<\/div>\n<\/div>\n<\/div>\n<\/div><\/section><\/p><\/div>\n\n<style type=\"text\/css\" data-created_by=\"avia_inline_auto\" id=\"style-css-av-4okfbg-2442d7d27c64e308e1da399b95e9aa19\">\n.flex_column.av-4okfbg-2442d7d27c64e308e1da399b95e9aa19{\nborder-radius:0px 0px 0px 0px;\npadding:0px 0px 0px 0px;\n}\n<\/style>\n<div  class='flex_column av-4okfbg-2442d7d27c64e308e1da399b95e9aa19 av_one_fourth  avia-builder-el-141  el_after_av_one_fourth  el_before_av_one_fourth  flex_column_div av-zero-column-padding  column-top-margin'     ><p>\n<style type=\"text\/css\" data-created_by=\"avia_inline_auto\" id=\"style-css-av-lceobt47-03c0e63e52f308d40fa529e820779452\">\n.avia-image-container.av-lceobt47-03c0e63e52f308d40fa529e820779452 img.avia_image{\nbox-shadow:none;\n}\n.avia-image-container.av-lceobt47-03c0e63e52f308d40fa529e820779452 .av-image-caption-overlay-center{\ncolor:#ffffff;\n}\n<\/style>\n<div  class='avia-image-container av-lceobt47-03c0e63e52f308d40fa529e820779452 av-styling- av-img-linked avia-align-center  avia-builder-el-142  el_before_av_textblock  avia-builder-el-first '   itemprop=\"image\" itemscope=\"itemscope\" itemtype=\"https:\/\/schema.org\/ImageObject\" ><div class=\"avia-image-container-inner\"><div class=\"avia-image-overlay-wrap\"><a href=\"https:\/\/occitanum.fr\/Occitanum-c-est\" class='avia_image '  target=\"_blank\"  rel=\"noopener noreferrer\" aria-label='occitanum'><img decoding=\"async\" fetchpriority=\"high\" class='wp-image-9987 avia-img-lazy-loading-not-9987 avia_image ' src=\"https:\/\/www.fredonoccitanie.com\/captages\/wp-content\/uploads\/sites\/3\/2023\/01\/occitanum.png\" alt='' title='occitanum'  height=\"912\" width=\"1624\"  itemprop=\"thumbnailUrl\" srcset=\"https:\/\/www.fredonoccitanie.com\/captages\/wp-content\/uploads\/sites\/3\/2023\/01\/occitanum.png 1624w, https:\/\/www.fredonoccitanie.com\/captages\/wp-content\/uploads\/sites\/3\/2023\/01\/occitanum-300x168.png 300w, https:\/\/www.fredonoccitanie.com\/captages\/wp-content\/uploads\/sites\/3\/2023\/01\/occitanum-1030x578.png 1030w, https:\/\/www.fredonoccitanie.com\/captages\/wp-content\/uploads\/sites\/3\/2023\/01\/occitanum-768x431.png 768w, https:\/\/www.fredonoccitanie.com\/captages\/wp-content\/uploads\/sites\/3\/2023\/01\/occitanum-1536x863.png 1536w, https:\/\/www.fredonoccitanie.com\/captages\/wp-content\/uploads\/sites\/3\/2023\/01\/occitanum-1500x842.png 1500w, https:\/\/www.fredonoccitanie.com\/captages\/wp-content\/uploads\/sites\/3\/2023\/01\/occitanum-705x396.png 705w\" sizes=\"(max-width: 1624px) 100vw, 1624px\" \/><\/a><\/div><\/div><\/div><br \/>\n<section  class='av_textblock_section av-lceob41t-d83d32baea5e591ec55a8ff605323967 '   itemscope=\"itemscope\" itemtype=\"https:\/\/schema.org\/CreativeWork\" ><div class='avia_textblock'  itemprop=\"text\" ><div class=\"vc-hoverbox-block vc-hoverbox-back\">\n<div class=\"vc-hoverbox-block vc-hoverbox-back\">\n<div class=\"vc-hoverbox-block-inner vc-hoverbox-back-inner\">\n<div class=\"vc-hoverbox-block vc-hoverbox-back\">\n<div class=\"vc-hoverbox-block-inner vc-hoverbox-back-inner\">\n<div class=\"vc-hoverbox-block vc-hoverbox-back\">\n<div class=\"vc-hoverbox-block-inner vc-hoverbox-back-inner\">\n<div class=\"vc-hoverbox-block vc-hoverbox-back\">\n<div class=\"vc-hoverbox-block-inner vc-hoverbox-back-inner\">\n<div class=\"vc-hoverbox-block vc-hoverbox-back\">\n<div class=\"vc-hoverbox-block-inner vc-hoverbox-back-inner\">\n<div class=\"vc-hoverbox-block vc-hoverbox-back\">\n<div class=\"vc-hoverbox-block-inner vc-hoverbox-back-inner\">\n<div class=\"vc-hoverbox-block vc-hoverbox-back\">\n<div class=\"vc-hoverbox-block-inner vc-hoverbox-back-inner\">\n<h3>OCCITANUM : le Living Lab Agro\u00e9cologie Num\u00e9rique en Occitanie<\/h3>\n<p><span data-contrast=\"auto\"><a href=\"https:\/\/occitanum.fr\/Occitanum-c-est\">Occitanum<\/a> exp\u00e9rimente sur l\u2019apport des technologies num\u00e9riques \u00e0 la transition agro\u00e9cologique et \u00e0 l\u2019alimentation de proximit\u00e9. <\/span><\/p>\n<p><span data-contrast=\"auto\"><a href=\"https:\/\/occitanum.fr\/Occitanum-c-est\">Des ressources<\/a> \u00e0 retrouver sur ces sujets\u2026<\/span><span data-ccp-props=\"{}\">\u00a0<\/span><\/p>\n<p><span data-ccp-props=\"{}\">\u00a0<\/span><\/p>\n<p><span data-ccp-props=\"{}\">\u00a0<\/span><\/p>\n<\/div>\n<\/div>\n<\/div>\n<\/div>\n<\/div>\n<\/div>\n<\/div>\n<\/div>\n<\/div>\n<\/div>\n<\/div>\n<\/div>\n<\/div>\n<\/div>\n<\/div>\n<\/div><\/section><\/p><\/div>\n\n<style type=\"text\/css\" data-created_by=\"avia_inline_auto\" id=\"style-css-av-keten4-7ea4c85819c5e88d781b0e269ee88ee5\">\n.flex_column.av-keten4-7ea4c85819c5e88d781b0e269ee88ee5{\nborder-radius:0px 0px 0px 0px;\npadding:0px 0px 0px 0px;\n}\n<\/style>\n<div  class='flex_column av-keten4-7ea4c85819c5e88d781b0e269ee88ee5 av_one_fourth  avia-builder-el-144  el_after_av_one_fourth  el_before_av_section  avia-builder-el-last  flex_column_div av-zero-column-padding  column-top-margin'     ><p>\n<style type=\"text\/css\" data-created_by=\"avia_inline_auto\" id=\"style-css-av-ls8x9cdz-cdad31cea800c8b6a1713d8cfe031a23\">\n.avia-image-container.av-ls8x9cdz-cdad31cea800c8b6a1713d8cfe031a23 img.avia_image{\nbox-shadow:none;\n}\n.avia-image-container.av-ls8x9cdz-cdad31cea800c8b6a1713d8cfe031a23 .av-image-caption-overlay-center{\ncolor:#ffffff;\n}\n<\/style>\n<div  class='avia-image-container av-ls8x9cdz-cdad31cea800c8b6a1713d8cfe031a23 av-styling- av-img-linked avia-align-center  avia-builder-el-145  el_before_av_textblock  avia-builder-el-first '   itemprop=\"image\" itemscope=\"itemscope\" itemtype=\"https:\/\/schema.org\/ImageObject\" ><div class=\"avia-image-container-inner\"><div class=\"avia-image-overlay-wrap\"><a href=\"https:\/\/afahcoccitanie.fr\/ressources\/\" class='avia_image '  target=\"_blank\"  rel=\"noopener noreferrer\" aria-label='afahc'><img decoding=\"async\" fetchpriority=\"high\" class='wp-image-10000 avia-img-lazy-loading-not-10000 avia_image ' src=\"https:\/\/www.fredonoccitanie.com\/captages\/wp-content\/uploads\/sites\/3\/2023\/01\/afahc.png\" alt='' title='afahc'  height=\"933\" width=\"1587\"  itemprop=\"thumbnailUrl\" srcset=\"https:\/\/www.fredonoccitanie.com\/captages\/wp-content\/uploads\/sites\/3\/2023\/01\/afahc.png 1587w, https:\/\/www.fredonoccitanie.com\/captages\/wp-content\/uploads\/sites\/3\/2023\/01\/afahc-300x176.png 300w, https:\/\/www.fredonoccitanie.com\/captages\/wp-content\/uploads\/sites\/3\/2023\/01\/afahc-1030x606.png 1030w, https:\/\/www.fredonoccitanie.com\/captages\/wp-content\/uploads\/sites\/3\/2023\/01\/afahc-768x452.png 768w, https:\/\/www.fredonoccitanie.com\/captages\/wp-content\/uploads\/sites\/3\/2023\/01\/afahc-1536x903.png 1536w, https:\/\/www.fredonoccitanie.com\/captages\/wp-content\/uploads\/sites\/3\/2023\/01\/afahc-1500x882.png 1500w, https:\/\/www.fredonoccitanie.com\/captages\/wp-content\/uploads\/sites\/3\/2023\/01\/afahc-705x414.png 705w\" sizes=\"(max-width: 1587px) 100vw, 1587px\" \/><\/a><\/div><\/div><\/div><br \/>\n<section  class='av_textblock_section av-ls8x5x1j-7d34a547c6d3a5c6849b1606a788eee1 '   itemscope=\"itemscope\" itemtype=\"https:\/\/schema.org\/CreativeWork\" ><div class='avia_textblock'  itemprop=\"text\" ><div class=\"vc-hoverbox-block vc-hoverbox-back\">\n<div class=\"vc-hoverbox-block vc-hoverbox-back\">\n<div class=\"vc-hoverbox-block-inner vc-hoverbox-back-inner\">\n<div class=\"vc-hoverbox-block vc-hoverbox-back\">\n<div class=\"vc-hoverbox-block-inner vc-hoverbox-back-inner\">\n<div class=\"vc-hoverbox-block vc-hoverbox-back\">\n<div class=\"vc-hoverbox-block-inner vc-hoverbox-back-inner\">\n<div class=\"vc-hoverbox-block vc-hoverbox-back\">\n<div class=\"vc-hoverbox-block-inner vc-hoverbox-back-inner\">\n<div class=\"vc-hoverbox-block vc-hoverbox-back\">\n<div class=\"vc-hoverbox-block-inner vc-hoverbox-back-inner\">\n<div class=\"vc-hoverbox-block vc-hoverbox-back\">\n<div class=\"vc-hoverbox-block-inner vc-hoverbox-back-inner\">\n<div class=\"vc-hoverbox-block vc-hoverbox-back\">\n<div class=\"vc-hoverbox-block-inner vc-hoverbox-back-inner\">\n<h3>AFAC-Agroforesteries en r\u00e9gion (Afahc)<\/h3>\n<p><span data-contrast=\"auto\"><a href=\"https:\/\/afahcoccitanie.fr\/ressources\/\">AFAHC Occitanie<\/a> anime un r\u00e9seau r\u00e9gional valorisant l\u2019arbre et la haie champ\u00eatre, dont les membres, en d\u00e9partement, sont des partenaires cl\u00e9s des d\u00e9marches de pr\u00e9servation de la qualit\u00e9 de l\u2019eau. Son site propose des ressources sur cette th\u00e9matique\u202f: guide de bonnes pratiques, charte de l\u2019arbre, fiches techniques\u2026<\/span><span data-ccp-props=\"{}\">\u00a0<\/span><\/p>\n<p><span data-ccp-props=\"{}\">\u00a0<\/span><\/p>\n<p><span data-ccp-props=\"{}\">\u00a0<\/span><\/p>\n<\/div>\n<\/div>\n<\/div>\n<\/div>\n<\/div>\n<\/div>\n<\/div>\n<\/div>\n<\/div>\n<\/div>\n<\/div>\n<\/div>\n<\/div>\n<\/div>\n<\/div>\n<\/div><\/section><\/p><\/div>\n<\/div><\/div><\/div><!-- close content main div --><\/div><\/div>\n<style type=\"text\/css\" data-created_by=\"avia_inline_auto\" id=\"style-css-av-n82bb8g-c5f207586824023af0793afbe3590f11\">\n.avia-section.av-n82bb8g-c5f207586824023af0793afbe3590f11{\nbackground-color:#f8ead4;\nbackground-image:unset;\n}\n<\/style>\n<div id='av_section_4'  class='avia-section av-n82bb8g-c5f207586824023af0793afbe3590f11 main_color avia-section-default avia-no-border-styling  avia-builder-el-147  el_after_av_one_fourth  el_before_av_section  avia-bg-style-scroll container_wrap fullsize'  ><div class='container av-section-cont-open' ><div class='template-page content  av-content-full alpha units'><div class='post-entry post-entry-type-page post-entry-10144'><div class='entry-content-wrapper clearfix'>\n<section  class='av_textblock_section av-mebfmjd6-9f585ca9f9a4ccd4dab3755c35711a69 '   itemscope=\"itemscope\" itemtype=\"https:\/\/schema.org\/CreativeWork\" ><div class='avia_textblock'  itemprop=\"text\" ><h2 id=\"biodiversite\" style=\"text-align: center\">Biodiversit\u00e9<\/h2>\n<\/div><\/section>\n\n<style type=\"text\/css\" data-created_by=\"avia_inline_auto\" id=\"style-css-av-mvxhkow-9db00ef8215fe73d6d6d309efa0348f4\">\n.flex_column.av-mvxhkow-9db00ef8215fe73d6d6d309efa0348f4{\nborder-radius:0px 0px 0px 0px;\npadding:0px 0px 0px 0px;\n}\n<\/style>\n<div  class='flex_column av-mvxhkow-9db00ef8215fe73d6d6d309efa0348f4 av_one_fourth  avia-builder-el-149  el_after_av_textblock  el_before_av_one_fourth  first flex_column_div av-zero-column-padding  column-top-margin'     ><p>\n<style type=\"text\/css\" data-created_by=\"avia_inline_auto\" id=\"style-css-av-m77p940-72cd7bdfaee089ccd72aa8e5cce3a4aa\">\n.avia-image-container.av-m77p940-72cd7bdfaee089ccd72aa8e5cce3a4aa img.avia_image{\nbox-shadow:none;\n}\n.avia-image-container.av-m77p940-72cd7bdfaee089ccd72aa8e5cce3a4aa .av-image-caption-overlay-center{\ncolor:#ffffff;\n}\n<\/style>\n<div  class='avia-image-container av-m77p940-72cd7bdfaee089ccd72aa8e5cce3a4aa av-styling- av-img-linked avia-align-center  avia-builder-el-150  el_before_av_textblock  avia-builder-el-first '   itemprop=\"image\" itemscope=\"itemscope\" itemtype=\"https:\/\/schema.org\/ImageObject\" ><div class=\"avia-image-container-inner\"><div class=\"avia-image-overlay-wrap\"><a href=\"https:\/\/draaf.occitanie.agriculture.gouv.fr\/nos-actus-la-demarche-phyto-biodiv-en-action-r1604.html\" class='avia_image '  target=\"_blank\"  rel=\"noopener noreferrer\" aria-label='Sites_Biodiv_DRAAF_phyto_et_biodiv'><img decoding=\"async\" fetchpriority=\"high\" class='wp-image-11504 avia-img-lazy-loading-not-11504 avia_image ' src=\"https:\/\/www.fredonoccitanie.com\/captages\/wp-content\/uploads\/sites\/3\/2025\/08\/Sites_Biodiv_DRAAF_phyto_et_biodiv-300x228.png\" alt='' title='Sites_Biodiv_DRAAF_phyto_et_biodiv'  height=\"228\" width=\"300\"  itemprop=\"thumbnailUrl\" srcset=\"https:\/\/www.fredonoccitanie.com\/captages\/wp-content\/uploads\/sites\/3\/2025\/08\/Sites_Biodiv_DRAAF_phyto_et_biodiv-300x228.png 300w, https:\/\/www.fredonoccitanie.com\/captages\/wp-content\/uploads\/sites\/3\/2025\/08\/Sites_Biodiv_DRAAF_phyto_et_biodiv-1030x784.png 1030w, https:\/\/www.fredonoccitanie.com\/captages\/wp-content\/uploads\/sites\/3\/2025\/08\/Sites_Biodiv_DRAAF_phyto_et_biodiv-768x585.png 768w, https:\/\/www.fredonoccitanie.com\/captages\/wp-content\/uploads\/sites\/3\/2025\/08\/Sites_Biodiv_DRAAF_phyto_et_biodiv-705x537.png 705w, https:\/\/www.fredonoccitanie.com\/captages\/wp-content\/uploads\/sites\/3\/2025\/08\/Sites_Biodiv_DRAAF_phyto_et_biodiv.png 1149w\" sizes=\"(max-width: 300px) 100vw, 300px\" \/><\/a><\/div><\/div><\/div><br \/>\n<section  class='av_textblock_section av-lnp1gyo-185864d20a49bb94182c77d7be0cb846 '   itemscope=\"itemscope\" itemtype=\"https:\/\/schema.org\/CreativeWork\" ><div class='avia_textblock'  itemprop=\"text\" ><div class=\"vc-hoverbox-block vc-hoverbox-back\">\n<div class=\"vc-hoverbox-block vc-hoverbox-back\">\n<div class=\"vc-hoverbox-block-inner vc-hoverbox-back-inner\">\n<h3>D\u00e9marche \u00ab\u00a0Phyto&amp;Biodiv\u00a0\u00bb (DRAAF Occitanie)<\/h3>\n<p><!--StartFragment --><span class=\"cf0\">Dans le cadre de la strat\u00e9gie r\u00e9gionale Ecophyto, la DRAAF a engag\u00e9 un travail sur la prise en compte de la biodiversit\u00e9 au sein des d\u00e9marches de r\u00e9duction de l\u2019utilisation des produits phytosanitaires. La <a href=\"https:\/\/draaf.occitanie.agriculture.gouv.fr\/nos-actus-la-demarche-phyto-biodiv-en-action-r1604.html\">d\u00e9marche \u00ab\u00a0Phyto&amp;Biodiv\u00a0\u00bb<\/a> ainsi d\u00e9ploy\u00e9e a permis de produire plusieurs ressources pour favoriser les synergies entre les enjeux d\u2019agriculture et de biodiversit\u00e9.<\/span><!--EndFragment --><\/p>\n<\/div>\n<\/div>\n<\/div>\n<\/div><\/section><\/p><\/div>\n<style type=\"text\/css\" data-created_by=\"avia_inline_auto\" id=\"style-css-av-lgjd2cg-785b44e0691bc6d5448671792d101b98\">\n.flex_column.av-lgjd2cg-785b44e0691bc6d5448671792d101b98{\nborder-radius:0px 0px 0px 0px;\npadding:0px 0px 0px 0px;\n}\n<\/style>\n<div  class='flex_column av-lgjd2cg-785b44e0691bc6d5448671792d101b98 av_one_fourth  avia-builder-el-152  el_after_av_one_fourth  el_before_av_one_fourth  flex_column_div av-zero-column-padding  column-top-margin'     ><p>\n<style type=\"text\/css\" data-created_by=\"avia_inline_auto\" id=\"style-css-av-kwqcc9s-92cf581fc724089289d9c3d13b77e73a\">\n.avia-image-container.av-kwqcc9s-92cf581fc724089289d9c3d13b77e73a img.avia_image{\nbox-shadow:none;\n}\n.avia-image-container.av-kwqcc9s-92cf581fc724089289d9c3d13b77e73a .av-image-caption-overlay-center{\ncolor:#ffffff;\n}\n<\/style>\n<div  class='avia-image-container av-kwqcc9s-92cf581fc724089289d9c3d13b77e73a av-styling- av-img-linked avia-align-center  avia-builder-el-153  el_before_av_textblock  avia-builder-el-first '   itemprop=\"image\" itemscope=\"itemscope\" itemtype=\"https:\/\/schema.org\/ImageObject\" ><div class=\"avia-image-container-inner\"><div class=\"avia-image-overlay-wrap\"><a href=\"https:\/\/www.cerema.fr\/fr\/actualites\/zones-humides-captages-fiches-du-cerema-actions-protection\" class='avia_image '  aria-label='Sites_Biodiv_Cerema'><img decoding=\"async\" fetchpriority=\"high\" class='wp-image-11503 avia-img-lazy-loading-not-11503 avia_image ' src=\"https:\/\/www.fredonoccitanie.com\/captages\/wp-content\/uploads\/sites\/3\/2025\/08\/Sites_Biodiv_Cerema-300x120.png\" alt='' title='Sites_Biodiv_Cerema'  height=\"120\" width=\"300\"  itemprop=\"thumbnailUrl\" srcset=\"https:\/\/www.fredonoccitanie.com\/captages\/wp-content\/uploads\/sites\/3\/2025\/08\/Sites_Biodiv_Cerema-300x120.png 300w, https:\/\/www.fredonoccitanie.com\/captages\/wp-content\/uploads\/sites\/3\/2025\/08\/Sites_Biodiv_Cerema-1030x411.png 1030w, https:\/\/www.fredonoccitanie.com\/captages\/wp-content\/uploads\/sites\/3\/2025\/08\/Sites_Biodiv_Cerema-768x306.png 768w, https:\/\/www.fredonoccitanie.com\/captages\/wp-content\/uploads\/sites\/3\/2025\/08\/Sites_Biodiv_Cerema-705x281.png 705w, https:\/\/www.fredonoccitanie.com\/captages\/wp-content\/uploads\/sites\/3\/2025\/08\/Sites_Biodiv_Cerema.png 1181w\" sizes=\"(max-width: 300px) 100vw, 300px\" \/><\/a><\/div><\/div><\/div><br \/>\n<section  class='av_textblock_section av-knuzfds-b22ca4adfa1c6199fea48dcde40b2c14 '   itemscope=\"itemscope\" itemtype=\"https:\/\/schema.org\/CreativeWork\" ><div class='avia_textblock'  itemprop=\"text\" ><div class=\"vc-hoverbox-block vc-hoverbox-back\">\n<div class=\"vc-hoverbox-block vc-hoverbox-back\">\n<div class=\"vc-hoverbox-block-inner vc-hoverbox-back-inner\">\n<div class=\"vc-hoverbox-block vc-hoverbox-back\">\n<div class=\"vc-hoverbox-block-inner vc-hoverbox-back-inner\">\n<div class=\"vc-hoverbox-block vc-hoverbox-back\">\n<div class=\"vc-hoverbox-block-inner vc-hoverbox-back-inner\">\n<div class=\"vc-hoverbox-block vc-hoverbox-back\">\n<div class=\"vc-hoverbox-block-inner vc-hoverbox-back-inner\">\n<h3>Fiches Zones humides et captages<\/h3>\n<p><!--StartFragment --><span class=\"cf0\">Le Cerema met \u00e0 disposition une <a href=\"https:\/\/www.cerema.fr\/fr\/actualites\/zones-humides-captages-fiches-du-cerema-actions-protection\">s\u00e9rie de fiches<\/a> \u00e0 destination des gestionnaires de captages d\u2019eau sur les actions de protection des zones humides qui ont un impact sur la qualit\u00e9 de la ressource en eau. <\/span><!--EndFragment --><\/p>\n<\/div>\n<\/div>\n<\/div>\n<\/div>\n<\/div>\n<\/div>\n<\/div>\n<\/div>\n<\/div>\n<\/div><\/section><\/p><\/div>\n<style type=\"text\/css\" data-created_by=\"avia_inline_auto\" id=\"style-css-av-k1hssv4-3fd0a66d3c300a67c323d1f432b73b6d\">\n.flex_column.av-k1hssv4-3fd0a66d3c300a67c323d1f432b73b6d{\nborder-radius:0px 0px 0px 0px;\npadding:0px 0px 0px 0px;\n}\n<\/style>\n<div  class='flex_column av-k1hssv4-3fd0a66d3c300a67c323d1f432b73b6d av_one_fourth  avia-builder-el-155  el_after_av_one_fourth  el_before_av_one_fourth  flex_column_div av-zero-column-padding  column-top-margin'     ><p>\n<style type=\"text\/css\" data-created_by=\"avia_inline_auto\" id=\"style-css-av-jiu7uhs-61f5d15688f8272f378bdc6b7efa9a4d\">\n.avia-image-container.av-jiu7uhs-61f5d15688f8272f378bdc6b7efa9a4d img.avia_image{\nbox-shadow:none;\n}\n.avia-image-container.av-jiu7uhs-61f5d15688f8272f378bdc6b7efa9a4d .av-image-caption-overlay-center{\ncolor:#ffffff;\n}\n<\/style>\n<div  class='avia-image-container av-jiu7uhs-61f5d15688f8272f378bdc6b7efa9a4d av-styling- av-img-linked avia-align-center  avia-builder-el-156  el_before_av_textblock  avia-builder-el-first '   itemprop=\"image\" itemscope=\"itemscope\" itemtype=\"https:\/\/schema.org\/ImageObject\" ><div class=\"avia-image-container-inner\"><div class=\"avia-image-overlay-wrap\"><a href=\"https:\/\/www.arb-occitanie.fr\/\" class='avia_image '  aria-label='ARB'><img decoding=\"async\" fetchpriority=\"high\" class='wp-image-10003 avia-img-lazy-loading-not-10003 avia_image ' src=\"https:\/\/www.fredonoccitanie.com\/captages\/wp-content\/uploads\/sites\/3\/2023\/01\/ARB.png\" alt='' title='ARB'  height=\"923\" width=\"1735\"  itemprop=\"thumbnailUrl\" srcset=\"https:\/\/www.fredonoccitanie.com\/captages\/wp-content\/uploads\/sites\/3\/2023\/01\/ARB.png 1735w, https:\/\/www.fredonoccitanie.com\/captages\/wp-content\/uploads\/sites\/3\/2023\/01\/ARB-300x160.png 300w, https:\/\/www.fredonoccitanie.com\/captages\/wp-content\/uploads\/sites\/3\/2023\/01\/ARB-1030x548.png 1030w, https:\/\/www.fredonoccitanie.com\/captages\/wp-content\/uploads\/sites\/3\/2023\/01\/ARB-768x409.png 768w, https:\/\/www.fredonoccitanie.com\/captages\/wp-content\/uploads\/sites\/3\/2023\/01\/ARB-1536x817.png 1536w, https:\/\/www.fredonoccitanie.com\/captages\/wp-content\/uploads\/sites\/3\/2023\/01\/ARB-1500x798.png 1500w, https:\/\/www.fredonoccitanie.com\/captages\/wp-content\/uploads\/sites\/3\/2023\/01\/ARB-705x375.png 705w\" sizes=\"(max-width: 1735px) 100vw, 1735px\" \/><\/a><\/div><\/div><\/div><br \/>\n<section  class='av_textblock_section av-j2eleo0-61334a44633132f2f56150bc7cc607bf '   itemscope=\"itemscope\" itemtype=\"https:\/\/schema.org\/CreativeWork\" ><div class='avia_textblock'  itemprop=\"text\" ><div class=\"vc-hoverbox-block vc-hoverbox-back\">\n<div class=\"vc-hoverbox-block vc-hoverbox-back\">\n<div class=\"vc-hoverbox-block-inner vc-hoverbox-back-inner\">\n<div class=\"vc-hoverbox-block vc-hoverbox-back\">\n<div class=\"vc-hoverbox-block-inner vc-hoverbox-back-inner\">\n<div class=\"vc-hoverbox-block vc-hoverbox-back\">\n<div class=\"vc-hoverbox-block-inner vc-hoverbox-back-inner\">\n<div class=\"vc-hoverbox-block vc-hoverbox-back\">\n<div class=\"vc-hoverbox-block-inner vc-hoverbox-back-inner\">\n<h3>ARB Occitanie : l\u2019agence pour la biodiversit\u00e9<\/h3>\n<p><span data-contrast=\"auto\"><a href=\"https:\/\/www.arb-occitanie.fr\/\">L\u2019Agence R\u00e9gionale de la Biodiversit\u00e9<\/a> constitue un outil op\u00e9rationnel de mise en \u0153uvre de la strat\u00e9gie r\u00e9gionale pour la biodiversit\u00e9, avec 3 missions phares\u202f: la valorisation de la connaissance sur la biodiversit\u00e9 du territoire r\u00e9gional, la mise en r\u00e9seau des acteurs de la biodiversit\u00e9 \u00e0 l\u2019\u00e9chelle r\u00e9gionale et l\u2019accompagnement des porteurs de projet. Ce site est une source d\u2019information sur plusieurs sujets transversaux, des solutions d\u2019adaptation fond\u00e9es sur la nature aux Territoires engag\u00e9s pour la nature (TEN), pour mobiliser sur vos territoires\u202f: la biodiversit\u00e9, un allier pour r\u00e9duire les intrants\u202f!<\/span><span data-ccp-props=\"{}\">\u00a0<\/span><\/p>\n<\/div>\n<\/div>\n<\/div>\n<\/div>\n<\/div>\n<\/div>\n<\/div>\n<\/div>\n<\/div>\n<\/div><\/section><\/p><\/div>\n<style type=\"text\/css\" data-created_by=\"avia_inline_auto\" id=\"style-css-av-iss7eww-2be2a8b49007c414dcec32b6b058b5a1\">\n.flex_column.av-iss7eww-2be2a8b49007c414dcec32b6b058b5a1{\nborder-radius:0px 0px 0px 0px;\npadding:0px 0px 0px 0px;\n}\n<\/style>\n<div  class='flex_column av-iss7eww-2be2a8b49007c414dcec32b6b058b5a1 av_one_fourth  avia-builder-el-158  el_after_av_one_fourth  avia-builder-el-last  flex_column_div av-zero-column-padding  column-top-margin'     ><p>\n<style type=\"text\/css\" data-created_by=\"avia_inline_auto\" id=\"style-css-av-i1qcops-330a5c6d85e33add471d062cea6a840e\">\n.avia-image-container.av-i1qcops-330a5c6d85e33add471d062cea6a840e img.avia_image{\nbox-shadow:none;\n}\n.avia-image-container.av-i1qcops-330a5c6d85e33add471d062cea6a840e .av-image-caption-overlay-center{\ncolor:#ffffff;\n}\n<\/style>\n<div  class='avia-image-container av-i1qcops-330a5c6d85e33add471d062cea6a840e av-styling- av-img-linked avia-align-center  avia-builder-el-159  el_before_av_textblock  avia-builder-el-first '   itemprop=\"image\" itemscope=\"itemscope\" itemtype=\"https:\/\/schema.org\/ImageObject\" ><div class=\"avia-image-container-inner\"><div class=\"avia-image-overlay-wrap\"><a href=\"https:\/\/bioccitanie.laregion.fr\/elu\/projets\" class='avia_image '  aria-label='biocitanie'><img decoding=\"async\" fetchpriority=\"high\" class='wp-image-10004 avia-img-lazy-loading-not-10004 avia_image ' src=\"https:\/\/www.fredonoccitanie.com\/captages\/wp-content\/uploads\/sites\/3\/2023\/01\/biocitanie.png\" alt='' title='biocitanie'  height=\"916\" width=\"1769\"  itemprop=\"thumbnailUrl\" srcset=\"https:\/\/www.fredonoccitanie.com\/captages\/wp-content\/uploads\/sites\/3\/2023\/01\/biocitanie.png 1769w, https:\/\/www.fredonoccitanie.com\/captages\/wp-content\/uploads\/sites\/3\/2023\/01\/biocitanie-300x155.png 300w, https:\/\/www.fredonoccitanie.com\/captages\/wp-content\/uploads\/sites\/3\/2023\/01\/biocitanie-1030x533.png 1030w, https:\/\/www.fredonoccitanie.com\/captages\/wp-content\/uploads\/sites\/3\/2023\/01\/biocitanie-768x398.png 768w, https:\/\/www.fredonoccitanie.com\/captages\/wp-content\/uploads\/sites\/3\/2023\/01\/biocitanie-1536x795.png 1536w, https:\/\/www.fredonoccitanie.com\/captages\/wp-content\/uploads\/sites\/3\/2023\/01\/biocitanie-1500x777.png 1500w, https:\/\/www.fredonoccitanie.com\/captages\/wp-content\/uploads\/sites\/3\/2023\/01\/biocitanie-705x365.png 705w\" sizes=\"(max-width: 1769px) 100vw, 1769px\" \/><\/a><\/div><\/div><\/div><br \/>\n<section  class='av_textblock_section av-hj7j76o-5014a797d459eba968c459c1e12e00bb '   itemscope=\"itemscope\" itemtype=\"https:\/\/schema.org\/CreativeWork\" ><div class='avia_textblock'  itemprop=\"text\" ><div class=\"vc-hoverbox-block vc-hoverbox-back\">\n<div class=\"vc-hoverbox-block vc-hoverbox-back\">\n<div class=\"vc-hoverbox-block-inner vc-hoverbox-back-inner\">\n<div class=\"vc-hoverbox-block vc-hoverbox-back\">\n<div class=\"vc-hoverbox-block-inner vc-hoverbox-back-inner\">\n<div class=\"vc-hoverbox-block vc-hoverbox-back\">\n<div class=\"vc-hoverbox-block-inner vc-hoverbox-back-inner\">\n<div class=\"vc-hoverbox-block vc-hoverbox-back\">\n<div class=\"vc-hoverbox-block-inner vc-hoverbox-back-inner\">\n<h3>BIOCCITANIE\u202f: outil num\u00e9rique cartographique autour de la biodiversit\u00e9<\/h3>\n<p><span data-contrast=\"auto\"><a href=\"https:\/\/bioccitanie.laregion.fr\/elu\/projets\">Bioccitanie<\/a> est un outil num\u00e9rique cartographique qui centralise l\u2019ensemble des donn\u00e9es r\u00e9gionales relatives \u00e0 la biodiversit\u00e9 (espaces naturels et esp\u00e8ces). Il aide \u00e0 tenir compte des enjeux \u00e9cologiques et de biodiversit\u00e9 dans l\u2019am\u00e9nagement du territoire r\u00e9gional. Outil op\u00e9rationnel co-construit avec les acteurs de la biodiversit\u00e9 et de l\u2019am\u00e9nagement, <a href=\"https:\/\/bioccitanie.laregion.fr\/elu\/projets\">Bioccitanie<\/a> propose une solution adapt\u00e9e et innovante face \u00e0 l\u2019enjeu de pr\u00e9servation de la biodiversit\u00e9 dans les projets de territoire.<\/span><span data-ccp-props=\"{}\">\u00a0<\/span><\/p>\n<\/div>\n<\/div>\n<\/div>\n<\/div>\n<\/div>\n<\/div>\n<\/div>\n<\/div>\n<\/div>\n<\/div><\/section><\/p><\/div>\n\n<\/div><\/div><\/div><!-- close content main div --><\/div><\/div><div id='av_section_5'  class='avia-section av-mebenraf-506e7de116b7ef9f6e839cc85385db53 main_color avia-section-default avia-no-border-styling  avia-builder-el-161  el_after_av_section  el_before_av_section  avia-bg-style-scroll container_wrap fullsize'  ><div class='container av-section-cont-open' ><div class='template-page content  av-content-full alpha units'><div class='post-entry post-entry-type-page post-entry-10144'><div class='entry-content-wrapper clearfix'>\n\n<style type=\"text\/css\" data-created_by=\"avia_inline_auto\" id=\"style-css-av-wtc6g68-b7d8b94c1728a779214931c9a9ada640\">\n.flex_column.av-wtc6g68-b7d8b94c1728a779214931c9a9ada640{\nborder-radius:0px 0px 0px 0px;\npadding:0px 0px 0px 0px;\n}\n<\/style>\n<div  class='flex_column av-wtc6g68-b7d8b94c1728a779214931c9a9ada640 av_one_full  avia-builder-el-162  el_before_av_one_fourth  avia-builder-el-first  first flex_column_div av-zero-column-padding  '     ><section  class='av_textblock_section av-w85x6dc-318cd72faadf9837fabb8689313f40d2 '   itemscope=\"itemscope\" itemtype=\"https:\/\/schema.org\/CreativeWork\" ><div class='avia_textblock'  itemprop=\"text\" ><h2 id=\"ancre5\" style=\"text-align: center\">Animation territoriale<\/h2>\n<\/div><\/section><\/div>\n<style type=\"text\/css\" data-created_by=\"avia_inline_auto\" id=\"style-css-av-qigcycg-cf3ad44cf130519b62e15d4352a73722\">\n.flex_column.av-qigcycg-cf3ad44cf130519b62e15d4352a73722{\nborder-radius:0px 0px 0px 0px;\npadding:0px 0px 0px 0px;\n}\n<\/style>\n<div  class='flex_column av-qigcycg-cf3ad44cf130519b62e15d4352a73722 av_one_fourth  avia-builder-el-164  el_after_av_one_full  el_before_av_one_fourth  first flex_column_div av-zero-column-padding  column-top-margin'     ><p>\n<style type=\"text\/css\" data-created_by=\"avia_inline_auto\" id=\"style-css-av-pyk8rxc-eaf017bfa7d7604a47c3915377bfc849\">\n.avia-image-container.av-pyk8rxc-eaf017bfa7d7604a47c3915377bfc849 img.avia_image{\nbox-shadow:none;\n}\n.avia-image-container.av-pyk8rxc-eaf017bfa7d7604a47c3915377bfc849 .av-image-caption-overlay-center{\ncolor:#ffffff;\n}\n<\/style>\n<div  class='avia-image-container av-pyk8rxc-eaf017bfa7d7604a47c3915377bfc849 av-styling- av-img-linked avia-align-center  avia-builder-el-165  el_before_av_textblock  avia-builder-el-first '   itemprop=\"image\" itemscope=\"itemscope\" itemtype=\"https:\/\/schema.org\/ImageObject\" ><div class=\"avia-image-container-inner\"><div class=\"avia-image-overlay-wrap\"><a href=\"https:\/\/trame.org\/centre-de-ressources\/\" class='avia_image '  target=\"_blank\"  rel=\"noopener noreferrer\" aria-label='trame'><img decoding=\"async\" fetchpriority=\"high\" class='wp-image-11440 avia-img-lazy-loading-not-11440 avia_image ' src=\"https:\/\/www.fredonoccitanie.com\/captages\/wp-content\/uploads\/sites\/3\/2025\/04\/Sans-titre-300x146.jpg\" alt='' title='trame'  height=\"146\" width=\"300\"  itemprop=\"thumbnailUrl\" srcset=\"https:\/\/www.fredonoccitanie.com\/captages\/wp-content\/uploads\/sites\/3\/2025\/04\/Sans-titre-300x146.jpg 300w, https:\/\/www.fredonoccitanie.com\/captages\/wp-content\/uploads\/sites\/3\/2025\/04\/Sans-titre-1030x503.jpg 1030w, https:\/\/www.fredonoccitanie.com\/captages\/wp-content\/uploads\/sites\/3\/2025\/04\/Sans-titre-768x375.jpg 768w, https:\/\/www.fredonoccitanie.com\/captages\/wp-content\/uploads\/sites\/3\/2025\/04\/Sans-titre-1536x750.jpg 1536w, https:\/\/www.fredonoccitanie.com\/captages\/wp-content\/uploads\/sites\/3\/2025\/04\/Sans-titre-1500x732.jpg 1500w, https:\/\/www.fredonoccitanie.com\/captages\/wp-content\/uploads\/sites\/3\/2025\/04\/Sans-titre-705x344.jpg 705w, https:\/\/www.fredonoccitanie.com\/captages\/wp-content\/uploads\/sites\/3\/2025\/04\/Sans-titre.jpg 1719w\" sizes=\"(max-width: 300px) 100vw, 300px\" \/><\/a><\/div><\/div><\/div><br \/>\n<section  class='av_textblock_section av-phyypuo-a01552c971aa38b92347da27f7b5e1f8 '   itemscope=\"itemscope\" itemtype=\"https:\/\/schema.org\/CreativeWork\" ><div class='avia_textblock'  itemprop=\"text\" ><div class=\"vc-hoverbox-block vc-hoverbox-back\">\n<div class=\"vc-hoverbox-block vc-hoverbox-back\">\n<div class=\"vc-hoverbox-block-inner vc-hoverbox-back-inner\">\n<div class=\"vc-hoverbox-block vc-hoverbox-back\">\n<div class=\"vc-hoverbox-block-inner vc-hoverbox-back-inner\">\n<div class=\"vc-hoverbox-block vc-hoverbox-back\">\n<div class=\"vc-hoverbox-block-inner vc-hoverbox-back-inner\">\n<div class=\"vc-hoverbox-block vc-hoverbox-back\">\n<div class=\"vc-hoverbox-block-inner vc-hoverbox-back-inner\">\n<div class=\"vc-hoverbox-block vc-hoverbox-back\">\n<div class=\"vc-hoverbox-block-inner vc-hoverbox-back-inner\">\n<div class=\"vc-hoverbox-block vc-hoverbox-back\">\n<div class=\"vc-hoverbox-block-inner vc-hoverbox-back-inner\">\n<div class=\"vc-hoverbox-block vc-hoverbox-back\">\n<div class=\"vc-hoverbox-block-inner vc-hoverbox-back-inner\">\n<h3>Trame : centre de ressources en ligne<\/h3>\n<\/div>\n<p>L&rsquo;association Trame propose un <a href=\"https:\/\/trame.org\/centre-de-ressources\/\">centre de ressources d\u00e9di\u00e9 aux acteurs des transitions<\/a>, sp\u00e9cialis\u00e9 dans l&rsquo;accompagnement des collectifs agricoles et ruraux, en mettant la place de l&rsquo;humain comme facteur de r\u00e9ussite des transitions \u00e0 engager. Vous y trouverez des actualit\u00e9s, m\u00e9thodes, t\u00e9moignages et outils produits par les \u00e9quipes Trame et leurs partenaires.<\/p>\n<div class=\"vc-hoverbox-block-inner vc-hoverbox-back-inner\"><\/div>\n<\/div>\n<\/div>\n<\/div>\n<\/div>\n<\/div>\n<\/div>\n<\/div>\n<\/div>\n<\/div>\n<\/div>\n<\/div>\n<\/div>\n<\/div>\n<\/div>\n<\/div><\/section><\/p><\/div>\n<style type=\"text\/css\" data-created_by=\"avia_inline_auto\" id=\"style-css-av-w35849s-a25b073501beb242ddcf0864b28071f5\">\n.flex_column.av-w35849s-a25b073501beb242ddcf0864b28071f5{\nborder-radius:0px 0px 0px 0px;\npadding:0px 0px 0px 0px;\n}\n<\/style>\n<div  class='flex_column av-w35849s-a25b073501beb242ddcf0864b28071f5 av_one_fourth  avia-builder-el-167  el_after_av_one_fourth  el_before_av_one_fourth  flex_column_div av-zero-column-padding  column-top-margin'     ><p>\n<style type=\"text\/css\" data-created_by=\"avia_inline_auto\" id=\"style-css-av-vcjmiw0-ccfee9721e6992ca5308a0cced502977\">\n.avia-image-container.av-vcjmiw0-ccfee9721e6992ca5308a0cced502977 img.avia_image{\nbox-shadow:none;\n}\n.avia-image-container.av-vcjmiw0-ccfee9721e6992ca5308a0cced502977 .av-image-caption-overlay-center{\ncolor:#ffffff;\n}\n<\/style>\n<div  class='avia-image-container av-vcjmiw0-ccfee9721e6992ca5308a0cced502977 av-styling- av-img-linked avia-align-center  avia-builder-el-168  el_before_av_textblock  avia-builder-el-first '   itemprop=\"image\" itemscope=\"itemscope\" itemtype=\"https:\/\/schema.org\/ImageObject\" ><div class=\"avia-image-container-inner\"><div class=\"avia-image-overlay-wrap\"><a href=\"https:\/\/www.ifree.asso.fr\/images\/publications\/autres\/brochure_dialogue_territorial_lb_ag_web_isbnok.pdf\" class='avia_image '  target=\"_blank\"  rel=\"noopener noreferrer\" aria-label='Sites_Animation_Dialogue_terr'><img decoding=\"async\" fetchpriority=\"high\" class='wp-image-11502 avia-img-lazy-loading-not-11502 avia_image ' src=\"https:\/\/www.fredonoccitanie.com\/captages\/wp-content\/uploads\/sites\/3\/2025\/08\/Sites_Animation_Dialogue_terr-300x248.png\" alt='' title='Sites_Animation_Dialogue_terr'  height=\"248\" width=\"300\"  itemprop=\"thumbnailUrl\" srcset=\"https:\/\/www.fredonoccitanie.com\/captages\/wp-content\/uploads\/sites\/3\/2025\/08\/Sites_Animation_Dialogue_terr-300x248.png 300w, https:\/\/www.fredonoccitanie.com\/captages\/wp-content\/uploads\/sites\/3\/2025\/08\/Sites_Animation_Dialogue_terr-768x635.png 768w, https:\/\/www.fredonoccitanie.com\/captages\/wp-content\/uploads\/sites\/3\/2025\/08\/Sites_Animation_Dialogue_terr-705x583.png 705w, https:\/\/www.fredonoccitanie.com\/captages\/wp-content\/uploads\/sites\/3\/2025\/08\/Sites_Animation_Dialogue_terr.png 868w\" sizes=\"(max-width: 300px) 100vw, 300px\" \/><\/a><\/div><\/div><\/div><br \/>\n<section  class='av_textblock_section av-v4jgq3k-5efe09052f669727cf7b935edb7d3967 '   itemscope=\"itemscope\" itemtype=\"https:\/\/schema.org\/CreativeWork\" ><div class='avia_textblock'  itemprop=\"text\" ><div class=\"vc-hoverbox-block vc-hoverbox-back\">\n<div class=\"vc-hoverbox-block vc-hoverbox-back\">\n<div class=\"vc-hoverbox-block-inner vc-hoverbox-back-inner\">\n<div class=\"vc-hoverbox-block vc-hoverbox-back\">\n<div class=\"vc-hoverbox-block-inner vc-hoverbox-back-inner\">\n<div class=\"vc-hoverbox-block vc-hoverbox-back\">\n<div class=\"vc-hoverbox-block-inner vc-hoverbox-back-inner\">\n<div class=\"vc-hoverbox-block vc-hoverbox-back\">\n<div class=\"vc-hoverbox-block-inner vc-hoverbox-back-inner\">\n<div class=\"vc-hoverbox-block vc-hoverbox-back\">\n<div class=\"vc-hoverbox-block-inner vc-hoverbox-back-inner\">\n<div class=\"vc-hoverbox-block vc-hoverbox-back\">\n<div class=\"vc-hoverbox-block-inner vc-hoverbox-back-inner\">\n<div class=\"vc-hoverbox-block vc-hoverbox-back\">\n<div class=\"vc-hoverbox-block-inner vc-hoverbox-back-inner\">\n<h3>Le dialogue territorial sur l&rsquo;eau<\/h3>\n<\/div>\n<p><!--StartFragment --><span class=\"cf0\">La <a href=\"https:\/\/www.ifree.asso.fr\/images\/publications\/autres\/brochure_dialogue_territorial_lb_ag_web_isbnok.pdf\">brochure \u00ab\u00a0Favoriser le dialogue territorial sur l\u2019eau\u00a0\u00bb<\/a> rassemble des r\u00e9cits d\u2019exp\u00e9riences de dispositifs participatifs port\u00e9s par des collectivit\u00e9s et des syndicats d\u2019eau accompagn\u00e9s par l\u2019Ifr\u00e9e<\/span><span class=\"cf1\"> sur les bassins Adour-Garonne et Loire-Bretagne.<\/span><!--EndFragment --><\/p>\n<div class=\"vc-hoverbox-block-inner vc-hoverbox-back-inner\"><\/div>\n<\/div>\n<\/div>\n<\/div>\n<\/div>\n<\/div>\n<\/div>\n<\/div>\n<\/div>\n<\/div>\n<\/div>\n<\/div>\n<\/div>\n<\/div>\n<\/div>\n<\/div><\/section><\/p><\/div>\n<style type=\"text\/css\" data-created_by=\"avia_inline_auto\" id=\"style-css-av-ulpkkps-ac09118abb9806cf2053aebf2252d6ba\">\n.flex_column.av-ulpkkps-ac09118abb9806cf2053aebf2252d6ba{\nborder-radius:0px 0px 0px 0px;\npadding:0px 0px 0px 0px;\n}\n<\/style>\n<div  class='flex_column av-ulpkkps-ac09118abb9806cf2053aebf2252d6ba av_one_fourth  avia-builder-el-170  el_after_av_one_fourth  el_before_av_one_fourth  flex_column_div av-zero-column-padding  column-top-margin'     ><p>\n<style type=\"text\/css\" data-created_by=\"avia_inline_auto\" id=\"style-css-av-u9qtgjk-524d1cecfd8a5e5093cc2019ef013806\">\n.avia-image-container.av-u9qtgjk-524d1cecfd8a5e5093cc2019ef013806 img.avia_image{\nbox-shadow:none;\n}\n.avia-image-container.av-u9qtgjk-524d1cecfd8a5e5093cc2019ef013806 .av-image-caption-overlay-center{\ncolor:#ffffff;\n}\n<\/style>\n<div  class='avia-image-container av-u9qtgjk-524d1cecfd8a5e5093cc2019ef013806 av-styling- av-img-linked avia-align-center  avia-builder-el-171  el_before_av_textblock  avia-builder-el-first '   itemprop=\"image\" itemscope=\"itemscope\" itemtype=\"https:\/\/schema.org\/ImageObject\" ><div class=\"avia-image-container-inner\"><div class=\"avia-image-overlay-wrap\"><a href=\"https:\/\/www.civam.org\/ressources\/?recherche=m%C3%A9mo&amp;theme=&amp;type=&amp;collection=&amp;fonction=&amp;projet=\" class='avia_image '  target=\"_blank\"  rel=\"noopener noreferrer\" aria-label='memos_frcivam'><img decoding=\"async\" fetchpriority=\"high\" class='wp-image-10924 avia-img-lazy-loading-not-10924 avia_image ' src=\"https:\/\/www.fredonoccitanie.com\/captages\/wp-content\/uploads\/sites\/3\/2023\/12\/memos_frcivam-300x217.png\" alt='' title='memos_frcivam'  height=\"217\" width=\"300\"  itemprop=\"thumbnailUrl\" srcset=\"https:\/\/www.fredonoccitanie.com\/captages\/wp-content\/uploads\/sites\/3\/2023\/12\/memos_frcivam-300x217.png 300w, https:\/\/www.fredonoccitanie.com\/captages\/wp-content\/uploads\/sites\/3\/2023\/12\/memos_frcivam-1030x745.png 1030w, https:\/\/www.fredonoccitanie.com\/captages\/wp-content\/uploads\/sites\/3\/2023\/12\/memos_frcivam-768x555.png 768w, https:\/\/www.fredonoccitanie.com\/captages\/wp-content\/uploads\/sites\/3\/2023\/12\/memos_frcivam-705x510.png 705w, https:\/\/www.fredonoccitanie.com\/captages\/wp-content\/uploads\/sites\/3\/2023\/12\/memos_frcivam.png 1234w\" sizes=\"(max-width: 300px) 100vw, 300px\" \/><\/a><\/div><\/div><\/div><br \/>\n<section  class='av_textblock_section av-tnjag9s-47e014ece7da5bf05f0d0986794da396 '   itemscope=\"itemscope\" itemtype=\"https:\/\/schema.org\/CreativeWork\" ><div class='avia_textblock'  itemprop=\"text\" ><div class=\"vc-hoverbox-block vc-hoverbox-back\">\n<div class=\"vc-hoverbox-block vc-hoverbox-back\">\n<div class=\"vc-hoverbox-block-inner vc-hoverbox-back-inner\">\n<div class=\"vc-hoverbox-block vc-hoverbox-back\">\n<div class=\"vc-hoverbox-block-inner vc-hoverbox-back-inner\">\n<div class=\"vc-hoverbox-block vc-hoverbox-back\">\n<div class=\"vc-hoverbox-block-inner vc-hoverbox-back-inner\">\n<div class=\"vc-hoverbox-block vc-hoverbox-back\">\n<div class=\"vc-hoverbox-block-inner vc-hoverbox-back-inner\">\n<div class=\"vc-hoverbox-block vc-hoverbox-back\">\n<div class=\"vc-hoverbox-block-inner vc-hoverbox-back-inner\">\n<div class=\"vc-hoverbox-block vc-hoverbox-back\">\n<div class=\"vc-hoverbox-block-inner vc-hoverbox-back-inner\">\n<div class=\"vc-hoverbox-block vc-hoverbox-back\">\n<div class=\"vc-hoverbox-block-inner vc-hoverbox-back-inner\">\n<h3>Les M\u00e9mos du r\u00e9seau CIVAM<\/h3>\n<\/div>\n<p>Le r\u00e9seau CIVAM met \u00e0 disposition de toutes et tous une <a href=\"https:\/\/www.civam.org\/ressources\/?recherche=m%C3%A9mo&amp;theme=&amp;type=&amp;collection=&amp;fonction=&amp;projet=\">boite \u00e0 outils contenant un ensemble de m\u00e9mos<\/a> pour accompagner exploitations agricoles et collectifs dans la transition agro\u00e9cologique. Une diversit\u00e9 de m\u00e9mos est disponible, pour tous les besoins de terrain : \u00ab\u00a0R\u00e9ussir l&rsquo;\u00e9largissement d&rsquo;un groupe\u00a0\u00bb, \u00ab\u00a0R\u00e9alisez une premi\u00e8re visite chez un(e) agriculteur(trice)\u00a0\u00bb, \u00ab\u00a0Remobiliser une groupe qui s&rsquo;essoufle\u00a0\u00bb&#8230; Les ressources sont nombreuses !<\/p>\n<div class=\"vc-hoverbox-block-inner vc-hoverbox-back-inner\"><\/div>\n<\/div>\n<\/div>\n<\/div>\n<\/div>\n<\/div>\n<\/div>\n<\/div>\n<\/div>\n<\/div>\n<\/div>\n<\/div>\n<\/div>\n<\/div>\n<\/div>\n<\/div><\/section><\/p><\/div>\n<style type=\"text\/css\" data-created_by=\"avia_inline_auto\" id=\"style-css-av-tdh06o0-f2699c7c6916606ee784bf1cb392eeda\">\n.flex_column.av-tdh06o0-f2699c7c6916606ee784bf1cb392eeda{\nborder-radius:0px 0px 0px 0px;\npadding:0px 0px 0px 0px;\n}\n<\/style>\n<div  class='flex_column av-tdh06o0-f2699c7c6916606ee784bf1cb392eeda av_one_fourth  avia-builder-el-173  el_after_av_one_fourth  el_before_av_one_fourth  flex_column_div av-zero-column-padding  column-top-margin'     ><p>\n<style type=\"text\/css\" data-created_by=\"avia_inline_auto\" id=\"style-css-av-slloi0w-bb421fbfef45778654c3a0be726ebf48\">\n.avia-image-container.av-slloi0w-bb421fbfef45778654c3a0be726ebf48 img.avia_image{\nbox-shadow:none;\n}\n.avia-image-container.av-slloi0w-bb421fbfef45778654c3a0be726ebf48 .av-image-caption-overlay-center{\ncolor:#ffffff;\n}\n<\/style>\n<div  class='avia-image-container av-slloi0w-bb421fbfef45778654c3a0be726ebf48 av-styling- av-img-linked avia-align-center  avia-builder-el-174  el_before_av_textblock  avia-builder-el-first '   itemprop=\"image\" itemscope=\"itemscope\" itemtype=\"https:\/\/schema.org\/ImageObject\" ><div class=\"avia-image-container-inner\"><div class=\"avia-image-overlay-wrap\"><a href=\"https:\/\/communagir.org\/contenus-et-outils\/communagir-pour-emporter\/les-outils-d-animation\/\" class='avia_image '  target=\"_blank\"  rel=\"noopener noreferrer\" aria-label='communagir'><img decoding=\"async\" fetchpriority=\"high\" class='wp-image-10925 avia-img-lazy-loading-not-10925 avia_image ' src=\"https:\/\/www.fredonoccitanie.com\/captages\/wp-content\/uploads\/sites\/3\/2023\/12\/communagir-300x202.png\" alt='' title='communagir'  height=\"202\" width=\"300\"  itemprop=\"thumbnailUrl\" srcset=\"https:\/\/www.fredonoccitanie.com\/captages\/wp-content\/uploads\/sites\/3\/2023\/12\/communagir-300x202.png 300w, https:\/\/www.fredonoccitanie.com\/captages\/wp-content\/uploads\/sites\/3\/2023\/12\/communagir-1030x695.png 1030w, https:\/\/www.fredonoccitanie.com\/captages\/wp-content\/uploads\/sites\/3\/2023\/12\/communagir-768x518.png 768w, https:\/\/www.fredonoccitanie.com\/captages\/wp-content\/uploads\/sites\/3\/2023\/12\/communagir-705x475.png 705w, https:\/\/www.fredonoccitanie.com\/captages\/wp-content\/uploads\/sites\/3\/2023\/12\/communagir.png 1182w\" sizes=\"(max-width: 300px) 100vw, 300px\" \/><\/a><\/div><\/div><\/div><br \/>\n<section  class='av_textblock_section av-2tmn1c0-84bc2bf9d861bf5a76fcd97c6d49c9e6 '   itemscope=\"itemscope\" itemtype=\"https:\/\/schema.org\/CreativeWork\" ><div class='avia_textblock'  itemprop=\"text\" ><div class=\"vc-hoverbox-block vc-hoverbox-back\">\n<div class=\"vc-hoverbox-block vc-hoverbox-back\">\n<div class=\"vc-hoverbox-block-inner vc-hoverbox-back-inner\">\n<div class=\"vc-hoverbox-block vc-hoverbox-back\">\n<div class=\"vc-hoverbox-block-inner vc-hoverbox-back-inner\">\n<div class=\"vc-hoverbox-block vc-hoverbox-back\">\n<div class=\"vc-hoverbox-block-inner vc-hoverbox-back-inner\">\n<div class=\"vc-hoverbox-block vc-hoverbox-back\">\n<div class=\"vc-hoverbox-block-inner vc-hoverbox-back-inner\">\n<div class=\"vc-hoverbox-block vc-hoverbox-back\">\n<div class=\"vc-hoverbox-block-inner vc-hoverbox-back-inner\">\n<div class=\"vc-hoverbox-block vc-hoverbox-back\">\n<div class=\"vc-hoverbox-block-inner vc-hoverbox-back-inner\">\n<div class=\"vc-hoverbox-block vc-hoverbox-back\">\n<div class=\"vc-hoverbox-block-inner vc-hoverbox-back-inner\">\n<h3>CommunAgir pour emporter : la boite \u00e0 outils de l&rsquo;animation<\/h3>\n<p>CommunAgir est une organisation \u00e0 but non lucratif <strong>vou\u00e9e au d\u00e9veloppement des collectivit\u00e9s<\/strong> et des r\u00e9gions du Qu\u00e9bec. Elle met gratuitement \u00e0 disposition un <strong>contenu de r\u00e9f\u00e9rence sur le d\u00e9veloppement collectif<\/strong> dans la section \u00abComprendre et agir\u00bb que de nombreux <strong>outils d&rsquo;animation<\/strong> sur le portail <a href=\"https:\/\/communagir.org\/contenus-et-outils\/communagir-pour-emporter\/les-outils-d-animation\/\">\u00abCommunagir pour emporter\u00bb.<\/a><\/p>\n<p><span data-ccp-props=\"{}\">\u00a0<\/span><\/p>\n<p><span data-ccp-props=\"{}\">\u00a0<\/span><\/p>\n<\/div>\n<\/div>\n<\/div>\n<\/div>\n<\/div>\n<\/div>\n<\/div>\n<\/div>\n<\/div>\n<\/div>\n<\/div>\n<\/div>\n<\/div>\n<\/div>\n<\/div>\n<\/div><\/section><\/p><\/div>\n<style type=\"text\/css\" data-created_by=\"avia_inline_auto\" id=\"style-css-av-rxmsyzk-fbcf2e6e6a860266467096d4ad43f4e5\">\n.flex_column.av-rxmsyzk-fbcf2e6e6a860266467096d4ad43f4e5{\nborder-radius:0px 0px 0px 0px;\npadding:0px 0px 0px 0px;\n}\n<\/style>\n<div  class='flex_column av-rxmsyzk-fbcf2e6e6a860266467096d4ad43f4e5 av_one_fourth  avia-builder-el-176  el_after_av_one_fourth  avia-builder-el-last  first flex_column_div av-zero-column-padding  column-top-margin'     ><p>\n<style type=\"text\/css\" data-created_by=\"avia_inline_auto\" id=\"style-css-av-r6w56yo-4e3c7c3a9473c9deb779fc2c9ec322fd\">\n.avia-image-container.av-r6w56yo-4e3c7c3a9473c9deb779fc2c9ec322fd img.avia_image{\nbox-shadow:none;\n}\n.avia-image-container.av-r6w56yo-4e3c7c3a9473c9deb779fc2c9ec322fd .av-image-caption-overlay-center{\ncolor:#ffffff;\n}\n<\/style>\n<div  class='avia-image-container av-r6w56yo-4e3c7c3a9473c9deb779fc2c9ec322fd av-styling- av-img-linked avia-align-center  avia-builder-el-177  el_before_av_textblock  avia-builder-el-first '   itemprop=\"image\" itemscope=\"itemscope\" itemtype=\"https:\/\/schema.org\/ImageObject\" ><div class=\"avia-image-container-inner\"><div class=\"avia-image-overlay-wrap\"><a href=\"https:\/\/ladigitale.dev\/\" class='avia_image '  target=\"_blank\"  rel=\"noopener noreferrer\" aria-label='digitale'><img decoding=\"async\" fetchpriority=\"high\" class='wp-image-10926 avia-img-lazy-loading-not-10926 avia_image ' src=\"https:\/\/www.fredonoccitanie.com\/captages\/wp-content\/uploads\/sites\/3\/2023\/12\/digitale-300x184.png\" alt='' title='digitale'  height=\"184\" width=\"300\"  itemprop=\"thumbnailUrl\" srcset=\"https:\/\/www.fredonoccitanie.com\/captages\/wp-content\/uploads\/sites\/3\/2023\/12\/digitale-300x184.png 300w, https:\/\/www.fredonoccitanie.com\/captages\/wp-content\/uploads\/sites\/3\/2023\/12\/digitale-1030x630.png 1030w, https:\/\/www.fredonoccitanie.com\/captages\/wp-content\/uploads\/sites\/3\/2023\/12\/digitale-768x470.png 768w, https:\/\/www.fredonoccitanie.com\/captages\/wp-content\/uploads\/sites\/3\/2023\/12\/digitale-705x431.png 705w, https:\/\/www.fredonoccitanie.com\/captages\/wp-content\/uploads\/sites\/3\/2023\/12\/digitale.png 1383w\" sizes=\"(max-width: 300px) 100vw, 300px\" \/><\/a><\/div><\/div><\/div><br \/>\n<section  class='av_textblock_section av-qoxkg00-3414fc7e2dfa1d0298aa5d99c559ef9c '   itemscope=\"itemscope\" itemtype=\"https:\/\/schema.org\/CreativeWork\" ><div class='avia_textblock'  itemprop=\"text\" ><div class=\"vc-hoverbox-block vc-hoverbox-back\">\n<div class=\"vc-hoverbox-block vc-hoverbox-back\">\n<div class=\"vc-hoverbox-block-inner vc-hoverbox-back-inner\">\n<div class=\"vc-hoverbox-block vc-hoverbox-back\">\n<div class=\"vc-hoverbox-block-inner vc-hoverbox-back-inner\">\n<div class=\"vc-hoverbox-block vc-hoverbox-back\">\n<div class=\"vc-hoverbox-block-inner vc-hoverbox-back-inner\">\n<div class=\"vc-hoverbox-block vc-hoverbox-back\">\n<div class=\"vc-hoverbox-block-inner vc-hoverbox-back-inner\">\n<div class=\"vc-hoverbox-block vc-hoverbox-back\">\n<div class=\"vc-hoverbox-block-inner vc-hoverbox-back-inner\">\n<div class=\"vc-hoverbox-block vc-hoverbox-back\">\n<div class=\"vc-hoverbox-block-inner vc-hoverbox-back-inner\">\n<div class=\"vc-hoverbox-block vc-hoverbox-back\">\n<div class=\"vc-hoverbox-block-inner vc-hoverbox-back-inner\">\n<h3>La Digitale : outils d&rsquo;animation num\u00e9rique<\/h3>\n<\/div>\n<p>Dans sa volont\u00e9 d&rsquo;\u00eatre utile \u00e0 la communaut\u00e9 \u00e9ducative, <a href=\"https:\/\/ladigitale.dev\/\"><strong>La Digitale<\/strong><\/a> propose des outils num\u00e9riques <strong>responsables<\/strong> et <strong>gratuits<\/strong> pour accompagner les processus d&rsquo;<strong>enseignement<\/strong> et d&rsquo;<strong>apprentissage<\/strong> en pr\u00e9sence et \u00e0 distance. Du sondage, \u00e0 la carte mentale, au tableau blanc collaboratif&#8230; vous trouverez dans cette plateforme de nombreux outils performants et tr\u00e8s simples \u00e0 prendre en main.<\/p>\n<div class=\"vc-hoverbox-block-inner vc-hoverbox-back-inner\"><\/div>\n<\/div>\n<\/div>\n<\/div>\n<\/div>\n<\/div>\n<\/div>\n<\/div>\n<\/div>\n<\/div>\n<\/div>\n<\/div>\n<\/div>\n<\/div>\n<\/div>\n<\/div><\/section><\/p><\/div>\n\n<\/div><\/div><\/div><!-- close content main div --><\/div><\/div>\n<style type=\"text\/css\" data-created_by=\"avia_inline_auto\" id=\"style-css-av-mewo967d-eb9398edde6e89561e11698176b174df\">\n.avia-section.av-mewo967d-eb9398edde6e89561e11698176b174df{\nbackground-color:#f8ead4;\nbackground-image:unset;\n}\n<\/style>\n<div id='av_section_6'  class='avia-section av-mewo967d-eb9398edde6e89561e11698176b174df main_color avia-section-default avia-no-border-styling  avia-builder-el-179  el_after_av_section  el_before_av_section  avia-bg-style-scroll container_wrap fullsize'  ><div class='container av-section-cont-open' ><div class='template-page content  av-content-full alpha units'><div class='post-entry post-entry-type-page post-entry-10144'><div class='entry-content-wrapper clearfix'>\n\n<style type=\"text\/css\" data-created_by=\"avia_inline_auto\" id=\"style-css-av-4j74qo-830d55057091c4d2afe19d8aa80ad8dc\">\n.flex_column.av-4j74qo-830d55057091c4d2afe19d8aa80ad8dc{\nborder-radius:0px 0px 0px 0px;\npadding:0px 0px 0px 0px;\nbackground-color:#f8ead4;\n}\n<\/style>\n<div  class='flex_column av-4j74qo-830d55057091c4d2afe19d8aa80ad8dc av_one_full  avia-builder-el-180  el_before_av_one_fourth  avia-builder-el-first  first flex_column_div av-zero-column-padding  '     ><section  class='av_textblock_section av-ls8xbggn-29f2a3ebb4d7d1f07b684c9102edabb9 '   itemscope=\"itemscope\" itemtype=\"https:\/\/schema.org\/CreativeWork\" ><div class='avia_textblock'  itemprop=\"text\" ><h2 id=\"ancre6\" style=\"text-align: center\">Ma\u00eetrise fonci\u00e8re<\/h2>\n<\/div><\/section><\/div>\n<style type=\"text\/css\" data-created_by=\"avia_inline_auto\" id=\"style-css-av-g1iv18-d7aea88824638a74b0e200ec10afdfe4\">\n.flex_column.av-g1iv18-d7aea88824638a74b0e200ec10afdfe4{\nborder-radius:0px 0px 0px 0px;\npadding:0px 0px 0px 0px;\n}\n<\/style>\n<div  class='flex_column av-g1iv18-d7aea88824638a74b0e200ec10afdfe4 av_one_fourth  avia-builder-el-182  el_after_av_one_full  el_before_av_one_fourth  first flex_column_div av-zero-column-padding  column-top-margin'     ><p>\n<style type=\"text\/css\" data-created_by=\"avia_inline_auto\" id=\"style-css-av-lcep204j-bd879f705de74bab790fc07f9d573cb8\">\n.avia-image-container.av-lcep204j-bd879f705de74bab790fc07f9d573cb8 img.avia_image{\nbox-shadow:none;\n}\n.avia-image-container.av-lcep204j-bd879f705de74bab790fc07f9d573cb8 .av-image-caption-overlay-center{\ncolor:#ffffff;\n}\n<\/style>\n<div  class='avia-image-container av-lcep204j-bd879f705de74bab790fc07f9d573cb8 av-styling- av-img-linked avia-align-center  avia-builder-el-183  el_before_av_textblock  avia-builder-el-first '   itemprop=\"image\" itemscope=\"itemscope\" itemtype=\"https:\/\/schema.org\/ImageObject\" ><div class=\"avia-image-container-inner\"><div class=\"avia-image-overlay-wrap\"><a href=\"https:\/\/www.safer-occitanie.com\/fr\/page\/vigifoncier-tutoriel-video.php\" class='avia_image '  aria-label='vigifoncier'><img decoding=\"async\" fetchpriority=\"high\" class='wp-image-9999 avia-img-lazy-loading-not-9999 avia_image ' src=\"https:\/\/www.fredonoccitanie.com\/captages\/wp-content\/uploads\/sites\/3\/2023\/01\/vigifoncier.png\" alt='' title='vigifoncier'  height=\"915\" width=\"1773\"  itemprop=\"thumbnailUrl\" srcset=\"https:\/\/www.fredonoccitanie.com\/captages\/wp-content\/uploads\/sites\/3\/2023\/01\/vigifoncier.png 1773w, https:\/\/www.fredonoccitanie.com\/captages\/wp-content\/uploads\/sites\/3\/2023\/01\/vigifoncier-300x155.png 300w, https:\/\/www.fredonoccitanie.com\/captages\/wp-content\/uploads\/sites\/3\/2023\/01\/vigifoncier-1030x532.png 1030w, https:\/\/www.fredonoccitanie.com\/captages\/wp-content\/uploads\/sites\/3\/2023\/01\/vigifoncier-768x396.png 768w, https:\/\/www.fredonoccitanie.com\/captages\/wp-content\/uploads\/sites\/3\/2023\/01\/vigifoncier-1536x793.png 1536w, https:\/\/www.fredonoccitanie.com\/captages\/wp-content\/uploads\/sites\/3\/2023\/01\/vigifoncier-1500x774.png 1500w, https:\/\/www.fredonoccitanie.com\/captages\/wp-content\/uploads\/sites\/3\/2023\/01\/vigifoncier-705x364.png 705w\" sizes=\"(max-width: 1773px) 100vw, 1773px\" \/><\/a><\/div><\/div><\/div><br \/>\n<section  class='av_textblock_section av-lcep2dy3-fdb86a91a8f557e824fdc0829d7e679d '   itemscope=\"itemscope\" itemtype=\"https:\/\/schema.org\/CreativeWork\" ><div class='avia_textblock'  itemprop=\"text\" ><div class=\"vc-hoverbox-block vc-hoverbox-back\">\n<div class=\"vc-hoverbox-block vc-hoverbox-back\">\n<div class=\"vc-hoverbox-block-inner vc-hoverbox-back-inner\">\n<div class=\"vc-hoverbox-block vc-hoverbox-back\">\n<div class=\"vc-hoverbox-block-inner vc-hoverbox-back-inner\">\n<div class=\"vc-hoverbox-block vc-hoverbox-back\">\n<div class=\"vc-hoverbox-block-inner vc-hoverbox-back-inner\">\n<div class=\"vc-hoverbox-block vc-hoverbox-back\">\n<div class=\"vc-hoverbox-block-inner vc-hoverbox-back-inner\">\n<h3>VIGIFONCIER : plateforme de la SAFER Occitanie<\/h3>\n<p><span data-contrast=\"auto\">Vigifoncier est un outil de veille fonci\u00e8re propos\u00e9 par la SAFER. Retrouvez <a href=\"https:\/\/www.safer-occitanie.com\/fr\/page\/vigifoncier-tutoriel-video.php\">des pr\u00e9cisions sur cette page<\/a><\/span><span data-contrast=\"auto\">\u00a0et contactez la SAFER pour en savoir plus. <\/span><span data-ccp-props=\"{}\">\u00a0<\/span><\/p>\n<\/div>\n<\/div>\n<\/div>\n<\/div>\n<\/div>\n<\/div>\n<\/div>\n<\/div>\n<\/div>\n<\/div><\/section><\/p><\/div>\n<style type=\"text\/css\" data-created_by=\"avia_inline_auto\" id=\"style-css-av-6ko0sg-60ab2cfc5e1a8ab7b0920823adcdcfe2\">\n.flex_column.av-6ko0sg-60ab2cfc5e1a8ab7b0920823adcdcfe2{\nborder-radius:0px 0px 0px 0px;\npadding:0px 0px 0px 0px;\n}\n<\/style>\n<div  class='flex_column av-6ko0sg-60ab2cfc5e1a8ab7b0920823adcdcfe2 av_one_fourth  avia-builder-el-185  el_after_av_one_fourth  el_before_av_one_fourth  flex_column_div av-zero-column-padding  column-top-margin'     ><p>\n<style type=\"text\/css\" data-created_by=\"avia_inline_auto\" id=\"style-css-av-lsa5ydr7-fee795cf6015eb9357e6f0b80f8fd2f2\">\n.avia-image-container.av-lsa5ydr7-fee795cf6015eb9357e6f0b80f8fd2f2 img.avia_image{\nbox-shadow:none;\n}\n.avia-image-container.av-lsa5ydr7-fee795cf6015eb9357e6f0b80f8fd2f2 .av-image-caption-overlay-center{\ncolor:#ffffff;\n}\n<\/style>\n<div  class='avia-image-container av-lsa5ydr7-fee795cf6015eb9357e6f0b80f8fd2f2 av-styling- av-img-linked avia-align-center  avia-builder-el-186  el_before_av_textblock  avia-builder-el-first '   itemprop=\"image\" itemscope=\"itemscope\" itemtype=\"https:\/\/schema.org\/ImageObject\" ><div class=\"avia-image-container-inner\"><div class=\"avia-image-overlay-wrap\"><a href=\"https:\/\/www.safer-occitanie.com\/fr\/page\/vigifoncier-tutoriel-video.php\" class='avia_image '  aria-label='dvf_viz'><img decoding=\"async\" fetchpriority=\"high\" class='wp-image-10916 avia-img-lazy-loading-not-10916 avia_image ' src=\"https:\/\/www.fredonoccitanie.com\/captages\/wp-content\/uploads\/sites\/3\/2023\/11\/dvf_viz.png\" alt='' title='dvf_viz'  height=\"833\" width=\"1889\"  itemprop=\"thumbnailUrl\" srcset=\"https:\/\/www.fredonoccitanie.com\/captages\/wp-content\/uploads\/sites\/3\/2023\/11\/dvf_viz.png 1889w, https:\/\/www.fredonoccitanie.com\/captages\/wp-content\/uploads\/sites\/3\/2023\/11\/dvf_viz-300x132.png 300w, https:\/\/www.fredonoccitanie.com\/captages\/wp-content\/uploads\/sites\/3\/2023\/11\/dvf_viz-1030x454.png 1030w, https:\/\/www.fredonoccitanie.com\/captages\/wp-content\/uploads\/sites\/3\/2023\/11\/dvf_viz-768x339.png 768w, https:\/\/www.fredonoccitanie.com\/captages\/wp-content\/uploads\/sites\/3\/2023\/11\/dvf_viz-1536x677.png 1536w, https:\/\/www.fredonoccitanie.com\/captages\/wp-content\/uploads\/sites\/3\/2023\/11\/dvf_viz-1500x661.png 1500w, https:\/\/www.fredonoccitanie.com\/captages\/wp-content\/uploads\/sites\/3\/2023\/11\/dvf_viz-705x311.png 705w\" sizes=\"(max-width: 1889px) 100vw, 1889px\" \/><\/a><\/div><\/div><\/div><br \/>\n<section  class='av_textblock_section av-lsa5ykk6-17aa847d7ff27f07d422e658ec3ddb25 '   itemscope=\"itemscope\" itemtype=\"https:\/\/schema.org\/CreativeWork\" ><div class='avia_textblock'  itemprop=\"text\" ><div class=\"vc-hoverbox-block vc-hoverbox-back\">\n<div class=\"vc-hoverbox-block vc-hoverbox-back\">\n<div class=\"vc-hoverbox-block-inner vc-hoverbox-back-inner\">\n<div class=\"vc-hoverbox-block vc-hoverbox-back\">\n<div class=\"vc-hoverbox-block-inner vc-hoverbox-back-inner\">\n<div class=\"vc-hoverbox-block vc-hoverbox-back\">\n<div class=\"vc-hoverbox-block-inner vc-hoverbox-back-inner\">\n<div class=\"vc-hoverbox-block vc-hoverbox-back\">\n<div class=\"vc-hoverbox-block-inner vc-hoverbox-back-inner\">\n<h3>DVF : Explorateur de donn\u00e9es de valeurs fonci\u00e8res<\/h3>\n<p><a href=\"https:\/\/explore.data.gouv.fr\/immobilier?onglet=carte&amp;filtre=tous\">Suivez cartographiquement<\/a> l\u2019\u00e9volution des prix de l\u2019immobilier et trouvez le prix des ventes immobili\u00e8res des 5 derni\u00e8res ann\u00e9es. Les donn\u00e9es sources sont \u00e0 retrouver en open data sur le ste data.gouv: <a href=\"https:\/\/www.data.gouv.fr\/fr\/datasets\/5c4ae55a634f4117716d5656\/#_\">demandes de valeurs fonci\u00e8res.<\/a><\/p>\n<\/div>\n<\/div>\n<\/div>\n<\/div>\n<\/div>\n<\/div>\n<\/div>\n<\/div>\n<\/div>\n<\/div><\/section><\/p><\/div>\n<style type=\"text\/css\" data-created_by=\"avia_inline_auto\" id=\"style-css-av-11baew0-18dff313e86c62f24f9a8789db58f78c\">\n.flex_column.av-11baew0-18dff313e86c62f24f9a8789db58f78c{\nborder-radius:0px 0px 0px 0px;\npadding:0px 0px 0px 0px;\n}\n<\/style>\n<div  class='flex_column av-11baew0-18dff313e86c62f24f9a8789db58f78c av_one_fourth  avia-builder-el-188  el_after_av_one_fourth  el_before_av_one_fourth  flex_column_div av-zero-column-padding  column-top-margin'     ><p>\n<style type=\"text\/css\" data-created_by=\"avia_inline_auto\" id=\"style-css-av-lsa5yt7o-b6d509bae8010fdbf8ed8942931b1968\">\n.avia-image-container.av-lsa5yt7o-b6d509bae8010fdbf8ed8942931b1968 img.avia_image{\nbox-shadow:none;\n}\n.avia-image-container.av-lsa5yt7o-b6d509bae8010fdbf8ed8942931b1968 .av-image-caption-overlay-center{\ncolor:#ffffff;\n}\n<\/style>\n<div  class='avia-image-container av-lsa5yt7o-b6d509bae8010fdbf8ed8942931b1968 av-styling- av-img-linked avia-align-center  avia-builder-el-189  el_before_av_textblock  avia-builder-el-first '   itemprop=\"image\" itemscope=\"itemscope\" itemtype=\"https:\/\/schema.org\/ImageObject\" ><div class=\"avia-image-container-inner\"><div class=\"avia-image-overlay-wrap\"><a href=\"https:\/\/www.safer-occitanie.com\/fr\/page\/vigifoncier-tutoriel-video.php\" class='avia_image '  aria-label='safer_prix_terres'><img decoding=\"async\" fetchpriority=\"high\" class='wp-image-10917 avia-img-lazy-loading-not-10917 avia_image ' src=\"https:\/\/www.fredonoccitanie.com\/captages\/wp-content\/uploads\/sites\/3\/2023\/11\/safer_prix_terres.png\" alt='' title='safer_prix_terres'  height=\"792\" width=\"1790\"  itemprop=\"thumbnailUrl\" srcset=\"https:\/\/www.fredonoccitanie.com\/captages\/wp-content\/uploads\/sites\/3\/2023\/11\/safer_prix_terres.png 1790w, https:\/\/www.fredonoccitanie.com\/captages\/wp-content\/uploads\/sites\/3\/2023\/11\/safer_prix_terres-300x133.png 300w, https:\/\/www.fredonoccitanie.com\/captages\/wp-content\/uploads\/sites\/3\/2023\/11\/safer_prix_terres-1030x456.png 1030w, https:\/\/www.fredonoccitanie.com\/captages\/wp-content\/uploads\/sites\/3\/2023\/11\/safer_prix_terres-768x340.png 768w, https:\/\/www.fredonoccitanie.com\/captages\/wp-content\/uploads\/sites\/3\/2023\/11\/safer_prix_terres-1536x680.png 1536w, https:\/\/www.fredonoccitanie.com\/captages\/wp-content\/uploads\/sites\/3\/2023\/11\/safer_prix_terres-1500x664.png 1500w, https:\/\/www.fredonoccitanie.com\/captages\/wp-content\/uploads\/sites\/3\/2023\/11\/safer_prix_terres-705x312.png 705w\" sizes=\"(max-width: 1790px) 100vw, 1790px\" \/><\/a><\/div><\/div><\/div><br \/>\n<section  class='av_textblock_section av-lsa5yzph-9133b9e594d66e4783b71c93a543971e '   itemscope=\"itemscope\" itemtype=\"https:\/\/schema.org\/CreativeWork\" ><div class='avia_textblock'  itemprop=\"text\" ><div class=\"vc-hoverbox-block vc-hoverbox-back\">\n<div class=\"vc-hoverbox-block vc-hoverbox-back\">\n<div class=\"vc-hoverbox-block-inner vc-hoverbox-back-inner\">\n<div class=\"vc-hoverbox-block vc-hoverbox-back\">\n<div class=\"vc-hoverbox-block-inner vc-hoverbox-back-inner\">\n<div class=\"vc-hoverbox-block vc-hoverbox-back\">\n<div class=\"vc-hoverbox-block-inner vc-hoverbox-back-inner\">\n<div class=\"vc-hoverbox-block vc-hoverbox-back\">\n<div class=\"vc-hoverbox-block-inner vc-hoverbox-back-inner\">\n<div class=\"vc-hoverbox-block-inner vc-hoverbox-back-inner\">\n<h3>Le prix des terres (FNSafer)<\/h3>\n<p><a href=\"https:\/\/www.le-prix-des-terres.fr\/\">Cet outil mis \u00e0 disposition par les SAFER<\/a> est un service du groupe Safer destin\u00e9 aux porteurs de projets professionnels agricoles ou ruraux, propri\u00e9taires de biens fonciers, investisseurs ou gestionnaires de patrimoine, prospects, c\u00e9dants, am\u00e9nageurs priv\u00e9s, porteurs de projets industriels, etc. recherchant une information sur le prix des terres, des vignes, des for\u00eats ou des maisons \u00e0 la campagne sur le territoire d\u2019analyse des Safer.<\/p>\n<p>Pour visualiser les donn\u00e9es d\u2019Occitanie, <a href=\"https:\/\/www.le-prix-des-terres.fr\/carte\/terre\/Occitanie\/\">cliquez ici<\/a>.<\/p>\n<\/div>\n<\/div>\n<\/div>\n<\/div>\n<\/div>\n<\/div>\n<\/div>\n<\/div>\n<\/div>\n<\/div>\n<\/div><\/section><\/p><\/div>\n<style type=\"text\/css\" data-created_by=\"avia_inline_auto\" id=\"style-css-av-jgvp5s-73dc88e6832e1eddfc3386e4d8a234d3\">\n.flex_column.av-jgvp5s-73dc88e6832e1eddfc3386e4d8a234d3{\nborder-radius:0px 0px 0px 0px;\npadding:0px 0px 0px 0px;\n}\n<\/style>\n<div  class='flex_column av-jgvp5s-73dc88e6832e1eddfc3386e4d8a234d3 av_one_fourth  avia-builder-el-191  el_after_av_one_fourth  el_before_av_one_fourth  flex_column_div av-zero-column-padding  column-top-margin'     ><p>\n<style type=\"text\/css\" data-created_by=\"avia_inline_auto\" id=\"style-css-av-lsa5zh3g-d79c95c9f92bc03d72a8994fdffd2f29\">\n.avia-image-container.av-lsa5zh3g-d79c95c9f92bc03d72a8994fdffd2f29 img.avia_image{\nbox-shadow:none;\n}\n.avia-image-container.av-lsa5zh3g-d79c95c9f92bc03d72a8994fdffd2f29 .av-image-caption-overlay-center{\ncolor:#ffffff;\n}\n<\/style>\n<div  class='avia-image-container av-lsa5zh3g-d79c95c9f92bc03d72a8994fdffd2f29 av-styling- av-img-linked avia-align-center  avia-builder-el-192  el_before_av_textblock  avia-builder-el-first '   itemprop=\"image\" itemscope=\"itemscope\" itemtype=\"https:\/\/schema.org\/ImageObject\" ><div class=\"avia-image-container-inner\"><div class=\"avia-image-overlay-wrap\"><a href=\"https:\/\/www.safer-occitanie.com\/fr\/page\/vigifoncier-tutoriel-video.php\" class='avia_image '  aria-label='grnage_feve'><img decoding=\"async\" fetchpriority=\"high\" class='wp-image-10918 avia-img-lazy-loading-not-10918 avia_image ' src=\"https:\/\/www.fredonoccitanie.com\/captages\/wp-content\/uploads\/sites\/3\/2023\/11\/grnage_feve.png\" alt='' title='grnage_feve'  height=\"873\" width=\"1845\"  itemprop=\"thumbnailUrl\" srcset=\"https:\/\/www.fredonoccitanie.com\/captages\/wp-content\/uploads\/sites\/3\/2023\/11\/grnage_feve.png 1845w, https:\/\/www.fredonoccitanie.com\/captages\/wp-content\/uploads\/sites\/3\/2023\/11\/grnage_feve-300x142.png 300w, https:\/\/www.fredonoccitanie.com\/captages\/wp-content\/uploads\/sites\/3\/2023\/11\/grnage_feve-1030x487.png 1030w, https:\/\/www.fredonoccitanie.com\/captages\/wp-content\/uploads\/sites\/3\/2023\/11\/grnage_feve-768x363.png 768w, https:\/\/www.fredonoccitanie.com\/captages\/wp-content\/uploads\/sites\/3\/2023\/11\/grnage_feve-1536x727.png 1536w, https:\/\/www.fredonoccitanie.com\/captages\/wp-content\/uploads\/sites\/3\/2023\/11\/grnage_feve-1500x710.png 1500w, https:\/\/www.fredonoccitanie.com\/captages\/wp-content\/uploads\/sites\/3\/2023\/11\/grnage_feve-705x334.png 705w\" sizes=\"(max-width: 1845px) 100vw, 1845px\" \/><\/a><\/div><\/div><\/div><br \/>\n<section  class='av_textblock_section av-lsa5z7bq-66539708195b61623fdc6c1232b00299 '   itemscope=\"itemscope\" itemtype=\"https:\/\/schema.org\/CreativeWork\" ><div class='avia_textblock'  itemprop=\"text\" ><div class=\"vc-hoverbox-block vc-hoverbox-back\">\n<div class=\"vc-hoverbox-block vc-hoverbox-back\">\n<div class=\"vc-hoverbox-block-inner vc-hoverbox-back-inner\">\n<div class=\"vc-hoverbox-block vc-hoverbox-back\">\n<div class=\"vc-hoverbox-block-inner vc-hoverbox-back-inner\">\n<div class=\"vc-hoverbox-block vc-hoverbox-back\">\n<div class=\"vc-hoverbox-block-inner vc-hoverbox-back-inner\">\n<div class=\"vc-hoverbox-block vc-hoverbox-back\">\n<div class=\"vc-hoverbox-block-inner vc-hoverbox-back-inner\">\n<div class=\"vc-hoverbox-block-inner vc-hoverbox-back-inner\">\n<h3>La Grange : outil Fermes en Vie<\/h3>\n<p data-pm-slice=\"1 1 &#091;&#093;\">Retrouvez sur le<a href=\"https:\/\/lagrange.feve.co\/connexion\"> site web Ferme en Vie une s\u00e9lection des donn\u00e9es DVF<\/a> sur les fermes vendues (n\u00e9cessite une inscription gratuite).<\/p>\n<\/div>\n<\/div>\n<\/div>\n<\/div>\n<\/div>\n<\/div>\n<\/div>\n<\/div>\n<\/div>\n<\/div>\n<\/div><\/section><\/p><\/div>\n<style type=\"text\/css\" data-created_by=\"avia_inline_auto\" id=\"style-css-av-1d2s1hc-9765c85544245acd8c834a7f71efb342\">\n.flex_column.av-1d2s1hc-9765c85544245acd8c834a7f71efb342{\nborder-radius:0px 0px 0px 0px;\npadding:0px 0px 0px 0px;\n}\n<\/style>\n<div  class='flex_column av-1d2s1hc-9765c85544245acd8c834a7f71efb342 av_one_fourth  avia-builder-el-194  el_after_av_one_fourth  el_before_av_one_fourth  first flex_column_div av-zero-column-padding  column-top-margin'     ><p>\n<style type=\"text\/css\" data-created_by=\"avia_inline_auto\" id=\"style-css-av-ilqq80-7e3f38445ba00cf5cfc0ab522ca8b3b4\">\n.avia-image-container.av-ilqq80-7e3f38445ba00cf5cfc0ab522ca8b3b4 img.avia_image{\nbox-shadow:none;\n}\n.avia-image-container.av-ilqq80-7e3f38445ba00cf5cfc0ab522ca8b3b4 .av-image-caption-overlay-center{\ncolor:#ffffff;\n}\n<\/style>\n<div  class='avia-image-container av-ilqq80-7e3f38445ba00cf5cfc0ab522ca8b3b4 av-styling- av-img-linked avia-align-center  avia-builder-el-195  el_before_av_textblock  avia-builder-el-first '   itemprop=\"image\" itemscope=\"itemscope\" itemtype=\"https:\/\/schema.org\/ImageObject\" ><div class=\"avia-image-container-inner\"><div class=\"avia-image-overlay-wrap\"><a href=\"https:\/\/terredeliens.org\/languedoc-roussillon\/\" class='avia_image '  aria-label='terre_de_liens_lr'><img decoding=\"async\" fetchpriority=\"high\" class='wp-image-11442 avia-img-lazy-loading-not-11442 avia_image ' src=\"https:\/\/www.fredonoccitanie.com\/captages\/wp-content\/uploads\/sites\/3\/2025\/04\/terre_de_liens_lr-300x148.jpg\" alt='' title='terre_de_liens_lr'  height=\"148\" width=\"300\"  itemprop=\"thumbnailUrl\" srcset=\"https:\/\/www.fredonoccitanie.com\/captages\/wp-content\/uploads\/sites\/3\/2025\/04\/terre_de_liens_lr-300x148.jpg 300w, https:\/\/www.fredonoccitanie.com\/captages\/wp-content\/uploads\/sites\/3\/2025\/04\/terre_de_liens_lr-1030x509.jpg 1030w, https:\/\/www.fredonoccitanie.com\/captages\/wp-content\/uploads\/sites\/3\/2025\/04\/terre_de_liens_lr-768x380.jpg 768w, https:\/\/www.fredonoccitanie.com\/captages\/wp-content\/uploads\/sites\/3\/2025\/04\/terre_de_liens_lr-1536x760.jpg 1536w, https:\/\/www.fredonoccitanie.com\/captages\/wp-content\/uploads\/sites\/3\/2025\/04\/terre_de_liens_lr-1500x742.jpg 1500w, https:\/\/www.fredonoccitanie.com\/captages\/wp-content\/uploads\/sites\/3\/2025\/04\/terre_de_liens_lr-705x349.jpg 705w, https:\/\/www.fredonoccitanie.com\/captages\/wp-content\/uploads\/sites\/3\/2025\/04\/terre_de_liens_lr.jpg 1636w\" sizes=\"(max-width: 300px) 100vw, 300px\" \/><\/a><\/div><\/div><\/div><br \/>\n<section  class='av_textblock_section av-mebd3ns0-a6b4c43d55b3ad2e41211b4ef462a870 '   itemscope=\"itemscope\" itemtype=\"https:\/\/schema.org\/CreativeWork\" ><div class='avia_textblock'  itemprop=\"text\" ><div class=\"vc-hoverbox-block vc-hoverbox-back\">\n<div class=\"vc-hoverbox-block vc-hoverbox-back\">\n<div class=\"vc-hoverbox-block-inner vc-hoverbox-back-inner\">\n<div class=\"vc-hoverbox-block vc-hoverbox-back\">\n<div class=\"vc-hoverbox-block-inner vc-hoverbox-back-inner\">\n<div class=\"vc-hoverbox-block vc-hoverbox-back\">\n<div class=\"vc-hoverbox-block-inner vc-hoverbox-back-inner\">\n<div class=\"vc-hoverbox-block vc-hoverbox-back\">\n<div class=\"vc-hoverbox-block-inner vc-hoverbox-back-inner\">\n<div class=\"vc-hoverbox-block-inner vc-hoverbox-back-inner\">\n<h3>Terre de Liens Languedoc-Roussillon<\/h3>\n<p data-pm-slice=\"1 1 &#091;&#093;\">Depuis 2008, l&rsquo;<a href=\"https:\/\/terredeliens.org\/languedoc-roussillon\/\">association agit<\/a> du massif pyr\u00e9n\u00e9en aux rivages de la M\u00e9diterran\u00e9e, avec des citoyen\u00b7nes, pour prot\u00e9ger les terres nourrici\u00e8res et installer des paysan\u00b7nes.<\/p>\n<\/div>\n<\/div>\n<\/div>\n<\/div>\n<\/div>\n<\/div>\n<\/div>\n<\/div>\n<\/div>\n<\/div>\n<\/div><\/section><\/p><\/div>\n<style type=\"text\/css\" data-created_by=\"avia_inline_auto\" id=\"style-css-av-rv3bts-4a136e569e78b7772939e08cf87b953f\">\n.flex_column.av-rv3bts-4a136e569e78b7772939e08cf87b953f{\nborder-radius:0px 0px 0px 0px;\npadding:0px 0px 0px 0px;\n}\n<\/style>\n<div  class='flex_column av-rv3bts-4a136e569e78b7772939e08cf87b953f av_one_fourth  avia-builder-el-197  el_after_av_one_fourth  avia-builder-el-last  flex_column_div av-zero-column-padding  column-top-margin'     ><p>\n<style type=\"text\/css\" data-created_by=\"avia_inline_auto\" id=\"style-css-av-m9idsvlz-34588295c11ac52458e6cc7b6520d3af\">\n.avia-image-container.av-m9idsvlz-34588295c11ac52458e6cc7b6520d3af img.avia_image{\nbox-shadow:none;\n}\n.avia-image-container.av-m9idsvlz-34588295c11ac52458e6cc7b6520d3af .av-image-caption-overlay-center{\ncolor:#ffffff;\n}\n<\/style>\n<div  class='avia-image-container av-m9idsvlz-34588295c11ac52458e6cc7b6520d3af av-styling- av-img-linked avia-align-center  avia-builder-el-198  el_before_av_textblock  avia-builder-el-first '   itemprop=\"image\" itemscope=\"itemscope\" itemtype=\"https:\/\/schema.org\/ImageObject\" ><div class=\"avia-image-container-inner\"><div class=\"avia-image-overlay-wrap\"><a href=\"https:\/\/terredeliens.org\/midi-pyrenees\/\" class='avia_image '  aria-label='Sites_Foncier_TdL_MP'><img decoding=\"async\" fetchpriority=\"high\" class='wp-image-11517 avia-img-lazy-loading-not-11517 avia_image ' src=\"https:\/\/www.fredonoccitanie.com\/captages\/wp-content\/uploads\/sites\/3\/2025\/08\/Sites_Foncier_TdL_MP-1-300x150.png\" alt='' title='Sites_Foncier_TdL_MP'  height=\"150\" width=\"300\"  itemprop=\"thumbnailUrl\" srcset=\"https:\/\/www.fredonoccitanie.com\/captages\/wp-content\/uploads\/sites\/3\/2025\/08\/Sites_Foncier_TdL_MP-1-300x150.png 300w, https:\/\/www.fredonoccitanie.com\/captages\/wp-content\/uploads\/sites\/3\/2025\/08\/Sites_Foncier_TdL_MP-1-1030x515.png 1030w, https:\/\/www.fredonoccitanie.com\/captages\/wp-content\/uploads\/sites\/3\/2025\/08\/Sites_Foncier_TdL_MP-1-768x384.png 768w, https:\/\/www.fredonoccitanie.com\/captages\/wp-content\/uploads\/sites\/3\/2025\/08\/Sites_Foncier_TdL_MP-1-705x353.png 705w, https:\/\/www.fredonoccitanie.com\/captages\/wp-content\/uploads\/sites\/3\/2025\/08\/Sites_Foncier_TdL_MP-1.png 1342w\" sizes=\"(max-width: 300px) 100vw, 300px\" \/><\/a><\/div><\/div><\/div><br \/>\n<section  class='av_textblock_section av-m9idppby-4dd6d44b7b5978a8fe237b2a48cf1a2b '   itemscope=\"itemscope\" itemtype=\"https:\/\/schema.org\/CreativeWork\" ><div class='avia_textblock'  itemprop=\"text\" ><div class=\"vc-hoverbox-block vc-hoverbox-back\">\n<div class=\"vc-hoverbox-block vc-hoverbox-back\">\n<div class=\"vc-hoverbox-block-inner vc-hoverbox-back-inner\">\n<div class=\"vc-hoverbox-block vc-hoverbox-back\">\n<div class=\"vc-hoverbox-block-inner vc-hoverbox-back-inner\">\n<div class=\"vc-hoverbox-block vc-hoverbox-back\">\n<div class=\"vc-hoverbox-block-inner vc-hoverbox-back-inner\">\n<div class=\"vc-hoverbox-block vc-hoverbox-back\">\n<div class=\"vc-hoverbox-block-inner vc-hoverbox-back-inner\">\n<div class=\"vc-hoverbox-block-inner vc-hoverbox-back-inner\">\n<h3>Terre de Liens Midi-Pyr\u00e9n\u00e9es<\/h3>\n<p data-pm-slice=\"1 1 &#091;&#093;\"><!--StartFragment --><\/p>\n<p class=\"pf0\"><span class=\"cf0\">Cr\u00e9\u00e9e en 2007, l\u2019association Terre de liens Midi-Pyr\u00e9n\u00e9es accompagne les candidats \u00e0 l\u2019installation dans une r\u00e9gion agricole aux paysages vari\u00e9s o\u00f9 les enjeux de transmission sont forts.<\/span><!--EndFragment --><\/p>\n<\/div>\n<\/div>\n<\/div>\n<\/div>\n<\/div>\n<\/div>\n<\/div>\n<\/div>\n<\/div>\n<\/div>\n<\/div><\/section><\/p><\/div>\n\n<\/div><\/div><\/div><!-- close content main div --><\/div><\/div><div id='av_section_7'  class='avia-section av-lsa65anx-0b21ef932f9b5b9f737a877f1206b122 main_color avia-section-default avia-no-border-styling  avia-builder-el-200  el_after_av_section  el_before_av_section  avia-bg-style-scroll container_wrap fullsize'  ><div class='container av-section-cont-open' ><div class='template-page content  av-content-full alpha units'><div class='post-entry post-entry-type-page post-entry-10144'><div class='entry-content-wrapper clearfix'>\n\n<style type=\"text\/css\" data-created_by=\"avia_inline_auto\" id=\"style-css-av-vkr54w-ddf1f2e451fbcbe66bb080c42ed2d108\">\n.flex_column.av-vkr54w-ddf1f2e451fbcbe66bb080c42ed2d108{\nborder-radius:0px 0px 0px 0px;\npadding:0px 0px 0px 0px;\n}\n<\/style>\n<div  class='flex_column av-vkr54w-ddf1f2e451fbcbe66bb080c42ed2d108 av_one_full  avia-builder-el-201  el_before_av_one_fourth  avia-builder-el-first  first flex_column_div av-zero-column-padding  '     ><section  class='av_textblock_section av-ls8xc627-64c8221e83c66ec05c7c45441b274330 '   itemscope=\"itemscope\" itemtype=\"https:\/\/schema.org\/CreativeWork\" ><div class='avia_textblock'  itemprop=\"text\" ><h2 id=\"ancre7\" style=\"text-align: center\">Pratique non agricoles &#8211; Fili\u00e8re JEVI<\/h2>\n<\/div><\/section><\/div>\n<style type=\"text\/css\" data-created_by=\"avia_inline_auto\" id=\"style-css-av-4bkbgs-26f9233e019c09af676b9068bec75fb3\">\n.flex_column.av-4bkbgs-26f9233e019c09af676b9068bec75fb3{\nborder-radius:0px 0px 0px 0px;\npadding:0px 0px 0px 0px;\n}\n<\/style>\n<div  class='flex_column av-4bkbgs-26f9233e019c09af676b9068bec75fb3 av_one_fourth  avia-builder-el-203  el_after_av_one_full  el_before_av_one_fourth  first flex_column_div av-zero-column-padding  column-top-margin'     ><p>\n<style type=\"text\/css\" data-created_by=\"avia_inline_auto\" id=\"style-css-av-lceohqhs-8792ca7374fb6093f5a1044eab119284\">\n.avia-image-container.av-lceohqhs-8792ca7374fb6093f5a1044eab119284 img.avia_image{\nbox-shadow:none;\n}\n.avia-image-container.av-lceohqhs-8792ca7374fb6093f5a1044eab119284 .av-image-caption-overlay-center{\ncolor:#ffffff;\n}\n<\/style>\n<div  class='avia-image-container av-lceohqhs-8792ca7374fb6093f5a1044eab119284 av-styling- av-img-linked avia-align-center  avia-builder-el-204  el_before_av_textblock  avia-builder-el-first '   itemprop=\"image\" itemscope=\"itemscope\" itemtype=\"https:\/\/schema.org\/ImageObject\" ><div class=\"avia-image-container-inner\"><div class=\"avia-image-overlay-wrap\"><a href=\"https:\/\/www.fredonoccitanie.com\/jevi\/\" class='avia_image '  target=\"_blank\"  rel=\"noopener noreferrer\" aria-label='fredon'><img decoding=\"async\" fetchpriority=\"high\" class='wp-image-9990 avia-img-lazy-loading-not-9990 avia_image ' src=\"https:\/\/www.fredonoccitanie.com\/captages\/wp-content\/uploads\/sites\/3\/2023\/01\/fredon.png\" alt='' title='fredon'  height=\"891\" width=\"1445\"  itemprop=\"thumbnailUrl\" srcset=\"https:\/\/www.fredonoccitanie.com\/captages\/wp-content\/uploads\/sites\/3\/2023\/01\/fredon.png 1445w, https:\/\/www.fredonoccitanie.com\/captages\/wp-content\/uploads\/sites\/3\/2023\/01\/fredon-300x185.png 300w, https:\/\/www.fredonoccitanie.com\/captages\/wp-content\/uploads\/sites\/3\/2023\/01\/fredon-1030x635.png 1030w, https:\/\/www.fredonoccitanie.com\/captages\/wp-content\/uploads\/sites\/3\/2023\/01\/fredon-768x474.png 768w, https:\/\/www.fredonoccitanie.com\/captages\/wp-content\/uploads\/sites\/3\/2023\/01\/fredon-705x435.png 705w\" sizes=\"(max-width: 1445px) 100vw, 1445px\" \/><\/a><\/div><\/div><\/div><br \/>\n<section  class='av_textblock_section av-lceoh8jx-9204e1879b8e6b8a54867a4a631c2de2 '   itemscope=\"itemscope\" itemtype=\"https:\/\/schema.org\/CreativeWork\" ><div class='avia_textblock'  itemprop=\"text\" ><div class=\"vc-hoverbox-block vc-hoverbox-back\">\n<div class=\"vc-hoverbox-block vc-hoverbox-back\">\n<div class=\"vc-hoverbox-block-inner vc-hoverbox-back-inner\">\n<div class=\"vc-hoverbox-block vc-hoverbox-back\">\n<div class=\"vc-hoverbox-block-inner vc-hoverbox-back-inner\">\n<div class=\"vc-hoverbox-block vc-hoverbox-back\">\n<div class=\"vc-hoverbox-block-inner vc-hoverbox-back-inner\">\n<div class=\"vc-hoverbox-block vc-hoverbox-back\">\n<div class=\"vc-hoverbox-block-inner vc-hoverbox-back-inner\">\n<div class=\"vc-hoverbox-block vc-hoverbox-back\">\n<div class=\"vc-hoverbox-block-inner vc-hoverbox-back-inner\">\n<div class=\"vc-hoverbox-block vc-hoverbox-back\">\n<div class=\"vc-hoverbox-block-inner vc-hoverbox-back-inner\">\n<div class=\"vc-hoverbox-block vc-hoverbox-back\">\n<div class=\"vc-hoverbox-block-inner vc-hoverbox-back-inner\">\n<div class=\"vc-hoverbox-block vc-hoverbox-back\">\n<div class=\"vc-hoverbox-block-inner vc-hoverbox-back-inner\">\n<h3><span class=\"TextRun SCXW30117106 BCX2\" lang=\"FR-FR\" xml:lang=\"FR-FR\" data-contrast=\"none\"><span class=\"NormalTextRun SCXW30117106 BCX2\" data-ccp-charstyle=\"Intense Reference\">R\u00e9seau<\/span><span class=\"NormalTextRun SCXW30117106 BCX2\" data-ccp-charstyle=\"Intense Reference\"> JEVI : site de ressources anim\u00e9 par FREDON\u202fOccitanie<\/span><\/span><\/h3>\n<p><span class=\"TextRun SCXW239683811 BCX2\" lang=\"FR-FR\" xml:lang=\"FR-FR\" data-contrast=\"auto\"><span class=\"NormalTextRun SCXW239683811 BCX2\"><a href=\"https:\/\/www.fredonoccitanie.com\/jevi\/\">Ce site<\/a> est portail de ressources techniques \u00e0 l\u2019attention des<\/span> <span class=\"NormalTextRun SCXW239683811 BCX2\">gestionnaires d\u2019espaces publics ou priv\u00e9s<\/span><span class=\"NormalTextRun SCXW239683811 BCX2\">, non agricoles. <\/span><span class=\"NormalTextRun SCXW239683811 BCX2\">FREDON Occitanie est missionn\u00e9e pour l\u2019animation et la coordination du volet \u00ab Jardins Espaces Verts et Infrastructures \u00bb (<\/span><span class=\"NormalTextRun SCXW239683811 BCX2\">anciennement Zones Non Agricoles<\/span><span class=\"NormalTextRun SCXW239683811 BCX2\">) du\u202f<\/span><\/span><a class=\"Hyperlink SCXW239683811 BCX2\" href=\"http:\/\/draaf.occitanie.agriculture.gouv.fr\/Ecophyto\" target=\"_blank\" rel=\"noreferrer noopener\"><span class=\"TextRun SCXW239683811 BCX2\" lang=\"FR-FR\" xml:lang=\"FR-FR\" data-contrast=\"auto\"><span class=\"NormalTextRun SCXW239683811 BCX2\">plan r\u00e9gional Ecophyto<\/span><\/span><\/a><span class=\"TextRun SCXW239683811 BCX2\" lang=\"FR-FR\" xml:lang=\"FR-FR\" data-contrast=\"auto\"><span class=\"NormalTextRun SCXW239683811 BCX2\">.<\/span><span class=\"NormalTextRun SCXW239683811 BCX2\"> Dans ce cadre, nombre<\/span><span class=\"NormalTextRun SCXW239683811 BCX2\"> de\u202f<\/span><\/span><a class=\"Hyperlink SCXW239683811 BCX2\" href=\"https:\/\/www.fredonoccitanie.com\/jevi\/autres-outils\/\" target=\"_blank\" rel=\"noreferrer noopener\"><span class=\"TextRun SCXW239683811 BCX2\" lang=\"FR-FR\" xml:lang=\"FR-FR\" data-contrast=\"auto\"><span class=\"NormalTextRun SCXW239683811 BCX2\">r\u00e9f\u00e9rences techniques<\/span><\/span><\/a><span class=\"TextRun SCXW239683811 BCX2\" lang=\"FR-FR\" xml:lang=\"FR-FR\" data-contrast=\"auto\"> <span class=\"NormalTextRun ContextualSpellingAndGrammarErrorV2Themed SCXW239683811 BCX2\">sont<\/span><span class=\"NormalTextRun SCXW239683811 BCX2\"> produites, mutualis\u00e9es, compil\u00e9es. Vous y trouverez des ressources pour accompagner les <\/span><span class=\"NormalTextRun SCXW239683811 BCX2\">gestionnaires JEVI pr\u00e9sents sur <\/span><span class=\"NormalTextRun SCXW239683811 BCX2\">les<\/span><span class=\"NormalTextRun SCXW239683811 BCX2\"> AAC. Les impliquer est souvent un v\u00e9ritable catalyseur pour le territoire<\/span><span class=\"NormalTextRun SCXW239683811 BCX2\"> au service de la pr\u00e9servation de la qualit\u00e9 de l\u2019eau<\/span><\/span>.<\/p>\n<\/div>\n<\/div>\n<\/div>\n<\/div>\n<\/div>\n<\/div>\n<\/div>\n<\/div>\n<\/div>\n<\/div>\n<\/div>\n<\/div>\n<\/div>\n<\/div>\n<\/div>\n<\/div>\n<\/div>\n<\/div><\/section><\/p><\/div>\n<style type=\"text\/css\" data-created_by=\"avia_inline_auto\" id=\"style-css-av-2j6pto-6c37e2d943699c272e3f347678756f37\">\n.flex_column.av-2j6pto-6c37e2d943699c272e3f347678756f37{\nborder-radius:0px 0px 0px 0px;\npadding:0px 0px 0px 0px;\n}\n<\/style>\n<div  class='flex_column av-2j6pto-6c37e2d943699c272e3f347678756f37 av_one_fourth  avia-builder-el-206  el_after_av_one_fourth  el_before_av_one_fourth  flex_column_div av-zero-column-padding  column-top-margin'     ><p>\n<style type=\"text\/css\" data-created_by=\"avia_inline_auto\" id=\"style-css-av-lceoizug-8ec2bcfea956dddc31e20164e5fc02ea\">\n.avia-image-container.av-lceoizug-8ec2bcfea956dddc31e20164e5fc02ea img.avia_image{\nbox-shadow:none;\n}\n.avia-image-container.av-lceoizug-8ec2bcfea956dddc31e20164e5fc02ea .av-image-caption-overlay-center{\ncolor:#ffffff;\n}\n<\/style>\n<div  class='avia-image-container av-lceoizug-8ec2bcfea956dddc31e20164e5fc02ea av-styling- av-img-linked avia-align-center  avia-builder-el-207  el_before_av_textblock  avia-builder-el-first '   itemprop=\"image\" itemscope=\"itemscope\" itemtype=\"https:\/\/schema.org\/ImageObject\" ><div class=\"avia-image-container-inner\"><div class=\"avia-image-overlay-wrap\"><a href=\"https:\/\/www.les-caue-occitanie.fr\/\" class='avia_image '  target=\"_blank\"  rel=\"noopener noreferrer\" aria-label='caue'><img decoding=\"async\" fetchpriority=\"high\" class='wp-image-9991 avia-img-lazy-loading-not-9991 avia_image ' src=\"https:\/\/www.fredonoccitanie.com\/captages\/wp-content\/uploads\/sites\/3\/2023\/01\/caue.png\" alt='' title='caue'  height=\"923\" width=\"1599\"  itemprop=\"thumbnailUrl\" srcset=\"https:\/\/www.fredonoccitanie.com\/captages\/wp-content\/uploads\/sites\/3\/2023\/01\/caue.png 1599w, https:\/\/www.fredonoccitanie.com\/captages\/wp-content\/uploads\/sites\/3\/2023\/01\/caue-300x173.png 300w, https:\/\/www.fredonoccitanie.com\/captages\/wp-content\/uploads\/sites\/3\/2023\/01\/caue-1030x595.png 1030w, https:\/\/www.fredonoccitanie.com\/captages\/wp-content\/uploads\/sites\/3\/2023\/01\/caue-768x443.png 768w, https:\/\/www.fredonoccitanie.com\/captages\/wp-content\/uploads\/sites\/3\/2023\/01\/caue-1536x887.png 1536w, https:\/\/www.fredonoccitanie.com\/captages\/wp-content\/uploads\/sites\/3\/2023\/01\/caue-1500x866.png 1500w, https:\/\/www.fredonoccitanie.com\/captages\/wp-content\/uploads\/sites\/3\/2023\/01\/caue-705x407.png 705w\" sizes=\"(max-width: 1599px) 100vw, 1599px\" \/><\/a><\/div><\/div><\/div><br \/>\n<section  class='av_textblock_section av-lceojwb0-0653a39c2c195088587403183b78720c '   itemscope=\"itemscope\" itemtype=\"https:\/\/schema.org\/CreativeWork\" ><div class='avia_textblock'  itemprop=\"text\" ><div class=\"vc-hoverbox-block vc-hoverbox-back\">\n<div class=\"vc-hoverbox-block vc-hoverbox-back\">\n<div class=\"vc-hoverbox-block-inner vc-hoverbox-back-inner\">\n<div class=\"vc-hoverbox-block vc-hoverbox-back\">\n<div class=\"vc-hoverbox-block-inner vc-hoverbox-back-inner\">\n<div class=\"vc-hoverbox-block vc-hoverbox-back\">\n<div class=\"vc-hoverbox-block-inner vc-hoverbox-back-inner\">\n<div class=\"vc-hoverbox-block vc-hoverbox-back\">\n<div class=\"vc-hoverbox-block-inner vc-hoverbox-back-inner\">\n<div class=\"vc-hoverbox-block vc-hoverbox-back\">\n<div class=\"vc-hoverbox-block-inner vc-hoverbox-back-inner\">\n<div class=\"vc-hoverbox-block vc-hoverbox-back\">\n<div class=\"vc-hoverbox-block-inner vc-hoverbox-back-inner\">\n<div class=\"vc-hoverbox-block vc-hoverbox-back\">\n<div class=\"vc-hoverbox-block-inner vc-hoverbox-back-inner\">\n<div class=\"vc-hoverbox-block vc-hoverbox-back\">\n<div class=\"vc-hoverbox-block-inner vc-hoverbox-back-inner\">\n<h3><span class=\"TextRun SCXW57909621 BCX2\" lang=\"FR-FR\" xml:lang=\"FR-FR\" data-contrast=\"none\"><span class=\"NormalTextRun SCXW57909621 BCX2\" data-ccp-charstyle=\"Intense Reference\">CAUE : structures de conseil aux collectivit\u00e9s<\/span><\/span><\/h3>\n<p><span data-contrast=\"auto\"><a href=\"https:\/\/www.les-caue-occitanie.fr\/\">Sur le site de l\u2019Union r\u00e9gionale des CAUE d\u2019Occitanie<\/a>, retrouvez par d\u00e9partement les contacts et projets des Conseils d\u2019architecture, d\u2019urbanisme et de l\u2019environnement. <a href=\"https:\/\/www.les-caue-occitanie.fr\/\">Les CAUE<\/a> accompagnent notamment les collectivit\u00e9s dans leurs am\u00e9nagements et choix de gestions. <\/span><\/p>\n<p><span data-contrast=\"auto\">Ils sont un partenaire mobilisable sur les AAC pour impliquer les collectivit\u00e9s vers une gestion int\u00e9grant les enjeux eau.<\/span><span data-ccp-props=\"{}\">\u00a0<\/span><\/p>\n<\/div>\n<\/div>\n<\/div>\n<\/div>\n<\/div>\n<\/div>\n<\/div>\n<\/div>\n<\/div>\n<\/div>\n<\/div>\n<\/div>\n<\/div>\n<\/div>\n<\/div>\n<\/div>\n<\/div>\n<\/div><\/section><\/p><\/div>\n<style type=\"text\/css\" data-created_by=\"avia_inline_auto\" id=\"style-css-av-a86zg-9f4326037834d7c5a087e93357fee0a3\">\n.flex_column.av-a86zg-9f4326037834d7c5a087e93357fee0a3{\nborder-radius:0px 0px 0px 0px;\npadding:0px 0px 0px 0px;\n}\n<\/style>\n<div  class='flex_column av-a86zg-9f4326037834d7c5a087e93357fee0a3 av_one_fourth  avia-builder-el-209  el_after_av_one_fourth  el_before_av_one_fourth  flex_column_div av-zero-column-padding  column-top-margin'     ><p>\n<style type=\"text\/css\" data-created_by=\"avia_inline_auto\" id=\"style-css-av-lcheyix9-7d4c94c1a406d4b47448d3993b722378\">\n.avia-image-container.av-lcheyix9-7d4c94c1a406d4b47448d3993b722378 img.avia_image{\nbox-shadow:none;\n}\n.avia-image-container.av-lcheyix9-7d4c94c1a406d4b47448d3993b722378 .av-image-caption-overlay-center{\ncolor:#ffffff;\n}\n<\/style>\n<div  class='avia-image-container av-lcheyix9-7d4c94c1a406d4b47448d3993b722378 av-styling- av-img-linked avia-align-center  avia-builder-el-210  el_before_av_textblock  avia-builder-el-first '   itemprop=\"image\" itemscope=\"itemscope\" itemtype=\"https:\/\/schema.org\/ImageObject\" ><div class=\"avia-image-container-inner\"><div class=\"avia-image-overlay-wrap\"><a href=\"https:\/\/www.ecophyto-pro.fr\/\" class='avia_image '  target=\"_blank\"  rel=\"noopener noreferrer\" aria-label='EcophytoPro'><img decoding=\"async\" fetchpriority=\"high\" class='wp-image-10065 avia-img-lazy-loading-not-10065 avia_image ' src=\"https:\/\/www.fredonoccitanie.com\/captages\/wp-content\/uploads\/sites\/3\/2023\/01\/EcophytoPro-300x182.png\" alt='' title='EcophytoPro'  height=\"182\" width=\"300\"  itemprop=\"thumbnailUrl\" srcset=\"https:\/\/www.fredonoccitanie.com\/captages\/wp-content\/uploads\/sites\/3\/2023\/01\/EcophytoPro-300x182.png 300w, https:\/\/www.fredonoccitanie.com\/captages\/wp-content\/uploads\/sites\/3\/2023\/01\/EcophytoPro-1030x626.png 1030w, https:\/\/www.fredonoccitanie.com\/captages\/wp-content\/uploads\/sites\/3\/2023\/01\/EcophytoPro-768x467.png 768w, https:\/\/www.fredonoccitanie.com\/captages\/wp-content\/uploads\/sites\/3\/2023\/01\/EcophytoPro-705x429.png 705w, https:\/\/www.fredonoccitanie.com\/captages\/wp-content\/uploads\/sites\/3\/2023\/01\/EcophytoPro.png 1475w\" sizes=\"(max-width: 300px) 100vw, 300px\" \/><\/a><\/div><\/div><\/div><br \/>\n<section  class='av_textblock_section av-lchexicb-030b8ebce8c178d4a8c30c3e854fed9d '   itemscope=\"itemscope\" itemtype=\"https:\/\/schema.org\/CreativeWork\" ><div class='avia_textblock'  itemprop=\"text\" ><div class=\"vc-hoverbox-block vc-hoverbox-back\">\n<div class=\"vc-hoverbox-block vc-hoverbox-back\">\n<div class=\"vc-hoverbox-block-inner vc-hoverbox-back-inner\">\n<div class=\"vc-hoverbox-block vc-hoverbox-back\">\n<div class=\"vc-hoverbox-block-inner vc-hoverbox-back-inner\">\n<div class=\"vc-hoverbox-block vc-hoverbox-back\">\n<div class=\"vc-hoverbox-block-inner vc-hoverbox-back-inner\">\n<div class=\"vc-hoverbox-block vc-hoverbox-back\">\n<div class=\"vc-hoverbox-block-inner vc-hoverbox-back-inner\">\n<div class=\"vc-hoverbox-block vc-hoverbox-back\">\n<div class=\"vc-hoverbox-block-inner vc-hoverbox-back-inner\">\n<div class=\"vc-hoverbox-block vc-hoverbox-back\">\n<div class=\"vc-hoverbox-block-inner vc-hoverbox-back-inner\">\n<div class=\"vc-hoverbox-block vc-hoverbox-back\">\n<div class=\"vc-hoverbox-block-inner vc-hoverbox-back-inner\">\n<div class=\"vc-hoverbox-block vc-hoverbox-back\">\n<div class=\"vc-hoverbox-block-inner vc-hoverbox-back-inner\">\n<h3><span class=\"TextRun SCXW57909621 BCX2\" lang=\"FR-FR\" xml:lang=\"FR-FR\" data-contrast=\"none\"><span class=\"NormalTextRun SCXW57909621 BCX2\" data-ccp-charstyle=\"Intense Reference\">ECOPHYTO PRO : r\u00e9duire et am\u00e9liorer l&rsquo;utilisation des phytos<\/span><\/span><\/h3>\n<p>Le<a href=\"https:\/\/www.ecophyto-pro.fr\/\"> site Ecophyto Pro<\/a> se positionne comme la r\u00e9f\u00e9rence des gestionnaires d&rsquo;espaces verts. Il propose une veille r\u00e9glementaire, une docuth\u00e8que avec des entr\u00e9es par type d&rsquo;espace (terrains de sport, espaces aquatiques, espaces verts&#8230;), des actus et agenda, un annuaire d&rsquo;expertises ou encore des informations sur le label national Terre Saine.<\/p>\n<p>C\u00f4t\u00e9 r\u00e8glementation, \u00e0 noter, une <a href=\"https:\/\/www.ecophyto-pro.fr\/n\/la-loi-mode-d-emploi\/n:323\">Foire aux questions sur la loi Labb\u00e9<\/a> \u00ab\u00a0la loi mode d&#8217;emploi\u00a0\u00bb !<\/p>\n<\/div>\n<\/div>\n<\/div>\n<\/div>\n<\/div>\n<\/div>\n<\/div>\n<\/div>\n<\/div>\n<\/div>\n<\/div>\n<\/div>\n<\/div>\n<\/div>\n<\/div>\n<\/div>\n<\/div>\n<\/div><\/section><\/p><\/div>\n<style type=\"text\/css\" data-created_by=\"avia_inline_auto\" id=\"style-css-av-1xsecc-5dd6218158b7ed5dccc086be8f046960\">\n.flex_column.av-1xsecc-5dd6218158b7ed5dccc086be8f046960{\nborder-radius:0px 0px 0px 0px;\npadding:0px 0px 0px 0px;\n}\n<\/style>\n<div  class='flex_column av-1xsecc-5dd6218158b7ed5dccc086be8f046960 av_one_fourth  avia-builder-el-212  el_after_av_one_fourth  avia-builder-el-last  flex_column_div av-zero-column-padding  column-top-margin'     ><p>\n<style type=\"text\/css\" data-created_by=\"avia_inline_auto\" id=\"style-css-av-lchem4jn-c40e01362aaf8813bd933667d4f7ebac\">\n.avia-image-container.av-lchem4jn-c40e01362aaf8813bd933667d4f7ebac img.avia_image{\nbox-shadow:none;\n}\n.avia-image-container.av-lchem4jn-c40e01362aaf8813bd933667d4f7ebac .av-image-caption-overlay-center{\ncolor:#ffffff;\n}\n<\/style>\n<div  class='avia-image-container av-lchem4jn-c40e01362aaf8813bd933667d4f7ebac av-styling- av-img-linked avia-align-center  avia-builder-el-213  el_before_av_textblock  avia-builder-el-first '   itemprop=\"image\" itemscope=\"itemscope\" itemtype=\"https:\/\/schema.org\/ImageObject\" ><div class=\"avia-image-container-inner\"><div class=\"avia-image-overlay-wrap\"><a href=\"https:\/\/www.plante-et-cite.fr\/\" class='avia_image '  target=\"_blank\"  rel=\"noopener noreferrer\" aria-label='P_et_C'><img decoding=\"async\" fetchpriority=\"high\" class='wp-image-10063 avia-img-lazy-loading-not-10063 avia_image ' src=\"https:\/\/www.fredonoccitanie.com\/captages\/wp-content\/uploads\/sites\/3\/2023\/01\/P_et_C-300x170.png\" alt='' title='P_et_C'  height=\"170\" width=\"300\"  itemprop=\"thumbnailUrl\" srcset=\"https:\/\/www.fredonoccitanie.com\/captages\/wp-content\/uploads\/sites\/3\/2023\/01\/P_et_C-300x170.png 300w, https:\/\/www.fredonoccitanie.com\/captages\/wp-content\/uploads\/sites\/3\/2023\/01\/P_et_C-1030x584.png 1030w, https:\/\/www.fredonoccitanie.com\/captages\/wp-content\/uploads\/sites\/3\/2023\/01\/P_et_C-768x435.png 768w, https:\/\/www.fredonoccitanie.com\/captages\/wp-content\/uploads\/sites\/3\/2023\/01\/P_et_C-1536x871.png 1536w, https:\/\/www.fredonoccitanie.com\/captages\/wp-content\/uploads\/sites\/3\/2023\/01\/P_et_C-1500x850.png 1500w, https:\/\/www.fredonoccitanie.com\/captages\/wp-content\/uploads\/sites\/3\/2023\/01\/P_et_C-705x400.png 705w, https:\/\/www.fredonoccitanie.com\/captages\/wp-content\/uploads\/sites\/3\/2023\/01\/P_et_C.png 1586w\" sizes=\"(max-width: 300px) 100vw, 300px\" \/><\/a><\/div><\/div><\/div><br \/>\n<section  class='av_textblock_section av-lchekafm-4b8da366ed7dfe9c40ac96004021263b '   itemscope=\"itemscope\" itemtype=\"https:\/\/schema.org\/CreativeWork\" ><div class='avia_textblock'  itemprop=\"text\" ><div class=\"vc-hoverbox-block vc-hoverbox-back\">\n<div class=\"vc-hoverbox-block vc-hoverbox-back\">\n<div class=\"vc-hoverbox-block-inner vc-hoverbox-back-inner\">\n<div class=\"vc-hoverbox-block vc-hoverbox-back\">\n<div class=\"vc-hoverbox-block-inner vc-hoverbox-back-inner\">\n<div class=\"vc-hoverbox-block vc-hoverbox-back\">\n<div class=\"vc-hoverbox-block-inner vc-hoverbox-back-inner\">\n<div class=\"vc-hoverbox-block vc-hoverbox-back\">\n<div class=\"vc-hoverbox-block-inner vc-hoverbox-back-inner\">\n<div class=\"vc-hoverbox-block vc-hoverbox-back\">\n<div class=\"vc-hoverbox-block-inner vc-hoverbox-back-inner\">\n<div class=\"vc-hoverbox-block vc-hoverbox-back\">\n<div class=\"vc-hoverbox-block-inner vc-hoverbox-back-inner\">\n<div class=\"vc-hoverbox-block vc-hoverbox-back\">\n<div class=\"vc-hoverbox-block-inner vc-hoverbox-back-inner\">\n<div class=\"vc-hoverbox-block vc-hoverbox-back\">\n<div class=\"vc-hoverbox-block-inner vc-hoverbox-back-inner\">\n<h3><span class=\"TextRun SCXW57909621 BCX2\" lang=\"FR-FR\" xml:lang=\"FR-FR\" data-contrast=\"none\"><span class=\"NormalTextRun SCXW57909621 BCX2\" data-ccp-charstyle=\"Intense Reference\">Plante&amp;Cit\u00e9 : ing\u00e9nierie de la nature en ville<\/span><\/span><\/h3>\n<p>Plante&amp;Cit\u00e9 est un organisme national d\u2019\u00e9tudes et d\u2019exp\u00e9rimentations, sp\u00e9cialis\u00e9 dans les espaces verts et le paysage. Ce centre technique assure le transfert des connaissances scientifiques vers les professionnels des espaces verts, des entreprises et des collectivit\u00e9s territoriales. Son site propose un grand nombre de ressources utiles aux gestionnaires JEVI pour une transition \u00e9cologique des pratiques (r\u00e9duction des produits phytosanitaires, \u00e9conomies d\u2019eau, choix des v\u00e9g\u00e9taux, pr\u00e9servation de la biodiversit\u00e9&#8230;). Son site propose aussi plusieurs outils en ligne : <a href=\"https:\/\/www.ecophyto-pro.fr\/\">Ecophyto<\/a>, <a href=\"https:\/\/www.label-ecojardin.fr\/\">EcoJardin<\/a>, <a href=\"https:\/\/www.floriscope.io\/\">Floriscope<\/a>, <a href=\"https:\/\/www.baremedelarbre.fr\/\">Bar\u00e8me de l&rsquo;arbre<\/a>&#8230;<\/p>\n<\/div>\n<\/div>\n<\/div>\n<\/div>\n<\/div>\n<\/div>\n<\/div>\n<\/div>\n<\/div>\n<\/div>\n<\/div>\n<\/div>\n<\/div>\n<\/div>\n<\/div>\n<\/div>\n<\/div>\n<\/div><\/section><\/p><\/div>\n\n<\/div><\/div><\/div><!-- close content main div --><\/div><\/div>\n<style type=\"text\/css\" data-created_by=\"avia_inline_auto\" id=\"style-css-av-mewoaqjv-c4e540645739573c27cded97cf2a26b0\">\n.avia-section.av-mewoaqjv-c4e540645739573c27cded97cf2a26b0{\nbackground-color:#f8ead4;\nbackground-image:unset;\n}\n<\/style>\n<div id='av_section_8'  class='avia-section av-mewoaqjv-c4e540645739573c27cded97cf2a26b0 main_color avia-section-default avia-no-border-styling  avia-builder-el-215  el_after_av_section  el_before_av_textblock  avia-bg-style-scroll container_wrap fullsize'  ><div class='container av-section-cont-open' ><div class='template-page content  av-content-full alpha units'><div class='post-entry post-entry-type-page post-entry-10144'><div class='entry-content-wrapper clearfix'>\n<section  class='av_textblock_section av-p1fj3r4-9158c0039cb293e5a0634abf62b14ab1 '   itemscope=\"itemscope\" itemtype=\"https:\/\/schema.org\/CreativeWork\" ><div class='avia_textblock'  itemprop=\"text\" ><h2 id=\"ancre8\" style=\"text-align: center\"><span class=\"TextRun Highlight SCXW184102328 BCX2\" lang=\"FR-FR\" xml:lang=\"FR-FR\" data-contrast=\"auto\"><span class=\"NormalTextRun SCXW184102328 BCX2\">Autres th\u00e9matiques<\/span><\/span><\/h2>\n<\/div><\/section>\n\n<style type=\"text\/css\" data-created_by=\"avia_inline_auto\" id=\"style-css-av-ogkchsw-a32b4d21f2ec25f79758c5ed534a9237\">\n.flex_column.av-ogkchsw-a32b4d21f2ec25f79758c5ed534a9237{\nborder-radius:0px 0px 0px 0px;\npadding:0px 0px 0px 0px;\n}\n<\/style>\n<div  class='flex_column av-ogkchsw-a32b4d21f2ec25f79758c5ed534a9237 av_one_fourth  avia-builder-el-217  el_after_av_textblock  el_before_av_one_fourth  first flex_column_div av-zero-column-padding  column-top-margin'     ><p>\n<style type=\"text\/css\" data-created_by=\"avia_inline_auto\" id=\"style-css-av-o8din1c-aa0fb1fcc334e172432015db5d771f6b\">\n.avia-image-container.av-o8din1c-aa0fb1fcc334e172432015db5d771f6b img.avia_image{\nbox-shadow:none;\n}\n.avia-image-container.av-o8din1c-aa0fb1fcc334e172432015db5d771f6b .av-image-caption-overlay-center{\ncolor:#ffffff;\n}\n<\/style>\n<div  class='avia-image-container av-o8din1c-aa0fb1fcc334e172432015db5d771f6b av-styling- av-img-linked avia-align-center  avia-builder-el-218  el_before_av_textblock  avia-builder-el-first '   itemprop=\"image\" itemscope=\"itemscope\" itemtype=\"https:\/\/schema.org\/ImageObject\" ><div class=\"avia-image-container-inner\"><div class=\"avia-image-overlay-wrap\"><a href=\"https:\/\/www.gesteau.fr\/\" class='avia_image '  aria-label='gesteau'><img decoding=\"async\" fetchpriority=\"high\" class='wp-image-10006 avia-img-lazy-loading-not-10006 avia_image ' src=\"https:\/\/www.fredonoccitanie.com\/captages\/wp-content\/uploads\/sites\/3\/2023\/01\/gesteau.png\" alt='' title='gesteau'  height=\"933\" width=\"1443\"  itemprop=\"thumbnailUrl\" srcset=\"https:\/\/www.fredonoccitanie.com\/captages\/wp-content\/uploads\/sites\/3\/2023\/01\/gesteau.png 1443w, https:\/\/www.fredonoccitanie.com\/captages\/wp-content\/uploads\/sites\/3\/2023\/01\/gesteau-300x194.png 300w, https:\/\/www.fredonoccitanie.com\/captages\/wp-content\/uploads\/sites\/3\/2023\/01\/gesteau-1030x666.png 1030w, https:\/\/www.fredonoccitanie.com\/captages\/wp-content\/uploads\/sites\/3\/2023\/01\/gesteau-768x497.png 768w, https:\/\/www.fredonoccitanie.com\/captages\/wp-content\/uploads\/sites\/3\/2023\/01\/gesteau-705x456.png 705w\" sizes=\"(max-width: 1443px) 100vw, 1443px\" \/><\/a><\/div><\/div><\/div><br \/>\n<section  class='av_textblock_section av-nll3bfk-8915fc4419b5e761fecdf69d8255124b '   itemscope=\"itemscope\" itemtype=\"https:\/\/schema.org\/CreativeWork\" ><div class='avia_textblock'  itemprop=\"text\" ><div class=\"vc-hoverbox-block vc-hoverbox-back\">\n<div class=\"vc-hoverbox-block vc-hoverbox-back\">\n<div class=\"vc-hoverbox-block-inner vc-hoverbox-back-inner\">\n<div class=\"vc-hoverbox-block vc-hoverbox-back\">\n<div class=\"vc-hoverbox-block-inner vc-hoverbox-back-inner\">\n<div class=\"vc-hoverbox-block vc-hoverbox-back\">\n<div class=\"vc-hoverbox-block-inner vc-hoverbox-back-inner\">\n<div class=\"vc-hoverbox-block vc-hoverbox-back\">\n<div class=\"vc-hoverbox-block-inner vc-hoverbox-back-inner\">\n<h3>GEST&rsquo;EAU<\/h3>\n<p><span data-contrast=\"auto\"><a href=\"https:\/\/www.gesteau.fr\/\">Le portail de la communaut\u00e9<\/a> des acteurs de gestion int\u00e9gr\u00e9e de l\u2019eau qui compile des ressources et outils\u202f: un outil pour rechercher les SDAGE, les SAGE et les contrats de milieu existants sur son territoire, des cartes par \u00e9tat d\u2019avancement et de la documentation. <a href=\"https:\/\/www.gesteau.fr\/\">Gest&rsquo;eau<\/a> a \u00e9t\u00e9 cr\u00e9\u00e9 et est g\u00e9r\u00e9 par l&rsquo;OiEau (Office International de l&rsquo;Eau), avec le soutien financier de l&rsquo;OFB (Office fran\u00e7ais de la biodiversit\u00e9) et l&rsquo;appui du Minist\u00e8re de la Transition \u00e9cologique.\u00a0<\/span><span data-ccp-props=\"{}\">\u00a0<\/span><\/p>\n<\/div>\n<\/div>\n<\/div>\n<\/div>\n<\/div>\n<\/div>\n<\/div>\n<\/div>\n<\/div>\n<\/div><\/section><\/p><\/div>\n<style type=\"text\/css\" data-created_by=\"avia_inline_auto\" id=\"style-css-av-5utk4c-fc0710a1c4e73eb0a757a429df22227c\">\n.flex_column.av-5utk4c-fc0710a1c4e73eb0a757a429df22227c{\nborder-radius:0px 0px 0px 0px;\npadding:0px 0px 0px 0px;\n}\n<\/style>\n<div  class='flex_column av-5utk4c-fc0710a1c4e73eb0a757a429df22227c av_one_fourth  avia-builder-el-220  el_after_av_one_fourth  el_before_av_one_fourth  flex_column_div av-zero-column-padding  column-top-margin'     ><p>\n<style type=\"text\/css\" data-created_by=\"avia_inline_auto\" id=\"style-css-av-lcepaidx-a50260cf3abcdce7ecdff36fb8aeef98\">\n.avia-image-container.av-lcepaidx-a50260cf3abcdce7ecdff36fb8aeef98 img.avia_image{\nbox-shadow:none;\n}\n.avia-image-container.av-lcepaidx-a50260cf3abcdce7ecdff36fb8aeef98 .av-image-caption-overlay-center{\ncolor:#ffffff;\n}\n<\/style>\n<div  class='avia-image-container av-lcepaidx-a50260cf3abcdce7ecdff36fb8aeef98 av-styling- av-img-linked avia-align-center  avia-builder-el-221  el_before_av_textblock  avia-builder-el-first '   itemprop=\"image\" itemscope=\"itemscope\" itemtype=\"https:\/\/schema.org\/ImageObject\" ><div class=\"avia-image-container-inner\"><div class=\"avia-image-overlay-wrap\"><a href=\"https:\/\/aides-territoires.beta.gouv.fr\/\" class='avia_image '  aria-label='aideterritoire'><img decoding=\"async\" fetchpriority=\"high\" class='wp-image-10005 avia-img-lazy-loading-not-10005 avia_image ' src=\"https:\/\/www.fredonoccitanie.com\/captages\/wp-content\/uploads\/sites\/3\/2023\/01\/aideterritoire.png\" alt='' title='aideterritoire'  height=\"900\" width=\"1558\"  itemprop=\"thumbnailUrl\" srcset=\"https:\/\/www.fredonoccitanie.com\/captages\/wp-content\/uploads\/sites\/3\/2023\/01\/aideterritoire.png 1558w, https:\/\/www.fredonoccitanie.com\/captages\/wp-content\/uploads\/sites\/3\/2023\/01\/aideterritoire-300x173.png 300w, https:\/\/www.fredonoccitanie.com\/captages\/wp-content\/uploads\/sites\/3\/2023\/01\/aideterritoire-1030x595.png 1030w, https:\/\/www.fredonoccitanie.com\/captages\/wp-content\/uploads\/sites\/3\/2023\/01\/aideterritoire-768x444.png 768w, https:\/\/www.fredonoccitanie.com\/captages\/wp-content\/uploads\/sites\/3\/2023\/01\/aideterritoire-1536x887.png 1536w, https:\/\/www.fredonoccitanie.com\/captages\/wp-content\/uploads\/sites\/3\/2023\/01\/aideterritoire-1500x866.png 1500w, https:\/\/www.fredonoccitanie.com\/captages\/wp-content\/uploads\/sites\/3\/2023\/01\/aideterritoire-705x407.png 705w\" sizes=\"(max-width: 1558px) 100vw, 1558px\" \/><\/a><\/div><\/div><\/div><br \/>\n<section  class='av_textblock_section av-lcepa49b-67d09c32a72df0f27a59ad03af954fda '   itemscope=\"itemscope\" itemtype=\"https:\/\/schema.org\/CreativeWork\" ><div class='avia_textblock'  itemprop=\"text\" ><div class=\"vc-hoverbox-block vc-hoverbox-back\">\n<div class=\"vc-hoverbox-block vc-hoverbox-back\">\n<div class=\"vc-hoverbox-block-inner vc-hoverbox-back-inner\">\n<div class=\"vc-hoverbox-block vc-hoverbox-back\">\n<div class=\"vc-hoverbox-block-inner vc-hoverbox-back-inner\">\n<div class=\"vc-hoverbox-block vc-hoverbox-back\">\n<div class=\"vc-hoverbox-block-inner vc-hoverbox-back-inner\">\n<div class=\"vc-hoverbox-block vc-hoverbox-back\">\n<div class=\"vc-hoverbox-block-inner vc-hoverbox-back-inner\">\n<h3>AIDES-TERRITOIRES : r\u00e9f\u00e9rencement des aides techniques et financi\u00e8res<\/h3>\n<p><span data-contrast=\"auto\"><a href=\"https:\/\/aides-territoires.beta.gouv.fr\/\">Cette plateforme<\/a> des collectivit\u00e9s permet de trouver des aides pour financer et accompagner les projets, \u00e0 destination des collectivit\u00e9s mais aussi \u00e0 l\u2019attention d\u2019autres acteurs (associations, structures priv\u00e9es,\u2026). Elle rassemble des aides financi\u00e8res et des aides techniques en ing\u00e9nierie. Il s\u2019agit d\u2019un service public en libre acc\u00e8s.<\/span><span data-ccp-props=\"{}\">\u00a0<\/span><\/p>\n<\/div>\n<\/div>\n<\/div>\n<\/div>\n<\/div>\n<\/div>\n<\/div>\n<\/div>\n<\/div>\n<\/div><\/section><\/p><\/div>\n<style type=\"text\/css\" data-created_by=\"avia_inline_auto\" id=\"style-css-av-cv29zg-258331fa1a1184e534017989ff345b59\">\n.flex_column.av-cv29zg-258331fa1a1184e534017989ff345b59{\nborder-radius:0px 0px 0px 0px;\npadding:0px 0px 0px 0px;\n}\n<\/style>\n<div  class='flex_column av-cv29zg-258331fa1a1184e534017989ff345b59 av_one_fourth  avia-builder-el-223  el_after_av_one_fourth  el_before_av_one_fourth  flex_column_div av-zero-column-padding  column-top-margin'     ><p>\n<style type=\"text\/css\" data-created_by=\"avia_inline_auto\" id=\"style-css-av-lcep4rlw-180fb0741cf739217bcd0c85c7123339\">\n.avia-image-container.av-lcep4rlw-180fb0741cf739217bcd0c85c7123339 img.avia_image{\nbox-shadow:none;\n}\n.avia-image-container.av-lcep4rlw-180fb0741cf739217bcd0c85c7123339 .av-image-caption-overlay-center{\ncolor:#ffffff;\n}\n<\/style>\n<div  class='avia-image-container av-lcep4rlw-180fb0741cf739217bcd0c85c7123339 av-styling- av-img-linked avia-align-center  avia-builder-el-224  el_before_av_textblock  avia-builder-el-first '   itemprop=\"image\" itemscope=\"itemscope\" itemtype=\"https:\/\/schema.org\/ImageObject\" ><div class=\"avia-image-container-inner\"><div class=\"avia-image-overlay-wrap\"><a href=\"https:\/\/www.fredonoccitanie.com\/ambroisies\/\" class='avia_image '  aria-label='ambroisies'><img decoding=\"async\" fetchpriority=\"high\" class='wp-image-10001 avia-img-lazy-loading-not-10001 avia_image ' src=\"https:\/\/www.fredonoccitanie.com\/captages\/wp-content\/uploads\/sites\/3\/2023\/01\/ambroisies.png\" alt='' title='ambroisies'  height=\"890\" width=\"1504\"  itemprop=\"thumbnailUrl\" srcset=\"https:\/\/www.fredonoccitanie.com\/captages\/wp-content\/uploads\/sites\/3\/2023\/01\/ambroisies.png 1504w, https:\/\/www.fredonoccitanie.com\/captages\/wp-content\/uploads\/sites\/3\/2023\/01\/ambroisies-300x178.png 300w, https:\/\/www.fredonoccitanie.com\/captages\/wp-content\/uploads\/sites\/3\/2023\/01\/ambroisies-1030x610.png 1030w, https:\/\/www.fredonoccitanie.com\/captages\/wp-content\/uploads\/sites\/3\/2023\/01\/ambroisies-768x454.png 768w, https:\/\/www.fredonoccitanie.com\/captages\/wp-content\/uploads\/sites\/3\/2023\/01\/ambroisies-1500x888.png 1500w, https:\/\/www.fredonoccitanie.com\/captages\/wp-content\/uploads\/sites\/3\/2023\/01\/ambroisies-705x417.png 705w\" sizes=\"(max-width: 1504px) 100vw, 1504px\" \/><\/a><\/div><\/div><\/div><br \/>\n<section  class='av_textblock_section av-lcep45ce-3e0d1360bffef262b6392ace44660545 '   itemscope=\"itemscope\" itemtype=\"https:\/\/schema.org\/CreativeWork\" ><div class='avia_textblock'  itemprop=\"text\" ><div class=\"vc-hoverbox-block vc-hoverbox-back\">\n<div class=\"vc-hoverbox-block vc-hoverbox-back\">\n<div class=\"vc-hoverbox-block-inner vc-hoverbox-back-inner\">\n<div class=\"vc-hoverbox-block vc-hoverbox-back\">\n<div class=\"vc-hoverbox-block-inner vc-hoverbox-back-inner\">\n<div class=\"vc-hoverbox-block vc-hoverbox-back\">\n<div class=\"vc-hoverbox-block-inner vc-hoverbox-back-inner\">\n<div class=\"vc-hoverbox-block vc-hoverbox-back\">\n<div class=\"vc-hoverbox-block-inner vc-hoverbox-back-inner\">\n<h3>Lutte contre les AMBROISIES : plateforme r\u00e9gionale anim\u00e9e par FREDON Occitanie<\/h3>\n<p><span data-contrast=\"auto\">La r\u00e9duction des pollutions diffuses li\u00e9es \u00e0 la gestion des adventices est un axe de travail majeur pour pr\u00e9server la qualit\u00e9 de l\u2019eau sur les AAC. Parmi elles, les ambroisies sont des adventices particuli\u00e8rement envahissantes, avec des cons\u00e9quences multiples, qui m\u00e9ritent toute notre attention. <a href=\"https:\/\/www.fredonoccitanie.com\/ambroisies\/\">Ce site<\/a> compile une palette d\u2019outils mobilisables par les agriculteurs pour lutter, avec des alternatives sans usage de pesticides, des op\u00e9rations de d\u00e9sherbage m\u00e9canique au maintien de couvert v\u00e9g\u00e9taux. Vous y trouverez donc des ressources pour accompagner les agriculteurs et ainsi pr\u00e9venir le risque de pollutions diffuses associ\u00e9es\u202f\u00e0 cette lutte\u202f!<\/span><span data-ccp-props=\"{}\">\u00a0<\/span><\/p>\n<\/div>\n<\/div>\n<\/div>\n<\/div>\n<\/div>\n<\/div>\n<\/div>\n<\/div>\n<\/div>\n<\/div><\/section><\/p><\/div>\n<style type=\"text\/css\" data-created_by=\"avia_inline_auto\" id=\"style-css-av-azr81o-38b1ae1457cf1de44d16355acabf2e60\">\n.flex_column.av-azr81o-38b1ae1457cf1de44d16355acabf2e60{\nborder-radius:0px 0px 0px 0px;\npadding:0px 0px 0px 0px;\n}\n<\/style>\n<div  class='flex_column av-azr81o-38b1ae1457cf1de44d16355acabf2e60 av_one_fourth  avia-builder-el-226  el_after_av_one_fourth  avia-builder-el-last  flex_column_div av-zero-column-padding  column-top-margin'     ><p>\n<style type=\"text\/css\" data-created_by=\"avia_inline_auto\" id=\"style-css-av-lcep593w-7128d77fbcdb38e34c3c2af2800d79f5\">\n.avia-image-container.av-lcep593w-7128d77fbcdb38e34c3c2af2800d79f5 img.avia_image{\nbox-shadow:none;\n}\n.avia-image-container.av-lcep593w-7128d77fbcdb38e34c3c2af2800d79f5 .av-image-caption-overlay-center{\ncolor:#ffffff;\n}\n<\/style>\n<div  class='avia-image-container av-lcep593w-7128d77fbcdb38e34c3c2af2800d79f5 av-styling- av-img-linked avia-align-center  avia-builder-el-227  el_before_av_textblock  avia-builder-el-first '   itemprop=\"image\" itemscope=\"itemscope\" itemtype=\"https:\/\/schema.org\/ImageObject\" ><div class=\"avia-image-container-inner\"><div class=\"avia-image-overlay-wrap\"><a href=\"https:\/\/fredon.fr\/publications\/podcast-fredonnons-la-nature\" class='avia_image '  target=\"_blank\"  rel=\"noopener noreferrer\" aria-label='podcast'><img decoding=\"async\" fetchpriority=\"high\" class='wp-image-10152 avia-img-lazy-loading-not-10152 avia_image ' src=\"https:\/\/www.fredonoccitanie.com\/captages\/wp-content\/uploads\/sites\/3\/2023\/01\/podcast.png\" alt='' title='podcast'  height=\"896\" width=\"1780\"  itemprop=\"thumbnailUrl\" srcset=\"https:\/\/www.fredonoccitanie.com\/captages\/wp-content\/uploads\/sites\/3\/2023\/01\/podcast.png 1780w, https:\/\/www.fredonoccitanie.com\/captages\/wp-content\/uploads\/sites\/3\/2023\/01\/podcast-300x151.png 300w, https:\/\/www.fredonoccitanie.com\/captages\/wp-content\/uploads\/sites\/3\/2023\/01\/podcast-1030x518.png 1030w, https:\/\/www.fredonoccitanie.com\/captages\/wp-content\/uploads\/sites\/3\/2023\/01\/podcast-768x387.png 768w, https:\/\/www.fredonoccitanie.com\/captages\/wp-content\/uploads\/sites\/3\/2023\/01\/podcast-1536x773.png 1536w, https:\/\/www.fredonoccitanie.com\/captages\/wp-content\/uploads\/sites\/3\/2023\/01\/podcast-1500x755.png 1500w, https:\/\/www.fredonoccitanie.com\/captages\/wp-content\/uploads\/sites\/3\/2023\/01\/podcast-705x355.png 705w\" sizes=\"(max-width: 1780px) 100vw, 1780px\" \/><\/a><\/div><\/div><\/div><br \/>\n<section  class='av_textblock_section av-lcep6exb-c1a07d136681c66abdc835d80ca426f9 '   itemscope=\"itemscope\" itemtype=\"https:\/\/schema.org\/CreativeWork\" ><div class='avia_textblock'  itemprop=\"text\" ><div class=\"vc-hoverbox-block vc-hoverbox-back\">\n<div class=\"vc-hoverbox-block vc-hoverbox-back\">\n<div class=\"vc-hoverbox-block-inner vc-hoverbox-back-inner\">\n<div class=\"vc-hoverbox-block vc-hoverbox-back\">\n<div class=\"vc-hoverbox-block-inner vc-hoverbox-back-inner\">\n<div class=\"vc-hoverbox-block vc-hoverbox-back\">\n<div class=\"vc-hoverbox-block-inner vc-hoverbox-back-inner\">\n<div class=\"vc-hoverbox-block vc-hoverbox-back\">\n<div class=\"vc-hoverbox-block-inner vc-hoverbox-back-inner\">\n<h3><a href=\"https:\/\/fredon.fr\/publications\/podcast-fredonnons-la-nature\">FREDONNONS LA NATURE :<\/a> podcast autour de la sant\u00e9 du v\u00e9g\u00e9tal<\/h3>\n<p>Le r\u00e9seau FREDON France a lanc\u00e9 son podcast de vulgarisation scientifique : \u00ab Fredonnons la Nature ! \u00bb. Ce \u00ab podcast \u00bb propose plusieurs \u00e9missions de radio \u00e0 \u00e9couter depuis une plateforme en ligne. Des \u00e9missions pour se cultiver, s\u2019informer et gagner en technicit\u00e9 autour de la sant\u00e9, de l\u2019environnement et du v\u00e9g\u00e9tal !<a href=\"https:\/\/fredon.fr\/publications\/podcast-fredonnons-la-nature\"> Au programme<\/a>, chaque mois un expert du r\u00e9seau FREDON France \u00e9claire sur un organisme qui impacte notre sant\u00e9, celle de l\u2019environnement ou celle des v\u00e9g\u00e9taux (Flavescence dor\u00e9e, Berce du Caucase, carpocapse des pommes, et bien d&rsquo;autres).<\/p>\n<\/div>\n<\/div>\n<\/div>\n<\/div>\n<\/div>\n<\/div>\n<\/div>\n<\/div>\n<\/div>\n<\/div><\/section><\/p><\/div>\n<\/div><\/div><\/div><!-- close content main div --><\/div><\/div><div id='after_section_8'  class='main_color av_default_container_wrap container_wrap fullsize'  ><div class='container av-section-cont-open' ><div class='template-page content  av-content-full alpha units'><div class='post-entry post-entry-type-page post-entry-10144'><div class='entry-content-wrapper clearfix'>\n<section  class='av_textblock_section av-hc6bjls-4822db931314ba8326ae9db613338e24 '   itemscope=\"itemscope\" itemtype=\"https:\/\/schema.org\/CreativeWork\" ><div class='avia_textblock'  itemprop=\"text\" ><h2 id=\"ancre9\" style=\"text-align: center\">Portails institutionnels et de r\u00e9f\u00e9rence<\/h2>\n<\/div><\/section>\n\n<style type=\"text\/css\" data-created_by=\"avia_inline_auto\" id=\"style-css-av-gnk83z4-d44aea7b816c671546fe9a508dbd2da4\">\n.flex_column.av-gnk83z4-d44aea7b816c671546fe9a508dbd2da4{\nborder-radius:0px 0px 0px 0px;\npadding:0px 0px 0px 0px;\n}\n<\/style>\n<div  class='flex_column av-gnk83z4-d44aea7b816c671546fe9a508dbd2da4 av_one_fourth  avia-builder-el-230  el_after_av_textblock  el_before_av_one_fourth  first flex_column_div av-zero-column-padding  column-top-margin'     ><p>\n<style type=\"text\/css\" data-created_by=\"avia_inline_auto\" id=\"style-css-av-ga1oof4-ff35e28fac6bd5d452d31a6c92f9933c\">\n.avia-image-container.av-ga1oof4-ff35e28fac6bd5d452d31a6c92f9933c img.avia_image{\nbox-shadow:none;\n}\n.avia-image-container.av-ga1oof4-ff35e28fac6bd5d452d31a6c92f9933c .av-image-caption-overlay-center{\ncolor:#ffffff;\n}\n<\/style>\n<div  class='avia-image-container av-ga1oof4-ff35e28fac6bd5d452d31a6c92f9933c av-styling- av-img-linked avia-align-center  avia-builder-el-231  el_before_av_textblock  avia-builder-el-first '   itemprop=\"image\" itemscope=\"itemscope\" itemtype=\"https:\/\/schema.org\/ImageObject\" ><div class=\"avia-image-container-inner\"><div class=\"avia-image-overlay-wrap\"><a href=\"https:\/\/professionnels.ofb.fr\/node\/337\" class='avia_image '  target=\"_blank\"  rel=\"noopener noreferrer\" aria-label='Capture8'><img decoding=\"async\" fetchpriority=\"high\" class='wp-image-9295 avia-img-lazy-loading-not-9295 avia_image ' src=\"https:\/\/www.fredonoccitanie.com\/captages\/wp-content\/uploads\/sites\/3\/2022\/02\/Capture8-300x234.png\" alt='' title='Capture8'  height=\"234\" width=\"300\"  itemprop=\"thumbnailUrl\" srcset=\"https:\/\/www.fredonoccitanie.com\/captages\/wp-content\/uploads\/sites\/3\/2022\/02\/Capture8-300x234.png 300w, https:\/\/www.fredonoccitanie.com\/captages\/wp-content\/uploads\/sites\/3\/2022\/02\/Capture8-768x598.png 768w, https:\/\/www.fredonoccitanie.com\/captages\/wp-content\/uploads\/sites\/3\/2022\/02\/Capture8-705x549.png 705w, https:\/\/www.fredonoccitanie.com\/captages\/wp-content\/uploads\/sites\/3\/2022\/02\/Capture8.png 999w\" sizes=\"(max-width: 300px) 100vw, 300px\" \/><\/a><\/div><\/div><\/div><br \/>\n<section  class='av_textblock_section av-g18j2gw-3693e7501347a7afa9aaa9cdd2fa22a9 '   itemscope=\"itemscope\" itemtype=\"https:\/\/schema.org\/CreativeWork\" ><div class='avia_textblock'  itemprop=\"text\" ><div class=\"vc-hoverbox-block vc-hoverbox-back\">\n<div class=\"vc-hoverbox-block vc-hoverbox-back\">\n<h3>Centre de ressources Captages (CDR \/OFB )<\/h3>\n<p>Le <a href=\"https:\/\/professionnels.ofb.fr\/node\/337\">CDR Captages<\/a> a pour vocation d\u2019accompagner les acteurs en vue de l\u2019am\u00e9lioration de la qualit\u00e9 des eaux capt\u00e9es pour l\u2019alimentation en eau potable. Pilot\u00e9 par l&rsquo;OFB (en partenariat avec MTES, MSS, MAA, Agences de l&rsquo;eau, INRAE et AgroParisTech), le CDR agit via l&rsquo;animation de r\u00e9seaux, l&rsquo;accompagnement technique et la production et mise \u00e0 disposition de ressources.<\/p>\n<\/div>\n<\/div>\n<\/div><\/section><\/p><\/div>\n\n<style type=\"text\/css\" data-created_by=\"avia_inline_auto\" id=\"style-css-av-fgk0ihs-98a37e086bec82e9197d8a9d665cc383\">\n.flex_column.av-fgk0ihs-98a37e086bec82e9197d8a9d665cc383{\nborder-radius:0px 0px 0px 0px;\npadding:0px 0px 0px 0px;\n}\n<\/style>\n<div  class='flex_column av-fgk0ihs-98a37e086bec82e9197d8a9d665cc383 av_one_fourth  avia-builder-el-233  el_after_av_one_fourth  el_before_av_one_fourth  flex_column_div av-zero-column-padding  column-top-margin'     ><p>\n<style type=\"text\/css\" data-created_by=\"avia_inline_auto\" id=\"style-css-av-ev671b4-290a2b4ebf389fefeaf26e5d7c9b1509\">\n.avia-image-container.av-ev671b4-290a2b4ebf389fefeaf26e5d7c9b1509 img.avia_image{\nbox-shadow:none;\n}\n.avia-image-container.av-ev671b4-290a2b4ebf389fefeaf26e5d7c9b1509 .av-image-caption-overlay-center{\ncolor:#ffffff;\n}\n<\/style>\n<div  class='avia-image-container av-ev671b4-290a2b4ebf389fefeaf26e5d7c9b1509 av-styling- av-img-linked avia-align-center  avia-builder-el-234  el_before_av_textblock  avia-builder-el-first '   itemprop=\"image\" itemscope=\"itemscope\" itemtype=\"https:\/\/schema.org\/ImageObject\" ><div class=\"avia-image-container-inner\"><div class=\"avia-image-overlay-wrap\"><a href=\"https:\/\/side.developpement-durable.gouv.fr\/OCCI\/accueil-occitanie.aspx#\" class='avia_image '  target=\"_blank\"  rel=\"noopener noreferrer\" aria-label='SIDE_Occitanie_DREAL-1024x482'><img decoding=\"async\" fetchpriority=\"high\" class='wp-image-8479 avia-img-lazy-loading-not-8479 avia_image ' src=\"https:\/\/www.fredonoccitanie.com\/captages\/wp-content\/uploads\/sites\/3\/2021\/07\/SIDE_Occitanie_DREAL-1024x482-1-300x141.png\" alt='' title='SIDE_Occitanie_DREAL-1024x482'  height=\"141\" width=\"300\"  itemprop=\"thumbnailUrl\" srcset=\"https:\/\/www.fredonoccitanie.com\/captages\/wp-content\/uploads\/sites\/3\/2021\/07\/SIDE_Occitanie_DREAL-1024x482-1-300x141.png 300w, https:\/\/www.fredonoccitanie.com\/captages\/wp-content\/uploads\/sites\/3\/2021\/07\/SIDE_Occitanie_DREAL-1024x482-1-768x362.png 768w, https:\/\/www.fredonoccitanie.com\/captages\/wp-content\/uploads\/sites\/3\/2021\/07\/SIDE_Occitanie_DREAL-1024x482-1-705x332.png 705w, https:\/\/www.fredonoccitanie.com\/captages\/wp-content\/uploads\/sites\/3\/2021\/07\/SIDE_Occitanie_DREAL-1024x482-1.png 1024w\" sizes=\"(max-width: 300px) 100vw, 300px\" \/><\/a><\/div><\/div><\/div><br \/>\n<section  class='av_textblock_section av-eaghm4g-6f92ad129ec7d35913ef6bc0d73030ea '   itemscope=\"itemscope\" itemtype=\"https:\/\/schema.org\/CreativeWork\" ><div class='avia_textblock'  itemprop=\"text\" ><div class=\"vc-hoverbox-block vc-hoverbox-back\">\n<div class=\"vc-hoverbox-block vc-hoverbox-back\">\n<div class=\"vc-hoverbox-block-inner vc-hoverbox-back-inner\">\n<div class=\"vc-hoverbox-block vc-hoverbox-back\">\n<div class=\"vc-hoverbox-block-inner vc-hoverbox-back-inner\">\n<h3>Portail SIDE de la r\u00e9gion Occitanie<\/h3>\n<p><a href=\"https:\/\/side.developpement-durable.gouv.fr\/OCCI\/accueil-occitanie.aspx#\">Ce portail<\/a> permet de rechercher une \u00e9tude ou une publication dans le fonds documentaire de la DREAL Occitanie. Vous y trouverez des documents sur les th\u00e8mes du d\u00e9veloppement durable, de l\u2019am\u00e9nagement durable du territoire, du transport, du logement, de l\u2019environnement et de la pr\u00e9vention des risques naturels et technologiques.<\/p>\n<\/div>\n<\/div>\n<\/div>\n<\/div>\n<\/div>\n<\/div><\/section><\/p><\/div>\n\n<style type=\"text\/css\" data-created_by=\"avia_inline_auto\" id=\"style-css-av-e2zoehs-3a90014913973923b6dc2c1c3c35d041\">\n.flex_column.av-e2zoehs-3a90014913973923b6dc2c1c3c35d041{\nborder-radius:0px 0px 0px 0px;\npadding:0px 0px 0px 0px;\n}\n<\/style>\n<div  class='flex_column av-e2zoehs-3a90014913973923b6dc2c1c3c35d041 av_one_fourth  avia-builder-el-236  el_after_av_one_fourth  el_before_av_one_fourth  flex_column_div av-zero-column-padding  column-top-margin'     ><p>\n<style type=\"text\/css\" data-created_by=\"avia_inline_auto\" id=\"style-css-av-ddw7400-bf330ec40f50f1ca71836567a5d4ac01\">\n.avia-image-container.av-ddw7400-bf330ec40f50f1ca71836567a5d4ac01 img.avia_image{\nbox-shadow:none;\n}\n.avia-image-container.av-ddw7400-bf330ec40f50f1ca71836567a5d4ac01 .av-image-caption-overlay-center{\ncolor:#ffffff;\n}\n<\/style>\n<div  class='avia-image-container av-ddw7400-bf330ec40f50f1ca71836567a5d4ac01 av-styling- av-img-linked avia-align-center  avia-builder-el-237  el_before_av_textblock  avia-builder-el-first '   itemprop=\"image\" itemscope=\"itemscope\" itemtype=\"https:\/\/schema.org\/ImageObject\" ><div class=\"avia-image-container-inner\"><div class=\"avia-image-overlay-wrap\"><a href=\"http:\/\/www.deb.developpement-durable.gouv.fr\/telechargements\/ouvrages_grenelles.php#\" class='avia_image '  target=\"_blank\"  rel=\"noopener noreferrer\" aria-label='Capture7'><img decoding=\"async\" fetchpriority=\"high\" class='wp-image-9293 avia-img-lazy-loading-not-9293 avia_image ' src=\"https:\/\/www.fredonoccitanie.com\/captages\/wp-content\/uploads\/sites\/3\/2022\/02\/Capture7-300x228.png\" alt='' title='Capture7'  height=\"228\" width=\"300\"  itemprop=\"thumbnailUrl\" srcset=\"https:\/\/www.fredonoccitanie.com\/captages\/wp-content\/uploads\/sites\/3\/2022\/02\/Capture7-300x228.png 300w, https:\/\/www.fredonoccitanie.com\/captages\/wp-content\/uploads\/sites\/3\/2022\/02\/Capture7-1030x784.png 1030w, https:\/\/www.fredonoccitanie.com\/captages\/wp-content\/uploads\/sites\/3\/2022\/02\/Capture7-768x585.png 768w, https:\/\/www.fredonoccitanie.com\/captages\/wp-content\/uploads\/sites\/3\/2022\/02\/Capture7-705x537.png 705w, https:\/\/www.fredonoccitanie.com\/captages\/wp-content\/uploads\/sites\/3\/2022\/02\/Capture7.png 1068w\" sizes=\"(max-width: 300px) 100vw, 300px\" \/><\/a><\/div><\/div><\/div><br \/>\n<section  class='av_textblock_section av-dbkluo0-91d70c696d89c9229232f25af34c8d10 '   itemscope=\"itemscope\" itemtype=\"https:\/\/schema.org\/CreativeWork\" ><div class='avia_textblock'  itemprop=\"text\" ><div class=\"vc-hoverbox-block vc-hoverbox-back\">\n<div class=\"vc-hoverbox-block vc-hoverbox-back\">\n<div class=\"vc-hoverbox-block-inner vc-hoverbox-back-inner\">\n<h3>Donn\u00e9es SOG (MTES)<\/h3>\n<p>La <a href=\"http:\/\/www.deb.developpement-durable.gouv.fr\/telechargements\/ouvrages_grenelles.php\">base de donn\u00e9es SOG<\/a> (pour Suivi des Ouvrages Grenelle) rend compte de l&rsquo;avancement des d\u00e9marches AAC pour les 1000 captages prioritaires fran\u00e7ais (500 captages Grenelle initiaux + 500 captages de la Conf\u00e9rence environnementale).<\/p>\n<p>Cette base est g\u00e9r\u00e9e par le Minist\u00e8re de la Transition \u00e9cologique et solidaire (MTES) et aliment\u00e9e, notamment, par les services d\u00e9concentr\u00e9s de l&rsquo;Etat en d\u00e9partement et r\u00e9gion.<\/p>\n<\/div>\n<\/div>\n<\/div>\n<\/div><\/section><\/p><\/div>\n\n<style type=\"text\/css\" data-created_by=\"avia_inline_auto\" id=\"style-css-av-cp99o4g-c374ee78d6278d731ec82af72838097e\">\n.flex_column.av-cp99o4g-c374ee78d6278d731ec82af72838097e{\nborder-radius:0px 0px 0px 0px;\npadding:0px 0px 0px 0px;\n}\n<\/style>\n<div  class='flex_column av-cp99o4g-c374ee78d6278d731ec82af72838097e av_one_fourth  avia-builder-el-239  el_after_av_one_fourth  el_before_av_one_fourth  flex_column_div av-zero-column-padding  column-top-margin'     ><p>\n<style type=\"text\/css\" data-created_by=\"avia_inline_auto\" id=\"style-css-av-cbw9khs-8e5bf0681eef04d9c8d1556f3d03bec6\">\n.avia-image-container.av-cbw9khs-8e5bf0681eef04d9c8d1556f3d03bec6 img.avia_image{\nbox-shadow:none;\n}\n.avia-image-container.av-cbw9khs-8e5bf0681eef04d9c8d1556f3d03bec6 .av-image-caption-overlay-center{\ncolor:#ffffff;\n}\n<\/style>\n<div  class='avia-image-container av-cbw9khs-8e5bf0681eef04d9c8d1556f3d03bec6 av-styling- avia-align-center  avia-builder-el-240  el_before_av_textblock  avia-builder-el-first '   itemprop=\"image\" itemscope=\"itemscope\" itemtype=\"https:\/\/schema.org\/ImageObject\" ><div class=\"avia-image-container-inner\"><div class=\"avia-image-overlay-wrap\"><img decoding=\"async\" fetchpriority=\"high\" class='wp-image-8476 avia-img-lazy-loading-not-8476 avia_image ' src=\"https:\/\/www.fredonoccitanie.com\/captages\/wp-content\/uploads\/sites\/3\/2021\/07\/PictOccitanie-1024x465-1-300x136.png\" alt='' title='PictOccitanie-1024x465'  height=\"136\" width=\"300\"  itemprop=\"thumbnailUrl\" srcset=\"https:\/\/www.fredonoccitanie.com\/captages\/wp-content\/uploads\/sites\/3\/2021\/07\/PictOccitanie-1024x465-1-300x136.png 300w, https:\/\/www.fredonoccitanie.com\/captages\/wp-content\/uploads\/sites\/3\/2021\/07\/PictOccitanie-1024x465-1-768x349.png 768w, https:\/\/www.fredonoccitanie.com\/captages\/wp-content\/uploads\/sites\/3\/2021\/07\/PictOccitanie-1024x465-1-705x320.png 705w, https:\/\/www.fredonoccitanie.com\/captages\/wp-content\/uploads\/sites\/3\/2021\/07\/PictOccitanie-1024x465-1.png 1024w\" sizes=\"(max-width: 300px) 100vw, 300px\" \/><\/div><\/div><\/div><br \/>\n<section  class='av_textblock_section av-15xxn40-7b804bcfa116107a2a8ebace6ce4baa6 '   itemscope=\"itemscope\" itemtype=\"https:\/\/schema.org\/CreativeWork\" ><div class='avia_textblock'  itemprop=\"text\" ><div class=\"vc-hoverbox-block vc-hoverbox-back\">\n<div class=\"vc-hoverbox-block vc-hoverbox-back\">\n<div class=\"vc-hoverbox-block-inner vc-hoverbox-back-inner\">\n<div class=\"vc-hoverbox-block vc-hoverbox-back\">\n<div class=\"vc-hoverbox-block-inner vc-hoverbox-back-inner\">\n<div class=\"vc-hoverbox-block vc-hoverbox-back\">\n<div class=\"vc-hoverbox-block-inner vc-hoverbox-back-inner\">\n<div class=\"vc-hoverbox-block vc-hoverbox-back\">\n<div class=\"vc-hoverbox-block-inner vc-hoverbox-back-inner\">\n<h3>Portail PICTO-OCCITANIE<\/h3>\n<p>Le<a href=\"https:\/\/www.picto-occitanie.fr\/accueil\"> portail Picto-Occitanie<\/a> est le site internet dont les services de l\u2019\u00c9tat se sont dot\u00e9s pour assurer la diffusion de leurs donn\u00e9es. Acc\u00e9dez aux donn\u00e9es interminist\u00e9rielles de r\u00e9f\u00e9rence, aux espaces th\u00e9matiques et aux outils, comme des cartes th\u00e9matiques toutes pr\u00eates ou des g\u00e9oservices comme<a href=\"https:\/\/www.picto-occitanie.fr\/accueil\/applications\/picto_stat\"> Picto-Stat.<\/a><\/p>\n<p>Dans <a href=\"https:\/\/www.picto-occitanie.fr\/accueil\/thematiques\/espace_ars\">l\u2019espace ARS<\/a>, retrouvez toutes les cartes et donn\u00e9es li\u00e9es \u00e0 la th\u00e9matique \u00ab\u00a0Eau potable\u00a0\u00bb.<\/p>\n<\/div>\n<\/div>\n<\/div>\n<\/div>\n<\/div>\n<\/div>\n<\/div>\n<\/div>\n<\/div>\n<\/div><\/section><\/p><\/div>\n\n<style type=\"text\/css\" data-created_by=\"avia_inline_auto\" id=\"style-css-av-bd6xkow-c947e4814f445fedb6074cb47ff56da7\">\n.flex_column.av-bd6xkow-c947e4814f445fedb6074cb47ff56da7{\nborder-radius:0px 0px 0px 0px;\npadding:0px 0px 0px 0px;\n}\n<\/style>\n<div  class='flex_column av-bd6xkow-c947e4814f445fedb6074cb47ff56da7 av_one_fourth  avia-builder-el-242  el_after_av_one_fourth  el_before_av_one_fourth  first flex_column_div av-zero-column-padding  column-top-margin'     ><p>\n<style type=\"text\/css\" data-created_by=\"avia_inline_auto\" id=\"style-css-av-13h5wtc-0a897525246305d2adc17307a7b36993\">\n.avia-image-container.av-13h5wtc-0a897525246305d2adc17307a7b36993 img.avia_image{\nbox-shadow:none;\n}\n.avia-image-container.av-13h5wtc-0a897525246305d2adc17307a7b36993 .av-image-caption-overlay-center{\ncolor:#ffffff;\n}\n<\/style>\n<div  class='avia-image-container av-13h5wtc-0a897525246305d2adc17307a7b36993 av-styling- avia-align-center  avia-builder-el-243  el_before_av_textblock  avia-builder-el-first '   itemprop=\"image\" itemscope=\"itemscope\" itemtype=\"https:\/\/schema.org\/ImageObject\" ><div class=\"avia-image-container-inner\"><div class=\"avia-image-overlay-wrap\"><img decoding=\"async\" fetchpriority=\"high\" class='wp-image-8467 avia-img-lazy-loading-not-8467 avia_image ' src=\"https:\/\/www.fredonoccitanie.com\/captages\/wp-content\/uploads\/sites\/3\/2021\/07\/DRAAF_Occitanie-1024x590-1-300x173.png\" alt='' title='DRAAF_Occitanie-1024x590'  height=\"173\" width=\"300\"  itemprop=\"thumbnailUrl\" srcset=\"https:\/\/www.fredonoccitanie.com\/captages\/wp-content\/uploads\/sites\/3\/2021\/07\/DRAAF_Occitanie-1024x590-1-300x173.png 300w, https:\/\/www.fredonoccitanie.com\/captages\/wp-content\/uploads\/sites\/3\/2021\/07\/DRAAF_Occitanie-1024x590-1-768x443.png 768w, https:\/\/www.fredonoccitanie.com\/captages\/wp-content\/uploads\/sites\/3\/2021\/07\/DRAAF_Occitanie-1024x590-1-705x406.png 705w, https:\/\/www.fredonoccitanie.com\/captages\/wp-content\/uploads\/sites\/3\/2021\/07\/DRAAF_Occitanie-1024x590-1.png 1024w\" sizes=\"(max-width: 300px) 100vw, 300px\" \/><\/div><\/div><\/div><br \/>\n<section  class='av_textblock_section av-111em8w-397ccf2e4a12cd92b242cc3c15cf6029 '   itemscope=\"itemscope\" itemtype=\"https:\/\/schema.org\/CreativeWork\" ><div class='avia_textblock'  itemprop=\"text\" ><div class=\"vc-hoverbox-block vc-hoverbox-back\">\n<div class=\"vc-hoverbox-block vc-hoverbox-back\">\n<div class=\"vc-hoverbox-block-inner vc-hoverbox-back-inner\">\n<div class=\"vc-hoverbox-block vc-hoverbox-back\">\n<div class=\"vc-hoverbox-block-inner vc-hoverbox-back-inner\">\n<div class=\"vc-hoverbox-block vc-hoverbox-back\">\n<div class=\"vc-hoverbox-block-inner vc-hoverbox-back-inner\">\n<h3>DRAAF Occitanie<\/h3>\n<p>Dans <a href=\"https:\/\/draaf.occitanie.agriculture.gouv.fr\/\">le site web<\/a> de la Direction R\u00e9gionale de l\u2019Alimentation de l\u2019Agriculture et de la For\u00eat (DRAAF) Occitanie, trouvez toutes les informations li\u00e9es au Plan de relance et aux appel \u00e0 projets, aux fili\u00e8res et \u00e0 l\u2019alimentation, \u00e0 l\u2019enseignement et la formation agricole.<br \/>\nPlus sp\u00e9cifiquement, acc\u00e9dez \u00e0 la <a href=\"https:\/\/draaf.occitanie.agriculture.gouv.fr\/Ecophyto-en-Occitanie\">page d\u00e9di\u00e9e au programme Ecophyto en Occitanie<\/a>.<\/p>\n<\/div>\n<\/div>\n<\/div>\n<\/div>\n<\/div>\n<\/div>\n<\/div>\n<\/div><\/section><\/p><\/div>\n\n<style type=\"text\/css\" data-created_by=\"avia_inline_auto\" id=\"style-css-av-a2duf8g-d8544cb385d35d1fe9dd79c6871ea813\">\n.flex_column.av-a2duf8g-d8544cb385d35d1fe9dd79c6871ea813{\nborder-radius:0px 0px 0px 0px;\npadding:0px 0px 0px 0px;\n}\n<\/style>\n<div  class='flex_column av-a2duf8g-d8544cb385d35d1fe9dd79c6871ea813 av_one_fourth  avia-builder-el-245  el_after_av_one_fourth  el_before_av_one_fourth  flex_column_div av-zero-column-padding  column-top-margin'     ><p>\n<style type=\"text\/css\" data-created_by=\"avia_inline_auto\" id=\"style-css-av-9bqc8ps-9cf8816b6a8adaf4325b7a0060ee7588\">\n.avia-image-container.av-9bqc8ps-9cf8816b6a8adaf4325b7a0060ee7588 img.avia_image{\nbox-shadow:none;\n}\n.avia-image-container.av-9bqc8ps-9cf8816b6a8adaf4325b7a0060ee7588 .av-image-caption-overlay-center{\ncolor:#ffffff;\n}\n<\/style>\n<div  class='avia-image-container av-9bqc8ps-9cf8816b6a8adaf4325b7a0060ee7588 av-styling- av-img-linked avia-align-center  avia-builder-el-246  el_before_av_textblock  avia-builder-el-first '   itemprop=\"image\" itemscope=\"itemscope\" itemtype=\"https:\/\/schema.org\/ImageObject\" ><div class=\"avia-image-container-inner\"><div class=\"avia-image-overlay-wrap\"><a href=\"https:\/\/www.occitanie.ars.sante.fr\/plan-regional-sante-environnement-8?parent=6969\" class='avia_image '  aria-label='ars'><img decoding=\"async\" fetchpriority=\"high\" class='wp-image-9995 avia-img-lazy-loading-not-9995 avia_image ' src=\"https:\/\/www.fredonoccitanie.com\/captages\/wp-content\/uploads\/sites\/3\/2023\/01\/ars.png\" alt='' title='ars'  height=\"904\" width=\"1516\"  itemprop=\"thumbnailUrl\" srcset=\"https:\/\/www.fredonoccitanie.com\/captages\/wp-content\/uploads\/sites\/3\/2023\/01\/ars.png 1516w, https:\/\/www.fredonoccitanie.com\/captages\/wp-content\/uploads\/sites\/3\/2023\/01\/ars-300x179.png 300w, https:\/\/www.fredonoccitanie.com\/captages\/wp-content\/uploads\/sites\/3\/2023\/01\/ars-1030x614.png 1030w, https:\/\/www.fredonoccitanie.com\/captages\/wp-content\/uploads\/sites\/3\/2023\/01\/ars-768x458.png 768w, https:\/\/www.fredonoccitanie.com\/captages\/wp-content\/uploads\/sites\/3\/2023\/01\/ars-1500x894.png 1500w, https:\/\/www.fredonoccitanie.com\/captages\/wp-content\/uploads\/sites\/3\/2023\/01\/ars-705x420.png 705w\" sizes=\"(max-width: 1516px) 100vw, 1516px\" \/><\/a><\/div><\/div><\/div><br \/>\n<section  class='av_textblock_section av-932ntj4-23635b0e06b4743f15be825f6cb3ead6 '   itemscope=\"itemscope\" itemtype=\"https:\/\/schema.org\/CreativeWork\" ><div class='avia_textblock'  itemprop=\"text\" ><div class=\"vc-hoverbox-block vc-hoverbox-back\">\n<div class=\"vc-hoverbox-block vc-hoverbox-back\">\n<div class=\"vc-hoverbox-block-inner vc-hoverbox-back-inner\">\n<div class=\"vc-hoverbox-block vc-hoverbox-back\">\n<div class=\"vc-hoverbox-block-inner vc-hoverbox-back-inner\">\n<div class=\"vc-hoverbox-block vc-hoverbox-back\">\n<div class=\"vc-hoverbox-block-inner vc-hoverbox-back-inner\">\n<div class=\"vc-hoverbox-block vc-hoverbox-back\">\n<div class=\"vc-hoverbox-block-inner vc-hoverbox-back-inner\">\n<h3>ARS Occitanie\u202f: PRSE<\/h3>\n<p><span class=\"TextRun SCXW108475496 BCX2\" lang=\"FR-FR\" xml:lang=\"FR-FR\" data-contrast=\"auto\"><span class=\"NormalTextRun SCXW108475496 BCX2\">Retrouvez notamment sur le <a href=\"https:\/\/www.occitanie.ars.sante.fr\/plan-regional-sante-environnement-8?parent=6969\">site de l\u2019Agence r\u00e9gionale de sant\u00e9<\/a>, le <\/span><span class=\"NormalTextRun SCXW108475496 BCX2\">Plan r\u00e9gional sant\u00e9 environnement (PRSE) Occitanie<\/span><\/span><\/p>\n<\/div>\n<\/div>\n<\/div>\n<\/div>\n<\/div>\n<\/div>\n<\/div>\n<\/div>\n<\/div>\n<\/div><\/section><\/p><\/div>\n\n<style type=\"text\/css\" data-created_by=\"avia_inline_auto\" id=\"style-css-av-8btfbfk-0bac7d9ad3d81de25c65254dafc7159b\">\n.flex_column.av-8btfbfk-0bac7d9ad3d81de25c65254dafc7159b{\nborder-radius:0px 0px 0px 0px;\npadding:0px 0px 0px 0px;\n}\n<\/style>\n<div  class='flex_column av-8btfbfk-0bac7d9ad3d81de25c65254dafc7159b av_one_fourth  avia-builder-el-248  el_after_av_one_fourth  el_before_av_one_fourth  flex_column_div av-zero-column-padding  column-top-margin'     ><p>\n<style type=\"text\/css\" data-created_by=\"avia_inline_auto\" id=\"style-css-av-thso2o-0d60b3a6679f8a321809fd8f320f1212\">\n.avia-image-container.av-thso2o-0d60b3a6679f8a321809fd8f320f1212 img.avia_image{\nbox-shadow:none;\n}\n.avia-image-container.av-thso2o-0d60b3a6679f8a321809fd8f320f1212 .av-image-caption-overlay-center{\ncolor:#ffffff;\n}\n<\/style>\n<div  class='avia-image-container av-thso2o-0d60b3a6679f8a321809fd8f320f1212 av-styling- av-img-linked avia-align-center  avia-builder-el-249  el_before_av_textblock  avia-builder-el-first '   itemprop=\"image\" itemscope=\"itemscope\" itemtype=\"https:\/\/schema.org\/ImageObject\" ><div class=\"avia-image-container-inner\"><div class=\"avia-image-overlay-wrap\"><a href=\"https:\/\/www.eaurmc.fr\/jcms\/vmrr_35570\/fr\/la-protection-des-aires-d-alimentation-des-captages-prioritaires-en-eau-potable\" class='avia_image '  target=\"_blank\"  rel=\"noopener noreferrer\" aria-label='Capture9'><img decoding=\"async\" fetchpriority=\"high\" class='wp-image-9297 avia-img-lazy-loading-not-9297 avia_image ' src=\"https:\/\/www.fredonoccitanie.com\/captages\/wp-content\/uploads\/sites\/3\/2022\/02\/Capture9-300x214.png\" alt='' title='Capture9'  height=\"214\" width=\"300\"  itemprop=\"thumbnailUrl\" srcset=\"https:\/\/www.fredonoccitanie.com\/captages\/wp-content\/uploads\/sites\/3\/2022\/02\/Capture9-300x214.png 300w, https:\/\/www.fredonoccitanie.com\/captages\/wp-content\/uploads\/sites\/3\/2022\/02\/Capture9-1030x736.png 1030w, https:\/\/www.fredonoccitanie.com\/captages\/wp-content\/uploads\/sites\/3\/2022\/02\/Capture9-768x549.png 768w, https:\/\/www.fredonoccitanie.com\/captages\/wp-content\/uploads\/sites\/3\/2022\/02\/Capture9-260x185.png 260w, https:\/\/www.fredonoccitanie.com\/captages\/wp-content\/uploads\/sites\/3\/2022\/02\/Capture9-705x504.png 705w, https:\/\/www.fredonoccitanie.com\/captages\/wp-content\/uploads\/sites\/3\/2022\/02\/Capture9.png 1068w\" sizes=\"(max-width: 300px) 100vw, 300px\" \/><\/a><\/div><\/div><\/div><br \/>\n<section  class='av_textblock_section av-7r0x5pc-7a1f960f4ff7cc74a1ac17a72536862f '   itemscope=\"itemscope\" itemtype=\"https:\/\/schema.org\/CreativeWork\" ><div class='avia_textblock'  itemprop=\"text\" ><div class=\"vc-hoverbox-block vc-hoverbox-back\">\n<div class=\"vc-hoverbox-block vc-hoverbox-back\">\n<div class=\"vc-hoverbox-block-inner vc-hoverbox-back-inner\">\n<div class=\"vc-hoverbox-block vc-hoverbox-back\">\n<div class=\"vc-hoverbox-block-inner vc-hoverbox-back-inner\">\n<h3>Agence de l&rsquo;eau Rh\u00f4ne M\u00e9diterran\u00e9e Corse (AERMC)<\/h3>\n<p>Sur le bassin Rh\u00f4ne-M\u00e9diterran\u00e9e, 269 ouvrages d\u2019eau potable doivent faire l\u2019objet de programmes de lutte contre les pollutions. Retrouvez dans <a href=\"https:\/\/www.eaurmc.fr\/jcms\/vmrr_35570\/fr\/la-protection-des-aires-d-alimentation-des-captages-prioritaires-en-eau-potable\">la page d\u00e9di\u00e9e de l&rsquo;Agence de l&rsquo;eau<\/a> l&rsquo;ensemble des informations relatifs \u00e0 cette politique publique : documents cadres, dispositifs d&rsquo;aide aux collectivit\u00e9s et acteurs partenaires, \u00e9tudes et guides techniques et\u00a0 m\u00e9thodologiques, retours d&rsquo;exp\u00e9rience.<\/p>\n<\/div>\n<\/div>\n<\/div>\n<\/div>\n<\/div>\n<\/div><\/section><\/p><\/div>\n\n<style type=\"text\/css\" data-created_by=\"avia_inline_auto\" id=\"style-css-av-79iyeio-c26053ff3e759c9c97b3d6f7e9ca281d\">\n.flex_column.av-79iyeio-c26053ff3e759c9c97b3d6f7e9ca281d{\nborder-radius:0px 0px 0px 0px;\npadding:0px 0px 0px 0px;\n}\n<\/style>\n<div  class='flex_column av-79iyeio-c26053ff3e759c9c97b3d6f7e9ca281d av_one_fourth  avia-builder-el-251  el_after_av_one_fourth  el_before_av_one_fourth  flex_column_div av-zero-column-padding  column-top-margin'     ><p>\n<style type=\"text\/css\" data-created_by=\"avia_inline_auto\" id=\"style-css-av-6vdshz4-0f22b85c3966a409a3e9b997e6696078\">\n.avia-image-container.av-6vdshz4-0f22b85c3966a409a3e9b997e6696078 img.avia_image{\nbox-shadow:none;\n}\n.avia-image-container.av-6vdshz4-0f22b85c3966a409a3e9b997e6696078 .av-image-caption-overlay-center{\ncolor:#ffffff;\n}\n<\/style>\n<div  class='avia-image-container av-6vdshz4-0f22b85c3966a409a3e9b997e6696078 av-styling- av-img-linked avia-align-center  avia-builder-el-252  el_before_av_textblock  avia-builder-el-first '   itemprop=\"image\" itemscope=\"itemscope\" itemtype=\"https:\/\/schema.org\/ImageObject\" ><div class=\"avia-image-container-inner\"><div class=\"avia-image-overlay-wrap\"><a href=\"https:\/\/eau-grandsudouest.fr\/usages-enjeux-eau\/eau-grand-sud-ouest\/eau-potable-assainissement\/preservation-eau-potable\" class='avia_image '  target=\"_blank\"  rel=\"noopener noreferrer\" aria-label='Capture10'><img decoding=\"async\" fetchpriority=\"high\" class='wp-image-9298 avia-img-lazy-loading-not-9298 avia_image ' src=\"https:\/\/www.fredonoccitanie.com\/captages\/wp-content\/uploads\/sites\/3\/2022\/02\/Capture10-300x191.png\" alt='' title='Capture10'  height=\"191\" width=\"300\"  itemprop=\"thumbnailUrl\" srcset=\"https:\/\/www.fredonoccitanie.com\/captages\/wp-content\/uploads\/sites\/3\/2022\/02\/Capture10-300x191.png 300w, https:\/\/www.fredonoccitanie.com\/captages\/wp-content\/uploads\/sites\/3\/2022\/02\/Capture10-1030x657.png 1030w, https:\/\/www.fredonoccitanie.com\/captages\/wp-content\/uploads\/sites\/3\/2022\/02\/Capture10-768x490.png 768w, https:\/\/www.fredonoccitanie.com\/captages\/wp-content\/uploads\/sites\/3\/2022\/02\/Capture10-705x449.png 705w, https:\/\/www.fredonoccitanie.com\/captages\/wp-content\/uploads\/sites\/3\/2022\/02\/Capture10.png 1222w\" sizes=\"(max-width: 300px) 100vw, 300px\" \/><\/a><\/div><\/div><\/div><br \/>\n<section  class='av_textblock_section av-67rw7xc-3fd6377eb8702b3f2afe072fc8f62846 '   itemscope=\"itemscope\" itemtype=\"https:\/\/schema.org\/CreativeWork\" ><div class='avia_textblock'  itemprop=\"text\" ><div class=\"vc-hoverbox-block vc-hoverbox-back\">\n<div class=\"vc-hoverbox-block vc-hoverbox-back\">\n<div class=\"vc-hoverbox-block-inner vc-hoverbox-back-inner\">\n<div class=\"vc-hoverbox-block vc-hoverbox-back\">\n<div class=\"vc-hoverbox-block-inner vc-hoverbox-back-inner\">\n<h3>Agence de l&rsquo;eau Adour-Garonne (AEAG)<\/h3>\n<p>Sur le bassin Adour-Garonne, 95 captages ont \u00e9t\u00e9 identifi\u00e9s comme prioritaires pour la restauration de la qualit\u00e9 du fait de d\u00e9gradations par des pollutions diffuses (nitrates et\/ou pesticides), soit au titre du \u00ab Grenelle de l\u2019environnement \u00bb soit au titre de la \u00ab conf\u00e9rence environnementale \u00bb. Retrouvez dans <a href=\"https:\/\/eau-grandsudouest.fr\/usages-enjeux-eau\/eau-grand-sud-ouest\/eau-potable-assainissement\/preservation-eau-potable\">la page d\u00e9di\u00e9e de l&rsquo;Agence de l&rsquo;eau<\/a> l&rsquo;ensemble des informations relatifs \u00e0 cette politique publique.<\/p>\n<\/div>\n<\/div>\n<\/div>\n<\/div>\n<\/div>\n<\/div><\/section><\/p><\/div>\n\n<style type=\"text\/css\" data-created_by=\"avia_inline_auto\" id=\"style-css-av-5o8p5c0-32e2dfc97e8dbb7aa9f4576f89b36a5f\">\n.flex_column.av-5o8p5c0-32e2dfc97e8dbb7aa9f4576f89b36a5f{\nborder-radius:0px 0px 0px 0px;\npadding:0px 0px 0px 0px;\n}\n<\/style>\n<div  class='flex_column av-5o8p5c0-32e2dfc97e8dbb7aa9f4576f89b36a5f av_one_fourth  avia-builder-el-254  el_after_av_one_fourth  el_before_av_one_fourth  first flex_column_div av-zero-column-padding  column-top-margin'     ><p>\n<style type=\"text\/css\" data-created_by=\"avia_inline_auto\" id=\"style-css-av-5c4gue8-d915f8d8b437abd6644d9bc4b1a74a20\">\n.avia-image-container.av-5c4gue8-d915f8d8b437abd6644d9bc4b1a74a20 img.avia_image{\nbox-shadow:none;\n}\n.avia-image-container.av-5c4gue8-d915f8d8b437abd6644d9bc4b1a74a20 .av-image-caption-overlay-center{\ncolor:#ffffff;\n}\n<\/style>\n<div  class='avia-image-container av-5c4gue8-d915f8d8b437abd6644d9bc4b1a74a20 av-styling- av-img-linked avia-align-center  avia-builder-el-255  el_before_av_textblock  avia-builder-el-first '   itemprop=\"image\" itemscope=\"itemscope\" itemtype=\"https:\/\/schema.org\/ImageObject\" ><div class=\"avia-image-container-inner\"><div class=\"avia-image-overlay-wrap\"><a href=\"https:\/\/www.occitanie.developpement-durable.gouv.fr\/qualite-de-l-eau-et-lutte-contre-les-pollutions-r8738.html\" class='avia_image '  aria-label='dreal'><img decoding=\"async\" fetchpriority=\"high\" class='wp-image-9994 avia-img-lazy-loading-not-9994 avia_image ' src=\"https:\/\/www.fredonoccitanie.com\/captages\/wp-content\/uploads\/sites\/3\/2023\/01\/dreal.png\" alt='' title='dreal'  height=\"898\" width=\"1337\"  itemprop=\"thumbnailUrl\" srcset=\"https:\/\/www.fredonoccitanie.com\/captages\/wp-content\/uploads\/sites\/3\/2023\/01\/dreal.png 1337w, https:\/\/www.fredonoccitanie.com\/captages\/wp-content\/uploads\/sites\/3\/2023\/01\/dreal-300x201.png 300w, https:\/\/www.fredonoccitanie.com\/captages\/wp-content\/uploads\/sites\/3\/2023\/01\/dreal-1030x692.png 1030w, https:\/\/www.fredonoccitanie.com\/captages\/wp-content\/uploads\/sites\/3\/2023\/01\/dreal-768x516.png 768w, https:\/\/www.fredonoccitanie.com\/captages\/wp-content\/uploads\/sites\/3\/2023\/01\/dreal-705x474.png 705w\" sizes=\"(max-width: 1337px) 100vw, 1337px\" \/><\/a><\/div><\/div><\/div><br \/>\n<section  class='av_textblock_section av-hjtezk-335464fc211f24a5257486e2618abacb '   itemscope=\"itemscope\" itemtype=\"https:\/\/schema.org\/CreativeWork\" ><div class='avia_textblock'  itemprop=\"text\" ><div class=\"vc-hoverbox-block vc-hoverbox-back\">\n<div class=\"vc-hoverbox-block vc-hoverbox-back\">\n<div class=\"vc-hoverbox-block-inner vc-hoverbox-back-inner\">\n<div class=\"vc-hoverbox-block vc-hoverbox-back\">\n<div class=\"vc-hoverbox-block-inner vc-hoverbox-back-inner\">\n<div class=\"vc-hoverbox-block vc-hoverbox-back\">\n<div class=\"vc-hoverbox-block-inner vc-hoverbox-back-inner\">\n<div class=\"vc-hoverbox-block vc-hoverbox-back\">\n<div class=\"vc-hoverbox-block-inner vc-hoverbox-back-inner\">\n<h3 class=\"ng-binding\">DREAL Occitanie<\/h3>\n<p><span data-contrast=\"auto\"><a href=\"https:\/\/www.occitanie.developpement-durable.gouv.fr\/qualite-de-l-eau-et-lutte-contre-les-pollutions-r8738.html\">Le site internet de la Direction r\u00e9gionale de l\u2019environnement, de l\u2019am\u00e9nagement et du logement<\/a> propose une page d\u00e9di\u00e9e \u00e0 la qualit\u00e9 de l\u2019eau et lutte contre les pollutions\u202f: captages prioritaires, captages d\u00e9grad\u00e9s, Ecophyto, Directive Nitrate\u2026<\/span><span data-ccp-props=\"{}\">\u00a0<\/span><\/p>\n<\/div>\n<\/div>\n<\/div>\n<\/div>\n<\/div>\n<\/div>\n<\/div>\n<\/div>\n<\/div>\n<\/div><\/section><\/p><\/div>\n\n<style type=\"text\/css\" data-created_by=\"avia_inline_auto\" id=\"style-css-av-4bkig00-691484d817b60b81721a1dc3e8fbaea2\">\n.flex_column.av-4bkig00-691484d817b60b81721a1dc3e8fbaea2{\nborder-radius:0px 0px 0px 0px;\npadding:0px 0px 0px 0px;\n}\n<\/style>\n<div  class='flex_column av-4bkig00-691484d817b60b81721a1dc3e8fbaea2 av_one_fourth  avia-builder-el-257  el_after_av_one_fourth  el_before_av_one_fourth  flex_column_div av-zero-column-padding  column-top-margin'     ><p>\n<style type=\"text\/css\" data-created_by=\"avia_inline_auto\" id=\"style-css-av-3ryp2cg-faf0ecac376662506a0ea7fb41d310ca\">\n.avia-image-container.av-3ryp2cg-faf0ecac376662506a0ea7fb41d310ca img.avia_image{\nbox-shadow:none;\n}\n.avia-image-container.av-3ryp2cg-faf0ecac376662506a0ea7fb41d310ca .av-image-caption-overlay-center{\ncolor:#ffffff;\n}\n<\/style>\n<div  class='avia-image-container av-3ryp2cg-faf0ecac376662506a0ea7fb41d310ca av-styling- av-img-linked avia-align-center  avia-builder-el-258  el_before_av_textblock  avia-builder-el-first '   itemprop=\"image\" itemscope=\"itemscope\" itemtype=\"https:\/\/schema.org\/ImageObject\" ><div class=\"avia-image-container-inner\"><div class=\"avia-image-overlay-wrap\"><a href=\"https:\/\/www.laregion.fr\/Accelerons-la-transformation-de-notre-agriculture#:~:text=Le%20Contrat%20d%E2%80%99Agriculture%20Durable%20permet%20d%E2%80%99accompagner%20les%20agriculteurs,sur%20six%20territoires%20repr%C3%A9sentatifs%20des%20fili%C3%A8res%20agricoles%20d%E2%80%99Occitanie.\" class='avia_image '  aria-label='region'><img decoding=\"async\" fetchpriority=\"high\" class='wp-image-9996 avia-img-lazy-loading-not-9996 avia_image ' src=\"https:\/\/www.fredonoccitanie.com\/captages\/wp-content\/uploads\/sites\/3\/2023\/01\/region.png\" alt='' title='region'  height=\"931\" width=\"1532\"  itemprop=\"thumbnailUrl\" srcset=\"https:\/\/www.fredonoccitanie.com\/captages\/wp-content\/uploads\/sites\/3\/2023\/01\/region.png 1532w, https:\/\/www.fredonoccitanie.com\/captages\/wp-content\/uploads\/sites\/3\/2023\/01\/region-300x182.png 300w, https:\/\/www.fredonoccitanie.com\/captages\/wp-content\/uploads\/sites\/3\/2023\/01\/region-1030x626.png 1030w, https:\/\/www.fredonoccitanie.com\/captages\/wp-content\/uploads\/sites\/3\/2023\/01\/region-768x467.png 768w, https:\/\/www.fredonoccitanie.com\/captages\/wp-content\/uploads\/sites\/3\/2023\/01\/region-1500x912.png 1500w, https:\/\/www.fredonoccitanie.com\/captages\/wp-content\/uploads\/sites\/3\/2023\/01\/region-705x428.png 705w\" sizes=\"(max-width: 1532px) 100vw, 1532px\" \/><\/a><\/div><\/div><\/div><br \/>\n<section  class='av_textblock_section av-3bnh8e8-b2415c1e8356ac8a84063b97ea2f7b9c '   itemscope=\"itemscope\" itemtype=\"https:\/\/schema.org\/CreativeWork\" ><div class='avia_textblock'  itemprop=\"text\" ><div class=\"vc-hoverbox-block vc-hoverbox-back\">\n<div class=\"vc-hoverbox-block vc-hoverbox-back\">\n<div class=\"vc-hoverbox-block-inner vc-hoverbox-back-inner\">\n<div class=\"vc-hoverbox-block vc-hoverbox-back\">\n<div class=\"vc-hoverbox-block-inner vc-hoverbox-back-inner\">\n<div class=\"vc-hoverbox-block vc-hoverbox-back\">\n<div class=\"vc-hoverbox-block-inner vc-hoverbox-back-inner\">\n<div class=\"vc-hoverbox-block vc-hoverbox-back\">\n<div class=\"vc-hoverbox-block-inner vc-hoverbox-back-inner\">\n<h3>R\u00e9gion Occitanie<\/h3>\n<p><span data-contrast=\"auto\"><a href=\"https:\/\/www.laregion.fr\/Accelerons-la-transformation-de-notre-agriculture#:~:text=Le%20Contrat%20d%E2%80%99Agriculture%20Durable%20permet%20d%E2%80%99accompagner%20les%20agriculteurs,sur%20six%20territoires%20repr%C3%A9sentatifs%20des%20fili%C3%A8res%20agricoles%20d%E2%80%99Occitanie.\">Sur son site internet,<\/a> retrouvez des pr\u00e9cisions sur les outils mis en place par la R\u00e9gion pour accompagner la transformation de l\u2019agriculture en Occitanie\u202f: Contrat d\u2019Agriculture Durable, Fonci\u00e8re Agricole d\u2019Occitanie, <\/span><a href=\"https:\/\/www.laregion.fr\/Pacte-Regional-pour-une-Alimentation-Durable-en-Occitanie\"><span data-contrast=\"auto\">Pacte R\u00e9gional pour une Alimentation Durable en Occitanie<\/span><\/a><span data-contrast=\"auto\">,<\/span><span data-contrast=\"none\">\u2026<\/span><span data-ccp-props=\"{}\">\u00a0<\/span><\/p>\n<\/div>\n<\/div>\n<\/div>\n<\/div>\n<\/div>\n<\/div>\n<\/div>\n<\/div>\n<\/div>\n<\/div><\/section><\/p><\/div>\n\n<style type=\"text\/css\" data-created_by=\"avia_inline_auto\" id=\"style-css-av-30pkukg-a75f70efe7b7b43ce65dd57cb4e1d032\">\n.flex_column.av-30pkukg-a75f70efe7b7b43ce65dd57cb4e1d032{\nborder-radius:0px 0px 0px 0px;\npadding:0px 0px 0px 0px;\n}\n<\/style>\n<div  class='flex_column av-30pkukg-a75f70efe7b7b43ce65dd57cb4e1d032 av_one_fourth  avia-builder-el-260  el_after_av_one_fourth  el_before_av_one_fourth  flex_column_div av-zero-column-padding  column-top-margin'     ><p>\n<style type=\"text\/css\" data-created_by=\"avia_inline_auto\" id=\"style-css-av-2p85g3k-d47213400721fab8283945813ee9d71d\">\n.avia-image-container.av-2p85g3k-d47213400721fab8283945813ee9d71d img.avia_image{\nbox-shadow:none;\n}\n.avia-image-container.av-2p85g3k-d47213400721fab8283945813ee9d71d .av-image-caption-overlay-center{\ncolor:#ffffff;\n}\n<\/style>\n<div  class='avia-image-container av-2p85g3k-d47213400721fab8283945813ee9d71d av-styling- av-img-linked avia-align-center  avia-builder-el-261  el_before_av_textblock  avia-builder-el-first '   itemprop=\"image\" itemscope=\"itemscope\" itemtype=\"https:\/\/schema.org\/ImageObject\" ><div class=\"avia-image-container-inner\"><div class=\"avia-image-overlay-wrap\"><a href=\"https:\/\/www.occitanie.developpement-durable.gouv.fr\/qualite-de-l-eau-et-lutte-contre-les-pollutions-r8738.html\" class='avia_image '  aria-label='lia'><img decoding=\"async\" fetchpriority=\"high\" class='wp-image-10913 avia-img-lazy-loading-not-10913 avia_image ' src=\"https:\/\/www.fredonoccitanie.com\/captages\/wp-content\/uploads\/sites\/3\/2023\/11\/lia.png\" alt='' title='lia'  height=\"913\" width=\"1563\"  itemprop=\"thumbnailUrl\" srcset=\"https:\/\/www.fredonoccitanie.com\/captages\/wp-content\/uploads\/sites\/3\/2023\/11\/lia.png 1563w, https:\/\/www.fredonoccitanie.com\/captages\/wp-content\/uploads\/sites\/3\/2023\/11\/lia-300x175.png 300w, https:\/\/www.fredonoccitanie.com\/captages\/wp-content\/uploads\/sites\/3\/2023\/11\/lia-1030x602.png 1030w, https:\/\/www.fredonoccitanie.com\/captages\/wp-content\/uploads\/sites\/3\/2023\/11\/lia-768x449.png 768w, https:\/\/www.fredonoccitanie.com\/captages\/wp-content\/uploads\/sites\/3\/2023\/11\/lia-1536x897.png 1536w, https:\/\/www.fredonoccitanie.com\/captages\/wp-content\/uploads\/sites\/3\/2023\/11\/lia-1500x876.png 1500w, https:\/\/www.fredonoccitanie.com\/captages\/wp-content\/uploads\/sites\/3\/2023\/11\/lia-705x412.png 705w\" sizes=\"(max-width: 1563px) 100vw, 1563px\" \/><\/a><\/div><\/div><\/div><br \/>\n<section  class='av_textblock_section av-29z3i0w-f47c0e51e1fe966d5846a8d6d8e074f7 '   itemscope=\"itemscope\" itemtype=\"https:\/\/schema.org\/CreativeWork\" ><div class='avia_textblock'  itemprop=\"text\" ><div class=\"vc-hoverbox-block vc-hoverbox-back\">\n<div class=\"vc-hoverbox-block vc-hoverbox-back\">\n<div class=\"vc-hoverbox-block-inner vc-hoverbox-back-inner\">\n<div class=\"vc-hoverbox-block vc-hoverbox-back\">\n<div class=\"vc-hoverbox-block-inner vc-hoverbox-back-inner\">\n<div class=\"vc-hoverbox-block vc-hoverbox-back\">\n<div class=\"vc-hoverbox-block-inner vc-hoverbox-back-inner\">\n<div class=\"vc-hoverbox-block vc-hoverbox-back\">\n<div class=\"vc-hoverbox-block-inner vc-hoverbox-back-inner\">\n<h3>LIA : GIP lien, innovation et agro\u00e9cologie<\/h3>\n<div class=\"et_pb_module et_pb_text et_pb_text_1 et_pb_text_align_left et_pb_bg_layout_light\">\n<div class=\"et_pb_text_inner\">\n<p><a href=\"https:\/\/plateforme-agroecologie.fr\/\">LIA est un acteur au service de la transition agro\u00e9cologique<\/a>, qui accompagne les transitions agricoles et alimentaires sur le territoire d\u2019Occitanie. LIA agit en appui des politiques publiques, pour les agriculteurs et les acteurs \u00e9conomiques agricoles, en lien avec les acteurs du territoire (collectivit\u00e9s, soci\u00e9t\u00e9 civile\u2026). Orient\u00e9 vers l\u2019action et l\u2019\u00e9mergence de projets, LIA con\u00e7oit, teste et d\u00e9ploie des m\u00e9thodes innovantes pour aider le monde agricole \u00e0 s\u2019engager dans la complexit\u00e9 des transitions.<\/p>\n<\/div>\n<\/div>\n<\/div>\n<\/div>\n<\/div>\n<\/div>\n<\/div>\n<\/div>\n<\/div>\n<\/div>\n<\/div>\n<\/div><\/section><\/p><\/div>\n\n<style type=\"text\/css\" data-created_by=\"avia_inline_auto\" id=\"style-css-av-1mtvcww-f04f8df6e4cfcc0b01f0399042f97edc\">\n.flex_column.av-1mtvcww-f04f8df6e4cfcc0b01f0399042f97edc{\nborder-radius:0px 0px 0px 0px;\npadding:0px 0px 0px 0px;\n}\n<\/style>\n<div  class='flex_column av-1mtvcww-f04f8df6e4cfcc0b01f0399042f97edc av_one_fourth  avia-builder-el-263  el_after_av_one_fourth  avia-builder-el-last  flex_column_div av-zero-column-padding  column-top-margin'     ><p>\n<style type=\"text\/css\" data-created_by=\"avia_inline_auto\" id=\"style-css-av-196zgn4-35eef835fce7460aae1e42865e886384\">\n.avia-image-container.av-196zgn4-35eef835fce7460aae1e42865e886384 img.avia_image{\nbox-shadow:none;\n}\n.avia-image-container.av-196zgn4-35eef835fce7460aae1e42865e886384 .av-image-caption-overlay-center{\ncolor:#ffffff;\n}\n<\/style>\n<div  class='avia-image-container av-196zgn4-35eef835fce7460aae1e42865e886384 av-styling- av-img-linked avia-align-center  avia-builder-el-264  el_before_av_textblock  avia-builder-el-first '   itemprop=\"image\" itemscope=\"itemscope\" itemtype=\"https:\/\/schema.org\/ImageObject\" ><div class=\"avia-image-container-inner\"><div class=\"avia-image-overlay-wrap\"><a href=\"http:\/\/catalogue.geo-ide.developpement-durable.gouv.fr\/catalogue\/srv\/fre\/catalog.search#\/metadata\/fr-120066022-jdd-578732bb-f776-4620-8f54-b10201db56f9\" class='avia_image '  aria-label='AACherault'><img decoding=\"async\" fetchpriority=\"high\" class='wp-image-9402 avia-img-lazy-loading-not-9402 avia_image ' src=\"https:\/\/www.fredonoccitanie.com\/captages\/wp-content\/uploads\/sites\/3\/2022\/04\/AACherault-1-300x168.png\" alt='' title='AACherault'  height=\"168\" width=\"300\"  itemprop=\"thumbnailUrl\" srcset=\"https:\/\/www.fredonoccitanie.com\/captages\/wp-content\/uploads\/sites\/3\/2022\/04\/AACherault-1-300x168.png 300w, https:\/\/www.fredonoccitanie.com\/captages\/wp-content\/uploads\/sites\/3\/2022\/04\/AACherault-1-1030x577.png 1030w, https:\/\/www.fredonoccitanie.com\/captages\/wp-content\/uploads\/sites\/3\/2022\/04\/AACherault-1-768x430.png 768w, https:\/\/www.fredonoccitanie.com\/captages\/wp-content\/uploads\/sites\/3\/2022\/04\/AACherault-1-1536x860.png 1536w, https:\/\/www.fredonoccitanie.com\/captages\/wp-content\/uploads\/sites\/3\/2022\/04\/AACherault-1-1500x840.png 1500w, https:\/\/www.fredonoccitanie.com\/captages\/wp-content\/uploads\/sites\/3\/2022\/04\/AACherault-1-705x395.png 705w, https:\/\/www.fredonoccitanie.com\/captages\/wp-content\/uploads\/sites\/3\/2022\/04\/AACherault-1.png 1591w\" sizes=\"(max-width: 300px) 100vw, 300px\" \/><\/a><\/div><\/div><\/div><br \/>\n<section  class='av_textblock_section av-pti5gg-79640ce068d359a555fb0e22273a7763 '   itemscope=\"itemscope\" itemtype=\"https:\/\/schema.org\/CreativeWork\" ><div class='avia_textblock'  itemprop=\"text\" ><div class=\"vc-hoverbox-block vc-hoverbox-back\">\n<div class=\"vc-hoverbox-block vc-hoverbox-back\">\n<div class=\"vc-hoverbox-block-inner vc-hoverbox-back-inner\">\n<div class=\"vc-hoverbox-block vc-hoverbox-back\">\n<div class=\"vc-hoverbox-block-inner vc-hoverbox-back-inner\">\n<div class=\"vc-hoverbox-block vc-hoverbox-back\">\n<div class=\"vc-hoverbox-block-inner vc-hoverbox-back-inner\">\n<div class=\"vc-hoverbox-block vc-hoverbox-back\">\n<div class=\"vc-hoverbox-block-inner vc-hoverbox-back-inner\">\n<h3 class=\"ng-binding\">AAC destin\u00e9es \u00e0 l&rsquo;AEP dans l&rsquo;H\u00e9rault<\/h3>\n<p>Cette <a href=\"http:\/\/catalogue.geo-ide.developpement-durable.gouv.fr\/catalogue\/srv\/fre\/catalog.search#\/metadata\/fr-120066022-jdd-578732bb-f776-4620-8f54-b10201db56f9\">page web du\u00a0portail G\u00e9ocatalogue<\/a> vous permet de t\u00e9l\u00e9charger l&rsquo;ensemble des couches SIG des p\u00e9rim\u00e8tres AAC d\u00e9finis dans le d\u00e9partement de l&rsquo;H\u00e9rault. D&rsquo;autres donn\u00e9es cl\u00e9s sont accessibles dans ce module (voir catalogue d&rsquo;attributs).<\/p>\n<p>Ces donn\u00e9es sont publi\u00e9es et mise \u00e0 jour de fa\u00e7on r\u00e9guli\u00e8re par les services de la DDTM34. Il s&rsquo;agit donc de la version version officielle et \u00e0 jour des AAC h\u00e9raultaises.<\/p>\n<\/div>\n<\/div>\n<\/div>\n<\/div>\n<\/div>\n<\/div>\n<\/div>\n<\/div>\n<\/div>\n<\/div><\/section><\/p><\/div>\n","protected":false},"excerpt":{"rendered":"","protected":false},"author":5,"featured_media":0,"parent":0,"menu_order":1,"comment_status":"closed","ping_status":"closed","template":"","meta":{"footnotes":""},"class_list":["post-10144","page","type-page","status-publish","hentry"],"_links":{"self":[{"href":"https:\/\/www.fredonoccitanie.com\/captages\/wp-json\/wp\/v2\/pages\/10144","targetHints":{"allow":["GET"]}}],"collection":[{"href":"https:\/\/www.fredonoccitanie.com\/captages\/wp-json\/wp\/v2\/pages"}],"about":[{"href":"https:\/\/www.fredonoccitanie.com\/captages\/wp-json\/wp\/v2\/types\/page"}],"author":[{"embeddable":true,"href":"https:\/\/www.fredonoccitanie.com\/captages\/wp-json\/wp\/v2\/users\/5"}],"replies":[{"embeddable":true,"href":"https:\/\/www.fredonoccitanie.com\/captages\/wp-json\/wp\/v2\/comments?post=10144"}],"version-history":[{"count":5,"href":"https:\/\/www.fredonoccitanie.com\/captages\/wp-json\/wp\/v2\/pages\/10144\/revisions"}],"predecessor-version":[{"id":11546,"href":"https:\/\/www.fredonoccitanie.com\/captages\/wp-json\/wp\/v2\/pages\/10144\/revisions\/11546"}],"wp:attachment":[{"href":"https:\/\/www.fredonoccitanie.com\/captages\/wp-json\/wp\/v2\/media?parent=10144"}],"curies":[{"name":"wp","href":"https:\/\/api.w.org\/{rel}","templated":true}]}}